{"id":10611,"date":"2017-06-22T23:18:18","date_gmt":"2017-06-22T23:18:18","guid":{"rendered":"http:\/\/calendar.boulder.earth\/?page_id=10611"},"modified":"2024-07-03T10:56:06","modified_gmt":"2024-07-03T16:56:06","slug":"calendar","status":"publish","type":"page","link":"https:\/\/boulder.earth\/es\/calendar\/","title":{"rendered":"Calendario"},"content":{"rendered":"<section  class='av_textblock_section av-jut92r-8858b62715e711ff21f999935b15ec54 '   itemscope=\"itemscope\" itemtype=\"https:\/\/schema.org\/CreativeWork\" ><div class='av-mini-hide avia_textblock'  itemprop=\"text\" ><h1>Boulder County Climate Justice Event Calendar<\/h1>\n<p>View our calendar for events from over a hundred different environmental justice groups. These events happen in person locally as well as virtually online. <a href=\"https:\/\/boulder.earth\/submit-event\/\">Click here to submit your own events<\/a>.<\/p>\n<div  class=\"tribe-compatibility-container tribe-theme-enfold\" ><div\n\t class=\"tribe-common tribe-events tribe-events-view tribe-events-view--month alignwide tribe-events-view--shortcode tribe-events-view--shortcode-42cf1b8c\" \tdata-js=\"tribe-events-view\"\n\tdata-view-rest-url=\"https:\/\/boulder.earth\/es\/wp-json\/tribe\/views\/v2\/html\"\n\tdata-view-rest-method=\"GET\"\n\tdata-view-manage-url=\"\"\n\t\t\tdata-view-shortcode=\"42cf1b8c\"\n\t\t\t\tdata-view-breakpoint-pointer=\"03378055-abed-46b8-b4f6-291634e86c71\"\n\t>\n\t<section class=\"tribe-common-l-container tribe-events-l-container\">\n\t\t<div\n\tclass=\"tribe-events-view-loader tribe-common-a11y-hidden\"\n\trole=\"alert\"\n\taria-live=\"polite\"\n>\n\t<span class=\"tribe-events-view-loader__text tribe-common-a11y-visual-hide\">\n\t\t35 eventos found.\t<\/span>\n\t<div class=\"tribe-events-view-loader__dots tribe-common-c-loader\">\n\t\t<svg\n\t class=\"tribe-common-c-svgicon tribe-common-c-svgicon--dot tribe-common-c-loader__dot tribe-common-c-loader__dot--first\" \taria-hidden=\"true\"\n\tviewBox=\"0 0 15 15\"\n\txmlns=\"http:\/\/www.w3.org\/2000\/svg\"\n>\n\t<circle cx=\"7.5\" cy=\"7.5\" r=\"7.5\"\/>\n<\/svg>\n\t\t<svg\n\t class=\"tribe-common-c-svgicon tribe-common-c-svgicon--dot tribe-common-c-loader__dot tribe-common-c-loader__dot--second\" \taria-hidden=\"true\"\n\tviewBox=\"0 0 15 15\"\n\txmlns=\"http:\/\/www.w3.org\/2000\/svg\"\n>\n\t<circle cx=\"7.5\" cy=\"7.5\" r=\"7.5\"\/>\n<\/svg>\n\t\t<svg\n\t class=\"tribe-common-c-svgicon tribe-common-c-svgicon--dot tribe-common-c-loader__dot tribe-common-c-loader__dot--third\" \taria-hidden=\"true\"\n\tviewBox=\"0 0 15 15\"\n\txmlns=\"http:\/\/www.w3.org\/2000\/svg\"\n>\n\t<circle cx=\"7.5\" cy=\"7.5\" r=\"7.5\"\/>\n<\/svg>\n\t<\/div>\n<\/div>\n\n\t\t<script type=\"application\/ld+json\">\r\n[{\"@context\":\"http:\/\/schema.org\",\"@type\":\"Event\",\"name\":\"Weekly Vigil for Palestine\",\"description\":\"&lt;p&gt;Join Longmont for Palestine every Sunday from 12:00 - 1:00 pm on 6th &amp; Main St. in Longmont for a weekly Palestine vigil! Bring your signs and posters, or just stop on by to ask any questions you may have and get to know us! We will have signs available, as well as informational flyers, postcards, and zines.&lt;\/p&gt;\\\\n\",\"image\":\"https:\/\/boulder.earth\/wp-content\/uploads\/2025\/03\/Screenshot_20250305-020854-e1742511421283.png\",\"url\":\"https:\/\/boulder.earth\/es\/event\/weekly-vigil-for-palestine\/2026-03-29\/\",\"eventAttendanceMode\":\"https:\/\/schema.org\/OfflineEventAttendanceMode\",\"eventStatus\":\"https:\/\/schema.org\/EventScheduled\",\"startDate\":\"2026-03-29T12:00:00-06:00\",\"endDate\":\"2026-03-29T13:00:00-06:00\",\"location\":{\"@type\":\"Place\",\"name\":\"Downtown Longmont\",\"description\":\"\",\"url\":\"https:\/\/boulder.earth\/es\/lugar\/downtown-longmont\/\",\"address\":{\"@type\":\"PostalAddress\",\"streetAddress\":\"4th &amp; Kimbark\",\"addressLocality\":\"Longmont\",\"addressRegion\":\"CO\",\"postalCode\":\"80501\"},\"geo\":{\"@type\":\"GeoCoordinates\",\"latitude\":40.17825309999999916499291430227458477020263671875,\"longitude\":-105.1011615999999975201717461459338665008544921875},\"telephone\":\"\",\"sameAs\":\"\"},\"organizer\":{\"@type\":\"Person\",\"name\":\"Longmont for Palestine\",\"description\":\"\",\"url\":\"https:\/\/www.instagram.com\/longmontforpalestine\/\",\"telephone\":\"\",\"email\":\"\",\"sameAs\":\"https:\/\/www.instagram.com\/longmontforpalestine\/\"},\"performer\":\"Organization\"},{\"@context\":\"http:\/\/schema.org\",\"@type\":\"Event\",\"name\":\"Thriving Through Transition: Health, Power &#038; Protecting Our Voice\",\"description\":\"&lt;p&gt;Join Women in NAACP (WIN) as we close out Women\\u2019s History Month with a powerful conversation on health, empowerment, and advocacy.&lt;\/p&gt;\\\\n\",\"image\":\"https:\/\/boulder.earth\/wp-content\/uploads\/2026\/03\/8c06c6d5-5108-43c6-925c-fcae240c211f-e1774308906395.png\",\"url\":\"https:\/\/boulder.earth\/es\/event\/thriving-through-transition-health-power-protecting-our-voice\/\",\"eventAttendanceMode\":\"https:\/\/schema.org\/OfflineEventAttendanceMode\",\"eventStatus\":\"https:\/\/schema.org\/EventScheduled\",\"startDate\":\"2026-03-31T17:00:00-06:00\",\"endDate\":\"2026-03-31T18:00:00-06:00\",\"location\":{\"@type\":\"Place\",\"name\":\"Virtual\",\"description\":\"\",\"url\":\"https:\/\/boulder.earth\/es\/lugar\/virtual\/\",\"address\":{\"@type\":\"PostalAddress\"},\"telephone\":\"\",\"sameAs\":\"\"},\"organizer\":{\"@type\":\"Person\",\"name\":\"NAACP National\",\"description\":\"\",\"url\":\"https:\/\/naacp.org\/\",\"telephone\":\"\",\"email\":\"\",\"sameAs\":\"https:\/\/naacp.org\/\"},\"performer\":\"Organization\"},{\"@context\":\"http:\/\/schema.org\",\"@type\":\"Event\",\"name\":\"3rd Annual Latino Chamber\\u2019s Empowered Women Conference\",\"description\":\"&lt;p&gt;The 3rd Annual Latino Chamber\\u2019s Empowered Women Conference\\u00a0is a remarkable event dedicated to showcasing and honoring the achievements of women in our community. \/ La 3.\\u00aa Conferencia Anual de Mujeres Empoderadas de la C\\u00e1mara Latina\\u00a0es un evento destacado dedicado a resaltar y honrar los logros de las mujeres en nuestra comunidad.&lt;\/p&gt;\\\\n\",\"image\":\"https:\/\/boulder.earth\/wp-content\/uploads\/2026\/02\/Screenshot-2026-02-23-at-1.41.08-PM-e1771879309113.png\",\"url\":\"https:\/\/boulder.earth\/es\/event\/3rd-annual-latino-chambers-empowered-women-conference\/\",\"eventAttendanceMode\":\"https:\/\/schema.org\/OfflineEventAttendanceMode\",\"eventStatus\":\"https:\/\/schema.org\/EventScheduled\",\"startDate\":\"2026-03-31T18:00:00-06:00\",\"endDate\":\"2026-03-31T21:00:00-06:00\",\"location\":{\"@type\":\"Place\",\"name\":\"New Vista High School\",\"description\":\"\",\"url\":\"https:\/\/boulder.earth\/es\/lugar\/new-vista-high-school\/\",\"address\":{\"@type\":\"PostalAddress\",\"streetAddress\":\"700 20th St, Boulder, 80302\"},\"geo\":{\"@type\":\"GeoCoordinates\",\"latitude\":40.0009658999999970774297253228724002838134765625,\"longitude\":-105.2671430999999984123860485851764678955078125},\"telephone\":\"\",\"sameAs\":\"\"},\"organizer\":{\"@type\":\"Person\",\"name\":\"Latino Chamber of Commerce\",\"description\":\"\",\"url\":\"https:\/\/www.latinochamberco.org\/\",\"telephone\":\"\",\"email\":\"\",\"sameAs\":\"https:\/\/www.latinochamberco.org\/\"},\"performer\":\"Organization\"},{\"@context\":\"http:\/\/schema.org\",\"@type\":\"Event\",\"name\":\"Eagles!  Their Lives, Symbolism and Cultural Significance. Featuring live eagles!\",\"description\":\"&lt;p&gt;The Bald Eagle and Golden Eagle are the national symbols of the United States and Mexico, respectively.\\u00a0 This program will feature a showing of these two birds (live and in the feather!) and lots of amazing information about the birds themselves, their cultural significance and symbolism.&lt;\/p&gt;\\\\n\",\"image\":\"https:\/\/boulder.earth\/wp-content\/uploads\/2026\/03\/image-1-e1774395081860.png\",\"url\":\"https:\/\/boulder.earth\/es\/event\/eagles-their-lives-symbolism-and-cultural-significance-featuring-live-eagles\/\",\"eventAttendanceMode\":\"https:\/\/schema.org\/OfflineEventAttendanceMode\",\"eventStatus\":\"https:\/\/schema.org\/EventScheduled\",\"startDate\":\"2026-03-31T18:30:00-06:00\",\"endDate\":\"2026-03-31T20:00:00-06:00\",\"location\":{\"@type\":\"Place\",\"name\":\"Lafayette Library\",\"description\":\"\",\"url\":\"https:\/\/boulder.earth\/es\/lugar\/lafayette-library\/\",\"address\":{\"@type\":\"PostalAddress\",\"streetAddress\":\"775 W. Baseline Road\",\"addressLocality\":\"Lafayette\"},\"geo\":{\"@type\":\"GeoCoordinates\",\"latitude\":40.00080059999999804176695761270821094512939453125,\"longitude\":-105.0995123999999947272954159416258335113525390625},\"telephone\":\"\",\"sameAs\":\"\"},\"organizer\":{\"@type\":\"Person\",\"name\":\"Geo sapiens\",\"description\":\"\",\"url\":\"https:\/\/www.geosapiens.org\/\",\"telephone\":\"\",\"email\":\"\",\"sameAs\":\"https:\/\/www.geosapiens.org\/\"},\"performer\":\"Organization\"},{\"@context\":\"http:\/\/schema.org\",\"@type\":\"Event\",\"name\":\"Coffee For A Cause\",\"description\":\"&lt;p&gt;Learn about our latest trends, greatest needs, services, what\\\\'s new &amp; what\\\\'s changed, what a Family Resource Center is, how you can help, etc.&lt;\/p&gt;\\\\n\",\"image\":\"https:\/\/boulder.earth\/wp-content\/uploads\/2025\/05\/Coffee-for-a-Cause-presentation-10-2-24-600x337-1.jpg\",\"url\":\"https:\/\/boulder.earth\/es\/event\/coffee-for-a-cause\/\",\"eventAttendanceMode\":\"https:\/\/schema.org\/OfflineEventAttendanceMode\",\"eventStatus\":\"https:\/\/schema.org\/EventScheduled\",\"startDate\":\"2026-04-01T07:30:00-06:00\",\"endDate\":\"2026-04-01T09:30:00-06:00\",\"location\":{\"@type\":\"Place\",\"name\":\"OUR Center\",\"description\":\"\",\"url\":\"https:\/\/boulder.earth\/es\/lugar\/our-center\/\",\"address\":{\"@type\":\"PostalAddress\",\"streetAddress\":\"220 Collyer Street\",\"addressLocality\":\"Longmont\",\"addressRegion\":\"CO\",\"postalCode\":\"80501\"},\"geo\":{\"@type\":\"GeoCoordinates\",\"latitude\":40.163097399999998060593497939407825469970703125,\"longitude\":-105.0976658999999955312887323088943958282470703125},\"telephone\":\"\",\"sameAs\":\"\"},\"organizer\":{\"@type\":\"Person\",\"name\":\"OUR Center\",\"description\":\"\",\"url\":\"https:\/\/www.ourcenter.org\/\",\"telephone\":\"303-772-5529\",\"email\":\"&#105;n&#102;o&#64;&#111;&#117;&#114;center.o&#114;&#103;\",\"sameAs\":\"https:\/\/www.ourcenter.org\/\"},\"performer\":\"Organization\"},{\"@context\":\"http:\/\/schema.org\",\"@type\":\"Event\",\"name\":\"After We March, We Organize! Solidarity Warriors Indivisible Action Group\",\"description\":\"&lt;p&gt;&#x1f4da;&#x1f3a4; Every week we feature guest speakers and training on topics like:&lt;\/p&gt;\\\\n&lt;p&gt;&#x1f6e1;&#xfe0f; How to Protest Safely &#x1f30e; Immigrant Rights &#x1fab6; Indigenous History &#x1f510; Cybersecurity \\\\'0a; Community Organizing Tactics and much more!&lt;\/p&gt;\\\\n\",\"image\":\"https:\/\/boulder.earth\/wp-content\/uploads\/2026\/04\/Sunset-crowd-raised-fists-One-line-01_20250721004218694808-e1775521865495.png\",\"url\":\"https:\/\/boulder.earth\/es\/event\/after-we-march-we-organize-solidarity-warriors-indivisible-action-group\/2026-04-01\/\",\"eventAttendanceMode\":\"https:\/\/schema.org\/OfflineEventAttendanceMode\",\"eventStatus\":\"https:\/\/schema.org\/EventScheduled\",\"startDate\":\"2026-04-01T18:00:00-06:00\",\"endDate\":\"2026-04-01T19:30:00-06:00\",\"location\":{\"@type\":\"Place\",\"name\":\"Virtual\",\"description\":\"\",\"url\":\"https:\/\/boulder.earth\/es\/lugar\/virtual\/\",\"address\":{\"@type\":\"PostalAddress\"},\"telephone\":\"\",\"sameAs\":\"\"},\"organizer\":{\"@type\":\"Person\",\"name\":\"Solidarity Warriors\",\"description\":\"\",\"url\":\"https:\/\/solidaritywarriors.org\/\",\"telephone\":\"\",\"email\":\"\",\"sameAs\":\"https:\/\/solidaritywarriors.org\/\"},\"performer\":\"Organization\"},{\"@context\":\"http:\/\/schema.org\",\"@type\":\"Event\",\"name\":\"Weaving Paths of Liberation: Indigenous World-Views &#038; Buddhist Teachings\",\"description\":\"&lt;p&gt;This three hour webinar invites participants to explore the rich confluences between Indigenous world-views and Buddhist teachings.&lt;\/p&gt;\\\\n\",\"image\":\"https:\/\/boulder.earth\/wp-content\/uploads\/2026\/03\/image-e1774395793134.webp\",\"url\":\"https:\/\/boulder.earth\/es\/event\/weaving-paths-of-liberation-indigenous-world-views-buddhist-teachings\/\",\"eventAttendanceMode\":\"https:\/\/schema.org\/OfflineEventAttendanceMode\",\"eventStatus\":\"https:\/\/schema.org\/EventScheduled\",\"startDate\":\"2026-04-02T18:00:00-06:00\",\"endDate\":\"2026-04-02T21:00:00-06:00\",\"location\":{\"@type\":\"Place\",\"name\":\"Virtual\",\"description\":\"\",\"url\":\"https:\/\/boulder.earth\/es\/lugar\/virtual\/\",\"address\":{\"@type\":\"PostalAddress\"},\"telephone\":\"\",\"sameAs\":\"\"},\"organizer\":{\"@type\":\"Person\",\"name\":\"Joanna Macy center\",\"description\":\"\",\"url\":\"https:\/\/www.naropa.edu\/academics\/jmc\/index.php\",\"telephone\":\"\",\"email\":\"&#114;m&#97;&#114;cu&#115;&#64;n&#97;&#114;opa.&#101;&#100;u\",\"sameAs\":\"https:\/\/www.naropa.edu\/academics\/jmc\/index.php\"},\"performer\":\"Organization\"},{\"@context\":\"http:\/\/schema.org\",\"@type\":\"Event\",\"name\":\"Boulder Food Rescue Dance Party!\",\"description\":\"&lt;p&gt;Join us for a joyful, high-energy community dance party designed to bring people together through movement, music, and shared purpose. This is an evening where you can show up exactly as you are\\u2014whether you want to dance all night, spend time with friends, or simply be part of something fun and meaningful.&lt;\/p&gt;\\\\n\",\"image\":\"https:\/\/boulder.earth\/wp-content\/uploads\/2026\/04\/cd90a67a-676c-53c5-001b-bf2bf57884bf-e1775521264749.jpg\",\"url\":\"https:\/\/boulder.earth\/es\/event\/boulder-food-rescue-dance-party\/\",\"eventAttendanceMode\":\"https:\/\/schema.org\/OfflineEventAttendanceMode\",\"eventStatus\":\"https:\/\/schema.org\/EventScheduled\",\"startDate\":\"2026-04-02T18:30:00-06:00\",\"endDate\":\"2026-04-02T22:30:00-06:00\",\"location\":{\"@type\":\"Place\",\"name\":\"Junkyard Social Club\",\"description\":\"\",\"url\":\"https:\/\/boulder.earth\/es\/lugar\/junkyard-social-club\/\",\"address\":{\"@type\":\"PostalAddress\",\"streetAddress\":\"2525 Frontier Ave, Unit A\",\"addressLocality\":\"Boulder\",\"addressRegion\":\"CO\",\"postalCode\":\"80301\"},\"geo\":{\"@type\":\"GeoCoordinates\",\"latitude\":40.02337870000000208392521017231047153472900390625,\"longitude\":-105.2480484999999958972694003023207187652587890625},\"telephone\":\"\",\"sameAs\":\"\"},\"organizer\":{\"@type\":\"Person\",\"name\":\"Boulder Food Rescue\",\"description\":\"\",\"url\":\"\",\"telephone\":\"\",\"email\":\"\",\"sameAs\":\"\"},\"performer\":\"Organization\"},{\"@context\":\"http:\/\/schema.org\",\"@type\":\"Event\",\"name\":\"Boulder Arts Week\",\"description\":\"&lt;p&gt;Immerse yourself in a week-long celebration of art and creativity! Join us for a community arts event that showcases the best and brightest talent in our local area through cultural experiences from murals and installations to music and dance at the 12th annual Boulder Arts Week.&lt;\/p&gt;\\\\n\",\"image\":\"https:\/\/boulder.earth\/wp-content\/uploads\/2026\/04\/Screenshot-2026-04-07-at-5.45.14-PM-e1775605540844.png\",\"url\":\"https:\/\/boulder.earth\/es\/event\/boulder-arts-week\/\",\"eventAttendanceMode\":\"https:\/\/schema.org\/OfflineEventAttendanceMode\",\"eventStatus\":\"https:\/\/schema.org\/EventScheduled\",\"startDate\":\"2026-04-03T00:00:00-06:00\",\"endDate\":\"2026-04-12T23:59:59-06:00\",\"location\":{\"@type\":\"Place\",\"name\":\"Downtown Boulder\",\"description\":\"\",\"url\":\"https:\/\/boulder.earth\/es\/lugar\/downtown-boulder\/\",\"address\":{\"@type\":\"PostalAddress\",\"addressLocality\":\"Boulder\",\"addressRegion\":\"CO\",\"postalCode\":\"80302\",\"addressCountry\":\"United States\"},\"telephone\":\"\",\"sameAs\":\"\"},\"organizer\":{\"@type\":\"Person\",\"name\":\"Boulder Arts Week\",\"description\":\"\",\"url\":\"https:\/\/www.boulderartsweek.org\/\",\"telephone\":\"\",\"email\":\"\",\"sameAs\":\"https:\/\/www.boulderartsweek.org\/\"},\"performer\":\"Organization\"},{\"@context\":\"http:\/\/schema.org\",\"@type\":\"Event\",\"name\":\"Boulder Farmers Market\",\"description\":\"&lt;p&gt;We\\\\'re excited to have 75 vendor join us for opening day at the Boulder Farmers Market!&lt;\/p&gt;\\\\n\",\"image\":\"https:\/\/boulder.earth\/wp-content\/uploads\/2026\/04\/5a1a4a83-2755-6e04-62f2-ff349ad4a3cd-e1776830580952.jpg\",\"url\":\"https:\/\/boulder.earth\/es\/event\/boulder-farmers-market\/2026-04-04\/\",\"eventAttendanceMode\":\"https:\/\/schema.org\/OfflineEventAttendanceMode\",\"eventStatus\":\"https:\/\/schema.org\/EventScheduled\",\"startDate\":\"2026-04-04T08:00:00-06:00\",\"endDate\":\"2026-04-04T14:00:00-06:00\",\"location\":{\"@type\":\"Place\",\"name\":\"Boulder Farmers Market\",\"description\":\"\",\"url\":\"https:\/\/boulder.earth\/es\/lugar\/boulder-farmers-market\/\",\"address\":{\"@type\":\"PostalAddress\",\"streetAddress\":\"13th Street and Canyon Boulevard\",\"addressLocality\":\"Boulder\",\"addressRegion\":\"CO\",\"postalCode\":\"80302\",\"addressCountry\":\"United States\"},\"geo\":{\"@type\":\"GeoCoordinates\",\"latitude\":40.0162059999999968340489431284368038177490234375,\"longitude\":-105.277991700000001173975761048495769500732421875},\"telephone\":\"0\",\"sameAs\":\"\"},\"organizer\":{\"@type\":\"Person\",\"name\":\"Boulder County Farmers Markets\",\"description\":\"\",\"url\":\"\",\"telephone\":\"\",\"email\":\"\",\"sameAs\":\"\"},\"performer\":\"Organization\"},{\"@context\":\"http:\/\/schema.org\",\"@type\":\"Event\",\"name\":\"Longmont Farmers Market\",\"description\":\"&lt;p&gt;In Longmont, we\\\\'ll have nearly 70 vendors joining us this Saturday!&lt;\/p&gt;\\\\n\",\"image\":\"https:\/\/boulder.earth\/wp-content\/uploads\/2026\/04\/5a1a4a83-2755-6e04-62f2-ff349ad4a3cd-e1776830580952.jpg\",\"url\":\"https:\/\/boulder.earth\/es\/event\/longmont-farmers-market-2\/2026-04-04\/\",\"eventAttendanceMode\":\"https:\/\/schema.org\/OfflineEventAttendanceMode\",\"eventStatus\":\"https:\/\/schema.org\/EventScheduled\",\"startDate\":\"2026-04-04T08:00:00-06:00\",\"endDate\":\"2026-04-04T14:00:00-06:00\",\"location\":{\"@type\":\"Place\",\"name\":\"Boulder County Fairgrounds\",\"description\":\"\",\"url\":\"https:\/\/boulder.earth\/es\/lugar\/boulder-county-fairgrounds\/\",\"address\":{\"@type\":\"PostalAddress\",\"streetAddress\":\"9595 Nelson Road\",\"addressLocality\":\"Longmont\",\"addressRegion\":\"CO\",\"postalCode\":\"80501\",\"addressCountry\":\"us\"},\"geo\":{\"@type\":\"GeoCoordinates\",\"latitude\":40.15585327148399841235004714690148830413818359375,\"longitude\":-105.1278915405300011798317427746951580047607421875},\"telephone\":\"\",\"sameAs\":\"\"},\"organizer\":{\"@type\":\"Person\",\"name\":\"Boulder County Farmers Markets\",\"description\":\"\",\"url\":\"\",\"telephone\":\"\",\"email\":\"\",\"sameAs\":\"\"},\"performer\":\"Organization\"},{\"@context\":\"http:\/\/schema.org\",\"@type\":\"Event\",\"name\":\"Public Lands in Public Hands for the Public Good: Engaging law, policy, and advocacy to protect our shared natural heritage &#8211; The annual Boulder County Nature Association Ecosymposium\",\"description\":\"&lt;p&gt;We all cherish these public lands\\u2014our forests, creek, grasslands, and our many parks and trails. Most of us in Boulder County think of public lands as a shared good and a reservoir of natural and cultural bounty held by the government for the benefit of current and future ecosystems, residents, and visitors.&lt;\/p&gt;\\\\n\",\"image\":\"https:\/\/boulder.earth\/wp-content\/uploads\/2026\/03\/16522642271_9703bc5d64_w.jpg\",\"url\":\"https:\/\/boulder.earth\/es\/event\/public-lands-in-public-hands-for-the-public-good-engaging-law-policy-and-advocacy-to-protect-our-shared-natural-heritage-the-annual-boulder-county-nature-association-ecosymposium\/\",\"eventAttendanceMode\":\"https:\/\/schema.org\/OfflineEventAttendanceMode\",\"eventStatus\":\"https:\/\/schema.org\/EventScheduled\",\"startDate\":\"2026-04-04T09:00:00-06:00\",\"endDate\":\"2026-04-04T15:00:00-06:00\",\"location\":{\"@type\":\"Place\",\"name\":\"The Avalon Ballroom\",\"description\":\"\",\"url\":\"https:\/\/boulder.earth\/es\/lugar\/the-avalon-ballroom\/\",\"address\":{\"@type\":\"PostalAddress\",\"streetAddress\":\"6185 Arapahoe Rd\",\"addressLocality\":\"Boulder\",\"addressRegion\":\"CO\",\"postalCode\":\"80303\",\"addressCountry\":\"us\"},\"geo\":{\"@type\":\"GeoCoordinates\",\"latitude\":40.0155181884770030364961712621152400970458984375,\"longitude\":-105.209426879879998750766390003263950347900390625},\"telephone\":\"\",\"sameAs\":\"\"},\"organizer\":{\"@type\":\"Person\",\"name\":\"Boulder County Nature Association\",\"description\":\"\",\"url\":\"http:\/\/bcna.org\",\"telephone\":\"\",\"email\":\"gol&#100;fin&#99;h&#64;&#98;&#99;&#110;a&#46;or&#103;\",\"sameAs\":\"http:\/\/bcna.org\"},\"performer\":\"Organization\"},{\"@context\":\"http:\/\/schema.org\",\"@type\":\"Event\",\"name\":\"Weekly Vigil for Palestine\",\"description\":\"&lt;p&gt;Join Longmont for Palestine every Sunday from 12:00 - 1:00 pm on 6th &amp; Main St. in Longmont for a weekly Palestine vigil! Bring your signs and posters, or just stop on by to ask any questions you may have and get to know us! We will have signs available, as well as informational flyers, postcards, and zines.&lt;\/p&gt;\\\\n\",\"image\":\"https:\/\/boulder.earth\/wp-content\/uploads\/2025\/03\/Screenshot_20250305-020854-e1742511421283.png\",\"url\":\"https:\/\/boulder.earth\/es\/event\/weekly-vigil-for-palestine\/2026-04-05\/\",\"eventAttendanceMode\":\"https:\/\/schema.org\/OfflineEventAttendanceMode\",\"eventStatus\":\"https:\/\/schema.org\/EventScheduled\",\"startDate\":\"2026-04-05T12:00:00-06:00\",\"endDate\":\"2026-04-05T13:00:00-06:00\",\"location\":{\"@type\":\"Place\",\"name\":\"Downtown Longmont\",\"description\":\"\",\"url\":\"https:\/\/boulder.earth\/es\/lugar\/downtown-longmont\/\",\"address\":{\"@type\":\"PostalAddress\",\"streetAddress\":\"4th &amp; Kimbark\",\"addressLocality\":\"Longmont\",\"addressRegion\":\"CO\",\"postalCode\":\"80501\"},\"geo\":{\"@type\":\"GeoCoordinates\",\"latitude\":40.17825309999999916499291430227458477020263671875,\"longitude\":-105.1011615999999975201717461459338665008544921875},\"telephone\":\"\",\"sameAs\":\"\"},\"organizer\":{\"@type\":\"Person\",\"name\":\"Longmont for Palestine\",\"description\":\"\",\"url\":\"https:\/\/www.instagram.com\/longmontforpalestine\/\",\"telephone\":\"\",\"email\":\"\",\"sameAs\":\"https:\/\/www.instagram.com\/longmontforpalestine\/\"},\"performer\":\"Organization\"},{\"@context\":\"http:\/\/schema.org\",\"@type\":\"Event\",\"name\":\"BHC&#8217;s 4th Annual BIPOC Social\",\"description\":\"&lt;p&gt;BIPOC &amp; curious about co-ops? Join Better Housing Colorado for food, drinks, games &amp; connection at our social mixer in Boulder!&lt;\/p&gt;\\\\n\",\"image\":\"https:\/\/boulder.earth\/wp-content\/uploads\/2026\/03\/image.png\",\"url\":\"https:\/\/boulder.earth\/es\/event\/bhcs-4th-annual-bipoc-social\/\",\"eventAttendanceMode\":\"https:\/\/schema.org\/OfflineEventAttendanceMode\",\"eventStatus\":\"https:\/\/schema.org\/EventScheduled\",\"startDate\":\"2026-04-05T18:00:00-06:00\",\"endDate\":\"2026-04-05T22:00:00-06:00\",\"location\":{\"@type\":\"Place\",\"name\":\"Junkyard Social Club\",\"description\":\"\",\"url\":\"https:\/\/boulder.earth\/es\/lugar\/junkyard-social-club\/\",\"address\":{\"@type\":\"PostalAddress\",\"streetAddress\":\"2525 Frontier Ave, Unit A\",\"addressLocality\":\"Boulder\",\"addressRegion\":\"CO\",\"postalCode\":\"80301\"},\"geo\":{\"@type\":\"GeoCoordinates\",\"latitude\":40.02337870000000208392521017231047153472900390625,\"longitude\":-105.2480484999999958972694003023207187652587890625},\"telephone\":\"\",\"sameAs\":\"\"},\"organizer\":{\"@type\":\"Person\",\"name\":\"Boulder Housing Coalition\",\"description\":\"\",\"url\":\"http:\/\/0\",\"telephone\":\"0\",\"email\":\"0\",\"sameAs\":\"http:\/\/0\"},\"performer\":\"Organization\"},{\"@context\":\"http:\/\/schema.org\",\"@type\":\"Event\",\"name\":\"Joanna Macy Center Presents The Nuclear Truth Project Webinar\",\"description\":\"&lt;p&gt;This year marks the 80th anniversary of the advent of US nuclear weapon testing in the Marshall Islands, forever altering the health, wellbeing, ecology and culture of the Marshallese People.&lt;\/p&gt;\\\\n\",\"image\":\"https:\/\/boulder.earth\/wp-content\/uploads\/2026\/03\/image-1-e1774396013802.webp\",\"url\":\"https:\/\/boulder.earth\/es\/event\/joanna-macy-center-presents-the-nuclear-truth-project-webinar\/\",\"eventAttendanceMode\":\"https:\/\/schema.org\/OfflineEventAttendanceMode\",\"eventStatus\":\"https:\/\/schema.org\/EventScheduled\",\"startDate\":\"2026-04-06T16:00:00-06:00\",\"endDate\":\"2026-04-06T17:30:00-06:00\",\"location\":{\"@type\":\"Place\",\"name\":\"Virtual\",\"description\":\"\",\"url\":\"https:\/\/boulder.earth\/es\/lugar\/virtual\/\",\"address\":{\"@type\":\"PostalAddress\"},\"telephone\":\"\",\"sameAs\":\"\"},\"organizer\":{\"@type\":\"Person\",\"name\":\"Joanna Macy center\",\"description\":\"\",\"url\":\"https:\/\/www.naropa.edu\/academics\/jmc\/index.php\",\"telephone\":\"\",\"email\":\"&#114;m&#97;&#114;&#99;&#117;s&#64;n&#97;r&#111;pa&#46;ed&#117;\",\"sameAs\":\"https:\/\/www.naropa.edu\/academics\/jmc\/index.php\"},\"performer\":\"Organization\"},{\"@context\":\"http:\/\/schema.org\",\"@type\":\"Event\",\"name\":\"Spaceship Earth Multimedia Presentation Boulder Arts Week!\",\"description\":\"&lt;p&gt;Join us for Boulder Arts Week and celebrate the 56th Anniversary of Earth Day in this wonderful space that is woman owned and LGBTQ+ friendly at Junkyard Social Club in beautiful Boulder, Colorado!&lt;\/p&gt;\\\\n\",\"image\":\"https:\/\/boulder.earth\/wp-content\/uploads\/2026\/03\/650733284_1544839387647537_4904812436923164943_n.jpg\",\"url\":\"https:\/\/boulder.earth\/es\/event\/spaceship-earth-multimedia-presentation-boulder-arts-week\/\",\"eventAttendanceMode\":\"https:\/\/schema.org\/OfflineEventAttendanceMode\",\"eventStatus\":\"https:\/\/schema.org\/EventScheduled\",\"startDate\":\"2026-04-06T17:30:00-06:00\",\"endDate\":\"2026-04-06T18:30:00-06:00\",\"location\":{\"@type\":\"Place\",\"name\":\"Junkyard Social Club\",\"description\":\"\",\"url\":\"https:\/\/boulder.earth\/es\/lugar\/junkyard-social-club\/\",\"address\":{\"@type\":\"PostalAddress\",\"streetAddress\":\"2525 Frontier Ave, Unit A\",\"addressLocality\":\"Boulder\",\"addressRegion\":\"CO\",\"postalCode\":\"80301\"},\"geo\":{\"@type\":\"GeoCoordinates\",\"latitude\":40.02337870000000208392521017231047153472900390625,\"longitude\":-105.2480484999999958972694003023207187652587890625},\"telephone\":\"\",\"sameAs\":\"\"},\"organizer\":{\"@type\":\"Person\",\"name\":\"Boulder Arts Week\",\"description\":\"\",\"url\":\"https:\/\/www.boulderartsweek.org\/\",\"telephone\":\"\",\"email\":\"\",\"sameAs\":\"https:\/\/www.boulderartsweek.org\/\"},\"performer\":\"Organization\"},{\"@context\":\"http:\/\/schema.org\",\"@type\":\"Event\",\"name\":\"Standing up to the billionaire agenda: SURJ in conversation with Graham Platner\",\"description\":\"&lt;p&gt;With SURJ leaders, we\\u2019ll discuss how his combat deployments in the Middle East shaped his anti-war politics, what it will take to divert white men from the far right online pipeline, and how we can work to expand our movement for racial and economic justice and stand up to the billionaire agenda.&lt;\/p&gt;\\\\n\",\"image\":\"https:\/\/boulder.earth\/wp-content\/uploads\/2026\/04\/Screenshot-2026-04-07-at-5.53.40-PM-e1775606042254.png\",\"url\":\"https:\/\/boulder.earth\/es\/event\/standing-up-to-the-billionaire-agenda-surj-in-conversation-with-graham-platner\/\",\"eventAttendanceMode\":\"https:\/\/schema.org\/OfflineEventAttendanceMode\",\"eventStatus\":\"https:\/\/schema.org\/EventScheduled\",\"startDate\":\"2026-04-07T04:00:00-06:00\",\"endDate\":\"2026-04-07T17:00:00-06:00\",\"location\":{\"@type\":\"Place\",\"name\":\"Virtual\",\"description\":\"\",\"url\":\"https:\/\/boulder.earth\/es\/lugar\/virtual\/\",\"address\":{\"@type\":\"PostalAddress\"},\"telephone\":\"\",\"sameAs\":\"\"},\"organizer\":{\"@type\":\"Person\",\"name\":\"SURJ National\",\"description\":\"\",\"url\":\"https:\/\/surj.org\/\",\"telephone\":\"\",\"email\":\"\",\"sameAs\":\"https:\/\/surj.org\/\"},\"performer\":\"Organization\"},{\"@context\":\"http:\/\/schema.org\",\"@type\":\"Event\",\"name\":\"Attract the Birds You Want with Native Plants\",\"description\":\"&lt;p&gt;Are you eager to see a specific bird in your landscape? Curious about how to attract Black-capped Chickadees, American Goldfinches, or Broad-tailed Hummingbirds to your yard?&lt;\/p&gt;\\\\n\",\"image\":\"https:\/\/boulder.earth\/wp-content\/uploads\/2026\/04\/Screenshot-2026-04-07-at-5.58.16-PM-e1775606332708.png\",\"url\":\"https:\/\/boulder.earth\/es\/event\/attract-the-birds-you-want-with-native-plants\/\",\"eventAttendanceMode\":\"https:\/\/schema.org\/OfflineEventAttendanceMode\",\"eventStatus\":\"https:\/\/schema.org\/EventScheduled\",\"startDate\":\"2026-04-08T12:00:00-06:00\",\"endDate\":\"2026-04-08T13:00:00-06:00\",\"location\":{\"@type\":\"Place\",\"name\":\"Virtual\",\"description\":\"\",\"url\":\"https:\/\/boulder.earth\/es\/lugar\/virtual\/\",\"address\":{\"@type\":\"PostalAddress\"},\"telephone\":\"\",\"sameAs\":\"\"},\"organizer\":{\"@type\":\"Person\",\"name\":\"Audubon Rockies\",\"description\":\"\",\"url\":\"\",\"telephone\":\"\",\"email\":\"\",\"sameAs\":\"\"},\"performer\":\"Organization\"},{\"@context\":\"http:\/\/schema.org\",\"@type\":\"Event\",\"name\":\"CU and Community Arts Meeting\",\"description\":\"&lt;p&gt;You\\\\'re invited! Join CU Boulder Dean John-Michael Rivera, City of Boulder arts leaders, and the CU and Boulder arts community on April 8 from 4:00 to 6:00 p.m. at the Museum of Boulder for a community meeting and networking event.&lt;\/p&gt;\\\\n\",\"image\":\"https:\/\/boulder.earth\/wp-content\/uploads\/2026\/04\/Screenshot-2026-04-07-at-5.42.37-PM-e1775605380402.png\",\"url\":\"https:\/\/boulder.earth\/es\/event\/cu-and-community-arts-meeting\/\",\"eventAttendanceMode\":\"https:\/\/schema.org\/OfflineEventAttendanceMode\",\"eventStatus\":\"https:\/\/schema.org\/EventScheduled\",\"startDate\":\"2026-04-08T16:00:00-06:00\",\"endDate\":\"2026-04-08T18:00:00-06:00\",\"location\":{\"@type\":\"Place\",\"name\":\"Museum of Boulder\",\"description\":\"\",\"url\":\"https:\/\/boulder.earth\/es\/lugar\/museum-of-boulder\/\",\"address\":{\"@type\":\"PostalAddress\",\"streetAddress\":\"2205 Broadway\",\"addressLocality\":\"Boulder CO\"},\"geo\":{\"@type\":\"GeoCoordinates\",\"latitude\":40.02011130000000349582478520460426807403564453125,\"longitude\":-105.281153299999999717329046688973903656005859375},\"telephone\":\"\",\"sameAs\":\"\"},\"organizer\":{\"@type\":\"Person\",\"name\":\"City of Boulder\",\"description\":\"\",\"url\":\"\",\"telephone\":\"\",\"email\":\"\",\"sameAs\":\"\"},\"performer\":\"Organization\"},{\"@context\":\"http:\/\/schema.org\",\"@type\":\"Event\",\"name\":\"After We March, We Organize! Solidarity Warriors Indivisible Action Group\",\"description\":\"&lt;p&gt;&#x1f4da;&#x1f3a4; Every week we feature guest speakers and training on topics like:&lt;\/p&gt;\\\\n&lt;p&gt;&#x1f6e1;&#xfe0f; How to Protest Safely &#x1f30e; Immigrant Rights &#x1fab6; Indigenous History &#x1f510; Cybersecurity \\\\'0a; Community Organizing Tactics and much more!&lt;\/p&gt;\\\\n\",\"image\":\"https:\/\/boulder.earth\/wp-content\/uploads\/2026\/04\/Sunset-crowd-raised-fists-One-line-01_20250721004218694808-e1775521865495.png\",\"url\":\"https:\/\/boulder.earth\/es\/event\/after-we-march-we-organize-solidarity-warriors-indivisible-action-group\/2026-04-08\/\",\"eventAttendanceMode\":\"https:\/\/schema.org\/OfflineEventAttendanceMode\",\"eventStatus\":\"https:\/\/schema.org\/EventScheduled\",\"startDate\":\"2026-04-08T18:00:00-06:00\",\"endDate\":\"2026-04-08T19:30:00-06:00\",\"location\":{\"@type\":\"Place\",\"name\":\"Virtual\",\"description\":\"\",\"url\":\"https:\/\/boulder.earth\/es\/lugar\/virtual\/\",\"address\":{\"@type\":\"PostalAddress\"},\"telephone\":\"\",\"sameAs\":\"\"},\"organizer\":{\"@type\":\"Person\",\"name\":\"Solidarity Warriors\",\"description\":\"\",\"url\":\"https:\/\/solidaritywarriors.org\/\",\"telephone\":\"\",\"email\":\"\",\"sameAs\":\"https:\/\/solidaritywarriors.org\/\"},\"performer\":\"Organization\"},{\"@context\":\"http:\/\/schema.org\",\"@type\":\"Event\",\"name\":\"NSF NCAR Explorer Series: Integrating expertise: Predicting hazardous weather through convergence science and AI\",\"description\":\"&lt;p&gt;Join us on Wednesday, April 8th from 7:00 - 8:30 pm MT, for this NSF NCAR Explorer Series lecture, &quot;Integrating expertise: Predicting hazardous weather through convergence science and artificial intelligence&quot; with scientist Mariana Cains.&lt;\/p&gt;\\\\n\",\"image\":\"https:\/\/boulder.earth\/wp-content\/uploads\/2026\/04\/Screenshot-2026-04-08-at-2.17.10-PM-e1775679465442.png\",\"url\":\"https:\/\/boulder.earth\/es\/event\/nsf-ncar-explorer-series-integrating-expertise-predicting-hazardous-weather-through-convergence-science-and-ai\/\",\"eventAttendanceMode\":\"https:\/\/schema.org\/OfflineEventAttendanceMode\",\"eventStatus\":\"https:\/\/schema.org\/EventScheduled\",\"startDate\":\"2026-04-08T19:00:00-06:00\",\"endDate\":\"2026-04-08T20:30:00-06:00\",\"location\":{\"@type\":\"Place\",\"name\":\"NCAR Mesa Lab\",\"description\":\"\",\"url\":\"https:\/\/boulder.earth\/es\/lugar\/ncar-mesa-lab\/\",\"address\":{\"@type\":\"PostalAddress\",\"streetAddress\":\"1850 Table Mesa Drive Boulder, CO 80305\"},\"geo\":{\"@type\":\"GeoCoordinates\",\"latitude\":39.97870540000000261215973296202719211578369140625,\"longitude\":-105.2747061000000030617229640483856201171875},\"telephone\":\"\",\"sameAs\":\"\"},\"organizer\":{\"@type\":\"Person\",\"name\":\"NSF NCAR Explorer Series\",\"description\":\"\",\"url\":\"https:\/\/edec.ucar.edu\/public\/ncar-explorer-series\",\"telephone\":\"\",\"email\":\"\",\"sameAs\":\"https:\/\/edec.ucar.edu\/public\/ncar-explorer-series\"},\"performer\":\"Organization\"},{\"@context\":\"http:\/\/schema.org\",\"@type\":\"Event\",\"name\":\"The Economic Impact of Data Centers\",\"description\":\"&lt;p&gt;Learn about the economic impacts of Data Centers from Abre\\u2019 Conner, Director for Environmental &amp; Climate Justice, moderated by Keisha Bross.  &lt;\/p&gt;\\\\n\",\"image\":\"https:\/\/boulder.earth\/wp-content\/uploads\/2026\/03\/11d51a8a-1cb1-4f6a-b3fb-6f769ecf6887.png\",\"url\":\"https:\/\/boulder.earth\/es\/event\/the-economic-impact-of-data-centers\/\",\"eventAttendanceMode\":\"https:\/\/schema.org\/OfflineEventAttendanceMode\",\"eventStatus\":\"https:\/\/schema.org\/EventScheduled\",\"startDate\":\"2026-04-09T15:00:00-06:00\",\"endDate\":\"2026-04-09T17:00:00-06:00\",\"location\":{\"@type\":\"Place\",\"name\":\"Virtual\",\"description\":\"\",\"url\":\"https:\/\/boulder.earth\/es\/lugar\/virtual\/\",\"address\":{\"@type\":\"PostalAddress\"},\"telephone\":\"\",\"sameAs\":\"\"},\"organizer\":{\"@type\":\"Person\",\"name\":\"NAACP National\",\"description\":\"\",\"url\":\"https:\/\/naacp.org\/\",\"telephone\":\"\",\"email\":\"\",\"sameAs\":\"https:\/\/naacp.org\/\"},\"performer\":\"Organization\"},{\"@context\":\"http:\/\/schema.org\",\"@type\":\"Event\",\"name\":\"Seaweed Stories for a More Sustainable Future (Film screening and Panel)\",\"description\":\"&lt;p&gt;Seaweed Stories is a 30-minute film featuring the wonders of seaweed, and some of the extraordinary stories and unique characters whose lives have been entangled by this too often overlooked marine plant that may hold answers to some of humanity\\\\'s biggest challenges.&lt;\/p&gt;\\\\n\",\"image\":\"https:\/\/boulder.earth\/wp-content\/uploads\/2026\/04\/SS_Poster_p1_BW_10092025_web-small-Brandon-Winters.jpg-e1775680028795.avif\",\"url\":\"https:\/\/boulder.earth\/es\/event\/seaweed-stories-for-a-more-sustainable-future-film-screening-and-panel\/\",\"eventAttendanceMode\":\"https:\/\/schema.org\/OfflineEventAttendanceMode\",\"eventStatus\":\"https:\/\/schema.org\/EventScheduled\",\"startDate\":\"2026-04-09T17:00:00-06:00\",\"endDate\":\"2026-04-09T18:30:00-06:00\",\"location\":{\"@type\":\"Place\",\"name\":\"CASE Building at CU\",\"description\":\"\",\"url\":\"https:\/\/boulder.earth\/es\/lugar\/case-building-at-cu\/\",\"address\":{\"@type\":\"PostalAddress\"},\"telephone\":\"\",\"sameAs\":\"\"},\"organizer\":{\"@type\":\"Person\",\"name\":\"CU Boulder\",\"description\":\"\",\"url\":\"\",\"telephone\":\"\",\"email\":\"&#109;ol&#108;&#121;.&#109;c&#100;&#101;&#114;&#109;&#111;&#116;t&#64;&#99;o&#108;&#111;ra&#100;&#111;&#46;&#101;&#100;u\",\"sameAs\":\"\"},\"performer\":\"Organization\"},{\"@context\":\"http:\/\/schema.org\",\"@type\":\"Event\",\"name\":\"TIME AND WATER, followed by a Call2Action Panel\",\"description\":\"&lt;p&gt;Facing the death of his country\\u2019s glaciers and the loss of his beloved grandparents, renowned Icelandic poet and author Andri Sn\\u00e6r Magnason turns his archives into a time capsule to hold what is slipping away: family, memory, time and water.&lt;\/p&gt;\\\\n\",\"image\":\"https:\/\/boulder.earth\/wp-content\/uploads\/2026\/04\/Time-and-Water-Digital-Insert-e1775604956114.png\",\"url\":\"https:\/\/boulder.earth\/es\/event\/time-and-water-followed-by-a-call2action-panel\/\",\"eventAttendanceMode\":\"https:\/\/schema.org\/OfflineEventAttendanceMode\",\"eventStatus\":\"https:\/\/schema.org\/EventScheduled\",\"startDate\":\"2026-04-10T10:00:00-06:00\",\"endDate\":\"2026-04-10T13:00:00-06:00\",\"location\":{\"@type\":\"Place\",\"name\":\"Grace Commons\",\"description\":\"\",\"url\":\"https:\/\/boulder.earth\/es\/lugar\/grace-commons\/\",\"address\":{\"@type\":\"PostalAddress\",\"streetAddress\":\"1820 15th Street\",\"addressLocality\":\"Boulder\",\"postalCode\":\"80302\",\"addressCountry\":\"United States\"},\"geo\":{\"@type\":\"GeoCoordinates\",\"latitude\":40.0173898999999977377228788100183010101318359375,\"longitude\":-105.274889000000001715307007543742656707763671875},\"telephone\":\"CO\",\"sameAs\":\"\"},\"organizer\":{\"@type\":\"Person\",\"name\":\"Boulder Film Festival\",\"description\":\"\",\"url\":\"https:\/\/tickets.biff1.com\/welcome\",\"telephone\":\"\",\"email\":\"\",\"sameAs\":\"https:\/\/tickets.biff1.com\/welcome\"},\"performer\":\"Organization\"},{\"@context\":\"http:\/\/schema.org\",\"@type\":\"Event\",\"name\":\"Garden Get Down\",\"description\":\"&lt;p&gt;Join us for The Garden Getdown at Yellow Barn Farm. An epic dance party dedicated to\\u00a0The Sovereignty Gardens\\u00a0project - featuring a live DJ set of garden grooves, wubs &amp; country dub from Quiggy Smalls.&lt;\/p&gt;\\\\n\",\"image\":\"https:\/\/boulder.earth\/wp-content\/uploads\/2026\/04\/Screenshot-2026-04-06-at-6.34.36-PM-e1775522197751.png\",\"url\":\"https:\/\/boulder.earth\/es\/event\/garden-get-down\/\",\"eventAttendanceMode\":\"https:\/\/schema.org\/OfflineEventAttendanceMode\",\"eventStatus\":\"https:\/\/schema.org\/EventScheduled\",\"startDate\":\"2026-04-10T18:00:00-06:00\",\"endDate\":\"2026-04-10T22:30:00-06:00\",\"location\":{\"@type\":\"Place\",\"name\":\"Yellow Barn Farm\",\"description\":\"\",\"url\":\"https:\/\/boulder.earth\/es\/lugar\/yellow-barn-farm\/\",\"address\":{\"@type\":\"PostalAddress\",\"streetAddress\":\"9417 N Foothills Hwy.\",\"addressLocality\":\"Longmont\",\"postalCode\":\"80503\"},\"geo\":{\"@type\":\"GeoCoordinates\",\"latitude\":40.14553480000000007521521183662116527557373046875,\"longitude\":-105.283197000000001253283699043095111846923828125},\"telephone\":\"\",\"sameAs\":\"\"},\"organizer\":{\"@type\":\"Person\",\"name\":\"The Sovereignty Gardens\",\"description\":\"\",\"url\":\"https:\/\/www.yellowbarn.farm\/sovereignty-gardens\",\"telephone\":\"\",\"email\":\"\",\"sameAs\":\"https:\/\/www.yellowbarn.farm\/sovereignty-gardens\"},\"performer\":\"Organization\"},{\"@context\":\"http:\/\/schema.org\",\"@type\":\"Event\",\"name\":\"Boulder Farmers Market\",\"description\":\"&lt;p&gt;We\\\\'re excited to have 75 vendor join us for opening day at the Boulder Farmers Market!&lt;\/p&gt;\\\\n\",\"image\":\"https:\/\/boulder.earth\/wp-content\/uploads\/2026\/04\/5a1a4a83-2755-6e04-62f2-ff349ad4a3cd-e1776830580952.jpg\",\"url\":\"https:\/\/boulder.earth\/es\/event\/boulder-farmers-market\/2026-04-11\/\",\"eventAttendanceMode\":\"https:\/\/schema.org\/OfflineEventAttendanceMode\",\"eventStatus\":\"https:\/\/schema.org\/EventScheduled\",\"startDate\":\"2026-04-11T08:00:00-06:00\",\"endDate\":\"2026-04-11T14:00:00-06:00\",\"location\":{\"@type\":\"Place\",\"name\":\"Boulder Farmers Market\",\"description\":\"\",\"url\":\"https:\/\/boulder.earth\/es\/lugar\/boulder-farmers-market\/\",\"address\":{\"@type\":\"PostalAddress\",\"streetAddress\":\"13th Street and Canyon Boulevard\",\"addressLocality\":\"Boulder\",\"addressRegion\":\"CO\",\"postalCode\":\"80302\",\"addressCountry\":\"United States\"},\"geo\":{\"@type\":\"GeoCoordinates\",\"latitude\":40.0162059999999968340489431284368038177490234375,\"longitude\":-105.277991700000001173975761048495769500732421875},\"telephone\":\"0\",\"sameAs\":\"\"},\"organizer\":{\"@type\":\"Person\",\"name\":\"Boulder County Farmers Markets\",\"description\":\"\",\"url\":\"\",\"telephone\":\"\",\"email\":\"\",\"sameAs\":\"\"},\"performer\":\"Organization\"},{\"@context\":\"http:\/\/schema.org\",\"@type\":\"Event\",\"name\":\"Longmont Farmers Market\",\"description\":\"&lt;p&gt;In Longmont, we\\\\'ll have nearly 70 vendors joining us this Saturday!&lt;\/p&gt;\\\\n\",\"image\":\"https:\/\/boulder.earth\/wp-content\/uploads\/2026\/04\/5a1a4a83-2755-6e04-62f2-ff349ad4a3cd-e1776830580952.jpg\",\"url\":\"https:\/\/boulder.earth\/es\/event\/longmont-farmers-market-2\/2026-04-11\/\",\"eventAttendanceMode\":\"https:\/\/schema.org\/OfflineEventAttendanceMode\",\"eventStatus\":\"https:\/\/schema.org\/EventScheduled\",\"startDate\":\"2026-04-11T08:00:00-06:00\",\"endDate\":\"2026-04-11T14:00:00-06:00\",\"location\":{\"@type\":\"Place\",\"name\":\"Boulder County Fairgrounds\",\"description\":\"\",\"url\":\"https:\/\/boulder.earth\/es\/lugar\/boulder-county-fairgrounds\/\",\"address\":{\"@type\":\"PostalAddress\",\"streetAddress\":\"9595 Nelson Road\",\"addressLocality\":\"Longmont\",\"addressRegion\":\"CO\",\"postalCode\":\"80501\",\"addressCountry\":\"us\"},\"geo\":{\"@type\":\"GeoCoordinates\",\"latitude\":40.15585327148399841235004714690148830413818359375,\"longitude\":-105.1278915405300011798317427746951580047607421875},\"telephone\":\"\",\"sameAs\":\"\"},\"organizer\":{\"@type\":\"Person\",\"name\":\"Boulder County Farmers Markets\",\"description\":\"\",\"url\":\"\",\"telephone\":\"\",\"email\":\"\",\"sameAs\":\"\"},\"performer\":\"Organization\"},{\"@context\":\"http:\/\/schema.org\",\"@type\":\"Event\",\"name\":\"Eco-Mural Bike Tour\",\"description\":\"&lt;p&gt;Join Street Wise Arts for a special bike tour in partnership with the City of Boulder during Boulder Arts Week!&lt;\/p&gt;\\\\n\",\"image\":\"https:\/\/boulder.earth\/wp-content\/uploads\/2026\/04\/Screenshot-2026-04-13-at-7.49.22-PM-e1776131382529.png\",\"url\":\"https:\/\/boulder.earth\/es\/event\/eco-mural-bike-tour\/\",\"eventAttendanceMode\":\"https:\/\/schema.org\/OfflineEventAttendanceMode\",\"eventStatus\":\"https:\/\/schema.org\/EventScheduled\",\"startDate\":\"2026-04-11T10:00:00-06:00\",\"endDate\":\"2026-04-11T12:00:00-06:00\",\"location\":{\"@type\":\"Place\",\"name\":\"VisionQuest Brewery\",\"description\":\"\",\"url\":\"https:\/\/boulder.earth\/es\/lugar\/visionquest-brewery\/\",\"address\":{\"@type\":\"PostalAddress\",\"streetAddress\":\"2510 47th St, Suite A2\",\"addressLocality\":\"Boulder\",\"addressRegion\":\"Colorado\",\"postalCode\":\"80301\"},\"geo\":{\"@type\":\"GeoCoordinates\",\"latitude\":40.026195000000001300577423535287380218505859375,\"longitude\":-105.2432246999999989611751516349613666534423828125},\"telephone\":\"\",\"sameAs\":\"\"},\"organizer\":{\"@type\":\"Person\",\"name\":\"Street Wise Arts\",\"description\":\"\",\"url\":\"https:\/\/streetwisearts.org\/\",\"telephone\":\"\",\"email\":\"\",\"sameAs\":\"https:\/\/streetwisearts.org\/\"},\"performer\":\"Organization\"},{\"@context\":\"http:\/\/schema.org\",\"@type\":\"Event\",\"name\":\"Learn to grow your own fruit trees\",\"description\":\"&lt;p&gt;Spring is the perfect time to nurture young trees and plan for their long-term health. Growing your own fruit is also a meaningful way to build food resilience and enjoy fresh, local harvests for years to come.&lt;\/p&gt;\\\\n\",\"image\":\"https:\/\/boulder.earth\/wp-content\/uploads\/2019\/08\/community-fruit-rescue.jpg\",\"url\":\"https:\/\/boulder.earth\/es\/event\/learn-to-grow-your-own-fruit-trees\/\",\"eventAttendanceMode\":\"https:\/\/schema.org\/OfflineEventAttendanceMode\",\"eventStatus\":\"https:\/\/schema.org\/EventScheduled\",\"startDate\":\"2026-04-11T13:00:00-06:00\",\"endDate\":\"2026-04-11T15:00:00-06:00\",\"location\":{\"@type\":\"Place\",\"name\":\"Benevolence Orchard 6712 Jay rd, Boulder CO\",\"description\":\"\",\"url\":\"https:\/\/boulder.earth\/es\/lugar\/benevolence-orchard-6712-jay-rd-boulder-co\/\",\"address\":{\"@type\":\"PostalAddress\",\"streetAddress\":\"6712 Jay Rd\",\"addressLocality\":\"Boulder\",\"postalCode\":\"80301\"},\"geo\":{\"@type\":\"GeoCoordinates\",\"latitude\":40.0490870000000001027729013003408908843994140625,\"longitude\":-105.19622689999999920473783276975154876708984375},\"telephone\":\"\",\"sameAs\":\"https:\/\/www.benevolenceorchard.com\/\"},\"organizer\":{\"@type\":\"Person\",\"name\":\"Community Fruit Rescue\",\"description\":\"\",\"url\":\"https:\/\/www.fruitrescue.org\/\",\"telephone\":\"\",\"email\":\"\",\"sameAs\":\"https:\/\/www.fruitrescue.org\/\"},\"performer\":\"Organization\"},{\"@context\":\"http:\/\/schema.org\",\"@type\":\"Event\",\"name\":\"Weekly Vigil for Palestine\",\"description\":\"&lt;p&gt;Join Longmont for Palestine every Sunday from 12:00 - 1:00 pm on 6th &amp; Main St. in Longmont for a weekly Palestine vigil! Bring your signs and posters, or just stop on by to ask any questions you may have and get to know us! We will have signs available, as well as informational flyers, postcards, and zines.&lt;\/p&gt;\\\\n\",\"image\":\"https:\/\/boulder.earth\/wp-content\/uploads\/2025\/03\/Screenshot_20250305-020854-e1742511421283.png\",\"url\":\"https:\/\/boulder.earth\/es\/event\/weekly-vigil-for-palestine\/2026-04-12\/\",\"eventAttendanceMode\":\"https:\/\/schema.org\/OfflineEventAttendanceMode\",\"eventStatus\":\"https:\/\/schema.org\/EventScheduled\",\"startDate\":\"2026-04-12T12:00:00-06:00\",\"endDate\":\"2026-04-12T13:00:00-06:00\",\"location\":{\"@type\":\"Place\",\"name\":\"Downtown Longmont\",\"description\":\"\",\"url\":\"https:\/\/boulder.earth\/es\/lugar\/downtown-longmont\/\",\"address\":{\"@type\":\"PostalAddress\",\"streetAddress\":\"4th &amp; Kimbark\",\"addressLocality\":\"Longmont\",\"addressRegion\":\"CO\",\"postalCode\":\"80501\"},\"geo\":{\"@type\":\"GeoCoordinates\",\"latitude\":40.17825309999999916499291430227458477020263671875,\"longitude\":-105.1011615999999975201717461459338665008544921875},\"telephone\":\"\",\"sameAs\":\"\"},\"organizer\":{\"@type\":\"Person\",\"name\":\"Longmont for Palestine\",\"description\":\"\",\"url\":\"https:\/\/www.instagram.com\/longmontforpalestine\/\",\"telephone\":\"\",\"email\":\"\",\"sameAs\":\"https:\/\/www.instagram.com\/longmontforpalestine\/\"},\"performer\":\"Organization\"},{\"@context\":\"http:\/\/schema.org\",\"@type\":\"Event\",\"name\":\"Boulder Arts Blueprint Launch Party\",\"description\":\"&lt;p&gt;Celebrate Boulder\\\\'s creative future at the Boulder Arts Blueprint Launch Party! Be among the first to explore Boulder\\\\'s new cultural plan and the shared vision guiding arts, culture and creativity over the next decade.&lt;\/p&gt;\\\\n\",\"image\":\"https:\/\/boulder.earth\/wp-content\/uploads\/2026\/04\/Screenshot-2026-04-07-at-5.39.43-PM-e1775605210773.png\",\"url\":\"https:\/\/boulder.earth\/es\/event\/boulder-arts-blueprint-launch-party\/\",\"eventAttendanceMode\":\"https:\/\/schema.org\/OfflineEventAttendanceMode\",\"eventStatus\":\"https:\/\/schema.org\/EventScheduled\",\"startDate\":\"2026-04-12T13:00:00-06:00\",\"endDate\":\"2026-04-12T15:00:00-06:00\",\"location\":{\"@type\":\"Place\",\"name\":\"KGNU\",\"description\":\"\",\"url\":\"https:\/\/boulder.earth\/es\/lugar\/kgnu\/\",\"address\":{\"@type\":\"PostalAddress\",\"streetAddress\":\"1720 14th St\",\"addressLocality\":\"Boulder\",\"addressRegion\":\"CO\",\"postalCode\":\"80302\"},\"geo\":{\"@type\":\"GeoCoordinates\",\"latitude\":40.01939029999999775100150145590305328369140625,\"longitude\":-105.24285439999999880456016398966312408447265625},\"telephone\":\"\",\"sameAs\":\"\"},\"organizer\":{\"@type\":\"Person\",\"name\":\"City of Boulder\",\"description\":\"\",\"url\":\"\",\"telephone\":\"\",\"email\":\"\",\"sameAs\":\"\"},\"performer\":\"Organization\"},{\"@context\":\"http:\/\/schema.org\",\"@type\":\"Event\",\"name\":\"Action Hour: Defending the Endangered Species Act\",\"description\":\"&lt;p&gt;The Endangered Species Act is the last line of defense for species facing extinction like the gray wolf, grizzly bear, salmon, and orca. Yet Trump and his allies in Congress are trying to undermine or completely erase this landmark legislation.&lt;\/p&gt;\\\\n\",\"image\":\"https:\/\/boulder.earth\/wp-content\/uploads\/2018\/04\/SierraLogo.png\",\"url\":\"https:\/\/boulder.earth\/es\/event\/action-hour-defending-the-endangered-species-act\/\",\"eventAttendanceMode\":\"https:\/\/schema.org\/OfflineEventAttendanceMode\",\"eventStatus\":\"https:\/\/schema.org\/EventScheduled\",\"startDate\":\"2026-04-14T17:00:00-06:00\",\"endDate\":\"2026-04-14T18:00:00-06:00\",\"location\":{\"@type\":\"Place\",\"name\":\"Virtual\",\"description\":\"\",\"url\":\"https:\/\/boulder.earth\/es\/lugar\/virtual\/\",\"address\":{\"@type\":\"PostalAddress\"},\"telephone\":\"\",\"sameAs\":\"\"},\"organizer\":{\"@type\":\"Person\",\"name\":\"Sierra Club\",\"description\":\"\",\"url\":\"https:\/\/www.sierraclub.org\/\",\"telephone\":\"\",\"email\":\"\",\"sameAs\":\"https:\/\/www.sierraclub.org\/\"},\"performer\":\"Organization\"},{\"@context\":\"http:\/\/schema.org\",\"@type\":\"Event\",\"name\":\"Restoration in Action: How Communities Heal Ecosystems\",\"description\":\"&lt;p&gt;Kevin Shuck, WRV Director of Programming, will explore the vital role of volunteer-powered conservation using WRV\\u2019s 25+ years of work as a lens to understand ecological challenges and solutions.&lt;\/p&gt;\\\\n\",\"image\":\"https:\/\/boulder.earth\/wp-content\/uploads\/2026\/04\/50th-Anniversary-1.png\",\"url\":\"https:\/\/boulder.earth\/es\/event\/restoration-in-action-how-communities-heal-ecosystems\/\",\"eventAttendanceMode\":\"https:\/\/schema.org\/OfflineEventAttendanceMode\",\"eventStatus\":\"https:\/\/schema.org\/EventScheduled\",\"startDate\":\"2026-04-14T19:00:00-06:00\",\"endDate\":\"2026-04-14T20:30:00-06:00\",\"location\":{\"@type\":\"Place\",\"name\":\"Boulder Rural Fire Rescue\",\"description\":\"\",\"url\":\"https:\/\/boulder.earth\/es\/lugar\/boulder-rural-fire-rescue\/\",\"address\":{\"@type\":\"PostalAddress\",\"streetAddress\":\"6230 Lookout Rd,\",\"addressLocality\":\"Boulder\",\"addressRegion\":\"Colorado\",\"postalCode\":\"80301\"},\"geo\":{\"@type\":\"GeoCoordinates\",\"latitude\":40.06925629999999927122189546935260295867919921875,\"longitude\":-105.2078651000000064641426433809101581573486328125},\"telephone\":\"\",\"sameAs\":\"\"},\"organizer\":{\"@type\":\"Person\",\"name\":\"CONPS\",\"description\":\"\",\"url\":\"\",\"telephone\":\"\",\"email\":\"\",\"sameAs\":\"\"},\"performer\":\"Organization\"},{\"@context\":\"http:\/\/schema.org\",\"@type\":\"Event\",\"name\":\"The Importance of Home Ownership with NAREB\",\"description\":\"&lt;p&gt;Join Mr. Ashley Thomas III, President of NAREB, as he explains why buying a home matters and how it can help close the generational wealth gap.&lt;\/p&gt;\\\\n\",\"image\":\"https:\/\/boulder.earth\/wp-content\/uploads\/2026\/03\/11d51a8a-1cb1-4f6a-b3fb-6f769ecf6887.png\",\"url\":\"https:\/\/boulder.earth\/es\/event\/the-importance-of-home-ownership-with-nareb\/\",\"eventAttendanceMode\":\"https:\/\/schema.org\/OfflineEventAttendanceMode\",\"eventStatus\":\"https:\/\/schema.org\/EventScheduled\",\"startDate\":\"2026-04-15T17:00:00-06:00\",\"endDate\":\"2026-04-15T18:00:00-06:00\",\"location\":{\"@type\":\"Place\",\"name\":\"Virtual\",\"description\":\"\",\"url\":\"https:\/\/boulder.earth\/es\/lugar\/virtual\/\",\"address\":{\"@type\":\"PostalAddress\"},\"telephone\":\"\",\"sameAs\":\"\"},\"organizer\":{\"@type\":\"Person\",\"name\":\"NAACP National\",\"description\":\"\",\"url\":\"https:\/\/naacp.org\/\",\"telephone\":\"\",\"email\":\"\",\"sameAs\":\"https:\/\/naacp.org\/\"},\"performer\":\"Organization\"},{\"@context\":\"http:\/\/schema.org\",\"@type\":\"Event\",\"name\":\"After We March, We Organize! Solidarity Warriors Indivisible Action Group\",\"description\":\"&lt;p&gt;&#x1f4da;&#x1f3a4; Every week we feature guest speakers and training on topics like:&lt;\/p&gt;\\\\n&lt;p&gt;&#x1f6e1;&#xfe0f; How to Protest Safely &#x1f30e; Immigrant Rights &#x1fab6; Indigenous History &#x1f510; Cybersecurity \\\\'0a; Community Organizing Tactics and much more!&lt;\/p&gt;\\\\n\",\"image\":\"https:\/\/boulder.earth\/wp-content\/uploads\/2026\/04\/Sunset-crowd-raised-fists-One-line-01_20250721004218694808-e1775521865495.png\",\"url\":\"https:\/\/boulder.earth\/es\/event\/after-we-march-we-organize-solidarity-warriors-indivisible-action-group\/2026-04-15\/\",\"eventAttendanceMode\":\"https:\/\/schema.org\/OfflineEventAttendanceMode\",\"eventStatus\":\"https:\/\/schema.org\/EventScheduled\",\"startDate\":\"2026-04-15T18:00:00-06:00\",\"endDate\":\"2026-04-15T19:30:00-06:00\",\"location\":{\"@type\":\"Place\",\"name\":\"Virtual\",\"description\":\"\",\"url\":\"https:\/\/boulder.earth\/es\/lugar\/virtual\/\",\"address\":{\"@type\":\"PostalAddress\"},\"telephone\":\"\",\"sameAs\":\"\"},\"organizer\":{\"@type\":\"Person\",\"name\":\"Solidarity Warriors\",\"description\":\"\",\"url\":\"https:\/\/solidaritywarriors.org\/\",\"telephone\":\"\",\"email\":\"\",\"sameAs\":\"https:\/\/solidaritywarriors.org\/\"},\"performer\":\"Organization\"},{\"@context\":\"http:\/\/schema.org\",\"@type\":\"Event\",\"name\":\"Food Not Bombs Free Market Block Party\",\"description\":\"&lt;p&gt;Join us for the Food Not Bombs Free Market Block Party on April 17th from 5 to 10 PM at Vision Quest Brewery. We will have free street food, first aid kits, clothing, a bike repair station, and an arts and crafts table. The soundtrack for the evening includes a salsa, reggaeton, and cumbia set by Monty Pop, plus hip-hop performances by Preacher vs Choir and Time.&lt;\/p&gt;\\\\n\",\"image\":\"https:\/\/boulder.earth\/wp-content\/uploads\/2026\/04\/Screenshot-2026-04-13-at-8.10.10-PM-e1776132634477.png\",\"url\":\"https:\/\/boulder.earth\/es\/event\/food-not-bombs-free-market-block-party\/\",\"eventAttendanceMode\":\"https:\/\/schema.org\/OfflineEventAttendanceMode\",\"eventStatus\":\"https:\/\/schema.org\/EventScheduled\",\"startDate\":\"2026-04-17T17:00:00-06:00\",\"endDate\":\"2026-04-17T22:00:00-06:00\",\"location\":{\"@type\":\"Place\",\"name\":\"VisionQuest Brewery\",\"description\":\"\",\"url\":\"https:\/\/boulder.earth\/es\/lugar\/visionquest-brewery\/\",\"address\":{\"@type\":\"PostalAddress\",\"streetAddress\":\"2510 47th St, Suite A2\",\"addressLocality\":\"Boulder\",\"addressRegion\":\"Colorado\",\"postalCode\":\"80301\"},\"geo\":{\"@type\":\"GeoCoordinates\",\"latitude\":40.026195000000001300577423535287380218505859375,\"longitude\":-105.2432246999999989611751516349613666534423828125},\"telephone\":\"\",\"sameAs\":\"\"},\"organizer\":{\"@type\":\"Person\",\"name\":\"VisionQuest Brewery\",\"description\":\"\",\"url\":\"https:\/\/www.visionquestbrewing.com\/\",\"telephone\":\"\",\"email\":\"\",\"sameAs\":\"https:\/\/www.visionquestbrewing.com\/\"},\"performer\":\"Organization\"},{\"@context\":\"http:\/\/schema.org\",\"@type\":\"Event\",\"name\":\"Starry Night Out\",\"description\":\"&lt;p&gt;Join us on April 17th for an evening of space science+art and fundraising hosted by the Broomfield Council on the Arts and Humanities at The Establishment in Bradburn Village.&lt;\/p&gt;\\\\n\",\"image\":\"https:\/\/boulder.earth\/wp-content\/uploads\/2026\/04\/6c6d90bbf4dde3662cbed66558a43045.png\",\"url\":\"https:\/\/boulder.earth\/es\/event\/starry-night-out\/\",\"eventAttendanceMode\":\"https:\/\/schema.org\/OfflineEventAttendanceMode\",\"eventStatus\":\"https:\/\/schema.org\/EventScheduled\",\"startDate\":\"2026-04-17T18:00:00-06:00\",\"endDate\":\"2026-04-17T21:30:00-06:00\",\"location\":{\"@type\":\"Place\",\"name\":\"The Establishment in Bradburn Village\",\"description\":\"\",\"url\":\"https:\/\/boulder.earth\/es\/lugar\/the-establishment-in-bradburn-village\/\",\"address\":{\"@type\":\"PostalAddress\",\"streetAddress\":\"11885 Bradburn Blvd, Westminster, CO 80031\"},\"geo\":{\"@type\":\"GeoCoordinates\",\"latitude\":39.9124553999999989173375070095062255859375,\"longitude\":-105.0421209999999945239324006251990795135498046875},\"telephone\":\"\",\"sameAs\":\"\"},\"organizer\":{\"@type\":\"Person\",\"name\":\"Broomfield Council on the Arts &#038; Humanities\",\"description\":\"\",\"url\":\"https:\/\/www.artsinbroomfield.org\/\",\"telephone\":\"\",\"email\":\"\",\"sameAs\":\"https:\/\/www.artsinbroomfield.org\/\"},\"performer\":\"Organization\"},{\"@context\":\"http:\/\/schema.org\",\"@type\":\"Event\",\"name\":\"Common Good Forum Presents: &#8220;No Other Land&#8221;, a feature documentary\",\"description\":\"&lt;p&gt;No Other Land, directed by a four-person collective of Israeli and Palestinian activists, is what they describe as an \\u201cact of resistance on the path to justice in the Israeli-Palestinian conflict.\\u201d&lt;\/p&gt;\\\\n\",\"image\":\"https:\/\/boulder.earth\/wp-content\/uploads\/2026\/04\/Screenshot-2026-04-07-at-5.49.19-PM-e1775605814704.png\",\"url\":\"https:\/\/boulder.earth\/es\/event\/common-good-forum-presents-no-other-land-a-feature-documentary\/\",\"eventAttendanceMode\":\"https:\/\/schema.org\/OfflineEventAttendanceMode\",\"eventStatus\":\"https:\/\/schema.org\/EventScheduled\",\"startDate\":\"2026-04-17T19:00:00-06:00\",\"endDate\":\"2026-04-17T21:00:00-06:00\",\"location\":{\"@type\":\"Place\",\"name\":\"Pine Street Church\",\"description\":\"\",\"url\":\"https:\/\/boulder.earth\/es\/lugar\/pine-street-church\/\",\"address\":{\"@type\":\"PostalAddress\",\"streetAddress\":\"1237 Pine St\",\"addressLocality\":\"Boulder\",\"addressRegion\":\"CO\"},\"geo\":{\"@type\":\"GeoCoordinates\",\"latitude\":40.02044020000000301706677419133484363555908203125,\"longitude\":-105.2798729999999949313860270194709300994873046875},\"telephone\":\"\",\"sameAs\":\"\"},\"organizer\":{\"@type\":\"Person\",\"name\":\"Boulder SURJ (Showing Up For Racial Justice)\",\"description\":\"\",\"url\":\"\",\"telephone\":\"\",\"email\":\"\",\"sameAs\":\"\"},\"performer\":\"Organization\"},{\"@context\":\"http:\/\/schema.org\",\"@type\":\"Event\",\"name\":\"Boulder Tree Seedling Giveaway\",\"description\":\"&lt;p&gt;Back for another year, Boulder\\\\'s Forestry staff are teaming up with the PLAY Boulder Foundation to give away tree seedlings to Boulder community members on Saturday, April 18th at Boulder Farmer\\\\'s Market at 13th and Arapahoe.&lt;\/p&gt;\\\\n\",\"image\":\"https:\/\/boulder.earth\/wp-content\/uploads\/2022\/04\/planting-tree.jpg\",\"url\":\"https:\/\/boulder.earth\/es\/event\/boulder-tree-seedling-giveaway\/\",\"eventAttendanceMode\":\"https:\/\/schema.org\/OfflineEventAttendanceMode\",\"eventStatus\":\"https:\/\/schema.org\/EventScheduled\",\"startDate\":\"2026-04-18T08:00:00-06:00\",\"endDate\":\"2026-04-18T14:00:00-06:00\",\"location\":{\"@type\":\"Place\",\"name\":\"Boulder Farmers Market\",\"description\":\"\",\"url\":\"https:\/\/boulder.earth\/es\/lugar\/boulder-farmers-market\/\",\"address\":{\"@type\":\"PostalAddress\",\"streetAddress\":\"13th Street and Canyon Boulevard\",\"addressLocality\":\"Boulder\",\"addressRegion\":\"CO\",\"postalCode\":\"80302\",\"addressCountry\":\"United States\"},\"geo\":{\"@type\":\"GeoCoordinates\",\"latitude\":40.0162059999999968340489431284368038177490234375,\"longitude\":-105.277991700000001173975761048495769500732421875},\"telephone\":\"0\",\"sameAs\":\"\"},\"organizer\":{\"@type\":\"Person\",\"name\":\"City of Boulder\",\"description\":\"\",\"url\":\"\",\"telephone\":\"\",\"email\":\"\",\"sameAs\":\"\"},\"performer\":\"Organization\"},{\"@context\":\"http:\/\/schema.org\",\"@type\":\"Event\",\"name\":\"Boulder Farmers Market\",\"description\":\"&lt;p&gt;We\\\\'re excited to have 75 vendor join us for opening day at the Boulder Farmers Market!&lt;\/p&gt;\\\\n\",\"image\":\"https:\/\/boulder.earth\/wp-content\/uploads\/2026\/04\/5a1a4a83-2755-6e04-62f2-ff349ad4a3cd-e1776830580952.jpg\",\"url\":\"https:\/\/boulder.earth\/es\/event\/boulder-farmers-market\/2026-04-18\/\",\"eventAttendanceMode\":\"https:\/\/schema.org\/OfflineEventAttendanceMode\",\"eventStatus\":\"https:\/\/schema.org\/EventScheduled\",\"startDate\":\"2026-04-18T08:00:00-06:00\",\"endDate\":\"2026-04-18T14:00:00-06:00\",\"location\":{\"@type\":\"Place\",\"name\":\"Boulder Farmers Market\",\"description\":\"\",\"url\":\"https:\/\/boulder.earth\/es\/lugar\/boulder-farmers-market\/\",\"address\":{\"@type\":\"PostalAddress\",\"streetAddress\":\"13th Street and Canyon Boulevard\",\"addressLocality\":\"Boulder\",\"addressRegion\":\"CO\",\"postalCode\":\"80302\",\"addressCountry\":\"United States\"},\"geo\":{\"@type\":\"GeoCoordinates\",\"latitude\":40.0162059999999968340489431284368038177490234375,\"longitude\":-105.277991700000001173975761048495769500732421875},\"telephone\":\"0\",\"sameAs\":\"\"},\"organizer\":{\"@type\":\"Person\",\"name\":\"Boulder County Farmers Markets\",\"description\":\"\",\"url\":\"\",\"telephone\":\"\",\"email\":\"\",\"sameAs\":\"\"},\"performer\":\"Organization\"},{\"@context\":\"http:\/\/schema.org\",\"@type\":\"Event\",\"name\":\"Longmont Farmers Market\",\"description\":\"&lt;p&gt;In Longmont, we\\\\'ll have nearly 70 vendors joining us this Saturday!&lt;\/p&gt;\\\\n\",\"image\":\"https:\/\/boulder.earth\/wp-content\/uploads\/2026\/04\/5a1a4a83-2755-6e04-62f2-ff349ad4a3cd-e1776830580952.jpg\",\"url\":\"https:\/\/boulder.earth\/es\/event\/longmont-farmers-market-2\/2026-04-18\/\",\"eventAttendanceMode\":\"https:\/\/schema.org\/OfflineEventAttendanceMode\",\"eventStatus\":\"https:\/\/schema.org\/EventScheduled\",\"startDate\":\"2026-04-18T08:00:00-06:00\",\"endDate\":\"2026-04-18T14:00:00-06:00\",\"location\":{\"@type\":\"Place\",\"name\":\"Boulder County Fairgrounds\",\"description\":\"\",\"url\":\"https:\/\/boulder.earth\/es\/lugar\/boulder-county-fairgrounds\/\",\"address\":{\"@type\":\"PostalAddress\",\"streetAddress\":\"9595 Nelson Road\",\"addressLocality\":\"Longmont\",\"addressRegion\":\"CO\",\"postalCode\":\"80501\",\"addressCountry\":\"us\"},\"geo\":{\"@type\":\"GeoCoordinates\",\"latitude\":40.15585327148399841235004714690148830413818359375,\"longitude\":-105.1278915405300011798317427746951580047607421875},\"telephone\":\"\",\"sameAs\":\"\"},\"organizer\":{\"@type\":\"Person\",\"name\":\"Boulder County Farmers Markets\",\"description\":\"\",\"url\":\"\",\"telephone\":\"\",\"email\":\"\",\"sameAs\":\"\"},\"performer\":\"Organization\"},{\"@context\":\"http:\/\/schema.org\",\"@type\":\"Event\",\"name\":\"12th Annual Longmont Earth Day Celebration\",\"description\":\"&lt;p&gt;Join us for our 12th Anniversary, Our Power, Our Planet-themed, FREE family-friendly event. &lt;\/p&gt;\\\\n\",\"image\":\"https:\/\/boulder.earth\/wp-content\/uploads\/2026\/04\/Screenshot-2026-04-08-at-2.30.22-PM-e1775680271911.png\",\"url\":\"https:\/\/boulder.earth\/es\/event\/12th-annual-longmont-earth-day-celebration\/\",\"eventAttendanceMode\":\"https:\/\/schema.org\/OfflineEventAttendanceMode\",\"eventStatus\":\"https:\/\/schema.org\/EventScheduled\",\"startDate\":\"2026-04-18T10:00:00-06:00\",\"endDate\":\"2026-04-18T14:00:00-06:00\",\"location\":{\"@type\":\"Place\",\"name\":\"Timberline School, Longmont\",\"description\":\"\",\"url\":\"https:\/\/boulder.earth\/es\/lugar\/timberline-school-longmont\/\",\"address\":{\"@type\":\"PostalAddress\",\"streetAddress\":\"233 E Mountain View Ave Longmont, CO 80504\"},\"geo\":{\"@type\":\"GeoCoordinates\",\"latitude\":40.180280199999998558268998749554157257080078125,\"longitude\":-105.0866127999999974917955114506185054779052734375},\"telephone\":\"\",\"sameAs\":\"\"},\"organizer\":{\"@type\":\"Person\",\"name\":\"City of Longmont\",\"description\":\"\",\"url\":\"https:\/\/www.longmontcolorado.gov\/home\",\"telephone\":\"\",\"email\":\"\",\"sameAs\":\"https:\/\/www.longmontcolorado.gov\/home\"},\"performer\":\"Organization\"},{\"@context\":\"http:\/\/schema.org\",\"@type\":\"Event\",\"name\":\"Weekly Vigil for Palestine\",\"description\":\"&lt;p&gt;Join Longmont for Palestine every Sunday from 12:00 - 1:00 pm on 6th &amp; Main St. in Longmont for a weekly Palestine vigil! Bring your signs and posters, or just stop on by to ask any questions you may have and get to know us! We will have signs available, as well as informational flyers, postcards, and zines.&lt;\/p&gt;\\\\n\",\"image\":\"https:\/\/boulder.earth\/wp-content\/uploads\/2025\/03\/Screenshot_20250305-020854-e1742511421283.png\",\"url\":\"https:\/\/boulder.earth\/es\/event\/weekly-vigil-for-palestine\/2026-04-19\/\",\"eventAttendanceMode\":\"https:\/\/schema.org\/OfflineEventAttendanceMode\",\"eventStatus\":\"https:\/\/schema.org\/EventScheduled\",\"startDate\":\"2026-04-19T12:00:00-06:00\",\"endDate\":\"2026-04-19T13:00:00-06:00\",\"location\":{\"@type\":\"Place\",\"name\":\"Downtown Longmont\",\"description\":\"\",\"url\":\"https:\/\/boulder.earth\/es\/lugar\/downtown-longmont\/\",\"address\":{\"@type\":\"PostalAddress\",\"streetAddress\":\"4th &amp; Kimbark\",\"addressLocality\":\"Longmont\",\"addressRegion\":\"CO\",\"postalCode\":\"80501\"},\"geo\":{\"@type\":\"GeoCoordinates\",\"latitude\":40.17825309999999916499291430227458477020263671875,\"longitude\":-105.1011615999999975201717461459338665008544921875},\"telephone\":\"\",\"sameAs\":\"\"},\"organizer\":{\"@type\":\"Person\",\"name\":\"Longmont for Palestine\",\"description\":\"\",\"url\":\"https:\/\/www.instagram.com\/longmontforpalestine\/\",\"telephone\":\"\",\"email\":\"\",\"sameAs\":\"https:\/\/www.instagram.com\/longmontforpalestine\/\"},\"performer\":\"Organization\"},{\"@context\":\"http:\/\/schema.org\",\"@type\":\"Event\",\"name\":\"Hard-to-Recycle Event\",\"description\":\"&lt;p&gt;The Lafayette Police Department and Sustainability Department invite residents to the Hard-To-Recycle event held each year in April. Drop off hard-to-recycle items for free!&lt;\/p&gt;\\\\n\",\"image\":\"https:\/\/boulder.earth\/wp-content\/uploads\/2026\/04\/Screenshot-2026-04-20-at-9.09.33-AM-e1776697835779.png\",\"url\":\"https:\/\/boulder.earth\/es\/event\/hard-to-recycle-event\/\",\"eventAttendanceMode\":\"https:\/\/schema.org\/OfflineEventAttendanceMode\",\"eventStatus\":\"https:\/\/schema.org\/EventScheduled\",\"startDate\":\"2026-04-20T08:00:00-06:00\",\"endDate\":\"2026-04-20T17:00:00-06:00\",\"location\":{\"@type\":\"Place\",\"name\":\"Flatirons Community Church\",\"description\":\"\",\"url\":\"https:\/\/boulder.earth\/es\/lugar\/flatirons-community-church\/\",\"address\":{\"@type\":\"PostalAddress\",\"streetAddress\":\"355 W South Boulder Rd, Lafayette, CO 80026\"},\"geo\":{\"@type\":\"GeoCoordinates\",\"latitude\":39.98869140000000044210537453182041645050048828125,\"longitude\":-105.0931898000000046522472985088825225830078125},\"telephone\":\"\",\"sameAs\":\"\"},\"organizer\":{\"@type\":\"Person\",\"name\":\"Eco-Cycle\",\"description\":\"\",\"url\":\"\",\"telephone\":\"\",\"email\":\"\",\"sameAs\":\"\"},\"performer\":\"Organization\"},{\"@context\":\"http:\/\/schema.org\",\"@type\":\"Event\",\"name\":\"Reclaiming Our Sky: A Tale of Immersive Survival\",\"description\":\"&lt;p&gt;Join this immersive experience that reclaims the sky as a space of witnessing, memory, return, and survival. The event is created by doctoral candidate at CU Boulder Naim Aburaddi as part of his Ph.D. dissertation project.&lt;\/p&gt;\\\\n\",\"image\":\"https:\/\/boulder.earth\/wp-content\/uploads\/2026\/04\/Screenshot-2026-04-17-154449-e1777339376802.png\",\"url\":\"https:\/\/boulder.earth\/es\/event\/reclaiming-our-sky-a-tale-of-immersive-survival\/\",\"eventAttendanceMode\":\"https:\/\/schema.org\/OfflineEventAttendanceMode\",\"eventStatus\":\"https:\/\/schema.org\/EventScheduled\",\"startDate\":\"2026-04-20T15:00:00-06:00\",\"endDate\":\"2026-04-20T17:00:00-06:00\",\"location\":{\"@type\":\"Place\",\"name\":\"Fiske Planetarium\",\"description\":\"\",\"url\":\"https:\/\/boulder.earth\/es\/lugar\/fiske-planetarium\/\",\"address\":{\"@type\":\"PostalAddress\",\"streetAddress\":\"2414 Regent Dr\",\"addressLocality\":\"Boulder\",\"addressRegion\":\"CO\",\"postalCode\":\"80309\",\"addressCountry\":\"us\"},\"geo\":{\"@type\":\"GeoCoordinates\",\"latitude\":40.00358963012700286299150320701301097869873046875,\"longitude\":-105.263442993159998195551452226936817169189453125},\"telephone\":\"\",\"sameAs\":\"\"},\"organizer\":{\"@type\":\"Person\",\"name\":\"Fiske Planetarium\",\"description\":\"\",\"url\":\"\",\"telephone\":\"\",\"email\":\"\",\"sameAs\":\"\"},\"performer\":\"Organization\"},{\"@context\":\"http:\/\/schema.org\",\"@type\":\"Event\",\"name\":\"SVP&#8217;s April Creating Connections Event\",\"description\":\"&lt;p&gt;Join SVP Boulder County for a spring time\\u00a0Creating Connections\\u00a0event! Creating Connections is an informal gathering designed to spark conversation and build community.&lt;\/p&gt;\\\\n\",\"image\":\"https:\/\/boulder.earth\/wp-content\/uploads\/2026\/04\/Screenshot-2026-04-06-at-6.22.52-PM-e1775521474464.png\",\"url\":\"https:\/\/boulder.earth\/es\/event\/svps-april-creating-connections-event\/\",\"eventAttendanceMode\":\"https:\/\/schema.org\/OfflineEventAttendanceMode\",\"eventStatus\":\"https:\/\/schema.org\/EventScheduled\",\"startDate\":\"2026-04-20T16:00:00-06:00\",\"endDate\":\"2026-04-20T18:00:00-06:00\",\"location\":{\"@type\":\"Place\",\"name\":\"Growing Gardens\",\"description\":\"\",\"url\":\"https:\/\/boulder.earth\/es\/lugar\/growing-gardens\/\",\"address\":{\"@type\":\"PostalAddress\",\"streetAddress\":\"1630 Hawthorn Ave\",\"addressLocality\":\"Boulder\",\"addressRegion\":\"CO\",\"postalCode\":\"80304\",\"addressCountry\":\"United States\"},\"geo\":{\"@type\":\"GeoCoordinates\",\"latitude\":40.0345535000000012360032997094094753265380859375,\"longitude\":-105.2756868000000025631379685364663600921630859375},\"telephone\":\"\",\"sameAs\":\"\"},\"organizer\":{\"@type\":\"Person\",\"name\":\"Social Venture Partners (SVP)\",\"description\":\"\",\"url\":\"https:\/\/svpbouldercounty.org\/\",\"telephone\":\"\",\"email\":\"\",\"sameAs\":\"https:\/\/svpbouldercounty.org\/\"},\"performer\":\"Organization\"},{\"@context\":\"http:\/\/schema.org\",\"@type\":\"Event\",\"name\":\"Getting Green Laws 2026\",\"description\":\"&lt;p&gt;Advocating for bird-friendly legislation is one of the most impactful ways to help birds and the environment but without an understanding of the process, it can seem daunting.&lt;\/p&gt;\\\\n\",\"image\":\"https:\/\/boulder.earth\/wp-content\/uploads\/2026\/04\/Copy-of-SCARD-HabHero-Web-Series-2604_20260408190309421967-e1776830374531.avif\",\"url\":\"https:\/\/boulder.earth\/es\/event\/getting-green-laws-2026\/\",\"eventAttendanceMode\":\"https:\/\/schema.org\/OfflineEventAttendanceMode\",\"eventStatus\":\"https:\/\/schema.org\/EventScheduled\",\"startDate\":\"2026-04-20T17:00:00-06:00\",\"endDate\":\"2026-04-20T18:00:00-06:00\",\"location\":{\"@type\":\"Place\",\"name\":\"Virtual\",\"description\":\"\",\"url\":\"https:\/\/boulder.earth\/es\/lugar\/virtual\/\",\"address\":{\"@type\":\"PostalAddress\"},\"telephone\":\"\",\"sameAs\":\"\"},\"organizer\":{\"@type\":\"Person\",\"name\":\"Audubon Rockies\",\"description\":\"\",\"url\":\"\",\"telephone\":\"\",\"email\":\"\",\"sameAs\":\"\"},\"performer\":\"Organization\"},{\"@context\":\"http:\/\/schema.org\",\"@type\":\"Event\",\"name\":\"Organic Rising: The Future of Food\",\"description\":\"&lt;p&gt;As U.S. policy expands the production of herbicides, a bigger question emerges: what kind of food system do we want to build?&lt;\/p&gt;\\\\n\",\"image\":\"https:\/\/boulder.earth\/wp-content\/uploads\/2026\/04\/Screenshot-2026-04-08-at-2.36.09-PM-e1775680644242.png\",\"url\":\"https:\/\/boulder.earth\/es\/event\/organic-rising-the-future-of-food\/\",\"eventAttendanceMode\":\"https:\/\/schema.org\/OfflineEventAttendanceMode\",\"eventStatus\":\"https:\/\/schema.org\/EventScheduled\",\"startDate\":\"2026-04-21T17:00:00-06:00\",\"endDate\":\"2026-04-21T21:30:00-06:00\",\"location\":{\"@type\":\"Place\",\"name\":\"eTown Hall\",\"description\":\"\",\"url\":\"https:\/\/boulder.earth\/es\/lugar\/etown-hall-2\/\",\"address\":{\"@type\":\"PostalAddress\",\"streetAddress\":\"1535 Spruce Street\",\"addressLocality\":\"Boulder\",\"postalCode\":\"80302\"},\"geo\":{\"@type\":\"GeoCoordinates\",\"latitude\":40.02032390000000106056177173741161823272705078125,\"longitude\":-105.275485599999996111364453099668025970458984375},\"telephone\":\"303-443-8696\",\"sameAs\":\"https:\/\/www.etown.org\"},\"organizer\":{\"@type\":\"Person\",\"name\":\"Causeway Impact\",\"description\":\"\",\"url\":\"https:\/\/www.causewayimpact.com\/\",\"telephone\":\"\",\"email\":\"\",\"sameAs\":\"https:\/\/www.causewayimpact.com\/\"},\"performer\":\"Organization\"},{\"@context\":\"http:\/\/schema.org\",\"@type\":\"Event\",\"name\":\"Empower Hour with Dr. Cindy Warren \\u2013 Toxic Legacy: The Hidden Dangers of Coal Ash Remediation\",\"description\":\"&lt;p&gt;Dr. Cindy Warren is a retired anatomic and clinical pathologist with more than 20 years of experience in the Denver metropolitan area.&lt;\/p&gt;\\\\n\",\"image\":\"https:\/\/boulder.earth\/wp-content\/uploads\/2022\/01\/empower-hour.png\",\"url\":\"https:\/\/boulder.earth\/es\/event\/empower-hour-with-dr-cindy-warren-toxic-legacy-the-hidden-dangers-of-coal-ash-remediation\/\",\"eventAttendanceMode\":\"https:\/\/schema.org\/OfflineEventAttendanceMode\",\"eventStatus\":\"https:\/\/schema.org\/EventScheduled\",\"startDate\":\"2026-04-21T18:00:00-06:00\",\"endDate\":\"2026-04-21T19:00:00-06:00\",\"location\":{\"@type\":\"Place\",\"name\":\"Virtual\",\"description\":\"\",\"url\":\"https:\/\/boulder.earth\/es\/lugar\/virtual\/\",\"address\":{\"@type\":\"PostalAddress\"},\"telephone\":\"\",\"sameAs\":\"\"},\"organizer\":{\"@type\":\"Person\",\"name\":\"Empower Our Future\",\"description\":\"\",\"url\":\"http:\/\/0\",\"telephone\":\"0\",\"email\":\"0\",\"sameAs\":\"http:\/\/0\"},\"performer\":\"Organization\"},{\"@context\":\"http:\/\/schema.org\",\"@type\":\"Event\",\"name\":\"Earth Day Kickoff Film Screening: Single Use Planet\",\"description\":\"&lt;p&gt;Kick off Earth Day with Eco-Cycle at the Dairy Arts Center for\\u00a0a special screening of \\\\'Single-Use Planet,\\\\' a compelling documentary that examines the environmental impact of our disposable culture and the urgent need for change.&lt;\/p&gt;\\\\n\",\"image\":\"https:\/\/boulder.earth\/wp-content\/uploads\/2026\/04\/Screenshot-2026-04-20-at-8.31.48-AM-e1776695544193.png\",\"url\":\"https:\/\/boulder.earth\/es\/event\/earth-day-kickoff-film-screening-single-use-planet\/\",\"eventAttendanceMode\":\"https:\/\/schema.org\/OfflineEventAttendanceMode\",\"eventStatus\":\"https:\/\/schema.org\/EventScheduled\",\"startDate\":\"2026-04-21T18:00:00-06:00\",\"endDate\":\"2026-04-21T20:30:00-06:00\",\"location\":{\"@type\":\"Place\",\"name\":\"Dairy Arts Center\",\"description\":\"\",\"url\":\"https:\/\/boulder.earth\/es\/lugar\/diary-arts-center\/\",\"address\":{\"@type\":\"PostalAddress\",\"streetAddress\":\"2590 Walnut Street Boulder, CO 80302\"},\"geo\":{\"@type\":\"GeoCoordinates\",\"latitude\":40.01932330000000348491084878332912921905517578125,\"longitude\":-105.26107799999999770079739391803741455078125},\"telephone\":\"\",\"sameAs\":\"\"},\"organizer\":{\"@type\":\"Person\",\"name\":\"Eco-Cycle\",\"description\":\"\",\"url\":\"\",\"telephone\":\"\",\"email\":\"\",\"sameAs\":\"\"},\"performer\":\"Organization\"},{\"@context\":\"http:\/\/schema.org\",\"@type\":\"Event\",\"name\":\"KICP Earth Day Cleanup &#8211; Davidson Mesa Open Space\",\"description\":\"&lt;p&gt;Join the KICP team for a cleanup on Earth Day! Picking up trash along our trails keeps it from blowing into waterways on the next windy day.\\u00a0&lt;\/p&gt;\\\\n\",\"image\":\"https:\/\/boulder.earth\/wp-content\/uploads\/2019\/04\/keep-it-clean.jpg\",\"url\":\"https:\/\/boulder.earth\/es\/event\/kicp-earth-day-cleanup-davidson-mesa-open-space\/\",\"eventAttendanceMode\":\"https:\/\/schema.org\/OfflineEventAttendanceMode\",\"eventStatus\":\"https:\/\/schema.org\/EventScheduled\",\"startDate\":\"2026-04-22T10:00:00-06:00\",\"endDate\":\"2026-04-22T12:00:00-06:00\",\"location\":{\"@type\":\"Place\",\"name\":\"Davidson Mesa Trailhead\",\"description\":\"\",\"url\":\"https:\/\/boulder.earth\/es\/lugar\/davidson-mesa-trailhead\/\",\"address\":{\"@type\":\"PostalAddress\",\"streetAddress\":\"South 80th Street Boulder, CO 80303\"},\"geo\":{\"@type\":\"GeoCoordinates\",\"latitude\":39.984761399999996456244844011962413787841796875,\"longitude\":-105.165988499999997429767972789704799652099609375},\"telephone\":\"\",\"sameAs\":\"\"},\"organizer\":{\"@type\":\"Person\",\"name\":\"Keep it Clean Partnership\",\"description\":\"\",\"url\":\"https:\/\/www.keepitcleanpartnership.org\/\",\"telephone\":\"\",\"email\":\"\",\"sameAs\":\"https:\/\/www.keepitcleanpartnership.org\/\"},\"performer\":\"Organization\"},{\"@context\":\"http:\/\/schema.org\",\"@type\":\"Event\",\"name\":\"KICP Earth Day Cleanup &#8211; Davidson Mesa Open Space\",\"description\":\"&lt;p&gt;Join the KICP team for a cleanup on Earth Day! Picking up trash along our trails keeps it from blowing into waterways on the next windy day.\\u00a0&lt;\/p&gt;\\\\n\",\"image\":\"https:\/\/boulder.earth\/wp-content\/uploads\/2019\/04\/keep-it-clean-sm.jpg\",\"url\":\"https:\/\/boulder.earth\/es\/event\/kicp-earth-day-cleanup-davidson-mesa-open-space-2\/\",\"eventAttendanceMode\":\"https:\/\/schema.org\/OfflineEventAttendanceMode\",\"eventStatus\":\"https:\/\/schema.org\/EventScheduled\",\"startDate\":\"2026-04-22T10:00:00-06:00\",\"endDate\":\"2026-04-22T12:00:00-06:00\",\"location\":{\"@type\":\"Place\",\"name\":\"Davidson Mesa Trailhead\",\"description\":\"\",\"url\":\"https:\/\/boulder.earth\/es\/lugar\/davidson-mesa-trailhead\/\",\"address\":{\"@type\":\"PostalAddress\",\"streetAddress\":\"South 80th Street Boulder, CO 80303\"},\"geo\":{\"@type\":\"GeoCoordinates\",\"latitude\":39.984761399999996456244844011962413787841796875,\"longitude\":-105.165988499999997429767972789704799652099609375},\"telephone\":\"\",\"sameAs\":\"\"},\"organizer\":{\"@type\":\"Person\",\"name\":\"Keep it Clean Partnership\",\"description\":\"\",\"url\":\"https:\/\/www.keepitcleanpartnership.org\/\",\"telephone\":\"\",\"email\":\"\",\"sameAs\":\"https:\/\/www.keepitcleanpartnership.org\/\"},\"performer\":\"Organization\"},{\"@context\":\"http:\/\/schema.org\",\"@type\":\"Event\",\"name\":\"After We March, We Organize! Solidarity Warriors Indivisible Action Group\",\"description\":\"&lt;p&gt;&#x1f4da;&#x1f3a4; Every week we feature guest speakers and training on topics like:&lt;\/p&gt;\\\\n&lt;p&gt;&#x1f6e1;&#xfe0f; How to Protest Safely &#x1f30e; Immigrant Rights &#x1fab6; Indigenous History &#x1f510; Cybersecurity \\\\'0a; Community Organizing Tactics and much more!&lt;\/p&gt;\\\\n\",\"image\":\"https:\/\/boulder.earth\/wp-content\/uploads\/2026\/04\/Sunset-crowd-raised-fists-One-line-01_20250721004218694808-e1775521865495.png\",\"url\":\"https:\/\/boulder.earth\/es\/event\/after-we-march-we-organize-solidarity-warriors-indivisible-action-group\/2026-04-22\/\",\"eventAttendanceMode\":\"https:\/\/schema.org\/OfflineEventAttendanceMode\",\"eventStatus\":\"https:\/\/schema.org\/EventScheduled\",\"startDate\":\"2026-04-22T18:00:00-06:00\",\"endDate\":\"2026-04-22T19:30:00-06:00\",\"location\":{\"@type\":\"Place\",\"name\":\"Virtual\",\"description\":\"\",\"url\":\"https:\/\/boulder.earth\/es\/lugar\/virtual\/\",\"address\":{\"@type\":\"PostalAddress\"},\"telephone\":\"\",\"sameAs\":\"\"},\"organizer\":{\"@type\":\"Person\",\"name\":\"Solidarity Warriors\",\"description\":\"\",\"url\":\"https:\/\/solidaritywarriors.org\/\",\"telephone\":\"\",\"email\":\"\",\"sameAs\":\"https:\/\/solidaritywarriors.org\/\"},\"performer\":\"Organization\"},{\"@context\":\"http:\/\/schema.org\",\"@type\":\"Event\",\"name\":\"Medic Training\",\"description\":\"&lt;p&gt;Care for your neighbors as institutions fail by learning life-saving skills from four medical professionals. Topics include CPR, choking, bleeding, overdose, drowning, hypothermia and hypoglycemia.&lt;\/p&gt;\\\\n\",\"image\":\"https:\/\/boulder.earth\/wp-content\/uploads\/2026\/04\/image003.png\",\"url\":\"https:\/\/boulder.earth\/es\/event\/medic-training\/\",\"eventAttendanceMode\":\"https:\/\/schema.org\/OfflineEventAttendanceMode\",\"eventStatus\":\"https:\/\/schema.org\/EventScheduled\",\"startDate\":\"2026-04-22T18:00:00-06:00\",\"endDate\":\"2026-04-22T19:00:00-06:00\",\"location\":{\"@type\":\"Place\",\"name\":\"YMCA Boulder County\",\"description\":\"\",\"url\":\"https:\/\/boulder.earth\/es\/lugar\/ymca-boulder-county\/\",\"address\":{\"@type\":\"PostalAddress\",\"streetAddress\":\"2850 Mapleton Ave\",\"addressLocality\":\"Boulder\",\"postalCode\":\"80301\"},\"geo\":{\"@type\":\"GeoCoordinates\",\"latitude\":40.0249979999999965230017551220953464508056640625,\"longitude\":-105.2578629000000063342667999677360057830810546875},\"telephone\":\"\",\"sameAs\":\"\"},\"organizer\":{\"@type\":\"Person\",\"name\":\"YMCA Boulder\",\"description\":\"\",\"url\":\"https:\/\/www.ymcanoco.org\/membership\/locations\/boulder-ymca\",\"telephone\":\"\",\"email\":\"\",\"sameAs\":\"https:\/\/www.ymcanoco.org\/membership\/locations\/boulder-ymca\"},\"performer\":\"Organization\"},{\"@context\":\"http:\/\/schema.org\",\"@type\":\"Event\",\"name\":\"Cafecito de Abril \/ April&#8217;s Cafecito\",\"description\":\"&lt;p&gt;Acomp\\u00e1\\u00f1anos a un Cafecito especial en celebraci\\u00f3n del D\\u00eda de la Tierra, donde nos reuniremos para convivir, disfrutar de un cafecito y aprender m\\u00e1s sobre la sostenibilidad y el reciclaje en nuestra comunidad. \/ Join us for a special Cafecito in celebration of Earth Day, where we\\u2019ll come together to connect, enjoy cafecito, and learn more about sustainability and recycling in our community.&lt;\/p&gt;\\\\n\",\"image\":\"https:\/\/boulder.earth\/wp-content\/uploads\/2026\/04\/Screenshot-2026-04-07-at-6.01.01-PM-e1775606483736.png\",\"url\":\"https:\/\/boulder.earth\/es\/event\/cafecito-de-abril-aprils-cafecito\/\",\"eventAttendanceMode\":\"https:\/\/schema.org\/OfflineEventAttendanceMode\",\"eventStatus\":\"https:\/\/schema.org\/EventScheduled\",\"startDate\":\"2026-04-23T09:00:00-06:00\",\"endDate\":\"2026-04-23T10:30:00-06:00\",\"location\":{\"@type\":\"Place\",\"name\":\"Boulder Recycling Center\",\"description\":\"\",\"url\":\"https:\/\/boulder.earth\/es\/lugar\/boulder-recycling-center\/\",\"address\":{\"@type\":\"PostalAddress\",\"streetAddress\":\"1901 63rd St\",\"addressLocality\":\"Boulder\",\"addressCountry\":\"US\"},\"geo\":{\"@type\":\"GeoCoordinates\",\"latitude\":40.01826858520499996529906638897955417633056640625,\"longitude\":-105.20663452147999805674771778285503387451171875},\"telephone\":\"\",\"sameAs\":\"\"},\"organizer\":{\"@type\":\"Person\",\"name\":\"Latino Chamber of Commerce\",\"description\":\"\",\"url\":\"https:\/\/www.latinochamberco.org\/\",\"telephone\":\"\",\"email\":\"\",\"sameAs\":\"https:\/\/www.latinochamberco.org\/\"},\"performer\":\"Organization\"},{\"@context\":\"http:\/\/schema.org\",\"@type\":\"Event\",\"name\":\"We Are the Earth: Grief, Love &#038; Climate Creative Hour\",\"description\":\"&lt;p&gt;A creative response to ongoing climate crises. Use this as a space to express, create, compost. We start with a 10 min physical warm-up, then a 25 minute creative burst. Write a poem, create art, or contact your congress people. Option to share some of your work or about your creative process before we close.&lt;\/p&gt;\\\\n\",\"image\":\"https:\/\/boulder.earth\/wp-content\/uploads\/2026\/01\/1-e1768844622872.png\",\"url\":\"https:\/\/boulder.earth\/es\/event\/we-are-the-earth-grief-love-climate-creative-hour\/2026-04-23\/\",\"eventAttendanceMode\":\"https:\/\/schema.org\/OfflineEventAttendanceMode\",\"eventStatus\":\"https:\/\/schema.org\/EventScheduled\",\"startDate\":\"2026-04-23T12:00:00-06:00\",\"endDate\":\"2026-04-23T13:00:00-06:00\",\"location\":{\"@type\":\"Place\",\"name\":\"Virtual\",\"description\":\"\",\"url\":\"https:\/\/boulder.earth\/es\/lugar\/virtual\/\",\"address\":{\"@type\":\"PostalAddress\"},\"telephone\":\"\",\"sameAs\":\"\"},\"organizer\":{\"@type\":\"Person\",\"name\":\"Gather The Wild Collective\",\"description\":\"\",\"url\":\"https:\/\/gatherthewild.love\/\",\"telephone\":\"\",\"email\":\"\",\"sameAs\":\"https:\/\/gatherthewild.love\/\"},\"performer\":\"Organization\"},{\"@context\":\"http:\/\/schema.org\",\"@type\":\"Event\",\"name\":\"Songs for a Sacred Earth: Alliance Center Earth Week Event\",\"description\":\"&lt;p&gt;Join us during Earth Week for an evening of music, reflection, and connection exploring how sound, spirit, and story can deepen our relationship with the living world.&lt;\/p&gt;\\\\n\",\"image\":\"https:\/\/boulder.earth\/wp-content\/uploads\/2026\/04\/Screenshot-2026-04-08-at-2.14.17-PM-e1775679287181.png\",\"url\":\"https:\/\/boulder.earth\/es\/event\/songs-for-a-sacred-earth-alliance-center-earth-week-event\/\",\"eventAttendanceMode\":\"https:\/\/schema.org\/OfflineEventAttendanceMode\",\"eventStatus\":\"https:\/\/schema.org\/EventScheduled\",\"startDate\":\"2026-04-23T16:30:00-06:00\",\"endDate\":\"2026-04-23T18:30:00-06:00\",\"location\":{\"@type\":\"Place\",\"name\":\"The Alliance Center\",\"description\":\"\",\"url\":\"https:\/\/boulder.earth\/es\/lugar\/alliance-for-sustainable-colorado\/\",\"address\":{\"@type\":\"PostalAddress\",\"streetAddress\":\"1536 Wynkoop St\",\"addressLocality\":\"Denver\",\"addressRegion\":\"CO\",\"postalCode\":\"80202\",\"addressCountry\":\"us\"},\"geo\":{\"@type\":\"GeoCoordinates\",\"latitude\":39.75132370000000037180143408477306365966796875,\"longitude\":-105.0014114380000052051400416530668735504150390625},\"telephone\":\"\",\"sameAs\":\"\"},\"organizer\":{\"@type\":\"Person\",\"name\":\"The Alliance Center\",\"description\":\"\",\"url\":\"http:\/\/0\",\"telephone\":\"0\",\"email\":\"&#48;\",\"sameAs\":\"http:\/\/0\"},\"performer\":\"Organization\"},{\"@context\":\"http:\/\/schema.org\",\"@type\":\"Event\",\"name\":\"WTS Boulder: Earth Day Cleanup + Happy Hour\",\"description\":\"&lt;p&gt;Come join WTS Boulder members to celebrate Earth Day by cleaning up Boulder\\\\'s Multi-Use Path! Gloves, bags, and tongs will be provided. Please dress appropriately!&lt;\/p&gt;\\\\n\",\"image\":\"https:\/\/boulder.earth\/wp-content\/uploads\/2026\/04\/image.webp\",\"url\":\"https:\/\/boulder.earth\/es\/event\/wts-boulder-earth-day-cleanup-happy-hour\/\",\"eventAttendanceMode\":\"https:\/\/schema.org\/OfflineEventAttendanceMode\",\"eventStatus\":\"https:\/\/schema.org\/EventScheduled\",\"startDate\":\"2026-04-23T17:30:00-06:00\",\"endDate\":\"2026-04-23T19:00:00-06:00\",\"location\":{\"@type\":\"Place\",\"name\":\"Boulder Municipal Building\",\"description\":\"\",\"url\":\"https:\/\/boulder.earth\/es\/lugar\/boulder-municipal-building\/\",\"address\":{\"@type\":\"PostalAddress\",\"streetAddress\":\"1777 Broadway St\",\"addressLocality\":\"Boulder\",\"addressRegion\":\"CO\",\"postalCode\":\"80302\",\"addressCountry\":\"United States\"},\"geo\":{\"@type\":\"GeoCoordinates\",\"latitude\":40.0152996999999999161445884965360164642333984375,\"longitude\":-105.279847799999998869679984636604785919189453125},\"telephone\":\"\",\"sameAs\":\"\"},\"organizer\":{\"@type\":\"Person\",\"name\":\"WTS Boulder\",\"description\":\"\",\"url\":\"https:\/\/www.wtsinternational.org\/chapters\/colorado\",\"telephone\":\"\",\"email\":\"\",\"sameAs\":\"https:\/\/www.wtsinternational.org\/chapters\/colorado\"},\"performer\":\"Organization\"},{\"@context\":\"http:\/\/schema.org\",\"@type\":\"Event\",\"name\":\"2026 PEEK: The Crystal Ball\",\"description\":\"&lt;p&gt;This is a gala for the clairvoyant and the curious\\u2014a night of divination, transformation, and radical creativity. Step into a realm where artists become oracles, performances read like prophecies, and the future reveals itself through immersive ritual and spellbinding spectacle. From otherworldly installations to visionary live acts, this is not simply an event\\u2014it is an awakening.&lt;\/p&gt;\\\\n\",\"image\":\"https:\/\/boulder.earth\/wp-content\/uploads\/2026\/04\/1522898_peek-2026-graphic-draft-1-e1776698045215.gif\",\"url\":\"https:\/\/boulder.earth\/es\/event\/2026-peek-the-crystal-ball\/\",\"eventAttendanceMode\":\"https:\/\/schema.org\/OfflineEventAttendanceMode\",\"eventStatus\":\"https:\/\/schema.org\/EventScheduled\",\"startDate\":\"2026-04-23T18:30:00-06:00\",\"endDate\":\"2026-04-23T22:00:00-06:00\",\"location\":{\"@type\":\"Place\",\"name\":\"Dairy Arts Center\",\"description\":\"&lt;p&gt;2590 Walnut St, Boulder, CO 80302&lt;\/p&gt;\\\\n\",\"url\":\"https:\/\/boulder.earth\/es\/lugar\/dairy-arts-center\/\",\"address\":{\"@type\":\"PostalAddress\",\"streetAddress\":\"2590 Walnut St\",\"addressLocality\":\"Boulder\",\"addressRegion\":\"CO\",\"postalCode\":\"80302\"},\"geo\":{\"@type\":\"GeoCoordinates\",\"latitude\":40.01928329467799727581223123706877231597900390625,\"longitude\":-105.2611923217800011798317427746951580047607421875},\"telephone\":\"\",\"sameAs\":\"\"},\"organizer\":{\"@type\":\"Person\",\"name\":\"Dairy Arts Center\",\"description\":\"\",\"url\":\"https:\/\/thedairy.org\/\",\"telephone\":\"\",\"email\":\"\",\"sameAs\":\"https:\/\/thedairy.org\/\"},\"performer\":\"Organization\"},{\"@context\":\"http:\/\/schema.org\",\"@type\":\"Event\",\"name\":\"BCAA Business of Arts: Felder Improv Workshop\",\"description\":\"&lt;p&gt;Crazy times call for artists and leaders prepared to think flexibly and outside the box. Strengthen your ability to communicate, lead, and collaborate in this experiential and welcoming improv workshop.&lt;\/p&gt;\\\\n\",\"image\":\"https:\/\/boulder.earth\/wp-content\/uploads\/2026\/04\/bdb2026d287cb3810740e0a4b8086ffcf831b7fa_b88191889c78fe52f63b8762e0338818.jpg\",\"url\":\"https:\/\/boulder.earth\/es\/event\/bcaa-business-of-arts-felder-improv-workshop\/\",\"eventAttendanceMode\":\"https:\/\/schema.org\/OfflineEventAttendanceMode\",\"eventStatus\":\"https:\/\/schema.org\/EventScheduled\",\"startDate\":\"2026-04-24T11:30:00-06:00\",\"endDate\":\"2026-04-24T13:00:00-06:00\",\"location\":{\"@type\":\"Place\",\"name\":\"Mi Chantli\",\"description\":\"\",\"url\":\"https:\/\/boulder.earth\/es\/lugar\/mi-chantli\/\",\"address\":{\"@type\":\"PostalAddress\",\"streetAddress\":\"1750 30th Street Boulder, CO 80301\"},\"geo\":{\"@type\":\"GeoCoordinates\",\"latitude\":40.01721330000000165227902471087872982025146484375,\"longitude\":-105.2523029000000036603523767553269863128662109375},\"telephone\":\"\",\"sameAs\":\"\"},\"organizer\":{\"@type\":\"Person\",\"name\":\"Boulder County Arts Alliance\",\"description\":\"\",\"url\":\"\",\"telephone\":\"\",\"email\":\"\",\"sameAs\":\"\"},\"performer\":\"Organization\"},{\"@context\":\"http:\/\/schema.org\",\"@type\":\"Event\",\"name\":\"The U.S. Nuclear Weapons Complex: Past, Present, and an Uncharted Future\",\"description\":\"&lt;p&gt;The Northern Colorado Alliance for a Livable Future Salon Duc Tape Series Presents:\\u00a0The U.S. Nuclear Weapons Complex: Past, Present, and an Uncharted Future&lt;\/p&gt;\\\\n\",\"image\":\"https:\/\/boulder.earth\/wp-content\/uploads\/2026\/04\/RMPJC-Full-page-promo-fliers-_4_-e1777338975555.png\",\"url\":\"https:\/\/boulder.earth\/es\/event\/the-u-s-nuclear-weapons-complex-past-present-and-an-uncharted-future\/\",\"eventAttendanceMode\":\"https:\/\/schema.org\/OfflineEventAttendanceMode\",\"eventStatus\":\"https:\/\/schema.org\/EventScheduled\",\"startDate\":\"2026-04-24T19:00:00-06:00\",\"endDate\":\"2026-04-24T21:00:00-06:00\",\"location\":{\"@type\":\"Place\",\"name\":\"Virtual\",\"description\":\"\",\"url\":\"https:\/\/boulder.earth\/es\/lugar\/virtual\/\",\"address\":{\"@type\":\"PostalAddress\"},\"telephone\":\"\",\"sameAs\":\"\"},\"organizer\":{\"@type\":\"Person\",\"name\":\"Northern Colorado Alliance for a Livable Future\",\"description\":\"\",\"url\":\"https:\/\/ncalf.org\/\",\"telephone\":\"\",\"email\":\"\",\"sameAs\":\"https:\/\/ncalf.org\/\"},\"performer\":\"Organization\"},{\"@context\":\"http:\/\/schema.org\",\"@type\":\"Event\",\"name\":\"Boulder Farmers Market\",\"description\":\"&lt;p&gt;We\\\\'re excited to have 75 vendor join us for opening day at the Boulder Farmers Market!&lt;\/p&gt;\\\\n\",\"image\":\"https:\/\/boulder.earth\/wp-content\/uploads\/2026\/04\/5a1a4a83-2755-6e04-62f2-ff349ad4a3cd-e1776830580952.jpg\",\"url\":\"https:\/\/boulder.earth\/es\/event\/boulder-farmers-market\/2026-04-25\/\",\"eventAttendanceMode\":\"https:\/\/schema.org\/OfflineEventAttendanceMode\",\"eventStatus\":\"https:\/\/schema.org\/EventScheduled\",\"startDate\":\"2026-04-25T08:00:00-06:00\",\"endDate\":\"2026-04-25T14:00:00-06:00\",\"location\":{\"@type\":\"Place\",\"name\":\"Boulder Farmers Market\",\"description\":\"\",\"url\":\"https:\/\/boulder.earth\/es\/lugar\/boulder-farmers-market\/\",\"address\":{\"@type\":\"PostalAddress\",\"streetAddress\":\"13th Street and Canyon Boulevard\",\"addressLocality\":\"Boulder\",\"addressRegion\":\"CO\",\"postalCode\":\"80302\",\"addressCountry\":\"United States\"},\"geo\":{\"@type\":\"GeoCoordinates\",\"latitude\":40.0162059999999968340489431284368038177490234375,\"longitude\":-105.277991700000001173975761048495769500732421875},\"telephone\":\"0\",\"sameAs\":\"\"},\"organizer\":{\"@type\":\"Person\",\"name\":\"Boulder County Farmers Markets\",\"description\":\"\",\"url\":\"\",\"telephone\":\"\",\"email\":\"\",\"sameAs\":\"\"},\"performer\":\"Organization\"},{\"@context\":\"http:\/\/schema.org\",\"@type\":\"Event\",\"name\":\"Longmont Farmers Market\",\"description\":\"&lt;p&gt;In Longmont, we\\\\'ll have nearly 70 vendors joining us this Saturday!&lt;\/p&gt;\\\\n\",\"image\":\"https:\/\/boulder.earth\/wp-content\/uploads\/2026\/04\/5a1a4a83-2755-6e04-62f2-ff349ad4a3cd-e1776830580952.jpg\",\"url\":\"https:\/\/boulder.earth\/es\/event\/longmont-farmers-market-2\/2026-04-25\/\",\"eventAttendanceMode\":\"https:\/\/schema.org\/OfflineEventAttendanceMode\",\"eventStatus\":\"https:\/\/schema.org\/EventScheduled\",\"startDate\":\"2026-04-25T08:00:00-06:00\",\"endDate\":\"2026-04-25T14:00:00-06:00\",\"location\":{\"@type\":\"Place\",\"name\":\"Boulder County Fairgrounds\",\"description\":\"\",\"url\":\"https:\/\/boulder.earth\/es\/lugar\/boulder-county-fairgrounds\/\",\"address\":{\"@type\":\"PostalAddress\",\"streetAddress\":\"9595 Nelson Road\",\"addressLocality\":\"Longmont\",\"addressRegion\":\"CO\",\"postalCode\":\"80501\",\"addressCountry\":\"us\"},\"geo\":{\"@type\":\"GeoCoordinates\",\"latitude\":40.15585327148399841235004714690148830413818359375,\"longitude\":-105.1278915405300011798317427746951580047607421875},\"telephone\":\"\",\"sameAs\":\"\"},\"organizer\":{\"@type\":\"Person\",\"name\":\"Boulder County Farmers Markets\",\"description\":\"\",\"url\":\"\",\"telephone\":\"\",\"email\":\"\",\"sameAs\":\"\"},\"performer\":\"Organization\"},{\"@context\":\"http:\/\/schema.org\",\"@type\":\"Event\",\"name\":\"2026 Zonta Foothills Climate Justice Forum\",\"description\":\"&lt;p&gt;The forum will feature a panel of climate justice experts &amp; advocates who are at the forefront, fighting to save their communities, buld sustainable practices, &amp; pass legislation to mitigate the effects of climate change.&lt;\/p&gt;\\\\n\",\"url\":\"https:\/\/boulder.earth\/es\/event\/2026-zonta-foothills-climate-justice-forum\/\",\"eventAttendanceMode\":\"https:\/\/schema.org\/OfflineEventAttendanceMode\",\"eventStatus\":\"https:\/\/schema.org\/EventScheduled\",\"startDate\":\"2026-04-25T12:30:00-06:00\",\"endDate\":\"2026-04-25T15:00:00-06:00\",\"location\":{\"@type\":\"Place\",\"name\":\"East Boulder Community Center\",\"description\":\"\",\"url\":\"https:\/\/boulder.earth\/es\/lugar\/east-boulder-community-center\/\",\"address\":{\"@type\":\"PostalAddress\",\"streetAddress\":\"5660 Sioux Dr\",\"addressLocality\":\"Boulder\",\"addressCountry\":\"US\"},\"geo\":{\"@type\":\"GeoCoordinates\",\"latitude\":39.99210759999999709179974161088466644287109375,\"longitude\":-105.2200729999999992969605955295264720916748046875},\"telephone\":\"\",\"sameAs\":\"\"},\"organizer\":{\"@type\":\"Person\",\"name\":\"Zonta Foundation\",\"description\":\"\",\"url\":\"https:\/\/zontafoothills.org\/\",\"telephone\":\"\",\"email\":\"\",\"sameAs\":\"https:\/\/zontafoothills.org\/\"},\"performer\":\"Organization\"},{\"@context\":\"http:\/\/schema.org\",\"@type\":\"Event\",\"name\":\"Weekly Vigil for Palestine\",\"description\":\"&lt;p&gt;Join Longmont for Palestine every Sunday from 12:00 - 1:00 pm on 6th &amp; Main St. in Longmont for a weekly Palestine vigil! Bring your signs and posters, or just stop on by to ask any questions you may have and get to know us! We will have signs available, as well as informational flyers, postcards, and zines.&lt;\/p&gt;\\\\n\",\"image\":\"https:\/\/boulder.earth\/wp-content\/uploads\/2025\/03\/Screenshot_20250305-020854-e1742511421283.png\",\"url\":\"https:\/\/boulder.earth\/es\/event\/weekly-vigil-for-palestine\/2026-04-26\/\",\"eventAttendanceMode\":\"https:\/\/schema.org\/OfflineEventAttendanceMode\",\"eventStatus\":\"https:\/\/schema.org\/EventScheduled\",\"startDate\":\"2026-04-26T12:00:00-06:00\",\"endDate\":\"2026-04-26T13:00:00-06:00\",\"location\":{\"@type\":\"Place\",\"name\":\"Downtown Longmont\",\"description\":\"\",\"url\":\"https:\/\/boulder.earth\/es\/lugar\/downtown-longmont\/\",\"address\":{\"@type\":\"PostalAddress\",\"streetAddress\":\"4th &amp; Kimbark\",\"addressLocality\":\"Longmont\",\"addressRegion\":\"CO\",\"postalCode\":\"80501\"},\"geo\":{\"@type\":\"GeoCoordinates\",\"latitude\":40.17825309999999916499291430227458477020263671875,\"longitude\":-105.1011615999999975201717461459338665008544921875},\"telephone\":\"\",\"sameAs\":\"\"},\"organizer\":{\"@type\":\"Person\",\"name\":\"Longmont for Palestine\",\"description\":\"\",\"url\":\"https:\/\/www.instagram.com\/longmontforpalestine\/\",\"telephone\":\"\",\"email\":\"\",\"sameAs\":\"https:\/\/www.instagram.com\/longmontforpalestine\/\"},\"performer\":\"Organization\"},{\"@context\":\"http:\/\/schema.org\",\"@type\":\"Event\",\"name\":\"Grief and Resistance Ritual\",\"description\":\"&lt;p&gt;Please join us for a community ceremony honoring our personal and collective grief and giving voice to our resistance.&lt;\/p&gt;\\\\n\",\"image\":\"https:\/\/boulder.earth\/wp-content\/uploads\/2026\/04\/placing-ribbons-e1777341256100.jpg\",\"url\":\"https:\/\/boulder.earth\/es\/event\/grief-and-resistance-ritual\/\",\"eventAttendanceMode\":\"https:\/\/schema.org\/OfflineEventAttendanceMode\",\"eventStatus\":\"https:\/\/schema.org\/EventScheduled\",\"startDate\":\"2026-04-26T13:00:00-06:00\",\"endDate\":\"2026-04-26T14:30:00-06:00\",\"location\":{\"@type\":\"Place\",\"name\":\"Boulder Creek Pedestrian Bridge\",\"description\":\"\",\"url\":\"https:\/\/boulder.earth\/es\/lugar\/boulder-creek-pedestrian-bridge\/\",\"address\":{\"@type\":\"PostalAddress\"},\"telephone\":\"\",\"sameAs\":\"https:\/\/www.google.com\/maps\/dir\/\/40.0149167,-105.2802222\/@40.0149167,-105.2802222,625m\/data=!3m1!1e3?entry=ttu&g_ep=EgoyMDI0MTIxMS4wIKXMDSoASAFQAw\"},\"organizer\":{\"@type\":\"Person\",\"name\":\"Community Grief and Gratitude Project\",\"description\":\"\",\"url\":\"https:\/\/www.earthjusticeweek.org\/griefproject\",\"telephone\":\"\",\"email\":\"\",\"sameAs\":\"https:\/\/www.earthjusticeweek.org\/griefproject\"},\"performer\":\"Organization\"},{\"@context\":\"http:\/\/schema.org\",\"@type\":\"Event\",\"name\":\"Earth Day Community Storytelling Night\",\"description\":\"&lt;p&gt;This Earth Day, join the City of Boulder at eTown Hall for an evening of storytelling, creativity and community connection.&lt;\/p&gt;\\\\n\",\"image\":\"https:\/\/boulder.earth\/wp-content\/uploads\/2026\/04\/Screenshot-2026-04-13-at-8.03.58-PM-e1776132266527.png\",\"url\":\"https:\/\/boulder.earth\/es\/event\/earth-day-community-storytelling-night\/\",\"eventAttendanceMode\":\"https:\/\/schema.org\/OfflineEventAttendanceMode\",\"eventStatus\":\"https:\/\/schema.org\/EventScheduled\",\"startDate\":\"2026-04-26T17:00:00-06:00\",\"endDate\":\"2026-04-26T19:00:00-06:00\",\"location\":{\"@type\":\"Place\",\"name\":\"eTown Hall\",\"description\":\"\",\"url\":\"https:\/\/boulder.earth\/es\/lugar\/etown-hall-2\/\",\"address\":{\"@type\":\"PostalAddress\",\"streetAddress\":\"1535 Spruce Street\",\"addressLocality\":\"Boulder\",\"postalCode\":\"80302\"},\"geo\":{\"@type\":\"GeoCoordinates\",\"latitude\":40.02032390000000106056177173741161823272705078125,\"longitude\":-105.275485599999996111364453099668025970458984375},\"telephone\":\"303-443-8696\",\"sameAs\":\"https:\/\/www.etown.org\"},\"organizer\":{\"@type\":\"Person\",\"name\":\"City of Boulder\",\"description\":\"\",\"url\":\"\",\"telephone\":\"\",\"email\":\"\",\"sameAs\":\"\"},\"performer\":\"Organization\"},{\"@context\":\"http:\/\/schema.org\",\"@type\":\"Event\",\"name\":\"Making a Living and a Life; ALL Careers as \\u201cEnvironmental Careers&#8221;\",\"description\":\"&lt;p&gt;This program will bring the ALL Careers Approach to Education to high school students. Planned by BVSD students and held at a BVSD School!&lt;\/p&gt;\\\\n\",\"image\":\"https:\/\/boulder.earth\/wp-content\/uploads\/2026\/04\/image-1-e1776831292645.webp\",\"url\":\"https:\/\/boulder.earth\/es\/event\/making-a-living-and-a-life-all-careers-as-environmental-careers\/\",\"eventAttendanceMode\":\"https:\/\/schema.org\/OfflineEventAttendanceMode\",\"eventStatus\":\"https:\/\/schema.org\/EventScheduled\",\"startDate\":\"2026-04-28T18:00:00-06:00\",\"endDate\":\"2026-04-28T20:00:00-06:00\",\"location\":{\"@type\":\"Place\",\"name\":\"New Vista High School\",\"description\":\"\",\"url\":\"https:\/\/boulder.earth\/es\/lugar\/new-vista-high-school\/\",\"address\":{\"@type\":\"PostalAddress\",\"streetAddress\":\"700 20th St, Boulder, 80302\"},\"geo\":{\"@type\":\"GeoCoordinates\",\"latitude\":40.0009658999999970774297253228724002838134765625,\"longitude\":-105.2671430999999984123860485851764678955078125},\"telephone\":\"\",\"sameAs\":\"\"},\"organizer\":{\"@type\":\"Person\",\"name\":\"Geo sapiens\",\"description\":\"\",\"url\":\"https:\/\/www.geosapiens.org\/\",\"telephone\":\"\",\"email\":\"\",\"sameAs\":\"https:\/\/www.geosapiens.org\/\"},\"performer\":\"Organization\"},{\"@context\":\"http:\/\/schema.org\",\"@type\":\"Event\",\"name\":\"Why Private Land Conservation Matters\",\"description\":\"&lt;p&gt;This program will feature a discussion about the importance of protecting and conserving privately owned land in Colorado for the benefit of people and wildlife.&lt;\/p&gt;\\\\n\",\"image\":\"https:\/\/boulder.earth\/wp-content\/uploads\/2018\/04\/AudubonRockies-small.png\",\"url\":\"https:\/\/boulder.earth\/es\/event\/why-private-land-conservation-matters\/\",\"eventAttendanceMode\":\"https:\/\/schema.org\/OfflineEventAttendanceMode\",\"eventStatus\":\"https:\/\/schema.org\/EventScheduled\",\"startDate\":\"2026-04-28T19:00:00-06:00\",\"endDate\":\"2026-04-28T21:00:00-06:00\",\"location\":{\"@type\":\"Place\",\"name\":\"Boulder Unitarian Universalist Church\",\"description\":\"\",\"url\":\"https:\/\/boulder.earth\/es\/lugar\/boulder-unitarian-universalist-church\/\",\"address\":{\"@type\":\"PostalAddress\",\"streetAddress\":\"5001 Pennsylvania Ave, Boulder, CO 80303\"},\"geo\":{\"@type\":\"GeoCoordinates\",\"latitude\":40.0069658999999973048034007661044597625732421875,\"longitude\":-105.23259269999999787614797241985797882080078125},\"telephone\":\"\",\"sameAs\":\"\"},\"organizer\":{\"@type\":\"Person\",\"name\":\"Boulder Audubon\",\"description\":\"\",\"url\":\"https:\/\/www.boulderaudubon.org\/\",\"telephone\":\"\",\"email\":\"\",\"sameAs\":\"https:\/\/www.boulderaudubon.org\/\"},\"performer\":\"Organization\"},{\"@context\":\"http:\/\/schema.org\",\"@type\":\"Event\",\"name\":\"Challenges &#038; Trade-offs in Achieving 100% Clean Electricity\",\"description\":\"&lt;p&gt;Our Boulder County chapter welcomes Ron Sinton, President of Sinton Instruments, for a Speaker Series presentation exploring the challenges and trade-offs of achieving 100% renewable energy.&lt;\/p&gt;\\\\n\",\"image\":\"https:\/\/boulder.earth\/wp-content\/uploads\/2026\/04\/Screenshot-2026-04-27-at-10.08.25-PM-e1777342133691.png\",\"url\":\"https:\/\/boulder.earth\/es\/event\/challenges-trade-offs-in-achieving-100-clean-electricity\/\",\"eventAttendanceMode\":\"https:\/\/schema.org\/OfflineEventAttendanceMode\",\"eventStatus\":\"https:\/\/schema.org\/EventScheduled\",\"startDate\":\"2026-04-28T19:00:00-06:00\",\"endDate\":\"2026-04-28T20:00:00-06:00\",\"location\":{\"@type\":\"Place\",\"name\":\"Boulder Unitarian Universalist Church\",\"description\":\"\",\"url\":\"https:\/\/boulder.earth\/es\/lugar\/boulder-unitarian-universalist-church\/\",\"address\":{\"@type\":\"PostalAddress\",\"streetAddress\":\"5001 Pennsylvania Ave, Boulder, CO 80303\"},\"geo\":{\"@type\":\"GeoCoordinates\",\"latitude\":40.0069658999999973048034007661044597625732421875,\"longitude\":-105.23259269999999787614797241985797882080078125},\"telephone\":\"\",\"sameAs\":\"\"},\"organizer\":{\"@type\":\"Person\",\"name\":\"CRES\",\"description\":\"\",\"url\":\"https:\/\/www.cres-energy.org\",\"telephone\":\"\",\"email\":\"\",\"sameAs\":\"https:\/\/www.cres-energy.org\"},\"performer\":\"Organization\"},{\"@context\":\"http:\/\/schema.org\",\"@type\":\"Event\",\"name\":\"Virtual Career Fair\",\"description\":\"&lt;p&gt;The NAACP Virtual Career Fair is\\u00a0open to all candidates, and we encourage candidates from diverse backgrounds to attend. You do not have to be an NAACP member to participate.&lt;\/p&gt;\\\\n\",\"image\":\"https:\/\/boulder.earth\/wp-content\/uploads\/2026\/03\/11d51a8a-1cb1-4f6a-b3fb-6f769ecf6887.png\",\"url\":\"https:\/\/boulder.earth\/es\/event\/virtual-career-fair\/\",\"eventAttendanceMode\":\"https:\/\/schema.org\/OfflineEventAttendanceMode\",\"eventStatus\":\"https:\/\/schema.org\/EventScheduled\",\"startDate\":\"2026-04-29T10:00:00-06:00\",\"endDate\":\"2026-04-29T14:00:00-06:00\",\"location\":{\"@type\":\"Place\",\"name\":\"Virtual\",\"description\":\"\",\"url\":\"https:\/\/boulder.earth\/es\/lugar\/virtual\/\",\"address\":{\"@type\":\"PostalAddress\"},\"telephone\":\"\",\"sameAs\":\"\"},\"organizer\":{\"@type\":\"Person\",\"name\":\"NAACP National\",\"description\":\"\",\"url\":\"https:\/\/naacp.org\/\",\"telephone\":\"\",\"email\":\"\",\"sameAs\":\"https:\/\/naacp.org\/\"},\"performer\":\"Organization\"},{\"@context\":\"http:\/\/schema.org\",\"@type\":\"Event\",\"name\":\"How Flowers Made Our World Webinar\",\"description\":\"&lt;p&gt;Using examples from his latest book,\\u00a0How Flowers Made Our World, David Haskell will illuminate the many ways that we live on a floral planet.&lt;\/p&gt;\\\\n\",\"image\":\"https:\/\/boulder.earth\/wp-content\/uploads\/2026\/04\/How-Flowers-Made-Our-World-Slide-e1776829480516.png\",\"url\":\"https:\/\/boulder.earth\/es\/event\/how-flowers-made-our-world-webinar\/\",\"eventAttendanceMode\":\"https:\/\/schema.org\/OfflineEventAttendanceMode\",\"eventStatus\":\"https:\/\/schema.org\/EventScheduled\",\"startDate\":\"2026-04-29T12:00:00-06:00\",\"endDate\":\"2026-04-29T13:00:00-06:00\",\"location\":{\"@type\":\"Place\",\"name\":\"Virtual\",\"description\":\"\",\"url\":\"https:\/\/boulder.earth\/es\/lugar\/virtual\/\",\"address\":{\"@type\":\"PostalAddress\"},\"telephone\":\"\",\"sameAs\":\"\"},\"organizer\":{\"@type\":\"Person\",\"name\":\"People and Pollinators Action Network\",\"description\":\"\",\"url\":\"\",\"telephone\":\"\",\"email\":\"\",\"sameAs\":\"\"},\"performer\":\"Organization\"},{\"@context\":\"http:\/\/schema.org\",\"@type\":\"Event\",\"name\":\"Nuclear Power and Artificial Intelligence Webinar\",\"description\":\"&lt;p&gt;Join experts in nuclear tech &amp; AI to learn about the environmental impact of small modular nuclear reactors and artificial intelligence.&lt;\/p&gt;\\\\n\",\"image\":\"https:\/\/boulder.earth\/wp-content\/uploads\/2026\/04\/images-_11_-e1777340579712.png\",\"url\":\"https:\/\/boulder.earth\/es\/event\/nuclear-power-and-artificial-intelligence-webinar\/\",\"eventAttendanceMode\":\"https:\/\/schema.org\/OfflineEventAttendanceMode\",\"eventStatus\":\"https:\/\/schema.org\/EventScheduled\",\"startDate\":\"2026-04-29T16:00:00-06:00\",\"endDate\":\"2026-04-29T17:00:00-06:00\",\"location\":{\"@type\":\"Place\",\"name\":\"Virtual\",\"description\":\"\",\"url\":\"https:\/\/boulder.earth\/es\/lugar\/virtual\/\",\"address\":{\"@type\":\"PostalAddress\"},\"telephone\":\"\",\"sameAs\":\"\"},\"organizer\":{\"@type\":\"Person\",\"name\":\"Naropa University\",\"description\":\"\",\"url\":\"\",\"telephone\":\"\",\"email\":\"\",\"sameAs\":\"\"},\"performer\":\"Organization\"},{\"@context\":\"http:\/\/schema.org\",\"@type\":\"Event\",\"name\":\"PEOPLE of the SACRED LAND Film Premiere &#038; Discussion\",\"description\":\"&lt;p&gt;PEOPLE of the SACRED LAND follows Richard Williams (Oglala Lakota, Northern Cheyenne) as he recounts the widely untold history of Colorado through the findings of the Truth, Restoration, and Education Commission (TREC) reports.&lt;\/p&gt;\\\\n\",\"image\":\"https:\/\/boulder.earth\/wp-content\/uploads\/2026\/04\/Screenshot-2026-04-20-at-8.41.22-AM-e1776696114981.png\",\"url\":\"https:\/\/boulder.earth\/es\/event\/people-of-the-sacred-land-film-premiere-discussion\/\",\"eventAttendanceMode\":\"https:\/\/schema.org\/OfflineEventAttendanceMode\",\"eventStatus\":\"https:\/\/schema.org\/EventScheduled\",\"startDate\":\"2026-04-29T17:30:00-06:00\",\"endDate\":\"2026-04-29T19:00:00-06:00\",\"location\":{\"@type\":\"Place\",\"name\":\"Dairy Arts Center\",\"description\":\"\",\"url\":\"https:\/\/boulder.earth\/es\/lugar\/diary-arts-center\/\",\"address\":{\"@type\":\"PostalAddress\",\"streetAddress\":\"2590 Walnut Street Boulder, CO 80302\"},\"geo\":{\"@type\":\"GeoCoordinates\",\"latitude\":40.01932330000000348491084878332912921905517578125,\"longitude\":-105.26107799999999770079739391803741455078125},\"telephone\":\"\",\"sameAs\":\"\"},\"organizer\":{\"@type\":\"Person\",\"name\":\"People of the Sacred Land\",\"description\":\"\",\"url\":\"https:\/\/peopleofthesacredland.org\/\",\"telephone\":\"\",\"email\":\"\",\"sameAs\":\"https:\/\/peopleofthesacredland.org\/\"},\"performer\":\"Organization\"},{\"@context\":\"http:\/\/schema.org\",\"@type\":\"Event\",\"name\":\"After We March, We Organize! Solidarity Warriors Indivisible Action Group\",\"description\":\"&lt;p&gt;&#x1f4da;&#x1f3a4; Every week we feature guest speakers and training on topics like:&lt;\/p&gt;\\\\n&lt;p&gt;&#x1f6e1;&#xfe0f; How to Protest Safely &#x1f30e; Immigrant Rights &#x1fab6; Indigenous History &#x1f510; Cybersecurity \\\\'0a; Community Organizing Tactics and much more!&lt;\/p&gt;\\\\n\",\"image\":\"https:\/\/boulder.earth\/wp-content\/uploads\/2026\/04\/Sunset-crowd-raised-fists-One-line-01_20250721004218694808-e1775521865495.png\",\"url\":\"https:\/\/boulder.earth\/es\/event\/after-we-march-we-organize-solidarity-warriors-indivisible-action-group\/2026-04-29\/\",\"eventAttendanceMode\":\"https:\/\/schema.org\/OfflineEventAttendanceMode\",\"eventStatus\":\"https:\/\/schema.org\/EventScheduled\",\"startDate\":\"2026-04-29T18:00:00-06:00\",\"endDate\":\"2026-04-29T19:30:00-06:00\",\"location\":{\"@type\":\"Place\",\"name\":\"Virtual\",\"description\":\"\",\"url\":\"https:\/\/boulder.earth\/es\/lugar\/virtual\/\",\"address\":{\"@type\":\"PostalAddress\"},\"telephone\":\"\",\"sameAs\":\"\"},\"organizer\":{\"@type\":\"Person\",\"name\":\"Solidarity Warriors\",\"description\":\"\",\"url\":\"https:\/\/solidaritywarriors.org\/\",\"telephone\":\"\",\"email\":\"\",\"sameAs\":\"https:\/\/solidaritywarriors.org\/\"},\"performer\":\"Organization\"},{\"@context\":\"http:\/\/schema.org\",\"@type\":\"Event\",\"name\":\"Rain Barrel Webinar: How to Choose, Install, and Maintain a Rain Barrel\",\"description\":\"&lt;p&gt;Save water, save money, and protect water quality by installing a rain barrel at home!&lt;\/p&gt;\\\\n\",\"image\":\"https:\/\/boulder.earth\/wp-content\/uploads\/2019\/04\/keep-it-clean-sm.jpg\",\"url\":\"https:\/\/boulder.earth\/es\/event\/rain-barrel-webinar-how-to-choose-install-and-maintain-a-rain-barrel\/\",\"eventAttendanceMode\":\"https:\/\/schema.org\/OfflineEventAttendanceMode\",\"eventStatus\":\"https:\/\/schema.org\/EventScheduled\",\"startDate\":\"2026-04-29T18:00:00-06:00\",\"endDate\":\"2026-04-29T19:30:00-06:00\",\"location\":{\"@type\":\"Place\",\"name\":\"Virtual\",\"description\":\"\",\"url\":\"https:\/\/boulder.earth\/es\/lugar\/virtual\/\",\"address\":{\"@type\":\"PostalAddress\"},\"telephone\":\"\",\"sameAs\":\"\"},\"organizer\":{\"@type\":\"Person\",\"name\":\"Keep it Clean Partnership\",\"description\":\"\",\"url\":\"https:\/\/www.keepitcleanpartnership.org\/\",\"telephone\":\"\",\"email\":\"\",\"sameAs\":\"https:\/\/www.keepitcleanpartnership.org\/\"},\"performer\":\"Organization\"},{\"@context\":\"http:\/\/schema.org\",\"@type\":\"Event\",\"name\":\"How Flowers Made Our World Webinar\",\"description\":\"&lt;p&gt;Flowers are revolutionaries. When flowering plants evolved, they swiftly transformed the planet, and their productivity sustains much of life today.&lt;\/p&gt;\\\\n\",\"image\":\"https:\/\/boulder.earth\/wp-content\/uploads\/2026\/04\/Flowers-Haskell-Cover-JPG-_1_-1-e1777342410131.jpg\",\"url\":\"https:\/\/boulder.earth\/es\/event\/how-flowers-made-our-world-webinar-2\/\",\"eventAttendanceMode\":\"https:\/\/schema.org\/OfflineEventAttendanceMode\",\"eventStatus\":\"https:\/\/schema.org\/EventScheduled\",\"startDate\":\"2026-04-30T12:00:00-06:00\",\"endDate\":\"2026-04-30T13:00:00-06:00\",\"location\":{\"@type\":\"Place\",\"name\":\"Virtual\",\"description\":\"\",\"url\":\"https:\/\/boulder.earth\/es\/lugar\/virtual\/\",\"address\":{\"@type\":\"PostalAddress\"},\"telephone\":\"\",\"sameAs\":\"\"},\"organizer\":{\"@type\":\"Person\",\"name\":\"People and Pollinators Action Network\",\"description\":\"\",\"url\":\"\",\"telephone\":\"\",\"email\":\"\",\"sameAs\":\"\"},\"performer\":\"Organization\"},{\"@context\":\"http:\/\/schema.org\",\"@type\":\"Event\",\"name\":\"Agrivoltaics Webinar: Fire Safety Within Your Panels\",\"description\":\"&lt;p&gt;Agrivoltaics is the co-location of agricultural activities within a solar array whereby the microclimates of the solar panels impact the growth, health, and production of crops and livestock.&lt;\/p&gt;\\\\n\",\"image\":\"https:\/\/boulder.earth\/wp-content\/uploads\/2026\/03\/oDrYcKz4Fm6bhtNmOzMgzrr6sh1pplcPlg87KDES-e1773794413487.png\",\"url\":\"https:\/\/boulder.earth\/es\/event\/agrivoltaics-webinar-fire-safety-within-your-panels\/\",\"eventAttendanceMode\":\"https:\/\/schema.org\/OfflineEventAttendanceMode\",\"eventStatus\":\"https:\/\/schema.org\/EventScheduled\",\"startDate\":\"2026-04-30T13:00:00-06:00\",\"endDate\":\"2026-04-30T14:30:00-06:00\",\"location\":{\"@type\":\"Place\",\"name\":\"Virtual\",\"description\":\"\",\"url\":\"https:\/\/boulder.earth\/es\/lugar\/virtual\/\",\"address\":{\"@type\":\"PostalAddress\"},\"telephone\":\"\",\"sameAs\":\"\"},\"organizer\":{\"@type\":\"Person\",\"name\":\"Colorado Agrivoltaic Learning Center\",\"description\":\"\",\"url\":\"\",\"telephone\":\"\",\"email\":\"\",\"sameAs\":\"\"},\"performer\":\"Organization\"},{\"@context\":\"http:\/\/schema.org\",\"@type\":\"Event\",\"name\":\"NEIS: A Night with the Experts\",\"description\":\"&lt;p&gt;In March 2025, President Trump signed Executive Order (EO) 14300 directing the Nuclear Regulatory Commission (NRC) to relax the radiation protection regulations protecting nuclear workers and the public.&lt;\/p&gt;\\\\n\",\"image\":\"https:\/\/boulder.earth\/wp-content\/uploads\/2026\/04\/RMPJC-Announcements-_Instagram_-_11_-e1777339104227.png\",\"url\":\"https:\/\/boulder.earth\/es\/event\/neis-a-night-with-the-experts\/\",\"eventAttendanceMode\":\"https:\/\/schema.org\/OfflineEventAttendanceMode\",\"eventStatus\":\"https:\/\/schema.org\/EventScheduled\",\"startDate\":\"2026-04-30T18:00:00-06:00\",\"endDate\":\"2026-04-30T19:00:00-06:00\",\"location\":{\"@type\":\"Place\",\"name\":\"Virtual\",\"description\":\"\",\"url\":\"https:\/\/boulder.earth\/es\/lugar\/virtual\/\",\"address\":{\"@type\":\"PostalAddress\"},\"telephone\":\"\",\"sameAs\":\"\"},\"organizer\":{\"@type\":\"Person\",\"name\":\"Nuclear Energy Information Service\",\"description\":\"\",\"url\":\"https:\/\/neis.org\/\",\"telephone\":\"\",\"email\":\"\",\"sameAs\":\"https:\/\/neis.org\/\"},\"performer\":\"Organization\"},{\"@context\":\"http:\/\/schema.org\",\"@type\":\"Event\",\"name\":\"The Biodiversity Crisis is Urgent &#8211; the Solution is in Your Hands\",\"description\":\"&lt;p&gt;There is a magical but often unseen eco-system operating in your own backyard!&lt;\/p&gt;\\\\n\",\"image\":\"https:\/\/boulder.earth\/wp-content\/uploads\/2026\/04\/2026_02_26_20_01_34.png\",\"url\":\"https:\/\/boulder.earth\/es\/event\/the-biodiversity-crisis-is-urgent-the-solution-is-in-your-hands\/\",\"eventAttendanceMode\":\"https:\/\/schema.org\/OfflineEventAttendanceMode\",\"eventStatus\":\"https:\/\/schema.org\/EventScheduled\",\"startDate\":\"2026-04-30T18:30:00-06:00\",\"endDate\":\"2026-04-30T19:30:00-06:00\",\"location\":{\"@type\":\"Place\",\"name\":\"Boulder Public Library Canyon Theater, 1001 Arapahoe Ave.\",\"description\":\"\",\"url\":\"https:\/\/boulder.earth\/es\/lugar\/boulder-public-library-canyon-theater-1001-arapahoe-ave\/\",\"address\":{\"@type\":\"PostalAddress\"},\"telephone\":\"\",\"sameAs\":\"\"},\"organizer\":{\"@type\":\"Person\",\"name\":\"KISS Native Plants (Keep It Simple Solutions for Native Plant Gardeners)\",\"description\":\"\",\"url\":\"\",\"telephone\":\"\",\"email\":\"\",\"sameAs\":\"\"},\"performer\":\"Organization\"},{\"@context\":\"http:\/\/schema.org\",\"@type\":\"Event\",\"name\":\"WORKERS OVER BILLIONAIRES\",\"description\":\"&lt;p&gt;WORKERS OVER BILLIONAIRES: this MayDay, come down and learn form local union leaders and other organizers about how they are fighting back against corporate greed in our nation.&lt;\/p&gt;\\\\n\",\"image\":\"https:\/\/boulder.earth\/wp-content\/uploads\/2026\/04\/Screenshot-2026-04-17-153521-e1777339700175.png\",\"url\":\"https:\/\/boulder.earth\/es\/event\/workers-over-billionaires\/\",\"eventAttendanceMode\":\"https:\/\/schema.org\/OfflineEventAttendanceMode\",\"eventStatus\":\"https:\/\/schema.org\/EventScheduled\",\"startDate\":\"2026-05-01T16:00:00-06:00\",\"endDate\":\"2026-05-01T18:00:00-06:00\",\"location\":{\"@type\":\"Place\",\"name\":\"Boulder Bandshell\",\"description\":\"\",\"url\":\"https:\/\/boulder.earth\/es\/lugar\/boulder-bandshell\/\",\"address\":{\"@type\":\"PostalAddress\",\"streetAddress\":\"1212 Canyon Blvd\",\"addressLocality\":\"Boulder\",\"addressRegion\":\"CO\",\"postalCode\":\"80302\",\"addressCountry\":\"United States\"},\"geo\":{\"@type\":\"GeoCoordinates\",\"latitude\":40.01541859999999672936610295437276363372802734375,\"longitude\":-105.2788134000000042078681872226297855377197265625},\"telephone\":\"\",\"sameAs\":\"\"},\"organizer\":{\"@type\":\"Person\",\"name\":\"National Education Association\",\"description\":\"\",\"url\":\"https:\/\/www.nea.org\/\",\"telephone\":\"\",\"email\":\"\",\"sameAs\":\"https:\/\/www.nea.org\/\"},\"performer\":\"Organization\"},{\"@context\":\"http:\/\/schema.org\",\"@type\":\"Event\",\"name\":\"Boulder Farmers Market\",\"description\":\"&lt;p&gt;We\\\\'re excited to have 75 vendor join us for opening day at the Boulder Farmers Market!&lt;\/p&gt;\\\\n\",\"image\":\"https:\/\/boulder.earth\/wp-content\/uploads\/2026\/04\/5a1a4a83-2755-6e04-62f2-ff349ad4a3cd-e1776830580952.jpg\",\"url\":\"https:\/\/boulder.earth\/es\/event\/boulder-farmers-market\/2026-05-02\/\",\"eventAttendanceMode\":\"https:\/\/schema.org\/OfflineEventAttendanceMode\",\"eventStatus\":\"https:\/\/schema.org\/EventScheduled\",\"startDate\":\"2026-05-02T08:00:00-06:00\",\"endDate\":\"2026-05-02T14:00:00-06:00\",\"location\":{\"@type\":\"Place\",\"name\":\"Boulder Farmers Market\",\"description\":\"\",\"url\":\"https:\/\/boulder.earth\/es\/lugar\/boulder-farmers-market\/\",\"address\":{\"@type\":\"PostalAddress\",\"streetAddress\":\"13th Street and Canyon Boulevard\",\"addressLocality\":\"Boulder\",\"addressRegion\":\"CO\",\"postalCode\":\"80302\",\"addressCountry\":\"United States\"},\"geo\":{\"@type\":\"GeoCoordinates\",\"latitude\":40.0162059999999968340489431284368038177490234375,\"longitude\":-105.277991700000001173975761048495769500732421875},\"telephone\":\"0\",\"sameAs\":\"\"},\"organizer\":{\"@type\":\"Person\",\"name\":\"Boulder County Farmers Markets\",\"description\":\"\",\"url\":\"\",\"telephone\":\"\",\"email\":\"\",\"sameAs\":\"\"},\"performer\":\"Organization\"},{\"@context\":\"http:\/\/schema.org\",\"@type\":\"Event\",\"name\":\"Longmont Farmers Market\",\"description\":\"&lt;p&gt;In Longmont, we\\\\'ll have nearly 70 vendors joining us this Saturday!&lt;\/p&gt;\\\\n\",\"image\":\"https:\/\/boulder.earth\/wp-content\/uploads\/2026\/04\/5a1a4a83-2755-6e04-62f2-ff349ad4a3cd-e1776830580952.jpg\",\"url\":\"https:\/\/boulder.earth\/es\/event\/longmont-farmers-market-2\/2026-05-02\/\",\"eventAttendanceMode\":\"https:\/\/schema.org\/OfflineEventAttendanceMode\",\"eventStatus\":\"https:\/\/schema.org\/EventScheduled\",\"startDate\":\"2026-05-02T08:00:00-06:00\",\"endDate\":\"2026-05-02T14:00:00-06:00\",\"location\":{\"@type\":\"Place\",\"name\":\"Boulder County Fairgrounds\",\"description\":\"\",\"url\":\"https:\/\/boulder.earth\/es\/lugar\/boulder-county-fairgrounds\/\",\"address\":{\"@type\":\"PostalAddress\",\"streetAddress\":\"9595 Nelson Road\",\"addressLocality\":\"Longmont\",\"addressRegion\":\"CO\",\"postalCode\":\"80501\",\"addressCountry\":\"us\"},\"geo\":{\"@type\":\"GeoCoordinates\",\"latitude\":40.15585327148399841235004714690148830413818359375,\"longitude\":-105.1278915405300011798317427746951580047607421875},\"telephone\":\"\",\"sameAs\":\"\"},\"organizer\":{\"@type\":\"Person\",\"name\":\"Boulder County Farmers Markets\",\"description\":\"\",\"url\":\"\",\"telephone\":\"\",\"email\":\"\",\"sameAs\":\"\"},\"performer\":\"Organization\"},{\"@context\":\"http:\/\/schema.org\",\"@type\":\"Event\",\"name\":\"MMIW Broomfield Native Art Market\",\"description\":\"&lt;p&gt;Join the Broomfield Native Art Market for a vendor market featuring 20+ Indigenous artisans, live music, and a benefit to raise awareness about Missing and Murdered Indigenous People.&lt;\/p&gt;\\\\n\",\"image\":\"https:\/\/boulder.earth\/wp-content\/uploads\/2026\/04\/Screenshot-2026-04-22-115106-e1777340944369.png\",\"url\":\"https:\/\/boulder.earth\/es\/event\/mmiw-broomfield-native-art-market\/\",\"eventAttendanceMode\":\"https:\/\/schema.org\/OfflineEventAttendanceMode\",\"eventStatus\":\"https:\/\/schema.org\/EventScheduled\",\"startDate\":\"2026-05-02T11:00:00-06:00\",\"endDate\":\"2026-05-02T16:00:00-06:00\",\"location\":{\"@type\":\"Place\",\"name\":\"Brunner Farmhouse, Broomfield\",\"description\":\"\",\"url\":\"https:\/\/boulder.earth\/es\/lugar\/brunner-farmhouse-broomfield\/\",\"address\":{\"@type\":\"PostalAddress\",\"streetAddress\":\"640 Main Street, Broomfield, Colorado\"},\"geo\":{\"@type\":\"GeoCoordinates\",\"latitude\":39.9256888000000031979652703739702701568603515625,\"longitude\":-105.070364699999998947532731108367443084716796875},\"telephone\":\"\",\"sameAs\":\"\"},\"organizer\":{\"@type\":\"Person\",\"name\":\"Broomfield Historical Society\",\"description\":\"\",\"url\":\"https:\/\/broomfieldhistoricalsociety.org\/\",\"telephone\":\"\",\"email\":\"\",\"sameAs\":\"https:\/\/broomfieldhistoricalsociety.org\/\"},\"performer\":\"Organization\"}]\r\n<\/script>\n\t\t<script data-js=\"tribe-events-view-data\" type=\"application\/json\">\n\t{\"slug\":\"month\",\"prev_url\":\"https:\\\/\\\/boulder.earth\\\/es\\\/events\\\/(\\\/?:month)\\\/2026-03\\\/&shortcode=42cf1b8c\",\"next_url\":\"https:\\\/\\\/boulder.earth\\\/es\\\/events\\\/(\\\/?:month)\\\/2026-05\\\/&shortcode=42cf1b8c\",\"view_class\":\"Tribe\\\\Events\\\\Views\\\\V2\\\\Views\\\\Month_View\",\"view_slug\":\"month\",\"view_label\":\"Mes\",\"title\":\"Eventos en abril 2026 \\u2013 Boulder.Earth Climate Action Portal\",\"events\":{\"2026-03-29\":[10003019],\"2026-03-30\":[],\"2026-03-31\":[10003367,10003344,10003371],\"2026-04-01\":[10003369,10003387],\"2026-04-02\":[10003375,10003385],\"2026-04-03\":[10003431],\"2026-04-04\":[10003431,10003473,10003552,10003359],\"2026-04-05\":[10003431,10003020,10003356],\"2026-04-06\":[10003431,10003376,10003363],\"2026-04-07\":[10003431,10003433],\"2026-04-08\":[10003431,10003434,10003430,10003388,10003437],\"2026-04-09\":[10003431,10003380,10003439],\"2026-04-10\":[10003431,10003428,10003427],\"2026-04-11\":[10003431,10003474,10003553,10003445,10003441],\"2026-04-12\":[10003431,10003021,10003429],\"2026-04-13\":[],\"2026-04-14\":[10003443,10003641],\"2026-04-15\":[10003381,10003389],\"2026-04-16\":[],\"2026-04-17\":[10003452,10003471,10003432],\"2026-04-18\":[10003438,10003475,10003554,10003440],\"2026-04-19\":[10003022],\"2026-04-20\":[10003465,10003644,10003386,10003472],\"2026-04-21\":[10003442,10003449,10003461],\"2026-04-22\":[10003378,10003447,10003390,10003451],\"2026-04-23\":[10003435,10003299,10003436,10003462,10003466],\"2026-04-24\":[10003464,10003642],\"2026-04-25\":[10003476,10003555,10003360],\"2026-04-26\":[10003023,10003650,10003450],\"2026-04-27\":[],\"2026-04-28\":[10003639,10003468,10003652],\"2026-04-29\":[10003382,10003469,10003648,10003463,10003391,10003446],\"2026-04-30\":[10003653,10003362,10003643,10003470],\"2026-05-01\":[10003645],\"2026-05-02\":[10003477,10003556,10003649]},\"url\":\"https:\\\/\\\/boulder.earth\\\/es\\\/events\\\/(\\\/?:month)\\\/&shortcode=42cf1b8c\",\"url_event_date\":false,\"bar\":{\"keyword\":\"\",\"date\":\"\"},\"today\":\"2026-04-28 00:00:00\",\"now\":\"2026-04-28 13:23:13\",\"home_url\":\"https:\\\/\\\/boulder.earth\\\/es\",\"rest_url\":\"https:\\\/\\\/boulder.earth\\\/es\\\/wp-json\\\/tribe\\\/views\\\/v2\\\/html\",\"rest_method\":\"GET\",\"rest_nonce\":\"\",\"should_manage_url\":false,\"today_url\":\"https:\\\/\\\/boulder.earth\\\/es\\\/events\\\/(\\\/?:month)\\\/&rest_route=%2Fwp%2Fv2%2Fpages%2F10611&shortcode=42cf1b8c\",\"today_title\":\"Click to select the current month\",\"today_label\":\"Mes actual\",\"prev_label\":\"Mar\",\"next_label\":\"May\",\"date_formats\":{\"compact\":\"Y-m-d\",\"month_and_year_compact\":\"Y-m\",\"month_and_year\":\"F Y\",\"time_range_separator\":\" - \",\"date_time_separator\":\" @ \"},\"messages\":[],\"start_of_week\":\"0\",\"header_title\":\"\",\"header_title_element\":\"h1\",\"content_title\":\"\",\"show_content_title\":false,\"breadcrumbs\":[],\"backlink\":false,\"before_events\":\"\",\"after_events\":\"\",\"display_events_bar\":true,\"disable_event_search\":false,\"live_refresh\":true,\"ical\":{\"display_link\":true,\"link\":{\"url\":\"https:\\\/\\\/boulder.earth\\\/es\\\/events\\\/(\\\/?:month)\\\/&#038;shortcode=42cf1b8c&#038;ical=1\",\"text\":\"Exportar Eventos\",\"title\":\"Usa esto para compartir los datos del calendario con Google Calendar, Apple iCal y otras aplicaciones compatibles\"}},\"container_classes\":[\"tribe-common\",\"tribe-events\",\"tribe-events-view\",\"tribe-events-view--month\",\"alignwide\",\"tribe-events-view--shortcode\",\"tribe-events-view--shortcode-42cf1b8c\"],\"container_data\":{\"shortcode\":\"42cf1b8c\"},\"is_past\":false,\"breakpoints\":{\"xsmall\":500,\"medium\":768,\"full\":960},\"breakpoint_pointer\":\"03378055-abed-46b8-b4f6-291634e86c71\",\"is_initial_load\":false,\"public_views\":{\"list\":{\"view_class\":\"Tribe\\\\Events\\\\Views\\\\V2\\\\Views\\\\List_View\",\"view_url\":\"https:\\\/\\\/boulder.earth\\\/es\\\/events\\\/(\\\/?:list)\\\/&shortcode=42cf1b8c\",\"view_label\":\"Lista\",\"aria_label\":\"Display Eventos in Lista View\"},\"month\":{\"view_class\":\"Tribe\\\\Events\\\\Views\\\\V2\\\\Views\\\\Month_View\",\"view_url\":\"https:\\\/\\\/boulder.earth\\\/es\\\/events\\\/(\\\/?:month)\\\/&shortcode=42cf1b8c\",\"view_label\":\"Mes\",\"aria_label\":\"Display Eventos in Mes View\"},\"day\":{\"view_class\":\"Tribe\\\\Events\\\\Views\\\\V2\\\\Views\\\\Day_View\",\"view_url\":\"https:\\\/\\\/boulder.earth\\\/es\\\/events\\\/(\\\/?:today)\\\/&shortcode=42cf1b8c\",\"view_label\":\"D\\u00eda\",\"aria_label\":\"Display Eventos in D\\u00eda View\"},\"photo\":{\"view_class\":\"Tribe\\\\Events\\\\Pro\\\\Views\\\\V2\\\\Views\\\\Photo_View\",\"view_url\":\"https:\\\/\\\/boulder.earth\\\/es\\\/events\\\/photo\\\/?shortcode=42cf1b8c\",\"view_label\":\"Photo\",\"aria_label\":\"Display Eventos in Photo View\"},\"week\":{\"view_class\":\"Tribe\\\\Events\\\\Pro\\\\Views\\\\V2\\\\Views\\\\Week_View\",\"view_url\":\"https:\\\/\\\/boulder.earth\\\/es\\\/events\\\/week\\\/?shortcode=42cf1b8c\",\"view_label\":\"Week\",\"aria_label\":\"Display Eventos in Week View\"}},\"show_latest_past\":true,\"past\":false,\"today_date\":\"2026-04-28\",\"grid_date\":\"2026-04-28\",\"formatted_grid_date\":\"abril 2026\",\"formatted_grid_date_mobile\":\"2026-04-28\",\"days\":{\"2026-03-29\":{\"date\":\"2026-03-29\",\"is_start_of_week\":true,\"year_number\":\"2026\",\"month_number\":\"03\",\"day_number\":\"29\",\"events\":[10003019],\"featured_events\":[],\"multiday_events\":[],\"found_events\":1,\"more_events\":0,\"day_url\":\"https:\\\/\\\/boulder.earth\\\/es\\\/events\\\/2026-03-29\\\/?shortcode=42cf1b8c\"},\"2026-03-30\":{\"date\":\"2026-03-30\",\"is_start_of_week\":false,\"year_number\":\"2026\",\"month_number\":\"03\",\"day_number\":\"30\",\"events\":[],\"featured_events\":[],\"multiday_events\":[],\"found_events\":0,\"more_events\":0,\"day_url\":\"https:\\\/\\\/boulder.earth\\\/es\\\/events\\\/2026-03-30\\\/?shortcode=42cf1b8c\"},\"2026-03-31\":{\"date\":\"2026-03-31\",\"is_start_of_week\":false,\"year_number\":\"2026\",\"month_number\":\"03\",\"day_number\":\"31\",\"events\":[10003367,10003344,10003371],\"featured_events\":[],\"multiday_events\":[],\"found_events\":3,\"more_events\":0,\"day_url\":\"https:\\\/\\\/boulder.earth\\\/es\\\/events\\\/2026-03-31\\\/?shortcode=42cf1b8c\"},\"2026-04-01\":{\"date\":\"2026-04-01\",\"is_start_of_week\":false,\"year_number\":\"2026\",\"month_number\":\"04\",\"day_number\":\"1\",\"events\":[10003369,10003387],\"featured_events\":[],\"multiday_events\":[],\"found_events\":2,\"more_events\":0,\"day_url\":\"https:\\\/\\\/boulder.earth\\\/es\\\/events\\\/2026-04-01\\\/?shortcode=42cf1b8c\"},\"2026-04-02\":{\"date\":\"2026-04-02\",\"is_start_of_week\":false,\"year_number\":\"2026\",\"month_number\":\"04\",\"day_number\":\"2\",\"events\":[10003375,10003385],\"featured_events\":[],\"multiday_events\":[],\"found_events\":2,\"more_events\":0,\"day_url\":\"https:\\\/\\\/boulder.earth\\\/es\\\/events\\\/2026-04-02\\\/?shortcode=42cf1b8c\"},\"2026-04-03\":{\"date\":\"2026-04-03\",\"is_start_of_week\":false,\"year_number\":\"2026\",\"month_number\":\"04\",\"day_number\":\"3\",\"events\":[],\"featured_events\":[],\"multiday_events\":[10003431],\"found_events\":1,\"more_events\":0,\"day_url\":\"https:\\\/\\\/boulder.earth\\\/es\\\/events\\\/2026-04-03\\\/?shortcode=42cf1b8c\"},\"2026-04-04\":{\"date\":\"2026-04-04\",\"is_start_of_week\":false,\"year_number\":\"2026\",\"month_number\":\"04\",\"day_number\":\"4\",\"events\":[10003473,10003552,10003359],\"featured_events\":[],\"multiday_events\":[10003431],\"found_events\":4,\"more_events\":0,\"day_url\":\"https:\\\/\\\/boulder.earth\\\/es\\\/events\\\/2026-04-04\\\/?shortcode=42cf1b8c\"},\"2026-04-05\":{\"date\":\"2026-04-05\",\"is_start_of_week\":true,\"year_number\":\"2026\",\"month_number\":\"04\",\"day_number\":\"5\",\"events\":[10003020,10003356],\"featured_events\":[],\"multiday_events\":[10003431],\"found_events\":3,\"more_events\":0,\"day_url\":\"https:\\\/\\\/boulder.earth\\\/es\\\/events\\\/2026-04-05\\\/?shortcode=42cf1b8c\"},\"2026-04-06\":{\"date\":\"2026-04-06\",\"is_start_of_week\":false,\"year_number\":\"2026\",\"month_number\":\"04\",\"day_number\":\"6\",\"events\":[10003376,10003363],\"featured_events\":[],\"multiday_events\":[10003431],\"found_events\":3,\"more_events\":0,\"day_url\":\"https:\\\/\\\/boulder.earth\\\/es\\\/events\\\/2026-04-06\\\/?shortcode=42cf1b8c\"},\"2026-04-07\":{\"date\":\"2026-04-07\",\"is_start_of_week\":false,\"year_number\":\"2026\",\"month_number\":\"04\",\"day_number\":\"7\",\"events\":[10003433],\"featured_events\":[],\"multiday_events\":[10003431],\"found_events\":2,\"more_events\":0,\"day_url\":\"https:\\\/\\\/boulder.earth\\\/es\\\/events\\\/2026-04-07\\\/?shortcode=42cf1b8c\"},\"2026-04-08\":{\"date\":\"2026-04-08\",\"is_start_of_week\":false,\"year_number\":\"2026\",\"month_number\":\"04\",\"day_number\":\"8\",\"events\":[10003434,10003430,10003388,10003437],\"featured_events\":[],\"multiday_events\":[10003431],\"found_events\":5,\"more_events\":0,\"day_url\":\"https:\\\/\\\/boulder.earth\\\/es\\\/events\\\/2026-04-08\\\/?shortcode=42cf1b8c\"},\"2026-04-09\":{\"date\":\"2026-04-09\",\"is_start_of_week\":false,\"year_number\":\"2026\",\"month_number\":\"04\",\"day_number\":\"9\",\"events\":[10003380,10003439],\"featured_events\":[],\"multiday_events\":[10003431],\"found_events\":3,\"more_events\":0,\"day_url\":\"https:\\\/\\\/boulder.earth\\\/es\\\/events\\\/2026-04-09\\\/?shortcode=42cf1b8c\"},\"2026-04-10\":{\"date\":\"2026-04-10\",\"is_start_of_week\":false,\"year_number\":\"2026\",\"month_number\":\"04\",\"day_number\":\"10\",\"events\":[10003428,10003427],\"featured_events\":[],\"multiday_events\":[10003431],\"found_events\":3,\"more_events\":0,\"day_url\":\"https:\\\/\\\/boulder.earth\\\/es\\\/events\\\/2026-04-10\\\/?shortcode=42cf1b8c\"},\"2026-04-11\":{\"date\":\"2026-04-11\",\"is_start_of_week\":false,\"year_number\":\"2026\",\"month_number\":\"04\",\"day_number\":\"11\",\"events\":[10003474,10003553,10003445,10003441],\"featured_events\":[],\"multiday_events\":[10003431],\"found_events\":5,\"more_events\":0,\"day_url\":\"https:\\\/\\\/boulder.earth\\\/es\\\/events\\\/2026-04-11\\\/?shortcode=42cf1b8c\"},\"2026-04-12\":{\"date\":\"2026-04-12\",\"is_start_of_week\":true,\"year_number\":\"2026\",\"month_number\":\"04\",\"day_number\":\"12\",\"events\":[10003021,10003429],\"featured_events\":[],\"multiday_events\":[10003431],\"found_events\":3,\"more_events\":0,\"day_url\":\"https:\\\/\\\/boulder.earth\\\/es\\\/events\\\/2026-04-12\\\/?shortcode=42cf1b8c\"},\"2026-04-13\":{\"date\":\"2026-04-13\",\"is_start_of_week\":false,\"year_number\":\"2026\",\"month_number\":\"04\",\"day_number\":\"13\",\"events\":[],\"featured_events\":[],\"multiday_events\":[],\"found_events\":0,\"more_events\":0,\"day_url\":\"https:\\\/\\\/boulder.earth\\\/es\\\/events\\\/2026-04-13\\\/?shortcode=42cf1b8c\"},\"2026-04-14\":{\"date\":\"2026-04-14\",\"is_start_of_week\":false,\"year_number\":\"2026\",\"month_number\":\"04\",\"day_number\":\"14\",\"events\":[10003443,10003641],\"featured_events\":[],\"multiday_events\":[],\"found_events\":2,\"more_events\":0,\"day_url\":\"https:\\\/\\\/boulder.earth\\\/es\\\/events\\\/2026-04-14\\\/?shortcode=42cf1b8c\"},\"2026-04-15\":{\"date\":\"2026-04-15\",\"is_start_of_week\":false,\"year_number\":\"2026\",\"month_number\":\"04\",\"day_number\":\"15\",\"events\":[10003381,10003389],\"featured_events\":[],\"multiday_events\":[],\"found_events\":2,\"more_events\":0,\"day_url\":\"https:\\\/\\\/boulder.earth\\\/es\\\/events\\\/2026-04-15\\\/?shortcode=42cf1b8c\"},\"2026-04-16\":{\"date\":\"2026-04-16\",\"is_start_of_week\":false,\"year_number\":\"2026\",\"month_number\":\"04\",\"day_number\":\"16\",\"events\":[],\"featured_events\":[],\"multiday_events\":[],\"found_events\":0,\"more_events\":0,\"day_url\":\"https:\\\/\\\/boulder.earth\\\/es\\\/events\\\/2026-04-16\\\/?shortcode=42cf1b8c\"},\"2026-04-17\":{\"date\":\"2026-04-17\",\"is_start_of_week\":false,\"year_number\":\"2026\",\"month_number\":\"04\",\"day_number\":\"17\",\"events\":[10003452,10003471,10003432],\"featured_events\":[],\"multiday_events\":[],\"found_events\":3,\"more_events\":0,\"day_url\":\"https:\\\/\\\/boulder.earth\\\/es\\\/events\\\/2026-04-17\\\/?shortcode=42cf1b8c\"},\"2026-04-18\":{\"date\":\"2026-04-18\",\"is_start_of_week\":false,\"year_number\":\"2026\",\"month_number\":\"04\",\"day_number\":\"18\",\"events\":[10003438,10003475,10003554,10003440],\"featured_events\":[],\"multiday_events\":[],\"found_events\":4,\"more_events\":0,\"day_url\":\"https:\\\/\\\/boulder.earth\\\/es\\\/events\\\/2026-04-18\\\/?shortcode=42cf1b8c\"},\"2026-04-19\":{\"date\":\"2026-04-19\",\"is_start_of_week\":true,\"year_number\":\"2026\",\"month_number\":\"04\",\"day_number\":\"19\",\"events\":[10003022],\"featured_events\":[],\"multiday_events\":[],\"found_events\":1,\"more_events\":0,\"day_url\":\"https:\\\/\\\/boulder.earth\\\/es\\\/events\\\/2026-04-19\\\/?shortcode=42cf1b8c\"},\"2026-04-20\":{\"date\":\"2026-04-20\",\"is_start_of_week\":false,\"year_number\":\"2026\",\"month_number\":\"04\",\"day_number\":\"20\",\"events\":[10003465,10003644,10003386,10003472],\"featured_events\":[],\"multiday_events\":[],\"found_events\":4,\"more_events\":0,\"day_url\":\"https:\\\/\\\/boulder.earth\\\/es\\\/events\\\/2026-04-20\\\/?shortcode=42cf1b8c\"},\"2026-04-21\":{\"date\":\"2026-04-21\",\"is_start_of_week\":false,\"year_number\":\"2026\",\"month_number\":\"04\",\"day_number\":\"21\",\"events\":[10003442,10003449,10003461],\"featured_events\":[],\"multiday_events\":[],\"found_events\":3,\"more_events\":0,\"day_url\":\"https:\\\/\\\/boulder.earth\\\/es\\\/events\\\/2026-04-21\\\/?shortcode=42cf1b8c\"},\"2026-04-22\":{\"date\":\"2026-04-22\",\"is_start_of_week\":false,\"year_number\":\"2026\",\"month_number\":\"04\",\"day_number\":\"22\",\"events\":[10003378,10003447,10003390,10003451],\"featured_events\":[],\"multiday_events\":[],\"found_events\":4,\"more_events\":0,\"day_url\":\"https:\\\/\\\/boulder.earth\\\/es\\\/events\\\/2026-04-22\\\/?shortcode=42cf1b8c\"},\"2026-04-23\":{\"date\":\"2026-04-23\",\"is_start_of_week\":false,\"year_number\":\"2026\",\"month_number\":\"04\",\"day_number\":\"23\",\"events\":[10003435,10003299,10003436,10003462,10003466],\"featured_events\":[],\"multiday_events\":[],\"found_events\":5,\"more_events\":0,\"day_url\":\"https:\\\/\\\/boulder.earth\\\/es\\\/events\\\/2026-04-23\\\/?shortcode=42cf1b8c\"},\"2026-04-24\":{\"date\":\"2026-04-24\",\"is_start_of_week\":false,\"year_number\":\"2026\",\"month_number\":\"04\",\"day_number\":\"24\",\"events\":[10003464,10003642],\"featured_events\":[],\"multiday_events\":[],\"found_events\":2,\"more_events\":0,\"day_url\":\"https:\\\/\\\/boulder.earth\\\/es\\\/events\\\/2026-04-24\\\/?shortcode=42cf1b8c\"},\"2026-04-25\":{\"date\":\"2026-04-25\",\"is_start_of_week\":false,\"year_number\":\"2026\",\"month_number\":\"04\",\"day_number\":\"25\",\"events\":[10003476,10003555,10003360],\"featured_events\":[],\"multiday_events\":[],\"found_events\":3,\"more_events\":0,\"day_url\":\"https:\\\/\\\/boulder.earth\\\/es\\\/events\\\/2026-04-25\\\/?shortcode=42cf1b8c\"},\"2026-04-26\":{\"date\":\"2026-04-26\",\"is_start_of_week\":true,\"year_number\":\"2026\",\"month_number\":\"04\",\"day_number\":\"26\",\"events\":[10003023,10003650,10003450],\"featured_events\":[],\"multiday_events\":[],\"found_events\":3,\"more_events\":0,\"day_url\":\"https:\\\/\\\/boulder.earth\\\/es\\\/events\\\/2026-04-26\\\/?shortcode=42cf1b8c\"},\"2026-04-27\":{\"date\":\"2026-04-27\",\"is_start_of_week\":false,\"year_number\":\"2026\",\"month_number\":\"04\",\"day_number\":\"27\",\"events\":[],\"featured_events\":[],\"multiday_events\":[],\"found_events\":0,\"more_events\":0,\"day_url\":\"https:\\\/\\\/boulder.earth\\\/es\\\/events\\\/2026-04-27\\\/?shortcode=42cf1b8c\"},\"2026-04-28\":{\"date\":\"2026-04-28\",\"is_start_of_week\":false,\"year_number\":\"2026\",\"month_number\":\"04\",\"day_number\":\"28\",\"events\":[10003639,10003468,10003652],\"featured_events\":[],\"multiday_events\":[],\"found_events\":3,\"more_events\":0,\"day_url\":\"https:\\\/\\\/boulder.earth\\\/es\\\/events\\\/2026-04-28\\\/?shortcode=42cf1b8c\"},\"2026-04-29\":{\"date\":\"2026-04-29\",\"is_start_of_week\":false,\"year_number\":\"2026\",\"month_number\":\"04\",\"day_number\":\"29\",\"events\":[10003382,10003469,10003648,10003463,10003391,10003446],\"featured_events\":[],\"multiday_events\":[],\"found_events\":6,\"more_events\":0,\"day_url\":\"https:\\\/\\\/boulder.earth\\\/es\\\/events\\\/2026-04-29\\\/?shortcode=42cf1b8c\"},\"2026-04-30\":{\"date\":\"2026-04-30\",\"is_start_of_week\":false,\"year_number\":\"2026\",\"month_number\":\"04\",\"day_number\":\"30\",\"events\":[10003653,10003362,10003643,10003470],\"featured_events\":[],\"multiday_events\":[],\"found_events\":4,\"more_events\":0,\"day_url\":\"https:\\\/\\\/boulder.earth\\\/es\\\/events\\\/2026-04-30\\\/?shortcode=42cf1b8c\"},\"2026-05-01\":{\"date\":\"2026-05-01\",\"is_start_of_week\":false,\"year_number\":\"2026\",\"month_number\":\"05\",\"day_number\":\"1\",\"events\":[10003645],\"featured_events\":[],\"multiday_events\":[],\"found_events\":1,\"more_events\":0,\"day_url\":\"https:\\\/\\\/boulder.earth\\\/es\\\/events\\\/2026-05-01\\\/?shortcode=42cf1b8c\"},\"2026-05-02\":{\"date\":\"2026-05-02\",\"is_start_of_week\":false,\"year_number\":\"2026\",\"month_number\":\"05\",\"day_number\":\"2\",\"events\":[10003477,10003556,10003649],\"featured_events\":[],\"multiday_events\":[],\"found_events\":3,\"more_events\":0,\"day_url\":\"https:\\\/\\\/boulder.earth\\\/es\\\/events\\\/2026-05-02\\\/?shortcode=42cf1b8c\"}},\"next_month\":\"5\",\"prev_month\":\"3\",\"next_rel\":\"next\",\"prev_rel\":\"prev\",\"mobile_messages\":{\"notice\":{\"no-events-in-day\":\"There are no events on this day.\"}},\"grid_start_date\":\"2026-03-29\",\"subscribe_links\":{\"gcal\":{\"label\":\"Google Calendar\",\"single_label\":\"A\\u00f1adir a Google Calendar\",\"visible\":true,\"block_slug\":\"hasGoogleCalendar\"},\"ical\":{\"label\":\"iCalendar\",\"single_label\":\"Add to iCalendar\",\"visible\":true,\"block_slug\":\"hasiCal\"},\"outlook-365\":{\"label\":\"Outlook 365\",\"single_label\":\"Outlook 365\",\"visible\":true,\"block_slug\":\"hasOutlook365\"},\"outlook-live\":{\"label\":\"Outlook Live\",\"single_label\":\"Outlook Live\",\"visible\":true,\"block_slug\":\"hasOutlookLive\"},\"ics\":{\"label\":\"Export .ics file\",\"single_label\":\"Export .ics file\",\"visible\":true,\"block_slug\":null},\"outlook-ics\":{\"label\":\"Export Outlook .ics file\",\"single_label\":\"Export Outlook .ics file\",\"visible\":true,\"block_slug\":null}},\"display_recurring_toggle\":false,\"_context\":{\"slug\":\"month\",\"should_manage_url\":false},\"text\":\"Cargando\\u2026\",\"classes\":[\"tribe-common-c-loader__dot\",\"tribe-common-c-loader__dot--third\"]}<\/script>\n\n\t\t\n\t\t\n<header  class=\"tribe-events-header tribe-events-header--has-event-search\" >\n\t<div class=\"tribe-events-header__content-title\">\n\t<h1 class=\"screen-reader-text tec-a11y-title-hidden\">Eventos<\/h1><\/div>\n\n\t\n\t\n\t<div\n\t class=\"tribe-events-header__events-bar tribe-events-c-events-bar tribe-events-c-events-bar--border\" \tdata-js=\"tribe-events-events-bar\"\n>\n\n\t<h2 class=\"tribe-common-a11y-visual-hide\">\n\t\tB\u00fasqueda y navegaci\u00f3 de vistas de Eventos\t<\/h2>\n\n\t\t\t<button\n\tclass=\"tribe-events-c-events-bar__search-button\"\n\taria-controls=\"tribe-events-search-container\"\n\taria-expanded=\"false\"\n\tdata-js=\"tribe-events-search-button\"\n>\n\t<svg\n\t class=\"tribe-common-c-svgicon tribe-common-c-svgicon--search tribe-events-c-events-bar__search-button-icon-svg\" \taria-hidden=\"true\"\n\tviewBox=\"0 0 16 16\"\n\txmlns=\"http:\/\/www.w3.org\/2000\/svg\"\n>\n\t<path fill-rule=\"evenodd\" clip-rule=\"evenodd\" d=\"M11.164 10.133L16 14.97 14.969 16l-4.836-4.836a6.225 6.225 0 01-3.875 1.352 6.24 6.24 0 01-4.427-1.832A6.272 6.272 0 010 6.258 6.24 6.24 0 011.831 1.83 6.272 6.272 0 016.258 0c1.67 0 3.235.658 4.426 1.831a6.272 6.272 0 011.832 4.427c0 1.422-.48 2.773-1.352 3.875zM6.258 1.458c-1.28 0-2.49.498-3.396 1.404-1.866 1.867-1.866 4.925 0 6.791a4.774 4.774 0 003.396 1.405c1.28 0 2.489-.498 3.395-1.405 1.867-1.866 1.867-4.924 0-6.79a4.774 4.774 0 00-3.395-1.405z\"\/>\n<\/svg>\n\t<span class=\"tribe-events-c-events-bar__search-button-text tribe-common-a11y-visual-hide\">\n\t\tBuscar\t<\/span>\n<\/button>\n\n\t\t<div\n\t\t\tclass=\"tribe-events-c-events-bar__search-container\"\n\t\t\tid=\"tribe-events-search-container\"\n\t\t\tdata-js=\"tribe-events-search-container\"\n\t\t>\n\t\t\t<div\n\tclass=\"tribe-events-c-events-bar__search\"\n\tid=\"tribe-events-events-bar-search\"\n\tdata-js=\"tribe-events-events-bar-search\"\n>\n\t<form\n\t\tclass=\"tribe-events-c-search tribe-events-c-events-bar__search-form\"\n\t\tmethod=\"get\"\n\t\tdata-js=\"tribe-events-view-form\"\n\t\trole=\"search\"\n\t>\n\t\t<input type=\"hidden\" name=\"tribe-events-views[url]\" value=\"https:\/\/boulder.earth\/es\/events\/(\/?:month)\/&#038;shortcode=42cf1b8c\" \/>\n\n\t\t<div class=\"tribe-events-c-search__input-group\">\n\t\t\t<div\n\tclass=\"tribe-common-form-control-text tribe-events-c-search__input-control tribe-events-c-search__input-control--keyword\"\n\tdata-js=\"tribe-events-events-bar-input-control\"\n>\n\t<label class=\"tribe-common-form-control-text__label\" for=\"tribe-events-events-bar-keyword\">\n\t\tIntroduce la palabra clave. Busca Eventos para la palabra clave.\t<\/label>\n\t<input\n\t\tclass=\"tribe-common-form-control-text__input tribe-events-c-search__input\"\n\t\tdata-js=\"tribe-events-events-bar-input-control-input\"\n\t\ttype=\"text\"\n\t\tid=\"tribe-events-events-bar-keyword\"\n\t\tname=\"tribe-events-views[tribe-bar-search]\"\n\t\tvalue=\"\"\n\t\tplaceholder=\"Buscar eventos\"\n\t\taria-label=\"Introduce la palabra clave. Busca eventos para la palabra clave.\"\n\t\/>\n\t<svg\n\t class=\"tribe-common-c-svgicon tribe-common-c-svgicon--search tribe-events-c-search__input-control-icon-svg\" \taria-hidden=\"true\"\n\tviewBox=\"0 0 16 16\"\n\txmlns=\"http:\/\/www.w3.org\/2000\/svg\"\n>\n\t<path fill-rule=\"evenodd\" clip-rule=\"evenodd\" d=\"M11.164 10.133L16 14.97 14.969 16l-4.836-4.836a6.225 6.225 0 01-3.875 1.352 6.24 6.24 0 01-4.427-1.832A6.272 6.272 0 010 6.258 6.24 6.24 0 011.831 1.83 6.272 6.272 0 016.258 0c1.67 0 3.235.658 4.426 1.831a6.272 6.272 0 011.832 4.427c0 1.422-.48 2.773-1.352 3.875zM6.258 1.458c-1.28 0-2.49.498-3.396 1.404-1.866 1.867-1.866 4.925 0 6.791a4.774 4.774 0 003.396 1.405c1.28 0 2.489-.498 3.395-1.405 1.867-1.866 1.867-4.924 0-6.79a4.774 4.774 0 00-3.395-1.405z\"\/>\n<\/svg>\n<\/div>\n<div\n\tclass=\"tribe-common-form-control-text tribe-events-c-search__input-control tribe-events-c-search__input-control--location\"\n\tdata-js=\"tribe-events-events-bar-input-control\"\n>\n\t<label class=\"tribe-common-form-control-text__label\" for=\"tribe-events-events-bar-location\">\n\t\tEnter Location. Search for Eventos by Location.\t<\/label>\n\t<input\n\t\tclass=\"tribe-common-form-control-text__input tribe-events-c-search__input tribe-events-c-search__input--icon\"\n\t\tdata-js=\"tribe-events-events-bar-input-control-input\"\n\t\ttype=\"text\"\n\t\tid=\"tribe-events-events-bar-location\"\n\t\tname=\"tribe-events-views[tribe-bar-location]\"\n\t\tvalue=\"\"\n\t\tplaceholder=\"In a location\"\n\t\taria-label=\"Enter Location. Search for Eventos by Location.\"\n\t\/>\n\t<svg\n\t class=\"tribe-common-c-svgicon tribe-common-c-svgicon--location tribe-events-c-search__input-control-icon-svg\" \taria-hidden=\"true\"\n\tviewBox=\"0 0 10 16\"\n\txmlns=\"http:\/\/www.w3.org\/2000\/svg\"\n>\n\t<path fill-rule=\"evenodd\" clip-rule=\"evenodd\" d=\"M8.682 1.548a5.166 5.166 0 00-7.375 0C-3.073 5.984 4.959 15.36 4.994 15.36c.051-.001 8.092-9.35 3.688-13.812zM4.994 2.833c1.27 0 2.301 1.043 2.301 2.331 0 1.287-1.03 2.33-2.301 2.33-1.272 0-2.3-1.043-2.3-2.33 0-1.287 1.028-2.331 2.3-2.331z\"\/>\n<\/svg>\n<\/div>\n\t\t<\/div>\n\n\t\t<button\n\tclass=\"tribe-common-c-btn tribe-events-c-search__button\"\n\ttype=\"submit\"\n\tname=\"submit-bar\"\n>\n\tBuscar Eventos<\/button>\n\t<\/form>\n<\/div>\n\t\t<\/div>\n\t\n\t<div class=\"tribe-events-c-events-bar__views\">\n\t<h3 class=\"tribe-common-a11y-visual-hide\">\n\t\tNavegaci\u00f3n de vistas de Evento\t<\/h3>\n\t<div  class=\"tribe-events-c-view-selector tribe-events-c-view-selector--labels\"  data-js=\"tribe-events-view-selector\">\n\t\t<button\n\t\t\tclass=\"tribe-events-c-view-selector__button tribe-common-c-btn__clear\"\n\t\t\tdata-js=\"tribe-events-view-selector-button\"\n\t\t\taria-current=\"true\"\n\t\t\taria-description=\"Select Calendar View\"\n\t\t>\n\t\t\t<span class=\"tribe-events-c-view-selector__button-icon\">\n\t\t\t\t<svg\n\t class=\"tribe-common-c-svgicon tribe-common-c-svgicon--month tribe-events-c-view-selector__button-icon-svg\" \taria-hidden=\"true\"\n\tviewBox=\"0 0 18 19\"\n\txmlns=\"http:\/\/www.w3.org\/2000\/svg\"\n>\n\t<path fill-rule=\"evenodd\" clip-rule=\"evenodd\" d=\"M0 .991v17.04c0 .236.162.428.361.428h17.175c.2 0 .361-.192.361-.429V.991c0-.237-.162-.428-.361-.428H.36C.161.563 0 .754 0 .99zm.985.803H16.89v2.301H.985v-2.3zM16.89 5.223H.985v12H16.89v-12zM6.31 7.366v.857c0 .237.192.429.429.429h.857a.429.429 0 00.428-.429v-.857a.429.429 0 00-.428-.429H6.74a.429.429 0 00-.429.429zm3.429.857v-.857c0-.237.191-.429.428-.429h.857c.237 0 .429.192.429.429v.857a.429.429 0 01-.429.429h-.857a.429.429 0 01-.428-.429zm3.428-.857v.857c0 .237.192.429.429.429h.857a.429.429 0 00.428-.429v-.857a.429.429 0 00-.428-.429h-.857a.429.429 0 00-.429.429zm-6.857 4.286v-.858c0-.236.192-.428.429-.428h.857c.236 0 .428.192.428.428v.858a.429.429 0 01-.428.428H6.74a.429.429 0 01-.429-.428zm3.429-.858v.858c0 .236.191.428.428.428h.857a.429.429 0 00.429-.428v-.858a.429.429 0 00-.429-.428h-.857a.428.428 0 00-.428.428zm3.428.858v-.858c0-.236.192-.428.429-.428h.857c.236 0 .428.192.428.428v.858a.429.429 0 01-.428.428h-.857a.429.429 0 01-.429-.428zm-10.286-.858v.858c0 .236.192.428.429.428h.857a.429.429 0 00.429-.428v-.858a.429.429 0 00-.429-.428h-.857a.429.429 0 00-.429.428zm0 4.286v-.857c0-.237.192-.429.429-.429h.857c.237 0 .429.192.429.429v.857a.429.429 0 01-.429.429h-.857a.429.429 0 01-.429-.429zm3.429-.857v.857c0 .237.192.429.429.429h.857a.429.429 0 00.428-.429v-.857a.429.429 0 00-.428-.429H6.74a.429.429 0 00-.429.429zm3.429.857v-.857c0-.237.191-.429.428-.429h.857c.237 0 .429.192.429.429v.857a.429.429 0 01-.429.429h-.857a.429.429 0 01-.428-.429z\" class=\"tribe-common-c-svgicon__svg-fill\"\/>\n<\/svg>\n\t\t\t<\/span>\n\t\t\t<span class=\"tribe-events-c-view-selector__button-text tribe-common-a11y-visual-hide\">\n\t\t\t\tMes\t\t\t<\/span>\n\t\t\t<svg\n\t class=\"tribe-common-c-svgicon tribe-common-c-svgicon--caret-down tribe-events-c-view-selector__button-icon-caret-svg\" \taria-hidden=\"true\"\n\tviewBox=\"0 0 10 7\"\n\txmlns=\"http:\/\/www.w3.org\/2000\/svg\"\n>\n\t<path fill-rule=\"evenodd\" clip-rule=\"evenodd\" d=\"M1.008.609L5 4.6 8.992.61l.958.958L5 6.517.05 1.566l.958-.958z\" class=\"tribe-common-c-svgicon__svg-fill\"\/>\n<\/svg>\n\t\t<\/button>\n\t\t<div\n\tclass=\"tribe-events-c-view-selector__content\"\n\tid=\"tribe-events-view-selector-content\"\n\tdata-js=\"tribe-events-view-selector-list-container\"\n>\n\t<ul class=\"tribe-events-c-view-selector__list\">\n\t\t\t\t\t<li\n\t class=\"tribe-events-c-view-selector__list-item tribe-events-c-view-selector__list-item--list\" >\n\t<a\n\t\thref=\"https:\/\/boulder.earth\/es\/events\/(\/?:list)\/&#038;shortcode=42cf1b8c\"\n\t\tclass=\"tribe-events-c-view-selector__list-item-link\"\n\t\tdata-js=\"tribe-events-view-link\"\n\t\taria-label=\"Display Eventos in Lista View\"\n\t\t\t>\n\t\t<span class=\"tribe-events-c-view-selector__list-item-icon\">\n\t\t\t<svg\n\t class=\"tribe-common-c-svgicon tribe-common-c-svgicon--list tribe-events-c-view-selector__list-item-icon-svg\" \taria-hidden=\"true\"\n\tviewBox=\"0 0 19 19\"\n\txmlns=\"http:\/\/www.w3.org\/2000\/svg\"\n>\n\t<path fill-rule=\"evenodd\" clip-rule=\"evenodd\" d=\"M.451.432V17.6c0 .238.163.432.364.432H18.12c.2 0 .364-.194.364-.432V.432c0-.239-.163-.432-.364-.432H.815c-.2 0-.364.193-.364.432zm.993.81h16.024V3.56H1.444V1.24zM17.468 3.56H1.444v13.227h16.024V3.56z\" class=\"tribe-common-c-svgicon__svg-fill\"\/>\n\t<g clip-path=\"url(#tribe-events-c-view-selector__list-item-icon-svg-0)\" class=\"tribe-common-c-svgicon__svg-fill\">\n\t\t<path fill-rule=\"evenodd\" clip-rule=\"evenodd\" d=\"M11.831 4.912v1.825c0 .504.409.913.913.913h1.825a.913.913 0 00.912-.913V4.912A.913.913 0 0014.57 4h-1.825a.912.912 0 00-.913.912z\"\/>\n\t\t<path d=\"M8.028 7.66a.449.449 0 00.446-.448v-.364c0-.246-.2-.448-.446-.448h-4.13a.449.449 0 00-.447.448v.364c0 .246.201.448.447.448h4.13zM9.797 5.26a.449.449 0 00.447-.448v-.364c0-.246-.201-.448-.447-.448h-5.9a.449.449 0 00-.446.448v.364c0 .246.201.448.447.448h5.9z\"\/>\n\t<\/g>\n\t<g clip-path=\"url(#tribe-events-c-view-selector__list-item-icon-svg-1)\" class=\"tribe-common-c-svgicon__svg-fill\">\n\t\t\t<path fill-rule=\"evenodd\" clip-rule=\"evenodd\" d=\"M11.831 10.912v1.825c0 .505.409.913.913.913h1.825a.913.913 0 00.912-.912v-1.825A.913.913 0 0014.57 10h-1.825a.912.912 0 00-.913.912z\"\/>\n\t\t<path d=\"M8.028 13.66a.449.449 0 00.446-.448v-.364c0-.246-.2-.448-.446-.448h-4.13a.449.449 0 00-.447.448v.364c0 .246.201.448.447.448h4.13zM9.797 11.26a.449.449 0 00.447-.448v-.364c0-.246-.201-.448-.447-.448h-5.9a.449.449 0 00-.446.448v.364c0 .246.201.448.447.448h5.9z\"\/>\n\t<\/g>\n\t<defs>\n\t\t<clipPath id=\"tribe-events-c-view-selector__list-item-icon-svg-0\">\n\t\t\t<path transform=\"translate(3.451 4)\" d=\"M0 0h13v4H0z\"\/>\n\t\t<\/clipPath>\n\t\t<clipPath id=\"tribe-events-c-view-selector__list-item-icon-svg-1\">\n\t\t\t<path transform=\"translate(3.451 10)\" d=\"M0 0h13v4H0z\"\/>\n\t\t<\/clipPath>\n\t<\/defs>\n<\/svg>\n\t\t<\/span>\n\t\t<span class=\"tribe-events-c-view-selector__list-item-text\">\n\t\t\tLista\t\t<\/span>\n\t<\/a>\n<\/li>\n\t\t\t\t\t<li\n\t class=\"tribe-events-c-view-selector__list-item tribe-events-c-view-selector__list-item--month tribe-events-c-view-selector__list-item--active\" >\n\t<a\n\t\thref=\"https:\/\/boulder.earth\/es\/events\/(\/?:month)\/&#038;shortcode=42cf1b8c\"\n\t\tclass=\"tribe-events-c-view-selector__list-item-link\"\n\t\tdata-js=\"tribe-events-view-link\"\n\t\taria-label=\"Display Eventos in Mes View\"\n\t\t\t\taria-current=\"true\"\n\t\t\t>\n\t\t<span class=\"tribe-events-c-view-selector__list-item-icon\">\n\t\t\t<svg\n\t class=\"tribe-common-c-svgicon tribe-common-c-svgicon--month tribe-events-c-view-selector__list-item-icon-svg\" \taria-hidden=\"true\"\n\tviewBox=\"0 0 18 19\"\n\txmlns=\"http:\/\/www.w3.org\/2000\/svg\"\n>\n\t<path fill-rule=\"evenodd\" clip-rule=\"evenodd\" d=\"M0 .991v17.04c0 .236.162.428.361.428h17.175c.2 0 .361-.192.361-.429V.991c0-.237-.162-.428-.361-.428H.36C.161.563 0 .754 0 .99zm.985.803H16.89v2.301H.985v-2.3zM16.89 5.223H.985v12H16.89v-12zM6.31 7.366v.857c0 .237.192.429.429.429h.857a.429.429 0 00.428-.429v-.857a.429.429 0 00-.428-.429H6.74a.429.429 0 00-.429.429zm3.429.857v-.857c0-.237.191-.429.428-.429h.857c.237 0 .429.192.429.429v.857a.429.429 0 01-.429.429h-.857a.429.429 0 01-.428-.429zm3.428-.857v.857c0 .237.192.429.429.429h.857a.429.429 0 00.428-.429v-.857a.429.429 0 00-.428-.429h-.857a.429.429 0 00-.429.429zm-6.857 4.286v-.858c0-.236.192-.428.429-.428h.857c.236 0 .428.192.428.428v.858a.429.429 0 01-.428.428H6.74a.429.429 0 01-.429-.428zm3.429-.858v.858c0 .236.191.428.428.428h.857a.429.429 0 00.429-.428v-.858a.429.429 0 00-.429-.428h-.857a.428.428 0 00-.428.428zm3.428.858v-.858c0-.236.192-.428.429-.428h.857c.236 0 .428.192.428.428v.858a.429.429 0 01-.428.428h-.857a.429.429 0 01-.429-.428zm-10.286-.858v.858c0 .236.192.428.429.428h.857a.429.429 0 00.429-.428v-.858a.429.429 0 00-.429-.428h-.857a.429.429 0 00-.429.428zm0 4.286v-.857c0-.237.192-.429.429-.429h.857c.237 0 .429.192.429.429v.857a.429.429 0 01-.429.429h-.857a.429.429 0 01-.429-.429zm3.429-.857v.857c0 .237.192.429.429.429h.857a.429.429 0 00.428-.429v-.857a.429.429 0 00-.428-.429H6.74a.429.429 0 00-.429.429zm3.429.857v-.857c0-.237.191-.429.428-.429h.857c.237 0 .429.192.429.429v.857a.429.429 0 01-.429.429h-.857a.429.429 0 01-.428-.429z\" class=\"tribe-common-c-svgicon__svg-fill\"\/>\n<\/svg>\n\t\t<\/span>\n\t\t<span class=\"tribe-events-c-view-selector__list-item-text\">\n\t\t\tMes\t\t<\/span>\n\t<\/a>\n<\/li>\n\t\t\t\t\t<li\n\t class=\"tribe-events-c-view-selector__list-item tribe-events-c-view-selector__list-item--day\" >\n\t<a\n\t\thref=\"https:\/\/boulder.earth\/es\/events\/(\/?:today)\/&#038;shortcode=42cf1b8c\"\n\t\tclass=\"tribe-events-c-view-selector__list-item-link\"\n\t\tdata-js=\"tribe-events-view-link\"\n\t\taria-label=\"Display Eventos in D\u00eda View\"\n\t\t\t>\n\t\t<span class=\"tribe-events-c-view-selector__list-item-icon\">\n\t\t\t<svg\n\t class=\"tribe-common-c-svgicon tribe-common-c-svgicon--day tribe-events-c-view-selector__list-item-icon-svg\" \taria-hidden=\"true\"\n\tviewBox=\"0 0 19 18\"\n\txmlns=\"http:\/\/www.w3.org\/2000\/svg\"\n>\n\t<path fill-rule=\"evenodd\" clip-rule=\"evenodd\" d=\"M.363 17.569V.43C.363.193.526 0 .726 0H18c.201 0 .364.193.364.431V17.57c0 .238-.163.431-.364.431H.726c-.2 0-.363-.193-.363-.431zm16.985-16.33H1.354v2.314h15.994V1.24zM1.354 4.688h15.994v12.07H1.354V4.687zm11.164 9.265v-1.498c0-.413.335-.748.748-.748h1.498c.413 0 .748.335.748.748v1.498a.749.749 0 01-.748.748h-1.498a.749.749 0 01-.748-.748z\" class=\"tribe-common-c-svgicon__svg-fill\"\/>\n<\/svg>\n\t\t<\/span>\n\t\t<span class=\"tribe-events-c-view-selector__list-item-text\">\n\t\t\tD\u00eda\t\t<\/span>\n\t<\/a>\n<\/li>\n\t\t\t\t\t<li\n\t class=\"tribe-events-c-view-selector__list-item tribe-events-c-view-selector__list-item--photo\" >\n\t<a\n\t\thref=\"https:\/\/boulder.earth\/es\/events\/photo\/?shortcode=42cf1b8c\"\n\t\tclass=\"tribe-events-c-view-selector__list-item-link\"\n\t\tdata-js=\"tribe-events-view-link\"\n\t\taria-label=\"Display Eventos in Photo View\"\n\t\t\t>\n\t\t<span class=\"tribe-events-c-view-selector__list-item-icon\">\n\t\t\t<svg\n\t class=\"tribe-common-c-svgicon tribe-common-c-svgicon--photo tribe-events-c-view-selector__list-item-icon-svg\" \taria-hidden=\"true\"\n\tviewBox=\"0 0 19 18\"\n\txmlns=\"http:\/\/www.w3.org\/2000\/svg\"\n>\n\t<path fill-rule=\"evenodd\" clip-rule=\"evenodd\" d=\"M17.536 0H.539a.484.484 0 00-.495.483v17.034c0 .27.218.483.495.483h16.997a.484.484 0 00.495-.483V.483A.484.484 0 0017.536 0zm-.515.986V13.73l-1.907-2.938c-.555-.58-1.584-.58-2.139 0l-1.327 1.41-3.841-4.31a1.548 1.548 0 00-1.169-.502c-.435 0-.871.193-1.148.522l-4.436 4.929V.986h15.967zM1.054 14.329v2.705h15.987v-1.835l-2.66-3.73c-.178-.175-.495-.175-.653 0l-1.703 1.816c-.1.097-.218.174-.377.155a.569.569 0 01-.376-.174L7.054 8.53a.577.577 0 00-.416-.174.504.504 0 00-.396.174l-5.188 5.798z\" class=\"tribe-common-c-svgicon__svg-fill\"\/><path fill-rule=\"evenodd\" clip-rule=\"evenodd\" d=\"M14.682 5.875c0 1.043-.825 1.875-1.82 1.875-.993 0-1.818-.832-1.818-1.875C11.044 4.83 11.85 4 12.863 4c1.012 0 1.819.831 1.819 1.875zm-.957 0c0-.483-.393-.89-.862-.89s-.863.407-.863.89c0 .483.394.889.863.889s.862-.406.862-.89z\" class=\"tribe-common-c-svgicon__svg-fill\"\/>\n<\/svg>\n\t\t<\/span>\n\t\t<span class=\"tribe-events-c-view-selector__list-item-text\">\n\t\t\tPhoto\t\t<\/span>\n\t<\/a>\n<\/li>\n\t\t\t\t\t<li\n\t class=\"tribe-events-c-view-selector__list-item tribe-events-c-view-selector__list-item--week\" >\n\t<a\n\t\thref=\"https:\/\/boulder.earth\/es\/events\/week\/?shortcode=42cf1b8c\"\n\t\tclass=\"tribe-events-c-view-selector__list-item-link\"\n\t\tdata-js=\"tribe-events-view-link\"\n\t\taria-label=\"Display Eventos in Week View\"\n\t\t\t>\n\t\t<span class=\"tribe-events-c-view-selector__list-item-icon\">\n\t\t\t<svg\n\t class=\"tribe-common-c-svgicon tribe-common-c-svgicon--week tribe-events-c-view-selector__list-item-icon-svg\" \taria-hidden=\"true\"\n\tviewBox=\"0 0 19 18\"\n\txmlns=\"http:\/\/www.w3.org\/2000\/svg\"\n>\n\t<path fill-rule=\"evenodd\" clip-rule=\"evenodd\" d=\"M.363.431V17.57c0 .238.163.431.363.431H18c.201 0 .364-.193.364-.431V.43c0-.238-.163-.431-.364-.431H.726c-.2 0-.363.193-.363.431zm.99.808h15.995v2.314H1.354V1.24zm15.995 3.449H1.354v12.07h15.994V4.687zM6.71 10.29v.862c0 .239.193.431.431.431h.862a.431.431 0 00.431-.43v-.863a.431.431 0 00-.43-.43H7.14a.431.431 0 00-.43.43zm3.448.862v-.862c0-.238.193-.43.431-.43h.862c.238 0 .431.192.431.43v.862a.431.431 0 01-.43.431h-.863a.431.431 0 01-.43-.43zm3.449-.862v.862c0 .239.193.431.43.431h.863a.431.431 0 00.43-.43v-.863a.431.431 0 00-.43-.43h-.862a.431.431 0 00-.431.43zm-10.345.862v-.862c0-.238.193-.43.43-.43h.863c.238 0 .43.192.43.43v.862a.431.431 0 01-.43.431h-.862a.431.431 0 01-.431-.43z\" class=\"tribe-common-c-svgicon__svg-fill\"\/>\n<\/svg>\n\t\t<\/span>\n\t\t<span class=\"tribe-events-c-view-selector__list-item-text\">\n\t\t\tWeek\t\t<\/span>\n\t<\/a>\n<\/li>\n\t\t\t<\/ul>\n<\/div>\n\t<\/div>\n<\/div>\n\n<\/div>\n\n\t<div class=\"tribe-events-c-top-bar tribe-events-header__top-bar\">\n\n\t<nav class=\"tribe-events-c-top-bar__nav tribe-common-a11y-hidden\" aria-label=\"Eventos Pagination\">\n\t<ul class=\"tribe-events-c-top-bar__nav-list\">\n\t\t<li class=\"tribe-events-c-top-bar__nav-list-item\">\n\t<a\n\t\thref=\"https:\/\/boulder.earth\/es\/events\/(\/?:month)\/2026-03\/&#038;shortcode=42cf1b8c\"\n\t\tclass=\"tribe-common-c-btn-icon tribe-common-c-btn-icon--caret-left tribe-events-c-top-bar__nav-link tribe-events-c-top-bar__nav-link--prev\"\n\t\taria-label=\"Mes anterior\"\n\t\ttitle=\"Mes anterior\"\n\t\tdata-js=\"tribe-events-view-link\"\n\t\trel=\"prev\"\n\t>\n\t\t<svg\n\t class=\"tribe-common-c-svgicon tribe-common-c-svgicon--caret-left tribe-common-c-btn-icon__icon-svg tribe-events-c-top-bar__nav-link-icon-svg\" \taria-hidden=\"true\"\n\tviewBox=\"0 0 10 16\"\n\txmlns=\"http:\/\/www.w3.org\/2000\/svg\"\n>\n\t<path d=\"M9.7 14.4l-1.5 1.5L.3 8 8.2.1l1.5 1.5L3.3 8l6.4 6.4z\"\/>\n<\/svg>\n\t<\/a>\n<\/li>\n\n\t\t<li class=\"tribe-events-c-top-bar__nav-list-item\">\n\t<a\n\t\thref=\"https:\/\/boulder.earth\/es\/events\/(\/?:month)\/2026-05\/&#038;shortcode=42cf1b8c\"\n\t\tclass=\"tribe-common-c-btn-icon tribe-common-c-btn-icon--caret-right tribe-events-c-top-bar__nav-link tribe-events-c-top-bar__nav-link--next\"\n\t\taria-label=\"Mes siguiente\"\n\t\ttitle=\"Mes siguiente\"\n\t\tdata-js=\"tribe-events-view-link\"\n\t\trel=\"next\"\n\t>\n\t\t<svg\n\t class=\"tribe-common-c-svgicon tribe-common-c-svgicon--caret-right tribe-common-c-btn-icon__icon-svg tribe-events-c-top-bar__nav-link-icon-svg\" \taria-hidden=\"true\"\n\tviewBox=\"0 0 10 16\"\n\txmlns=\"http:\/\/www.w3.org\/2000\/svg\"\n>\n\t<path d=\"M.3 1.6L1.8.1 9.7 8l-7.9 7.9-1.5-1.5L6.7 8 .3 1.6z\"\/>\n<\/svg>\n\t<\/a>\n<\/li>\n\t<\/ul>\n<\/nav>\n\n\t<a\n\thref=\"https:\/\/boulder.earth\/es\/events\/(\/?:month)\/&#038;rest_route=%2Fwp%2Fv2%2Fpages%2F10611&#038;shortcode=42cf1b8c\"\n\tclass=\"tribe-common-c-btn-border-small tribe-events-c-top-bar__today-button tribe-common-a11y-hidden\"\n\tdata-js=\"tribe-events-view-link\"\n\taria-description=\"Click to select the current month\"\n>\n\tMes actual<\/a>\n\n\t<div class=\"tribe-events-c-top-bar__datepicker\">\n\t<button\n\t\tclass=\"tribe-common-c-btn__clear tribe-common-h3 tribe-common-h--alt tribe-events-c-top-bar__datepicker-button\"\n\t\tdata-js=\"tribe-events-top-bar-datepicker-button\"\n\t\ttype=\"button\"\n\t\taria-description=\"Haz clic para desplegar el selector de fechas\"\n\t>\n\t\t<time\n\t\t\tdatetime=\"2026-04\"\n\t\t\tclass=\"tribe-events-c-top-bar__datepicker-time\"\n\t\t>\n\t\t\t<span class=\"tribe-events-c-top-bar__datepicker-mobile\">\n\t\t\t\t2026-04-28\t\t\t<\/span>\n\t\t\t<span class=\"tribe-events-c-top-bar__datepicker-desktop tribe-common-a11y-hidden\">\n\t\t\t\tabril 2026\t\t\t<\/span>\n\t\t<\/time>\n\t\t<svg\n\t class=\"tribe-common-c-svgicon tribe-common-c-svgicon--caret-down tribe-events-c-top-bar__datepicker-button-icon-svg\" \taria-hidden=\"true\"\n\tviewBox=\"0 0 10 7\"\n\txmlns=\"http:\/\/www.w3.org\/2000\/svg\"\n>\n\t<path fill-rule=\"evenodd\" clip-rule=\"evenodd\" d=\"M1.008.609L5 4.6 8.992.61l.958.958L5 6.517.05 1.566l.958-.958z\" class=\"tribe-common-c-svgicon__svg-fill\"\/>\n<\/svg>\n\t<\/button>\n\t<label\n\t\tclass=\"tribe-events-c-top-bar__datepicker-label tribe-common-a11y-visual-hide\"\n\t\tfor=\"tribe-events-top-bar-date\"\n\t>\n\t\tSeleccionar fecha.\t<\/label>\n\t<input\n\t\ttype=\"text\"\n\t\tclass=\"tribe-events-c-top-bar__datepicker-input tribe-common-a11y-visual-hide\"\n\t\tdata-js=\"tribe-events-top-bar-date\"\n\t\tid=\"tribe-events-top-bar-date\"\n\t\tname=\"tribe-events-views[tribe-bar-date]\"\n\t\tvalue=\"2026-04-28\"\n\t\ttabindex=\"-1\"\n\t\tautocomplete=\"off\"\n\t\treadonly=\"readonly\"\n\t\t\t\/>\n\t<div class=\"tribe-events-c-top-bar__datepicker-container\" data-js=\"tribe-events-top-bar-datepicker-container\"><\/div>\n\t<template class=\"tribe-events-c-top-bar__datepicker-template-prev-icon\">\n\t\t<svg\n\t class=\"tribe-common-c-svgicon tribe-common-c-svgicon--caret-left tribe-events-c-top-bar__datepicker-nav-icon-svg\" \taria-hidden=\"true\"\n\tviewBox=\"0 0 10 16\"\n\txmlns=\"http:\/\/www.w3.org\/2000\/svg\"\n>\n\t<path d=\"M9.7 14.4l-1.5 1.5L.3 8 8.2.1l1.5 1.5L3.3 8l6.4 6.4z\"\/>\n<\/svg>\n\t<\/template>\n\t<template class=\"tribe-events-c-top-bar__datepicker-template-next-icon\">\n\t\t<svg\n\t class=\"tribe-common-c-svgicon tribe-common-c-svgicon--caret-right tribe-events-c-top-bar__datepicker-nav-icon-svg\" \taria-hidden=\"true\"\n\tviewBox=\"0 0 10 16\"\n\txmlns=\"http:\/\/www.w3.org\/2000\/svg\"\n>\n\t<path d=\"M.3 1.6L1.8.1 9.7 8l-7.9 7.9-1.5-1.5L6.7 8 .3 1.6z\"\/>\n<\/svg>\n\t<\/template>\n<\/div>\n\n\t\n\t<div class=\"tribe-events-c-top-bar__actions tribe-common-a11y-hidden\">\n\t<\/div>\n\n<\/div>\n<\/header>\n\n\t\t\n\t\t<h2 class=\"tribe-common-a11y-visual-hide\" id=\"tribe-events-calendar-header\">\n\t\t\t\t\t\tCalendario de Eventos\t\t<\/h2>\n\t\t<table\n\t\t\tclass=\"tribe-events-calendar-month\"\n\t\t\tdata-js=\"tribe-events-month-grid\"\n\t\t>\n\n\t\t\t<thead class=\"tribe-events-calendar-month__header\">\n<tr>\n\t\t\t<th\n\t\t\tclass=\"tribe-events-calendar-month__header-column\"\n\t\t\tscope=\"col\"\n\t\t\tabbr=\"dom\"\n\t\t>\n\t\t\t<div class=\"tribe-events-calendar-month__header-column-title tribe-common-b3\">\n\t\t\t\t\t<span aria-hidden=\"true\">\n\t\t\t\t\t\tD\t\t\t\t\t<\/span>\n\t\t\t\t<span class=\"screen-reader-text\">\n\t\t\t\t\t\tdomingo\t\t\t\t\t<\/span>\n\t\t\t<\/div>\n\t\t<\/th>\n\t\t\t<th\n\t\t\tclass=\"tribe-events-calendar-month__header-column\"\n\t\t\tscope=\"col\"\n\t\t\tabbr=\"lun\"\n\t\t>\n\t\t\t<div class=\"tribe-events-calendar-month__header-column-title tribe-common-b3\">\n\t\t\t\t\t<span aria-hidden=\"true\">\n\t\t\t\t\t\tL\t\t\t\t\t<\/span>\n\t\t\t\t<span class=\"screen-reader-text\">\n\t\t\t\t\t\tlunes\t\t\t\t\t<\/span>\n\t\t\t<\/div>\n\t\t<\/th>\n\t\t\t<th\n\t\t\tclass=\"tribe-events-calendar-month__header-column\"\n\t\t\tscope=\"col\"\n\t\t\tabbr=\"mar\"\n\t\t>\n\t\t\t<div class=\"tribe-events-calendar-month__header-column-title tribe-common-b3\">\n\t\t\t\t\t<span aria-hidden=\"true\">\n\t\t\t\t\t\tM\t\t\t\t\t<\/span>\n\t\t\t\t<span class=\"screen-reader-text\">\n\t\t\t\t\t\tmartes\t\t\t\t\t<\/span>\n\t\t\t<\/div>\n\t\t<\/th>\n\t\t\t<th\n\t\t\tclass=\"tribe-events-calendar-month__header-column\"\n\t\t\tscope=\"col\"\n\t\t\tabbr=\"mi\u00e9\"\n\t\t>\n\t\t\t<div class=\"tribe-events-calendar-month__header-column-title tribe-common-b3\">\n\t\t\t\t\t<span aria-hidden=\"true\">\n\t\t\t\t\t\tX\t\t\t\t\t<\/span>\n\t\t\t\t<span class=\"screen-reader-text\">\n\t\t\t\t\t\tmi\u00e9rcoles\t\t\t\t\t<\/span>\n\t\t\t<\/div>\n\t\t<\/th>\n\t\t\t<th\n\t\t\tclass=\"tribe-events-calendar-month__header-column\"\n\t\t\tscope=\"col\"\n\t\t\tabbr=\"jue\"\n\t\t>\n\t\t\t<div class=\"tribe-events-calendar-month__header-column-title tribe-common-b3\">\n\t\t\t\t\t<span aria-hidden=\"true\">\n\t\t\t\t\t\tJ\t\t\t\t\t<\/span>\n\t\t\t\t<span class=\"screen-reader-text\">\n\t\t\t\t\t\tjueves\t\t\t\t\t<\/span>\n\t\t\t<\/div>\n\t\t<\/th>\n\t\t\t<th\n\t\t\tclass=\"tribe-events-calendar-month__header-column\"\n\t\t\tscope=\"col\"\n\t\t\tabbr=\"vie\"\n\t\t>\n\t\t\t<div class=\"tribe-events-calendar-month__header-column-title tribe-common-b3\">\n\t\t\t\t\t<span aria-hidden=\"true\">\n\t\t\t\t\t\tV\t\t\t\t\t<\/span>\n\t\t\t\t<span class=\"screen-reader-text\">\n\t\t\t\t\t\tviernes\t\t\t\t\t<\/span>\n\t\t\t<\/div>\n\t\t<\/th>\n\t\t\t<th\n\t\t\tclass=\"tribe-events-calendar-month__header-column\"\n\t\t\tscope=\"col\"\n\t\t\tabbr=\"s\u00e1b\"\n\t\t>\n\t\t\t<div class=\"tribe-events-calendar-month__header-column-title tribe-common-b3\">\n\t\t\t\t\t<span aria-hidden=\"true\">\n\t\t\t\t\t\tS\t\t\t\t\t<\/span>\n\t\t\t\t<span class=\"screen-reader-text\">\n\t\t\t\t\t\ts\u00e1bado\t\t\t\t\t<\/span>\n\t\t\t<\/div>\n\t\t<\/th>\n\t<\/tr>\n<\/thead>\n\n\t\t\t\n<tbody class=\"tribe-events-calendar-month__body\">\n\t\t\t<tr class=\"tribe-events-calendar-month__week\" data-js=\"tribe-events-month-grid-row\">\n\t\t\t\n\t\t\t\t<td\n\t class=\"tribe-events-calendar-month__day tribe-events-calendar-month__day--past tribe-events-calendar-month__day--other-month tribe-events-calendar-month__day--past-month\" \taria-labelledby=\"tribe-events-calendar-day-2026-03-29\"\n\tdata-js=\"tribe-events-month-grid-cell\"\n>\n\t<button\n\taria-expanded=\"false\"\n\taria-controls=\"tribe-events-calendar-mobile-day-2026-03-29\"\n\taria-label=\"marzo 29, 1 evento, past day\"\n\t class=\"tribe-events-calendar-month__day-cell tribe-events-calendar-month__day-cell--mobile\" \tdata-js=\"tribe-events-calendar-month-day-cell-mobile\"\n>\n\t<h3 class=\"tribe-events-calendar-month__day-date tribe-common-h6 tribe-common-h--alt\">\n\t\t<span class=\"tribe-common-a11y-visual-hide\">\n\t\t\t1 evento\t\t<\/span>\n\t\t<time\n\t\t\tclass=\"tribe-events-calendar-month__day-date-daynum\"\n\t\t\tdatetime=\"2026-03-29\"\n\t\t>\n\t\t\t29\t\t<\/time>\n\t<\/h3>\n\t\n\t<span class=\"tribe-events-calendar-month__mobile-events-icon tribe-events-calendar-month__mobile-events-icon--event\" >\n\t<\/span>\n<\/button>\n\t\n<div\n\tid=\"tribe-events-calendar-day-2026-03-29\"\n\tclass=\"tribe-events-calendar-month__day-cell tribe-events-calendar-month__day-cell--desktop tribe-common-a11y-hidden\"\n>\n\t\n<h3 class=\"tribe-events-calendar-month__day-date tribe-common-h4\">\n\t<span class=\"tribe-common-a11y-visual-hide\">\n\t\t1 evento,\n\t<\/span>\n\t<time\n\t\tclass=\"tribe-events-calendar-month__day-date-daynum\"\n\t\tdatetime=\"2026-03-29\"\n\t>\n\t\t\t\t\t<a\n\t\t\t\thref=\"https:\/\/boulder.earth\/es\/events\/2026-03-29\/?shortcode=42cf1b8c\"\n\t\t\t\tclass=\"tribe-events-calendar-month__day-date-link\"\n\t\t\t\tdata-js=\"tribe-events-view-link\"\n\t\t\t\taria-label=\"marzo 29\"\n\t\t\t>\n\t\t\t\t29\t\t\t<\/a>\n\t\t\t<\/time>\n<\/h3>\n\n\t<div class=\"tribe-events-calendar-month__events\">\n\t\t\n\t\t\n\t\n\t\n<article  class=\"tribe-events-calendar-month__calendar-event post-10003019 tribe_events type-tribe_events status-publish has-post-thumbnail hentry tribe_events_cat-activism tribe_events_cat-community tribe_events_cat-culture-building tribe_events_cat-governance tribe_events_cat-human-rights tribe_events_cat-resilience tribe_events_cat-social-justice cat_activism cat_community cat_culture-building cat_governance cat_human-rights cat_resilience cat_social-justice tribe-recurring-event tribe-recurring-event-parent\" >\n\n\t\n\t<div class=\"tribe-events-calendar-month__calendar-event-details\">\n\n\t\t<div class=\"tribe-events-calendar-month__calendar-event-datetime\">\n\t\t<time datetime=\"12:00\">\n\t\t12:00 pm\t<\/time>\n\t\t\t<span class=\"tribe-events-calendar-month__calendar-event-datetime-separator\"> - <\/span>\n\t\t<time datetime=\"13:00\">\n\t\t\t1:00 pm\t\t<\/time>\n\t\t<\/div>\n\t\t<div class=\"tribe-events-calendar-month__calendar-event-title tribe-common-h8 tribe-common-h--alt\">\n\t<a\n\t\thref=\"https:\/\/boulder.earth\/es\/event\/weekly-vigil-for-palestine\/2026-03-29\/\"\n\t\ttitle=\"Weekly Vigil for Palestine\"\n\t\trel=\"bookmark\"\n\t\tclass=\"tribe-events-calendar-month__calendar-event-title-link tribe-common-anchor-thin\"\n\t\tdata-js=\"tribe-events-tooltip\"\n\t\tdata-tooltip-content=\"#tribe-events-tooltip-content-10003019\"\n\t\taria-describedby=\"tribe-events-tooltip-content-10003019\"\n\t>\n\t\tWeekly Vigil for Palestine\t<\/a>\n<\/div>\n\n\t\t<div class=\"tribe-events-calendar-month__calendar-event-tooltip-template tribe-common-a11y-hidden\">\n\t<div\n\t\tclass=\"tribe-events-calendar-month__calendar-event-tooltip\"\n\t\tid=\"tribe-events-tooltip-content-10003019\"\n\t\trole=\"tooltip\"\n\t>\n\t\t<div class=\"tribe-events-calendar-month__calendar-event-tooltip-featured-image-wrapper\">\n\t<img\n\t\tclass=\"tribe-events-calendar-month__calendar-event-tooltip-featured-image\"\n\t\tsrc=\"https:\/\/boulder.earth\/wp-content\/uploads\/2025\/03\/Screenshot_20250305-020854-e1742511421283.png\"\n\t\t\t\t\tsrcset=\"https:\/\/boulder.earth\/wp-content\/uploads\/2025\/03\/Screenshot_20250305-020854-300x286.png 300w, https:\/\/boulder.earth\/wp-content\/uploads\/2025\/03\/Screenshot_20250305-020854-13x12.png 13w, https:\/\/boulder.earth\/wp-content\/uploads\/2025\/03\/Screenshot_20250305-020854-720x684.png 720w, https:\/\/boulder.earth\/wp-content\/uploads\/2025\/03\/Screenshot_20250305-020854-705x673.png 705w, https:\/\/boulder.earth\/wp-content\/uploads\/2025\/03\/Screenshot_20250305-020854-e1742511421283.png 600w\"\n\t\t\t\t\t\t\talt=\"\"\n\t\t\t\/>\n<\/div>\n\t\t<div class=\"tribe-events-calendar-month__calendar-event-tooltip-datetime\">\n\t\t<time datetime=\"2026-03-29\">\n\t\t<span class=\"tribe-event-date-start\">marzo 29 @ 12:00 pm<\/span> - <span class=\"tribe-event-time\">1:00 pm<\/span>\t<\/time>\n\t<\/div>\n\t\t<div class=\"tribe-events-calendar-month__calendar-event-tooltip-title tribe-common-h7\">\n\t<a\n\t\thref=\"https:\/\/boulder.earth\/es\/event\/weekly-vigil-for-palestine\/2026-03-29\/\"\n\t\ttitle=\"Weekly Vigil for Palestine\"\n\t\trel=\"bookmark\"\n\t\tclass=\"tribe-events-calendar-month__calendar-event-tooltip-title-link tribe-common-anchor-thin\"\n\t>\n\t\tWeekly Vigil for Palestine\t<\/a>\n<\/div>\n\t\t<div class=\"tribe-events-calendar-month__calendar-event-tooltip-description tribe-common-b3\">\n\t<p>Join Longmont for Palestine every Sunday from 12:00 - 1:00 pm on 6th &amp; Main St. in Longmont for a weekly Palestine vigil! Bring your signs and posters, or just stop on by to ask any questions you may have and get to know us! We will have signs available, as well as informational flyers, postcards, and zines.<\/p>\n<\/div>\n\t\t\t<\/div>\n<\/div>\n\n\t<\/div>\n\n<\/article>\n\n\t<\/div>\n\n\t\n<\/div>\n<\/td>\n\n\t\t\t\n\t\t\t\t<td\n\t class=\"tribe-events-calendar-month__day tribe-events-calendar-month__day--past tribe-events-calendar-month__day--other-month tribe-events-calendar-month__day--past-month\" \taria-labelledby=\"tribe-events-calendar-day-2026-03-30\"\n\tdata-js=\"tribe-events-month-grid-cell\"\n>\n\t<button\n\taria-expanded=\"false\"\n\taria-controls=\"tribe-events-calendar-mobile-day-2026-03-30\"\n\taria-label=\"marzo 30, 0 eventos, past day\"\n\t class=\"tribe-events-calendar-month__day-cell tribe-events-calendar-month__day-cell--mobile\" \tdata-js=\"tribe-events-calendar-month-day-cell-mobile\"\n>\n\t<div class=\"tribe-events-calendar-month__day-date tribe-common-h6 tribe-common-h--alt\">\n\t\t<span class=\"tribe-common-a11y-visual-hide\">\n\t\t\t0 eventos\t\t<\/span>\n\t\t<time\n\t\t\tclass=\"tribe-events-calendar-month__day-date-daynum\"\n\t\t\tdatetime=\"2026-03-30\"\n\t\t>\n\t\t\t30\t\t<\/time>\n\t<\/div>\n\t\n<\/button>\n\t\n<div\n\tid=\"tribe-events-calendar-day-2026-03-30\"\n\tclass=\"tribe-events-calendar-month__day-cell tribe-events-calendar-month__day-cell--desktop tribe-common-a11y-hidden\"\n>\n\t\n<div class=\"tribe-events-calendar-month__day-date tribe-common-h4\">\n\t<span class=\"tribe-common-a11y-visual-hide\">\n\t\t0 eventos,\n\t<\/span>\n\t<time\n\t\tclass=\"tribe-events-calendar-month__day-date-daynum\"\n\t\tdatetime=\"2026-03-30\"\n\t>\n\t\t\t\t\t30\t\t\t<\/time>\n<\/div>\n\n\t<div class=\"tribe-events-calendar-month__events\">\n\t\t\n\t\t\t<\/div>\n\n\t\n<\/div>\n<\/td>\n\n\t\t\t\n\t\t\t\t<td\n\t class=\"tribe-events-calendar-month__day tribe-events-calendar-month__day--past tribe-events-calendar-month__day--other-month tribe-events-calendar-month__day--past-month\" \taria-labelledby=\"tribe-events-calendar-day-2026-03-31\"\n\tdata-js=\"tribe-events-month-grid-cell\"\n>\n\t<button\n\taria-expanded=\"false\"\n\taria-controls=\"tribe-events-calendar-mobile-day-2026-03-31\"\n\taria-label=\"marzo 31, 3 eventos, past day\"\n\t class=\"tribe-events-calendar-month__day-cell tribe-events-calendar-month__day-cell--mobile\" \tdata-js=\"tribe-events-calendar-month-day-cell-mobile\"\n>\n\t<h3 class=\"tribe-events-calendar-month__day-date tribe-common-h6 tribe-common-h--alt\">\n\t\t<span class=\"tribe-common-a11y-visual-hide\">\n\t\t\t3 eventos\t\t<\/span>\n\t\t<time\n\t\t\tclass=\"tribe-events-calendar-month__day-date-daynum\"\n\t\t\tdatetime=\"2026-03-31\"\n\t\t>\n\t\t\t31\t\t<\/time>\n\t<\/h3>\n\t\n\t<span class=\"tribe-events-calendar-month__mobile-events-icon tribe-events-calendar-month__mobile-events-icon--event\" >\n\t<\/span>\n<\/button>\n\t\n<div\n\tid=\"tribe-events-calendar-day-2026-03-31\"\n\tclass=\"tribe-events-calendar-month__day-cell tribe-events-calendar-month__day-cell--desktop tribe-common-a11y-hidden\"\n>\n\t\n<h3 class=\"tribe-events-calendar-month__day-date tribe-common-h4\">\n\t<span class=\"tribe-common-a11y-visual-hide\">\n\t\t3 eventos,\n\t<\/span>\n\t<time\n\t\tclass=\"tribe-events-calendar-month__day-date-daynum\"\n\t\tdatetime=\"2026-03-31\"\n\t>\n\t\t\t\t\t<a\n\t\t\t\thref=\"https:\/\/boulder.earth\/es\/events\/2026-03-31\/?shortcode=42cf1b8c\"\n\t\t\t\tclass=\"tribe-events-calendar-month__day-date-link\"\n\t\t\t\tdata-js=\"tribe-events-view-link\"\n\t\t\t\taria-label=\"marzo 31\"\n\t\t\t>\n\t\t\t\t31\t\t\t<\/a>\n\t\t\t<\/time>\n<\/h3>\n\n\t<div class=\"tribe-events-calendar-month__events\">\n\t\t\n\t\t\n\t\n\t\n<article  class=\"tribe-events-calendar-month__calendar-event post-10003367 tribe_events type-tribe_events status-publish has-post-thumbnail hentry tribe_events_cat-activism tribe_events_cat-community tribe_events_cat-culture-building tribe_events_cat-education tribe_events_cat-human-rights tribe_events_cat-policy tribe_events_cat-resilience tribe_events_cat-social-justice tribe_events_cat-webinar cat_activism cat_community cat_culture-building cat_education cat_human-rights cat_policy cat_resilience cat_social-justice cat_webinar\" >\n\n\t\n\t<div class=\"tribe-events-calendar-month__calendar-event-details\">\n\n\t\t<div class=\"tribe-events-calendar-month__calendar-event-datetime\">\n\t\t<time datetime=\"17:00\">\n\t\t5:00 pm\t<\/time>\n\t\t\t<span class=\"tribe-events-calendar-month__calendar-event-datetime-separator\"> - <\/span>\n\t\t<time datetime=\"18:00\">\n\t\t\t6:00 pm\t\t<\/time>\n\t\t<\/div>\n\t\t<div class=\"tribe-events-calendar-month__calendar-event-title tribe-common-h8 tribe-common-h--alt\">\n\t<a\n\t\thref=\"https:\/\/boulder.earth\/es\/event\/thriving-through-transition-health-power-protecting-our-voice\/\"\n\t\ttitle=\"Thriving Through Transition: Health, Power &#038; Protecting Our Voice\"\n\t\trel=\"bookmark\"\n\t\tclass=\"tribe-events-calendar-month__calendar-event-title-link tribe-common-anchor-thin\"\n\t\tdata-js=\"tribe-events-tooltip\"\n\t\tdata-tooltip-content=\"#tribe-events-tooltip-content-10003367\"\n\t\taria-describedby=\"tribe-events-tooltip-content-10003367\"\n\t>\n\t\tThriving Through Transition: Health, Power &#038; Protecting Our Voice\t<\/a>\n<\/div>\n\n\t\t<div class=\"tribe-events-calendar-month__calendar-event-tooltip-template tribe-common-a11y-hidden\">\n\t<div\n\t\tclass=\"tribe-events-calendar-month__calendar-event-tooltip\"\n\t\tid=\"tribe-events-tooltip-content-10003367\"\n\t\trole=\"tooltip\"\n\t>\n\t\t<div class=\"tribe-events-calendar-month__calendar-event-tooltip-featured-image-wrapper\">\n\t<img\n\t\tclass=\"tribe-events-calendar-month__calendar-event-tooltip-featured-image\"\n\t\tsrc=\"https:\/\/boulder.earth\/wp-content\/uploads\/2026\/03\/8c06c6d5-5108-43c6-925c-fcae240c211f-e1774308906395.png\"\n\t\t\t\t\tsrcset=\"https:\/\/boulder.earth\/wp-content\/uploads\/2026\/03\/8c06c6d5-5108-43c6-925c-fcae240c211f-300x188.png 300w, https:\/\/boulder.earth\/wp-content\/uploads\/2026\/03\/8c06c6d5-5108-43c6-925c-fcae240c211f-18x12.png 18w, https:\/\/boulder.earth\/wp-content\/uploads\/2026\/03\/8c06c6d5-5108-43c6-925c-fcae240c211f-e1774308906395.png 600w\"\n\t\t\t\t\t\t\talt=\"\"\n\t\t\t\/>\n<\/div>\n\t\t<div class=\"tribe-events-calendar-month__calendar-event-tooltip-datetime\">\n\t\t<time datetime=\"2026-03-31\">\n\t\t<span class=\"tribe-event-date-start\">marzo 31 @ 5:00 pm<\/span> - <span class=\"tribe-event-time\">6:00 pm<\/span>\t<\/time>\n\t<\/div>\n\t\t<div class=\"tribe-events-calendar-month__calendar-event-tooltip-title tribe-common-h7\">\n\t<a\n\t\thref=\"https:\/\/boulder.earth\/es\/event\/thriving-through-transition-health-power-protecting-our-voice\/\"\n\t\ttitle=\"Thriving Through Transition: Health, Power &#038; Protecting Our Voice\"\n\t\trel=\"bookmark\"\n\t\tclass=\"tribe-events-calendar-month__calendar-event-tooltip-title-link tribe-common-anchor-thin\"\n\t>\n\t\tThriving Through Transition: Health, Power &#038; Protecting Our Voice\t<\/a>\n<\/div>\n\t\t<div class=\"tribe-events-calendar-month__calendar-event-tooltip-description tribe-common-b3\">\n\t<p>Join Women in NAACP (WIN) as we close out Women\u2019s History Month with a powerful conversation on health, empowerment, and advocacy.<\/p>\n<\/div>\n\t\t\t<\/div>\n<\/div>\n\n\t<\/div>\n\n<\/article>\n\n\t\n\t\n<article  class=\"tribe-events-calendar-month__calendar-event post-10003344 tribe_events type-tribe_events status-publish has-post-thumbnail hentry tribe_events_cat-activism tribe_events_cat-bilingual tribe_events_cat-community tribe_events_cat-resilience tribe_events_cat-social-justice cat_activism cat_bilingual cat_community cat_resilience cat_social-justice\" >\n\n\t\n\t<div class=\"tribe-events-calendar-month__calendar-event-details\">\n\n\t\t<div class=\"tribe-events-calendar-month__calendar-event-datetime\">\n\t\t<time datetime=\"18:00\">\n\t\t6:00 pm\t<\/time>\n\t\t\t<span class=\"tribe-events-calendar-month__calendar-event-datetime-separator\"> - <\/span>\n\t\t<time datetime=\"21:00\">\n\t\t\t9:00 pm\t\t<\/time>\n\t\t<\/div>\n\t\t<div class=\"tribe-events-calendar-month__calendar-event-title tribe-common-h8 tribe-common-h--alt\">\n\t<a\n\t\thref=\"https:\/\/boulder.earth\/es\/event\/3rd-annual-latino-chambers-empowered-women-conference\/\"\n\t\ttitle=\"3rd Annual Latino Chamber\u2019s Empowered Women Conference\"\n\t\trel=\"bookmark\"\n\t\tclass=\"tribe-events-calendar-month__calendar-event-title-link tribe-common-anchor-thin\"\n\t\tdata-js=\"tribe-events-tooltip\"\n\t\tdata-tooltip-content=\"#tribe-events-tooltip-content-10003344\"\n\t\taria-describedby=\"tribe-events-tooltip-content-10003344\"\n\t>\n\t\t3rd Annual Latino Chamber\u2019s Empowered Women Conference\t<\/a>\n<\/div>\n\n\t\t<div class=\"tribe-events-calendar-month__calendar-event-tooltip-template tribe-common-a11y-hidden\">\n\t<div\n\t\tclass=\"tribe-events-calendar-month__calendar-event-tooltip\"\n\t\tid=\"tribe-events-tooltip-content-10003344\"\n\t\trole=\"tooltip\"\n\t>\n\t\t<div class=\"tribe-events-calendar-month__calendar-event-tooltip-featured-image-wrapper\">\n\t<img\n\t\tclass=\"tribe-events-calendar-month__calendar-event-tooltip-featured-image\"\n\t\tsrc=\"https:\/\/boulder.earth\/wp-content\/uploads\/2026\/02\/Screenshot-2026-02-23-at-1.41.08-PM-e1771879309113.png\"\n\t\t\t\t\tsrcset=\"https:\/\/boulder.earth\/wp-content\/uploads\/2026\/02\/Screenshot-2026-02-23-at-1.41.08-PM-300x147.png 300w, https:\/\/boulder.earth\/wp-content\/uploads\/2026\/02\/Screenshot-2026-02-23-at-1.41.08-PM-1030x505.png 1030w, https:\/\/boulder.earth\/wp-content\/uploads\/2026\/02\/Screenshot-2026-02-23-at-1.41.08-PM-768x376.png 768w, https:\/\/boulder.earth\/wp-content\/uploads\/2026\/02\/Screenshot-2026-02-23-at-1.41.08-PM-1536x753.png 1536w, https:\/\/boulder.earth\/wp-content\/uploads\/2026\/02\/Screenshot-2026-02-23-at-1.41.08-PM-18x9.png 18w, https:\/\/boulder.earth\/wp-content\/uploads\/2026\/02\/Screenshot-2026-02-23-at-1.41.08-PM-1500x735.png 1500w, https:\/\/boulder.earth\/wp-content\/uploads\/2026\/02\/Screenshot-2026-02-23-at-1.41.08-PM-705x345.png 705w, https:\/\/boulder.earth\/wp-content\/uploads\/2026\/02\/Screenshot-2026-02-23-at-1.41.08-PM-e1771879309113.png 600w\"\n\t\t\t\t\t\t\talt=\"\"\n\t\t\t\/>\n<\/div>\n\t\t<div class=\"tribe-events-calendar-month__calendar-event-tooltip-datetime\">\n\t\t<time datetime=\"2026-03-31\">\n\t\t<span class=\"tribe-event-date-start\">marzo 31 @ 6:00 pm<\/span> - <span class=\"tribe-event-time\">9:00 pm<\/span>\t<\/time>\n\t<\/div>\n\t\t<div class=\"tribe-events-calendar-month__calendar-event-tooltip-title tribe-common-h7\">\n\t<a\n\t\thref=\"https:\/\/boulder.earth\/es\/event\/3rd-annual-latino-chambers-empowered-women-conference\/\"\n\t\ttitle=\"3rd Annual Latino Chamber\u2019s Empowered Women Conference\"\n\t\trel=\"bookmark\"\n\t\tclass=\"tribe-events-calendar-month__calendar-event-tooltip-title-link tribe-common-anchor-thin\"\n\t>\n\t\t3rd Annual Latino Chamber\u2019s Empowered Women Conference\t<\/a>\n<\/div>\n\t\t<div class=\"tribe-events-calendar-month__calendar-event-tooltip-description tribe-common-b3\">\n\t<p>The 3rd Annual Latino Chamber\u2019s Empowered Women Conference\u00a0is a remarkable event dedicated to showcasing and honoring the achievements of women in our community. \/ La 3.\u00aa Conferencia Anual de Mujeres Empoderadas de la C\u00e1mara Latina\u00a0es un evento destacado dedicado a resaltar y honrar los logros de las mujeres en nuestra comunidad.<\/p>\n<\/div>\n\t\t\t<\/div>\n<\/div>\n\n\t<\/div>\n\n<\/article>\n\n\t\n\t\n<article  class=\"tribe-events-calendar-month__calendar-event post-10003371 tribe_events type-tribe_events status-publish has-post-thumbnail hentry tribe_events_cat-animals tribe_events_cat-biodiversity tribe_events_cat-community tribe_events_cat-culture-building tribe_events_cat-education cat_animals cat_biodiversity cat_community cat_culture-building cat_education\" >\n\n\t\n\t<div class=\"tribe-events-calendar-month__calendar-event-details\">\n\n\t\t<div class=\"tribe-events-calendar-month__calendar-event-datetime\">\n\t\t<time datetime=\"18:30\">\n\t\t6:30 pm\t<\/time>\n\t\t\t<span class=\"tribe-events-calendar-month__calendar-event-datetime-separator\"> - <\/span>\n\t\t<time datetime=\"20:00\">\n\t\t\t8:00 pm\t\t<\/time>\n\t\t<\/div>\n\t\t<div class=\"tribe-events-calendar-month__calendar-event-title tribe-common-h8 tribe-common-h--alt\">\n\t<a\n\t\thref=\"https:\/\/boulder.earth\/es\/event\/eagles-their-lives-symbolism-and-cultural-significance-featuring-live-eagles\/\"\n\t\ttitle=\"Eagles!  Their Lives, Symbolism and Cultural Significance. Featuring live eagles!\"\n\t\trel=\"bookmark\"\n\t\tclass=\"tribe-events-calendar-month__calendar-event-title-link tribe-common-anchor-thin\"\n\t\tdata-js=\"tribe-events-tooltip\"\n\t\tdata-tooltip-content=\"#tribe-events-tooltip-content-10003371\"\n\t\taria-describedby=\"tribe-events-tooltip-content-10003371\"\n\t>\n\t\tEagles!  Their Lives, Symbolism and Cultural Significance. Featuring live eagles!\t<\/a>\n<\/div>\n\n\t\t<div class=\"tribe-events-calendar-month__calendar-event-tooltip-template tribe-common-a11y-hidden\">\n\t<div\n\t\tclass=\"tribe-events-calendar-month__calendar-event-tooltip\"\n\t\tid=\"tribe-events-tooltip-content-10003371\"\n\t\trole=\"tooltip\"\n\t>\n\t\t<div class=\"tribe-events-calendar-month__calendar-event-tooltip-featured-image-wrapper\">\n\t<img\n\t\tclass=\"tribe-events-calendar-month__calendar-event-tooltip-featured-image\"\n\t\tsrc=\"https:\/\/boulder.earth\/wp-content\/uploads\/2026\/03\/image-1-e1774395081860.png\"\n\t\t\t\t\tsrcset=\"https:\/\/boulder.earth\/wp-content\/uploads\/2026\/03\/image-1-300x174.png 300w, https:\/\/boulder.earth\/wp-content\/uploads\/2026\/03\/image-1-1030x597.png 1030w, https:\/\/boulder.earth\/wp-content\/uploads\/2026\/03\/image-1-768x445.png 768w, https:\/\/boulder.earth\/wp-content\/uploads\/2026\/03\/image-1-18x10.png 18w, https:\/\/boulder.earth\/wp-content\/uploads\/2026\/03\/image-1-705x408.png 705w, https:\/\/boulder.earth\/wp-content\/uploads\/2026\/03\/image-1-e1774395081860.png 600w\"\n\t\t\t\t\t\t\talt=\"\"\n\t\t\t\/>\n<\/div>\n\t\t<div class=\"tribe-events-calendar-month__calendar-event-tooltip-datetime\">\n\t\t<time datetime=\"2026-03-31\">\n\t\t<span class=\"tribe-event-date-start\">marzo 31 @ 6:30 pm<\/span> - <span class=\"tribe-event-time\">8:00 pm<\/span>\t<\/time>\n\t<\/div>\n\t\t<div class=\"tribe-events-calendar-month__calendar-event-tooltip-title tribe-common-h7\">\n\t<a\n\t\thref=\"https:\/\/boulder.earth\/es\/event\/eagles-their-lives-symbolism-and-cultural-significance-featuring-live-eagles\/\"\n\t\ttitle=\"Eagles!  Their Lives, Symbolism and Cultural Significance. Featuring live eagles!\"\n\t\trel=\"bookmark\"\n\t\tclass=\"tribe-events-calendar-month__calendar-event-tooltip-title-link tribe-common-anchor-thin\"\n\t>\n\t\tEagles!  Their Lives, Symbolism and Cultural Significance. Featuring live eagles!\t<\/a>\n<\/div>\n\t\t<div class=\"tribe-events-calendar-month__calendar-event-tooltip-description tribe-common-b3\">\n\t<p>The Bald Eagle and Golden Eagle are the national symbols of the United States and Mexico, respectively.\u00a0 This program will feature a showing of these two birds (live and in the feather!) and lots of amazing information about the birds themselves, their cultural significance and symbolism.<\/p>\n<\/div>\n\t\t\t<\/div>\n<\/div>\n\n\t<\/div>\n\n<\/article>\n\n\t<\/div>\n\n\t\n<\/div>\n<\/td>\n\n\t\t\t\n\t\t\t\t<td\n\t class=\"tribe-events-calendar-month__day tribe-events-calendar-month__day--past\" \taria-labelledby=\"tribe-events-calendar-day-2026-04-01\"\n\tdata-js=\"tribe-events-month-grid-cell\"\n>\n\t<button\n\taria-expanded=\"false\"\n\taria-controls=\"tribe-events-calendar-mobile-day-2026-04-1\"\n\taria-label=\"abril 1, 2 eventos, past day\"\n\t class=\"tribe-events-calendar-month__day-cell tribe-events-calendar-month__day-cell--mobile\" \tdata-js=\"tribe-events-calendar-month-day-cell-mobile\"\n>\n\t<h3 class=\"tribe-events-calendar-month__day-date tribe-common-h6 tribe-common-h--alt\">\n\t\t<span class=\"tribe-common-a11y-visual-hide\">\n\t\t\t2 eventos\t\t<\/span>\n\t\t<time\n\t\t\tclass=\"tribe-events-calendar-month__day-date-daynum\"\n\t\t\tdatetime=\"2026-04-01\"\n\t\t>\n\t\t\t1\t\t<\/time>\n\t<\/h3>\n\t\n\t<span class=\"tribe-events-calendar-month__mobile-events-icon tribe-events-calendar-month__mobile-events-icon--event\" >\n\t<\/span>\n<\/button>\n\t\n<div\n\tid=\"tribe-events-calendar-day-2026-04-01\"\n\tclass=\"tribe-events-calendar-month__day-cell tribe-events-calendar-month__day-cell--desktop tribe-common-a11y-hidden\"\n>\n\t\n<h3 class=\"tribe-events-calendar-month__day-date tribe-common-h4\">\n\t<span class=\"tribe-common-a11y-visual-hide\">\n\t\t2 eventos,\n\t<\/span>\n\t<time\n\t\tclass=\"tribe-events-calendar-month__day-date-daynum\"\n\t\tdatetime=\"2026-04-01\"\n\t>\n\t\t\t\t\t<a\n\t\t\t\thref=\"https:\/\/boulder.earth\/es\/events\/2026-04-01\/?shortcode=42cf1b8c\"\n\t\t\t\tclass=\"tribe-events-calendar-month__day-date-link\"\n\t\t\t\tdata-js=\"tribe-events-view-link\"\n\t\t\t\taria-label=\"abril 1\"\n\t\t\t>\n\t\t\t\t1\t\t\t<\/a>\n\t\t\t<\/time>\n<\/h3>\n\n\t<div class=\"tribe-events-calendar-month__events\">\n\t\t\n\t\t\n\t\n\t\n<article  class=\"tribe-events-calendar-month__calendar-event post-10003369 tribe_events type-tribe_events status-publish has-post-thumbnail hentry tribe_events_cat-activism tribe_events_cat-climate tribe_events_cat-community tribe_events_cat-culture-building tribe_events_cat-resilience tribe_events_cat-social-justice cat_activism cat_climate cat_community cat_culture-building cat_resilience cat_social-justice\" >\n\n\t\n\t<div class=\"tribe-events-calendar-month__calendar-event-details\">\n\n\t\t<div class=\"tribe-events-calendar-month__calendar-event-datetime\">\n\t\t<time datetime=\"07:30\">\n\t\t7:30 am\t<\/time>\n\t\t\t<span class=\"tribe-events-calendar-month__calendar-event-datetime-separator\"> - <\/span>\n\t\t<time datetime=\"09:30\">\n\t\t\t9:30 am\t\t<\/time>\n\t\t<\/div>\n\t\t<div class=\"tribe-events-calendar-month__calendar-event-title tribe-common-h8 tribe-common-h--alt\">\n\t<a\n\t\thref=\"https:\/\/boulder.earth\/es\/event\/coffee-for-a-cause\/\"\n\t\ttitle=\"Coffee For A Cause\"\n\t\trel=\"bookmark\"\n\t\tclass=\"tribe-events-calendar-month__calendar-event-title-link tribe-common-anchor-thin\"\n\t\tdata-js=\"tribe-events-tooltip\"\n\t\tdata-tooltip-content=\"#tribe-events-tooltip-content-10003369\"\n\t\taria-describedby=\"tribe-events-tooltip-content-10003369\"\n\t>\n\t\tCoffee For A Cause\t<\/a>\n<\/div>\n\n\t\t<div class=\"tribe-events-calendar-month__calendar-event-tooltip-template tribe-common-a11y-hidden\">\n\t<div\n\t\tclass=\"tribe-events-calendar-month__calendar-event-tooltip\"\n\t\tid=\"tribe-events-tooltip-content-10003369\"\n\t\trole=\"tooltip\"\n\t>\n\t\t<div class=\"tribe-events-calendar-month__calendar-event-tooltip-featured-image-wrapper\">\n\t<img\n\t\tclass=\"tribe-events-calendar-month__calendar-event-tooltip-featured-image\"\n\t\tsrc=\"https:\/\/boulder.earth\/wp-content\/uploads\/2025\/05\/Coffee-for-a-Cause-presentation-10-2-24-600x337-1.jpg\"\n\t\t\t\t\tsrcset=\"https:\/\/boulder.earth\/wp-content\/uploads\/2025\/05\/Coffee-for-a-Cause-presentation-10-2-24-600x337-1-300x169.jpg 300w, https:\/\/boulder.earth\/wp-content\/uploads\/2025\/05\/Coffee-for-a-Cause-presentation-10-2-24-600x337-1-18x10.jpg 18w, https:\/\/boulder.earth\/wp-content\/uploads\/2025\/05\/Coffee-for-a-Cause-presentation-10-2-24-600x337-1.jpg 600w\"\n\t\t\t\t\t\t\talt=\"\"\n\t\t\t\/>\n<\/div>\n\t\t<div class=\"tribe-events-calendar-month__calendar-event-tooltip-datetime\">\n\t\t<time datetime=\"2026-04-01\">\n\t\t<span class=\"tribe-event-date-start\">abril 1 @ 7:30 am<\/span> - <span class=\"tribe-event-time\">9:30 am<\/span>\t<\/time>\n\t<\/div>\n\t\t<div class=\"tribe-events-calendar-month__calendar-event-tooltip-title tribe-common-h7\">\n\t<a\n\t\thref=\"https:\/\/boulder.earth\/es\/event\/coffee-for-a-cause\/\"\n\t\ttitle=\"Coffee For A Cause\"\n\t\trel=\"bookmark\"\n\t\tclass=\"tribe-events-calendar-month__calendar-event-tooltip-title-link tribe-common-anchor-thin\"\n\t>\n\t\tCoffee For A Cause\t<\/a>\n<\/div>\n\t\t<div class=\"tribe-events-calendar-month__calendar-event-tooltip-description tribe-common-b3\">\n\t<p>Learn about our latest trends, greatest needs, services, what's new &amp; what's changed, what a Family Resource Center is, how you can help, etc.<\/p>\n<\/div>\n\t\t\t<\/div>\n<\/div>\n\n\t<\/div>\n\n<\/article>\n\n\t\n\t\n<article  class=\"tribe-events-calendar-month__calendar-event post-10003387 tribe_events type-tribe_events status-publish has-post-thumbnail hentry tribe_events_cat-activism tribe_events_cat-climate tribe_events_cat-community tribe_events_cat-education tribe_events_cat-governance tribe_events_cat-human-rights tribe_events_cat-networking tribe_events_cat-resilience tribe_events_cat-social-justice tribe_events_cat-webinar cat_activism cat_climate cat_community cat_education cat_governance cat_human-rights cat_networking cat_resilience cat_social-justice cat_webinar tribe-recurring-event tribe-recurring-event-parent\" >\n\n\t\n\t<div class=\"tribe-events-calendar-month__calendar-event-details\">\n\n\t\t<div class=\"tribe-events-calendar-month__calendar-event-datetime\">\n\t\t<time datetime=\"18:00\">\n\t\t6:00 pm\t<\/time>\n\t\t\t<span class=\"tribe-events-calendar-month__calendar-event-datetime-separator\"> - <\/span>\n\t\t<time datetime=\"19:30\">\n\t\t\t7:30 pm\t\t<\/time>\n\t\t\n<span class=\"tribe-events-calendar-series-archive__container\">\n\t<a\n\t\thref=\"https:\/\/boulder.earth\/es\/series\/after-we-march-we-organize-solidarity-warriors-indivisible-action-group\/\"\n\t\taria-label=\"Event series: After We March, We Organize! Solidarity Warriors Indivisible Action Group\"\n\t\tclass=\"tribe-events-calendar-series-archive__link\"\n\t>\n\t\t\n<svg  class=\"tribe-common-c-svgicon tribe-common-c-svgicon--series tribe-events-series-archive__icon\"  width=\"14\" height=\"12\" viewBox=\"0 0 14 12\" fill=\"none\" xmlns=\"http:\/\/www.w3.org\/2000\/svg\" aria-hidden=\"true\">\n\t<rect x=\"0.5\" y=\"4.5\" width=\"9\" height=\"7\" \/>\n\t<path d=\"M2 2.5H11.5V10\" \/>\n\t<path d=\"M4 0.5H13.5V8\" \/>\n<\/svg>\n\t<\/a>\n<\/span>\n<\/div>\n\t\t<div class=\"tribe-events-calendar-month__calendar-event-title tribe-common-h8 tribe-common-h--alt\">\n\t<a\n\t\thref=\"https:\/\/boulder.earth\/es\/event\/after-we-march-we-organize-solidarity-warriors-indivisible-action-group\/2026-04-01\/\"\n\t\ttitle=\"After We March, We Organize! Solidarity Warriors Indivisible Action Group\"\n\t\trel=\"bookmark\"\n\t\tclass=\"tribe-events-calendar-month__calendar-event-title-link tribe-common-anchor-thin\"\n\t\tdata-js=\"tribe-events-tooltip\"\n\t\tdata-tooltip-content=\"#tribe-events-tooltip-content-10003387\"\n\t\taria-describedby=\"tribe-events-tooltip-content-10003387\"\n\t>\n\t\tAfter We March, We Organize! Solidarity Warriors Indivisible Action Group\t<\/a>\n<\/div>\n\n\t\t<div class=\"tribe-events-calendar-month__calendar-event-tooltip-template tribe-common-a11y-hidden\">\n\t<div\n\t\tclass=\"tribe-events-calendar-month__calendar-event-tooltip\"\n\t\tid=\"tribe-events-tooltip-content-10003387\"\n\t\trole=\"tooltip\"\n\t>\n\t\t<div class=\"tribe-events-calendar-month__calendar-event-tooltip-featured-image-wrapper\">\n\t<img\n\t\tclass=\"tribe-events-calendar-month__calendar-event-tooltip-featured-image\"\n\t\tsrc=\"https:\/\/boulder.earth\/wp-content\/uploads\/2026\/04\/Sunset-crowd-raised-fists-One-line-01_20250721004218694808-e1775521865495.png\"\n\t\t\t\t\tsrcset=\"https:\/\/boulder.earth\/wp-content\/uploads\/2026\/04\/Sunset-crowd-raised-fists-One-line-01_20250721004218694808-300x157.png 300w, https:\/\/boulder.earth\/wp-content\/uploads\/2026\/04\/Sunset-crowd-raised-fists-One-line-01_20250721004218694808-768x402.png 768w, https:\/\/boulder.earth\/wp-content\/uploads\/2026\/04\/Sunset-crowd-raised-fists-One-line-01_20250721004218694808-18x9.png 18w, https:\/\/boulder.earth\/wp-content\/uploads\/2026\/04\/Sunset-crowd-raised-fists-One-line-01_20250721004218694808-710x375.png 710w, https:\/\/boulder.earth\/wp-content\/uploads\/2026\/04\/Sunset-crowd-raised-fists-One-line-01_20250721004218694808-705x369.png 705w, https:\/\/boulder.earth\/wp-content\/uploads\/2026\/04\/Sunset-crowd-raised-fists-One-line-01_20250721004218694808-e1775521865495.png 600w\"\n\t\t\t\t\t\t\talt=\"\"\n\t\t\t\/>\n<\/div>\n\t\t<div class=\"tribe-events-calendar-month__calendar-event-tooltip-datetime\">\n\t\t<time datetime=\"2026-04-01\">\n\t\t<span class=\"tribe-event-date-start\">abril 1 @ 6:00 pm<\/span> - <span class=\"tribe-event-time\">7:30 pm<\/span>\t<\/time>\n\t\n<span class=\"tribe-events-calendar-series-archive__container\">\n\t<a\n\t\thref=\"https:\/\/boulder.earth\/es\/series\/after-we-march-we-organize-solidarity-warriors-indivisible-action-group\/\"\n\t\taria-label=\"Event series: After We March, We Organize! Solidarity Warriors Indivisible Action Group\"\n\t\tclass=\"tribe-events-calendar-series-archive__link\"\n\t>\n\t\t\n<svg  class=\"tribe-common-c-svgicon tribe-common-c-svgicon--series tribe-events-series-archive__icon\"  width=\"14\" height=\"12\" viewBox=\"0 0 14 12\" fill=\"none\" xmlns=\"http:\/\/www.w3.org\/2000\/svg\" aria-hidden=\"true\">\n\t<rect x=\"0.5\" y=\"4.5\" width=\"9\" height=\"7\" \/>\n\t<path d=\"M2 2.5H11.5V10\" \/>\n\t<path d=\"M4 0.5H13.5V8\" \/>\n<\/svg>\n\t<\/a>\n<\/span>\n<\/div>\n\t\t<div class=\"tribe-events-calendar-month__calendar-event-tooltip-title tribe-common-h7\">\n\t<a\n\t\thref=\"https:\/\/boulder.earth\/es\/event\/after-we-march-we-organize-solidarity-warriors-indivisible-action-group\/2026-04-01\/\"\n\t\ttitle=\"After We March, We Organize! Solidarity Warriors Indivisible Action Group\"\n\t\trel=\"bookmark\"\n\t\tclass=\"tribe-events-calendar-month__calendar-event-tooltip-title-link tribe-common-anchor-thin\"\n\t>\n\t\tAfter We March, We Organize! Solidarity Warriors Indivisible Action Group\t<\/a>\n<\/div>\n\t\t<div class=\"tribe-events-calendar-month__calendar-event-tooltip-description tribe-common-b3\">\n\t<p>&#x1f4da;&#x1f3a4; Every week we feature guest speakers and training on topics like:<\/p>\n<p>&#x1f6e1;&#xfe0f; How to Protest Safely &#x1f30e; Immigrant Rights &#x1fab6; Indigenous History &#x1f510; Cybersecurity &#x270a; Community Organizing Tactics and much more!<\/p>\n<\/div>\n\t\t\t<\/div>\n<\/div>\n\n\t<\/div>\n\n<\/article>\n\n\t<\/div>\n\n\t\n<\/div>\n<\/td>\n\n\t\t\t\n\t\t\t\t<td\n\t class=\"tribe-events-calendar-month__day tribe-events-calendar-month__day--past\" \taria-labelledby=\"tribe-events-calendar-day-2026-04-02\"\n\tdata-js=\"tribe-events-month-grid-cell\"\n>\n\t<button\n\taria-expanded=\"false\"\n\taria-controls=\"tribe-events-calendar-mobile-day-2026-04-2\"\n\taria-label=\"abril 2, 2 eventos, past day\"\n\t class=\"tribe-events-calendar-month__day-cell tribe-events-calendar-month__day-cell--mobile\" \tdata-js=\"tribe-events-calendar-month-day-cell-mobile\"\n>\n\t<h3 class=\"tribe-events-calendar-month__day-date tribe-common-h6 tribe-common-h--alt\">\n\t\t<span class=\"tribe-common-a11y-visual-hide\">\n\t\t\t2 eventos\t\t<\/span>\n\t\t<time\n\t\t\tclass=\"tribe-events-calendar-month__day-date-daynum\"\n\t\t\tdatetime=\"2026-04-02\"\n\t\t>\n\t\t\t2\t\t<\/time>\n\t<\/h3>\n\t\n\t<span class=\"tribe-events-calendar-month__mobile-events-icon tribe-events-calendar-month__mobile-events-icon--event\" >\n\t<\/span>\n<\/button>\n\t\n<div\n\tid=\"tribe-events-calendar-day-2026-04-02\"\n\tclass=\"tribe-events-calendar-month__day-cell tribe-events-calendar-month__day-cell--desktop tribe-common-a11y-hidden\"\n>\n\t\n<h3 class=\"tribe-events-calendar-month__day-date tribe-common-h4\">\n\t<span class=\"tribe-common-a11y-visual-hide\">\n\t\t2 eventos,\n\t<\/span>\n\t<time\n\t\tclass=\"tribe-events-calendar-month__day-date-daynum\"\n\t\tdatetime=\"2026-04-02\"\n\t>\n\t\t\t\t\t<a\n\t\t\t\thref=\"https:\/\/boulder.earth\/es\/events\/2026-04-02\/?shortcode=42cf1b8c\"\n\t\t\t\tclass=\"tribe-events-calendar-month__day-date-link\"\n\t\t\t\tdata-js=\"tribe-events-view-link\"\n\t\t\t\taria-label=\"abril 2\"\n\t\t\t>\n\t\t\t\t2\t\t\t<\/a>\n\t\t\t<\/time>\n<\/h3>\n\n\t<div class=\"tribe-events-calendar-month__events\">\n\t\t\n\t\t\n\t\n\t\n<article  class=\"tribe-events-calendar-month__calendar-event post-10003375 tribe_events type-tribe_events status-publish has-post-thumbnail hentry tribe_events_cat-community tribe_events_cat-culture-building tribe_events_cat-education tribe_events_cat-faith tribe_events_cat-indigenous-knowledge tribe_events_cat-resilience tribe_events_cat-spirituality cat_community cat_culture-building cat_education cat_faith cat_indigenous-knowledge cat_resilience cat_spirituality\" >\n\n\t\n\t<div class=\"tribe-events-calendar-month__calendar-event-details\">\n\n\t\t<div class=\"tribe-events-calendar-month__calendar-event-datetime\">\n\t\t<time datetime=\"18:00\">\n\t\t6:00 pm\t<\/time>\n\t\t\t<span class=\"tribe-events-calendar-month__calendar-event-datetime-separator\"> - <\/span>\n\t\t<time datetime=\"21:00\">\n\t\t\t9:00 pm\t\t<\/time>\n\t\t<\/div>\n\t\t<div class=\"tribe-events-calendar-month__calendar-event-title tribe-common-h8 tribe-common-h--alt\">\n\t<a\n\t\thref=\"https:\/\/boulder.earth\/es\/event\/weaving-paths-of-liberation-indigenous-world-views-buddhist-teachings\/\"\n\t\ttitle=\"Weaving Paths of Liberation: Indigenous World-Views &#038; Buddhist Teachings\"\n\t\trel=\"bookmark\"\n\t\tclass=\"tribe-events-calendar-month__calendar-event-title-link tribe-common-anchor-thin\"\n\t\tdata-js=\"tribe-events-tooltip\"\n\t\tdata-tooltip-content=\"#tribe-events-tooltip-content-10003375\"\n\t\taria-describedby=\"tribe-events-tooltip-content-10003375\"\n\t>\n\t\tWeaving Paths of Liberation: Indigenous World-Views &#038; Buddhist Teachings\t<\/a>\n<\/div>\n\n\t\t<div class=\"tribe-events-calendar-month__calendar-event-tooltip-template tribe-common-a11y-hidden\">\n\t<div\n\t\tclass=\"tribe-events-calendar-month__calendar-event-tooltip\"\n\t\tid=\"tribe-events-tooltip-content-10003375\"\n\t\trole=\"tooltip\"\n\t>\n\t\t<div class=\"tribe-events-calendar-month__calendar-event-tooltip-featured-image-wrapper\">\n\t<img\n\t\tclass=\"tribe-events-calendar-month__calendar-event-tooltip-featured-image\"\n\t\tsrc=\"https:\/\/boulder.earth\/wp-content\/uploads\/2026\/03\/image-e1774395793134.webp\"\n\t\t\t\t\tsrcset=\"https:\/\/boulder.earth\/wp-content\/uploads\/2026\/03\/image-300x150.webp 300w, https:\/\/boulder.earth\/wp-content\/uploads\/2026\/03\/image-768x384.webp 768w, https:\/\/boulder.earth\/wp-content\/uploads\/2026\/03\/image-18x9.webp 18w, https:\/\/boulder.earth\/wp-content\/uploads\/2026\/03\/image-705x353.webp 705w, https:\/\/boulder.earth\/wp-content\/uploads\/2026\/03\/image-e1774395793134.webp 600w\"\n\t\t\t\t\t\t\talt=\"\"\n\t\t\t\/>\n<\/div>\n\t\t<div class=\"tribe-events-calendar-month__calendar-event-tooltip-datetime\">\n\t\t<time datetime=\"2026-04-02\">\n\t\t<span class=\"tribe-event-date-start\">abril 2 @ 6:00 pm<\/span> - <span class=\"tribe-event-time\">9:00 pm<\/span>\t<\/time>\n\t<\/div>\n\t\t<div class=\"tribe-events-calendar-month__calendar-event-tooltip-title tribe-common-h7\">\n\t<a\n\t\thref=\"https:\/\/boulder.earth\/es\/event\/weaving-paths-of-liberation-indigenous-world-views-buddhist-teachings\/\"\n\t\ttitle=\"Weaving Paths of Liberation: Indigenous World-Views &#038; Buddhist Teachings\"\n\t\trel=\"bookmark\"\n\t\tclass=\"tribe-events-calendar-month__calendar-event-tooltip-title-link tribe-common-anchor-thin\"\n\t>\n\t\tWeaving Paths of Liberation: Indigenous World-Views &#038; Buddhist Teachings\t<\/a>\n<\/div>\n\t\t<div class=\"tribe-events-calendar-month__calendar-event-tooltip-description tribe-common-b3\">\n\t<p>This three hour webinar invites participants to explore the rich confluences between Indigenous world-views and Buddhist teachings.<\/p>\n<\/div>\n\t\t\t<\/div>\n<\/div>\n\n\t<\/div>\n\n<\/article>\n\n\t\n\t\n<article  class=\"tribe-events-calendar-month__calendar-event post-10003385 tribe_events type-tribe_events status-publish has-post-thumbnail hentry tribe_events_cat-agriculture tribe_events_cat-climate tribe_events_cat-community tribe_events_cat-creative-arts tribe_events_cat-food tribe_events_cat-food-security tribe_events_cat-fundraiser cat_agriculture cat_climate cat_community cat_creative-arts cat_food cat_food-security cat_fundraiser\" >\n\n\t\n\t<div class=\"tribe-events-calendar-month__calendar-event-details\">\n\n\t\t<div class=\"tribe-events-calendar-month__calendar-event-datetime\">\n\t\t<time datetime=\"18:30\">\n\t\t6:30 pm\t<\/time>\n\t\t\t<span class=\"tribe-events-calendar-month__calendar-event-datetime-separator\"> - <\/span>\n\t\t<time datetime=\"22:30\">\n\t\t\t10:30 pm\t\t<\/time>\n\t\t<\/div>\n\t\t<div class=\"tribe-events-calendar-month__calendar-event-title tribe-common-h8 tribe-common-h--alt\">\n\t<a\n\t\thref=\"https:\/\/boulder.earth\/es\/event\/boulder-food-rescue-dance-party\/\"\n\t\ttitle=\"Boulder Food Rescue Dance Party!\"\n\t\trel=\"bookmark\"\n\t\tclass=\"tribe-events-calendar-month__calendar-event-title-link tribe-common-anchor-thin\"\n\t\tdata-js=\"tribe-events-tooltip\"\n\t\tdata-tooltip-content=\"#tribe-events-tooltip-content-10003385\"\n\t\taria-describedby=\"tribe-events-tooltip-content-10003385\"\n\t>\n\t\tBoulder Food Rescue Dance Party!\t<\/a>\n<\/div>\n\n\t\t<div class=\"tribe-events-calendar-month__calendar-event-tooltip-template tribe-common-a11y-hidden\">\n\t<div\n\t\tclass=\"tribe-events-calendar-month__calendar-event-tooltip\"\n\t\tid=\"tribe-events-tooltip-content-10003385\"\n\t\trole=\"tooltip\"\n\t>\n\t\t<div class=\"tribe-events-calendar-month__calendar-event-tooltip-featured-image-wrapper\">\n\t<img\n\t\tclass=\"tribe-events-calendar-month__calendar-event-tooltip-featured-image\"\n\t\tsrc=\"https:\/\/boulder.earth\/wp-content\/uploads\/2026\/04\/cd90a67a-676c-53c5-001b-bf2bf57884bf-e1775521264749.jpg\"\n\t\t\t\t\tsrcset=\"https:\/\/boulder.earth\/wp-content\/uploads\/2026\/04\/cd90a67a-676c-53c5-001b-bf2bf57884bf-300x300.jpg 300w, https:\/\/boulder.earth\/wp-content\/uploads\/2026\/04\/cd90a67a-676c-53c5-001b-bf2bf57884bf-1030x1030.jpg 1030w, https:\/\/boulder.earth\/wp-content\/uploads\/2026\/04\/cd90a67a-676c-53c5-001b-bf2bf57884bf-80x80.jpg 80w, https:\/\/boulder.earth\/wp-content\/uploads\/2026\/04\/cd90a67a-676c-53c5-001b-bf2bf57884bf-768x768.jpg 768w, https:\/\/boulder.earth\/wp-content\/uploads\/2026\/04\/cd90a67a-676c-53c5-001b-bf2bf57884bf-12x12.jpg 12w, https:\/\/boulder.earth\/wp-content\/uploads\/2026\/04\/cd90a67a-676c-53c5-001b-bf2bf57884bf-36x36.jpg 36w, https:\/\/boulder.earth\/wp-content\/uploads\/2026\/04\/cd90a67a-676c-53c5-001b-bf2bf57884bf-180x180.jpg 180w, https:\/\/boulder.earth\/wp-content\/uploads\/2026\/04\/cd90a67a-676c-53c5-001b-bf2bf57884bf-705x705.jpg 705w, https:\/\/boulder.earth\/wp-content\/uploads\/2026\/04\/cd90a67a-676c-53c5-001b-bf2bf57884bf-e1775521264749.jpg 600w\"\n\t\t\t\t\t\t\talt=\"\"\n\t\t\t\/>\n<\/div>\n\t\t<div class=\"tribe-events-calendar-month__calendar-event-tooltip-datetime\">\n\t\t<time datetime=\"2026-04-02\">\n\t\t<span class=\"tribe-event-date-start\">abril 2 @ 6:30 pm<\/span> - <span class=\"tribe-event-time\">10:30 pm<\/span>\t<\/time>\n\t<\/div>\n\t\t<div class=\"tribe-events-calendar-month__calendar-event-tooltip-title tribe-common-h7\">\n\t<a\n\t\thref=\"https:\/\/boulder.earth\/es\/event\/boulder-food-rescue-dance-party\/\"\n\t\ttitle=\"Boulder Food Rescue Dance Party!\"\n\t\trel=\"bookmark\"\n\t\tclass=\"tribe-events-calendar-month__calendar-event-tooltip-title-link tribe-common-anchor-thin\"\n\t>\n\t\tBoulder Food Rescue Dance Party!\t<\/a>\n<\/div>\n\t\t<div class=\"tribe-events-calendar-month__calendar-event-tooltip-description tribe-common-b3\">\n\t<p>Join us for a joyful, high-energy community dance party designed to bring people together through movement, music, and shared purpose. This is an evening where you can show up exactly as you are\u2014whether you want to dance all night, spend time with friends, or simply be part of something fun and meaningful.<\/p>\n<\/div>\n\t\t\t<\/div>\n<\/div>\n\n\t<\/div>\n\n<\/article>\n\n\t<\/div>\n\n\t\n<\/div>\n<\/td>\n\n\t\t\t\n\t\t\t\t<td\n\t class=\"tribe-events-calendar-month__day tribe-events-calendar-month__day--past\" \taria-labelledby=\"tribe-events-calendar-day-2026-04-03\"\n\tdata-js=\"tribe-events-month-grid-cell\"\n>\n\t<button\n\taria-expanded=\"false\"\n\taria-controls=\"tribe-events-calendar-mobile-day-2026-04-3\"\n\taria-label=\"abril 3, 1 evento, past day\"\n\t class=\"tribe-events-calendar-month__day-cell tribe-events-calendar-month__day-cell--mobile\" \tdata-js=\"tribe-events-calendar-month-day-cell-mobile\"\n>\n\t<h3 class=\"tribe-events-calendar-month__day-date tribe-common-h6 tribe-common-h--alt\">\n\t\t<span class=\"tribe-common-a11y-visual-hide\">\n\t\t\t1 evento\t\t<\/span>\n\t\t<time\n\t\t\tclass=\"tribe-events-calendar-month__day-date-daynum\"\n\t\t\tdatetime=\"2026-04-03\"\n\t\t>\n\t\t\t3\t\t<\/time>\n\t<\/h3>\n\t\n\t<span class=\"tribe-events-calendar-month__mobile-events-icon tribe-events-calendar-month__mobile-events-icon--event\" >\n\t<\/span>\n<\/button>\n\t\n<div\n\tid=\"tribe-events-calendar-day-2026-04-03\"\n\tclass=\"tribe-events-calendar-month__day-cell tribe-events-calendar-month__day-cell--desktop tribe-common-a11y-hidden\"\n>\n\t\n<h3 class=\"tribe-events-calendar-month__day-date tribe-common-h4\">\n\t<span class=\"tribe-common-a11y-visual-hide\">\n\t\t1 evento,\n\t<\/span>\n\t<time\n\t\tclass=\"tribe-events-calendar-month__day-date-daynum\"\n\t\tdatetime=\"2026-04-03\"\n\t>\n\t\t\t\t\t<a\n\t\t\t\thref=\"https:\/\/boulder.earth\/es\/events\/2026-04-03\/?shortcode=42cf1b8c\"\n\t\t\t\tclass=\"tribe-events-calendar-month__day-date-link\"\n\t\t\t\tdata-js=\"tribe-events-view-link\"\n\t\t\t\taria-label=\"abril 3\"\n\t\t\t>\n\t\t\t\t3\t\t\t<\/a>\n\t\t\t<\/time>\n<\/h3>\n\n\t<div class=\"tribe-events-calendar-month__events\">\n\t\t\n\t<div class=\"tribe-events-calendar-month__multiday-event-wrapper\">\n\t<article  class=\"tribe-events-calendar-month__multiday-event post-10003431 tribe_events type-tribe_events status-publish has-post-thumbnail hentry tribe_events_cat-community tribe_events_cat-creative-arts tribe_events_cat-culture-building tribe_events_cat-resilience cat_community cat_creative-arts cat_culture-building cat_resilience tribe-events-calendar-month__multiday-event--width-2 tribe-events-calendar-month__multiday-event--display tribe-events-calendar-month__multiday-event--start tribe-events-calendar-month__multiday-event--past\"  data-event-id=\"10003431\">\n\t\t<div class=\"tribe-events-calendar-month__multiday-event-hidden\">\n\t<time\n\tdatetime=\"2026-04-03\"\n\tclass=\"tribe-common-a11y-visual-hide\"\n>\n\t2026-04-03<\/time>\n\t<a\n\thref=\"https:\/\/boulder.earth\/es\/event\/boulder-arts-week\/\"\n\tclass=\"tribe-events-calendar-month__multiday-event-hidden-link\"\n\tdata-js=\"tribe-events-tooltip\"\n\tdata-tooltip-content=\"#tribe-events-tooltip-content-10003431\"\n\taria-describedby=\"tribe-events-tooltip-content-10003431\"\n>\n\t\t<div class=\"tribe-events-calendar-month__multiday-event-hidden-title tribe-common-h8\">\n\tBoulder Arts Week<\/div>\n<\/a>\n<\/div>\n\t\t<div class=\"tribe-events-calendar-month__multiday-event-bar\">\n\t<div class=\"tribe-events-calendar-month__multiday-event-bar-inner\">\n\t\t\t\t<div class=\"tribe-events-calendar-month__multiday-event-bar-title tribe-common-h8\">\n\tBoulder Arts Week<\/div>\n\t<\/div>\n<\/div>\n<div class=\"tribe-events-calendar-month__calendar-event-tooltip-template tribe-common-a11y-hidden\">\n\t<div\n\t\tclass=\"tribe-events-calendar-month__calendar-event-tooltip\"\n\t\tid=\"tribe-events-tooltip-content-10003431\"\n\t\trole=\"tooltip\"\n\t>\n\t\t<div class=\"tribe-events-calendar-month__calendar-event-tooltip-featured-image-wrapper\">\n\t<img\n\t\tclass=\"tribe-events-calendar-month__calendar-event-tooltip-featured-image\"\n\t\tsrc=\"https:\/\/boulder.earth\/wp-content\/uploads\/2026\/04\/Screenshot-2026-04-07-at-5.45.14-PM-e1775605540844.png\"\n\t\t\t\t\tsrcset=\"https:\/\/boulder.earth\/wp-content\/uploads\/2026\/04\/Screenshot-2026-04-07-at-5.45.14-PM-300x90.png 300w, https:\/\/boulder.earth\/wp-content\/uploads\/2026\/04\/Screenshot-2026-04-07-at-5.45.14-PM-18x5.png 18w, https:\/\/boulder.earth\/wp-content\/uploads\/2026\/04\/Screenshot-2026-04-07-at-5.45.14-PM-705x210.png 705w, https:\/\/boulder.earth\/wp-content\/uploads\/2026\/04\/Screenshot-2026-04-07-at-5.45.14-PM-e1775605540844.png 600w\"\n\t\t\t\t\t\t\talt=\"\"\n\t\t\t\/>\n<\/div>\n\t\t<div class=\"tribe-events-calendar-month__calendar-event-tooltip-datetime\">\n\t\t<time datetime=\"2026-04-03\">\n\t\t<span class=\"tribe-event-date-start\">abril 3<\/span> - <span class=\"tribe-event-date-end\">abril 12<\/span>\t<\/time>\n\t<\/div>\n\t\t<div class=\"tribe-events-calendar-month__calendar-event-tooltip-title tribe-common-h7\">\n\t<a\n\t\thref=\"https:\/\/boulder.earth\/es\/event\/boulder-arts-week\/\"\n\t\ttitle=\"Boulder Arts Week\"\n\t\trel=\"bookmark\"\n\t\tclass=\"tribe-events-calendar-month__calendar-event-tooltip-title-link tribe-common-anchor-thin\"\n\t>\n\t\tBoulder Arts Week\t<\/a>\n<\/div>\n\t\t<div class=\"tribe-events-calendar-month__calendar-event-tooltip-description tribe-common-b3\">\n\t<p>Immerse yourself in a week-long celebration of art and creativity! Join us for a community arts event that showcases the best and brightest talent in our local area through cultural experiences from murals and installations to music and dance at the 12th annual Boulder Arts Week.<\/p>\n<\/div>\n\t\t\t<\/div>\n<\/div>\n\t<\/article>\n<\/div>\n\n\n\t\t\t<\/div>\n\n\t\n<\/div>\n<\/td>\n\n\t\t\t\n\t\t\t\t<td\n\t class=\"tribe-events-calendar-month__day tribe-events-calendar-month__day--past\" \taria-labelledby=\"tribe-events-calendar-day-2026-04-04\"\n\tdata-js=\"tribe-events-month-grid-cell\"\n>\n\t<button\n\taria-expanded=\"false\"\n\taria-controls=\"tribe-events-calendar-mobile-day-2026-04-4\"\n\taria-label=\"abril 4, 4 eventos, past day\"\n\t class=\"tribe-events-calendar-month__day-cell tribe-events-calendar-month__day-cell--mobile\" \tdata-js=\"tribe-events-calendar-month-day-cell-mobile\"\n>\n\t<h3 class=\"tribe-events-calendar-month__day-date tribe-common-h6 tribe-common-h--alt\">\n\t\t<span class=\"tribe-common-a11y-visual-hide\">\n\t\t\t4 eventos\t\t<\/span>\n\t\t<time\n\t\t\tclass=\"tribe-events-calendar-month__day-date-daynum\"\n\t\t\tdatetime=\"2026-04-04\"\n\t\t>\n\t\t\t4\t\t<\/time>\n\t<\/h3>\n\t\n\t<span class=\"tribe-events-calendar-month__mobile-events-icon tribe-events-calendar-month__mobile-events-icon--event\" >\n\t<\/span>\n<\/button>\n\t\n<div\n\tid=\"tribe-events-calendar-day-2026-04-04\"\n\tclass=\"tribe-events-calendar-month__day-cell tribe-events-calendar-month__day-cell--desktop tribe-common-a11y-hidden\"\n>\n\t\n<h3 class=\"tribe-events-calendar-month__day-date tribe-common-h4\">\n\t<span class=\"tribe-common-a11y-visual-hide\">\n\t\t4 eventos,\n\t<\/span>\n\t<time\n\t\tclass=\"tribe-events-calendar-month__day-date-daynum\"\n\t\tdatetime=\"2026-04-04\"\n\t>\n\t\t\t\t\t<a\n\t\t\t\thref=\"https:\/\/boulder.earth\/es\/events\/2026-04-04\/?shortcode=42cf1b8c\"\n\t\t\t\tclass=\"tribe-events-calendar-month__day-date-link\"\n\t\t\t\tdata-js=\"tribe-events-view-link\"\n\t\t\t\taria-label=\"abril 4\"\n\t\t\t>\n\t\t\t\t4\t\t\t<\/a>\n\t\t\t<\/time>\n<\/h3>\n\n\t<div class=\"tribe-events-calendar-month__events\">\n\t\t\n\t<div class=\"tribe-events-calendar-month__multiday-event-wrapper\">\n\t<article  class=\"tribe-events-calendar-month__multiday-event post-10003431 tribe_events type-tribe_events status-publish has-post-thumbnail hentry tribe_events_cat-community tribe_events_cat-creative-arts tribe_events_cat-culture-building tribe_events_cat-resilience cat_community cat_creative-arts cat_culture-building cat_resilience\"  data-event-id=\"10003431\">\n\t\t<div class=\"tribe-events-calendar-month__multiday-event-hidden\">\n\t<time\n\tdatetime=\"2026-04-03\"\n\tclass=\"tribe-common-a11y-visual-hide\"\n>\n\t2026-04-03<\/time>\n\t<a\n\thref=\"https:\/\/boulder.earth\/es\/event\/boulder-arts-week\/\"\n\tclass=\"tribe-events-calendar-month__multiday-event-hidden-link\"\n\tdata-js=\"tribe-events-tooltip\"\n\tdata-tooltip-content=\"#tribe-events-tooltip-content-10003431\"\n\taria-describedby=\"tribe-events-tooltip-content-10003431\"\n>\n\t\t<div class=\"tribe-events-calendar-month__multiday-event-hidden-title tribe-common-h8\">\n\tBoulder Arts Week<\/div>\n<\/a>\n<\/div>\n\t\t\t<\/article>\n<\/div>\n\n\n\t\t\n\t\n\t\n<article  class=\"tribe-events-calendar-month__calendar-event post-10003473 tribe_events type-tribe_events status-publish has-post-thumbnail hentry tribe_events_cat-agriculture tribe_events_cat-community tribe_events_cat-food cat_agriculture cat_community cat_food tribe-recurring-event tribe-recurring-event-parent\" >\n\n\t\n\t<div class=\"tribe-events-calendar-month__calendar-event-details\">\n\n\t\t<div class=\"tribe-events-calendar-month__calendar-event-datetime\">\n\t\t<time datetime=\"08:00\">\n\t\t8:00 am\t<\/time>\n\t\t\t<span class=\"tribe-events-calendar-month__calendar-event-datetime-separator\"> - <\/span>\n\t\t<time datetime=\"14:00\">\n\t\t\t2:00 pm\t\t<\/time>\n\t\t\n<span class=\"tribe-events-calendar-series-archive__container\">\n\t<a\n\t\thref=\"https:\/\/boulder.earth\/es\/series\/boulder-farmers-market\/\"\n\t\taria-label=\"Event series: Boulder Farmers Market\"\n\t\tclass=\"tribe-events-calendar-series-archive__link\"\n\t>\n\t\t\n<svg  class=\"tribe-common-c-svgicon tribe-common-c-svgicon--series tribe-events-series-archive__icon\"  width=\"14\" height=\"12\" viewBox=\"0 0 14 12\" fill=\"none\" xmlns=\"http:\/\/www.w3.org\/2000\/svg\" aria-hidden=\"true\">\n\t<rect x=\"0.5\" y=\"4.5\" width=\"9\" height=\"7\" \/>\n\t<path d=\"M2 2.5H11.5V10\" \/>\n\t<path d=\"M4 0.5H13.5V8\" \/>\n<\/svg>\n\t<\/a>\n<\/span>\n<\/div>\n\t\t<div class=\"tribe-events-calendar-month__calendar-event-title tribe-common-h8 tribe-common-h--alt\">\n\t<a\n\t\thref=\"https:\/\/boulder.earth\/es\/event\/boulder-farmers-market\/2026-04-04\/\"\n\t\ttitle=\"Boulder Farmers Market\"\n\t\trel=\"bookmark\"\n\t\tclass=\"tribe-events-calendar-month__calendar-event-title-link tribe-common-anchor-thin\"\n\t\tdata-js=\"tribe-events-tooltip\"\n\t\tdata-tooltip-content=\"#tribe-events-tooltip-content-10003473\"\n\t\taria-describedby=\"tribe-events-tooltip-content-10003473\"\n\t>\n\t\tBoulder Farmers Market\t<\/a>\n<\/div>\n\n\t\t<div class=\"tribe-events-calendar-month__calendar-event-tooltip-template tribe-common-a11y-hidden\">\n\t<div\n\t\tclass=\"tribe-events-calendar-month__calendar-event-tooltip\"\n\t\tid=\"tribe-events-tooltip-content-10003473\"\n\t\trole=\"tooltip\"\n\t>\n\t\t<div class=\"tribe-events-calendar-month__calendar-event-tooltip-featured-image-wrapper\">\n\t<img\n\t\tclass=\"tribe-events-calendar-month__calendar-event-tooltip-featured-image\"\n\t\tsrc=\"https:\/\/boulder.earth\/wp-content\/uploads\/2026\/04\/5a1a4a83-2755-6e04-62f2-ff349ad4a3cd-e1776830580952.jpg\"\n\t\t\t\t\tsrcset=\"https:\/\/boulder.earth\/wp-content\/uploads\/2026\/04\/5a1a4a83-2755-6e04-62f2-ff349ad4a3cd-300x300.jpg 300w, https:\/\/boulder.earth\/wp-content\/uploads\/2026\/04\/5a1a4a83-2755-6e04-62f2-ff349ad4a3cd-1030x1030.jpg 1030w, https:\/\/boulder.earth\/wp-content\/uploads\/2026\/04\/5a1a4a83-2755-6e04-62f2-ff349ad4a3cd-80x80.jpg 80w, https:\/\/boulder.earth\/wp-content\/uploads\/2026\/04\/5a1a4a83-2755-6e04-62f2-ff349ad4a3cd-768x768.jpg 768w, https:\/\/boulder.earth\/wp-content\/uploads\/2026\/04\/5a1a4a83-2755-6e04-62f2-ff349ad4a3cd-12x12.jpg 12w, https:\/\/boulder.earth\/wp-content\/uploads\/2026\/04\/5a1a4a83-2755-6e04-62f2-ff349ad4a3cd-36x36.jpg 36w, https:\/\/boulder.earth\/wp-content\/uploads\/2026\/04\/5a1a4a83-2755-6e04-62f2-ff349ad4a3cd-180x180.jpg 180w, https:\/\/boulder.earth\/wp-content\/uploads\/2026\/04\/5a1a4a83-2755-6e04-62f2-ff349ad4a3cd-705x705.jpg 705w, https:\/\/boulder.earth\/wp-content\/uploads\/2026\/04\/5a1a4a83-2755-6e04-62f2-ff349ad4a3cd-e1776830580952.jpg 600w\"\n\t\t\t\t\t\t\talt=\"\"\n\t\t\t\/>\n<\/div>\n\t\t<div class=\"tribe-events-calendar-month__calendar-event-tooltip-datetime\">\n\t\t<time datetime=\"2026-04-04\">\n\t\t<span class=\"tribe-event-date-start\">abril 4 @ 8:00 am<\/span> - <span class=\"tribe-event-time\">2:00 pm<\/span>\t<\/time>\n\t\n<span class=\"tribe-events-calendar-series-archive__container\">\n\t<a\n\t\thref=\"https:\/\/boulder.earth\/es\/series\/boulder-farmers-market\/\"\n\t\taria-label=\"Event series: Boulder Farmers Market\"\n\t\tclass=\"tribe-events-calendar-series-archive__link\"\n\t>\n\t\t\n<svg  class=\"tribe-common-c-svgicon tribe-common-c-svgicon--series tribe-events-series-archive__icon\"  width=\"14\" height=\"12\" viewBox=\"0 0 14 12\" fill=\"none\" xmlns=\"http:\/\/www.w3.org\/2000\/svg\" aria-hidden=\"true\">\n\t<rect x=\"0.5\" y=\"4.5\" width=\"9\" height=\"7\" \/>\n\t<path d=\"M2 2.5H11.5V10\" \/>\n\t<path d=\"M4 0.5H13.5V8\" \/>\n<\/svg>\n\t<\/a>\n<\/span>\n<\/div>\n\t\t<div class=\"tribe-events-calendar-month__calendar-event-tooltip-title tribe-common-h7\">\n\t<a\n\t\thref=\"https:\/\/boulder.earth\/es\/event\/boulder-farmers-market\/2026-04-04\/\"\n\t\ttitle=\"Boulder Farmers Market\"\n\t\trel=\"bookmark\"\n\t\tclass=\"tribe-events-calendar-month__calendar-event-tooltip-title-link tribe-common-anchor-thin\"\n\t>\n\t\tBoulder Farmers Market\t<\/a>\n<\/div>\n\t\t<div class=\"tribe-events-calendar-month__calendar-event-tooltip-description tribe-common-b3\">\n\t<p>We're excited to have 75 vendor join us for opening day at the Boulder Farmers Market!<\/p>\n<\/div>\n\t\t\t<\/div>\n<\/div>\n\n\t<\/div>\n\n<\/article>\n\n\t\n\t\n<article  class=\"tribe-events-calendar-month__calendar-event post-10003552 tribe_events type-tribe_events status-publish has-post-thumbnail hentry tribe_events_cat-agriculture tribe_events_cat-community tribe_events_cat-food cat_agriculture cat_community cat_food tribe-recurring-event tribe-recurring-event-parent\" >\n\n\t\n\t<div class=\"tribe-events-calendar-month__calendar-event-details\">\n\n\t\t<div class=\"tribe-events-calendar-month__calendar-event-datetime\">\n\t\t<time datetime=\"08:00\">\n\t\t8:00 am\t<\/time>\n\t\t\t<span class=\"tribe-events-calendar-month__calendar-event-datetime-separator\"> - <\/span>\n\t\t<time datetime=\"14:00\">\n\t\t\t2:00 pm\t\t<\/time>\n\t\t\n<span class=\"tribe-events-calendar-series-archive__container\">\n\t<a\n\t\thref=\"https:\/\/boulder.earth\/es\/series\/longmont-farmers-market\/\"\n\t\taria-label=\"Event series: Longmont Farmers Market\"\n\t\tclass=\"tribe-events-calendar-series-archive__link\"\n\t>\n\t\t\n<svg  class=\"tribe-common-c-svgicon tribe-common-c-svgicon--series tribe-events-series-archive__icon\"  width=\"14\" height=\"12\" viewBox=\"0 0 14 12\" fill=\"none\" xmlns=\"http:\/\/www.w3.org\/2000\/svg\" aria-hidden=\"true\">\n\t<rect x=\"0.5\" y=\"4.5\" width=\"9\" height=\"7\" \/>\n\t<path d=\"M2 2.5H11.5V10\" \/>\n\t<path d=\"M4 0.5H13.5V8\" \/>\n<\/svg>\n\t<\/a>\n<\/span>\n<\/div>\n\t\t<div class=\"tribe-events-calendar-month__calendar-event-title tribe-common-h8 tribe-common-h--alt\">\n\t<a\n\t\thref=\"https:\/\/boulder.earth\/es\/event\/longmont-farmers-market-2\/2026-04-04\/\"\n\t\ttitle=\"Longmont Farmers Market\"\n\t\trel=\"bookmark\"\n\t\tclass=\"tribe-events-calendar-month__calendar-event-title-link tribe-common-anchor-thin\"\n\t\tdata-js=\"tribe-events-tooltip\"\n\t\tdata-tooltip-content=\"#tribe-events-tooltip-content-10003552\"\n\t\taria-describedby=\"tribe-events-tooltip-content-10003552\"\n\t>\n\t\tLongmont Farmers Market\t<\/a>\n<\/div>\n\n\t\t<div class=\"tribe-events-calendar-month__calendar-event-tooltip-template tribe-common-a11y-hidden\">\n\t<div\n\t\tclass=\"tribe-events-calendar-month__calendar-event-tooltip\"\n\t\tid=\"tribe-events-tooltip-content-10003552\"\n\t\trole=\"tooltip\"\n\t>\n\t\t<div class=\"tribe-events-calendar-month__calendar-event-tooltip-featured-image-wrapper\">\n\t<img\n\t\tclass=\"tribe-events-calendar-month__calendar-event-tooltip-featured-image\"\n\t\tsrc=\"https:\/\/boulder.earth\/wp-content\/uploads\/2026\/04\/5a1a4a83-2755-6e04-62f2-ff349ad4a3cd-e1776830580952.jpg\"\n\t\t\t\t\tsrcset=\"https:\/\/boulder.earth\/wp-content\/uploads\/2026\/04\/5a1a4a83-2755-6e04-62f2-ff349ad4a3cd-300x300.jpg 300w, https:\/\/boulder.earth\/wp-content\/uploads\/2026\/04\/5a1a4a83-2755-6e04-62f2-ff349ad4a3cd-1030x1030.jpg 1030w, https:\/\/boulder.earth\/wp-content\/uploads\/2026\/04\/5a1a4a83-2755-6e04-62f2-ff349ad4a3cd-80x80.jpg 80w, https:\/\/boulder.earth\/wp-content\/uploads\/2026\/04\/5a1a4a83-2755-6e04-62f2-ff349ad4a3cd-768x768.jpg 768w, https:\/\/boulder.earth\/wp-content\/uploads\/2026\/04\/5a1a4a83-2755-6e04-62f2-ff349ad4a3cd-12x12.jpg 12w, https:\/\/boulder.earth\/wp-content\/uploads\/2026\/04\/5a1a4a83-2755-6e04-62f2-ff349ad4a3cd-36x36.jpg 36w, https:\/\/boulder.earth\/wp-content\/uploads\/2026\/04\/5a1a4a83-2755-6e04-62f2-ff349ad4a3cd-180x180.jpg 180w, https:\/\/boulder.earth\/wp-content\/uploads\/2026\/04\/5a1a4a83-2755-6e04-62f2-ff349ad4a3cd-705x705.jpg 705w, https:\/\/boulder.earth\/wp-content\/uploads\/2026\/04\/5a1a4a83-2755-6e04-62f2-ff349ad4a3cd-e1776830580952.jpg 600w\"\n\t\t\t\t\t\t\talt=\"\"\n\t\t\t\/>\n<\/div>\n\t\t<div class=\"tribe-events-calendar-month__calendar-event-tooltip-datetime\">\n\t\t<time datetime=\"2026-04-04\">\n\t\t<span class=\"tribe-event-date-start\">abril 4 @ 8:00 am<\/span> - <span class=\"tribe-event-time\">2:00 pm<\/span>\t<\/time>\n\t\n<span class=\"tribe-events-calendar-series-archive__container\">\n\t<a\n\t\thref=\"https:\/\/boulder.earth\/es\/series\/longmont-farmers-market\/\"\n\t\taria-label=\"Event series: Longmont Farmers Market\"\n\t\tclass=\"tribe-events-calendar-series-archive__link\"\n\t>\n\t\t\n<svg  class=\"tribe-common-c-svgicon tribe-common-c-svgicon--series tribe-events-series-archive__icon\"  width=\"14\" height=\"12\" viewBox=\"0 0 14 12\" fill=\"none\" xmlns=\"http:\/\/www.w3.org\/2000\/svg\" aria-hidden=\"true\">\n\t<rect x=\"0.5\" y=\"4.5\" width=\"9\" height=\"7\" \/>\n\t<path d=\"M2 2.5H11.5V10\" \/>\n\t<path d=\"M4 0.5H13.5V8\" \/>\n<\/svg>\n\t<\/a>\n<\/span>\n<\/div>\n\t\t<div class=\"tribe-events-calendar-month__calendar-event-tooltip-title tribe-common-h7\">\n\t<a\n\t\thref=\"https:\/\/boulder.earth\/es\/event\/longmont-farmers-market-2\/2026-04-04\/\"\n\t\ttitle=\"Longmont Farmers Market\"\n\t\trel=\"bookmark\"\n\t\tclass=\"tribe-events-calendar-month__calendar-event-tooltip-title-link tribe-common-anchor-thin\"\n\t>\n\t\tLongmont Farmers Market\t<\/a>\n<\/div>\n\t\t<div class=\"tribe-events-calendar-month__calendar-event-tooltip-description tribe-common-b3\">\n\t<p>In Longmont, we'll have nearly 70 vendors joining us this Saturday!<\/p>\n<\/div>\n\t\t\t<\/div>\n<\/div>\n\n\t<\/div>\n\n<\/article>\n\n\t\n\t\n<article  class=\"tribe-events-calendar-month__calendar-event post-10003359 tribe_events type-tribe_events status-publish has-post-thumbnail hentry tribe_events_cat-biodiversity tribe_events_cat-climate tribe_events_cat-community tribe_events_cat-education tribe_events_cat-land-management tribe_events_cat-nature cat_biodiversity cat_climate cat_community cat_education cat_land-management cat_nature\" >\n\n\t\n\t<div class=\"tribe-events-calendar-month__calendar-event-details\">\n\n\t\t<div class=\"tribe-events-calendar-month__calendar-event-datetime\">\n\t\t<time datetime=\"09:00\">\n\t\t9:00 am\t<\/time>\n\t\t\t<span class=\"tribe-events-calendar-month__calendar-event-datetime-separator\"> - <\/span>\n\t\t<time datetime=\"15:00\">\n\t\t\t3:00 pm\t\t<\/time>\n\t\t<\/div>\n\t\t<div class=\"tribe-events-calendar-month__calendar-event-title tribe-common-h8 tribe-common-h--alt\">\n\t<a\n\t\thref=\"https:\/\/boulder.earth\/es\/event\/public-lands-in-public-hands-for-the-public-good-engaging-law-policy-and-advocacy-to-protect-our-shared-natural-heritage-the-annual-boulder-county-nature-association-ecosymposium\/\"\n\t\ttitle=\"Public Lands in Public Hands for the Public Good: Engaging law, policy, and advocacy to protect our shared natural heritage &#8211; The annual Boulder County Nature Association Ecosymposium\"\n\t\trel=\"bookmark\"\n\t\tclass=\"tribe-events-calendar-month__calendar-event-title-link tribe-common-anchor-thin\"\n\t\tdata-js=\"tribe-events-tooltip\"\n\t\tdata-tooltip-content=\"#tribe-events-tooltip-content-10003359\"\n\t\taria-describedby=\"tribe-events-tooltip-content-10003359\"\n\t>\n\t\tPublic Lands in Public Hands for the Public Good: Engaging law, policy, and advocacy to protect our shared natural heritage &#8211; The annual Boulder County Nature Association Ecosymposium\t<\/a>\n<\/div>\n\n\t\t<div class=\"tribe-events-calendar-month__calendar-event-tooltip-template tribe-common-a11y-hidden\">\n\t<div\n\t\tclass=\"tribe-events-calendar-month__calendar-event-tooltip\"\n\t\tid=\"tribe-events-tooltip-content-10003359\"\n\t\trole=\"tooltip\"\n\t>\n\t\t<div class=\"tribe-events-calendar-month__calendar-event-tooltip-featured-image-wrapper\">\n\t<img\n\t\tclass=\"tribe-events-calendar-month__calendar-event-tooltip-featured-image\"\n\t\tsrc=\"https:\/\/boulder.earth\/wp-content\/uploads\/2026\/03\/16522642271_9703bc5d64_w.jpg\"\n\t\t\t\t\tsrcset=\"https:\/\/boulder.earth\/wp-content\/uploads\/2026\/03\/16522642271_9703bc5d64_w-300x205.jpg 300w, https:\/\/boulder.earth\/wp-content\/uploads\/2026\/03\/16522642271_9703bc5d64_w-18x12.jpg 18w, https:\/\/boulder.earth\/wp-content\/uploads\/2026\/03\/16522642271_9703bc5d64_w.jpg 399w\"\n\t\t\t\t\t\t\talt=\"\"\n\t\t\t\/>\n<\/div>\n\t\t<div class=\"tribe-events-calendar-month__calendar-event-tooltip-datetime\">\n\t\t<time datetime=\"2026-04-04\">\n\t\t<span class=\"tribe-event-date-start\">abril 4 @ 9:00 am<\/span> - <span class=\"tribe-event-time\">3:00 pm<\/span>\t<\/time>\n\t<\/div>\n\t\t<div class=\"tribe-events-calendar-month__calendar-event-tooltip-title tribe-common-h7\">\n\t<a\n\t\thref=\"https:\/\/boulder.earth\/es\/event\/public-lands-in-public-hands-for-the-public-good-engaging-law-policy-and-advocacy-to-protect-our-shared-natural-heritage-the-annual-boulder-county-nature-association-ecosymposium\/\"\n\t\ttitle=\"Public Lands in Public Hands for the Public Good: Engaging law, policy, and advocacy to protect our shared natural heritage &#8211; The annual Boulder County Nature Association Ecosymposium\"\n\t\trel=\"bookmark\"\n\t\tclass=\"tribe-events-calendar-month__calendar-event-tooltip-title-link tribe-common-anchor-thin\"\n\t>\n\t\tPublic Lands in Public Hands for the Public Good: Engaging law, policy, and advocacy to protect our shared natural heritage &#8211; The annual Boulder County Nature Association Ecosymposium\t<\/a>\n<\/div>\n\t\t<div class=\"tribe-events-calendar-month__calendar-event-tooltip-description tribe-common-b3\">\n\t<p>We all cherish these public lands\u2014our forests, creek, grasslands, and our many parks and trails. Most of us in Boulder County think of public lands as a shared good and a reservoir of natural and cultural bounty held by the government for the benefit of current and future ecosystems, residents, and visitors.<\/p>\n<\/div>\n\t\t\t<\/div>\n<\/div>\n\n\t<\/div>\n\n<\/article>\n\n\t<\/div>\n\n\t\n<\/div>\n<\/td>\n\n\t\t\t\t\t<\/tr>\n\t\t\t<tr class=\"tribe-events-calendar-month__week\" data-js=\"tribe-events-month-grid-row\">\n\t\t\t\n\t\t\t\t<td\n\t class=\"tribe-events-calendar-month__day tribe-events-calendar-month__day--past\" \taria-labelledby=\"tribe-events-calendar-day-2026-04-05\"\n\tdata-js=\"tribe-events-month-grid-cell\"\n>\n\t<button\n\taria-expanded=\"false\"\n\taria-controls=\"tribe-events-calendar-mobile-day-2026-04-5\"\n\taria-label=\"abril 5, 3 eventos, past day\"\n\t class=\"tribe-events-calendar-month__day-cell tribe-events-calendar-month__day-cell--mobile\" \tdata-js=\"tribe-events-calendar-month-day-cell-mobile\"\n>\n\t<h3 class=\"tribe-events-calendar-month__day-date tribe-common-h6 tribe-common-h--alt\">\n\t\t<span class=\"tribe-common-a11y-visual-hide\">\n\t\t\t3 eventos\t\t<\/span>\n\t\t<time\n\t\t\tclass=\"tribe-events-calendar-month__day-date-daynum\"\n\t\t\tdatetime=\"2026-04-05\"\n\t\t>\n\t\t\t5\t\t<\/time>\n\t<\/h3>\n\t\n\t<span class=\"tribe-events-calendar-month__mobile-events-icon tribe-events-calendar-month__mobile-events-icon--event\" >\n\t<\/span>\n<\/button>\n\t\n<div\n\tid=\"tribe-events-calendar-day-2026-04-05\"\n\tclass=\"tribe-events-calendar-month__day-cell tribe-events-calendar-month__day-cell--desktop tribe-common-a11y-hidden\"\n>\n\t\n<h3 class=\"tribe-events-calendar-month__day-date tribe-common-h4\">\n\t<span class=\"tribe-common-a11y-visual-hide\">\n\t\t3 eventos,\n\t<\/span>\n\t<time\n\t\tclass=\"tribe-events-calendar-month__day-date-daynum\"\n\t\tdatetime=\"2026-04-05\"\n\t>\n\t\t\t\t\t<a\n\t\t\t\thref=\"https:\/\/boulder.earth\/es\/events\/2026-04-05\/?shortcode=42cf1b8c\"\n\t\t\t\tclass=\"tribe-events-calendar-month__day-date-link\"\n\t\t\t\tdata-js=\"tribe-events-view-link\"\n\t\t\t\taria-label=\"abril 5\"\n\t\t\t>\n\t\t\t\t5\t\t\t<\/a>\n\t\t\t<\/time>\n<\/h3>\n\n\t<div class=\"tribe-events-calendar-month__events\">\n\t\t\n\t<div class=\"tribe-events-calendar-month__multiday-event-wrapper\">\n\t<article  class=\"tribe-events-calendar-month__multiday-event post-10003431 tribe_events type-tribe_events status-publish has-post-thumbnail hentry tribe_events_cat-community tribe_events_cat-creative-arts tribe_events_cat-culture-building tribe_events_cat-resilience cat_community cat_creative-arts cat_culture-building cat_resilience tribe-events-calendar-month__multiday-event--width-7 tribe-events-calendar-month__multiday-event--display tribe-events-calendar-month__multiday-event--past\"  data-event-id=\"10003431\">\n\t\t<div class=\"tribe-events-calendar-month__multiday-event-hidden\">\n\t<time\n\tdatetime=\"2026-04-03\"\n\tclass=\"tribe-common-a11y-visual-hide\"\n>\n\t2026-04-03<\/time>\n\t<a\n\thref=\"https:\/\/boulder.earth\/es\/event\/boulder-arts-week\/\"\n\tclass=\"tribe-events-calendar-month__multiday-event-hidden-link\"\n\tdata-js=\"tribe-events-tooltip\"\n\tdata-tooltip-content=\"#tribe-events-tooltip-content-10003431\"\n\taria-describedby=\"tribe-events-tooltip-content-10003431\"\n>\n\t\t<div class=\"tribe-events-calendar-month__multiday-event-hidden-title tribe-common-h8\">\n\tBoulder Arts Week<\/div>\n<\/a>\n<\/div>\n\t\t<div class=\"tribe-events-calendar-month__multiday-event-bar\">\n\t<div class=\"tribe-events-calendar-month__multiday-event-bar-inner\">\n\t\t\t\t<div class=\"tribe-events-calendar-month__multiday-event-bar-title tribe-common-h8\">\n\tBoulder Arts Week<\/div>\n\t<\/div>\n<\/div>\n\t<\/article>\n<\/div>\n\n\n\t\t\n\t\n\t\n<article  class=\"tribe-events-calendar-month__calendar-event post-10003020 tribe_events type-tribe_events status-publish has-post-thumbnail hentry tribe_events_cat-activism tribe_events_cat-community tribe_events_cat-culture-building tribe_events_cat-governance tribe_events_cat-human-rights tribe_events_cat-resilience tribe_events_cat-social-justice cat_activism cat_community cat_culture-building cat_governance cat_human-rights cat_resilience cat_social-justice tribe-recurring-event tribe-recurring-event-parent\" >\n\n\t\n\t<div class=\"tribe-events-calendar-month__calendar-event-details\">\n\n\t\t<div class=\"tribe-events-calendar-month__calendar-event-datetime\">\n\t\t<time datetime=\"12:00\">\n\t\t12:00 pm\t<\/time>\n\t\t\t<span class=\"tribe-events-calendar-month__calendar-event-datetime-separator\"> - <\/span>\n\t\t<time datetime=\"13:00\">\n\t\t\t1:00 pm\t\t<\/time>\n\t\t<\/div>\n\t\t<div class=\"tribe-events-calendar-month__calendar-event-title tribe-common-h8 tribe-common-h--alt\">\n\t<a\n\t\thref=\"https:\/\/boulder.earth\/es\/event\/weekly-vigil-for-palestine\/2026-04-05\/\"\n\t\ttitle=\"Weekly Vigil for Palestine\"\n\t\trel=\"bookmark\"\n\t\tclass=\"tribe-events-calendar-month__calendar-event-title-link tribe-common-anchor-thin\"\n\t\tdata-js=\"tribe-events-tooltip\"\n\t\tdata-tooltip-content=\"#tribe-events-tooltip-content-10003020\"\n\t\taria-describedby=\"tribe-events-tooltip-content-10003020\"\n\t>\n\t\tWeekly Vigil for Palestine\t<\/a>\n<\/div>\n\n\t\t<div class=\"tribe-events-calendar-month__calendar-event-tooltip-template tribe-common-a11y-hidden\">\n\t<div\n\t\tclass=\"tribe-events-calendar-month__calendar-event-tooltip\"\n\t\tid=\"tribe-events-tooltip-content-10003020\"\n\t\trole=\"tooltip\"\n\t>\n\t\t<div class=\"tribe-events-calendar-month__calendar-event-tooltip-featured-image-wrapper\">\n\t<img\n\t\tclass=\"tribe-events-calendar-month__calendar-event-tooltip-featured-image\"\n\t\tsrc=\"https:\/\/boulder.earth\/wp-content\/uploads\/2025\/03\/Screenshot_20250305-020854-e1742511421283.png\"\n\t\t\t\t\tsrcset=\"https:\/\/boulder.earth\/wp-content\/uploads\/2025\/03\/Screenshot_20250305-020854-300x286.png 300w, https:\/\/boulder.earth\/wp-content\/uploads\/2025\/03\/Screenshot_20250305-020854-13x12.png 13w, https:\/\/boulder.earth\/wp-content\/uploads\/2025\/03\/Screenshot_20250305-020854-720x684.png 720w, https:\/\/boulder.earth\/wp-content\/uploads\/2025\/03\/Screenshot_20250305-020854-705x673.png 705w, https:\/\/boulder.earth\/wp-content\/uploads\/2025\/03\/Screenshot_20250305-020854-e1742511421283.png 600w\"\n\t\t\t\t\t\t\talt=\"\"\n\t\t\t\/>\n<\/div>\n\t\t<div class=\"tribe-events-calendar-month__calendar-event-tooltip-datetime\">\n\t\t<time datetime=\"2026-04-05\">\n\t\t<span class=\"tribe-event-date-start\">abril 5 @ 12:00 pm<\/span> - <span class=\"tribe-event-time\">1:00 pm<\/span>\t<\/time>\n\t<\/div>\n\t\t<div class=\"tribe-events-calendar-month__calendar-event-tooltip-title tribe-common-h7\">\n\t<a\n\t\thref=\"https:\/\/boulder.earth\/es\/event\/weekly-vigil-for-palestine\/2026-04-05\/\"\n\t\ttitle=\"Weekly Vigil for Palestine\"\n\t\trel=\"bookmark\"\n\t\tclass=\"tribe-events-calendar-month__calendar-event-tooltip-title-link tribe-common-anchor-thin\"\n\t>\n\t\tWeekly Vigil for Palestine\t<\/a>\n<\/div>\n\t\t<div class=\"tribe-events-calendar-month__calendar-event-tooltip-description tribe-common-b3\">\n\t<p>Join Longmont for Palestine every Sunday from 12:00 - 1:00 pm on 6th &amp; Main St. in Longmont for a weekly Palestine vigil! Bring your signs and posters, or just stop on by to ask any questions you may have and get to know us! We will have signs available, as well as informational flyers, postcards, and zines.<\/p>\n<\/div>\n\t\t\t<\/div>\n<\/div>\n\n\t<\/div>\n\n<\/article>\n\n\t\n\t\n<article  class=\"tribe-events-calendar-month__calendar-event post-10003356 tribe_events type-tribe_events status-publish has-post-thumbnail hentry tribe_events_cat-activism tribe_events_cat-culture-building tribe_events_cat-networking tribe_events_cat-resilience tribe_events_cat-social-justice cat_activism cat_culture-building cat_networking cat_resilience cat_social-justice\" >\n\n\t\n\t<div class=\"tribe-events-calendar-month__calendar-event-details\">\n\n\t\t<div class=\"tribe-events-calendar-month__calendar-event-datetime\">\n\t\t<time datetime=\"18:00\">\n\t\t6:00 pm\t<\/time>\n\t\t\t<span class=\"tribe-events-calendar-month__calendar-event-datetime-separator\"> - <\/span>\n\t\t<time datetime=\"22:00\">\n\t\t\t10:00 pm\t\t<\/time>\n\t\t<\/div>\n\t\t<div class=\"tribe-events-calendar-month__calendar-event-title tribe-common-h8 tribe-common-h--alt\">\n\t<a\n\t\thref=\"https:\/\/boulder.earth\/es\/event\/bhcs-4th-annual-bipoc-social\/\"\n\t\ttitle=\"BHC&#8217;s 4th Annual BIPOC Social\"\n\t\trel=\"bookmark\"\n\t\tclass=\"tribe-events-calendar-month__calendar-event-title-link tribe-common-anchor-thin\"\n\t\tdata-js=\"tribe-events-tooltip\"\n\t\tdata-tooltip-content=\"#tribe-events-tooltip-content-10003356\"\n\t\taria-describedby=\"tribe-events-tooltip-content-10003356\"\n\t>\n\t\tBHC&#8217;s 4th Annual BIPOC Social\t<\/a>\n<\/div>\n\n\t\t<div class=\"tribe-events-calendar-month__calendar-event-tooltip-template tribe-common-a11y-hidden\">\n\t<div\n\t\tclass=\"tribe-events-calendar-month__calendar-event-tooltip\"\n\t\tid=\"tribe-events-tooltip-content-10003356\"\n\t\trole=\"tooltip\"\n\t>\n\t\t<div class=\"tribe-events-calendar-month__calendar-event-tooltip-featured-image-wrapper\">\n\t<img\n\t\tclass=\"tribe-events-calendar-month__calendar-event-tooltip-featured-image\"\n\t\tsrc=\"https:\/\/boulder.earth\/wp-content\/uploads\/2026\/03\/image.png\"\n\t\t\t\t\tsrcset=\"https:\/\/boulder.earth\/wp-content\/uploads\/2026\/03\/image-232x300.png 232w, https:\/\/boulder.earth\/wp-content\/uploads\/2026\/03\/image-9x12.png 9w, https:\/\/boulder.earth\/wp-content\/uploads\/2026\/03\/image-545x705.png 545w, https:\/\/boulder.earth\/wp-content\/uploads\/2026\/03\/image.png 572w\"\n\t\t\t\t\t\t\talt=\"\"\n\t\t\t\/>\n<\/div>\n\t\t<div class=\"tribe-events-calendar-month__calendar-event-tooltip-datetime\">\n\t\t<time datetime=\"2026-04-05\">\n\t\t<span class=\"tribe-event-date-start\">abril 5 @ 6:00 pm<\/span> - <span class=\"tribe-event-time\">10:00 pm<\/span>\t<\/time>\n\t<\/div>\n\t\t<div class=\"tribe-events-calendar-month__calendar-event-tooltip-title tribe-common-h7\">\n\t<a\n\t\thref=\"https:\/\/boulder.earth\/es\/event\/bhcs-4th-annual-bipoc-social\/\"\n\t\ttitle=\"BHC&#8217;s 4th Annual BIPOC Social\"\n\t\trel=\"bookmark\"\n\t\tclass=\"tribe-events-calendar-month__calendar-event-tooltip-title-link tribe-common-anchor-thin\"\n\t>\n\t\tBHC&#8217;s 4th Annual BIPOC Social\t<\/a>\n<\/div>\n\t\t<div class=\"tribe-events-calendar-month__calendar-event-tooltip-description tribe-common-b3\">\n\t<p>BIPOC &amp; curious about co-ops? Join Better Housing Colorado for food, drinks, games &amp; connection at our social mixer in Boulder!<\/p>\n<\/div>\n\t\t\t<\/div>\n<\/div>\n\n\t<\/div>\n\n<\/article>\n\n\t<\/div>\n\n\t\n<\/div>\n<\/td>\n\n\t\t\t\n\t\t\t\t<td\n\t class=\"tribe-events-calendar-month__day tribe-events-calendar-month__day--past\" \taria-labelledby=\"tribe-events-calendar-day-2026-04-06\"\n\tdata-js=\"tribe-events-month-grid-cell\"\n>\n\t<button\n\taria-expanded=\"false\"\n\taria-controls=\"tribe-events-calendar-mobile-day-2026-04-6\"\n\taria-label=\"abril 6, 3 eventos, past day\"\n\t class=\"tribe-events-calendar-month__day-cell tribe-events-calendar-month__day-cell--mobile\" \tdata-js=\"tribe-events-calendar-month-day-cell-mobile\"\n>\n\t<h3 class=\"tribe-events-calendar-month__day-date tribe-common-h6 tribe-common-h--alt\">\n\t\t<span class=\"tribe-common-a11y-visual-hide\">\n\t\t\t3 eventos\t\t<\/span>\n\t\t<time\n\t\t\tclass=\"tribe-events-calendar-month__day-date-daynum\"\n\t\t\tdatetime=\"2026-04-06\"\n\t\t>\n\t\t\t6\t\t<\/time>\n\t<\/h3>\n\t\n\t<span class=\"tribe-events-calendar-month__mobile-events-icon tribe-events-calendar-month__mobile-events-icon--event\" >\n\t<\/span>\n<\/button>\n\t\n<div\n\tid=\"tribe-events-calendar-day-2026-04-06\"\n\tclass=\"tribe-events-calendar-month__day-cell tribe-events-calendar-month__day-cell--desktop tribe-common-a11y-hidden\"\n>\n\t\n<h3 class=\"tribe-events-calendar-month__day-date tribe-common-h4\">\n\t<span class=\"tribe-common-a11y-visual-hide\">\n\t\t3 eventos,\n\t<\/span>\n\t<time\n\t\tclass=\"tribe-events-calendar-month__day-date-daynum\"\n\t\tdatetime=\"2026-04-06\"\n\t>\n\t\t\t\t\t<a\n\t\t\t\thref=\"https:\/\/boulder.earth\/es\/events\/2026-04-06\/?shortcode=42cf1b8c\"\n\t\t\t\tclass=\"tribe-events-calendar-month__day-date-link\"\n\t\t\t\tdata-js=\"tribe-events-view-link\"\n\t\t\t\taria-label=\"abril 6\"\n\t\t\t>\n\t\t\t\t6\t\t\t<\/a>\n\t\t\t<\/time>\n<\/h3>\n\n\t<div class=\"tribe-events-calendar-month__events\">\n\t\t\n\t<div class=\"tribe-events-calendar-month__multiday-event-wrapper\">\n\t<article  class=\"tribe-events-calendar-month__multiday-event post-10003431 tribe_events type-tribe_events status-publish has-post-thumbnail hentry tribe_events_cat-community tribe_events_cat-creative-arts tribe_events_cat-culture-building tribe_events_cat-resilience cat_community cat_creative-arts cat_culture-building cat_resilience\"  data-event-id=\"10003431\">\n\t\t<div class=\"tribe-events-calendar-month__multiday-event-hidden\">\n\t<time\n\tdatetime=\"2026-04-03\"\n\tclass=\"tribe-common-a11y-visual-hide\"\n>\n\t2026-04-03<\/time>\n\t<a\n\thref=\"https:\/\/boulder.earth\/es\/event\/boulder-arts-week\/\"\n\tclass=\"tribe-events-calendar-month__multiday-event-hidden-link\"\n\tdata-js=\"tribe-events-tooltip\"\n\tdata-tooltip-content=\"#tribe-events-tooltip-content-10003431\"\n\taria-describedby=\"tribe-events-tooltip-content-10003431\"\n>\n\t\t<div class=\"tribe-events-calendar-month__multiday-event-hidden-title tribe-common-h8\">\n\tBoulder Arts Week<\/div>\n<\/a>\n<\/div>\n\t\t\t<\/article>\n<\/div>\n\n\n\t\t\n\t\n\t\n<article  class=\"tribe-events-calendar-month__calendar-event post-10003376 tribe_events type-tribe_events status-publish has-post-thumbnail hentry tribe_events_cat-activism tribe_events_cat-climate tribe_events_cat-education tribe_events_cat-energy tribe_events_cat-indigenous-knowledge tribe_events_cat-resilience tribe_events_cat-webinar cat_activism cat_climate cat_education cat_energy cat_indigenous-knowledge cat_resilience cat_webinar\" >\n\n\t\n\t<div class=\"tribe-events-calendar-month__calendar-event-details\">\n\n\t\t<div class=\"tribe-events-calendar-month__calendar-event-datetime\">\n\t\t<time datetime=\"16:00\">\n\t\t4:00 pm\t<\/time>\n\t\t\t<span class=\"tribe-events-calendar-month__calendar-event-datetime-separator\"> - <\/span>\n\t\t<time datetime=\"17:30\">\n\t\t\t5:30 pm\t\t<\/time>\n\t\t<\/div>\n\t\t<div class=\"tribe-events-calendar-month__calendar-event-title tribe-common-h8 tribe-common-h--alt\">\n\t<a\n\t\thref=\"https:\/\/boulder.earth\/es\/event\/joanna-macy-center-presents-the-nuclear-truth-project-webinar\/\"\n\t\ttitle=\"Joanna Macy Center Presents The Nuclear Truth Project Webinar\"\n\t\trel=\"bookmark\"\n\t\tclass=\"tribe-events-calendar-month__calendar-event-title-link tribe-common-anchor-thin\"\n\t\tdata-js=\"tribe-events-tooltip\"\n\t\tdata-tooltip-content=\"#tribe-events-tooltip-content-10003376\"\n\t\taria-describedby=\"tribe-events-tooltip-content-10003376\"\n\t>\n\t\tJoanna Macy Center Presents The Nuclear Truth Project Webinar\t<\/a>\n<\/div>\n\n\t\t<div class=\"tribe-events-calendar-month__calendar-event-tooltip-template tribe-common-a11y-hidden\">\n\t<div\n\t\tclass=\"tribe-events-calendar-month__calendar-event-tooltip\"\n\t\tid=\"tribe-events-tooltip-content-10003376\"\n\t\trole=\"tooltip\"\n\t>\n\t\t<div class=\"tribe-events-calendar-month__calendar-event-tooltip-featured-image-wrapper\">\n\t<img\n\t\tclass=\"tribe-events-calendar-month__calendar-event-tooltip-featured-image\"\n\t\tsrc=\"https:\/\/boulder.earth\/wp-content\/uploads\/2026\/03\/image-1-e1774396013802.webp\"\n\t\t\t\t\tsrcset=\"https:\/\/boulder.earth\/wp-content\/uploads\/2026\/03\/image-1-300x150.webp 300w, https:\/\/boulder.earth\/wp-content\/uploads\/2026\/03\/image-1-768x384.webp 768w, https:\/\/boulder.earth\/wp-content\/uploads\/2026\/03\/image-1-18x9.webp 18w, https:\/\/boulder.earth\/wp-content\/uploads\/2026\/03\/image-1-705x353.webp 705w, https:\/\/boulder.earth\/wp-content\/uploads\/2026\/03\/image-1-e1774396013802.webp 600w\"\n\t\t\t\t\t\t\talt=\"\"\n\t\t\t\/>\n<\/div>\n\t\t<div class=\"tribe-events-calendar-month__calendar-event-tooltip-datetime\">\n\t\t<time datetime=\"2026-04-06\">\n\t\t<span class=\"tribe-event-date-start\">abril 6 @ 4:00 pm<\/span> - <span class=\"tribe-event-time\">5:30 pm<\/span>\t<\/time>\n\t<\/div>\n\t\t<div class=\"tribe-events-calendar-month__calendar-event-tooltip-title tribe-common-h7\">\n\t<a\n\t\thref=\"https:\/\/boulder.earth\/es\/event\/joanna-macy-center-presents-the-nuclear-truth-project-webinar\/\"\n\t\ttitle=\"Joanna Macy Center Presents The Nuclear Truth Project Webinar\"\n\t\trel=\"bookmark\"\n\t\tclass=\"tribe-events-calendar-month__calendar-event-tooltip-title-link tribe-common-anchor-thin\"\n\t>\n\t\tJoanna Macy Center Presents The Nuclear Truth Project Webinar\t<\/a>\n<\/div>\n\t\t<div class=\"tribe-events-calendar-month__calendar-event-tooltip-description tribe-common-b3\">\n\t<p>This year marks the 80th anniversary of the advent of US nuclear weapon testing in the Marshall Islands, forever altering the health, wellbeing, ecology and culture of the Marshallese People.<\/p>\n<\/div>\n\t\t\t<\/div>\n<\/div>\n\n\t<\/div>\n\n<\/article>\n\n\t\n\t\n<article  class=\"tribe-events-calendar-month__calendar-event post-10003363 tribe_events type-tribe_events status-publish has-post-thumbnail hentry tribe_events_cat-climate tribe_events_cat-community tribe_events_cat-creative-arts tribe_events_cat-nature tribe_events_cat-networking tribe_events_cat-resilience tribe_events_cat-social-justice cat_climate cat_community cat_creative-arts cat_nature cat_networking cat_resilience cat_social-justice\" >\n\n\t\n\t<div class=\"tribe-events-calendar-month__calendar-event-details\">\n\n\t\t<div class=\"tribe-events-calendar-month__calendar-event-datetime\">\n\t\t<time datetime=\"17:30\">\n\t\t5:30 pm\t<\/time>\n\t\t\t<span class=\"tribe-events-calendar-month__calendar-event-datetime-separator\"> - <\/span>\n\t\t<time datetime=\"18:30\">\n\t\t\t6:30 pm\t\t<\/time>\n\t\t<\/div>\n\t\t<div class=\"tribe-events-calendar-month__calendar-event-title tribe-common-h8 tribe-common-h--alt\">\n\t<a\n\t\thref=\"https:\/\/boulder.earth\/es\/event\/spaceship-earth-multimedia-presentation-boulder-arts-week\/\"\n\t\ttitle=\"Spaceship Earth Multimedia Presentation Boulder Arts Week!\"\n\t\trel=\"bookmark\"\n\t\tclass=\"tribe-events-calendar-month__calendar-event-title-link tribe-common-anchor-thin\"\n\t\tdata-js=\"tribe-events-tooltip\"\n\t\tdata-tooltip-content=\"#tribe-events-tooltip-content-10003363\"\n\t\taria-describedby=\"tribe-events-tooltip-content-10003363\"\n\t>\n\t\tSpaceship Earth Multimedia Presentation Boulder Arts Week!\t<\/a>\n<\/div>\n\n\t\t<div class=\"tribe-events-calendar-month__calendar-event-tooltip-template tribe-common-a11y-hidden\">\n\t<div\n\t\tclass=\"tribe-events-calendar-month__calendar-event-tooltip\"\n\t\tid=\"tribe-events-tooltip-content-10003363\"\n\t\trole=\"tooltip\"\n\t>\n\t\t<div class=\"tribe-events-calendar-month__calendar-event-tooltip-featured-image-wrapper\">\n\t<img\n\t\tclass=\"tribe-events-calendar-month__calendar-event-tooltip-featured-image\"\n\t\tsrc=\"https:\/\/boulder.earth\/wp-content\/uploads\/2026\/03\/650733284_1544839387647537_4904812436923164943_n.jpg\"\n\t\t\t\t\tsrcset=\"https:\/\/boulder.earth\/wp-content\/uploads\/2026\/03\/650733284_1544839387647537_4904812436923164943_n-300x271.jpg 300w, https:\/\/boulder.earth\/wp-content\/uploads\/2026\/03\/650733284_1544839387647537_4904812436923164943_n-13x12.jpg 13w, https:\/\/boulder.earth\/wp-content\/uploads\/2026\/03\/650733284_1544839387647537_4904812436923164943_n.jpg 570w\"\n\t\t\t\t\t\t\talt=\"\"\n\t\t\t\/>\n<\/div>\n\t\t<div class=\"tribe-events-calendar-month__calendar-event-tooltip-datetime\">\n\t\t<time datetime=\"2026-04-06\">\n\t\t<span class=\"tribe-event-date-start\">abril 6 @ 5:30 pm<\/span> - <span class=\"tribe-event-time\">6:30 pm<\/span>\t<\/time>\n\t<\/div>\n\t\t<div class=\"tribe-events-calendar-month__calendar-event-tooltip-title tribe-common-h7\">\n\t<a\n\t\thref=\"https:\/\/boulder.earth\/es\/event\/spaceship-earth-multimedia-presentation-boulder-arts-week\/\"\n\t\ttitle=\"Spaceship Earth Multimedia Presentation Boulder Arts Week!\"\n\t\trel=\"bookmark\"\n\t\tclass=\"tribe-events-calendar-month__calendar-event-tooltip-title-link tribe-common-anchor-thin\"\n\t>\n\t\tSpaceship Earth Multimedia Presentation Boulder Arts Week!\t<\/a>\n<\/div>\n\t\t<div class=\"tribe-events-calendar-month__calendar-event-tooltip-description tribe-common-b3\">\n\t<p>Join us for Boulder Arts Week and celebrate the 56th Anniversary of Earth Day in this wonderful space that is woman owned and LGBTQ+ friendly at Junkyard Social Club in beautiful Boulder, Colorado!<\/p>\n<\/div>\n\t\t\t<\/div>\n<\/div>\n\n\t<\/div>\n\n<\/article>\n\n\t<\/div>\n\n\t\n<\/div>\n<\/td>\n\n\t\t\t\n\t\t\t\t<td\n\t class=\"tribe-events-calendar-month__day tribe-events-calendar-month__day--past\" \taria-labelledby=\"tribe-events-calendar-day-2026-04-07\"\n\tdata-js=\"tribe-events-month-grid-cell\"\n>\n\t<button\n\taria-expanded=\"false\"\n\taria-controls=\"tribe-events-calendar-mobile-day-2026-04-7\"\n\taria-label=\"abril 7, 2 eventos, past day\"\n\t class=\"tribe-events-calendar-month__day-cell tribe-events-calendar-month__day-cell--mobile\" \tdata-js=\"tribe-events-calendar-month-day-cell-mobile\"\n>\n\t<h3 class=\"tribe-events-calendar-month__day-date tribe-common-h6 tribe-common-h--alt\">\n\t\t<span class=\"tribe-common-a11y-visual-hide\">\n\t\t\t2 eventos\t\t<\/span>\n\t\t<time\n\t\t\tclass=\"tribe-events-calendar-month__day-date-daynum\"\n\t\t\tdatetime=\"2026-04-07\"\n\t\t>\n\t\t\t7\t\t<\/time>\n\t<\/h3>\n\t\n\t<span class=\"tribe-events-calendar-month__mobile-events-icon tribe-events-calendar-month__mobile-events-icon--event\" >\n\t<\/span>\n<\/button>\n\t\n<div\n\tid=\"tribe-events-calendar-day-2026-04-07\"\n\tclass=\"tribe-events-calendar-month__day-cell tribe-events-calendar-month__day-cell--desktop tribe-common-a11y-hidden\"\n>\n\t\n<h3 class=\"tribe-events-calendar-month__day-date tribe-common-h4\">\n\t<span class=\"tribe-common-a11y-visual-hide\">\n\t\t2 eventos,\n\t<\/span>\n\t<time\n\t\tclass=\"tribe-events-calendar-month__day-date-daynum\"\n\t\tdatetime=\"2026-04-07\"\n\t>\n\t\t\t\t\t<a\n\t\t\t\thref=\"https:\/\/boulder.earth\/es\/events\/2026-04-07\/?shortcode=42cf1b8c\"\n\t\t\t\tclass=\"tribe-events-calendar-month__day-date-link\"\n\t\t\t\tdata-js=\"tribe-events-view-link\"\n\t\t\t\taria-label=\"abril 7\"\n\t\t\t>\n\t\t\t\t7\t\t\t<\/a>\n\t\t\t<\/time>\n<\/h3>\n\n\t<div class=\"tribe-events-calendar-month__events\">\n\t\t\n\t<div class=\"tribe-events-calendar-month__multiday-event-wrapper\">\n\t<article  class=\"tribe-events-calendar-month__multiday-event post-10003431 tribe_events type-tribe_events status-publish has-post-thumbnail hentry tribe_events_cat-community tribe_events_cat-creative-arts tribe_events_cat-culture-building tribe_events_cat-resilience cat_community cat_creative-arts cat_culture-building cat_resilience\"  data-event-id=\"10003431\">\n\t\t<div class=\"tribe-events-calendar-month__multiday-event-hidden\">\n\t<time\n\tdatetime=\"2026-04-03\"\n\tclass=\"tribe-common-a11y-visual-hide\"\n>\n\t2026-04-03<\/time>\n\t<a\n\thref=\"https:\/\/boulder.earth\/es\/event\/boulder-arts-week\/\"\n\tclass=\"tribe-events-calendar-month__multiday-event-hidden-link\"\n\tdata-js=\"tribe-events-tooltip\"\n\tdata-tooltip-content=\"#tribe-events-tooltip-content-10003431\"\n\taria-describedby=\"tribe-events-tooltip-content-10003431\"\n>\n\t\t<div class=\"tribe-events-calendar-month__multiday-event-hidden-title tribe-common-h8\">\n\tBoulder Arts Week<\/div>\n<\/a>\n<\/div>\n\t\t\t<\/article>\n<\/div>\n\n\n\t\t\n\t\n\t\n<article  class=\"tribe-events-calendar-month__calendar-event post-10003433 tribe_events type-tribe_events status-publish has-post-thumbnail hentry tribe_events_cat-activism tribe_events_cat-education tribe_events_cat-human-rights tribe_events_cat-resilience tribe_events_cat-social-justice tribe_events_cat-webinar cat_activism cat_education cat_human-rights cat_resilience cat_social-justice cat_webinar\" >\n\n\t\n\t<div class=\"tribe-events-calendar-month__calendar-event-details\">\n\n\t\t<div class=\"tribe-events-calendar-month__calendar-event-datetime\">\n\t\t<time datetime=\"04:00\">\n\t\t4:00 am\t<\/time>\n\t\t\t<span class=\"tribe-events-calendar-month__calendar-event-datetime-separator\"> - <\/span>\n\t\t<time datetime=\"17:00\">\n\t\t\t5:00 pm\t\t<\/time>\n\t\t<\/div>\n\t\t<div class=\"tribe-events-calendar-month__calendar-event-title tribe-common-h8 tribe-common-h--alt\">\n\t<a\n\t\thref=\"https:\/\/boulder.earth\/es\/event\/standing-up-to-the-billionaire-agenda-surj-in-conversation-with-graham-platner\/\"\n\t\ttitle=\"Standing up to the billionaire agenda: SURJ in conversation with Graham Platner\"\n\t\trel=\"bookmark\"\n\t\tclass=\"tribe-events-calendar-month__calendar-event-title-link tribe-common-anchor-thin\"\n\t\tdata-js=\"tribe-events-tooltip\"\n\t\tdata-tooltip-content=\"#tribe-events-tooltip-content-10003433\"\n\t\taria-describedby=\"tribe-events-tooltip-content-10003433\"\n\t>\n\t\tStanding up to the billionaire agenda: SURJ in conversation with Graham Platner\t<\/a>\n<\/div>\n\n\t\t<div class=\"tribe-events-calendar-month__calendar-event-tooltip-template tribe-common-a11y-hidden\">\n\t<div\n\t\tclass=\"tribe-events-calendar-month__calendar-event-tooltip\"\n\t\tid=\"tribe-events-tooltip-content-10003433\"\n\t\trole=\"tooltip\"\n\t>\n\t\t<div class=\"tribe-events-calendar-month__calendar-event-tooltip-featured-image-wrapper\">\n\t<img\n\t\tclass=\"tribe-events-calendar-month__calendar-event-tooltip-featured-image\"\n\t\tsrc=\"https:\/\/boulder.earth\/wp-content\/uploads\/2026\/04\/Screenshot-2026-04-07-at-5.53.40-PM-e1775606042254.png\"\n\t\t\t\t\tsrcset=\"https:\/\/boulder.earth\/wp-content\/uploads\/2026\/04\/Screenshot-2026-04-07-at-5.53.40-PM-300x153.png 300w, https:\/\/boulder.earth\/wp-content\/uploads\/2026\/04\/Screenshot-2026-04-07-at-5.53.40-PM-1030x526.png 1030w, https:\/\/boulder.earth\/wp-content\/uploads\/2026\/04\/Screenshot-2026-04-07-at-5.53.40-PM-768x392.png 768w, https:\/\/boulder.earth\/wp-content\/uploads\/2026\/04\/Screenshot-2026-04-07-at-5.53.40-PM-18x9.png 18w, https:\/\/boulder.earth\/wp-content\/uploads\/2026\/04\/Screenshot-2026-04-07-at-5.53.40-PM-705x360.png 705w, https:\/\/boulder.earth\/wp-content\/uploads\/2026\/04\/Screenshot-2026-04-07-at-5.53.40-PM-e1775606042254.png 600w\"\n\t\t\t\t\t\t\talt=\"\"\n\t\t\t\/>\n<\/div>\n\t\t<div class=\"tribe-events-calendar-month__calendar-event-tooltip-datetime\">\n\t\t<time datetime=\"2026-04-07\">\n\t\t<span class=\"tribe-event-date-start\">abril 7 @ 4:00 am<\/span> - <span class=\"tribe-event-time\">5:00 pm<\/span>\t<\/time>\n\t<\/div>\n\t\t<div class=\"tribe-events-calendar-month__calendar-event-tooltip-title tribe-common-h7\">\n\t<a\n\t\thref=\"https:\/\/boulder.earth\/es\/event\/standing-up-to-the-billionaire-agenda-surj-in-conversation-with-graham-platner\/\"\n\t\ttitle=\"Standing up to the billionaire agenda: SURJ in conversation with Graham Platner\"\n\t\trel=\"bookmark\"\n\t\tclass=\"tribe-events-calendar-month__calendar-event-tooltip-title-link tribe-common-anchor-thin\"\n\t>\n\t\tStanding up to the billionaire agenda: SURJ in conversation with Graham Platner\t<\/a>\n<\/div>\n\t\t<div class=\"tribe-events-calendar-month__calendar-event-tooltip-description tribe-common-b3\">\n\t<p>With SURJ leaders, we\u2019ll discuss how his combat deployments in the Middle East shaped his anti-war politics, what it will take to divert white men from the far right online pipeline, and how we can work to expand our movement for racial and economic justice and stand up to the billionaire agenda.<\/p>\n<\/div>\n\t\t\t<\/div>\n<\/div>\n\n\t<\/div>\n\n<\/article>\n\n\t<\/div>\n\n\t\n<\/div>\n<\/td>\n\n\t\t\t\n\t\t\t\t<td\n\t class=\"tribe-events-calendar-month__day tribe-events-calendar-month__day--past\" \taria-labelledby=\"tribe-events-calendar-day-2026-04-08\"\n\tdata-js=\"tribe-events-month-grid-cell\"\n>\n\t<button\n\taria-expanded=\"false\"\n\taria-controls=\"tribe-events-calendar-mobile-day-2026-04-8\"\n\taria-label=\"abril 8, 5 eventos, past day\"\n\t class=\"tribe-events-calendar-month__day-cell tribe-events-calendar-month__day-cell--mobile\" \tdata-js=\"tribe-events-calendar-month-day-cell-mobile\"\n>\n\t<h3 class=\"tribe-events-calendar-month__day-date tribe-common-h6 tribe-common-h--alt\">\n\t\t<span class=\"tribe-common-a11y-visual-hide\">\n\t\t\t5 eventos\t\t<\/span>\n\t\t<time\n\t\t\tclass=\"tribe-events-calendar-month__day-date-daynum\"\n\t\t\tdatetime=\"2026-04-08\"\n\t\t>\n\t\t\t8\t\t<\/time>\n\t<\/h3>\n\t\n\t<span class=\"tribe-events-calendar-month__mobile-events-icon tribe-events-calendar-month__mobile-events-icon--event\" >\n\t<\/span>\n<\/button>\n\t\n<div\n\tid=\"tribe-events-calendar-day-2026-04-08\"\n\tclass=\"tribe-events-calendar-month__day-cell tribe-events-calendar-month__day-cell--desktop tribe-common-a11y-hidden\"\n>\n\t\n<h3 class=\"tribe-events-calendar-month__day-date tribe-common-h4\">\n\t<span class=\"tribe-common-a11y-visual-hide\">\n\t\t5 eventos,\n\t<\/span>\n\t<time\n\t\tclass=\"tribe-events-calendar-month__day-date-daynum\"\n\t\tdatetime=\"2026-04-08\"\n\t>\n\t\t\t\t\t<a\n\t\t\t\thref=\"https:\/\/boulder.earth\/es\/events\/2026-04-08\/?shortcode=42cf1b8c\"\n\t\t\t\tclass=\"tribe-events-calendar-month__day-date-link\"\n\t\t\t\tdata-js=\"tribe-events-view-link\"\n\t\t\t\taria-label=\"abril 8\"\n\t\t\t>\n\t\t\t\t8\t\t\t<\/a>\n\t\t\t<\/time>\n<\/h3>\n\n\t<div class=\"tribe-events-calendar-month__events\">\n\t\t\n\t<div class=\"tribe-events-calendar-month__multiday-event-wrapper\">\n\t<article  class=\"tribe-events-calendar-month__multiday-event post-10003431 tribe_events type-tribe_events status-publish has-post-thumbnail hentry tribe_events_cat-community tribe_events_cat-creative-arts tribe_events_cat-culture-building tribe_events_cat-resilience cat_community cat_creative-arts cat_culture-building cat_resilience\"  data-event-id=\"10003431\">\n\t\t<div class=\"tribe-events-calendar-month__multiday-event-hidden\">\n\t<time\n\tdatetime=\"2026-04-03\"\n\tclass=\"tribe-common-a11y-visual-hide\"\n>\n\t2026-04-03<\/time>\n\t<a\n\thref=\"https:\/\/boulder.earth\/es\/event\/boulder-arts-week\/\"\n\tclass=\"tribe-events-calendar-month__multiday-event-hidden-link\"\n\tdata-js=\"tribe-events-tooltip\"\n\tdata-tooltip-content=\"#tribe-events-tooltip-content-10003431\"\n\taria-describedby=\"tribe-events-tooltip-content-10003431\"\n>\n\t\t<div class=\"tribe-events-calendar-month__multiday-event-hidden-title tribe-common-h8\">\n\tBoulder Arts Week<\/div>\n<\/a>\n<\/div>\n\t\t\t<\/article>\n<\/div>\n\n\n\t\t\n\t\n\t\n<article  class=\"tribe-events-calendar-month__calendar-event post-10003434 tribe_events type-tribe_events status-publish has-post-thumbnail hentry tribe_events_cat-animals tribe_events_cat-biodiversity tribe_events_cat-education tribe_events_cat-pollinators tribe_events_cat-webinar cat_animals cat_biodiversity cat_education cat_pollinators cat_webinar\" >\n\n\t\n\t<div class=\"tribe-events-calendar-month__calendar-event-details\">\n\n\t\t<div class=\"tribe-events-calendar-month__calendar-event-datetime\">\n\t\t<time datetime=\"12:00\">\n\t\t12:00 pm\t<\/time>\n\t\t\t<span class=\"tribe-events-calendar-month__calendar-event-datetime-separator\"> - <\/span>\n\t\t<time datetime=\"13:00\">\n\t\t\t1:00 pm\t\t<\/time>\n\t\t<\/div>\n\t\t<div class=\"tribe-events-calendar-month__calendar-event-title tribe-common-h8 tribe-common-h--alt\">\n\t<a\n\t\thref=\"https:\/\/boulder.earth\/es\/event\/attract-the-birds-you-want-with-native-plants\/\"\n\t\ttitle=\"Attract the Birds You Want with Native Plants\"\n\t\trel=\"bookmark\"\n\t\tclass=\"tribe-events-calendar-month__calendar-event-title-link tribe-common-anchor-thin\"\n\t\tdata-js=\"tribe-events-tooltip\"\n\t\tdata-tooltip-content=\"#tribe-events-tooltip-content-10003434\"\n\t\taria-describedby=\"tribe-events-tooltip-content-10003434\"\n\t>\n\t\tAttract the Birds You Want with Native Plants\t<\/a>\n<\/div>\n\n\t\t<div class=\"tribe-events-calendar-month__calendar-event-tooltip-template tribe-common-a11y-hidden\">\n\t<div\n\t\tclass=\"tribe-events-calendar-month__calendar-event-tooltip\"\n\t\tid=\"tribe-events-tooltip-content-10003434\"\n\t\trole=\"tooltip\"\n\t>\n\t\t<div class=\"tribe-events-calendar-month__calendar-event-tooltip-featured-image-wrapper\">\n\t<img\n\t\tclass=\"tribe-events-calendar-month__calendar-event-tooltip-featured-image\"\n\t\tsrc=\"https:\/\/boulder.earth\/wp-content\/uploads\/2026\/04\/Screenshot-2026-04-07-at-5.58.16-PM-e1775606332708.png\"\n\t\t\t\t\tsrcset=\"https:\/\/boulder.earth\/wp-content\/uploads\/2026\/04\/Screenshot-2026-04-07-at-5.58.16-PM-300x171.png 300w, https:\/\/boulder.earth\/wp-content\/uploads\/2026\/04\/Screenshot-2026-04-07-at-5.58.16-PM-768x438.png 768w, https:\/\/boulder.earth\/wp-content\/uploads\/2026\/04\/Screenshot-2026-04-07-at-5.58.16-PM-18x10.png 18w, https:\/\/boulder.earth\/wp-content\/uploads\/2026\/04\/Screenshot-2026-04-07-at-5.58.16-PM-705x402.png 705w, https:\/\/boulder.earth\/wp-content\/uploads\/2026\/04\/Screenshot-2026-04-07-at-5.58.16-PM-e1775606332708.png 600w\"\n\t\t\t\t\t\t\talt=\"\"\n\t\t\t\/>\n<\/div>\n\t\t<div class=\"tribe-events-calendar-month__calendar-event-tooltip-datetime\">\n\t\t<time datetime=\"2026-04-08\">\n\t\t<span class=\"tribe-event-date-start\">abril 8 @ 12:00 pm<\/span> - <span class=\"tribe-event-time\">1:00 pm<\/span>\t<\/time>\n\t<\/div>\n\t\t<div class=\"tribe-events-calendar-month__calendar-event-tooltip-title tribe-common-h7\">\n\t<a\n\t\thref=\"https:\/\/boulder.earth\/es\/event\/attract-the-birds-you-want-with-native-plants\/\"\n\t\ttitle=\"Attract the Birds You Want with Native Plants\"\n\t\trel=\"bookmark\"\n\t\tclass=\"tribe-events-calendar-month__calendar-event-tooltip-title-link tribe-common-anchor-thin\"\n\t>\n\t\tAttract the Birds You Want with Native Plants\t<\/a>\n<\/div>\n\t\t<div class=\"tribe-events-calendar-month__calendar-event-tooltip-description tribe-common-b3\">\n\t<p>Are you eager to see a specific bird in your landscape? Curious about how to attract Black-capped Chickadees, American Goldfinches, or Broad-tailed Hummingbirds to your yard?<\/p>\n<\/div>\n\t\t\t<\/div>\n<\/div>\n\n\t<\/div>\n\n<\/article>\n\n\t\n\t\n<article  class=\"tribe-events-calendar-month__calendar-event post-10003430 tribe_events type-tribe_events status-publish has-post-thumbnail hentry tribe_events_cat-community tribe_events_cat-creative-arts tribe_events_cat-culture-building tribe_events_cat-networking cat_community cat_creative-arts cat_culture-building cat_networking\" >\n\n\t\n\t<div class=\"tribe-events-calendar-month__calendar-event-details\">\n\n\t\t<div class=\"tribe-events-calendar-month__calendar-event-datetime\">\n\t\t<time datetime=\"16:00\">\n\t\t4:00 pm\t<\/time>\n\t\t\t<span class=\"tribe-events-calendar-month__calendar-event-datetime-separator\"> - <\/span>\n\t\t<time datetime=\"18:00\">\n\t\t\t6:00 pm\t\t<\/time>\n\t\t<\/div>\n\t\t<div class=\"tribe-events-calendar-month__calendar-event-title tribe-common-h8 tribe-common-h--alt\">\n\t<a\n\t\thref=\"https:\/\/boulder.earth\/es\/event\/cu-and-community-arts-meeting\/\"\n\t\ttitle=\"CU and Community Arts Meeting\"\n\t\trel=\"bookmark\"\n\t\tclass=\"tribe-events-calendar-month__calendar-event-title-link tribe-common-anchor-thin\"\n\t\tdata-js=\"tribe-events-tooltip\"\n\t\tdata-tooltip-content=\"#tribe-events-tooltip-content-10003430\"\n\t\taria-describedby=\"tribe-events-tooltip-content-10003430\"\n\t>\n\t\tCU and Community Arts Meeting\t<\/a>\n<\/div>\n\n\t\t<div class=\"tribe-events-calendar-month__calendar-event-tooltip-template tribe-common-a11y-hidden\">\n\t<div\n\t\tclass=\"tribe-events-calendar-month__calendar-event-tooltip\"\n\t\tid=\"tribe-events-tooltip-content-10003430\"\n\t\trole=\"tooltip\"\n\t>\n\t\t<div class=\"tribe-events-calendar-month__calendar-event-tooltip-featured-image-wrapper\">\n\t<img\n\t\tclass=\"tribe-events-calendar-month__calendar-event-tooltip-featured-image\"\n\t\tsrc=\"https:\/\/boulder.earth\/wp-content\/uploads\/2026\/04\/Screenshot-2026-04-07-at-5.42.37-PM-e1775605380402.png\"\n\t\t\t\t\tsrcset=\"https:\/\/boulder.earth\/wp-content\/uploads\/2026\/04\/Screenshot-2026-04-07-at-5.42.37-PM-300x219.png 300w, https:\/\/boulder.earth\/wp-content\/uploads\/2026\/04\/Screenshot-2026-04-07-at-5.42.37-PM-1030x750.png 1030w, https:\/\/boulder.earth\/wp-content\/uploads\/2026\/04\/Screenshot-2026-04-07-at-5.42.37-PM-768x560.png 768w, https:\/\/boulder.earth\/wp-content\/uploads\/2026\/04\/Screenshot-2026-04-07-at-5.42.37-PM-16x12.png 16w, https:\/\/boulder.earth\/wp-content\/uploads\/2026\/04\/Screenshot-2026-04-07-at-5.42.37-PM-705x514.png 705w, https:\/\/boulder.earth\/wp-content\/uploads\/2026\/04\/Screenshot-2026-04-07-at-5.42.37-PM-e1775605380402.png 600w\"\n\t\t\t\t\t\t\talt=\"\"\n\t\t\t\/>\n<\/div>\n\t\t<div class=\"tribe-events-calendar-month__calendar-event-tooltip-datetime\">\n\t\t<time datetime=\"2026-04-08\">\n\t\t<span class=\"tribe-event-date-start\">abril 8 @ 4:00 pm<\/span> - <span class=\"tribe-event-time\">6:00 pm<\/span>\t<\/time>\n\t<\/div>\n\t\t<div class=\"tribe-events-calendar-month__calendar-event-tooltip-title tribe-common-h7\">\n\t<a\n\t\thref=\"https:\/\/boulder.earth\/es\/event\/cu-and-community-arts-meeting\/\"\n\t\ttitle=\"CU and Community Arts Meeting\"\n\t\trel=\"bookmark\"\n\t\tclass=\"tribe-events-calendar-month__calendar-event-tooltip-title-link tribe-common-anchor-thin\"\n\t>\n\t\tCU and Community Arts Meeting\t<\/a>\n<\/div>\n\t\t<div class=\"tribe-events-calendar-month__calendar-event-tooltip-description tribe-common-b3\">\n\t<p>You're invited! Join CU Boulder Dean John-Michael Rivera, City of Boulder arts leaders, and the CU and Boulder arts community on April 8 from 4:00 to 6:00 p.m. at the Museum of Boulder for a community meeting and networking event.<\/p>\n<\/div>\n\t\t\t<\/div>\n<\/div>\n\n\t<\/div>\n\n<\/article>\n\n\t\n\t\n<article  class=\"tribe-events-calendar-month__calendar-event post-10003388 tribe_events type-tribe_events status-publish has-post-thumbnail hentry tribe_events_cat-activism tribe_events_cat-climate tribe_events_cat-community tribe_events_cat-education tribe_events_cat-governance tribe_events_cat-human-rights tribe_events_cat-networking tribe_events_cat-resilience tribe_events_cat-social-justice tribe_events_cat-webinar cat_activism cat_climate cat_community cat_education cat_governance cat_human-rights cat_networking cat_resilience cat_social-justice cat_webinar tribe-recurring-event tribe-recurring-event-parent\" >\n\n\t\n\t<div class=\"tribe-events-calendar-month__calendar-event-details\">\n\n\t\t<div class=\"tribe-events-calendar-month__calendar-event-datetime\">\n\t\t<time datetime=\"18:00\">\n\t\t6:00 pm\t<\/time>\n\t\t\t<span class=\"tribe-events-calendar-month__calendar-event-datetime-separator\"> - <\/span>\n\t\t<time datetime=\"19:30\">\n\t\t\t7:30 pm\t\t<\/time>\n\t\t\n<span class=\"tribe-events-calendar-series-archive__container\">\n\t<a\n\t\thref=\"https:\/\/boulder.earth\/es\/series\/after-we-march-we-organize-solidarity-warriors-indivisible-action-group\/\"\n\t\taria-label=\"Event series: After We March, We Organize! Solidarity Warriors Indivisible Action Group\"\n\t\tclass=\"tribe-events-calendar-series-archive__link\"\n\t>\n\t\t\n<svg  class=\"tribe-common-c-svgicon tribe-common-c-svgicon--series tribe-events-series-archive__icon\"  width=\"14\" height=\"12\" viewBox=\"0 0 14 12\" fill=\"none\" xmlns=\"http:\/\/www.w3.org\/2000\/svg\" aria-hidden=\"true\">\n\t<rect x=\"0.5\" y=\"4.5\" width=\"9\" height=\"7\" \/>\n\t<path d=\"M2 2.5H11.5V10\" \/>\n\t<path d=\"M4 0.5H13.5V8\" \/>\n<\/svg>\n\t<\/a>\n<\/span>\n<\/div>\n\t\t<div class=\"tribe-events-calendar-month__calendar-event-title tribe-common-h8 tribe-common-h--alt\">\n\t<a\n\t\thref=\"https:\/\/boulder.earth\/es\/event\/after-we-march-we-organize-solidarity-warriors-indivisible-action-group\/2026-04-08\/\"\n\t\ttitle=\"After We March, We Organize! Solidarity Warriors Indivisible Action Group\"\n\t\trel=\"bookmark\"\n\t\tclass=\"tribe-events-calendar-month__calendar-event-title-link tribe-common-anchor-thin\"\n\t\tdata-js=\"tribe-events-tooltip\"\n\t\tdata-tooltip-content=\"#tribe-events-tooltip-content-10003388\"\n\t\taria-describedby=\"tribe-events-tooltip-content-10003388\"\n\t>\n\t\tAfter We March, We Organize! Solidarity Warriors Indivisible Action Group\t<\/a>\n<\/div>\n\n\t\t<div class=\"tribe-events-calendar-month__calendar-event-tooltip-template tribe-common-a11y-hidden\">\n\t<div\n\t\tclass=\"tribe-events-calendar-month__calendar-event-tooltip\"\n\t\tid=\"tribe-events-tooltip-content-10003388\"\n\t\trole=\"tooltip\"\n\t>\n\t\t<div class=\"tribe-events-calendar-month__calendar-event-tooltip-featured-image-wrapper\">\n\t<img\n\t\tclass=\"tribe-events-calendar-month__calendar-event-tooltip-featured-image\"\n\t\tsrc=\"https:\/\/boulder.earth\/wp-content\/uploads\/2026\/04\/Sunset-crowd-raised-fists-One-line-01_20250721004218694808-e1775521865495.png\"\n\t\t\t\t\tsrcset=\"https:\/\/boulder.earth\/wp-content\/uploads\/2026\/04\/Sunset-crowd-raised-fists-One-line-01_20250721004218694808-300x157.png 300w, https:\/\/boulder.earth\/wp-content\/uploads\/2026\/04\/Sunset-crowd-raised-fists-One-line-01_20250721004218694808-768x402.png 768w, https:\/\/boulder.earth\/wp-content\/uploads\/2026\/04\/Sunset-crowd-raised-fists-One-line-01_20250721004218694808-18x9.png 18w, https:\/\/boulder.earth\/wp-content\/uploads\/2026\/04\/Sunset-crowd-raised-fists-One-line-01_20250721004218694808-710x375.png 710w, https:\/\/boulder.earth\/wp-content\/uploads\/2026\/04\/Sunset-crowd-raised-fists-One-line-01_20250721004218694808-705x369.png 705w, https:\/\/boulder.earth\/wp-content\/uploads\/2026\/04\/Sunset-crowd-raised-fists-One-line-01_20250721004218694808-e1775521865495.png 600w\"\n\t\t\t\t\t\t\talt=\"\"\n\t\t\t\/>\n<\/div>\n\t\t<div class=\"tribe-events-calendar-month__calendar-event-tooltip-datetime\">\n\t\t<time datetime=\"2026-04-08\">\n\t\t<span class=\"tribe-event-date-start\">abril 8 @ 6:00 pm<\/span> - <span class=\"tribe-event-time\">7:30 pm<\/span>\t<\/time>\n\t\n<span class=\"tribe-events-calendar-series-archive__container\">\n\t<a\n\t\thref=\"https:\/\/boulder.earth\/es\/series\/after-we-march-we-organize-solidarity-warriors-indivisible-action-group\/\"\n\t\taria-label=\"Event series: After We March, We Organize! Solidarity Warriors Indivisible Action Group\"\n\t\tclass=\"tribe-events-calendar-series-archive__link\"\n\t>\n\t\t\n<svg  class=\"tribe-common-c-svgicon tribe-common-c-svgicon--series tribe-events-series-archive__icon\"  width=\"14\" height=\"12\" viewBox=\"0 0 14 12\" fill=\"none\" xmlns=\"http:\/\/www.w3.org\/2000\/svg\" aria-hidden=\"true\">\n\t<rect x=\"0.5\" y=\"4.5\" width=\"9\" height=\"7\" \/>\n\t<path d=\"M2 2.5H11.5V10\" \/>\n\t<path d=\"M4 0.5H13.5V8\" \/>\n<\/svg>\n\t<\/a>\n<\/span>\n<\/div>\n\t\t<div class=\"tribe-events-calendar-month__calendar-event-tooltip-title tribe-common-h7\">\n\t<a\n\t\thref=\"https:\/\/boulder.earth\/es\/event\/after-we-march-we-organize-solidarity-warriors-indivisible-action-group\/2026-04-08\/\"\n\t\ttitle=\"After We March, We Organize! Solidarity Warriors Indivisible Action Group\"\n\t\trel=\"bookmark\"\n\t\tclass=\"tribe-events-calendar-month__calendar-event-tooltip-title-link tribe-common-anchor-thin\"\n\t>\n\t\tAfter We March, We Organize! Solidarity Warriors Indivisible Action Group\t<\/a>\n<\/div>\n\t\t<div class=\"tribe-events-calendar-month__calendar-event-tooltip-description tribe-common-b3\">\n\t<p>&#x1f4da;&#x1f3a4; Every week we feature guest speakers and training on topics like:<\/p>\n<p>&#x1f6e1;&#xfe0f; How to Protest Safely &#x1f30e; Immigrant Rights &#x1fab6; Indigenous History &#x1f510; Cybersecurity &#x270a; Community Organizing Tactics and much more!<\/p>\n<\/div>\n\t\t\t<\/div>\n<\/div>\n\n\t<\/div>\n\n<\/article>\n\n\t\n\t\n<article  class=\"tribe-events-calendar-month__calendar-event post-10003437 tribe_events type-tribe_events status-publish has-post-thumbnail hentry tribe_events_cat-climate tribe_events_cat-education cat_climate cat_education\" >\n\n\t\n\t<div class=\"tribe-events-calendar-month__calendar-event-details\">\n\n\t\t<div class=\"tribe-events-calendar-month__calendar-event-datetime\">\n\t\t<time datetime=\"19:00\">\n\t\t7:00 pm\t<\/time>\n\t\t\t<span class=\"tribe-events-calendar-month__calendar-event-datetime-separator\"> - <\/span>\n\t\t<time datetime=\"20:30\">\n\t\t\t8:30 pm\t\t<\/time>\n\t\t<\/div>\n\t\t<div class=\"tribe-events-calendar-month__calendar-event-title tribe-common-h8 tribe-common-h--alt\">\n\t<a\n\t\thref=\"https:\/\/boulder.earth\/es\/event\/nsf-ncar-explorer-series-integrating-expertise-predicting-hazardous-weather-through-convergence-science-and-ai\/\"\n\t\ttitle=\"NSF NCAR Explorer Series: Integrating expertise: Predicting hazardous weather through convergence science and AI\"\n\t\trel=\"bookmark\"\n\t\tclass=\"tribe-events-calendar-month__calendar-event-title-link tribe-common-anchor-thin\"\n\t\tdata-js=\"tribe-events-tooltip\"\n\t\tdata-tooltip-content=\"#tribe-events-tooltip-content-10003437\"\n\t\taria-describedby=\"tribe-events-tooltip-content-10003437\"\n\t>\n\t\tNSF NCAR Explorer Series: Integrating expertise: Predicting hazardous weather through convergence science and AI\t<\/a>\n<\/div>\n\n\t\t<div class=\"tribe-events-calendar-month__calendar-event-tooltip-template tribe-common-a11y-hidden\">\n\t<div\n\t\tclass=\"tribe-events-calendar-month__calendar-event-tooltip\"\n\t\tid=\"tribe-events-tooltip-content-10003437\"\n\t\trole=\"tooltip\"\n\t>\n\t\t<div class=\"tribe-events-calendar-month__calendar-event-tooltip-featured-image-wrapper\">\n\t<img\n\t\tclass=\"tribe-events-calendar-month__calendar-event-tooltip-featured-image\"\n\t\tsrc=\"https:\/\/boulder.earth\/wp-content\/uploads\/2026\/04\/Screenshot-2026-04-08-at-2.17.10-PM-e1775679465442.png\"\n\t\t\t\t\tsrcset=\"https:\/\/boulder.earth\/wp-content\/uploads\/2026\/04\/Screenshot-2026-04-08-at-2.17.10-PM-300x133.png 300w, https:\/\/boulder.earth\/wp-content\/uploads\/2026\/04\/Screenshot-2026-04-08-at-2.17.10-PM-1030x458.png 1030w, https:\/\/boulder.earth\/wp-content\/uploads\/2026\/04\/Screenshot-2026-04-08-at-2.17.10-PM-768x341.png 768w, https:\/\/boulder.earth\/wp-content\/uploads\/2026\/04\/Screenshot-2026-04-08-at-2.17.10-PM-1536x682.png 1536w, https:\/\/boulder.earth\/wp-content\/uploads\/2026\/04\/Screenshot-2026-04-08-at-2.17.10-PM-18x8.png 18w, https:\/\/boulder.earth\/wp-content\/uploads\/2026\/04\/Screenshot-2026-04-08-at-2.17.10-PM-1500x666.png 1500w, https:\/\/boulder.earth\/wp-content\/uploads\/2026\/04\/Screenshot-2026-04-08-at-2.17.10-PM-705x313.png 705w, https:\/\/boulder.earth\/wp-content\/uploads\/2026\/04\/Screenshot-2026-04-08-at-2.17.10-PM-e1775679465442.png 600w\"\n\t\t\t\t\t\t\talt=\"\"\n\t\t\t\/>\n<\/div>\n\t\t<div class=\"tribe-events-calendar-month__calendar-event-tooltip-datetime\">\n\t\t<time datetime=\"2026-04-08\">\n\t\t<span class=\"tribe-event-date-start\">abril 8 @ 7:00 pm<\/span> - <span class=\"tribe-event-time\">8:30 pm<\/span>\t<\/time>\n\t<\/div>\n\t\t<div class=\"tribe-events-calendar-month__calendar-event-tooltip-title tribe-common-h7\">\n\t<a\n\t\thref=\"https:\/\/boulder.earth\/es\/event\/nsf-ncar-explorer-series-integrating-expertise-predicting-hazardous-weather-through-convergence-science-and-ai\/\"\n\t\ttitle=\"NSF NCAR Explorer Series: Integrating expertise: Predicting hazardous weather through convergence science and AI\"\n\t\trel=\"bookmark\"\n\t\tclass=\"tribe-events-calendar-month__calendar-event-tooltip-title-link tribe-common-anchor-thin\"\n\t>\n\t\tNSF NCAR Explorer Series: Integrating expertise: Predicting hazardous weather through convergence science and AI\t<\/a>\n<\/div>\n\t\t<div class=\"tribe-events-calendar-month__calendar-event-tooltip-description tribe-common-b3\">\n\t<p>Join us on Wednesday, April 8th from 7:00 - 8:30 pm MT, for this NSF NCAR Explorer Series lecture, \"Integrating expertise: Predicting hazardous weather through convergence science and artificial intelligence\" with scientist Mariana Cains.<\/p>\n<\/div>\n\t\t\t<\/div>\n<\/div>\n\n\t<\/div>\n\n<\/article>\n\n\t<\/div>\n\n\t\n<\/div>\n<\/td>\n\n\t\t\t\n\t\t\t\t<td\n\t class=\"tribe-events-calendar-month__day tribe-events-calendar-month__day--past\" \taria-labelledby=\"tribe-events-calendar-day-2026-04-09\"\n\tdata-js=\"tribe-events-month-grid-cell\"\n>\n\t<button\n\taria-expanded=\"false\"\n\taria-controls=\"tribe-events-calendar-mobile-day-2026-04-9\"\n\taria-label=\"abril 9, 3 eventos, past day\"\n\t class=\"tribe-events-calendar-month__day-cell tribe-events-calendar-month__day-cell--mobile\" \tdata-js=\"tribe-events-calendar-month-day-cell-mobile\"\n>\n\t<h3 class=\"tribe-events-calendar-month__day-date tribe-common-h6 tribe-common-h--alt\">\n\t\t<span class=\"tribe-common-a11y-visual-hide\">\n\t\t\t3 eventos\t\t<\/span>\n\t\t<time\n\t\t\tclass=\"tribe-events-calendar-month__day-date-daynum\"\n\t\t\tdatetime=\"2026-04-09\"\n\t\t>\n\t\t\t9\t\t<\/time>\n\t<\/h3>\n\t\n\t<span class=\"tribe-events-calendar-month__mobile-events-icon tribe-events-calendar-month__mobile-events-icon--event\" >\n\t<\/span>\n<\/button>\n\t\n<div\n\tid=\"tribe-events-calendar-day-2026-04-09\"\n\tclass=\"tribe-events-calendar-month__day-cell tribe-events-calendar-month__day-cell--desktop tribe-common-a11y-hidden\"\n>\n\t\n<h3 class=\"tribe-events-calendar-month__day-date tribe-common-h4\">\n\t<span class=\"tribe-common-a11y-visual-hide\">\n\t\t3 eventos,\n\t<\/span>\n\t<time\n\t\tclass=\"tribe-events-calendar-month__day-date-daynum\"\n\t\tdatetime=\"2026-04-09\"\n\t>\n\t\t\t\t\t<a\n\t\t\t\thref=\"https:\/\/boulder.earth\/es\/events\/2026-04-09\/?shortcode=42cf1b8c\"\n\t\t\t\tclass=\"tribe-events-calendar-month__day-date-link\"\n\t\t\t\tdata-js=\"tribe-events-view-link\"\n\t\t\t\taria-label=\"abril 9\"\n\t\t\t>\n\t\t\t\t9\t\t\t<\/a>\n\t\t\t<\/time>\n<\/h3>\n\n\t<div class=\"tribe-events-calendar-month__events\">\n\t\t\n\t<div class=\"tribe-events-calendar-month__multiday-event-wrapper\">\n\t<article  class=\"tribe-events-calendar-month__multiday-event post-10003431 tribe_events type-tribe_events status-publish has-post-thumbnail hentry tribe_events_cat-community tribe_events_cat-creative-arts tribe_events_cat-culture-building tribe_events_cat-resilience cat_community cat_creative-arts cat_culture-building cat_resilience\"  data-event-id=\"10003431\">\n\t\t<div class=\"tribe-events-calendar-month__multiday-event-hidden\">\n\t<time\n\tdatetime=\"2026-04-03\"\n\tclass=\"tribe-common-a11y-visual-hide\"\n>\n\t2026-04-03<\/time>\n\t<a\n\thref=\"https:\/\/boulder.earth\/es\/event\/boulder-arts-week\/\"\n\tclass=\"tribe-events-calendar-month__multiday-event-hidden-link\"\n\tdata-js=\"tribe-events-tooltip\"\n\tdata-tooltip-content=\"#tribe-events-tooltip-content-10003431\"\n\taria-describedby=\"tribe-events-tooltip-content-10003431\"\n>\n\t\t<div class=\"tribe-events-calendar-month__multiday-event-hidden-title tribe-common-h8\">\n\tBoulder Arts Week<\/div>\n<\/a>\n<\/div>\n\t\t\t<\/article>\n<\/div>\n\n\n\t\t\n\t\n\t\n<article  class=\"tribe-events-calendar-month__calendar-event post-10003380 tribe_events type-tribe_events status-publish has-post-thumbnail hentry tribe_events_cat-climate tribe_events_cat-education tribe_events_cat-finance tribe_events_cat-webinar cat_climate cat_education cat_finance cat_webinar\" >\n\n\t\n\t<div class=\"tribe-events-calendar-month__calendar-event-details\">\n\n\t\t<div class=\"tribe-events-calendar-month__calendar-event-datetime\">\n\t\t<time datetime=\"15:00\">\n\t\t3:00 pm\t<\/time>\n\t\t\t<span class=\"tribe-events-calendar-month__calendar-event-datetime-separator\"> - <\/span>\n\t\t<time datetime=\"17:00\">\n\t\t\t5:00 pm\t\t<\/time>\n\t\t<\/div>\n\t\t<div class=\"tribe-events-calendar-month__calendar-event-title tribe-common-h8 tribe-common-h--alt\">\n\t<a\n\t\thref=\"https:\/\/boulder.earth\/es\/event\/the-economic-impact-of-data-centers\/\"\n\t\ttitle=\"The Economic Impact of Data Centers\"\n\t\trel=\"bookmark\"\n\t\tclass=\"tribe-events-calendar-month__calendar-event-title-link tribe-common-anchor-thin\"\n\t\tdata-js=\"tribe-events-tooltip\"\n\t\tdata-tooltip-content=\"#tribe-events-tooltip-content-10003380\"\n\t\taria-describedby=\"tribe-events-tooltip-content-10003380\"\n\t>\n\t\tThe Economic Impact of Data Centers\t<\/a>\n<\/div>\n\n\t\t<div class=\"tribe-events-calendar-month__calendar-event-tooltip-template tribe-common-a11y-hidden\">\n\t<div\n\t\tclass=\"tribe-events-calendar-month__calendar-event-tooltip\"\n\t\tid=\"tribe-events-tooltip-content-10003380\"\n\t\trole=\"tooltip\"\n\t>\n\t\t<div class=\"tribe-events-calendar-month__calendar-event-tooltip-featured-image-wrapper\">\n\t<img\n\t\tclass=\"tribe-events-calendar-month__calendar-event-tooltip-featured-image\"\n\t\tsrc=\"https:\/\/boulder.earth\/wp-content\/uploads\/2026\/03\/11d51a8a-1cb1-4f6a-b3fb-6f769ecf6887.png\"\n\t\t\t\t\tsrcset=\"https:\/\/boulder.earth\/wp-content\/uploads\/2026\/03\/11d51a8a-1cb1-4f6a-b3fb-6f769ecf6887-300x119.png 300w, https:\/\/boulder.earth\/wp-content\/uploads\/2026\/03\/11d51a8a-1cb1-4f6a-b3fb-6f769ecf6887-18x7.png 18w, https:\/\/boulder.earth\/wp-content\/uploads\/2026\/03\/11d51a8a-1cb1-4f6a-b3fb-6f769ecf6887.png 600w\"\n\t\t\t\t\t\t\talt=\"\"\n\t\t\t\/>\n<\/div>\n\t\t<div class=\"tribe-events-calendar-month__calendar-event-tooltip-datetime\">\n\t\t<time datetime=\"2026-04-09\">\n\t\t<span class=\"tribe-event-date-start\">abril 9 @ 3:00 pm<\/span> - <span class=\"tribe-event-time\">5:00 pm<\/span>\t<\/time>\n\t<\/div>\n\t\t<div class=\"tribe-events-calendar-month__calendar-event-tooltip-title tribe-common-h7\">\n\t<a\n\t\thref=\"https:\/\/boulder.earth\/es\/event\/the-economic-impact-of-data-centers\/\"\n\t\ttitle=\"The Economic Impact of Data Centers\"\n\t\trel=\"bookmark\"\n\t\tclass=\"tribe-events-calendar-month__calendar-event-tooltip-title-link tribe-common-anchor-thin\"\n\t>\n\t\tThe Economic Impact of Data Centers\t<\/a>\n<\/div>\n\t\t<div class=\"tribe-events-calendar-month__calendar-event-tooltip-description tribe-common-b3\">\n\t<p>Learn about the economic impacts of Data Centers from Abre\u2019 Conner, Director for Environmental &amp; Climate Justice, moderated by Keisha Bross.  <\/p>\n<\/div>\n\t\t\t<\/div>\n<\/div>\n\n\t<\/div>\n\n<\/article>\n\n\t\n\t\n<article  class=\"tribe-events-calendar-month__calendar-event post-10003439 tribe_events type-tribe_events status-publish has-post-thumbnail hentry tribe_events_cat-biodiversity tribe_events_cat-climate tribe_events_cat-education tribe_events_cat-oceans cat_biodiversity cat_climate cat_education cat_oceans\" >\n\n\t\n\t<div class=\"tribe-events-calendar-month__calendar-event-details\">\n\n\t\t<div class=\"tribe-events-calendar-month__calendar-event-datetime\">\n\t\t<time datetime=\"17:00\">\n\t\t5:00 pm\t<\/time>\n\t\t\t<span class=\"tribe-events-calendar-month__calendar-event-datetime-separator\"> - <\/span>\n\t\t<time datetime=\"18:30\">\n\t\t\t6:30 pm\t\t<\/time>\n\t\t<\/div>\n\t\t<div class=\"tribe-events-calendar-month__calendar-event-title tribe-common-h8 tribe-common-h--alt\">\n\t<a\n\t\thref=\"https:\/\/boulder.earth\/es\/event\/seaweed-stories-for-a-more-sustainable-future-film-screening-and-panel\/\"\n\t\ttitle=\"Seaweed Stories for a More Sustainable Future (Film screening and Panel)\"\n\t\trel=\"bookmark\"\n\t\tclass=\"tribe-events-calendar-month__calendar-event-title-link tribe-common-anchor-thin\"\n\t\tdata-js=\"tribe-events-tooltip\"\n\t\tdata-tooltip-content=\"#tribe-events-tooltip-content-10003439\"\n\t\taria-describedby=\"tribe-events-tooltip-content-10003439\"\n\t>\n\t\tSeaweed Stories for a More Sustainable Future (Film screening and Panel)\t<\/a>\n<\/div>\n\n\t\t<div class=\"tribe-events-calendar-month__calendar-event-tooltip-template tribe-common-a11y-hidden\">\n\t<div\n\t\tclass=\"tribe-events-calendar-month__calendar-event-tooltip\"\n\t\tid=\"tribe-events-tooltip-content-10003439\"\n\t\trole=\"tooltip\"\n\t>\n\t\t<div class=\"tribe-events-calendar-month__calendar-event-tooltip-featured-image-wrapper\">\n\t<img\n\t\tclass=\"tribe-events-calendar-month__calendar-event-tooltip-featured-image\"\n\t\tsrc=\"https:\/\/boulder.earth\/wp-content\/uploads\/2026\/04\/SS_Poster_p1_BW_10092025_web-small-Brandon-Winters.jpg-e1775680028795.avif\"\n\t\t\t\t\tsrcset=\"https:\/\/boulder.earth\/wp-content\/uploads\/2026\/04\/SS_Poster_p1_BW_10092025_web-small-Brandon-Winters.jpg-300x300.avif 300w, https:\/\/boulder.earth\/wp-content\/uploads\/2026\/04\/SS_Poster_p1_BW_10092025_web-small-Brandon-Winters.jpg-1030x1030.avif 1030w, https:\/\/boulder.earth\/wp-content\/uploads\/2026\/04\/SS_Poster_p1_BW_10092025_web-small-Brandon-Winters.jpg-80x80.avif 80w, https:\/\/boulder.earth\/wp-content\/uploads\/2026\/04\/SS_Poster_p1_BW_10092025_web-small-Brandon-Winters.jpg-768x768.avif 768w, https:\/\/boulder.earth\/wp-content\/uploads\/2026\/04\/SS_Poster_p1_BW_10092025_web-small-Brandon-Winters.jpg-12x12.avif 12w, https:\/\/boulder.earth\/wp-content\/uploads\/2026\/04\/SS_Poster_p1_BW_10092025_web-small-Brandon-Winters.jpg-36x36.avif 36w, https:\/\/boulder.earth\/wp-content\/uploads\/2026\/04\/SS_Poster_p1_BW_10092025_web-small-Brandon-Winters.jpg-180x180.avif 180w, https:\/\/boulder.earth\/wp-content\/uploads\/2026\/04\/SS_Poster_p1_BW_10092025_web-small-Brandon-Winters.jpg-705x705.avif 705w, https:\/\/boulder.earth\/wp-content\/uploads\/2026\/04\/SS_Poster_p1_BW_10092025_web-small-Brandon-Winters.jpg-e1775680028795.avif 600w\"\n\t\t\t\t\t\t\talt=\"\"\n\t\t\t\/>\n<\/div>\n\t\t<div class=\"tribe-events-calendar-month__calendar-event-tooltip-datetime\">\n\t\t<time datetime=\"2026-04-09\">\n\t\t<span class=\"tribe-event-date-start\">abril 9 @ 5:00 pm<\/span> - <span class=\"tribe-event-time\">6:30 pm<\/span>\t<\/time>\n\t<\/div>\n\t\t<div class=\"tribe-events-calendar-month__calendar-event-tooltip-title tribe-common-h7\">\n\t<a\n\t\thref=\"https:\/\/boulder.earth\/es\/event\/seaweed-stories-for-a-more-sustainable-future-film-screening-and-panel\/\"\n\t\ttitle=\"Seaweed Stories for a More Sustainable Future (Film screening and Panel)\"\n\t\trel=\"bookmark\"\n\t\tclass=\"tribe-events-calendar-month__calendar-event-tooltip-title-link tribe-common-anchor-thin\"\n\t>\n\t\tSeaweed Stories for a More Sustainable Future (Film screening and Panel)\t<\/a>\n<\/div>\n\t\t<div class=\"tribe-events-calendar-month__calendar-event-tooltip-description tribe-common-b3\">\n\t<p>Seaweed Stories is a 30-minute film featuring the wonders of seaweed, and some of the extraordinary stories and unique characters whose lives have been entangled by this too often overlooked marine plant that may hold answers to some of humanity's biggest challenges.<\/p>\n<\/div>\n\t\t\t<\/div>\n<\/div>\n\n\t<\/div>\n\n<\/article>\n\n\t<\/div>\n\n\t\n<\/div>\n<\/td>\n\n\t\t\t\n\t\t\t\t<td\n\t class=\"tribe-events-calendar-month__day tribe-events-calendar-month__day--past\" \taria-labelledby=\"tribe-events-calendar-day-2026-04-10\"\n\tdata-js=\"tribe-events-month-grid-cell\"\n>\n\t<button\n\taria-expanded=\"false\"\n\taria-controls=\"tribe-events-calendar-mobile-day-2026-04-10\"\n\taria-label=\"abril 10, 3 eventos, past day\"\n\t class=\"tribe-events-calendar-month__day-cell tribe-events-calendar-month__day-cell--mobile\" \tdata-js=\"tribe-events-calendar-month-day-cell-mobile\"\n>\n\t<h3 class=\"tribe-events-calendar-month__day-date tribe-common-h6 tribe-common-h--alt\">\n\t\t<span class=\"tribe-common-a11y-visual-hide\">\n\t\t\t3 eventos\t\t<\/span>\n\t\t<time\n\t\t\tclass=\"tribe-events-calendar-month__day-date-daynum\"\n\t\t\tdatetime=\"2026-04-10\"\n\t\t>\n\t\t\t10\t\t<\/time>\n\t<\/h3>\n\t\n\t<span class=\"tribe-events-calendar-month__mobile-events-icon tribe-events-calendar-month__mobile-events-icon--event\" >\n\t<\/span>\n<\/button>\n\t\n<div\n\tid=\"tribe-events-calendar-day-2026-04-10\"\n\tclass=\"tribe-events-calendar-month__day-cell tribe-events-calendar-month__day-cell--desktop tribe-common-a11y-hidden\"\n>\n\t\n<h3 class=\"tribe-events-calendar-month__day-date tribe-common-h4\">\n\t<span class=\"tribe-common-a11y-visual-hide\">\n\t\t3 eventos,\n\t<\/span>\n\t<time\n\t\tclass=\"tribe-events-calendar-month__day-date-daynum\"\n\t\tdatetime=\"2026-04-10\"\n\t>\n\t\t\t\t\t<a\n\t\t\t\thref=\"https:\/\/boulder.earth\/es\/events\/2026-04-10\/?shortcode=42cf1b8c\"\n\t\t\t\tclass=\"tribe-events-calendar-month__day-date-link\"\n\t\t\t\tdata-js=\"tribe-events-view-link\"\n\t\t\t\taria-label=\"abril 10\"\n\t\t\t>\n\t\t\t\t10\t\t\t<\/a>\n\t\t\t<\/time>\n<\/h3>\n\n\t<div class=\"tribe-events-calendar-month__events\">\n\t\t\n\t<div class=\"tribe-events-calendar-month__multiday-event-wrapper\">\n\t<article  class=\"tribe-events-calendar-month__multiday-event post-10003431 tribe_events type-tribe_events status-publish has-post-thumbnail hentry tribe_events_cat-community tribe_events_cat-creative-arts tribe_events_cat-culture-building tribe_events_cat-resilience cat_community cat_creative-arts cat_culture-building cat_resilience\"  data-event-id=\"10003431\">\n\t\t<div class=\"tribe-events-calendar-month__multiday-event-hidden\">\n\t<time\n\tdatetime=\"2026-04-03\"\n\tclass=\"tribe-common-a11y-visual-hide\"\n>\n\t2026-04-03<\/time>\n\t<a\n\thref=\"https:\/\/boulder.earth\/es\/event\/boulder-arts-week\/\"\n\tclass=\"tribe-events-calendar-month__multiday-event-hidden-link\"\n\tdata-js=\"tribe-events-tooltip\"\n\tdata-tooltip-content=\"#tribe-events-tooltip-content-10003431\"\n\taria-describedby=\"tribe-events-tooltip-content-10003431\"\n>\n\t\t<div class=\"tribe-events-calendar-month__multiday-event-hidden-title tribe-common-h8\">\n\tBoulder Arts Week<\/div>\n<\/a>\n<\/div>\n\t\t\t<\/article>\n<\/div>\n\n\n\t\t\n\t\n\t\n<article  class=\"tribe-events-calendar-month__calendar-event post-10003428 tribe_events type-tribe_events status-publish has-post-thumbnail hentry tribe_events_cat-activism tribe_events_cat-climate tribe_events_cat-community tribe_events_cat-creative-arts tribe_events_cat-education tribe_events_cat-water cat_activism cat_climate cat_community cat_creative-arts cat_education cat_water\" >\n\n\t\n\t<div class=\"tribe-events-calendar-month__calendar-event-details\">\n\n\t\t<div class=\"tribe-events-calendar-month__calendar-event-datetime\">\n\t\t<time datetime=\"10:00\">\n\t\t10:00 am\t<\/time>\n\t\t\t<span class=\"tribe-events-calendar-month__calendar-event-datetime-separator\"> - <\/span>\n\t\t<time datetime=\"13:00\">\n\t\t\t1:00 pm\t\t<\/time>\n\t\t<\/div>\n\t\t<div class=\"tribe-events-calendar-month__calendar-event-title tribe-common-h8 tribe-common-h--alt\">\n\t<a\n\t\thref=\"https:\/\/boulder.earth\/es\/event\/time-and-water-followed-by-a-call2action-panel\/\"\n\t\ttitle=\"TIME AND WATER, followed by a Call2Action Panel\"\n\t\trel=\"bookmark\"\n\t\tclass=\"tribe-events-calendar-month__calendar-event-title-link tribe-common-anchor-thin\"\n\t\tdata-js=\"tribe-events-tooltip\"\n\t\tdata-tooltip-content=\"#tribe-events-tooltip-content-10003428\"\n\t\taria-describedby=\"tribe-events-tooltip-content-10003428\"\n\t>\n\t\tTIME AND WATER, followed by a Call2Action Panel\t<\/a>\n<\/div>\n\n\t\t<div class=\"tribe-events-calendar-month__calendar-event-tooltip-template tribe-common-a11y-hidden\">\n\t<div\n\t\tclass=\"tribe-events-calendar-month__calendar-event-tooltip\"\n\t\tid=\"tribe-events-tooltip-content-10003428\"\n\t\trole=\"tooltip\"\n\t>\n\t\t<div class=\"tribe-events-calendar-month__calendar-event-tooltip-featured-image-wrapper\">\n\t<img\n\t\tclass=\"tribe-events-calendar-month__calendar-event-tooltip-featured-image\"\n\t\tsrc=\"https:\/\/boulder.earth\/wp-content\/uploads\/2026\/04\/Time-and-Water-Digital-Insert-e1775604956114.png\"\n\t\t\t\t\tsrcset=\"https:\/\/boulder.earth\/wp-content\/uploads\/2026\/04\/Time-and-Water-Digital-Insert-240x300.png 240w, https:\/\/boulder.earth\/wp-content\/uploads\/2026\/04\/Time-and-Water-Digital-Insert-824x1030.png 824w, https:\/\/boulder.earth\/wp-content\/uploads\/2026\/04\/Time-and-Water-Digital-Insert-768x960.png 768w, https:\/\/boulder.earth\/wp-content\/uploads\/2026\/04\/Time-and-Water-Digital-Insert-10x12.png 10w, https:\/\/boulder.earth\/wp-content\/uploads\/2026\/04\/Time-and-Water-Digital-Insert-564x705.png 564w, https:\/\/boulder.earth\/wp-content\/uploads\/2026\/04\/Time-and-Water-Digital-Insert-e1775604956114.png 600w\"\n\t\t\t\t\t\t\talt=\"\"\n\t\t\t\/>\n<\/div>\n\t\t<div class=\"tribe-events-calendar-month__calendar-event-tooltip-datetime\">\n\t\t<time datetime=\"2026-04-10\">\n\t\t<span class=\"tribe-event-date-start\">abril 10 @ 10:00 am<\/span> - <span class=\"tribe-event-time\">1:00 pm<\/span>\t<\/time>\n\t<\/div>\n\t\t<div class=\"tribe-events-calendar-month__calendar-event-tooltip-title tribe-common-h7\">\n\t<a\n\t\thref=\"https:\/\/boulder.earth\/es\/event\/time-and-water-followed-by-a-call2action-panel\/\"\n\t\ttitle=\"TIME AND WATER, followed by a Call2Action Panel\"\n\t\trel=\"bookmark\"\n\t\tclass=\"tribe-events-calendar-month__calendar-event-tooltip-title-link tribe-common-anchor-thin\"\n\t>\n\t\tTIME AND WATER, followed by a Call2Action Panel\t<\/a>\n<\/div>\n\t\t<div class=\"tribe-events-calendar-month__calendar-event-tooltip-description tribe-common-b3\">\n\t<p>Facing the death of his country\u2019s glaciers and the loss of his beloved grandparents, renowned Icelandic poet and author Andri Sn\u00e6r Magnason turns his archives into a time capsule to hold what is slipping away: family, memory, time and water.<\/p>\n<\/div>\n\t\t\t<\/div>\n<\/div>\n\n\t<\/div>\n\n<\/article>\n\n\t\n\t\n<article  class=\"tribe-events-calendar-month__calendar-event post-10003427 tribe_events type-tribe_events status-publish has-post-thumbnail hentry tribe_events_cat-agriculture tribe_events_cat-climate tribe_events_cat-community tribe_events_cat-food tribe_events_cat-fundraiser cat_agriculture cat_climate cat_community cat_food cat_fundraiser\" >\n\n\t\n\t<div class=\"tribe-events-calendar-month__calendar-event-details\">\n\n\t\t<div class=\"tribe-events-calendar-month__calendar-event-datetime\">\n\t\t<time datetime=\"18:00\">\n\t\t6:00 pm\t<\/time>\n\t\t\t<span class=\"tribe-events-calendar-month__calendar-event-datetime-separator\"> - <\/span>\n\t\t<time datetime=\"22:30\">\n\t\t\t10:30 pm\t\t<\/time>\n\t\t<\/div>\n\t\t<div class=\"tribe-events-calendar-month__calendar-event-title tribe-common-h8 tribe-common-h--alt\">\n\t<a\n\t\thref=\"https:\/\/boulder.earth\/es\/event\/garden-get-down\/\"\n\t\ttitle=\"Garden Get Down\"\n\t\trel=\"bookmark\"\n\t\tclass=\"tribe-events-calendar-month__calendar-event-title-link tribe-common-anchor-thin\"\n\t\tdata-js=\"tribe-events-tooltip\"\n\t\tdata-tooltip-content=\"#tribe-events-tooltip-content-10003427\"\n\t\taria-describedby=\"tribe-events-tooltip-content-10003427\"\n\t>\n\t\tGarden Get Down\t<\/a>\n<\/div>\n\n\t\t<div class=\"tribe-events-calendar-month__calendar-event-tooltip-template tribe-common-a11y-hidden\">\n\t<div\n\t\tclass=\"tribe-events-calendar-month__calendar-event-tooltip\"\n\t\tid=\"tribe-events-tooltip-content-10003427\"\n\t\trole=\"tooltip\"\n\t>\n\t\t<div class=\"tribe-events-calendar-month__calendar-event-tooltip-featured-image-wrapper\">\n\t<img\n\t\tclass=\"tribe-events-calendar-month__calendar-event-tooltip-featured-image\"\n\t\tsrc=\"https:\/\/boulder.earth\/wp-content\/uploads\/2026\/04\/Screenshot-2026-04-06-at-6.34.36-PM-e1775522197751.png\"\n\t\t\t\t\tsrcset=\"https:\/\/boulder.earth\/wp-content\/uploads\/2026\/04\/Screenshot-2026-04-06-at-6.34.36-PM-300x111.png 300w, https:\/\/boulder.earth\/wp-content\/uploads\/2026\/04\/Screenshot-2026-04-06-at-6.34.36-PM-1030x383.png 1030w, https:\/\/boulder.earth\/wp-content\/uploads\/2026\/04\/Screenshot-2026-04-06-at-6.34.36-PM-768x285.png 768w, https:\/\/boulder.earth\/wp-content\/uploads\/2026\/04\/Screenshot-2026-04-06-at-6.34.36-PM-1536x571.png 1536w, https:\/\/boulder.earth\/wp-content\/uploads\/2026\/04\/Screenshot-2026-04-06-at-6.34.36-PM-18x7.png 18w, https:\/\/boulder.earth\/wp-content\/uploads\/2026\/04\/Screenshot-2026-04-06-at-6.34.36-PM-1500x557.png 1500w, https:\/\/boulder.earth\/wp-content\/uploads\/2026\/04\/Screenshot-2026-04-06-at-6.34.36-PM-705x262.png 705w, https:\/\/boulder.earth\/wp-content\/uploads\/2026\/04\/Screenshot-2026-04-06-at-6.34.36-PM-e1775522197751.png 600w\"\n\t\t\t\t\t\t\talt=\"\"\n\t\t\t\/>\n<\/div>\n\t\t<div class=\"tribe-events-calendar-month__calendar-event-tooltip-datetime\">\n\t\t<time datetime=\"2026-04-10\">\n\t\t<span class=\"tribe-event-date-start\">abril 10 @ 6:00 pm<\/span> - <span class=\"tribe-event-time\">10:30 pm<\/span>\t<\/time>\n\t<\/div>\n\t\t<div class=\"tribe-events-calendar-month__calendar-event-tooltip-title tribe-common-h7\">\n\t<a\n\t\thref=\"https:\/\/boulder.earth\/es\/event\/garden-get-down\/\"\n\t\ttitle=\"Garden Get Down\"\n\t\trel=\"bookmark\"\n\t\tclass=\"tribe-events-calendar-month__calendar-event-tooltip-title-link tribe-common-anchor-thin\"\n\t>\n\t\tGarden Get Down\t<\/a>\n<\/div>\n\t\t<div class=\"tribe-events-calendar-month__calendar-event-tooltip-description tribe-common-b3\">\n\t<p>Join us for The Garden Getdown at Yellow Barn Farm. An epic dance party dedicated to\u00a0The Sovereignty Gardens\u00a0project - featuring a live DJ set of garden grooves, wubs &amp; country dub from Quiggy Smalls.<\/p>\n<\/div>\n\t\t\t<\/div>\n<\/div>\n\n\t<\/div>\n\n<\/article>\n\n\t<\/div>\n\n\t\n<\/div>\n<\/td>\n\n\t\t\t\n\t\t\t\t<td\n\t class=\"tribe-events-calendar-month__day tribe-events-calendar-month__day--past\" \taria-labelledby=\"tribe-events-calendar-day-2026-04-11\"\n\tdata-js=\"tribe-events-month-grid-cell\"\n>\n\t<button\n\taria-expanded=\"false\"\n\taria-controls=\"tribe-events-calendar-mobile-day-2026-04-11\"\n\taria-label=\"abril 11, 5 eventos, past day\"\n\t class=\"tribe-events-calendar-month__day-cell tribe-events-calendar-month__day-cell--mobile\" \tdata-js=\"tribe-events-calendar-month-day-cell-mobile\"\n>\n\t<h3 class=\"tribe-events-calendar-month__day-date tribe-common-h6 tribe-common-h--alt\">\n\t\t<span class=\"tribe-common-a11y-visual-hide\">\n\t\t\t5 eventos\t\t<\/span>\n\t\t<time\n\t\t\tclass=\"tribe-events-calendar-month__day-date-daynum\"\n\t\t\tdatetime=\"2026-04-11\"\n\t\t>\n\t\t\t11\t\t<\/time>\n\t<\/h3>\n\t\n\t<span class=\"tribe-events-calendar-month__mobile-events-icon tribe-events-calendar-month__mobile-events-icon--event\" >\n\t<\/span>\n<\/button>\n\t\n<div\n\tid=\"tribe-events-calendar-day-2026-04-11\"\n\tclass=\"tribe-events-calendar-month__day-cell tribe-events-calendar-month__day-cell--desktop tribe-common-a11y-hidden\"\n>\n\t\n<h3 class=\"tribe-events-calendar-month__day-date tribe-common-h4\">\n\t<span class=\"tribe-common-a11y-visual-hide\">\n\t\t5 eventos,\n\t<\/span>\n\t<time\n\t\tclass=\"tribe-events-calendar-month__day-date-daynum\"\n\t\tdatetime=\"2026-04-11\"\n\t>\n\t\t\t\t\t<a\n\t\t\t\thref=\"https:\/\/boulder.earth\/es\/events\/2026-04-11\/?shortcode=42cf1b8c\"\n\t\t\t\tclass=\"tribe-events-calendar-month__day-date-link\"\n\t\t\t\tdata-js=\"tribe-events-view-link\"\n\t\t\t\taria-label=\"abril 11\"\n\t\t\t>\n\t\t\t\t11\t\t\t<\/a>\n\t\t\t<\/time>\n<\/h3>\n\n\t<div class=\"tribe-events-calendar-month__events\">\n\t\t\n\t<div class=\"tribe-events-calendar-month__multiday-event-wrapper\">\n\t<article  class=\"tribe-events-calendar-month__multiday-event post-10003431 tribe_events type-tribe_events status-publish has-post-thumbnail hentry tribe_events_cat-community tribe_events_cat-creative-arts tribe_events_cat-culture-building tribe_events_cat-resilience cat_community cat_creative-arts cat_culture-building cat_resilience\"  data-event-id=\"10003431\">\n\t\t<div class=\"tribe-events-calendar-month__multiday-event-hidden\">\n\t<time\n\tdatetime=\"2026-04-03\"\n\tclass=\"tribe-common-a11y-visual-hide\"\n>\n\t2026-04-03<\/time>\n\t<a\n\thref=\"https:\/\/boulder.earth\/es\/event\/boulder-arts-week\/\"\n\tclass=\"tribe-events-calendar-month__multiday-event-hidden-link\"\n\tdata-js=\"tribe-events-tooltip\"\n\tdata-tooltip-content=\"#tribe-events-tooltip-content-10003431\"\n\taria-describedby=\"tribe-events-tooltip-content-10003431\"\n>\n\t\t<div class=\"tribe-events-calendar-month__multiday-event-hidden-title tribe-common-h8\">\n\tBoulder Arts Week<\/div>\n<\/a>\n<\/div>\n\t\t\t<\/article>\n<\/div>\n\n\n\t\t\n\t\n\t\n<article  class=\"tribe-events-calendar-month__calendar-event post-10003474 tribe_events type-tribe_events status-publish has-post-thumbnail hentry tribe_events_cat-agriculture tribe_events_cat-community tribe_events_cat-food cat_agriculture cat_community cat_food tribe-recurring-event tribe-recurring-event-parent\" >\n\n\t\n\t<div class=\"tribe-events-calendar-month__calendar-event-details\">\n\n\t\t<div class=\"tribe-events-calendar-month__calendar-event-datetime\">\n\t\t<time datetime=\"08:00\">\n\t\t8:00 am\t<\/time>\n\t\t\t<span class=\"tribe-events-calendar-month__calendar-event-datetime-separator\"> - <\/span>\n\t\t<time datetime=\"14:00\">\n\t\t\t2:00 pm\t\t<\/time>\n\t\t\n<span class=\"tribe-events-calendar-series-archive__container\">\n\t<a\n\t\thref=\"https:\/\/boulder.earth\/es\/series\/boulder-farmers-market\/\"\n\t\taria-label=\"Event series: Boulder Farmers Market\"\n\t\tclass=\"tribe-events-calendar-series-archive__link\"\n\t>\n\t\t\n<svg  class=\"tribe-common-c-svgicon tribe-common-c-svgicon--series tribe-events-series-archive__icon\"  width=\"14\" height=\"12\" viewBox=\"0 0 14 12\" fill=\"none\" xmlns=\"http:\/\/www.w3.org\/2000\/svg\" aria-hidden=\"true\">\n\t<rect x=\"0.5\" y=\"4.5\" width=\"9\" height=\"7\" \/>\n\t<path d=\"M2 2.5H11.5V10\" \/>\n\t<path d=\"M4 0.5H13.5V8\" \/>\n<\/svg>\n\t<\/a>\n<\/span>\n<\/div>\n\t\t<div class=\"tribe-events-calendar-month__calendar-event-title tribe-common-h8 tribe-common-h--alt\">\n\t<a\n\t\thref=\"https:\/\/boulder.earth\/es\/event\/boulder-farmers-market\/2026-04-11\/\"\n\t\ttitle=\"Boulder Farmers Market\"\n\t\trel=\"bookmark\"\n\t\tclass=\"tribe-events-calendar-month__calendar-event-title-link tribe-common-anchor-thin\"\n\t\tdata-js=\"tribe-events-tooltip\"\n\t\tdata-tooltip-content=\"#tribe-events-tooltip-content-10003474\"\n\t\taria-describedby=\"tribe-events-tooltip-content-10003474\"\n\t>\n\t\tBoulder Farmers Market\t<\/a>\n<\/div>\n\n\t\t<div class=\"tribe-events-calendar-month__calendar-event-tooltip-template tribe-common-a11y-hidden\">\n\t<div\n\t\tclass=\"tribe-events-calendar-month__calendar-event-tooltip\"\n\t\tid=\"tribe-events-tooltip-content-10003474\"\n\t\trole=\"tooltip\"\n\t>\n\t\t<div class=\"tribe-events-calendar-month__calendar-event-tooltip-featured-image-wrapper\">\n\t<img\n\t\tclass=\"tribe-events-calendar-month__calendar-event-tooltip-featured-image\"\n\t\tsrc=\"https:\/\/boulder.earth\/wp-content\/uploads\/2026\/04\/5a1a4a83-2755-6e04-62f2-ff349ad4a3cd-e1776830580952.jpg\"\n\t\t\t\t\tsrcset=\"https:\/\/boulder.earth\/wp-content\/uploads\/2026\/04\/5a1a4a83-2755-6e04-62f2-ff349ad4a3cd-300x300.jpg 300w, https:\/\/boulder.earth\/wp-content\/uploads\/2026\/04\/5a1a4a83-2755-6e04-62f2-ff349ad4a3cd-1030x1030.jpg 1030w, https:\/\/boulder.earth\/wp-content\/uploads\/2026\/04\/5a1a4a83-2755-6e04-62f2-ff349ad4a3cd-80x80.jpg 80w, https:\/\/boulder.earth\/wp-content\/uploads\/2026\/04\/5a1a4a83-2755-6e04-62f2-ff349ad4a3cd-768x768.jpg 768w, https:\/\/boulder.earth\/wp-content\/uploads\/2026\/04\/5a1a4a83-2755-6e04-62f2-ff349ad4a3cd-12x12.jpg 12w, https:\/\/boulder.earth\/wp-content\/uploads\/2026\/04\/5a1a4a83-2755-6e04-62f2-ff349ad4a3cd-36x36.jpg 36w, https:\/\/boulder.earth\/wp-content\/uploads\/2026\/04\/5a1a4a83-2755-6e04-62f2-ff349ad4a3cd-180x180.jpg 180w, https:\/\/boulder.earth\/wp-content\/uploads\/2026\/04\/5a1a4a83-2755-6e04-62f2-ff349ad4a3cd-705x705.jpg 705w, https:\/\/boulder.earth\/wp-content\/uploads\/2026\/04\/5a1a4a83-2755-6e04-62f2-ff349ad4a3cd-e1776830580952.jpg 600w\"\n\t\t\t\t\t\t\talt=\"\"\n\t\t\t\/>\n<\/div>\n\t\t<div class=\"tribe-events-calendar-month__calendar-event-tooltip-datetime\">\n\t\t<time datetime=\"2026-04-11\">\n\t\t<span class=\"tribe-event-date-start\">abril 11 @ 8:00 am<\/span> - <span class=\"tribe-event-time\">2:00 pm<\/span>\t<\/time>\n\t\n<span class=\"tribe-events-calendar-series-archive__container\">\n\t<a\n\t\thref=\"https:\/\/boulder.earth\/es\/series\/boulder-farmers-market\/\"\n\t\taria-label=\"Event series: Boulder Farmers Market\"\n\t\tclass=\"tribe-events-calendar-series-archive__link\"\n\t>\n\t\t\n<svg  class=\"tribe-common-c-svgicon tribe-common-c-svgicon--series tribe-events-series-archive__icon\"  width=\"14\" height=\"12\" viewBox=\"0 0 14 12\" fill=\"none\" xmlns=\"http:\/\/www.w3.org\/2000\/svg\" aria-hidden=\"true\">\n\t<rect x=\"0.5\" y=\"4.5\" width=\"9\" height=\"7\" \/>\n\t<path d=\"M2 2.5H11.5V10\" \/>\n\t<path d=\"M4 0.5H13.5V8\" \/>\n<\/svg>\n\t<\/a>\n<\/span>\n<\/div>\n\t\t<div class=\"tribe-events-calendar-month__calendar-event-tooltip-title tribe-common-h7\">\n\t<a\n\t\thref=\"https:\/\/boulder.earth\/es\/event\/boulder-farmers-market\/2026-04-11\/\"\n\t\ttitle=\"Boulder Farmers Market\"\n\t\trel=\"bookmark\"\n\t\tclass=\"tribe-events-calendar-month__calendar-event-tooltip-title-link tribe-common-anchor-thin\"\n\t>\n\t\tBoulder Farmers Market\t<\/a>\n<\/div>\n\t\t<div class=\"tribe-events-calendar-month__calendar-event-tooltip-description tribe-common-b3\">\n\t<p>We're excited to have 75 vendor join us for opening day at the Boulder Farmers Market!<\/p>\n<\/div>\n\t\t\t<\/div>\n<\/div>\n\n\t<\/div>\n\n<\/article>\n\n\t\n\t\n<article  class=\"tribe-events-calendar-month__calendar-event post-10003553 tribe_events type-tribe_events status-publish has-post-thumbnail hentry tribe_events_cat-agriculture tribe_events_cat-community tribe_events_cat-food cat_agriculture cat_community cat_food tribe-recurring-event tribe-recurring-event-parent\" >\n\n\t\n\t<div class=\"tribe-events-calendar-month__calendar-event-details\">\n\n\t\t<div class=\"tribe-events-calendar-month__calendar-event-datetime\">\n\t\t<time datetime=\"08:00\">\n\t\t8:00 am\t<\/time>\n\t\t\t<span class=\"tribe-events-calendar-month__calendar-event-datetime-separator\"> - <\/span>\n\t\t<time datetime=\"14:00\">\n\t\t\t2:00 pm\t\t<\/time>\n\t\t\n<span class=\"tribe-events-calendar-series-archive__container\">\n\t<a\n\t\thref=\"https:\/\/boulder.earth\/es\/series\/longmont-farmers-market\/\"\n\t\taria-label=\"Event series: Longmont Farmers Market\"\n\t\tclass=\"tribe-events-calendar-series-archive__link\"\n\t>\n\t\t\n<svg  class=\"tribe-common-c-svgicon tribe-common-c-svgicon--series tribe-events-series-archive__icon\"  width=\"14\" height=\"12\" viewBox=\"0 0 14 12\" fill=\"none\" xmlns=\"http:\/\/www.w3.org\/2000\/svg\" aria-hidden=\"true\">\n\t<rect x=\"0.5\" y=\"4.5\" width=\"9\" height=\"7\" \/>\n\t<path d=\"M2 2.5H11.5V10\" \/>\n\t<path d=\"M4 0.5H13.5V8\" \/>\n<\/svg>\n\t<\/a>\n<\/span>\n<\/div>\n\t\t<div class=\"tribe-events-calendar-month__calendar-event-title tribe-common-h8 tribe-common-h--alt\">\n\t<a\n\t\thref=\"https:\/\/boulder.earth\/es\/event\/longmont-farmers-market-2\/2026-04-11\/\"\n\t\ttitle=\"Longmont Farmers Market\"\n\t\trel=\"bookmark\"\n\t\tclass=\"tribe-events-calendar-month__calendar-event-title-link tribe-common-anchor-thin\"\n\t\tdata-js=\"tribe-events-tooltip\"\n\t\tdata-tooltip-content=\"#tribe-events-tooltip-content-10003553\"\n\t\taria-describedby=\"tribe-events-tooltip-content-10003553\"\n\t>\n\t\tLongmont Farmers Market\t<\/a>\n<\/div>\n\n\t\t<div class=\"tribe-events-calendar-month__calendar-event-tooltip-template tribe-common-a11y-hidden\">\n\t<div\n\t\tclass=\"tribe-events-calendar-month__calendar-event-tooltip\"\n\t\tid=\"tribe-events-tooltip-content-10003553\"\n\t\trole=\"tooltip\"\n\t>\n\t\t<div class=\"tribe-events-calendar-month__calendar-event-tooltip-featured-image-wrapper\">\n\t<img\n\t\tclass=\"tribe-events-calendar-month__calendar-event-tooltip-featured-image\"\n\t\tsrc=\"https:\/\/boulder.earth\/wp-content\/uploads\/2026\/04\/5a1a4a83-2755-6e04-62f2-ff349ad4a3cd-e1776830580952.jpg\"\n\t\t\t\t\tsrcset=\"https:\/\/boulder.earth\/wp-content\/uploads\/2026\/04\/5a1a4a83-2755-6e04-62f2-ff349ad4a3cd-300x300.jpg 300w, https:\/\/boulder.earth\/wp-content\/uploads\/2026\/04\/5a1a4a83-2755-6e04-62f2-ff349ad4a3cd-1030x1030.jpg 1030w, https:\/\/boulder.earth\/wp-content\/uploads\/2026\/04\/5a1a4a83-2755-6e04-62f2-ff349ad4a3cd-80x80.jpg 80w, https:\/\/boulder.earth\/wp-content\/uploads\/2026\/04\/5a1a4a83-2755-6e04-62f2-ff349ad4a3cd-768x768.jpg 768w, https:\/\/boulder.earth\/wp-content\/uploads\/2026\/04\/5a1a4a83-2755-6e04-62f2-ff349ad4a3cd-12x12.jpg 12w, https:\/\/boulder.earth\/wp-content\/uploads\/2026\/04\/5a1a4a83-2755-6e04-62f2-ff349ad4a3cd-36x36.jpg 36w, https:\/\/boulder.earth\/wp-content\/uploads\/2026\/04\/5a1a4a83-2755-6e04-62f2-ff349ad4a3cd-180x180.jpg 180w, https:\/\/boulder.earth\/wp-content\/uploads\/2026\/04\/5a1a4a83-2755-6e04-62f2-ff349ad4a3cd-705x705.jpg 705w, https:\/\/boulder.earth\/wp-content\/uploads\/2026\/04\/5a1a4a83-2755-6e04-62f2-ff349ad4a3cd-e1776830580952.jpg 600w\"\n\t\t\t\t\t\t\talt=\"\"\n\t\t\t\/>\n<\/div>\n\t\t<div class=\"tribe-events-calendar-month__calendar-event-tooltip-datetime\">\n\t\t<time datetime=\"2026-04-11\">\n\t\t<span class=\"tribe-event-date-start\">abril 11 @ 8:00 am<\/span> - <span class=\"tribe-event-time\">2:00 pm<\/span>\t<\/time>\n\t\n<span class=\"tribe-events-calendar-series-archive__container\">\n\t<a\n\t\thref=\"https:\/\/boulder.earth\/es\/series\/longmont-farmers-market\/\"\n\t\taria-label=\"Event series: Longmont Farmers Market\"\n\t\tclass=\"tribe-events-calendar-series-archive__link\"\n\t>\n\t\t\n<svg  class=\"tribe-common-c-svgicon tribe-common-c-svgicon--series tribe-events-series-archive__icon\"  width=\"14\" height=\"12\" viewBox=\"0 0 14 12\" fill=\"none\" xmlns=\"http:\/\/www.w3.org\/2000\/svg\" aria-hidden=\"true\">\n\t<rect x=\"0.5\" y=\"4.5\" width=\"9\" height=\"7\" \/>\n\t<path d=\"M2 2.5H11.5V10\" \/>\n\t<path d=\"M4 0.5H13.5V8\" \/>\n<\/svg>\n\t<\/a>\n<\/span>\n<\/div>\n\t\t<div class=\"tribe-events-calendar-month__calendar-event-tooltip-title tribe-common-h7\">\n\t<a\n\t\thref=\"https:\/\/boulder.earth\/es\/event\/longmont-farmers-market-2\/2026-04-11\/\"\n\t\ttitle=\"Longmont Farmers Market\"\n\t\trel=\"bookmark\"\n\t\tclass=\"tribe-events-calendar-month__calendar-event-tooltip-title-link tribe-common-anchor-thin\"\n\t>\n\t\tLongmont Farmers Market\t<\/a>\n<\/div>\n\t\t<div class=\"tribe-events-calendar-month__calendar-event-tooltip-description tribe-common-b3\">\n\t<p>In Longmont, we'll have nearly 70 vendors joining us this Saturday!<\/p>\n<\/div>\n\t\t\t<\/div>\n<\/div>\n\n\t<\/div>\n\n<\/article>\n\n\t\n\t\n<article  class=\"tribe-events-calendar-month__calendar-event post-10003445 tribe_events type-tribe_events status-publish has-post-thumbnail hentry tribe_events_cat-community tribe_events_cat-creative-arts tribe_events_cat-nature cat_community cat_creative-arts cat_nature\" >\n\n\t\n\t<div class=\"tribe-events-calendar-month__calendar-event-details\">\n\n\t\t<div class=\"tribe-events-calendar-month__calendar-event-datetime\">\n\t\t<time datetime=\"10:00\">\n\t\t10:00 am\t<\/time>\n\t\t\t<span class=\"tribe-events-calendar-month__calendar-event-datetime-separator\"> - <\/span>\n\t\t<time datetime=\"12:00\">\n\t\t\t12:00 pm\t\t<\/time>\n\t\t<\/div>\n\t\t<div class=\"tribe-events-calendar-month__calendar-event-title tribe-common-h8 tribe-common-h--alt\">\n\t<a\n\t\thref=\"https:\/\/boulder.earth\/es\/event\/eco-mural-bike-tour\/\"\n\t\ttitle=\"Eco-Mural Bike Tour\"\n\t\trel=\"bookmark\"\n\t\tclass=\"tribe-events-calendar-month__calendar-event-title-link tribe-common-anchor-thin\"\n\t\tdata-js=\"tribe-events-tooltip\"\n\t\tdata-tooltip-content=\"#tribe-events-tooltip-content-10003445\"\n\t\taria-describedby=\"tribe-events-tooltip-content-10003445\"\n\t>\n\t\tEco-Mural Bike Tour\t<\/a>\n<\/div>\n\n\t\t<div class=\"tribe-events-calendar-month__calendar-event-tooltip-template tribe-common-a11y-hidden\">\n\t<div\n\t\tclass=\"tribe-events-calendar-month__calendar-event-tooltip\"\n\t\tid=\"tribe-events-tooltip-content-10003445\"\n\t\trole=\"tooltip\"\n\t>\n\t\t<div class=\"tribe-events-calendar-month__calendar-event-tooltip-featured-image-wrapper\">\n\t<img\n\t\tclass=\"tribe-events-calendar-month__calendar-event-tooltip-featured-image\"\n\t\tsrc=\"https:\/\/boulder.earth\/wp-content\/uploads\/2026\/04\/Screenshot-2026-04-13-at-7.49.22-PM-e1776131382529.png\"\n\t\t\t\t\tsrcset=\"https:\/\/boulder.earth\/wp-content\/uploads\/2026\/04\/Screenshot-2026-04-13-at-7.49.22-PM-300x193.png 300w, https:\/\/boulder.earth\/wp-content\/uploads\/2026\/04\/Screenshot-2026-04-13-at-7.49.22-PM-768x493.png 768w, https:\/\/boulder.earth\/wp-content\/uploads\/2026\/04\/Screenshot-2026-04-13-at-7.49.22-PM-18x12.png 18w, https:\/\/boulder.earth\/wp-content\/uploads\/2026\/04\/Screenshot-2026-04-13-at-7.49.22-PM-705x453.png 705w, https:\/\/boulder.earth\/wp-content\/uploads\/2026\/04\/Screenshot-2026-04-13-at-7.49.22-PM-e1776131382529.png 600w\"\n\t\t\t\t\t\t\talt=\"\"\n\t\t\t\/>\n<\/div>\n\t\t<div class=\"tribe-events-calendar-month__calendar-event-tooltip-datetime\">\n\t\t<time datetime=\"2026-04-11\">\n\t\t<span class=\"tribe-event-date-start\">abril 11 @ 10:00 am<\/span> - <span class=\"tribe-event-time\">12:00 pm<\/span>\t<\/time>\n\t<\/div>\n\t\t<div class=\"tribe-events-calendar-month__calendar-event-tooltip-title tribe-common-h7\">\n\t<a\n\t\thref=\"https:\/\/boulder.earth\/es\/event\/eco-mural-bike-tour\/\"\n\t\ttitle=\"Eco-Mural Bike Tour\"\n\t\trel=\"bookmark\"\n\t\tclass=\"tribe-events-calendar-month__calendar-event-tooltip-title-link tribe-common-anchor-thin\"\n\t>\n\t\tEco-Mural Bike Tour\t<\/a>\n<\/div>\n\t\t<div class=\"tribe-events-calendar-month__calendar-event-tooltip-description tribe-common-b3\">\n\t<p>Join Street Wise Arts for a special bike tour in partnership with the City of Boulder during Boulder Arts Week!<\/p>\n<\/div>\n\t\t\t<\/div>\n<\/div>\n\n\t<\/div>\n\n<\/article>\n\n\t\n\t\n<article  class=\"tribe-events-calendar-month__calendar-event post-10003441 tribe_events type-tribe_events status-publish has-post-thumbnail hentry tribe_events_cat-biodiversity tribe_events_cat-education tribe_events_cat-food cat_biodiversity cat_education cat_food\" >\n\n\t\n\t<div class=\"tribe-events-calendar-month__calendar-event-details\">\n\n\t\t<div class=\"tribe-events-calendar-month__calendar-event-datetime\">\n\t\t<time datetime=\"13:00\">\n\t\t1:00 pm\t<\/time>\n\t\t\t<span class=\"tribe-events-calendar-month__calendar-event-datetime-separator\"> - <\/span>\n\t\t<time datetime=\"15:00\">\n\t\t\t3:00 pm\t\t<\/time>\n\t\t<\/div>\n\t\t<div class=\"tribe-events-calendar-month__calendar-event-title tribe-common-h8 tribe-common-h--alt\">\n\t<a\n\t\thref=\"https:\/\/boulder.earth\/es\/event\/learn-to-grow-your-own-fruit-trees\/\"\n\t\ttitle=\"Learn to grow your own fruit trees\"\n\t\trel=\"bookmark\"\n\t\tclass=\"tribe-events-calendar-month__calendar-event-title-link tribe-common-anchor-thin\"\n\t\tdata-js=\"tribe-events-tooltip\"\n\t\tdata-tooltip-content=\"#tribe-events-tooltip-content-10003441\"\n\t\taria-describedby=\"tribe-events-tooltip-content-10003441\"\n\t>\n\t\tLearn to grow your own fruit trees\t<\/a>\n<\/div>\n\n\t\t<div class=\"tribe-events-calendar-month__calendar-event-tooltip-template tribe-common-a11y-hidden\">\n\t<div\n\t\tclass=\"tribe-events-calendar-month__calendar-event-tooltip\"\n\t\tid=\"tribe-events-tooltip-content-10003441\"\n\t\trole=\"tooltip\"\n\t>\n\t\t<div class=\"tribe-events-calendar-month__calendar-event-tooltip-featured-image-wrapper\">\n\t<img\n\t\tclass=\"tribe-events-calendar-month__calendar-event-tooltip-featured-image\"\n\t\tsrc=\"https:\/\/boulder.earth\/wp-content\/uploads\/2019\/08\/community-fruit-rescue.jpg\"\n\t\t\t\t\t\t\talt=\"\"\n\t\t\t\/>\n<\/div>\n\t\t<div class=\"tribe-events-calendar-month__calendar-event-tooltip-datetime\">\n\t\t<time datetime=\"2026-04-11\">\n\t\t<span class=\"tribe-event-date-start\">abril 11 @ 1:00 pm<\/span> - <span class=\"tribe-event-time\">3:00 pm<\/span>\t<\/time>\n\t<\/div>\n\t\t<div class=\"tribe-events-calendar-month__calendar-event-tooltip-title tribe-common-h7\">\n\t<a\n\t\thref=\"https:\/\/boulder.earth\/es\/event\/learn-to-grow-your-own-fruit-trees\/\"\n\t\ttitle=\"Learn to grow your own fruit trees\"\n\t\trel=\"bookmark\"\n\t\tclass=\"tribe-events-calendar-month__calendar-event-tooltip-title-link tribe-common-anchor-thin\"\n\t>\n\t\tLearn to grow your own fruit trees\t<\/a>\n<\/div>\n\t\t<div class=\"tribe-events-calendar-month__calendar-event-tooltip-description tribe-common-b3\">\n\t<p>Spring is the perfect time to nurture young trees and plan for their long-term health. Growing your own fruit is also a meaningful way to build food resilience and enjoy fresh, local harvests for years to come.<\/p>\n<\/div>\n\t\t\t<\/div>\n<\/div>\n\n\t<\/div>\n\n<\/article>\n\n\t<\/div>\n\n\t\n<\/div>\n<\/td>\n\n\t\t\t\t\t<\/tr>\n\t\t\t<tr class=\"tribe-events-calendar-month__week\" data-js=\"tribe-events-month-grid-row\">\n\t\t\t\n\t\t\t\t<td\n\t class=\"tribe-events-calendar-month__day tribe-events-calendar-month__day--past\" \taria-labelledby=\"tribe-events-calendar-day-2026-04-12\"\n\tdata-js=\"tribe-events-month-grid-cell\"\n>\n\t<button\n\taria-expanded=\"false\"\n\taria-controls=\"tribe-events-calendar-mobile-day-2026-04-12\"\n\taria-label=\"abril 12, 3 eventos, past day\"\n\t class=\"tribe-events-calendar-month__day-cell tribe-events-calendar-month__day-cell--mobile\" \tdata-js=\"tribe-events-calendar-month-day-cell-mobile\"\n>\n\t<h3 class=\"tribe-events-calendar-month__day-date tribe-common-h6 tribe-common-h--alt\">\n\t\t<span class=\"tribe-common-a11y-visual-hide\">\n\t\t\t3 eventos\t\t<\/span>\n\t\t<time\n\t\t\tclass=\"tribe-events-calendar-month__day-date-daynum\"\n\t\t\tdatetime=\"2026-04-12\"\n\t\t>\n\t\t\t12\t\t<\/time>\n\t<\/h3>\n\t\n\t<span class=\"tribe-events-calendar-month__mobile-events-icon tribe-events-calendar-month__mobile-events-icon--event\" >\n\t<\/span>\n<\/button>\n\t\n<div\n\tid=\"tribe-events-calendar-day-2026-04-12\"\n\tclass=\"tribe-events-calendar-month__day-cell tribe-events-calendar-month__day-cell--desktop tribe-common-a11y-hidden\"\n>\n\t\n<h3 class=\"tribe-events-calendar-month__day-date tribe-common-h4\">\n\t<span class=\"tribe-common-a11y-visual-hide\">\n\t\t3 eventos,\n\t<\/span>\n\t<time\n\t\tclass=\"tribe-events-calendar-month__day-date-daynum\"\n\t\tdatetime=\"2026-04-12\"\n\t>\n\t\t\t\t\t<a\n\t\t\t\thref=\"https:\/\/boulder.earth\/es\/events\/2026-04-12\/?shortcode=42cf1b8c\"\n\t\t\t\tclass=\"tribe-events-calendar-month__day-date-link\"\n\t\t\t\tdata-js=\"tribe-events-view-link\"\n\t\t\t\taria-label=\"abril 12\"\n\t\t\t>\n\t\t\t\t12\t\t\t<\/a>\n\t\t\t<\/time>\n<\/h3>\n\n\t<div class=\"tribe-events-calendar-month__events\">\n\t\t\n\t<div class=\"tribe-events-calendar-month__multiday-event-wrapper\">\n\t<article  class=\"tribe-events-calendar-month__multiday-event post-10003431 tribe_events type-tribe_events status-publish has-post-thumbnail hentry tribe_events_cat-community tribe_events_cat-creative-arts tribe_events_cat-culture-building tribe_events_cat-resilience cat_community cat_creative-arts cat_culture-building cat_resilience tribe-events-calendar-month__multiday-event--width-1 tribe-events-calendar-month__multiday-event--display tribe-events-calendar-month__multiday-event--end tribe-events-calendar-month__multiday-event--past\"  data-event-id=\"10003431\">\n\t\t<div class=\"tribe-events-calendar-month__multiday-event-hidden\">\n\t<time\n\tdatetime=\"2026-04-03\"\n\tclass=\"tribe-common-a11y-visual-hide\"\n>\n\t2026-04-03<\/time>\n\t<a\n\thref=\"https:\/\/boulder.earth\/es\/event\/boulder-arts-week\/\"\n\tclass=\"tribe-events-calendar-month__multiday-event-hidden-link\"\n\tdata-js=\"tribe-events-tooltip\"\n\tdata-tooltip-content=\"#tribe-events-tooltip-content-10003431\"\n\taria-describedby=\"tribe-events-tooltip-content-10003431\"\n>\n\t\t<div class=\"tribe-events-calendar-month__multiday-event-hidden-title tribe-common-h8\">\n\tBoulder Arts Week<\/div>\n<\/a>\n<\/div>\n\t\t<div class=\"tribe-events-calendar-month__multiday-event-bar\">\n\t<div class=\"tribe-events-calendar-month__multiday-event-bar-inner\">\n\t\t\t\t<div class=\"tribe-events-calendar-month__multiday-event-bar-title tribe-common-h8\">\n\tBoulder Arts Week<\/div>\n\t<\/div>\n<\/div>\n\t<\/article>\n<\/div>\n\n\n\t\t\n\t\n\t\n<article  class=\"tribe-events-calendar-month__calendar-event post-10003021 tribe_events type-tribe_events status-publish has-post-thumbnail hentry tribe_events_cat-activism tribe_events_cat-community tribe_events_cat-culture-building tribe_events_cat-governance tribe_events_cat-human-rights tribe_events_cat-resilience tribe_events_cat-social-justice cat_activism cat_community cat_culture-building cat_governance cat_human-rights cat_resilience cat_social-justice tribe-recurring-event tribe-recurring-event-parent\" >\n\n\t\n\t<div class=\"tribe-events-calendar-month__calendar-event-details\">\n\n\t\t<div class=\"tribe-events-calendar-month__calendar-event-datetime\">\n\t\t<time datetime=\"12:00\">\n\t\t12:00 pm\t<\/time>\n\t\t\t<span class=\"tribe-events-calendar-month__calendar-event-datetime-separator\"> - <\/span>\n\t\t<time datetime=\"13:00\">\n\t\t\t1:00 pm\t\t<\/time>\n\t\t<\/div>\n\t\t<div class=\"tribe-events-calendar-month__calendar-event-title tribe-common-h8 tribe-common-h--alt\">\n\t<a\n\t\thref=\"https:\/\/boulder.earth\/es\/event\/weekly-vigil-for-palestine\/2026-04-12\/\"\n\t\ttitle=\"Weekly Vigil for Palestine\"\n\t\trel=\"bookmark\"\n\t\tclass=\"tribe-events-calendar-month__calendar-event-title-link tribe-common-anchor-thin\"\n\t\tdata-js=\"tribe-events-tooltip\"\n\t\tdata-tooltip-content=\"#tribe-events-tooltip-content-10003021\"\n\t\taria-describedby=\"tribe-events-tooltip-content-10003021\"\n\t>\n\t\tWeekly Vigil for Palestine\t<\/a>\n<\/div>\n\n\t\t<div class=\"tribe-events-calendar-month__calendar-event-tooltip-template tribe-common-a11y-hidden\">\n\t<div\n\t\tclass=\"tribe-events-calendar-month__calendar-event-tooltip\"\n\t\tid=\"tribe-events-tooltip-content-10003021\"\n\t\trole=\"tooltip\"\n\t>\n\t\t<div class=\"tribe-events-calendar-month__calendar-event-tooltip-featured-image-wrapper\">\n\t<img\n\t\tclass=\"tribe-events-calendar-month__calendar-event-tooltip-featured-image\"\n\t\tsrc=\"https:\/\/boulder.earth\/wp-content\/uploads\/2025\/03\/Screenshot_20250305-020854-e1742511421283.png\"\n\t\t\t\t\tsrcset=\"https:\/\/boulder.earth\/wp-content\/uploads\/2025\/03\/Screenshot_20250305-020854-300x286.png 300w, https:\/\/boulder.earth\/wp-content\/uploads\/2025\/03\/Screenshot_20250305-020854-13x12.png 13w, https:\/\/boulder.earth\/wp-content\/uploads\/2025\/03\/Screenshot_20250305-020854-720x684.png 720w, https:\/\/boulder.earth\/wp-content\/uploads\/2025\/03\/Screenshot_20250305-020854-705x673.png 705w, https:\/\/boulder.earth\/wp-content\/uploads\/2025\/03\/Screenshot_20250305-020854-e1742511421283.png 600w\"\n\t\t\t\t\t\t\talt=\"\"\n\t\t\t\/>\n<\/div>\n\t\t<div class=\"tribe-events-calendar-month__calendar-event-tooltip-datetime\">\n\t\t<time datetime=\"2026-04-12\">\n\t\t<span class=\"tribe-event-date-start\">abril 12 @ 12:00 pm<\/span> - <span class=\"tribe-event-time\">1:00 pm<\/span>\t<\/time>\n\t<\/div>\n\t\t<div class=\"tribe-events-calendar-month__calendar-event-tooltip-title tribe-common-h7\">\n\t<a\n\t\thref=\"https:\/\/boulder.earth\/es\/event\/weekly-vigil-for-palestine\/2026-04-12\/\"\n\t\ttitle=\"Weekly Vigil for Palestine\"\n\t\trel=\"bookmark\"\n\t\tclass=\"tribe-events-calendar-month__calendar-event-tooltip-title-link tribe-common-anchor-thin\"\n\t>\n\t\tWeekly Vigil for Palestine\t<\/a>\n<\/div>\n\t\t<div class=\"tribe-events-calendar-month__calendar-event-tooltip-description tribe-common-b3\">\n\t<p>Join Longmont for Palestine every Sunday from 12:00 - 1:00 pm on 6th &amp; Main St. in Longmont for a weekly Palestine vigil! Bring your signs and posters, or just stop on by to ask any questions you may have and get to know us! We will have signs available, as well as informational flyers, postcards, and zines.<\/p>\n<\/div>\n\t\t\t<\/div>\n<\/div>\n\n\t<\/div>\n\n<\/article>\n\n\t\n\t\n<article  class=\"tribe-events-calendar-month__calendar-event post-10003429 tribe_events type-tribe_events status-publish has-post-thumbnail hentry tribe_events_cat-community tribe_events_cat-creative-arts tribe_events_cat-culture-building cat_community cat_creative-arts cat_culture-building\" >\n\n\t\n\t<div class=\"tribe-events-calendar-month__calendar-event-details\">\n\n\t\t<div class=\"tribe-events-calendar-month__calendar-event-datetime\">\n\t\t<time datetime=\"13:00\">\n\t\t1:00 pm\t<\/time>\n\t\t\t<span class=\"tribe-events-calendar-month__calendar-event-datetime-separator\"> - <\/span>\n\t\t<time datetime=\"15:00\">\n\t\t\t3:00 pm\t\t<\/time>\n\t\t<\/div>\n\t\t<div class=\"tribe-events-calendar-month__calendar-event-title tribe-common-h8 tribe-common-h--alt\">\n\t<a\n\t\thref=\"https:\/\/boulder.earth\/es\/event\/boulder-arts-blueprint-launch-party\/\"\n\t\ttitle=\"Boulder Arts Blueprint Launch Party\"\n\t\trel=\"bookmark\"\n\t\tclass=\"tribe-events-calendar-month__calendar-event-title-link tribe-common-anchor-thin\"\n\t\tdata-js=\"tribe-events-tooltip\"\n\t\tdata-tooltip-content=\"#tribe-events-tooltip-content-10003429\"\n\t\taria-describedby=\"tribe-events-tooltip-content-10003429\"\n\t>\n\t\tBoulder Arts Blueprint Launch Party\t<\/a>\n<\/div>\n\n\t\t<div class=\"tribe-events-calendar-month__calendar-event-tooltip-template tribe-common-a11y-hidden\">\n\t<div\n\t\tclass=\"tribe-events-calendar-month__calendar-event-tooltip\"\n\t\tid=\"tribe-events-tooltip-content-10003429\"\n\t\trole=\"tooltip\"\n\t>\n\t\t<div class=\"tribe-events-calendar-month__calendar-event-tooltip-featured-image-wrapper\">\n\t<img\n\t\tclass=\"tribe-events-calendar-month__calendar-event-tooltip-featured-image\"\n\t\tsrc=\"https:\/\/boulder.earth\/wp-content\/uploads\/2026\/04\/Screenshot-2026-04-07-at-5.39.43-PM-e1775605210773.png\"\n\t\t\t\t\tsrcset=\"https:\/\/boulder.earth\/wp-content\/uploads\/2026\/04\/Screenshot-2026-04-07-at-5.39.43-PM-300x173.png 300w, https:\/\/boulder.earth\/wp-content\/uploads\/2026\/04\/Screenshot-2026-04-07-at-5.39.43-PM-1030x594.png 1030w, https:\/\/boulder.earth\/wp-content\/uploads\/2026\/04\/Screenshot-2026-04-07-at-5.39.43-PM-768x443.png 768w, https:\/\/boulder.earth\/wp-content\/uploads\/2026\/04\/Screenshot-2026-04-07-at-5.39.43-PM-18x10.png 18w, https:\/\/boulder.earth\/wp-content\/uploads\/2026\/04\/Screenshot-2026-04-07-at-5.39.43-PM-1096x630.png 1096w, https:\/\/boulder.earth\/wp-content\/uploads\/2026\/04\/Screenshot-2026-04-07-at-5.39.43-PM-705x407.png 705w, https:\/\/boulder.earth\/wp-content\/uploads\/2026\/04\/Screenshot-2026-04-07-at-5.39.43-PM-e1775605210773.png 600w\"\n\t\t\t\t\t\t\talt=\"\"\n\t\t\t\/>\n<\/div>\n\t\t<div class=\"tribe-events-calendar-month__calendar-event-tooltip-datetime\">\n\t\t<time datetime=\"2026-04-12\">\n\t\t<span class=\"tribe-event-date-start\">abril 12 @ 1:00 pm<\/span> - <span class=\"tribe-event-time\">3:00 pm<\/span>\t<\/time>\n\t<\/div>\n\t\t<div class=\"tribe-events-calendar-month__calendar-event-tooltip-title tribe-common-h7\">\n\t<a\n\t\thref=\"https:\/\/boulder.earth\/es\/event\/boulder-arts-blueprint-launch-party\/\"\n\t\ttitle=\"Boulder Arts Blueprint Launch Party\"\n\t\trel=\"bookmark\"\n\t\tclass=\"tribe-events-calendar-month__calendar-event-tooltip-title-link tribe-common-anchor-thin\"\n\t>\n\t\tBoulder Arts Blueprint Launch Party\t<\/a>\n<\/div>\n\t\t<div class=\"tribe-events-calendar-month__calendar-event-tooltip-description tribe-common-b3\">\n\t<p>Celebrate Boulder's creative future at the Boulder Arts Blueprint Launch Party! Be among the first to explore Boulder's new cultural plan and the shared vision guiding arts, culture and creativity over the next decade.<\/p>\n<\/div>\n\t\t\t<\/div>\n<\/div>\n\n\t<\/div>\n\n<\/article>\n\n\t<\/div>\n\n\t\n<\/div>\n<\/td>\n\n\t\t\t\n\t\t\t\t<td\n\t class=\"tribe-events-calendar-month__day tribe-events-calendar-month__day--past\" \taria-labelledby=\"tribe-events-calendar-day-2026-04-13\"\n\tdata-js=\"tribe-events-month-grid-cell\"\n>\n\t<button\n\taria-expanded=\"false\"\n\taria-controls=\"tribe-events-calendar-mobile-day-2026-04-13\"\n\taria-label=\"abril 13, 0 eventos, past day\"\n\t class=\"tribe-events-calendar-month__day-cell tribe-events-calendar-month__day-cell--mobile\" \tdata-js=\"tribe-events-calendar-month-day-cell-mobile\"\n>\n\t<div class=\"tribe-events-calendar-month__day-date tribe-common-h6 tribe-common-h--alt\">\n\t\t<span class=\"tribe-common-a11y-visual-hide\">\n\t\t\t0 eventos\t\t<\/span>\n\t\t<time\n\t\t\tclass=\"tribe-events-calendar-month__day-date-daynum\"\n\t\t\tdatetime=\"2026-04-13\"\n\t\t>\n\t\t\t13\t\t<\/time>\n\t<\/div>\n\t\n<\/button>\n\t\n<div\n\tid=\"tribe-events-calendar-day-2026-04-13\"\n\tclass=\"tribe-events-calendar-month__day-cell tribe-events-calendar-month__day-cell--desktop tribe-common-a11y-hidden\"\n>\n\t\n<div class=\"tribe-events-calendar-month__day-date tribe-common-h4\">\n\t<span class=\"tribe-common-a11y-visual-hide\">\n\t\t0 eventos,\n\t<\/span>\n\t<time\n\t\tclass=\"tribe-events-calendar-month__day-date-daynum\"\n\t\tdatetime=\"2026-04-13\"\n\t>\n\t\t\t\t\t13\t\t\t<\/time>\n<\/div>\n\n\t<div class=\"tribe-events-calendar-month__events\">\n\t\t\n\t\t\t<\/div>\n\n\t\n<\/div>\n<\/td>\n\n\t\t\t\n\t\t\t\t<td\n\t class=\"tribe-events-calendar-month__day tribe-events-calendar-month__day--past\" \taria-labelledby=\"tribe-events-calendar-day-2026-04-14\"\n\tdata-js=\"tribe-events-month-grid-cell\"\n>\n\t<button\n\taria-expanded=\"false\"\n\taria-controls=\"tribe-events-calendar-mobile-day-2026-04-14\"\n\taria-label=\"abril 14, 2 eventos, past day\"\n\t class=\"tribe-events-calendar-month__day-cell tribe-events-calendar-month__day-cell--mobile\" \tdata-js=\"tribe-events-calendar-month-day-cell-mobile\"\n>\n\t<h3 class=\"tribe-events-calendar-month__day-date tribe-common-h6 tribe-common-h--alt\">\n\t\t<span class=\"tribe-common-a11y-visual-hide\">\n\t\t\t2 eventos\t\t<\/span>\n\t\t<time\n\t\t\tclass=\"tribe-events-calendar-month__day-date-daynum\"\n\t\t\tdatetime=\"2026-04-14\"\n\t\t>\n\t\t\t14\t\t<\/time>\n\t<\/h3>\n\t\n\t<span class=\"tribe-events-calendar-month__mobile-events-icon tribe-events-calendar-month__mobile-events-icon--event\" >\n\t<\/span>\n<\/button>\n\t\n<div\n\tid=\"tribe-events-calendar-day-2026-04-14\"\n\tclass=\"tribe-events-calendar-month__day-cell tribe-events-calendar-month__day-cell--desktop tribe-common-a11y-hidden\"\n>\n\t\n<h3 class=\"tribe-events-calendar-month__day-date tribe-common-h4\">\n\t<span class=\"tribe-common-a11y-visual-hide\">\n\t\t2 eventos,\n\t<\/span>\n\t<time\n\t\tclass=\"tribe-events-calendar-month__day-date-daynum\"\n\t\tdatetime=\"2026-04-14\"\n\t>\n\t\t\t\t\t<a\n\t\t\t\thref=\"https:\/\/boulder.earth\/es\/events\/2026-04-14\/?shortcode=42cf1b8c\"\n\t\t\t\tclass=\"tribe-events-calendar-month__day-date-link\"\n\t\t\t\tdata-js=\"tribe-events-view-link\"\n\t\t\t\taria-label=\"abril 14\"\n\t\t\t>\n\t\t\t\t14\t\t\t<\/a>\n\t\t\t<\/time>\n<\/h3>\n\n\t<div class=\"tribe-events-calendar-month__events\">\n\t\t\n\t\t\n\t\n\t\n<article  class=\"tribe-events-calendar-month__calendar-event post-10003443 tribe_events type-tribe_events status-publish has-post-thumbnail hentry tribe_events_cat-activism tribe_events_cat-animals tribe_events_cat-climate tribe_events_cat-education tribe_events_cat-governance tribe_events_cat-webinar cat_activism cat_animals cat_climate cat_education cat_governance cat_webinar\" >\n\n\t\n\t<div class=\"tribe-events-calendar-month__calendar-event-details\">\n\n\t\t<div class=\"tribe-events-calendar-month__calendar-event-datetime\">\n\t\t<time datetime=\"17:00\">\n\t\t5:00 pm\t<\/time>\n\t\t\t<span class=\"tribe-events-calendar-month__calendar-event-datetime-separator\"> - <\/span>\n\t\t<time datetime=\"18:00\">\n\t\t\t6:00 pm\t\t<\/time>\n\t\t<\/div>\n\t\t<div class=\"tribe-events-calendar-month__calendar-event-title tribe-common-h8 tribe-common-h--alt\">\n\t<a\n\t\thref=\"https:\/\/boulder.earth\/es\/event\/action-hour-defending-the-endangered-species-act\/\"\n\t\ttitle=\"Action Hour: Defending the Endangered Species Act\"\n\t\trel=\"bookmark\"\n\t\tclass=\"tribe-events-calendar-month__calendar-event-title-link tribe-common-anchor-thin\"\n\t\tdata-js=\"tribe-events-tooltip\"\n\t\tdata-tooltip-content=\"#tribe-events-tooltip-content-10003443\"\n\t\taria-describedby=\"tribe-events-tooltip-content-10003443\"\n\t>\n\t\tAction Hour: Defending the Endangered Species Act\t<\/a>\n<\/div>\n\n\t\t<div class=\"tribe-events-calendar-month__calendar-event-tooltip-template tribe-common-a11y-hidden\">\n\t<div\n\t\tclass=\"tribe-events-calendar-month__calendar-event-tooltip\"\n\t\tid=\"tribe-events-tooltip-content-10003443\"\n\t\trole=\"tooltip\"\n\t>\n\t\t<div class=\"tribe-events-calendar-month__calendar-event-tooltip-featured-image-wrapper\">\n\t<img\n\t\tclass=\"tribe-events-calendar-month__calendar-event-tooltip-featured-image\"\n\t\tsrc=\"https:\/\/boulder.earth\/wp-content\/uploads\/2018\/04\/SierraLogo.png\"\n\t\t\t\t\tsrcset=\"https:\/\/boulder.earth\/wp-content\/uploads\/2018\/04\/SierraLogo-200x300.png 200w, https:\/\/boulder.earth\/wp-content\/uploads\/2018\/04\/SierraLogo.png 333w\"\n\t\t\t\t\t\t\talt=\"\"\n\t\t\t\/>\n<\/div>\n\t\t<div class=\"tribe-events-calendar-month__calendar-event-tooltip-datetime\">\n\t\t<time datetime=\"2026-04-14\">\n\t\t<span class=\"tribe-event-date-start\">abril 14 @ 5:00 pm<\/span> - <span class=\"tribe-event-time\">6:00 pm<\/span>\t<\/time>\n\t<\/div>\n\t\t<div class=\"tribe-events-calendar-month__calendar-event-tooltip-title tribe-common-h7\">\n\t<a\n\t\thref=\"https:\/\/boulder.earth\/es\/event\/action-hour-defending-the-endangered-species-act\/\"\n\t\ttitle=\"Action Hour: Defending the Endangered Species Act\"\n\t\trel=\"bookmark\"\n\t\tclass=\"tribe-events-calendar-month__calendar-event-tooltip-title-link tribe-common-anchor-thin\"\n\t>\n\t\tAction Hour: Defending the Endangered Species Act\t<\/a>\n<\/div>\n\t\t<div class=\"tribe-events-calendar-month__calendar-event-tooltip-description tribe-common-b3\">\n\t<p>The Endangered Species Act is the last line of defense for species facing extinction like the gray wolf, grizzly bear, salmon, and orca. Yet Trump and his allies in Congress are trying to undermine or completely erase this landmark legislation.<\/p>\n<\/div>\n\t\t\t<\/div>\n<\/div>\n\n\t<\/div>\n\n<\/article>\n\n\t\n\t\n<article  class=\"tribe-events-calendar-month__calendar-event post-10003641 tribe_events type-tribe_events status-publish has-post-thumbnail hentry tribe_events_cat-biodiversity tribe_events_cat-climate tribe_events_cat-education tribe_events_cat-nature tribe_events_cat-volunteer cat_biodiversity cat_climate cat_education cat_nature cat_volunteer\" >\n\n\t\n\t<div class=\"tribe-events-calendar-month__calendar-event-details\">\n\n\t\t<div class=\"tribe-events-calendar-month__calendar-event-datetime\">\n\t\t<time datetime=\"19:00\">\n\t\t7:00 pm\t<\/time>\n\t\t\t<span class=\"tribe-events-calendar-month__calendar-event-datetime-separator\"> - <\/span>\n\t\t<time datetime=\"20:30\">\n\t\t\t8:30 pm\t\t<\/time>\n\t\t<\/div>\n\t\t<div class=\"tribe-events-calendar-month__calendar-event-title tribe-common-h8 tribe-common-h--alt\">\n\t<a\n\t\thref=\"https:\/\/boulder.earth\/es\/event\/restoration-in-action-how-communities-heal-ecosystems\/\"\n\t\ttitle=\"Restoration in Action: How Communities Heal Ecosystems\"\n\t\trel=\"bookmark\"\n\t\tclass=\"tribe-events-calendar-month__calendar-event-title-link tribe-common-anchor-thin\"\n\t\tdata-js=\"tribe-events-tooltip\"\n\t\tdata-tooltip-content=\"#tribe-events-tooltip-content-10003641\"\n\t\taria-describedby=\"tribe-events-tooltip-content-10003641\"\n\t>\n\t\tRestoration in Action: How Communities Heal Ecosystems\t<\/a>\n<\/div>\n\n\t\t<div class=\"tribe-events-calendar-month__calendar-event-tooltip-template tribe-common-a11y-hidden\">\n\t<div\n\t\tclass=\"tribe-events-calendar-month__calendar-event-tooltip\"\n\t\tid=\"tribe-events-tooltip-content-10003641\"\n\t\trole=\"tooltip\"\n\t>\n\t\t<div class=\"tribe-events-calendar-month__calendar-event-tooltip-featured-image-wrapper\">\n\t<img\n\t\tclass=\"tribe-events-calendar-month__calendar-event-tooltip-featured-image\"\n\t\tsrc=\"https:\/\/boulder.earth\/wp-content\/uploads\/2026\/04\/50th-Anniversary-1.png\"\n\t\t\t\t\tsrcset=\"https:\/\/boulder.earth\/wp-content\/uploads\/2026\/04\/50th-Anniversary-1-300x300.png 300w, https:\/\/boulder.earth\/wp-content\/uploads\/2026\/04\/50th-Anniversary-1-80x80.png 80w, https:\/\/boulder.earth\/wp-content\/uploads\/2026\/04\/50th-Anniversary-1-12x12.png 12w, https:\/\/boulder.earth\/wp-content\/uploads\/2026\/04\/50th-Anniversary-1-36x36.png 36w, https:\/\/boulder.earth\/wp-content\/uploads\/2026\/04\/50th-Anniversary-1-180x180.png 180w, https:\/\/boulder.earth\/wp-content\/uploads\/2026\/04\/50th-Anniversary-1.png 600w\"\n\t\t\t\t\t\t\talt=\"\"\n\t\t\t\/>\n<\/div>\n\t\t<div class=\"tribe-events-calendar-month__calendar-event-tooltip-datetime\">\n\t\t<time datetime=\"2026-04-14\">\n\t\t<span class=\"tribe-event-date-start\">abril 14 @ 7:00 pm<\/span> - <span class=\"tribe-event-time\">8:30 pm<\/span>\t<\/time>\n\t<\/div>\n\t\t<div class=\"tribe-events-calendar-month__calendar-event-tooltip-title tribe-common-h7\">\n\t<a\n\t\thref=\"https:\/\/boulder.earth\/es\/event\/restoration-in-action-how-communities-heal-ecosystems\/\"\n\t\ttitle=\"Restoration in Action: How Communities Heal Ecosystems\"\n\t\trel=\"bookmark\"\n\t\tclass=\"tribe-events-calendar-month__calendar-event-tooltip-title-link tribe-common-anchor-thin\"\n\t>\n\t\tRestoration in Action: How Communities Heal Ecosystems\t<\/a>\n<\/div>\n\t\t<div class=\"tribe-events-calendar-month__calendar-event-tooltip-description tribe-common-b3\">\n\t<p>Kevin Shuck, WRV Director of Programming, will explore the vital role of volunteer-powered conservation using WRV\u2019s 25+ years of work as a lens to understand ecological challenges and solutions.<\/p>\n<\/div>\n\t\t\t<\/div>\n<\/div>\n\n\t<\/div>\n\n<\/article>\n\n\t<\/div>\n\n\t\n<\/div>\n<\/td>\n\n\t\t\t\n\t\t\t\t<td\n\t class=\"tribe-events-calendar-month__day tribe-events-calendar-month__day--past\" \taria-labelledby=\"tribe-events-calendar-day-2026-04-15\"\n\tdata-js=\"tribe-events-month-grid-cell\"\n>\n\t<button\n\taria-expanded=\"false\"\n\taria-controls=\"tribe-events-calendar-mobile-day-2026-04-15\"\n\taria-label=\"abril 15, 2 eventos, past day\"\n\t class=\"tribe-events-calendar-month__day-cell tribe-events-calendar-month__day-cell--mobile\" \tdata-js=\"tribe-events-calendar-month-day-cell-mobile\"\n>\n\t<h3 class=\"tribe-events-calendar-month__day-date tribe-common-h6 tribe-common-h--alt\">\n\t\t<span class=\"tribe-common-a11y-visual-hide\">\n\t\t\t2 eventos\t\t<\/span>\n\t\t<time\n\t\t\tclass=\"tribe-events-calendar-month__day-date-daynum\"\n\t\t\tdatetime=\"2026-04-15\"\n\t\t>\n\t\t\t15\t\t<\/time>\n\t<\/h3>\n\t\n\t<span class=\"tribe-events-calendar-month__mobile-events-icon tribe-events-calendar-month__mobile-events-icon--event\" >\n\t<\/span>\n<\/button>\n\t\n<div\n\tid=\"tribe-events-calendar-day-2026-04-15\"\n\tclass=\"tribe-events-calendar-month__day-cell tribe-events-calendar-month__day-cell--desktop tribe-common-a11y-hidden\"\n>\n\t\n<h3 class=\"tribe-events-calendar-month__day-date tribe-common-h4\">\n\t<span class=\"tribe-common-a11y-visual-hide\">\n\t\t2 eventos,\n\t<\/span>\n\t<time\n\t\tclass=\"tribe-events-calendar-month__day-date-daynum\"\n\t\tdatetime=\"2026-04-15\"\n\t>\n\t\t\t\t\t<a\n\t\t\t\thref=\"https:\/\/boulder.earth\/es\/events\/2026-04-15\/?shortcode=42cf1b8c\"\n\t\t\t\tclass=\"tribe-events-calendar-month__day-date-link\"\n\t\t\t\tdata-js=\"tribe-events-view-link\"\n\t\t\t\taria-label=\"abril 15\"\n\t\t\t>\n\t\t\t\t15\t\t\t<\/a>\n\t\t\t<\/time>\n<\/h3>\n\n\t<div class=\"tribe-events-calendar-month__events\">\n\t\t\n\t\t\n\t\n\t\n<article  class=\"tribe-events-calendar-month__calendar-event post-10003381 tribe_events type-tribe_events status-publish has-post-thumbnail hentry tribe_events_cat-activism tribe_events_cat-education tribe_events_cat-finance tribe_events_cat-resilience tribe_events_cat-webinar cat_activism cat_education cat_finance cat_resilience cat_webinar\" >\n\n\t\n\t<div class=\"tribe-events-calendar-month__calendar-event-details\">\n\n\t\t<div class=\"tribe-events-calendar-month__calendar-event-datetime\">\n\t\t<time datetime=\"17:00\">\n\t\t5:00 pm\t<\/time>\n\t\t\t<span class=\"tribe-events-calendar-month__calendar-event-datetime-separator\"> - <\/span>\n\t\t<time datetime=\"18:00\">\n\t\t\t6:00 pm\t\t<\/time>\n\t\t<\/div>\n\t\t<div class=\"tribe-events-calendar-month__calendar-event-title tribe-common-h8 tribe-common-h--alt\">\n\t<a\n\t\thref=\"https:\/\/boulder.earth\/es\/event\/the-importance-of-home-ownership-with-nareb\/\"\n\t\ttitle=\"The Importance of Home Ownership with NAREB\"\n\t\trel=\"bookmark\"\n\t\tclass=\"tribe-events-calendar-month__calendar-event-title-link tribe-common-anchor-thin\"\n\t\tdata-js=\"tribe-events-tooltip\"\n\t\tdata-tooltip-content=\"#tribe-events-tooltip-content-10003381\"\n\t\taria-describedby=\"tribe-events-tooltip-content-10003381\"\n\t>\n\t\tThe Importance of Home Ownership with NAREB\t<\/a>\n<\/div>\n\n\t\t<div class=\"tribe-events-calendar-month__calendar-event-tooltip-template tribe-common-a11y-hidden\">\n\t<div\n\t\tclass=\"tribe-events-calendar-month__calendar-event-tooltip\"\n\t\tid=\"tribe-events-tooltip-content-10003381\"\n\t\trole=\"tooltip\"\n\t>\n\t\t<div class=\"tribe-events-calendar-month__calendar-event-tooltip-featured-image-wrapper\">\n\t<img\n\t\tclass=\"tribe-events-calendar-month__calendar-event-tooltip-featured-image\"\n\t\tsrc=\"https:\/\/boulder.earth\/wp-content\/uploads\/2026\/03\/11d51a8a-1cb1-4f6a-b3fb-6f769ecf6887.png\"\n\t\t\t\t\tsrcset=\"https:\/\/boulder.earth\/wp-content\/uploads\/2026\/03\/11d51a8a-1cb1-4f6a-b3fb-6f769ecf6887-300x119.png 300w, https:\/\/boulder.earth\/wp-content\/uploads\/2026\/03\/11d51a8a-1cb1-4f6a-b3fb-6f769ecf6887-18x7.png 18w, https:\/\/boulder.earth\/wp-content\/uploads\/2026\/03\/11d51a8a-1cb1-4f6a-b3fb-6f769ecf6887.png 600w\"\n\t\t\t\t\t\t\talt=\"\"\n\t\t\t\/>\n<\/div>\n\t\t<div class=\"tribe-events-calendar-month__calendar-event-tooltip-datetime\">\n\t\t<time datetime=\"2026-04-15\">\n\t\t<span class=\"tribe-event-date-start\">abril 15 @ 5:00 pm<\/span> - <span class=\"tribe-event-time\">6:00 pm<\/span>\t<\/time>\n\t<\/div>\n\t\t<div class=\"tribe-events-calendar-month__calendar-event-tooltip-title tribe-common-h7\">\n\t<a\n\t\thref=\"https:\/\/boulder.earth\/es\/event\/the-importance-of-home-ownership-with-nareb\/\"\n\t\ttitle=\"The Importance of Home Ownership with NAREB\"\n\t\trel=\"bookmark\"\n\t\tclass=\"tribe-events-calendar-month__calendar-event-tooltip-title-link tribe-common-anchor-thin\"\n\t>\n\t\tThe Importance of Home Ownership with NAREB\t<\/a>\n<\/div>\n\t\t<div class=\"tribe-events-calendar-month__calendar-event-tooltip-description tribe-common-b3\">\n\t<p>Join Mr. Ashley Thomas III, President of NAREB, as he explains why buying a home matters and how it can help close the generational wealth gap.<\/p>\n<\/div>\n\t\t\t<\/div>\n<\/div>\n\n\t<\/div>\n\n<\/article>\n\n\t\n\t\n<article  class=\"tribe-events-calendar-month__calendar-event post-10003389 tribe_events type-tribe_events status-publish has-post-thumbnail hentry tribe_events_cat-activism tribe_events_cat-climate tribe_events_cat-community tribe_events_cat-education tribe_events_cat-governance tribe_events_cat-human-rights tribe_events_cat-networking tribe_events_cat-resilience tribe_events_cat-social-justice tribe_events_cat-webinar cat_activism cat_climate cat_community cat_education cat_governance cat_human-rights cat_networking cat_resilience cat_social-justice cat_webinar tribe-recurring-event tribe-recurring-event-parent\" >\n\n\t\n\t<div class=\"tribe-events-calendar-month__calendar-event-details\">\n\n\t\t<div class=\"tribe-events-calendar-month__calendar-event-datetime\">\n\t\t<time datetime=\"18:00\">\n\t\t6:00 pm\t<\/time>\n\t\t\t<span class=\"tribe-events-calendar-month__calendar-event-datetime-separator\"> - <\/span>\n\t\t<time datetime=\"19:30\">\n\t\t\t7:30 pm\t\t<\/time>\n\t\t\n<span class=\"tribe-events-calendar-series-archive__container\">\n\t<a\n\t\thref=\"https:\/\/boulder.earth\/es\/series\/after-we-march-we-organize-solidarity-warriors-indivisible-action-group\/\"\n\t\taria-label=\"Event series: After We March, We Organize! Solidarity Warriors Indivisible Action Group\"\n\t\tclass=\"tribe-events-calendar-series-archive__link\"\n\t>\n\t\t\n<svg  class=\"tribe-common-c-svgicon tribe-common-c-svgicon--series tribe-events-series-archive__icon\"  width=\"14\" height=\"12\" viewBox=\"0 0 14 12\" fill=\"none\" xmlns=\"http:\/\/www.w3.org\/2000\/svg\" aria-hidden=\"true\">\n\t<rect x=\"0.5\" y=\"4.5\" width=\"9\" height=\"7\" \/>\n\t<path d=\"M2 2.5H11.5V10\" \/>\n\t<path d=\"M4 0.5H13.5V8\" \/>\n<\/svg>\n\t<\/a>\n<\/span>\n<\/div>\n\t\t<div class=\"tribe-events-calendar-month__calendar-event-title tribe-common-h8 tribe-common-h--alt\">\n\t<a\n\t\thref=\"https:\/\/boulder.earth\/es\/event\/after-we-march-we-organize-solidarity-warriors-indivisible-action-group\/2026-04-15\/\"\n\t\ttitle=\"After We March, We Organize! Solidarity Warriors Indivisible Action Group\"\n\t\trel=\"bookmark\"\n\t\tclass=\"tribe-events-calendar-month__calendar-event-title-link tribe-common-anchor-thin\"\n\t\tdata-js=\"tribe-events-tooltip\"\n\t\tdata-tooltip-content=\"#tribe-events-tooltip-content-10003389\"\n\t\taria-describedby=\"tribe-events-tooltip-content-10003389\"\n\t>\n\t\tAfter We March, We Organize! Solidarity Warriors Indivisible Action Group\t<\/a>\n<\/div>\n\n\t\t<div class=\"tribe-events-calendar-month__calendar-event-tooltip-template tribe-common-a11y-hidden\">\n\t<div\n\t\tclass=\"tribe-events-calendar-month__calendar-event-tooltip\"\n\t\tid=\"tribe-events-tooltip-content-10003389\"\n\t\trole=\"tooltip\"\n\t>\n\t\t<div class=\"tribe-events-calendar-month__calendar-event-tooltip-featured-image-wrapper\">\n\t<img\n\t\tclass=\"tribe-events-calendar-month__calendar-event-tooltip-featured-image\"\n\t\tsrc=\"https:\/\/boulder.earth\/wp-content\/uploads\/2026\/04\/Sunset-crowd-raised-fists-One-line-01_20250721004218694808-e1775521865495.png\"\n\t\t\t\t\tsrcset=\"https:\/\/boulder.earth\/wp-content\/uploads\/2026\/04\/Sunset-crowd-raised-fists-One-line-01_20250721004218694808-300x157.png 300w, https:\/\/boulder.earth\/wp-content\/uploads\/2026\/04\/Sunset-crowd-raised-fists-One-line-01_20250721004218694808-768x402.png 768w, https:\/\/boulder.earth\/wp-content\/uploads\/2026\/04\/Sunset-crowd-raised-fists-One-line-01_20250721004218694808-18x9.png 18w, https:\/\/boulder.earth\/wp-content\/uploads\/2026\/04\/Sunset-crowd-raised-fists-One-line-01_20250721004218694808-710x375.png 710w, https:\/\/boulder.earth\/wp-content\/uploads\/2026\/04\/Sunset-crowd-raised-fists-One-line-01_20250721004218694808-705x369.png 705w, https:\/\/boulder.earth\/wp-content\/uploads\/2026\/04\/Sunset-crowd-raised-fists-One-line-01_20250721004218694808-e1775521865495.png 600w\"\n\t\t\t\t\t\t\talt=\"\"\n\t\t\t\/>\n<\/div>\n\t\t<div class=\"tribe-events-calendar-month__calendar-event-tooltip-datetime\">\n\t\t<time datetime=\"2026-04-15\">\n\t\t<span class=\"tribe-event-date-start\">abril 15 @ 6:00 pm<\/span> - <span class=\"tribe-event-time\">7:30 pm<\/span>\t<\/time>\n\t\n<span class=\"tribe-events-calendar-series-archive__container\">\n\t<a\n\t\thref=\"https:\/\/boulder.earth\/es\/series\/after-we-march-we-organize-solidarity-warriors-indivisible-action-group\/\"\n\t\taria-label=\"Event series: After We March, We Organize! Solidarity Warriors Indivisible Action Group\"\n\t\tclass=\"tribe-events-calendar-series-archive__link\"\n\t>\n\t\t\n<svg  class=\"tribe-common-c-svgicon tribe-common-c-svgicon--series tribe-events-series-archive__icon\"  width=\"14\" height=\"12\" viewBox=\"0 0 14 12\" fill=\"none\" xmlns=\"http:\/\/www.w3.org\/2000\/svg\" aria-hidden=\"true\">\n\t<rect x=\"0.5\" y=\"4.5\" width=\"9\" height=\"7\" \/>\n\t<path d=\"M2 2.5H11.5V10\" \/>\n\t<path d=\"M4 0.5H13.5V8\" \/>\n<\/svg>\n\t<\/a>\n<\/span>\n<\/div>\n\t\t<div class=\"tribe-events-calendar-month__calendar-event-tooltip-title tribe-common-h7\">\n\t<a\n\t\thref=\"https:\/\/boulder.earth\/es\/event\/after-we-march-we-organize-solidarity-warriors-indivisible-action-group\/2026-04-15\/\"\n\t\ttitle=\"After We March, We Organize! Solidarity Warriors Indivisible Action Group\"\n\t\trel=\"bookmark\"\n\t\tclass=\"tribe-events-calendar-month__calendar-event-tooltip-title-link tribe-common-anchor-thin\"\n\t>\n\t\tAfter We March, We Organize! Solidarity Warriors Indivisible Action Group\t<\/a>\n<\/div>\n\t\t<div class=\"tribe-events-calendar-month__calendar-event-tooltip-description tribe-common-b3\">\n\t<p>&#x1f4da;&#x1f3a4; Every week we feature guest speakers and training on topics like:<\/p>\n<p>&#x1f6e1;&#xfe0f; How to Protest Safely &#x1f30e; Immigrant Rights &#x1fab6; Indigenous History &#x1f510; Cybersecurity &#x270a; Community Organizing Tactics and much more!<\/p>\n<\/div>\n\t\t\t<\/div>\n<\/div>\n\n\t<\/div>\n\n<\/article>\n\n\t<\/div>\n\n\t\n<\/div>\n<\/td>\n\n\t\t\t\n\t\t\t\t<td\n\t class=\"tribe-events-calendar-month__day tribe-events-calendar-month__day--past\" \taria-labelledby=\"tribe-events-calendar-day-2026-04-16\"\n\tdata-js=\"tribe-events-month-grid-cell\"\n>\n\t<button\n\taria-expanded=\"false\"\n\taria-controls=\"tribe-events-calendar-mobile-day-2026-04-16\"\n\taria-label=\"abril 16, 0 eventos, past day\"\n\t class=\"tribe-events-calendar-month__day-cell tribe-events-calendar-month__day-cell--mobile\" \tdata-js=\"tribe-events-calendar-month-day-cell-mobile\"\n>\n\t<div class=\"tribe-events-calendar-month__day-date tribe-common-h6 tribe-common-h--alt\">\n\t\t<span class=\"tribe-common-a11y-visual-hide\">\n\t\t\t0 eventos\t\t<\/span>\n\t\t<time\n\t\t\tclass=\"tribe-events-calendar-month__day-date-daynum\"\n\t\t\tdatetime=\"2026-04-16\"\n\t\t>\n\t\t\t16\t\t<\/time>\n\t<\/div>\n\t\n<\/button>\n\t\n<div\n\tid=\"tribe-events-calendar-day-2026-04-16\"\n\tclass=\"tribe-events-calendar-month__day-cell tribe-events-calendar-month__day-cell--desktop tribe-common-a11y-hidden\"\n>\n\t\n<div class=\"tribe-events-calendar-month__day-date tribe-common-h4\">\n\t<span class=\"tribe-common-a11y-visual-hide\">\n\t\t0 eventos,\n\t<\/span>\n\t<time\n\t\tclass=\"tribe-events-calendar-month__day-date-daynum\"\n\t\tdatetime=\"2026-04-16\"\n\t>\n\t\t\t\t\t16\t\t\t<\/time>\n<\/div>\n\n\t<div class=\"tribe-events-calendar-month__events\">\n\t\t\n\t\t\t<\/div>\n\n\t\n<\/div>\n<\/td>\n\n\t\t\t\n\t\t\t\t<td\n\t class=\"tribe-events-calendar-month__day tribe-events-calendar-month__day--past\" \taria-labelledby=\"tribe-events-calendar-day-2026-04-17\"\n\tdata-js=\"tribe-events-month-grid-cell\"\n>\n\t<button\n\taria-expanded=\"false\"\n\taria-controls=\"tribe-events-calendar-mobile-day-2026-04-17\"\n\taria-label=\"abril 17, 3 eventos, past day\"\n\t class=\"tribe-events-calendar-month__day-cell tribe-events-calendar-month__day-cell--mobile\" \tdata-js=\"tribe-events-calendar-month-day-cell-mobile\"\n>\n\t<h3 class=\"tribe-events-calendar-month__day-date tribe-common-h6 tribe-common-h--alt\">\n\t\t<span class=\"tribe-common-a11y-visual-hide\">\n\t\t\t3 eventos\t\t<\/span>\n\t\t<time\n\t\t\tclass=\"tribe-events-calendar-month__day-date-daynum\"\n\t\t\tdatetime=\"2026-04-17\"\n\t\t>\n\t\t\t17\t\t<\/time>\n\t<\/h3>\n\t\n\t<span class=\"tribe-events-calendar-month__mobile-events-icon tribe-events-calendar-month__mobile-events-icon--event\" >\n\t<\/span>\n<\/button>\n\t\n<div\n\tid=\"tribe-events-calendar-day-2026-04-17\"\n\tclass=\"tribe-events-calendar-month__day-cell tribe-events-calendar-month__day-cell--desktop tribe-common-a11y-hidden\"\n>\n\t\n<h3 class=\"tribe-events-calendar-month__day-date tribe-common-h4\">\n\t<span class=\"tribe-common-a11y-visual-hide\">\n\t\t3 eventos,\n\t<\/span>\n\t<time\n\t\tclass=\"tribe-events-calendar-month__day-date-daynum\"\n\t\tdatetime=\"2026-04-17\"\n\t>\n\t\t\t\t\t<a\n\t\t\t\thref=\"https:\/\/boulder.earth\/es\/events\/2026-04-17\/?shortcode=42cf1b8c\"\n\t\t\t\tclass=\"tribe-events-calendar-month__day-date-link\"\n\t\t\t\tdata-js=\"tribe-events-view-link\"\n\t\t\t\taria-label=\"abril 17\"\n\t\t\t>\n\t\t\t\t17\t\t\t<\/a>\n\t\t\t<\/time>\n<\/h3>\n\n\t<div class=\"tribe-events-calendar-month__events\">\n\t\t\n\t\t\n\t\n\t\n<article  class=\"tribe-events-calendar-month__calendar-event post-10003452 tribe_events type-tribe_events status-publish has-post-thumbnail hentry tribe_events_cat-activism tribe_events_cat-community tribe_events_cat-creative-arts tribe_events_cat-fundraiser cat_activism cat_community cat_creative-arts cat_fundraiser\" >\n\n\t\n\t<div class=\"tribe-events-calendar-month__calendar-event-details\">\n\n\t\t<div class=\"tribe-events-calendar-month__calendar-event-datetime\">\n\t\t<time datetime=\"17:00\">\n\t\t5:00 pm\t<\/time>\n\t\t\t<span class=\"tribe-events-calendar-month__calendar-event-datetime-separator\"> - <\/span>\n\t\t<time datetime=\"22:00\">\n\t\t\t10:00 pm\t\t<\/time>\n\t\t<\/div>\n\t\t<div class=\"tribe-events-calendar-month__calendar-event-title tribe-common-h8 tribe-common-h--alt\">\n\t<a\n\t\thref=\"https:\/\/boulder.earth\/es\/event\/food-not-bombs-free-market-block-party\/\"\n\t\ttitle=\"Food Not Bombs Free Market Block Party\"\n\t\trel=\"bookmark\"\n\t\tclass=\"tribe-events-calendar-month__calendar-event-title-link tribe-common-anchor-thin\"\n\t\tdata-js=\"tribe-events-tooltip\"\n\t\tdata-tooltip-content=\"#tribe-events-tooltip-content-10003452\"\n\t\taria-describedby=\"tribe-events-tooltip-content-10003452\"\n\t>\n\t\tFood Not Bombs Free Market Block Party\t<\/a>\n<\/div>\n\n\t\t<div class=\"tribe-events-calendar-month__calendar-event-tooltip-template tribe-common-a11y-hidden\">\n\t<div\n\t\tclass=\"tribe-events-calendar-month__calendar-event-tooltip\"\n\t\tid=\"tribe-events-tooltip-content-10003452\"\n\t\trole=\"tooltip\"\n\t>\n\t\t<div class=\"tribe-events-calendar-month__calendar-event-tooltip-featured-image-wrapper\">\n\t<img\n\t\tclass=\"tribe-events-calendar-month__calendar-event-tooltip-featured-image\"\n\t\tsrc=\"https:\/\/boulder.earth\/wp-content\/uploads\/2026\/04\/Screenshot-2026-04-13-at-8.10.10-PM-e1776132634477.png\"\n\t\t\t\t\tsrcset=\"https:\/\/boulder.earth\/wp-content\/uploads\/2026\/04\/Screenshot-2026-04-13-at-8.10.10-PM-300x166.png 300w, https:\/\/boulder.earth\/wp-content\/uploads\/2026\/04\/Screenshot-2026-04-13-at-8.10.10-PM-768x425.png 768w, https:\/\/boulder.earth\/wp-content\/uploads\/2026\/04\/Screenshot-2026-04-13-at-8.10.10-PM-18x10.png 18w, https:\/\/boulder.earth\/wp-content\/uploads\/2026\/04\/Screenshot-2026-04-13-at-8.10.10-PM-705x390.png 705w, https:\/\/boulder.earth\/wp-content\/uploads\/2026\/04\/Screenshot-2026-04-13-at-8.10.10-PM-e1776132634477.png 600w\"\n\t\t\t\t\t\t\talt=\"\"\n\t\t\t\/>\n<\/div>\n\t\t<div class=\"tribe-events-calendar-month__calendar-event-tooltip-datetime\">\n\t\t<time datetime=\"2026-04-17\">\n\t\t<span class=\"tribe-event-date-start\">abril 17 @ 5:00 pm<\/span> - <span class=\"tribe-event-time\">10:00 pm<\/span>\t<\/time>\n\t<\/div>\n\t\t<div class=\"tribe-events-calendar-month__calendar-event-tooltip-title tribe-common-h7\">\n\t<a\n\t\thref=\"https:\/\/boulder.earth\/es\/event\/food-not-bombs-free-market-block-party\/\"\n\t\ttitle=\"Food Not Bombs Free Market Block Party\"\n\t\trel=\"bookmark\"\n\t\tclass=\"tribe-events-calendar-month__calendar-event-tooltip-title-link tribe-common-anchor-thin\"\n\t>\n\t\tFood Not Bombs Free Market Block Party\t<\/a>\n<\/div>\n\t\t<div class=\"tribe-events-calendar-month__calendar-event-tooltip-description tribe-common-b3\">\n\t<p>Join us for the Food Not Bombs Free Market Block Party on April 17th from 5 to 10 PM at Vision Quest Brewery. We will have free street food, first aid kits, clothing, a bike repair station, and an arts and crafts table. The soundtrack for the evening includes a salsa, reggaeton, and cumbia set by Monty Pop, plus hip-hop performances by Preacher vs Choir and Time.<\/p>\n<\/div>\n\t\t\t<\/div>\n<\/div>\n\n\t<\/div>\n\n<\/article>\n\n\t\n\t\n<article  class=\"tribe-events-calendar-month__calendar-event post-10003471 tribe_events type-tribe_events status-publish has-post-thumbnail hentry tribe_events_cat-community tribe_events_cat-creative-arts tribe_events_cat-fundraiser cat_community cat_creative-arts cat_fundraiser\" >\n\n\t\n\t<div class=\"tribe-events-calendar-month__calendar-event-details\">\n\n\t\t<div class=\"tribe-events-calendar-month__calendar-event-datetime\">\n\t\t<time datetime=\"18:00\">\n\t\t6:00 pm\t<\/time>\n\t\t\t<span class=\"tribe-events-calendar-month__calendar-event-datetime-separator\"> - <\/span>\n\t\t<time datetime=\"21:30\">\n\t\t\t9:30 pm\t\t<\/time>\n\t\t<\/div>\n\t\t<div class=\"tribe-events-calendar-month__calendar-event-title tribe-common-h8 tribe-common-h--alt\">\n\t<a\n\t\thref=\"https:\/\/boulder.earth\/es\/event\/starry-night-out\/\"\n\t\ttitle=\"Starry Night Out\"\n\t\trel=\"bookmark\"\n\t\tclass=\"tribe-events-calendar-month__calendar-event-title-link tribe-common-anchor-thin\"\n\t\tdata-js=\"tribe-events-tooltip\"\n\t\tdata-tooltip-content=\"#tribe-events-tooltip-content-10003471\"\n\t\taria-describedby=\"tribe-events-tooltip-content-10003471\"\n\t>\n\t\tStarry Night Out\t<\/a>\n<\/div>\n\n\t\t<div class=\"tribe-events-calendar-month__calendar-event-tooltip-template tribe-common-a11y-hidden\">\n\t<div\n\t\tclass=\"tribe-events-calendar-month__calendar-event-tooltip\"\n\t\tid=\"tribe-events-tooltip-content-10003471\"\n\t\trole=\"tooltip\"\n\t>\n\t\t<div class=\"tribe-events-calendar-month__calendar-event-tooltip-featured-image-wrapper\">\n\t<img\n\t\tclass=\"tribe-events-calendar-month__calendar-event-tooltip-featured-image\"\n\t\tsrc=\"https:\/\/boulder.earth\/wp-content\/uploads\/2026\/04\/6c6d90bbf4dde3662cbed66558a43045.png\"\n\t\t\t\t\tsrcset=\"https:\/\/boulder.earth\/wp-content\/uploads\/2026\/04\/6c6d90bbf4dde3662cbed66558a43045-215x300.png 215w, https:\/\/boulder.earth\/wp-content\/uploads\/2026\/04\/6c6d90bbf4dde3662cbed66558a43045-9x12.png 9w, https:\/\/boulder.earth\/wp-content\/uploads\/2026\/04\/6c6d90bbf4dde3662cbed66558a43045.png 367w\"\n\t\t\t\t\t\t\talt=\"\"\n\t\t\t\/>\n<\/div>\n\t\t<div class=\"tribe-events-calendar-month__calendar-event-tooltip-datetime\">\n\t\t<time datetime=\"2026-04-17\">\n\t\t<span class=\"tribe-event-date-start\">abril 17 @ 6:00 pm<\/span> - <span class=\"tribe-event-time\">9:30 pm<\/span>\t<\/time>\n\t<\/div>\n\t\t<div class=\"tribe-events-calendar-month__calendar-event-tooltip-title tribe-common-h7\">\n\t<a\n\t\thref=\"https:\/\/boulder.earth\/es\/event\/starry-night-out\/\"\n\t\ttitle=\"Starry Night Out\"\n\t\trel=\"bookmark\"\n\t\tclass=\"tribe-events-calendar-month__calendar-event-tooltip-title-link tribe-common-anchor-thin\"\n\t>\n\t\tStarry Night Out\t<\/a>\n<\/div>\n\t\t<div class=\"tribe-events-calendar-month__calendar-event-tooltip-description tribe-common-b3\">\n\t<p>Join us on April 17th for an evening of space science+art and fundraising hosted by the Broomfield Council on the Arts and Humanities at The Establishment in Bradburn Village.<\/p>\n<\/div>\n\t\t\t<\/div>\n<\/div>\n\n\t<\/div>\n\n<\/article>\n\n\t\n\t\n<article  class=\"tribe-events-calendar-month__calendar-event post-10003432 tribe_events type-tribe_events status-publish has-post-thumbnail hentry tribe_events_cat-activism tribe_events_cat-community tribe_events_cat-education tribe_events_cat-human-rights tribe_events_cat-resilience tribe_events_cat-social-justice cat_activism cat_community cat_education cat_human-rights cat_resilience cat_social-justice\" >\n\n\t\n\t<div class=\"tribe-events-calendar-month__calendar-event-details\">\n\n\t\t<div class=\"tribe-events-calendar-month__calendar-event-datetime\">\n\t\t<time datetime=\"19:00\">\n\t\t7:00 pm\t<\/time>\n\t\t\t<span class=\"tribe-events-calendar-month__calendar-event-datetime-separator\"> - <\/span>\n\t\t<time datetime=\"21:00\">\n\t\t\t9:00 pm\t\t<\/time>\n\t\t<\/div>\n\t\t<div class=\"tribe-events-calendar-month__calendar-event-title tribe-common-h8 tribe-common-h--alt\">\n\t<a\n\t\thref=\"https:\/\/boulder.earth\/es\/event\/common-good-forum-presents-no-other-land-a-feature-documentary\/\"\n\t\ttitle=\"Common Good Forum Presents: &#8220;No Other Land&#8221;, a feature documentary\"\n\t\trel=\"bookmark\"\n\t\tclass=\"tribe-events-calendar-month__calendar-event-title-link tribe-common-anchor-thin\"\n\t\tdata-js=\"tribe-events-tooltip\"\n\t\tdata-tooltip-content=\"#tribe-events-tooltip-content-10003432\"\n\t\taria-describedby=\"tribe-events-tooltip-content-10003432\"\n\t>\n\t\tCommon Good Forum Presents: &#8220;No Other Land&#8221;, a feature documentary\t<\/a>\n<\/div>\n\n\t\t<div class=\"tribe-events-calendar-month__calendar-event-tooltip-template tribe-common-a11y-hidden\">\n\t<div\n\t\tclass=\"tribe-events-calendar-month__calendar-event-tooltip\"\n\t\tid=\"tribe-events-tooltip-content-10003432\"\n\t\trole=\"tooltip\"\n\t>\n\t\t<div class=\"tribe-events-calendar-month__calendar-event-tooltip-featured-image-wrapper\">\n\t<img\n\t\tclass=\"tribe-events-calendar-month__calendar-event-tooltip-featured-image\"\n\t\tsrc=\"https:\/\/boulder.earth\/wp-content\/uploads\/2026\/04\/Screenshot-2026-04-07-at-5.49.19-PM-e1775605814704.png\"\n\t\t\t\t\tsrcset=\"https:\/\/boulder.earth\/wp-content\/uploads\/2026\/04\/Screenshot-2026-04-07-at-5.49.19-PM-300x88.png 300w, https:\/\/boulder.earth\/wp-content\/uploads\/2026\/04\/Screenshot-2026-04-07-at-5.49.19-PM-1030x301.png 1030w, https:\/\/boulder.earth\/wp-content\/uploads\/2026\/04\/Screenshot-2026-04-07-at-5.49.19-PM-768x224.png 768w, https:\/\/boulder.earth\/wp-content\/uploads\/2026\/04\/Screenshot-2026-04-07-at-5.49.19-PM-1536x448.png 1536w, https:\/\/boulder.earth\/wp-content\/uploads\/2026\/04\/Screenshot-2026-04-07-at-5.49.19-PM-2048x598.png 2048w, https:\/\/boulder.earth\/wp-content\/uploads\/2026\/04\/Screenshot-2026-04-07-at-5.49.19-PM-18x5.png 18w, https:\/\/boulder.earth\/wp-content\/uploads\/2026\/04\/Screenshot-2026-04-07-at-5.49.19-PM-1500x438.png 1500w, https:\/\/boulder.earth\/wp-content\/uploads\/2026\/04\/Screenshot-2026-04-07-at-5.49.19-PM-705x206.png 705w, https:\/\/boulder.earth\/wp-content\/uploads\/2026\/04\/Screenshot-2026-04-07-at-5.49.19-PM-e1775605814704.png 600w\"\n\t\t\t\t\t\t\talt=\"\"\n\t\t\t\/>\n<\/div>\n\t\t<div class=\"tribe-events-calendar-month__calendar-event-tooltip-datetime\">\n\t\t<time datetime=\"2026-04-17\">\n\t\t<span class=\"tribe-event-date-start\">abril 17 @ 7:00 pm<\/span> - <span class=\"tribe-event-time\">9:00 pm<\/span>\t<\/time>\n\t<\/div>\n\t\t<div class=\"tribe-events-calendar-month__calendar-event-tooltip-title tribe-common-h7\">\n\t<a\n\t\thref=\"https:\/\/boulder.earth\/es\/event\/common-good-forum-presents-no-other-land-a-feature-documentary\/\"\n\t\ttitle=\"Common Good Forum Presents: &#8220;No Other Land&#8221;, a feature documentary\"\n\t\trel=\"bookmark\"\n\t\tclass=\"tribe-events-calendar-month__calendar-event-tooltip-title-link tribe-common-anchor-thin\"\n\t>\n\t\tCommon Good Forum Presents: &#8220;No Other Land&#8221;, a feature documentary\t<\/a>\n<\/div>\n\t\t<div class=\"tribe-events-calendar-month__calendar-event-tooltip-description tribe-common-b3\">\n\t<p>No Other Land, directed by a four-person collective of Israeli and Palestinian activists, is what they describe as an \u201cact of resistance on the path to justice in the Israeli-Palestinian conflict.\u201d<\/p>\n<\/div>\n\t\t\t<\/div>\n<\/div>\n\n\t<\/div>\n\n<\/article>\n\n\t<\/div>\n\n\t\n<\/div>\n<\/td>\n\n\t\t\t\n\t\t\t\t<td\n\t class=\"tribe-events-calendar-month__day tribe-events-calendar-month__day--past\" \taria-labelledby=\"tribe-events-calendar-day-2026-04-18\"\n\tdata-js=\"tribe-events-month-grid-cell\"\n>\n\t<button\n\taria-expanded=\"false\"\n\taria-controls=\"tribe-events-calendar-mobile-day-2026-04-18\"\n\taria-label=\"abril 18, 4 eventos, past day\"\n\t class=\"tribe-events-calendar-month__day-cell tribe-events-calendar-month__day-cell--mobile\" \tdata-js=\"tribe-events-calendar-month-day-cell-mobile\"\n>\n\t<h3 class=\"tribe-events-calendar-month__day-date tribe-common-h6 tribe-common-h--alt\">\n\t\t<span class=\"tribe-common-a11y-visual-hide\">\n\t\t\t4 eventos\t\t<\/span>\n\t\t<time\n\t\t\tclass=\"tribe-events-calendar-month__day-date-daynum\"\n\t\t\tdatetime=\"2026-04-18\"\n\t\t>\n\t\t\t18\t\t<\/time>\n\t<\/h3>\n\t\n\t<span class=\"tribe-events-calendar-month__mobile-events-icon tribe-events-calendar-month__mobile-events-icon--event\" >\n\t<\/span>\n<\/button>\n\t\n<div\n\tid=\"tribe-events-calendar-day-2026-04-18\"\n\tclass=\"tribe-events-calendar-month__day-cell tribe-events-calendar-month__day-cell--desktop tribe-common-a11y-hidden\"\n>\n\t\n<h3 class=\"tribe-events-calendar-month__day-date tribe-common-h4\">\n\t<span class=\"tribe-common-a11y-visual-hide\">\n\t\t4 eventos,\n\t<\/span>\n\t<time\n\t\tclass=\"tribe-events-calendar-month__day-date-daynum\"\n\t\tdatetime=\"2026-04-18\"\n\t>\n\t\t\t\t\t<a\n\t\t\t\thref=\"https:\/\/boulder.earth\/es\/events\/2026-04-18\/?shortcode=42cf1b8c\"\n\t\t\t\tclass=\"tribe-events-calendar-month__day-date-link\"\n\t\t\t\tdata-js=\"tribe-events-view-link\"\n\t\t\t\taria-label=\"abril 18\"\n\t\t\t>\n\t\t\t\t18\t\t\t<\/a>\n\t\t\t<\/time>\n<\/h3>\n\n\t<div class=\"tribe-events-calendar-month__events\">\n\t\t\n\t\t\n\t\n\t\n<article  class=\"tribe-events-calendar-month__calendar-event post-10003438 tribe_events type-tribe_events status-publish has-post-thumbnail hentry tribe_events_cat-biodiversity tribe_events_cat-climate tribe_events_cat-community tribe_events_cat-land-management tribe_events_cat-nature cat_biodiversity cat_climate cat_community cat_land-management cat_nature\" >\n\n\t\n\t<div class=\"tribe-events-calendar-month__calendar-event-details\">\n\n\t\t<div class=\"tribe-events-calendar-month__calendar-event-datetime\">\n\t\t<time datetime=\"08:00\">\n\t\t8:00 am\t<\/time>\n\t\t\t<span class=\"tribe-events-calendar-month__calendar-event-datetime-separator\"> - <\/span>\n\t\t<time datetime=\"14:00\">\n\t\t\t2:00 pm\t\t<\/time>\n\t\t<\/div>\n\t\t<div class=\"tribe-events-calendar-month__calendar-event-title tribe-common-h8 tribe-common-h--alt\">\n\t<a\n\t\thref=\"https:\/\/boulder.earth\/es\/event\/boulder-tree-seedling-giveaway\/\"\n\t\ttitle=\"Boulder Tree Seedling Giveaway\"\n\t\trel=\"bookmark\"\n\t\tclass=\"tribe-events-calendar-month__calendar-event-title-link tribe-common-anchor-thin\"\n\t\tdata-js=\"tribe-events-tooltip\"\n\t\tdata-tooltip-content=\"#tribe-events-tooltip-content-10003438\"\n\t\taria-describedby=\"tribe-events-tooltip-content-10003438\"\n\t>\n\t\tBoulder Tree Seedling Giveaway\t<\/a>\n<\/div>\n\n\t\t<div class=\"tribe-events-calendar-month__calendar-event-tooltip-template tribe-common-a11y-hidden\">\n\t<div\n\t\tclass=\"tribe-events-calendar-month__calendar-event-tooltip\"\n\t\tid=\"tribe-events-tooltip-content-10003438\"\n\t\trole=\"tooltip\"\n\t>\n\t\t<div class=\"tribe-events-calendar-month__calendar-event-tooltip-featured-image-wrapper\">\n\t<img\n\t\tclass=\"tribe-events-calendar-month__calendar-event-tooltip-featured-image\"\n\t\tsrc=\"https:\/\/boulder.earth\/wp-content\/uploads\/2022\/04\/planting-tree.jpg\"\n\t\t\t\t\tsrcset=\"https:\/\/boulder.earth\/wp-content\/uploads\/2022\/04\/planting-tree-300x172.jpg 300w, https:\/\/boulder.earth\/wp-content\/uploads\/2022\/04\/planting-tree-768x440.jpg 768w, https:\/\/boulder.earth\/wp-content\/uploads\/2022\/04\/planting-tree-18x10.jpg 18w, https:\/\/boulder.earth\/wp-content\/uploads\/2022\/04\/planting-tree-705x404.jpg 705w, https:\/\/boulder.earth\/wp-content\/uploads\/2022\/04\/planting-tree.jpg 800w\"\n\t\t\t\t\t\t\talt=\"\"\n\t\t\t\/>\n<\/div>\n\t\t<div class=\"tribe-events-calendar-month__calendar-event-tooltip-datetime\">\n\t\t<time datetime=\"2026-04-18\">\n\t\t<span class=\"tribe-event-date-start\">abril 18 @ 8:00 am<\/span> - <span class=\"tribe-event-time\">2:00 pm<\/span>\t<\/time>\n\t<\/div>\n\t\t<div class=\"tribe-events-calendar-month__calendar-event-tooltip-title tribe-common-h7\">\n\t<a\n\t\thref=\"https:\/\/boulder.earth\/es\/event\/boulder-tree-seedling-giveaway\/\"\n\t\ttitle=\"Boulder Tree Seedling Giveaway\"\n\t\trel=\"bookmark\"\n\t\tclass=\"tribe-events-calendar-month__calendar-event-tooltip-title-link tribe-common-anchor-thin\"\n\t>\n\t\tBoulder Tree Seedling Giveaway\t<\/a>\n<\/div>\n\t\t<div class=\"tribe-events-calendar-month__calendar-event-tooltip-description tribe-common-b3\">\n\t<p>Back for another year, Boulder's Forestry staff are teaming up with the PLAY Boulder Foundation to give away tree seedlings to Boulder community members on Saturday, April 18th at Boulder Farmer's Market at 13th and Arapahoe.<\/p>\n<\/div>\n\t\t\t<\/div>\n<\/div>\n\n\t<\/div>\n\n<\/article>\n\n\t\n\t\n<article  class=\"tribe-events-calendar-month__calendar-event post-10003475 tribe_events type-tribe_events status-publish has-post-thumbnail hentry tribe_events_cat-agriculture tribe_events_cat-community tribe_events_cat-food cat_agriculture cat_community cat_food tribe-recurring-event tribe-recurring-event-parent\" >\n\n\t\n\t<div class=\"tribe-events-calendar-month__calendar-event-details\">\n\n\t\t<div class=\"tribe-events-calendar-month__calendar-event-datetime\">\n\t\t<time datetime=\"08:00\">\n\t\t8:00 am\t<\/time>\n\t\t\t<span class=\"tribe-events-calendar-month__calendar-event-datetime-separator\"> - <\/span>\n\t\t<time datetime=\"14:00\">\n\t\t\t2:00 pm\t\t<\/time>\n\t\t\n<span class=\"tribe-events-calendar-series-archive__container\">\n\t<a\n\t\thref=\"https:\/\/boulder.earth\/es\/series\/boulder-farmers-market\/\"\n\t\taria-label=\"Event series: Boulder Farmers Market\"\n\t\tclass=\"tribe-events-calendar-series-archive__link\"\n\t>\n\t\t\n<svg  class=\"tribe-common-c-svgicon tribe-common-c-svgicon--series tribe-events-series-archive__icon\"  width=\"14\" height=\"12\" viewBox=\"0 0 14 12\" fill=\"none\" xmlns=\"http:\/\/www.w3.org\/2000\/svg\" aria-hidden=\"true\">\n\t<rect x=\"0.5\" y=\"4.5\" width=\"9\" height=\"7\" \/>\n\t<path d=\"M2 2.5H11.5V10\" \/>\n\t<path d=\"M4 0.5H13.5V8\" \/>\n<\/svg>\n\t<\/a>\n<\/span>\n<\/div>\n\t\t<div class=\"tribe-events-calendar-month__calendar-event-title tribe-common-h8 tribe-common-h--alt\">\n\t<a\n\t\thref=\"https:\/\/boulder.earth\/es\/event\/boulder-farmers-market\/2026-04-18\/\"\n\t\ttitle=\"Boulder Farmers Market\"\n\t\trel=\"bookmark\"\n\t\tclass=\"tribe-events-calendar-month__calendar-event-title-link tribe-common-anchor-thin\"\n\t\tdata-js=\"tribe-events-tooltip\"\n\t\tdata-tooltip-content=\"#tribe-events-tooltip-content-10003475\"\n\t\taria-describedby=\"tribe-events-tooltip-content-10003475\"\n\t>\n\t\tBoulder Farmers Market\t<\/a>\n<\/div>\n\n\t\t<div class=\"tribe-events-calendar-month__calendar-event-tooltip-template tribe-common-a11y-hidden\">\n\t<div\n\t\tclass=\"tribe-events-calendar-month__calendar-event-tooltip\"\n\t\tid=\"tribe-events-tooltip-content-10003475\"\n\t\trole=\"tooltip\"\n\t>\n\t\t<div class=\"tribe-events-calendar-month__calendar-event-tooltip-featured-image-wrapper\">\n\t<img\n\t\tclass=\"tribe-events-calendar-month__calendar-event-tooltip-featured-image\"\n\t\tsrc=\"https:\/\/boulder.earth\/wp-content\/uploads\/2026\/04\/5a1a4a83-2755-6e04-62f2-ff349ad4a3cd-e1776830580952.jpg\"\n\t\t\t\t\tsrcset=\"https:\/\/boulder.earth\/wp-content\/uploads\/2026\/04\/5a1a4a83-2755-6e04-62f2-ff349ad4a3cd-300x300.jpg 300w, https:\/\/boulder.earth\/wp-content\/uploads\/2026\/04\/5a1a4a83-2755-6e04-62f2-ff349ad4a3cd-1030x1030.jpg 1030w, https:\/\/boulder.earth\/wp-content\/uploads\/2026\/04\/5a1a4a83-2755-6e04-62f2-ff349ad4a3cd-80x80.jpg 80w, https:\/\/boulder.earth\/wp-content\/uploads\/2026\/04\/5a1a4a83-2755-6e04-62f2-ff349ad4a3cd-768x768.jpg 768w, https:\/\/boulder.earth\/wp-content\/uploads\/2026\/04\/5a1a4a83-2755-6e04-62f2-ff349ad4a3cd-12x12.jpg 12w, https:\/\/boulder.earth\/wp-content\/uploads\/2026\/04\/5a1a4a83-2755-6e04-62f2-ff349ad4a3cd-36x36.jpg 36w, https:\/\/boulder.earth\/wp-content\/uploads\/2026\/04\/5a1a4a83-2755-6e04-62f2-ff349ad4a3cd-180x180.jpg 180w, https:\/\/boulder.earth\/wp-content\/uploads\/2026\/04\/5a1a4a83-2755-6e04-62f2-ff349ad4a3cd-705x705.jpg 705w, https:\/\/boulder.earth\/wp-content\/uploads\/2026\/04\/5a1a4a83-2755-6e04-62f2-ff349ad4a3cd-e1776830580952.jpg 600w\"\n\t\t\t\t\t\t\talt=\"\"\n\t\t\t\/>\n<\/div>\n\t\t<div class=\"tribe-events-calendar-month__calendar-event-tooltip-datetime\">\n\t\t<time datetime=\"2026-04-18\">\n\t\t<span class=\"tribe-event-date-start\">abril 18 @ 8:00 am<\/span> - <span class=\"tribe-event-time\">2:00 pm<\/span>\t<\/time>\n\t\n<span class=\"tribe-events-calendar-series-archive__container\">\n\t<a\n\t\thref=\"https:\/\/boulder.earth\/es\/series\/boulder-farmers-market\/\"\n\t\taria-label=\"Event series: Boulder Farmers Market\"\n\t\tclass=\"tribe-events-calendar-series-archive__link\"\n\t>\n\t\t\n<svg  class=\"tribe-common-c-svgicon tribe-common-c-svgicon--series tribe-events-series-archive__icon\"  width=\"14\" height=\"12\" viewBox=\"0 0 14 12\" fill=\"none\" xmlns=\"http:\/\/www.w3.org\/2000\/svg\" aria-hidden=\"true\">\n\t<rect x=\"0.5\" y=\"4.5\" width=\"9\" height=\"7\" \/>\n\t<path d=\"M2 2.5H11.5V10\" \/>\n\t<path d=\"M4 0.5H13.5V8\" \/>\n<\/svg>\n\t<\/a>\n<\/span>\n<\/div>\n\t\t<div class=\"tribe-events-calendar-month__calendar-event-tooltip-title tribe-common-h7\">\n\t<a\n\t\thref=\"https:\/\/boulder.earth\/es\/event\/boulder-farmers-market\/2026-04-18\/\"\n\t\ttitle=\"Boulder Farmers Market\"\n\t\trel=\"bookmark\"\n\t\tclass=\"tribe-events-calendar-month__calendar-event-tooltip-title-link tribe-common-anchor-thin\"\n\t>\n\t\tBoulder Farmers Market\t<\/a>\n<\/div>\n\t\t<div class=\"tribe-events-calendar-month__calendar-event-tooltip-description tribe-common-b3\">\n\t<p>We're excited to have 75 vendor join us for opening day at the Boulder Farmers Market!<\/p>\n<\/div>\n\t\t\t<\/div>\n<\/div>\n\n\t<\/div>\n\n<\/article>\n\n\t\n\t\n<article  class=\"tribe-events-calendar-month__calendar-event post-10003554 tribe_events type-tribe_events status-publish has-post-thumbnail hentry tribe_events_cat-agriculture tribe_events_cat-community tribe_events_cat-food cat_agriculture cat_community cat_food tribe-recurring-event tribe-recurring-event-parent\" >\n\n\t\n\t<div class=\"tribe-events-calendar-month__calendar-event-details\">\n\n\t\t<div class=\"tribe-events-calendar-month__calendar-event-datetime\">\n\t\t<time datetime=\"08:00\">\n\t\t8:00 am\t<\/time>\n\t\t\t<span class=\"tribe-events-calendar-month__calendar-event-datetime-separator\"> - <\/span>\n\t\t<time datetime=\"14:00\">\n\t\t\t2:00 pm\t\t<\/time>\n\t\t\n<span class=\"tribe-events-calendar-series-archive__container\">\n\t<a\n\t\thref=\"https:\/\/boulder.earth\/es\/series\/longmont-farmers-market\/\"\n\t\taria-label=\"Event series: Longmont Farmers Market\"\n\t\tclass=\"tribe-events-calendar-series-archive__link\"\n\t>\n\t\t\n<svg  class=\"tribe-common-c-svgicon tribe-common-c-svgicon--series tribe-events-series-archive__icon\"  width=\"14\" height=\"12\" viewBox=\"0 0 14 12\" fill=\"none\" xmlns=\"http:\/\/www.w3.org\/2000\/svg\" aria-hidden=\"true\">\n\t<rect x=\"0.5\" y=\"4.5\" width=\"9\" height=\"7\" \/>\n\t<path d=\"M2 2.5H11.5V10\" \/>\n\t<path d=\"M4 0.5H13.5V8\" \/>\n<\/svg>\n\t<\/a>\n<\/span>\n<\/div>\n\t\t<div class=\"tribe-events-calendar-month__calendar-event-title tribe-common-h8 tribe-common-h--alt\">\n\t<a\n\t\thref=\"https:\/\/boulder.earth\/es\/event\/longmont-farmers-market-2\/2026-04-18\/\"\n\t\ttitle=\"Longmont Farmers Market\"\n\t\trel=\"bookmark\"\n\t\tclass=\"tribe-events-calendar-month__calendar-event-title-link tribe-common-anchor-thin\"\n\t\tdata-js=\"tribe-events-tooltip\"\n\t\tdata-tooltip-content=\"#tribe-events-tooltip-content-10003554\"\n\t\taria-describedby=\"tribe-events-tooltip-content-10003554\"\n\t>\n\t\tLongmont Farmers Market\t<\/a>\n<\/div>\n\n\t\t<div class=\"tribe-events-calendar-month__calendar-event-tooltip-template tribe-common-a11y-hidden\">\n\t<div\n\t\tclass=\"tribe-events-calendar-month__calendar-event-tooltip\"\n\t\tid=\"tribe-events-tooltip-content-10003554\"\n\t\trole=\"tooltip\"\n\t>\n\t\t<div class=\"tribe-events-calendar-month__calendar-event-tooltip-featured-image-wrapper\">\n\t<img\n\t\tclass=\"tribe-events-calendar-month__calendar-event-tooltip-featured-image\"\n\t\tsrc=\"https:\/\/boulder.earth\/wp-content\/uploads\/2026\/04\/5a1a4a83-2755-6e04-62f2-ff349ad4a3cd-e1776830580952.jpg\"\n\t\t\t\t\tsrcset=\"https:\/\/boulder.earth\/wp-content\/uploads\/2026\/04\/5a1a4a83-2755-6e04-62f2-ff349ad4a3cd-300x300.jpg 300w, https:\/\/boulder.earth\/wp-content\/uploads\/2026\/04\/5a1a4a83-2755-6e04-62f2-ff349ad4a3cd-1030x1030.jpg 1030w, https:\/\/boulder.earth\/wp-content\/uploads\/2026\/04\/5a1a4a83-2755-6e04-62f2-ff349ad4a3cd-80x80.jpg 80w, https:\/\/boulder.earth\/wp-content\/uploads\/2026\/04\/5a1a4a83-2755-6e04-62f2-ff349ad4a3cd-768x768.jpg 768w, https:\/\/boulder.earth\/wp-content\/uploads\/2026\/04\/5a1a4a83-2755-6e04-62f2-ff349ad4a3cd-12x12.jpg 12w, https:\/\/boulder.earth\/wp-content\/uploads\/2026\/04\/5a1a4a83-2755-6e04-62f2-ff349ad4a3cd-36x36.jpg 36w, https:\/\/boulder.earth\/wp-content\/uploads\/2026\/04\/5a1a4a83-2755-6e04-62f2-ff349ad4a3cd-180x180.jpg 180w, https:\/\/boulder.earth\/wp-content\/uploads\/2026\/04\/5a1a4a83-2755-6e04-62f2-ff349ad4a3cd-705x705.jpg 705w, https:\/\/boulder.earth\/wp-content\/uploads\/2026\/04\/5a1a4a83-2755-6e04-62f2-ff349ad4a3cd-e1776830580952.jpg 600w\"\n\t\t\t\t\t\t\talt=\"\"\n\t\t\t\/>\n<\/div>\n\t\t<div class=\"tribe-events-calendar-month__calendar-event-tooltip-datetime\">\n\t\t<time datetime=\"2026-04-18\">\n\t\t<span class=\"tribe-event-date-start\">abril 18 @ 8:00 am<\/span> - <span class=\"tribe-event-time\">2:00 pm<\/span>\t<\/time>\n\t\n<span class=\"tribe-events-calendar-series-archive__container\">\n\t<a\n\t\thref=\"https:\/\/boulder.earth\/es\/series\/longmont-farmers-market\/\"\n\t\taria-label=\"Event series: Longmont Farmers Market\"\n\t\tclass=\"tribe-events-calendar-series-archive__link\"\n\t>\n\t\t\n<svg  class=\"tribe-common-c-svgicon tribe-common-c-svgicon--series tribe-events-series-archive__icon\"  width=\"14\" height=\"12\" viewBox=\"0 0 14 12\" fill=\"none\" xmlns=\"http:\/\/www.w3.org\/2000\/svg\" aria-hidden=\"true\">\n\t<rect x=\"0.5\" y=\"4.5\" width=\"9\" height=\"7\" \/>\n\t<path d=\"M2 2.5H11.5V10\" \/>\n\t<path d=\"M4 0.5H13.5V8\" \/>\n<\/svg>\n\t<\/a>\n<\/span>\n<\/div>\n\t\t<div class=\"tribe-events-calendar-month__calendar-event-tooltip-title tribe-common-h7\">\n\t<a\n\t\thref=\"https:\/\/boulder.earth\/es\/event\/longmont-farmers-market-2\/2026-04-18\/\"\n\t\ttitle=\"Longmont Farmers Market\"\n\t\trel=\"bookmark\"\n\t\tclass=\"tribe-events-calendar-month__calendar-event-tooltip-title-link tribe-common-anchor-thin\"\n\t>\n\t\tLongmont Farmers Market\t<\/a>\n<\/div>\n\t\t<div class=\"tribe-events-calendar-month__calendar-event-tooltip-description tribe-common-b3\">\n\t<p>In Longmont, we'll have nearly 70 vendors joining us this Saturday!<\/p>\n<\/div>\n\t\t\t<\/div>\n<\/div>\n\n\t<\/div>\n\n<\/article>\n\n\t\n\t\n<article  class=\"tribe-events-calendar-month__calendar-event post-10003440 tribe_events type-tribe_events status-publish has-post-thumbnail hentry tribe_events_cat-climate tribe_events_cat-community tribe_events_cat-education tribe_events_cat-youth cat_climate cat_community cat_education cat_youth\" >\n\n\t\n\t<div class=\"tribe-events-calendar-month__calendar-event-details\">\n\n\t\t<div class=\"tribe-events-calendar-month__calendar-event-datetime\">\n\t\t<time datetime=\"10:00\">\n\t\t10:00 am\t<\/time>\n\t\t\t<span class=\"tribe-events-calendar-month__calendar-event-datetime-separator\"> - <\/span>\n\t\t<time datetime=\"14:00\">\n\t\t\t2:00 pm\t\t<\/time>\n\t\t<\/div>\n\t\t<div class=\"tribe-events-calendar-month__calendar-event-title tribe-common-h8 tribe-common-h--alt\">\n\t<a\n\t\thref=\"https:\/\/boulder.earth\/es\/event\/12th-annual-longmont-earth-day-celebration\/\"\n\t\ttitle=\"12th Annual Longmont Earth Day Celebration\"\n\t\trel=\"bookmark\"\n\t\tclass=\"tribe-events-calendar-month__calendar-event-title-link tribe-common-anchor-thin\"\n\t\tdata-js=\"tribe-events-tooltip\"\n\t\tdata-tooltip-content=\"#tribe-events-tooltip-content-10003440\"\n\t\taria-describedby=\"tribe-events-tooltip-content-10003440\"\n\t>\n\t\t12th Annual Longmont Earth Day Celebration\t<\/a>\n<\/div>\n\n\t\t<div class=\"tribe-events-calendar-month__calendar-event-tooltip-template tribe-common-a11y-hidden\">\n\t<div\n\t\tclass=\"tribe-events-calendar-month__calendar-event-tooltip\"\n\t\tid=\"tribe-events-tooltip-content-10003440\"\n\t\trole=\"tooltip\"\n\t>\n\t\t<div class=\"tribe-events-calendar-month__calendar-event-tooltip-featured-image-wrapper\">\n\t<img\n\t\tclass=\"tribe-events-calendar-month__calendar-event-tooltip-featured-image\"\n\t\tsrc=\"https:\/\/boulder.earth\/wp-content\/uploads\/2026\/04\/Screenshot-2026-04-08-at-2.30.22-PM-e1775680271911.png\"\n\t\t\t\t\tsrcset=\"https:\/\/boulder.earth\/wp-content\/uploads\/2026\/04\/Screenshot-2026-04-08-at-2.30.22-PM-300x214.png 300w, https:\/\/boulder.earth\/wp-content\/uploads\/2026\/04\/Screenshot-2026-04-08-at-2.30.22-PM-1030x736.png 1030w, https:\/\/boulder.earth\/wp-content\/uploads\/2026\/04\/Screenshot-2026-04-08-at-2.30.22-PM-768x549.png 768w, https:\/\/boulder.earth\/wp-content\/uploads\/2026\/04\/Screenshot-2026-04-08-at-2.30.22-PM-1536x1097.png 1536w, https:\/\/boulder.earth\/wp-content\/uploads\/2026\/04\/Screenshot-2026-04-08-at-2.30.22-PM-18x12.png 18w, https:\/\/boulder.earth\/wp-content\/uploads\/2026\/04\/Screenshot-2026-04-08-at-2.30.22-PM-1500x1072.png 1500w, https:\/\/boulder.earth\/wp-content\/uploads\/2026\/04\/Screenshot-2026-04-08-at-2.30.22-PM-260x185.png 260w, https:\/\/boulder.earth\/wp-content\/uploads\/2026\/04\/Screenshot-2026-04-08-at-2.30.22-PM-705x504.png 705w, https:\/\/boulder.earth\/wp-content\/uploads\/2026\/04\/Screenshot-2026-04-08-at-2.30.22-PM-e1775680271911.png 600w\"\n\t\t\t\t\t\t\talt=\"\"\n\t\t\t\/>\n<\/div>\n\t\t<div class=\"tribe-events-calendar-month__calendar-event-tooltip-datetime\">\n\t\t<time datetime=\"2026-04-18\">\n\t\t<span class=\"tribe-event-date-start\">abril 18 @ 10:00 am<\/span> - <span class=\"tribe-event-time\">2:00 pm<\/span>\t<\/time>\n\t<\/div>\n\t\t<div class=\"tribe-events-calendar-month__calendar-event-tooltip-title tribe-common-h7\">\n\t<a\n\t\thref=\"https:\/\/boulder.earth\/es\/event\/12th-annual-longmont-earth-day-celebration\/\"\n\t\ttitle=\"12th Annual Longmont Earth Day Celebration\"\n\t\trel=\"bookmark\"\n\t\tclass=\"tribe-events-calendar-month__calendar-event-tooltip-title-link tribe-common-anchor-thin\"\n\t>\n\t\t12th Annual Longmont Earth Day Celebration\t<\/a>\n<\/div>\n\t\t<div class=\"tribe-events-calendar-month__calendar-event-tooltip-description tribe-common-b3\">\n\t<p>Join us for our 12th Anniversary, Our Power, Our Planet-themed, FREE family-friendly event. <\/p>\n<\/div>\n\t\t\t<\/div>\n<\/div>\n\n\t<\/div>\n\n<\/article>\n\n\t<\/div>\n\n\t\n<\/div>\n<\/td>\n\n\t\t\t\t\t<\/tr>\n\t\t\t<tr class=\"tribe-events-calendar-month__week\" data-js=\"tribe-events-month-grid-row\">\n\t\t\t\n\t\t\t\t<td\n\t class=\"tribe-events-calendar-month__day tribe-events-calendar-month__day--past\" \taria-labelledby=\"tribe-events-calendar-day-2026-04-19\"\n\tdata-js=\"tribe-events-month-grid-cell\"\n>\n\t<button\n\taria-expanded=\"false\"\n\taria-controls=\"tribe-events-calendar-mobile-day-2026-04-19\"\n\taria-label=\"abril 19, 1 evento, past day\"\n\t class=\"tribe-events-calendar-month__day-cell tribe-events-calendar-month__day-cell--mobile\" \tdata-js=\"tribe-events-calendar-month-day-cell-mobile\"\n>\n\t<h3 class=\"tribe-events-calendar-month__day-date tribe-common-h6 tribe-common-h--alt\">\n\t\t<span class=\"tribe-common-a11y-visual-hide\">\n\t\t\t1 evento\t\t<\/span>\n\t\t<time\n\t\t\tclass=\"tribe-events-calendar-month__day-date-daynum\"\n\t\t\tdatetime=\"2026-04-19\"\n\t\t>\n\t\t\t19\t\t<\/time>\n\t<\/h3>\n\t\n\t<span class=\"tribe-events-calendar-month__mobile-events-icon tribe-events-calendar-month__mobile-events-icon--event\" >\n\t<\/span>\n<\/button>\n\t\n<div\n\tid=\"tribe-events-calendar-day-2026-04-19\"\n\tclass=\"tribe-events-calendar-month__day-cell tribe-events-calendar-month__day-cell--desktop tribe-common-a11y-hidden\"\n>\n\t\n<h3 class=\"tribe-events-calendar-month__day-date tribe-common-h4\">\n\t<span class=\"tribe-common-a11y-visual-hide\">\n\t\t1 evento,\n\t<\/span>\n\t<time\n\t\tclass=\"tribe-events-calendar-month__day-date-daynum\"\n\t\tdatetime=\"2026-04-19\"\n\t>\n\t\t\t\t\t<a\n\t\t\t\thref=\"https:\/\/boulder.earth\/es\/events\/2026-04-19\/?shortcode=42cf1b8c\"\n\t\t\t\tclass=\"tribe-events-calendar-month__day-date-link\"\n\t\t\t\tdata-js=\"tribe-events-view-link\"\n\t\t\t\taria-label=\"abril 19\"\n\t\t\t>\n\t\t\t\t19\t\t\t<\/a>\n\t\t\t<\/time>\n<\/h3>\n\n\t<div class=\"tribe-events-calendar-month__events\">\n\t\t\n\t\t\n\t\n\t\n<article  class=\"tribe-events-calendar-month__calendar-event post-10003022 tribe_events type-tribe_events status-publish has-post-thumbnail hentry tribe_events_cat-activism tribe_events_cat-community tribe_events_cat-culture-building tribe_events_cat-governance tribe_events_cat-human-rights tribe_events_cat-resilience tribe_events_cat-social-justice cat_activism cat_community cat_culture-building cat_governance cat_human-rights cat_resilience cat_social-justice tribe-recurring-event tribe-recurring-event-parent\" >\n\n\t\n\t<div class=\"tribe-events-calendar-month__calendar-event-details\">\n\n\t\t<div class=\"tribe-events-calendar-month__calendar-event-datetime\">\n\t\t<time datetime=\"12:00\">\n\t\t12:00 pm\t<\/time>\n\t\t\t<span class=\"tribe-events-calendar-month__calendar-event-datetime-separator\"> - <\/span>\n\t\t<time datetime=\"13:00\">\n\t\t\t1:00 pm\t\t<\/time>\n\t\t<\/div>\n\t\t<div class=\"tribe-events-calendar-month__calendar-event-title tribe-common-h8 tribe-common-h--alt\">\n\t<a\n\t\thref=\"https:\/\/boulder.earth\/es\/event\/weekly-vigil-for-palestine\/2026-04-19\/\"\n\t\ttitle=\"Weekly Vigil for Palestine\"\n\t\trel=\"bookmark\"\n\t\tclass=\"tribe-events-calendar-month__calendar-event-title-link tribe-common-anchor-thin\"\n\t\tdata-js=\"tribe-events-tooltip\"\n\t\tdata-tooltip-content=\"#tribe-events-tooltip-content-10003022\"\n\t\taria-describedby=\"tribe-events-tooltip-content-10003022\"\n\t>\n\t\tWeekly Vigil for Palestine\t<\/a>\n<\/div>\n\n\t\t<div class=\"tribe-events-calendar-month__calendar-event-tooltip-template tribe-common-a11y-hidden\">\n\t<div\n\t\tclass=\"tribe-events-calendar-month__calendar-event-tooltip\"\n\t\tid=\"tribe-events-tooltip-content-10003022\"\n\t\trole=\"tooltip\"\n\t>\n\t\t<div class=\"tribe-events-calendar-month__calendar-event-tooltip-featured-image-wrapper\">\n\t<img\n\t\tclass=\"tribe-events-calendar-month__calendar-event-tooltip-featured-image\"\n\t\tsrc=\"https:\/\/boulder.earth\/wp-content\/uploads\/2025\/03\/Screenshot_20250305-020854-e1742511421283.png\"\n\t\t\t\t\tsrcset=\"https:\/\/boulder.earth\/wp-content\/uploads\/2025\/03\/Screenshot_20250305-020854-300x286.png 300w, https:\/\/boulder.earth\/wp-content\/uploads\/2025\/03\/Screenshot_20250305-020854-13x12.png 13w, https:\/\/boulder.earth\/wp-content\/uploads\/2025\/03\/Screenshot_20250305-020854-720x684.png 720w, https:\/\/boulder.earth\/wp-content\/uploads\/2025\/03\/Screenshot_20250305-020854-705x673.png 705w, https:\/\/boulder.earth\/wp-content\/uploads\/2025\/03\/Screenshot_20250305-020854-e1742511421283.png 600w\"\n\t\t\t\t\t\t\talt=\"\"\n\t\t\t\/>\n<\/div>\n\t\t<div class=\"tribe-events-calendar-month__calendar-event-tooltip-datetime\">\n\t\t<time datetime=\"2026-04-19\">\n\t\t<span class=\"tribe-event-date-start\">abril 19 @ 12:00 pm<\/span> - <span class=\"tribe-event-time\">1:00 pm<\/span>\t<\/time>\n\t<\/div>\n\t\t<div class=\"tribe-events-calendar-month__calendar-event-tooltip-title tribe-common-h7\">\n\t<a\n\t\thref=\"https:\/\/boulder.earth\/es\/event\/weekly-vigil-for-palestine\/2026-04-19\/\"\n\t\ttitle=\"Weekly Vigil for Palestine\"\n\t\trel=\"bookmark\"\n\t\tclass=\"tribe-events-calendar-month__calendar-event-tooltip-title-link tribe-common-anchor-thin\"\n\t>\n\t\tWeekly Vigil for Palestine\t<\/a>\n<\/div>\n\t\t<div class=\"tribe-events-calendar-month__calendar-event-tooltip-description tribe-common-b3\">\n\t<p>Join Longmont for Palestine every Sunday from 12:00 - 1:00 pm on 6th &amp; Main St. in Longmont for a weekly Palestine vigil! Bring your signs and posters, or just stop on by to ask any questions you may have and get to know us! We will have signs available, as well as informational flyers, postcards, and zines.<\/p>\n<\/div>\n\t\t\t<\/div>\n<\/div>\n\n\t<\/div>\n\n<\/article>\n\n\t<\/div>\n\n\t\n<\/div>\n<\/td>\n\n\t\t\t\n\t\t\t\t<td\n\t class=\"tribe-events-calendar-month__day tribe-events-calendar-month__day--past\" \taria-labelledby=\"tribe-events-calendar-day-2026-04-20\"\n\tdata-js=\"tribe-events-month-grid-cell\"\n>\n\t<button\n\taria-expanded=\"false\"\n\taria-controls=\"tribe-events-calendar-mobile-day-2026-04-20\"\n\taria-label=\"abril 20, 4 eventos, past day\"\n\t class=\"tribe-events-calendar-month__day-cell tribe-events-calendar-month__day-cell--mobile\" \tdata-js=\"tribe-events-calendar-month-day-cell-mobile\"\n>\n\t<h3 class=\"tribe-events-calendar-month__day-date tribe-common-h6 tribe-common-h--alt\">\n\t\t<span class=\"tribe-common-a11y-visual-hide\">\n\t\t\t4 eventos\t\t<\/span>\n\t\t<time\n\t\t\tclass=\"tribe-events-calendar-month__day-date-daynum\"\n\t\t\tdatetime=\"2026-04-20\"\n\t\t>\n\t\t\t20\t\t<\/time>\n\t<\/h3>\n\t\n\t<span class=\"tribe-events-calendar-month__mobile-events-icon tribe-events-calendar-month__mobile-events-icon--event\" >\n\t<\/span>\n<\/button>\n\t\n<div\n\tid=\"tribe-events-calendar-day-2026-04-20\"\n\tclass=\"tribe-events-calendar-month__day-cell tribe-events-calendar-month__day-cell--desktop tribe-common-a11y-hidden\"\n>\n\t\n<h3 class=\"tribe-events-calendar-month__day-date tribe-common-h4\">\n\t<span class=\"tribe-common-a11y-visual-hide\">\n\t\t4 eventos,\n\t<\/span>\n\t<time\n\t\tclass=\"tribe-events-calendar-month__day-date-daynum\"\n\t\tdatetime=\"2026-04-20\"\n\t>\n\t\t\t\t\t<a\n\t\t\t\thref=\"https:\/\/boulder.earth\/es\/events\/2026-04-20\/?shortcode=42cf1b8c\"\n\t\t\t\tclass=\"tribe-events-calendar-month__day-date-link\"\n\t\t\t\tdata-js=\"tribe-events-view-link\"\n\t\t\t\taria-label=\"abril 20\"\n\t\t\t>\n\t\t\t\t20\t\t\t<\/a>\n\t\t\t<\/time>\n<\/h3>\n\n\t<div class=\"tribe-events-calendar-month__events\">\n\t\t\n\t\t\n\t\n\t\n<article  class=\"tribe-events-calendar-month__calendar-event post-10003465 tribe_events type-tribe_events status-publish has-post-thumbnail hentry tribe_events_cat-climate tribe_events_cat-zero-waste cat_climate cat_zero-waste\" >\n\n\t\n\t<div class=\"tribe-events-calendar-month__calendar-event-details\">\n\n\t\t<div class=\"tribe-events-calendar-month__calendar-event-datetime\">\n\t\t<time datetime=\"08:00\">\n\t\t8:00 am\t<\/time>\n\t\t\t<span class=\"tribe-events-calendar-month__calendar-event-datetime-separator\"> - <\/span>\n\t\t<time datetime=\"17:00\">\n\t\t\t5:00 pm\t\t<\/time>\n\t\t<\/div>\n\t\t<div class=\"tribe-events-calendar-month__calendar-event-title tribe-common-h8 tribe-common-h--alt\">\n\t<a\n\t\thref=\"https:\/\/boulder.earth\/es\/event\/hard-to-recycle-event\/\"\n\t\ttitle=\"Hard-to-Recycle Event\"\n\t\trel=\"bookmark\"\n\t\tclass=\"tribe-events-calendar-month__calendar-event-title-link tribe-common-anchor-thin\"\n\t\tdata-js=\"tribe-events-tooltip\"\n\t\tdata-tooltip-content=\"#tribe-events-tooltip-content-10003465\"\n\t\taria-describedby=\"tribe-events-tooltip-content-10003465\"\n\t>\n\t\tHard-to-Recycle Event\t<\/a>\n<\/div>\n\n\t\t<div class=\"tribe-events-calendar-month__calendar-event-tooltip-template tribe-common-a11y-hidden\">\n\t<div\n\t\tclass=\"tribe-events-calendar-month__calendar-event-tooltip\"\n\t\tid=\"tribe-events-tooltip-content-10003465\"\n\t\trole=\"tooltip\"\n\t>\n\t\t<div class=\"tribe-events-calendar-month__calendar-event-tooltip-featured-image-wrapper\">\n\t<img\n\t\tclass=\"tribe-events-calendar-month__calendar-event-tooltip-featured-image\"\n\t\tsrc=\"https:\/\/boulder.earth\/wp-content\/uploads\/2026\/04\/Screenshot-2026-04-20-at-9.09.33-AM-e1776697835779.png\"\n\t\t\t\t\tsrcset=\"https:\/\/boulder.earth\/wp-content\/uploads\/2026\/04\/Screenshot-2026-04-20-at-9.09.33-AM-300x73.png 300w, https:\/\/boulder.earth\/wp-content\/uploads\/2026\/04\/Screenshot-2026-04-20-at-9.09.33-AM-1030x250.png 1030w, https:\/\/boulder.earth\/wp-content\/uploads\/2026\/04\/Screenshot-2026-04-20-at-9.09.33-AM-768x186.png 768w, https:\/\/boulder.earth\/wp-content\/uploads\/2026\/04\/Screenshot-2026-04-20-at-9.09.33-AM-1536x372.png 1536w, https:\/\/boulder.earth\/wp-content\/uploads\/2026\/04\/Screenshot-2026-04-20-at-9.09.33-AM-18x4.png 18w, https:\/\/boulder.earth\/wp-content\/uploads\/2026\/04\/Screenshot-2026-04-20-at-9.09.33-AM-1500x364.png 1500w, https:\/\/boulder.earth\/wp-content\/uploads\/2026\/04\/Screenshot-2026-04-20-at-9.09.33-AM-705x171.png 705w, https:\/\/boulder.earth\/wp-content\/uploads\/2026\/04\/Screenshot-2026-04-20-at-9.09.33-AM-e1776697835779.png 600w\"\n\t\t\t\t\t\t\talt=\"\"\n\t\t\t\/>\n<\/div>\n\t\t<div class=\"tribe-events-calendar-month__calendar-event-tooltip-datetime\">\n\t\t<time datetime=\"2026-04-20\">\n\t\t<span class=\"tribe-event-date-start\">abril 20 @ 8:00 am<\/span> - <span class=\"tribe-event-time\">5:00 pm<\/span>\t<\/time>\n\t<\/div>\n\t\t<div class=\"tribe-events-calendar-month__calendar-event-tooltip-title tribe-common-h7\">\n\t<a\n\t\thref=\"https:\/\/boulder.earth\/es\/event\/hard-to-recycle-event\/\"\n\t\ttitle=\"Hard-to-Recycle Event\"\n\t\trel=\"bookmark\"\n\t\tclass=\"tribe-events-calendar-month__calendar-event-tooltip-title-link tribe-common-anchor-thin\"\n\t>\n\t\tHard-to-Recycle Event\t<\/a>\n<\/div>\n\t\t<div class=\"tribe-events-calendar-month__calendar-event-tooltip-description tribe-common-b3\">\n\t<p>The Lafayette Police Department and Sustainability Department invite residents to the Hard-To-Recycle event held each year in April. Drop off hard-to-recycle items for free!<\/p>\n<\/div>\n\t\t\t<\/div>\n<\/div>\n\n\t<\/div>\n\n<\/article>\n\n\t\n\t\n<article  class=\"tribe-events-calendar-month__calendar-event post-10003644 tribe_events type-tribe_events status-publish has-post-thumbnail hentry tribe_events_cat-activism tribe_events_cat-creative-arts tribe_events_cat-education tribe_events_cat-human-rights tribe_events_cat-resilience tribe_events_cat-social-justice cat_activism cat_creative-arts cat_education cat_human-rights cat_resilience cat_social-justice\" >\n\n\t\n\t<div class=\"tribe-events-calendar-month__calendar-event-details\">\n\n\t\t<div class=\"tribe-events-calendar-month__calendar-event-datetime\">\n\t\t<time datetime=\"15:00\">\n\t\t3:00 pm\t<\/time>\n\t\t\t<span class=\"tribe-events-calendar-month__calendar-event-datetime-separator\"> - <\/span>\n\t\t<time datetime=\"17:00\">\n\t\t\t5:00 pm\t\t<\/time>\n\t\t<\/div>\n\t\t<div class=\"tribe-events-calendar-month__calendar-event-title tribe-common-h8 tribe-common-h--alt\">\n\t<a\n\t\thref=\"https:\/\/boulder.earth\/es\/event\/reclaiming-our-sky-a-tale-of-immersive-survival\/\"\n\t\ttitle=\"Reclaiming Our Sky: A Tale of Immersive Survival\"\n\t\trel=\"bookmark\"\n\t\tclass=\"tribe-events-calendar-month__calendar-event-title-link tribe-common-anchor-thin\"\n\t\tdata-js=\"tribe-events-tooltip\"\n\t\tdata-tooltip-content=\"#tribe-events-tooltip-content-10003644\"\n\t\taria-describedby=\"tribe-events-tooltip-content-10003644\"\n\t>\n\t\tReclaiming Our Sky: A Tale of Immersive Survival\t<\/a>\n<\/div>\n\n\t\t<div class=\"tribe-events-calendar-month__calendar-event-tooltip-template tribe-common-a11y-hidden\">\n\t<div\n\t\tclass=\"tribe-events-calendar-month__calendar-event-tooltip\"\n\t\tid=\"tribe-events-tooltip-content-10003644\"\n\t\trole=\"tooltip\"\n\t>\n\t\t<div class=\"tribe-events-calendar-month__calendar-event-tooltip-featured-image-wrapper\">\n\t<img\n\t\tclass=\"tribe-events-calendar-month__calendar-event-tooltip-featured-image\"\n\t\tsrc=\"https:\/\/boulder.earth\/wp-content\/uploads\/2026\/04\/Screenshot-2026-04-17-154449-e1777339376802.png\"\n\t\t\t\t\tsrcset=\"https:\/\/boulder.earth\/wp-content\/uploads\/2026\/04\/Screenshot-2026-04-17-154449-224x300.png 224w, https:\/\/boulder.earth\/wp-content\/uploads\/2026\/04\/Screenshot-2026-04-17-154449-9x12.png 9w, https:\/\/boulder.earth\/wp-content\/uploads\/2026\/04\/Screenshot-2026-04-17-154449-527x705.png 527w, https:\/\/boulder.earth\/wp-content\/uploads\/2026\/04\/Screenshot-2026-04-17-154449-e1777339376802.png 600w\"\n\t\t\t\t\t\t\talt=\"\"\n\t\t\t\/>\n<\/div>\n\t\t<div class=\"tribe-events-calendar-month__calendar-event-tooltip-datetime\">\n\t\t<time datetime=\"2026-04-20\">\n\t\t<span class=\"tribe-event-date-start\">abril 20 @ 3:00 pm<\/span> - <span class=\"tribe-event-time\">5:00 pm<\/span>\t<\/time>\n\t<\/div>\n\t\t<div class=\"tribe-events-calendar-month__calendar-event-tooltip-title tribe-common-h7\">\n\t<a\n\t\thref=\"https:\/\/boulder.earth\/es\/event\/reclaiming-our-sky-a-tale-of-immersive-survival\/\"\n\t\ttitle=\"Reclaiming Our Sky: A Tale of Immersive Survival\"\n\t\trel=\"bookmark\"\n\t\tclass=\"tribe-events-calendar-month__calendar-event-tooltip-title-link tribe-common-anchor-thin\"\n\t>\n\t\tReclaiming Our Sky: A Tale of Immersive Survival\t<\/a>\n<\/div>\n\t\t<div class=\"tribe-events-calendar-month__calendar-event-tooltip-description tribe-common-b3\">\n\t<p>Join this immersive experience that reclaims the sky as a space of witnessing, memory, return, and survival. The event is created by doctoral candidate at CU Boulder Naim Aburaddi as part of his Ph.D. dissertation project.<\/p>\n<\/div>\n\t\t\t<\/div>\n<\/div>\n\n\t<\/div>\n\n<\/article>\n\n\t\n\t\n<article  class=\"tribe-events-calendar-month__calendar-event post-10003386 tribe_events type-tribe_events status-publish has-post-thumbnail hentry tribe_events_cat-climate tribe_events_cat-community tribe_events_cat-governance tribe_events_cat-networking cat_climate cat_community cat_governance cat_networking\" >\n\n\t\n\t<div class=\"tribe-events-calendar-month__calendar-event-details\">\n\n\t\t<div class=\"tribe-events-calendar-month__calendar-event-datetime\">\n\t\t<time datetime=\"16:00\">\n\t\t4:00 pm\t<\/time>\n\t\t\t<span class=\"tribe-events-calendar-month__calendar-event-datetime-separator\"> - <\/span>\n\t\t<time datetime=\"18:00\">\n\t\t\t6:00 pm\t\t<\/time>\n\t\t<\/div>\n\t\t<div class=\"tribe-events-calendar-month__calendar-event-title tribe-common-h8 tribe-common-h--alt\">\n\t<a\n\t\thref=\"https:\/\/boulder.earth\/es\/event\/svps-april-creating-connections-event\/\"\n\t\ttitle=\"SVP&#8217;s April Creating Connections Event\"\n\t\trel=\"bookmark\"\n\t\tclass=\"tribe-events-calendar-month__calendar-event-title-link tribe-common-anchor-thin\"\n\t\tdata-js=\"tribe-events-tooltip\"\n\t\tdata-tooltip-content=\"#tribe-events-tooltip-content-10003386\"\n\t\taria-describedby=\"tribe-events-tooltip-content-10003386\"\n\t>\n\t\tSVP&#8217;s April Creating Connections Event\t<\/a>\n<\/div>\n\n\t\t<div class=\"tribe-events-calendar-month__calendar-event-tooltip-template tribe-common-a11y-hidden\">\n\t<div\n\t\tclass=\"tribe-events-calendar-month__calendar-event-tooltip\"\n\t\tid=\"tribe-events-tooltip-content-10003386\"\n\t\trole=\"tooltip\"\n\t>\n\t\t<div class=\"tribe-events-calendar-month__calendar-event-tooltip-featured-image-wrapper\">\n\t<img\n\t\tclass=\"tribe-events-calendar-month__calendar-event-tooltip-featured-image\"\n\t\tsrc=\"https:\/\/boulder.earth\/wp-content\/uploads\/2026\/04\/Screenshot-2026-04-06-at-6.22.52-PM-e1775521474464.png\"\n\t\t\t\t\tsrcset=\"https:\/\/boulder.earth\/wp-content\/uploads\/2026\/04\/Screenshot-2026-04-06-at-6.22.52-PM-300x145.png 300w, https:\/\/boulder.earth\/wp-content\/uploads\/2026\/04\/Screenshot-2026-04-06-at-6.22.52-PM-1030x497.png 1030w, https:\/\/boulder.earth\/wp-content\/uploads\/2026\/04\/Screenshot-2026-04-06-at-6.22.52-PM-768x371.png 768w, https:\/\/boulder.earth\/wp-content\/uploads\/2026\/04\/Screenshot-2026-04-06-at-6.22.52-PM-1536x741.png 1536w, https:\/\/boulder.earth\/wp-content\/uploads\/2026\/04\/Screenshot-2026-04-06-at-6.22.52-PM-18x9.png 18w, https:\/\/boulder.earth\/wp-content\/uploads\/2026\/04\/Screenshot-2026-04-06-at-6.22.52-PM-1500x724.png 1500w, https:\/\/boulder.earth\/wp-content\/uploads\/2026\/04\/Screenshot-2026-04-06-at-6.22.52-PM-705x340.png 705w, https:\/\/boulder.earth\/wp-content\/uploads\/2026\/04\/Screenshot-2026-04-06-at-6.22.52-PM-e1775521474464.png 600w\"\n\t\t\t\t\t\t\talt=\"\"\n\t\t\t\/>\n<\/div>\n\t\t<div class=\"tribe-events-calendar-month__calendar-event-tooltip-datetime\">\n\t\t<time datetime=\"2026-04-20\">\n\t\t<span class=\"tribe-event-date-start\">abril 20 @ 4:00 pm<\/span> - <span class=\"tribe-event-time\">6:00 pm<\/span>\t<\/time>\n\t<\/div>\n\t\t<div class=\"tribe-events-calendar-month__calendar-event-tooltip-title tribe-common-h7\">\n\t<a\n\t\thref=\"https:\/\/boulder.earth\/es\/event\/svps-april-creating-connections-event\/\"\n\t\ttitle=\"SVP&#8217;s April Creating Connections Event\"\n\t\trel=\"bookmark\"\n\t\tclass=\"tribe-events-calendar-month__calendar-event-tooltip-title-link tribe-common-anchor-thin\"\n\t>\n\t\tSVP&#8217;s April Creating Connections Event\t<\/a>\n<\/div>\n\t\t<div class=\"tribe-events-calendar-month__calendar-event-tooltip-description tribe-common-b3\">\n\t<p>Join SVP Boulder County for a spring time\u00a0Creating Connections\u00a0event! Creating Connections is an informal gathering designed to spark conversation and build community.<\/p>\n<\/div>\n\t\t\t<\/div>\n<\/div>\n\n\t<\/div>\n\n<\/article>\n\n\t\n\t\n<article  class=\"tribe-events-calendar-month__calendar-event post-10003472 tribe_events type-tribe_events status-publish has-post-thumbnail hentry tribe_events_cat-animals tribe_events_cat-biodiversity tribe_events_cat-education tribe_events_cat-governance tribe_events_cat-policy tribe_events_cat-pollinators tribe_events_cat-webinar cat_animals cat_biodiversity cat_education cat_governance cat_policy cat_pollinators cat_webinar\" >\n\n\t\n\t<div class=\"tribe-events-calendar-month__calendar-event-details\">\n\n\t\t<div class=\"tribe-events-calendar-month__calendar-event-datetime\">\n\t\t<time datetime=\"17:00\">\n\t\t5:00 pm\t<\/time>\n\t\t\t<span class=\"tribe-events-calendar-month__calendar-event-datetime-separator\"> - <\/span>\n\t\t<time datetime=\"18:00\">\n\t\t\t6:00 pm\t\t<\/time>\n\t\t<\/div>\n\t\t<div class=\"tribe-events-calendar-month__calendar-event-title tribe-common-h8 tribe-common-h--alt\">\n\t<a\n\t\thref=\"https:\/\/boulder.earth\/es\/event\/getting-green-laws-2026\/\"\n\t\ttitle=\"Getting Green Laws 2026\"\n\t\trel=\"bookmark\"\n\t\tclass=\"tribe-events-calendar-month__calendar-event-title-link tribe-common-anchor-thin\"\n\t\tdata-js=\"tribe-events-tooltip\"\n\t\tdata-tooltip-content=\"#tribe-events-tooltip-content-10003472\"\n\t\taria-describedby=\"tribe-events-tooltip-content-10003472\"\n\t>\n\t\tGetting Green Laws 2026\t<\/a>\n<\/div>\n\n\t\t<div class=\"tribe-events-calendar-month__calendar-event-tooltip-template tribe-common-a11y-hidden\">\n\t<div\n\t\tclass=\"tribe-events-calendar-month__calendar-event-tooltip\"\n\t\tid=\"tribe-events-tooltip-content-10003472\"\n\t\trole=\"tooltip\"\n\t>\n\t\t<div class=\"tribe-events-calendar-month__calendar-event-tooltip-featured-image-wrapper\">\n\t<img\n\t\tclass=\"tribe-events-calendar-month__calendar-event-tooltip-featured-image\"\n\t\tsrc=\"https:\/\/boulder.earth\/wp-content\/uploads\/2026\/04\/Copy-of-SCARD-HabHero-Web-Series-2604_20260408190309421967-e1776830374531.avif\"\n\t\t\t\t\tsrcset=\"https:\/\/boulder.earth\/wp-content\/uploads\/2026\/04\/Copy-of-SCARD-HabHero-Web-Series-2604_20260408190309421967-300x157.avif 300w, https:\/\/boulder.earth\/wp-content\/uploads\/2026\/04\/Copy-of-SCARD-HabHero-Web-Series-2604_20260408190309421967-768x402.avif 768w, https:\/\/boulder.earth\/wp-content\/uploads\/2026\/04\/Copy-of-SCARD-HabHero-Web-Series-2604_20260408190309421967-18x9.avif 18w, https:\/\/boulder.earth\/wp-content\/uploads\/2026\/04\/Copy-of-SCARD-HabHero-Web-Series-2604_20260408190309421967-710x375.avif 710w, https:\/\/boulder.earth\/wp-content\/uploads\/2026\/04\/Copy-of-SCARD-HabHero-Web-Series-2604_20260408190309421967-705x369.avif 705w, https:\/\/boulder.earth\/wp-content\/uploads\/2026\/04\/Copy-of-SCARD-HabHero-Web-Series-2604_20260408190309421967-e1776830374531.avif 600w\"\n\t\t\t\t\t\t\talt=\"\"\n\t\t\t\/>\n<\/div>\n\t\t<div class=\"tribe-events-calendar-month__calendar-event-tooltip-datetime\">\n\t\t<time datetime=\"2026-04-20\">\n\t\t<span class=\"tribe-event-date-start\">abril 20 @ 5:00 pm<\/span> - <span class=\"tribe-event-time\">6:00 pm<\/span>\t<\/time>\n\t<\/div>\n\t\t<div class=\"tribe-events-calendar-month__calendar-event-tooltip-title tribe-common-h7\">\n\t<a\n\t\thref=\"https:\/\/boulder.earth\/es\/event\/getting-green-laws-2026\/\"\n\t\ttitle=\"Getting Green Laws 2026\"\n\t\trel=\"bookmark\"\n\t\tclass=\"tribe-events-calendar-month__calendar-event-tooltip-title-link tribe-common-anchor-thin\"\n\t>\n\t\tGetting Green Laws 2026\t<\/a>\n<\/div>\n\t\t<div class=\"tribe-events-calendar-month__calendar-event-tooltip-description tribe-common-b3\">\n\t<p>Advocating for bird-friendly legislation is one of the most impactful ways to help birds and the environment but without an understanding of the process, it can seem daunting.<\/p>\n<\/div>\n\t\t\t<\/div>\n<\/div>\n\n\t<\/div>\n\n<\/article>\n\n\t<\/div>\n\n\t\n<\/div>\n<\/td>\n\n\t\t\t\n\t\t\t\t<td\n\t class=\"tribe-events-calendar-month__day tribe-events-calendar-month__day--past\" \taria-labelledby=\"tribe-events-calendar-day-2026-04-21\"\n\tdata-js=\"tribe-events-month-grid-cell\"\n>\n\t<button\n\taria-expanded=\"false\"\n\taria-controls=\"tribe-events-calendar-mobile-day-2026-04-21\"\n\taria-label=\"abril 21, 3 eventos, past day\"\n\t class=\"tribe-events-calendar-month__day-cell tribe-events-calendar-month__day-cell--mobile\" \tdata-js=\"tribe-events-calendar-month-day-cell-mobile\"\n>\n\t<h3 class=\"tribe-events-calendar-month__day-date tribe-common-h6 tribe-common-h--alt\">\n\t\t<span class=\"tribe-common-a11y-visual-hide\">\n\t\t\t3 eventos\t\t<\/span>\n\t\t<time\n\t\t\tclass=\"tribe-events-calendar-month__day-date-daynum\"\n\t\t\tdatetime=\"2026-04-21\"\n\t\t>\n\t\t\t21\t\t<\/time>\n\t<\/h3>\n\t\n\t<span class=\"tribe-events-calendar-month__mobile-events-icon tribe-events-calendar-month__mobile-events-icon--event\" >\n\t<\/span>\n<\/button>\n\t\n<div\n\tid=\"tribe-events-calendar-day-2026-04-21\"\n\tclass=\"tribe-events-calendar-month__day-cell tribe-events-calendar-month__day-cell--desktop tribe-common-a11y-hidden\"\n>\n\t\n<h3 class=\"tribe-events-calendar-month__day-date tribe-common-h4\">\n\t<span class=\"tribe-common-a11y-visual-hide\">\n\t\t3 eventos,\n\t<\/span>\n\t<time\n\t\tclass=\"tribe-events-calendar-month__day-date-daynum\"\n\t\tdatetime=\"2026-04-21\"\n\t>\n\t\t\t\t\t<a\n\t\t\t\thref=\"https:\/\/boulder.earth\/es\/events\/2026-04-21\/?shortcode=42cf1b8c\"\n\t\t\t\tclass=\"tribe-events-calendar-month__day-date-link\"\n\t\t\t\tdata-js=\"tribe-events-view-link\"\n\t\t\t\taria-label=\"abril 21\"\n\t\t\t>\n\t\t\t\t21\t\t\t<\/a>\n\t\t\t<\/time>\n<\/h3>\n\n\t<div class=\"tribe-events-calendar-month__events\">\n\t\t\n\t\t\n\t\n\t\n<article  class=\"tribe-events-calendar-month__calendar-event post-10003442 tribe_events type-tribe_events status-publish has-post-thumbnail hentry tribe_events_cat-agriculture tribe_events_cat-community tribe_events_cat-education tribe_events_cat-food tribe_events_cat-governance tribe_events_cat-health cat_agriculture cat_community cat_education cat_food cat_governance cat_health\" >\n\n\t\n\t<div class=\"tribe-events-calendar-month__calendar-event-details\">\n\n\t\t<div class=\"tribe-events-calendar-month__calendar-event-datetime\">\n\t\t<time datetime=\"17:00\">\n\t\t5:00 pm\t<\/time>\n\t\t\t<span class=\"tribe-events-calendar-month__calendar-event-datetime-separator\"> - <\/span>\n\t\t<time datetime=\"21:30\">\n\t\t\t9:30 pm\t\t<\/time>\n\t\t<\/div>\n\t\t<div class=\"tribe-events-calendar-month__calendar-event-title tribe-common-h8 tribe-common-h--alt\">\n\t<a\n\t\thref=\"https:\/\/boulder.earth\/es\/event\/organic-rising-the-future-of-food\/\"\n\t\ttitle=\"Organic Rising: The Future of Food\"\n\t\trel=\"bookmark\"\n\t\tclass=\"tribe-events-calendar-month__calendar-event-title-link tribe-common-anchor-thin\"\n\t\tdata-js=\"tribe-events-tooltip\"\n\t\tdata-tooltip-content=\"#tribe-events-tooltip-content-10003442\"\n\t\taria-describedby=\"tribe-events-tooltip-content-10003442\"\n\t>\n\t\tOrganic Rising: The Future of Food\t<\/a>\n<\/div>\n\n\t\t<div class=\"tribe-events-calendar-month__calendar-event-tooltip-template tribe-common-a11y-hidden\">\n\t<div\n\t\tclass=\"tribe-events-calendar-month__calendar-event-tooltip\"\n\t\tid=\"tribe-events-tooltip-content-10003442\"\n\t\trole=\"tooltip\"\n\t>\n\t\t<div class=\"tribe-events-calendar-month__calendar-event-tooltip-featured-image-wrapper\">\n\t<img\n\t\tclass=\"tribe-events-calendar-month__calendar-event-tooltip-featured-image\"\n\t\tsrc=\"https:\/\/boulder.earth\/wp-content\/uploads\/2026\/04\/Screenshot-2026-04-08-at-2.36.09-PM-e1775680644242.png\"\n\t\t\t\t\tsrcset=\"https:\/\/boulder.earth\/wp-content\/uploads\/2026\/04\/Screenshot-2026-04-08-at-2.36.09-PM-300x169.png 300w, https:\/\/boulder.earth\/wp-content\/uploads\/2026\/04\/Screenshot-2026-04-08-at-2.36.09-PM-1030x580.png 1030w, https:\/\/boulder.earth\/wp-content\/uploads\/2026\/04\/Screenshot-2026-04-08-at-2.36.09-PM-768x432.png 768w, https:\/\/boulder.earth\/wp-content\/uploads\/2026\/04\/Screenshot-2026-04-08-at-2.36.09-PM-18x10.png 18w, https:\/\/boulder.earth\/wp-content\/uploads\/2026\/04\/Screenshot-2026-04-08-at-2.36.09-PM-705x397.png 705w, https:\/\/boulder.earth\/wp-content\/uploads\/2026\/04\/Screenshot-2026-04-08-at-2.36.09-PM-e1775680644242.png 600w\"\n\t\t\t\t\t\t\talt=\"\"\n\t\t\t\/>\n<\/div>\n\t\t<div class=\"tribe-events-calendar-month__calendar-event-tooltip-datetime\">\n\t\t<time datetime=\"2026-04-21\">\n\t\t<span class=\"tribe-event-date-start\">abril 21 @ 5:00 pm<\/span> - <span class=\"tribe-event-time\">9:30 pm<\/span>\t<\/time>\n\t<\/div>\n\t\t<div class=\"tribe-events-calendar-month__calendar-event-tooltip-title tribe-common-h7\">\n\t<a\n\t\thref=\"https:\/\/boulder.earth\/es\/event\/organic-rising-the-future-of-food\/\"\n\t\ttitle=\"Organic Rising: The Future of Food\"\n\t\trel=\"bookmark\"\n\t\tclass=\"tribe-events-calendar-month__calendar-event-tooltip-title-link tribe-common-anchor-thin\"\n\t>\n\t\tOrganic Rising: The Future of Food\t<\/a>\n<\/div>\n\t\t<div class=\"tribe-events-calendar-month__calendar-event-tooltip-description tribe-common-b3\">\n\t<p>As U.S. policy expands the production of herbicides, a bigger question emerges: what kind of food system do we want to build?<\/p>\n<\/div>\n\t\t\t<\/div>\n<\/div>\n\n\t<\/div>\n\n<\/article>\n\n\t\n\t\n<article  class=\"tribe-events-calendar-month__calendar-event post-10003449 tribe_events type-tribe_events status-publish has-post-thumbnail hentry tribe_events_cat-climate tribe_events_cat-education tribe_events_cat-energy tribe_events_cat-webinar cat_climate cat_education cat_energy cat_webinar\" >\n\n\t\n\t<div class=\"tribe-events-calendar-month__calendar-event-details\">\n\n\t\t<div class=\"tribe-events-calendar-month__calendar-event-datetime\">\n\t\t<time datetime=\"18:00\">\n\t\t6:00 pm\t<\/time>\n\t\t\t<span class=\"tribe-events-calendar-month__calendar-event-datetime-separator\"> - <\/span>\n\t\t<time datetime=\"19:00\">\n\t\t\t7:00 pm\t\t<\/time>\n\t\t<\/div>\n\t\t<div class=\"tribe-events-calendar-month__calendar-event-title tribe-common-h8 tribe-common-h--alt\">\n\t<a\n\t\thref=\"https:\/\/boulder.earth\/es\/event\/empower-hour-with-dr-cindy-warren-toxic-legacy-the-hidden-dangers-of-coal-ash-remediation\/\"\n\t\ttitle=\"Empower Hour with Dr. Cindy Warren \u2013 Toxic Legacy: The Hidden Dangers of Coal Ash Remediation\"\n\t\trel=\"bookmark\"\n\t\tclass=\"tribe-events-calendar-month__calendar-event-title-link tribe-common-anchor-thin\"\n\t\tdata-js=\"tribe-events-tooltip\"\n\t\tdata-tooltip-content=\"#tribe-events-tooltip-content-10003449\"\n\t\taria-describedby=\"tribe-events-tooltip-content-10003449\"\n\t>\n\t\tEmpower Hour with Dr. Cindy Warren \u2013 Toxic Legacy: The Hidden Dangers of Coal Ash Remediation\t<\/a>\n<\/div>\n\n\t\t<div class=\"tribe-events-calendar-month__calendar-event-tooltip-template tribe-common-a11y-hidden\">\n\t<div\n\t\tclass=\"tribe-events-calendar-month__calendar-event-tooltip\"\n\t\tid=\"tribe-events-tooltip-content-10003449\"\n\t\trole=\"tooltip\"\n\t>\n\t\t<div class=\"tribe-events-calendar-month__calendar-event-tooltip-featured-image-wrapper\">\n\t<img\n\t\tclass=\"tribe-events-calendar-month__calendar-event-tooltip-featured-image\"\n\t\tsrc=\"https:\/\/boulder.earth\/wp-content\/uploads\/2022\/01\/empower-hour.png\"\n\t\t\t\t\tsrcset=\"https:\/\/boulder.earth\/wp-content\/uploads\/2022\/01\/empower-hour-300x107.png 300w, https:\/\/boulder.earth\/wp-content\/uploads\/2022\/01\/empower-hour.png 544w\"\n\t\t\t\t\t\t\talt=\"\"\n\t\t\t\/>\n<\/div>\n\t\t<div class=\"tribe-events-calendar-month__calendar-event-tooltip-datetime\">\n\t\t<time datetime=\"2026-04-21\">\n\t\t<span class=\"tribe-event-date-start\">abril 21 @ 6:00 pm<\/span> - <span class=\"tribe-event-time\">7:00 pm<\/span>\t<\/time>\n\t<\/div>\n\t\t<div class=\"tribe-events-calendar-month__calendar-event-tooltip-title tribe-common-h7\">\n\t<a\n\t\thref=\"https:\/\/boulder.earth\/es\/event\/empower-hour-with-dr-cindy-warren-toxic-legacy-the-hidden-dangers-of-coal-ash-remediation\/\"\n\t\ttitle=\"Empower Hour with Dr. Cindy Warren \u2013 Toxic Legacy: The Hidden Dangers of Coal Ash Remediation\"\n\t\trel=\"bookmark\"\n\t\tclass=\"tribe-events-calendar-month__calendar-event-tooltip-title-link tribe-common-anchor-thin\"\n\t>\n\t\tEmpower Hour with Dr. Cindy Warren \u2013 Toxic Legacy: The Hidden Dangers of Coal Ash Remediation\t<\/a>\n<\/div>\n\t\t<div class=\"tribe-events-calendar-month__calendar-event-tooltip-description tribe-common-b3\">\n\t<p>Dr. Cindy Warren is a retired anatomic and clinical pathologist with more than 20 years of experience in the Denver metropolitan area.<\/p>\n<\/div>\n\t\t\t<\/div>\n<\/div>\n\n\t<\/div>\n\n<\/article>\n\n\t\n\t\n<article  class=\"tribe-events-calendar-month__calendar-event post-10003461 tribe_events type-tribe_events status-publish has-post-thumbnail hentry tribe_events_cat-climate tribe_events_cat-education tribe_events_cat-zero-waste cat_climate cat_education cat_zero-waste\" >\n\n\t\n\t<div class=\"tribe-events-calendar-month__calendar-event-details\">\n\n\t\t<div class=\"tribe-events-calendar-month__calendar-event-datetime\">\n\t\t<time datetime=\"18:00\">\n\t\t6:00 pm\t<\/time>\n\t\t\t<span class=\"tribe-events-calendar-month__calendar-event-datetime-separator\"> - <\/span>\n\t\t<time datetime=\"20:30\">\n\t\t\t8:30 pm\t\t<\/time>\n\t\t<\/div>\n\t\t<div class=\"tribe-events-calendar-month__calendar-event-title tribe-common-h8 tribe-common-h--alt\">\n\t<a\n\t\thref=\"https:\/\/boulder.earth\/es\/event\/earth-day-kickoff-film-screening-single-use-planet\/\"\n\t\ttitle=\"Earth Day Kickoff Film Screening: Single Use Planet\"\n\t\trel=\"bookmark\"\n\t\tclass=\"tribe-events-calendar-month__calendar-event-title-link tribe-common-anchor-thin\"\n\t\tdata-js=\"tribe-events-tooltip\"\n\t\tdata-tooltip-content=\"#tribe-events-tooltip-content-10003461\"\n\t\taria-describedby=\"tribe-events-tooltip-content-10003461\"\n\t>\n\t\tEarth Day Kickoff Film Screening: Single Use Planet\t<\/a>\n<\/div>\n\n\t\t<div class=\"tribe-events-calendar-month__calendar-event-tooltip-template tribe-common-a11y-hidden\">\n\t<div\n\t\tclass=\"tribe-events-calendar-month__calendar-event-tooltip\"\n\t\tid=\"tribe-events-tooltip-content-10003461\"\n\t\trole=\"tooltip\"\n\t>\n\t\t<div class=\"tribe-events-calendar-month__calendar-event-tooltip-featured-image-wrapper\">\n\t<img\n\t\tclass=\"tribe-events-calendar-month__calendar-event-tooltip-featured-image\"\n\t\tsrc=\"https:\/\/boulder.earth\/wp-content\/uploads\/2026\/04\/Screenshot-2026-04-20-at-8.31.48-AM-e1776695544193.png\"\n\t\t\t\t\tsrcset=\"https:\/\/boulder.earth\/wp-content\/uploads\/2026\/04\/Screenshot-2026-04-20-at-8.31.48-AM-300x98.png 300w, https:\/\/boulder.earth\/wp-content\/uploads\/2026\/04\/Screenshot-2026-04-20-at-8.31.48-AM-1030x335.png 1030w, https:\/\/boulder.earth\/wp-content\/uploads\/2026\/04\/Screenshot-2026-04-20-at-8.31.48-AM-768x250.png 768w, https:\/\/boulder.earth\/wp-content\/uploads\/2026\/04\/Screenshot-2026-04-20-at-8.31.48-AM-1536x499.png 1536w, https:\/\/boulder.earth\/wp-content\/uploads\/2026\/04\/Screenshot-2026-04-20-at-8.31.48-AM-2048x666.png 2048w, https:\/\/boulder.earth\/wp-content\/uploads\/2026\/04\/Screenshot-2026-04-20-at-8.31.48-AM-18x6.png 18w, https:\/\/boulder.earth\/wp-content\/uploads\/2026\/04\/Screenshot-2026-04-20-at-8.31.48-AM-1500x488.png 1500w, https:\/\/boulder.earth\/wp-content\/uploads\/2026\/04\/Screenshot-2026-04-20-at-8.31.48-AM-705x229.png 705w, https:\/\/boulder.earth\/wp-content\/uploads\/2026\/04\/Screenshot-2026-04-20-at-8.31.48-AM-e1776695544193.png 600w\"\n\t\t\t\t\t\t\talt=\"\"\n\t\t\t\/>\n<\/div>\n\t\t<div class=\"tribe-events-calendar-month__calendar-event-tooltip-datetime\">\n\t\t<time datetime=\"2026-04-21\">\n\t\t<span class=\"tribe-event-date-start\">abril 21 @ 6:00 pm<\/span> - <span class=\"tribe-event-time\">8:30 pm<\/span>\t<\/time>\n\t<\/div>\n\t\t<div class=\"tribe-events-calendar-month__calendar-event-tooltip-title tribe-common-h7\">\n\t<a\n\t\thref=\"https:\/\/boulder.earth\/es\/event\/earth-day-kickoff-film-screening-single-use-planet\/\"\n\t\ttitle=\"Earth Day Kickoff Film Screening: Single Use Planet\"\n\t\trel=\"bookmark\"\n\t\tclass=\"tribe-events-calendar-month__calendar-event-tooltip-title-link tribe-common-anchor-thin\"\n\t>\n\t\tEarth Day Kickoff Film Screening: Single Use Planet\t<\/a>\n<\/div>\n\t\t<div class=\"tribe-events-calendar-month__calendar-event-tooltip-description tribe-common-b3\">\n\t<p>Kick off Earth Day with Eco-Cycle at the Dairy Arts Center for\u00a0a special screening of 'Single-Use Planet,' a compelling documentary that examines the environmental impact of our disposable culture and the urgent need for change.<\/p>\n<\/div>\n\t\t\t<\/div>\n<\/div>\n\n\t<\/div>\n\n<\/article>\n\n\t<\/div>\n\n\t\n<\/div>\n<\/td>\n\n\t\t\t\n\t\t\t\t<td\n\t class=\"tribe-events-calendar-month__day tribe-events-calendar-month__day--past\" \taria-labelledby=\"tribe-events-calendar-day-2026-04-22\"\n\tdata-js=\"tribe-events-month-grid-cell\"\n>\n\t<button\n\taria-expanded=\"false\"\n\taria-controls=\"tribe-events-calendar-mobile-day-2026-04-22\"\n\taria-label=\"abril 22, 4 eventos, past day\"\n\t class=\"tribe-events-calendar-month__day-cell tribe-events-calendar-month__day-cell--mobile\" \tdata-js=\"tribe-events-calendar-month-day-cell-mobile\"\n>\n\t<h3 class=\"tribe-events-calendar-month__day-date tribe-common-h6 tribe-common-h--alt\">\n\t\t<span class=\"tribe-common-a11y-visual-hide\">\n\t\t\t4 eventos\t\t<\/span>\n\t\t<time\n\t\t\tclass=\"tribe-events-calendar-month__day-date-daynum\"\n\t\t\tdatetime=\"2026-04-22\"\n\t\t>\n\t\t\t22\t\t<\/time>\n\t<\/h3>\n\t\n\t<span class=\"tribe-events-calendar-month__mobile-events-icon tribe-events-calendar-month__mobile-events-icon--event\" >\n\t<\/span>\n<\/button>\n\t\n<div\n\tid=\"tribe-events-calendar-day-2026-04-22\"\n\tclass=\"tribe-events-calendar-month__day-cell tribe-events-calendar-month__day-cell--desktop tribe-common-a11y-hidden\"\n>\n\t\n<h3 class=\"tribe-events-calendar-month__day-date tribe-common-h4\">\n\t<span class=\"tribe-common-a11y-visual-hide\">\n\t\t4 eventos,\n\t<\/span>\n\t<time\n\t\tclass=\"tribe-events-calendar-month__day-date-daynum\"\n\t\tdatetime=\"2026-04-22\"\n\t>\n\t\t\t\t\t<a\n\t\t\t\thref=\"https:\/\/boulder.earth\/es\/events\/2026-04-22\/?shortcode=42cf1b8c\"\n\t\t\t\tclass=\"tribe-events-calendar-month__day-date-link\"\n\t\t\t\tdata-js=\"tribe-events-view-link\"\n\t\t\t\taria-label=\"abril 22\"\n\t\t\t>\n\t\t\t\t22\t\t\t<\/a>\n\t\t\t<\/time>\n<\/h3>\n\n\t<div class=\"tribe-events-calendar-month__events\">\n\t\t\n\t\t\n\t\n\t\n<article  class=\"tribe-events-calendar-month__calendar-event post-10003378 tribe_events type-tribe_events status-publish has-post-thumbnail hentry tribe_events_cat-climate tribe_events_cat-community tribe_events_cat-nature tribe_events_cat-zero-waste cat_climate cat_community cat_nature cat_zero-waste\" >\n\n\t\n\t<div class=\"tribe-events-calendar-month__calendar-event-details\">\n\n\t\t<div class=\"tribe-events-calendar-month__calendar-event-datetime\">\n\t\t<time datetime=\"10:00\">\n\t\t10:00 am\t<\/time>\n\t\t\t<span class=\"tribe-events-calendar-month__calendar-event-datetime-separator\"> - <\/span>\n\t\t<time datetime=\"12:00\">\n\t\t\t12:00 pm\t\t<\/time>\n\t\t<\/div>\n\t\t<div class=\"tribe-events-calendar-month__calendar-event-title tribe-common-h8 tribe-common-h--alt\">\n\t<a\n\t\thref=\"https:\/\/boulder.earth\/es\/event\/kicp-earth-day-cleanup-davidson-mesa-open-space\/\"\n\t\ttitle=\"KICP Earth Day Cleanup &#8211; Davidson Mesa Open Space\"\n\t\trel=\"bookmark\"\n\t\tclass=\"tribe-events-calendar-month__calendar-event-title-link tribe-common-anchor-thin\"\n\t\tdata-js=\"tribe-events-tooltip\"\n\t\tdata-tooltip-content=\"#tribe-events-tooltip-content-10003378\"\n\t\taria-describedby=\"tribe-events-tooltip-content-10003378\"\n\t>\n\t\tKICP Earth Day Cleanup &#8211; Davidson Mesa Open Space\t<\/a>\n<\/div>\n\n\t\t<div class=\"tribe-events-calendar-month__calendar-event-tooltip-template tribe-common-a11y-hidden\">\n\t<div\n\t\tclass=\"tribe-events-calendar-month__calendar-event-tooltip\"\n\t\tid=\"tribe-events-tooltip-content-10003378\"\n\t\trole=\"tooltip\"\n\t>\n\t\t<div class=\"tribe-events-calendar-month__calendar-event-tooltip-featured-image-wrapper\">\n\t<img\n\t\tclass=\"tribe-events-calendar-month__calendar-event-tooltip-featured-image\"\n\t\tsrc=\"https:\/\/boulder.earth\/wp-content\/uploads\/2019\/04\/keep-it-clean.jpg\"\n\t\t\t\t\t\t\talt=\"\"\n\t\t\t\/>\n<\/div>\n\t\t<div class=\"tribe-events-calendar-month__calendar-event-tooltip-datetime\">\n\t\t<time datetime=\"2026-04-22\">\n\t\t<span class=\"tribe-event-date-start\">abril 22 @ 10:00 am<\/span> - <span class=\"tribe-event-time\">12:00 pm<\/span>\t<\/time>\n\t<\/div>\n\t\t<div class=\"tribe-events-calendar-month__calendar-event-tooltip-title tribe-common-h7\">\n\t<a\n\t\thref=\"https:\/\/boulder.earth\/es\/event\/kicp-earth-day-cleanup-davidson-mesa-open-space\/\"\n\t\ttitle=\"KICP Earth Day Cleanup &#8211; Davidson Mesa Open Space\"\n\t\trel=\"bookmark\"\n\t\tclass=\"tribe-events-calendar-month__calendar-event-tooltip-title-link tribe-common-anchor-thin\"\n\t>\n\t\tKICP Earth Day Cleanup &#8211; Davidson Mesa Open Space\t<\/a>\n<\/div>\n\t\t<div class=\"tribe-events-calendar-month__calendar-event-tooltip-description tribe-common-b3\">\n\t<p>Join the KICP team for a cleanup on Earth Day! Picking up trash along our trails keeps it from blowing into waterways on the next windy day.\u00a0<\/p>\n<\/div>\n\t\t\t<\/div>\n<\/div>\n\n\t<\/div>\n\n<\/article>\n\n\t\n\t\n<article  class=\"tribe-events-calendar-month__calendar-event post-10003447 tribe_events type-tribe_events status-publish has-post-thumbnail hentry tribe_events_cat-climate tribe_events_cat-community tribe_events_cat-nature tribe_events_cat-zero-waste cat_climate cat_community cat_nature cat_zero-waste\" >\n\n\t\n\t<div class=\"tribe-events-calendar-month__calendar-event-details\">\n\n\t\t<div class=\"tribe-events-calendar-month__calendar-event-datetime\">\n\t\t<time datetime=\"10:00\">\n\t\t10:00 am\t<\/time>\n\t\t\t<span class=\"tribe-events-calendar-month__calendar-event-datetime-separator\"> - <\/span>\n\t\t<time datetime=\"12:00\">\n\t\t\t12:00 pm\t\t<\/time>\n\t\t<\/div>\n\t\t<div class=\"tribe-events-calendar-month__calendar-event-title tribe-common-h8 tribe-common-h--alt\">\n\t<a\n\t\thref=\"https:\/\/boulder.earth\/es\/event\/kicp-earth-day-cleanup-davidson-mesa-open-space-2\/\"\n\t\ttitle=\"KICP Earth Day Cleanup &#8211; Davidson Mesa Open Space\"\n\t\trel=\"bookmark\"\n\t\tclass=\"tribe-events-calendar-month__calendar-event-title-link tribe-common-anchor-thin\"\n\t\tdata-js=\"tribe-events-tooltip\"\n\t\tdata-tooltip-content=\"#tribe-events-tooltip-content-10003447\"\n\t\taria-describedby=\"tribe-events-tooltip-content-10003447\"\n\t>\n\t\tKICP Earth Day Cleanup &#8211; Davidson Mesa Open Space\t<\/a>\n<\/div>\n\n\t\t<div class=\"tribe-events-calendar-month__calendar-event-tooltip-template tribe-common-a11y-hidden\">\n\t<div\n\t\tclass=\"tribe-events-calendar-month__calendar-event-tooltip\"\n\t\tid=\"tribe-events-tooltip-content-10003447\"\n\t\trole=\"tooltip\"\n\t>\n\t\t<div class=\"tribe-events-calendar-month__calendar-event-tooltip-featured-image-wrapper\">\n\t<img\n\t\tclass=\"tribe-events-calendar-month__calendar-event-tooltip-featured-image\"\n\t\tsrc=\"https:\/\/boulder.earth\/wp-content\/uploads\/2019\/04\/keep-it-clean-sm.jpg\"\n\t\t\t\t\t\t\talt=\"\"\n\t\t\t\/>\n<\/div>\n\t\t<div class=\"tribe-events-calendar-month__calendar-event-tooltip-datetime\">\n\t\t<time datetime=\"2026-04-22\">\n\t\t<span class=\"tribe-event-date-start\">abril 22 @ 10:00 am<\/span> - <span class=\"tribe-event-time\">12:00 pm<\/span>\t<\/time>\n\t<\/div>\n\t\t<div class=\"tribe-events-calendar-month__calendar-event-tooltip-title tribe-common-h7\">\n\t<a\n\t\thref=\"https:\/\/boulder.earth\/es\/event\/kicp-earth-day-cleanup-davidson-mesa-open-space-2\/\"\n\t\ttitle=\"KICP Earth Day Cleanup &#8211; Davidson Mesa Open Space\"\n\t\trel=\"bookmark\"\n\t\tclass=\"tribe-events-calendar-month__calendar-event-tooltip-title-link tribe-common-anchor-thin\"\n\t>\n\t\tKICP Earth Day Cleanup &#8211; Davidson Mesa Open Space\t<\/a>\n<\/div>\n\t\t<div class=\"tribe-events-calendar-month__calendar-event-tooltip-description tribe-common-b3\">\n\t<p>Join the KICP team for a cleanup on Earth Day! Picking up trash along our trails keeps it from blowing into waterways on the next windy day.\u00a0<\/p>\n<\/div>\n\t\t\t<\/div>\n<\/div>\n\n\t<\/div>\n\n<\/article>\n\n\t\n\t\n<article  class=\"tribe-events-calendar-month__calendar-event post-10003390 tribe_events type-tribe_events status-publish has-post-thumbnail hentry tribe_events_cat-activism tribe_events_cat-climate tribe_events_cat-community tribe_events_cat-education tribe_events_cat-governance tribe_events_cat-human-rights tribe_events_cat-networking tribe_events_cat-resilience tribe_events_cat-social-justice tribe_events_cat-webinar cat_activism cat_climate cat_community cat_education cat_governance cat_human-rights cat_networking cat_resilience cat_social-justice cat_webinar tribe-recurring-event tribe-recurring-event-parent\" >\n\n\t\n\t<div class=\"tribe-events-calendar-month__calendar-event-details\">\n\n\t\t<div class=\"tribe-events-calendar-month__calendar-event-datetime\">\n\t\t<time datetime=\"18:00\">\n\t\t6:00 pm\t<\/time>\n\t\t\t<span class=\"tribe-events-calendar-month__calendar-event-datetime-separator\"> - <\/span>\n\t\t<time datetime=\"19:30\">\n\t\t\t7:30 pm\t\t<\/time>\n\t\t\n<span class=\"tribe-events-calendar-series-archive__container\">\n\t<a\n\t\thref=\"https:\/\/boulder.earth\/es\/series\/after-we-march-we-organize-solidarity-warriors-indivisible-action-group\/\"\n\t\taria-label=\"Event series: After We March, We Organize! Solidarity Warriors Indivisible Action Group\"\n\t\tclass=\"tribe-events-calendar-series-archive__link\"\n\t>\n\t\t\n<svg  class=\"tribe-common-c-svgicon tribe-common-c-svgicon--series tribe-events-series-archive__icon\"  width=\"14\" height=\"12\" viewBox=\"0 0 14 12\" fill=\"none\" xmlns=\"http:\/\/www.w3.org\/2000\/svg\" aria-hidden=\"true\">\n\t<rect x=\"0.5\" y=\"4.5\" width=\"9\" height=\"7\" \/>\n\t<path d=\"M2 2.5H11.5V10\" \/>\n\t<path d=\"M4 0.5H13.5V8\" \/>\n<\/svg>\n\t<\/a>\n<\/span>\n<\/div>\n\t\t<div class=\"tribe-events-calendar-month__calendar-event-title tribe-common-h8 tribe-common-h--alt\">\n\t<a\n\t\thref=\"https:\/\/boulder.earth\/es\/event\/after-we-march-we-organize-solidarity-warriors-indivisible-action-group\/2026-04-22\/\"\n\t\ttitle=\"After We March, We Organize! Solidarity Warriors Indivisible Action Group\"\n\t\trel=\"bookmark\"\n\t\tclass=\"tribe-events-calendar-month__calendar-event-title-link tribe-common-anchor-thin\"\n\t\tdata-js=\"tribe-events-tooltip\"\n\t\tdata-tooltip-content=\"#tribe-events-tooltip-content-10003390\"\n\t\taria-describedby=\"tribe-events-tooltip-content-10003390\"\n\t>\n\t\tAfter We March, We Organize! Solidarity Warriors Indivisible Action Group\t<\/a>\n<\/div>\n\n\t\t<div class=\"tribe-events-calendar-month__calendar-event-tooltip-template tribe-common-a11y-hidden\">\n\t<div\n\t\tclass=\"tribe-events-calendar-month__calendar-event-tooltip\"\n\t\tid=\"tribe-events-tooltip-content-10003390\"\n\t\trole=\"tooltip\"\n\t>\n\t\t<div class=\"tribe-events-calendar-month__calendar-event-tooltip-featured-image-wrapper\">\n\t<img\n\t\tclass=\"tribe-events-calendar-month__calendar-event-tooltip-featured-image\"\n\t\tsrc=\"https:\/\/boulder.earth\/wp-content\/uploads\/2026\/04\/Sunset-crowd-raised-fists-One-line-01_20250721004218694808-e1775521865495.png\"\n\t\t\t\t\tsrcset=\"https:\/\/boulder.earth\/wp-content\/uploads\/2026\/04\/Sunset-crowd-raised-fists-One-line-01_20250721004218694808-300x157.png 300w, https:\/\/boulder.earth\/wp-content\/uploads\/2026\/04\/Sunset-crowd-raised-fists-One-line-01_20250721004218694808-768x402.png 768w, https:\/\/boulder.earth\/wp-content\/uploads\/2026\/04\/Sunset-crowd-raised-fists-One-line-01_20250721004218694808-18x9.png 18w, https:\/\/boulder.earth\/wp-content\/uploads\/2026\/04\/Sunset-crowd-raised-fists-One-line-01_20250721004218694808-710x375.png 710w, https:\/\/boulder.earth\/wp-content\/uploads\/2026\/04\/Sunset-crowd-raised-fists-One-line-01_20250721004218694808-705x369.png 705w, https:\/\/boulder.earth\/wp-content\/uploads\/2026\/04\/Sunset-crowd-raised-fists-One-line-01_20250721004218694808-e1775521865495.png 600w\"\n\t\t\t\t\t\t\talt=\"\"\n\t\t\t\/>\n<\/div>\n\t\t<div class=\"tribe-events-calendar-month__calendar-event-tooltip-datetime\">\n\t\t<time datetime=\"2026-04-22\">\n\t\t<span class=\"tribe-event-date-start\">abril 22 @ 6:00 pm<\/span> - <span class=\"tribe-event-time\">7:30 pm<\/span>\t<\/time>\n\t\n<span class=\"tribe-events-calendar-series-archive__container\">\n\t<a\n\t\thref=\"https:\/\/boulder.earth\/es\/series\/after-we-march-we-organize-solidarity-warriors-indivisible-action-group\/\"\n\t\taria-label=\"Event series: After We March, We Organize! Solidarity Warriors Indivisible Action Group\"\n\t\tclass=\"tribe-events-calendar-series-archive__link\"\n\t>\n\t\t\n<svg  class=\"tribe-common-c-svgicon tribe-common-c-svgicon--series tribe-events-series-archive__icon\"  width=\"14\" height=\"12\" viewBox=\"0 0 14 12\" fill=\"none\" xmlns=\"http:\/\/www.w3.org\/2000\/svg\" aria-hidden=\"true\">\n\t<rect x=\"0.5\" y=\"4.5\" width=\"9\" height=\"7\" \/>\n\t<path d=\"M2 2.5H11.5V10\" \/>\n\t<path d=\"M4 0.5H13.5V8\" \/>\n<\/svg>\n\t<\/a>\n<\/span>\n<\/div>\n\t\t<div class=\"tribe-events-calendar-month__calendar-event-tooltip-title tribe-common-h7\">\n\t<a\n\t\thref=\"https:\/\/boulder.earth\/es\/event\/after-we-march-we-organize-solidarity-warriors-indivisible-action-group\/2026-04-22\/\"\n\t\ttitle=\"After We March, We Organize! Solidarity Warriors Indivisible Action Group\"\n\t\trel=\"bookmark\"\n\t\tclass=\"tribe-events-calendar-month__calendar-event-tooltip-title-link tribe-common-anchor-thin\"\n\t>\n\t\tAfter We March, We Organize! Solidarity Warriors Indivisible Action Group\t<\/a>\n<\/div>\n\t\t<div class=\"tribe-events-calendar-month__calendar-event-tooltip-description tribe-common-b3\">\n\t<p>&#x1f4da;&#x1f3a4; Every week we feature guest speakers and training on topics like:<\/p>\n<p>&#x1f6e1;&#xfe0f; How to Protest Safely &#x1f30e; Immigrant Rights &#x1fab6; Indigenous History &#x1f510; Cybersecurity &#x270a; Community Organizing Tactics and much more!<\/p>\n<\/div>\n\t\t\t<\/div>\n<\/div>\n\n\t<\/div>\n\n<\/article>\n\n\t\n\t\n<article  class=\"tribe-events-calendar-month__calendar-event post-10003451 tribe_events type-tribe_events status-publish has-post-thumbnail hentry tribe_events_cat-education tribe_events_cat-health cat_education cat_health\" >\n\n\t\n\t<div class=\"tribe-events-calendar-month__calendar-event-details\">\n\n\t\t<div class=\"tribe-events-calendar-month__calendar-event-datetime\">\n\t\t<time datetime=\"18:00\">\n\t\t6:00 pm\t<\/time>\n\t\t\t<span class=\"tribe-events-calendar-month__calendar-event-datetime-separator\"> - <\/span>\n\t\t<time datetime=\"19:00\">\n\t\t\t7:00 pm\t\t<\/time>\n\t\t<\/div>\n\t\t<div class=\"tribe-events-calendar-month__calendar-event-title tribe-common-h8 tribe-common-h--alt\">\n\t<a\n\t\thref=\"https:\/\/boulder.earth\/es\/event\/medic-training\/\"\n\t\ttitle=\"Medic Training\"\n\t\trel=\"bookmark\"\n\t\tclass=\"tribe-events-calendar-month__calendar-event-title-link tribe-common-anchor-thin\"\n\t\tdata-js=\"tribe-events-tooltip\"\n\t\tdata-tooltip-content=\"#tribe-events-tooltip-content-10003451\"\n\t\taria-describedby=\"tribe-events-tooltip-content-10003451\"\n\t>\n\t\tMedic Training\t<\/a>\n<\/div>\n\n\t\t<div class=\"tribe-events-calendar-month__calendar-event-tooltip-template tribe-common-a11y-hidden\">\n\t<div\n\t\tclass=\"tribe-events-calendar-month__calendar-event-tooltip\"\n\t\tid=\"tribe-events-tooltip-content-10003451\"\n\t\trole=\"tooltip\"\n\t>\n\t\t<div class=\"tribe-events-calendar-month__calendar-event-tooltip-featured-image-wrapper\">\n\t<img\n\t\tclass=\"tribe-events-calendar-month__calendar-event-tooltip-featured-image\"\n\t\tsrc=\"https:\/\/boulder.earth\/wp-content\/uploads\/2026\/04\/image003.png\"\n\t\t\t\t\tsrcset=\"https:\/\/boulder.earth\/wp-content\/uploads\/2026\/04\/image003-300x242.png 300w, https:\/\/boulder.earth\/wp-content\/uploads\/2026\/04\/image003-15x12.png 15w, https:\/\/boulder.earth\/wp-content\/uploads\/2026\/04\/image003.png 339w\"\n\t\t\t\t\t\t\talt=\"\"\n\t\t\t\/>\n<\/div>\n\t\t<div class=\"tribe-events-calendar-month__calendar-event-tooltip-datetime\">\n\t\t<time datetime=\"2026-04-22\">\n\t\t<span class=\"tribe-event-date-start\">abril 22 @ 6:00 pm<\/span> - <span class=\"tribe-event-time\">7:00 pm<\/span>\t<\/time>\n\t<\/div>\n\t\t<div class=\"tribe-events-calendar-month__calendar-event-tooltip-title tribe-common-h7\">\n\t<a\n\t\thref=\"https:\/\/boulder.earth\/es\/event\/medic-training\/\"\n\t\ttitle=\"Medic Training\"\n\t\trel=\"bookmark\"\n\t\tclass=\"tribe-events-calendar-month__calendar-event-tooltip-title-link tribe-common-anchor-thin\"\n\t>\n\t\tMedic Training\t<\/a>\n<\/div>\n\t\t<div class=\"tribe-events-calendar-month__calendar-event-tooltip-description tribe-common-b3\">\n\t<p>Care for your neighbors as institutions fail by learning life-saving skills from four medical professionals. Topics include CPR, choking, bleeding, overdose, drowning, hypothermia and hypoglycemia.<\/p>\n<\/div>\n\t\t\t<\/div>\n<\/div>\n\n\t<\/div>\n\n<\/article>\n\n\t<\/div>\n\n\t\n<\/div>\n<\/td>\n\n\t\t\t\n\t\t\t\t<td\n\t class=\"tribe-events-calendar-month__day tribe-events-calendar-month__day--past\" \taria-labelledby=\"tribe-events-calendar-day-2026-04-23\"\n\tdata-js=\"tribe-events-month-grid-cell\"\n>\n\t<button\n\taria-expanded=\"false\"\n\taria-controls=\"tribe-events-calendar-mobile-day-2026-04-23\"\n\taria-label=\"abril 23, 5 eventos, past day\"\n\t class=\"tribe-events-calendar-month__day-cell tribe-events-calendar-month__day-cell--mobile\" \tdata-js=\"tribe-events-calendar-month-day-cell-mobile\"\n>\n\t<h3 class=\"tribe-events-calendar-month__day-date tribe-common-h6 tribe-common-h--alt\">\n\t\t<span class=\"tribe-common-a11y-visual-hide\">\n\t\t\t5 eventos\t\t<\/span>\n\t\t<time\n\t\t\tclass=\"tribe-events-calendar-month__day-date-daynum\"\n\t\t\tdatetime=\"2026-04-23\"\n\t\t>\n\t\t\t23\t\t<\/time>\n\t<\/h3>\n\t\n\t<span class=\"tribe-events-calendar-month__mobile-events-icon tribe-events-calendar-month__mobile-events-icon--event\" >\n\t<\/span>\n<\/button>\n\t\n<div\n\tid=\"tribe-events-calendar-day-2026-04-23\"\n\tclass=\"tribe-events-calendar-month__day-cell tribe-events-calendar-month__day-cell--desktop tribe-common-a11y-hidden\"\n>\n\t\n<h3 class=\"tribe-events-calendar-month__day-date tribe-common-h4\">\n\t<span class=\"tribe-common-a11y-visual-hide\">\n\t\t5 eventos,\n\t<\/span>\n\t<time\n\t\tclass=\"tribe-events-calendar-month__day-date-daynum\"\n\t\tdatetime=\"2026-04-23\"\n\t>\n\t\t\t\t\t<a\n\t\t\t\thref=\"https:\/\/boulder.earth\/es\/events\/2026-04-23\/?shortcode=42cf1b8c\"\n\t\t\t\tclass=\"tribe-events-calendar-month__day-date-link\"\n\t\t\t\tdata-js=\"tribe-events-view-link\"\n\t\t\t\taria-label=\"abril 23\"\n\t\t\t>\n\t\t\t\t23\t\t\t<\/a>\n\t\t\t<\/time>\n<\/h3>\n\n\t<div class=\"tribe-events-calendar-month__events\">\n\t\t\n\t\t\n\t\n\t\n<article  class=\"tribe-events-calendar-month__calendar-event post-10003435 tribe_events type-tribe_events status-publish has-post-thumbnail hentry tribe_events_cat-bilingual tribe_events_cat-climate tribe_events_cat-education tribe_events_cat-zero-waste cat_bilingual cat_climate cat_education cat_zero-waste\" >\n\n\t\n\t<div class=\"tribe-events-calendar-month__calendar-event-details\">\n\n\t\t<div class=\"tribe-events-calendar-month__calendar-event-datetime\">\n\t\t<time datetime=\"09:00\">\n\t\t9:00 am\t<\/time>\n\t\t\t<span class=\"tribe-events-calendar-month__calendar-event-datetime-separator\"> - <\/span>\n\t\t<time datetime=\"10:30\">\n\t\t\t10:30 am\t\t<\/time>\n\t\t<\/div>\n\t\t<div class=\"tribe-events-calendar-month__calendar-event-title tribe-common-h8 tribe-common-h--alt\">\n\t<a\n\t\thref=\"https:\/\/boulder.earth\/es\/event\/cafecito-de-abril-aprils-cafecito\/\"\n\t\ttitle=\"Cafecito de Abril \/ April&#8217;s Cafecito\"\n\t\trel=\"bookmark\"\n\t\tclass=\"tribe-events-calendar-month__calendar-event-title-link tribe-common-anchor-thin\"\n\t\tdata-js=\"tribe-events-tooltip\"\n\t\tdata-tooltip-content=\"#tribe-events-tooltip-content-10003435\"\n\t\taria-describedby=\"tribe-events-tooltip-content-10003435\"\n\t>\n\t\tCafecito de Abril \/ April&#8217;s Cafecito\t<\/a>\n<\/div>\n\n\t\t<div class=\"tribe-events-calendar-month__calendar-event-tooltip-template tribe-common-a11y-hidden\">\n\t<div\n\t\tclass=\"tribe-events-calendar-month__calendar-event-tooltip\"\n\t\tid=\"tribe-events-tooltip-content-10003435\"\n\t\trole=\"tooltip\"\n\t>\n\t\t<div class=\"tribe-events-calendar-month__calendar-event-tooltip-featured-image-wrapper\">\n\t<img\n\t\tclass=\"tribe-events-calendar-month__calendar-event-tooltip-featured-image\"\n\t\tsrc=\"https:\/\/boulder.earth\/wp-content\/uploads\/2026\/04\/Screenshot-2026-04-07-at-6.01.01-PM-e1775606483736.png\"\n\t\t\t\t\tsrcset=\"https:\/\/boulder.earth\/wp-content\/uploads\/2026\/04\/Screenshot-2026-04-07-at-6.01.01-PM-300x152.png 300w, https:\/\/boulder.earth\/wp-content\/uploads\/2026\/04\/Screenshot-2026-04-07-at-6.01.01-PM-1030x521.png 1030w, https:\/\/boulder.earth\/wp-content\/uploads\/2026\/04\/Screenshot-2026-04-07-at-6.01.01-PM-768x388.png 768w, https:\/\/boulder.earth\/wp-content\/uploads\/2026\/04\/Screenshot-2026-04-07-at-6.01.01-PM-1536x776.png 1536w, https:\/\/boulder.earth\/wp-content\/uploads\/2026\/04\/Screenshot-2026-04-07-at-6.01.01-PM-18x9.png 18w, https:\/\/boulder.earth\/wp-content\/uploads\/2026\/04\/Screenshot-2026-04-07-at-6.01.01-PM-1500x758.png 1500w, https:\/\/boulder.earth\/wp-content\/uploads\/2026\/04\/Screenshot-2026-04-07-at-6.01.01-PM-705x356.png 705w, https:\/\/boulder.earth\/wp-content\/uploads\/2026\/04\/Screenshot-2026-04-07-at-6.01.01-PM-e1775606483736.png 600w\"\n\t\t\t\t\t\t\talt=\"\"\n\t\t\t\/>\n<\/div>\n\t\t<div class=\"tribe-events-calendar-month__calendar-event-tooltip-datetime\">\n\t\t<time datetime=\"2026-04-23\">\n\t\t<span class=\"tribe-event-date-start\">abril 23 @ 9:00 am<\/span> - <span class=\"tribe-event-time\">10:30 am<\/span>\t<\/time>\n\t<\/div>\n\t\t<div class=\"tribe-events-calendar-month__calendar-event-tooltip-title tribe-common-h7\">\n\t<a\n\t\thref=\"https:\/\/boulder.earth\/es\/event\/cafecito-de-abril-aprils-cafecito\/\"\n\t\ttitle=\"Cafecito de Abril \/ April&#8217;s Cafecito\"\n\t\trel=\"bookmark\"\n\t\tclass=\"tribe-events-calendar-month__calendar-event-tooltip-title-link tribe-common-anchor-thin\"\n\t>\n\t\tCafecito de Abril \/ April&#8217;s Cafecito\t<\/a>\n<\/div>\n\t\t<div class=\"tribe-events-calendar-month__calendar-event-tooltip-description tribe-common-b3\">\n\t<p>Acomp\u00e1\u00f1anos a un Cafecito especial en celebraci\u00f3n del D\u00eda de la Tierra, donde nos reuniremos para convivir, disfrutar de un cafecito y aprender m\u00e1s sobre la sostenibilidad y el reciclaje en nuestra comunidad. \/ Join us for a special Cafecito in celebration of Earth Day, where we\u2019ll come together to connect, enjoy cafecito, and learn more about sustainability and recycling in our community.<\/p>\n<\/div>\n\t\t\t<\/div>\n<\/div>\n\n\t<\/div>\n\n<\/article>\n\n\t\n\t\n<article  class=\"tribe-events-calendar-month__calendar-event post-10003299 tribe_events type-tribe_events status-publish has-post-thumbnail hentry tribe_events_cat-activism tribe_events_cat-climate tribe_events_cat-community tribe_events_cat-creative-arts tribe_events_cat-culture-building tribe_events_cat-resilience tribe_events_cat-social-justice tribe_events_cat-webinar cat_activism cat_climate cat_community cat_creative-arts cat_culture-building cat_resilience cat_social-justice cat_webinar tribe-recurring-event tribe-recurring-event-parent\" >\n\n\t\n\t<div class=\"tribe-events-calendar-month__calendar-event-details\">\n\n\t\t<div class=\"tribe-events-calendar-month__calendar-event-datetime\">\n\t\t<time datetime=\"12:00\">\n\t\t12:00 pm\t<\/time>\n\t\t\t<span class=\"tribe-events-calendar-month__calendar-event-datetime-separator\"> - <\/span>\n\t\t<time datetime=\"13:00\">\n\t\t\t1:00 pm\t\t<\/time>\n\t\t\n<span class=\"tribe-events-calendar-series-archive__container\">\n\t<a\n\t\thref=\"https:\/\/boulder.earth\/es\/series\/we-are-the-earth-grief-love-climate-creative-hour\/\"\n\t\taria-label=\"Event series: We Are the Earth: Grief, Love &#038; Climate Creative Hour\"\n\t\tclass=\"tribe-events-calendar-series-archive__link\"\n\t>\n\t\t\n<svg  class=\"tribe-common-c-svgicon tribe-common-c-svgicon--series tribe-events-series-archive__icon\"  width=\"14\" height=\"12\" viewBox=\"0 0 14 12\" fill=\"none\" xmlns=\"http:\/\/www.w3.org\/2000\/svg\" aria-hidden=\"true\">\n\t<rect x=\"0.5\" y=\"4.5\" width=\"9\" height=\"7\" \/>\n\t<path d=\"M2 2.5H11.5V10\" \/>\n\t<path d=\"M4 0.5H13.5V8\" \/>\n<\/svg>\n\t<\/a>\n<\/span>\n<\/div>\n\t\t<div class=\"tribe-events-calendar-month__calendar-event-title tribe-common-h8 tribe-common-h--alt\">\n\t<a\n\t\thref=\"https:\/\/boulder.earth\/es\/event\/we-are-the-earth-grief-love-climate-creative-hour\/2026-04-23\/\"\n\t\ttitle=\"We Are the Earth: Grief, Love &#038; Climate Creative Hour\"\n\t\trel=\"bookmark\"\n\t\tclass=\"tribe-events-calendar-month__calendar-event-title-link tribe-common-anchor-thin\"\n\t\tdata-js=\"tribe-events-tooltip\"\n\t\tdata-tooltip-content=\"#tribe-events-tooltip-content-10003299\"\n\t\taria-describedby=\"tribe-events-tooltip-content-10003299\"\n\t>\n\t\tWe Are the Earth: Grief, Love &#038; Climate Creative Hour\t<\/a>\n<\/div>\n\n\t\t<div class=\"tribe-events-calendar-month__calendar-event-tooltip-template tribe-common-a11y-hidden\">\n\t<div\n\t\tclass=\"tribe-events-calendar-month__calendar-event-tooltip\"\n\t\tid=\"tribe-events-tooltip-content-10003299\"\n\t\trole=\"tooltip\"\n\t>\n\t\t<div class=\"tribe-events-calendar-month__calendar-event-tooltip-featured-image-wrapper\">\n\t<img\n\t\tclass=\"tribe-events-calendar-month__calendar-event-tooltip-featured-image\"\n\t\tsrc=\"https:\/\/boulder.earth\/wp-content\/uploads\/2026\/01\/1-e1768844622872.png\"\n\t\t\t\t\tsrcset=\"https:\/\/boulder.earth\/wp-content\/uploads\/2026\/01\/1-300x300.png 300w, https:\/\/boulder.earth\/wp-content\/uploads\/2026\/01\/1-1030x1030.png 1030w, https:\/\/boulder.earth\/wp-content\/uploads\/2026\/01\/1-80x80.png 80w, https:\/\/boulder.earth\/wp-content\/uploads\/2026\/01\/1-768x768.png 768w, https:\/\/boulder.earth\/wp-content\/uploads\/2026\/01\/1-12x12.png 12w, https:\/\/boulder.earth\/wp-content\/uploads\/2026\/01\/1-36x36.png 36w, https:\/\/boulder.earth\/wp-content\/uploads\/2026\/01\/1-180x180.png 180w, https:\/\/boulder.earth\/wp-content\/uploads\/2026\/01\/1-705x705.png 705w, https:\/\/boulder.earth\/wp-content\/uploads\/2026\/01\/1-e1768844622872.png 600w\"\n\t\t\t\t\t\t\talt=\"\"\n\t\t\t\/>\n<\/div>\n\t\t<div class=\"tribe-events-calendar-month__calendar-event-tooltip-datetime\">\n\t\t<time datetime=\"2026-04-23\">\n\t\t<span class=\"tribe-event-date-start\">abril 23 @ 12:00 pm<\/span> - <span class=\"tribe-event-time\">1:00 pm<\/span>\t<\/time>\n\t\n<span class=\"tribe-events-calendar-series-archive__container\">\n\t<a\n\t\thref=\"https:\/\/boulder.earth\/es\/series\/we-are-the-earth-grief-love-climate-creative-hour\/\"\n\t\taria-label=\"Event series: We Are the Earth: Grief, Love &#038; Climate Creative Hour\"\n\t\tclass=\"tribe-events-calendar-series-archive__link\"\n\t>\n\t\t\n<svg  class=\"tribe-common-c-svgicon tribe-common-c-svgicon--series tribe-events-series-archive__icon\"  width=\"14\" height=\"12\" viewBox=\"0 0 14 12\" fill=\"none\" xmlns=\"http:\/\/www.w3.org\/2000\/svg\" aria-hidden=\"true\">\n\t<rect x=\"0.5\" y=\"4.5\" width=\"9\" height=\"7\" \/>\n\t<path d=\"M2 2.5H11.5V10\" \/>\n\t<path d=\"M4 0.5H13.5V8\" \/>\n<\/svg>\n\t<\/a>\n<\/span>\n<\/div>\n\t\t<div class=\"tribe-events-calendar-month__calendar-event-tooltip-title tribe-common-h7\">\n\t<a\n\t\thref=\"https:\/\/boulder.earth\/es\/event\/we-are-the-earth-grief-love-climate-creative-hour\/2026-04-23\/\"\n\t\ttitle=\"We Are the Earth: Grief, Love &#038; Climate Creative Hour\"\n\t\trel=\"bookmark\"\n\t\tclass=\"tribe-events-calendar-month__calendar-event-tooltip-title-link tribe-common-anchor-thin\"\n\t>\n\t\tWe Are the Earth: Grief, Love &#038; Climate Creative Hour\t<\/a>\n<\/div>\n\t\t<div class=\"tribe-events-calendar-month__calendar-event-tooltip-description tribe-common-b3\">\n\t<p>A creative response to ongoing climate crises. Use this as a space to express, create, compost. We start with a 10 min physical warm-up, then a 25 minute creative burst. Write a poem, create art, or contact your congress people. Option to share some of your work or about your creative process before we close.<\/p>\n<\/div>\n\t\t\t<\/div>\n<\/div>\n\n\t<\/div>\n\n<\/article>\n\n\t\n\t\n<article  class=\"tribe-events-calendar-month__calendar-event post-10003436 tribe_events type-tribe_events status-publish has-post-thumbnail hentry tribe_events_cat-activism tribe_events_cat-climate tribe_events_cat-community tribe_events_cat-creative-arts tribe_events_cat-culture-building tribe_events_cat-education tribe_events_cat-resilience tribe_events_cat-spirituality cat_activism cat_climate cat_community cat_creative-arts cat_culture-building cat_education cat_resilience cat_spirituality\" >\n\n\t\n\t<div class=\"tribe-events-calendar-month__calendar-event-details\">\n\n\t\t<div class=\"tribe-events-calendar-month__calendar-event-datetime\">\n\t\t<time datetime=\"16:30\">\n\t\t4:30 pm\t<\/time>\n\t\t\t<span class=\"tribe-events-calendar-month__calendar-event-datetime-separator\"> - <\/span>\n\t\t<time datetime=\"18:30\">\n\t\t\t6:30 pm\t\t<\/time>\n\t\t<\/div>\n\t\t<div class=\"tribe-events-calendar-month__calendar-event-title tribe-common-h8 tribe-common-h--alt\">\n\t<a\n\t\thref=\"https:\/\/boulder.earth\/es\/event\/songs-for-a-sacred-earth-alliance-center-earth-week-event\/\"\n\t\ttitle=\"Songs for a Sacred Earth: Alliance Center Earth Week Event\"\n\t\trel=\"bookmark\"\n\t\tclass=\"tribe-events-calendar-month__calendar-event-title-link tribe-common-anchor-thin\"\n\t\tdata-js=\"tribe-events-tooltip\"\n\t\tdata-tooltip-content=\"#tribe-events-tooltip-content-10003436\"\n\t\taria-describedby=\"tribe-events-tooltip-content-10003436\"\n\t>\n\t\tSongs for a Sacred Earth: Alliance Center Earth Week Event\t<\/a>\n<\/div>\n\n\t\t<div class=\"tribe-events-calendar-month__calendar-event-tooltip-template tribe-common-a11y-hidden\">\n\t<div\n\t\tclass=\"tribe-events-calendar-month__calendar-event-tooltip\"\n\t\tid=\"tribe-events-tooltip-content-10003436\"\n\t\trole=\"tooltip\"\n\t>\n\t\t<div class=\"tribe-events-calendar-month__calendar-event-tooltip-featured-image-wrapper\">\n\t<img\n\t\tclass=\"tribe-events-calendar-month__calendar-event-tooltip-featured-image\"\n\t\tsrc=\"https:\/\/boulder.earth\/wp-content\/uploads\/2026\/04\/Screenshot-2026-04-08-at-2.14.17-PM-e1775679287181.png\"\n\t\t\t\t\tsrcset=\"https:\/\/boulder.earth\/wp-content\/uploads\/2026\/04\/Screenshot-2026-04-08-at-2.14.17-PM-300x201.png 300w, https:\/\/boulder.earth\/wp-content\/uploads\/2026\/04\/Screenshot-2026-04-08-at-2.14.17-PM-1030x688.png 1030w, https:\/\/boulder.earth\/wp-content\/uploads\/2026\/04\/Screenshot-2026-04-08-at-2.14.17-PM-768x513.png 768w, https:\/\/boulder.earth\/wp-content\/uploads\/2026\/04\/Screenshot-2026-04-08-at-2.14.17-PM-1536x1027.png 1536w, https:\/\/boulder.earth\/wp-content\/uploads\/2026\/04\/Screenshot-2026-04-08-at-2.14.17-PM-18x12.png 18w, https:\/\/boulder.earth\/wp-content\/uploads\/2026\/04\/Screenshot-2026-04-08-at-2.14.17-PM-1500x1003.png 1500w, https:\/\/boulder.earth\/wp-content\/uploads\/2026\/04\/Screenshot-2026-04-08-at-2.14.17-PM-705x471.png 705w, https:\/\/boulder.earth\/wp-content\/uploads\/2026\/04\/Screenshot-2026-04-08-at-2.14.17-PM-e1775679287181.png 600w\"\n\t\t\t\t\t\t\talt=\"\"\n\t\t\t\/>\n<\/div>\n\t\t<div class=\"tribe-events-calendar-month__calendar-event-tooltip-datetime\">\n\t\t<time datetime=\"2026-04-23\">\n\t\t<span class=\"tribe-event-date-start\">abril 23 @ 4:30 pm<\/span> - <span class=\"tribe-event-time\">6:30 pm<\/span>\t<\/time>\n\t<\/div>\n\t\t<div class=\"tribe-events-calendar-month__calendar-event-tooltip-title tribe-common-h7\">\n\t<a\n\t\thref=\"https:\/\/boulder.earth\/es\/event\/songs-for-a-sacred-earth-alliance-center-earth-week-event\/\"\n\t\ttitle=\"Songs for a Sacred Earth: Alliance Center Earth Week Event\"\n\t\trel=\"bookmark\"\n\t\tclass=\"tribe-events-calendar-month__calendar-event-tooltip-title-link tribe-common-anchor-thin\"\n\t>\n\t\tSongs for a Sacred Earth: Alliance Center Earth Week Event\t<\/a>\n<\/div>\n\t\t<div class=\"tribe-events-calendar-month__calendar-event-tooltip-description tribe-common-b3\">\n\t<p>Join us during Earth Week for an evening of music, reflection, and connection exploring how sound, spirit, and story can deepen our relationship with the living world.<\/p>\n<\/div>\n\t\t\t<\/div>\n<\/div>\n\n\t<\/div>\n\n<\/article>\n\n\t\n\t\n<article  class=\"tribe-events-calendar-month__calendar-event post-10003462 tribe_events type-tribe_events status-publish has-post-thumbnail hentry tribe_events_cat-climate tribe_events_cat-nature tribe_events_cat-zero-waste cat_climate cat_nature cat_zero-waste\" >\n\n\t\n\t<div class=\"tribe-events-calendar-month__calendar-event-details\">\n\n\t\t<div class=\"tribe-events-calendar-month__calendar-event-datetime\">\n\t\t<time datetime=\"17:30\">\n\t\t5:30 pm\t<\/time>\n\t\t\t<span class=\"tribe-events-calendar-month__calendar-event-datetime-separator\"> - <\/span>\n\t\t<time datetime=\"19:00\">\n\t\t\t7:00 pm\t\t<\/time>\n\t\t<\/div>\n\t\t<div class=\"tribe-events-calendar-month__calendar-event-title tribe-common-h8 tribe-common-h--alt\">\n\t<a\n\t\thref=\"https:\/\/boulder.earth\/es\/event\/wts-boulder-earth-day-cleanup-happy-hour\/\"\n\t\ttitle=\"WTS Boulder: Earth Day Cleanup + Happy Hour\"\n\t\trel=\"bookmark\"\n\t\tclass=\"tribe-events-calendar-month__calendar-event-title-link tribe-common-anchor-thin\"\n\t\tdata-js=\"tribe-events-tooltip\"\n\t\tdata-tooltip-content=\"#tribe-events-tooltip-content-10003462\"\n\t\taria-describedby=\"tribe-events-tooltip-content-10003462\"\n\t>\n\t\tWTS Boulder: Earth Day Cleanup + Happy Hour\t<\/a>\n<\/div>\n\n\t\t<div class=\"tribe-events-calendar-month__calendar-event-tooltip-template tribe-common-a11y-hidden\">\n\t<div\n\t\tclass=\"tribe-events-calendar-month__calendar-event-tooltip\"\n\t\tid=\"tribe-events-tooltip-content-10003462\"\n\t\trole=\"tooltip\"\n\t>\n\t\t<div class=\"tribe-events-calendar-month__calendar-event-tooltip-featured-image-wrapper\">\n\t<img\n\t\tclass=\"tribe-events-calendar-month__calendar-event-tooltip-featured-image\"\n\t\tsrc=\"https:\/\/boulder.earth\/wp-content\/uploads\/2026\/04\/image.webp\"\n\t\t\t\t\tsrcset=\"https:\/\/boulder.earth\/wp-content\/uploads\/2026\/04\/image.webp 128w, https:\/\/boulder.earth\/wp-content\/uploads\/2026\/04\/image-80x80.webp 80w, https:\/\/boulder.earth\/wp-content\/uploads\/2026\/04\/image-12x12.webp 12w, https:\/\/boulder.earth\/wp-content\/uploads\/2026\/04\/image-36x36.webp 36w\"\n\t\t\t\t\t\t\talt=\"\"\n\t\t\t\/>\n<\/div>\n\t\t<div class=\"tribe-events-calendar-month__calendar-event-tooltip-datetime\">\n\t\t<time datetime=\"2026-04-23\">\n\t\t<span class=\"tribe-event-date-start\">abril 23 @ 5:30 pm<\/span> - <span class=\"tribe-event-time\">7:00 pm<\/span>\t<\/time>\n\t<\/div>\n\t\t<div class=\"tribe-events-calendar-month__calendar-event-tooltip-title tribe-common-h7\">\n\t<a\n\t\thref=\"https:\/\/boulder.earth\/es\/event\/wts-boulder-earth-day-cleanup-happy-hour\/\"\n\t\ttitle=\"WTS Boulder: Earth Day Cleanup + Happy Hour\"\n\t\trel=\"bookmark\"\n\t\tclass=\"tribe-events-calendar-month__calendar-event-tooltip-title-link tribe-common-anchor-thin\"\n\t>\n\t\tWTS Boulder: Earth Day Cleanup + Happy Hour\t<\/a>\n<\/div>\n\t\t<div class=\"tribe-events-calendar-month__calendar-event-tooltip-description tribe-common-b3\">\n\t<p>Come join WTS Boulder members to celebrate Earth Day by cleaning up Boulder's Multi-Use Path! Gloves, bags, and tongs will be provided. Please dress appropriately!<\/p>\n<\/div>\n\t\t\t<\/div>\n<\/div>\n\n\t<\/div>\n\n<\/article>\n\n\t\n\t\n<article  class=\"tribe-events-calendar-month__calendar-event post-10003466 tribe_events type-tribe_events status-publish has-post-thumbnail hentry tribe_events_cat-community tribe_events_cat-creative-arts tribe_events_cat-fundraiser cat_community cat_creative-arts cat_fundraiser\" >\n\n\t\n\t<div class=\"tribe-events-calendar-month__calendar-event-details\">\n\n\t\t<div class=\"tribe-events-calendar-month__calendar-event-datetime\">\n\t\t<time datetime=\"18:30\">\n\t\t6:30 pm\t<\/time>\n\t\t\t<span class=\"tribe-events-calendar-month__calendar-event-datetime-separator\"> - <\/span>\n\t\t<time datetime=\"22:00\">\n\t\t\t10:00 pm\t\t<\/time>\n\t\t<\/div>\n\t\t<div class=\"tribe-events-calendar-month__calendar-event-title tribe-common-h8 tribe-common-h--alt\">\n\t<a\n\t\thref=\"https:\/\/boulder.earth\/es\/event\/2026-peek-the-crystal-ball\/\"\n\t\ttitle=\"2026 PEEK: The Crystal Ball\"\n\t\trel=\"bookmark\"\n\t\tclass=\"tribe-events-calendar-month__calendar-event-title-link tribe-common-anchor-thin\"\n\t\tdata-js=\"tribe-events-tooltip\"\n\t\tdata-tooltip-content=\"#tribe-events-tooltip-content-10003466\"\n\t\taria-describedby=\"tribe-events-tooltip-content-10003466\"\n\t>\n\t\t2026 PEEK: The Crystal Ball\t<\/a>\n<\/div>\n\n\t\t<div class=\"tribe-events-calendar-month__calendar-event-tooltip-template tribe-common-a11y-hidden\">\n\t<div\n\t\tclass=\"tribe-events-calendar-month__calendar-event-tooltip\"\n\t\tid=\"tribe-events-tooltip-content-10003466\"\n\t\trole=\"tooltip\"\n\t>\n\t\t<div class=\"tribe-events-calendar-month__calendar-event-tooltip-featured-image-wrapper\">\n\t<img\n\t\tclass=\"tribe-events-calendar-month__calendar-event-tooltip-featured-image\"\n\t\tsrc=\"https:\/\/boulder.earth\/wp-content\/uploads\/2026\/04\/1522898_peek-2026-graphic-draft-1-e1776698045215.gif\"\n\t\t\t\t\tsrcset=\"https:\/\/boulder.earth\/wp-content\/uploads\/2026\/04\/1522898_peek-2026-graphic-draft-1-300x225.gif 300w, https:\/\/boulder.earth\/wp-content\/uploads\/2026\/04\/1522898_peek-2026-graphic-draft-1-1030x773.gif 1030w, https:\/\/boulder.earth\/wp-content\/uploads\/2026\/04\/1522898_peek-2026-graphic-draft-1-768x576.gif 768w, https:\/\/boulder.earth\/wp-content\/uploads\/2026\/04\/1522898_peek-2026-graphic-draft-1-16x12.gif 16w, https:\/\/boulder.earth\/wp-content\/uploads\/2026\/04\/1522898_peek-2026-graphic-draft-1-705x529.gif 705w\"\n\t\t\t\t\t\t\talt=\"\"\n\t\t\t\/>\n<\/div>\n\t\t<div class=\"tribe-events-calendar-month__calendar-event-tooltip-datetime\">\n\t\t<time datetime=\"2026-04-23\">\n\t\t<span class=\"tribe-event-date-start\">abril 23 @ 6:30 pm<\/span> - <span class=\"tribe-event-time\">10:00 pm<\/span>\t<\/time>\n\t<\/div>\n\t\t<div class=\"tribe-events-calendar-month__calendar-event-tooltip-title tribe-common-h7\">\n\t<a\n\t\thref=\"https:\/\/boulder.earth\/es\/event\/2026-peek-the-crystal-ball\/\"\n\t\ttitle=\"2026 PEEK: The Crystal Ball\"\n\t\trel=\"bookmark\"\n\t\tclass=\"tribe-events-calendar-month__calendar-event-tooltip-title-link tribe-common-anchor-thin\"\n\t>\n\t\t2026 PEEK: The Crystal Ball\t<\/a>\n<\/div>\n\t\t<div class=\"tribe-events-calendar-month__calendar-event-tooltip-description tribe-common-b3\">\n\t<p>This is a gala for the clairvoyant and the curious\u2014a night of divination, transformation, and radical creativity. Step into a realm where artists become oracles, performances read like prophecies, and the future reveals itself through immersive ritual and spellbinding spectacle. From otherworldly installations to visionary live acts, this is not simply an event\u2014it is an awakening.<\/p>\n<\/div>\n\t\t\t<\/div>\n<\/div>\n\n\t<\/div>\n\n<\/article>\n\n\t<\/div>\n\n\t\n<\/div>\n<\/td>\n\n\t\t\t\n\t\t\t\t<td\n\t class=\"tribe-events-calendar-month__day tribe-events-calendar-month__day--past\" \taria-labelledby=\"tribe-events-calendar-day-2026-04-24\"\n\tdata-js=\"tribe-events-month-grid-cell\"\n>\n\t<button\n\taria-expanded=\"false\"\n\taria-controls=\"tribe-events-calendar-mobile-day-2026-04-24\"\n\taria-label=\"abril 24, 2 eventos, past day\"\n\t class=\"tribe-events-calendar-month__day-cell tribe-events-calendar-month__day-cell--mobile\" \tdata-js=\"tribe-events-calendar-month-day-cell-mobile\"\n>\n\t<h3 class=\"tribe-events-calendar-month__day-date tribe-common-h6 tribe-common-h--alt\">\n\t\t<span class=\"tribe-common-a11y-visual-hide\">\n\t\t\t2 eventos\t\t<\/span>\n\t\t<time\n\t\t\tclass=\"tribe-events-calendar-month__day-date-daynum\"\n\t\t\tdatetime=\"2026-04-24\"\n\t\t>\n\t\t\t24\t\t<\/time>\n\t<\/h3>\n\t\n\t<span class=\"tribe-events-calendar-month__mobile-events-icon tribe-events-calendar-month__mobile-events-icon--event\" >\n\t<\/span>\n<\/button>\n\t\n<div\n\tid=\"tribe-events-calendar-day-2026-04-24\"\n\tclass=\"tribe-events-calendar-month__day-cell tribe-events-calendar-month__day-cell--desktop tribe-common-a11y-hidden\"\n>\n\t\n<h3 class=\"tribe-events-calendar-month__day-date tribe-common-h4\">\n\t<span class=\"tribe-common-a11y-visual-hide\">\n\t\t2 eventos,\n\t<\/span>\n\t<time\n\t\tclass=\"tribe-events-calendar-month__day-date-daynum\"\n\t\tdatetime=\"2026-04-24\"\n\t>\n\t\t\t\t\t<a\n\t\t\t\thref=\"https:\/\/boulder.earth\/es\/events\/2026-04-24\/?shortcode=42cf1b8c\"\n\t\t\t\tclass=\"tribe-events-calendar-month__day-date-link\"\n\t\t\t\tdata-js=\"tribe-events-view-link\"\n\t\t\t\taria-label=\"abril 24\"\n\t\t\t>\n\t\t\t\t24\t\t\t<\/a>\n\t\t\t<\/time>\n<\/h3>\n\n\t<div class=\"tribe-events-calendar-month__events\">\n\t\t\n\t\t\n\t\n\t\n<article  class=\"tribe-events-calendar-month__calendar-event post-10003464 tribe_events type-tribe_events status-publish has-post-thumbnail hentry tribe_events_cat-community tribe_events_cat-creative-arts tribe_events_cat-networking cat_community cat_creative-arts cat_networking\" >\n\n\t\n\t<div class=\"tribe-events-calendar-month__calendar-event-details\">\n\n\t\t<div class=\"tribe-events-calendar-month__calendar-event-datetime\">\n\t\t<time datetime=\"11:30\">\n\t\t11:30 am\t<\/time>\n\t\t\t<span class=\"tribe-events-calendar-month__calendar-event-datetime-separator\"> - <\/span>\n\t\t<time datetime=\"13:00\">\n\t\t\t1:00 pm\t\t<\/time>\n\t\t<\/div>\n\t\t<div class=\"tribe-events-calendar-month__calendar-event-title tribe-common-h8 tribe-common-h--alt\">\n\t<a\n\t\thref=\"https:\/\/boulder.earth\/es\/event\/bcaa-business-of-arts-felder-improv-workshop\/\"\n\t\ttitle=\"BCAA Business of Arts: Felder Improv Workshop\"\n\t\trel=\"bookmark\"\n\t\tclass=\"tribe-events-calendar-month__calendar-event-title-link tribe-common-anchor-thin\"\n\t\tdata-js=\"tribe-events-tooltip\"\n\t\tdata-tooltip-content=\"#tribe-events-tooltip-content-10003464\"\n\t\taria-describedby=\"tribe-events-tooltip-content-10003464\"\n\t>\n\t\tBCAA Business of Arts: Felder Improv Workshop\t<\/a>\n<\/div>\n\n\t\t<div class=\"tribe-events-calendar-month__calendar-event-tooltip-template tribe-common-a11y-hidden\">\n\t<div\n\t\tclass=\"tribe-events-calendar-month__calendar-event-tooltip\"\n\t\tid=\"tribe-events-tooltip-content-10003464\"\n\t\trole=\"tooltip\"\n\t>\n\t\t<div class=\"tribe-events-calendar-month__calendar-event-tooltip-featured-image-wrapper\">\n\t<img\n\t\tclass=\"tribe-events-calendar-month__calendar-event-tooltip-featured-image\"\n\t\tsrc=\"https:\/\/boulder.earth\/wp-content\/uploads\/2026\/04\/bdb2026d287cb3810740e0a4b8086ffcf831b7fa_b88191889c78fe52f63b8762e0338818.jpg\"\n\t\t\t\t\tsrcset=\"https:\/\/boulder.earth\/wp-content\/uploads\/2026\/04\/bdb2026d287cb3810740e0a4b8086ffcf831b7fa_b88191889c78fe52f63b8762e0338818-300x194.jpg 300w, https:\/\/boulder.earth\/wp-content\/uploads\/2026\/04\/bdb2026d287cb3810740e0a4b8086ffcf831b7fa_b88191889c78fe52f63b8762e0338818-18x12.jpg 18w, https:\/\/boulder.earth\/wp-content\/uploads\/2026\/04\/bdb2026d287cb3810740e0a4b8086ffcf831b7fa_b88191889c78fe52f63b8762e0338818.jpg 534w\"\n\t\t\t\t\t\t\talt=\"\"\n\t\t\t\/>\n<\/div>\n\t\t<div class=\"tribe-events-calendar-month__calendar-event-tooltip-datetime\">\n\t\t<time datetime=\"2026-04-24\">\n\t\t<span class=\"tribe-event-date-start\">abril 24 @ 11:30 am<\/span> - <span class=\"tribe-event-time\">1:00 pm<\/span>\t<\/time>\n\t<\/div>\n\t\t<div class=\"tribe-events-calendar-month__calendar-event-tooltip-title tribe-common-h7\">\n\t<a\n\t\thref=\"https:\/\/boulder.earth\/es\/event\/bcaa-business-of-arts-felder-improv-workshop\/\"\n\t\ttitle=\"BCAA Business of Arts: Felder Improv Workshop\"\n\t\trel=\"bookmark\"\n\t\tclass=\"tribe-events-calendar-month__calendar-event-tooltip-title-link tribe-common-anchor-thin\"\n\t>\n\t\tBCAA Business of Arts: Felder Improv Workshop\t<\/a>\n<\/div>\n\t\t<div class=\"tribe-events-calendar-month__calendar-event-tooltip-description tribe-common-b3\">\n\t<p>Crazy times call for artists and leaders prepared to think flexibly and outside the box. Strengthen your ability to communicate, lead, and collaborate in this experiential and welcoming improv workshop.<\/p>\n<\/div>\n\t\t\t<\/div>\n<\/div>\n\n\t<\/div>\n\n<\/article>\n\n\t\n\t\n<article  class=\"tribe-events-calendar-month__calendar-event post-10003642 tribe_events type-tribe_events status-publish has-post-thumbnail hentry tribe_events_cat-activism tribe_events_cat-education tribe_events_cat-energy tribe_events_cat-webinar cat_activism cat_education cat_energy cat_webinar\" >\n\n\t\n\t<div class=\"tribe-events-calendar-month__calendar-event-details\">\n\n\t\t<div class=\"tribe-events-calendar-month__calendar-event-datetime\">\n\t\t<time datetime=\"19:00\">\n\t\t7:00 pm\t<\/time>\n\t\t\t<span class=\"tribe-events-calendar-month__calendar-event-datetime-separator\"> - <\/span>\n\t\t<time datetime=\"21:00\">\n\t\t\t9:00 pm\t\t<\/time>\n\t\t<\/div>\n\t\t<div class=\"tribe-events-calendar-month__calendar-event-title tribe-common-h8 tribe-common-h--alt\">\n\t<a\n\t\thref=\"https:\/\/boulder.earth\/es\/event\/the-u-s-nuclear-weapons-complex-past-present-and-an-uncharted-future\/\"\n\t\ttitle=\"The U.S. Nuclear Weapons Complex: Past, Present, and an Uncharted Future\"\n\t\trel=\"bookmark\"\n\t\tclass=\"tribe-events-calendar-month__calendar-event-title-link tribe-common-anchor-thin\"\n\t\tdata-js=\"tribe-events-tooltip\"\n\t\tdata-tooltip-content=\"#tribe-events-tooltip-content-10003642\"\n\t\taria-describedby=\"tribe-events-tooltip-content-10003642\"\n\t>\n\t\tThe U.S. Nuclear Weapons Complex: Past, Present, and an Uncharted Future\t<\/a>\n<\/div>\n\n\t\t<div class=\"tribe-events-calendar-month__calendar-event-tooltip-template tribe-common-a11y-hidden\">\n\t<div\n\t\tclass=\"tribe-events-calendar-month__calendar-event-tooltip\"\n\t\tid=\"tribe-events-tooltip-content-10003642\"\n\t\trole=\"tooltip\"\n\t>\n\t\t<div class=\"tribe-events-calendar-month__calendar-event-tooltip-featured-image-wrapper\">\n\t<img\n\t\tclass=\"tribe-events-calendar-month__calendar-event-tooltip-featured-image\"\n\t\tsrc=\"https:\/\/boulder.earth\/wp-content\/uploads\/2026\/04\/RMPJC-Full-page-promo-fliers-_4_-e1777338975555.png\"\n\t\t\t\t\tsrcset=\"https:\/\/boulder.earth\/wp-content\/uploads\/2026\/04\/RMPJC-Full-page-promo-fliers-_4_-232x300.png 232w, https:\/\/boulder.earth\/wp-content\/uploads\/2026\/04\/RMPJC-Full-page-promo-fliers-_4_-796x1030.png 796w, https:\/\/boulder.earth\/wp-content\/uploads\/2026\/04\/RMPJC-Full-page-promo-fliers-_4_-768x994.png 768w, https:\/\/boulder.earth\/wp-content\/uploads\/2026\/04\/RMPJC-Full-page-promo-fliers-_4_-1187x1536.png 1187w, https:\/\/boulder.earth\/wp-content\/uploads\/2026\/04\/RMPJC-Full-page-promo-fliers-_4_-9x12.png 9w, https:\/\/boulder.earth\/wp-content\/uploads\/2026\/04\/RMPJC-Full-page-promo-fliers-_4_-1159x1500.png 1159w, https:\/\/boulder.earth\/wp-content\/uploads\/2026\/04\/RMPJC-Full-page-promo-fliers-_4_-545x705.png 545w, https:\/\/boulder.earth\/wp-content\/uploads\/2026\/04\/RMPJC-Full-page-promo-fliers-_4_-e1777338975555.png 600w\"\n\t\t\t\t\t\t\talt=\"\"\n\t\t\t\/>\n<\/div>\n\t\t<div class=\"tribe-events-calendar-month__calendar-event-tooltip-datetime\">\n\t\t<time datetime=\"2026-04-24\">\n\t\t<span class=\"tribe-event-date-start\">abril 24 @ 7:00 pm<\/span> - <span class=\"tribe-event-time\">9:00 pm<\/span>\t<\/time>\n\t<\/div>\n\t\t<div class=\"tribe-events-calendar-month__calendar-event-tooltip-title tribe-common-h7\">\n\t<a\n\t\thref=\"https:\/\/boulder.earth\/es\/event\/the-u-s-nuclear-weapons-complex-past-present-and-an-uncharted-future\/\"\n\t\ttitle=\"The U.S. Nuclear Weapons Complex: Past, Present, and an Uncharted Future\"\n\t\trel=\"bookmark\"\n\t\tclass=\"tribe-events-calendar-month__calendar-event-tooltip-title-link tribe-common-anchor-thin\"\n\t>\n\t\tThe U.S. Nuclear Weapons Complex: Past, Present, and an Uncharted Future\t<\/a>\n<\/div>\n\t\t<div class=\"tribe-events-calendar-month__calendar-event-tooltip-description tribe-common-b3\">\n\t<p>The Northern Colorado Alliance for a Livable Future Salon Duc Tape Series Presents:\u00a0The U.S. Nuclear Weapons Complex: Past, Present, and an Uncharted Future<\/p>\n<\/div>\n\t\t\t<\/div>\n<\/div>\n\n\t<\/div>\n\n<\/article>\n\n\t<\/div>\n\n\t\n<\/div>\n<\/td>\n\n\t\t\t\n\t\t\t\t<td\n\t class=\"tribe-events-calendar-month__day tribe-events-calendar-month__day--past\" \taria-labelledby=\"tribe-events-calendar-day-2026-04-25\"\n\tdata-js=\"tribe-events-month-grid-cell\"\n>\n\t<button\n\taria-expanded=\"false\"\n\taria-controls=\"tribe-events-calendar-mobile-day-2026-04-25\"\n\taria-label=\"abril 25, 3 eventos, past day\"\n\t class=\"tribe-events-calendar-month__day-cell tribe-events-calendar-month__day-cell--mobile\" \tdata-js=\"tribe-events-calendar-month-day-cell-mobile\"\n>\n\t<h3 class=\"tribe-events-calendar-month__day-date tribe-common-h6 tribe-common-h--alt\">\n\t\t<span class=\"tribe-common-a11y-visual-hide\">\n\t\t\t3 eventos\t\t<\/span>\n\t\t<time\n\t\t\tclass=\"tribe-events-calendar-month__day-date-daynum\"\n\t\t\tdatetime=\"2026-04-25\"\n\t\t>\n\t\t\t25\t\t<\/time>\n\t<\/h3>\n\t\n\t<span class=\"tribe-events-calendar-month__mobile-events-icon tribe-events-calendar-month__mobile-events-icon--event\" >\n\t<\/span>\n<\/button>\n\t\n<div\n\tid=\"tribe-events-calendar-day-2026-04-25\"\n\tclass=\"tribe-events-calendar-month__day-cell tribe-events-calendar-month__day-cell--desktop tribe-common-a11y-hidden\"\n>\n\t\n<h3 class=\"tribe-events-calendar-month__day-date tribe-common-h4\">\n\t<span class=\"tribe-common-a11y-visual-hide\">\n\t\t3 eventos,\n\t<\/span>\n\t<time\n\t\tclass=\"tribe-events-calendar-month__day-date-daynum\"\n\t\tdatetime=\"2026-04-25\"\n\t>\n\t\t\t\t\t<a\n\t\t\t\thref=\"https:\/\/boulder.earth\/es\/events\/2026-04-25\/?shortcode=42cf1b8c\"\n\t\t\t\tclass=\"tribe-events-calendar-month__day-date-link\"\n\t\t\t\tdata-js=\"tribe-events-view-link\"\n\t\t\t\taria-label=\"abril 25\"\n\t\t\t>\n\t\t\t\t25\t\t\t<\/a>\n\t\t\t<\/time>\n<\/h3>\n\n\t<div class=\"tribe-events-calendar-month__events\">\n\t\t\n\t\t\n\t\n\t\n<article  class=\"tribe-events-calendar-month__calendar-event post-10003476 tribe_events type-tribe_events status-publish has-post-thumbnail hentry tribe_events_cat-agriculture tribe_events_cat-community tribe_events_cat-food cat_agriculture cat_community cat_food tribe-recurring-event tribe-recurring-event-parent\" >\n\n\t\n\t<div class=\"tribe-events-calendar-month__calendar-event-details\">\n\n\t\t<div class=\"tribe-events-calendar-month__calendar-event-datetime\">\n\t\t<time datetime=\"08:00\">\n\t\t8:00 am\t<\/time>\n\t\t\t<span class=\"tribe-events-calendar-month__calendar-event-datetime-separator\"> - <\/span>\n\t\t<time datetime=\"14:00\">\n\t\t\t2:00 pm\t\t<\/time>\n\t\t\n<span class=\"tribe-events-calendar-series-archive__container\">\n\t<a\n\t\thref=\"https:\/\/boulder.earth\/es\/series\/boulder-farmers-market\/\"\n\t\taria-label=\"Event series: Boulder Farmers Market\"\n\t\tclass=\"tribe-events-calendar-series-archive__link\"\n\t>\n\t\t\n<svg  class=\"tribe-common-c-svgicon tribe-common-c-svgicon--series tribe-events-series-archive__icon\"  width=\"14\" height=\"12\" viewBox=\"0 0 14 12\" fill=\"none\" xmlns=\"http:\/\/www.w3.org\/2000\/svg\" aria-hidden=\"true\">\n\t<rect x=\"0.5\" y=\"4.5\" width=\"9\" height=\"7\" \/>\n\t<path d=\"M2 2.5H11.5V10\" \/>\n\t<path d=\"M4 0.5H13.5V8\" \/>\n<\/svg>\n\t<\/a>\n<\/span>\n<\/div>\n\t\t<div class=\"tribe-events-calendar-month__calendar-event-title tribe-common-h8 tribe-common-h--alt\">\n\t<a\n\t\thref=\"https:\/\/boulder.earth\/es\/event\/boulder-farmers-market\/2026-04-25\/\"\n\t\ttitle=\"Boulder Farmers Market\"\n\t\trel=\"bookmark\"\n\t\tclass=\"tribe-events-calendar-month__calendar-event-title-link tribe-common-anchor-thin\"\n\t\tdata-js=\"tribe-events-tooltip\"\n\t\tdata-tooltip-content=\"#tribe-events-tooltip-content-10003476\"\n\t\taria-describedby=\"tribe-events-tooltip-content-10003476\"\n\t>\n\t\tBoulder Farmers Market\t<\/a>\n<\/div>\n\n\t\t<div class=\"tribe-events-calendar-month__calendar-event-tooltip-template tribe-common-a11y-hidden\">\n\t<div\n\t\tclass=\"tribe-events-calendar-month__calendar-event-tooltip\"\n\t\tid=\"tribe-events-tooltip-content-10003476\"\n\t\trole=\"tooltip\"\n\t>\n\t\t<div class=\"tribe-events-calendar-month__calendar-event-tooltip-featured-image-wrapper\">\n\t<img\n\t\tclass=\"tribe-events-calendar-month__calendar-event-tooltip-featured-image\"\n\t\tsrc=\"https:\/\/boulder.earth\/wp-content\/uploads\/2026\/04\/5a1a4a83-2755-6e04-62f2-ff349ad4a3cd-e1776830580952.jpg\"\n\t\t\t\t\tsrcset=\"https:\/\/boulder.earth\/wp-content\/uploads\/2026\/04\/5a1a4a83-2755-6e04-62f2-ff349ad4a3cd-300x300.jpg 300w, https:\/\/boulder.earth\/wp-content\/uploads\/2026\/04\/5a1a4a83-2755-6e04-62f2-ff349ad4a3cd-1030x1030.jpg 1030w, https:\/\/boulder.earth\/wp-content\/uploads\/2026\/04\/5a1a4a83-2755-6e04-62f2-ff349ad4a3cd-80x80.jpg 80w, https:\/\/boulder.earth\/wp-content\/uploads\/2026\/04\/5a1a4a83-2755-6e04-62f2-ff349ad4a3cd-768x768.jpg 768w, https:\/\/boulder.earth\/wp-content\/uploads\/2026\/04\/5a1a4a83-2755-6e04-62f2-ff349ad4a3cd-12x12.jpg 12w, https:\/\/boulder.earth\/wp-content\/uploads\/2026\/04\/5a1a4a83-2755-6e04-62f2-ff349ad4a3cd-36x36.jpg 36w, https:\/\/boulder.earth\/wp-content\/uploads\/2026\/04\/5a1a4a83-2755-6e04-62f2-ff349ad4a3cd-180x180.jpg 180w, https:\/\/boulder.earth\/wp-content\/uploads\/2026\/04\/5a1a4a83-2755-6e04-62f2-ff349ad4a3cd-705x705.jpg 705w, https:\/\/boulder.earth\/wp-content\/uploads\/2026\/04\/5a1a4a83-2755-6e04-62f2-ff349ad4a3cd-e1776830580952.jpg 600w\"\n\t\t\t\t\t\t\talt=\"\"\n\t\t\t\/>\n<\/div>\n\t\t<div class=\"tribe-events-calendar-month__calendar-event-tooltip-datetime\">\n\t\t<time datetime=\"2026-04-25\">\n\t\t<span class=\"tribe-event-date-start\">abril 25 @ 8:00 am<\/span> - <span class=\"tribe-event-time\">2:00 pm<\/span>\t<\/time>\n\t\n<span class=\"tribe-events-calendar-series-archive__container\">\n\t<a\n\t\thref=\"https:\/\/boulder.earth\/es\/series\/boulder-farmers-market\/\"\n\t\taria-label=\"Event series: Boulder Farmers Market\"\n\t\tclass=\"tribe-events-calendar-series-archive__link\"\n\t>\n\t\t\n<svg  class=\"tribe-common-c-svgicon tribe-common-c-svgicon--series tribe-events-series-archive__icon\"  width=\"14\" height=\"12\" viewBox=\"0 0 14 12\" fill=\"none\" xmlns=\"http:\/\/www.w3.org\/2000\/svg\" aria-hidden=\"true\">\n\t<rect x=\"0.5\" y=\"4.5\" width=\"9\" height=\"7\" \/>\n\t<path d=\"M2 2.5H11.5V10\" \/>\n\t<path d=\"M4 0.5H13.5V8\" \/>\n<\/svg>\n\t<\/a>\n<\/span>\n<\/div>\n\t\t<div class=\"tribe-events-calendar-month__calendar-event-tooltip-title tribe-common-h7\">\n\t<a\n\t\thref=\"https:\/\/boulder.earth\/es\/event\/boulder-farmers-market\/2026-04-25\/\"\n\t\ttitle=\"Boulder Farmers Market\"\n\t\trel=\"bookmark\"\n\t\tclass=\"tribe-events-calendar-month__calendar-event-tooltip-title-link tribe-common-anchor-thin\"\n\t>\n\t\tBoulder Farmers Market\t<\/a>\n<\/div>\n\t\t<div class=\"tribe-events-calendar-month__calendar-event-tooltip-description tribe-common-b3\">\n\t<p>We're excited to have 75 vendor join us for opening day at the Boulder Farmers Market!<\/p>\n<\/div>\n\t\t\t<\/div>\n<\/div>\n\n\t<\/div>\n\n<\/article>\n\n\t\n\t\n<article  class=\"tribe-events-calendar-month__calendar-event post-10003555 tribe_events type-tribe_events status-publish has-post-thumbnail hentry tribe_events_cat-agriculture tribe_events_cat-community tribe_events_cat-food cat_agriculture cat_community cat_food tribe-recurring-event tribe-recurring-event-parent\" >\n\n\t\n\t<div class=\"tribe-events-calendar-month__calendar-event-details\">\n\n\t\t<div class=\"tribe-events-calendar-month__calendar-event-datetime\">\n\t\t<time datetime=\"08:00\">\n\t\t8:00 am\t<\/time>\n\t\t\t<span class=\"tribe-events-calendar-month__calendar-event-datetime-separator\"> - <\/span>\n\t\t<time datetime=\"14:00\">\n\t\t\t2:00 pm\t\t<\/time>\n\t\t\n<span class=\"tribe-events-calendar-series-archive__container\">\n\t<a\n\t\thref=\"https:\/\/boulder.earth\/es\/series\/longmont-farmers-market\/\"\n\t\taria-label=\"Event series: Longmont Farmers Market\"\n\t\tclass=\"tribe-events-calendar-series-archive__link\"\n\t>\n\t\t\n<svg  class=\"tribe-common-c-svgicon tribe-common-c-svgicon--series tribe-events-series-archive__icon\"  width=\"14\" height=\"12\" viewBox=\"0 0 14 12\" fill=\"none\" xmlns=\"http:\/\/www.w3.org\/2000\/svg\" aria-hidden=\"true\">\n\t<rect x=\"0.5\" y=\"4.5\" width=\"9\" height=\"7\" \/>\n\t<path d=\"M2 2.5H11.5V10\" \/>\n\t<path d=\"M4 0.5H13.5V8\" \/>\n<\/svg>\n\t<\/a>\n<\/span>\n<\/div>\n\t\t<div class=\"tribe-events-calendar-month__calendar-event-title tribe-common-h8 tribe-common-h--alt\">\n\t<a\n\t\thref=\"https:\/\/boulder.earth\/es\/event\/longmont-farmers-market-2\/2026-04-25\/\"\n\t\ttitle=\"Longmont Farmers Market\"\n\t\trel=\"bookmark\"\n\t\tclass=\"tribe-events-calendar-month__calendar-event-title-link tribe-common-anchor-thin\"\n\t\tdata-js=\"tribe-events-tooltip\"\n\t\tdata-tooltip-content=\"#tribe-events-tooltip-content-10003555\"\n\t\taria-describedby=\"tribe-events-tooltip-content-10003555\"\n\t>\n\t\tLongmont Farmers Market\t<\/a>\n<\/div>\n\n\t\t<div class=\"tribe-events-calendar-month__calendar-event-tooltip-template tribe-common-a11y-hidden\">\n\t<div\n\t\tclass=\"tribe-events-calendar-month__calendar-event-tooltip\"\n\t\tid=\"tribe-events-tooltip-content-10003555\"\n\t\trole=\"tooltip\"\n\t>\n\t\t<div class=\"tribe-events-calendar-month__calendar-event-tooltip-featured-image-wrapper\">\n\t<img\n\t\tclass=\"tribe-events-calendar-month__calendar-event-tooltip-featured-image\"\n\t\tsrc=\"https:\/\/boulder.earth\/wp-content\/uploads\/2026\/04\/5a1a4a83-2755-6e04-62f2-ff349ad4a3cd-e1776830580952.jpg\"\n\t\t\t\t\tsrcset=\"https:\/\/boulder.earth\/wp-content\/uploads\/2026\/04\/5a1a4a83-2755-6e04-62f2-ff349ad4a3cd-300x300.jpg 300w, https:\/\/boulder.earth\/wp-content\/uploads\/2026\/04\/5a1a4a83-2755-6e04-62f2-ff349ad4a3cd-1030x1030.jpg 1030w, https:\/\/boulder.earth\/wp-content\/uploads\/2026\/04\/5a1a4a83-2755-6e04-62f2-ff349ad4a3cd-80x80.jpg 80w, https:\/\/boulder.earth\/wp-content\/uploads\/2026\/04\/5a1a4a83-2755-6e04-62f2-ff349ad4a3cd-768x768.jpg 768w, https:\/\/boulder.earth\/wp-content\/uploads\/2026\/04\/5a1a4a83-2755-6e04-62f2-ff349ad4a3cd-12x12.jpg 12w, https:\/\/boulder.earth\/wp-content\/uploads\/2026\/04\/5a1a4a83-2755-6e04-62f2-ff349ad4a3cd-36x36.jpg 36w, https:\/\/boulder.earth\/wp-content\/uploads\/2026\/04\/5a1a4a83-2755-6e04-62f2-ff349ad4a3cd-180x180.jpg 180w, https:\/\/boulder.earth\/wp-content\/uploads\/2026\/04\/5a1a4a83-2755-6e04-62f2-ff349ad4a3cd-705x705.jpg 705w, https:\/\/boulder.earth\/wp-content\/uploads\/2026\/04\/5a1a4a83-2755-6e04-62f2-ff349ad4a3cd-e1776830580952.jpg 600w\"\n\t\t\t\t\t\t\talt=\"\"\n\t\t\t\/>\n<\/div>\n\t\t<div class=\"tribe-events-calendar-month__calendar-event-tooltip-datetime\">\n\t\t<time datetime=\"2026-04-25\">\n\t\t<span class=\"tribe-event-date-start\">abril 25 @ 8:00 am<\/span> - <span class=\"tribe-event-time\">2:00 pm<\/span>\t<\/time>\n\t\n<span class=\"tribe-events-calendar-series-archive__container\">\n\t<a\n\t\thref=\"https:\/\/boulder.earth\/es\/series\/longmont-farmers-market\/\"\n\t\taria-label=\"Event series: Longmont Farmers Market\"\n\t\tclass=\"tribe-events-calendar-series-archive__link\"\n\t>\n\t\t\n<svg  class=\"tribe-common-c-svgicon tribe-common-c-svgicon--series tribe-events-series-archive__icon\"  width=\"14\" height=\"12\" viewBox=\"0 0 14 12\" fill=\"none\" xmlns=\"http:\/\/www.w3.org\/2000\/svg\" aria-hidden=\"true\">\n\t<rect x=\"0.5\" y=\"4.5\" width=\"9\" height=\"7\" \/>\n\t<path d=\"M2 2.5H11.5V10\" \/>\n\t<path d=\"M4 0.5H13.5V8\" \/>\n<\/svg>\n\t<\/a>\n<\/span>\n<\/div>\n\t\t<div class=\"tribe-events-calendar-month__calendar-event-tooltip-title tribe-common-h7\">\n\t<a\n\t\thref=\"https:\/\/boulder.earth\/es\/event\/longmont-farmers-market-2\/2026-04-25\/\"\n\t\ttitle=\"Longmont Farmers Market\"\n\t\trel=\"bookmark\"\n\t\tclass=\"tribe-events-calendar-month__calendar-event-tooltip-title-link tribe-common-anchor-thin\"\n\t>\n\t\tLongmont Farmers Market\t<\/a>\n<\/div>\n\t\t<div class=\"tribe-events-calendar-month__calendar-event-tooltip-description tribe-common-b3\">\n\t<p>In Longmont, we'll have nearly 70 vendors joining us this Saturday!<\/p>\n<\/div>\n\t\t\t<\/div>\n<\/div>\n\n\t<\/div>\n\n<\/article>\n\n\t\n\t\n<article  class=\"tribe-events-calendar-month__calendar-event post-10003360 tribe_events type-tribe_events status-publish hentry tribe_events_cat-activism tribe_events_cat-community tribe_events_cat-nature tribe_events_cat-networking tribe_events_cat-policy cat_activism cat_community cat_nature cat_networking cat_policy\" >\n\n\t\n\t<div class=\"tribe-events-calendar-month__calendar-event-details\">\n\n\t\t<div class=\"tribe-events-calendar-month__calendar-event-datetime\">\n\t\t<time datetime=\"12:30\">\n\t\t12:30 pm\t<\/time>\n\t\t\t<span class=\"tribe-events-calendar-month__calendar-event-datetime-separator\"> - <\/span>\n\t\t<time datetime=\"15:00\">\n\t\t\t3:00 pm\t\t<\/time>\n\t\t<\/div>\n\t\t<div class=\"tribe-events-calendar-month__calendar-event-title tribe-common-h8 tribe-common-h--alt\">\n\t<a\n\t\thref=\"https:\/\/boulder.earth\/es\/event\/2026-zonta-foothills-climate-justice-forum\/\"\n\t\ttitle=\"2026 Zonta Foothills Climate Justice Forum\"\n\t\trel=\"bookmark\"\n\t\tclass=\"tribe-events-calendar-month__calendar-event-title-link tribe-common-anchor-thin\"\n\t\tdata-js=\"tribe-events-tooltip\"\n\t\tdata-tooltip-content=\"#tribe-events-tooltip-content-10003360\"\n\t\taria-describedby=\"tribe-events-tooltip-content-10003360\"\n\t>\n\t\t2026 Zonta Foothills Climate Justice Forum\t<\/a>\n<\/div>\n\n\t\t<div class=\"tribe-events-calendar-month__calendar-event-tooltip-template tribe-common-a11y-hidden\">\n\t<div\n\t\tclass=\"tribe-events-calendar-month__calendar-event-tooltip\"\n\t\tid=\"tribe-events-tooltip-content-10003360\"\n\t\trole=\"tooltip\"\n\t>\n\t\t\t\t<div class=\"tribe-events-calendar-month__calendar-event-tooltip-datetime\">\n\t\t<time datetime=\"2026-04-25\">\n\t\t<span class=\"tribe-event-date-start\">abril 25 @ 12:30 pm<\/span> - <span class=\"tribe-event-time\">3:00 pm<\/span>\t<\/time>\n\t<\/div>\n\t\t<div class=\"tribe-events-calendar-month__calendar-event-tooltip-title tribe-common-h7\">\n\t<a\n\t\thref=\"https:\/\/boulder.earth\/es\/event\/2026-zonta-foothills-climate-justice-forum\/\"\n\t\ttitle=\"2026 Zonta Foothills Climate Justice Forum\"\n\t\trel=\"bookmark\"\n\t\tclass=\"tribe-events-calendar-month__calendar-event-tooltip-title-link tribe-common-anchor-thin\"\n\t>\n\t\t2026 Zonta Foothills Climate Justice Forum\t<\/a>\n<\/div>\n\t\t<div class=\"tribe-events-calendar-month__calendar-event-tooltip-description tribe-common-b3\">\n\t<p>The forum will feature a panel of climate justice experts &amp; advocates who are at the forefront, fighting to save their communities, buld sustainable practices, &amp; pass legislation to mitigate the effects of climate change.<\/p>\n<\/div>\n\t\t\t<\/div>\n<\/div>\n\n\t<\/div>\n\n<\/article>\n\n\t<\/div>\n\n\t\n<\/div>\n<\/td>\n\n\t\t\t\t\t<\/tr>\n\t\t\t<tr class=\"tribe-events-calendar-month__week\" data-js=\"tribe-events-month-grid-row\">\n\t\t\t\n\t\t\t\t<td\n\t class=\"tribe-events-calendar-month__day tribe-events-calendar-month__day--past\" \taria-labelledby=\"tribe-events-calendar-day-2026-04-26\"\n\tdata-js=\"tribe-events-month-grid-cell\"\n>\n\t<button\n\taria-expanded=\"false\"\n\taria-controls=\"tribe-events-calendar-mobile-day-2026-04-26\"\n\taria-label=\"abril 26, 3 eventos, past day\"\n\t class=\"tribe-events-calendar-month__day-cell tribe-events-calendar-month__day-cell--mobile\" \tdata-js=\"tribe-events-calendar-month-day-cell-mobile\"\n>\n\t<h3 class=\"tribe-events-calendar-month__day-date tribe-common-h6 tribe-common-h--alt\">\n\t\t<span class=\"tribe-common-a11y-visual-hide\">\n\t\t\t3 eventos\t\t<\/span>\n\t\t<time\n\t\t\tclass=\"tribe-events-calendar-month__day-date-daynum\"\n\t\t\tdatetime=\"2026-04-26\"\n\t\t>\n\t\t\t26\t\t<\/time>\n\t<\/h3>\n\t\n\t<span class=\"tribe-events-calendar-month__mobile-events-icon tribe-events-calendar-month__mobile-events-icon--event\" >\n\t<\/span>\n<\/button>\n\t\n<div\n\tid=\"tribe-events-calendar-day-2026-04-26\"\n\tclass=\"tribe-events-calendar-month__day-cell tribe-events-calendar-month__day-cell--desktop tribe-common-a11y-hidden\"\n>\n\t\n<h3 class=\"tribe-events-calendar-month__day-date tribe-common-h4\">\n\t<span class=\"tribe-common-a11y-visual-hide\">\n\t\t3 eventos,\n\t<\/span>\n\t<time\n\t\tclass=\"tribe-events-calendar-month__day-date-daynum\"\n\t\tdatetime=\"2026-04-26\"\n\t>\n\t\t\t\t\t<a\n\t\t\t\thref=\"https:\/\/boulder.earth\/es\/events\/2026-04-26\/?shortcode=42cf1b8c\"\n\t\t\t\tclass=\"tribe-events-calendar-month__day-date-link\"\n\t\t\t\tdata-js=\"tribe-events-view-link\"\n\t\t\t\taria-label=\"abril 26\"\n\t\t\t>\n\t\t\t\t26\t\t\t<\/a>\n\t\t\t<\/time>\n<\/h3>\n\n\t<div class=\"tribe-events-calendar-month__events\">\n\t\t\n\t\t\n\t\n\t\n<article  class=\"tribe-events-calendar-month__calendar-event post-10003023 tribe_events type-tribe_events status-publish has-post-thumbnail hentry tribe_events_cat-activism tribe_events_cat-community tribe_events_cat-culture-building tribe_events_cat-governance tribe_events_cat-human-rights tribe_events_cat-resilience tribe_events_cat-social-justice cat_activism cat_community cat_culture-building cat_governance cat_human-rights cat_resilience cat_social-justice tribe-recurring-event tribe-recurring-event-parent\" >\n\n\t\n\t<div class=\"tribe-events-calendar-month__calendar-event-details\">\n\n\t\t<div class=\"tribe-events-calendar-month__calendar-event-datetime\">\n\t\t<time datetime=\"12:00\">\n\t\t12:00 pm\t<\/time>\n\t\t\t<span class=\"tribe-events-calendar-month__calendar-event-datetime-separator\"> - <\/span>\n\t\t<time datetime=\"13:00\">\n\t\t\t1:00 pm\t\t<\/time>\n\t\t<\/div>\n\t\t<div class=\"tribe-events-calendar-month__calendar-event-title tribe-common-h8 tribe-common-h--alt\">\n\t<a\n\t\thref=\"https:\/\/boulder.earth\/es\/event\/weekly-vigil-for-palestine\/2026-04-26\/\"\n\t\ttitle=\"Weekly Vigil for Palestine\"\n\t\trel=\"bookmark\"\n\t\tclass=\"tribe-events-calendar-month__calendar-event-title-link tribe-common-anchor-thin\"\n\t\tdata-js=\"tribe-events-tooltip\"\n\t\tdata-tooltip-content=\"#tribe-events-tooltip-content-10003023\"\n\t\taria-describedby=\"tribe-events-tooltip-content-10003023\"\n\t>\n\t\tWeekly Vigil for Palestine\t<\/a>\n<\/div>\n\n\t\t<div class=\"tribe-events-calendar-month__calendar-event-tooltip-template tribe-common-a11y-hidden\">\n\t<div\n\t\tclass=\"tribe-events-calendar-month__calendar-event-tooltip\"\n\t\tid=\"tribe-events-tooltip-content-10003023\"\n\t\trole=\"tooltip\"\n\t>\n\t\t<div class=\"tribe-events-calendar-month__calendar-event-tooltip-featured-image-wrapper\">\n\t<img\n\t\tclass=\"tribe-events-calendar-month__calendar-event-tooltip-featured-image\"\n\t\tsrc=\"https:\/\/boulder.earth\/wp-content\/uploads\/2025\/03\/Screenshot_20250305-020854-e1742511421283.png\"\n\t\t\t\t\tsrcset=\"https:\/\/boulder.earth\/wp-content\/uploads\/2025\/03\/Screenshot_20250305-020854-300x286.png 300w, https:\/\/boulder.earth\/wp-content\/uploads\/2025\/03\/Screenshot_20250305-020854-13x12.png 13w, https:\/\/boulder.earth\/wp-content\/uploads\/2025\/03\/Screenshot_20250305-020854-720x684.png 720w, https:\/\/boulder.earth\/wp-content\/uploads\/2025\/03\/Screenshot_20250305-020854-705x673.png 705w, https:\/\/boulder.earth\/wp-content\/uploads\/2025\/03\/Screenshot_20250305-020854-e1742511421283.png 600w\"\n\t\t\t\t\t\t\talt=\"\"\n\t\t\t\/>\n<\/div>\n\t\t<div class=\"tribe-events-calendar-month__calendar-event-tooltip-datetime\">\n\t\t<time datetime=\"2026-04-26\">\n\t\t<span class=\"tribe-event-date-start\">abril 26 @ 12:00 pm<\/span> - <span class=\"tribe-event-time\">1:00 pm<\/span>\t<\/time>\n\t<\/div>\n\t\t<div class=\"tribe-events-calendar-month__calendar-event-tooltip-title tribe-common-h7\">\n\t<a\n\t\thref=\"https:\/\/boulder.earth\/es\/event\/weekly-vigil-for-palestine\/2026-04-26\/\"\n\t\ttitle=\"Weekly Vigil for Palestine\"\n\t\trel=\"bookmark\"\n\t\tclass=\"tribe-events-calendar-month__calendar-event-tooltip-title-link tribe-common-anchor-thin\"\n\t>\n\t\tWeekly Vigil for Palestine\t<\/a>\n<\/div>\n\t\t<div class=\"tribe-events-calendar-month__calendar-event-tooltip-description tribe-common-b3\">\n\t<p>Join Longmont for Palestine every Sunday from 12:00 - 1:00 pm on 6th &amp; Main St. in Longmont for a weekly Palestine vigil! Bring your signs and posters, or just stop on by to ask any questions you may have and get to know us! We will have signs available, as well as informational flyers, postcards, and zines.<\/p>\n<\/div>\n\t\t\t<\/div>\n<\/div>\n\n\t<\/div>\n\n<\/article>\n\n\t\n\t\n<article  class=\"tribe-events-calendar-month__calendar-event post-10003650 tribe_events type-tribe_events status-publish has-post-thumbnail hentry tribe_events_cat-activism tribe_events_cat-climate tribe_events_cat-community tribe_events_cat-culture-building tribe_events_cat-resilience tribe_events_cat-social-justice cat_activism cat_climate cat_community cat_culture-building cat_resilience cat_social-justice\" >\n\n\t\n\t<div class=\"tribe-events-calendar-month__calendar-event-details\">\n\n\t\t<div class=\"tribe-events-calendar-month__calendar-event-datetime\">\n\t\t<time datetime=\"13:00\">\n\t\t1:00 pm\t<\/time>\n\t\t\t<span class=\"tribe-events-calendar-month__calendar-event-datetime-separator\"> - <\/span>\n\t\t<time datetime=\"14:30\">\n\t\t\t2:30 pm\t\t<\/time>\n\t\t<\/div>\n\t\t<div class=\"tribe-events-calendar-month__calendar-event-title tribe-common-h8 tribe-common-h--alt\">\n\t<a\n\t\thref=\"https:\/\/boulder.earth\/es\/event\/grief-and-resistance-ritual\/\"\n\t\ttitle=\"Grief and Resistance Ritual\"\n\t\trel=\"bookmark\"\n\t\tclass=\"tribe-events-calendar-month__calendar-event-title-link tribe-common-anchor-thin\"\n\t\tdata-js=\"tribe-events-tooltip\"\n\t\tdata-tooltip-content=\"#tribe-events-tooltip-content-10003650\"\n\t\taria-describedby=\"tribe-events-tooltip-content-10003650\"\n\t>\n\t\tGrief and Resistance Ritual\t<\/a>\n<\/div>\n\n\t\t<div class=\"tribe-events-calendar-month__calendar-event-tooltip-template tribe-common-a11y-hidden\">\n\t<div\n\t\tclass=\"tribe-events-calendar-month__calendar-event-tooltip\"\n\t\tid=\"tribe-events-tooltip-content-10003650\"\n\t\trole=\"tooltip\"\n\t>\n\t\t<div class=\"tribe-events-calendar-month__calendar-event-tooltip-featured-image-wrapper\">\n\t<img\n\t\tclass=\"tribe-events-calendar-month__calendar-event-tooltip-featured-image\"\n\t\tsrc=\"https:\/\/boulder.earth\/wp-content\/uploads\/2026\/04\/placing-ribbons-e1777341256100.jpg\"\n\t\t\t\t\tsrcset=\"https:\/\/boulder.earth\/wp-content\/uploads\/2026\/04\/placing-ribbons-300x300.jpg 300w, https:\/\/boulder.earth\/wp-content\/uploads\/2026\/04\/placing-ribbons-1030x1030.jpg 1030w, https:\/\/boulder.earth\/wp-content\/uploads\/2026\/04\/placing-ribbons-80x80.jpg 80w, https:\/\/boulder.earth\/wp-content\/uploads\/2026\/04\/placing-ribbons-768x768.jpg 768w, https:\/\/boulder.earth\/wp-content\/uploads\/2026\/04\/placing-ribbons-12x12.jpg 12w, https:\/\/boulder.earth\/wp-content\/uploads\/2026\/04\/placing-ribbons-36x36.jpg 36w, https:\/\/boulder.earth\/wp-content\/uploads\/2026\/04\/placing-ribbons-180x180.jpg 180w, https:\/\/boulder.earth\/wp-content\/uploads\/2026\/04\/placing-ribbons-705x705.jpg 705w, https:\/\/boulder.earth\/wp-content\/uploads\/2026\/04\/placing-ribbons-e1777341256100.jpg 600w\"\n\t\t\t\t\t\t\talt=\"\"\n\t\t\t\/>\n<\/div>\n\t\t<div class=\"tribe-events-calendar-month__calendar-event-tooltip-datetime\">\n\t\t<time datetime=\"2026-04-26\">\n\t\t<span class=\"tribe-event-date-start\">abril 26 @ 1:00 pm<\/span> - <span class=\"tribe-event-time\">2:30 pm<\/span>\t<\/time>\n\t<\/div>\n\t\t<div class=\"tribe-events-calendar-month__calendar-event-tooltip-title tribe-common-h7\">\n\t<a\n\t\thref=\"https:\/\/boulder.earth\/es\/event\/grief-and-resistance-ritual\/\"\n\t\ttitle=\"Grief and Resistance Ritual\"\n\t\trel=\"bookmark\"\n\t\tclass=\"tribe-events-calendar-month__calendar-event-tooltip-title-link tribe-common-anchor-thin\"\n\t>\n\t\tGrief and Resistance Ritual\t<\/a>\n<\/div>\n\t\t<div class=\"tribe-events-calendar-month__calendar-event-tooltip-description tribe-common-b3\">\n\t<p>Please join us for a community ceremony honoring our personal and collective grief and giving voice to our resistance.<\/p>\n<\/div>\n\t\t\t<\/div>\n<\/div>\n\n\t<\/div>\n\n<\/article>\n\n\t\n\t\n<article  class=\"tribe-events-calendar-month__calendar-event post-10003450 tribe_events type-tribe_events status-publish has-post-thumbnail hentry tribe_events_cat-climate tribe_events_cat-community tribe_events_cat-creative-arts tribe_events_cat-nature cat_climate cat_community cat_creative-arts cat_nature\" >\n\n\t\n\t<div class=\"tribe-events-calendar-month__calendar-event-details\">\n\n\t\t<div class=\"tribe-events-calendar-month__calendar-event-datetime\">\n\t\t<time datetime=\"17:00\">\n\t\t5:00 pm\t<\/time>\n\t\t\t<span class=\"tribe-events-calendar-month__calendar-event-datetime-separator\"> - <\/span>\n\t\t<time datetime=\"19:00\">\n\t\t\t7:00 pm\t\t<\/time>\n\t\t<\/div>\n\t\t<div class=\"tribe-events-calendar-month__calendar-event-title tribe-common-h8 tribe-common-h--alt\">\n\t<a\n\t\thref=\"https:\/\/boulder.earth\/es\/event\/earth-day-community-storytelling-night\/\"\n\t\ttitle=\"Earth Day Community Storytelling Night\"\n\t\trel=\"bookmark\"\n\t\tclass=\"tribe-events-calendar-month__calendar-event-title-link tribe-common-anchor-thin\"\n\t\tdata-js=\"tribe-events-tooltip\"\n\t\tdata-tooltip-content=\"#tribe-events-tooltip-content-10003450\"\n\t\taria-describedby=\"tribe-events-tooltip-content-10003450\"\n\t>\n\t\tEarth Day Community Storytelling Night\t<\/a>\n<\/div>\n\n\t\t<div class=\"tribe-events-calendar-month__calendar-event-tooltip-template tribe-common-a11y-hidden\">\n\t<div\n\t\tclass=\"tribe-events-calendar-month__calendar-event-tooltip\"\n\t\tid=\"tribe-events-tooltip-content-10003450\"\n\t\trole=\"tooltip\"\n\t>\n\t\t<div class=\"tribe-events-calendar-month__calendar-event-tooltip-featured-image-wrapper\">\n\t<img\n\t\tclass=\"tribe-events-calendar-month__calendar-event-tooltip-featured-image\"\n\t\tsrc=\"https:\/\/boulder.earth\/wp-content\/uploads\/2026\/04\/Screenshot-2026-04-13-at-8.03.58-PM-e1776132266527.png\"\n\t\t\t\t\tsrcset=\"https:\/\/boulder.earth\/wp-content\/uploads\/2026\/04\/Screenshot-2026-04-13-at-8.03.58-PM-300x153.png 300w, https:\/\/boulder.earth\/wp-content\/uploads\/2026\/04\/Screenshot-2026-04-13-at-8.03.58-PM-1030x524.png 1030w, https:\/\/boulder.earth\/wp-content\/uploads\/2026\/04\/Screenshot-2026-04-13-at-8.03.58-PM-768x391.png 768w, https:\/\/boulder.earth\/wp-content\/uploads\/2026\/04\/Screenshot-2026-04-13-at-8.03.58-PM-1536x782.png 1536w, https:\/\/boulder.earth\/wp-content\/uploads\/2026\/04\/Screenshot-2026-04-13-at-8.03.58-PM-18x9.png 18w, https:\/\/boulder.earth\/wp-content\/uploads\/2026\/04\/Screenshot-2026-04-13-at-8.03.58-PM-1500x764.png 1500w, https:\/\/boulder.earth\/wp-content\/uploads\/2026\/04\/Screenshot-2026-04-13-at-8.03.58-PM-705x359.png 705w, https:\/\/boulder.earth\/wp-content\/uploads\/2026\/04\/Screenshot-2026-04-13-at-8.03.58-PM-e1776132266527.png 600w\"\n\t\t\t\t\t\t\talt=\"\"\n\t\t\t\/>\n<\/div>\n\t\t<div class=\"tribe-events-calendar-month__calendar-event-tooltip-datetime\">\n\t\t<time datetime=\"2026-04-26\">\n\t\t<span class=\"tribe-event-date-start\">abril 26 @ 5:00 pm<\/span> - <span class=\"tribe-event-time\">7:00 pm<\/span>\t<\/time>\n\t<\/div>\n\t\t<div class=\"tribe-events-calendar-month__calendar-event-tooltip-title tribe-common-h7\">\n\t<a\n\t\thref=\"https:\/\/boulder.earth\/es\/event\/earth-day-community-storytelling-night\/\"\n\t\ttitle=\"Earth Day Community Storytelling Night\"\n\t\trel=\"bookmark\"\n\t\tclass=\"tribe-events-calendar-month__calendar-event-tooltip-title-link tribe-common-anchor-thin\"\n\t>\n\t\tEarth Day Community Storytelling Night\t<\/a>\n<\/div>\n\t\t<div class=\"tribe-events-calendar-month__calendar-event-tooltip-description tribe-common-b3\">\n\t<p>This Earth Day, join the City of Boulder at eTown Hall for an evening of storytelling, creativity and community connection.<\/p>\n<\/div>\n\t\t\t<\/div>\n<\/div>\n\n\t<\/div>\n\n<\/article>\n\n\t<\/div>\n\n\t\n<\/div>\n<\/td>\n\n\t\t\t\n\t\t\t\t<td\n\t class=\"tribe-events-calendar-month__day tribe-events-calendar-month__day--past\" \taria-labelledby=\"tribe-events-calendar-day-2026-04-27\"\n\tdata-js=\"tribe-events-month-grid-cell\"\n>\n\t<button\n\taria-expanded=\"false\"\n\taria-controls=\"tribe-events-calendar-mobile-day-2026-04-27\"\n\taria-label=\"abril 27, 0 eventos, past day\"\n\t class=\"tribe-events-calendar-month__day-cell tribe-events-calendar-month__day-cell--mobile\" \tdata-js=\"tribe-events-calendar-month-day-cell-mobile\"\n>\n\t<div class=\"tribe-events-calendar-month__day-date tribe-common-h6 tribe-common-h--alt\">\n\t\t<span class=\"tribe-common-a11y-visual-hide\">\n\t\t\t0 eventos\t\t<\/span>\n\t\t<time\n\t\t\tclass=\"tribe-events-calendar-month__day-date-daynum\"\n\t\t\tdatetime=\"2026-04-27\"\n\t\t>\n\t\t\t27\t\t<\/time>\n\t<\/div>\n\t\n<\/button>\n\t\n<div\n\tid=\"tribe-events-calendar-day-2026-04-27\"\n\tclass=\"tribe-events-calendar-month__day-cell tribe-events-calendar-month__day-cell--desktop tribe-common-a11y-hidden\"\n>\n\t\n<div class=\"tribe-events-calendar-month__day-date tribe-common-h4\">\n\t<span class=\"tribe-common-a11y-visual-hide\">\n\t\t0 eventos,\n\t<\/span>\n\t<time\n\t\tclass=\"tribe-events-calendar-month__day-date-daynum\"\n\t\tdatetime=\"2026-04-27\"\n\t>\n\t\t\t\t\t27\t\t\t<\/time>\n<\/div>\n\n\t<div class=\"tribe-events-calendar-month__events\">\n\t\t\n\t\t\t<\/div>\n\n\t\n<\/div>\n<\/td>\n\n\t\t\t\n\t\t\t\t<td\n\t class=\"tribe-events-calendar-month__day tribe-events-calendar-month__day--current\" \taria-labelledby=\"tribe-events-calendar-day-2026-04-28\"\n\tdata-js=\"tribe-events-month-grid-cell\"\n>\n\t<button\n\taria-expanded=\"true\"\n\taria-controls=\"tribe-events-calendar-mobile-day-2026-04-28\"\n\taria-label=\"abril 28, 3 eventos, hoy\"\n\t class=\"tribe-events-calendar-month__day-cell tribe-events-calendar-month__day-cell--mobile tribe-events-calendar-month__day-cell--selected\" \tdata-js=\"tribe-events-calendar-month-day-cell-mobile\"\n>\n\t<h3 class=\"tribe-events-calendar-month__day-date tribe-common-h6 tribe-common-h--alt\">\n\t\t<span class=\"tribe-common-a11y-visual-hide\">\n\t\t\t3 eventos\t\t<\/span>\n\t\t<time\n\t\t\tclass=\"tribe-events-calendar-month__day-date-daynum\"\n\t\t\tdatetime=\"2026-04-28\"\n\t\t>\n\t\t\t28\t\t<\/time>\n\t<\/h3>\n\t\n\t<span class=\"tribe-events-calendar-month__mobile-events-icon tribe-events-calendar-month__mobile-events-icon--event\" >\n\t<\/span>\n<\/button>\n\t\n<div\n\tid=\"tribe-events-calendar-day-2026-04-28\"\n\tclass=\"tribe-events-calendar-month__day-cell tribe-events-calendar-month__day-cell--desktop tribe-common-a11y-hidden\"\n>\n\t\n<h3 class=\"tribe-events-calendar-month__day-date tribe-common-h4\">\n\t<span class=\"tribe-common-a11y-visual-hide\">\n\t\t3 eventos,\n\t<\/span>\n\t<time\n\t\tclass=\"tribe-events-calendar-month__day-date-daynum\"\n\t\tdatetime=\"2026-04-28\"\n\t>\n\t\t\t\t\t<a\n\t\t\t\thref=\"https:\/\/boulder.earth\/es\/events\/2026-04-28\/?shortcode=42cf1b8c\"\n\t\t\t\tclass=\"tribe-events-calendar-month__day-date-link\"\n\t\t\t\tdata-js=\"tribe-events-view-link\"\n\t\t\t\taria-label=\"abril 28\"\n\t\t\t>\n\t\t\t\t28\t\t\t<\/a>\n\t\t\t<\/time>\n<\/h3>\n\n\t<div class=\"tribe-events-calendar-month__events\">\n\t\t\n\t\t\n\t\n\t\n<article  class=\"tribe-events-calendar-month__calendar-event post-10003639 tribe_events type-tribe_events status-publish has-post-thumbnail hentry tribe_events_cat-climate tribe_events_cat-networking tribe_events_cat-youth cat_climate cat_networking cat_youth\" >\n\n\t\n\t<div class=\"tribe-events-calendar-month__calendar-event-details\">\n\n\t\t<div class=\"tribe-events-calendar-month__calendar-event-datetime\">\n\t\t<time datetime=\"18:00\">\n\t\t6:00 pm\t<\/time>\n\t\t\t<span class=\"tribe-events-calendar-month__calendar-event-datetime-separator\"> - <\/span>\n\t\t<time datetime=\"20:00\">\n\t\t\t8:00 pm\t\t<\/time>\n\t\t<\/div>\n\t\t<div class=\"tribe-events-calendar-month__calendar-event-title tribe-common-h8 tribe-common-h--alt\">\n\t<a\n\t\thref=\"https:\/\/boulder.earth\/es\/event\/making-a-living-and-a-life-all-careers-as-environmental-careers\/\"\n\t\ttitle=\"Making a Living and a Life; ALL Careers as \u201cEnvironmental Careers&#8221;\"\n\t\trel=\"bookmark\"\n\t\tclass=\"tribe-events-calendar-month__calendar-event-title-link tribe-common-anchor-thin\"\n\t\tdata-js=\"tribe-events-tooltip\"\n\t\tdata-tooltip-content=\"#tribe-events-tooltip-content-10003639\"\n\t\taria-describedby=\"tribe-events-tooltip-content-10003639\"\n\t>\n\t\tMaking a Living and a Life; ALL Careers as \u201cEnvironmental Careers&#8221;\t<\/a>\n<\/div>\n\n\t\t<div class=\"tribe-events-calendar-month__calendar-event-tooltip-template tribe-common-a11y-hidden\">\n\t<div\n\t\tclass=\"tribe-events-calendar-month__calendar-event-tooltip\"\n\t\tid=\"tribe-events-tooltip-content-10003639\"\n\t\trole=\"tooltip\"\n\t>\n\t\t<div class=\"tribe-events-calendar-month__calendar-event-tooltip-featured-image-wrapper\">\n\t<img\n\t\tclass=\"tribe-events-calendar-month__calendar-event-tooltip-featured-image\"\n\t\tsrc=\"https:\/\/boulder.earth\/wp-content\/uploads\/2026\/04\/image-1-e1776831292645.webp\"\n\t\t\t\t\tsrcset=\"https:\/\/boulder.earth\/wp-content\/uploads\/2026\/04\/image-1-300x169.webp 300w, https:\/\/boulder.earth\/wp-content\/uploads\/2026\/04\/image-1-1030x579.webp 1030w, https:\/\/boulder.earth\/wp-content\/uploads\/2026\/04\/image-1-768x432.webp 768w, https:\/\/boulder.earth\/wp-content\/uploads\/2026\/04\/image-1-18x10.webp 18w, https:\/\/boulder.earth\/wp-content\/uploads\/2026\/04\/image-1-705x397.webp 705w, https:\/\/boulder.earth\/wp-content\/uploads\/2026\/04\/image-1-e1776831292645.webp 600w\"\n\t\t\t\t\t\t\talt=\"\"\n\t\t\t\/>\n<\/div>\n\t\t<div class=\"tribe-events-calendar-month__calendar-event-tooltip-datetime\">\n\t\t<time datetime=\"2026-04-28\">\n\t\t<span class=\"tribe-event-date-start\">abril 28 @ 6:00 pm<\/span> - <span class=\"tribe-event-time\">8:00 pm<\/span>\t<\/time>\n\t<\/div>\n\t\t<div class=\"tribe-events-calendar-month__calendar-event-tooltip-title tribe-common-h7\">\n\t<a\n\t\thref=\"https:\/\/boulder.earth\/es\/event\/making-a-living-and-a-life-all-careers-as-environmental-careers\/\"\n\t\ttitle=\"Making a Living and a Life; ALL Careers as \u201cEnvironmental Careers&#8221;\"\n\t\trel=\"bookmark\"\n\t\tclass=\"tribe-events-calendar-month__calendar-event-tooltip-title-link tribe-common-anchor-thin\"\n\t>\n\t\tMaking a Living and a Life; ALL Careers as \u201cEnvironmental Careers&#8221;\t<\/a>\n<\/div>\n\t\t<div class=\"tribe-events-calendar-month__calendar-event-tooltip-description tribe-common-b3\">\n\t<p>This program will bring the ALL Careers Approach to Education to high school students. Planned by BVSD students and held at a BVSD School!<\/p>\n<\/div>\n\t\t\t<\/div>\n<\/div>\n\n\t<\/div>\n\n<\/article>\n\n\t\n\t\n<article  class=\"tribe-events-calendar-month__calendar-event post-10003468 tribe_events type-tribe_events status-publish has-post-thumbnail hentry tribe_events_cat-climate tribe_events_cat-conservation tribe_events_cat-education tribe_events_cat-land-management tribe_events_cat-nature cat_climate cat_conservation cat_education cat_land-management cat_nature\" >\n\n\t\n\t<div class=\"tribe-events-calendar-month__calendar-event-details\">\n\n\t\t<div class=\"tribe-events-calendar-month__calendar-event-datetime\">\n\t\t<time datetime=\"19:00\">\n\t\t7:00 pm\t<\/time>\n\t\t\t<span class=\"tribe-events-calendar-month__calendar-event-datetime-separator\"> - <\/span>\n\t\t<time datetime=\"21:00\">\n\t\t\t9:00 pm\t\t<\/time>\n\t\t<\/div>\n\t\t<div class=\"tribe-events-calendar-month__calendar-event-title tribe-common-h8 tribe-common-h--alt\">\n\t<a\n\t\thref=\"https:\/\/boulder.earth\/es\/event\/why-private-land-conservation-matters\/\"\n\t\ttitle=\"Why Private Land Conservation Matters\"\n\t\trel=\"bookmark\"\n\t\tclass=\"tribe-events-calendar-month__calendar-event-title-link tribe-common-anchor-thin\"\n\t\tdata-js=\"tribe-events-tooltip\"\n\t\tdata-tooltip-content=\"#tribe-events-tooltip-content-10003468\"\n\t\taria-describedby=\"tribe-events-tooltip-content-10003468\"\n\t>\n\t\tWhy Private Land Conservation Matters\t<\/a>\n<\/div>\n\n\t\t<div class=\"tribe-events-calendar-month__calendar-event-tooltip-template tribe-common-a11y-hidden\">\n\t<div\n\t\tclass=\"tribe-events-calendar-month__calendar-event-tooltip\"\n\t\tid=\"tribe-events-tooltip-content-10003468\"\n\t\trole=\"tooltip\"\n\t>\n\t\t<div class=\"tribe-events-calendar-month__calendar-event-tooltip-featured-image-wrapper\">\n\t<img\n\t\tclass=\"tribe-events-calendar-month__calendar-event-tooltip-featured-image\"\n\t\tsrc=\"https:\/\/boulder.earth\/wp-content\/uploads\/2018\/04\/AudubonRockies-small.png\"\n\t\t\t\t\t\t\talt=\"\"\n\t\t\t\/>\n<\/div>\n\t\t<div class=\"tribe-events-calendar-month__calendar-event-tooltip-datetime\">\n\t\t<time datetime=\"2026-04-28\">\n\t\t<span class=\"tribe-event-date-start\">abril 28 @ 7:00 pm<\/span> - <span class=\"tribe-event-time\">9:00 pm<\/span>\t<\/time>\n\t<\/div>\n\t\t<div class=\"tribe-events-calendar-month__calendar-event-tooltip-title tribe-common-h7\">\n\t<a\n\t\thref=\"https:\/\/boulder.earth\/es\/event\/why-private-land-conservation-matters\/\"\n\t\ttitle=\"Why Private Land Conservation Matters\"\n\t\trel=\"bookmark\"\n\t\tclass=\"tribe-events-calendar-month__calendar-event-tooltip-title-link tribe-common-anchor-thin\"\n\t>\n\t\tWhy Private Land Conservation Matters\t<\/a>\n<\/div>\n\t\t<div class=\"tribe-events-calendar-month__calendar-event-tooltip-description tribe-common-b3\">\n\t<p>This program will feature a discussion about the importance of protecting and conserving privately owned land in Colorado for the benefit of people and wildlife.<\/p>\n<\/div>\n\t\t\t<\/div>\n<\/div>\n\n\t<\/div>\n\n<\/article>\n\n\t\n\t\n<article  class=\"tribe-events-calendar-month__calendar-event post-10003652 tribe_events type-tribe_events status-publish has-post-thumbnail hentry tribe_events_cat-climate tribe_events_cat-education tribe_events_cat-energy cat_climate cat_education cat_energy\" >\n\n\t\n\t<div class=\"tribe-events-calendar-month__calendar-event-details\">\n\n\t\t<div class=\"tribe-events-calendar-month__calendar-event-datetime\">\n\t\t<time datetime=\"19:00\">\n\t\t7:00 pm\t<\/time>\n\t\t\t<span class=\"tribe-events-calendar-month__calendar-event-datetime-separator\"> - <\/span>\n\t\t<time datetime=\"20:00\">\n\t\t\t8:00 pm\t\t<\/time>\n\t\t<\/div>\n\t\t<div class=\"tribe-events-calendar-month__calendar-event-title tribe-common-h8 tribe-common-h--alt\">\n\t<a\n\t\thref=\"https:\/\/boulder.earth\/es\/event\/challenges-trade-offs-in-achieving-100-clean-electricity\/\"\n\t\ttitle=\"Challenges &#038; Trade-offs in Achieving 100% Clean Electricity\"\n\t\trel=\"bookmark\"\n\t\tclass=\"tribe-events-calendar-month__calendar-event-title-link tribe-common-anchor-thin\"\n\t\tdata-js=\"tribe-events-tooltip\"\n\t\tdata-tooltip-content=\"#tribe-events-tooltip-content-10003652\"\n\t\taria-describedby=\"tribe-events-tooltip-content-10003652\"\n\t>\n\t\tChallenges &#038; Trade-offs in Achieving 100% Clean Electricity\t<\/a>\n<\/div>\n\n\t\t<div class=\"tribe-events-calendar-month__calendar-event-tooltip-template tribe-common-a11y-hidden\">\n\t<div\n\t\tclass=\"tribe-events-calendar-month__calendar-event-tooltip\"\n\t\tid=\"tribe-events-tooltip-content-10003652\"\n\t\trole=\"tooltip\"\n\t>\n\t\t<div class=\"tribe-events-calendar-month__calendar-event-tooltip-featured-image-wrapper\">\n\t<img\n\t\tclass=\"tribe-events-calendar-month__calendar-event-tooltip-featured-image\"\n\t\tsrc=\"https:\/\/boulder.earth\/wp-content\/uploads\/2026\/04\/Screenshot-2026-04-27-at-10.08.25-PM-e1777342133691.png\"\n\t\t\t\t\tsrcset=\"https:\/\/boulder.earth\/wp-content\/uploads\/2026\/04\/Screenshot-2026-04-27-at-10.08.25-PM-300x183.png 300w, https:\/\/boulder.earth\/wp-content\/uploads\/2026\/04\/Screenshot-2026-04-27-at-10.08.25-PM-1030x629.png 1030w, https:\/\/boulder.earth\/wp-content\/uploads\/2026\/04\/Screenshot-2026-04-27-at-10.08.25-PM-768x469.png 768w, https:\/\/boulder.earth\/wp-content\/uploads\/2026\/04\/Screenshot-2026-04-27-at-10.08.25-PM-18x12.png 18w, https:\/\/boulder.earth\/wp-content\/uploads\/2026\/04\/Screenshot-2026-04-27-at-10.08.25-PM-705x431.png 705w, https:\/\/boulder.earth\/wp-content\/uploads\/2026\/04\/Screenshot-2026-04-27-at-10.08.25-PM-e1777342133691.png 600w\"\n\t\t\t\t\t\t\talt=\"\"\n\t\t\t\/>\n<\/div>\n\t\t<div class=\"tribe-events-calendar-month__calendar-event-tooltip-datetime\">\n\t\t<time datetime=\"2026-04-28\">\n\t\t<span class=\"tribe-event-date-start\">abril 28 @ 7:00 pm<\/span> - <span class=\"tribe-event-time\">8:00 pm<\/span>\t<\/time>\n\t<\/div>\n\t\t<div class=\"tribe-events-calendar-month__calendar-event-tooltip-title tribe-common-h7\">\n\t<a\n\t\thref=\"https:\/\/boulder.earth\/es\/event\/challenges-trade-offs-in-achieving-100-clean-electricity\/\"\n\t\ttitle=\"Challenges &#038; Trade-offs in Achieving 100% Clean Electricity\"\n\t\trel=\"bookmark\"\n\t\tclass=\"tribe-events-calendar-month__calendar-event-tooltip-title-link tribe-common-anchor-thin\"\n\t>\n\t\tChallenges &#038; Trade-offs in Achieving 100% Clean Electricity\t<\/a>\n<\/div>\n\t\t<div class=\"tribe-events-calendar-month__calendar-event-tooltip-description tribe-common-b3\">\n\t<p>Our Boulder County chapter welcomes Ron Sinton, President of Sinton Instruments, for a Speaker Series presentation exploring the challenges and trade-offs of achieving 100% renewable energy.<\/p>\n<\/div>\n\t\t\t<\/div>\n<\/div>\n\n\t<\/div>\n\n<\/article>\n\n\t<\/div>\n\n\t\n<\/div>\n<\/td>\n\n\t\t\t\n\t\t\t\t<td\n\t class=\"tribe-events-calendar-month__day\" \taria-labelledby=\"tribe-events-calendar-day-2026-04-29\"\n\tdata-js=\"tribe-events-month-grid-cell\"\n>\n\t<button\n\taria-expanded=\"false\"\n\taria-controls=\"tribe-events-calendar-mobile-day-2026-04-29\"\n\taria-label=\"abril 29, 6 eventos, upcoming day\"\n\t class=\"tribe-events-calendar-month__day-cell tribe-events-calendar-month__day-cell--mobile\" \tdata-js=\"tribe-events-calendar-month-day-cell-mobile\"\n>\n\t<h3 class=\"tribe-events-calendar-month__day-date tribe-common-h6 tribe-common-h--alt\">\n\t\t<span class=\"tribe-common-a11y-visual-hide\">\n\t\t\t6 eventos\t\t<\/span>\n\t\t<time\n\t\t\tclass=\"tribe-events-calendar-month__day-date-daynum\"\n\t\t\tdatetime=\"2026-04-29\"\n\t\t>\n\t\t\t29\t\t<\/time>\n\t<\/h3>\n\t\n\t<span class=\"tribe-events-calendar-month__mobile-events-icon tribe-events-calendar-month__mobile-events-icon--event\" >\n\t<\/span>\n<\/button>\n\t\n<div\n\tid=\"tribe-events-calendar-day-2026-04-29\"\n\tclass=\"tribe-events-calendar-month__day-cell tribe-events-calendar-month__day-cell--desktop tribe-common-a11y-hidden\"\n>\n\t\n<h3 class=\"tribe-events-calendar-month__day-date tribe-common-h4\">\n\t<span class=\"tribe-common-a11y-visual-hide\">\n\t\t6 eventos,\n\t<\/span>\n\t<time\n\t\tclass=\"tribe-events-calendar-month__day-date-daynum\"\n\t\tdatetime=\"2026-04-29\"\n\t>\n\t\t\t\t\t<a\n\t\t\t\thref=\"https:\/\/boulder.earth\/es\/events\/2026-04-29\/?shortcode=42cf1b8c\"\n\t\t\t\tclass=\"tribe-events-calendar-month__day-date-link\"\n\t\t\t\tdata-js=\"tribe-events-view-link\"\n\t\t\t\taria-label=\"abril 29\"\n\t\t\t>\n\t\t\t\t29\t\t\t<\/a>\n\t\t\t<\/time>\n<\/h3>\n\n\t<div class=\"tribe-events-calendar-month__events\">\n\t\t\n\t\t\n\t\n\t\n<article  class=\"tribe-events-calendar-month__calendar-event post-10003382 tribe_events type-tribe_events status-publish has-post-thumbnail hentry tribe_events_cat-community tribe_events_cat-networking tribe_events_cat-webinar cat_community cat_networking cat_webinar\" >\n\n\t\n\t<div class=\"tribe-events-calendar-month__calendar-event-details\">\n\n\t\t<div class=\"tribe-events-calendar-month__calendar-event-datetime\">\n\t\t<time datetime=\"10:00\">\n\t\t10:00 am\t<\/time>\n\t\t\t<span class=\"tribe-events-calendar-month__calendar-event-datetime-separator\"> - <\/span>\n\t\t<time datetime=\"14:00\">\n\t\t\t2:00 pm\t\t<\/time>\n\t\t<\/div>\n\t\t<div class=\"tribe-events-calendar-month__calendar-event-title tribe-common-h8 tribe-common-h--alt\">\n\t<a\n\t\thref=\"https:\/\/boulder.earth\/es\/event\/virtual-career-fair\/\"\n\t\ttitle=\"Virtual Career Fair\"\n\t\trel=\"bookmark\"\n\t\tclass=\"tribe-events-calendar-month__calendar-event-title-link tribe-common-anchor-thin\"\n\t\tdata-js=\"tribe-events-tooltip\"\n\t\tdata-tooltip-content=\"#tribe-events-tooltip-content-10003382\"\n\t\taria-describedby=\"tribe-events-tooltip-content-10003382\"\n\t>\n\t\tVirtual Career Fair\t<\/a>\n<\/div>\n\n\t\t<div class=\"tribe-events-calendar-month__calendar-event-tooltip-template tribe-common-a11y-hidden\">\n\t<div\n\t\tclass=\"tribe-events-calendar-month__calendar-event-tooltip\"\n\t\tid=\"tribe-events-tooltip-content-10003382\"\n\t\trole=\"tooltip\"\n\t>\n\t\t<div class=\"tribe-events-calendar-month__calendar-event-tooltip-featured-image-wrapper\">\n\t<img\n\t\tclass=\"tribe-events-calendar-month__calendar-event-tooltip-featured-image\"\n\t\tsrc=\"https:\/\/boulder.earth\/wp-content\/uploads\/2026\/03\/11d51a8a-1cb1-4f6a-b3fb-6f769ecf6887.png\"\n\t\t\t\t\tsrcset=\"https:\/\/boulder.earth\/wp-content\/uploads\/2026\/03\/11d51a8a-1cb1-4f6a-b3fb-6f769ecf6887-300x119.png 300w, https:\/\/boulder.earth\/wp-content\/uploads\/2026\/03\/11d51a8a-1cb1-4f6a-b3fb-6f769ecf6887-18x7.png 18w, https:\/\/boulder.earth\/wp-content\/uploads\/2026\/03\/11d51a8a-1cb1-4f6a-b3fb-6f769ecf6887.png 600w\"\n\t\t\t\t\t\t\talt=\"\"\n\t\t\t\/>\n<\/div>\n\t\t<div class=\"tribe-events-calendar-month__calendar-event-tooltip-datetime\">\n\t\t<time datetime=\"2026-04-29\">\n\t\t<span class=\"tribe-event-date-start\">abril 29 @ 10:00 am<\/span> - <span class=\"tribe-event-time\">2:00 pm<\/span>\t<\/time>\n\t<\/div>\n\t\t<div class=\"tribe-events-calendar-month__calendar-event-tooltip-title tribe-common-h7\">\n\t<a\n\t\thref=\"https:\/\/boulder.earth\/es\/event\/virtual-career-fair\/\"\n\t\ttitle=\"Virtual Career Fair\"\n\t\trel=\"bookmark\"\n\t\tclass=\"tribe-events-calendar-month__calendar-event-tooltip-title-link tribe-common-anchor-thin\"\n\t>\n\t\tVirtual Career Fair\t<\/a>\n<\/div>\n\t\t<div class=\"tribe-events-calendar-month__calendar-event-tooltip-description tribe-common-b3\">\n\t<p>The NAACP Virtual Career Fair is\u00a0open to all candidates, and we encourage candidates from diverse backgrounds to attend. You do not have to be an NAACP member to participate.<\/p>\n<\/div>\n\t\t\t<\/div>\n<\/div>\n\n\t<\/div>\n\n<\/article>\n\n\t\n\t\n<article  class=\"tribe-events-calendar-month__calendar-event post-10003469 tribe_events type-tribe_events status-publish has-post-thumbnail hentry tribe_events_cat-biodiversity tribe_events_cat-education tribe_events_cat-nature tribe_events_cat-pollinators tribe_events_cat-webinar cat_biodiversity cat_education cat_nature cat_pollinators cat_webinar\" >\n\n\t\n\t<div class=\"tribe-events-calendar-month__calendar-event-details\">\n\n\t\t<div class=\"tribe-events-calendar-month__calendar-event-datetime\">\n\t\t<time datetime=\"12:00\">\n\t\t12:00 pm\t<\/time>\n\t\t\t<span class=\"tribe-events-calendar-month__calendar-event-datetime-separator\"> - <\/span>\n\t\t<time datetime=\"13:00\">\n\t\t\t1:00 pm\t\t<\/time>\n\t\t<\/div>\n\t\t<div class=\"tribe-events-calendar-month__calendar-event-title tribe-common-h8 tribe-common-h--alt\">\n\t<a\n\t\thref=\"https:\/\/boulder.earth\/es\/event\/how-flowers-made-our-world-webinar\/\"\n\t\ttitle=\"How Flowers Made Our World Webinar\"\n\t\trel=\"bookmark\"\n\t\tclass=\"tribe-events-calendar-month__calendar-event-title-link tribe-common-anchor-thin\"\n\t\tdata-js=\"tribe-events-tooltip\"\n\t\tdata-tooltip-content=\"#tribe-events-tooltip-content-10003469\"\n\t\taria-describedby=\"tribe-events-tooltip-content-10003469\"\n\t>\n\t\tHow Flowers Made Our World Webinar\t<\/a>\n<\/div>\n\n\t\t<div class=\"tribe-events-calendar-month__calendar-event-tooltip-template tribe-common-a11y-hidden\">\n\t<div\n\t\tclass=\"tribe-events-calendar-month__calendar-event-tooltip\"\n\t\tid=\"tribe-events-tooltip-content-10003469\"\n\t\trole=\"tooltip\"\n\t>\n\t\t<div class=\"tribe-events-calendar-month__calendar-event-tooltip-featured-image-wrapper\">\n\t<img\n\t\tclass=\"tribe-events-calendar-month__calendar-event-tooltip-featured-image\"\n\t\tsrc=\"https:\/\/boulder.earth\/wp-content\/uploads\/2026\/04\/How-Flowers-Made-Our-World-Slide-e1776829480516.png\"\n\t\t\t\t\tsrcset=\"https:\/\/boulder.earth\/wp-content\/uploads\/2026\/04\/How-Flowers-Made-Our-World-Slide-300x265.png 300w, https:\/\/boulder.earth\/wp-content\/uploads\/2026\/04\/How-Flowers-Made-Our-World-Slide-14x12.png 14w, https:\/\/boulder.earth\/wp-content\/uploads\/2026\/04\/How-Flowers-Made-Our-World-Slide-705x623.png 705w, https:\/\/boulder.earth\/wp-content\/uploads\/2026\/04\/How-Flowers-Made-Our-World-Slide-e1776829480516.png 600w\"\n\t\t\t\t\t\t\talt=\"\"\n\t\t\t\/>\n<\/div>\n\t\t<div class=\"tribe-events-calendar-month__calendar-event-tooltip-datetime\">\n\t\t<time datetime=\"2026-04-29\">\n\t\t<span class=\"tribe-event-date-start\">abril 29 @ 12:00 pm<\/span> - <span class=\"tribe-event-time\">1:00 pm<\/span>\t<\/time>\n\t<\/div>\n\t\t<div class=\"tribe-events-calendar-month__calendar-event-tooltip-title tribe-common-h7\">\n\t<a\n\t\thref=\"https:\/\/boulder.earth\/es\/event\/how-flowers-made-our-world-webinar\/\"\n\t\ttitle=\"How Flowers Made Our World Webinar\"\n\t\trel=\"bookmark\"\n\t\tclass=\"tribe-events-calendar-month__calendar-event-tooltip-title-link tribe-common-anchor-thin\"\n\t>\n\t\tHow Flowers Made Our World Webinar\t<\/a>\n<\/div>\n\t\t<div class=\"tribe-events-calendar-month__calendar-event-tooltip-description tribe-common-b3\">\n\t<p>Using examples from his latest book,\u00a0How Flowers Made Our World, David Haskell will illuminate the many ways that we live on a floral planet.<\/p>\n<\/div>\n\t\t\t<\/div>\n<\/div>\n\n\t<\/div>\n\n<\/article>\n\n\t\n\t\n<article  class=\"tribe-events-calendar-month__calendar-event post-10003648 tribe_events type-tribe_events status-publish has-post-thumbnail hentry tribe_events_cat-climate tribe_events_cat-education tribe_events_cat-technology tribe_events_cat-webinar cat_climate cat_education cat_technology cat_webinar\" >\n\n\t\n\t<div class=\"tribe-events-calendar-month__calendar-event-details\">\n\n\t\t<div class=\"tribe-events-calendar-month__calendar-event-datetime\">\n\t\t<time datetime=\"16:00\">\n\t\t4:00 pm\t<\/time>\n\t\t\t<span class=\"tribe-events-calendar-month__calendar-event-datetime-separator\"> - <\/span>\n\t\t<time datetime=\"17:00\">\n\t\t\t5:00 pm\t\t<\/time>\n\t\t<\/div>\n\t\t<div class=\"tribe-events-calendar-month__calendar-event-title tribe-common-h8 tribe-common-h--alt\">\n\t<a\n\t\thref=\"https:\/\/boulder.earth\/es\/event\/nuclear-power-and-artificial-intelligence-webinar\/\"\n\t\ttitle=\"Nuclear Power and Artificial Intelligence Webinar\"\n\t\trel=\"bookmark\"\n\t\tclass=\"tribe-events-calendar-month__calendar-event-title-link tribe-common-anchor-thin\"\n\t\tdata-js=\"tribe-events-tooltip\"\n\t\tdata-tooltip-content=\"#tribe-events-tooltip-content-10003648\"\n\t\taria-describedby=\"tribe-events-tooltip-content-10003648\"\n\t>\n\t\tNuclear Power and Artificial Intelligence Webinar\t<\/a>\n<\/div>\n\n\t\t<div class=\"tribe-events-calendar-month__calendar-event-tooltip-template tribe-common-a11y-hidden\">\n\t<div\n\t\tclass=\"tribe-events-calendar-month__calendar-event-tooltip\"\n\t\tid=\"tribe-events-tooltip-content-10003648\"\n\t\trole=\"tooltip\"\n\t>\n\t\t<div class=\"tribe-events-calendar-month__calendar-event-tooltip-featured-image-wrapper\">\n\t<img\n\t\tclass=\"tribe-events-calendar-month__calendar-event-tooltip-featured-image\"\n\t\tsrc=\"https:\/\/boulder.earth\/wp-content\/uploads\/2026\/04\/images-_11_-e1777340579712.png\"\n\t\t\t\t\tsrcset=\"https:\/\/boulder.earth\/wp-content\/uploads\/2026\/04\/images-_11_-300x169.png 300w, https:\/\/boulder.earth\/wp-content\/uploads\/2026\/04\/images-_11_-1030x579.png 1030w, https:\/\/boulder.earth\/wp-content\/uploads\/2026\/04\/images-_11_-768x432.png 768w, https:\/\/boulder.earth\/wp-content\/uploads\/2026\/04\/images-_11_-18x10.png 18w, https:\/\/boulder.earth\/wp-content\/uploads\/2026\/04\/images-_11_-705x397.png 705w, https:\/\/boulder.earth\/wp-content\/uploads\/2026\/04\/images-_11_-e1777340579712.png 600w\"\n\t\t\t\t\t\t\talt=\"\"\n\t\t\t\/>\n<\/div>\n\t\t<div class=\"tribe-events-calendar-month__calendar-event-tooltip-datetime\">\n\t\t<time datetime=\"2026-04-29\">\n\t\t<span class=\"tribe-event-date-start\">abril 29 @ 4:00 pm<\/span> - <span class=\"tribe-event-time\">5:00 pm<\/span>\t<\/time>\n\t<\/div>\n\t\t<div class=\"tribe-events-calendar-month__calendar-event-tooltip-title tribe-common-h7\">\n\t<a\n\t\thref=\"https:\/\/boulder.earth\/es\/event\/nuclear-power-and-artificial-intelligence-webinar\/\"\n\t\ttitle=\"Nuclear Power and Artificial Intelligence Webinar\"\n\t\trel=\"bookmark\"\n\t\tclass=\"tribe-events-calendar-month__calendar-event-tooltip-title-link tribe-common-anchor-thin\"\n\t>\n\t\tNuclear Power and Artificial Intelligence Webinar\t<\/a>\n<\/div>\n\t\t<div class=\"tribe-events-calendar-month__calendar-event-tooltip-description tribe-common-b3\">\n\t<p>Join experts in nuclear tech &amp; AI to learn about the environmental impact of small modular nuclear reactors and artificial intelligence.<\/p>\n<\/div>\n\t\t\t<\/div>\n<\/div>\n\n\t<\/div>\n\n<\/article>\n\n\t\n\t\n<article  class=\"tribe-events-calendar-month__calendar-event post-10003463 tribe_events type-tribe_events status-publish has-post-thumbnail hentry tribe_events_cat-activism tribe_events_cat-creative-arts tribe_events_cat-culture-building tribe_events_cat-education tribe_events_cat-indigenous-knowledge tribe_events_cat-resilience tribe_events_cat-social-justice cat_activism cat_creative-arts cat_culture-building cat_education cat_indigenous-knowledge cat_resilience cat_social-justice\" >\n\n\t\n\t<div class=\"tribe-events-calendar-month__calendar-event-details\">\n\n\t\t<div class=\"tribe-events-calendar-month__calendar-event-datetime\">\n\t\t<time datetime=\"17:30\">\n\t\t5:30 pm\t<\/time>\n\t\t\t<span class=\"tribe-events-calendar-month__calendar-event-datetime-separator\"> - <\/span>\n\t\t<time datetime=\"19:00\">\n\t\t\t7:00 pm\t\t<\/time>\n\t\t<\/div>\n\t\t<div class=\"tribe-events-calendar-month__calendar-event-title tribe-common-h8 tribe-common-h--alt\">\n\t<a\n\t\thref=\"https:\/\/boulder.earth\/es\/event\/people-of-the-sacred-land-film-premiere-discussion\/\"\n\t\ttitle=\"PEOPLE of the SACRED LAND Film Premiere &#038; Discussion\"\n\t\trel=\"bookmark\"\n\t\tclass=\"tribe-events-calendar-month__calendar-event-title-link tribe-common-anchor-thin\"\n\t\tdata-js=\"tribe-events-tooltip\"\n\t\tdata-tooltip-content=\"#tribe-events-tooltip-content-10003463\"\n\t\taria-describedby=\"tribe-events-tooltip-content-10003463\"\n\t>\n\t\tPEOPLE of the SACRED LAND Film Premiere &#038; Discussion\t<\/a>\n<\/div>\n\n\t\t<div class=\"tribe-events-calendar-month__calendar-event-tooltip-template tribe-common-a11y-hidden\">\n\t<div\n\t\tclass=\"tribe-events-calendar-month__calendar-event-tooltip\"\n\t\tid=\"tribe-events-tooltip-content-10003463\"\n\t\trole=\"tooltip\"\n\t>\n\t\t<div class=\"tribe-events-calendar-month__calendar-event-tooltip-featured-image-wrapper\">\n\t<img\n\t\tclass=\"tribe-events-calendar-month__calendar-event-tooltip-featured-image\"\n\t\tsrc=\"https:\/\/boulder.earth\/wp-content\/uploads\/2026\/04\/Screenshot-2026-04-20-at-8.41.22-AM-e1776696114981.png\"\n\t\t\t\t\tsrcset=\"https:\/\/boulder.earth\/wp-content\/uploads\/2026\/04\/Screenshot-2026-04-20-at-8.41.22-AM-300x262.png 300w, https:\/\/boulder.earth\/wp-content\/uploads\/2026\/04\/Screenshot-2026-04-20-at-8.41.22-AM-768x669.png 768w, https:\/\/boulder.earth\/wp-content\/uploads\/2026\/04\/Screenshot-2026-04-20-at-8.41.22-AM-14x12.png 14w, https:\/\/boulder.earth\/wp-content\/uploads\/2026\/04\/Screenshot-2026-04-20-at-8.41.22-AM-705x615.png 705w, https:\/\/boulder.earth\/wp-content\/uploads\/2026\/04\/Screenshot-2026-04-20-at-8.41.22-AM-e1776696114981.png 600w\"\n\t\t\t\t\t\t\talt=\"\"\n\t\t\t\/>\n<\/div>\n\t\t<div class=\"tribe-events-calendar-month__calendar-event-tooltip-datetime\">\n\t\t<time datetime=\"2026-04-29\">\n\t\t<span class=\"tribe-event-date-start\">abril 29 @ 5:30 pm<\/span> - <span class=\"tribe-event-time\">7:00 pm<\/span>\t<\/time>\n\t<\/div>\n\t\t<div class=\"tribe-events-calendar-month__calendar-event-tooltip-title tribe-common-h7\">\n\t<a\n\t\thref=\"https:\/\/boulder.earth\/es\/event\/people-of-the-sacred-land-film-premiere-discussion\/\"\n\t\ttitle=\"PEOPLE of the SACRED LAND Film Premiere &#038; Discussion\"\n\t\trel=\"bookmark\"\n\t\tclass=\"tribe-events-calendar-month__calendar-event-tooltip-title-link tribe-common-anchor-thin\"\n\t>\n\t\tPEOPLE of the SACRED LAND Film Premiere &#038; Discussion\t<\/a>\n<\/div>\n\t\t<div class=\"tribe-events-calendar-month__calendar-event-tooltip-description tribe-common-b3\">\n\t<p>PEOPLE of the SACRED LAND follows Richard Williams (Oglala Lakota, Northern Cheyenne) as he recounts the widely untold history of Colorado through the findings of the Truth, Restoration, and Education Commission (TREC) reports.<\/p>\n<\/div>\n\t\t\t<\/div>\n<\/div>\n\n\t<\/div>\n\n<\/article>\n\n\t\n\t\n<article  class=\"tribe-events-calendar-month__calendar-event post-10003391 tribe_events type-tribe_events status-publish has-post-thumbnail hentry tribe_events_cat-activism tribe_events_cat-climate tribe_events_cat-community tribe_events_cat-education tribe_events_cat-governance tribe_events_cat-human-rights tribe_events_cat-networking tribe_events_cat-resilience tribe_events_cat-social-justice tribe_events_cat-webinar cat_activism cat_climate cat_community cat_education cat_governance cat_human-rights cat_networking cat_resilience cat_social-justice cat_webinar tribe-recurring-event tribe-recurring-event-parent\" >\n\n\t\n\t<div class=\"tribe-events-calendar-month__calendar-event-details\">\n\n\t\t<div class=\"tribe-events-calendar-month__calendar-event-datetime\">\n\t\t<time datetime=\"18:00\">\n\t\t6:00 pm\t<\/time>\n\t\t\t<span class=\"tribe-events-calendar-month__calendar-event-datetime-separator\"> - <\/span>\n\t\t<time datetime=\"19:30\">\n\t\t\t7:30 pm\t\t<\/time>\n\t\t\n<span class=\"tribe-events-calendar-series-archive__container\">\n\t<a\n\t\thref=\"https:\/\/boulder.earth\/es\/series\/after-we-march-we-organize-solidarity-warriors-indivisible-action-group\/\"\n\t\taria-label=\"Event series: After We March, We Organize! Solidarity Warriors Indivisible Action Group\"\n\t\tclass=\"tribe-events-calendar-series-archive__link\"\n\t>\n\t\t\n<svg  class=\"tribe-common-c-svgicon tribe-common-c-svgicon--series tribe-events-series-archive__icon\"  width=\"14\" height=\"12\" viewBox=\"0 0 14 12\" fill=\"none\" xmlns=\"http:\/\/www.w3.org\/2000\/svg\" aria-hidden=\"true\">\n\t<rect x=\"0.5\" y=\"4.5\" width=\"9\" height=\"7\" \/>\n\t<path d=\"M2 2.5H11.5V10\" \/>\n\t<path d=\"M4 0.5H13.5V8\" \/>\n<\/svg>\n\t<\/a>\n<\/span>\n<\/div>\n\t\t<div class=\"tribe-events-calendar-month__calendar-event-title tribe-common-h8 tribe-common-h--alt\">\n\t<a\n\t\thref=\"https:\/\/boulder.earth\/es\/event\/after-we-march-we-organize-solidarity-warriors-indivisible-action-group\/2026-04-29\/\"\n\t\ttitle=\"After We March, We Organize! Solidarity Warriors Indivisible Action Group\"\n\t\trel=\"bookmark\"\n\t\tclass=\"tribe-events-calendar-month__calendar-event-title-link tribe-common-anchor-thin\"\n\t\tdata-js=\"tribe-events-tooltip\"\n\t\tdata-tooltip-content=\"#tribe-events-tooltip-content-10003391\"\n\t\taria-describedby=\"tribe-events-tooltip-content-10003391\"\n\t>\n\t\tAfter We March, We Organize! Solidarity Warriors Indivisible Action Group\t<\/a>\n<\/div>\n\n\t\t<div class=\"tribe-events-calendar-month__calendar-event-tooltip-template tribe-common-a11y-hidden\">\n\t<div\n\t\tclass=\"tribe-events-calendar-month__calendar-event-tooltip\"\n\t\tid=\"tribe-events-tooltip-content-10003391\"\n\t\trole=\"tooltip\"\n\t>\n\t\t<div class=\"tribe-events-calendar-month__calendar-event-tooltip-featured-image-wrapper\">\n\t<img\n\t\tclass=\"tribe-events-calendar-month__calendar-event-tooltip-featured-image\"\n\t\tsrc=\"https:\/\/boulder.earth\/wp-content\/uploads\/2026\/04\/Sunset-crowd-raised-fists-One-line-01_20250721004218694808-e1775521865495.png\"\n\t\t\t\t\tsrcset=\"https:\/\/boulder.earth\/wp-content\/uploads\/2026\/04\/Sunset-crowd-raised-fists-One-line-01_20250721004218694808-300x157.png 300w, https:\/\/boulder.earth\/wp-content\/uploads\/2026\/04\/Sunset-crowd-raised-fists-One-line-01_20250721004218694808-768x402.png 768w, https:\/\/boulder.earth\/wp-content\/uploads\/2026\/04\/Sunset-crowd-raised-fists-One-line-01_20250721004218694808-18x9.png 18w, https:\/\/boulder.earth\/wp-content\/uploads\/2026\/04\/Sunset-crowd-raised-fists-One-line-01_20250721004218694808-710x375.png 710w, https:\/\/boulder.earth\/wp-content\/uploads\/2026\/04\/Sunset-crowd-raised-fists-One-line-01_20250721004218694808-705x369.png 705w, https:\/\/boulder.earth\/wp-content\/uploads\/2026\/04\/Sunset-crowd-raised-fists-One-line-01_20250721004218694808-e1775521865495.png 600w\"\n\t\t\t\t\t\t\talt=\"\"\n\t\t\t\/>\n<\/div>\n\t\t<div class=\"tribe-events-calendar-month__calendar-event-tooltip-datetime\">\n\t\t<time datetime=\"2026-04-29\">\n\t\t<span class=\"tribe-event-date-start\">abril 29 @ 6:00 pm<\/span> - <span class=\"tribe-event-time\">7:30 pm<\/span>\t<\/time>\n\t\n<span class=\"tribe-events-calendar-series-archive__container\">\n\t<a\n\t\thref=\"https:\/\/boulder.earth\/es\/series\/after-we-march-we-organize-solidarity-warriors-indivisible-action-group\/\"\n\t\taria-label=\"Event series: After We March, We Organize! Solidarity Warriors Indivisible Action Group\"\n\t\tclass=\"tribe-events-calendar-series-archive__link\"\n\t>\n\t\t\n<svg  class=\"tribe-common-c-svgicon tribe-common-c-svgicon--series tribe-events-series-archive__icon\"  width=\"14\" height=\"12\" viewBox=\"0 0 14 12\" fill=\"none\" xmlns=\"http:\/\/www.w3.org\/2000\/svg\" aria-hidden=\"true\">\n\t<rect x=\"0.5\" y=\"4.5\" width=\"9\" height=\"7\" \/>\n\t<path d=\"M2 2.5H11.5V10\" \/>\n\t<path d=\"M4 0.5H13.5V8\" \/>\n<\/svg>\n\t<\/a>\n<\/span>\n<\/div>\n\t\t<div class=\"tribe-events-calendar-month__calendar-event-tooltip-title tribe-common-h7\">\n\t<a\n\t\thref=\"https:\/\/boulder.earth\/es\/event\/after-we-march-we-organize-solidarity-warriors-indivisible-action-group\/2026-04-29\/\"\n\t\ttitle=\"After We March, We Organize! Solidarity Warriors Indivisible Action Group\"\n\t\trel=\"bookmark\"\n\t\tclass=\"tribe-events-calendar-month__calendar-event-tooltip-title-link tribe-common-anchor-thin\"\n\t>\n\t\tAfter We March, We Organize! Solidarity Warriors Indivisible Action Group\t<\/a>\n<\/div>\n\t\t<div class=\"tribe-events-calendar-month__calendar-event-tooltip-description tribe-common-b3\">\n\t<p>&#x1f4da;&#x1f3a4; Every week we feature guest speakers and training on topics like:<\/p>\n<p>&#x1f6e1;&#xfe0f; How to Protest Safely &#x1f30e; Immigrant Rights &#x1fab6; Indigenous History &#x1f510; Cybersecurity &#x270a; Community Organizing Tactics and much more!<\/p>\n<\/div>\n\t\t\t<\/div>\n<\/div>\n\n\t<\/div>\n\n<\/article>\n\n\t\n\t\n<article  class=\"tribe-events-calendar-month__calendar-event post-10003446 tribe_events type-tribe_events status-publish has-post-thumbnail hentry tribe_events_cat-climate tribe_events_cat-education tribe_events_cat-water tribe_events_cat-webinar cat_climate cat_education cat_water cat_webinar\" >\n\n\t\n\t<div class=\"tribe-events-calendar-month__calendar-event-details\">\n\n\t\t<div class=\"tribe-events-calendar-month__calendar-event-datetime\">\n\t\t<time datetime=\"18:00\">\n\t\t6:00 pm\t<\/time>\n\t\t\t<span class=\"tribe-events-calendar-month__calendar-event-datetime-separator\"> - <\/span>\n\t\t<time datetime=\"19:30\">\n\t\t\t7:30 pm\t\t<\/time>\n\t\t<\/div>\n\t\t<div class=\"tribe-events-calendar-month__calendar-event-title tribe-common-h8 tribe-common-h--alt\">\n\t<a\n\t\thref=\"https:\/\/boulder.earth\/es\/event\/rain-barrel-webinar-how-to-choose-install-and-maintain-a-rain-barrel\/\"\n\t\ttitle=\"Rain Barrel Webinar: How to Choose, Install, and Maintain a Rain Barrel\"\n\t\trel=\"bookmark\"\n\t\tclass=\"tribe-events-calendar-month__calendar-event-title-link tribe-common-anchor-thin\"\n\t\tdata-js=\"tribe-events-tooltip\"\n\t\tdata-tooltip-content=\"#tribe-events-tooltip-content-10003446\"\n\t\taria-describedby=\"tribe-events-tooltip-content-10003446\"\n\t>\n\t\tRain Barrel Webinar: How to Choose, Install, and Maintain a Rain Barrel\t<\/a>\n<\/div>\n\n\t\t<div class=\"tribe-events-calendar-month__calendar-event-tooltip-template tribe-common-a11y-hidden\">\n\t<div\n\t\tclass=\"tribe-events-calendar-month__calendar-event-tooltip\"\n\t\tid=\"tribe-events-tooltip-content-10003446\"\n\t\trole=\"tooltip\"\n\t>\n\t\t<div class=\"tribe-events-calendar-month__calendar-event-tooltip-featured-image-wrapper\">\n\t<img\n\t\tclass=\"tribe-events-calendar-month__calendar-event-tooltip-featured-image\"\n\t\tsrc=\"https:\/\/boulder.earth\/wp-content\/uploads\/2019\/04\/keep-it-clean-sm.jpg\"\n\t\t\t\t\t\t\talt=\"\"\n\t\t\t\/>\n<\/div>\n\t\t<div class=\"tribe-events-calendar-month__calendar-event-tooltip-datetime\">\n\t\t<time datetime=\"2026-04-29\">\n\t\t<span class=\"tribe-event-date-start\">abril 29 @ 6:00 pm<\/span> - <span class=\"tribe-event-time\">7:30 pm<\/span>\t<\/time>\n\t<\/div>\n\t\t<div class=\"tribe-events-calendar-month__calendar-event-tooltip-title tribe-common-h7\">\n\t<a\n\t\thref=\"https:\/\/boulder.earth\/es\/event\/rain-barrel-webinar-how-to-choose-install-and-maintain-a-rain-barrel\/\"\n\t\ttitle=\"Rain Barrel Webinar: How to Choose, Install, and Maintain a Rain Barrel\"\n\t\trel=\"bookmark\"\n\t\tclass=\"tribe-events-calendar-month__calendar-event-tooltip-title-link tribe-common-anchor-thin\"\n\t>\n\t\tRain Barrel Webinar: How to Choose, Install, and Maintain a Rain Barrel\t<\/a>\n<\/div>\n\t\t<div class=\"tribe-events-calendar-month__calendar-event-tooltip-description tribe-common-b3\">\n\t<p>Save water, save money, and protect water quality by installing a rain barrel at home!<\/p>\n<\/div>\n\t\t\t<\/div>\n<\/div>\n\n\t<\/div>\n\n<\/article>\n\n\t<\/div>\n\n\t\n<\/div>\n<\/td>\n\n\t\t\t\n\t\t\t\t<td\n\t class=\"tribe-events-calendar-month__day\" \taria-labelledby=\"tribe-events-calendar-day-2026-04-30\"\n\tdata-js=\"tribe-events-month-grid-cell\"\n>\n\t<button\n\taria-expanded=\"false\"\n\taria-controls=\"tribe-events-calendar-mobile-day-2026-04-30\"\n\taria-label=\"abril 30, 4 eventos, upcoming day\"\n\t class=\"tribe-events-calendar-month__day-cell tribe-events-calendar-month__day-cell--mobile\" \tdata-js=\"tribe-events-calendar-month-day-cell-mobile\"\n>\n\t<h3 class=\"tribe-events-calendar-month__day-date tribe-common-h6 tribe-common-h--alt\">\n\t\t<span class=\"tribe-common-a11y-visual-hide\">\n\t\t\t4 eventos\t\t<\/span>\n\t\t<time\n\t\t\tclass=\"tribe-events-calendar-month__day-date-daynum\"\n\t\t\tdatetime=\"2026-04-30\"\n\t\t>\n\t\t\t30\t\t<\/time>\n\t<\/h3>\n\t\n\t<span class=\"tribe-events-calendar-month__mobile-events-icon tribe-events-calendar-month__mobile-events-icon--event\" >\n\t<\/span>\n<\/button>\n\t\n<div\n\tid=\"tribe-events-calendar-day-2026-04-30\"\n\tclass=\"tribe-events-calendar-month__day-cell tribe-events-calendar-month__day-cell--desktop tribe-common-a11y-hidden\"\n>\n\t\n<h3 class=\"tribe-events-calendar-month__day-date tribe-common-h4\">\n\t<span class=\"tribe-common-a11y-visual-hide\">\n\t\t4 eventos,\n\t<\/span>\n\t<time\n\t\tclass=\"tribe-events-calendar-month__day-date-daynum\"\n\t\tdatetime=\"2026-04-30\"\n\t>\n\t\t\t\t\t<a\n\t\t\t\thref=\"https:\/\/boulder.earth\/es\/events\/2026-04-30\/?shortcode=42cf1b8c\"\n\t\t\t\tclass=\"tribe-events-calendar-month__day-date-link\"\n\t\t\t\tdata-js=\"tribe-events-view-link\"\n\t\t\t\taria-label=\"abril 30\"\n\t\t\t>\n\t\t\t\t30\t\t\t<\/a>\n\t\t\t<\/time>\n<\/h3>\n\n\t<div class=\"tribe-events-calendar-month__events\">\n\t\t\n\t\t\n\t\n\t\n<article  class=\"tribe-events-calendar-month__calendar-event post-10003653 tribe_events type-tribe_events status-publish has-post-thumbnail hentry tribe_events_cat-biodiversity tribe_events_cat-climate tribe_events_cat-education tribe_events_cat-nature tribe_events_cat-webinar cat_biodiversity cat_climate cat_education cat_nature cat_webinar\" >\n\n\t\n\t<div class=\"tribe-events-calendar-month__calendar-event-details\">\n\n\t\t<div class=\"tribe-events-calendar-month__calendar-event-datetime\">\n\t\t<time datetime=\"12:00\">\n\t\t12:00 pm\t<\/time>\n\t\t\t<span class=\"tribe-events-calendar-month__calendar-event-datetime-separator\"> - <\/span>\n\t\t<time datetime=\"13:00\">\n\t\t\t1:00 pm\t\t<\/time>\n\t\t<\/div>\n\t\t<div class=\"tribe-events-calendar-month__calendar-event-title tribe-common-h8 tribe-common-h--alt\">\n\t<a\n\t\thref=\"https:\/\/boulder.earth\/es\/event\/how-flowers-made-our-world-webinar-2\/\"\n\t\ttitle=\"How Flowers Made Our World Webinar\"\n\t\trel=\"bookmark\"\n\t\tclass=\"tribe-events-calendar-month__calendar-event-title-link tribe-common-anchor-thin\"\n\t\tdata-js=\"tribe-events-tooltip\"\n\t\tdata-tooltip-content=\"#tribe-events-tooltip-content-10003653\"\n\t\taria-describedby=\"tribe-events-tooltip-content-10003653\"\n\t>\n\t\tHow Flowers Made Our World Webinar\t<\/a>\n<\/div>\n\n\t\t<div class=\"tribe-events-calendar-month__calendar-event-tooltip-template tribe-common-a11y-hidden\">\n\t<div\n\t\tclass=\"tribe-events-calendar-month__calendar-event-tooltip\"\n\t\tid=\"tribe-events-tooltip-content-10003653\"\n\t\trole=\"tooltip\"\n\t>\n\t\t<div class=\"tribe-events-calendar-month__calendar-event-tooltip-featured-image-wrapper\">\n\t<img\n\t\tclass=\"tribe-events-calendar-month__calendar-event-tooltip-featured-image\"\n\t\tsrc=\"https:\/\/boulder.earth\/wp-content\/uploads\/2026\/04\/Flowers-Haskell-Cover-JPG-_1_-1-e1777342410131.jpg\"\n\t\t\t\t\tsrcset=\"https:\/\/boulder.earth\/wp-content\/uploads\/2026\/04\/Flowers-Haskell-Cover-JPG-_1_-1-199x300.jpg 199w, https:\/\/boulder.earth\/wp-content\/uploads\/2026\/04\/Flowers-Haskell-Cover-JPG-_1_-1-682x1030.jpg 682w, https:\/\/boulder.earth\/wp-content\/uploads\/2026\/04\/Flowers-Haskell-Cover-JPG-_1_-1-768x1160.jpg 768w, https:\/\/boulder.earth\/wp-content\/uploads\/2026\/04\/Flowers-Haskell-Cover-JPG-_1_-1-1017x1536.jpg 1017w, https:\/\/boulder.earth\/wp-content\/uploads\/2026\/04\/Flowers-Haskell-Cover-JPG-_1_-1-8x12.jpg 8w, https:\/\/boulder.earth\/wp-content\/uploads\/2026\/04\/Flowers-Haskell-Cover-JPG-_1_-1-993x1500.jpg 993w, https:\/\/boulder.earth\/wp-content\/uploads\/2026\/04\/Flowers-Haskell-Cover-JPG-_1_-1-467x705.jpg 467w, https:\/\/boulder.earth\/wp-content\/uploads\/2026\/04\/Flowers-Haskell-Cover-JPG-_1_-1-e1777342410131.jpg 600w\"\n\t\t\t\t\t\t\talt=\"\"\n\t\t\t\/>\n<\/div>\n\t\t<div class=\"tribe-events-calendar-month__calendar-event-tooltip-datetime\">\n\t\t<time datetime=\"2026-04-30\">\n\t\t<span class=\"tribe-event-date-start\">abril 30 @ 12:00 pm<\/span> - <span class=\"tribe-event-time\">1:00 pm<\/span>\t<\/time>\n\t<\/div>\n\t\t<div class=\"tribe-events-calendar-month__calendar-event-tooltip-title tribe-common-h7\">\n\t<a\n\t\thref=\"https:\/\/boulder.earth\/es\/event\/how-flowers-made-our-world-webinar-2\/\"\n\t\ttitle=\"How Flowers Made Our World Webinar\"\n\t\trel=\"bookmark\"\n\t\tclass=\"tribe-events-calendar-month__calendar-event-tooltip-title-link tribe-common-anchor-thin\"\n\t>\n\t\tHow Flowers Made Our World Webinar\t<\/a>\n<\/div>\n\t\t<div class=\"tribe-events-calendar-month__calendar-event-tooltip-description tribe-common-b3\">\n\t<p>Flowers are revolutionaries. When flowering plants evolved, they swiftly transformed the planet, and their productivity sustains much of life today.<\/p>\n<\/div>\n\t\t\t<\/div>\n<\/div>\n\n\t<\/div>\n\n<\/article>\n\n\t\n\t\n<article  class=\"tribe-events-calendar-month__calendar-event post-10003362 tribe_events type-tribe_events status-publish has-post-thumbnail hentry tribe_events_cat-agriculture tribe_events_cat-climate tribe_events_cat-community tribe_events_cat-education tribe_events_cat-energy tribe_events_cat-webinar cat_agriculture cat_climate cat_community cat_education cat_energy cat_webinar\" >\n\n\t\n\t<div class=\"tribe-events-calendar-month__calendar-event-details\">\n\n\t\t<div class=\"tribe-events-calendar-month__calendar-event-datetime\">\n\t\t<time datetime=\"13:00\">\n\t\t1:00 pm\t<\/time>\n\t\t\t<span class=\"tribe-events-calendar-month__calendar-event-datetime-separator\"> - <\/span>\n\t\t<time datetime=\"14:30\">\n\t\t\t2:30 pm\t\t<\/time>\n\t\t<\/div>\n\t\t<div class=\"tribe-events-calendar-month__calendar-event-title tribe-common-h8 tribe-common-h--alt\">\n\t<a\n\t\thref=\"https:\/\/boulder.earth\/es\/event\/agrivoltaics-webinar-fire-safety-within-your-panels\/\"\n\t\ttitle=\"Agrivoltaics Webinar: Fire Safety Within Your Panels\"\n\t\trel=\"bookmark\"\n\t\tclass=\"tribe-events-calendar-month__calendar-event-title-link tribe-common-anchor-thin\"\n\t\tdata-js=\"tribe-events-tooltip\"\n\t\tdata-tooltip-content=\"#tribe-events-tooltip-content-10003362\"\n\t\taria-describedby=\"tribe-events-tooltip-content-10003362\"\n\t>\n\t\tAgrivoltaics Webinar: Fire Safety Within Your Panels\t<\/a>\n<\/div>\n\n\t\t<div class=\"tribe-events-calendar-month__calendar-event-tooltip-template tribe-common-a11y-hidden\">\n\t<div\n\t\tclass=\"tribe-events-calendar-month__calendar-event-tooltip\"\n\t\tid=\"tribe-events-tooltip-content-10003362\"\n\t\trole=\"tooltip\"\n\t>\n\t\t<div class=\"tribe-events-calendar-month__calendar-event-tooltip-featured-image-wrapper\">\n\t<img\n\t\tclass=\"tribe-events-calendar-month__calendar-event-tooltip-featured-image\"\n\t\tsrc=\"https:\/\/boulder.earth\/wp-content\/uploads\/2026\/03\/oDrYcKz4Fm6bhtNmOzMgzrr6sh1pplcPlg87KDES-e1773794413487.png\"\n\t\t\t\t\tsrcset=\"https:\/\/boulder.earth\/wp-content\/uploads\/2026\/03\/oDrYcKz4Fm6bhtNmOzMgzrr6sh1pplcPlg87KDES-300x163.png 300w, https:\/\/boulder.earth\/wp-content\/uploads\/2026\/03\/oDrYcKz4Fm6bhtNmOzMgzrr6sh1pplcPlg87KDES-1030x560.png 1030w, https:\/\/boulder.earth\/wp-content\/uploads\/2026\/03\/oDrYcKz4Fm6bhtNmOzMgzrr6sh1pplcPlg87KDES-768x417.png 768w, https:\/\/boulder.earth\/wp-content\/uploads\/2026\/03\/oDrYcKz4Fm6bhtNmOzMgzrr6sh1pplcPlg87KDES-1536x835.png 1536w, https:\/\/boulder.earth\/wp-content\/uploads\/2026\/03\/oDrYcKz4Fm6bhtNmOzMgzrr6sh1pplcPlg87KDES-18x10.png 18w, https:\/\/boulder.earth\/wp-content\/uploads\/2026\/03\/oDrYcKz4Fm6bhtNmOzMgzrr6sh1pplcPlg87KDES-1500x815.png 1500w, https:\/\/boulder.earth\/wp-content\/uploads\/2026\/03\/oDrYcKz4Fm6bhtNmOzMgzrr6sh1pplcPlg87KDES-705x383.png 705w, https:\/\/boulder.earth\/wp-content\/uploads\/2026\/03\/oDrYcKz4Fm6bhtNmOzMgzrr6sh1pplcPlg87KDES-e1773794413487.png 600w\"\n\t\t\t\t\t\t\talt=\"\"\n\t\t\t\/>\n<\/div>\n\t\t<div class=\"tribe-events-calendar-month__calendar-event-tooltip-datetime\">\n\t\t<time datetime=\"2026-04-30\">\n\t\t<span class=\"tribe-event-date-start\">abril 30 @ 1:00 pm<\/span> - <span class=\"tribe-event-time\">2:30 pm<\/span>\t<\/time>\n\t<\/div>\n\t\t<div class=\"tribe-events-calendar-month__calendar-event-tooltip-title tribe-common-h7\">\n\t<a\n\t\thref=\"https:\/\/boulder.earth\/es\/event\/agrivoltaics-webinar-fire-safety-within-your-panels\/\"\n\t\ttitle=\"Agrivoltaics Webinar: Fire Safety Within Your Panels\"\n\t\trel=\"bookmark\"\n\t\tclass=\"tribe-events-calendar-month__calendar-event-tooltip-title-link tribe-common-anchor-thin\"\n\t>\n\t\tAgrivoltaics Webinar: Fire Safety Within Your Panels\t<\/a>\n<\/div>\n\t\t<div class=\"tribe-events-calendar-month__calendar-event-tooltip-description tribe-common-b3\">\n\t<p>Agrivoltaics is the co-location of agricultural activities within a solar array whereby the microclimates of the solar panels impact the growth, health, and production of crops and livestock.<\/p>\n<\/div>\n\t\t\t<\/div>\n<\/div>\n\n\t<\/div>\n\n<\/article>\n\n\t\n\t\n<article  class=\"tribe-events-calendar-month__calendar-event post-10003643 tribe_events type-tribe_events status-publish has-post-thumbnail hentry tribe_events_cat-activism tribe_events_cat-climate tribe_events_cat-education tribe_events_cat-energy tribe_events_cat-policy tribe_events_cat-webinar cat_activism cat_climate cat_education cat_energy cat_policy cat_webinar\" >\n\n\t\n\t<div class=\"tribe-events-calendar-month__calendar-event-details\">\n\n\t\t<div class=\"tribe-events-calendar-month__calendar-event-datetime\">\n\t\t<time datetime=\"18:00\">\n\t\t6:00 pm\t<\/time>\n\t\t\t<span class=\"tribe-events-calendar-month__calendar-event-datetime-separator\"> - <\/span>\n\t\t<time datetime=\"19:00\">\n\t\t\t7:00 pm\t\t<\/time>\n\t\t<\/div>\n\t\t<div class=\"tribe-events-calendar-month__calendar-event-title tribe-common-h8 tribe-common-h--alt\">\n\t<a\n\t\thref=\"https:\/\/boulder.earth\/es\/event\/neis-a-night-with-the-experts\/\"\n\t\ttitle=\"NEIS: A Night with the Experts\"\n\t\trel=\"bookmark\"\n\t\tclass=\"tribe-events-calendar-month__calendar-event-title-link tribe-common-anchor-thin\"\n\t\tdata-js=\"tribe-events-tooltip\"\n\t\tdata-tooltip-content=\"#tribe-events-tooltip-content-10003643\"\n\t\taria-describedby=\"tribe-events-tooltip-content-10003643\"\n\t>\n\t\tNEIS: A Night with the Experts\t<\/a>\n<\/div>\n\n\t\t<div class=\"tribe-events-calendar-month__calendar-event-tooltip-template tribe-common-a11y-hidden\">\n\t<div\n\t\tclass=\"tribe-events-calendar-month__calendar-event-tooltip\"\n\t\tid=\"tribe-events-tooltip-content-10003643\"\n\t\trole=\"tooltip\"\n\t>\n\t\t<div class=\"tribe-events-calendar-month__calendar-event-tooltip-featured-image-wrapper\">\n\t<img\n\t\tclass=\"tribe-events-calendar-month__calendar-event-tooltip-featured-image\"\n\t\tsrc=\"https:\/\/boulder.earth\/wp-content\/uploads\/2026\/04\/RMPJC-Announcements-_Instagram_-_11_-e1777339104227.png\"\n\t\t\t\t\tsrcset=\"https:\/\/boulder.earth\/wp-content\/uploads\/2026\/04\/RMPJC-Announcements-_Instagram_-_11_-300x300.png 300w, https:\/\/boulder.earth\/wp-content\/uploads\/2026\/04\/RMPJC-Announcements-_Instagram_-_11_-1030x1030.png 1030w, https:\/\/boulder.earth\/wp-content\/uploads\/2026\/04\/RMPJC-Announcements-_Instagram_-_11_-80x80.png 80w, https:\/\/boulder.earth\/wp-content\/uploads\/2026\/04\/RMPJC-Announcements-_Instagram_-_11_-768x768.png 768w, https:\/\/boulder.earth\/wp-content\/uploads\/2026\/04\/RMPJC-Announcements-_Instagram_-_11_-12x12.png 12w, https:\/\/boulder.earth\/wp-content\/uploads\/2026\/04\/RMPJC-Announcements-_Instagram_-_11_-36x36.png 36w, https:\/\/boulder.earth\/wp-content\/uploads\/2026\/04\/RMPJC-Announcements-_Instagram_-_11_-180x180.png 180w, https:\/\/boulder.earth\/wp-content\/uploads\/2026\/04\/RMPJC-Announcements-_Instagram_-_11_-705x705.png 705w, https:\/\/boulder.earth\/wp-content\/uploads\/2026\/04\/RMPJC-Announcements-_Instagram_-_11_-e1777339104227.png 600w\"\n\t\t\t\t\t\t\talt=\"\"\n\t\t\t\/>\n<\/div>\n\t\t<div class=\"tribe-events-calendar-month__calendar-event-tooltip-datetime\">\n\t\t<time datetime=\"2026-04-30\">\n\t\t<span class=\"tribe-event-date-start\">abril 30 @ 6:00 pm<\/span> - <span class=\"tribe-event-time\">7:00 pm<\/span>\t<\/time>\n\t<\/div>\n\t\t<div class=\"tribe-events-calendar-month__calendar-event-tooltip-title tribe-common-h7\">\n\t<a\n\t\thref=\"https:\/\/boulder.earth\/es\/event\/neis-a-night-with-the-experts\/\"\n\t\ttitle=\"NEIS: A Night with the Experts\"\n\t\trel=\"bookmark\"\n\t\tclass=\"tribe-events-calendar-month__calendar-event-tooltip-title-link tribe-common-anchor-thin\"\n\t>\n\t\tNEIS: A Night with the Experts\t<\/a>\n<\/div>\n\t\t<div class=\"tribe-events-calendar-month__calendar-event-tooltip-description tribe-common-b3\">\n\t<p>In March 2025, President Trump signed Executive Order (EO) 14300 directing the Nuclear Regulatory Commission (NRC) to relax the radiation protection regulations protecting nuclear workers and the public.<\/p>\n<\/div>\n\t\t\t<\/div>\n<\/div>\n\n\t<\/div>\n\n<\/article>\n\n\t\n\t\n<article  class=\"tribe-events-calendar-month__calendar-event post-10003470 tribe_events type-tribe_events status-publish has-post-thumbnail hentry tribe_events_cat-biodiversity tribe_events_cat-climate tribe_events_cat-education tribe_events_cat-land-management tribe_events_cat-nature tribe_events_cat-pollinators cat_biodiversity cat_climate cat_education cat_land-management cat_nature cat_pollinators\" >\n\n\t\n\t<div class=\"tribe-events-calendar-month__calendar-event-details\">\n\n\t\t<div class=\"tribe-events-calendar-month__calendar-event-datetime\">\n\t\t<time datetime=\"18:30\">\n\t\t6:30 pm\t<\/time>\n\t\t\t<span class=\"tribe-events-calendar-month__calendar-event-datetime-separator\"> - <\/span>\n\t\t<time datetime=\"19:30\">\n\t\t\t7:30 pm\t\t<\/time>\n\t\t<\/div>\n\t\t<div class=\"tribe-events-calendar-month__calendar-event-title tribe-common-h8 tribe-common-h--alt\">\n\t<a\n\t\thref=\"https:\/\/boulder.earth\/es\/event\/the-biodiversity-crisis-is-urgent-the-solution-is-in-your-hands\/\"\n\t\ttitle=\"The Biodiversity Crisis is Urgent &#8211; the Solution is in Your Hands\"\n\t\trel=\"bookmark\"\n\t\tclass=\"tribe-events-calendar-month__calendar-event-title-link tribe-common-anchor-thin\"\n\t\tdata-js=\"tribe-events-tooltip\"\n\t\tdata-tooltip-content=\"#tribe-events-tooltip-content-10003470\"\n\t\taria-describedby=\"tribe-events-tooltip-content-10003470\"\n\t>\n\t\tThe Biodiversity Crisis is Urgent &#8211; the Solution is in Your Hands\t<\/a>\n<\/div>\n\n\t\t<div class=\"tribe-events-calendar-month__calendar-event-tooltip-template tribe-common-a11y-hidden\">\n\t<div\n\t\tclass=\"tribe-events-calendar-month__calendar-event-tooltip\"\n\t\tid=\"tribe-events-tooltip-content-10003470\"\n\t\trole=\"tooltip\"\n\t>\n\t\t<div class=\"tribe-events-calendar-month__calendar-event-tooltip-featured-image-wrapper\">\n\t<img\n\t\tclass=\"tribe-events-calendar-month__calendar-event-tooltip-featured-image\"\n\t\tsrc=\"https:\/\/boulder.earth\/wp-content\/uploads\/2026\/04\/2026_02_26_20_01_34.png\"\n\t\t\t\t\tsrcset=\"https:\/\/boulder.earth\/wp-content\/uploads\/2026\/04\/2026_02_26_20_01_34-270x300.png 270w, https:\/\/boulder.earth\/wp-content\/uploads\/2026\/04\/2026_02_26_20_01_34-11x12.png 11w, https:\/\/boulder.earth\/wp-content\/uploads\/2026\/04\/2026_02_26_20_01_34.png 525w\"\n\t\t\t\t\t\t\talt=\"\"\n\t\t\t\/>\n<\/div>\n\t\t<div class=\"tribe-events-calendar-month__calendar-event-tooltip-datetime\">\n\t\t<time datetime=\"2026-04-30\">\n\t\t<span class=\"tribe-event-date-start\">abril 30 @ 6:30 pm<\/span> - <span class=\"tribe-event-time\">7:30 pm<\/span>\t<\/time>\n\t<\/div>\n\t\t<div class=\"tribe-events-calendar-month__calendar-event-tooltip-title tribe-common-h7\">\n\t<a\n\t\thref=\"https:\/\/boulder.earth\/es\/event\/the-biodiversity-crisis-is-urgent-the-solution-is-in-your-hands\/\"\n\t\ttitle=\"The Biodiversity Crisis is Urgent &#8211; the Solution is in Your Hands\"\n\t\trel=\"bookmark\"\n\t\tclass=\"tribe-events-calendar-month__calendar-event-tooltip-title-link tribe-common-anchor-thin\"\n\t>\n\t\tThe Biodiversity Crisis is Urgent &#8211; the Solution is in Your Hands\t<\/a>\n<\/div>\n\t\t<div class=\"tribe-events-calendar-month__calendar-event-tooltip-description tribe-common-b3\">\n\t<p>There is a magical but often unseen eco-system operating in your own backyard!<\/p>\n<\/div>\n\t\t\t<\/div>\n<\/div>\n\n\t<\/div>\n\n<\/article>\n\n\t<\/div>\n\n\t\n<\/div>\n<\/td>\n\n\t\t\t\n\t\t\t\t<td\n\t class=\"tribe-events-calendar-month__day tribe-events-calendar-month__day--other-month tribe-events-calendar-month__day--next-month\" \taria-labelledby=\"tribe-events-calendar-day-2026-05-01\"\n\tdata-js=\"tribe-events-month-grid-cell\"\n>\n\t<button\n\taria-expanded=\"false\"\n\taria-controls=\"tribe-events-calendar-mobile-day-2026-05-1\"\n\taria-label=\"mayo 1, 1 evento, upcoming day\"\n\t class=\"tribe-events-calendar-month__day-cell tribe-events-calendar-month__day-cell--mobile\" \tdata-js=\"tribe-events-calendar-month-day-cell-mobile\"\n>\n\t<h3 class=\"tribe-events-calendar-month__day-date tribe-common-h6 tribe-common-h--alt\">\n\t\t<span class=\"tribe-common-a11y-visual-hide\">\n\t\t\t1 evento\t\t<\/span>\n\t\t<time\n\t\t\tclass=\"tribe-events-calendar-month__day-date-daynum\"\n\t\t\tdatetime=\"2026-05-01\"\n\t\t>\n\t\t\t1\t\t<\/time>\n\t<\/h3>\n\t\n\t<span class=\"tribe-events-calendar-month__mobile-events-icon tribe-events-calendar-month__mobile-events-icon--event\" >\n\t<\/span>\n<\/button>\n\t\n<div\n\tid=\"tribe-events-calendar-day-2026-05-01\"\n\tclass=\"tribe-events-calendar-month__day-cell tribe-events-calendar-month__day-cell--desktop tribe-common-a11y-hidden\"\n>\n\t\n<h3 class=\"tribe-events-calendar-month__day-date tribe-common-h4\">\n\t<span class=\"tribe-common-a11y-visual-hide\">\n\t\t1 evento,\n\t<\/span>\n\t<time\n\t\tclass=\"tribe-events-calendar-month__day-date-daynum\"\n\t\tdatetime=\"2026-05-01\"\n\t>\n\t\t\t\t\t<a\n\t\t\t\thref=\"https:\/\/boulder.earth\/es\/events\/2026-05-01\/?shortcode=42cf1b8c\"\n\t\t\t\tclass=\"tribe-events-calendar-month__day-date-link\"\n\t\t\t\tdata-js=\"tribe-events-view-link\"\n\t\t\t\taria-label=\"mayo 1\"\n\t\t\t>\n\t\t\t\t1\t\t\t<\/a>\n\t\t\t<\/time>\n<\/h3>\n\n\t<div class=\"tribe-events-calendar-month__events\">\n\t\t\n\t\t\n\t\n\t\n<article  class=\"tribe-events-calendar-month__calendar-event post-10003645 tribe_events type-tribe_events status-publish has-post-thumbnail hentry tribe_events_cat-activism tribe_events_cat-community tribe_events_cat-education tribe_events_cat-governance tribe_events_cat-human-rights tribe_events_cat-networking tribe_events_cat-resilience tribe_events_cat-social-justice cat_activism cat_community cat_education cat_governance cat_human-rights cat_networking cat_resilience cat_social-justice\" >\n\n\t\n\t<div class=\"tribe-events-calendar-month__calendar-event-details\">\n\n\t\t<div class=\"tribe-events-calendar-month__calendar-event-datetime\">\n\t\t<time datetime=\"16:00\">\n\t\t4:00 pm\t<\/time>\n\t\t\t<span class=\"tribe-events-calendar-month__calendar-event-datetime-separator\"> - <\/span>\n\t\t<time datetime=\"18:00\">\n\t\t\t6:00 pm\t\t<\/time>\n\t\t<\/div>\n\t\t<div class=\"tribe-events-calendar-month__calendar-event-title tribe-common-h8 tribe-common-h--alt\">\n\t<a\n\t\thref=\"https:\/\/boulder.earth\/es\/event\/workers-over-billionaires\/\"\n\t\ttitle=\"WORKERS OVER BILLIONAIRES\"\n\t\trel=\"bookmark\"\n\t\tclass=\"tribe-events-calendar-month__calendar-event-title-link tribe-common-anchor-thin\"\n\t\tdata-js=\"tribe-events-tooltip\"\n\t\tdata-tooltip-content=\"#tribe-events-tooltip-content-10003645\"\n\t\taria-describedby=\"tribe-events-tooltip-content-10003645\"\n\t>\n\t\tWORKERS OVER BILLIONAIRES\t<\/a>\n<\/div>\n\n\t\t<div class=\"tribe-events-calendar-month__calendar-event-tooltip-template tribe-common-a11y-hidden\">\n\t<div\n\t\tclass=\"tribe-events-calendar-month__calendar-event-tooltip\"\n\t\tid=\"tribe-events-tooltip-content-10003645\"\n\t\trole=\"tooltip\"\n\t>\n\t\t<div class=\"tribe-events-calendar-month__calendar-event-tooltip-featured-image-wrapper\">\n\t<img\n\t\tclass=\"tribe-events-calendar-month__calendar-event-tooltip-featured-image\"\n\t\tsrc=\"https:\/\/boulder.earth\/wp-content\/uploads\/2026\/04\/Screenshot-2026-04-17-153521-e1777339700175.png\"\n\t\t\t\t\tsrcset=\"https:\/\/boulder.earth\/wp-content\/uploads\/2026\/04\/Screenshot-2026-04-17-153521-226x300.png 226w, https:\/\/boulder.earth\/wp-content\/uploads\/2026\/04\/Screenshot-2026-04-17-153521-9x12.png 9w, https:\/\/boulder.earth\/wp-content\/uploads\/2026\/04\/Screenshot-2026-04-17-153521-531x705.png 531w, https:\/\/boulder.earth\/wp-content\/uploads\/2026\/04\/Screenshot-2026-04-17-153521-e1777339700175.png 600w\"\n\t\t\t\t\t\t\talt=\"\"\n\t\t\t\/>\n<\/div>\n\t\t<div class=\"tribe-events-calendar-month__calendar-event-tooltip-datetime\">\n\t\t<time datetime=\"2026-05-01\">\n\t\t<span class=\"tribe-event-date-start\">mayo 1 @ 4:00 pm<\/span> - <span class=\"tribe-event-time\">6:00 pm<\/span>\t<\/time>\n\t<\/div>\n\t\t<div class=\"tribe-events-calendar-month__calendar-event-tooltip-title tribe-common-h7\">\n\t<a\n\t\thref=\"https:\/\/boulder.earth\/es\/event\/workers-over-billionaires\/\"\n\t\ttitle=\"WORKERS OVER BILLIONAIRES\"\n\t\trel=\"bookmark\"\n\t\tclass=\"tribe-events-calendar-month__calendar-event-tooltip-title-link tribe-common-anchor-thin\"\n\t>\n\t\tWORKERS OVER BILLIONAIRES\t<\/a>\n<\/div>\n\t\t<div class=\"tribe-events-calendar-month__calendar-event-tooltip-description tribe-common-b3\">\n\t<p>WORKERS OVER BILLIONAIRES: this MayDay, come down and learn form local union leaders and other organizers about how they are fighting back against corporate greed in our nation.<\/p>\n<\/div>\n\t\t\t<\/div>\n<\/div>\n\n\t<\/div>\n\n<\/article>\n\n\t<\/div>\n\n\t\n<\/div>\n<\/td>\n\n\t\t\t\n\t\t\t\t<td\n\t class=\"tribe-events-calendar-month__day tribe-events-calendar-month__day--other-month tribe-events-calendar-month__day--next-month\" \taria-labelledby=\"tribe-events-calendar-day-2026-05-02\"\n\tdata-js=\"tribe-events-month-grid-cell\"\n>\n\t<button\n\taria-expanded=\"false\"\n\taria-controls=\"tribe-events-calendar-mobile-day-2026-05-2\"\n\taria-label=\"mayo 2, 3 eventos, upcoming day\"\n\t class=\"tribe-events-calendar-month__day-cell tribe-events-calendar-month__day-cell--mobile\" \tdata-js=\"tribe-events-calendar-month-day-cell-mobile\"\n>\n\t<h3 class=\"tribe-events-calendar-month__day-date tribe-common-h6 tribe-common-h--alt\">\n\t\t<span class=\"tribe-common-a11y-visual-hide\">\n\t\t\t3 eventos\t\t<\/span>\n\t\t<time\n\t\t\tclass=\"tribe-events-calendar-month__day-date-daynum\"\n\t\t\tdatetime=\"2026-05-02\"\n\t\t>\n\t\t\t2\t\t<\/time>\n\t<\/h3>\n\t\n\t<span class=\"tribe-events-calendar-month__mobile-events-icon tribe-events-calendar-month__mobile-events-icon--event\" >\n\t<\/span>\n<\/button>\n\t\n<div\n\tid=\"tribe-events-calendar-day-2026-05-02\"\n\tclass=\"tribe-events-calendar-month__day-cell tribe-events-calendar-month__day-cell--desktop tribe-common-a11y-hidden\"\n>\n\t\n<h3 class=\"tribe-events-calendar-month__day-date tribe-common-h4\">\n\t<span class=\"tribe-common-a11y-visual-hide\">\n\t\t3 eventos,\n\t<\/span>\n\t<time\n\t\tclass=\"tribe-events-calendar-month__day-date-daynum\"\n\t\tdatetime=\"2026-05-02\"\n\t>\n\t\t\t\t\t<a\n\t\t\t\thref=\"https:\/\/boulder.earth\/es\/events\/2026-05-02\/?shortcode=42cf1b8c\"\n\t\t\t\tclass=\"tribe-events-calendar-month__day-date-link\"\n\t\t\t\tdata-js=\"tribe-events-view-link\"\n\t\t\t\taria-label=\"mayo 2\"\n\t\t\t>\n\t\t\t\t2\t\t\t<\/a>\n\t\t\t<\/time>\n<\/h3>\n\n\t<div class=\"tribe-events-calendar-month__events\">\n\t\t\n\t\t\n\t\n\t\n<article  class=\"tribe-events-calendar-month__calendar-event post-10003477 tribe_events type-tribe_events status-publish has-post-thumbnail hentry tribe_events_cat-agriculture tribe_events_cat-community tribe_events_cat-food cat_agriculture cat_community cat_food tribe-recurring-event tribe-recurring-event-parent\" >\n\n\t\n\t<div class=\"tribe-events-calendar-month__calendar-event-details\">\n\n\t\t<div class=\"tribe-events-calendar-month__calendar-event-datetime\">\n\t\t<time datetime=\"08:00\">\n\t\t8:00 am\t<\/time>\n\t\t\t<span class=\"tribe-events-calendar-month__calendar-event-datetime-separator\"> - <\/span>\n\t\t<time datetime=\"14:00\">\n\t\t\t2:00 pm\t\t<\/time>\n\t\t\n<span class=\"tribe-events-calendar-series-archive__container\">\n\t<a\n\t\thref=\"https:\/\/boulder.earth\/es\/series\/boulder-farmers-market\/\"\n\t\taria-label=\"Event series: Boulder Farmers Market\"\n\t\tclass=\"tribe-events-calendar-series-archive__link\"\n\t>\n\t\t\n<svg  class=\"tribe-common-c-svgicon tribe-common-c-svgicon--series tribe-events-series-archive__icon\"  width=\"14\" height=\"12\" viewBox=\"0 0 14 12\" fill=\"none\" xmlns=\"http:\/\/www.w3.org\/2000\/svg\" aria-hidden=\"true\">\n\t<rect x=\"0.5\" y=\"4.5\" width=\"9\" height=\"7\" \/>\n\t<path d=\"M2 2.5H11.5V10\" \/>\n\t<path d=\"M4 0.5H13.5V8\" \/>\n<\/svg>\n\t<\/a>\n<\/span>\n<\/div>\n\t\t<div class=\"tribe-events-calendar-month__calendar-event-title tribe-common-h8 tribe-common-h--alt\">\n\t<a\n\t\thref=\"https:\/\/boulder.earth\/es\/event\/boulder-farmers-market\/2026-05-02\/\"\n\t\ttitle=\"Boulder Farmers Market\"\n\t\trel=\"bookmark\"\n\t\tclass=\"tribe-events-calendar-month__calendar-event-title-link tribe-common-anchor-thin\"\n\t\tdata-js=\"tribe-events-tooltip\"\n\t\tdata-tooltip-content=\"#tribe-events-tooltip-content-10003477\"\n\t\taria-describedby=\"tribe-events-tooltip-content-10003477\"\n\t>\n\t\tBoulder Farmers Market\t<\/a>\n<\/div>\n\n\t\t<div class=\"tribe-events-calendar-month__calendar-event-tooltip-template tribe-common-a11y-hidden\">\n\t<div\n\t\tclass=\"tribe-events-calendar-month__calendar-event-tooltip\"\n\t\tid=\"tribe-events-tooltip-content-10003477\"\n\t\trole=\"tooltip\"\n\t>\n\t\t<div class=\"tribe-events-calendar-month__calendar-event-tooltip-featured-image-wrapper\">\n\t<img\n\t\tclass=\"tribe-events-calendar-month__calendar-event-tooltip-featured-image\"\n\t\tsrc=\"https:\/\/boulder.earth\/wp-content\/uploads\/2026\/04\/5a1a4a83-2755-6e04-62f2-ff349ad4a3cd-e1776830580952.jpg\"\n\t\t\t\t\tsrcset=\"https:\/\/boulder.earth\/wp-content\/uploads\/2026\/04\/5a1a4a83-2755-6e04-62f2-ff349ad4a3cd-300x300.jpg 300w, https:\/\/boulder.earth\/wp-content\/uploads\/2026\/04\/5a1a4a83-2755-6e04-62f2-ff349ad4a3cd-1030x1030.jpg 1030w, https:\/\/boulder.earth\/wp-content\/uploads\/2026\/04\/5a1a4a83-2755-6e04-62f2-ff349ad4a3cd-80x80.jpg 80w, https:\/\/boulder.earth\/wp-content\/uploads\/2026\/04\/5a1a4a83-2755-6e04-62f2-ff349ad4a3cd-768x768.jpg 768w, https:\/\/boulder.earth\/wp-content\/uploads\/2026\/04\/5a1a4a83-2755-6e04-62f2-ff349ad4a3cd-12x12.jpg 12w, https:\/\/boulder.earth\/wp-content\/uploads\/2026\/04\/5a1a4a83-2755-6e04-62f2-ff349ad4a3cd-36x36.jpg 36w, https:\/\/boulder.earth\/wp-content\/uploads\/2026\/04\/5a1a4a83-2755-6e04-62f2-ff349ad4a3cd-180x180.jpg 180w, https:\/\/boulder.earth\/wp-content\/uploads\/2026\/04\/5a1a4a83-2755-6e04-62f2-ff349ad4a3cd-705x705.jpg 705w, https:\/\/boulder.earth\/wp-content\/uploads\/2026\/04\/5a1a4a83-2755-6e04-62f2-ff349ad4a3cd-e1776830580952.jpg 600w\"\n\t\t\t\t\t\t\talt=\"\"\n\t\t\t\/>\n<\/div>\n\t\t<div class=\"tribe-events-calendar-month__calendar-event-tooltip-datetime\">\n\t\t<time datetime=\"2026-05-02\">\n\t\t<span class=\"tribe-event-date-start\">mayo 2 @ 8:00 am<\/span> - <span class=\"tribe-event-time\">2:00 pm<\/span>\t<\/time>\n\t\n<span class=\"tribe-events-calendar-series-archive__container\">\n\t<a\n\t\thref=\"https:\/\/boulder.earth\/es\/series\/boulder-farmers-market\/\"\n\t\taria-label=\"Event series: Boulder Farmers Market\"\n\t\tclass=\"tribe-events-calendar-series-archive__link\"\n\t>\n\t\t\n<svg  class=\"tribe-common-c-svgicon tribe-common-c-svgicon--series tribe-events-series-archive__icon\"  width=\"14\" height=\"12\" viewBox=\"0 0 14 12\" fill=\"none\" xmlns=\"http:\/\/www.w3.org\/2000\/svg\" aria-hidden=\"true\">\n\t<rect x=\"0.5\" y=\"4.5\" width=\"9\" height=\"7\" \/>\n\t<path d=\"M2 2.5H11.5V10\" \/>\n\t<path d=\"M4 0.5H13.5V8\" \/>\n<\/svg>\n\t<\/a>\n<\/span>\n<\/div>\n\t\t<div class=\"tribe-events-calendar-month__calendar-event-tooltip-title tribe-common-h7\">\n\t<a\n\t\thref=\"https:\/\/boulder.earth\/es\/event\/boulder-farmers-market\/2026-05-02\/\"\n\t\ttitle=\"Boulder Farmers Market\"\n\t\trel=\"bookmark\"\n\t\tclass=\"tribe-events-calendar-month__calendar-event-tooltip-title-link tribe-common-anchor-thin\"\n\t>\n\t\tBoulder Farmers Market\t<\/a>\n<\/div>\n\t\t<div class=\"tribe-events-calendar-month__calendar-event-tooltip-description tribe-common-b3\">\n\t<p>We're excited to have 75 vendor join us for opening day at the Boulder Farmers Market!<\/p>\n<\/div>\n\t\t\t<\/div>\n<\/div>\n\n\t<\/div>\n\n<\/article>\n\n\t\n\t\n<article  class=\"tribe-events-calendar-month__calendar-event post-10003556 tribe_events type-tribe_events status-publish has-post-thumbnail hentry tribe_events_cat-agriculture tribe_events_cat-community tribe_events_cat-food cat_agriculture cat_community cat_food tribe-recurring-event tribe-recurring-event-parent\" >\n\n\t\n\t<div class=\"tribe-events-calendar-month__calendar-event-details\">\n\n\t\t<div class=\"tribe-events-calendar-month__calendar-event-datetime\">\n\t\t<time datetime=\"08:00\">\n\t\t8:00 am\t<\/time>\n\t\t\t<span class=\"tribe-events-calendar-month__calendar-event-datetime-separator\"> - <\/span>\n\t\t<time datetime=\"14:00\">\n\t\t\t2:00 pm\t\t<\/time>\n\t\t\n<span class=\"tribe-events-calendar-series-archive__container\">\n\t<a\n\t\thref=\"https:\/\/boulder.earth\/es\/series\/longmont-farmers-market\/\"\n\t\taria-label=\"Event series: Longmont Farmers Market\"\n\t\tclass=\"tribe-events-calendar-series-archive__link\"\n\t>\n\t\t\n<svg  class=\"tribe-common-c-svgicon tribe-common-c-svgicon--series tribe-events-series-archive__icon\"  width=\"14\" height=\"12\" viewBox=\"0 0 14 12\" fill=\"none\" xmlns=\"http:\/\/www.w3.org\/2000\/svg\" aria-hidden=\"true\">\n\t<rect x=\"0.5\" y=\"4.5\" width=\"9\" height=\"7\" \/>\n\t<path d=\"M2 2.5H11.5V10\" \/>\n\t<path d=\"M4 0.5H13.5V8\" \/>\n<\/svg>\n\t<\/a>\n<\/span>\n<\/div>\n\t\t<div class=\"tribe-events-calendar-month__calendar-event-title tribe-common-h8 tribe-common-h--alt\">\n\t<a\n\t\thref=\"https:\/\/boulder.earth\/es\/event\/longmont-farmers-market-2\/2026-05-02\/\"\n\t\ttitle=\"Longmont Farmers Market\"\n\t\trel=\"bookmark\"\n\t\tclass=\"tribe-events-calendar-month__calendar-event-title-link tribe-common-anchor-thin\"\n\t\tdata-js=\"tribe-events-tooltip\"\n\t\tdata-tooltip-content=\"#tribe-events-tooltip-content-10003556\"\n\t\taria-describedby=\"tribe-events-tooltip-content-10003556\"\n\t>\n\t\tLongmont Farmers Market\t<\/a>\n<\/div>\n\n\t\t<div class=\"tribe-events-calendar-month__calendar-event-tooltip-template tribe-common-a11y-hidden\">\n\t<div\n\t\tclass=\"tribe-events-calendar-month__calendar-event-tooltip\"\n\t\tid=\"tribe-events-tooltip-content-10003556\"\n\t\trole=\"tooltip\"\n\t>\n\t\t<div class=\"tribe-events-calendar-month__calendar-event-tooltip-featured-image-wrapper\">\n\t<img\n\t\tclass=\"tribe-events-calendar-month__calendar-event-tooltip-featured-image\"\n\t\tsrc=\"https:\/\/boulder.earth\/wp-content\/uploads\/2026\/04\/5a1a4a83-2755-6e04-62f2-ff349ad4a3cd-e1776830580952.jpg\"\n\t\t\t\t\tsrcset=\"https:\/\/boulder.earth\/wp-content\/uploads\/2026\/04\/5a1a4a83-2755-6e04-62f2-ff349ad4a3cd-300x300.jpg 300w, https:\/\/boulder.earth\/wp-content\/uploads\/2026\/04\/5a1a4a83-2755-6e04-62f2-ff349ad4a3cd-1030x1030.jpg 1030w, https:\/\/boulder.earth\/wp-content\/uploads\/2026\/04\/5a1a4a83-2755-6e04-62f2-ff349ad4a3cd-80x80.jpg 80w, https:\/\/boulder.earth\/wp-content\/uploads\/2026\/04\/5a1a4a83-2755-6e04-62f2-ff349ad4a3cd-768x768.jpg 768w, https:\/\/boulder.earth\/wp-content\/uploads\/2026\/04\/5a1a4a83-2755-6e04-62f2-ff349ad4a3cd-12x12.jpg 12w, https:\/\/boulder.earth\/wp-content\/uploads\/2026\/04\/5a1a4a83-2755-6e04-62f2-ff349ad4a3cd-36x36.jpg 36w, https:\/\/boulder.earth\/wp-content\/uploads\/2026\/04\/5a1a4a83-2755-6e04-62f2-ff349ad4a3cd-180x180.jpg 180w, https:\/\/boulder.earth\/wp-content\/uploads\/2026\/04\/5a1a4a83-2755-6e04-62f2-ff349ad4a3cd-705x705.jpg 705w, https:\/\/boulder.earth\/wp-content\/uploads\/2026\/04\/5a1a4a83-2755-6e04-62f2-ff349ad4a3cd-e1776830580952.jpg 600w\"\n\t\t\t\t\t\t\talt=\"\"\n\t\t\t\/>\n<\/div>\n\t\t<div class=\"tribe-events-calendar-month__calendar-event-tooltip-datetime\">\n\t\t<time datetime=\"2026-05-02\">\n\t\t<span class=\"tribe-event-date-start\">mayo 2 @ 8:00 am<\/span> - <span class=\"tribe-event-time\">2:00 pm<\/span>\t<\/time>\n\t\n<span class=\"tribe-events-calendar-series-archive__container\">\n\t<a\n\t\thref=\"https:\/\/boulder.earth\/es\/series\/longmont-farmers-market\/\"\n\t\taria-label=\"Event series: Longmont Farmers Market\"\n\t\tclass=\"tribe-events-calendar-series-archive__link\"\n\t>\n\t\t\n<svg  class=\"tribe-common-c-svgicon tribe-common-c-svgicon--series tribe-events-series-archive__icon\"  width=\"14\" height=\"12\" viewBox=\"0 0 14 12\" fill=\"none\" xmlns=\"http:\/\/www.w3.org\/2000\/svg\" aria-hidden=\"true\">\n\t<rect x=\"0.5\" y=\"4.5\" width=\"9\" height=\"7\" \/>\n\t<path d=\"M2 2.5H11.5V10\" \/>\n\t<path d=\"M4 0.5H13.5V8\" \/>\n<\/svg>\n\t<\/a>\n<\/span>\n<\/div>\n\t\t<div class=\"tribe-events-calendar-month__calendar-event-tooltip-title tribe-common-h7\">\n\t<a\n\t\thref=\"https:\/\/boulder.earth\/es\/event\/longmont-farmers-market-2\/2026-05-02\/\"\n\t\ttitle=\"Longmont Farmers Market\"\n\t\trel=\"bookmark\"\n\t\tclass=\"tribe-events-calendar-month__calendar-event-tooltip-title-link tribe-common-anchor-thin\"\n\t>\n\t\tLongmont Farmers Market\t<\/a>\n<\/div>\n\t\t<div class=\"tribe-events-calendar-month__calendar-event-tooltip-description tribe-common-b3\">\n\t<p>In Longmont, we'll have nearly 70 vendors joining us this Saturday!<\/p>\n<\/div>\n\t\t\t<\/div>\n<\/div>\n\n\t<\/div>\n\n<\/article>\n\n\t\n\t\n<article  class=\"tribe-events-calendar-month__calendar-event post-10003649 tribe_events type-tribe_events status-publish has-post-thumbnail hentry tribe_events_cat-activism tribe_events_cat-community tribe_events_cat-creative-arts tribe_events_cat-culture-building tribe_events_cat-indigenous-knowledge cat_activism cat_community cat_creative-arts cat_culture-building cat_indigenous-knowledge\" >\n\n\t\n\t<div class=\"tribe-events-calendar-month__calendar-event-details\">\n\n\t\t<div class=\"tribe-events-calendar-month__calendar-event-datetime\">\n\t\t<time datetime=\"11:00\">\n\t\t11:00 am\t<\/time>\n\t\t\t<span class=\"tribe-events-calendar-month__calendar-event-datetime-separator\"> - <\/span>\n\t\t<time datetime=\"16:00\">\n\t\t\t4:00 pm\t\t<\/time>\n\t\t<\/div>\n\t\t<div class=\"tribe-events-calendar-month__calendar-event-title tribe-common-h8 tribe-common-h--alt\">\n\t<a\n\t\thref=\"https:\/\/boulder.earth\/es\/event\/mmiw-broomfield-native-art-market\/\"\n\t\ttitle=\"MMIW Broomfield Native Art Market\"\n\t\trel=\"bookmark\"\n\t\tclass=\"tribe-events-calendar-month__calendar-event-title-link tribe-common-anchor-thin\"\n\t\tdata-js=\"tribe-events-tooltip\"\n\t\tdata-tooltip-content=\"#tribe-events-tooltip-content-10003649\"\n\t\taria-describedby=\"tribe-events-tooltip-content-10003649\"\n\t>\n\t\tMMIW Broomfield Native Art Market\t<\/a>\n<\/div>\n\n\t\t<div class=\"tribe-events-calendar-month__calendar-event-tooltip-template tribe-common-a11y-hidden\">\n\t<div\n\t\tclass=\"tribe-events-calendar-month__calendar-event-tooltip\"\n\t\tid=\"tribe-events-tooltip-content-10003649\"\n\t\trole=\"tooltip\"\n\t>\n\t\t<div class=\"tribe-events-calendar-month__calendar-event-tooltip-featured-image-wrapper\">\n\t<img\n\t\tclass=\"tribe-events-calendar-month__calendar-event-tooltip-featured-image\"\n\t\tsrc=\"https:\/\/boulder.earth\/wp-content\/uploads\/2026\/04\/Screenshot-2026-04-22-115106-e1777340944369.png\"\n\t\t\t\t\tsrcset=\"https:\/\/boulder.earth\/wp-content\/uploads\/2026\/04\/Screenshot-2026-04-22-115106-252x300.png 252w, https:\/\/boulder.earth\/wp-content\/uploads\/2026\/04\/Screenshot-2026-04-22-115106-10x12.png 10w, https:\/\/boulder.earth\/wp-content\/uploads\/2026\/04\/Screenshot-2026-04-22-115106-593x705.png 593w, https:\/\/boulder.earth\/wp-content\/uploads\/2026\/04\/Screenshot-2026-04-22-115106-e1777340944369.png 600w\"\n\t\t\t\t\t\t\talt=\"\"\n\t\t\t\/>\n<\/div>\n\t\t<div class=\"tribe-events-calendar-month__calendar-event-tooltip-datetime\">\n\t\t<time datetime=\"2026-05-02\">\n\t\t<span class=\"tribe-event-date-start\">mayo 2 @ 11:00 am<\/span> - <span class=\"tribe-event-time\">4:00 pm<\/span>\t<\/time>\n\t<\/div>\n\t\t<div class=\"tribe-events-calendar-month__calendar-event-tooltip-title tribe-common-h7\">\n\t<a\n\t\thref=\"https:\/\/boulder.earth\/es\/event\/mmiw-broomfield-native-art-market\/\"\n\t\ttitle=\"MMIW Broomfield Native Art Market\"\n\t\trel=\"bookmark\"\n\t\tclass=\"tribe-events-calendar-month__calendar-event-tooltip-title-link tribe-common-anchor-thin\"\n\t>\n\t\tMMIW Broomfield Native Art Market\t<\/a>\n<\/div>\n\t\t<div class=\"tribe-events-calendar-month__calendar-event-tooltip-description tribe-common-b3\">\n\t<p>Join the Broomfield Native Art Market for a vendor market featuring 20+ Indigenous artisans, live music, and a benefit to raise awareness about Missing and Murdered Indigenous People.<\/p>\n<\/div>\n\t\t\t<\/div>\n<\/div>\n\n\t<\/div>\n\n<\/article>\n\n\t<\/div>\n\n\t\n<\/div>\n<\/td>\n\n\t\t\t\t\t<\/tr>\n\t<\/tbody>\n\n\t\t<\/table>\n\n\t\t\n\t\t<section class=\"tribe-events-calendar-month-mobile-events\" data-js=\"tribe-events-calendar-month-mobile-events\">\n\n\t\n\t\t\n<div  class=\"tribe-events-calendar-month-mobile-events__mobile-day\"  id=\"tribe-events-calendar-mobile-day-2026-03-29\">\n\n\t\n\t\t\t\t\t\n\t\t\t<div class=\"tribe-events-c-day-marker tribe-events-calendar-month-mobile-events__day-marker\">\n\t<time\n\t\tclass=\"tribe-events-c-day-marker__date tribe-common-h7 tribe-common-h--alt\"\n\t\tdatetime=\"2026-03-29\"\n\t>\n\t\tmarzo 29\t<\/time>\n<\/div>\n\n\t\t\t\n\t\t\t\n<article  class=\"tribe-events-calendar-month-mobile-events__mobile-event post-10003019 tribe_events type-tribe_events status-publish has-post-thumbnail hentry tribe_events_cat-activism tribe_events_cat-community tribe_events_cat-culture-building tribe_events_cat-governance tribe_events_cat-human-rights tribe_events_cat-resilience tribe_events_cat-social-justice cat_activism cat_community cat_culture-building cat_governance cat_human-rights cat_resilience cat_social-justice tribe-recurring-event tribe-recurring-event-parent\" >\n\n\t\n\t<div class=\"tribe-events-calendar-month-mobile-events__mobile-event-details\">\n\n\t\t<div class=\"tribe-events-calendar-month-mobile-events__mobile-event-datetime tribe-common-b2\">\n\t\t\t\t<time datetime=\"2026-03-29\">\n\t\t\t<span class=\"tribe-event-date-start\">marzo 29 @ 12:00 pm<\/span> - <span class=\"tribe-event-time\">1:00 pm<\/span>\t\t<\/time>\n\t\t<\/div>\n\t\t<h3  class=\"tribe-events-calendar-month-mobile-events__mobile-event-title tribe-common-h7\" >\n\t<a\n\t\thref=\"https:\/\/boulder.earth\/es\/event\/weekly-vigil-for-palestine\/2026-03-29\/\"\n\t\ttitle=\"Weekly Vigil for Palestine\"\n\t\trel=\"bookmark\"\n\t\tclass=\"tribe-events-calendar-month-mobile-events__mobile-event-title-link tribe-common-anchor\"\n\t>\n\t\tWeekly Vigil for Palestine\t<\/a>\n<\/h3>\n\t\t\n\t<\/div>\n<\/article>\n\n\t\t\n\t\t\n\t<\/div>\n\n\t\n\t\t\n<div  class=\"tribe-events-calendar-month-mobile-events__mobile-day\"  id=\"tribe-events-calendar-mobile-day-2026-03-30\">\n\n\t\n\t\t<div  class=\"tribe-events-header__messages tribe-events-c-messages tribe-common-b2 tribe-events-header__messages--mobile tribe-events-header__messages--day\"  >\n\t\t\t<div class=\"tribe-events-c-messages__message tribe-events-c-messages__message--notice\" tabindex=\"0\" role=\"alert\" aria-live=\"assertive\">\n\t\t\t<svg\n\t class=\"tribe-common-c-svgicon tribe-common-c-svgicon--messages-not-found tribe-events-c-messages__message-icon-svg\" \taria-hidden=\"true\"\n\tviewBox=\"0 0 21 23\"\n\txmlns=\"http:\/\/www.w3.org\/2000\/svg\"\n>\n\t<g fill-rule=\"evenodd\">\n\t\t<path d=\"M.5 2.5h20v20H.5z\"\/>\n\t\t<path stroke-linecap=\"round\" d=\"M7.583 11.583l5.834 5.834m0-5.834l-5.834 5.834\" class=\"tribe-common-c-svgicon__svg-stroke\"\/>\n\t\t<path stroke-linecap=\"round\" d=\"M4.5.5v4m12-4v4\"\/>\n\t\t<path stroke-linecap=\"square\" d=\"M.5 7.5h20\"\/>\n\t<\/g>\n<\/svg>\n<span class=\"tribe-common-a11y-visual-hide\">\n\tNotice<\/span>\n\t\t\t\t\t\t\t<div\n\t\t\t\t\t data-key=\"no-events-in-day\" >\n\t\t\t\t\tThere are no events on this day.\t\t\t\t<\/div>\n\t\t\t\t\t<\/div>\n\t<\/div>\n\n\t<\/div>\n\n\t\n\t\t\n<div  class=\"tribe-events-calendar-month-mobile-events__mobile-day\"  id=\"tribe-events-calendar-mobile-day-2026-03-31\">\n\n\t\n\t\t\t\t\t\n\t\t\t<div class=\"tribe-events-c-day-marker tribe-events-calendar-month-mobile-events__day-marker\">\n\t<time\n\t\tclass=\"tribe-events-c-day-marker__date tribe-common-h7 tribe-common-h--alt\"\n\t\tdatetime=\"2026-03-31\"\n\t>\n\t\tmarzo 31\t<\/time>\n<\/div>\n\n\t\t\t\n\t\t\t\n<article  class=\"tribe-events-calendar-month-mobile-events__mobile-event post-10003367 tribe_events type-tribe_events status-publish has-post-thumbnail hentry tribe_events_cat-activism tribe_events_cat-community tribe_events_cat-culture-building tribe_events_cat-education tribe_events_cat-human-rights tribe_events_cat-policy tribe_events_cat-resilience tribe_events_cat-social-justice tribe_events_cat-webinar cat_activism cat_community cat_culture-building cat_education cat_human-rights cat_policy cat_resilience cat_social-justice cat_webinar\" >\n\n\t\n\t<div class=\"tribe-events-calendar-month-mobile-events__mobile-event-details\">\n\n\t\t<div class=\"tribe-events-calendar-month-mobile-events__mobile-event-datetime tribe-common-b2\">\n\t\t\t\t<time datetime=\"2026-03-31\">\n\t\t\t<span class=\"tribe-event-date-start\">marzo 31 @ 5:00 pm<\/span> - <span class=\"tribe-event-time\">6:00 pm<\/span>\t\t<\/time>\n\t\t<\/div>\n\t\t<h3  class=\"tribe-events-calendar-month-mobile-events__mobile-event-title tribe-common-h7\" >\n\t<a\n\t\thref=\"https:\/\/boulder.earth\/es\/event\/thriving-through-transition-health-power-protecting-our-voice\/\"\n\t\ttitle=\"Thriving Through Transition: Health, Power &#038; Protecting Our Voice\"\n\t\trel=\"bookmark\"\n\t\tclass=\"tribe-events-calendar-month-mobile-events__mobile-event-title-link tribe-common-anchor\"\n\t>\n\t\tThriving Through Transition: Health, Power &#038; Protecting Our Voice\t<\/a>\n<\/h3>\n\t\t\n\t<\/div>\n<\/article>\n\n\t\t\t\t\t\n\t\t\t\n\t\t\t\n\t\t\t\n<article  class=\"tribe-events-calendar-month-mobile-events__mobile-event post-10003344 tribe_events type-tribe_events status-publish has-post-thumbnail hentry tribe_events_cat-activism tribe_events_cat-bilingual tribe_events_cat-community tribe_events_cat-resilience tribe_events_cat-social-justice cat_activism cat_bilingual cat_community cat_resilience cat_social-justice\" >\n\n\t\n\t<div class=\"tribe-events-calendar-month-mobile-events__mobile-event-details\">\n\n\t\t<div class=\"tribe-events-calendar-month-mobile-events__mobile-event-datetime tribe-common-b2\">\n\t\t\t\t<time datetime=\"2026-03-31\">\n\t\t\t<span class=\"tribe-event-date-start\">marzo 31 @ 6:00 pm<\/span> - <span class=\"tribe-event-time\">9:00 pm<\/span>\t\t<\/time>\n\t\t<\/div>\n\t\t<h3  class=\"tribe-events-calendar-month-mobile-events__mobile-event-title tribe-common-h7\" >\n\t<a\n\t\thref=\"https:\/\/boulder.earth\/es\/event\/3rd-annual-latino-chambers-empowered-women-conference\/\"\n\t\ttitle=\"3rd Annual Latino Chamber\u2019s Empowered Women Conference\"\n\t\trel=\"bookmark\"\n\t\tclass=\"tribe-events-calendar-month-mobile-events__mobile-event-title-link tribe-common-anchor\"\n\t>\n\t\t3rd Annual Latino Chamber\u2019s Empowered Women Conference\t<\/a>\n<\/h3>\n\t\t\n\t<\/div>\n<\/article>\n\n\t\t\t\t\t\n\t\t\t\n\t\t\t\n\t\t\t\n<article  class=\"tribe-events-calendar-month-mobile-events__mobile-event post-10003371 tribe_events type-tribe_events status-publish has-post-thumbnail hentry tribe_events_cat-animals tribe_events_cat-biodiversity tribe_events_cat-community tribe_events_cat-culture-building tribe_events_cat-education cat_animals cat_biodiversity cat_community cat_culture-building cat_education\" >\n\n\t\n\t<div class=\"tribe-events-calendar-month-mobile-events__mobile-event-details\">\n\n\t\t<div class=\"tribe-events-calendar-month-mobile-events__mobile-event-datetime tribe-common-b2\">\n\t\t\t\t<time datetime=\"2026-03-31\">\n\t\t\t<span class=\"tribe-event-date-start\">marzo 31 @ 6:30 pm<\/span> - <span class=\"tribe-event-time\">8:00 pm<\/span>\t\t<\/time>\n\t\t<\/div>\n\t\t<h3  class=\"tribe-events-calendar-month-mobile-events__mobile-event-title tribe-common-h7\" >\n\t<a\n\t\thref=\"https:\/\/boulder.earth\/es\/event\/eagles-their-lives-symbolism-and-cultural-significance-featuring-live-eagles\/\"\n\t\ttitle=\"Eagles!  Their Lives, Symbolism and Cultural Significance. Featuring live eagles!\"\n\t\trel=\"bookmark\"\n\t\tclass=\"tribe-events-calendar-month-mobile-events__mobile-event-title-link tribe-common-anchor\"\n\t>\n\t\tEagles!  Their Lives, Symbolism and Cultural Significance. Featuring live eagles!\t<\/a>\n<\/h3>\n\t\t\n\t<\/div>\n<\/article>\n\n\t\t\n\t\t\n\t<\/div>\n\n\t\n\t\t\n<div  class=\"tribe-events-calendar-month-mobile-events__mobile-day\"  id=\"tribe-events-calendar-mobile-day-2026-04-1\">\n\n\t\n\t\t\t\t\t\n\t\t\t<div class=\"tribe-events-c-day-marker tribe-events-calendar-month-mobile-events__day-marker\">\n\t<time\n\t\tclass=\"tribe-events-c-day-marker__date tribe-common-h7 tribe-common-h--alt\"\n\t\tdatetime=\"2026-04-01\"\n\t>\n\t\tabril 1\t<\/time>\n<\/div>\n\n\t\t\t\n\t\t\t\n<article  class=\"tribe-events-calendar-month-mobile-events__mobile-event post-10003369 tribe_events type-tribe_events status-publish has-post-thumbnail hentry tribe_events_cat-activism tribe_events_cat-climate tribe_events_cat-community tribe_events_cat-culture-building tribe_events_cat-resilience tribe_events_cat-social-justice cat_activism cat_climate cat_community cat_culture-building cat_resilience cat_social-justice\" >\n\n\t\n\t<div class=\"tribe-events-calendar-month-mobile-events__mobile-event-details\">\n\n\t\t<div class=\"tribe-events-calendar-month-mobile-events__mobile-event-datetime tribe-common-b2\">\n\t\t\t\t<time datetime=\"2026-04-01\">\n\t\t\t<span class=\"tribe-event-date-start\">abril 1 @ 7:30 am<\/span> - <span class=\"tribe-event-time\">9:30 am<\/span>\t\t<\/time>\n\t\t<\/div>\n\t\t<h3  class=\"tribe-events-calendar-month-mobile-events__mobile-event-title tribe-common-h7\" >\n\t<a\n\t\thref=\"https:\/\/boulder.earth\/es\/event\/coffee-for-a-cause\/\"\n\t\ttitle=\"Coffee For A Cause\"\n\t\trel=\"bookmark\"\n\t\tclass=\"tribe-events-calendar-month-mobile-events__mobile-event-title-link tribe-common-anchor\"\n\t>\n\t\tCoffee For A Cause\t<\/a>\n<\/h3>\n\t\t\n\t<\/div>\n<\/article>\n\n\t\t\t\t\t\n\t\t\t\n\t\t\t\n\t\t\t\n<article  class=\"tribe-events-calendar-month-mobile-events__mobile-event post-10003387 tribe_events type-tribe_events status-publish has-post-thumbnail hentry tribe_events_cat-activism tribe_events_cat-climate tribe_events_cat-community tribe_events_cat-education tribe_events_cat-governance tribe_events_cat-human-rights tribe_events_cat-networking tribe_events_cat-resilience tribe_events_cat-social-justice tribe_events_cat-webinar cat_activism cat_climate cat_community cat_education cat_governance cat_human-rights cat_networking cat_resilience cat_social-justice cat_webinar tribe-recurring-event tribe-recurring-event-parent\" >\n\n\t\n\t<div class=\"tribe-events-calendar-month-mobile-events__mobile-event-details\">\n\n\t\t<div class=\"tribe-events-calendar-month-mobile-events__mobile-event-datetime tribe-common-b2\">\n\t\t\t\t<time datetime=\"2026-04-01\">\n\t\t\t<span class=\"tribe-event-date-start\">abril 1 @ 6:00 pm<\/span> - <span class=\"tribe-event-time\">7:30 pm<\/span>\t\t<\/time>\n\t\t\n<span class=\"tribe-events-calendar-series-archive__container\">\n\t<a\n\t\thref=\"https:\/\/boulder.earth\/es\/series\/after-we-march-we-organize-solidarity-warriors-indivisible-action-group\/\"\n\t\taria-label=\"Event series: After We March, We Organize! Solidarity Warriors Indivisible Action Group\"\n\t\tclass=\"tribe-events-calendar-series-archive__link\"\n\t>\n\t\t\n<svg  class=\"tribe-common-c-svgicon tribe-common-c-svgicon--series tribe-events-series-archive__icon\"  width=\"14\" height=\"12\" viewBox=\"0 0 14 12\" fill=\"none\" xmlns=\"http:\/\/www.w3.org\/2000\/svg\" aria-hidden=\"true\">\n\t<rect x=\"0.5\" y=\"4.5\" width=\"9\" height=\"7\" \/>\n\t<path d=\"M2 2.5H11.5V10\" \/>\n\t<path d=\"M4 0.5H13.5V8\" \/>\n<\/svg>\n\t<\/a>\n<\/span>\n<\/div>\n\t\t<h3  class=\"tribe-events-calendar-month-mobile-events__mobile-event-title tribe-common-h7\" >\n\t<a\n\t\thref=\"https:\/\/boulder.earth\/es\/event\/after-we-march-we-organize-solidarity-warriors-indivisible-action-group\/2026-04-01\/\"\n\t\ttitle=\"After We March, We Organize! Solidarity Warriors Indivisible Action Group\"\n\t\trel=\"bookmark\"\n\t\tclass=\"tribe-events-calendar-month-mobile-events__mobile-event-title-link tribe-common-anchor\"\n\t>\n\t\tAfter We March, We Organize! Solidarity Warriors Indivisible Action Group\t<\/a>\n<\/h3>\n\t\t\n\t<\/div>\n<\/article>\n\n\t\t\n\t\t\n\t<\/div>\n\n\t\n\t\t\n<div  class=\"tribe-events-calendar-month-mobile-events__mobile-day\"  id=\"tribe-events-calendar-mobile-day-2026-04-2\">\n\n\t\n\t\t\t\t\t\n\t\t\t<div class=\"tribe-events-c-day-marker tribe-events-calendar-month-mobile-events__day-marker\">\n\t<time\n\t\tclass=\"tribe-events-c-day-marker__date tribe-common-h7 tribe-common-h--alt\"\n\t\tdatetime=\"2026-04-02\"\n\t>\n\t\tabril 2\t<\/time>\n<\/div>\n\n\t\t\t\n\t\t\t\n<article  class=\"tribe-events-calendar-month-mobile-events__mobile-event post-10003375 tribe_events type-tribe_events status-publish has-post-thumbnail hentry tribe_events_cat-community tribe_events_cat-culture-building tribe_events_cat-education tribe_events_cat-faith tribe_events_cat-indigenous-knowledge tribe_events_cat-resilience tribe_events_cat-spirituality cat_community cat_culture-building cat_education cat_faith cat_indigenous-knowledge cat_resilience cat_spirituality\" >\n\n\t\n\t<div class=\"tribe-events-calendar-month-mobile-events__mobile-event-details\">\n\n\t\t<div class=\"tribe-events-calendar-month-mobile-events__mobile-event-datetime tribe-common-b2\">\n\t\t\t\t<time datetime=\"2026-04-02\">\n\t\t\t<span class=\"tribe-event-date-start\">abril 2 @ 6:00 pm<\/span> - <span class=\"tribe-event-time\">9:00 pm<\/span>\t\t<\/time>\n\t\t<\/div>\n\t\t<h3  class=\"tribe-events-calendar-month-mobile-events__mobile-event-title tribe-common-h7\" >\n\t<a\n\t\thref=\"https:\/\/boulder.earth\/es\/event\/weaving-paths-of-liberation-indigenous-world-views-buddhist-teachings\/\"\n\t\ttitle=\"Weaving Paths of Liberation: Indigenous World-Views &#038; Buddhist Teachings\"\n\t\trel=\"bookmark\"\n\t\tclass=\"tribe-events-calendar-month-mobile-events__mobile-event-title-link tribe-common-anchor\"\n\t>\n\t\tWeaving Paths of Liberation: Indigenous World-Views &#038; Buddhist Teachings\t<\/a>\n<\/h3>\n\t\t\n\t<\/div>\n<\/article>\n\n\t\t\t\t\t\n\t\t\t\n\t\t\t\n\t\t\t\n<article  class=\"tribe-events-calendar-month-mobile-events__mobile-event post-10003385 tribe_events type-tribe_events status-publish has-post-thumbnail hentry tribe_events_cat-agriculture tribe_events_cat-climate tribe_events_cat-community tribe_events_cat-creative-arts tribe_events_cat-food tribe_events_cat-food-security tribe_events_cat-fundraiser cat_agriculture cat_climate cat_community cat_creative-arts cat_food cat_food-security cat_fundraiser\" >\n\n\t\n\t<div class=\"tribe-events-calendar-month-mobile-events__mobile-event-details\">\n\n\t\t<div class=\"tribe-events-calendar-month-mobile-events__mobile-event-datetime tribe-common-b2\">\n\t\t\t\t<time datetime=\"2026-04-02\">\n\t\t\t<span class=\"tribe-event-date-start\">abril 2 @ 6:30 pm<\/span> - <span class=\"tribe-event-time\">10:30 pm<\/span>\t\t<\/time>\n\t\t<\/div>\n\t\t<h3  class=\"tribe-events-calendar-month-mobile-events__mobile-event-title tribe-common-h7\" >\n\t<a\n\t\thref=\"https:\/\/boulder.earth\/es\/event\/boulder-food-rescue-dance-party\/\"\n\t\ttitle=\"Boulder Food Rescue Dance Party!\"\n\t\trel=\"bookmark\"\n\t\tclass=\"tribe-events-calendar-month-mobile-events__mobile-event-title-link tribe-common-anchor\"\n\t>\n\t\tBoulder Food Rescue Dance Party!\t<\/a>\n<\/h3>\n\t\t\n\t<\/div>\n<\/article>\n\n\t\t\n\t\t\n\t<\/div>\n\n\t\n\t\t\n<div  class=\"tribe-events-calendar-month-mobile-events__mobile-day\"  id=\"tribe-events-calendar-mobile-day-2026-04-3\">\n\n\t\n\t\t\t\t\t\n\t\t\t<div class=\"tribe-events-c-day-marker tribe-events-calendar-month-mobile-events__day-marker\">\n\t<time\n\t\tclass=\"tribe-events-c-day-marker__date tribe-common-h7 tribe-common-h--alt\"\n\t\tdatetime=\"2026-04-03\"\n\t>\n\t\tabril 3\t<\/time>\n<\/div>\n\n\t\t\t\n\t\t\t\n<article  class=\"tribe-events-calendar-month-mobile-events__mobile-event post-10003431 tribe_events type-tribe_events status-publish has-post-thumbnail hentry tribe_events_cat-community tribe_events_cat-creative-arts tribe_events_cat-culture-building tribe_events_cat-resilience cat_community cat_creative-arts cat_culture-building cat_resilience\" >\n\n\t\n\t<div class=\"tribe-events-calendar-month-mobile-events__mobile-event-details\">\n\n\t\t<div class=\"tribe-events-calendar-month-mobile-events__mobile-event-datetime tribe-common-b2\">\n\t\t\t\t<time datetime=\"2026-04-03\">\n\t\t\tTodo el d\u00eda\t\t<\/time>\n\t\t<\/div>\n\t\t<h3  class=\"tribe-events-calendar-month-mobile-events__mobile-event-title tribe-common-h7\" >\n\t<a\n\t\thref=\"https:\/\/boulder.earth\/es\/event\/boulder-arts-week\/\"\n\t\ttitle=\"Boulder Arts Week\"\n\t\trel=\"bookmark\"\n\t\tclass=\"tribe-events-calendar-month-mobile-events__mobile-event-title-link tribe-common-anchor\"\n\t>\n\t\tBoulder Arts Week\t<\/a>\n<\/h3>\n\t\t\n\t<\/div>\n<\/article>\n\n\t\t\n\t\t\n\t<\/div>\n\n\t\n\t\t\n<div  class=\"tribe-events-calendar-month-mobile-events__mobile-day\"  id=\"tribe-events-calendar-mobile-day-2026-04-4\">\n\n\t\n\t\t\t\t\t\n\t\t\t<div class=\"tribe-events-c-day-marker tribe-events-calendar-month-mobile-events__day-marker\">\n\t<time\n\t\tclass=\"tribe-events-c-day-marker__date tribe-common-h7 tribe-common-h--alt\"\n\t\tdatetime=\"2026-04-03\"\n\t>\n\t\tabril 3\t<\/time>\n<\/div>\n\n\t\t\t\n\t\t\t\n<article  class=\"tribe-events-calendar-month-mobile-events__mobile-event post-10003431 tribe_events type-tribe_events status-publish has-post-thumbnail hentry tribe_events_cat-community tribe_events_cat-creative-arts tribe_events_cat-culture-building tribe_events_cat-resilience cat_community cat_creative-arts cat_culture-building cat_resilience\" >\n\n\t\n\t<div class=\"tribe-events-calendar-month-mobile-events__mobile-event-details\">\n\n\t\t<div class=\"tribe-events-calendar-month-mobile-events__mobile-event-datetime tribe-common-b2\">\n\t\t\t\t<time datetime=\"2026-04-03\">\n\t\t\tTodo el d\u00eda\t\t<\/time>\n\t\t<\/div>\n\t\t<h3  class=\"tribe-events-calendar-month-mobile-events__mobile-event-title tribe-common-h7\" >\n\t<a\n\t\thref=\"https:\/\/boulder.earth\/es\/event\/boulder-arts-week\/\"\n\t\ttitle=\"Boulder Arts Week\"\n\t\trel=\"bookmark\"\n\t\tclass=\"tribe-events-calendar-month-mobile-events__mobile-event-title-link tribe-common-anchor\"\n\t>\n\t\tBoulder Arts Week\t<\/a>\n<\/h3>\n\t\t\n\t<\/div>\n<\/article>\n\n\t\t\t\t\t\n\t\t\t\n\t\t\t\n\t\t\t\n<article  class=\"tribe-events-calendar-month-mobile-events__mobile-event post-10003473 tribe_events type-tribe_events status-publish has-post-thumbnail hentry tribe_events_cat-agriculture tribe_events_cat-community tribe_events_cat-food cat_agriculture cat_community cat_food tribe-recurring-event tribe-recurring-event-parent\" >\n\n\t\n\t<div class=\"tribe-events-calendar-month-mobile-events__mobile-event-details\">\n\n\t\t<div class=\"tribe-events-calendar-month-mobile-events__mobile-event-datetime tribe-common-b2\">\n\t\t\t\t<time datetime=\"2026-04-04\">\n\t\t\t<span class=\"tribe-event-date-start\">abril 4 @ 8:00 am<\/span> - <span class=\"tribe-event-time\">2:00 pm<\/span>\t\t<\/time>\n\t\t\n<span class=\"tribe-events-calendar-series-archive__container\">\n\t<a\n\t\thref=\"https:\/\/boulder.earth\/es\/series\/boulder-farmers-market\/\"\n\t\taria-label=\"Event series: Boulder Farmers Market\"\n\t\tclass=\"tribe-events-calendar-series-archive__link\"\n\t>\n\t\t\n<svg  class=\"tribe-common-c-svgicon tribe-common-c-svgicon--series tribe-events-series-archive__icon\"  width=\"14\" height=\"12\" viewBox=\"0 0 14 12\" fill=\"none\" xmlns=\"http:\/\/www.w3.org\/2000\/svg\" aria-hidden=\"true\">\n\t<rect x=\"0.5\" y=\"4.5\" width=\"9\" height=\"7\" \/>\n\t<path d=\"M2 2.5H11.5V10\" \/>\n\t<path d=\"M4 0.5H13.5V8\" \/>\n<\/svg>\n\t<\/a>\n<\/span>\n<\/div>\n\t\t<h3  class=\"tribe-events-calendar-month-mobile-events__mobile-event-title tribe-common-h7\" >\n\t<a\n\t\thref=\"https:\/\/boulder.earth\/es\/event\/boulder-farmers-market\/2026-04-04\/\"\n\t\ttitle=\"Boulder Farmers Market\"\n\t\trel=\"bookmark\"\n\t\tclass=\"tribe-events-calendar-month-mobile-events__mobile-event-title-link tribe-common-anchor\"\n\t>\n\t\tBoulder Farmers Market\t<\/a>\n<\/h3>\n\t\t\n\t<\/div>\n<\/article>\n\n\t\t\t\t\t\n\t\t\t\n\t\t\t\n\t\t\t\n<article  class=\"tribe-events-calendar-month-mobile-events__mobile-event post-10003552 tribe_events type-tribe_events status-publish has-post-thumbnail hentry tribe_events_cat-agriculture tribe_events_cat-community tribe_events_cat-food cat_agriculture cat_community cat_food tribe-recurring-event tribe-recurring-event-parent\" >\n\n\t\n\t<div class=\"tribe-events-calendar-month-mobile-events__mobile-event-details\">\n\n\t\t<div class=\"tribe-events-calendar-month-mobile-events__mobile-event-datetime tribe-common-b2\">\n\t\t\t\t<time datetime=\"2026-04-04\">\n\t\t\t<span class=\"tribe-event-date-start\">abril 4 @ 8:00 am<\/span> - <span class=\"tribe-event-time\">2:00 pm<\/span>\t\t<\/time>\n\t\t\n<span class=\"tribe-events-calendar-series-archive__container\">\n\t<a\n\t\thref=\"https:\/\/boulder.earth\/es\/series\/longmont-farmers-market\/\"\n\t\taria-label=\"Event series: Longmont Farmers Market\"\n\t\tclass=\"tribe-events-calendar-series-archive__link\"\n\t>\n\t\t\n<svg  class=\"tribe-common-c-svgicon tribe-common-c-svgicon--series tribe-events-series-archive__icon\"  width=\"14\" height=\"12\" viewBox=\"0 0 14 12\" fill=\"none\" xmlns=\"http:\/\/www.w3.org\/2000\/svg\" aria-hidden=\"true\">\n\t<rect x=\"0.5\" y=\"4.5\" width=\"9\" height=\"7\" \/>\n\t<path d=\"M2 2.5H11.5V10\" \/>\n\t<path d=\"M4 0.5H13.5V8\" \/>\n<\/svg>\n\t<\/a>\n<\/span>\n<\/div>\n\t\t<h3  class=\"tribe-events-calendar-month-mobile-events__mobile-event-title tribe-common-h7\" >\n\t<a\n\t\thref=\"https:\/\/boulder.earth\/es\/event\/longmont-farmers-market-2\/2026-04-04\/\"\n\t\ttitle=\"Longmont Farmers Market\"\n\t\trel=\"bookmark\"\n\t\tclass=\"tribe-events-calendar-month-mobile-events__mobile-event-title-link tribe-common-anchor\"\n\t>\n\t\tLongmont Farmers Market\t<\/a>\n<\/h3>\n\t\t\n\t<\/div>\n<\/article>\n\n\t\t\t\t\t\n\t\t\t\n\t\t\t\n\t\t\t\n<article  class=\"tribe-events-calendar-month-mobile-events__mobile-event post-10003359 tribe_events type-tribe_events status-publish has-post-thumbnail hentry tribe_events_cat-biodiversity tribe_events_cat-climate tribe_events_cat-community tribe_events_cat-education tribe_events_cat-land-management tribe_events_cat-nature cat_biodiversity cat_climate cat_community cat_education cat_land-management cat_nature\" >\n\n\t\n\t<div class=\"tribe-events-calendar-month-mobile-events__mobile-event-details\">\n\n\t\t<div class=\"tribe-events-calendar-month-mobile-events__mobile-event-datetime tribe-common-b2\">\n\t\t\t\t<time datetime=\"2026-04-04\">\n\t\t\t<span class=\"tribe-event-date-start\">abril 4 @ 9:00 am<\/span> - <span class=\"tribe-event-time\">3:00 pm<\/span>\t\t<\/time>\n\t\t<\/div>\n\t\t<h3  class=\"tribe-events-calendar-month-mobile-events__mobile-event-title tribe-common-h7\" >\n\t<a\n\t\thref=\"https:\/\/boulder.earth\/es\/event\/public-lands-in-public-hands-for-the-public-good-engaging-law-policy-and-advocacy-to-protect-our-shared-natural-heritage-the-annual-boulder-county-nature-association-ecosymposium\/\"\n\t\ttitle=\"Public Lands in Public Hands for the Public Good: Engaging law, policy, and advocacy to protect our shared natural heritage &#8211; The annual Boulder County Nature Association Ecosymposium\"\n\t\trel=\"bookmark\"\n\t\tclass=\"tribe-events-calendar-month-mobile-events__mobile-event-title-link tribe-common-anchor\"\n\t>\n\t\tPublic Lands in Public Hands for the Public Good: Engaging law, policy, and advocacy to protect our shared natural heritage &#8211; The annual Boulder County Nature Association Ecosymposium\t<\/a>\n<\/h3>\n\t\t\n\t<\/div>\n<\/article>\n\n\t\t\n\t\t\n\t<\/div>\n\n\t\n\t\t\n<div  class=\"tribe-events-calendar-month-mobile-events__mobile-day\"  id=\"tribe-events-calendar-mobile-day-2026-04-5\">\n\n\t\n\t\t\t\t\t\n\t\t\t<div class=\"tribe-events-c-day-marker tribe-events-calendar-month-mobile-events__day-marker\">\n\t<time\n\t\tclass=\"tribe-events-c-day-marker__date tribe-common-h7 tribe-common-h--alt\"\n\t\tdatetime=\"2026-04-03\"\n\t>\n\t\tabril 3\t<\/time>\n<\/div>\n\n\t\t\t\n\t\t\t\n<article  class=\"tribe-events-calendar-month-mobile-events__mobile-event post-10003431 tribe_events type-tribe_events status-publish has-post-thumbnail hentry tribe_events_cat-community tribe_events_cat-creative-arts tribe_events_cat-culture-building tribe_events_cat-resilience cat_community cat_creative-arts cat_culture-building cat_resilience\" >\n\n\t\n\t<div class=\"tribe-events-calendar-month-mobile-events__mobile-event-details\">\n\n\t\t<div class=\"tribe-events-calendar-month-mobile-events__mobile-event-datetime tribe-common-b2\">\n\t\t\t\t<time datetime=\"2026-04-03\">\n\t\t\tTodo el d\u00eda\t\t<\/time>\n\t\t<\/div>\n\t\t<h3  class=\"tribe-events-calendar-month-mobile-events__mobile-event-title tribe-common-h7\" >\n\t<a\n\t\thref=\"https:\/\/boulder.earth\/es\/event\/boulder-arts-week\/\"\n\t\ttitle=\"Boulder Arts Week\"\n\t\trel=\"bookmark\"\n\t\tclass=\"tribe-events-calendar-month-mobile-events__mobile-event-title-link tribe-common-anchor\"\n\t>\n\t\tBoulder Arts Week\t<\/a>\n<\/h3>\n\t\t\n\t<\/div>\n<\/article>\n\n\t\t\t\t\t\n\t\t\t\n\t\t\t\n\t\t\t\n<article  class=\"tribe-events-calendar-month-mobile-events__mobile-event post-10003020 tribe_events type-tribe_events status-publish has-post-thumbnail hentry tribe_events_cat-activism tribe_events_cat-community tribe_events_cat-culture-building tribe_events_cat-governance tribe_events_cat-human-rights tribe_events_cat-resilience tribe_events_cat-social-justice cat_activism cat_community cat_culture-building cat_governance cat_human-rights cat_resilience cat_social-justice tribe-recurring-event tribe-recurring-event-parent\" >\n\n\t\n\t<div class=\"tribe-events-calendar-month-mobile-events__mobile-event-details\">\n\n\t\t<div class=\"tribe-events-calendar-month-mobile-events__mobile-event-datetime tribe-common-b2\">\n\t\t\t\t<time datetime=\"2026-04-05\">\n\t\t\t<span class=\"tribe-event-date-start\">abril 5 @ 12:00 pm<\/span> - <span class=\"tribe-event-time\">1:00 pm<\/span>\t\t<\/time>\n\t\t<\/div>\n\t\t<h3  class=\"tribe-events-calendar-month-mobile-events__mobile-event-title tribe-common-h7\" >\n\t<a\n\t\thref=\"https:\/\/boulder.earth\/es\/event\/weekly-vigil-for-palestine\/2026-04-05\/\"\n\t\ttitle=\"Weekly Vigil for Palestine\"\n\t\trel=\"bookmark\"\n\t\tclass=\"tribe-events-calendar-month-mobile-events__mobile-event-title-link tribe-common-anchor\"\n\t>\n\t\tWeekly Vigil for Palestine\t<\/a>\n<\/h3>\n\t\t\n\t<\/div>\n<\/article>\n\n\t\t\t\t\t\n\t\t\t\n\t\t\t\n\t\t\t\n<article  class=\"tribe-events-calendar-month-mobile-events__mobile-event post-10003356 tribe_events type-tribe_events status-publish has-post-thumbnail hentry tribe_events_cat-activism tribe_events_cat-culture-building tribe_events_cat-networking tribe_events_cat-resilience tribe_events_cat-social-justice cat_activism cat_culture-building cat_networking cat_resilience cat_social-justice\" >\n\n\t\n\t<div class=\"tribe-events-calendar-month-mobile-events__mobile-event-details\">\n\n\t\t<div class=\"tribe-events-calendar-month-mobile-events__mobile-event-datetime tribe-common-b2\">\n\t\t\t\t<time datetime=\"2026-04-05\">\n\t\t\t<span class=\"tribe-event-date-start\">abril 5 @ 6:00 pm<\/span> - <span class=\"tribe-event-time\">10:00 pm<\/span>\t\t<\/time>\n\t\t<\/div>\n\t\t<h3  class=\"tribe-events-calendar-month-mobile-events__mobile-event-title tribe-common-h7\" >\n\t<a\n\t\thref=\"https:\/\/boulder.earth\/es\/event\/bhcs-4th-annual-bipoc-social\/\"\n\t\ttitle=\"BHC&#8217;s 4th Annual BIPOC Social\"\n\t\trel=\"bookmark\"\n\t\tclass=\"tribe-events-calendar-month-mobile-events__mobile-event-title-link tribe-common-anchor\"\n\t>\n\t\tBHC&#8217;s 4th Annual BIPOC Social\t<\/a>\n<\/h3>\n\t\t\n\t<\/div>\n<\/article>\n\n\t\t\n\t\t\n\t<\/div>\n\n\t\n\t\t\n<div  class=\"tribe-events-calendar-month-mobile-events__mobile-day\"  id=\"tribe-events-calendar-mobile-day-2026-04-6\">\n\n\t\n\t\t\t\t\t\n\t\t\t<div class=\"tribe-events-c-day-marker tribe-events-calendar-month-mobile-events__day-marker\">\n\t<time\n\t\tclass=\"tribe-events-c-day-marker__date tribe-common-h7 tribe-common-h--alt\"\n\t\tdatetime=\"2026-04-03\"\n\t>\n\t\tabril 3\t<\/time>\n<\/div>\n\n\t\t\t\n\t\t\t\n<article  class=\"tribe-events-calendar-month-mobile-events__mobile-event post-10003431 tribe_events type-tribe_events status-publish has-post-thumbnail hentry tribe_events_cat-community tribe_events_cat-creative-arts tribe_events_cat-culture-building tribe_events_cat-resilience cat_community cat_creative-arts cat_culture-building cat_resilience\" >\n\n\t\n\t<div class=\"tribe-events-calendar-month-mobile-events__mobile-event-details\">\n\n\t\t<div class=\"tribe-events-calendar-month-mobile-events__mobile-event-datetime tribe-common-b2\">\n\t\t\t\t<time datetime=\"2026-04-03\">\n\t\t\tTodo el d\u00eda\t\t<\/time>\n\t\t<\/div>\n\t\t<h3  class=\"tribe-events-calendar-month-mobile-events__mobile-event-title tribe-common-h7\" >\n\t<a\n\t\thref=\"https:\/\/boulder.earth\/es\/event\/boulder-arts-week\/\"\n\t\ttitle=\"Boulder Arts Week\"\n\t\trel=\"bookmark\"\n\t\tclass=\"tribe-events-calendar-month-mobile-events__mobile-event-title-link tribe-common-anchor\"\n\t>\n\t\tBoulder Arts Week\t<\/a>\n<\/h3>\n\t\t\n\t<\/div>\n<\/article>\n\n\t\t\t\t\t\n\t\t\t\n\t\t\t\n\t\t\t\n<article  class=\"tribe-events-calendar-month-mobile-events__mobile-event post-10003376 tribe_events type-tribe_events status-publish has-post-thumbnail hentry tribe_events_cat-activism tribe_events_cat-climate tribe_events_cat-education tribe_events_cat-energy tribe_events_cat-indigenous-knowledge tribe_events_cat-resilience tribe_events_cat-webinar cat_activism cat_climate cat_education cat_energy cat_indigenous-knowledge cat_resilience cat_webinar\" >\n\n\t\n\t<div class=\"tribe-events-calendar-month-mobile-events__mobile-event-details\">\n\n\t\t<div class=\"tribe-events-calendar-month-mobile-events__mobile-event-datetime tribe-common-b2\">\n\t\t\t\t<time datetime=\"2026-04-06\">\n\t\t\t<span class=\"tribe-event-date-start\">abril 6 @ 4:00 pm<\/span> - <span class=\"tribe-event-time\">5:30 pm<\/span>\t\t<\/time>\n\t\t<\/div>\n\t\t<h3  class=\"tribe-events-calendar-month-mobile-events__mobile-event-title tribe-common-h7\" >\n\t<a\n\t\thref=\"https:\/\/boulder.earth\/es\/event\/joanna-macy-center-presents-the-nuclear-truth-project-webinar\/\"\n\t\ttitle=\"Joanna Macy Center Presents The Nuclear Truth Project Webinar\"\n\t\trel=\"bookmark\"\n\t\tclass=\"tribe-events-calendar-month-mobile-events__mobile-event-title-link tribe-common-anchor\"\n\t>\n\t\tJoanna Macy Center Presents The Nuclear Truth Project Webinar\t<\/a>\n<\/h3>\n\t\t\n\t<\/div>\n<\/article>\n\n\t\t\t\t\t\n\t\t\t\n\t\t\t\n\t\t\t\n<article  class=\"tribe-events-calendar-month-mobile-events__mobile-event post-10003363 tribe_events type-tribe_events status-publish has-post-thumbnail hentry tribe_events_cat-climate tribe_events_cat-community tribe_events_cat-creative-arts tribe_events_cat-nature tribe_events_cat-networking tribe_events_cat-resilience tribe_events_cat-social-justice cat_climate cat_community cat_creative-arts cat_nature cat_networking cat_resilience cat_social-justice\" >\n\n\t\n\t<div class=\"tribe-events-calendar-month-mobile-events__mobile-event-details\">\n\n\t\t<div class=\"tribe-events-calendar-month-mobile-events__mobile-event-datetime tribe-common-b2\">\n\t\t\t\t<time datetime=\"2026-04-06\">\n\t\t\t<span class=\"tribe-event-date-start\">abril 6 @ 5:30 pm<\/span> - <span class=\"tribe-event-time\">6:30 pm<\/span>\t\t<\/time>\n\t\t<\/div>\n\t\t<h3  class=\"tribe-events-calendar-month-mobile-events__mobile-event-title tribe-common-h7\" >\n\t<a\n\t\thref=\"https:\/\/boulder.earth\/es\/event\/spaceship-earth-multimedia-presentation-boulder-arts-week\/\"\n\t\ttitle=\"Spaceship Earth Multimedia Presentation Boulder Arts Week!\"\n\t\trel=\"bookmark\"\n\t\tclass=\"tribe-events-calendar-month-mobile-events__mobile-event-title-link tribe-common-anchor\"\n\t>\n\t\tSpaceship Earth Multimedia Presentation Boulder Arts Week!\t<\/a>\n<\/h3>\n\t\t\n\t<\/div>\n<\/article>\n\n\t\t\n\t\t\n\t<\/div>\n\n\t\n\t\t\n<div  class=\"tribe-events-calendar-month-mobile-events__mobile-day\"  id=\"tribe-events-calendar-mobile-day-2026-04-7\">\n\n\t\n\t\t\t\t\t\n\t\t\t<div class=\"tribe-events-c-day-marker tribe-events-calendar-month-mobile-events__day-marker\">\n\t<time\n\t\tclass=\"tribe-events-c-day-marker__date tribe-common-h7 tribe-common-h--alt\"\n\t\tdatetime=\"2026-04-03\"\n\t>\n\t\tabril 3\t<\/time>\n<\/div>\n\n\t\t\t\n\t\t\t\n<article  class=\"tribe-events-calendar-month-mobile-events__mobile-event post-10003431 tribe_events type-tribe_events status-publish has-post-thumbnail hentry tribe_events_cat-community tribe_events_cat-creative-arts tribe_events_cat-culture-building tribe_events_cat-resilience cat_community cat_creative-arts cat_culture-building cat_resilience\" >\n\n\t\n\t<div class=\"tribe-events-calendar-month-mobile-events__mobile-event-details\">\n\n\t\t<div class=\"tribe-events-calendar-month-mobile-events__mobile-event-datetime tribe-common-b2\">\n\t\t\t\t<time datetime=\"2026-04-03\">\n\t\t\tTodo el d\u00eda\t\t<\/time>\n\t\t<\/div>\n\t\t<h3  class=\"tribe-events-calendar-month-mobile-events__mobile-event-title tribe-common-h7\" >\n\t<a\n\t\thref=\"https:\/\/boulder.earth\/es\/event\/boulder-arts-week\/\"\n\t\ttitle=\"Boulder Arts Week\"\n\t\trel=\"bookmark\"\n\t\tclass=\"tribe-events-calendar-month-mobile-events__mobile-event-title-link tribe-common-anchor\"\n\t>\n\t\tBoulder Arts Week\t<\/a>\n<\/h3>\n\t\t\n\t<\/div>\n<\/article>\n\n\t\t\t\t\t\n\t\t\t\n\t\t\t\n\t\t\t\n<article  class=\"tribe-events-calendar-month-mobile-events__mobile-event post-10003433 tribe_events type-tribe_events status-publish has-post-thumbnail hentry tribe_events_cat-activism tribe_events_cat-education tribe_events_cat-human-rights tribe_events_cat-resilience tribe_events_cat-social-justice tribe_events_cat-webinar cat_activism cat_education cat_human-rights cat_resilience cat_social-justice cat_webinar\" >\n\n\t\n\t<div class=\"tribe-events-calendar-month-mobile-events__mobile-event-details\">\n\n\t\t<div class=\"tribe-events-calendar-month-mobile-events__mobile-event-datetime tribe-common-b2\">\n\t\t\t\t<time datetime=\"2026-04-07\">\n\t\t\t<span class=\"tribe-event-date-start\">abril 7 @ 4:00 am<\/span> - <span class=\"tribe-event-time\">5:00 pm<\/span>\t\t<\/time>\n\t\t<\/div>\n\t\t<h3  class=\"tribe-events-calendar-month-mobile-events__mobile-event-title tribe-common-h7\" >\n\t<a\n\t\thref=\"https:\/\/boulder.earth\/es\/event\/standing-up-to-the-billionaire-agenda-surj-in-conversation-with-graham-platner\/\"\n\t\ttitle=\"Standing up to the billionaire agenda: SURJ in conversation with Graham Platner\"\n\t\trel=\"bookmark\"\n\t\tclass=\"tribe-events-calendar-month-mobile-events__mobile-event-title-link tribe-common-anchor\"\n\t>\n\t\tStanding up to the billionaire agenda: SURJ in conversation with Graham Platner\t<\/a>\n<\/h3>\n\t\t\n\t<\/div>\n<\/article>\n\n\t\t\n\t\t\n\t<\/div>\n\n\t\n\t\t\n<div  class=\"tribe-events-calendar-month-mobile-events__mobile-day\"  id=\"tribe-events-calendar-mobile-day-2026-04-8\">\n\n\t\n\t\t\t\t\t\n\t\t\t<div class=\"tribe-events-c-day-marker tribe-events-calendar-month-mobile-events__day-marker\">\n\t<time\n\t\tclass=\"tribe-events-c-day-marker__date tribe-common-h7 tribe-common-h--alt\"\n\t\tdatetime=\"2026-04-03\"\n\t>\n\t\tabril 3\t<\/time>\n<\/div>\n\n\t\t\t\n\t\t\t\n<article  class=\"tribe-events-calendar-month-mobile-events__mobile-event post-10003431 tribe_events type-tribe_events status-publish has-post-thumbnail hentry tribe_events_cat-community tribe_events_cat-creative-arts tribe_events_cat-culture-building tribe_events_cat-resilience cat_community cat_creative-arts cat_culture-building cat_resilience\" >\n\n\t\n\t<div class=\"tribe-events-calendar-month-mobile-events__mobile-event-details\">\n\n\t\t<div class=\"tribe-events-calendar-month-mobile-events__mobile-event-datetime tribe-common-b2\">\n\t\t\t\t<time datetime=\"2026-04-03\">\n\t\t\tTodo el d\u00eda\t\t<\/time>\n\t\t<\/div>\n\t\t<h3  class=\"tribe-events-calendar-month-mobile-events__mobile-event-title tribe-common-h7\" >\n\t<a\n\t\thref=\"https:\/\/boulder.earth\/es\/event\/boulder-arts-week\/\"\n\t\ttitle=\"Boulder Arts Week\"\n\t\trel=\"bookmark\"\n\t\tclass=\"tribe-events-calendar-month-mobile-events__mobile-event-title-link tribe-common-anchor\"\n\t>\n\t\tBoulder Arts Week\t<\/a>\n<\/h3>\n\t\t\n\t<\/div>\n<\/article>\n\n\t\t\t\t\t\n\t\t\t\n\t\t\t\n\t\t\t\n<article  class=\"tribe-events-calendar-month-mobile-events__mobile-event post-10003434 tribe_events type-tribe_events status-publish has-post-thumbnail hentry tribe_events_cat-animals tribe_events_cat-biodiversity tribe_events_cat-education tribe_events_cat-pollinators tribe_events_cat-webinar cat_animals cat_biodiversity cat_education cat_pollinators cat_webinar\" >\n\n\t\n\t<div class=\"tribe-events-calendar-month-mobile-events__mobile-event-details\">\n\n\t\t<div class=\"tribe-events-calendar-month-mobile-events__mobile-event-datetime tribe-common-b2\">\n\t\t\t\t<time datetime=\"2026-04-08\">\n\t\t\t<span class=\"tribe-event-date-start\">abril 8 @ 12:00 pm<\/span> - <span class=\"tribe-event-time\">1:00 pm<\/span>\t\t<\/time>\n\t\t<\/div>\n\t\t<h3  class=\"tribe-events-calendar-month-mobile-events__mobile-event-title tribe-common-h7\" >\n\t<a\n\t\thref=\"https:\/\/boulder.earth\/es\/event\/attract-the-birds-you-want-with-native-plants\/\"\n\t\ttitle=\"Attract the Birds You Want with Native Plants\"\n\t\trel=\"bookmark\"\n\t\tclass=\"tribe-events-calendar-month-mobile-events__mobile-event-title-link tribe-common-anchor\"\n\t>\n\t\tAttract the Birds You Want with Native Plants\t<\/a>\n<\/h3>\n\t\t\n\t<\/div>\n<\/article>\n\n\t\t\t\t\t\n\t\t\t\n\t\t\t\n\t\t\t\n<article  class=\"tribe-events-calendar-month-mobile-events__mobile-event post-10003430 tribe_events type-tribe_events status-publish has-post-thumbnail hentry tribe_events_cat-community tribe_events_cat-creative-arts tribe_events_cat-culture-building tribe_events_cat-networking cat_community cat_creative-arts cat_culture-building cat_networking\" >\n\n\t\n\t<div class=\"tribe-events-calendar-month-mobile-events__mobile-event-details\">\n\n\t\t<div class=\"tribe-events-calendar-month-mobile-events__mobile-event-datetime tribe-common-b2\">\n\t\t\t\t<time datetime=\"2026-04-08\">\n\t\t\t<span class=\"tribe-event-date-start\">abril 8 @ 4:00 pm<\/span> - <span class=\"tribe-event-time\">6:00 pm<\/span>\t\t<\/time>\n\t\t<\/div>\n\t\t<h3  class=\"tribe-events-calendar-month-mobile-events__mobile-event-title tribe-common-h7\" >\n\t<a\n\t\thref=\"https:\/\/boulder.earth\/es\/event\/cu-and-community-arts-meeting\/\"\n\t\ttitle=\"CU and Community Arts Meeting\"\n\t\trel=\"bookmark\"\n\t\tclass=\"tribe-events-calendar-month-mobile-events__mobile-event-title-link tribe-common-anchor\"\n\t>\n\t\tCU and Community Arts Meeting\t<\/a>\n<\/h3>\n\t\t\n\t<\/div>\n<\/article>\n\n\t\t\t\t\t\n\t\t\t\n\t\t\t\n\t\t\t\n<article  class=\"tribe-events-calendar-month-mobile-events__mobile-event post-10003388 tribe_events type-tribe_events status-publish has-post-thumbnail hentry tribe_events_cat-activism tribe_events_cat-climate tribe_events_cat-community tribe_events_cat-education tribe_events_cat-governance tribe_events_cat-human-rights tribe_events_cat-networking tribe_events_cat-resilience tribe_events_cat-social-justice tribe_events_cat-webinar cat_activism cat_climate cat_community cat_education cat_governance cat_human-rights cat_networking cat_resilience cat_social-justice cat_webinar tribe-recurring-event tribe-recurring-event-parent\" >\n\n\t\n\t<div class=\"tribe-events-calendar-month-mobile-events__mobile-event-details\">\n\n\t\t<div class=\"tribe-events-calendar-month-mobile-events__mobile-event-datetime tribe-common-b2\">\n\t\t\t\t<time datetime=\"2026-04-08\">\n\t\t\t<span class=\"tribe-event-date-start\">abril 8 @ 6:00 pm<\/span> - <span class=\"tribe-event-time\">7:30 pm<\/span>\t\t<\/time>\n\t\t\n<span class=\"tribe-events-calendar-series-archive__container\">\n\t<a\n\t\thref=\"https:\/\/boulder.earth\/es\/series\/after-we-march-we-organize-solidarity-warriors-indivisible-action-group\/\"\n\t\taria-label=\"Event series: After We March, We Organize! Solidarity Warriors Indivisible Action Group\"\n\t\tclass=\"tribe-events-calendar-series-archive__link\"\n\t>\n\t\t\n<svg  class=\"tribe-common-c-svgicon tribe-common-c-svgicon--series tribe-events-series-archive__icon\"  width=\"14\" height=\"12\" viewBox=\"0 0 14 12\" fill=\"none\" xmlns=\"http:\/\/www.w3.org\/2000\/svg\" aria-hidden=\"true\">\n\t<rect x=\"0.5\" y=\"4.5\" width=\"9\" height=\"7\" \/>\n\t<path d=\"M2 2.5H11.5V10\" \/>\n\t<path d=\"M4 0.5H13.5V8\" \/>\n<\/svg>\n\t<\/a>\n<\/span>\n<\/div>\n\t\t<h3  class=\"tribe-events-calendar-month-mobile-events__mobile-event-title tribe-common-h7\" >\n\t<a\n\t\thref=\"https:\/\/boulder.earth\/es\/event\/after-we-march-we-organize-solidarity-warriors-indivisible-action-group\/2026-04-08\/\"\n\t\ttitle=\"After We March, We Organize! Solidarity Warriors Indivisible Action Group\"\n\t\trel=\"bookmark\"\n\t\tclass=\"tribe-events-calendar-month-mobile-events__mobile-event-title-link tribe-common-anchor\"\n\t>\n\t\tAfter We March, We Organize! Solidarity Warriors Indivisible Action Group\t<\/a>\n<\/h3>\n\t\t\n\t<\/div>\n<\/article>\n\n\t\t\t\t\t\n\t\t\t\n\t\t\t\n\t\t\t\n<article  class=\"tribe-events-calendar-month-mobile-events__mobile-event post-10003437 tribe_events type-tribe_events status-publish has-post-thumbnail hentry tribe_events_cat-climate tribe_events_cat-education cat_climate cat_education\" >\n\n\t\n\t<div class=\"tribe-events-calendar-month-mobile-events__mobile-event-details\">\n\n\t\t<div class=\"tribe-events-calendar-month-mobile-events__mobile-event-datetime tribe-common-b2\">\n\t\t\t\t<time datetime=\"2026-04-08\">\n\t\t\t<span class=\"tribe-event-date-start\">abril 8 @ 7:00 pm<\/span> - <span class=\"tribe-event-time\">8:30 pm<\/span>\t\t<\/time>\n\t\t<\/div>\n\t\t<h3  class=\"tribe-events-calendar-month-mobile-events__mobile-event-title tribe-common-h7\" >\n\t<a\n\t\thref=\"https:\/\/boulder.earth\/es\/event\/nsf-ncar-explorer-series-integrating-expertise-predicting-hazardous-weather-through-convergence-science-and-ai\/\"\n\t\ttitle=\"NSF NCAR Explorer Series: Integrating expertise: Predicting hazardous weather through convergence science and AI\"\n\t\trel=\"bookmark\"\n\t\tclass=\"tribe-events-calendar-month-mobile-events__mobile-event-title-link tribe-common-anchor\"\n\t>\n\t\tNSF NCAR Explorer Series: Integrating expertise: Predicting hazardous weather through convergence science and AI\t<\/a>\n<\/h3>\n\t\t\n\t<\/div>\n<\/article>\n\n\t\t\n\t\t\n\t<\/div>\n\n\t\n\t\t\n<div  class=\"tribe-events-calendar-month-mobile-events__mobile-day\"  id=\"tribe-events-calendar-mobile-day-2026-04-9\">\n\n\t\n\t\t\t\t\t\n\t\t\t<div class=\"tribe-events-c-day-marker tribe-events-calendar-month-mobile-events__day-marker\">\n\t<time\n\t\tclass=\"tribe-events-c-day-marker__date tribe-common-h7 tribe-common-h--alt\"\n\t\tdatetime=\"2026-04-03\"\n\t>\n\t\tabril 3\t<\/time>\n<\/div>\n\n\t\t\t\n\t\t\t\n<article  class=\"tribe-events-calendar-month-mobile-events__mobile-event post-10003431 tribe_events type-tribe_events status-publish has-post-thumbnail hentry tribe_events_cat-community tribe_events_cat-creative-arts tribe_events_cat-culture-building tribe_events_cat-resilience cat_community cat_creative-arts cat_culture-building cat_resilience\" >\n\n\t\n\t<div class=\"tribe-events-calendar-month-mobile-events__mobile-event-details\">\n\n\t\t<div class=\"tribe-events-calendar-month-mobile-events__mobile-event-datetime tribe-common-b2\">\n\t\t\t\t<time datetime=\"2026-04-03\">\n\t\t\tTodo el d\u00eda\t\t<\/time>\n\t\t<\/div>\n\t\t<h3  class=\"tribe-events-calendar-month-mobile-events__mobile-event-title tribe-common-h7\" >\n\t<a\n\t\thref=\"https:\/\/boulder.earth\/es\/event\/boulder-arts-week\/\"\n\t\ttitle=\"Boulder Arts Week\"\n\t\trel=\"bookmark\"\n\t\tclass=\"tribe-events-calendar-month-mobile-events__mobile-event-title-link tribe-common-anchor\"\n\t>\n\t\tBoulder Arts Week\t<\/a>\n<\/h3>\n\t\t\n\t<\/div>\n<\/article>\n\n\t\t\t\t\t\n\t\t\t\n\t\t\t\n\t\t\t\n<article  class=\"tribe-events-calendar-month-mobile-events__mobile-event post-10003380 tribe_events type-tribe_events status-publish has-post-thumbnail hentry tribe_events_cat-climate tribe_events_cat-education tribe_events_cat-finance tribe_events_cat-webinar cat_climate cat_education cat_finance cat_webinar\" >\n\n\t\n\t<div class=\"tribe-events-calendar-month-mobile-events__mobile-event-details\">\n\n\t\t<div class=\"tribe-events-calendar-month-mobile-events__mobile-event-datetime tribe-common-b2\">\n\t\t\t\t<time datetime=\"2026-04-09\">\n\t\t\t<span class=\"tribe-event-date-start\">abril 9 @ 3:00 pm<\/span> - <span class=\"tribe-event-time\">5:00 pm<\/span>\t\t<\/time>\n\t\t<\/div>\n\t\t<h3  class=\"tribe-events-calendar-month-mobile-events__mobile-event-title tribe-common-h7\" >\n\t<a\n\t\thref=\"https:\/\/boulder.earth\/es\/event\/the-economic-impact-of-data-centers\/\"\n\t\ttitle=\"The Economic Impact of Data Centers\"\n\t\trel=\"bookmark\"\n\t\tclass=\"tribe-events-calendar-month-mobile-events__mobile-event-title-link tribe-common-anchor\"\n\t>\n\t\tThe Economic Impact of Data Centers\t<\/a>\n<\/h3>\n\t\t\n\t<\/div>\n<\/article>\n\n\t\t\t\t\t\n\t\t\t\n\t\t\t\n\t\t\t\n<article  class=\"tribe-events-calendar-month-mobile-events__mobile-event post-10003439 tribe_events type-tribe_events status-publish has-post-thumbnail hentry tribe_events_cat-biodiversity tribe_events_cat-climate tribe_events_cat-education tribe_events_cat-oceans cat_biodiversity cat_climate cat_education cat_oceans\" >\n\n\t\n\t<div class=\"tribe-events-calendar-month-mobile-events__mobile-event-details\">\n\n\t\t<div class=\"tribe-events-calendar-month-mobile-events__mobile-event-datetime tribe-common-b2\">\n\t\t\t\t<time datetime=\"2026-04-09\">\n\t\t\t<span class=\"tribe-event-date-start\">abril 9 @ 5:00 pm<\/span> - <span class=\"tribe-event-time\">6:30 pm<\/span>\t\t<\/time>\n\t\t<\/div>\n\t\t<h3  class=\"tribe-events-calendar-month-mobile-events__mobile-event-title tribe-common-h7\" >\n\t<a\n\t\thref=\"https:\/\/boulder.earth\/es\/event\/seaweed-stories-for-a-more-sustainable-future-film-screening-and-panel\/\"\n\t\ttitle=\"Seaweed Stories for a More Sustainable Future (Film screening and Panel)\"\n\t\trel=\"bookmark\"\n\t\tclass=\"tribe-events-calendar-month-mobile-events__mobile-event-title-link tribe-common-anchor\"\n\t>\n\t\tSeaweed Stories for a More Sustainable Future (Film screening and Panel)\t<\/a>\n<\/h3>\n\t\t\n\t<\/div>\n<\/article>\n\n\t\t\n\t\t\n\t<\/div>\n\n\t\n\t\t\n<div  class=\"tribe-events-calendar-month-mobile-events__mobile-day\"  id=\"tribe-events-calendar-mobile-day-2026-04-10\">\n\n\t\n\t\t\t\t\t\n\t\t\t<div class=\"tribe-events-c-day-marker tribe-events-calendar-month-mobile-events__day-marker\">\n\t<time\n\t\tclass=\"tribe-events-c-day-marker__date tribe-common-h7 tribe-common-h--alt\"\n\t\tdatetime=\"2026-04-03\"\n\t>\n\t\tabril 3\t<\/time>\n<\/div>\n\n\t\t\t\n\t\t\t\n<article  class=\"tribe-events-calendar-month-mobile-events__mobile-event post-10003431 tribe_events type-tribe_events status-publish has-post-thumbnail hentry tribe_events_cat-community tribe_events_cat-creative-arts tribe_events_cat-culture-building tribe_events_cat-resilience cat_community cat_creative-arts cat_culture-building cat_resilience\" >\n\n\t\n\t<div class=\"tribe-events-calendar-month-mobile-events__mobile-event-details\">\n\n\t\t<div class=\"tribe-events-calendar-month-mobile-events__mobile-event-datetime tribe-common-b2\">\n\t\t\t\t<time datetime=\"2026-04-03\">\n\t\t\tTodo el d\u00eda\t\t<\/time>\n\t\t<\/div>\n\t\t<h3  class=\"tribe-events-calendar-month-mobile-events__mobile-event-title tribe-common-h7\" >\n\t<a\n\t\thref=\"https:\/\/boulder.earth\/es\/event\/boulder-arts-week\/\"\n\t\ttitle=\"Boulder Arts Week\"\n\t\trel=\"bookmark\"\n\t\tclass=\"tribe-events-calendar-month-mobile-events__mobile-event-title-link tribe-common-anchor\"\n\t>\n\t\tBoulder Arts Week\t<\/a>\n<\/h3>\n\t\t\n\t<\/div>\n<\/article>\n\n\t\t\t\t\t\n\t\t\t\n\t\t\t\n\t\t\t\n<article  class=\"tribe-events-calendar-month-mobile-events__mobile-event post-10003428 tribe_events type-tribe_events status-publish has-post-thumbnail hentry tribe_events_cat-activism tribe_events_cat-climate tribe_events_cat-community tribe_events_cat-creative-arts tribe_events_cat-education tribe_events_cat-water cat_activism cat_climate cat_community cat_creative-arts cat_education cat_water\" >\n\n\t\n\t<div class=\"tribe-events-calendar-month-mobile-events__mobile-event-details\">\n\n\t\t<div class=\"tribe-events-calendar-month-mobile-events__mobile-event-datetime tribe-common-b2\">\n\t\t\t\t<time datetime=\"2026-04-10\">\n\t\t\t<span class=\"tribe-event-date-start\">abril 10 @ 10:00 am<\/span> - <span class=\"tribe-event-time\">1:00 pm<\/span>\t\t<\/time>\n\t\t<\/div>\n\t\t<h3  class=\"tribe-events-calendar-month-mobile-events__mobile-event-title tribe-common-h7\" >\n\t<a\n\t\thref=\"https:\/\/boulder.earth\/es\/event\/time-and-water-followed-by-a-call2action-panel\/\"\n\t\ttitle=\"TIME AND WATER, followed by a Call2Action Panel\"\n\t\trel=\"bookmark\"\n\t\tclass=\"tribe-events-calendar-month-mobile-events__mobile-event-title-link tribe-common-anchor\"\n\t>\n\t\tTIME AND WATER, followed by a Call2Action Panel\t<\/a>\n<\/h3>\n\t\t\n\t<\/div>\n<\/article>\n\n\t\t\t\t\t\n\t\t\t\n\t\t\t\n\t\t\t\n<article  class=\"tribe-events-calendar-month-mobile-events__mobile-event post-10003427 tribe_events type-tribe_events status-publish has-post-thumbnail hentry tribe_events_cat-agriculture tribe_events_cat-climate tribe_events_cat-community tribe_events_cat-food tribe_events_cat-fundraiser cat_agriculture cat_climate cat_community cat_food cat_fundraiser\" >\n\n\t\n\t<div class=\"tribe-events-calendar-month-mobile-events__mobile-event-details\">\n\n\t\t<div class=\"tribe-events-calendar-month-mobile-events__mobile-event-datetime tribe-common-b2\">\n\t\t\t\t<time datetime=\"2026-04-10\">\n\t\t\t<span class=\"tribe-event-date-start\">abril 10 @ 6:00 pm<\/span> - <span class=\"tribe-event-time\">10:30 pm<\/span>\t\t<\/time>\n\t\t<\/div>\n\t\t<h3  class=\"tribe-events-calendar-month-mobile-events__mobile-event-title tribe-common-h7\" >\n\t<a\n\t\thref=\"https:\/\/boulder.earth\/es\/event\/garden-get-down\/\"\n\t\ttitle=\"Garden Get Down\"\n\t\trel=\"bookmark\"\n\t\tclass=\"tribe-events-calendar-month-mobile-events__mobile-event-title-link tribe-common-anchor\"\n\t>\n\t\tGarden Get Down\t<\/a>\n<\/h3>\n\t\t\n\t<\/div>\n<\/article>\n\n\t\t\n\t\t\n\t<\/div>\n\n\t\n\t\t\n<div  class=\"tribe-events-calendar-month-mobile-events__mobile-day\"  id=\"tribe-events-calendar-mobile-day-2026-04-11\">\n\n\t\n\t\t\t\t\t\n\t\t\t<div class=\"tribe-events-c-day-marker tribe-events-calendar-month-mobile-events__day-marker\">\n\t<time\n\t\tclass=\"tribe-events-c-day-marker__date tribe-common-h7 tribe-common-h--alt\"\n\t\tdatetime=\"2026-04-03\"\n\t>\n\t\tabril 3\t<\/time>\n<\/div>\n\n\t\t\t\n\t\t\t\n<article  class=\"tribe-events-calendar-month-mobile-events__mobile-event post-10003431 tribe_events type-tribe_events status-publish has-post-thumbnail hentry tribe_events_cat-community tribe_events_cat-creative-arts tribe_events_cat-culture-building tribe_events_cat-resilience cat_community cat_creative-arts cat_culture-building cat_resilience\" >\n\n\t\n\t<div class=\"tribe-events-calendar-month-mobile-events__mobile-event-details\">\n\n\t\t<div class=\"tribe-events-calendar-month-mobile-events__mobile-event-datetime tribe-common-b2\">\n\t\t\t\t<time datetime=\"2026-04-03\">\n\t\t\tTodo el d\u00eda\t\t<\/time>\n\t\t<\/div>\n\t\t<h3  class=\"tribe-events-calendar-month-mobile-events__mobile-event-title tribe-common-h7\" >\n\t<a\n\t\thref=\"https:\/\/boulder.earth\/es\/event\/boulder-arts-week\/\"\n\t\ttitle=\"Boulder Arts Week\"\n\t\trel=\"bookmark\"\n\t\tclass=\"tribe-events-calendar-month-mobile-events__mobile-event-title-link tribe-common-anchor\"\n\t>\n\t\tBoulder Arts Week\t<\/a>\n<\/h3>\n\t\t\n\t<\/div>\n<\/article>\n\n\t\t\t\t\t\n\t\t\t\n\t\t\t\n\t\t\t\n<article  class=\"tribe-events-calendar-month-mobile-events__mobile-event post-10003474 tribe_events type-tribe_events status-publish has-post-thumbnail hentry tribe_events_cat-agriculture tribe_events_cat-community tribe_events_cat-food cat_agriculture cat_community cat_food tribe-recurring-event tribe-recurring-event-parent\" >\n\n\t\n\t<div class=\"tribe-events-calendar-month-mobile-events__mobile-event-details\">\n\n\t\t<div class=\"tribe-events-calendar-month-mobile-events__mobile-event-datetime tribe-common-b2\">\n\t\t\t\t<time datetime=\"2026-04-11\">\n\t\t\t<span class=\"tribe-event-date-start\">abril 11 @ 8:00 am<\/span> - <span class=\"tribe-event-time\">2:00 pm<\/span>\t\t<\/time>\n\t\t\n<span class=\"tribe-events-calendar-series-archive__container\">\n\t<a\n\t\thref=\"https:\/\/boulder.earth\/es\/series\/boulder-farmers-market\/\"\n\t\taria-label=\"Event series: Boulder Farmers Market\"\n\t\tclass=\"tribe-events-calendar-series-archive__link\"\n\t>\n\t\t\n<svg  class=\"tribe-common-c-svgicon tribe-common-c-svgicon--series tribe-events-series-archive__icon\"  width=\"14\" height=\"12\" viewBox=\"0 0 14 12\" fill=\"none\" xmlns=\"http:\/\/www.w3.org\/2000\/svg\" aria-hidden=\"true\">\n\t<rect x=\"0.5\" y=\"4.5\" width=\"9\" height=\"7\" \/>\n\t<path d=\"M2 2.5H11.5V10\" \/>\n\t<path d=\"M4 0.5H13.5V8\" \/>\n<\/svg>\n\t<\/a>\n<\/span>\n<\/div>\n\t\t<h3  class=\"tribe-events-calendar-month-mobile-events__mobile-event-title tribe-common-h7\" >\n\t<a\n\t\thref=\"https:\/\/boulder.earth\/es\/event\/boulder-farmers-market\/2026-04-11\/\"\n\t\ttitle=\"Boulder Farmers Market\"\n\t\trel=\"bookmark\"\n\t\tclass=\"tribe-events-calendar-month-mobile-events__mobile-event-title-link tribe-common-anchor\"\n\t>\n\t\tBoulder Farmers Market\t<\/a>\n<\/h3>\n\t\t\n\t<\/div>\n<\/article>\n\n\t\t\t\t\t\n\t\t\t\n\t\t\t\n\t\t\t\n<article  class=\"tribe-events-calendar-month-mobile-events__mobile-event post-10003553 tribe_events type-tribe_events status-publish has-post-thumbnail hentry tribe_events_cat-agriculture tribe_events_cat-community tribe_events_cat-food cat_agriculture cat_community cat_food tribe-recurring-event tribe-recurring-event-parent\" >\n\n\t\n\t<div class=\"tribe-events-calendar-month-mobile-events__mobile-event-details\">\n\n\t\t<div class=\"tribe-events-calendar-month-mobile-events__mobile-event-datetime tribe-common-b2\">\n\t\t\t\t<time datetime=\"2026-04-11\">\n\t\t\t<span class=\"tribe-event-date-start\">abril 11 @ 8:00 am<\/span> - <span class=\"tribe-event-time\">2:00 pm<\/span>\t\t<\/time>\n\t\t\n<span class=\"tribe-events-calendar-series-archive__container\">\n\t<a\n\t\thref=\"https:\/\/boulder.earth\/es\/series\/longmont-farmers-market\/\"\n\t\taria-label=\"Event series: Longmont Farmers Market\"\n\t\tclass=\"tribe-events-calendar-series-archive__link\"\n\t>\n\t\t\n<svg  class=\"tribe-common-c-svgicon tribe-common-c-svgicon--series tribe-events-series-archive__icon\"  width=\"14\" height=\"12\" viewBox=\"0 0 14 12\" fill=\"none\" xmlns=\"http:\/\/www.w3.org\/2000\/svg\" aria-hidden=\"true\">\n\t<rect x=\"0.5\" y=\"4.5\" width=\"9\" height=\"7\" \/>\n\t<path d=\"M2 2.5H11.5V10\" \/>\n\t<path d=\"M4 0.5H13.5V8\" \/>\n<\/svg>\n\t<\/a>\n<\/span>\n<\/div>\n\t\t<h3  class=\"tribe-events-calendar-month-mobile-events__mobile-event-title tribe-common-h7\" >\n\t<a\n\t\thref=\"https:\/\/boulder.earth\/es\/event\/longmont-farmers-market-2\/2026-04-11\/\"\n\t\ttitle=\"Longmont Farmers Market\"\n\t\trel=\"bookmark\"\n\t\tclass=\"tribe-events-calendar-month-mobile-events__mobile-event-title-link tribe-common-anchor\"\n\t>\n\t\tLongmont Farmers Market\t<\/a>\n<\/h3>\n\t\t\n\t<\/div>\n<\/article>\n\n\t\t\t\t\t\n\t\t\t\n\t\t\t\n\t\t\t\n<article  class=\"tribe-events-calendar-month-mobile-events__mobile-event post-10003445 tribe_events type-tribe_events status-publish has-post-thumbnail hentry tribe_events_cat-community tribe_events_cat-creative-arts tribe_events_cat-nature cat_community cat_creative-arts cat_nature\" >\n\n\t\n\t<div class=\"tribe-events-calendar-month-mobile-events__mobile-event-details\">\n\n\t\t<div class=\"tribe-events-calendar-month-mobile-events__mobile-event-datetime tribe-common-b2\">\n\t\t\t\t<time datetime=\"2026-04-11\">\n\t\t\t<span class=\"tribe-event-date-start\">abril 11 @ 10:00 am<\/span> - <span class=\"tribe-event-time\">12:00 pm<\/span>\t\t<\/time>\n\t\t<\/div>\n\t\t<h3  class=\"tribe-events-calendar-month-mobile-events__mobile-event-title tribe-common-h7\" >\n\t<a\n\t\thref=\"https:\/\/boulder.earth\/es\/event\/eco-mural-bike-tour\/\"\n\t\ttitle=\"Eco-Mural Bike Tour\"\n\t\trel=\"bookmark\"\n\t\tclass=\"tribe-events-calendar-month-mobile-events__mobile-event-title-link tribe-common-anchor\"\n\t>\n\t\tEco-Mural Bike Tour\t<\/a>\n<\/h3>\n\t\t\n\t<\/div>\n<\/article>\n\n\t\t\t\t\t\n\t\t\t\n\t\t\t\n\t\t\t\n<article  class=\"tribe-events-calendar-month-mobile-events__mobile-event post-10003441 tribe_events type-tribe_events status-publish has-post-thumbnail hentry tribe_events_cat-biodiversity tribe_events_cat-education tribe_events_cat-food cat_biodiversity cat_education cat_food\" >\n\n\t\n\t<div class=\"tribe-events-calendar-month-mobile-events__mobile-event-details\">\n\n\t\t<div class=\"tribe-events-calendar-month-mobile-events__mobile-event-datetime tribe-common-b2\">\n\t\t\t\t<time datetime=\"2026-04-11\">\n\t\t\t<span class=\"tribe-event-date-start\">abril 11 @ 1:00 pm<\/span> - <span class=\"tribe-event-time\">3:00 pm<\/span>\t\t<\/time>\n\t\t<\/div>\n\t\t<h3  class=\"tribe-events-calendar-month-mobile-events__mobile-event-title tribe-common-h7\" >\n\t<a\n\t\thref=\"https:\/\/boulder.earth\/es\/event\/learn-to-grow-your-own-fruit-trees\/\"\n\t\ttitle=\"Learn to grow your own fruit trees\"\n\t\trel=\"bookmark\"\n\t\tclass=\"tribe-events-calendar-month-mobile-events__mobile-event-title-link tribe-common-anchor\"\n\t>\n\t\tLearn to grow your own fruit trees\t<\/a>\n<\/h3>\n\t\t\n\t<\/div>\n<\/article>\n\n\t\t\n\t\t\n\t<\/div>\n\n\t\n\t\t\n<div  class=\"tribe-events-calendar-month-mobile-events__mobile-day\"  id=\"tribe-events-calendar-mobile-day-2026-04-12\">\n\n\t\n\t\t\t\t\t\n\t\t\t<div class=\"tribe-events-c-day-marker tribe-events-calendar-month-mobile-events__day-marker\">\n\t<time\n\t\tclass=\"tribe-events-c-day-marker__date tribe-common-h7 tribe-common-h--alt\"\n\t\tdatetime=\"2026-04-03\"\n\t>\n\t\tabril 3\t<\/time>\n<\/div>\n\n\t\t\t\n\t\t\t\n<article  class=\"tribe-events-calendar-month-mobile-events__mobile-event post-10003431 tribe_events type-tribe_events status-publish has-post-thumbnail hentry tribe_events_cat-community tribe_events_cat-creative-arts tribe_events_cat-culture-building tribe_events_cat-resilience cat_community cat_creative-arts cat_culture-building cat_resilience\" >\n\n\t\n\t<div class=\"tribe-events-calendar-month-mobile-events__mobile-event-details\">\n\n\t\t<div class=\"tribe-events-calendar-month-mobile-events__mobile-event-datetime tribe-common-b2\">\n\t\t\t\t<time datetime=\"2026-04-03\">\n\t\t\tTodo el d\u00eda\t\t<\/time>\n\t\t<\/div>\n\t\t<h3  class=\"tribe-events-calendar-month-mobile-events__mobile-event-title tribe-common-h7\" >\n\t<a\n\t\thref=\"https:\/\/boulder.earth\/es\/event\/boulder-arts-week\/\"\n\t\ttitle=\"Boulder Arts Week\"\n\t\trel=\"bookmark\"\n\t\tclass=\"tribe-events-calendar-month-mobile-events__mobile-event-title-link tribe-common-anchor\"\n\t>\n\t\tBoulder Arts Week\t<\/a>\n<\/h3>\n\t\t\n\t<\/div>\n<\/article>\n\n\t\t\t\t\t\n\t\t\t\n\t\t\t\n\t\t\t\n<article  class=\"tribe-events-calendar-month-mobile-events__mobile-event post-10003021 tribe_events type-tribe_events status-publish has-post-thumbnail hentry tribe_events_cat-activism tribe_events_cat-community tribe_events_cat-culture-building tribe_events_cat-governance tribe_events_cat-human-rights tribe_events_cat-resilience tribe_events_cat-social-justice cat_activism cat_community cat_culture-building cat_governance cat_human-rights cat_resilience cat_social-justice tribe-recurring-event tribe-recurring-event-parent\" >\n\n\t\n\t<div class=\"tribe-events-calendar-month-mobile-events__mobile-event-details\">\n\n\t\t<div class=\"tribe-events-calendar-month-mobile-events__mobile-event-datetime tribe-common-b2\">\n\t\t\t\t<time datetime=\"2026-04-12\">\n\t\t\t<span class=\"tribe-event-date-start\">abril 12 @ 12:00 pm<\/span> - <span class=\"tribe-event-time\">1:00 pm<\/span>\t\t<\/time>\n\t\t<\/div>\n\t\t<h3  class=\"tribe-events-calendar-month-mobile-events__mobile-event-title tribe-common-h7\" >\n\t<a\n\t\thref=\"https:\/\/boulder.earth\/es\/event\/weekly-vigil-for-palestine\/2026-04-12\/\"\n\t\ttitle=\"Weekly Vigil for Palestine\"\n\t\trel=\"bookmark\"\n\t\tclass=\"tribe-events-calendar-month-mobile-events__mobile-event-title-link tribe-common-anchor\"\n\t>\n\t\tWeekly Vigil for Palestine\t<\/a>\n<\/h3>\n\t\t\n\t<\/div>\n<\/article>\n\n\t\t\t\t\t\n\t\t\t\n\t\t\t\n\t\t\t\n<article  class=\"tribe-events-calendar-month-mobile-events__mobile-event post-10003429 tribe_events type-tribe_events status-publish has-post-thumbnail hentry tribe_events_cat-community tribe_events_cat-creative-arts tribe_events_cat-culture-building cat_community cat_creative-arts cat_culture-building\" >\n\n\t\n\t<div class=\"tribe-events-calendar-month-mobile-events__mobile-event-details\">\n\n\t\t<div class=\"tribe-events-calendar-month-mobile-events__mobile-event-datetime tribe-common-b2\">\n\t\t\t\t<time datetime=\"2026-04-12\">\n\t\t\t<span class=\"tribe-event-date-start\">abril 12 @ 1:00 pm<\/span> - <span class=\"tribe-event-time\">3:00 pm<\/span>\t\t<\/time>\n\t\t<\/div>\n\t\t<h3  class=\"tribe-events-calendar-month-mobile-events__mobile-event-title tribe-common-h7\" >\n\t<a\n\t\thref=\"https:\/\/boulder.earth\/es\/event\/boulder-arts-blueprint-launch-party\/\"\n\t\ttitle=\"Boulder Arts Blueprint Launch Party\"\n\t\trel=\"bookmark\"\n\t\tclass=\"tribe-events-calendar-month-mobile-events__mobile-event-title-link tribe-common-anchor\"\n\t>\n\t\tBoulder Arts Blueprint Launch Party\t<\/a>\n<\/h3>\n\t\t\n\t<\/div>\n<\/article>\n\n\t\t\n\t\t\n\t<\/div>\n\n\t\n\t\t\n<div  class=\"tribe-events-calendar-month-mobile-events__mobile-day\"  id=\"tribe-events-calendar-mobile-day-2026-04-13\">\n\n\t\n\t\t<div  class=\"tribe-events-header__messages tribe-events-c-messages tribe-common-b2 tribe-events-header__messages--mobile tribe-events-header__messages--day\"  >\n\t\t\t<div class=\"tribe-events-c-messages__message tribe-events-c-messages__message--notice\" tabindex=\"0\" role=\"alert\" aria-live=\"assertive\">\n\t\t\t<svg\n\t class=\"tribe-common-c-svgicon tribe-common-c-svgicon--messages-not-found tribe-events-c-messages__message-icon-svg\" \taria-hidden=\"true\"\n\tviewBox=\"0 0 21 23\"\n\txmlns=\"http:\/\/www.w3.org\/2000\/svg\"\n>\n\t<g fill-rule=\"evenodd\">\n\t\t<path d=\"M.5 2.5h20v20H.5z\"\/>\n\t\t<path stroke-linecap=\"round\" d=\"M7.583 11.583l5.834 5.834m0-5.834l-5.834 5.834\" class=\"tribe-common-c-svgicon__svg-stroke\"\/>\n\t\t<path stroke-linecap=\"round\" d=\"M4.5.5v4m12-4v4\"\/>\n\t\t<path stroke-linecap=\"square\" d=\"M.5 7.5h20\"\/>\n\t<\/g>\n<\/svg>\n<span class=\"tribe-common-a11y-visual-hide\">\n\tNotice<\/span>\n\t\t\t\t\t\t\t<div\n\t\t\t\t\t data-key=\"no-events-in-day\" >\n\t\t\t\t\tThere are no events on this day.\t\t\t\t<\/div>\n\t\t\t\t\t<\/div>\n\t<\/div>\n\n\t<\/div>\n\n\t\n\t\t\n<div  class=\"tribe-events-calendar-month-mobile-events__mobile-day\"  id=\"tribe-events-calendar-mobile-day-2026-04-14\">\n\n\t\n\t\t\t\t\t\n\t\t\t<div class=\"tribe-events-c-day-marker tribe-events-calendar-month-mobile-events__day-marker\">\n\t<time\n\t\tclass=\"tribe-events-c-day-marker__date tribe-common-h7 tribe-common-h--alt\"\n\t\tdatetime=\"2026-04-14\"\n\t>\n\t\tabril 14\t<\/time>\n<\/div>\n\n\t\t\t\n\t\t\t\n<article  class=\"tribe-events-calendar-month-mobile-events__mobile-event post-10003443 tribe_events type-tribe_events status-publish has-post-thumbnail hentry tribe_events_cat-activism tribe_events_cat-animals tribe_events_cat-climate tribe_events_cat-education tribe_events_cat-governance tribe_events_cat-webinar cat_activism cat_animals cat_climate cat_education cat_governance cat_webinar\" >\n\n\t\n\t<div class=\"tribe-events-calendar-month-mobile-events__mobile-event-details\">\n\n\t\t<div class=\"tribe-events-calendar-month-mobile-events__mobile-event-datetime tribe-common-b2\">\n\t\t\t\t<time datetime=\"2026-04-14\">\n\t\t\t<span class=\"tribe-event-date-start\">abril 14 @ 5:00 pm<\/span> - <span class=\"tribe-event-time\">6:00 pm<\/span>\t\t<\/time>\n\t\t<\/div>\n\t\t<h3  class=\"tribe-events-calendar-month-mobile-events__mobile-event-title tribe-common-h7\" >\n\t<a\n\t\thref=\"https:\/\/boulder.earth\/es\/event\/action-hour-defending-the-endangered-species-act\/\"\n\t\ttitle=\"Action Hour: Defending the Endangered Species Act\"\n\t\trel=\"bookmark\"\n\t\tclass=\"tribe-events-calendar-month-mobile-events__mobile-event-title-link tribe-common-anchor\"\n\t>\n\t\tAction Hour: Defending the Endangered Species Act\t<\/a>\n<\/h3>\n\t\t\n\t<\/div>\n<\/article>\n\n\t\t\t\t\t\n\t\t\t\n\t\t\t\n\t\t\t\n<article  class=\"tribe-events-calendar-month-mobile-events__mobile-event post-10003641 tribe_events type-tribe_events status-publish has-post-thumbnail hentry tribe_events_cat-biodiversity tribe_events_cat-climate tribe_events_cat-education tribe_events_cat-nature tribe_events_cat-volunteer cat_biodiversity cat_climate cat_education cat_nature cat_volunteer\" >\n\n\t\n\t<div class=\"tribe-events-calendar-month-mobile-events__mobile-event-details\">\n\n\t\t<div class=\"tribe-events-calendar-month-mobile-events__mobile-event-datetime tribe-common-b2\">\n\t\t\t\t<time datetime=\"2026-04-14\">\n\t\t\t<span class=\"tribe-event-date-start\">abril 14 @ 7:00 pm<\/span> - <span class=\"tribe-event-time\">8:30 pm<\/span>\t\t<\/time>\n\t\t<\/div>\n\t\t<h3  class=\"tribe-events-calendar-month-mobile-events__mobile-event-title tribe-common-h7\" >\n\t<a\n\t\thref=\"https:\/\/boulder.earth\/es\/event\/restoration-in-action-how-communities-heal-ecosystems\/\"\n\t\ttitle=\"Restoration in Action: How Communities Heal Ecosystems\"\n\t\trel=\"bookmark\"\n\t\tclass=\"tribe-events-calendar-month-mobile-events__mobile-event-title-link tribe-common-anchor\"\n\t>\n\t\tRestoration in Action: How Communities Heal Ecosystems\t<\/a>\n<\/h3>\n\t\t\n\t<\/div>\n<\/article>\n\n\t\t\n\t\t\n\t<\/div>\n\n\t\n\t\t\n<div  class=\"tribe-events-calendar-month-mobile-events__mobile-day\"  id=\"tribe-events-calendar-mobile-day-2026-04-15\">\n\n\t\n\t\t\t\t\t\n\t\t\t<div class=\"tribe-events-c-day-marker tribe-events-calendar-month-mobile-events__day-marker\">\n\t<time\n\t\tclass=\"tribe-events-c-day-marker__date tribe-common-h7 tribe-common-h--alt\"\n\t\tdatetime=\"2026-04-15\"\n\t>\n\t\tabril 15\t<\/time>\n<\/div>\n\n\t\t\t\n\t\t\t\n<article  class=\"tribe-events-calendar-month-mobile-events__mobile-event post-10003381 tribe_events type-tribe_events status-publish has-post-thumbnail hentry tribe_events_cat-activism tribe_events_cat-education tribe_events_cat-finance tribe_events_cat-resilience tribe_events_cat-webinar cat_activism cat_education cat_finance cat_resilience cat_webinar\" >\n\n\t\n\t<div class=\"tribe-events-calendar-month-mobile-events__mobile-event-details\">\n\n\t\t<div class=\"tribe-events-calendar-month-mobile-events__mobile-event-datetime tribe-common-b2\">\n\t\t\t\t<time datetime=\"2026-04-15\">\n\t\t\t<span class=\"tribe-event-date-start\">abril 15 @ 5:00 pm<\/span> - <span class=\"tribe-event-time\">6:00 pm<\/span>\t\t<\/time>\n\t\t<\/div>\n\t\t<h3  class=\"tribe-events-calendar-month-mobile-events__mobile-event-title tribe-common-h7\" >\n\t<a\n\t\thref=\"https:\/\/boulder.earth\/es\/event\/the-importance-of-home-ownership-with-nareb\/\"\n\t\ttitle=\"The Importance of Home Ownership with NAREB\"\n\t\trel=\"bookmark\"\n\t\tclass=\"tribe-events-calendar-month-mobile-events__mobile-event-title-link tribe-common-anchor\"\n\t>\n\t\tThe Importance of Home Ownership with NAREB\t<\/a>\n<\/h3>\n\t\t\n\t<\/div>\n<\/article>\n\n\t\t\t\t\t\n\t\t\t\n\t\t\t\n\t\t\t\n<article  class=\"tribe-events-calendar-month-mobile-events__mobile-event post-10003389 tribe_events type-tribe_events status-publish has-post-thumbnail hentry tribe_events_cat-activism tribe_events_cat-climate tribe_events_cat-community tribe_events_cat-education tribe_events_cat-governance tribe_events_cat-human-rights tribe_events_cat-networking tribe_events_cat-resilience tribe_events_cat-social-justice tribe_events_cat-webinar cat_activism cat_climate cat_community cat_education cat_governance cat_human-rights cat_networking cat_resilience cat_social-justice cat_webinar tribe-recurring-event tribe-recurring-event-parent\" >\n\n\t\n\t<div class=\"tribe-events-calendar-month-mobile-events__mobile-event-details\">\n\n\t\t<div class=\"tribe-events-calendar-month-mobile-events__mobile-event-datetime tribe-common-b2\">\n\t\t\t\t<time datetime=\"2026-04-15\">\n\t\t\t<span class=\"tribe-event-date-start\">abril 15 @ 6:00 pm<\/span> - <span class=\"tribe-event-time\">7:30 pm<\/span>\t\t<\/time>\n\t\t\n<span class=\"tribe-events-calendar-series-archive__container\">\n\t<a\n\t\thref=\"https:\/\/boulder.earth\/es\/series\/after-we-march-we-organize-solidarity-warriors-indivisible-action-group\/\"\n\t\taria-label=\"Event series: After We March, We Organize! Solidarity Warriors Indivisible Action Group\"\n\t\tclass=\"tribe-events-calendar-series-archive__link\"\n\t>\n\t\t\n<svg  class=\"tribe-common-c-svgicon tribe-common-c-svgicon--series tribe-events-series-archive__icon\"  width=\"14\" height=\"12\" viewBox=\"0 0 14 12\" fill=\"none\" xmlns=\"http:\/\/www.w3.org\/2000\/svg\" aria-hidden=\"true\">\n\t<rect x=\"0.5\" y=\"4.5\" width=\"9\" height=\"7\" \/>\n\t<path d=\"M2 2.5H11.5V10\" \/>\n\t<path d=\"M4 0.5H13.5V8\" \/>\n<\/svg>\n\t<\/a>\n<\/span>\n<\/div>\n\t\t<h3  class=\"tribe-events-calendar-month-mobile-events__mobile-event-title tribe-common-h7\" >\n\t<a\n\t\thref=\"https:\/\/boulder.earth\/es\/event\/after-we-march-we-organize-solidarity-warriors-indivisible-action-group\/2026-04-15\/\"\n\t\ttitle=\"After We March, We Organize! Solidarity Warriors Indivisible Action Group\"\n\t\trel=\"bookmark\"\n\t\tclass=\"tribe-events-calendar-month-mobile-events__mobile-event-title-link tribe-common-anchor\"\n\t>\n\t\tAfter We March, We Organize! Solidarity Warriors Indivisible Action Group\t<\/a>\n<\/h3>\n\t\t\n\t<\/div>\n<\/article>\n\n\t\t\n\t\t\n\t<\/div>\n\n\t\n\t\t\n<div  class=\"tribe-events-calendar-month-mobile-events__mobile-day\"  id=\"tribe-events-calendar-mobile-day-2026-04-16\">\n\n\t\n\t\t<div  class=\"tribe-events-header__messages tribe-events-c-messages tribe-common-b2 tribe-events-header__messages--mobile tribe-events-header__messages--day\"  >\n\t\t\t<div class=\"tribe-events-c-messages__message tribe-events-c-messages__message--notice\" tabindex=\"0\" role=\"alert\" aria-live=\"assertive\">\n\t\t\t<svg\n\t class=\"tribe-common-c-svgicon tribe-common-c-svgicon--messages-not-found tribe-events-c-messages__message-icon-svg\" \taria-hidden=\"true\"\n\tviewBox=\"0 0 21 23\"\n\txmlns=\"http:\/\/www.w3.org\/2000\/svg\"\n>\n\t<g fill-rule=\"evenodd\">\n\t\t<path d=\"M.5 2.5h20v20H.5z\"\/>\n\t\t<path stroke-linecap=\"round\" d=\"M7.583 11.583l5.834 5.834m0-5.834l-5.834 5.834\" class=\"tribe-common-c-svgicon__svg-stroke\"\/>\n\t\t<path stroke-linecap=\"round\" d=\"M4.5.5v4m12-4v4\"\/>\n\t\t<path stroke-linecap=\"square\" d=\"M.5 7.5h20\"\/>\n\t<\/g>\n<\/svg>\n<span class=\"tribe-common-a11y-visual-hide\">\n\tNotice<\/span>\n\t\t\t\t\t\t\t<div\n\t\t\t\t\t data-key=\"no-events-in-day\" >\n\t\t\t\t\tThere are no events on this day.\t\t\t\t<\/div>\n\t\t\t\t\t<\/div>\n\t<\/div>\n\n\t<\/div>\n\n\t\n\t\t\n<div  class=\"tribe-events-calendar-month-mobile-events__mobile-day\"  id=\"tribe-events-calendar-mobile-day-2026-04-17\">\n\n\t\n\t\t\t\t\t\n\t\t\t<div class=\"tribe-events-c-day-marker tribe-events-calendar-month-mobile-events__day-marker\">\n\t<time\n\t\tclass=\"tribe-events-c-day-marker__date tribe-common-h7 tribe-common-h--alt\"\n\t\tdatetime=\"2026-04-17\"\n\t>\n\t\tabril 17\t<\/time>\n<\/div>\n\n\t\t\t\n\t\t\t\n<article  class=\"tribe-events-calendar-month-mobile-events__mobile-event post-10003452 tribe_events type-tribe_events status-publish has-post-thumbnail hentry tribe_events_cat-activism tribe_events_cat-community tribe_events_cat-creative-arts tribe_events_cat-fundraiser cat_activism cat_community cat_creative-arts cat_fundraiser\" >\n\n\t\n\t<div class=\"tribe-events-calendar-month-mobile-events__mobile-event-details\">\n\n\t\t<div class=\"tribe-events-calendar-month-mobile-events__mobile-event-datetime tribe-common-b2\">\n\t\t\t\t<time datetime=\"2026-04-17\">\n\t\t\t<span class=\"tribe-event-date-start\">abril 17 @ 5:00 pm<\/span> - <span class=\"tribe-event-time\">10:00 pm<\/span>\t\t<\/time>\n\t\t<\/div>\n\t\t<h3  class=\"tribe-events-calendar-month-mobile-events__mobile-event-title tribe-common-h7\" >\n\t<a\n\t\thref=\"https:\/\/boulder.earth\/es\/event\/food-not-bombs-free-market-block-party\/\"\n\t\ttitle=\"Food Not Bombs Free Market Block Party\"\n\t\trel=\"bookmark\"\n\t\tclass=\"tribe-events-calendar-month-mobile-events__mobile-event-title-link tribe-common-anchor\"\n\t>\n\t\tFood Not Bombs Free Market Block Party\t<\/a>\n<\/h3>\n\t\t\n\t<\/div>\n<\/article>\n\n\t\t\t\t\t\n\t\t\t\n\t\t\t\n\t\t\t\n<article  class=\"tribe-events-calendar-month-mobile-events__mobile-event post-10003471 tribe_events type-tribe_events status-publish has-post-thumbnail hentry tribe_events_cat-community tribe_events_cat-creative-arts tribe_events_cat-fundraiser cat_community cat_creative-arts cat_fundraiser\" >\n\n\t\n\t<div class=\"tribe-events-calendar-month-mobile-events__mobile-event-details\">\n\n\t\t<div class=\"tribe-events-calendar-month-mobile-events__mobile-event-datetime tribe-common-b2\">\n\t\t\t\t<time datetime=\"2026-04-17\">\n\t\t\t<span class=\"tribe-event-date-start\">abril 17 @ 6:00 pm<\/span> - <span class=\"tribe-event-time\">9:30 pm<\/span>\t\t<\/time>\n\t\t<\/div>\n\t\t<h3  class=\"tribe-events-calendar-month-mobile-events__mobile-event-title tribe-common-h7\" >\n\t<a\n\t\thref=\"https:\/\/boulder.earth\/es\/event\/starry-night-out\/\"\n\t\ttitle=\"Starry Night Out\"\n\t\trel=\"bookmark\"\n\t\tclass=\"tribe-events-calendar-month-mobile-events__mobile-event-title-link tribe-common-anchor\"\n\t>\n\t\tStarry Night Out\t<\/a>\n<\/h3>\n\t\t\n\t<\/div>\n<\/article>\n\n\t\t\t\t\t\n\t\t\t\n\t\t\t\n\t\t\t\n<article  class=\"tribe-events-calendar-month-mobile-events__mobile-event post-10003432 tribe_events type-tribe_events status-publish has-post-thumbnail hentry tribe_events_cat-activism tribe_events_cat-community tribe_events_cat-education tribe_events_cat-human-rights tribe_events_cat-resilience tribe_events_cat-social-justice cat_activism cat_community cat_education cat_human-rights cat_resilience cat_social-justice\" >\n\n\t\n\t<div class=\"tribe-events-calendar-month-mobile-events__mobile-event-details\">\n\n\t\t<div class=\"tribe-events-calendar-month-mobile-events__mobile-event-datetime tribe-common-b2\">\n\t\t\t\t<time datetime=\"2026-04-17\">\n\t\t\t<span class=\"tribe-event-date-start\">abril 17 @ 7:00 pm<\/span> - <span class=\"tribe-event-time\">9:00 pm<\/span>\t\t<\/time>\n\t\t<\/div>\n\t\t<h3  class=\"tribe-events-calendar-month-mobile-events__mobile-event-title tribe-common-h7\" >\n\t<a\n\t\thref=\"https:\/\/boulder.earth\/es\/event\/common-good-forum-presents-no-other-land-a-feature-documentary\/\"\n\t\ttitle=\"Common Good Forum Presents: &#8220;No Other Land&#8221;, a feature documentary\"\n\t\trel=\"bookmark\"\n\t\tclass=\"tribe-events-calendar-month-mobile-events__mobile-event-title-link tribe-common-anchor\"\n\t>\n\t\tCommon Good Forum Presents: &#8220;No Other Land&#8221;, a feature documentary\t<\/a>\n<\/h3>\n\t\t\n\t<\/div>\n<\/article>\n\n\t\t\n\t\t\n\t<\/div>\n\n\t\n\t\t\n<div  class=\"tribe-events-calendar-month-mobile-events__mobile-day\"  id=\"tribe-events-calendar-mobile-day-2026-04-18\">\n\n\t\n\t\t\t\t\t\n\t\t\t<div class=\"tribe-events-c-day-marker tribe-events-calendar-month-mobile-events__day-marker\">\n\t<time\n\t\tclass=\"tribe-events-c-day-marker__date tribe-common-h7 tribe-common-h--alt\"\n\t\tdatetime=\"2026-04-18\"\n\t>\n\t\tabril 18\t<\/time>\n<\/div>\n\n\t\t\t\n\t\t\t\n<article  class=\"tribe-events-calendar-month-mobile-events__mobile-event post-10003438 tribe_events type-tribe_events status-publish has-post-thumbnail hentry tribe_events_cat-biodiversity tribe_events_cat-climate tribe_events_cat-community tribe_events_cat-land-management tribe_events_cat-nature cat_biodiversity cat_climate cat_community cat_land-management cat_nature\" >\n\n\t\n\t<div class=\"tribe-events-calendar-month-mobile-events__mobile-event-details\">\n\n\t\t<div class=\"tribe-events-calendar-month-mobile-events__mobile-event-datetime tribe-common-b2\">\n\t\t\t\t<time datetime=\"2026-04-18\">\n\t\t\t<span class=\"tribe-event-date-start\">abril 18 @ 8:00 am<\/span> - <span class=\"tribe-event-time\">2:00 pm<\/span>\t\t<\/time>\n\t\t<\/div>\n\t\t<h3  class=\"tribe-events-calendar-month-mobile-events__mobile-event-title tribe-common-h7\" >\n\t<a\n\t\thref=\"https:\/\/boulder.earth\/es\/event\/boulder-tree-seedling-giveaway\/\"\n\t\ttitle=\"Boulder Tree Seedling Giveaway\"\n\t\trel=\"bookmark\"\n\t\tclass=\"tribe-events-calendar-month-mobile-events__mobile-event-title-link tribe-common-anchor\"\n\t>\n\t\tBoulder Tree Seedling Giveaway\t<\/a>\n<\/h3>\n\t\t\n\t<\/div>\n<\/article>\n\n\t\t\t\t\t\n\t\t\t\n\t\t\t\n\t\t\t\n<article  class=\"tribe-events-calendar-month-mobile-events__mobile-event post-10003475 tribe_events type-tribe_events status-publish has-post-thumbnail hentry tribe_events_cat-agriculture tribe_events_cat-community tribe_events_cat-food cat_agriculture cat_community cat_food tribe-recurring-event tribe-recurring-event-parent\" >\n\n\t\n\t<div class=\"tribe-events-calendar-month-mobile-events__mobile-event-details\">\n\n\t\t<div class=\"tribe-events-calendar-month-mobile-events__mobile-event-datetime tribe-common-b2\">\n\t\t\t\t<time datetime=\"2026-04-18\">\n\t\t\t<span class=\"tribe-event-date-start\">abril 18 @ 8:00 am<\/span> - <span class=\"tribe-event-time\">2:00 pm<\/span>\t\t<\/time>\n\t\t\n<span class=\"tribe-events-calendar-series-archive__container\">\n\t<a\n\t\thref=\"https:\/\/boulder.earth\/es\/series\/boulder-farmers-market\/\"\n\t\taria-label=\"Event series: Boulder Farmers Market\"\n\t\tclass=\"tribe-events-calendar-series-archive__link\"\n\t>\n\t\t\n<svg  class=\"tribe-common-c-svgicon tribe-common-c-svgicon--series tribe-events-series-archive__icon\"  width=\"14\" height=\"12\" viewBox=\"0 0 14 12\" fill=\"none\" xmlns=\"http:\/\/www.w3.org\/2000\/svg\" aria-hidden=\"true\">\n\t<rect x=\"0.5\" y=\"4.5\" width=\"9\" height=\"7\" \/>\n\t<path d=\"M2 2.5H11.5V10\" \/>\n\t<path d=\"M4 0.5H13.5V8\" \/>\n<\/svg>\n\t<\/a>\n<\/span>\n<\/div>\n\t\t<h3  class=\"tribe-events-calendar-month-mobile-events__mobile-event-title tribe-common-h7\" >\n\t<a\n\t\thref=\"https:\/\/boulder.earth\/es\/event\/boulder-farmers-market\/2026-04-18\/\"\n\t\ttitle=\"Boulder Farmers Market\"\n\t\trel=\"bookmark\"\n\t\tclass=\"tribe-events-calendar-month-mobile-events__mobile-event-title-link tribe-common-anchor\"\n\t>\n\t\tBoulder Farmers Market\t<\/a>\n<\/h3>\n\t\t\n\t<\/div>\n<\/article>\n\n\t\t\t\t\t\n\t\t\t\n\t\t\t\n\t\t\t\n<article  class=\"tribe-events-calendar-month-mobile-events__mobile-event post-10003554 tribe_events type-tribe_events status-publish has-post-thumbnail hentry tribe_events_cat-agriculture tribe_events_cat-community tribe_events_cat-food cat_agriculture cat_community cat_food tribe-recurring-event tribe-recurring-event-parent\" >\n\n\t\n\t<div class=\"tribe-events-calendar-month-mobile-events__mobile-event-details\">\n\n\t\t<div class=\"tribe-events-calendar-month-mobile-events__mobile-event-datetime tribe-common-b2\">\n\t\t\t\t<time datetime=\"2026-04-18\">\n\t\t\t<span class=\"tribe-event-date-start\">abril 18 @ 8:00 am<\/span> - <span class=\"tribe-event-time\">2:00 pm<\/span>\t\t<\/time>\n\t\t\n<span class=\"tribe-events-calendar-series-archive__container\">\n\t<a\n\t\thref=\"https:\/\/boulder.earth\/es\/series\/longmont-farmers-market\/\"\n\t\taria-label=\"Event series: Longmont Farmers Market\"\n\t\tclass=\"tribe-events-calendar-series-archive__link\"\n\t>\n\t\t\n<svg  class=\"tribe-common-c-svgicon tribe-common-c-svgicon--series tribe-events-series-archive__icon\"  width=\"14\" height=\"12\" viewBox=\"0 0 14 12\" fill=\"none\" xmlns=\"http:\/\/www.w3.org\/2000\/svg\" aria-hidden=\"true\">\n\t<rect x=\"0.5\" y=\"4.5\" width=\"9\" height=\"7\" \/>\n\t<path d=\"M2 2.5H11.5V10\" \/>\n\t<path d=\"M4 0.5H13.5V8\" \/>\n<\/svg>\n\t<\/a>\n<\/span>\n<\/div>\n\t\t<h3  class=\"tribe-events-calendar-month-mobile-events__mobile-event-title tribe-common-h7\" >\n\t<a\n\t\thref=\"https:\/\/boulder.earth\/es\/event\/longmont-farmers-market-2\/2026-04-18\/\"\n\t\ttitle=\"Longmont Farmers Market\"\n\t\trel=\"bookmark\"\n\t\tclass=\"tribe-events-calendar-month-mobile-events__mobile-event-title-link tribe-common-anchor\"\n\t>\n\t\tLongmont Farmers Market\t<\/a>\n<\/h3>\n\t\t\n\t<\/div>\n<\/article>\n\n\t\t\t\t\t\n\t\t\t\n\t\t\t\n\t\t\t\n<article  class=\"tribe-events-calendar-month-mobile-events__mobile-event post-10003440 tribe_events type-tribe_events status-publish has-post-thumbnail hentry tribe_events_cat-climate tribe_events_cat-community tribe_events_cat-education tribe_events_cat-youth cat_climate cat_community cat_education cat_youth\" >\n\n\t\n\t<div class=\"tribe-events-calendar-month-mobile-events__mobile-event-details\">\n\n\t\t<div class=\"tribe-events-calendar-month-mobile-events__mobile-event-datetime tribe-common-b2\">\n\t\t\t\t<time datetime=\"2026-04-18\">\n\t\t\t<span class=\"tribe-event-date-start\">abril 18 @ 10:00 am<\/span> - <span class=\"tribe-event-time\">2:00 pm<\/span>\t\t<\/time>\n\t\t<\/div>\n\t\t<h3  class=\"tribe-events-calendar-month-mobile-events__mobile-event-title tribe-common-h7\" >\n\t<a\n\t\thref=\"https:\/\/boulder.earth\/es\/event\/12th-annual-longmont-earth-day-celebration\/\"\n\t\ttitle=\"12th Annual Longmont Earth Day Celebration\"\n\t\trel=\"bookmark\"\n\t\tclass=\"tribe-events-calendar-month-mobile-events__mobile-event-title-link tribe-common-anchor\"\n\t>\n\t\t12th Annual Longmont Earth Day Celebration\t<\/a>\n<\/h3>\n\t\t\n\t<\/div>\n<\/article>\n\n\t\t\n\t\t\n\t<\/div>\n\n\t\n\t\t\n<div  class=\"tribe-events-calendar-month-mobile-events__mobile-day\"  id=\"tribe-events-calendar-mobile-day-2026-04-19\">\n\n\t\n\t\t\t\t\t\n\t\t\t<div class=\"tribe-events-c-day-marker tribe-events-calendar-month-mobile-events__day-marker\">\n\t<time\n\t\tclass=\"tribe-events-c-day-marker__date tribe-common-h7 tribe-common-h--alt\"\n\t\tdatetime=\"2026-04-19\"\n\t>\n\t\tabril 19\t<\/time>\n<\/div>\n\n\t\t\t\n\t\t\t\n<article  class=\"tribe-events-calendar-month-mobile-events__mobile-event post-10003022 tribe_events type-tribe_events status-publish has-post-thumbnail hentry tribe_events_cat-activism tribe_events_cat-community tribe_events_cat-culture-building tribe_events_cat-governance tribe_events_cat-human-rights tribe_events_cat-resilience tribe_events_cat-social-justice cat_activism cat_community cat_culture-building cat_governance cat_human-rights cat_resilience cat_social-justice tribe-recurring-event tribe-recurring-event-parent\" >\n\n\t\n\t<div class=\"tribe-events-calendar-month-mobile-events__mobile-event-details\">\n\n\t\t<div class=\"tribe-events-calendar-month-mobile-events__mobile-event-datetime tribe-common-b2\">\n\t\t\t\t<time datetime=\"2026-04-19\">\n\t\t\t<span class=\"tribe-event-date-start\">abril 19 @ 12:00 pm<\/span> - <span class=\"tribe-event-time\">1:00 pm<\/span>\t\t<\/time>\n\t\t<\/div>\n\t\t<h3  class=\"tribe-events-calendar-month-mobile-events__mobile-event-title tribe-common-h7\" >\n\t<a\n\t\thref=\"https:\/\/boulder.earth\/es\/event\/weekly-vigil-for-palestine\/2026-04-19\/\"\n\t\ttitle=\"Weekly Vigil for Palestine\"\n\t\trel=\"bookmark\"\n\t\tclass=\"tribe-events-calendar-month-mobile-events__mobile-event-title-link tribe-common-anchor\"\n\t>\n\t\tWeekly Vigil for Palestine\t<\/a>\n<\/h3>\n\t\t\n\t<\/div>\n<\/article>\n\n\t\t\n\t\t\n\t<\/div>\n\n\t\n\t\t\n<div  class=\"tribe-events-calendar-month-mobile-events__mobile-day\"  id=\"tribe-events-calendar-mobile-day-2026-04-20\">\n\n\t\n\t\t\t\t\t\n\t\t\t<div class=\"tribe-events-c-day-marker tribe-events-calendar-month-mobile-events__day-marker\">\n\t<time\n\t\tclass=\"tribe-events-c-day-marker__date tribe-common-h7 tribe-common-h--alt\"\n\t\tdatetime=\"2026-04-20\"\n\t>\n\t\tabril 20\t<\/time>\n<\/div>\n\n\t\t\t\n\t\t\t\n<article  class=\"tribe-events-calendar-month-mobile-events__mobile-event post-10003465 tribe_events type-tribe_events status-publish has-post-thumbnail hentry tribe_events_cat-climate tribe_events_cat-zero-waste cat_climate cat_zero-waste\" >\n\n\t\n\t<div class=\"tribe-events-calendar-month-mobile-events__mobile-event-details\">\n\n\t\t<div class=\"tribe-events-calendar-month-mobile-events__mobile-event-datetime tribe-common-b2\">\n\t\t\t\t<time datetime=\"2026-04-20\">\n\t\t\t<span class=\"tribe-event-date-start\">abril 20 @ 8:00 am<\/span> - <span class=\"tribe-event-time\">5:00 pm<\/span>\t\t<\/time>\n\t\t<\/div>\n\t\t<h3  class=\"tribe-events-calendar-month-mobile-events__mobile-event-title tribe-common-h7\" >\n\t<a\n\t\thref=\"https:\/\/boulder.earth\/es\/event\/hard-to-recycle-event\/\"\n\t\ttitle=\"Hard-to-Recycle Event\"\n\t\trel=\"bookmark\"\n\t\tclass=\"tribe-events-calendar-month-mobile-events__mobile-event-title-link tribe-common-anchor\"\n\t>\n\t\tHard-to-Recycle Event\t<\/a>\n<\/h3>\n\t\t\n\t<\/div>\n<\/article>\n\n\t\t\t\t\t\n\t\t\t\n\t\t\t\n\t\t\t\n<article  class=\"tribe-events-calendar-month-mobile-events__mobile-event post-10003644 tribe_events type-tribe_events status-publish has-post-thumbnail hentry tribe_events_cat-activism tribe_events_cat-creative-arts tribe_events_cat-education tribe_events_cat-human-rights tribe_events_cat-resilience tribe_events_cat-social-justice cat_activism cat_creative-arts cat_education cat_human-rights cat_resilience cat_social-justice\" >\n\n\t\n\t<div class=\"tribe-events-calendar-month-mobile-events__mobile-event-details\">\n\n\t\t<div class=\"tribe-events-calendar-month-mobile-events__mobile-event-datetime tribe-common-b2\">\n\t\t\t\t<time datetime=\"2026-04-20\">\n\t\t\t<span class=\"tribe-event-date-start\">abril 20 @ 3:00 pm<\/span> - <span class=\"tribe-event-time\">5:00 pm<\/span>\t\t<\/time>\n\t\t<\/div>\n\t\t<h3  class=\"tribe-events-calendar-month-mobile-events__mobile-event-title tribe-common-h7\" >\n\t<a\n\t\thref=\"https:\/\/boulder.earth\/es\/event\/reclaiming-our-sky-a-tale-of-immersive-survival\/\"\n\t\ttitle=\"Reclaiming Our Sky: A Tale of Immersive Survival\"\n\t\trel=\"bookmark\"\n\t\tclass=\"tribe-events-calendar-month-mobile-events__mobile-event-title-link tribe-common-anchor\"\n\t>\n\t\tReclaiming Our Sky: A Tale of Immersive Survival\t<\/a>\n<\/h3>\n\t\t\n\t<\/div>\n<\/article>\n\n\t\t\t\t\t\n\t\t\t\n\t\t\t\n\t\t\t\n<article  class=\"tribe-events-calendar-month-mobile-events__mobile-event post-10003386 tribe_events type-tribe_events status-publish has-post-thumbnail hentry tribe_events_cat-climate tribe_events_cat-community tribe_events_cat-governance tribe_events_cat-networking cat_climate cat_community cat_governance cat_networking\" >\n\n\t\n\t<div class=\"tribe-events-calendar-month-mobile-events__mobile-event-details\">\n\n\t\t<div class=\"tribe-events-calendar-month-mobile-events__mobile-event-datetime tribe-common-b2\">\n\t\t\t\t<time datetime=\"2026-04-20\">\n\t\t\t<span class=\"tribe-event-date-start\">abril 20 @ 4:00 pm<\/span> - <span class=\"tribe-event-time\">6:00 pm<\/span>\t\t<\/time>\n\t\t<\/div>\n\t\t<h3  class=\"tribe-events-calendar-month-mobile-events__mobile-event-title tribe-common-h7\" >\n\t<a\n\t\thref=\"https:\/\/boulder.earth\/es\/event\/svps-april-creating-connections-event\/\"\n\t\ttitle=\"SVP&#8217;s April Creating Connections Event\"\n\t\trel=\"bookmark\"\n\t\tclass=\"tribe-events-calendar-month-mobile-events__mobile-event-title-link tribe-common-anchor\"\n\t>\n\t\tSVP&#8217;s April Creating Connections Event\t<\/a>\n<\/h3>\n\t\t\n\t<\/div>\n<\/article>\n\n\t\t\t\t\t\n\t\t\t\n\t\t\t\n\t\t\t\n<article  class=\"tribe-events-calendar-month-mobile-events__mobile-event post-10003472 tribe_events type-tribe_events status-publish has-post-thumbnail hentry tribe_events_cat-animals tribe_events_cat-biodiversity tribe_events_cat-education tribe_events_cat-governance tribe_events_cat-policy tribe_events_cat-pollinators tribe_events_cat-webinar cat_animals cat_biodiversity cat_education cat_governance cat_policy cat_pollinators cat_webinar\" >\n\n\t\n\t<div class=\"tribe-events-calendar-month-mobile-events__mobile-event-details\">\n\n\t\t<div class=\"tribe-events-calendar-month-mobile-events__mobile-event-datetime tribe-common-b2\">\n\t\t\t\t<time datetime=\"2026-04-20\">\n\t\t\t<span class=\"tribe-event-date-start\">abril 20 @ 5:00 pm<\/span> - <span class=\"tribe-event-time\">6:00 pm<\/span>\t\t<\/time>\n\t\t<\/div>\n\t\t<h3  class=\"tribe-events-calendar-month-mobile-events__mobile-event-title tribe-common-h7\" >\n\t<a\n\t\thref=\"https:\/\/boulder.earth\/es\/event\/getting-green-laws-2026\/\"\n\t\ttitle=\"Getting Green Laws 2026\"\n\t\trel=\"bookmark\"\n\t\tclass=\"tribe-events-calendar-month-mobile-events__mobile-event-title-link tribe-common-anchor\"\n\t>\n\t\tGetting Green Laws 2026\t<\/a>\n<\/h3>\n\t\t\n\t<\/div>\n<\/article>\n\n\t\t\n\t\t\n\t<\/div>\n\n\t\n\t\t\n<div  class=\"tribe-events-calendar-month-mobile-events__mobile-day\"  id=\"tribe-events-calendar-mobile-day-2026-04-21\">\n\n\t\n\t\t\t\t\t\n\t\t\t<div class=\"tribe-events-c-day-marker tribe-events-calendar-month-mobile-events__day-marker\">\n\t<time\n\t\tclass=\"tribe-events-c-day-marker__date tribe-common-h7 tribe-common-h--alt\"\n\t\tdatetime=\"2026-04-21\"\n\t>\n\t\tabril 21\t<\/time>\n<\/div>\n\n\t\t\t\n\t\t\t\n<article  class=\"tribe-events-calendar-month-mobile-events__mobile-event post-10003442 tribe_events type-tribe_events status-publish has-post-thumbnail hentry tribe_events_cat-agriculture tribe_events_cat-community tribe_events_cat-education tribe_events_cat-food tribe_events_cat-governance tribe_events_cat-health cat_agriculture cat_community cat_education cat_food cat_governance cat_health\" >\n\n\t\n\t<div class=\"tribe-events-calendar-month-mobile-events__mobile-event-details\">\n\n\t\t<div class=\"tribe-events-calendar-month-mobile-events__mobile-event-datetime tribe-common-b2\">\n\t\t\t\t<time datetime=\"2026-04-21\">\n\t\t\t<span class=\"tribe-event-date-start\">abril 21 @ 5:00 pm<\/span> - <span class=\"tribe-event-time\">9:30 pm<\/span>\t\t<\/time>\n\t\t<\/div>\n\t\t<h3  class=\"tribe-events-calendar-month-mobile-events__mobile-event-title tribe-common-h7\" >\n\t<a\n\t\thref=\"https:\/\/boulder.earth\/es\/event\/organic-rising-the-future-of-food\/\"\n\t\ttitle=\"Organic Rising: The Future of Food\"\n\t\trel=\"bookmark\"\n\t\tclass=\"tribe-events-calendar-month-mobile-events__mobile-event-title-link tribe-common-anchor\"\n\t>\n\t\tOrganic Rising: The Future of Food\t<\/a>\n<\/h3>\n\t\t\n\t<\/div>\n<\/article>\n\n\t\t\t\t\t\n\t\t\t\n\t\t\t\n\t\t\t\n<article  class=\"tribe-events-calendar-month-mobile-events__mobile-event post-10003449 tribe_events type-tribe_events status-publish has-post-thumbnail hentry tribe_events_cat-climate tribe_events_cat-education tribe_events_cat-energy tribe_events_cat-webinar cat_climate cat_education cat_energy cat_webinar\" >\n\n\t\n\t<div class=\"tribe-events-calendar-month-mobile-events__mobile-event-details\">\n\n\t\t<div class=\"tribe-events-calendar-month-mobile-events__mobile-event-datetime tribe-common-b2\">\n\t\t\t\t<time datetime=\"2026-04-21\">\n\t\t\t<span class=\"tribe-event-date-start\">abril 21 @ 6:00 pm<\/span> - <span class=\"tribe-event-time\">7:00 pm<\/span>\t\t<\/time>\n\t\t<\/div>\n\t\t<h3  class=\"tribe-events-calendar-month-mobile-events__mobile-event-title tribe-common-h7\" >\n\t<a\n\t\thref=\"https:\/\/boulder.earth\/es\/event\/empower-hour-with-dr-cindy-warren-toxic-legacy-the-hidden-dangers-of-coal-ash-remediation\/\"\n\t\ttitle=\"Empower Hour with Dr. Cindy Warren \u2013 Toxic Legacy: The Hidden Dangers of Coal Ash Remediation\"\n\t\trel=\"bookmark\"\n\t\tclass=\"tribe-events-calendar-month-mobile-events__mobile-event-title-link tribe-common-anchor\"\n\t>\n\t\tEmpower Hour with Dr. Cindy Warren \u2013 Toxic Legacy: The Hidden Dangers of Coal Ash Remediation\t<\/a>\n<\/h3>\n\t\t\n\t<\/div>\n<\/article>\n\n\t\t\t\t\t\n\t\t\t\n\t\t\t\n\t\t\t\n<article  class=\"tribe-events-calendar-month-mobile-events__mobile-event post-10003461 tribe_events type-tribe_events status-publish has-post-thumbnail hentry tribe_events_cat-climate tribe_events_cat-education tribe_events_cat-zero-waste cat_climate cat_education cat_zero-waste\" >\n\n\t\n\t<div class=\"tribe-events-calendar-month-mobile-events__mobile-event-details\">\n\n\t\t<div class=\"tribe-events-calendar-month-mobile-events__mobile-event-datetime tribe-common-b2\">\n\t\t\t\t<time datetime=\"2026-04-21\">\n\t\t\t<span class=\"tribe-event-date-start\">abril 21 @ 6:00 pm<\/span> - <span class=\"tribe-event-time\">8:30 pm<\/span>\t\t<\/time>\n\t\t<\/div>\n\t\t<h3  class=\"tribe-events-calendar-month-mobile-events__mobile-event-title tribe-common-h7\" >\n\t<a\n\t\thref=\"https:\/\/boulder.earth\/es\/event\/earth-day-kickoff-film-screening-single-use-planet\/\"\n\t\ttitle=\"Earth Day Kickoff Film Screening: Single Use Planet\"\n\t\trel=\"bookmark\"\n\t\tclass=\"tribe-events-calendar-month-mobile-events__mobile-event-title-link tribe-common-anchor\"\n\t>\n\t\tEarth Day Kickoff Film Screening: Single Use Planet\t<\/a>\n<\/h3>\n\t\t\n\t<\/div>\n<\/article>\n\n\t\t\n\t\t\n\t<\/div>\n\n\t\n\t\t\n<div  class=\"tribe-events-calendar-month-mobile-events__mobile-day\"  id=\"tribe-events-calendar-mobile-day-2026-04-22\">\n\n\t\n\t\t\t\t\t\n\t\t\t<div class=\"tribe-events-c-day-marker tribe-events-calendar-month-mobile-events__day-marker\">\n\t<time\n\t\tclass=\"tribe-events-c-day-marker__date tribe-common-h7 tribe-common-h--alt\"\n\t\tdatetime=\"2026-04-22\"\n\t>\n\t\tabril 22\t<\/time>\n<\/div>\n\n\t\t\t\n\t\t\t\n<article  class=\"tribe-events-calendar-month-mobile-events__mobile-event post-10003378 tribe_events type-tribe_events status-publish has-post-thumbnail hentry tribe_events_cat-climate tribe_events_cat-community tribe_events_cat-nature tribe_events_cat-zero-waste cat_climate cat_community cat_nature cat_zero-waste\" >\n\n\t\n\t<div class=\"tribe-events-calendar-month-mobile-events__mobile-event-details\">\n\n\t\t<div class=\"tribe-events-calendar-month-mobile-events__mobile-event-datetime tribe-common-b2\">\n\t\t\t\t<time datetime=\"2026-04-22\">\n\t\t\t<span class=\"tribe-event-date-start\">abril 22 @ 10:00 am<\/span> - <span class=\"tribe-event-time\">12:00 pm<\/span>\t\t<\/time>\n\t\t<\/div>\n\t\t<h3  class=\"tribe-events-calendar-month-mobile-events__mobile-event-title tribe-common-h7\" >\n\t<a\n\t\thref=\"https:\/\/boulder.earth\/es\/event\/kicp-earth-day-cleanup-davidson-mesa-open-space\/\"\n\t\ttitle=\"KICP Earth Day Cleanup &#8211; Davidson Mesa Open Space\"\n\t\trel=\"bookmark\"\n\t\tclass=\"tribe-events-calendar-month-mobile-events__mobile-event-title-link tribe-common-anchor\"\n\t>\n\t\tKICP Earth Day Cleanup &#8211; Davidson Mesa Open Space\t<\/a>\n<\/h3>\n\t\t\n\t<\/div>\n<\/article>\n\n\t\t\t\t\t\n\t\t\t\n\t\t\t\n\t\t\t\n<article  class=\"tribe-events-calendar-month-mobile-events__mobile-event post-10003447 tribe_events type-tribe_events status-publish has-post-thumbnail hentry tribe_events_cat-climate tribe_events_cat-community tribe_events_cat-nature tribe_events_cat-zero-waste cat_climate cat_community cat_nature cat_zero-waste\" >\n\n\t\n\t<div class=\"tribe-events-calendar-month-mobile-events__mobile-event-details\">\n\n\t\t<div class=\"tribe-events-calendar-month-mobile-events__mobile-event-datetime tribe-common-b2\">\n\t\t\t\t<time datetime=\"2026-04-22\">\n\t\t\t<span class=\"tribe-event-date-start\">abril 22 @ 10:00 am<\/span> - <span class=\"tribe-event-time\">12:00 pm<\/span>\t\t<\/time>\n\t\t<\/div>\n\t\t<h3  class=\"tribe-events-calendar-month-mobile-events__mobile-event-title tribe-common-h7\" >\n\t<a\n\t\thref=\"https:\/\/boulder.earth\/es\/event\/kicp-earth-day-cleanup-davidson-mesa-open-space-2\/\"\n\t\ttitle=\"KICP Earth Day Cleanup &#8211; Davidson Mesa Open Space\"\n\t\trel=\"bookmark\"\n\t\tclass=\"tribe-events-calendar-month-mobile-events__mobile-event-title-link tribe-common-anchor\"\n\t>\n\t\tKICP Earth Day Cleanup &#8211; Davidson Mesa Open Space\t<\/a>\n<\/h3>\n\t\t\n\t<\/div>\n<\/article>\n\n\t\t\t\t\t\n\t\t\t\n\t\t\t\n\t\t\t\n<article  class=\"tribe-events-calendar-month-mobile-events__mobile-event post-10003390 tribe_events type-tribe_events status-publish has-post-thumbnail hentry tribe_events_cat-activism tribe_events_cat-climate tribe_events_cat-community tribe_events_cat-education tribe_events_cat-governance tribe_events_cat-human-rights tribe_events_cat-networking tribe_events_cat-resilience tribe_events_cat-social-justice tribe_events_cat-webinar cat_activism cat_climate cat_community cat_education cat_governance cat_human-rights cat_networking cat_resilience cat_social-justice cat_webinar tribe-recurring-event tribe-recurring-event-parent\" >\n\n\t\n\t<div class=\"tribe-events-calendar-month-mobile-events__mobile-event-details\">\n\n\t\t<div class=\"tribe-events-calendar-month-mobile-events__mobile-event-datetime tribe-common-b2\">\n\t\t\t\t<time datetime=\"2026-04-22\">\n\t\t\t<span class=\"tribe-event-date-start\">abril 22 @ 6:00 pm<\/span> - <span class=\"tribe-event-time\">7:30 pm<\/span>\t\t<\/time>\n\t\t\n<span class=\"tribe-events-calendar-series-archive__container\">\n\t<a\n\t\thref=\"https:\/\/boulder.earth\/es\/series\/after-we-march-we-organize-solidarity-warriors-indivisible-action-group\/\"\n\t\taria-label=\"Event series: After We March, We Organize! Solidarity Warriors Indivisible Action Group\"\n\t\tclass=\"tribe-events-calendar-series-archive__link\"\n\t>\n\t\t\n<svg  class=\"tribe-common-c-svgicon tribe-common-c-svgicon--series tribe-events-series-archive__icon\"  width=\"14\" height=\"12\" viewBox=\"0 0 14 12\" fill=\"none\" xmlns=\"http:\/\/www.w3.org\/2000\/svg\" aria-hidden=\"true\">\n\t<rect x=\"0.5\" y=\"4.5\" width=\"9\" height=\"7\" \/>\n\t<path d=\"M2 2.5H11.5V10\" \/>\n\t<path d=\"M4 0.5H13.5V8\" \/>\n<\/svg>\n\t<\/a>\n<\/span>\n<\/div>\n\t\t<h3  class=\"tribe-events-calendar-month-mobile-events__mobile-event-title tribe-common-h7\" >\n\t<a\n\t\thref=\"https:\/\/boulder.earth\/es\/event\/after-we-march-we-organize-solidarity-warriors-indivisible-action-group\/2026-04-22\/\"\n\t\ttitle=\"After We March, We Organize! Solidarity Warriors Indivisible Action Group\"\n\t\trel=\"bookmark\"\n\t\tclass=\"tribe-events-calendar-month-mobile-events__mobile-event-title-link tribe-common-anchor\"\n\t>\n\t\tAfter We March, We Organize! Solidarity Warriors Indivisible Action Group\t<\/a>\n<\/h3>\n\t\t\n\t<\/div>\n<\/article>\n\n\t\t\t\t\t\n\t\t\t\n\t\t\t\n\t\t\t\n<article  class=\"tribe-events-calendar-month-mobile-events__mobile-event post-10003451 tribe_events type-tribe_events status-publish has-post-thumbnail hentry tribe_events_cat-education tribe_events_cat-health cat_education cat_health\" >\n\n\t\n\t<div class=\"tribe-events-calendar-month-mobile-events__mobile-event-details\">\n\n\t\t<div class=\"tribe-events-calendar-month-mobile-events__mobile-event-datetime tribe-common-b2\">\n\t\t\t\t<time datetime=\"2026-04-22\">\n\t\t\t<span class=\"tribe-event-date-start\">abril 22 @ 6:00 pm<\/span> - <span class=\"tribe-event-time\">7:00 pm<\/span>\t\t<\/time>\n\t\t<\/div>\n\t\t<h3  class=\"tribe-events-calendar-month-mobile-events__mobile-event-title tribe-common-h7\" >\n\t<a\n\t\thref=\"https:\/\/boulder.earth\/es\/event\/medic-training\/\"\n\t\ttitle=\"Medic Training\"\n\t\trel=\"bookmark\"\n\t\tclass=\"tribe-events-calendar-month-mobile-events__mobile-event-title-link tribe-common-anchor\"\n\t>\n\t\tMedic Training\t<\/a>\n<\/h3>\n\t\t\n\t<\/div>\n<\/article>\n\n\t\t\n\t\t\n\t<\/div>\n\n\t\n\t\t\n<div  class=\"tribe-events-calendar-month-mobile-events__mobile-day\"  id=\"tribe-events-calendar-mobile-day-2026-04-23\">\n\n\t\n\t\t\t\t\t\n\t\t\t<div class=\"tribe-events-c-day-marker tribe-events-calendar-month-mobile-events__day-marker\">\n\t<time\n\t\tclass=\"tribe-events-c-day-marker__date tribe-common-h7 tribe-common-h--alt\"\n\t\tdatetime=\"2026-04-23\"\n\t>\n\t\tabril 23\t<\/time>\n<\/div>\n\n\t\t\t\n\t\t\t\n<article  class=\"tribe-events-calendar-month-mobile-events__mobile-event post-10003435 tribe_events type-tribe_events status-publish has-post-thumbnail hentry tribe_events_cat-bilingual tribe_events_cat-climate tribe_events_cat-education tribe_events_cat-zero-waste cat_bilingual cat_climate cat_education cat_zero-waste\" >\n\n\t\n\t<div class=\"tribe-events-calendar-month-mobile-events__mobile-event-details\">\n\n\t\t<div class=\"tribe-events-calendar-month-mobile-events__mobile-event-datetime tribe-common-b2\">\n\t\t\t\t<time datetime=\"2026-04-23\">\n\t\t\t<span class=\"tribe-event-date-start\">abril 23 @ 9:00 am<\/span> - <span class=\"tribe-event-time\">10:30 am<\/span>\t\t<\/time>\n\t\t<\/div>\n\t\t<h3  class=\"tribe-events-calendar-month-mobile-events__mobile-event-title tribe-common-h7\" >\n\t<a\n\t\thref=\"https:\/\/boulder.earth\/es\/event\/cafecito-de-abril-aprils-cafecito\/\"\n\t\ttitle=\"Cafecito de Abril \/ April&#8217;s Cafecito\"\n\t\trel=\"bookmark\"\n\t\tclass=\"tribe-events-calendar-month-mobile-events__mobile-event-title-link tribe-common-anchor\"\n\t>\n\t\tCafecito de Abril \/ April&#8217;s Cafecito\t<\/a>\n<\/h3>\n\t\t\n\t<\/div>\n<\/article>\n\n\t\t\t\t\t\n\t\t\t\n\t\t\t\n\t\t\t\n<article  class=\"tribe-events-calendar-month-mobile-events__mobile-event post-10003299 tribe_events type-tribe_events status-publish has-post-thumbnail hentry tribe_events_cat-activism tribe_events_cat-climate tribe_events_cat-community tribe_events_cat-creative-arts tribe_events_cat-culture-building tribe_events_cat-resilience tribe_events_cat-social-justice tribe_events_cat-webinar cat_activism cat_climate cat_community cat_creative-arts cat_culture-building cat_resilience cat_social-justice cat_webinar tribe-recurring-event tribe-recurring-event-parent\" >\n\n\t\n\t<div class=\"tribe-events-calendar-month-mobile-events__mobile-event-details\">\n\n\t\t<div class=\"tribe-events-calendar-month-mobile-events__mobile-event-datetime tribe-common-b2\">\n\t\t\t\t<time datetime=\"2026-04-23\">\n\t\t\t<span class=\"tribe-event-date-start\">abril 23 @ 12:00 pm<\/span> - <span class=\"tribe-event-time\">1:00 pm<\/span>\t\t<\/time>\n\t\t\n<span class=\"tribe-events-calendar-series-archive__container\">\n\t<a\n\t\thref=\"https:\/\/boulder.earth\/es\/series\/we-are-the-earth-grief-love-climate-creative-hour\/\"\n\t\taria-label=\"Event series: We Are the Earth: Grief, Love &#038; Climate Creative Hour\"\n\t\tclass=\"tribe-events-calendar-series-archive__link\"\n\t>\n\t\t\n<svg  class=\"tribe-common-c-svgicon tribe-common-c-svgicon--series tribe-events-series-archive__icon\"  width=\"14\" height=\"12\" viewBox=\"0 0 14 12\" fill=\"none\" xmlns=\"http:\/\/www.w3.org\/2000\/svg\" aria-hidden=\"true\">\n\t<rect x=\"0.5\" y=\"4.5\" width=\"9\" height=\"7\" \/>\n\t<path d=\"M2 2.5H11.5V10\" \/>\n\t<path d=\"M4 0.5H13.5V8\" \/>\n<\/svg>\n\t<\/a>\n<\/span>\n<\/div>\n\t\t<h3  class=\"tribe-events-calendar-month-mobile-events__mobile-event-title tribe-common-h7\" >\n\t<a\n\t\thref=\"https:\/\/boulder.earth\/es\/event\/we-are-the-earth-grief-love-climate-creative-hour\/2026-04-23\/\"\n\t\ttitle=\"We Are the Earth: Grief, Love &#038; Climate Creative Hour\"\n\t\trel=\"bookmark\"\n\t\tclass=\"tribe-events-calendar-month-mobile-events__mobile-event-title-link tribe-common-anchor\"\n\t>\n\t\tWe Are the Earth: Grief, Love &#038; Climate Creative Hour\t<\/a>\n<\/h3>\n\t\t\n\t<\/div>\n<\/article>\n\n\t\t\t\t\t\n\t\t\t\n\t\t\t\n\t\t\t\n<article  class=\"tribe-events-calendar-month-mobile-events__mobile-event post-10003436 tribe_events type-tribe_events status-publish has-post-thumbnail hentry tribe_events_cat-activism tribe_events_cat-climate tribe_events_cat-community tribe_events_cat-creative-arts tribe_events_cat-culture-building tribe_events_cat-education tribe_events_cat-resilience tribe_events_cat-spirituality cat_activism cat_climate cat_community cat_creative-arts cat_culture-building cat_education cat_resilience cat_spirituality\" >\n\n\t\n\t<div class=\"tribe-events-calendar-month-mobile-events__mobile-event-details\">\n\n\t\t<div class=\"tribe-events-calendar-month-mobile-events__mobile-event-datetime tribe-common-b2\">\n\t\t\t\t<time datetime=\"2026-04-23\">\n\t\t\t<span class=\"tribe-event-date-start\">abril 23 @ 4:30 pm<\/span> - <span class=\"tribe-event-time\">6:30 pm<\/span>\t\t<\/time>\n\t\t<\/div>\n\t\t<h3  class=\"tribe-events-calendar-month-mobile-events__mobile-event-title tribe-common-h7\" >\n\t<a\n\t\thref=\"https:\/\/boulder.earth\/es\/event\/songs-for-a-sacred-earth-alliance-center-earth-week-event\/\"\n\t\ttitle=\"Songs for a Sacred Earth: Alliance Center Earth Week Event\"\n\t\trel=\"bookmark\"\n\t\tclass=\"tribe-events-calendar-month-mobile-events__mobile-event-title-link tribe-common-anchor\"\n\t>\n\t\tSongs for a Sacred Earth: Alliance Center Earth Week Event\t<\/a>\n<\/h3>\n\t\t\n\t<\/div>\n<\/article>\n\n\t\t\t\t\t\n\t\t\t\n\t\t\t\n\t\t\t\n<article  class=\"tribe-events-calendar-month-mobile-events__mobile-event post-10003462 tribe_events type-tribe_events status-publish has-post-thumbnail hentry tribe_events_cat-climate tribe_events_cat-nature tribe_events_cat-zero-waste cat_climate cat_nature cat_zero-waste\" >\n\n\t\n\t<div class=\"tribe-events-calendar-month-mobile-events__mobile-event-details\">\n\n\t\t<div class=\"tribe-events-calendar-month-mobile-events__mobile-event-datetime tribe-common-b2\">\n\t\t\t\t<time datetime=\"2026-04-23\">\n\t\t\t<span class=\"tribe-event-date-start\">abril 23 @ 5:30 pm<\/span> - <span class=\"tribe-event-time\">7:00 pm<\/span>\t\t<\/time>\n\t\t<\/div>\n\t\t<h3  class=\"tribe-events-calendar-month-mobile-events__mobile-event-title tribe-common-h7\" >\n\t<a\n\t\thref=\"https:\/\/boulder.earth\/es\/event\/wts-boulder-earth-day-cleanup-happy-hour\/\"\n\t\ttitle=\"WTS Boulder: Earth Day Cleanup + Happy Hour\"\n\t\trel=\"bookmark\"\n\t\tclass=\"tribe-events-calendar-month-mobile-events__mobile-event-title-link tribe-common-anchor\"\n\t>\n\t\tWTS Boulder: Earth Day Cleanup + Happy Hour\t<\/a>\n<\/h3>\n\t\t\n\t<\/div>\n<\/article>\n\n\t\t\t\t\t\n\t\t\t\n\t\t\t\n\t\t\t\n<article  class=\"tribe-events-calendar-month-mobile-events__mobile-event post-10003466 tribe_events type-tribe_events status-publish has-post-thumbnail hentry tribe_events_cat-community tribe_events_cat-creative-arts tribe_events_cat-fundraiser cat_community cat_creative-arts cat_fundraiser\" >\n\n\t\n\t<div class=\"tribe-events-calendar-month-mobile-events__mobile-event-details\">\n\n\t\t<div class=\"tribe-events-calendar-month-mobile-events__mobile-event-datetime tribe-common-b2\">\n\t\t\t\t<time datetime=\"2026-04-23\">\n\t\t\t<span class=\"tribe-event-date-start\">abril 23 @ 6:30 pm<\/span> - <span class=\"tribe-event-time\">10:00 pm<\/span>\t\t<\/time>\n\t\t<\/div>\n\t\t<h3  class=\"tribe-events-calendar-month-mobile-events__mobile-event-title tribe-common-h7\" >\n\t<a\n\t\thref=\"https:\/\/boulder.earth\/es\/event\/2026-peek-the-crystal-ball\/\"\n\t\ttitle=\"2026 PEEK: The Crystal Ball\"\n\t\trel=\"bookmark\"\n\t\tclass=\"tribe-events-calendar-month-mobile-events__mobile-event-title-link tribe-common-anchor\"\n\t>\n\t\t2026 PEEK: The Crystal Ball\t<\/a>\n<\/h3>\n\t\t\n\t<\/div>\n<\/article>\n\n\t\t\n\t\t\n\t<\/div>\n\n\t\n\t\t\n<div  class=\"tribe-events-calendar-month-mobile-events__mobile-day\"  id=\"tribe-events-calendar-mobile-day-2026-04-24\">\n\n\t\n\t\t\t\t\t\n\t\t\t<div class=\"tribe-events-c-day-marker tribe-events-calendar-month-mobile-events__day-marker\">\n\t<time\n\t\tclass=\"tribe-events-c-day-marker__date tribe-common-h7 tribe-common-h--alt\"\n\t\tdatetime=\"2026-04-24\"\n\t>\n\t\tabril 24\t<\/time>\n<\/div>\n\n\t\t\t\n\t\t\t\n<article  class=\"tribe-events-calendar-month-mobile-events__mobile-event post-10003464 tribe_events type-tribe_events status-publish has-post-thumbnail hentry tribe_events_cat-community tribe_events_cat-creative-arts tribe_events_cat-networking cat_community cat_creative-arts cat_networking\" >\n\n\t\n\t<div class=\"tribe-events-calendar-month-mobile-events__mobile-event-details\">\n\n\t\t<div class=\"tribe-events-calendar-month-mobile-events__mobile-event-datetime tribe-common-b2\">\n\t\t\t\t<time datetime=\"2026-04-24\">\n\t\t\t<span class=\"tribe-event-date-start\">abril 24 @ 11:30 am<\/span> - <span class=\"tribe-event-time\">1:00 pm<\/span>\t\t<\/time>\n\t\t<\/div>\n\t\t<h3  class=\"tribe-events-calendar-month-mobile-events__mobile-event-title tribe-common-h7\" >\n\t<a\n\t\thref=\"https:\/\/boulder.earth\/es\/event\/bcaa-business-of-arts-felder-improv-workshop\/\"\n\t\ttitle=\"BCAA Business of Arts: Felder Improv Workshop\"\n\t\trel=\"bookmark\"\n\t\tclass=\"tribe-events-calendar-month-mobile-events__mobile-event-title-link tribe-common-anchor\"\n\t>\n\t\tBCAA Business of Arts: Felder Improv Workshop\t<\/a>\n<\/h3>\n\t\t\n\t<\/div>\n<\/article>\n\n\t\t\t\t\t\n\t\t\t\n\t\t\t\n\t\t\t\n<article  class=\"tribe-events-calendar-month-mobile-events__mobile-event post-10003642 tribe_events type-tribe_events status-publish has-post-thumbnail hentry tribe_events_cat-activism tribe_events_cat-education tribe_events_cat-energy tribe_events_cat-webinar cat_activism cat_education cat_energy cat_webinar\" >\n\n\t\n\t<div class=\"tribe-events-calendar-month-mobile-events__mobile-event-details\">\n\n\t\t<div class=\"tribe-events-calendar-month-mobile-events__mobile-event-datetime tribe-common-b2\">\n\t\t\t\t<time datetime=\"2026-04-24\">\n\t\t\t<span class=\"tribe-event-date-start\">abril 24 @ 7:00 pm<\/span> - <span class=\"tribe-event-time\">9:00 pm<\/span>\t\t<\/time>\n\t\t<\/div>\n\t\t<h3  class=\"tribe-events-calendar-month-mobile-events__mobile-event-title tribe-common-h7\" >\n\t<a\n\t\thref=\"https:\/\/boulder.earth\/es\/event\/the-u-s-nuclear-weapons-complex-past-present-and-an-uncharted-future\/\"\n\t\ttitle=\"The U.S. Nuclear Weapons Complex: Past, Present, and an Uncharted Future\"\n\t\trel=\"bookmark\"\n\t\tclass=\"tribe-events-calendar-month-mobile-events__mobile-event-title-link tribe-common-anchor\"\n\t>\n\t\tThe U.S. Nuclear Weapons Complex: Past, Present, and an Uncharted Future\t<\/a>\n<\/h3>\n\t\t\n\t<\/div>\n<\/article>\n\n\t\t\n\t\t\n\t<\/div>\n\n\t\n\t\t\n<div  class=\"tribe-events-calendar-month-mobile-events__mobile-day\"  id=\"tribe-events-calendar-mobile-day-2026-04-25\">\n\n\t\n\t\t\t\t\t\n\t\t\t<div class=\"tribe-events-c-day-marker tribe-events-calendar-month-mobile-events__day-marker\">\n\t<time\n\t\tclass=\"tribe-events-c-day-marker__date tribe-common-h7 tribe-common-h--alt\"\n\t\tdatetime=\"2026-04-25\"\n\t>\n\t\tabril 25\t<\/time>\n<\/div>\n\n\t\t\t\n\t\t\t\n<article  class=\"tribe-events-calendar-month-mobile-events__mobile-event post-10003476 tribe_events type-tribe_events status-publish has-post-thumbnail hentry tribe_events_cat-agriculture tribe_events_cat-community tribe_events_cat-food cat_agriculture cat_community cat_food tribe-recurring-event tribe-recurring-event-parent\" >\n\n\t\n\t<div class=\"tribe-events-calendar-month-mobile-events__mobile-event-details\">\n\n\t\t<div class=\"tribe-events-calendar-month-mobile-events__mobile-event-datetime tribe-common-b2\">\n\t\t\t\t<time datetime=\"2026-04-25\">\n\t\t\t<span class=\"tribe-event-date-start\">abril 25 @ 8:00 am<\/span> - <span class=\"tribe-event-time\">2:00 pm<\/span>\t\t<\/time>\n\t\t\n<span class=\"tribe-events-calendar-series-archive__container\">\n\t<a\n\t\thref=\"https:\/\/boulder.earth\/es\/series\/boulder-farmers-market\/\"\n\t\taria-label=\"Event series: Boulder Farmers Market\"\n\t\tclass=\"tribe-events-calendar-series-archive__link\"\n\t>\n\t\t\n<svg  class=\"tribe-common-c-svgicon tribe-common-c-svgicon--series tribe-events-series-archive__icon\"  width=\"14\" height=\"12\" viewBox=\"0 0 14 12\" fill=\"none\" xmlns=\"http:\/\/www.w3.org\/2000\/svg\" aria-hidden=\"true\">\n\t<rect x=\"0.5\" y=\"4.5\" width=\"9\" height=\"7\" \/>\n\t<path d=\"M2 2.5H11.5V10\" \/>\n\t<path d=\"M4 0.5H13.5V8\" \/>\n<\/svg>\n\t<\/a>\n<\/span>\n<\/div>\n\t\t<h3  class=\"tribe-events-calendar-month-mobile-events__mobile-event-title tribe-common-h7\" >\n\t<a\n\t\thref=\"https:\/\/boulder.earth\/es\/event\/boulder-farmers-market\/2026-04-25\/\"\n\t\ttitle=\"Boulder Farmers Market\"\n\t\trel=\"bookmark\"\n\t\tclass=\"tribe-events-calendar-month-mobile-events__mobile-event-title-link tribe-common-anchor\"\n\t>\n\t\tBoulder Farmers Market\t<\/a>\n<\/h3>\n\t\t\n\t<\/div>\n<\/article>\n\n\t\t\t\t\t\n\t\t\t\n\t\t\t\n\t\t\t\n<article  class=\"tribe-events-calendar-month-mobile-events__mobile-event post-10003555 tribe_events type-tribe_events status-publish has-post-thumbnail hentry tribe_events_cat-agriculture tribe_events_cat-community tribe_events_cat-food cat_agriculture cat_community cat_food tribe-recurring-event tribe-recurring-event-parent\" >\n\n\t\n\t<div class=\"tribe-events-calendar-month-mobile-events__mobile-event-details\">\n\n\t\t<div class=\"tribe-events-calendar-month-mobile-events__mobile-event-datetime tribe-common-b2\">\n\t\t\t\t<time datetime=\"2026-04-25\">\n\t\t\t<span class=\"tribe-event-date-start\">abril 25 @ 8:00 am<\/span> - <span class=\"tribe-event-time\">2:00 pm<\/span>\t\t<\/time>\n\t\t\n<span class=\"tribe-events-calendar-series-archive__container\">\n\t<a\n\t\thref=\"https:\/\/boulder.earth\/es\/series\/longmont-farmers-market\/\"\n\t\taria-label=\"Event series: Longmont Farmers Market\"\n\t\tclass=\"tribe-events-calendar-series-archive__link\"\n\t>\n\t\t\n<svg  class=\"tribe-common-c-svgicon tribe-common-c-svgicon--series tribe-events-series-archive__icon\"  width=\"14\" height=\"12\" viewBox=\"0 0 14 12\" fill=\"none\" xmlns=\"http:\/\/www.w3.org\/2000\/svg\" aria-hidden=\"true\">\n\t<rect x=\"0.5\" y=\"4.5\" width=\"9\" height=\"7\" \/>\n\t<path d=\"M2 2.5H11.5V10\" \/>\n\t<path d=\"M4 0.5H13.5V8\" \/>\n<\/svg>\n\t<\/a>\n<\/span>\n<\/div>\n\t\t<h3  class=\"tribe-events-calendar-month-mobile-events__mobile-event-title tribe-common-h7\" >\n\t<a\n\t\thref=\"https:\/\/boulder.earth\/es\/event\/longmont-farmers-market-2\/2026-04-25\/\"\n\t\ttitle=\"Longmont Farmers Market\"\n\t\trel=\"bookmark\"\n\t\tclass=\"tribe-events-calendar-month-mobile-events__mobile-event-title-link tribe-common-anchor\"\n\t>\n\t\tLongmont Farmers Market\t<\/a>\n<\/h3>\n\t\t\n\t<\/div>\n<\/article>\n\n\t\t\t\t\t\n\t\t\t\n\t\t\t\n\t\t\t\n<article  class=\"tribe-events-calendar-month-mobile-events__mobile-event post-10003360 tribe_events type-tribe_events status-publish hentry tribe_events_cat-activism tribe_events_cat-community tribe_events_cat-nature tribe_events_cat-networking tribe_events_cat-policy cat_activism cat_community cat_nature cat_networking cat_policy\" >\n\n\t\n\t<div class=\"tribe-events-calendar-month-mobile-events__mobile-event-details\">\n\n\t\t<div class=\"tribe-events-calendar-month-mobile-events__mobile-event-datetime tribe-common-b2\">\n\t\t\t\t<time datetime=\"2026-04-25\">\n\t\t\t<span class=\"tribe-event-date-start\">abril 25 @ 12:30 pm<\/span> - <span class=\"tribe-event-time\">3:00 pm<\/span>\t\t<\/time>\n\t\t<\/div>\n\t\t<h3  class=\"tribe-events-calendar-month-mobile-events__mobile-event-title tribe-common-h7\" >\n\t<a\n\t\thref=\"https:\/\/boulder.earth\/es\/event\/2026-zonta-foothills-climate-justice-forum\/\"\n\t\ttitle=\"2026 Zonta Foothills Climate Justice Forum\"\n\t\trel=\"bookmark\"\n\t\tclass=\"tribe-events-calendar-month-mobile-events__mobile-event-title-link tribe-common-anchor\"\n\t>\n\t\t2026 Zonta Foothills Climate Justice Forum\t<\/a>\n<\/h3>\n\t\t\n\t<\/div>\n<\/article>\n\n\t\t\n\t\t\n\t<\/div>\n\n\t\n\t\t\n<div  class=\"tribe-events-calendar-month-mobile-events__mobile-day\"  id=\"tribe-events-calendar-mobile-day-2026-04-26\">\n\n\t\n\t\t\t\t\t\n\t\t\t<div class=\"tribe-events-c-day-marker tribe-events-calendar-month-mobile-events__day-marker\">\n\t<time\n\t\tclass=\"tribe-events-c-day-marker__date tribe-common-h7 tribe-common-h--alt\"\n\t\tdatetime=\"2026-04-26\"\n\t>\n\t\tabril 26\t<\/time>\n<\/div>\n\n\t\t\t\n\t\t\t\n<article  class=\"tribe-events-calendar-month-mobile-events__mobile-event post-10003023 tribe_events type-tribe_events status-publish has-post-thumbnail hentry tribe_events_cat-activism tribe_events_cat-community tribe_events_cat-culture-building tribe_events_cat-governance tribe_events_cat-human-rights tribe_events_cat-resilience tribe_events_cat-social-justice cat_activism cat_community cat_culture-building cat_governance cat_human-rights cat_resilience cat_social-justice tribe-recurring-event tribe-recurring-event-parent\" >\n\n\t\n\t<div class=\"tribe-events-calendar-month-mobile-events__mobile-event-details\">\n\n\t\t<div class=\"tribe-events-calendar-month-mobile-events__mobile-event-datetime tribe-common-b2\">\n\t\t\t\t<time datetime=\"2026-04-26\">\n\t\t\t<span class=\"tribe-event-date-start\">abril 26 @ 12:00 pm<\/span> - <span class=\"tribe-event-time\">1:00 pm<\/span>\t\t<\/time>\n\t\t<\/div>\n\t\t<h3  class=\"tribe-events-calendar-month-mobile-events__mobile-event-title tribe-common-h7\" >\n\t<a\n\t\thref=\"https:\/\/boulder.earth\/es\/event\/weekly-vigil-for-palestine\/2026-04-26\/\"\n\t\ttitle=\"Weekly Vigil for Palestine\"\n\t\trel=\"bookmark\"\n\t\tclass=\"tribe-events-calendar-month-mobile-events__mobile-event-title-link tribe-common-anchor\"\n\t>\n\t\tWeekly Vigil for Palestine\t<\/a>\n<\/h3>\n\t\t\n\t<\/div>\n<\/article>\n\n\t\t\t\t\t\n\t\t\t\n\t\t\t\n\t\t\t\n<article  class=\"tribe-events-calendar-month-mobile-events__mobile-event post-10003650 tribe_events type-tribe_events status-publish has-post-thumbnail hentry tribe_events_cat-activism tribe_events_cat-climate tribe_events_cat-community tribe_events_cat-culture-building tribe_events_cat-resilience tribe_events_cat-social-justice cat_activism cat_climate cat_community cat_culture-building cat_resilience cat_social-justice\" >\n\n\t\n\t<div class=\"tribe-events-calendar-month-mobile-events__mobile-event-details\">\n\n\t\t<div class=\"tribe-events-calendar-month-mobile-events__mobile-event-datetime tribe-common-b2\">\n\t\t\t\t<time datetime=\"2026-04-26\">\n\t\t\t<span class=\"tribe-event-date-start\">abril 26 @ 1:00 pm<\/span> - <span class=\"tribe-event-time\">2:30 pm<\/span>\t\t<\/time>\n\t\t<\/div>\n\t\t<h3  class=\"tribe-events-calendar-month-mobile-events__mobile-event-title tribe-common-h7\" >\n\t<a\n\t\thref=\"https:\/\/boulder.earth\/es\/event\/grief-and-resistance-ritual\/\"\n\t\ttitle=\"Grief and Resistance Ritual\"\n\t\trel=\"bookmark\"\n\t\tclass=\"tribe-events-calendar-month-mobile-events__mobile-event-title-link tribe-common-anchor\"\n\t>\n\t\tGrief and Resistance Ritual\t<\/a>\n<\/h3>\n\t\t\n\t<\/div>\n<\/article>\n\n\t\t\t\t\t\n\t\t\t\n\t\t\t\n\t\t\t\n<article  class=\"tribe-events-calendar-month-mobile-events__mobile-event post-10003450 tribe_events type-tribe_events status-publish has-post-thumbnail hentry tribe_events_cat-climate tribe_events_cat-community tribe_events_cat-creative-arts tribe_events_cat-nature cat_climate cat_community cat_creative-arts cat_nature\" >\n\n\t\n\t<div class=\"tribe-events-calendar-month-mobile-events__mobile-event-details\">\n\n\t\t<div class=\"tribe-events-calendar-month-mobile-events__mobile-event-datetime tribe-common-b2\">\n\t\t\t\t<time datetime=\"2026-04-26\">\n\t\t\t<span class=\"tribe-event-date-start\">abril 26 @ 5:00 pm<\/span> - <span class=\"tribe-event-time\">7:00 pm<\/span>\t\t<\/time>\n\t\t<\/div>\n\t\t<h3  class=\"tribe-events-calendar-month-mobile-events__mobile-event-title tribe-common-h7\" >\n\t<a\n\t\thref=\"https:\/\/boulder.earth\/es\/event\/earth-day-community-storytelling-night\/\"\n\t\ttitle=\"Earth Day Community Storytelling Night\"\n\t\trel=\"bookmark\"\n\t\tclass=\"tribe-events-calendar-month-mobile-events__mobile-event-title-link tribe-common-anchor\"\n\t>\n\t\tEarth Day Community Storytelling Night\t<\/a>\n<\/h3>\n\t\t\n\t<\/div>\n<\/article>\n\n\t\t\n\t\t\n\t<\/div>\n\n\t\n\t\t\n<div  class=\"tribe-events-calendar-month-mobile-events__mobile-day\"  id=\"tribe-events-calendar-mobile-day-2026-04-27\">\n\n\t\n\t\t<div  class=\"tribe-events-header__messages tribe-events-c-messages tribe-common-b2 tribe-events-header__messages--mobile tribe-events-header__messages--day\"  >\n\t\t\t<div class=\"tribe-events-c-messages__message tribe-events-c-messages__message--notice\" tabindex=\"0\" role=\"alert\" aria-live=\"assertive\">\n\t\t\t<svg\n\t class=\"tribe-common-c-svgicon tribe-common-c-svgicon--messages-not-found tribe-events-c-messages__message-icon-svg\" \taria-hidden=\"true\"\n\tviewBox=\"0 0 21 23\"\n\txmlns=\"http:\/\/www.w3.org\/2000\/svg\"\n>\n\t<g fill-rule=\"evenodd\">\n\t\t<path d=\"M.5 2.5h20v20H.5z\"\/>\n\t\t<path stroke-linecap=\"round\" d=\"M7.583 11.583l5.834 5.834m0-5.834l-5.834 5.834\" class=\"tribe-common-c-svgicon__svg-stroke\"\/>\n\t\t<path stroke-linecap=\"round\" d=\"M4.5.5v4m12-4v4\"\/>\n\t\t<path stroke-linecap=\"square\" d=\"M.5 7.5h20\"\/>\n\t<\/g>\n<\/svg>\n<span class=\"tribe-common-a11y-visual-hide\">\n\tNotice<\/span>\n\t\t\t\t\t\t\t<div\n\t\t\t\t\t data-key=\"no-events-in-day\" >\n\t\t\t\t\tThere are no events on this day.\t\t\t\t<\/div>\n\t\t\t\t\t<\/div>\n\t<\/div>\n\n\t<\/div>\n\n\t\n\t\t\n<div  class=\"tribe-events-calendar-month-mobile-events__mobile-day tribe-events-calendar-month-mobile-events__mobile-day--show\"  id=\"tribe-events-calendar-mobile-day-2026-04-28\">\n\n\t\n\t\t\t\t\t\n\t\t\t<div class=\"tribe-events-c-day-marker tribe-events-calendar-month-mobile-events__day-marker\">\n\t<time\n\t\tclass=\"tribe-events-c-day-marker__date tribe-common-h7 tribe-common-h--alt\"\n\t\tdatetime=\"2026-04-28\"\n\t>\n\t\tabril 28\t<\/time>\n<\/div>\n\n\t\t\t\n\t\t\t\n<article  class=\"tribe-events-calendar-month-mobile-events__mobile-event post-10003639 tribe_events type-tribe_events status-publish has-post-thumbnail hentry tribe_events_cat-climate tribe_events_cat-networking tribe_events_cat-youth cat_climate cat_networking cat_youth\" >\n\n\t\n\t<div class=\"tribe-events-calendar-month-mobile-events__mobile-event-details\">\n\n\t\t<div class=\"tribe-events-calendar-month-mobile-events__mobile-event-datetime tribe-common-b2\">\n\t\t\t\t<time datetime=\"2026-04-28\">\n\t\t\t<span class=\"tribe-event-date-start\">abril 28 @ 6:00 pm<\/span> - <span class=\"tribe-event-time\">8:00 pm<\/span>\t\t<\/time>\n\t\t<\/div>\n\t\t<h3  class=\"tribe-events-calendar-month-mobile-events__mobile-event-title tribe-common-h7\" >\n\t<a\n\t\thref=\"https:\/\/boulder.earth\/es\/event\/making-a-living-and-a-life-all-careers-as-environmental-careers\/\"\n\t\ttitle=\"Making a Living and a Life; ALL Careers as \u201cEnvironmental Careers&#8221;\"\n\t\trel=\"bookmark\"\n\t\tclass=\"tribe-events-calendar-month-mobile-events__mobile-event-title-link tribe-common-anchor\"\n\t>\n\t\tMaking a Living and a Life; ALL Careers as \u201cEnvironmental Careers&#8221;\t<\/a>\n<\/h3>\n\t\t\n\t<\/div>\n<\/article>\n\n\t\t\t\t\t\n\t\t\t\n\t\t\t\n\t\t\t\n<article  class=\"tribe-events-calendar-month-mobile-events__mobile-event post-10003468 tribe_events type-tribe_events status-publish has-post-thumbnail hentry tribe_events_cat-climate tribe_events_cat-conservation tribe_events_cat-education tribe_events_cat-land-management tribe_events_cat-nature cat_climate cat_conservation cat_education cat_land-management cat_nature\" >\n\n\t\n\t<div class=\"tribe-events-calendar-month-mobile-events__mobile-event-details\">\n\n\t\t<div class=\"tribe-events-calendar-month-mobile-events__mobile-event-datetime tribe-common-b2\">\n\t\t\t\t<time datetime=\"2026-04-28\">\n\t\t\t<span class=\"tribe-event-date-start\">abril 28 @ 7:00 pm<\/span> - <span class=\"tribe-event-time\">9:00 pm<\/span>\t\t<\/time>\n\t\t<\/div>\n\t\t<h3  class=\"tribe-events-calendar-month-mobile-events__mobile-event-title tribe-common-h7\" >\n\t<a\n\t\thref=\"https:\/\/boulder.earth\/es\/event\/why-private-land-conservation-matters\/\"\n\t\ttitle=\"Why Private Land Conservation Matters\"\n\t\trel=\"bookmark\"\n\t\tclass=\"tribe-events-calendar-month-mobile-events__mobile-event-title-link tribe-common-anchor\"\n\t>\n\t\tWhy Private Land Conservation Matters\t<\/a>\n<\/h3>\n\t\t\n\t<\/div>\n<\/article>\n\n\t\t\t\t\t\n\t\t\t\n\t\t\t\n\t\t\t\n<article  class=\"tribe-events-calendar-month-mobile-events__mobile-event post-10003652 tribe_events type-tribe_events status-publish has-post-thumbnail hentry tribe_events_cat-climate tribe_events_cat-education tribe_events_cat-energy cat_climate cat_education cat_energy\" >\n\n\t\n\t<div class=\"tribe-events-calendar-month-mobile-events__mobile-event-details\">\n\n\t\t<div class=\"tribe-events-calendar-month-mobile-events__mobile-event-datetime tribe-common-b2\">\n\t\t\t\t<time datetime=\"2026-04-28\">\n\t\t\t<span class=\"tribe-event-date-start\">abril 28 @ 7:00 pm<\/span> - <span class=\"tribe-event-time\">8:00 pm<\/span>\t\t<\/time>\n\t\t<\/div>\n\t\t<h3  class=\"tribe-events-calendar-month-mobile-events__mobile-event-title tribe-common-h7\" >\n\t<a\n\t\thref=\"https:\/\/boulder.earth\/es\/event\/challenges-trade-offs-in-achieving-100-clean-electricity\/\"\n\t\ttitle=\"Challenges &#038; Trade-offs in Achieving 100% Clean Electricity\"\n\t\trel=\"bookmark\"\n\t\tclass=\"tribe-events-calendar-month-mobile-events__mobile-event-title-link tribe-common-anchor\"\n\t>\n\t\tChallenges &#038; Trade-offs in Achieving 100% Clean Electricity\t<\/a>\n<\/h3>\n\t\t\n\t<\/div>\n<\/article>\n\n\t\t\n\t\t\n\t<\/div>\n\n\t\n\t\t\n<div  class=\"tribe-events-calendar-month-mobile-events__mobile-day\"  id=\"tribe-events-calendar-mobile-day-2026-04-29\">\n\n\t\n\t\t\t\t\t\n\t\t\t<div class=\"tribe-events-c-day-marker tribe-events-calendar-month-mobile-events__day-marker\">\n\t<time\n\t\tclass=\"tribe-events-c-day-marker__date tribe-common-h7 tribe-common-h--alt\"\n\t\tdatetime=\"2026-04-29\"\n\t>\n\t\tabril 29\t<\/time>\n<\/div>\n\n\t\t\t\n\t\t\t\n<article  class=\"tribe-events-calendar-month-mobile-events__mobile-event post-10003382 tribe_events type-tribe_events status-publish has-post-thumbnail hentry tribe_events_cat-community tribe_events_cat-networking tribe_events_cat-webinar cat_community cat_networking cat_webinar\" >\n\n\t\n\t<div class=\"tribe-events-calendar-month-mobile-events__mobile-event-details\">\n\n\t\t<div class=\"tribe-events-calendar-month-mobile-events__mobile-event-datetime tribe-common-b2\">\n\t\t\t\t<time datetime=\"2026-04-29\">\n\t\t\t<span class=\"tribe-event-date-start\">abril 29 @ 10:00 am<\/span> - <span class=\"tribe-event-time\">2:00 pm<\/span>\t\t<\/time>\n\t\t<\/div>\n\t\t<h3  class=\"tribe-events-calendar-month-mobile-events__mobile-event-title tribe-common-h7\" >\n\t<a\n\t\thref=\"https:\/\/boulder.earth\/es\/event\/virtual-career-fair\/\"\n\t\ttitle=\"Virtual Career Fair\"\n\t\trel=\"bookmark\"\n\t\tclass=\"tribe-events-calendar-month-mobile-events__mobile-event-title-link tribe-common-anchor\"\n\t>\n\t\tVirtual Career Fair\t<\/a>\n<\/h3>\n\t\t\n\t<\/div>\n<\/article>\n\n\t\t\t\t\t\n\t\t\t\n\t\t\t\n\t\t\t\n<article  class=\"tribe-events-calendar-month-mobile-events__mobile-event post-10003469 tribe_events type-tribe_events status-publish has-post-thumbnail hentry tribe_events_cat-biodiversity tribe_events_cat-education tribe_events_cat-nature tribe_events_cat-pollinators tribe_events_cat-webinar cat_biodiversity cat_education cat_nature cat_pollinators cat_webinar\" >\n\n\t\n\t<div class=\"tribe-events-calendar-month-mobile-events__mobile-event-details\">\n\n\t\t<div class=\"tribe-events-calendar-month-mobile-events__mobile-event-datetime tribe-common-b2\">\n\t\t\t\t<time datetime=\"2026-04-29\">\n\t\t\t<span class=\"tribe-event-date-start\">abril 29 @ 12:00 pm<\/span> - <span class=\"tribe-event-time\">1:00 pm<\/span>\t\t<\/time>\n\t\t<\/div>\n\t\t<h3  class=\"tribe-events-calendar-month-mobile-events__mobile-event-title tribe-common-h7\" >\n\t<a\n\t\thref=\"https:\/\/boulder.earth\/es\/event\/how-flowers-made-our-world-webinar\/\"\n\t\ttitle=\"How Flowers Made Our World Webinar\"\n\t\trel=\"bookmark\"\n\t\tclass=\"tribe-events-calendar-month-mobile-events__mobile-event-title-link tribe-common-anchor\"\n\t>\n\t\tHow Flowers Made Our World Webinar\t<\/a>\n<\/h3>\n\t\t\n\t<\/div>\n<\/article>\n\n\t\t\t\t\t\n\t\t\t\n\t\t\t\n\t\t\t\n<article  class=\"tribe-events-calendar-month-mobile-events__mobile-event post-10003648 tribe_events type-tribe_events status-publish has-post-thumbnail hentry tribe_events_cat-climate tribe_events_cat-education tribe_events_cat-technology tribe_events_cat-webinar cat_climate cat_education cat_technology cat_webinar\" >\n\n\t\n\t<div class=\"tribe-events-calendar-month-mobile-events__mobile-event-details\">\n\n\t\t<div class=\"tribe-events-calendar-month-mobile-events__mobile-event-datetime tribe-common-b2\">\n\t\t\t\t<time datetime=\"2026-04-29\">\n\t\t\t<span class=\"tribe-event-date-start\">abril 29 @ 4:00 pm<\/span> - <span class=\"tribe-event-time\">5:00 pm<\/span>\t\t<\/time>\n\t\t<\/div>\n\t\t<h3  class=\"tribe-events-calendar-month-mobile-events__mobile-event-title tribe-common-h7\" >\n\t<a\n\t\thref=\"https:\/\/boulder.earth\/es\/event\/nuclear-power-and-artificial-intelligence-webinar\/\"\n\t\ttitle=\"Nuclear Power and Artificial Intelligence Webinar\"\n\t\trel=\"bookmark\"\n\t\tclass=\"tribe-events-calendar-month-mobile-events__mobile-event-title-link tribe-common-anchor\"\n\t>\n\t\tNuclear Power and Artificial Intelligence Webinar\t<\/a>\n<\/h3>\n\t\t\n\t<\/div>\n<\/article>\n\n\t\t\t\t\t\n\t\t\t\n\t\t\t\n\t\t\t\n<article  class=\"tribe-events-calendar-month-mobile-events__mobile-event post-10003463 tribe_events type-tribe_events status-publish has-post-thumbnail hentry tribe_events_cat-activism tribe_events_cat-creative-arts tribe_events_cat-culture-building tribe_events_cat-education tribe_events_cat-indigenous-knowledge tribe_events_cat-resilience tribe_events_cat-social-justice cat_activism cat_creative-arts cat_culture-building cat_education cat_indigenous-knowledge cat_resilience cat_social-justice\" >\n\n\t\n\t<div class=\"tribe-events-calendar-month-mobile-events__mobile-event-details\">\n\n\t\t<div class=\"tribe-events-calendar-month-mobile-events__mobile-event-datetime tribe-common-b2\">\n\t\t\t\t<time datetime=\"2026-04-29\">\n\t\t\t<span class=\"tribe-event-date-start\">abril 29 @ 5:30 pm<\/span> - <span class=\"tribe-event-time\">7:00 pm<\/span>\t\t<\/time>\n\t\t<\/div>\n\t\t<h3  class=\"tribe-events-calendar-month-mobile-events__mobile-event-title tribe-common-h7\" >\n\t<a\n\t\thref=\"https:\/\/boulder.earth\/es\/event\/people-of-the-sacred-land-film-premiere-discussion\/\"\n\t\ttitle=\"PEOPLE of the SACRED LAND Film Premiere &#038; Discussion\"\n\t\trel=\"bookmark\"\n\t\tclass=\"tribe-events-calendar-month-mobile-events__mobile-event-title-link tribe-common-anchor\"\n\t>\n\t\tPEOPLE of the SACRED LAND Film Premiere &#038; Discussion\t<\/a>\n<\/h3>\n\t\t\n\t<\/div>\n<\/article>\n\n\t\t\t\t\t\n\t\t\t\n\t\t\t\n\t\t\t\n<article  class=\"tribe-events-calendar-month-mobile-events__mobile-event post-10003391 tribe_events type-tribe_events status-publish has-post-thumbnail hentry tribe_events_cat-activism tribe_events_cat-climate tribe_events_cat-community tribe_events_cat-education tribe_events_cat-governance tribe_events_cat-human-rights tribe_events_cat-networking tribe_events_cat-resilience tribe_events_cat-social-justice tribe_events_cat-webinar cat_activism cat_climate cat_community cat_education cat_governance cat_human-rights cat_networking cat_resilience cat_social-justice cat_webinar tribe-recurring-event tribe-recurring-event-parent\" >\n\n\t\n\t<div class=\"tribe-events-calendar-month-mobile-events__mobile-event-details\">\n\n\t\t<div class=\"tribe-events-calendar-month-mobile-events__mobile-event-datetime tribe-common-b2\">\n\t\t\t\t<time datetime=\"2026-04-29\">\n\t\t\t<span class=\"tribe-event-date-start\">abril 29 @ 6:00 pm<\/span> - <span class=\"tribe-event-time\">7:30 pm<\/span>\t\t<\/time>\n\t\t\n<span class=\"tribe-events-calendar-series-archive__container\">\n\t<a\n\t\thref=\"https:\/\/boulder.earth\/es\/series\/after-we-march-we-organize-solidarity-warriors-indivisible-action-group\/\"\n\t\taria-label=\"Event series: After We March, We Organize! Solidarity Warriors Indivisible Action Group\"\n\t\tclass=\"tribe-events-calendar-series-archive__link\"\n\t>\n\t\t\n<svg  class=\"tribe-common-c-svgicon tribe-common-c-svgicon--series tribe-events-series-archive__icon\"  width=\"14\" height=\"12\" viewBox=\"0 0 14 12\" fill=\"none\" xmlns=\"http:\/\/www.w3.org\/2000\/svg\" aria-hidden=\"true\">\n\t<rect x=\"0.5\" y=\"4.5\" width=\"9\" height=\"7\" \/>\n\t<path d=\"M2 2.5H11.5V10\" \/>\n\t<path d=\"M4 0.5H13.5V8\" \/>\n<\/svg>\n\t<\/a>\n<\/span>\n<\/div>\n\t\t<h3  class=\"tribe-events-calendar-month-mobile-events__mobile-event-title tribe-common-h7\" >\n\t<a\n\t\thref=\"https:\/\/boulder.earth\/es\/event\/after-we-march-we-organize-solidarity-warriors-indivisible-action-group\/2026-04-29\/\"\n\t\ttitle=\"After We March, We Organize! Solidarity Warriors Indivisible Action Group\"\n\t\trel=\"bookmark\"\n\t\tclass=\"tribe-events-calendar-month-mobile-events__mobile-event-title-link tribe-common-anchor\"\n\t>\n\t\tAfter We March, We Organize! Solidarity Warriors Indivisible Action Group\t<\/a>\n<\/h3>\n\t\t\n\t<\/div>\n<\/article>\n\n\t\t\t\t\t\n\t\t\t\n\t\t\t\n\t\t\t\n<article  class=\"tribe-events-calendar-month-mobile-events__mobile-event post-10003446 tribe_events type-tribe_events status-publish has-post-thumbnail hentry tribe_events_cat-climate tribe_events_cat-education tribe_events_cat-water tribe_events_cat-webinar cat_climate cat_education cat_water cat_webinar\" >\n\n\t\n\t<div class=\"tribe-events-calendar-month-mobile-events__mobile-event-details\">\n\n\t\t<div class=\"tribe-events-calendar-month-mobile-events__mobile-event-datetime tribe-common-b2\">\n\t\t\t\t<time datetime=\"2026-04-29\">\n\t\t\t<span class=\"tribe-event-date-start\">abril 29 @ 6:00 pm<\/span> - <span class=\"tribe-event-time\">7:30 pm<\/span>\t\t<\/time>\n\t\t<\/div>\n\t\t<h3  class=\"tribe-events-calendar-month-mobile-events__mobile-event-title tribe-common-h7\" >\n\t<a\n\t\thref=\"https:\/\/boulder.earth\/es\/event\/rain-barrel-webinar-how-to-choose-install-and-maintain-a-rain-barrel\/\"\n\t\ttitle=\"Rain Barrel Webinar: How to Choose, Install, and Maintain a Rain Barrel\"\n\t\trel=\"bookmark\"\n\t\tclass=\"tribe-events-calendar-month-mobile-events__mobile-event-title-link tribe-common-anchor\"\n\t>\n\t\tRain Barrel Webinar: How to Choose, Install, and Maintain a Rain Barrel\t<\/a>\n<\/h3>\n\t\t\n\t<\/div>\n<\/article>\n\n\t\t\n\t\t\n\t<\/div>\n\n\t\n\t\t\n<div  class=\"tribe-events-calendar-month-mobile-events__mobile-day\"  id=\"tribe-events-calendar-mobile-day-2026-04-30\">\n\n\t\n\t\t\t\t\t\n\t\t\t<div class=\"tribe-events-c-day-marker tribe-events-calendar-month-mobile-events__day-marker\">\n\t<time\n\t\tclass=\"tribe-events-c-day-marker__date tribe-common-h7 tribe-common-h--alt\"\n\t\tdatetime=\"2026-04-30\"\n\t>\n\t\tabril 30\t<\/time>\n<\/div>\n\n\t\t\t\n\t\t\t\n<article  class=\"tribe-events-calendar-month-mobile-events__mobile-event post-10003653 tribe_events type-tribe_events status-publish has-post-thumbnail hentry tribe_events_cat-biodiversity tribe_events_cat-climate tribe_events_cat-education tribe_events_cat-nature tribe_events_cat-webinar cat_biodiversity cat_climate cat_education cat_nature cat_webinar\" >\n\n\t\n\t<div class=\"tribe-events-calendar-month-mobile-events__mobile-event-details\">\n\n\t\t<div class=\"tribe-events-calendar-month-mobile-events__mobile-event-datetime tribe-common-b2\">\n\t\t\t\t<time datetime=\"2026-04-30\">\n\t\t\t<span class=\"tribe-event-date-start\">abril 30 @ 12:00 pm<\/span> - <span class=\"tribe-event-time\">1:00 pm<\/span>\t\t<\/time>\n\t\t<\/div>\n\t\t<h3  class=\"tribe-events-calendar-month-mobile-events__mobile-event-title tribe-common-h7\" >\n\t<a\n\t\thref=\"https:\/\/boulder.earth\/es\/event\/how-flowers-made-our-world-webinar-2\/\"\n\t\ttitle=\"How Flowers Made Our World Webinar\"\n\t\trel=\"bookmark\"\n\t\tclass=\"tribe-events-calendar-month-mobile-events__mobile-event-title-link tribe-common-anchor\"\n\t>\n\t\tHow Flowers Made Our World Webinar\t<\/a>\n<\/h3>\n\t\t\n\t<\/div>\n<\/article>\n\n\t\t\t\t\t\n\t\t\t\n\t\t\t\n\t\t\t\n<article  class=\"tribe-events-calendar-month-mobile-events__mobile-event post-10003362 tribe_events type-tribe_events status-publish has-post-thumbnail hentry tribe_events_cat-agriculture tribe_events_cat-climate tribe_events_cat-community tribe_events_cat-education tribe_events_cat-energy tribe_events_cat-webinar cat_agriculture cat_climate cat_community cat_education cat_energy cat_webinar\" >\n\n\t\n\t<div class=\"tribe-events-calendar-month-mobile-events__mobile-event-details\">\n\n\t\t<div class=\"tribe-events-calendar-month-mobile-events__mobile-event-datetime tribe-common-b2\">\n\t\t\t\t<time datetime=\"2026-04-30\">\n\t\t\t<span class=\"tribe-event-date-start\">abril 30 @ 1:00 pm<\/span> - <span class=\"tribe-event-time\">2:30 pm<\/span>\t\t<\/time>\n\t\t<\/div>\n\t\t<h3  class=\"tribe-events-calendar-month-mobile-events__mobile-event-title tribe-common-h7\" >\n\t<a\n\t\thref=\"https:\/\/boulder.earth\/es\/event\/agrivoltaics-webinar-fire-safety-within-your-panels\/\"\n\t\ttitle=\"Agrivoltaics Webinar: Fire Safety Within Your Panels\"\n\t\trel=\"bookmark\"\n\t\tclass=\"tribe-events-calendar-month-mobile-events__mobile-event-title-link tribe-common-anchor\"\n\t>\n\t\tAgrivoltaics Webinar: Fire Safety Within Your Panels\t<\/a>\n<\/h3>\n\t\t\n\t<\/div>\n<\/article>\n\n\t\t\t\t\t\n\t\t\t\n\t\t\t\n\t\t\t\n<article  class=\"tribe-events-calendar-month-mobile-events__mobile-event post-10003643 tribe_events type-tribe_events status-publish has-post-thumbnail hentry tribe_events_cat-activism tribe_events_cat-climate tribe_events_cat-education tribe_events_cat-energy tribe_events_cat-policy tribe_events_cat-webinar cat_activism cat_climate cat_education cat_energy cat_policy cat_webinar\" >\n\n\t\n\t<div class=\"tribe-events-calendar-month-mobile-events__mobile-event-details\">\n\n\t\t<div class=\"tribe-events-calendar-month-mobile-events__mobile-event-datetime tribe-common-b2\">\n\t\t\t\t<time datetime=\"2026-04-30\">\n\t\t\t<span class=\"tribe-event-date-start\">abril 30 @ 6:00 pm<\/span> - <span class=\"tribe-event-time\">7:00 pm<\/span>\t\t<\/time>\n\t\t<\/div>\n\t\t<h3  class=\"tribe-events-calendar-month-mobile-events__mobile-event-title tribe-common-h7\" >\n\t<a\n\t\thref=\"https:\/\/boulder.earth\/es\/event\/neis-a-night-with-the-experts\/\"\n\t\ttitle=\"NEIS: A Night with the Experts\"\n\t\trel=\"bookmark\"\n\t\tclass=\"tribe-events-calendar-month-mobile-events__mobile-event-title-link tribe-common-anchor\"\n\t>\n\t\tNEIS: A Night with the Experts\t<\/a>\n<\/h3>\n\t\t\n\t<\/div>\n<\/article>\n\n\t\t\t\t\t\n\t\t\t\n\t\t\t\n\t\t\t\n<article  class=\"tribe-events-calendar-month-mobile-events__mobile-event post-10003470 tribe_events type-tribe_events status-publish has-post-thumbnail hentry tribe_events_cat-biodiversity tribe_events_cat-climate tribe_events_cat-education tribe_events_cat-land-management tribe_events_cat-nature tribe_events_cat-pollinators cat_biodiversity cat_climate cat_education cat_land-management cat_nature cat_pollinators\" >\n\n\t\n\t<div class=\"tribe-events-calendar-month-mobile-events__mobile-event-details\">\n\n\t\t<div class=\"tribe-events-calendar-month-mobile-events__mobile-event-datetime tribe-common-b2\">\n\t\t\t\t<time datetime=\"2026-04-30\">\n\t\t\t<span class=\"tribe-event-date-start\">abril 30 @ 6:30 pm<\/span> - <span class=\"tribe-event-time\">7:30 pm<\/span>\t\t<\/time>\n\t\t<\/div>\n\t\t<h3  class=\"tribe-events-calendar-month-mobile-events__mobile-event-title tribe-common-h7\" >\n\t<a\n\t\thref=\"https:\/\/boulder.earth\/es\/event\/the-biodiversity-crisis-is-urgent-the-solution-is-in-your-hands\/\"\n\t\ttitle=\"The Biodiversity Crisis is Urgent &#8211; the Solution is in Your Hands\"\n\t\trel=\"bookmark\"\n\t\tclass=\"tribe-events-calendar-month-mobile-events__mobile-event-title-link tribe-common-anchor\"\n\t>\n\t\tThe Biodiversity Crisis is Urgent &#8211; the Solution is in Your Hands\t<\/a>\n<\/h3>\n\t\t\n\t<\/div>\n<\/article>\n\n\t\t\n\t\t\n\t<\/div>\n\n\t\n\t\t\n<div  class=\"tribe-events-calendar-month-mobile-events__mobile-day\"  id=\"tribe-events-calendar-mobile-day-2026-05-1\">\n\n\t\n\t\t\t\t\t\n\t\t\t<div class=\"tribe-events-c-day-marker tribe-events-calendar-month-mobile-events__day-marker\">\n\t<time\n\t\tclass=\"tribe-events-c-day-marker__date tribe-common-h7 tribe-common-h--alt\"\n\t\tdatetime=\"2026-05-01\"\n\t>\n\t\tmayo 1\t<\/time>\n<\/div>\n\n\t\t\t\n\t\t\t\n<article  class=\"tribe-events-calendar-month-mobile-events__mobile-event post-10003645 tribe_events type-tribe_events status-publish has-post-thumbnail hentry tribe_events_cat-activism tribe_events_cat-community tribe_events_cat-education tribe_events_cat-governance tribe_events_cat-human-rights tribe_events_cat-networking tribe_events_cat-resilience tribe_events_cat-social-justice cat_activism cat_community cat_education cat_governance cat_human-rights cat_networking cat_resilience cat_social-justice\" >\n\n\t\n\t<div class=\"tribe-events-calendar-month-mobile-events__mobile-event-details\">\n\n\t\t<div class=\"tribe-events-calendar-month-mobile-events__mobile-event-datetime tribe-common-b2\">\n\t\t\t\t<time datetime=\"2026-05-01\">\n\t\t\t<span class=\"tribe-event-date-start\">mayo 1 @ 4:00 pm<\/span> - <span class=\"tribe-event-time\">6:00 pm<\/span>\t\t<\/time>\n\t\t<\/div>\n\t\t<h3  class=\"tribe-events-calendar-month-mobile-events__mobile-event-title tribe-common-h7\" >\n\t<a\n\t\thref=\"https:\/\/boulder.earth\/es\/event\/workers-over-billionaires\/\"\n\t\ttitle=\"WORKERS OVER BILLIONAIRES\"\n\t\trel=\"bookmark\"\n\t\tclass=\"tribe-events-calendar-month-mobile-events__mobile-event-title-link tribe-common-anchor\"\n\t>\n\t\tWORKERS OVER BILLIONAIRES\t<\/a>\n<\/h3>\n\t\t\n\t<\/div>\n<\/article>\n\n\t\t\n\t\t\n\t<\/div>\n\n\t\n\t\t\n<div  class=\"tribe-events-calendar-month-mobile-events__mobile-day\"  id=\"tribe-events-calendar-mobile-day-2026-05-2\">\n\n\t\n\t\t\t\t\t\n\t\t\t<div class=\"tribe-events-c-day-marker tribe-events-calendar-month-mobile-events__day-marker\">\n\t<time\n\t\tclass=\"tribe-events-c-day-marker__date tribe-common-h7 tribe-common-h--alt\"\n\t\tdatetime=\"2026-05-02\"\n\t>\n\t\tmayo 2\t<\/time>\n<\/div>\n\n\t\t\t\n\t\t\t\n<article  class=\"tribe-events-calendar-month-mobile-events__mobile-event post-10003477 tribe_events type-tribe_events status-publish has-post-thumbnail hentry tribe_events_cat-agriculture tribe_events_cat-community tribe_events_cat-food cat_agriculture cat_community cat_food tribe-recurring-event tribe-recurring-event-parent\" >\n\n\t\n\t<div class=\"tribe-events-calendar-month-mobile-events__mobile-event-details\">\n\n\t\t<div class=\"tribe-events-calendar-month-mobile-events__mobile-event-datetime tribe-common-b2\">\n\t\t\t\t<time datetime=\"2026-05-02\">\n\t\t\t<span class=\"tribe-event-date-start\">mayo 2 @ 8:00 am<\/span> - <span class=\"tribe-event-time\">2:00 pm<\/span>\t\t<\/time>\n\t\t\n<span class=\"tribe-events-calendar-series-archive__container\">\n\t<a\n\t\thref=\"https:\/\/boulder.earth\/es\/series\/boulder-farmers-market\/\"\n\t\taria-label=\"Event series: Boulder Farmers Market\"\n\t\tclass=\"tribe-events-calendar-series-archive__link\"\n\t>\n\t\t\n<svg  class=\"tribe-common-c-svgicon tribe-common-c-svgicon--series tribe-events-series-archive__icon\"  width=\"14\" height=\"12\" viewBox=\"0 0 14 12\" fill=\"none\" xmlns=\"http:\/\/www.w3.org\/2000\/svg\" aria-hidden=\"true\">\n\t<rect x=\"0.5\" y=\"4.5\" width=\"9\" height=\"7\" \/>\n\t<path d=\"M2 2.5H11.5V10\" \/>\n\t<path d=\"M4 0.5H13.5V8\" \/>\n<\/svg>\n\t<\/a>\n<\/span>\n<\/div>\n\t\t<h3  class=\"tribe-events-calendar-month-mobile-events__mobile-event-title tribe-common-h7\" >\n\t<a\n\t\thref=\"https:\/\/boulder.earth\/es\/event\/boulder-farmers-market\/2026-05-02\/\"\n\t\ttitle=\"Boulder Farmers Market\"\n\t\trel=\"bookmark\"\n\t\tclass=\"tribe-events-calendar-month-mobile-events__mobile-event-title-link tribe-common-anchor\"\n\t>\n\t\tBoulder Farmers Market\t<\/a>\n<\/h3>\n\t\t\n\t<\/div>\n<\/article>\n\n\t\t\t\t\t\n\t\t\t\n\t\t\t\n\t\t\t\n<article  class=\"tribe-events-calendar-month-mobile-events__mobile-event post-10003556 tribe_events type-tribe_events status-publish has-post-thumbnail hentry tribe_events_cat-agriculture tribe_events_cat-community tribe_events_cat-food cat_agriculture cat_community cat_food tribe-recurring-event tribe-recurring-event-parent\" >\n\n\t\n\t<div class=\"tribe-events-calendar-month-mobile-events__mobile-event-details\">\n\n\t\t<div class=\"tribe-events-calendar-month-mobile-events__mobile-event-datetime tribe-common-b2\">\n\t\t\t\t<time datetime=\"2026-05-02\">\n\t\t\t<span class=\"tribe-event-date-start\">mayo 2 @ 8:00 am<\/span> - <span class=\"tribe-event-time\">2:00 pm<\/span>\t\t<\/time>\n\t\t\n<span class=\"tribe-events-calendar-series-archive__container\">\n\t<a\n\t\thref=\"https:\/\/boulder.earth\/es\/series\/longmont-farmers-market\/\"\n\t\taria-label=\"Event series: Longmont Farmers Market\"\n\t\tclass=\"tribe-events-calendar-series-archive__link\"\n\t>\n\t\t\n<svg  class=\"tribe-common-c-svgicon tribe-common-c-svgicon--series tribe-events-series-archive__icon\"  width=\"14\" height=\"12\" viewBox=\"0 0 14 12\" fill=\"none\" xmlns=\"http:\/\/www.w3.org\/2000\/svg\" aria-hidden=\"true\">\n\t<rect x=\"0.5\" y=\"4.5\" width=\"9\" height=\"7\" \/>\n\t<path d=\"M2 2.5H11.5V10\" \/>\n\t<path d=\"M4 0.5H13.5V8\" \/>\n<\/svg>\n\t<\/a>\n<\/span>\n<\/div>\n\t\t<h3  class=\"tribe-events-calendar-month-mobile-events__mobile-event-title tribe-common-h7\" >\n\t<a\n\t\thref=\"https:\/\/boulder.earth\/es\/event\/longmont-farmers-market-2\/2026-05-02\/\"\n\t\ttitle=\"Longmont Farmers Market\"\n\t\trel=\"bookmark\"\n\t\tclass=\"tribe-events-calendar-month-mobile-events__mobile-event-title-link tribe-common-anchor\"\n\t>\n\t\tLongmont Farmers Market\t<\/a>\n<\/h3>\n\t\t\n\t<\/div>\n<\/article>\n\n\t\t\t\t\t\n\t\t\t\n\t\t\t\n\t\t\t\n<article  class=\"tribe-events-calendar-month-mobile-events__mobile-event post-10003649 tribe_events type-tribe_events status-publish has-post-thumbnail hentry tribe_events_cat-activism tribe_events_cat-community tribe_events_cat-creative-arts tribe_events_cat-culture-building tribe_events_cat-indigenous-knowledge cat_activism cat_community cat_creative-arts cat_culture-building cat_indigenous-knowledge\" >\n\n\t\n\t<div class=\"tribe-events-calendar-month-mobile-events__mobile-event-details\">\n\n\t\t<div class=\"tribe-events-calendar-month-mobile-events__mobile-event-datetime tribe-common-b2\">\n\t\t\t\t<time datetime=\"2026-05-02\">\n\t\t\t<span class=\"tribe-event-date-start\">mayo 2 @ 11:00 am<\/span> - <span class=\"tribe-event-time\">4:00 pm<\/span>\t\t<\/time>\n\t\t<\/div>\n\t\t<h3  class=\"tribe-events-calendar-month-mobile-events__mobile-event-title tribe-common-h7\" >\n\t<a\n\t\thref=\"https:\/\/boulder.earth\/es\/event\/mmiw-broomfield-native-art-market\/\"\n\t\ttitle=\"MMIW Broomfield Native Art Market\"\n\t\trel=\"bookmark\"\n\t\tclass=\"tribe-events-calendar-month-mobile-events__mobile-event-title-link tribe-common-anchor\"\n\t>\n\t\tMMIW Broomfield Native Art Market\t<\/a>\n<\/h3>\n\t\t\n\t<\/div>\n<\/article>\n\n\t\t\n\t\t\n\t<\/div>\n\n\t\n\t<nav class=\"tribe-events-calendar-month-nav tribe-events-c-nav\">\n\t<ul class=\"tribe-events-c-nav__list\">\n\t\t<li class=\"tribe-events-c-nav__list-item tribe-events-c-nav__list-item--prev\">\n\t<a\n\t\thref=\"https:\/\/boulder.earth\/es\/events\/(\/?:month)\/2026-03\/&#038;shortcode=42cf1b8c\"\n\t\trel=\"prev\"\n\t\tclass=\"tribe-events-c-nav__prev tribe-common-b2\"\n\t\tdata-js=\"tribe-events-view-link\"\n\t\taria-label=\"Mes anterior, Mar\"\n\t\ttitle=\"Mes anterior, Mar\"\n\t\trel=\"prev\"\n\t>\n\t\t<svg\n\t class=\"tribe-common-c-svgicon tribe-common-c-svgicon--caret-left tribe-events-c-nav__prev-icon-svg\" \taria-hidden=\"true\"\n\tviewBox=\"0 0 10 16\"\n\txmlns=\"http:\/\/www.w3.org\/2000\/svg\"\n>\n\t<path d=\"M9.7 14.4l-1.5 1.5L.3 8 8.2.1l1.5 1.5L3.3 8l6.4 6.4z\"\/>\n<\/svg>\n\t\tMar\t<\/a>\n<\/li>\n\n\t\t<li class=\"tribe-events-c-nav__list-item tribe-events-c-nav__list-item--today\">\n\t<a\n\t\thref=\"https:\/\/boulder.earth\/es\/events\/(\/?:month)\/&#038;rest_route=%2Fwp%2Fv2%2Fpages%2F10611&#038;shortcode=42cf1b8c\"\n\t\tclass=\"tribe-events-c-nav__today tribe-common-b2\"\n\t\tdata-js=\"tribe-events-view-link\"\n\t\taria-label=\"Click to select the current month\"\n\t\ttitle=\"Click to select the current month\"\n\t>\n\t\tMes actual\t<\/a>\n<\/li>\n\n\t\t<li class=\"tribe-events-c-nav__list-item tribe-events-c-nav__list-item--next\">\n\t<a\n\t\thref=\"https:\/\/boulder.earth\/es\/events\/(\/?:month)\/2026-05\/&#038;shortcode=42cf1b8c\"\n\t\trel=\"next\"\n\t\tclass=\"tribe-events-c-nav__next tribe-common-b2\"\n\t\tdata-js=\"tribe-events-view-link\"\n\t\taria-label=\"Mes siguiente, May\"\n\t\ttitle=\"Mes siguiente, May\"\n\t\trel=\"next\"\n\t>\n\t\tMay\t\t<svg\n\t class=\"tribe-common-c-svgicon tribe-common-c-svgicon--caret-right tribe-events-c-nav__next-icon-svg\" \taria-hidden=\"true\"\n\tviewBox=\"0 0 10 16\"\n\txmlns=\"http:\/\/www.w3.org\/2000\/svg\"\n>\n\t<path d=\"M.3 1.6L1.8.1 9.7 8l-7.9 7.9-1.5-1.5L6.7 8 .3 1.6z\"\/>\n<\/svg>\n\t<\/a>\n<\/li>\n\t<\/ul>\n<\/nav>\n\n<\/section>\n\n\t\t<div class=\"tribe-events-c-subscribe-dropdown__container\">\n\t<div class=\"tribe-events-c-subscribe-dropdown\">\n\t\t<div class=\"tribe-common-c-btn-border tribe-events-c-subscribe-dropdown__button\">\n\t\t\t<button\n\t\t\t\tclass=\"tribe-events-c-subscribe-dropdown__button-text tribe-common-c-btn--clear\"\n\t\t\t\taria-expanded=\"false\"\n\t\t\t\taria-controls=\"tribe-events-subscribe-dropdown-content\"\n\t\t\t\taria-label=\"\"\n\t\t\t>\n\t\t\t\tSubscribe to calendar\t\t\t<\/button>\n\t\t\t<svg\n\t class=\"tribe-common-c-svgicon tribe-common-c-svgicon--caret-down tribe-events-c-subscribe-dropdown__button-icon\" \taria-hidden=\"true\"\n\tviewBox=\"0 0 10 7\"\n\txmlns=\"http:\/\/www.w3.org\/2000\/svg\"\n>\n\t<path fill-rule=\"evenodd\" clip-rule=\"evenodd\" d=\"M1.008.609L5 4.6 8.992.61l.958.958L5 6.517.05 1.566l.958-.958z\" class=\"tribe-common-c-svgicon__svg-fill\"\/>\n<\/svg>\n\t\t<\/div>\n\t\t<div id=\"tribe-events-c-subscribe-dropdown-content\" class=\"tribe-events-c-subscribe-dropdown__content\">\n\t\t\t<ul class=\"tribe-events-c-subscribe-dropdown__list\">\n\t\t\t\t\t\t\t\t\t\n<li class=\"tribe-events-c-subscribe-dropdown__list-item tribe-events-c-subscribe-dropdown__list-item--gcal\">\n\t<a\n\t\thref=\"https:\/\/www.google.com\/calendar\/render?cid=webcal%3A%2F%2Fboulder.earth%2Fes%2F%3Fpost_type%3Dtribe_events%26ical%3D1%26eventDisplay%3Dlist\"\n\t\tclass=\"tribe-events-c-subscribe-dropdown__list-item-link\"\n\t\ttarget=\"_blank\"\n\t\trel=\"noopener noreferrer nofollow noindex\"\n\t>\n\t\tGoogle Calendar\t<\/a>\n<\/li>\n\t\t\t\t\t\t\t\t\t\n<li class=\"tribe-events-c-subscribe-dropdown__list-item tribe-events-c-subscribe-dropdown__list-item--ical\">\n\t<a\n\t\thref=\"webcal:\/\/boulder.earth\/es\/?post_type=tribe_events&#038;ical=1&#038;eventDisplay=list\"\n\t\tclass=\"tribe-events-c-subscribe-dropdown__list-item-link\"\n\t\ttarget=\"_blank\"\n\t\trel=\"noopener noreferrer nofollow noindex\"\n\t>\n\t\tiCalendar\t<\/a>\n<\/li>\n\t\t\t\t\t\t\t\t\t\n<li class=\"tribe-events-c-subscribe-dropdown__list-item tribe-events-c-subscribe-dropdown__list-item--outlook-365\">\n\t<a\n\t\thref=\"https:\/\/outlook.office.com\/owa?path=\/calendar\/action\/compose&#038;rru=addsubscription&#038;url=webcal%3A%2F%2Fboulder.earth%2Fes%2F%3Fpost_type%3Dtribe_events%26ical%3D1%26eventDisplay%3Dlist&#038;name=Boulder.Earth+Climate+Action+Portal+Eventos+en+abril+2026+\u2013+Boulder.Earth+Climate+Action+Portal\"\n\t\tclass=\"tribe-events-c-subscribe-dropdown__list-item-link\"\n\t\ttarget=\"_blank\"\n\t\trel=\"noopener noreferrer nofollow noindex\"\n\t>\n\t\tOutlook 365\t<\/a>\n<\/li>\n\t\t\t\t\t\t\t\t\t\n<li class=\"tribe-events-c-subscribe-dropdown__list-item tribe-events-c-subscribe-dropdown__list-item--outlook-live\">\n\t<a\n\t\thref=\"https:\/\/outlook.live.com\/owa?path=\/calendar\/action\/compose&#038;rru=addsubscription&#038;url=webcal%3A%2F%2Fboulder.earth%2Fes%2F%3Fpost_type%3Dtribe_events%26ical%3D1%26eventDisplay%3Dlist&#038;name=Boulder.Earth+Climate+Action+Portal+Eventos+en+abril+2026+\u2013+Boulder.Earth+Climate+Action+Portal\"\n\t\tclass=\"tribe-events-c-subscribe-dropdown__list-item-link\"\n\t\ttarget=\"_blank\"\n\t\trel=\"noopener noreferrer nofollow noindex\"\n\t>\n\t\tOutlook Live\t<\/a>\n<\/li>\n\t\t\t\t\t\t\t\t\t\n<li class=\"tribe-events-c-subscribe-dropdown__list-item tribe-events-c-subscribe-dropdown__list-item--ics\">\n\t<a\n\t\thref=\"https:\/\/boulder.earth\/es\/events\/(\/?:month)\/&#038;shortcode=42cf1b8c&#038;ical=1\"\n\t\tclass=\"tribe-events-c-subscribe-dropdown__list-item-link\"\n\t\ttarget=\"_blank\"\n\t\trel=\"noopener noreferrer nofollow noindex\"\n\t>\n\t\tExport .ics file\t<\/a>\n<\/li>\n\t\t\t\t\t\t\t\t\t\n<li class=\"tribe-events-c-subscribe-dropdown__list-item tribe-events-c-subscribe-dropdown__list-item--outlook-ics\">\n\t<a\n\t\thref=\"https:\/\/boulder.earth\/es\/events\/(\/?:month)\/&#038;outlook-ical=1#038;shortcode=42cf1b8c&#038;ical=1\"\n\t\tclass=\"tribe-events-c-subscribe-dropdown__list-item-link\"\n\t\ttarget=\"_blank\"\n\t\trel=\"noopener noreferrer nofollow noindex\"\n\t>\n\t\tExport Outlook .ics file\t<\/a>\n<\/li>\n\t\t\t\t\t\t\t<\/ul>\n\t\t<\/div>\n\t<\/div>\n<\/div>\n\n\t\t\n\t<\/section>\n\n<\/div>\n\n<script data-js='tribe-events-view-nonce-data' type='application\/json'>{\"tvn1\":\"1ddd8bbec1\",\"tvn2\":\"\"}<\/script><\/div>\n<div  class=\"tribe-compatibility-container tribe-theme-enfold\" ><div\n\t class=\"tribe-common tribe-events tribe-events-view tribe-events-view--photo alignwide tribe-events-view--shortcode tribe-events-view--shortcode-e89a5463 tribe-events-pro\" \tdata-js=\"tribe-events-view\"\n\tdata-view-rest-url=\"https:\/\/boulder.earth\/es\/wp-json\/tribe\/views\/v2\/html\"\n\tdata-view-rest-method=\"GET\"\n\tdata-view-manage-url=\"\"\n\t\t\tdata-view-shortcode=\"e89a5463\"\n\t\t\t\tdata-view-breakpoint-pointer=\"05998d3e-7c20-4b6c-8aab-b355e0923473\"\n\t>\n\t<section class=\"tribe-common-l-container tribe-events-l-container\">\n\t\t<div\n\tclass=\"tribe-events-view-loader tribe-common-a11y-hidden\"\n\trole=\"alert\"\n\taria-live=\"polite\"\n>\n\t<span class=\"tribe-events-view-loader__text tribe-common-a11y-visual-hide\">\n\t\t10 eventos found.\t<\/span>\n\t<div class=\"tribe-events-view-loader__dots tribe-common-c-loader\">\n\t\t<svg\n\t class=\"tribe-common-c-svgicon tribe-common-c-svgicon--dot tribe-common-c-loader__dot tribe-common-c-loader__dot--first\" \taria-hidden=\"true\"\n\tviewBox=\"0 0 15 15\"\n\txmlns=\"http:\/\/www.w3.org\/2000\/svg\"\n>\n\t<circle cx=\"7.5\" cy=\"7.5\" r=\"7.5\"\/>\n<\/svg>\n\t\t<svg\n\t class=\"tribe-common-c-svgicon tribe-common-c-svgicon--dot tribe-common-c-loader__dot tribe-common-c-loader__dot--second\" \taria-hidden=\"true\"\n\tviewBox=\"0 0 15 15\"\n\txmlns=\"http:\/\/www.w3.org\/2000\/svg\"\n>\n\t<circle cx=\"7.5\" cy=\"7.5\" r=\"7.5\"\/>\n<\/svg>\n\t\t<svg\n\t class=\"tribe-common-c-svgicon tribe-common-c-svgicon--dot tribe-common-c-loader__dot tribe-common-c-loader__dot--third\" \taria-hidden=\"true\"\n\tviewBox=\"0 0 15 15\"\n\txmlns=\"http:\/\/www.w3.org\/2000\/svg\"\n>\n\t<circle cx=\"7.5\" cy=\"7.5\" r=\"7.5\"\/>\n<\/svg>\n\t<\/div>\n<\/div>\n\n\t\t<script type=\"application\/ld+json\">\r\n[{\"@context\":\"http:\/\/schema.org\",\"@type\":\"Event\",\"name\":\"Making a Living and a Life; ALL Careers as \\u201cEnvironmental Careers&#8221;\",\"description\":\"&lt;p&gt;This program will bring the ALL Careers Approach to Education to high school students. Planned by BVSD students and held at a BVSD School!&lt;\/p&gt;\\\\n\",\"image\":\"https:\/\/boulder.earth\/wp-content\/uploads\/2026\/04\/image-1-e1776831292645.webp\",\"url\":\"https:\/\/boulder.earth\/es\/event\/making-a-living-and-a-life-all-careers-as-environmental-careers\/\",\"eventAttendanceMode\":\"https:\/\/schema.org\/OfflineEventAttendanceMode\",\"eventStatus\":\"https:\/\/schema.org\/EventScheduled\",\"startDate\":\"2026-04-28T18:00:00-06:00\",\"endDate\":\"2026-04-28T20:00:00-06:00\",\"location\":{\"@type\":\"Place\",\"name\":\"New Vista High School\",\"description\":\"\",\"url\":\"https:\/\/boulder.earth\/es\/lugar\/new-vista-high-school\/\",\"address\":{\"@type\":\"PostalAddress\",\"streetAddress\":\"700 20th St, Boulder, 80302\"},\"geo\":{\"@type\":\"GeoCoordinates\",\"latitude\":40.0009658999999970774297253228724002838134765625,\"longitude\":-105.2671430999999984123860485851764678955078125},\"telephone\":\"\",\"sameAs\":\"\"},\"organizer\":{\"@type\":\"Person\",\"name\":\"Geo sapiens\",\"description\":\"\",\"url\":\"https:\/\/www.geosapiens.org\/\",\"telephone\":\"\",\"email\":\"\",\"sameAs\":\"https:\/\/www.geosapiens.org\/\"},\"performer\":\"Organization\"},{\"@context\":\"http:\/\/schema.org\",\"@type\":\"Event\",\"name\":\"Challenges &#038; Trade-offs in Achieving 100% Clean Electricity\",\"description\":\"&lt;p&gt;Our Boulder County chapter welcomes Ron Sinton, President of Sinton Instruments, for a Speaker Series presentation exploring the challenges and trade-offs of achieving 100% renewable energy.&lt;\/p&gt;\\\\n\",\"image\":\"https:\/\/boulder.earth\/wp-content\/uploads\/2026\/04\/Screenshot-2026-04-27-at-10.08.25-PM-e1777342133691.png\",\"url\":\"https:\/\/boulder.earth\/es\/event\/challenges-trade-offs-in-achieving-100-clean-electricity\/\",\"eventAttendanceMode\":\"https:\/\/schema.org\/OfflineEventAttendanceMode\",\"eventStatus\":\"https:\/\/schema.org\/EventScheduled\",\"startDate\":\"2026-04-28T19:00:00-06:00\",\"endDate\":\"2026-04-28T20:00:00-06:00\",\"location\":{\"@type\":\"Place\",\"name\":\"Boulder Unitarian Universalist Church\",\"description\":\"\",\"url\":\"https:\/\/boulder.earth\/es\/lugar\/boulder-unitarian-universalist-church\/\",\"address\":{\"@type\":\"PostalAddress\",\"streetAddress\":\"5001 Pennsylvania Ave, Boulder, CO 80303\"},\"geo\":{\"@type\":\"GeoCoordinates\",\"latitude\":40.0069658999999973048034007661044597625732421875,\"longitude\":-105.23259269999999787614797241985797882080078125},\"telephone\":\"\",\"sameAs\":\"\"},\"organizer\":{\"@type\":\"Person\",\"name\":\"CRES\",\"description\":\"\",\"url\":\"https:\/\/www.cres-energy.org\",\"telephone\":\"\",\"email\":\"\",\"sameAs\":\"https:\/\/www.cres-energy.org\"},\"performer\":\"Organization\"},{\"@context\":\"http:\/\/schema.org\",\"@type\":\"Event\",\"name\":\"Why Private Land Conservation Matters\",\"description\":\"&lt;p&gt;This program will feature a discussion about the importance of protecting and conserving privately owned land in Colorado for the benefit of people and wildlife.&lt;\/p&gt;\\\\n\",\"image\":\"https:\/\/boulder.earth\/wp-content\/uploads\/2018\/04\/AudubonRockies-small.png\",\"url\":\"https:\/\/boulder.earth\/es\/event\/why-private-land-conservation-matters\/\",\"eventAttendanceMode\":\"https:\/\/schema.org\/OfflineEventAttendanceMode\",\"eventStatus\":\"https:\/\/schema.org\/EventScheduled\",\"startDate\":\"2026-04-28T19:00:00-06:00\",\"endDate\":\"2026-04-28T21:00:00-06:00\",\"location\":{\"@type\":\"Place\",\"name\":\"Boulder Unitarian Universalist Church\",\"description\":\"\",\"url\":\"https:\/\/boulder.earth\/es\/lugar\/boulder-unitarian-universalist-church\/\",\"address\":{\"@type\":\"PostalAddress\",\"streetAddress\":\"5001 Pennsylvania Ave, Boulder, CO 80303\"},\"geo\":{\"@type\":\"GeoCoordinates\",\"latitude\":40.0069658999999973048034007661044597625732421875,\"longitude\":-105.23259269999999787614797241985797882080078125},\"telephone\":\"\",\"sameAs\":\"\"},\"organizer\":{\"@type\":\"Person\",\"name\":\"Boulder Audubon\",\"description\":\"\",\"url\":\"https:\/\/www.boulderaudubon.org\/\",\"telephone\":\"\",\"email\":\"\",\"sameAs\":\"https:\/\/www.boulderaudubon.org\/\"},\"performer\":\"Organization\"},{\"@context\":\"http:\/\/schema.org\",\"@type\":\"Event\",\"name\":\"Virtual Career Fair\",\"description\":\"&lt;p&gt;The NAACP Virtual Career Fair is\\u00a0open to all candidates, and we encourage candidates from diverse backgrounds to attend. You do not have to be an NAACP member to participate.&lt;\/p&gt;\\\\n\",\"image\":\"https:\/\/boulder.earth\/wp-content\/uploads\/2026\/03\/11d51a8a-1cb1-4f6a-b3fb-6f769ecf6887.png\",\"url\":\"https:\/\/boulder.earth\/es\/event\/virtual-career-fair\/\",\"eventAttendanceMode\":\"https:\/\/schema.org\/OfflineEventAttendanceMode\",\"eventStatus\":\"https:\/\/schema.org\/EventScheduled\",\"startDate\":\"2026-04-29T10:00:00-06:00\",\"endDate\":\"2026-04-29T14:00:00-06:00\",\"location\":{\"@type\":\"Place\",\"name\":\"Virtual\",\"description\":\"\",\"url\":\"https:\/\/boulder.earth\/es\/lugar\/virtual\/\",\"address\":{\"@type\":\"PostalAddress\"},\"telephone\":\"\",\"sameAs\":\"\"},\"organizer\":{\"@type\":\"Person\",\"name\":\"NAACP National\",\"description\":\"\",\"url\":\"https:\/\/naacp.org\/\",\"telephone\":\"\",\"email\":\"\",\"sameAs\":\"https:\/\/naacp.org\/\"},\"performer\":\"Organization\"},{\"@context\":\"http:\/\/schema.org\",\"@type\":\"Event\",\"name\":\"How Flowers Made Our World Webinar\",\"description\":\"&lt;p&gt;Using examples from his latest book,\\u00a0How Flowers Made Our World, David Haskell will illuminate the many ways that we live on a floral planet.&lt;\/p&gt;\\\\n\",\"image\":\"https:\/\/boulder.earth\/wp-content\/uploads\/2026\/04\/How-Flowers-Made-Our-World-Slide-e1776829480516.png\",\"url\":\"https:\/\/boulder.earth\/es\/event\/how-flowers-made-our-world-webinar\/\",\"eventAttendanceMode\":\"https:\/\/schema.org\/OfflineEventAttendanceMode\",\"eventStatus\":\"https:\/\/schema.org\/EventScheduled\",\"startDate\":\"2026-04-29T12:00:00-06:00\",\"endDate\":\"2026-04-29T13:00:00-06:00\",\"location\":{\"@type\":\"Place\",\"name\":\"Virtual\",\"description\":\"\",\"url\":\"https:\/\/boulder.earth\/es\/lugar\/virtual\/\",\"address\":{\"@type\":\"PostalAddress\"},\"telephone\":\"\",\"sameAs\":\"\"},\"organizer\":{\"@type\":\"Person\",\"name\":\"People and Pollinators Action Network\",\"description\":\"\",\"url\":\"\",\"telephone\":\"\",\"email\":\"\",\"sameAs\":\"\"},\"performer\":\"Organization\"},{\"@context\":\"http:\/\/schema.org\",\"@type\":\"Event\",\"name\":\"Nuclear Power and Artificial Intelligence Webinar\",\"description\":\"&lt;p&gt;Join experts in nuclear tech &amp; AI to learn about the environmental impact of small modular nuclear reactors and artificial intelligence.&lt;\/p&gt;\\\\n\",\"image\":\"https:\/\/boulder.earth\/wp-content\/uploads\/2026\/04\/images-_11_-e1777340579712.png\",\"url\":\"https:\/\/boulder.earth\/es\/event\/nuclear-power-and-artificial-intelligence-webinar\/\",\"eventAttendanceMode\":\"https:\/\/schema.org\/OfflineEventAttendanceMode\",\"eventStatus\":\"https:\/\/schema.org\/EventScheduled\",\"startDate\":\"2026-04-29T16:00:00-06:00\",\"endDate\":\"2026-04-29T17:00:00-06:00\",\"location\":{\"@type\":\"Place\",\"name\":\"Virtual\",\"description\":\"\",\"url\":\"https:\/\/boulder.earth\/es\/lugar\/virtual\/\",\"address\":{\"@type\":\"PostalAddress\"},\"telephone\":\"\",\"sameAs\":\"\"},\"organizer\":{\"@type\":\"Person\",\"name\":\"Naropa University\",\"description\":\"\",\"url\":\"\",\"telephone\":\"\",\"email\":\"\",\"sameAs\":\"\"},\"performer\":\"Organization\"},{\"@context\":\"http:\/\/schema.org\",\"@type\":\"Event\",\"name\":\"PEOPLE of the SACRED LAND Film Premiere &#038; Discussion\",\"description\":\"&lt;p&gt;PEOPLE of the SACRED LAND follows Richard Williams (Oglala Lakota, Northern Cheyenne) as he recounts the widely untold history of Colorado through the findings of the Truth, Restoration, and Education Commission (TREC) reports.&lt;\/p&gt;\\\\n\",\"image\":\"https:\/\/boulder.earth\/wp-content\/uploads\/2026\/04\/Screenshot-2026-04-20-at-8.41.22-AM-e1776696114981.png\",\"url\":\"https:\/\/boulder.earth\/es\/event\/people-of-the-sacred-land-film-premiere-discussion\/\",\"eventAttendanceMode\":\"https:\/\/schema.org\/OfflineEventAttendanceMode\",\"eventStatus\":\"https:\/\/schema.org\/EventScheduled\",\"startDate\":\"2026-04-29T17:30:00-06:00\",\"endDate\":\"2026-04-29T19:00:00-06:00\",\"location\":{\"@type\":\"Place\",\"name\":\"Dairy Arts Center\",\"description\":\"\",\"url\":\"https:\/\/boulder.earth\/es\/lugar\/diary-arts-center\/\",\"address\":{\"@type\":\"PostalAddress\",\"streetAddress\":\"2590 Walnut Street Boulder, CO 80302\"},\"geo\":{\"@type\":\"GeoCoordinates\",\"latitude\":40.01932330000000348491084878332912921905517578125,\"longitude\":-105.26107799999999770079739391803741455078125},\"telephone\":\"\",\"sameAs\":\"\"},\"organizer\":{\"@type\":\"Person\",\"name\":\"People of the Sacred Land\",\"description\":\"\",\"url\":\"https:\/\/peopleofthesacredland.org\/\",\"telephone\":\"\",\"email\":\"\",\"sameAs\":\"https:\/\/peopleofthesacredland.org\/\"},\"performer\":\"Organization\"},{\"@context\":\"http:\/\/schema.org\",\"@type\":\"Event\",\"name\":\"After We March, We Organize! Solidarity Warriors Indivisible Action Group\",\"description\":\"&lt;p&gt;&#x1f4da;&#x1f3a4; Every week we feature guest speakers and training on topics like:&lt;\/p&gt;\\\\n&lt;p&gt;&#x1f6e1;&#xfe0f; How to Protest Safely &#x1f30e; Immigrant Rights &#x1fab6; Indigenous History &#x1f510; Cybersecurity \\\\'0a; Community Organizing Tactics and much more!&lt;\/p&gt;\\\\n\",\"image\":\"https:\/\/boulder.earth\/wp-content\/uploads\/2026\/04\/Sunset-crowd-raised-fists-One-line-01_20250721004218694808-e1775521865495.png\",\"url\":\"https:\/\/boulder.earth\/es\/event\/after-we-march-we-organize-solidarity-warriors-indivisible-action-group\/2026-04-29\/\",\"eventAttendanceMode\":\"https:\/\/schema.org\/OfflineEventAttendanceMode\",\"eventStatus\":\"https:\/\/schema.org\/EventScheduled\",\"startDate\":\"2026-04-29T18:00:00-06:00\",\"endDate\":\"2026-04-29T19:30:00-06:00\",\"location\":{\"@type\":\"Place\",\"name\":\"Virtual\",\"description\":\"\",\"url\":\"https:\/\/boulder.earth\/es\/lugar\/virtual\/\",\"address\":{\"@type\":\"PostalAddress\"},\"telephone\":\"\",\"sameAs\":\"\"},\"organizer\":{\"@type\":\"Person\",\"name\":\"Solidarity Warriors\",\"description\":\"\",\"url\":\"https:\/\/solidaritywarriors.org\/\",\"telephone\":\"\",\"email\":\"\",\"sameAs\":\"https:\/\/solidaritywarriors.org\/\"},\"performer\":\"Organization\"},{\"@context\":\"http:\/\/schema.org\",\"@type\":\"Event\",\"name\":\"Rain Barrel Webinar: How to Choose, Install, and Maintain a Rain Barrel\",\"description\":\"&lt;p&gt;Save water, save money, and protect water quality by installing a rain barrel at home!&lt;\/p&gt;\\\\n\",\"image\":\"https:\/\/boulder.earth\/wp-content\/uploads\/2019\/04\/keep-it-clean-sm.jpg\",\"url\":\"https:\/\/boulder.earth\/es\/event\/rain-barrel-webinar-how-to-choose-install-and-maintain-a-rain-barrel\/\",\"eventAttendanceMode\":\"https:\/\/schema.org\/OfflineEventAttendanceMode\",\"eventStatus\":\"https:\/\/schema.org\/EventScheduled\",\"startDate\":\"2026-04-29T18:00:00-06:00\",\"endDate\":\"2026-04-29T19:30:00-06:00\",\"location\":{\"@type\":\"Place\",\"name\":\"Virtual\",\"description\":\"\",\"url\":\"https:\/\/boulder.earth\/es\/lugar\/virtual\/\",\"address\":{\"@type\":\"PostalAddress\"},\"telephone\":\"\",\"sameAs\":\"\"},\"organizer\":{\"@type\":\"Person\",\"name\":\"Keep it Clean Partnership\",\"description\":\"\",\"url\":\"https:\/\/www.keepitcleanpartnership.org\/\",\"telephone\":\"\",\"email\":\"\",\"sameAs\":\"https:\/\/www.keepitcleanpartnership.org\/\"},\"performer\":\"Organization\"},{\"@context\":\"http:\/\/schema.org\",\"@type\":\"Event\",\"name\":\"How Flowers Made Our World Webinar\",\"description\":\"&lt;p&gt;Flowers are revolutionaries. When flowering plants evolved, they swiftly transformed the planet, and their productivity sustains much of life today.&lt;\/p&gt;\\\\n\",\"image\":\"https:\/\/boulder.earth\/wp-content\/uploads\/2026\/04\/Flowers-Haskell-Cover-JPG-_1_-1-e1777342410131.jpg\",\"url\":\"https:\/\/boulder.earth\/es\/event\/how-flowers-made-our-world-webinar-2\/\",\"eventAttendanceMode\":\"https:\/\/schema.org\/OfflineEventAttendanceMode\",\"eventStatus\":\"https:\/\/schema.org\/EventScheduled\",\"startDate\":\"2026-04-30T12:00:00-06:00\",\"endDate\":\"2026-04-30T13:00:00-06:00\",\"location\":{\"@type\":\"Place\",\"name\":\"Virtual\",\"description\":\"\",\"url\":\"https:\/\/boulder.earth\/es\/lugar\/virtual\/\",\"address\":{\"@type\":\"PostalAddress\"},\"telephone\":\"\",\"sameAs\":\"\"},\"organizer\":{\"@type\":\"Person\",\"name\":\"People and Pollinators Action Network\",\"description\":\"\",\"url\":\"\",\"telephone\":\"\",\"email\":\"\",\"sameAs\":\"\"},\"performer\":\"Organization\"}]\r\n<\/script>\n\t\t<script data-js=\"tribe-events-view-data\" type=\"application\/json\">\n\t{\"slug\":\"photo\",\"prev_url\":\"https:\\\/\\\/boulder.earth\\\/es\\\/events\\\/photo\\\/?rest_route=%2Fwp%2Fv2%2Fpages%2F10611&shortcode=e89a5463&eventDisplay=past\",\"next_url\":\"https:\\\/\\\/boulder.earth\\\/es\\\/events\\\/photo\\\/(\\\/?:page)\\\/(\\\\d_)\\\/&shortcode=e89a5463\",\"view_class\":\"Tribe\\\\Events\\\\Pro\\\\Views\\\\V2\\\\Views\\\\Photo_View\",\"view_slug\":\"photo\",\"view_label\":\"Photo\",\"title\":\"Eventos from abril 28 \\u2013 abril 30 \\u2013 Boulder.Earth Climate Action Portal\",\"events\":[10003639,10003652,10003468,10003382,10003469,10003648,10003463,10003391,10003446,10003653],\"url\":\"https:\\\/\\\/boulder.earth\\\/es\\\/events\\\/photo\\\/?shortcode=e89a5463\",\"url_event_date\":false,\"bar\":{\"keyword\":\"\",\"date\":\"\"},\"today\":\"2026-04-28 00:00:00\",\"now\":\"2026-04-28 13:23:16\",\"home_url\":\"https:\\\/\\\/boulder.earth\\\/es\",\"rest_url\":\"https:\\\/\\\/boulder.earth\\\/es\\\/wp-json\\\/tribe\\\/views\\\/v2\\\/html\",\"rest_method\":\"GET\",\"rest_nonce\":\"\",\"should_manage_url\":false,\"today_url\":\"https:\\\/\\\/boulder.earth\\\/es\\\/events\\\/photo\\\/?rest_route=%2Fwp%2Fv2%2Fpages%2F10611&shortcode=e89a5463\",\"today_title\":\"Click to select today's date\",\"today_label\":\"Hoy\",\"prev_label\":\"\",\"next_label\":\"\",\"date_formats\":{\"compact\":\"Y-m-d\",\"month_and_year_compact\":\"Y-m\",\"month_and_year\":\"F Y\",\"time_range_separator\":\" - \",\"date_time_separator\":\" @ \"},\"messages\":[],\"start_of_week\":\"0\",\"header_title\":\"\",\"header_title_element\":\"h1\",\"content_title\":\"\",\"show_content_title\":false,\"breadcrumbs\":[],\"backlink\":false,\"before_events\":\"\",\"after_events\":\"\",\"display_events_bar\":true,\"disable_event_search\":false,\"live_refresh\":true,\"ical\":{\"display_link\":true,\"link\":{\"url\":\"https:\\\/\\\/boulder.earth\\\/es\\\/events\\\/photo\\\/?shortcode=e89a5463&#038;ical=1\",\"text\":\"Exportar Eventos\",\"title\":\"Usa esto para compartir los datos del calendario con Google Calendar, Apple iCal y otras aplicaciones compatibles\"}},\"container_classes\":[\"tribe-common\",\"tribe-events\",\"tribe-events-view\",\"tribe-events-view--photo\",\"alignwide\",\"tribe-events-view--shortcode\",\"tribe-events-view--shortcode-e89a5463\",\"tribe-events-pro\"],\"container_data\":{\"shortcode\":\"e89a5463\"},\"is_past\":false,\"breakpoints\":{\"xsmall\":500,\"medium\":768,\"full\":960},\"breakpoint_pointer\":\"05998d3e-7c20-4b6c-8aab-b355e0923473\",\"is_initial_load\":false,\"public_views\":{\"list\":{\"view_class\":\"Tribe\\\\Events\\\\Views\\\\V2\\\\Views\\\\List_View\",\"view_url\":\"https:\\\/\\\/boulder.earth\\\/es\\\/events\\\/(\\\/?:list)\\\/&shortcode=e89a5463\",\"view_label\":\"Lista\",\"aria_label\":\"Display Eventos in Lista View\"},\"month\":{\"view_class\":\"Tribe\\\\Events\\\\Views\\\\V2\\\\Views\\\\Month_View\",\"view_url\":\"https:\\\/\\\/boulder.earth\\\/es\\\/events\\\/(\\\/?:month)\\\/&shortcode=e89a5463\",\"view_label\":\"Mes\",\"aria_label\":\"Display Eventos in Mes View\"},\"day\":{\"view_class\":\"Tribe\\\\Events\\\\Views\\\\V2\\\\Views\\\\Day_View\",\"view_url\":\"https:\\\/\\\/boulder.earth\\\/es\\\/events\\\/(\\\/?:today)\\\/&shortcode=e89a5463\",\"view_label\":\"D\\u00eda\",\"aria_label\":\"Display Eventos in D\\u00eda View\"},\"photo\":{\"view_class\":\"Tribe\\\\Events\\\\Pro\\\\Views\\\\V2\\\\Views\\\\Photo_View\",\"view_url\":\"https:\\\/\\\/boulder.earth\\\/es\\\/events\\\/photo\\\/?shortcode=e89a5463\",\"view_label\":\"Photo\",\"aria_label\":\"Display Eventos in Photo View\"},\"week\":{\"view_class\":\"Tribe\\\\Events\\\\Pro\\\\Views\\\\V2\\\\Views\\\\Week_View\",\"view_url\":\"https:\\\/\\\/boulder.earth\\\/es\\\/events\\\/week\\\/?shortcode=e89a5463\",\"view_label\":\"Week\",\"aria_label\":\"Display Eventos in Week View\"}},\"show_latest_past\":true,\"past\":false,\"placeholder_url\":\"https:\\\/\\\/boulder.earth\\\/wp-content\\\/plugins\\\/events-calendar-pro\\\/src\\\/resources\\\/images\\\/tribe-event-placeholder-image.svg\",\"show_now\":true,\"now_label\":\"Ahora\",\"now_label_mobile\":\"Ahora\",\"show_end\":true,\"selected_start_datetime\":\"2026-04-28\",\"selected_start_date_mobile\":\"2026-04-28\",\"selected_start_date_label\":\"abril 28\",\"selected_end_datetime\":\"2026-04-30\",\"selected_end_date_mobile\":\"2026-04-30\",\"selected_end_date_label\":\"abril 30\",\"datepicker_date\":\"2026-04-28\",\"subscribe_links\":{\"gcal\":{\"label\":\"Google Calendar\",\"single_label\":\"A\\u00f1adir a Google Calendar\",\"visible\":true,\"block_slug\":\"hasGoogleCalendar\"},\"ical\":{\"label\":\"iCalendar\",\"single_label\":\"Add to iCalendar\",\"visible\":true,\"block_slug\":\"hasiCal\"},\"outlook-365\":{\"label\":\"Outlook 365\",\"single_label\":\"Outlook 365\",\"visible\":true,\"block_slug\":\"hasOutlook365\"},\"outlook-live\":{\"label\":\"Outlook Live\",\"single_label\":\"Outlook Live\",\"visible\":true,\"block_slug\":\"hasOutlookLive\"},\"ics\":{\"label\":\"Export .ics file\",\"single_label\":\"Export .ics file\",\"visible\":true,\"block_slug\":null},\"outlook-ics\":{\"label\":\"Export Outlook .ics file\",\"single_label\":\"Export Outlook .ics file\",\"visible\":true,\"block_slug\":null}},\"display_recurring_toggle\":false,\"_context\":{\"slug\":\"photo\",\"should_manage_url\":false},\"text\":\"Loading...\",\"classes\":[\"tribe-common-c-loader__dot\",\"tribe-common-c-loader__dot--third\"]}<\/script>\n\n\t\t\n\t\t\n<header  class=\"tribe-events-header tribe-events-header--has-event-search\" >\n\t<div class=\"tribe-events-header__content-title\">\n\t<h1 class=\"screen-reader-text tec-a11y-title-hidden\">Eventos<\/h1><\/div>\n\n\t\n\t\n\t<div\n\t class=\"tribe-events-header__events-bar tribe-events-c-events-bar tribe-events-c-events-bar--border\" \tdata-js=\"tribe-events-events-bar\"\n>\n\n\t<h2 class=\"tribe-common-a11y-visual-hide\">\n\t\tB\u00fasqueda y navegaci\u00f3 de vistas de Eventos\t<\/h2>\n\n\t\t\t<button\n\tclass=\"tribe-events-c-events-bar__search-button\"\n\taria-controls=\"tribe-events-search-container\"\n\taria-expanded=\"false\"\n\tdata-js=\"tribe-events-search-button\"\n>\n\t<svg\n\t class=\"tribe-common-c-svgicon tribe-common-c-svgicon--search tribe-events-c-events-bar__search-button-icon-svg\" \taria-hidden=\"true\"\n\tviewBox=\"0 0 16 16\"\n\txmlns=\"http:\/\/www.w3.org\/2000\/svg\"\n>\n\t<path fill-rule=\"evenodd\" clip-rule=\"evenodd\" d=\"M11.164 10.133L16 14.97 14.969 16l-4.836-4.836a6.225 6.225 0 01-3.875 1.352 6.24 6.24 0 01-4.427-1.832A6.272 6.272 0 010 6.258 6.24 6.24 0 011.831 1.83 6.272 6.272 0 016.258 0c1.67 0 3.235.658 4.426 1.831a6.272 6.272 0 011.832 4.427c0 1.422-.48 2.773-1.352 3.875zM6.258 1.458c-1.28 0-2.49.498-3.396 1.404-1.866 1.867-1.866 4.925 0 6.791a4.774 4.774 0 003.396 1.405c1.28 0 2.489-.498 3.395-1.405 1.867-1.866 1.867-4.924 0-6.79a4.774 4.774 0 00-3.395-1.405z\"\/>\n<\/svg>\n\t<span class=\"tribe-events-c-events-bar__search-button-text tribe-common-a11y-visual-hide\">\n\t\tBuscar\t<\/span>\n<\/button>\n\n\t\t<div\n\t\t\tclass=\"tribe-events-c-events-bar__search-container\"\n\t\t\tid=\"tribe-events-search-container\"\n\t\t\tdata-js=\"tribe-events-search-container\"\n\t\t>\n\t\t\t<div\n\tclass=\"tribe-events-c-events-bar__search\"\n\tid=\"tribe-events-events-bar-search\"\n\tdata-js=\"tribe-events-events-bar-search\"\n>\n\t<form\n\t\tclass=\"tribe-events-c-search tribe-events-c-events-bar__search-form\"\n\t\tmethod=\"get\"\n\t\tdata-js=\"tribe-events-view-form\"\n\t\trole=\"search\"\n\t>\n\t\t<input type=\"hidden\" name=\"tribe-events-views[url]\" value=\"https:\/\/boulder.earth\/es\/events\/photo\/?shortcode=e89a5463\" \/>\n\n\t\t<div class=\"tribe-events-c-search__input-group\">\n\t\t\t<div\n\tclass=\"tribe-common-form-control-text tribe-events-c-search__input-control tribe-events-c-search__input-control--keyword\"\n\tdata-js=\"tribe-events-events-bar-input-control\"\n>\n\t<label class=\"tribe-common-form-control-text__label\" for=\"tribe-events-events-bar-keyword\">\n\t\tIntroduce la palabra clave. Busca Eventos para la palabra clave.\t<\/label>\n\t<input\n\t\tclass=\"tribe-common-form-control-text__input tribe-events-c-search__input\"\n\t\tdata-js=\"tribe-events-events-bar-input-control-input\"\n\t\ttype=\"text\"\n\t\tid=\"tribe-events-events-bar-keyword\"\n\t\tname=\"tribe-events-views[tribe-bar-search]\"\n\t\tvalue=\"\"\n\t\tplaceholder=\"Buscar eventos\"\n\t\taria-label=\"Introduce la palabra clave. Busca eventos para la palabra clave.\"\n\t\/>\n\t<svg\n\t class=\"tribe-common-c-svgicon tribe-common-c-svgicon--search tribe-events-c-search__input-control-icon-svg\" \taria-hidden=\"true\"\n\tviewBox=\"0 0 16 16\"\n\txmlns=\"http:\/\/www.w3.org\/2000\/svg\"\n>\n\t<path fill-rule=\"evenodd\" clip-rule=\"evenodd\" d=\"M11.164 10.133L16 14.97 14.969 16l-4.836-4.836a6.225 6.225 0 01-3.875 1.352 6.24 6.24 0 01-4.427-1.832A6.272 6.272 0 010 6.258 6.24 6.24 0 011.831 1.83 6.272 6.272 0 016.258 0c1.67 0 3.235.658 4.426 1.831a6.272 6.272 0 011.832 4.427c0 1.422-.48 2.773-1.352 3.875zM6.258 1.458c-1.28 0-2.49.498-3.396 1.404-1.866 1.867-1.866 4.925 0 6.791a4.774 4.774 0 003.396 1.405c1.28 0 2.489-.498 3.395-1.405 1.867-1.866 1.867-4.924 0-6.79a4.774 4.774 0 00-3.395-1.405z\"\/>\n<\/svg>\n<\/div>\n<div\n\tclass=\"tribe-common-form-control-text tribe-events-c-search__input-control tribe-events-c-search__input-control--location\"\n\tdata-js=\"tribe-events-events-bar-input-control\"\n>\n\t<label class=\"tribe-common-form-control-text__label\" for=\"tribe-events-events-bar-location\">\n\t\tEnter Location. Search for Eventos by Location.\t<\/label>\n\t<input\n\t\tclass=\"tribe-common-form-control-text__input tribe-events-c-search__input tribe-events-c-search__input--icon\"\n\t\tdata-js=\"tribe-events-events-bar-input-control-input\"\n\t\ttype=\"text\"\n\t\tid=\"tribe-events-events-bar-location\"\n\t\tname=\"tribe-events-views[tribe-bar-location]\"\n\t\tvalue=\"\"\n\t\tplaceholder=\"In a location\"\n\t\taria-label=\"Enter Location. Search for Eventos by Location.\"\n\t\/>\n\t<svg\n\t class=\"tribe-common-c-svgicon tribe-common-c-svgicon--location tribe-events-c-search__input-control-icon-svg\" \taria-hidden=\"true\"\n\tviewBox=\"0 0 10 16\"\n\txmlns=\"http:\/\/www.w3.org\/2000\/svg\"\n>\n\t<path fill-rule=\"evenodd\" clip-rule=\"evenodd\" d=\"M8.682 1.548a5.166 5.166 0 00-7.375 0C-3.073 5.984 4.959 15.36 4.994 15.36c.051-.001 8.092-9.35 3.688-13.812zM4.994 2.833c1.27 0 2.301 1.043 2.301 2.331 0 1.287-1.03 2.33-2.301 2.33-1.272 0-2.3-1.043-2.3-2.33 0-1.287 1.028-2.331 2.3-2.331z\"\/>\n<\/svg>\n<\/div>\n\t\t<\/div>\n\n\t\t<button\n\tclass=\"tribe-common-c-btn tribe-events-c-search__button\"\n\ttype=\"submit\"\n\tname=\"submit-bar\"\n>\n\tBuscar Eventos<\/button>\n\t<\/form>\n<\/div>\n\t\t<\/div>\n\t\n\t<div class=\"tribe-events-c-events-bar__views\">\n\t<h3 class=\"tribe-common-a11y-visual-hide\">\n\t\tNavegaci\u00f3n de vistas de Evento\t<\/h3>\n\t<div  class=\"tribe-events-c-view-selector tribe-events-c-view-selector--labels\"  data-js=\"tribe-events-view-selector\">\n\t\t<button\n\t\t\tclass=\"tribe-events-c-view-selector__button tribe-common-c-btn__clear\"\n\t\t\tdata-js=\"tribe-events-view-selector-button\"\n\t\t\taria-current=\"true\"\n\t\t\taria-description=\"Select Calendar View\"\n\t\t>\n\t\t\t<span class=\"tribe-events-c-view-selector__button-icon\">\n\t\t\t\t<svg\n\t class=\"tribe-common-c-svgicon tribe-common-c-svgicon--photo tribe-events-c-view-selector__button-icon-svg\" \taria-hidden=\"true\"\n\tviewBox=\"0 0 19 18\"\n\txmlns=\"http:\/\/www.w3.org\/2000\/svg\"\n>\n\t<path fill-rule=\"evenodd\" clip-rule=\"evenodd\" d=\"M17.536 0H.539a.484.484 0 00-.495.483v17.034c0 .27.218.483.495.483h16.997a.484.484 0 00.495-.483V.483A.484.484 0 0017.536 0zm-.515.986V13.73l-1.907-2.938c-.555-.58-1.584-.58-2.139 0l-1.327 1.41-3.841-4.31a1.548 1.548 0 00-1.169-.502c-.435 0-.871.193-1.148.522l-4.436 4.929V.986h15.967zM1.054 14.329v2.705h15.987v-1.835l-2.66-3.73c-.178-.175-.495-.175-.653 0l-1.703 1.816c-.1.097-.218.174-.377.155a.569.569 0 01-.376-.174L7.054 8.53a.577.577 0 00-.416-.174.504.504 0 00-.396.174l-5.188 5.798z\" class=\"tribe-common-c-svgicon__svg-fill\"\/><path fill-rule=\"evenodd\" clip-rule=\"evenodd\" d=\"M14.682 5.875c0 1.043-.825 1.875-1.82 1.875-.993 0-1.818-.832-1.818-1.875C11.044 4.83 11.85 4 12.863 4c1.012 0 1.819.831 1.819 1.875zm-.957 0c0-.483-.393-.89-.862-.89s-.863.407-.863.89c0 .483.394.889.863.889s.862-.406.862-.89z\" class=\"tribe-common-c-svgicon__svg-fill\"\/>\n<\/svg>\n\t\t\t<\/span>\n\t\t\t<span class=\"tribe-events-c-view-selector__button-text tribe-common-a11y-visual-hide\">\n\t\t\t\tPhoto\t\t\t<\/span>\n\t\t\t<svg\n\t class=\"tribe-common-c-svgicon tribe-common-c-svgicon--caret-down tribe-events-c-view-selector__button-icon-caret-svg\" \taria-hidden=\"true\"\n\tviewBox=\"0 0 10 7\"\n\txmlns=\"http:\/\/www.w3.org\/2000\/svg\"\n>\n\t<path fill-rule=\"evenodd\" clip-rule=\"evenodd\" d=\"M1.008.609L5 4.6 8.992.61l.958.958L5 6.517.05 1.566l.958-.958z\" class=\"tribe-common-c-svgicon__svg-fill\"\/>\n<\/svg>\n\t\t<\/button>\n\t\t<div\n\tclass=\"tribe-events-c-view-selector__content\"\n\tid=\"tribe-events-view-selector-content\"\n\tdata-js=\"tribe-events-view-selector-list-container\"\n>\n\t<ul class=\"tribe-events-c-view-selector__list\">\n\t\t\t\t\t<li\n\t class=\"tribe-events-c-view-selector__list-item tribe-events-c-view-selector__list-item--list\" >\n\t<a\n\t\thref=\"https:\/\/boulder.earth\/es\/events\/(\/?:list)\/&#038;shortcode=e89a5463\"\n\t\tclass=\"tribe-events-c-view-selector__list-item-link\"\n\t\tdata-js=\"tribe-events-view-link\"\n\t\taria-label=\"Display Eventos in Lista View\"\n\t\t\t>\n\t\t<span class=\"tribe-events-c-view-selector__list-item-icon\">\n\t\t\t<svg\n\t class=\"tribe-common-c-svgicon tribe-common-c-svgicon--list tribe-events-c-view-selector__list-item-icon-svg\" \taria-hidden=\"true\"\n\tviewBox=\"0 0 19 19\"\n\txmlns=\"http:\/\/www.w3.org\/2000\/svg\"\n>\n\t<path fill-rule=\"evenodd\" clip-rule=\"evenodd\" d=\"M.451.432V17.6c0 .238.163.432.364.432H18.12c.2 0 .364-.194.364-.432V.432c0-.239-.163-.432-.364-.432H.815c-.2 0-.364.193-.364.432zm.993.81h16.024V3.56H1.444V1.24zM17.468 3.56H1.444v13.227h16.024V3.56z\" class=\"tribe-common-c-svgicon__svg-fill\"\/>\n\t<g clip-path=\"url(#tribe-events-c-view-selector__list-item-icon-svg-0)\" class=\"tribe-common-c-svgicon__svg-fill\">\n\t\t<path fill-rule=\"evenodd\" clip-rule=\"evenodd\" d=\"M11.831 4.912v1.825c0 .504.409.913.913.913h1.825a.913.913 0 00.912-.913V4.912A.913.913 0 0014.57 4h-1.825a.912.912 0 00-.913.912z\"\/>\n\t\t<path d=\"M8.028 7.66a.449.449 0 00.446-.448v-.364c0-.246-.2-.448-.446-.448h-4.13a.449.449 0 00-.447.448v.364c0 .246.201.448.447.448h4.13zM9.797 5.26a.449.449 0 00.447-.448v-.364c0-.246-.201-.448-.447-.448h-5.9a.449.449 0 00-.446.448v.364c0 .246.201.448.447.448h5.9z\"\/>\n\t<\/g>\n\t<g clip-path=\"url(#tribe-events-c-view-selector__list-item-icon-svg-1)\" class=\"tribe-common-c-svgicon__svg-fill\">\n\t\t\t<path fill-rule=\"evenodd\" clip-rule=\"evenodd\" d=\"M11.831 10.912v1.825c0 .505.409.913.913.913h1.825a.913.913 0 00.912-.912v-1.825A.913.913 0 0014.57 10h-1.825a.912.912 0 00-.913.912z\"\/>\n\t\t<path d=\"M8.028 13.66a.449.449 0 00.446-.448v-.364c0-.246-.2-.448-.446-.448h-4.13a.449.449 0 00-.447.448v.364c0 .246.201.448.447.448h4.13zM9.797 11.26a.449.449 0 00.447-.448v-.364c0-.246-.201-.448-.447-.448h-5.9a.449.449 0 00-.446.448v.364c0 .246.201.448.447.448h5.9z\"\/>\n\t<\/g>\n\t<defs>\n\t\t<clipPath id=\"tribe-events-c-view-selector__list-item-icon-svg-0\">\n\t\t\t<path transform=\"translate(3.451 4)\" d=\"M0 0h13v4H0z\"\/>\n\t\t<\/clipPath>\n\t\t<clipPath id=\"tribe-events-c-view-selector__list-item-icon-svg-1\">\n\t\t\t<path transform=\"translate(3.451 10)\" d=\"M0 0h13v4H0z\"\/>\n\t\t<\/clipPath>\n\t<\/defs>\n<\/svg>\n\t\t<\/span>\n\t\t<span class=\"tribe-events-c-view-selector__list-item-text\">\n\t\t\tLista\t\t<\/span>\n\t<\/a>\n<\/li>\n\t\t\t\t\t<li\n\t class=\"tribe-events-c-view-selector__list-item tribe-events-c-view-selector__list-item--month\" >\n\t<a\n\t\thref=\"https:\/\/boulder.earth\/es\/events\/(\/?:month)\/&#038;shortcode=e89a5463\"\n\t\tclass=\"tribe-events-c-view-selector__list-item-link\"\n\t\tdata-js=\"tribe-events-view-link\"\n\t\taria-label=\"Display Eventos in Mes View\"\n\t\t\t>\n\t\t<span class=\"tribe-events-c-view-selector__list-item-icon\">\n\t\t\t<svg\n\t class=\"tribe-common-c-svgicon tribe-common-c-svgicon--month tribe-events-c-view-selector__list-item-icon-svg\" \taria-hidden=\"true\"\n\tviewBox=\"0 0 18 19\"\n\txmlns=\"http:\/\/www.w3.org\/2000\/svg\"\n>\n\t<path fill-rule=\"evenodd\" clip-rule=\"evenodd\" d=\"M0 .991v17.04c0 .236.162.428.361.428h17.175c.2 0 .361-.192.361-.429V.991c0-.237-.162-.428-.361-.428H.36C.161.563 0 .754 0 .99zm.985.803H16.89v2.301H.985v-2.3zM16.89 5.223H.985v12H16.89v-12zM6.31 7.366v.857c0 .237.192.429.429.429h.857a.429.429 0 00.428-.429v-.857a.429.429 0 00-.428-.429H6.74a.429.429 0 00-.429.429zm3.429.857v-.857c0-.237.191-.429.428-.429h.857c.237 0 .429.192.429.429v.857a.429.429 0 01-.429.429h-.857a.429.429 0 01-.428-.429zm3.428-.857v.857c0 .237.192.429.429.429h.857a.429.429 0 00.428-.429v-.857a.429.429 0 00-.428-.429h-.857a.429.429 0 00-.429.429zm-6.857 4.286v-.858c0-.236.192-.428.429-.428h.857c.236 0 .428.192.428.428v.858a.429.429 0 01-.428.428H6.74a.429.429 0 01-.429-.428zm3.429-.858v.858c0 .236.191.428.428.428h.857a.429.429 0 00.429-.428v-.858a.429.429 0 00-.429-.428h-.857a.428.428 0 00-.428.428zm3.428.858v-.858c0-.236.192-.428.429-.428h.857c.236 0 .428.192.428.428v.858a.429.429 0 01-.428.428h-.857a.429.429 0 01-.429-.428zm-10.286-.858v.858c0 .236.192.428.429.428h.857a.429.429 0 00.429-.428v-.858a.429.429 0 00-.429-.428h-.857a.429.429 0 00-.429.428zm0 4.286v-.857c0-.237.192-.429.429-.429h.857c.237 0 .429.192.429.429v.857a.429.429 0 01-.429.429h-.857a.429.429 0 01-.429-.429zm3.429-.857v.857c0 .237.192.429.429.429h.857a.429.429 0 00.428-.429v-.857a.429.429 0 00-.428-.429H6.74a.429.429 0 00-.429.429zm3.429.857v-.857c0-.237.191-.429.428-.429h.857c.237 0 .429.192.429.429v.857a.429.429 0 01-.429.429h-.857a.429.429 0 01-.428-.429z\" class=\"tribe-common-c-svgicon__svg-fill\"\/>\n<\/svg>\n\t\t<\/span>\n\t\t<span class=\"tribe-events-c-view-selector__list-item-text\">\n\t\t\tMes\t\t<\/span>\n\t<\/a>\n<\/li>\n\t\t\t\t\t<li\n\t class=\"tribe-events-c-view-selector__list-item tribe-events-c-view-selector__list-item--day\" >\n\t<a\n\t\thref=\"https:\/\/boulder.earth\/es\/events\/(\/?:today)\/&#038;shortcode=e89a5463\"\n\t\tclass=\"tribe-events-c-view-selector__list-item-link\"\n\t\tdata-js=\"tribe-events-view-link\"\n\t\taria-label=\"Display Eventos in D\u00eda View\"\n\t\t\t>\n\t\t<span class=\"tribe-events-c-view-selector__list-item-icon\">\n\t\t\t<svg\n\t class=\"tribe-common-c-svgicon tribe-common-c-svgicon--day tribe-events-c-view-selector__list-item-icon-svg\" \taria-hidden=\"true\"\n\tviewBox=\"0 0 19 18\"\n\txmlns=\"http:\/\/www.w3.org\/2000\/svg\"\n>\n\t<path fill-rule=\"evenodd\" clip-rule=\"evenodd\" d=\"M.363 17.569V.43C.363.193.526 0 .726 0H18c.201 0 .364.193.364.431V17.57c0 .238-.163.431-.364.431H.726c-.2 0-.363-.193-.363-.431zm16.985-16.33H1.354v2.314h15.994V1.24zM1.354 4.688h15.994v12.07H1.354V4.687zm11.164 9.265v-1.498c0-.413.335-.748.748-.748h1.498c.413 0 .748.335.748.748v1.498a.749.749 0 01-.748.748h-1.498a.749.749 0 01-.748-.748z\" class=\"tribe-common-c-svgicon__svg-fill\"\/>\n<\/svg>\n\t\t<\/span>\n\t\t<span class=\"tribe-events-c-view-selector__list-item-text\">\n\t\t\tD\u00eda\t\t<\/span>\n\t<\/a>\n<\/li>\n\t\t\t\t\t<li\n\t class=\"tribe-events-c-view-selector__list-item tribe-events-c-view-selector__list-item--photo tribe-events-c-view-selector__list-item--active\" >\n\t<a\n\t\thref=\"https:\/\/boulder.earth\/es\/events\/photo\/?shortcode=e89a5463\"\n\t\tclass=\"tribe-events-c-view-selector__list-item-link\"\n\t\tdata-js=\"tribe-events-view-link\"\n\t\taria-label=\"Display Eventos in Photo View\"\n\t\t\t\taria-current=\"true\"\n\t\t\t>\n\t\t<span class=\"tribe-events-c-view-selector__list-item-icon\">\n\t\t\t<svg\n\t class=\"tribe-common-c-svgicon tribe-common-c-svgicon--photo tribe-events-c-view-selector__list-item-icon-svg\" \taria-hidden=\"true\"\n\tviewBox=\"0 0 19 18\"\n\txmlns=\"http:\/\/www.w3.org\/2000\/svg\"\n>\n\t<path fill-rule=\"evenodd\" clip-rule=\"evenodd\" d=\"M17.536 0H.539a.484.484 0 00-.495.483v17.034c0 .27.218.483.495.483h16.997a.484.484 0 00.495-.483V.483A.484.484 0 0017.536 0zm-.515.986V13.73l-1.907-2.938c-.555-.58-1.584-.58-2.139 0l-1.327 1.41-3.841-4.31a1.548 1.548 0 00-1.169-.502c-.435 0-.871.193-1.148.522l-4.436 4.929V.986h15.967zM1.054 14.329v2.705h15.987v-1.835l-2.66-3.73c-.178-.175-.495-.175-.653 0l-1.703 1.816c-.1.097-.218.174-.377.155a.569.569 0 01-.376-.174L7.054 8.53a.577.577 0 00-.416-.174.504.504 0 00-.396.174l-5.188 5.798z\" class=\"tribe-common-c-svgicon__svg-fill\"\/><path fill-rule=\"evenodd\" clip-rule=\"evenodd\" d=\"M14.682 5.875c0 1.043-.825 1.875-1.82 1.875-.993 0-1.818-.832-1.818-1.875C11.044 4.83 11.85 4 12.863 4c1.012 0 1.819.831 1.819 1.875zm-.957 0c0-.483-.393-.89-.862-.89s-.863.407-.863.89c0 .483.394.889.863.889s.862-.406.862-.89z\" class=\"tribe-common-c-svgicon__svg-fill\"\/>\n<\/svg>\n\t\t<\/span>\n\t\t<span class=\"tribe-events-c-view-selector__list-item-text\">\n\t\t\tPhoto\t\t<\/span>\n\t<\/a>\n<\/li>\n\t\t\t\t\t<li\n\t class=\"tribe-events-c-view-selector__list-item tribe-events-c-view-selector__list-item--week\" >\n\t<a\n\t\thref=\"https:\/\/boulder.earth\/es\/events\/week\/?shortcode=e89a5463\"\n\t\tclass=\"tribe-events-c-view-selector__list-item-link\"\n\t\tdata-js=\"tribe-events-view-link\"\n\t\taria-label=\"Display Eventos in Week View\"\n\t\t\t>\n\t\t<span class=\"tribe-events-c-view-selector__list-item-icon\">\n\t\t\t<svg\n\t class=\"tribe-common-c-svgicon tribe-common-c-svgicon--week tribe-events-c-view-selector__list-item-icon-svg\" \taria-hidden=\"true\"\n\tviewBox=\"0 0 19 18\"\n\txmlns=\"http:\/\/www.w3.org\/2000\/svg\"\n>\n\t<path fill-rule=\"evenodd\" clip-rule=\"evenodd\" d=\"M.363.431V17.57c0 .238.163.431.363.431H18c.201 0 .364-.193.364-.431V.43c0-.238-.163-.431-.364-.431H.726c-.2 0-.363.193-.363.431zm.99.808h15.995v2.314H1.354V1.24zm15.995 3.449H1.354v12.07h15.994V4.687zM6.71 10.29v.862c0 .239.193.431.431.431h.862a.431.431 0 00.431-.43v-.863a.431.431 0 00-.43-.43H7.14a.431.431 0 00-.43.43zm3.448.862v-.862c0-.238.193-.43.431-.43h.862c.238 0 .431.192.431.43v.862a.431.431 0 01-.43.431h-.863a.431.431 0 01-.43-.43zm3.449-.862v.862c0 .239.193.431.43.431h.863a.431.431 0 00.43-.43v-.863a.431.431 0 00-.43-.43h-.862a.431.431 0 00-.431.43zm-10.345.862v-.862c0-.238.193-.43.43-.43h.863c.238 0 .43.192.43.43v.862a.431.431 0 01-.43.431h-.862a.431.431 0 01-.431-.43z\" class=\"tribe-common-c-svgicon__svg-fill\"\/>\n<\/svg>\n\t\t<\/span>\n\t\t<span class=\"tribe-events-c-view-selector__list-item-text\">\n\t\t\tWeek\t\t<\/span>\n\t<\/a>\n<\/li>\n\t\t\t<\/ul>\n<\/div>\n\t<\/div>\n<\/div>\n\n<\/div>\n\n\t<div class=\"tribe-events-c-top-bar tribe-events-header__top-bar\">\n\n\t<nav class=\"tribe-events-c-top-bar__nav tribe-common-a11y-hidden\" aria-label=\"Top eventos list pagination\">\n\t<ul class=\"tribe-events-c-top-bar__nav-list\">\n\t\t<li class=\"tribe-events-c-top-bar__nav-list-item\">\n\t<a\n\t\thref=\"https:\/\/boulder.earth\/es\/events\/photo\/?rest_route=%2Fwp%2Fv2%2Fpages%2F10611&#038;shortcode=e89a5463&#038;eventDisplay=past\"\n\t\tclass=\"tribe-common-c-btn-icon tribe-common-c-btn-icon--caret-left tribe-events-c-top-bar__nav-link tribe-events-c-top-bar__nav-link--prev\"\n\t\taria-label=\"Previous Eventos\"\n\t\ttitle=\"Previous Eventos\"\n\t\tdata-js=\"tribe-events-view-link\"\n\t>\n\t\t<svg\n\t class=\"tribe-common-c-svgicon tribe-common-c-svgicon--caret-left tribe-common-c-btn-icon__icon-svg tribe-events-c-top-bar__nav-link-icon-svg\" \taria-hidden=\"true\"\n\tviewBox=\"0 0 10 16\"\n\txmlns=\"http:\/\/www.w3.org\/2000\/svg\"\n>\n\t<path d=\"M9.7 14.4l-1.5 1.5L.3 8 8.2.1l1.5 1.5L3.3 8l6.4 6.4z\"\/>\n<\/svg>\n\t<\/a>\n<\/li>\n\n\t\t<li class=\"tribe-events-c-top-bar__nav-list-item\">\n\t<a\n\t\thref=\"https:\/\/boulder.earth\/es\/events\/photo\/(\/?:page)\/(d_)\/&#038;shortcode=e89a5463\"\n\t\tclass=\"tribe-common-c-btn-icon tribe-common-c-btn-icon--caret-right tribe-events-c-top-bar__nav-link tribe-events-c-top-bar__nav-link--next\"\n\t\taria-label=\"Next Eventos\"\n\t\ttitle=\"Next Eventos\"\n\t\tdata-js=\"tribe-events-view-link\"\n\t>\n\t\t<svg\n\t class=\"tribe-common-c-svgicon tribe-common-c-svgicon--caret-right tribe-common-c-btn-icon__icon-svg tribe-events-c-top-bar__nav-link-icon-svg\" \taria-hidden=\"true\"\n\tviewBox=\"0 0 10 16\"\n\txmlns=\"http:\/\/www.w3.org\/2000\/svg\"\n>\n\t<path d=\"M.3 1.6L1.8.1 9.7 8l-7.9 7.9-1.5-1.5L6.7 8 .3 1.6z\"\/>\n<\/svg>\n\t<\/a>\n<\/li>\n\t<\/ul>\n<\/nav>\n\n\t<a\n\thref=\"https:\/\/boulder.earth\/es\/events\/photo\/?rest_route=%2Fwp%2Fv2%2Fpages%2F10611&#038;shortcode=e89a5463\"\n\tclass=\"tribe-common-c-btn-border-small tribe-events-c-top-bar__today-button tribe-common-a11y-hidden\"\n\tdata-js=\"tribe-events-view-link\"\n\taria-description=\"Click to select today&#039;s date\"\n>\n\tHoy<\/a>\n\n\t<div class=\"tribe-events-c-top-bar__datepicker\">\n\t<button\n\t\tclass=\"tribe-common-c-btn__clear tribe-common-h3 tribe-common-h--alt tribe-events-c-top-bar__datepicker-button\"\n\t\tdata-js=\"tribe-events-top-bar-datepicker-button\"\n\t\ttype=\"button\"\n\t\taria-label=\"Click to toggle datepicker\"\n\t\ttitle=\"Click to toggle datepicker\"\n\t>\n\t\t<time\n\t\t\tdatetime=\"2026-04-28\"\n\t\t\tclass=\"tribe-events-c-top-bar__datepicker-time\"\n\t\t>\n\t\t\t\t\t\t\t<span class=\"tribe-events-c-top-bar__datepicker-mobile\">\n\t\t\t\t\tAhora\t\t\t\t<\/span>\n\t\t\t\t<span class=\"tribe-events-c-top-bar__datepicker-desktop tribe-common-a11y-hidden\">\n\t\t\t\t\tAhora\t\t\t\t<\/span>\n\t\t\t\t\t<\/time>\n\t\t\t\t\t<span class=\"tribe-events-c-top-bar__datepicker-separator\"> - <\/span>\n\t\t\t<time\n\t\t\t\tdatetime=\"2026-04-30\"\n\t\t\t\tclass=\"tribe-events-c-top-bar__datepicker-time\"\n\t\t\t>\n\t\t\t\t<span class=\"tribe-events-c-top-bar__datepicker-mobile\">\n\t\t\t\t\t2026-04-30\t\t\t\t<\/span>\n\t\t\t\t<span class=\"tribe-events-c-top-bar__datepicker-desktop tribe-common-a11y-hidden\">\n\t\t\t\t\tabril 30\t\t\t\t<\/span>\n\t\t\t<\/time>\n\t\t\t\t<svg\n\t class=\"tribe-common-c-svgicon tribe-common-c-svgicon--caret-down tribe-events-c-top-bar__datepicker-button-icon-svg\" \taria-hidden=\"true\"\n\tviewBox=\"0 0 10 7\"\n\txmlns=\"http:\/\/www.w3.org\/2000\/svg\"\n>\n\t<path fill-rule=\"evenodd\" clip-rule=\"evenodd\" d=\"M1.008.609L5 4.6 8.992.61l.958.958L5 6.517.05 1.566l.958-.958z\" class=\"tribe-common-c-svgicon__svg-fill\"\/>\n<\/svg>\n\t<\/button>\n\t<label\n\t\tclass=\"tribe-events-c-top-bar__datepicker-label tribe-common-a11y-visual-hide\"\n\t\tfor=\"tribe-events-top-bar-date\"\n\t>\n\t\tSelect date.\t<\/label>\n\t<input\n\t\ttype=\"text\"\n\t\tclass=\"tribe-events-c-top-bar__datepicker-input tribe-common-a11y-visual-hide\"\n\t\tdata-js=\"tribe-events-top-bar-date\"\n\t\tid=\"tribe-events-top-bar-date\"\n\t\tname=\"tribe-events-views[tribe-bar-date]\"\n\t\tvalue=\"2026-04-28\"\n\t\ttabindex=\"-1\"\n\t\tautocomplete=\"off\"\n\t\treadonly=\"readonly\"\n\t\/>\n\t<div class=\"tribe-events-c-top-bar__datepicker-container\" data-js=\"tribe-events-top-bar-datepicker-container\"><\/div>\n\t<template class=\"tribe-events-c-top-bar__datepicker-template-prev-icon\">\n\t\t<svg\n\t class=\"tribe-common-c-svgicon tribe-common-c-svgicon--caret-left tribe-events-c-top-bar__datepicker-nav-icon-svg\" \taria-hidden=\"true\"\n\tviewBox=\"0 0 10 16\"\n\txmlns=\"http:\/\/www.w3.org\/2000\/svg\"\n>\n\t<path d=\"M9.7 14.4l-1.5 1.5L.3 8 8.2.1l1.5 1.5L3.3 8l6.4 6.4z\"\/>\n<\/svg>\n\t<\/template>\n\t<template class=\"tribe-events-c-top-bar__datepicker-template-next-icon\">\n\t\t<svg\n\t class=\"tribe-common-c-svgicon tribe-common-c-svgicon--caret-right tribe-events-c-top-bar__datepicker-nav-icon-svg\" \taria-hidden=\"true\"\n\tviewBox=\"0 0 10 16\"\n\txmlns=\"http:\/\/www.w3.org\/2000\/svg\"\n>\n\t<path d=\"M.3 1.6L1.8.1 9.7 8l-7.9 7.9-1.5-1.5L6.7 8 .3 1.6z\"\/>\n<\/svg>\n\t<\/template>\n<\/div>\n\n\t\n\t<div class=\"tribe-events-c-top-bar__actions tribe-common-a11y-hidden\">\n\t<\/div>\n\n<\/div>\n<\/header>\n\n\t\t\n\t\t<div class=\"tribe-events-pro-photo\">\n\t\t\t<h2\n\t\t\t\tid=\"tribe-events-photo-view-heading\"\n\t\t\t\tclass=\"tribe-common-a11y-visual-hide\"\n\t\t\t>\n\t\t\t\tList of events in Photo View\t\t\t<\/h2>\n\t\t\t<ul class=\"tribe-common-g-row tribe-common-g-row--gutters\" aria-labelledby=\"tribe-events-photo-view-heading\">\n\n\t\t\t\t\t\t\t\t\t\n\t\t\t\t\t<li  class=\"tribe-common-g-col tribe-events-pro-photo__event post-10003639 tribe_events type-tribe_events status-publish has-post-thumbnail hentry tribe_events_cat-climate tribe_events_cat-networking tribe_events_cat-youth cat_climate cat_networking cat_youth\" >\n\t<article>\n\t\t<div class=\"tribe-events-pro-photo__event-featured-image-wrapper\">\n\t<a\n\t\thref=\"https:\/\/boulder.earth\/es\/event\/making-a-living-and-a-life-all-careers-as-environmental-careers\/\"\n\t\trel=\"bookmark\"\n\t\tclass=\"tribe-events-pro-photo__event-featured-image-link\"\n\t>\n\t\t<span class=\"tribe-events-pro-photo__event-featured-image-link-inner tribe-common-a11y-hidden\">Making a Living and a Life; ALL Careers as \u201cEnvironmental Careers&#8221;<\/span>\n\t\t<img\n\t\t\tclass=\"tribe-events-pro-photo__event-featured-image\"\n\t\t\tsrc=\"https:\/\/boulder.earth\/wp-content\/uploads\/2026\/04\/image-1-e1776831292645.webp\"\n\t\t\trole=\"presentation\"\n\t\t\t\t\t\t\tsrcset=\"https:\/\/boulder.earth\/wp-content\/uploads\/2026\/04\/image-1-300x169.webp 300w, https:\/\/boulder.earth\/wp-content\/uploads\/2026\/04\/image-1-1030x579.webp 1030w, https:\/\/boulder.earth\/wp-content\/uploads\/2026\/04\/image-1-768x432.webp 768w, https:\/\/boulder.earth\/wp-content\/uploads\/2026\/04\/image-1-18x10.webp 18w, https:\/\/boulder.earth\/wp-content\/uploads\/2026\/04\/image-1-705x397.webp 705w, https:\/\/boulder.earth\/wp-content\/uploads\/2026\/04\/image-1-e1776831292645.webp 600w\"\n\t\t\t\t\t\t\t\t\t\talt=\"\"\n\t\t\t\t\t\t\t\t\t\ttitle=\"image-1\"\n\t\t\t\t\t\t\t\t\t\twidth=\"600\"\n\t\t\t\t\t\t\t\t\t\theight=\"338\"\n\t\t\t\t\t\/>\n\t<\/a>\n<\/div>\n\n\t\t<div class=\"tribe-events-pro-photo__event-details-wrapper\">\n\t\t\t<div class=\"tribe-events-pro-photo__event-date-tag tribe-common-g-col\">\n\t<time class=\"tribe-events-pro-photo__event-date-tag-datetime\" datetime=\"2026-04-28\">\n\t\t<span class=\"tribe-events-pro-photo__event-date-tag-month\">\n\t\t\tAbr\t\t<\/span>\n\t\t<span class=\"tribe-events-pro-photo__event-date-tag-daynum tribe-common-h5 tribe-common-h4--min-medium\">\n\t\t\t28\t\t<\/span>\n\t<\/time>\n<\/div>\n\t\t\t<div class=\"tribe-events-pro-photo__event-details\">\n\t\t\t\t<h3 class=\"tribe-events-pro-photo__event-title tribe-common-h6\">\n\t<a\n\t\thref=\"https:\/\/boulder.earth\/es\/event\/making-a-living-and-a-life-all-careers-as-environmental-careers\/\"\n\t\ttitle=\"Making a Living and a Life; ALL Careers as \u201cEnvironmental Careers&#8221;\"\n\t\trel=\"bookmark\"\n\t\tclass=\"tribe-events-pro-photo__event-title-link tribe-common-anchor-thin\"\n\t>\n\t\tMaking a Living and a Life; ALL Careers as \u201cEnvironmental Careers&#8221;\t<\/a>\n<\/h3>\n\t\t\t\t<div class=\"tribe-events-pro-photo__event-datetime tribe-common-b2\">\n\t\t\t\t<time datetime=\"18:00\">\n\t\t\t6:00 pm\t\t<\/time>\n\t\t\t\t\t<span class=\"tribe-events-events-pro-photo__event-datetime-separator\"> - <\/span>\n\t\t\t<time datetime=\"20:00\">\n\t\t\t\t8:00 pm\t\t\t<\/time>\n\t\t\t\t<\/div>\n\t\t\t\t\t\t\t\t\t\t\t<\/div>\n\t\t<\/div>\n\t<\/article>\n<\/li>\n\n\t\t\t\t\t\t\t\t\t\n\t\t\t\t\t<li  class=\"tribe-common-g-col tribe-events-pro-photo__event post-10003652 tribe_events type-tribe_events status-publish has-post-thumbnail hentry tribe_events_cat-climate tribe_events_cat-education tribe_events_cat-energy cat_climate cat_education cat_energy\" >\n\t<article>\n\t\t<div class=\"tribe-events-pro-photo__event-featured-image-wrapper\">\n\t<a\n\t\thref=\"https:\/\/boulder.earth\/es\/event\/challenges-trade-offs-in-achieving-100-clean-electricity\/\"\n\t\trel=\"bookmark\"\n\t\tclass=\"tribe-events-pro-photo__event-featured-image-link\"\n\t>\n\t\t<span class=\"tribe-events-pro-photo__event-featured-image-link-inner tribe-common-a11y-hidden\">Challenges &#038; Trade-offs in Achieving 100% Clean Electricity<\/span>\n\t\t<img\n\t\t\tclass=\"tribe-events-pro-photo__event-featured-image\"\n\t\t\tsrc=\"https:\/\/boulder.earth\/wp-content\/uploads\/2026\/04\/Screenshot-2026-04-27-at-10.08.25-PM-e1777342133691.png\"\n\t\t\trole=\"presentation\"\n\t\t\t\t\t\t\tsrcset=\"https:\/\/boulder.earth\/wp-content\/uploads\/2026\/04\/Screenshot-2026-04-27-at-10.08.25-PM-300x183.png 300w, https:\/\/boulder.earth\/wp-content\/uploads\/2026\/04\/Screenshot-2026-04-27-at-10.08.25-PM-1030x629.png 1030w, https:\/\/boulder.earth\/wp-content\/uploads\/2026\/04\/Screenshot-2026-04-27-at-10.08.25-PM-768x469.png 768w, https:\/\/boulder.earth\/wp-content\/uploads\/2026\/04\/Screenshot-2026-04-27-at-10.08.25-PM-18x12.png 18w, https:\/\/boulder.earth\/wp-content\/uploads\/2026\/04\/Screenshot-2026-04-27-at-10.08.25-PM-705x431.png 705w, https:\/\/boulder.earth\/wp-content\/uploads\/2026\/04\/Screenshot-2026-04-27-at-10.08.25-PM-e1777342133691.png 600w\"\n\t\t\t\t\t\t\t\t\t\talt=\"\"\n\t\t\t\t\t\t\t\t\t\ttitle=\"Screenshot 2026-04-27 at 10.08.25\u202fPM\"\n\t\t\t\t\t\t\t\t\t\twidth=\"600\"\n\t\t\t\t\t\t\t\t\t\theight=\"366\"\n\t\t\t\t\t\/>\n\t<\/a>\n<\/div>\n\n\t\t<div class=\"tribe-events-pro-photo__event-details-wrapper\">\n\t\t\t<div class=\"tribe-events-pro-photo__event-date-tag tribe-common-g-col\">\n\t<time class=\"tribe-events-pro-photo__event-date-tag-datetime\" datetime=\"2026-04-28\">\n\t\t<span class=\"tribe-events-pro-photo__event-date-tag-month\">\n\t\t\tAbr\t\t<\/span>\n\t\t<span class=\"tribe-events-pro-photo__event-date-tag-daynum tribe-common-h5 tribe-common-h4--min-medium\">\n\t\t\t28\t\t<\/span>\n\t<\/time>\n<\/div>\n\t\t\t<div class=\"tribe-events-pro-photo__event-details\">\n\t\t\t\t<h3 class=\"tribe-events-pro-photo__event-title tribe-common-h6\">\n\t<a\n\t\thref=\"https:\/\/boulder.earth\/es\/event\/challenges-trade-offs-in-achieving-100-clean-electricity\/\"\n\t\ttitle=\"Challenges &#038; Trade-offs in Achieving 100% Clean Electricity\"\n\t\trel=\"bookmark\"\n\t\tclass=\"tribe-events-pro-photo__event-title-link tribe-common-anchor-thin\"\n\t>\n\t\tChallenges &#038; Trade-offs in Achieving 100% Clean Electricity\t<\/a>\n<\/h3>\n\t\t\t\t<div class=\"tribe-events-pro-photo__event-datetime tribe-common-b2\">\n\t\t\t\t<time datetime=\"19:00\">\n\t\t\t7:00 pm\t\t<\/time>\n\t\t\t\t\t<span class=\"tribe-events-events-pro-photo__event-datetime-separator\"> - <\/span>\n\t\t\t<time datetime=\"20:00\">\n\t\t\t\t8:00 pm\t\t\t<\/time>\n\t\t\t\t<\/div>\n\t\t\t\t\t\t\t\t\t\t\t<\/div>\n\t\t<\/div>\n\t<\/article>\n<\/li>\n\n\t\t\t\t\t\t\t\t\t\n\t\t\t\t\t<li  class=\"tribe-common-g-col tribe-events-pro-photo__event post-10003468 tribe_events type-tribe_events status-publish has-post-thumbnail hentry tribe_events_cat-climate tribe_events_cat-conservation tribe_events_cat-education tribe_events_cat-land-management tribe_events_cat-nature cat_climate cat_conservation cat_education cat_land-management cat_nature\" >\n\t<article>\n\t\t<div class=\"tribe-events-pro-photo__event-featured-image-wrapper\">\n\t<a\n\t\thref=\"https:\/\/boulder.earth\/es\/event\/why-private-land-conservation-matters\/\"\n\t\trel=\"bookmark\"\n\t\tclass=\"tribe-events-pro-photo__event-featured-image-link\"\n\t>\n\t\t<span class=\"tribe-events-pro-photo__event-featured-image-link-inner tribe-common-a11y-hidden\">Why Private Land Conservation Matters<\/span>\n\t\t<img\n\t\t\tclass=\"tribe-events-pro-photo__event-featured-image\"\n\t\t\tsrc=\"https:\/\/boulder.earth\/wp-content\/uploads\/2018\/04\/AudubonRockies-small.png\"\n\t\t\trole=\"presentation\"\n\t\t\t\t\t\t\t\t\t\talt=\"\"\n\t\t\t\t\t\t\t\t\t\ttitle=\"AudubonRockies-small\"\n\t\t\t\t\t\t\t\t\t\twidth=\"300\"\n\t\t\t\t\t\t\t\t\t\theight=\"200\"\n\t\t\t\t\t\/>\n\t<\/a>\n<\/div>\n\n\t\t<div class=\"tribe-events-pro-photo__event-details-wrapper\">\n\t\t\t<div class=\"tribe-events-pro-photo__event-date-tag tribe-common-g-col\">\n\t<time class=\"tribe-events-pro-photo__event-date-tag-datetime\" datetime=\"2026-04-28\">\n\t\t<span class=\"tribe-events-pro-photo__event-date-tag-month\">\n\t\t\tAbr\t\t<\/span>\n\t\t<span class=\"tribe-events-pro-photo__event-date-tag-daynum tribe-common-h5 tribe-common-h4--min-medium\">\n\t\t\t28\t\t<\/span>\n\t<\/time>\n<\/div>\n\t\t\t<div class=\"tribe-events-pro-photo__event-details\">\n\t\t\t\t<h3 class=\"tribe-events-pro-photo__event-title tribe-common-h6\">\n\t<a\n\t\thref=\"https:\/\/boulder.earth\/es\/event\/why-private-land-conservation-matters\/\"\n\t\ttitle=\"Why Private Land Conservation Matters\"\n\t\trel=\"bookmark\"\n\t\tclass=\"tribe-events-pro-photo__event-title-link tribe-common-anchor-thin\"\n\t>\n\t\tWhy Private Land Conservation Matters\t<\/a>\n<\/h3>\n\t\t\t\t<div class=\"tribe-events-pro-photo__event-datetime tribe-common-b2\">\n\t\t\t\t<time datetime=\"19:00\">\n\t\t\t7:00 pm\t\t<\/time>\n\t\t\t\t\t<span class=\"tribe-events-events-pro-photo__event-datetime-separator\"> - <\/span>\n\t\t\t<time datetime=\"21:00\">\n\t\t\t\t9:00 pm\t\t\t<\/time>\n\t\t\t\t<\/div>\n\t\t\t\t\t\t\t\t\t\t\t<\/div>\n\t\t<\/div>\n\t<\/article>\n<\/li>\n\n\t\t\t\t\t\t\t\t\t\n\t\t\t\t\t<li  class=\"tribe-common-g-col tribe-events-pro-photo__event post-10003382 tribe_events type-tribe_events status-publish has-post-thumbnail hentry tribe_events_cat-community tribe_events_cat-networking tribe_events_cat-webinar cat_community cat_networking cat_webinar\" >\n\t<article>\n\t\t<div class=\"tribe-events-pro-photo__event-featured-image-wrapper\">\n\t<a\n\t\thref=\"https:\/\/boulder.earth\/es\/event\/virtual-career-fair\/\"\n\t\trel=\"bookmark\"\n\t\tclass=\"tribe-events-pro-photo__event-featured-image-link\"\n\t>\n\t\t<span class=\"tribe-events-pro-photo__event-featured-image-link-inner tribe-common-a11y-hidden\">Virtual Career Fair<\/span>\n\t\t<img\n\t\t\tclass=\"tribe-events-pro-photo__event-featured-image\"\n\t\t\tsrc=\"https:\/\/boulder.earth\/wp-content\/uploads\/2026\/03\/11d51a8a-1cb1-4f6a-b3fb-6f769ecf6887.png\"\n\t\t\trole=\"presentation\"\n\t\t\t\t\t\t\tsrcset=\"https:\/\/boulder.earth\/wp-content\/uploads\/2026\/03\/11d51a8a-1cb1-4f6a-b3fb-6f769ecf6887-300x119.png 300w, https:\/\/boulder.earth\/wp-content\/uploads\/2026\/03\/11d51a8a-1cb1-4f6a-b3fb-6f769ecf6887-18x7.png 18w, https:\/\/boulder.earth\/wp-content\/uploads\/2026\/03\/11d51a8a-1cb1-4f6a-b3fb-6f769ecf6887.png 600w\"\n\t\t\t\t\t\t\t\t\t\talt=\"\"\n\t\t\t\t\t\t\t\t\t\ttitle=\"11d51a8a-1cb1-4f6a-b3fb-6f769ecf6887\"\n\t\t\t\t\t\t\t\t\t\twidth=\"600\"\n\t\t\t\t\t\t\t\t\t\theight=\"237\"\n\t\t\t\t\t\/>\n\t<\/a>\n<\/div>\n\n\t\t<div class=\"tribe-events-pro-photo__event-details-wrapper\">\n\t\t\t<div class=\"tribe-events-pro-photo__event-date-tag tribe-common-g-col\">\n\t<time class=\"tribe-events-pro-photo__event-date-tag-datetime\" datetime=\"2026-04-29\">\n\t\t<span class=\"tribe-events-pro-photo__event-date-tag-month\">\n\t\t\tAbr\t\t<\/span>\n\t\t<span class=\"tribe-events-pro-photo__event-date-tag-daynum tribe-common-h5 tribe-common-h4--min-medium\">\n\t\t\t29\t\t<\/span>\n\t<\/time>\n<\/div>\n\t\t\t<div class=\"tribe-events-pro-photo__event-details\">\n\t\t\t\t<h3 class=\"tribe-events-pro-photo__event-title tribe-common-h6\">\n\t<a\n\t\thref=\"https:\/\/boulder.earth\/es\/event\/virtual-career-fair\/\"\n\t\ttitle=\"Virtual Career Fair\"\n\t\trel=\"bookmark\"\n\t\tclass=\"tribe-events-pro-photo__event-title-link tribe-common-anchor-thin\"\n\t>\n\t\tVirtual Career Fair\t<\/a>\n<\/h3>\n\t\t\t\t<div class=\"tribe-events-pro-photo__event-datetime tribe-common-b2\">\n\t\t\t\t<time datetime=\"10:00\">\n\t\t\t10:00 am\t\t<\/time>\n\t\t\t\t\t<span class=\"tribe-events-events-pro-photo__event-datetime-separator\"> - <\/span>\n\t\t\t<time datetime=\"14:00\">\n\t\t\t\t2:00 pm\t\t\t<\/time>\n\t\t\t\t<\/div>\n\t\t\t\t\t\t\t\t\t\t\t<\/div>\n\t\t<\/div>\n\t<\/article>\n<\/li>\n\n\t\t\t\t\t\t\t\t\t\n\t\t\t\t\t<li  class=\"tribe-common-g-col tribe-events-pro-photo__event post-10003469 tribe_events type-tribe_events status-publish has-post-thumbnail hentry tribe_events_cat-biodiversity tribe_events_cat-education tribe_events_cat-nature tribe_events_cat-pollinators tribe_events_cat-webinar cat_biodiversity cat_education cat_nature cat_pollinators cat_webinar\" >\n\t<article>\n\t\t<div class=\"tribe-events-pro-photo__event-featured-image-wrapper\">\n\t<a\n\t\thref=\"https:\/\/boulder.earth\/es\/event\/how-flowers-made-our-world-webinar\/\"\n\t\trel=\"bookmark\"\n\t\tclass=\"tribe-events-pro-photo__event-featured-image-link\"\n\t>\n\t\t<span class=\"tribe-events-pro-photo__event-featured-image-link-inner tribe-common-a11y-hidden\">How Flowers Made Our World Webinar<\/span>\n\t\t<img\n\t\t\tclass=\"tribe-events-pro-photo__event-featured-image\"\n\t\t\tsrc=\"https:\/\/boulder.earth\/wp-content\/uploads\/2026\/04\/How-Flowers-Made-Our-World-Slide-e1776829480516.png\"\n\t\t\trole=\"presentation\"\n\t\t\t\t\t\t\tsrcset=\"https:\/\/boulder.earth\/wp-content\/uploads\/2026\/04\/How-Flowers-Made-Our-World-Slide-300x265.png 300w, https:\/\/boulder.earth\/wp-content\/uploads\/2026\/04\/How-Flowers-Made-Our-World-Slide-14x12.png 14w, https:\/\/boulder.earth\/wp-content\/uploads\/2026\/04\/How-Flowers-Made-Our-World-Slide-705x623.png 705w, https:\/\/boulder.earth\/wp-content\/uploads\/2026\/04\/How-Flowers-Made-Our-World-Slide-e1776829480516.png 600w\"\n\t\t\t\t\t\t\t\t\t\talt=\"\"\n\t\t\t\t\t\t\t\t\t\ttitle=\"How Flowers Made Our World Slide\"\n\t\t\t\t\t\t\t\t\t\twidth=\"600\"\n\t\t\t\t\t\t\t\t\t\theight=\"530\"\n\t\t\t\t\t\/>\n\t<\/a>\n<\/div>\n\n\t\t<div class=\"tribe-events-pro-photo__event-details-wrapper\">\n\t\t\t<div class=\"tribe-events-pro-photo__event-date-tag tribe-common-g-col\">\n\t<time class=\"tribe-events-pro-photo__event-date-tag-datetime\" datetime=\"2026-04-29\">\n\t\t<span class=\"tribe-events-pro-photo__event-date-tag-month\">\n\t\t\tAbr\t\t<\/span>\n\t\t<span class=\"tribe-events-pro-photo__event-date-tag-daynum tribe-common-h5 tribe-common-h4--min-medium\">\n\t\t\t29\t\t<\/span>\n\t<\/time>\n<\/div>\n\t\t\t<div class=\"tribe-events-pro-photo__event-details\">\n\t\t\t\t<h3 class=\"tribe-events-pro-photo__event-title tribe-common-h6\">\n\t<a\n\t\thref=\"https:\/\/boulder.earth\/es\/event\/how-flowers-made-our-world-webinar\/\"\n\t\ttitle=\"How Flowers Made Our World Webinar\"\n\t\trel=\"bookmark\"\n\t\tclass=\"tribe-events-pro-photo__event-title-link tribe-common-anchor-thin\"\n\t>\n\t\tHow Flowers Made Our World Webinar\t<\/a>\n<\/h3>\n\t\t\t\t<div class=\"tribe-events-pro-photo__event-datetime tribe-common-b2\">\n\t\t\t\t<time datetime=\"12:00\">\n\t\t\t12:00 pm\t\t<\/time>\n\t\t\t\t\t<span class=\"tribe-events-events-pro-photo__event-datetime-separator\"> - <\/span>\n\t\t\t<time datetime=\"13:00\">\n\t\t\t\t1:00 pm\t\t\t<\/time>\n\t\t\t\t<\/div>\n\t\t\t\t\t\t\t\t\t\t\t<\/div>\n\t\t<\/div>\n\t<\/article>\n<\/li>\n\n\t\t\t\t\t\t\t\t\t\n\t\t\t\t\t<li  class=\"tribe-common-g-col tribe-events-pro-photo__event post-10003648 tribe_events type-tribe_events status-publish has-post-thumbnail hentry tribe_events_cat-climate tribe_events_cat-education tribe_events_cat-technology tribe_events_cat-webinar cat_climate cat_education cat_technology cat_webinar\" >\n\t<article>\n\t\t<div class=\"tribe-events-pro-photo__event-featured-image-wrapper\">\n\t<a\n\t\thref=\"https:\/\/boulder.earth\/es\/event\/nuclear-power-and-artificial-intelligence-webinar\/\"\n\t\trel=\"bookmark\"\n\t\tclass=\"tribe-events-pro-photo__event-featured-image-link\"\n\t>\n\t\t<span class=\"tribe-events-pro-photo__event-featured-image-link-inner tribe-common-a11y-hidden\">Nuclear Power and Artificial Intelligence Webinar<\/span>\n\t\t<img\n\t\t\tclass=\"tribe-events-pro-photo__event-featured-image\"\n\t\t\tsrc=\"https:\/\/boulder.earth\/wp-content\/uploads\/2026\/04\/images-_11_-e1777340579712.png\"\n\t\t\trole=\"presentation\"\n\t\t\t\t\t\t\tsrcset=\"https:\/\/boulder.earth\/wp-content\/uploads\/2026\/04\/images-_11_-300x169.png 300w, https:\/\/boulder.earth\/wp-content\/uploads\/2026\/04\/images-_11_-1030x579.png 1030w, https:\/\/boulder.earth\/wp-content\/uploads\/2026\/04\/images-_11_-768x432.png 768w, https:\/\/boulder.earth\/wp-content\/uploads\/2026\/04\/images-_11_-18x10.png 18w, https:\/\/boulder.earth\/wp-content\/uploads\/2026\/04\/images-_11_-705x397.png 705w, https:\/\/boulder.earth\/wp-content\/uploads\/2026\/04\/images-_11_-e1777340579712.png 600w\"\n\t\t\t\t\t\t\t\t\t\talt=\"\"\n\t\t\t\t\t\t\t\t\t\ttitle=\"images _11_\"\n\t\t\t\t\t\t\t\t\t\twidth=\"600\"\n\t\t\t\t\t\t\t\t\t\theight=\"338\"\n\t\t\t\t\t\/>\n\t<\/a>\n<\/div>\n\n\t\t<div class=\"tribe-events-pro-photo__event-details-wrapper\">\n\t\t\t<div class=\"tribe-events-pro-photo__event-date-tag tribe-common-g-col\">\n\t<time class=\"tribe-events-pro-photo__event-date-tag-datetime\" datetime=\"2026-04-29\">\n\t\t<span class=\"tribe-events-pro-photo__event-date-tag-month\">\n\t\t\tAbr\t\t<\/span>\n\t\t<span class=\"tribe-events-pro-photo__event-date-tag-daynum tribe-common-h5 tribe-common-h4--min-medium\">\n\t\t\t29\t\t<\/span>\n\t<\/time>\n<\/div>\n\t\t\t<div class=\"tribe-events-pro-photo__event-details\">\n\t\t\t\t<h3 class=\"tribe-events-pro-photo__event-title tribe-common-h6\">\n\t<a\n\t\thref=\"https:\/\/boulder.earth\/es\/event\/nuclear-power-and-artificial-intelligence-webinar\/\"\n\t\ttitle=\"Nuclear Power and Artificial Intelligence Webinar\"\n\t\trel=\"bookmark\"\n\t\tclass=\"tribe-events-pro-photo__event-title-link tribe-common-anchor-thin\"\n\t>\n\t\tNuclear Power and Artificial Intelligence Webinar\t<\/a>\n<\/h3>\n\t\t\t\t<div class=\"tribe-events-pro-photo__event-datetime tribe-common-b2\">\n\t\t\t\t<time datetime=\"16:00\">\n\t\t\t4:00 pm\t\t<\/time>\n\t\t\t\t\t<span class=\"tribe-events-events-pro-photo__event-datetime-separator\"> - <\/span>\n\t\t\t<time datetime=\"17:00\">\n\t\t\t\t5:00 pm\t\t\t<\/time>\n\t\t\t\t<\/div>\n\t\t\t\t\t\t\t\t\t\t\t<\/div>\n\t\t<\/div>\n\t<\/article>\n<\/li>\n\n\t\t\t\t\t\t\t\t\t\n\t\t\t\t\t<li  class=\"tribe-common-g-col tribe-events-pro-photo__event post-10003463 tribe_events type-tribe_events status-publish has-post-thumbnail hentry tribe_events_cat-activism tribe_events_cat-creative-arts tribe_events_cat-culture-building tribe_events_cat-education tribe_events_cat-indigenous-knowledge tribe_events_cat-resilience tribe_events_cat-social-justice cat_activism cat_creative-arts cat_culture-building cat_education cat_indigenous-knowledge cat_resilience cat_social-justice\" >\n\t<article>\n\t\t<div class=\"tribe-events-pro-photo__event-featured-image-wrapper\">\n\t<a\n\t\thref=\"https:\/\/boulder.earth\/es\/event\/people-of-the-sacred-land-film-premiere-discussion\/\"\n\t\trel=\"bookmark\"\n\t\tclass=\"tribe-events-pro-photo__event-featured-image-link\"\n\t>\n\t\t<span class=\"tribe-events-pro-photo__event-featured-image-link-inner tribe-common-a11y-hidden\">PEOPLE of the SACRED LAND Film Premiere &#038; Discussion<\/span>\n\t\t<img\n\t\t\tclass=\"tribe-events-pro-photo__event-featured-image\"\n\t\t\tsrc=\"https:\/\/boulder.earth\/wp-content\/uploads\/2026\/04\/Screenshot-2026-04-20-at-8.41.22-AM-e1776696114981.png\"\n\t\t\trole=\"presentation\"\n\t\t\t\t\t\t\tsrcset=\"https:\/\/boulder.earth\/wp-content\/uploads\/2026\/04\/Screenshot-2026-04-20-at-8.41.22-AM-300x262.png 300w, https:\/\/boulder.earth\/wp-content\/uploads\/2026\/04\/Screenshot-2026-04-20-at-8.41.22-AM-768x669.png 768w, https:\/\/boulder.earth\/wp-content\/uploads\/2026\/04\/Screenshot-2026-04-20-at-8.41.22-AM-14x12.png 14w, https:\/\/boulder.earth\/wp-content\/uploads\/2026\/04\/Screenshot-2026-04-20-at-8.41.22-AM-705x615.png 705w, https:\/\/boulder.earth\/wp-content\/uploads\/2026\/04\/Screenshot-2026-04-20-at-8.41.22-AM-e1776696114981.png 600w\"\n\t\t\t\t\t\t\t\t\t\talt=\"\"\n\t\t\t\t\t\t\t\t\t\ttitle=\"Screenshot 2026-04-20 at 8.41.22\u202fAM\"\n\t\t\t\t\t\t\t\t\t\twidth=\"600\"\n\t\t\t\t\t\t\t\t\t\theight=\"523\"\n\t\t\t\t\t\/>\n\t<\/a>\n<\/div>\n\n\t\t<div class=\"tribe-events-pro-photo__event-details-wrapper\">\n\t\t\t<div class=\"tribe-events-pro-photo__event-date-tag tribe-common-g-col\">\n\t<time class=\"tribe-events-pro-photo__event-date-tag-datetime\" datetime=\"2026-04-29\">\n\t\t<span class=\"tribe-events-pro-photo__event-date-tag-month\">\n\t\t\tAbr\t\t<\/span>\n\t\t<span class=\"tribe-events-pro-photo__event-date-tag-daynum tribe-common-h5 tribe-common-h4--min-medium\">\n\t\t\t29\t\t<\/span>\n\t<\/time>\n<\/div>\n\t\t\t<div class=\"tribe-events-pro-photo__event-details\">\n\t\t\t\t<h3 class=\"tribe-events-pro-photo__event-title tribe-common-h6\">\n\t<a\n\t\thref=\"https:\/\/boulder.earth\/es\/event\/people-of-the-sacred-land-film-premiere-discussion\/\"\n\t\ttitle=\"PEOPLE of the SACRED LAND Film Premiere &#038; Discussion\"\n\t\trel=\"bookmark\"\n\t\tclass=\"tribe-events-pro-photo__event-title-link tribe-common-anchor-thin\"\n\t>\n\t\tPEOPLE of the SACRED LAND Film Premiere &#038; Discussion\t<\/a>\n<\/h3>\n\t\t\t\t<div class=\"tribe-events-pro-photo__event-datetime tribe-common-b2\">\n\t\t\t\t<time datetime=\"17:30\">\n\t\t\t5:30 pm\t\t<\/time>\n\t\t\t\t\t<span class=\"tribe-events-events-pro-photo__event-datetime-separator\"> - <\/span>\n\t\t\t<time datetime=\"19:00\">\n\t\t\t\t7:00 pm\t\t\t<\/time>\n\t\t\t\t<\/div>\n\t\t\t\t\t\t\t\t\t\t\t<\/div>\n\t\t<\/div>\n\t<\/article>\n<\/li>\n\n\t\t\t\t\t\t\t\t\t\n\t\t\t\t\t<li  class=\"tribe-common-g-col tribe-events-pro-photo__event post-10003391 tribe_events type-tribe_events status-publish has-post-thumbnail hentry tribe_events_cat-activism tribe_events_cat-climate tribe_events_cat-community tribe_events_cat-education tribe_events_cat-governance tribe_events_cat-human-rights tribe_events_cat-networking tribe_events_cat-resilience tribe_events_cat-social-justice tribe_events_cat-webinar cat_activism cat_climate cat_community cat_education cat_governance cat_human-rights cat_networking cat_resilience cat_social-justice cat_webinar tribe-recurring-event tribe-recurring-event-parent\" >\n\t<article>\n\t\t<div class=\"tribe-events-pro-photo__event-featured-image-wrapper\">\n\t<a\n\t\thref=\"https:\/\/boulder.earth\/es\/event\/after-we-march-we-organize-solidarity-warriors-indivisible-action-group\/2026-04-29\/\"\n\t\trel=\"bookmark\"\n\t\tclass=\"tribe-events-pro-photo__event-featured-image-link\"\n\t>\n\t\t<span class=\"tribe-events-pro-photo__event-featured-image-link-inner tribe-common-a11y-hidden\">After We March, We Organize! Solidarity Warriors Indivisible Action Group<\/span>\n\t\t<img\n\t\t\tclass=\"tribe-events-pro-photo__event-featured-image\"\n\t\t\tsrc=\"https:\/\/boulder.earth\/wp-content\/uploads\/2026\/04\/Sunset-crowd-raised-fists-One-line-01_20250721004218694808-e1775521865495.png\"\n\t\t\trole=\"presentation\"\n\t\t\t\t\t\t\tsrcset=\"https:\/\/boulder.earth\/wp-content\/uploads\/2026\/04\/Sunset-crowd-raised-fists-One-line-01_20250721004218694808-300x157.png 300w, https:\/\/boulder.earth\/wp-content\/uploads\/2026\/04\/Sunset-crowd-raised-fists-One-line-01_20250721004218694808-768x402.png 768w, https:\/\/boulder.earth\/wp-content\/uploads\/2026\/04\/Sunset-crowd-raised-fists-One-line-01_20250721004218694808-18x9.png 18w, https:\/\/boulder.earth\/wp-content\/uploads\/2026\/04\/Sunset-crowd-raised-fists-One-line-01_20250721004218694808-710x375.png 710w, https:\/\/boulder.earth\/wp-content\/uploads\/2026\/04\/Sunset-crowd-raised-fists-One-line-01_20250721004218694808-705x369.png 705w, https:\/\/boulder.earth\/wp-content\/uploads\/2026\/04\/Sunset-crowd-raised-fists-One-line-01_20250721004218694808-e1775521865495.png 600w\"\n\t\t\t\t\t\t\t\t\t\talt=\"\"\n\t\t\t\t\t\t\t\t\t\ttitle=\"Sunset crowd raised fists One line-01_20250721004218694808\"\n\t\t\t\t\t\t\t\t\t\twidth=\"600\"\n\t\t\t\t\t\t\t\t\t\theight=\"314\"\n\t\t\t\t\t\/>\n\t<\/a>\n<\/div>\n\n\t\t<div class=\"tribe-events-pro-photo__event-details-wrapper\">\n\t\t\t<div class=\"tribe-events-pro-photo__event-date-tag tribe-common-g-col\">\n\t<time class=\"tribe-events-pro-photo__event-date-tag-datetime\" datetime=\"2026-04-29\">\n\t\t<span class=\"tribe-events-pro-photo__event-date-tag-month\">\n\t\t\tAbr\t\t<\/span>\n\t\t<span class=\"tribe-events-pro-photo__event-date-tag-daynum tribe-common-h5 tribe-common-h4--min-medium\">\n\t\t\t29\t\t<\/span>\n\t<\/time>\n<\/div>\n\t\t\t<div class=\"tribe-events-pro-photo__event-details\">\n\t\t\t\t<h3 class=\"tribe-events-pro-photo__event-title tribe-common-h6\">\n\t<a\n\t\thref=\"https:\/\/boulder.earth\/es\/event\/after-we-march-we-organize-solidarity-warriors-indivisible-action-group\/2026-04-29\/\"\n\t\ttitle=\"After We March, We Organize! Solidarity Warriors Indivisible Action Group\"\n\t\trel=\"bookmark\"\n\t\tclass=\"tribe-events-pro-photo__event-title-link tribe-common-anchor-thin\"\n\t>\n\t\tAfter We March, We Organize! Solidarity Warriors Indivisible Action Group\t<\/a>\n<\/h3>\n\t\t\t\t<div class=\"tribe-events-pro-photo__event-datetime tribe-common-b2\">\n\t\t\t\t<time datetime=\"18:00\">\n\t\t\t6:00 pm\t\t<\/time>\n\t\t\t\t\t<span class=\"tribe-events-events-pro-photo__event-datetime-separator\"> - <\/span>\n\t\t\t<time datetime=\"19:30\">\n\t\t\t\t7:30 pm\t\t\t<\/time>\n\t\t\t\t\n<span class=\"tribe-events-calendar-series-archive__container\">\n\t<a\n\t\thref=\"https:\/\/boulder.earth\/es\/series\/after-we-march-we-organize-solidarity-warriors-indivisible-action-group\/\"\n\t\taria-label=\"Event series: After We March, We Organize! Solidarity Warriors Indivisible Action Group\"\n\t\tclass=\"tribe-events-calendar-series-archive__link\"\n\t>\n\t\t\n<svg  class=\"tribe-common-c-svgicon tribe-common-c-svgicon--series tribe-events-series-archive__icon\"  width=\"14\" height=\"12\" viewBox=\"0 0 14 12\" fill=\"none\" xmlns=\"http:\/\/www.w3.org\/2000\/svg\" aria-hidden=\"true\">\n\t<rect x=\"0.5\" y=\"4.5\" width=\"9\" height=\"7\" \/>\n\t<path d=\"M2 2.5H11.5V10\" \/>\n\t<path d=\"M4 0.5H13.5V8\" \/>\n<\/svg>\n\t<\/a>\n<\/span>\n<\/div>\n\t\t\t\t\t\t\t\t\t\t\t<\/div>\n\t\t<\/div>\n\t<\/article>\n<\/li>\n\n\t\t\t\t\t\t\t\t\t\n\t\t\t\t\t<li  class=\"tribe-common-g-col tribe-events-pro-photo__event post-10003446 tribe_events type-tribe_events status-publish has-post-thumbnail hentry tribe_events_cat-climate tribe_events_cat-education tribe_events_cat-water tribe_events_cat-webinar cat_climate cat_education cat_water cat_webinar\" >\n\t<article>\n\t\t<div class=\"tribe-events-pro-photo__event-featured-image-wrapper\">\n\t<a\n\t\thref=\"https:\/\/boulder.earth\/es\/event\/rain-barrel-webinar-how-to-choose-install-and-maintain-a-rain-barrel\/\"\n\t\trel=\"bookmark\"\n\t\tclass=\"tribe-events-pro-photo__event-featured-image-link\"\n\t>\n\t\t<span class=\"tribe-events-pro-photo__event-featured-image-link-inner tribe-common-a11y-hidden\">Rain Barrel Webinar: How to Choose, Install, and Maintain a Rain Barrel<\/span>\n\t\t<img\n\t\t\tclass=\"tribe-events-pro-photo__event-featured-image\"\n\t\t\tsrc=\"https:\/\/boulder.earth\/wp-content\/uploads\/2019\/04\/keep-it-clean-sm.jpg\"\n\t\t\trole=\"presentation\"\n\t\t\t\t\t\t\t\t\t\talt=\"\"\n\t\t\t\t\t\t\t\t\t\ttitle=\"keep-it-clean-sm\"\n\t\t\t\t\t\t\t\t\t\twidth=\"150\"\n\t\t\t\t\t\t\t\t\t\theight=\"110\"\n\t\t\t\t\t\/>\n\t<\/a>\n<\/div>\n\n\t\t<div class=\"tribe-events-pro-photo__event-details-wrapper\">\n\t\t\t<div class=\"tribe-events-pro-photo__event-date-tag tribe-common-g-col\">\n\t<time class=\"tribe-events-pro-photo__event-date-tag-datetime\" datetime=\"2026-04-29\">\n\t\t<span class=\"tribe-events-pro-photo__event-date-tag-month\">\n\t\t\tAbr\t\t<\/span>\n\t\t<span class=\"tribe-events-pro-photo__event-date-tag-daynum tribe-common-h5 tribe-common-h4--min-medium\">\n\t\t\t29\t\t<\/span>\n\t<\/time>\n<\/div>\n\t\t\t<div class=\"tribe-events-pro-photo__event-details\">\n\t\t\t\t<h3 class=\"tribe-events-pro-photo__event-title tribe-common-h6\">\n\t<a\n\t\thref=\"https:\/\/boulder.earth\/es\/event\/rain-barrel-webinar-how-to-choose-install-and-maintain-a-rain-barrel\/\"\n\t\ttitle=\"Rain Barrel Webinar: How to Choose, Install, and Maintain a Rain Barrel\"\n\t\trel=\"bookmark\"\n\t\tclass=\"tribe-events-pro-photo__event-title-link tribe-common-anchor-thin\"\n\t>\n\t\tRain Barrel Webinar: How to Choose, Install, and Maintain a Rain Barrel\t<\/a>\n<\/h3>\n\t\t\t\t<div class=\"tribe-events-pro-photo__event-datetime tribe-common-b2\">\n\t\t\t\t<time datetime=\"18:00\">\n\t\t\t6:00 pm\t\t<\/time>\n\t\t\t\t\t<span class=\"tribe-events-events-pro-photo__event-datetime-separator\"> - <\/span>\n\t\t\t<time datetime=\"19:30\">\n\t\t\t\t7:30 pm\t\t\t<\/time>\n\t\t\t\t<\/div>\n\t\t\t\t\t\t\t\t\t\t\t<\/div>\n\t\t<\/div>\n\t<\/article>\n<\/li>\n\n\t\t\t\t\t\t\t\t\t\n\t\t\t\t\t<li  class=\"tribe-common-g-col tribe-events-pro-photo__event post-10003653 tribe_events type-tribe_events status-publish has-post-thumbnail hentry tribe_events_cat-biodiversity tribe_events_cat-climate tribe_events_cat-education tribe_events_cat-nature tribe_events_cat-webinar cat_biodiversity cat_climate cat_education cat_nature cat_webinar\" >\n\t<article>\n\t\t<div class=\"tribe-events-pro-photo__event-featured-image-wrapper\">\n\t<a\n\t\thref=\"https:\/\/boulder.earth\/es\/event\/how-flowers-made-our-world-webinar-2\/\"\n\t\trel=\"bookmark\"\n\t\tclass=\"tribe-events-pro-photo__event-featured-image-link\"\n\t>\n\t\t<span class=\"tribe-events-pro-photo__event-featured-image-link-inner tribe-common-a11y-hidden\">How Flowers Made Our World Webinar<\/span>\n\t\t<img\n\t\t\tclass=\"tribe-events-pro-photo__event-featured-image\"\n\t\t\tsrc=\"https:\/\/boulder.earth\/wp-content\/uploads\/2026\/04\/Flowers-Haskell-Cover-JPG-_1_-1-e1777342410131.jpg\"\n\t\t\trole=\"presentation\"\n\t\t\t\t\t\t\tsrcset=\"https:\/\/boulder.earth\/wp-content\/uploads\/2026\/04\/Flowers-Haskell-Cover-JPG-_1_-1-199x300.jpg 199w, https:\/\/boulder.earth\/wp-content\/uploads\/2026\/04\/Flowers-Haskell-Cover-JPG-_1_-1-682x1030.jpg 682w, https:\/\/boulder.earth\/wp-content\/uploads\/2026\/04\/Flowers-Haskell-Cover-JPG-_1_-1-768x1160.jpg 768w, https:\/\/boulder.earth\/wp-content\/uploads\/2026\/04\/Flowers-Haskell-Cover-JPG-_1_-1-1017x1536.jpg 1017w, https:\/\/boulder.earth\/wp-content\/uploads\/2026\/04\/Flowers-Haskell-Cover-JPG-_1_-1-8x12.jpg 8w, https:\/\/boulder.earth\/wp-content\/uploads\/2026\/04\/Flowers-Haskell-Cover-JPG-_1_-1-993x1500.jpg 993w, https:\/\/boulder.earth\/wp-content\/uploads\/2026\/04\/Flowers-Haskell-Cover-JPG-_1_-1-467x705.jpg 467w, https:\/\/boulder.earth\/wp-content\/uploads\/2026\/04\/Flowers-Haskell-Cover-JPG-_1_-1-e1777342410131.jpg 600w\"\n\t\t\t\t\t\t\t\t\t\talt=\"\"\n\t\t\t\t\t\t\t\t\t\ttitle=\"Flowers Haskell Cover JPG _1_-1\"\n\t\t\t\t\t\t\t\t\t\twidth=\"600\"\n\t\t\t\t\t\t\t\t\t\theight=\"906\"\n\t\t\t\t\t\/>\n\t<\/a>\n<\/div>\n\n\t\t<div class=\"tribe-events-pro-photo__event-details-wrapper\">\n\t\t\t<div class=\"tribe-events-pro-photo__event-date-tag tribe-common-g-col\">\n\t<time class=\"tribe-events-pro-photo__event-date-tag-datetime\" datetime=\"2026-04-30\">\n\t\t<span class=\"tribe-events-pro-photo__event-date-tag-month\">\n\t\t\tAbr\t\t<\/span>\n\t\t<span class=\"tribe-events-pro-photo__event-date-tag-daynum tribe-common-h5 tribe-common-h4--min-medium\">\n\t\t\t30\t\t<\/span>\n\t<\/time>\n<\/div>\n\t\t\t<div class=\"tribe-events-pro-photo__event-details\">\n\t\t\t\t<h3 class=\"tribe-events-pro-photo__event-title tribe-common-h6\">\n\t<a\n\t\thref=\"https:\/\/boulder.earth\/es\/event\/how-flowers-made-our-world-webinar-2\/\"\n\t\ttitle=\"How Flowers Made Our World Webinar\"\n\t\trel=\"bookmark\"\n\t\tclass=\"tribe-events-pro-photo__event-title-link tribe-common-anchor-thin\"\n\t>\n\t\tHow Flowers Made Our World Webinar\t<\/a>\n<\/h3>\n\t\t\t\t<div class=\"tribe-events-pro-photo__event-datetime tribe-common-b2\">\n\t\t\t\t<time datetime=\"12:00\">\n\t\t\t12:00 pm\t\t<\/time>\n\t\t\t\t\t<span class=\"tribe-events-events-pro-photo__event-datetime-separator\"> - <\/span>\n\t\t\t<time datetime=\"13:00\">\n\t\t\t\t1:00 pm\t\t\t<\/time>\n\t\t\t\t<\/div>\n\t\t\t\t\t\t\t\t\t\t\t<\/div>\n\t\t<\/div>\n\t<\/article>\n<\/li>\n\n\t\t\t\t\n\t\t\t<\/ul>\n\n\t\t<\/div>\n\n\t\t<nav class=\"tribe-events-pro-photo-nav tribe-events-c-nav\" aria-label=\"Bottom eventos list pagination\">\n\t<ul class=\"tribe-events-c-nav__list\">\n\t\t<li class=\"tribe-events-c-nav__list-item tribe-events-c-nav__list-item--prev\">\n\t<a\n\t\thref=\"https:\/\/boulder.earth\/es\/events\/photo\/?rest_route=%2Fwp%2Fv2%2Fpages%2F10611&#038;shortcode=e89a5463&#038;eventDisplay=past\"\n\t\trel=\"prev\"\n\t\tclass=\"tribe-events-c-nav__prev tribe-common-b2 tribe-common-b1--min-medium\"\n\t\tdata-js=\"tribe-events-view-link\"\n\t\taria-label=\"Previous Eventos\"\n\t\ttitle=\"Previous Eventos\"\n\t>\n\t\t<svg\n\t class=\"tribe-common-c-svgicon tribe-common-c-svgicon--caret-left tribe-events-c-nav__prev-icon-svg\" \taria-hidden=\"true\"\n\tviewBox=\"0 0 10 16\"\n\txmlns=\"http:\/\/www.w3.org\/2000\/svg\"\n>\n\t<path d=\"M9.7 14.4l-1.5 1.5L.3 8 8.2.1l1.5 1.5L3.3 8l6.4 6.4z\"\/>\n<\/svg>\n\t\t<span class=\"tribe-events-c-nav__prev-label\">\n\t\t\tPrevious <span class=\"tribe-events-c-nav__prev-label-plural tribe-common-a11y-visual-hide\">Eventos<\/span>\t\t<\/span>\n\t<\/a>\n<\/li>\n\n\t\t<li class=\"tribe-events-c-nav__list-item tribe-events-c-nav__list-item--today\">\n\t<a\n\t\thref=\"https:\/\/boulder.earth\/es\/events\/photo\/?rest_route=%2Fwp%2Fv2%2Fpages%2F10611&#038;shortcode=e89a5463\"\n\t\tclass=\"tribe-events-c-nav__today tribe-common-b2\"\n\t\tdata-js=\"tribe-events-view-link\"\n\t\taria-label=\"Click to select today&#039;s date\"\n\t\ttitle=\"Click to select today&#039;s date\"\n\t>\n\t\tHoy\t<\/a>\n<\/li>\n\n\t\t<li class=\"tribe-events-c-nav__list-item tribe-events-c-nav__list-item--next\">\n\t<a\n\t\thref=\"https:\/\/boulder.earth\/es\/events\/photo\/(\/?:page)\/(d_)\/&#038;shortcode=e89a5463\"\n\t\trel=\"next\"\n\t\tclass=\"tribe-events-c-nav__next tribe-common-b2 tribe-common-b1--min-medium\"\n\t\tdata-js=\"tribe-events-view-link\"\n\t\taria-label=\"Next Eventos\"\n\t\ttitle=\"Next Eventos\"\n\t>\n\t\t<span class=\"tribe-events-c-nav__next-label\">\n\t\t\tNext <span class=\"tribe-events-c-nav__next-label-plural tribe-common-a11y-visual-hide\">Eventos<\/span>\t\t<\/span>\n\t\t<svg\n\t class=\"tribe-common-c-svgicon tribe-common-c-svgicon--caret-right tribe-events-c-nav__next-icon-svg\" \taria-hidden=\"true\"\n\tviewBox=\"0 0 10 16\"\n\txmlns=\"http:\/\/www.w3.org\/2000\/svg\"\n>\n\t<path d=\"M.3 1.6L1.8.1 9.7 8l-7.9 7.9-1.5-1.5L6.7 8 .3 1.6z\"\/>\n<\/svg>\n\t<\/a>\n<\/li>\n\t<\/ul>\n<\/nav>\n\n\t\t<div class=\"tribe-events-c-subscribe-dropdown__container\">\n\t<div class=\"tribe-events-c-subscribe-dropdown\">\n\t\t<div class=\"tribe-common-c-btn-border tribe-events-c-subscribe-dropdown__button\">\n\t\t\t<button\n\t\t\t\tclass=\"tribe-events-c-subscribe-dropdown__button-text tribe-common-c-btn--clear\"\n\t\t\t\taria-expanded=\"false\"\n\t\t\t\taria-controls=\"tribe-events-subscribe-dropdown-content\"\n\t\t\t\taria-label=\"\"\n\t\t\t>\n\t\t\t\tSubscribe to calendar\t\t\t<\/button>\n\t\t\t<svg\n\t class=\"tribe-common-c-svgicon tribe-common-c-svgicon--caret-down tribe-events-c-subscribe-dropdown__button-icon\" \taria-hidden=\"true\"\n\tviewBox=\"0 0 10 7\"\n\txmlns=\"http:\/\/www.w3.org\/2000\/svg\"\n>\n\t<path fill-rule=\"evenodd\" clip-rule=\"evenodd\" d=\"M1.008.609L5 4.6 8.992.61l.958.958L5 6.517.05 1.566l.958-.958z\" class=\"tribe-common-c-svgicon__svg-fill\"\/>\n<\/svg>\n\t\t<\/div>\n\t\t<div id=\"tribe-events-c-subscribe-dropdown-content\" class=\"tribe-events-c-subscribe-dropdown__content\">\n\t\t\t<ul class=\"tribe-events-c-subscribe-dropdown__list\">\n\t\t\t\t\t\t\t\t\t\n<li class=\"tribe-events-c-subscribe-dropdown__list-item tribe-events-c-subscribe-dropdown__list-item--gcal\">\n\t<a\n\t\thref=\"https:\/\/www.google.com\/calendar\/render?cid=webcal%3A%2F%2Fboulder.earth%2Fes%2F%3Fpost_type%3Dtribe_events%26ical%3D1%26eventDisplay%3Dlist\"\n\t\tclass=\"tribe-events-c-subscribe-dropdown__list-item-link\"\n\t\ttarget=\"_blank\"\n\t\trel=\"noopener noreferrer nofollow noindex\"\n\t>\n\t\tGoogle Calendar\t<\/a>\n<\/li>\n\t\t\t\t\t\t\t\t\t\n<li class=\"tribe-events-c-subscribe-dropdown__list-item tribe-events-c-subscribe-dropdown__list-item--ical\">\n\t<a\n\t\thref=\"webcal:\/\/boulder.earth\/es\/?post_type=tribe_events&#038;ical=1&#038;eventDisplay=list\"\n\t\tclass=\"tribe-events-c-subscribe-dropdown__list-item-link\"\n\t\ttarget=\"_blank\"\n\t\trel=\"noopener noreferrer nofollow noindex\"\n\t>\n\t\tiCalendar\t<\/a>\n<\/li>\n\t\t\t\t\t\t\t\t\t\n<li class=\"tribe-events-c-subscribe-dropdown__list-item tribe-events-c-subscribe-dropdown__list-item--outlook-365\">\n\t<a\n\t\thref=\"https:\/\/outlook.office.com\/owa?path=\/calendar\/action\/compose&#038;rru=addsubscription&#038;url=webcal%3A%2F%2Fboulder.earth%2Fes%2F%3Fpost_type%3Dtribe_events%26ical%3D1%26eventDisplay%3Dlist&#038;name=Boulder.Earth+Climate+Action+Portal+Pr\u00f3ximos+Eventos+\u2013+Boulder.Earth+Climate+Action+Portal\"\n\t\tclass=\"tribe-events-c-subscribe-dropdown__list-item-link\"\n\t\ttarget=\"_blank\"\n\t\trel=\"noopener noreferrer nofollow noindex\"\n\t>\n\t\tOutlook 365\t<\/a>\n<\/li>\n\t\t\t\t\t\t\t\t\t\n<li class=\"tribe-events-c-subscribe-dropdown__list-item tribe-events-c-subscribe-dropdown__list-item--outlook-live\">\n\t<a\n\t\thref=\"https:\/\/outlook.live.com\/owa?path=\/calendar\/action\/compose&#038;rru=addsubscription&#038;url=webcal%3A%2F%2Fboulder.earth%2Fes%2F%3Fpost_type%3Dtribe_events%26ical%3D1%26eventDisplay%3Dlist&#038;name=Boulder.Earth+Climate+Action+Portal+Pr\u00f3ximos+Eventos+\u2013+Boulder.Earth+Climate+Action+Portal\"\n\t\tclass=\"tribe-events-c-subscribe-dropdown__list-item-link\"\n\t\ttarget=\"_blank\"\n\t\trel=\"noopener noreferrer nofollow noindex\"\n\t>\n\t\tOutlook Live\t<\/a>\n<\/li>\n\t\t\t\t\t\t\t\t\t\n<li class=\"tribe-events-c-subscribe-dropdown__list-item tribe-events-c-subscribe-dropdown__list-item--ics\">\n\t<a\n\t\thref=\"https:\/\/boulder.earth\/es\/events\/photo\/?shortcode=e89a5463&#038;ical=1\"\n\t\tclass=\"tribe-events-c-subscribe-dropdown__list-item-link\"\n\t\ttarget=\"_blank\"\n\t\trel=\"noopener noreferrer nofollow noindex\"\n\t>\n\t\tExport .ics file\t<\/a>\n<\/li>\n\t\t\t\t\t\t\t\t\t\n<li class=\"tribe-events-c-subscribe-dropdown__list-item tribe-events-c-subscribe-dropdown__list-item--outlook-ics\">\n\t<a\n\t\thref=\"https:\/\/boulder.earth\/es\/events\/photo\/?shortcode=e89a5463&#038;outlook-ical=1#038;ical=1\"\n\t\tclass=\"tribe-events-c-subscribe-dropdown__list-item-link\"\n\t\ttarget=\"_blank\"\n\t\trel=\"noopener noreferrer nofollow noindex\"\n\t>\n\t\tExport Outlook .ics file\t<\/a>\n<\/li>\n\t\t\t\t\t\t\t<\/ul>\n\t\t<\/div>\n\t<\/div>\n<\/div>\n\n\t\t\t<\/section>\n<\/div>\n\n<script data-js='tribe-events-view-nonce-data' type='application\/json'>{\"tvn1\":\"1ddd8bbec1\",\"tvn2\":\"\"}<\/script><\/div>\n<p><\/p>\n<\/div><\/section>\r\n\n<style type=\"text\/css\" data-created_by=\"avia_inline_auto\" id=\"style-css-av-ldvzgiox-112d5602a445a1a9e7b8f2941e6ac64f\">\n\n@media only screen and (max-width: 479px){ \n#top .av_textblock_section.av-ldvzgiox-112d5602a445a1a9e7b8f2941e6ac64f .avia_textblock{\nfont-size:12px;\n}\n}\n<\/style>\n<section  class='av_textblock_section av-ldvzgiox-112d5602a445a1a9e7b8f2941e6ac64f '   itemscope=\"itemscope\" itemtype=\"https:\/\/schema.org\/CreativeWork\" ><div class='av-desktop-hide av-medium-hide av-small-hide avia_textblock'  itemprop=\"text\" ><h2>Boulder County Climate Justice Event Calendar<\/h2>\n<p>View our calendar for events from over a hundred different environmental justice groups. These events happen in person locally as well as virtually online. <a href=\"https:\/\/boulder.earth\/submit-event\/\">Click here to submit your own events<\/a>.<\/p>\n<div  class=\"tribe-compatibility-container tribe-theme-enfold\" ><div\n\t class=\"tribe-common tribe-events tribe-events-view tribe-events-view--photo alignwide tribe-events-view--shortcode tribe-events-view--shortcode-e89a5463 tribe-events-pro\" \tdata-js=\"tribe-events-view\"\n\tdata-view-rest-url=\"https:\/\/boulder.earth\/es\/wp-json\/tribe\/views\/v2\/html\"\n\tdata-view-rest-method=\"GET\"\n\tdata-view-manage-url=\"\"\n\t\t\tdata-view-shortcode=\"e89a5463\"\n\t\t\t\tdata-view-breakpoint-pointer=\"38bf42e8-40d3-4675-9b4a-8c8f2ee7935f\"\n\t>\n\t<section class=\"tribe-common-l-container tribe-events-l-container\">\n\t\t<div\n\tclass=\"tribe-events-view-loader tribe-common-a11y-hidden\"\n\trole=\"alert\"\n\taria-live=\"polite\"\n>\n\t<span class=\"tribe-events-view-loader__text tribe-common-a11y-visual-hide\">\n\t\t10 eventos found.\t<\/span>\n\t<div class=\"tribe-events-view-loader__dots tribe-common-c-loader\">\n\t\t<svg\n\t class=\"tribe-common-c-svgicon tribe-common-c-svgicon--dot tribe-common-c-loader__dot tribe-common-c-loader__dot--first\" \taria-hidden=\"true\"\n\tviewBox=\"0 0 15 15\"\n\txmlns=\"http:\/\/www.w3.org\/2000\/svg\"\n>\n\t<circle cx=\"7.5\" cy=\"7.5\" r=\"7.5\"\/>\n<\/svg>\n\t\t<svg\n\t class=\"tribe-common-c-svgicon tribe-common-c-svgicon--dot tribe-common-c-loader__dot tribe-common-c-loader__dot--second\" \taria-hidden=\"true\"\n\tviewBox=\"0 0 15 15\"\n\txmlns=\"http:\/\/www.w3.org\/2000\/svg\"\n>\n\t<circle cx=\"7.5\" cy=\"7.5\" r=\"7.5\"\/>\n<\/svg>\n\t\t<svg\n\t class=\"tribe-common-c-svgicon tribe-common-c-svgicon--dot tribe-common-c-loader__dot tribe-common-c-loader__dot--third\" \taria-hidden=\"true\"\n\tviewBox=\"0 0 15 15\"\n\txmlns=\"http:\/\/www.w3.org\/2000\/svg\"\n>\n\t<circle cx=\"7.5\" cy=\"7.5\" r=\"7.5\"\/>\n<\/svg>\n\t<\/div>\n<\/div>\n\n\t\t<script type=\"application\/ld+json\">\r\n[{\"@context\":\"http:\/\/schema.org\",\"@type\":\"Event\",\"name\":\"Making a Living and a Life; ALL Careers as \\u201cEnvironmental Careers&#8221;\",\"description\":\"&lt;p&gt;This program will bring the ALL Careers Approach to Education to high school students. Planned by BVSD students and held at a BVSD School!&lt;\/p&gt;\\\\n\",\"image\":\"https:\/\/boulder.earth\/wp-content\/uploads\/2026\/04\/image-1-e1776831292645.webp\",\"url\":\"https:\/\/boulder.earth\/es\/event\/making-a-living-and-a-life-all-careers-as-environmental-careers\/\",\"eventAttendanceMode\":\"https:\/\/schema.org\/OfflineEventAttendanceMode\",\"eventStatus\":\"https:\/\/schema.org\/EventScheduled\",\"startDate\":\"2026-04-28T18:00:00-06:00\",\"endDate\":\"2026-04-28T20:00:00-06:00\",\"location\":{\"@type\":\"Place\",\"name\":\"New Vista High School\",\"description\":\"\",\"url\":\"https:\/\/boulder.earth\/es\/lugar\/new-vista-high-school\/\",\"address\":{\"@type\":\"PostalAddress\",\"streetAddress\":\"700 20th St, Boulder, 80302\"},\"geo\":{\"@type\":\"GeoCoordinates\",\"latitude\":40.0009658999999970774297253228724002838134765625,\"longitude\":-105.2671430999999984123860485851764678955078125},\"telephone\":\"\",\"sameAs\":\"\"},\"organizer\":{\"@type\":\"Person\",\"name\":\"Geo sapiens\",\"description\":\"\",\"url\":\"https:\/\/www.geosapiens.org\/\",\"telephone\":\"\",\"email\":\"\",\"sameAs\":\"https:\/\/www.geosapiens.org\/\"},\"performer\":\"Organization\"},{\"@context\":\"http:\/\/schema.org\",\"@type\":\"Event\",\"name\":\"Challenges &#038; Trade-offs in Achieving 100% Clean Electricity\",\"description\":\"&lt;p&gt;Our Boulder County chapter welcomes Ron Sinton, President of Sinton Instruments, for a Speaker Series presentation exploring the challenges and trade-offs of achieving 100% renewable energy.&lt;\/p&gt;\\\\n\",\"image\":\"https:\/\/boulder.earth\/wp-content\/uploads\/2026\/04\/Screenshot-2026-04-27-at-10.08.25-PM-e1777342133691.png\",\"url\":\"https:\/\/boulder.earth\/es\/event\/challenges-trade-offs-in-achieving-100-clean-electricity\/\",\"eventAttendanceMode\":\"https:\/\/schema.org\/OfflineEventAttendanceMode\",\"eventStatus\":\"https:\/\/schema.org\/EventScheduled\",\"startDate\":\"2026-04-28T19:00:00-06:00\",\"endDate\":\"2026-04-28T20:00:00-06:00\",\"location\":{\"@type\":\"Place\",\"name\":\"Boulder Unitarian Universalist Church\",\"description\":\"\",\"url\":\"https:\/\/boulder.earth\/es\/lugar\/boulder-unitarian-universalist-church\/\",\"address\":{\"@type\":\"PostalAddress\",\"streetAddress\":\"5001 Pennsylvania Ave, Boulder, CO 80303\"},\"geo\":{\"@type\":\"GeoCoordinates\",\"latitude\":40.0069658999999973048034007661044597625732421875,\"longitude\":-105.23259269999999787614797241985797882080078125},\"telephone\":\"\",\"sameAs\":\"\"},\"organizer\":{\"@type\":\"Person\",\"name\":\"CRES\",\"description\":\"\",\"url\":\"https:\/\/www.cres-energy.org\",\"telephone\":\"\",\"email\":\"\",\"sameAs\":\"https:\/\/www.cres-energy.org\"},\"performer\":\"Organization\"},{\"@context\":\"http:\/\/schema.org\",\"@type\":\"Event\",\"name\":\"Why Private Land Conservation Matters\",\"description\":\"&lt;p&gt;This program will feature a discussion about the importance of protecting and conserving privately owned land in Colorado for the benefit of people and wildlife.&lt;\/p&gt;\\\\n\",\"image\":\"https:\/\/boulder.earth\/wp-content\/uploads\/2018\/04\/AudubonRockies-small.png\",\"url\":\"https:\/\/boulder.earth\/es\/event\/why-private-land-conservation-matters\/\",\"eventAttendanceMode\":\"https:\/\/schema.org\/OfflineEventAttendanceMode\",\"eventStatus\":\"https:\/\/schema.org\/EventScheduled\",\"startDate\":\"2026-04-28T19:00:00-06:00\",\"endDate\":\"2026-04-28T21:00:00-06:00\",\"location\":{\"@type\":\"Place\",\"name\":\"Boulder Unitarian Universalist Church\",\"description\":\"\",\"url\":\"https:\/\/boulder.earth\/es\/lugar\/boulder-unitarian-universalist-church\/\",\"address\":{\"@type\":\"PostalAddress\",\"streetAddress\":\"5001 Pennsylvania Ave, Boulder, CO 80303\"},\"geo\":{\"@type\":\"GeoCoordinates\",\"latitude\":40.0069658999999973048034007661044597625732421875,\"longitude\":-105.23259269999999787614797241985797882080078125},\"telephone\":\"\",\"sameAs\":\"\"},\"organizer\":{\"@type\":\"Person\",\"name\":\"Boulder Audubon\",\"description\":\"\",\"url\":\"https:\/\/www.boulderaudubon.org\/\",\"telephone\":\"\",\"email\":\"\",\"sameAs\":\"https:\/\/www.boulderaudubon.org\/\"},\"performer\":\"Organization\"},{\"@context\":\"http:\/\/schema.org\",\"@type\":\"Event\",\"name\":\"Virtual Career Fair\",\"description\":\"&lt;p&gt;The NAACP Virtual Career Fair is\\u00a0open to all candidates, and we encourage candidates from diverse backgrounds to attend. You do not have to be an NAACP member to participate.&lt;\/p&gt;\\\\n\",\"image\":\"https:\/\/boulder.earth\/wp-content\/uploads\/2026\/03\/11d51a8a-1cb1-4f6a-b3fb-6f769ecf6887.png\",\"url\":\"https:\/\/boulder.earth\/es\/event\/virtual-career-fair\/\",\"eventAttendanceMode\":\"https:\/\/schema.org\/OfflineEventAttendanceMode\",\"eventStatus\":\"https:\/\/schema.org\/EventScheduled\",\"startDate\":\"2026-04-29T10:00:00-06:00\",\"endDate\":\"2026-04-29T14:00:00-06:00\",\"location\":{\"@type\":\"Place\",\"name\":\"Virtual\",\"description\":\"\",\"url\":\"https:\/\/boulder.earth\/es\/lugar\/virtual\/\",\"address\":{\"@type\":\"PostalAddress\"},\"telephone\":\"\",\"sameAs\":\"\"},\"organizer\":{\"@type\":\"Person\",\"name\":\"NAACP National\",\"description\":\"\",\"url\":\"https:\/\/naacp.org\/\",\"telephone\":\"\",\"email\":\"\",\"sameAs\":\"https:\/\/naacp.org\/\"},\"performer\":\"Organization\"},{\"@context\":\"http:\/\/schema.org\",\"@type\":\"Event\",\"name\":\"How Flowers Made Our World Webinar\",\"description\":\"&lt;p&gt;Using examples from his latest book,\\u00a0How Flowers Made Our World, David Haskell will illuminate the many ways that we live on a floral planet.&lt;\/p&gt;\\\\n\",\"image\":\"https:\/\/boulder.earth\/wp-content\/uploads\/2026\/04\/How-Flowers-Made-Our-World-Slide-e1776829480516.png\",\"url\":\"https:\/\/boulder.earth\/es\/event\/how-flowers-made-our-world-webinar\/\",\"eventAttendanceMode\":\"https:\/\/schema.org\/OfflineEventAttendanceMode\",\"eventStatus\":\"https:\/\/schema.org\/EventScheduled\",\"startDate\":\"2026-04-29T12:00:00-06:00\",\"endDate\":\"2026-04-29T13:00:00-06:00\",\"location\":{\"@type\":\"Place\",\"name\":\"Virtual\",\"description\":\"\",\"url\":\"https:\/\/boulder.earth\/es\/lugar\/virtual\/\",\"address\":{\"@type\":\"PostalAddress\"},\"telephone\":\"\",\"sameAs\":\"\"},\"organizer\":{\"@type\":\"Person\",\"name\":\"People and Pollinators Action Network\",\"description\":\"\",\"url\":\"\",\"telephone\":\"\",\"email\":\"\",\"sameAs\":\"\"},\"performer\":\"Organization\"},{\"@context\":\"http:\/\/schema.org\",\"@type\":\"Event\",\"name\":\"Nuclear Power and Artificial Intelligence Webinar\",\"description\":\"&lt;p&gt;Join experts in nuclear tech &amp; AI to learn about the environmental impact of small modular nuclear reactors and artificial intelligence.&lt;\/p&gt;\\\\n\",\"image\":\"https:\/\/boulder.earth\/wp-content\/uploads\/2026\/04\/images-_11_-e1777340579712.png\",\"url\":\"https:\/\/boulder.earth\/es\/event\/nuclear-power-and-artificial-intelligence-webinar\/\",\"eventAttendanceMode\":\"https:\/\/schema.org\/OfflineEventAttendanceMode\",\"eventStatus\":\"https:\/\/schema.org\/EventScheduled\",\"startDate\":\"2026-04-29T16:00:00-06:00\",\"endDate\":\"2026-04-29T17:00:00-06:00\",\"location\":{\"@type\":\"Place\",\"name\":\"Virtual\",\"description\":\"\",\"url\":\"https:\/\/boulder.earth\/es\/lugar\/virtual\/\",\"address\":{\"@type\":\"PostalAddress\"},\"telephone\":\"\",\"sameAs\":\"\"},\"organizer\":{\"@type\":\"Person\",\"name\":\"Naropa University\",\"description\":\"\",\"url\":\"\",\"telephone\":\"\",\"email\":\"\",\"sameAs\":\"\"},\"performer\":\"Organization\"},{\"@context\":\"http:\/\/schema.org\",\"@type\":\"Event\",\"name\":\"PEOPLE of the SACRED LAND Film Premiere &#038; Discussion\",\"description\":\"&lt;p&gt;PEOPLE of the SACRED LAND follows Richard Williams (Oglala Lakota, Northern Cheyenne) as he recounts the widely untold history of Colorado through the findings of the Truth, Restoration, and Education Commission (TREC) reports.&lt;\/p&gt;\\\\n\",\"image\":\"https:\/\/boulder.earth\/wp-content\/uploads\/2026\/04\/Screenshot-2026-04-20-at-8.41.22-AM-e1776696114981.png\",\"url\":\"https:\/\/boulder.earth\/es\/event\/people-of-the-sacred-land-film-premiere-discussion\/\",\"eventAttendanceMode\":\"https:\/\/schema.org\/OfflineEventAttendanceMode\",\"eventStatus\":\"https:\/\/schema.org\/EventScheduled\",\"startDate\":\"2026-04-29T17:30:00-06:00\",\"endDate\":\"2026-04-29T19:00:00-06:00\",\"location\":{\"@type\":\"Place\",\"name\":\"Dairy Arts Center\",\"description\":\"\",\"url\":\"https:\/\/boulder.earth\/es\/lugar\/diary-arts-center\/\",\"address\":{\"@type\":\"PostalAddress\",\"streetAddress\":\"2590 Walnut Street Boulder, CO 80302\"},\"geo\":{\"@type\":\"GeoCoordinates\",\"latitude\":40.01932330000000348491084878332912921905517578125,\"longitude\":-105.26107799999999770079739391803741455078125},\"telephone\":\"\",\"sameAs\":\"\"},\"organizer\":{\"@type\":\"Person\",\"name\":\"People of the Sacred Land\",\"description\":\"\",\"url\":\"https:\/\/peopleofthesacredland.org\/\",\"telephone\":\"\",\"email\":\"\",\"sameAs\":\"https:\/\/peopleofthesacredland.org\/\"},\"performer\":\"Organization\"},{\"@context\":\"http:\/\/schema.org\",\"@type\":\"Event\",\"name\":\"After We March, We Organize! Solidarity Warriors Indivisible Action Group\",\"description\":\"&lt;p&gt;&#x1f4da;&#x1f3a4; Every week we feature guest speakers and training on topics like:&lt;\/p&gt;\\\\n&lt;p&gt;&#x1f6e1;&#xfe0f; How to Protest Safely &#x1f30e; Immigrant Rights &#x1fab6; Indigenous History &#x1f510; Cybersecurity \\\\'0a; Community Organizing Tactics and much more!&lt;\/p&gt;\\\\n\",\"image\":\"https:\/\/boulder.earth\/wp-content\/uploads\/2026\/04\/Sunset-crowd-raised-fists-One-line-01_20250721004218694808-e1775521865495.png\",\"url\":\"https:\/\/boulder.earth\/es\/event\/after-we-march-we-organize-solidarity-warriors-indivisible-action-group\/2026-04-29\/\",\"eventAttendanceMode\":\"https:\/\/schema.org\/OfflineEventAttendanceMode\",\"eventStatus\":\"https:\/\/schema.org\/EventScheduled\",\"startDate\":\"2026-04-29T18:00:00-06:00\",\"endDate\":\"2026-04-29T19:30:00-06:00\",\"location\":{\"@type\":\"Place\",\"name\":\"Virtual\",\"description\":\"\",\"url\":\"https:\/\/boulder.earth\/es\/lugar\/virtual\/\",\"address\":{\"@type\":\"PostalAddress\"},\"telephone\":\"\",\"sameAs\":\"\"},\"organizer\":{\"@type\":\"Person\",\"name\":\"Solidarity Warriors\",\"description\":\"\",\"url\":\"https:\/\/solidaritywarriors.org\/\",\"telephone\":\"\",\"email\":\"\",\"sameAs\":\"https:\/\/solidaritywarriors.org\/\"},\"performer\":\"Organization\"},{\"@context\":\"http:\/\/schema.org\",\"@type\":\"Event\",\"name\":\"Rain Barrel Webinar: How to Choose, Install, and Maintain a Rain Barrel\",\"description\":\"&lt;p&gt;Save water, save money, and protect water quality by installing a rain barrel at home!&lt;\/p&gt;\\\\n\",\"image\":\"https:\/\/boulder.earth\/wp-content\/uploads\/2019\/04\/keep-it-clean-sm.jpg\",\"url\":\"https:\/\/boulder.earth\/es\/event\/rain-barrel-webinar-how-to-choose-install-and-maintain-a-rain-barrel\/\",\"eventAttendanceMode\":\"https:\/\/schema.org\/OfflineEventAttendanceMode\",\"eventStatus\":\"https:\/\/schema.org\/EventScheduled\",\"startDate\":\"2026-04-29T18:00:00-06:00\",\"endDate\":\"2026-04-29T19:30:00-06:00\",\"location\":{\"@type\":\"Place\",\"name\":\"Virtual\",\"description\":\"\",\"url\":\"https:\/\/boulder.earth\/es\/lugar\/virtual\/\",\"address\":{\"@type\":\"PostalAddress\"},\"telephone\":\"\",\"sameAs\":\"\"},\"organizer\":{\"@type\":\"Person\",\"name\":\"Keep it Clean Partnership\",\"description\":\"\",\"url\":\"https:\/\/www.keepitcleanpartnership.org\/\",\"telephone\":\"\",\"email\":\"\",\"sameAs\":\"https:\/\/www.keepitcleanpartnership.org\/\"},\"performer\":\"Organization\"},{\"@context\":\"http:\/\/schema.org\",\"@type\":\"Event\",\"name\":\"How Flowers Made Our World Webinar\",\"description\":\"&lt;p&gt;Flowers are revolutionaries. When flowering plants evolved, they swiftly transformed the planet, and their productivity sustains much of life today.&lt;\/p&gt;\\\\n\",\"image\":\"https:\/\/boulder.earth\/wp-content\/uploads\/2026\/04\/Flowers-Haskell-Cover-JPG-_1_-1-e1777342410131.jpg\",\"url\":\"https:\/\/boulder.earth\/es\/event\/how-flowers-made-our-world-webinar-2\/\",\"eventAttendanceMode\":\"https:\/\/schema.org\/OfflineEventAttendanceMode\",\"eventStatus\":\"https:\/\/schema.org\/EventScheduled\",\"startDate\":\"2026-04-30T12:00:00-06:00\",\"endDate\":\"2026-04-30T13:00:00-06:00\",\"location\":{\"@type\":\"Place\",\"name\":\"Virtual\",\"description\":\"\",\"url\":\"https:\/\/boulder.earth\/es\/lugar\/virtual\/\",\"address\":{\"@type\":\"PostalAddress\"},\"telephone\":\"\",\"sameAs\":\"\"},\"organizer\":{\"@type\":\"Person\",\"name\":\"People and Pollinators Action Network\",\"description\":\"\",\"url\":\"\",\"telephone\":\"\",\"email\":\"\",\"sameAs\":\"\"},\"performer\":\"Organization\"}]\r\n<\/script>\n\t\t<script data-js=\"tribe-events-view-data\" type=\"application\/json\">\n\t{\"slug\":\"photo\",\"prev_url\":\"https:\\\/\\\/boulder.earth\\\/es\\\/events\\\/photo\\\/?rest_route=%2Fwp%2Fv2%2Fpages%2F10611&shortcode=e89a5463&eventDisplay=past\",\"next_url\":\"https:\\\/\\\/boulder.earth\\\/es\\\/events\\\/photo\\\/(\\\/?:page)\\\/(\\\\d_)\\\/&shortcode=e89a5463\",\"view_class\":\"Tribe\\\\Events\\\\Pro\\\\Views\\\\V2\\\\Views\\\\Photo_View\",\"view_slug\":\"photo\",\"view_label\":\"Photo\",\"title\":\"Eventos from abril 28 \\u2013 abril 30 \\u2013 Boulder.Earth Climate Action Portal\",\"events\":[10003639,10003652,10003468,10003382,10003469,10003648,10003463,10003391,10003446,10003653],\"url\":\"https:\\\/\\\/boulder.earth\\\/es\\\/events\\\/photo\\\/?shortcode=e89a5463\",\"url_event_date\":false,\"bar\":{\"keyword\":\"\",\"date\":\"\"},\"today\":\"2026-04-28 00:00:00\",\"now\":\"2026-04-28 13:23:17\",\"home_url\":\"https:\\\/\\\/boulder.earth\\\/es\",\"rest_url\":\"https:\\\/\\\/boulder.earth\\\/es\\\/wp-json\\\/tribe\\\/views\\\/v2\\\/html\",\"rest_method\":\"GET\",\"rest_nonce\":\"\",\"should_manage_url\":false,\"today_url\":\"https:\\\/\\\/boulder.earth\\\/es\\\/events\\\/photo\\\/?rest_route=%2Fwp%2Fv2%2Fpages%2F10611&shortcode=e89a5463\",\"today_title\":\"Click to select today's date\",\"today_label\":\"Hoy\",\"prev_label\":\"\",\"next_label\":\"\",\"date_formats\":{\"compact\":\"Y-m-d\",\"month_and_year_compact\":\"Y-m\",\"month_and_year\":\"F Y\",\"time_range_separator\":\" - \",\"date_time_separator\":\" @ \"},\"messages\":[],\"start_of_week\":\"0\",\"header_title\":\"\",\"header_title_element\":\"h1\",\"content_title\":\"\",\"show_content_title\":false,\"breadcrumbs\":[],\"backlink\":false,\"before_events\":\"\",\"after_events\":\"\",\"display_events_bar\":true,\"disable_event_search\":false,\"live_refresh\":true,\"ical\":{\"display_link\":true,\"link\":{\"url\":\"https:\\\/\\\/boulder.earth\\\/es\\\/events\\\/photo\\\/?shortcode=e89a5463&#038;ical=1\",\"text\":\"Exportar Eventos\",\"title\":\"Usa esto para compartir los datos del calendario con Google Calendar, Apple iCal y otras aplicaciones compatibles\"}},\"container_classes\":[\"tribe-common\",\"tribe-events\",\"tribe-events-view\",\"tribe-events-view--photo\",\"alignwide\",\"tribe-events-view--shortcode\",\"tribe-events-view--shortcode-e89a5463\",\"tribe-events-pro\"],\"container_data\":{\"shortcode\":\"e89a5463\"},\"is_past\":false,\"breakpoints\":{\"xsmall\":500,\"medium\":768,\"full\":960},\"breakpoint_pointer\":\"38bf42e8-40d3-4675-9b4a-8c8f2ee7935f\",\"is_initial_load\":false,\"public_views\":{\"list\":{\"view_class\":\"Tribe\\\\Events\\\\Views\\\\V2\\\\Views\\\\List_View\",\"view_url\":\"https:\\\/\\\/boulder.earth\\\/es\\\/events\\\/(\\\/?:list)\\\/&shortcode=e89a5463\",\"view_label\":\"Lista\",\"aria_label\":\"Display Eventos in Lista View\"},\"month\":{\"view_class\":\"Tribe\\\\Events\\\\Views\\\\V2\\\\Views\\\\Month_View\",\"view_url\":\"https:\\\/\\\/boulder.earth\\\/es\\\/events\\\/(\\\/?:month)\\\/&shortcode=e89a5463\",\"view_label\":\"Mes\",\"aria_label\":\"Display Eventos in Mes View\"},\"day\":{\"view_class\":\"Tribe\\\\Events\\\\Views\\\\V2\\\\Views\\\\Day_View\",\"view_url\":\"https:\\\/\\\/boulder.earth\\\/es\\\/events\\\/(\\\/?:today)\\\/&shortcode=e89a5463\",\"view_label\":\"D\\u00eda\",\"aria_label\":\"Display Eventos in D\\u00eda View\"},\"photo\":{\"view_class\":\"Tribe\\\\Events\\\\Pro\\\\Views\\\\V2\\\\Views\\\\Photo_View\",\"view_url\":\"https:\\\/\\\/boulder.earth\\\/es\\\/events\\\/photo\\\/?shortcode=e89a5463\",\"view_label\":\"Photo\",\"aria_label\":\"Display Eventos in Photo View\"},\"week\":{\"view_class\":\"Tribe\\\\Events\\\\Pro\\\\Views\\\\V2\\\\Views\\\\Week_View\",\"view_url\":\"https:\\\/\\\/boulder.earth\\\/es\\\/events\\\/week\\\/?shortcode=e89a5463\",\"view_label\":\"Week\",\"aria_label\":\"Display Eventos in Week View\"}},\"show_latest_past\":true,\"past\":false,\"placeholder_url\":\"https:\\\/\\\/boulder.earth\\\/wp-content\\\/plugins\\\/events-calendar-pro\\\/src\\\/resources\\\/images\\\/tribe-event-placeholder-image.svg\",\"show_now\":true,\"now_label\":\"Ahora\",\"now_label_mobile\":\"Ahora\",\"show_end\":true,\"selected_start_datetime\":\"2026-04-28\",\"selected_start_date_mobile\":\"2026-04-28\",\"selected_start_date_label\":\"abril 28\",\"selected_end_datetime\":\"2026-04-30\",\"selected_end_date_mobile\":\"2026-04-30\",\"selected_end_date_label\":\"abril 30\",\"datepicker_date\":\"2026-04-28\",\"subscribe_links\":{\"gcal\":{\"label\":\"Google Calendar\",\"single_label\":\"A\\u00f1adir a Google Calendar\",\"visible\":true,\"block_slug\":\"hasGoogleCalendar\"},\"ical\":{\"label\":\"iCalendar\",\"single_label\":\"Add to iCalendar\",\"visible\":true,\"block_slug\":\"hasiCal\"},\"outlook-365\":{\"label\":\"Outlook 365\",\"single_label\":\"Outlook 365\",\"visible\":true,\"block_slug\":\"hasOutlook365\"},\"outlook-live\":{\"label\":\"Outlook Live\",\"single_label\":\"Outlook Live\",\"visible\":true,\"block_slug\":\"hasOutlookLive\"},\"ics\":{\"label\":\"Export .ics file\",\"single_label\":\"Export .ics file\",\"visible\":true,\"block_slug\":null},\"outlook-ics\":{\"label\":\"Export Outlook .ics file\",\"single_label\":\"Export Outlook .ics file\",\"visible\":true,\"block_slug\":null}},\"display_recurring_toggle\":false,\"_context\":{\"slug\":\"photo\",\"should_manage_url\":false},\"text\":\"Loading...\",\"classes\":[\"tribe-common-c-loader__dot\",\"tribe-common-c-loader__dot--third\"]}<\/script>\n\n\t\t\n\t\t\n<header  class=\"tribe-events-header tribe-events-header--has-event-search\" >\n\t<div class=\"tribe-events-header__content-title\">\n\t<h1 class=\"screen-reader-text tec-a11y-title-hidden\">Eventos<\/h1><\/div>\n\n\t\n\t\n\t<div\n\t class=\"tribe-events-header__events-bar tribe-events-c-events-bar tribe-events-c-events-bar--border\" \tdata-js=\"tribe-events-events-bar\"\n>\n\n\t<h2 class=\"tribe-common-a11y-visual-hide\">\n\t\tB\u00fasqueda y navegaci\u00f3 de vistas de Eventos\t<\/h2>\n\n\t\t\t<button\n\tclass=\"tribe-events-c-events-bar__search-button\"\n\taria-controls=\"tribe-events-search-container\"\n\taria-expanded=\"false\"\n\tdata-js=\"tribe-events-search-button\"\n>\n\t<svg\n\t class=\"tribe-common-c-svgicon tribe-common-c-svgicon--search tribe-events-c-events-bar__search-button-icon-svg\" \taria-hidden=\"true\"\n\tviewBox=\"0 0 16 16\"\n\txmlns=\"http:\/\/www.w3.org\/2000\/svg\"\n>\n\t<path fill-rule=\"evenodd\" clip-rule=\"evenodd\" d=\"M11.164 10.133L16 14.97 14.969 16l-4.836-4.836a6.225 6.225 0 01-3.875 1.352 6.24 6.24 0 01-4.427-1.832A6.272 6.272 0 010 6.258 6.24 6.24 0 011.831 1.83 6.272 6.272 0 016.258 0c1.67 0 3.235.658 4.426 1.831a6.272 6.272 0 011.832 4.427c0 1.422-.48 2.773-1.352 3.875zM6.258 1.458c-1.28 0-2.49.498-3.396 1.404-1.866 1.867-1.866 4.925 0 6.791a4.774 4.774 0 003.396 1.405c1.28 0 2.489-.498 3.395-1.405 1.867-1.866 1.867-4.924 0-6.79a4.774 4.774 0 00-3.395-1.405z\"\/>\n<\/svg>\n\t<span class=\"tribe-events-c-events-bar__search-button-text tribe-common-a11y-visual-hide\">\n\t\tBuscar\t<\/span>\n<\/button>\n\n\t\t<div\n\t\t\tclass=\"tribe-events-c-events-bar__search-container\"\n\t\t\tid=\"tribe-events-search-container\"\n\t\t\tdata-js=\"tribe-events-search-container\"\n\t\t>\n\t\t\t<div\n\tclass=\"tribe-events-c-events-bar__search\"\n\tid=\"tribe-events-events-bar-search\"\n\tdata-js=\"tribe-events-events-bar-search\"\n>\n\t<form\n\t\tclass=\"tribe-events-c-search tribe-events-c-events-bar__search-form\"\n\t\tmethod=\"get\"\n\t\tdata-js=\"tribe-events-view-form\"\n\t\trole=\"search\"\n\t>\n\t\t<input type=\"hidden\" name=\"tribe-events-views[url]\" value=\"https:\/\/boulder.earth\/es\/events\/photo\/?shortcode=e89a5463\" \/>\n\n\t\t<div class=\"tribe-events-c-search__input-group\">\n\t\t\t<div\n\tclass=\"tribe-common-form-control-text tribe-events-c-search__input-control tribe-events-c-search__input-control--keyword\"\n\tdata-js=\"tribe-events-events-bar-input-control\"\n>\n\t<label class=\"tribe-common-form-control-text__label\" for=\"tribe-events-events-bar-keyword\">\n\t\tIntroduce la palabra clave. Busca Eventos para la palabra clave.\t<\/label>\n\t<input\n\t\tclass=\"tribe-common-form-control-text__input tribe-events-c-search__input\"\n\t\tdata-js=\"tribe-events-events-bar-input-control-input\"\n\t\ttype=\"text\"\n\t\tid=\"tribe-events-events-bar-keyword\"\n\t\tname=\"tribe-events-views[tribe-bar-search]\"\n\t\tvalue=\"\"\n\t\tplaceholder=\"Buscar eventos\"\n\t\taria-label=\"Introduce la palabra clave. Busca eventos para la palabra clave.\"\n\t\/>\n\t<svg\n\t class=\"tribe-common-c-svgicon tribe-common-c-svgicon--search tribe-events-c-search__input-control-icon-svg\" \taria-hidden=\"true\"\n\tviewBox=\"0 0 16 16\"\n\txmlns=\"http:\/\/www.w3.org\/2000\/svg\"\n>\n\t<path fill-rule=\"evenodd\" clip-rule=\"evenodd\" d=\"M11.164 10.133L16 14.97 14.969 16l-4.836-4.836a6.225 6.225 0 01-3.875 1.352 6.24 6.24 0 01-4.427-1.832A6.272 6.272 0 010 6.258 6.24 6.24 0 011.831 1.83 6.272 6.272 0 016.258 0c1.67 0 3.235.658 4.426 1.831a6.272 6.272 0 011.832 4.427c0 1.422-.48 2.773-1.352 3.875zM6.258 1.458c-1.28 0-2.49.498-3.396 1.404-1.866 1.867-1.866 4.925 0 6.791a4.774 4.774 0 003.396 1.405c1.28 0 2.489-.498 3.395-1.405 1.867-1.866 1.867-4.924 0-6.79a4.774 4.774 0 00-3.395-1.405z\"\/>\n<\/svg>\n<\/div>\n<div\n\tclass=\"tribe-common-form-control-text tribe-events-c-search__input-control tribe-events-c-search__input-control--location\"\n\tdata-js=\"tribe-events-events-bar-input-control\"\n>\n\t<label class=\"tribe-common-form-control-text__label\" for=\"tribe-events-events-bar-location\">\n\t\tEnter Location. Search for Eventos by Location.\t<\/label>\n\t<input\n\t\tclass=\"tribe-common-form-control-text__input tribe-events-c-search__input tribe-events-c-search__input--icon\"\n\t\tdata-js=\"tribe-events-events-bar-input-control-input\"\n\t\ttype=\"text\"\n\t\tid=\"tribe-events-events-bar-location\"\n\t\tname=\"tribe-events-views[tribe-bar-location]\"\n\t\tvalue=\"\"\n\t\tplaceholder=\"In a location\"\n\t\taria-label=\"Enter Location. Search for Eventos by Location.\"\n\t\/>\n\t<svg\n\t class=\"tribe-common-c-svgicon tribe-common-c-svgicon--location tribe-events-c-search__input-control-icon-svg\" \taria-hidden=\"true\"\n\tviewBox=\"0 0 10 16\"\n\txmlns=\"http:\/\/www.w3.org\/2000\/svg\"\n>\n\t<path fill-rule=\"evenodd\" clip-rule=\"evenodd\" d=\"M8.682 1.548a5.166 5.166 0 00-7.375 0C-3.073 5.984 4.959 15.36 4.994 15.36c.051-.001 8.092-9.35 3.688-13.812zM4.994 2.833c1.27 0 2.301 1.043 2.301 2.331 0 1.287-1.03 2.33-2.301 2.33-1.272 0-2.3-1.043-2.3-2.33 0-1.287 1.028-2.331 2.3-2.331z\"\/>\n<\/svg>\n<\/div>\n\t\t<\/div>\n\n\t\t<button\n\tclass=\"tribe-common-c-btn tribe-events-c-search__button\"\n\ttype=\"submit\"\n\tname=\"submit-bar\"\n>\n\tBuscar Eventos<\/button>\n\t<\/form>\n<\/div>\n\t\t<\/div>\n\t\n\t<div class=\"tribe-events-c-events-bar__views\">\n\t<h3 class=\"tribe-common-a11y-visual-hide\">\n\t\tNavegaci\u00f3n de vistas de Evento\t<\/h3>\n\t<div  class=\"tribe-events-c-view-selector tribe-events-c-view-selector--labels\"  data-js=\"tribe-events-view-selector\">\n\t\t<button\n\t\t\tclass=\"tribe-events-c-view-selector__button tribe-common-c-btn__clear\"\n\t\t\tdata-js=\"tribe-events-view-selector-button\"\n\t\t\taria-current=\"true\"\n\t\t\taria-description=\"Select Calendar View\"\n\t\t>\n\t\t\t<span class=\"tribe-events-c-view-selector__button-icon\">\n\t\t\t\t<svg\n\t class=\"tribe-common-c-svgicon tribe-common-c-svgicon--photo tribe-events-c-view-selector__button-icon-svg\" \taria-hidden=\"true\"\n\tviewBox=\"0 0 19 18\"\n\txmlns=\"http:\/\/www.w3.org\/2000\/svg\"\n>\n\t<path fill-rule=\"evenodd\" clip-rule=\"evenodd\" d=\"M17.536 0H.539a.484.484 0 00-.495.483v17.034c0 .27.218.483.495.483h16.997a.484.484 0 00.495-.483V.483A.484.484 0 0017.536 0zm-.515.986V13.73l-1.907-2.938c-.555-.58-1.584-.58-2.139 0l-1.327 1.41-3.841-4.31a1.548 1.548 0 00-1.169-.502c-.435 0-.871.193-1.148.522l-4.436 4.929V.986h15.967zM1.054 14.329v2.705h15.987v-1.835l-2.66-3.73c-.178-.175-.495-.175-.653 0l-1.703 1.816c-.1.097-.218.174-.377.155a.569.569 0 01-.376-.174L7.054 8.53a.577.577 0 00-.416-.174.504.504 0 00-.396.174l-5.188 5.798z\" class=\"tribe-common-c-svgicon__svg-fill\"\/><path fill-rule=\"evenodd\" clip-rule=\"evenodd\" d=\"M14.682 5.875c0 1.043-.825 1.875-1.82 1.875-.993 0-1.818-.832-1.818-1.875C11.044 4.83 11.85 4 12.863 4c1.012 0 1.819.831 1.819 1.875zm-.957 0c0-.483-.393-.89-.862-.89s-.863.407-.863.89c0 .483.394.889.863.889s.862-.406.862-.89z\" class=\"tribe-common-c-svgicon__svg-fill\"\/>\n<\/svg>\n\t\t\t<\/span>\n\t\t\t<span class=\"tribe-events-c-view-selector__button-text tribe-common-a11y-visual-hide\">\n\t\t\t\tPhoto\t\t\t<\/span>\n\t\t\t<svg\n\t class=\"tribe-common-c-svgicon tribe-common-c-svgicon--caret-down tribe-events-c-view-selector__button-icon-caret-svg\" \taria-hidden=\"true\"\n\tviewBox=\"0 0 10 7\"\n\txmlns=\"http:\/\/www.w3.org\/2000\/svg\"\n>\n\t<path fill-rule=\"evenodd\" clip-rule=\"evenodd\" d=\"M1.008.609L5 4.6 8.992.61l.958.958L5 6.517.05 1.566l.958-.958z\" class=\"tribe-common-c-svgicon__svg-fill\"\/>\n<\/svg>\n\t\t<\/button>\n\t\t<div\n\tclass=\"tribe-events-c-view-selector__content\"\n\tid=\"tribe-events-view-selector-content\"\n\tdata-js=\"tribe-events-view-selector-list-container\"\n>\n\t<ul class=\"tribe-events-c-view-selector__list\">\n\t\t\t\t\t<li\n\t class=\"tribe-events-c-view-selector__list-item tribe-events-c-view-selector__list-item--list\" >\n\t<a\n\t\thref=\"https:\/\/boulder.earth\/es\/events\/(\/?:list)\/&#038;shortcode=e89a5463\"\n\t\tclass=\"tribe-events-c-view-selector__list-item-link\"\n\t\tdata-js=\"tribe-events-view-link\"\n\t\taria-label=\"Display Eventos in Lista View\"\n\t\t\t>\n\t\t<span class=\"tribe-events-c-view-selector__list-item-icon\">\n\t\t\t<svg\n\t class=\"tribe-common-c-svgicon tribe-common-c-svgicon--list tribe-events-c-view-selector__list-item-icon-svg\" \taria-hidden=\"true\"\n\tviewBox=\"0 0 19 19\"\n\txmlns=\"http:\/\/www.w3.org\/2000\/svg\"\n>\n\t<path fill-rule=\"evenodd\" clip-rule=\"evenodd\" d=\"M.451.432V17.6c0 .238.163.432.364.432H18.12c.2 0 .364-.194.364-.432V.432c0-.239-.163-.432-.364-.432H.815c-.2 0-.364.193-.364.432zm.993.81h16.024V3.56H1.444V1.24zM17.468 3.56H1.444v13.227h16.024V3.56z\" class=\"tribe-common-c-svgicon__svg-fill\"\/>\n\t<g clip-path=\"url(#tribe-events-c-view-selector__list-item-icon-svg-0)\" class=\"tribe-common-c-svgicon__svg-fill\">\n\t\t<path fill-rule=\"evenodd\" clip-rule=\"evenodd\" d=\"M11.831 4.912v1.825c0 .504.409.913.913.913h1.825a.913.913 0 00.912-.913V4.912A.913.913 0 0014.57 4h-1.825a.912.912 0 00-.913.912z\"\/>\n\t\t<path d=\"M8.028 7.66a.449.449 0 00.446-.448v-.364c0-.246-.2-.448-.446-.448h-4.13a.449.449 0 00-.447.448v.364c0 .246.201.448.447.448h4.13zM9.797 5.26a.449.449 0 00.447-.448v-.364c0-.246-.201-.448-.447-.448h-5.9a.449.449 0 00-.446.448v.364c0 .246.201.448.447.448h5.9z\"\/>\n\t<\/g>\n\t<g clip-path=\"url(#tribe-events-c-view-selector__list-item-icon-svg-1)\" class=\"tribe-common-c-svgicon__svg-fill\">\n\t\t\t<path fill-rule=\"evenodd\" clip-rule=\"evenodd\" d=\"M11.831 10.912v1.825c0 .505.409.913.913.913h1.825a.913.913 0 00.912-.912v-1.825A.913.913 0 0014.57 10h-1.825a.912.912 0 00-.913.912z\"\/>\n\t\t<path d=\"M8.028 13.66a.449.449 0 00.446-.448v-.364c0-.246-.2-.448-.446-.448h-4.13a.449.449 0 00-.447.448v.364c0 .246.201.448.447.448h4.13zM9.797 11.26a.449.449 0 00.447-.448v-.364c0-.246-.201-.448-.447-.448h-5.9a.449.449 0 00-.446.448v.364c0 .246.201.448.447.448h5.9z\"\/>\n\t<\/g>\n\t<defs>\n\t\t<clipPath id=\"tribe-events-c-view-selector__list-item-icon-svg-0\">\n\t\t\t<path transform=\"translate(3.451 4)\" d=\"M0 0h13v4H0z\"\/>\n\t\t<\/clipPath>\n\t\t<clipPath id=\"tribe-events-c-view-selector__list-item-icon-svg-1\">\n\t\t\t<path transform=\"translate(3.451 10)\" d=\"M0 0h13v4H0z\"\/>\n\t\t<\/clipPath>\n\t<\/defs>\n<\/svg>\n\t\t<\/span>\n\t\t<span class=\"tribe-events-c-view-selector__list-item-text\">\n\t\t\tLista\t\t<\/span>\n\t<\/a>\n<\/li>\n\t\t\t\t\t<li\n\t class=\"tribe-events-c-view-selector__list-item tribe-events-c-view-selector__list-item--month\" >\n\t<a\n\t\thref=\"https:\/\/boulder.earth\/es\/events\/(\/?:month)\/&#038;shortcode=e89a5463\"\n\t\tclass=\"tribe-events-c-view-selector__list-item-link\"\n\t\tdata-js=\"tribe-events-view-link\"\n\t\taria-label=\"Display Eventos in Mes View\"\n\t\t\t>\n\t\t<span class=\"tribe-events-c-view-selector__list-item-icon\">\n\t\t\t<svg\n\t class=\"tribe-common-c-svgicon tribe-common-c-svgicon--month tribe-events-c-view-selector__list-item-icon-svg\" \taria-hidden=\"true\"\n\tviewBox=\"0 0 18 19\"\n\txmlns=\"http:\/\/www.w3.org\/2000\/svg\"\n>\n\t<path fill-rule=\"evenodd\" clip-rule=\"evenodd\" d=\"M0 .991v17.04c0 .236.162.428.361.428h17.175c.2 0 .361-.192.361-.429V.991c0-.237-.162-.428-.361-.428H.36C.161.563 0 .754 0 .99zm.985.803H16.89v2.301H.985v-2.3zM16.89 5.223H.985v12H16.89v-12zM6.31 7.366v.857c0 .237.192.429.429.429h.857a.429.429 0 00.428-.429v-.857a.429.429 0 00-.428-.429H6.74a.429.429 0 00-.429.429zm3.429.857v-.857c0-.237.191-.429.428-.429h.857c.237 0 .429.192.429.429v.857a.429.429 0 01-.429.429h-.857a.429.429 0 01-.428-.429zm3.428-.857v.857c0 .237.192.429.429.429h.857a.429.429 0 00.428-.429v-.857a.429.429 0 00-.428-.429h-.857a.429.429 0 00-.429.429zm-6.857 4.286v-.858c0-.236.192-.428.429-.428h.857c.236 0 .428.192.428.428v.858a.429.429 0 01-.428.428H6.74a.429.429 0 01-.429-.428zm3.429-.858v.858c0 .236.191.428.428.428h.857a.429.429 0 00.429-.428v-.858a.429.429 0 00-.429-.428h-.857a.428.428 0 00-.428.428zm3.428.858v-.858c0-.236.192-.428.429-.428h.857c.236 0 .428.192.428.428v.858a.429.429 0 01-.428.428h-.857a.429.429 0 01-.429-.428zm-10.286-.858v.858c0 .236.192.428.429.428h.857a.429.429 0 00.429-.428v-.858a.429.429 0 00-.429-.428h-.857a.429.429 0 00-.429.428zm0 4.286v-.857c0-.237.192-.429.429-.429h.857c.237 0 .429.192.429.429v.857a.429.429 0 01-.429.429h-.857a.429.429 0 01-.429-.429zm3.429-.857v.857c0 .237.192.429.429.429h.857a.429.429 0 00.428-.429v-.857a.429.429 0 00-.428-.429H6.74a.429.429 0 00-.429.429zm3.429.857v-.857c0-.237.191-.429.428-.429h.857c.237 0 .429.192.429.429v.857a.429.429 0 01-.429.429h-.857a.429.429 0 01-.428-.429z\" class=\"tribe-common-c-svgicon__svg-fill\"\/>\n<\/svg>\n\t\t<\/span>\n\t\t<span class=\"tribe-events-c-view-selector__list-item-text\">\n\t\t\tMes\t\t<\/span>\n\t<\/a>\n<\/li>\n\t\t\t\t\t<li\n\t class=\"tribe-events-c-view-selector__list-item tribe-events-c-view-selector__list-item--day\" >\n\t<a\n\t\thref=\"https:\/\/boulder.earth\/es\/events\/(\/?:today)\/&#038;shortcode=e89a5463\"\n\t\tclass=\"tribe-events-c-view-selector__list-item-link\"\n\t\tdata-js=\"tribe-events-view-link\"\n\t\taria-label=\"Display Eventos in D\u00eda View\"\n\t\t\t>\n\t\t<span class=\"tribe-events-c-view-selector__list-item-icon\">\n\t\t\t<svg\n\t class=\"tribe-common-c-svgicon tribe-common-c-svgicon--day tribe-events-c-view-selector__list-item-icon-svg\" \taria-hidden=\"true\"\n\tviewBox=\"0 0 19 18\"\n\txmlns=\"http:\/\/www.w3.org\/2000\/svg\"\n>\n\t<path fill-rule=\"evenodd\" clip-rule=\"evenodd\" d=\"M.363 17.569V.43C.363.193.526 0 .726 0H18c.201 0 .364.193.364.431V17.57c0 .238-.163.431-.364.431H.726c-.2 0-.363-.193-.363-.431zm16.985-16.33H1.354v2.314h15.994V1.24zM1.354 4.688h15.994v12.07H1.354V4.687zm11.164 9.265v-1.498c0-.413.335-.748.748-.748h1.498c.413 0 .748.335.748.748v1.498a.749.749 0 01-.748.748h-1.498a.749.749 0 01-.748-.748z\" class=\"tribe-common-c-svgicon__svg-fill\"\/>\n<\/svg>\n\t\t<\/span>\n\t\t<span class=\"tribe-events-c-view-selector__list-item-text\">\n\t\t\tD\u00eda\t\t<\/span>\n\t<\/a>\n<\/li>\n\t\t\t\t\t<li\n\t class=\"tribe-events-c-view-selector__list-item tribe-events-c-view-selector__list-item--photo tribe-events-c-view-selector__list-item--active\" >\n\t<a\n\t\thref=\"https:\/\/boulder.earth\/es\/events\/photo\/?shortcode=e89a5463\"\n\t\tclass=\"tribe-events-c-view-selector__list-item-link\"\n\t\tdata-js=\"tribe-events-view-link\"\n\t\taria-label=\"Display Eventos in Photo View\"\n\t\t\t\taria-current=\"true\"\n\t\t\t>\n\t\t<span class=\"tribe-events-c-view-selector__list-item-icon\">\n\t\t\t<svg\n\t class=\"tribe-common-c-svgicon tribe-common-c-svgicon--photo tribe-events-c-view-selector__list-item-icon-svg\" \taria-hidden=\"true\"\n\tviewBox=\"0 0 19 18\"\n\txmlns=\"http:\/\/www.w3.org\/2000\/svg\"\n>\n\t<path fill-rule=\"evenodd\" clip-rule=\"evenodd\" d=\"M17.536 0H.539a.484.484 0 00-.495.483v17.034c0 .27.218.483.495.483h16.997a.484.484 0 00.495-.483V.483A.484.484 0 0017.536 0zm-.515.986V13.73l-1.907-2.938c-.555-.58-1.584-.58-2.139 0l-1.327 1.41-3.841-4.31a1.548 1.548 0 00-1.169-.502c-.435 0-.871.193-1.148.522l-4.436 4.929V.986h15.967zM1.054 14.329v2.705h15.987v-1.835l-2.66-3.73c-.178-.175-.495-.175-.653 0l-1.703 1.816c-.1.097-.218.174-.377.155a.569.569 0 01-.376-.174L7.054 8.53a.577.577 0 00-.416-.174.504.504 0 00-.396.174l-5.188 5.798z\" class=\"tribe-common-c-svgicon__svg-fill\"\/><path fill-rule=\"evenodd\" clip-rule=\"evenodd\" d=\"M14.682 5.875c0 1.043-.825 1.875-1.82 1.875-.993 0-1.818-.832-1.818-1.875C11.044 4.83 11.85 4 12.863 4c1.012 0 1.819.831 1.819 1.875zm-.957 0c0-.483-.393-.89-.862-.89s-.863.407-.863.89c0 .483.394.889.863.889s.862-.406.862-.89z\" class=\"tribe-common-c-svgicon__svg-fill\"\/>\n<\/svg>\n\t\t<\/span>\n\t\t<span class=\"tribe-events-c-view-selector__list-item-text\">\n\t\t\tPhoto\t\t<\/span>\n\t<\/a>\n<\/li>\n\t\t\t\t\t<li\n\t class=\"tribe-events-c-view-selector__list-item tribe-events-c-view-selector__list-item--week\" >\n\t<a\n\t\thref=\"https:\/\/boulder.earth\/es\/events\/week\/?shortcode=e89a5463\"\n\t\tclass=\"tribe-events-c-view-selector__list-item-link\"\n\t\tdata-js=\"tribe-events-view-link\"\n\t\taria-label=\"Display Eventos in Week View\"\n\t\t\t>\n\t\t<span class=\"tribe-events-c-view-selector__list-item-icon\">\n\t\t\t<svg\n\t class=\"tribe-common-c-svgicon tribe-common-c-svgicon--week tribe-events-c-view-selector__list-item-icon-svg\" \taria-hidden=\"true\"\n\tviewBox=\"0 0 19 18\"\n\txmlns=\"http:\/\/www.w3.org\/2000\/svg\"\n>\n\t<path fill-rule=\"evenodd\" clip-rule=\"evenodd\" d=\"M.363.431V17.57c0 .238.163.431.363.431H18c.201 0 .364-.193.364-.431V.43c0-.238-.163-.431-.364-.431H.726c-.2 0-.363.193-.363.431zm.99.808h15.995v2.314H1.354V1.24zm15.995 3.449H1.354v12.07h15.994V4.687zM6.71 10.29v.862c0 .239.193.431.431.431h.862a.431.431 0 00.431-.43v-.863a.431.431 0 00-.43-.43H7.14a.431.431 0 00-.43.43zm3.448.862v-.862c0-.238.193-.43.431-.43h.862c.238 0 .431.192.431.43v.862a.431.431 0 01-.43.431h-.863a.431.431 0 01-.43-.43zm3.449-.862v.862c0 .239.193.431.43.431h.863a.431.431 0 00.43-.43v-.863a.431.431 0 00-.43-.43h-.862a.431.431 0 00-.431.43zm-10.345.862v-.862c0-.238.193-.43.43-.43h.863c.238 0 .43.192.43.43v.862a.431.431 0 01-.43.431h-.862a.431.431 0 01-.431-.43z\" class=\"tribe-common-c-svgicon__svg-fill\"\/>\n<\/svg>\n\t\t<\/span>\n\t\t<span class=\"tribe-events-c-view-selector__list-item-text\">\n\t\t\tWeek\t\t<\/span>\n\t<\/a>\n<\/li>\n\t\t\t<\/ul>\n<\/div>\n\t<\/div>\n<\/div>\n\n<\/div>\n\n\t<div class=\"tribe-events-c-top-bar tribe-events-header__top-bar\">\n\n\t<nav class=\"tribe-events-c-top-bar__nav tribe-common-a11y-hidden\" aria-label=\"Top eventos list pagination\">\n\t<ul class=\"tribe-events-c-top-bar__nav-list\">\n\t\t<li class=\"tribe-events-c-top-bar__nav-list-item\">\n\t<a\n\t\thref=\"https:\/\/boulder.earth\/es\/events\/photo\/?rest_route=%2Fwp%2Fv2%2Fpages%2F10611&#038;shortcode=e89a5463&#038;eventDisplay=past\"\n\t\tclass=\"tribe-common-c-btn-icon tribe-common-c-btn-icon--caret-left tribe-events-c-top-bar__nav-link tribe-events-c-top-bar__nav-link--prev\"\n\t\taria-label=\"Previous Eventos\"\n\t\ttitle=\"Previous Eventos\"\n\t\tdata-js=\"tribe-events-view-link\"\n\t>\n\t\t<svg\n\t class=\"tribe-common-c-svgicon tribe-common-c-svgicon--caret-left tribe-common-c-btn-icon__icon-svg tribe-events-c-top-bar__nav-link-icon-svg\" \taria-hidden=\"true\"\n\tviewBox=\"0 0 10 16\"\n\txmlns=\"http:\/\/www.w3.org\/2000\/svg\"\n>\n\t<path d=\"M9.7 14.4l-1.5 1.5L.3 8 8.2.1l1.5 1.5L3.3 8l6.4 6.4z\"\/>\n<\/svg>\n\t<\/a>\n<\/li>\n\n\t\t<li class=\"tribe-events-c-top-bar__nav-list-item\">\n\t<a\n\t\thref=\"https:\/\/boulder.earth\/es\/events\/photo\/(\/?:page)\/(d_)\/&#038;shortcode=e89a5463\"\n\t\tclass=\"tribe-common-c-btn-icon tribe-common-c-btn-icon--caret-right tribe-events-c-top-bar__nav-link tribe-events-c-top-bar__nav-link--next\"\n\t\taria-label=\"Next Eventos\"\n\t\ttitle=\"Next Eventos\"\n\t\tdata-js=\"tribe-events-view-link\"\n\t>\n\t\t<svg\n\t class=\"tribe-common-c-svgicon tribe-common-c-svgicon--caret-right tribe-common-c-btn-icon__icon-svg tribe-events-c-top-bar__nav-link-icon-svg\" \taria-hidden=\"true\"\n\tviewBox=\"0 0 10 16\"\n\txmlns=\"http:\/\/www.w3.org\/2000\/svg\"\n>\n\t<path d=\"M.3 1.6L1.8.1 9.7 8l-7.9 7.9-1.5-1.5L6.7 8 .3 1.6z\"\/>\n<\/svg>\n\t<\/a>\n<\/li>\n\t<\/ul>\n<\/nav>\n\n\t<a\n\thref=\"https:\/\/boulder.earth\/es\/events\/photo\/?rest_route=%2Fwp%2Fv2%2Fpages%2F10611&#038;shortcode=e89a5463\"\n\tclass=\"tribe-common-c-btn-border-small tribe-events-c-top-bar__today-button tribe-common-a11y-hidden\"\n\tdata-js=\"tribe-events-view-link\"\n\taria-description=\"Click to select today&#039;s date\"\n>\n\tHoy<\/a>\n\n\t<div class=\"tribe-events-c-top-bar__datepicker\">\n\t<button\n\t\tclass=\"tribe-common-c-btn__clear tribe-common-h3 tribe-common-h--alt tribe-events-c-top-bar__datepicker-button\"\n\t\tdata-js=\"tribe-events-top-bar-datepicker-button\"\n\t\ttype=\"button\"\n\t\taria-label=\"Click to toggle datepicker\"\n\t\ttitle=\"Click to toggle datepicker\"\n\t>\n\t\t<time\n\t\t\tdatetime=\"2026-04-28\"\n\t\t\tclass=\"tribe-events-c-top-bar__datepicker-time\"\n\t\t>\n\t\t\t\t\t\t\t<span class=\"tribe-events-c-top-bar__datepicker-mobile\">\n\t\t\t\t\tAhora\t\t\t\t<\/span>\n\t\t\t\t<span class=\"tribe-events-c-top-bar__datepicker-desktop tribe-common-a11y-hidden\">\n\t\t\t\t\tAhora\t\t\t\t<\/span>\n\t\t\t\t\t<\/time>\n\t\t\t\t\t<span class=\"tribe-events-c-top-bar__datepicker-separator\"> - <\/span>\n\t\t\t<time\n\t\t\t\tdatetime=\"2026-04-30\"\n\t\t\t\tclass=\"tribe-events-c-top-bar__datepicker-time\"\n\t\t\t>\n\t\t\t\t<span class=\"tribe-events-c-top-bar__datepicker-mobile\">\n\t\t\t\t\t2026-04-30\t\t\t\t<\/span>\n\t\t\t\t<span class=\"tribe-events-c-top-bar__datepicker-desktop tribe-common-a11y-hidden\">\n\t\t\t\t\tabril 30\t\t\t\t<\/span>\n\t\t\t<\/time>\n\t\t\t\t<svg\n\t class=\"tribe-common-c-svgicon tribe-common-c-svgicon--caret-down tribe-events-c-top-bar__datepicker-button-icon-svg\" \taria-hidden=\"true\"\n\tviewBox=\"0 0 10 7\"\n\txmlns=\"http:\/\/www.w3.org\/2000\/svg\"\n>\n\t<path fill-rule=\"evenodd\" clip-rule=\"evenodd\" d=\"M1.008.609L5 4.6 8.992.61l.958.958L5 6.517.05 1.566l.958-.958z\" class=\"tribe-common-c-svgicon__svg-fill\"\/>\n<\/svg>\n\t<\/button>\n\t<label\n\t\tclass=\"tribe-events-c-top-bar__datepicker-label tribe-common-a11y-visual-hide\"\n\t\tfor=\"tribe-events-top-bar-date\"\n\t>\n\t\tSelect date.\t<\/label>\n\t<input\n\t\ttype=\"text\"\n\t\tclass=\"tribe-events-c-top-bar__datepicker-input tribe-common-a11y-visual-hide\"\n\t\tdata-js=\"tribe-events-top-bar-date\"\n\t\tid=\"tribe-events-top-bar-date\"\n\t\tname=\"tribe-events-views[tribe-bar-date]\"\n\t\tvalue=\"2026-04-28\"\n\t\ttabindex=\"-1\"\n\t\tautocomplete=\"off\"\n\t\treadonly=\"readonly\"\n\t\/>\n\t<div class=\"tribe-events-c-top-bar__datepicker-container\" data-js=\"tribe-events-top-bar-datepicker-container\"><\/div>\n\t<template class=\"tribe-events-c-top-bar__datepicker-template-prev-icon\">\n\t\t<svg\n\t class=\"tribe-common-c-svgicon tribe-common-c-svgicon--caret-left tribe-events-c-top-bar__datepicker-nav-icon-svg\" \taria-hidden=\"true\"\n\tviewBox=\"0 0 10 16\"\n\txmlns=\"http:\/\/www.w3.org\/2000\/svg\"\n>\n\t<path d=\"M9.7 14.4l-1.5 1.5L.3 8 8.2.1l1.5 1.5L3.3 8l6.4 6.4z\"\/>\n<\/svg>\n\t<\/template>\n\t<template class=\"tribe-events-c-top-bar__datepicker-template-next-icon\">\n\t\t<svg\n\t class=\"tribe-common-c-svgicon tribe-common-c-svgicon--caret-right tribe-events-c-top-bar__datepicker-nav-icon-svg\" \taria-hidden=\"true\"\n\tviewBox=\"0 0 10 16\"\n\txmlns=\"http:\/\/www.w3.org\/2000\/svg\"\n>\n\t<path d=\"M.3 1.6L1.8.1 9.7 8l-7.9 7.9-1.5-1.5L6.7 8 .3 1.6z\"\/>\n<\/svg>\n\t<\/template>\n<\/div>\n\n\t\n\t<div class=\"tribe-events-c-top-bar__actions tribe-common-a11y-hidden\">\n\t<\/div>\n\n<\/div>\n<\/header>\n\n\t\t\n\t\t<div class=\"tribe-events-pro-photo\">\n\t\t\t<h2\n\t\t\t\tid=\"tribe-events-photo-view-heading\"\n\t\t\t\tclass=\"tribe-common-a11y-visual-hide\"\n\t\t\t>\n\t\t\t\tList of events in Photo View\t\t\t<\/h2>\n\t\t\t<ul class=\"tribe-common-g-row tribe-common-g-row--gutters\" aria-labelledby=\"tribe-events-photo-view-heading\">\n\n\t\t\t\t\t\t\t\t\t\n\t\t\t\t\t<li  class=\"tribe-common-g-col tribe-events-pro-photo__event post-10003639 tribe_events type-tribe_events status-publish has-post-thumbnail hentry tribe_events_cat-climate tribe_events_cat-networking tribe_events_cat-youth cat_climate cat_networking cat_youth\" >\n\t<article>\n\t\t<div class=\"tribe-events-pro-photo__event-featured-image-wrapper\">\n\t<a\n\t\thref=\"https:\/\/boulder.earth\/es\/event\/making-a-living-and-a-life-all-careers-as-environmental-careers\/\"\n\t\trel=\"bookmark\"\n\t\tclass=\"tribe-events-pro-photo__event-featured-image-link\"\n\t>\n\t\t<span class=\"tribe-events-pro-photo__event-featured-image-link-inner tribe-common-a11y-hidden\">Making a Living and a Life; ALL Careers as \u201cEnvironmental Careers&#8221;<\/span>\n\t\t<img\n\t\t\tclass=\"tribe-events-pro-photo__event-featured-image\"\n\t\t\tsrc=\"https:\/\/boulder.earth\/wp-content\/uploads\/2026\/04\/image-1-e1776831292645.webp\"\n\t\t\trole=\"presentation\"\n\t\t\t\t\t\t\tsrcset=\"https:\/\/boulder.earth\/wp-content\/uploads\/2026\/04\/image-1-300x169.webp 300w, https:\/\/boulder.earth\/wp-content\/uploads\/2026\/04\/image-1-1030x579.webp 1030w, https:\/\/boulder.earth\/wp-content\/uploads\/2026\/04\/image-1-768x432.webp 768w, https:\/\/boulder.earth\/wp-content\/uploads\/2026\/04\/image-1-18x10.webp 18w, https:\/\/boulder.earth\/wp-content\/uploads\/2026\/04\/image-1-705x397.webp 705w, https:\/\/boulder.earth\/wp-content\/uploads\/2026\/04\/image-1-e1776831292645.webp 600w\"\n\t\t\t\t\t\t\t\t\t\talt=\"\"\n\t\t\t\t\t\t\t\t\t\ttitle=\"image-1\"\n\t\t\t\t\t\t\t\t\t\twidth=\"600\"\n\t\t\t\t\t\t\t\t\t\theight=\"338\"\n\t\t\t\t\t\/>\n\t<\/a>\n<\/div>\n\n\t\t<div class=\"tribe-events-pro-photo__event-details-wrapper\">\n\t\t\t<div class=\"tribe-events-pro-photo__event-date-tag tribe-common-g-col\">\n\t<time class=\"tribe-events-pro-photo__event-date-tag-datetime\" datetime=\"2026-04-28\">\n\t\t<span class=\"tribe-events-pro-photo__event-date-tag-month\">\n\t\t\tAbr\t\t<\/span>\n\t\t<span class=\"tribe-events-pro-photo__event-date-tag-daynum tribe-common-h5 tribe-common-h4--min-medium\">\n\t\t\t28\t\t<\/span>\n\t<\/time>\n<\/div>\n\t\t\t<div class=\"tribe-events-pro-photo__event-details\">\n\t\t\t\t<h3 class=\"tribe-events-pro-photo__event-title tribe-common-h6\">\n\t<a\n\t\thref=\"https:\/\/boulder.earth\/es\/event\/making-a-living-and-a-life-all-careers-as-environmental-careers\/\"\n\t\ttitle=\"Making a Living and a Life; ALL Careers as \u201cEnvironmental Careers&#8221;\"\n\t\trel=\"bookmark\"\n\t\tclass=\"tribe-events-pro-photo__event-title-link tribe-common-anchor-thin\"\n\t>\n\t\tMaking a Living and a Life; ALL Careers as \u201cEnvironmental Careers&#8221;\t<\/a>\n<\/h3>\n\t\t\t\t<div class=\"tribe-events-pro-photo__event-datetime tribe-common-b2\">\n\t\t\t\t<time datetime=\"18:00\">\n\t\t\t6:00 pm\t\t<\/time>\n\t\t\t\t\t<span class=\"tribe-events-events-pro-photo__event-datetime-separator\"> - <\/span>\n\t\t\t<time datetime=\"20:00\">\n\t\t\t\t8:00 pm\t\t\t<\/time>\n\t\t\t\t<\/div>\n\t\t\t\t\t\t\t\t\t\t\t<\/div>\n\t\t<\/div>\n\t<\/article>\n<\/li>\n\n\t\t\t\t\t\t\t\t\t\n\t\t\t\t\t<li  class=\"tribe-common-g-col tribe-events-pro-photo__event post-10003652 tribe_events type-tribe_events status-publish has-post-thumbnail hentry tribe_events_cat-climate tribe_events_cat-education tribe_events_cat-energy cat_climate cat_education cat_energy\" >\n\t<article>\n\t\t<div class=\"tribe-events-pro-photo__event-featured-image-wrapper\">\n\t<a\n\t\thref=\"https:\/\/boulder.earth\/es\/event\/challenges-trade-offs-in-achieving-100-clean-electricity\/\"\n\t\trel=\"bookmark\"\n\t\tclass=\"tribe-events-pro-photo__event-featured-image-link\"\n\t>\n\t\t<span class=\"tribe-events-pro-photo__event-featured-image-link-inner tribe-common-a11y-hidden\">Challenges &#038; Trade-offs in Achieving 100% Clean Electricity<\/span>\n\t\t<img\n\t\t\tclass=\"tribe-events-pro-photo__event-featured-image\"\n\t\t\tsrc=\"https:\/\/boulder.earth\/wp-content\/uploads\/2026\/04\/Screenshot-2026-04-27-at-10.08.25-PM-e1777342133691.png\"\n\t\t\trole=\"presentation\"\n\t\t\t\t\t\t\tsrcset=\"https:\/\/boulder.earth\/wp-content\/uploads\/2026\/04\/Screenshot-2026-04-27-at-10.08.25-PM-300x183.png 300w, https:\/\/boulder.earth\/wp-content\/uploads\/2026\/04\/Screenshot-2026-04-27-at-10.08.25-PM-1030x629.png 1030w, https:\/\/boulder.earth\/wp-content\/uploads\/2026\/04\/Screenshot-2026-04-27-at-10.08.25-PM-768x469.png 768w, https:\/\/boulder.earth\/wp-content\/uploads\/2026\/04\/Screenshot-2026-04-27-at-10.08.25-PM-18x12.png 18w, https:\/\/boulder.earth\/wp-content\/uploads\/2026\/04\/Screenshot-2026-04-27-at-10.08.25-PM-705x431.png 705w, https:\/\/boulder.earth\/wp-content\/uploads\/2026\/04\/Screenshot-2026-04-27-at-10.08.25-PM-e1777342133691.png 600w\"\n\t\t\t\t\t\t\t\t\t\talt=\"\"\n\t\t\t\t\t\t\t\t\t\ttitle=\"Screenshot 2026-04-27 at 10.08.25\u202fPM\"\n\t\t\t\t\t\t\t\t\t\twidth=\"600\"\n\t\t\t\t\t\t\t\t\t\theight=\"366\"\n\t\t\t\t\t\/>\n\t<\/a>\n<\/div>\n\n\t\t<div class=\"tribe-events-pro-photo__event-details-wrapper\">\n\t\t\t<div class=\"tribe-events-pro-photo__event-date-tag tribe-common-g-col\">\n\t<time class=\"tribe-events-pro-photo__event-date-tag-datetime\" datetime=\"2026-04-28\">\n\t\t<span class=\"tribe-events-pro-photo__event-date-tag-month\">\n\t\t\tAbr\t\t<\/span>\n\t\t<span class=\"tribe-events-pro-photo__event-date-tag-daynum tribe-common-h5 tribe-common-h4--min-medium\">\n\t\t\t28\t\t<\/span>\n\t<\/time>\n<\/div>\n\t\t\t<div class=\"tribe-events-pro-photo__event-details\">\n\t\t\t\t<h3 class=\"tribe-events-pro-photo__event-title tribe-common-h6\">\n\t<a\n\t\thref=\"https:\/\/boulder.earth\/es\/event\/challenges-trade-offs-in-achieving-100-clean-electricity\/\"\n\t\ttitle=\"Challenges &#038; Trade-offs in Achieving 100% Clean Electricity\"\n\t\trel=\"bookmark\"\n\t\tclass=\"tribe-events-pro-photo__event-title-link tribe-common-anchor-thin\"\n\t>\n\t\tChallenges &#038; Trade-offs in Achieving 100% Clean Electricity\t<\/a>\n<\/h3>\n\t\t\t\t<div class=\"tribe-events-pro-photo__event-datetime tribe-common-b2\">\n\t\t\t\t<time datetime=\"19:00\">\n\t\t\t7:00 pm\t\t<\/time>\n\t\t\t\t\t<span class=\"tribe-events-events-pro-photo__event-datetime-separator\"> - <\/span>\n\t\t\t<time datetime=\"20:00\">\n\t\t\t\t8:00 pm\t\t\t<\/time>\n\t\t\t\t<\/div>\n\t\t\t\t\t\t\t\t\t\t\t<\/div>\n\t\t<\/div>\n\t<\/article>\n<\/li>\n\n\t\t\t\t\t\t\t\t\t\n\t\t\t\t\t<li  class=\"tribe-common-g-col tribe-events-pro-photo__event post-10003468 tribe_events type-tribe_events status-publish has-post-thumbnail hentry tribe_events_cat-climate tribe_events_cat-conservation tribe_events_cat-education tribe_events_cat-land-management tribe_events_cat-nature cat_climate cat_conservation cat_education cat_land-management cat_nature\" >\n\t<article>\n\t\t<div class=\"tribe-events-pro-photo__event-featured-image-wrapper\">\n\t<a\n\t\thref=\"https:\/\/boulder.earth\/es\/event\/why-private-land-conservation-matters\/\"\n\t\trel=\"bookmark\"\n\t\tclass=\"tribe-events-pro-photo__event-featured-image-link\"\n\t>\n\t\t<span class=\"tribe-events-pro-photo__event-featured-image-link-inner tribe-common-a11y-hidden\">Why Private Land Conservation Matters<\/span>\n\t\t<img\n\t\t\tclass=\"tribe-events-pro-photo__event-featured-image\"\n\t\t\tsrc=\"https:\/\/boulder.earth\/wp-content\/uploads\/2018\/04\/AudubonRockies-small.png\"\n\t\t\trole=\"presentation\"\n\t\t\t\t\t\t\t\t\t\talt=\"\"\n\t\t\t\t\t\t\t\t\t\ttitle=\"AudubonRockies-small\"\n\t\t\t\t\t\t\t\t\t\twidth=\"300\"\n\t\t\t\t\t\t\t\t\t\theight=\"200\"\n\t\t\t\t\t\/>\n\t<\/a>\n<\/div>\n\n\t\t<div class=\"tribe-events-pro-photo__event-details-wrapper\">\n\t\t\t<div class=\"tribe-events-pro-photo__event-date-tag tribe-common-g-col\">\n\t<time class=\"tribe-events-pro-photo__event-date-tag-datetime\" datetime=\"2026-04-28\">\n\t\t<span class=\"tribe-events-pro-photo__event-date-tag-month\">\n\t\t\tAbr\t\t<\/span>\n\t\t<span class=\"tribe-events-pro-photo__event-date-tag-daynum tribe-common-h5 tribe-common-h4--min-medium\">\n\t\t\t28\t\t<\/span>\n\t<\/time>\n<\/div>\n\t\t\t<div class=\"tribe-events-pro-photo__event-details\">\n\t\t\t\t<h3 class=\"tribe-events-pro-photo__event-title tribe-common-h6\">\n\t<a\n\t\thref=\"https:\/\/boulder.earth\/es\/event\/why-private-land-conservation-matters\/\"\n\t\ttitle=\"Why Private Land Conservation Matters\"\n\t\trel=\"bookmark\"\n\t\tclass=\"tribe-events-pro-photo__event-title-link tribe-common-anchor-thin\"\n\t>\n\t\tWhy Private Land Conservation Matters\t<\/a>\n<\/h3>\n\t\t\t\t<div class=\"tribe-events-pro-photo__event-datetime tribe-common-b2\">\n\t\t\t\t<time datetime=\"19:00\">\n\t\t\t7:00 pm\t\t<\/time>\n\t\t\t\t\t<span class=\"tribe-events-events-pro-photo__event-datetime-separator\"> - <\/span>\n\t\t\t<time datetime=\"21:00\">\n\t\t\t\t9:00 pm\t\t\t<\/time>\n\t\t\t\t<\/div>\n\t\t\t\t\t\t\t\t\t\t\t<\/div>\n\t\t<\/div>\n\t<\/article>\n<\/li>\n\n\t\t\t\t\t\t\t\t\t\n\t\t\t\t\t<li  class=\"tribe-common-g-col tribe-events-pro-photo__event post-10003382 tribe_events type-tribe_events status-publish has-post-thumbnail hentry tribe_events_cat-community tribe_events_cat-networking tribe_events_cat-webinar cat_community cat_networking cat_webinar\" >\n\t<article>\n\t\t<div class=\"tribe-events-pro-photo__event-featured-image-wrapper\">\n\t<a\n\t\thref=\"https:\/\/boulder.earth\/es\/event\/virtual-career-fair\/\"\n\t\trel=\"bookmark\"\n\t\tclass=\"tribe-events-pro-photo__event-featured-image-link\"\n\t>\n\t\t<span class=\"tribe-events-pro-photo__event-featured-image-link-inner tribe-common-a11y-hidden\">Virtual Career Fair<\/span>\n\t\t<img\n\t\t\tclass=\"tribe-events-pro-photo__event-featured-image\"\n\t\t\tsrc=\"https:\/\/boulder.earth\/wp-content\/uploads\/2026\/03\/11d51a8a-1cb1-4f6a-b3fb-6f769ecf6887.png\"\n\t\t\trole=\"presentation\"\n\t\t\t\t\t\t\tsrcset=\"https:\/\/boulder.earth\/wp-content\/uploads\/2026\/03\/11d51a8a-1cb1-4f6a-b3fb-6f769ecf6887-300x119.png 300w, https:\/\/boulder.earth\/wp-content\/uploads\/2026\/03\/11d51a8a-1cb1-4f6a-b3fb-6f769ecf6887-18x7.png 18w, https:\/\/boulder.earth\/wp-content\/uploads\/2026\/03\/11d51a8a-1cb1-4f6a-b3fb-6f769ecf6887.png 600w\"\n\t\t\t\t\t\t\t\t\t\talt=\"\"\n\t\t\t\t\t\t\t\t\t\ttitle=\"11d51a8a-1cb1-4f6a-b3fb-6f769ecf6887\"\n\t\t\t\t\t\t\t\t\t\twidth=\"600\"\n\t\t\t\t\t\t\t\t\t\theight=\"237\"\n\t\t\t\t\t\/>\n\t<\/a>\n<\/div>\n\n\t\t<div class=\"tribe-events-pro-photo__event-details-wrapper\">\n\t\t\t<div class=\"tribe-events-pro-photo__event-date-tag tribe-common-g-col\">\n\t<time class=\"tribe-events-pro-photo__event-date-tag-datetime\" datetime=\"2026-04-29\">\n\t\t<span class=\"tribe-events-pro-photo__event-date-tag-month\">\n\t\t\tAbr\t\t<\/span>\n\t\t<span class=\"tribe-events-pro-photo__event-date-tag-daynum tribe-common-h5 tribe-common-h4--min-medium\">\n\t\t\t29\t\t<\/span>\n\t<\/time>\n<\/div>\n\t\t\t<div class=\"tribe-events-pro-photo__event-details\">\n\t\t\t\t<h3 class=\"tribe-events-pro-photo__event-title tribe-common-h6\">\n\t<a\n\t\thref=\"https:\/\/boulder.earth\/es\/event\/virtual-career-fair\/\"\n\t\ttitle=\"Virtual Career Fair\"\n\t\trel=\"bookmark\"\n\t\tclass=\"tribe-events-pro-photo__event-title-link tribe-common-anchor-thin\"\n\t>\n\t\tVirtual Career Fair\t<\/a>\n<\/h3>\n\t\t\t\t<div class=\"tribe-events-pro-photo__event-datetime tribe-common-b2\">\n\t\t\t\t<time datetime=\"10:00\">\n\t\t\t10:00 am\t\t<\/time>\n\t\t\t\t\t<span class=\"tribe-events-events-pro-photo__event-datetime-separator\"> - <\/span>\n\t\t\t<time datetime=\"14:00\">\n\t\t\t\t2:00 pm\t\t\t<\/time>\n\t\t\t\t<\/div>\n\t\t\t\t\t\t\t\t\t\t\t<\/div>\n\t\t<\/div>\n\t<\/article>\n<\/li>\n\n\t\t\t\t\t\t\t\t\t\n\t\t\t\t\t<li  class=\"tribe-common-g-col tribe-events-pro-photo__event post-10003469 tribe_events type-tribe_events status-publish has-post-thumbnail hentry tribe_events_cat-biodiversity tribe_events_cat-education tribe_events_cat-nature tribe_events_cat-pollinators tribe_events_cat-webinar cat_biodiversity cat_education cat_nature cat_pollinators cat_webinar\" >\n\t<article>\n\t\t<div class=\"tribe-events-pro-photo__event-featured-image-wrapper\">\n\t<a\n\t\thref=\"https:\/\/boulder.earth\/es\/event\/how-flowers-made-our-world-webinar\/\"\n\t\trel=\"bookmark\"\n\t\tclass=\"tribe-events-pro-photo__event-featured-image-link\"\n\t>\n\t\t<span class=\"tribe-events-pro-photo__event-featured-image-link-inner tribe-common-a11y-hidden\">How Flowers Made Our World Webinar<\/span>\n\t\t<img\n\t\t\tclass=\"tribe-events-pro-photo__event-featured-image\"\n\t\t\tsrc=\"https:\/\/boulder.earth\/wp-content\/uploads\/2026\/04\/How-Flowers-Made-Our-World-Slide-e1776829480516.png\"\n\t\t\trole=\"presentation\"\n\t\t\t\t\t\t\tsrcset=\"https:\/\/boulder.earth\/wp-content\/uploads\/2026\/04\/How-Flowers-Made-Our-World-Slide-300x265.png 300w, https:\/\/boulder.earth\/wp-content\/uploads\/2026\/04\/How-Flowers-Made-Our-World-Slide-14x12.png 14w, https:\/\/boulder.earth\/wp-content\/uploads\/2026\/04\/How-Flowers-Made-Our-World-Slide-705x623.png 705w, https:\/\/boulder.earth\/wp-content\/uploads\/2026\/04\/How-Flowers-Made-Our-World-Slide-e1776829480516.png 600w\"\n\t\t\t\t\t\t\t\t\t\talt=\"\"\n\t\t\t\t\t\t\t\t\t\ttitle=\"How Flowers Made Our World Slide\"\n\t\t\t\t\t\t\t\t\t\twidth=\"600\"\n\t\t\t\t\t\t\t\t\t\theight=\"530\"\n\t\t\t\t\t\/>\n\t<\/a>\n<\/div>\n\n\t\t<div class=\"tribe-events-pro-photo__event-details-wrapper\">\n\t\t\t<div class=\"tribe-events-pro-photo__event-date-tag tribe-common-g-col\">\n\t<time class=\"tribe-events-pro-photo__event-date-tag-datetime\" datetime=\"2026-04-29\">\n\t\t<span class=\"tribe-events-pro-photo__event-date-tag-month\">\n\t\t\tAbr\t\t<\/span>\n\t\t<span class=\"tribe-events-pro-photo__event-date-tag-daynum tribe-common-h5 tribe-common-h4--min-medium\">\n\t\t\t29\t\t<\/span>\n\t<\/time>\n<\/div>\n\t\t\t<div class=\"tribe-events-pro-photo__event-details\">\n\t\t\t\t<h3 class=\"tribe-events-pro-photo__event-title tribe-common-h6\">\n\t<a\n\t\thref=\"https:\/\/boulder.earth\/es\/event\/how-flowers-made-our-world-webinar\/\"\n\t\ttitle=\"How Flowers Made Our World Webinar\"\n\t\trel=\"bookmark\"\n\t\tclass=\"tribe-events-pro-photo__event-title-link tribe-common-anchor-thin\"\n\t>\n\t\tHow Flowers Made Our World Webinar\t<\/a>\n<\/h3>\n\t\t\t\t<div class=\"tribe-events-pro-photo__event-datetime tribe-common-b2\">\n\t\t\t\t<time datetime=\"12:00\">\n\t\t\t12:00 pm\t\t<\/time>\n\t\t\t\t\t<span class=\"tribe-events-events-pro-photo__event-datetime-separator\"> - <\/span>\n\t\t\t<time datetime=\"13:00\">\n\t\t\t\t1:00 pm\t\t\t<\/time>\n\t\t\t\t<\/div>\n\t\t\t\t\t\t\t\t\t\t\t<\/div>\n\t\t<\/div>\n\t<\/article>\n<\/li>\n\n\t\t\t\t\t\t\t\t\t\n\t\t\t\t\t<li  class=\"tribe-common-g-col tribe-events-pro-photo__event post-10003648 tribe_events type-tribe_events status-publish has-post-thumbnail hentry tribe_events_cat-climate tribe_events_cat-education tribe_events_cat-technology tribe_events_cat-webinar cat_climate cat_education cat_technology cat_webinar\" >\n\t<article>\n\t\t<div class=\"tribe-events-pro-photo__event-featured-image-wrapper\">\n\t<a\n\t\thref=\"https:\/\/boulder.earth\/es\/event\/nuclear-power-and-artificial-intelligence-webinar\/\"\n\t\trel=\"bookmark\"\n\t\tclass=\"tribe-events-pro-photo__event-featured-image-link\"\n\t>\n\t\t<span class=\"tribe-events-pro-photo__event-featured-image-link-inner tribe-common-a11y-hidden\">Nuclear Power and Artificial Intelligence Webinar<\/span>\n\t\t<img\n\t\t\tclass=\"tribe-events-pro-photo__event-featured-image\"\n\t\t\tsrc=\"https:\/\/boulder.earth\/wp-content\/uploads\/2026\/04\/images-_11_-e1777340579712.png\"\n\t\t\trole=\"presentation\"\n\t\t\t\t\t\t\tsrcset=\"https:\/\/boulder.earth\/wp-content\/uploads\/2026\/04\/images-_11_-300x169.png 300w, https:\/\/boulder.earth\/wp-content\/uploads\/2026\/04\/images-_11_-1030x579.png 1030w, https:\/\/boulder.earth\/wp-content\/uploads\/2026\/04\/images-_11_-768x432.png 768w, https:\/\/boulder.earth\/wp-content\/uploads\/2026\/04\/images-_11_-18x10.png 18w, https:\/\/boulder.earth\/wp-content\/uploads\/2026\/04\/images-_11_-705x397.png 705w, https:\/\/boulder.earth\/wp-content\/uploads\/2026\/04\/images-_11_-e1777340579712.png 600w\"\n\t\t\t\t\t\t\t\t\t\talt=\"\"\n\t\t\t\t\t\t\t\t\t\ttitle=\"images _11_\"\n\t\t\t\t\t\t\t\t\t\twidth=\"600\"\n\t\t\t\t\t\t\t\t\t\theight=\"338\"\n\t\t\t\t\t\/>\n\t<\/a>\n<\/div>\n\n\t\t<div class=\"tribe-events-pro-photo__event-details-wrapper\">\n\t\t\t<div class=\"tribe-events-pro-photo__event-date-tag tribe-common-g-col\">\n\t<time class=\"tribe-events-pro-photo__event-date-tag-datetime\" datetime=\"2026-04-29\">\n\t\t<span class=\"tribe-events-pro-photo__event-date-tag-month\">\n\t\t\tAbr\t\t<\/span>\n\t\t<span class=\"tribe-events-pro-photo__event-date-tag-daynum tribe-common-h5 tribe-common-h4--min-medium\">\n\t\t\t29\t\t<\/span>\n\t<\/time>\n<\/div>\n\t\t\t<div class=\"tribe-events-pro-photo__event-details\">\n\t\t\t\t<h3 class=\"tribe-events-pro-photo__event-title tribe-common-h6\">\n\t<a\n\t\thref=\"https:\/\/boulder.earth\/es\/event\/nuclear-power-and-artificial-intelligence-webinar\/\"\n\t\ttitle=\"Nuclear Power and Artificial Intelligence Webinar\"\n\t\trel=\"bookmark\"\n\t\tclass=\"tribe-events-pro-photo__event-title-link tribe-common-anchor-thin\"\n\t>\n\t\tNuclear Power and Artificial Intelligence Webinar\t<\/a>\n<\/h3>\n\t\t\t\t<div class=\"tribe-events-pro-photo__event-datetime tribe-common-b2\">\n\t\t\t\t<time datetime=\"16:00\">\n\t\t\t4:00 pm\t\t<\/time>\n\t\t\t\t\t<span class=\"tribe-events-events-pro-photo__event-datetime-separator\"> - <\/span>\n\t\t\t<time datetime=\"17:00\">\n\t\t\t\t5:00 pm\t\t\t<\/time>\n\t\t\t\t<\/div>\n\t\t\t\t\t\t\t\t\t\t\t<\/div>\n\t\t<\/div>\n\t<\/article>\n<\/li>\n\n\t\t\t\t\t\t\t\t\t\n\t\t\t\t\t<li  class=\"tribe-common-g-col tribe-events-pro-photo__event post-10003463 tribe_events type-tribe_events status-publish has-post-thumbnail hentry tribe_events_cat-activism tribe_events_cat-creative-arts tribe_events_cat-culture-building tribe_events_cat-education tribe_events_cat-indigenous-knowledge tribe_events_cat-resilience tribe_events_cat-social-justice cat_activism cat_creative-arts cat_culture-building cat_education cat_indigenous-knowledge cat_resilience cat_social-justice\" >\n\t<article>\n\t\t<div class=\"tribe-events-pro-photo__event-featured-image-wrapper\">\n\t<a\n\t\thref=\"https:\/\/boulder.earth\/es\/event\/people-of-the-sacred-land-film-premiere-discussion\/\"\n\t\trel=\"bookmark\"\n\t\tclass=\"tribe-events-pro-photo__event-featured-image-link\"\n\t>\n\t\t<span class=\"tribe-events-pro-photo__event-featured-image-link-inner tribe-common-a11y-hidden\">PEOPLE of the SACRED LAND Film Premiere &#038; Discussion<\/span>\n\t\t<img\n\t\t\tclass=\"tribe-events-pro-photo__event-featured-image\"\n\t\t\tsrc=\"https:\/\/boulder.earth\/wp-content\/uploads\/2026\/04\/Screenshot-2026-04-20-at-8.41.22-AM-e1776696114981.png\"\n\t\t\trole=\"presentation\"\n\t\t\t\t\t\t\tsrcset=\"https:\/\/boulder.earth\/wp-content\/uploads\/2026\/04\/Screenshot-2026-04-20-at-8.41.22-AM-300x262.png 300w, https:\/\/boulder.earth\/wp-content\/uploads\/2026\/04\/Screenshot-2026-04-20-at-8.41.22-AM-768x669.png 768w, https:\/\/boulder.earth\/wp-content\/uploads\/2026\/04\/Screenshot-2026-04-20-at-8.41.22-AM-14x12.png 14w, https:\/\/boulder.earth\/wp-content\/uploads\/2026\/04\/Screenshot-2026-04-20-at-8.41.22-AM-705x615.png 705w, https:\/\/boulder.earth\/wp-content\/uploads\/2026\/04\/Screenshot-2026-04-20-at-8.41.22-AM-e1776696114981.png 600w\"\n\t\t\t\t\t\t\t\t\t\talt=\"\"\n\t\t\t\t\t\t\t\t\t\ttitle=\"Screenshot 2026-04-20 at 8.41.22\u202fAM\"\n\t\t\t\t\t\t\t\t\t\twidth=\"600\"\n\t\t\t\t\t\t\t\t\t\theight=\"523\"\n\t\t\t\t\t\/>\n\t<\/a>\n<\/div>\n\n\t\t<div class=\"tribe-events-pro-photo__event-details-wrapper\">\n\t\t\t<div class=\"tribe-events-pro-photo__event-date-tag tribe-common-g-col\">\n\t<time class=\"tribe-events-pro-photo__event-date-tag-datetime\" datetime=\"2026-04-29\">\n\t\t<span class=\"tribe-events-pro-photo__event-date-tag-month\">\n\t\t\tAbr\t\t<\/span>\n\t\t<span class=\"tribe-events-pro-photo__event-date-tag-daynum tribe-common-h5 tribe-common-h4--min-medium\">\n\t\t\t29\t\t<\/span>\n\t<\/time>\n<\/div>\n\t\t\t<div class=\"tribe-events-pro-photo__event-details\">\n\t\t\t\t<h3 class=\"tribe-events-pro-photo__event-title tribe-common-h6\">\n\t<a\n\t\thref=\"https:\/\/boulder.earth\/es\/event\/people-of-the-sacred-land-film-premiere-discussion\/\"\n\t\ttitle=\"PEOPLE of the SACRED LAND Film Premiere &#038; Discussion\"\n\t\trel=\"bookmark\"\n\t\tclass=\"tribe-events-pro-photo__event-title-link tribe-common-anchor-thin\"\n\t>\n\t\tPEOPLE of the SACRED LAND Film Premiere &#038; Discussion\t<\/a>\n<\/h3>\n\t\t\t\t<div class=\"tribe-events-pro-photo__event-datetime tribe-common-b2\">\n\t\t\t\t<time datetime=\"17:30\">\n\t\t\t5:30 pm\t\t<\/time>\n\t\t\t\t\t<span class=\"tribe-events-events-pro-photo__event-datetime-separator\"> - <\/span>\n\t\t\t<time datetime=\"19:00\">\n\t\t\t\t7:00 pm\t\t\t<\/time>\n\t\t\t\t<\/div>\n\t\t\t\t\t\t\t\t\t\t\t<\/div>\n\t\t<\/div>\n\t<\/article>\n<\/li>\n\n\t\t\t\t\t\t\t\t\t\n\t\t\t\t\t<li  class=\"tribe-common-g-col tribe-events-pro-photo__event post-10003391 tribe_events type-tribe_events status-publish has-post-thumbnail hentry tribe_events_cat-activism tribe_events_cat-climate tribe_events_cat-community tribe_events_cat-education tribe_events_cat-governance tribe_events_cat-human-rights tribe_events_cat-networking tribe_events_cat-resilience tribe_events_cat-social-justice tribe_events_cat-webinar cat_activism cat_climate cat_community cat_education cat_governance cat_human-rights cat_networking cat_resilience cat_social-justice cat_webinar tribe-recurring-event tribe-recurring-event-parent\" >\n\t<article>\n\t\t<div class=\"tribe-events-pro-photo__event-featured-image-wrapper\">\n\t<a\n\t\thref=\"https:\/\/boulder.earth\/es\/event\/after-we-march-we-organize-solidarity-warriors-indivisible-action-group\/2026-04-29\/\"\n\t\trel=\"bookmark\"\n\t\tclass=\"tribe-events-pro-photo__event-featured-image-link\"\n\t>\n\t\t<span class=\"tribe-events-pro-photo__event-featured-image-link-inner tribe-common-a11y-hidden\">After We March, We Organize! Solidarity Warriors Indivisible Action Group<\/span>\n\t\t<img\n\t\t\tclass=\"tribe-events-pro-photo__event-featured-image\"\n\t\t\tsrc=\"https:\/\/boulder.earth\/wp-content\/uploads\/2026\/04\/Sunset-crowd-raised-fists-One-line-01_20250721004218694808-e1775521865495.png\"\n\t\t\trole=\"presentation\"\n\t\t\t\t\t\t\tsrcset=\"https:\/\/boulder.earth\/wp-content\/uploads\/2026\/04\/Sunset-crowd-raised-fists-One-line-01_20250721004218694808-300x157.png 300w, https:\/\/boulder.earth\/wp-content\/uploads\/2026\/04\/Sunset-crowd-raised-fists-One-line-01_20250721004218694808-768x402.png 768w, https:\/\/boulder.earth\/wp-content\/uploads\/2026\/04\/Sunset-crowd-raised-fists-One-line-01_20250721004218694808-18x9.png 18w, https:\/\/boulder.earth\/wp-content\/uploads\/2026\/04\/Sunset-crowd-raised-fists-One-line-01_20250721004218694808-710x375.png 710w, https:\/\/boulder.earth\/wp-content\/uploads\/2026\/04\/Sunset-crowd-raised-fists-One-line-01_20250721004218694808-705x369.png 705w, https:\/\/boulder.earth\/wp-content\/uploads\/2026\/04\/Sunset-crowd-raised-fists-One-line-01_20250721004218694808-e1775521865495.png 600w\"\n\t\t\t\t\t\t\t\t\t\talt=\"\"\n\t\t\t\t\t\t\t\t\t\ttitle=\"Sunset crowd raised fists One line-01_20250721004218694808\"\n\t\t\t\t\t\t\t\t\t\twidth=\"600\"\n\t\t\t\t\t\t\t\t\t\theight=\"314\"\n\t\t\t\t\t\/>\n\t<\/a>\n<\/div>\n\n\t\t<div class=\"tribe-events-pro-photo__event-details-wrapper\">\n\t\t\t<div class=\"tribe-events-pro-photo__event-date-tag tribe-common-g-col\">\n\t<time class=\"tribe-events-pro-photo__event-date-tag-datetime\" datetime=\"2026-04-29\">\n\t\t<span class=\"tribe-events-pro-photo__event-date-tag-month\">\n\t\t\tAbr\t\t<\/span>\n\t\t<span class=\"tribe-events-pro-photo__event-date-tag-daynum tribe-common-h5 tribe-common-h4--min-medium\">\n\t\t\t29\t\t<\/span>\n\t<\/time>\n<\/div>\n\t\t\t<div class=\"tribe-events-pro-photo__event-details\">\n\t\t\t\t<h3 class=\"tribe-events-pro-photo__event-title tribe-common-h6\">\n\t<a\n\t\thref=\"https:\/\/boulder.earth\/es\/event\/after-we-march-we-organize-solidarity-warriors-indivisible-action-group\/2026-04-29\/\"\n\t\ttitle=\"After We March, We Organize! Solidarity Warriors Indivisible Action Group\"\n\t\trel=\"bookmark\"\n\t\tclass=\"tribe-events-pro-photo__event-title-link tribe-common-anchor-thin\"\n\t>\n\t\tAfter We March, We Organize! Solidarity Warriors Indivisible Action Group\t<\/a>\n<\/h3>\n\t\t\t\t<div class=\"tribe-events-pro-photo__event-datetime tribe-common-b2\">\n\t\t\t\t<time datetime=\"18:00\">\n\t\t\t6:00 pm\t\t<\/time>\n\t\t\t\t\t<span class=\"tribe-events-events-pro-photo__event-datetime-separator\"> - <\/span>\n\t\t\t<time datetime=\"19:30\">\n\t\t\t\t7:30 pm\t\t\t<\/time>\n\t\t\t\t\n<span class=\"tribe-events-calendar-series-archive__container\">\n\t<a\n\t\thref=\"https:\/\/boulder.earth\/es\/series\/after-we-march-we-organize-solidarity-warriors-indivisible-action-group\/\"\n\t\taria-label=\"Event series: After We March, We Organize! Solidarity Warriors Indivisible Action Group\"\n\t\tclass=\"tribe-events-calendar-series-archive__link\"\n\t>\n\t\t\n<svg  class=\"tribe-common-c-svgicon tribe-common-c-svgicon--series tribe-events-series-archive__icon\"  width=\"14\" height=\"12\" viewBox=\"0 0 14 12\" fill=\"none\" xmlns=\"http:\/\/www.w3.org\/2000\/svg\" aria-hidden=\"true\">\n\t<rect x=\"0.5\" y=\"4.5\" width=\"9\" height=\"7\" \/>\n\t<path d=\"M2 2.5H11.5V10\" \/>\n\t<path d=\"M4 0.5H13.5V8\" \/>\n<\/svg>\n\t<\/a>\n<\/span>\n<\/div>\n\t\t\t\t\t\t\t\t\t\t\t<\/div>\n\t\t<\/div>\n\t<\/article>\n<\/li>\n\n\t\t\t\t\t\t\t\t\t\n\t\t\t\t\t<li  class=\"tribe-common-g-col tribe-events-pro-photo__event post-10003446 tribe_events type-tribe_events status-publish has-post-thumbnail hentry tribe_events_cat-climate tribe_events_cat-education tribe_events_cat-water tribe_events_cat-webinar cat_climate cat_education cat_water cat_webinar\" >\n\t<article>\n\t\t<div class=\"tribe-events-pro-photo__event-featured-image-wrapper\">\n\t<a\n\t\thref=\"https:\/\/boulder.earth\/es\/event\/rain-barrel-webinar-how-to-choose-install-and-maintain-a-rain-barrel\/\"\n\t\trel=\"bookmark\"\n\t\tclass=\"tribe-events-pro-photo__event-featured-image-link\"\n\t>\n\t\t<span class=\"tribe-events-pro-photo__event-featured-image-link-inner tribe-common-a11y-hidden\">Rain Barrel Webinar: How to Choose, Install, and Maintain a Rain Barrel<\/span>\n\t\t<img\n\t\t\tclass=\"tribe-events-pro-photo__event-featured-image\"\n\t\t\tsrc=\"https:\/\/boulder.earth\/wp-content\/uploads\/2019\/04\/keep-it-clean-sm.jpg\"\n\t\t\trole=\"presentation\"\n\t\t\t\t\t\t\t\t\t\talt=\"\"\n\t\t\t\t\t\t\t\t\t\ttitle=\"keep-it-clean-sm\"\n\t\t\t\t\t\t\t\t\t\twidth=\"150\"\n\t\t\t\t\t\t\t\t\t\theight=\"110\"\n\t\t\t\t\t\/>\n\t<\/a>\n<\/div>\n\n\t\t<div class=\"tribe-events-pro-photo__event-details-wrapper\">\n\t\t\t<div class=\"tribe-events-pro-photo__event-date-tag tribe-common-g-col\">\n\t<time class=\"tribe-events-pro-photo__event-date-tag-datetime\" datetime=\"2026-04-29\">\n\t\t<span class=\"tribe-events-pro-photo__event-date-tag-month\">\n\t\t\tAbr\t\t<\/span>\n\t\t<span class=\"tribe-events-pro-photo__event-date-tag-daynum tribe-common-h5 tribe-common-h4--min-medium\">\n\t\t\t29\t\t<\/span>\n\t<\/time>\n<\/div>\n\t\t\t<div class=\"tribe-events-pro-photo__event-details\">\n\t\t\t\t<h3 class=\"tribe-events-pro-photo__event-title tribe-common-h6\">\n\t<a\n\t\thref=\"https:\/\/boulder.earth\/es\/event\/rain-barrel-webinar-how-to-choose-install-and-maintain-a-rain-barrel\/\"\n\t\ttitle=\"Rain Barrel Webinar: How to Choose, Install, and Maintain a Rain Barrel\"\n\t\trel=\"bookmark\"\n\t\tclass=\"tribe-events-pro-photo__event-title-link tribe-common-anchor-thin\"\n\t>\n\t\tRain Barrel Webinar: How to Choose, Install, and Maintain a Rain Barrel\t<\/a>\n<\/h3>\n\t\t\t\t<div class=\"tribe-events-pro-photo__event-datetime tribe-common-b2\">\n\t\t\t\t<time datetime=\"18:00\">\n\t\t\t6:00 pm\t\t<\/time>\n\t\t\t\t\t<span class=\"tribe-events-events-pro-photo__event-datetime-separator\"> - <\/span>\n\t\t\t<time datetime=\"19:30\">\n\t\t\t\t7:30 pm\t\t\t<\/time>\n\t\t\t\t<\/div>\n\t\t\t\t\t\t\t\t\t\t\t<\/div>\n\t\t<\/div>\n\t<\/article>\n<\/li>\n\n\t\t\t\t\t\t\t\t\t\n\t\t\t\t\t<li  class=\"tribe-common-g-col tribe-events-pro-photo__event post-10003653 tribe_events type-tribe_events status-publish has-post-thumbnail hentry tribe_events_cat-biodiversity tribe_events_cat-climate tribe_events_cat-education tribe_events_cat-nature tribe_events_cat-webinar cat_biodiversity cat_climate cat_education cat_nature cat_webinar\" >\n\t<article>\n\t\t<div class=\"tribe-events-pro-photo__event-featured-image-wrapper\">\n\t<a\n\t\thref=\"https:\/\/boulder.earth\/es\/event\/how-flowers-made-our-world-webinar-2\/\"\n\t\trel=\"bookmark\"\n\t\tclass=\"tribe-events-pro-photo__event-featured-image-link\"\n\t>\n\t\t<span class=\"tribe-events-pro-photo__event-featured-image-link-inner tribe-common-a11y-hidden\">How Flowers Made Our World Webinar<\/span>\n\t\t<img\n\t\t\tclass=\"tribe-events-pro-photo__event-featured-image\"\n\t\t\tsrc=\"https:\/\/boulder.earth\/wp-content\/uploads\/2026\/04\/Flowers-Haskell-Cover-JPG-_1_-1-e1777342410131.jpg\"\n\t\t\trole=\"presentation\"\n\t\t\t\t\t\t\tsrcset=\"https:\/\/boulder.earth\/wp-content\/uploads\/2026\/04\/Flowers-Haskell-Cover-JPG-_1_-1-199x300.jpg 199w, https:\/\/boulder.earth\/wp-content\/uploads\/2026\/04\/Flowers-Haskell-Cover-JPG-_1_-1-682x1030.jpg 682w, https:\/\/boulder.earth\/wp-content\/uploads\/2026\/04\/Flowers-Haskell-Cover-JPG-_1_-1-768x1160.jpg 768w, https:\/\/boulder.earth\/wp-content\/uploads\/2026\/04\/Flowers-Haskell-Cover-JPG-_1_-1-1017x1536.jpg 1017w, https:\/\/boulder.earth\/wp-content\/uploads\/2026\/04\/Flowers-Haskell-Cover-JPG-_1_-1-8x12.jpg 8w, https:\/\/boulder.earth\/wp-content\/uploads\/2026\/04\/Flowers-Haskell-Cover-JPG-_1_-1-993x1500.jpg 993w, https:\/\/boulder.earth\/wp-content\/uploads\/2026\/04\/Flowers-Haskell-Cover-JPG-_1_-1-467x705.jpg 467w, https:\/\/boulder.earth\/wp-content\/uploads\/2026\/04\/Flowers-Haskell-Cover-JPG-_1_-1-e1777342410131.jpg 600w\"\n\t\t\t\t\t\t\t\t\t\talt=\"\"\n\t\t\t\t\t\t\t\t\t\ttitle=\"Flowers Haskell Cover JPG _1_-1\"\n\t\t\t\t\t\t\t\t\t\twidth=\"600\"\n\t\t\t\t\t\t\t\t\t\theight=\"906\"\n\t\t\t\t\t\/>\n\t<\/a>\n<\/div>\n\n\t\t<div class=\"tribe-events-pro-photo__event-details-wrapper\">\n\t\t\t<div class=\"tribe-events-pro-photo__event-date-tag tribe-common-g-col\">\n\t<time class=\"tribe-events-pro-photo__event-date-tag-datetime\" datetime=\"2026-04-30\">\n\t\t<span class=\"tribe-events-pro-photo__event-date-tag-month\">\n\t\t\tAbr\t\t<\/span>\n\t\t<span class=\"tribe-events-pro-photo__event-date-tag-daynum tribe-common-h5 tribe-common-h4--min-medium\">\n\t\t\t30\t\t<\/span>\n\t<\/time>\n<\/div>\n\t\t\t<div class=\"tribe-events-pro-photo__event-details\">\n\t\t\t\t<h3 class=\"tribe-events-pro-photo__event-title tribe-common-h6\">\n\t<a\n\t\thref=\"https:\/\/boulder.earth\/es\/event\/how-flowers-made-our-world-webinar-2\/\"\n\t\ttitle=\"How Flowers Made Our World Webinar\"\n\t\trel=\"bookmark\"\n\t\tclass=\"tribe-events-pro-photo__event-title-link tribe-common-anchor-thin\"\n\t>\n\t\tHow Flowers Made Our World Webinar\t<\/a>\n<\/h3>\n\t\t\t\t<div class=\"tribe-events-pro-photo__event-datetime tribe-common-b2\">\n\t\t\t\t<time datetime=\"12:00\">\n\t\t\t12:00 pm\t\t<\/time>\n\t\t\t\t\t<span class=\"tribe-events-events-pro-photo__event-datetime-separator\"> - <\/span>\n\t\t\t<time datetime=\"13:00\">\n\t\t\t\t1:00 pm\t\t\t<\/time>\n\t\t\t\t<\/div>\n\t\t\t\t\t\t\t\t\t\t\t<\/div>\n\t\t<\/div>\n\t<\/article>\n<\/li>\n\n\t\t\t\t\n\t\t\t<\/ul>\n\n\t\t<\/div>\n\n\t\t<nav class=\"tribe-events-pro-photo-nav tribe-events-c-nav\" aria-label=\"Bottom eventos list pagination\">\n\t<ul class=\"tribe-events-c-nav__list\">\n\t\t<li class=\"tribe-events-c-nav__list-item tribe-events-c-nav__list-item--prev\">\n\t<a\n\t\thref=\"https:\/\/boulder.earth\/es\/events\/photo\/?rest_route=%2Fwp%2Fv2%2Fpages%2F10611&#038;shortcode=e89a5463&#038;eventDisplay=past\"\n\t\trel=\"prev\"\n\t\tclass=\"tribe-events-c-nav__prev tribe-common-b2 tribe-common-b1--min-medium\"\n\t\tdata-js=\"tribe-events-view-link\"\n\t\taria-label=\"Previous Eventos\"\n\t\ttitle=\"Previous Eventos\"\n\t>\n\t\t<svg\n\t class=\"tribe-common-c-svgicon tribe-common-c-svgicon--caret-left tribe-events-c-nav__prev-icon-svg\" \taria-hidden=\"true\"\n\tviewBox=\"0 0 10 16\"\n\txmlns=\"http:\/\/www.w3.org\/2000\/svg\"\n>\n\t<path d=\"M9.7 14.4l-1.5 1.5L.3 8 8.2.1l1.5 1.5L3.3 8l6.4 6.4z\"\/>\n<\/svg>\n\t\t<span class=\"tribe-events-c-nav__prev-label\">\n\t\t\tPrevious <span class=\"tribe-events-c-nav__prev-label-plural tribe-common-a11y-visual-hide\">Eventos<\/span>\t\t<\/span>\n\t<\/a>\n<\/li>\n\n\t\t<li class=\"tribe-events-c-nav__list-item tribe-events-c-nav__list-item--today\">\n\t<a\n\t\thref=\"https:\/\/boulder.earth\/es\/events\/photo\/?rest_route=%2Fwp%2Fv2%2Fpages%2F10611&#038;shortcode=e89a5463\"\n\t\tclass=\"tribe-events-c-nav__today tribe-common-b2\"\n\t\tdata-js=\"tribe-events-view-link\"\n\t\taria-label=\"Click to select today&#039;s date\"\n\t\ttitle=\"Click to select today&#039;s date\"\n\t>\n\t\tHoy\t<\/a>\n<\/li>\n\n\t\t<li class=\"tribe-events-c-nav__list-item tribe-events-c-nav__list-item--next\">\n\t<a\n\t\thref=\"https:\/\/boulder.earth\/es\/events\/photo\/(\/?:page)\/(d_)\/&#038;shortcode=e89a5463\"\n\t\trel=\"next\"\n\t\tclass=\"tribe-events-c-nav__next tribe-common-b2 tribe-common-b1--min-medium\"\n\t\tdata-js=\"tribe-events-view-link\"\n\t\taria-label=\"Next Eventos\"\n\t\ttitle=\"Next Eventos\"\n\t>\n\t\t<span class=\"tribe-events-c-nav__next-label\">\n\t\t\tNext <span class=\"tribe-events-c-nav__next-label-plural tribe-common-a11y-visual-hide\">Eventos<\/span>\t\t<\/span>\n\t\t<svg\n\t class=\"tribe-common-c-svgicon tribe-common-c-svgicon--caret-right tribe-events-c-nav__next-icon-svg\" \taria-hidden=\"true\"\n\tviewBox=\"0 0 10 16\"\n\txmlns=\"http:\/\/www.w3.org\/2000\/svg\"\n>\n\t<path d=\"M.3 1.6L1.8.1 9.7 8l-7.9 7.9-1.5-1.5L6.7 8 .3 1.6z\"\/>\n<\/svg>\n\t<\/a>\n<\/li>\n\t<\/ul>\n<\/nav>\n\n\t\t<div class=\"tribe-events-c-subscribe-dropdown__container\">\n\t<div class=\"tribe-events-c-subscribe-dropdown\">\n\t\t<div class=\"tribe-common-c-btn-border tribe-events-c-subscribe-dropdown__button\">\n\t\t\t<button\n\t\t\t\tclass=\"tribe-events-c-subscribe-dropdown__button-text tribe-common-c-btn--clear\"\n\t\t\t\taria-expanded=\"false\"\n\t\t\t\taria-controls=\"tribe-events-subscribe-dropdown-content\"\n\t\t\t\taria-label=\"\"\n\t\t\t>\n\t\t\t\tSubscribe to calendar\t\t\t<\/button>\n\t\t\t<svg\n\t class=\"tribe-common-c-svgicon tribe-common-c-svgicon--caret-down tribe-events-c-subscribe-dropdown__button-icon\" \taria-hidden=\"true\"\n\tviewBox=\"0 0 10 7\"\n\txmlns=\"http:\/\/www.w3.org\/2000\/svg\"\n>\n\t<path fill-rule=\"evenodd\" clip-rule=\"evenodd\" d=\"M1.008.609L5 4.6 8.992.61l.958.958L5 6.517.05 1.566l.958-.958z\" class=\"tribe-common-c-svgicon__svg-fill\"\/>\n<\/svg>\n\t\t<\/div>\n\t\t<div id=\"tribe-events-c-subscribe-dropdown-content\" class=\"tribe-events-c-subscribe-dropdown__content\">\n\t\t\t<ul class=\"tribe-events-c-subscribe-dropdown__list\">\n\t\t\t\t\t\t\t\t\t\n<li class=\"tribe-events-c-subscribe-dropdown__list-item tribe-events-c-subscribe-dropdown__list-item--gcal\">\n\t<a\n\t\thref=\"https:\/\/www.google.com\/calendar\/render?cid=webcal%3A%2F%2Fboulder.earth%2Fes%2F%3Fpost_type%3Dtribe_events%26ical%3D1%26eventDisplay%3Dlist\"\n\t\tclass=\"tribe-events-c-subscribe-dropdown__list-item-link\"\n\t\ttarget=\"_blank\"\n\t\trel=\"noopener noreferrer nofollow noindex\"\n\t>\n\t\tGoogle Calendar\t<\/a>\n<\/li>\n\t\t\t\t\t\t\t\t\t\n<li class=\"tribe-events-c-subscribe-dropdown__list-item tribe-events-c-subscribe-dropdown__list-item--ical\">\n\t<a\n\t\thref=\"webcal:\/\/boulder.earth\/es\/?post_type=tribe_events&#038;ical=1&#038;eventDisplay=list\"\n\t\tclass=\"tribe-events-c-subscribe-dropdown__list-item-link\"\n\t\ttarget=\"_blank\"\n\t\trel=\"noopener noreferrer nofollow noindex\"\n\t>\n\t\tiCalendar\t<\/a>\n<\/li>\n\t\t\t\t\t\t\t\t\t\n<li class=\"tribe-events-c-subscribe-dropdown__list-item tribe-events-c-subscribe-dropdown__list-item--outlook-365\">\n\t<a\n\t\thref=\"https:\/\/outlook.office.com\/owa?path=\/calendar\/action\/compose&#038;rru=addsubscription&#038;url=webcal%3A%2F%2Fboulder.earth%2Fes%2F%3Fpost_type%3Dtribe_events%26ical%3D1%26eventDisplay%3Dlist&#038;name=Boulder.Earth+Climate+Action+Portal+Pr\u00f3ximos+Eventos+\u2013+Boulder.Earth+Climate+Action+Portal\"\n\t\tclass=\"tribe-events-c-subscribe-dropdown__list-item-link\"\n\t\ttarget=\"_blank\"\n\t\trel=\"noopener noreferrer nofollow noindex\"\n\t>\n\t\tOutlook 365\t<\/a>\n<\/li>\n\t\t\t\t\t\t\t\t\t\n<li class=\"tribe-events-c-subscribe-dropdown__list-item tribe-events-c-subscribe-dropdown__list-item--outlook-live\">\n\t<a\n\t\thref=\"https:\/\/outlook.live.com\/owa?path=\/calendar\/action\/compose&#038;rru=addsubscription&#038;url=webcal%3A%2F%2Fboulder.earth%2Fes%2F%3Fpost_type%3Dtribe_events%26ical%3D1%26eventDisplay%3Dlist&#038;name=Boulder.Earth+Climate+Action+Portal+Pr\u00f3ximos+Eventos+\u2013+Boulder.Earth+Climate+Action+Portal\"\n\t\tclass=\"tribe-events-c-subscribe-dropdown__list-item-link\"\n\t\ttarget=\"_blank\"\n\t\trel=\"noopener noreferrer nofollow noindex\"\n\t>\n\t\tOutlook Live\t<\/a>\n<\/li>\n\t\t\t\t\t\t\t\t\t\n<li class=\"tribe-events-c-subscribe-dropdown__list-item tribe-events-c-subscribe-dropdown__list-item--ics\">\n\t<a\n\t\thref=\"https:\/\/boulder.earth\/es\/events\/photo\/?shortcode=e89a5463&#038;ical=1\"\n\t\tclass=\"tribe-events-c-subscribe-dropdown__list-item-link\"\n\t\ttarget=\"_blank\"\n\t\trel=\"noopener noreferrer nofollow noindex\"\n\t>\n\t\tExport .ics file\t<\/a>\n<\/li>\n\t\t\t\t\t\t\t\t\t\n<li class=\"tribe-events-c-subscribe-dropdown__list-item tribe-events-c-subscribe-dropdown__list-item--outlook-ics\">\n\t<a\n\t\thref=\"https:\/\/boulder.earth\/es\/events\/photo\/?shortcode=e89a5463&#038;outlook-ical=1#038;ical=1\"\n\t\tclass=\"tribe-events-c-subscribe-dropdown__list-item-link\"\n\t\ttarget=\"_blank\"\n\t\trel=\"noopener noreferrer nofollow noindex\"\n\t>\n\t\tExport Outlook .ics file\t<\/a>\n<\/li>\n\t\t\t\t\t\t\t<\/ul>\n\t\t<\/div>\n\t<\/div>\n<\/div>\n\n\t\t\t<\/section>\n<\/div>\n\n<script data-js='tribe-events-view-nonce-data' type='application\/json'>{\"tvn1\":\"1ddd8bbec1\",\"tvn2\":\"\"}<\/script><\/div>\n<p><\/p>\n<\/div><\/section>","protected":false},"excerpt":{"rendered":"","protected":false},"author":1,"featured_media":0,"parent":0,"menu_order":0,"comment_status":"closed","ping_status":"closed","template":"","meta":{"footnotes":""},"class_list":["post-10611","page","type-page","status-publish","hentry","cat_biodiversity","cat_climate","cat_education","cat_nature","cat_webinar"],"_links":{"self":[{"href":"https:\/\/boulder.earth\/es\/wp-json\/wp\/v2\/pages\/10611","targetHints":{"allow":["GET"]}}],"collection":[{"href":"https:\/\/boulder.earth\/es\/wp-json\/wp\/v2\/pages"}],"about":[{"href":"https:\/\/boulder.earth\/es\/wp-json\/wp\/v2\/types\/page"}],"author":[{"embeddable":true,"href":"https:\/\/boulder.earth\/es\/wp-json\/wp\/v2\/users\/1"}],"replies":[{"embeddable":true,"href":"https:\/\/boulder.earth\/es\/wp-json\/wp\/v2\/comments?post=10611"}],"version-history":[{"count":12,"href":"https:\/\/boulder.earth\/es\/wp-json\/wp\/v2\/pages\/10611\/revisions"}],"predecessor-version":[{"id":5485503,"href":"https:\/\/boulder.earth\/es\/wp-json\/wp\/v2\/pages\/10611\/revisions\/5485503"}],"wp:attachment":[{"href":"https:\/\/boulder.earth\/es\/wp-json\/wp\/v2\/media?parent=10611"}],"curies":[{"name":"wp","href":"https:\/\/api.w.org\/{rel}","templated":true}]}}