{"id":123530,"date":"2019-02-07T22:49:10","date_gmt":"2019-02-08T04:49:10","guid":{"rendered":"https:\/\/boulder.earth\/?page_id=123530"},"modified":"2019-08-19T16:12:22","modified_gmt":"2019-08-19T22:12:22","slug":"wwnd","status":"publish","type":"page","link":"https:\/\/boulder.earth\/es\/wwnd\/","title":{"rendered":"\u00bfQu\u00e9 har\u00eda la naturaleza?"},"content":{"rendered":"<style type=\"text\/css\" data-created_by=\"avia_inline_auto\" id=\"style-css-av-gq0vua2-9d30c66ff0e358e4b39f3bc5956468e3\">\n.flex_column.av-gq0vua2-9d30c66ff0e358e4b39f3bc5956468e3{\nborder-radius:0px 0px 0px 0px;\npadding:0px 0px 0px 0px;\n}\n<\/style>\n<div  class='flex_column av-gq0vua2-9d30c66ff0e358e4b39f3bc5956468e3 av_one_full first flex_column_div'     ><style type=\"text\/css\" data-created_by=\"avia_inline_auto\" id=\"style-css-av-jrvikqsx-854fbf9086929e01773ee934e1393d26\">\n.avia-image-container.av-jrvikqsx-854fbf9086929e01773ee934e1393d26 img.avia_image{\nbox-shadow:none;\n}\n.avia-image-container.av-jrvikqsx-854fbf9086929e01773ee934e1393d26 .av-image-caption-overlay-center{\ncolor:#ffffff;\n}\n<\/style>\n<div  class='avia-image-container av-jrvikqsx-854fbf9086929e01773ee934e1393d26 av-styling- avia-align-center'   itemprop=\"image\" itemscope=\"itemscope\" itemtype=\"https:\/\/schema.org\/ImageObject\" ><div class=\"avia-image-container-inner\"><div class=\"avia-image-overlay-wrap\"><img decoding=\"async\" fetchpriority=\"high\" class='wp-image-123548 avia-img-lazy-loading-not-123548 avia_image' src=\"https:\/\/boulder.earth\/wp-content\/uploads\/2019\/02\/What-Would-Nature-Do_topper1200.jpg\" alt='' title='qu\u00e9 har\u00eda la naturaleza: un curso de dise\u00f1o de sistemas para salvar el cambio en tiempos de disrupci\u00f3n'  height=\"422\" width=\"1200\"  itemprop=\"thumbnailUrl\" srcset=\"https:\/\/boulder.earth\/wp-content\/uploads\/2019\/02\/What-Would-Nature-Do_topper1200.jpg 1200w, https:\/\/boulder.earth\/wp-content\/uploads\/2019\/02\/What-Would-Nature-Do_topper1200-300x106.jpg 300w, https:\/\/boulder.earth\/wp-content\/uploads\/2019\/02\/What-Would-Nature-Do_topper1200-768x270.jpg 768w, https:\/\/boulder.earth\/wp-content\/uploads\/2019\/02\/What-Would-Nature-Do_topper1200-1030x362.jpg 1030w, https:\/\/boulder.earth\/wp-content\/uploads\/2019\/02\/What-Would-Nature-Do_topper1200-705x248.jpg 705w, https:\/\/boulder.earth\/wp-content\/uploads\/2019\/02\/What-Would-Nature-Do_topper1200-450x158.jpg 450w\" sizes=\"(max-width: 1200px) 100vw, 1200px\" \/><\/div><\/div><\/div><\/div>\n\n<style type=\"text\/css\" data-created_by=\"avia_inline_auto\" id=\"style-css-av-aet1e16-7d8bac8f23d19137ea1a85fdcb083e92\">\n.flex_column.av-aet1e16-7d8bac8f23d19137ea1a85fdcb083e92{\nborder-radius:0px 0px 0px 0px;\npadding:0px 0px 0px 0px;\n}\n<\/style>\n<div  class='flex_column av-aet1e16-7d8bac8f23d19137ea1a85fdcb083e92 av_one_fifth first flex_column_div av-zero-column-padding'     ><\/div>\n\n<style type=\"text\/css\" data-created_by=\"avia_inline_auto\" id=\"style-css-av-g7j97yi-7e88363e3734e435dc231484638aea79\">\n.flex_column.av-g7j97yi-7e88363e3734e435dc231484638aea79{\nborder-radius:0px 0px 0px 0px;\npadding:0px 0px 0px 0px;\n}\n<\/style>\n<div  class='flex_column av-g7j97yi-7e88363e3734e435dc231484638aea79 av_three_fifth flex_column_div av-zero-column-padding'     ><style type=\"text\/css\" data-created_by=\"avia_inline_auto\" id=\"style-css-av-jrvi5ewf-65946aa9ea029d131ef7b7b07c2a9faf\">\n#top .av_textblock_section.av-jrvi5ewf-65946aa9ea029d131ef7b7b07c2a9faf .avia_textblock{\nfont-size:18px;\n}\n<\/style>\n<section  class='av_textblock_section av-jrvi5ewf-65946aa9ea029d131ef7b7b07c2a9faf'   itemscope=\"itemscope\" itemtype=\"https:\/\/schema.org\/CreativeWork\" ><div class='avia_textblock'  itemprop=\"text\" ><h3 style=\"text-align: center;\">Nos encontramos en un momento de la historia en el que todos estamos llamados a actuar; la pregunta es: <em>\u00bfCu\u00e1l es nuestro mejor camino a seguir?<\/em><\/h3>\n<p>Este curso pr\u00e1ctico de un mes de duraci\u00f3n explora la intersecci\u00f3n de dos m\u00e9todos de dise\u00f1o de sistemas:<strong>Teor\u00eda U<\/strong> y <strong>Dise\u00f1o de Permacultura<\/strong>\u2014como caminos poderosos para co-crear un futuro resiliente, regenerativo y equitativo para todos al pedir <em><strong>\u00bfQu\u00e9 har\u00eda la naturaleza?<\/strong><\/em><\/p>\n<p>Recibir\u00e1 una base s\u00f3lida tanto en el dise\u00f1o de permacultura como en la teor\u00eda U y la oportunidad de conectarse con los creadores de cambios locales, as\u00ed como:<br \/>\n<img loading=\"lazy\" decoding=\"async\" class=\"size-full wp-image-124658 aligncenter\" src=\"https:\/\/boulder.earth\/wp-content\/uploads\/2019\/02\/keen-understanding-of-pattern-language-1.png\" alt=\"\" width=\"800\" height=\"200\" srcset=\"https:\/\/boulder.earth\/wp-content\/uploads\/2019\/02\/keen-understanding-of-pattern-language-1.png 800w, https:\/\/boulder.earth\/wp-content\/uploads\/2019\/02\/keen-understanding-of-pattern-language-1-768x192.png 768w, https:\/\/boulder.earth\/wp-content\/uploads\/2019\/02\/keen-understanding-of-pattern-language-1-705x176.png 705w\" sizes=\"auto, (max-width: 800px) 100vw, 800px\" \/><\/p>\n<\/div><\/section><\/div>\n<style type=\"text\/css\" data-created_by=\"avia_inline_auto\" id=\"style-css-av-73lkxmy-4210404e927552297db48c373968491f\">\n.flex_column.av-73lkxmy-4210404e927552297db48c373968491f{\nborder-radius:0px 0px 0px 0px;\npadding:0px 0px 0px 0px;\n}\n<\/style>\n<div  class='flex_column av-73lkxmy-4210404e927552297db48c373968491f av_one_fifth flex_column_div av-zero-column-padding'     ><\/div><\/p>\n\n<style type=\"text\/css\" data-created_by=\"avia_inline_auto\" id=\"style-css-av-6b3r2bu-5047297ee77a02d14982a35d83bc1ba8\">\n.flex_column.av-6b3r2bu-5047297ee77a02d14982a35d83bc1ba8{\nborder-radius:0px 0px 0px 0px;\npadding:0px 0px 0px 0px;\n}\n<\/style>\n<div  class='flex_column av-6b3r2bu-5047297ee77a02d14982a35d83bc1ba8 av_one_full first flex_column_div av-zero-column-padding'     ><p><div  class='avia-button-wrap av-jrvibt65-58596ea896f04e976427561156f176c2-wrap avia-button-center'><a href='https:\/\/docs.google.com\/forms\/d\/e\/1FAIpQLSfXIhctqJLzqZjMJqN5pmNd_JcLbCGIAjmbTkAsE14JpFEjmQ\/viewform?usp=sf_link'  class='avia-button av-jrvibt65-58596ea896f04e976427561156f176c2 av-link-btn avia-icon_select-yes-left-icon avia-size-x-large avia-position-center avia-color-theme-color'  target=\"_blank\"  rel=\"noopener noreferrer\"  aria-label=\"Reg\u00edstrate ahora\"><span class='avia_button_icon avia_button_icon_left avia-iconfont avia-font-entypo-fontello' data-av_icon='\ue8b8' data-av_iconfont='entypo-fontello' ><\/span><span class='avia_iconbox_title' >Reg\u00edstrate ahora<\/span><\/a><\/div><br \/>\n<section  class='av_textblock_section av-jrvjkd95-202a811e4495685ba4fffc7bd33dda4a'   itemscope=\"itemscope\" itemtype=\"https:\/\/schema.org\/CreativeWork\" ><div class='avia_textblock'  itemprop=\"text\" ><p style=\"text-align: center;\"><strong>Fechas del curso:<\/strong><br \/>\nS\u00e1bados 5\/4, 5\/18<br \/>\nNoches de semana 5\/7, 5\/9, 5\/14, 5\/16, 5\/21, 5\/23<\/p>\n<p style=\"text-align: center;\"><strong>Inversi\u00f3n: <\/strong><br \/>\nMadrugador: $450 antes del 15\/3<br \/>\nRegular: $550 por 5\/3<\/p>\n<p style=\"text-align: center;\">Precios para estudiantes y becas disponibles<\/p>\n<\/div><\/section><\/p><\/div><\/div><\/div><\/div><!-- close content main div --><\/div><\/div>\n<style type=\"text\/css\" data-created_by=\"avia_inline_auto\" id=\"style-css-av-jrvkwhm1-e3cbb34d718499a5acadb11976b88146\">\n.avia-section.av-jrvkwhm1-e3cbb34d718499a5acadb11976b88146{\nbackground-color:#efefef;\nbackground-image:unset;\n}\n<\/style>\n<div id='av_section_1'  class='avia-section av-jrvkwhm1-e3cbb34d718499a5acadb11976b88146 main_color avia-section-default avia-no-border-styling avia-bg-style-scroll container_wrap sidebar_right'  ><div class='container av-section-cont-open' ><div class='template-page content  av-content-small alpha units'><div class='post-entry post-entry-type-page post-entry-123530'><div class='entry-content-wrapper clearfix'>\n\n<style type=\"text\/css\" data-created_by=\"avia_inline_auto\" id=\"style-css-av-jrvignxy-028abcbf8eb402a8be94f9ca86c8fc4c\">\n.flex_column.av-jrvignxy-028abcbf8eb402a8be94f9ca86c8fc4c{\nborder-radius:0px 0px 0px 0px;\npadding:10px 10px 10px 10px;\nbackground-color:rgba(255,255,255,0.7);\n}\n<\/style>\n<div  class='flex_column av-jrvignxy-028abcbf8eb402a8be94f9ca86c8fc4c av_one_half first flex_column_div'     ><section  class='av_textblock_section av-jrvifp6u-8c49a2bc9c19d44d56f6dd1a6dc83f91'   itemscope=\"itemscope\" itemtype=\"https:\/\/schema.org\/CreativeWork\" ><div class='avia_textblock'  itemprop=\"text\" ><h2>emma ruffin<\/h2>\n<p>Emma Ruffin es portadora de muchos sombreros: facilitadora gr\u00e1fica, organizadora comunitaria y solucionadora de problemas. Como facilitadora gr\u00e1fica o \u201cescriba\u201d con Desert Raven Design, practica la escucha profunda, la presencia y la creaci\u00f3n conjunta, transformando reuniones y conferencias a trav\u00e9s de su arte. Como organizadora comunitaria y directora de Boulder.Earth, puede colaborar en todos los sectores, apoy\u00e1ndose en la sabidur\u00eda de una comunidad para convertir la crisis clim\u00e1tica en una oportunidad. Amante de la resoluci\u00f3n de problemas, Emma emplea principios de dise\u00f1o de permacultura (certificado dos veces) y la Teor\u00eda U en su trabajo, arte y juego cotidianos. En el pasado, se desempe\u00f1\u00f3 como becaria del programa Climate CoLab del MIT y actualmente se desempe\u00f1a como curadora del Global Shapers Boulder Hub, una iniciativa del Foro Econ\u00f3mico Mundial impulsada por veintea\u00f1eros que crean un cambio positivo en sus comunidades.<\/p>\n<\/div><\/section><\/div>\n<style type=\"text\/css\" data-created_by=\"avia_inline_auto\" id=\"style-css-av-bm05m4q-d1b6462bce553ba5a3f3294818b64859\">\n.flex_column.av-bm05m4q-d1b6462bce553ba5a3f3294818b64859{\nborder-radius:0px 0px 0px 0px;\npadding:0px 0px 0px 0px;\n}\n<\/style>\n<div  class='flex_column av-bm05m4q-d1b6462bce553ba5a3f3294818b64859 av_one_half flex_column_div av-zero-column-padding'     ><style type=\"text\/css\" data-created_by=\"avia_inline_auto\" id=\"style-css-av-jrvj93e9-ac0be916bb7030ee0c186f4c484ebfd3\">\n.avia-image-container.av-jrvj93e9-ac0be916bb7030ee0c186f4c484ebfd3 img.avia_image{\nbox-shadow:none;\n}\n.avia-image-container.av-jrvj93e9-ac0be916bb7030ee0c186f4c484ebfd3 .av-image-caption-overlay-center{\ncolor:#ffffff;\n}\n<\/style>\n<div  class='avia-image-container av-jrvj93e9-ac0be916bb7030ee0c186f4c484ebfd3 av-styling- avia_animated_image av-animated-when-visible-95 right-to-left avia-align-center'   itemprop=\"image\" itemscope=\"itemscope\" itemtype=\"https:\/\/schema.org\/ImageObject\" ><div class=\"avia-image-container-inner\"><div class=\"avia-image-overlay-wrap\"><img decoding=\"async\" fetchpriority=\"high\" class='wp-image-123557 avia-img-lazy-loading-not-123557 avia_image' src=\"https:\/\/boulder.earth\/wp-content\/uploads\/2019\/02\/emma-ruffin-wwnd.jpg\" alt='' title='Instructora Emma Ruffin'  height=\"401\" width=\"600\"  itemprop=\"thumbnailUrl\" srcset=\"https:\/\/boulder.earth\/wp-content\/uploads\/2019\/02\/emma-ruffin-wwnd.jpg 600w, https:\/\/boulder.earth\/wp-content\/uploads\/2019\/02\/emma-ruffin-wwnd-300x201.jpg 300w, https:\/\/boulder.earth\/wp-content\/uploads\/2019\/02\/emma-ruffin-wwnd-450x301.jpg 450w\" sizes=\"(max-width: 600px) 100vw, 600px\" \/><\/div><\/div><\/div><\/div>\n<style type=\"text\/css\" data-created_by=\"avia_inline_auto\" id=\"style-css-av-bm05m4q-7d3f12bb576f79d74d0483b6ccd4ebf5\">\n.flex_column.av-bm05m4q-7d3f12bb576f79d74d0483b6ccd4ebf5{\nborder-radius:0px 0px 0px 0px;\npadding:0px 0px 0px 0px;\n}\n<\/style>\n<div  class='flex_column av-bm05m4q-7d3f12bb576f79d74d0483b6ccd4ebf5 av_one_half first flex_column_div av-zero-column-padding'     ><style type=\"text\/css\" data-created_by=\"avia_inline_auto\" id=\"style-css-av-jrvj93e9-7aa70c027294353a1be5fcf1b09ae110\">\n.avia-image-container.av-jrvj93e9-7aa70c027294353a1be5fcf1b09ae110 img.avia_image{\nbox-shadow:none;\n}\n.avia-image-container.av-jrvj93e9-7aa70c027294353a1be5fcf1b09ae110 .av-image-caption-overlay-center{\ncolor:#ffffff;\n}\n<\/style>\n<div  class='avia-image-container av-jrvj93e9-7aa70c027294353a1be5fcf1b09ae110 av-styling- avia_animated_image av-animated-when-visible-95 left-to-right avia-align-center'   itemprop=\"image\" itemscope=\"itemscope\" itemtype=\"https:\/\/schema.org\/ImageObject\" ><div class=\"avia-image-container-inner\"><div class=\"avia-image-overlay-wrap\"><img decoding=\"async\" fetchpriority=\"high\" class='wp-image- avia-img-lazy-loading-not- avia_image' src=\"https:\/\/boulder.earth\/wp-content\/uploads\/2019\/02\/james-edwards-instructor.jpg\" alt='' title=''   itemprop=\"thumbnailUrl\"  \/><\/div><\/div><\/div><\/div>\n<style type=\"text\/css\" data-created_by=\"avia_inline_auto\" id=\"style-css-av-jrvignxy-cd2c422a8c98c60b0ad9d9c22af7aef6\">\n.flex_column.av-jrvignxy-cd2c422a8c98c60b0ad9d9c22af7aef6{\nborder-radius:0px 0px 0px 0px;\npadding:10px 10px 10px 10px;\nbackground-color:rgba(255,255,255,0.7);\n}\n<\/style>\n<div  class='flex_column av-jrvignxy-cd2c422a8c98c60b0ad9d9c22af7aef6 av_one_half flex_column_div'     ><section  class='av_textblock_section av-jrvifp6u-8c49a2bc9c19d44d56f6dd1a6dc83f91'   itemscope=\"itemscope\" itemtype=\"https:\/\/schema.org\/CreativeWork\" ><div class='avia_textblock'  itemprop=\"text\" ><h2>james edwards<\/h2>\n<p>James M. Edwards es un dise\u00f1ador ecosocial que ayuda a individuos, comunidades y organizaciones a crecer y prosperar mediante el uso de principios ecol\u00f3gicos y sistemas de pensamiento. Con una visi\u00f3n de un mundo donde la humanidad vive en armon\u00eda con la naturaleza y consigo misma, ha dedicado m\u00e1s de 25 a\u00f1os como educador, facilitador, productor de medios y dise\u00f1ador de sistemas a trabajar para inspirar y empoderar la acci\u00f3n hacia una mayor justicia social y ambiental. James ha lanzado y operado una serie de empresas con y sin fines de lucro, adem\u00e1s de trabajar dentro de empresas existentes a nivel de directorio, ejecutivo y operativo. Tiene una licenciatura en Diplomacia e Historia de Occidental College, es un M.Sc. Asociado en Dise\u00f1o Ecosocial en la Universidad de Gaia, y es un dise\u00f1ador de permacultura en ejercicio. Vive en Boulder, CO con su esposa, dos hijos adolescentes y una peque\u00f1a colecci\u00f3n de animales.<\/p>\n<\/div><\/section><\/div>\n<\/div><\/div><\/div><!-- close content main div --><\/div><\/div><div id='after_section_1'  class='main_color av_default_container_wrap container_wrap sidebar_right'  ><div class='container av-section-cont-open' ><div class='template-page content  av-content-small alpha units'><div class='post-entry post-entry-type-page post-entry-123530'><div class='entry-content-wrapper clearfix'><\/p>\n\n<style type=\"text\/css\" data-created_by=\"avia_inline_auto\" id=\"style-css-av-77wdmx6-f8c377727f35bcee76f0b50923c0ca9a\">\n.flex_column.av-77wdmx6-f8c377727f35bcee76f0b50923c0ca9a{\nborder-radius:0px 0px 0px 0px;\npadding:0px 0px 0px 0px;\n}\n<\/style>\n<div  class='flex_column av-77wdmx6-f8c377727f35bcee76f0b50923c0ca9a av_one_full first flex_column_div av-zero-column-padding'     ><section  class='av_textblock_section av-jrvjc47x-a0e75f7f45db2dd3048acae8579582d9'   itemscope=\"itemscope\" itemtype=\"https:\/\/schema.org\/CreativeWork\" ><div class='avia_textblock'  itemprop=\"text\" ><h2 style=\"text-align: center;\">\u00bfPreguntas?<\/h2>\n<h4 style=\"text-align: center;\">Por favor p\u00f3ngase en contacto:\u00a0 <a href=\"mailto:wwnd@boulder.earth\">wwnd@boulder.earth<\/a><\/h4>\n<\/div><\/section><br \/>\n\n<style type=\"text\/css\" data-created_by=\"avia_inline_auto\" id=\"style-css-av-jrvkqxyg-bf6221820ddf51d097a9d96d74722ac2\">\n#top .hr.hr-invisible.av-jrvkqxyg-bf6221820ddf51d097a9d96d74722ac2{\nheight:30px;\n}\n<\/style>\n<div  class='hr av-jrvkqxyg-bf6221820ddf51d097a9d96d74722ac2 hr-invisible'><span class='hr-inner'><span class=\"hr-inner-style\"><\/span><\/span><\/div><br \/>\n<div  class='avia-button-wrap av-jrvibt65-58596ea896f04e976427561156f176c2-wrap avia-button-center'><a href='https:\/\/docs.google.com\/forms\/d\/e\/1FAIpQLSfXIhctqJLzqZjMJqN5pmNd_JcLbCGIAjmbTkAsE14JpFEjmQ\/viewform?usp=sf_link'  class='avia-button av-jrvibt65-58596ea896f04e976427561156f176c2 av-link-btn avia-icon_select-yes-left-icon avia-size-x-large avia-position-center avia-color-theme-color'  target=\"_blank\"  rel=\"noopener noreferrer\"  aria-label=\"Reg\u00edstrate ahora\"><span class='avia_button_icon avia_button_icon_left avia-iconfont avia-font-entypo-fontello' data-av_icon='\ue8b8' data-av_iconfont='entypo-fontello' ><\/span><span class='avia_iconbox_title' >Reg\u00edstrate ahora<\/span><\/a><\/div><\/p><\/div>","protected":false},"excerpt":{"rendered":"","protected":false},"author":1,"featured_media":0,"parent":0,"menu_order":0,"comment_status":"closed","ping_status":"closed","template":"","meta":{"footnotes":""},"class_list":["post-123530","page","type-page","status-publish","hentry"],"_links":{"self":[{"href":"https:\/\/boulder.earth\/es\/wp-json\/wp\/v2\/pages\/123530","targetHints":{"allow":["GET"]}}],"collection":[{"href":"https:\/\/boulder.earth\/es\/wp-json\/wp\/v2\/pages"}],"about":[{"href":"https:\/\/boulder.earth\/es\/wp-json\/wp\/v2\/types\/page"}],"author":[{"embeddable":true,"href":"https:\/\/boulder.earth\/es\/wp-json\/wp\/v2\/users\/1"}],"replies":[{"embeddable":true,"href":"https:\/\/boulder.earth\/es\/wp-json\/wp\/v2\/comments?post=123530"}],"version-history":[{"count":15,"href":"https:\/\/boulder.earth\/es\/wp-json\/wp\/v2\/pages\/123530\/revisions"}],"predecessor-version":[{"id":124670,"href":"https:\/\/boulder.earth\/es\/wp-json\/wp\/v2\/pages\/123530\/revisions\/124670"}],"wp:attachment":[{"href":"https:\/\/boulder.earth\/es\/wp-json\/wp\/v2\/media?parent=123530"}],"curies":[{"name":"wp","href":"https:\/\/api.w.org\/{rel}","templated":true}]}}