{"id":126115,"date":"2019-03-15T18:19:17","date_gmt":"2019-03-16T00:19:17","guid":{"rendered":"https:\/\/boulder.earth\/?page_id=126115"},"modified":"2022-01-13T17:58:52","modified_gmt":"2022-01-13T23:58:52","slug":"sustainable-food","status":"publish","type":"page","link":"https:\/\/boulder.earth\/es\/sustainable-food\/","title":{"rendered":"Alimentos sostenibles"},"content":{"rendered":"<section  class='av_textblock_section av-kn91m03-b48a2451dd9e8d50abe31c6d03b1b154'   itemscope=\"itemscope\" itemtype=\"https:\/\/schema.org\/CreativeWork\" ><div class='avia_textblock'  itemprop=\"text\" ><h1 style=\"text-align: center;\">Sistema Alimentario Sostenible<\/h1>\n<\/div><\/section>\n\n<style type=\"text\/css\" data-created_by=\"avia_inline_auto\" id=\"style-css-av-jtkxyqr-b722c611064527305585fea7334dd590\">\n.flex_column.av-jtkxyqr-b722c611064527305585fea7334dd590{\nborder-radius:0px 0px 0px 0px;\npadding:0px 0px 0px 0px;\n}\n<\/style>\n<div  class='flex_column av-jtkxyqr-b722c611064527305585fea7334dd590 av_one_full  avia-builder-el-1  el_after_av_textblock  el_before_av_submenu  avia-builder-el-last  first flex_column_div av-zero-column-padding  column-top-margin'     ><section  class='av_textblock_section av-jdeb65f-6c30a3b98d9f723ba5b4001680f75007'   itemscope=\"itemscope\" itemtype=\"https:\/\/schema.org\/CreativeWork\" ><div class='avia_textblock'  itemprop=\"text\" ><h1><img loading=\"lazy\" decoding=\"async\" class=\"alignright size-full wp-image-127100\" src=\"https:\/\/boulder.earth\/wp-content\/uploads\/2019\/03\/sustainable-food-drawing.jpg\" alt=\"\" width=\"645\" height=\"409\" srcset=\"https:\/\/boulder.earth\/wp-content\/uploads\/2019\/03\/sustainable-food-drawing.jpg 645w, https:\/\/boulder.earth\/wp-content\/uploads\/2019\/03\/sustainable-food-drawing-300x190.jpg 300w, https:\/\/boulder.earth\/wp-content\/uploads\/2019\/03\/sustainable-food-drawing-450x285.jpg 450w\" sizes=\"auto, (max-width: 645px) 100vw, 645px\" \/><\/h1>\n<h1>\u00a1La lechuga entiende lo que hay en el bistec!<\/h1>\n<p>No hay forma de evitarlo: los alimentos que comemos tienen un gran impacto ambiental y contribuyen al calentamiento global. De hecho, los alimentos son la palanca m\u00e1s fuerte para optimizar la salud humana y la sostenibilidad ambiental en la Tierra. Para crear una comunidad verdaderamente sostenible, Boulder necesita abordar muchos problemas relacionados con c\u00f3mo comemos, qu\u00e9 comemos, d\u00f3nde crece y c\u00f3mo llega a nuestros platos. Por no hablar de lo que le pasa a todo lo que no llega a nuestra boca. Es un tema complicado que involucra factores que van desde la nutrici\u00f3n hasta los fertilizantes y pesticidas qu\u00edmicos, el uso del agua hasta el transporte, las entradas hasta las salidas y los microbios hasta el CO2. <strong>Nos estamos centrando en el desperdicio de alimentos, la elecci\u00f3n de alimentos y la agricultura sostenible.<\/strong>. Hacerlo bien requerir\u00e1 algunos cambios serios. Pero todos apuntan a personas m\u00e1s saludables, suelos, aire y agua m\u00e1s saludables, y una sociedad m\u00e1s justa y equitativa. Entonces, \u00bfqu\u00e9 nos detiene!<\/p>\n<\/div><\/section><\/div>\n<\/div><\/div><\/div><!-- close content main div --><\/div><\/div><div class='clear'><\/div><div id='sub_menu1'  class='av-submenu-container av-henw7tv-e66f9800666c0bea4a3cda8d2c35f9e8 header_color  avia-builder-el-3  el_after_av_one_full  el_before_av_one_full  av-sticky-submenu submenu-not-first container_wrap sidebar_right' style='z-index:301' ><div class='container av-menu-mobile-disabled av-submenu-pos-center'><ul id='av-custom-submenu-1' class='av-subnav-menu' role='menu'>\n<li class='menu-item av-h4fgg6b-f8065c5957d8cb5d57a4473f9e001b4f menu-item-top-level menu-item-top-level-1' role='menuitem'><a href=''  ><span class='avia-bullet'><\/span><span class='avia-menu-text'>Secciones de la p\u00e1gina de sistemas alimentarios sostenibles:<\/span><\/a><\/li>\n<li class='menu-item av-gi2rpgj-e1d68bd3ec7463a38d16da03bd797fef menu-item-top-level av-menu-button av-menu-button-colored menu-item-top-level-2' role='menuitem'><a href='#orgs'  ><span class='avia-bullet'><\/span><span class='avia-menu-text'>Organizaciones<\/span><\/a><\/li>\n<li class='menu-item av-f47li8z-82db3c0094553a04804ee52a0c4137b4 menu-item-top-level av-menu-button av-menu-button-colored menu-item-top-level-3' role='menuitem'><a href='#navigating'  ><span class='avia-bullet'><\/span><span class='avia-menu-text'>Navegando por el problema<\/span><\/a><\/li>\n<li class='menu-item av-fpiz3ur-a912f76ddd20e18495744101709517e5 menu-item-top-level av-menu-button av-menu-button-colored menu-item-top-level-4' role='menuitem'><a href='#actions'  ><span class='avia-bullet'><\/span><span class='avia-menu-text'>Comportamiento<\/span><\/a><\/li>\n<\/ul><\/div><\/div><div class='sticky_placeholder'><\/div><div id='after_submenu_1'  class='main_color av_default_container_wrap container_wrap sidebar_right'  ><div class='container av-section-cont-open' ><div class='template-page content  av-content-small alpha units'><div class='post-entry post-entry-type-page post-entry-126115'><div class='entry-content-wrapper clearfix'>\n\n<style type=\"text\/css\" data-created_by=\"avia_inline_auto\" id=\"style-css-av-3gc8k2r-f92d66325e2ff5b49709d5ad1ea4fe64\">\n.flex_column.av-3gc8k2r-f92d66325e2ff5b49709d5ad1ea4fe64{\nborder-radius:0px 0px 0px 0px;\npadding:0px 0px 0px 0px;\n}\n<\/style>\n<div  class='flex_column av-3gc8k2r-f92d66325e2ff5b49709d5ad1ea4fe64 av_one_full  avia-builder-el-4  el_after_av_submenu  el_before_av_section  avia-builder-el-no-sibling  first flex_column_div av-zero-column-padding'     ><section  class='av_textblock_section av-az6ov7-66465aef507e0fc2449608806148bebd'   itemscope=\"itemscope\" itemtype=\"https:\/\/schema.org\/CreativeWork\" ><div class='avia_textblock'  itemprop=\"text\" ><h1 id=\"orgs\" style=\"text-align: center;\">Organizaciones locales que abordan la alimentaci\u00f3n sostenible<\/h1>\n<\/div><\/section><br \/>\n<div id='av-masonry-1' class='av-masonry av-2cg70yr-cbbb4ce5b899a48802942d2889bda0a2 noHover av-flex-size av-large-gap av-hover-overlay-active av-masonry-animation-active av-masonry-col-5 av-caption-on-hover av-caption-style-overlay av-masonry-entries av-mini-columns-overwrite av-mini-columns-3' data-post_id=\"126115\"><div class=\"av-masonry-container isotope av-js-disabled\"><div class='av-masonry-entry isotope-item av-masonry-item-no-image all_sort agriculture_sort  business_sort  community_sort  food_sort  environment_sort  policy_sort  programproject_sort  resilience_sort  resources_sort  activism_sort  food-waste_sort  justice_sort  transportation_sort  zero-waste_sort  education_sort  pollinators_sort  fracking_sort'><\/div><a href=\"https:\/\/boulder.earth\/es\/organizations\/boulder-county-farmers-markets\/\"  id='av-masonry-1-item-22410' data-av-masonry-item='22410' class='av-masonry-entry isotope-item post-22410 portfolio type-portfolio status-publish has-post-thumbnail hentry portfolio_entries-agriculture portfolio_entries-business portfolio_entries-community portfolio_entries-food all_sort agriculture_sort  business_sort  community_sort  food_sort  av-masonry-item-with-image' title=\"mercado de agricultores de roca\"   itemscope=\"itemscope\" itemtype=\"https:\/\/schema.org\/CreativeWork\" ><div class='av-inner-masonry-sizer'><\/div><figure class='av-inner-masonry main_color'><div class=\"av-masonry-outerimage-container\"><div class='av-masonry-image-container'  ><img decoding=\"async\" width=\"500\" height=\"333\" fetchpriority=\"high\" class=\"wp-image-22412 avia-img-lazy-loading-not-22412\"  src=\"https:\/\/boulder.earth\/wp-content\/uploads\/2017\/10\/boulder-farmers-market.png\" title=\"mercado de agricultores de roca\" alt=\"\" srcset=\"https:\/\/boulder.earth\/wp-content\/uploads\/2017\/10\/boulder-farmers-market.png 500w, https:\/\/boulder.earth\/wp-content\/uploads\/2017\/10\/boulder-farmers-market-300x200.png 300w, https:\/\/boulder.earth\/wp-content\/uploads\/2017\/10\/boulder-farmers-market-450x300.png 450w\" sizes=\"(max-width: 500px) 100vw, 500px\" \/><\/div><\/div><figcaption class='av-inner-masonry-content site-background'><div class='av-inner-masonry-content-pos'><div class='av-inner-masonry-content-pos-content'><div class='avia-arrow'><\/div><div class='av-masonry-entry-content entry-content'  itemprop=\"text\" >organizaci\u00f3n sin fines de lucro que opera mercados de agricultores exclusivos para productores en Colorado desde 1987<\/div><\/div><\/div><\/figcaption><\/figure><\/a><!--end av-masonry entry--><a href=\"https:\/\/boulder.earth\/es\/organizations\/boulder-county-sustainability\/\"  id='av-masonry-1-item-79193' data-av-masonry-item='79193' class='av-masonry-entry isotope-item post-79193 portfolio type-portfolio status-publish has-post-thumbnail hentry portfolio_entries-agriculture portfolio_entries-environment portfolio_entries-food portfolio_entries-policy portfolio_entries-programproject portfolio_entries-resilience portfolio_entries-resources all_sort agriculture_sort  environment_sort  food_sort  policy_sort  programproject_sort  resilience_sort  resources_sort  av-masonry-item-with-image' title=\"BoCoSostenibilidadLogotipo\"   itemscope=\"itemscope\" itemtype=\"https:\/\/schema.org\/CreativeWork\" ><div class='av-inner-masonry-sizer'><\/div><figure class='av-inner-masonry main_color'><div class=\"av-masonry-outerimage-container\"><div class='av-masonry-image-container'  ><img decoding=\"async\" width=\"500\" height=\"333\" fetchpriority=\"high\" class=\"wp-image-79198 avia-img-lazy-loading-not-79198\"  src=\"https:\/\/boulder.earth\/wp-content\/uploads\/2018\/05\/BoCoSustainabilityLogo-1.png\" title=\"BoCoSostenibilidadLogotipo\" alt=\"\" srcset=\"https:\/\/boulder.earth\/wp-content\/uploads\/2018\/05\/BoCoSustainabilityLogo-1.png 500w, https:\/\/boulder.earth\/wp-content\/uploads\/2018\/05\/BoCoSustainabilityLogo-1-300x200.png 300w, https:\/\/boulder.earth\/wp-content\/uploads\/2018\/05\/BoCoSustainabilityLogo-1-450x300.png 450w\" sizes=\"(max-width: 500px) 100vw, 500px\" \/><\/div><\/div><figcaption class='av-inner-masonry-content site-background'><div class='av-inner-masonry-content-pos'><div class='av-inner-masonry-content-pos-content'><div class='avia-arrow'><\/div><div class='av-masonry-entry-content entry-content'  itemprop=\"text\" >Para garantizar que las operaciones y la toma de decisiones del condado de Boulder reflejen...<\/div><\/div><\/div><\/figcaption><\/figure><\/a><!--end av-masonry entry--><a href=\"https:\/\/boulder.earth\/es\/organizations\/boulder-food-rescue\/\"  id='av-masonry-1-item-17801' data-av-masonry-item='17801' class='av-masonry-entry isotope-item post-17801 portfolio type-portfolio status-publish has-post-thumbnail hentry portfolio_entries-activism portfolio_entries-agriculture portfolio_entries-community portfolio_entries-food portfolio_entries-food-waste portfolio_entries-justice portfolio_entries-transportation portfolio_entries-zero-waste all_sort activism_sort  agriculture_sort  community_sort  food_sort  food-waste_sort  justice_sort  transportation_sort  zero-waste_sort  av-masonry-item-with-image' title=\"Rescate de alimentos en Boulder\"   itemscope=\"itemscope\" itemtype=\"https:\/\/schema.org\/CreativeWork\" ><div class='av-inner-masonry-sizer'><\/div><figure class='av-inner-masonry main_color'><div class=\"av-masonry-outerimage-container\"><div class='av-masonry-image-container'  ><img decoding=\"async\" width=\"500\" height=\"333\" fetchpriority=\"high\" class=\"wp-image-17802 avia-img-lazy-loading-not-17802\"  src=\"https:\/\/boulder.earth\/wp-content\/uploads\/2017\/09\/Boulder-Food-Rescue.png\" title=\"Rescate de alimentos en Boulder\" alt=\"\" srcset=\"https:\/\/boulder.earth\/wp-content\/uploads\/2017\/09\/Boulder-Food-Rescue.png 500w, https:\/\/boulder.earth\/wp-content\/uploads\/2017\/09\/Boulder-Food-Rescue-300x200.png 300w, https:\/\/boulder.earth\/wp-content\/uploads\/2017\/09\/Boulder-Food-Rescue-450x300.png 450w\" sizes=\"(max-width: 500px) 100vw, 500px\" \/><\/div><\/div><figcaption class='av-inner-masonry-content site-background'><div class='av-inner-masonry-content-pos'><div class='av-inner-masonry-content-pos-content'><div class='avia-arrow'><\/div><div class='av-masonry-entry-content entry-content'  itemprop=\"text\" >\u00a1Rescate de alimentos sostenible y justo a tiempo en Boulder, Colorado!<\/div><\/div><\/div><\/figcaption><\/figure><\/a><!--end av-masonry entry--><a href=\"https:\/\/boulder.earth\/es\/organizations\/boundless-landscapes\/\"  id='av-masonry-1-item-180747' data-av-masonry-item='180747' class='av-masonry-entry isotope-item post-180747 portfolio type-portfolio status-publish has-post-thumbnail hentry portfolio_entries-agriculture portfolio_entries-food portfolio_entries-resilience portfolio_entries-resources all_sort agriculture_sort  food_sort  resilience_sort  resources_sort  av-masonry-item-with-image' title=\"paisajes-sin-limites\"   itemscope=\"itemscope\" itemtype=\"https:\/\/schema.org\/CreativeWork\" ><div class='av-inner-masonry-sizer'><\/div><figure class='av-inner-masonry main_color'><div class=\"av-masonry-outerimage-container\"><div class='av-masonry-image-container'  ><img decoding=\"async\" width=\"300\" height=\"200\" fetchpriority=\"high\" class=\"wp-image-180750 avia-img-lazy-loading-not-180750\"  src=\"https:\/\/boulder.earth\/wp-content\/uploads\/2020\/01\/boundless-landscapes.png\" title=\"paisajes-sin-limites\" alt=\"\" \/><\/div><\/div><figcaption class='av-inner-masonry-content site-background'><div class='av-inner-masonry-content-pos'><div class='av-inner-masonry-content-pos-content'><div class='avia-arrow'><\/div><div class='av-masonry-entry-content entry-content'  itemprop=\"text\" >Convirtiendo el mundo en un jard\u00edn al convertir c\u00e9spedes y espacios infrautilizados en pr\u00f3speros jardines de alimentos para combatir el cambio clim\u00e1tico y construir comunidades m\u00e1s resilientes.<\/div><\/div><\/div><\/figcaption><\/figure><\/a><!--end av-masonry entry--><a href=\"https:\/\/boulder.earth\/es\/organizations\/coal-creek-meals-on-wheels\/\"  id='av-masonry-1-item-6465022' data-av-masonry-item='6465022' class='av-masonry-entry isotope-item post-6465022 portfolio type-portfolio status-publish has-post-thumbnail hentry portfolio_entries-community portfolio_entries-food all_sort community_sort  food_sort  av-masonry-item-with-image' title=\"coalcreek-meels-on-wheels\"   itemscope=\"itemscope\" itemtype=\"https:\/\/schema.org\/CreativeWork\" ><div class='av-inner-masonry-sizer'><\/div><figure class='av-inner-masonry main_color'><div class=\"av-masonry-outerimage-container\"><div class='av-masonry-image-container'  ><img decoding=\"async\" width=\"300\" height=\"200\" fetchpriority=\"high\" class=\"wp-image-6465023 avia-img-lazy-loading-not-6465023\"  src=\"https:\/\/boulder.earth\/wp-content\/uploads\/2025\/08\/coalcreek-meels-on-wheels.png\" title=\"coalcreek-meels-on-wheels\" alt=\"\" srcset=\"https:\/\/boulder.earth\/wp-content\/uploads\/2025\/08\/coalcreek-meels-on-wheels.png 300w, https:\/\/boulder.earth\/wp-content\/uploads\/2025\/08\/coalcreek-meels-on-wheels-18x12.png 18w\" sizes=\"(max-width: 300px) 100vw, 300px\" \/><\/div><\/div><figcaption class='av-inner-masonry-content site-background'><div class='av-inner-masonry-content-pos'><div class='av-inner-masonry-content-pos-content'><div class='avia-arrow'><\/div><div class='av-masonry-entry-content entry-content'  itemprop=\"text\" >providing a home-delivered, hot, nutritious meal to anyone who needs one in Lafayette, Louisville, Erie and Superior<\/div><\/div><\/div><\/figcaption><\/figure><\/a><!--end av-masonry entry--><a href=\"https:\/\/boulder.earth\/es\/organizations\/community-food-share\/\"  id='av-masonry-1-item-84967' data-av-masonry-item='84967' class='av-masonry-entry isotope-item post-84967 portfolio type-portfolio status-publish has-post-thumbnail hentry portfolio_entries-agriculture portfolio_entries-community portfolio_entries-food portfolio_entries-food-waste portfolio_entries-justice all_sort agriculture_sort  community_sort  food_sort  food-waste_sort  justice_sort  av-masonry-item-with-image' title=\"compartir comida comunitaria\"   itemscope=\"itemscope\" itemtype=\"https:\/\/schema.org\/CreativeWork\" ><div class='av-inner-masonry-sizer'><\/div><figure class='av-inner-masonry main_color'><div class=\"av-masonry-outerimage-container\"><div class='av-masonry-image-container'  ><img decoding=\"async\" width=\"300\" height=\"200\" fetchpriority=\"high\" class=\"wp-image-141837 avia-img-lazy-loading-not-141837\"  src=\"https:\/\/boulder.earth\/wp-content\/uploads\/2018\/06\/communityfoodshare.jpg\" title=\"compartir comida comunitaria\" alt=\"\" \/><\/div><\/div><figcaption class='av-inner-masonry-content site-background'><div class='av-inner-masonry-content-pos'><div class='av-inner-masonry-content-pos-content'><div class='avia-arrow'><\/div><div class='av-masonry-entry-content entry-content'  itemprop=\"text\" >Eliminar el hambre en los condados de Boulder y Broomfield a trav\u00e9s del compromiso, la colaboraci\u00f3n y el liderazgo.<\/div><\/div><\/div><\/figcaption><\/figure><\/a><!--end av-masonry entry--><a href=\"https:\/\/boulder.earth\/es\/organizations\/community-fruit-rescue\/\"  id='av-masonry-1-item-138927' data-av-masonry-item='138927' class='av-masonry-entry isotope-item post-138927 portfolio type-portfolio status-publish has-post-thumbnail hentry portfolio_entries-agriculture portfolio_entries-food portfolio_entries-food-waste all_sort agriculture_sort  food_sort  food-waste_sort  av-masonry-item-with-image' title=\"comunidad-fruta-rescate\"   itemscope=\"itemscope\" itemtype=\"https:\/\/schema.org\/CreativeWork\" ><div class='av-inner-masonry-sizer'><\/div><figure class='av-inner-masonry main_color'><div class=\"av-masonry-outerimage-container\"><div class='av-masonry-image-container'  ><img decoding=\"async\" width=\"300\" height=\"200\" fetchpriority=\"high\" class=\"wp-image-138928 avia-img-lazy-loading-not-138928\"  src=\"https:\/\/boulder.earth\/wp-content\/uploads\/2019\/08\/community-fruit-rescue.jpg\" title=\"comunidad-fruta-rescate\" alt=\"\" \/><\/div><\/div><figcaption class='av-inner-masonry-content site-background'><div class='av-inner-masonry-content-pos'><div class='av-inner-masonry-content-pos-content'><div class='avia-arrow'><\/div><div class='av-masonry-entry-content entry-content'  itemprop=\"text\" >Dedicado a cosechar y distribuir los excedentes de la fruticultura urbana en todo Boulder, Colorado<\/div><\/div><\/div><\/figcaption><\/figure><\/a><!--end av-masonry entry--><a href=\"https:\/\/boulder.earth\/es\/organizations\/earth-love-gardens\/\"  id='av-masonry-1-item-5487062' data-av-masonry-item='5487062' class='av-masonry-entry isotope-item post-5487062 portfolio type-portfolio status-publish has-post-thumbnail hentry portfolio_entries-agriculture portfolio_entries-community portfolio_entries-education portfolio_entries-food portfolio_entries-pollinators all_sort agriculture_sort  community_sort  education_sort  food_sort  pollinators_sort  av-masonry-item-with-image' title=\"jardines-tierra-amor\"   itemscope=\"itemscope\" itemtype=\"https:\/\/schema.org\/CreativeWork\" ><div class='av-inner-masonry-sizer'><\/div><figure class='av-inner-masonry main_color'><div class=\"av-masonry-outerimage-container\"><div class='av-masonry-image-container'  ><img decoding=\"async\" width=\"300\" height=\"200\" fetchpriority=\"high\" class=\"wp-image-5487063 avia-img-lazy-loading-not-5487063\"  src=\"https:\/\/boulder.earth\/wp-content\/uploads\/2024\/12\/earth-love-gardens.png\" title=\"jardines-tierra-amor\" alt=\"\" srcset=\"https:\/\/boulder.earth\/wp-content\/uploads\/2024\/12\/earth-love-gardens.png 300w, https:\/\/boulder.earth\/wp-content\/uploads\/2024\/12\/earth-love-gardens-18x12.png 18w\" sizes=\"(max-width: 300px) 100vw, 300px\" \/><\/div><\/div><figcaption class='av-inner-masonry-content site-background'><div class='av-inner-masonry-content-pos'><div class='av-inner-masonry-content-pos-content'><div class='avia-arrow'><\/div><div class='av-masonry-entry-content entry-content'  itemprop=\"text\" >Dise\u00f1ar y crear jardines comestibles y amigables con los polinizadores y liderar comunidades de voluntarios para crear conexiones con la tierra.<\/div><\/div><\/div><\/figcaption><\/figure><\/a><!--end av-masonry entry--><a href=\"https:\/\/boulder.earth\/es\/organizations\/falling-fruit\/\"  id='av-masonry-1-item-138920' data-av-masonry-item='138920' class='av-masonry-entry isotope-item post-138920 portfolio type-portfolio status-publish has-post-thumbnail hentry portfolio_entries-food portfolio_entries-food-waste all_sort food_sort  food-waste_sort  av-masonry-item-with-image' title=\"fruta cayendo\"   itemscope=\"itemscope\" itemtype=\"https:\/\/schema.org\/CreativeWork\" ><div class='av-inner-masonry-sizer'><\/div><figure class='av-inner-masonry main_color'><div class=\"av-masonry-outerimage-container\"><div class='av-masonry-image-container'  ><img decoding=\"async\" width=\"300\" height=\"200\" fetchpriority=\"high\" class=\"wp-image-138919 avia-img-lazy-loading-not-138919\"  src=\"https:\/\/boulder.earth\/wp-content\/uploads\/2019\/08\/falling-fruit.png\" title=\"fruta cayendo\" alt=\"\" \/><\/div><\/div><figcaption class='av-inner-masonry-content site-background'><div class='av-inner-masonry-content-pos'><div class='av-inner-masonry-content-pos-content'><div class='avia-arrow'><\/div><div class='av-masonry-entry-content entry-content'  itemprop=\"text\" >Celebrando la generosidad culinaria pasada por alto de las calles de nuestra ciudad y cuantificando este recurso en un mapa interactivo<\/div><\/div><\/div><\/figcaption><\/figure><\/a><!--end av-masonry entry--><a href=\"https:\/\/boulder.earth\/es\/organizations\/flatirons-farmers-coalition\/\"  id='av-masonry-1-item-6464090' data-av-masonry-item='6464090' class='av-masonry-entry isotope-item post-6464090 portfolio type-portfolio status-publish has-post-thumbnail hentry portfolio_entries-agriculture portfolio_entries-business portfolio_entries-food portfolio_entries-resources all_sort agriculture_sort  business_sort  food_sort  resources_sort  av-masonry-item-with-image' title=\"Coalici\u00f3n de Agricultores de Flatirons\"   itemscope=\"itemscope\" itemtype=\"https:\/\/schema.org\/CreativeWork\" ><div class='av-inner-masonry-sizer'><\/div><figure class='av-inner-masonry main_color'><div class=\"av-masonry-outerimage-container\"><div class='av-masonry-image-container'  ><img decoding=\"async\" width=\"300\" height=\"200\" fetchpriority=\"high\" class=\"wp-image-6464092 avia-img-lazy-loading-not-6464092\"  src=\"https:\/\/boulder.earth\/wp-content\/uploads\/2025\/04\/FlatironsFarmersCoalition.png\" title=\"Coalici\u00f3n de Agricultores de Flatirons\" alt=\"\" srcset=\"https:\/\/boulder.earth\/wp-content\/uploads\/2025\/04\/FlatironsFarmersCoalition.png 300w, https:\/\/boulder.earth\/wp-content\/uploads\/2025\/04\/FlatironsFarmersCoalition-18x12.png 18w\" sizes=\"(max-width: 300px) 100vw, 300px\" \/><\/div><\/div><figcaption class='av-inner-masonry-content site-background'><div class='av-inner-masonry-content-pos'><div class='av-inner-masonry-content-pos-content'><div class='avia-arrow'><\/div><div class='av-masonry-entry-content entry-content'  itemprop=\"text\" >Agricultores, ganaderos y defensores de los alimentos locales del condado de Boulder trabajan para cocrear una comunidad agr\u00edcola m\u00e1s inclusiva y regenerativa.<\/div><\/div><\/div><\/figcaption><\/figure><\/a><!--end av-masonry entry--><a href=\"https:\/\/boulder.earth\/es\/organizations\/flatirons-young-farmers-coalition\/\"  id='av-masonry-1-item-5479783' data-av-masonry-item='5479783' class='av-masonry-entry isotope-item post-5479783 portfolio type-portfolio status-publish has-post-thumbnail hentry portfolio_entries-agriculture portfolio_entries-community portfolio_entries-education portfolio_entries-food all_sort agriculture_sort  community_sort  education_sort  food_sort  av-masonry-item-with-image' title=\"coalici\u00f3n de j\u00f3venes agricultores flatirons\"   itemscope=\"itemscope\" itemtype=\"https:\/\/schema.org\/CreativeWork\" ><div class='av-inner-masonry-sizer'><\/div><figure class='av-inner-masonry main_color'><div class=\"av-masonry-outerimage-container\"><div class='av-masonry-image-container'  ><img decoding=\"async\" width=\"300\" height=\"200\" fetchpriority=\"high\" class=\"wp-image-5479784 avia-img-lazy-loading-not-5479784\"  src=\"https:\/\/boulder.earth\/wp-content\/uploads\/2022\/12\/flatirons-young-farmers.png\" title=\"coalici\u00f3n de j\u00f3venes agricultores flatirons\" alt=\"\" srcset=\"https:\/\/boulder.earth\/wp-content\/uploads\/2022\/12\/flatirons-young-farmers.png 300w, https:\/\/boulder.earth\/wp-content\/uploads\/2022\/12\/flatirons-young-farmers-18x12.png 18w\" sizes=\"(max-width: 300px) 100vw, 300px\" \/><\/div><\/div><figcaption class='av-inner-masonry-content site-background'><div class='av-inner-masonry-content-pos'><div class='av-inner-masonry-content-pos-content'><div class='avia-arrow'><\/div><div class='av-masonry-entry-content entry-content'  itemprop=\"text\" >Apoyando a los agricultores j\u00f3venes y principiantes en el condado de Boulder<\/div><\/div><\/div><\/figcaption><\/figure><\/a><!--end av-masonry entry--><a href=\"https:\/\/boulder.earth\/es\/organizations\/garden-to-table\/\"  id='av-masonry-1-item-167237' data-av-masonry-item='167237' class='av-masonry-entry isotope-item post-167237 portfolio type-portfolio status-publish has-post-thumbnail hentry portfolio_entries-agriculture portfolio_entries-education portfolio_entries-food all_sort agriculture_sort  education_sort  food_sort  av-masonry-item-with-image' title=\"jard\u00edn a la mesa\"   itemscope=\"itemscope\" itemtype=\"https:\/\/schema.org\/CreativeWork\" ><div class='av-inner-masonry-sizer'><\/div><figure class='av-inner-masonry main_color'><div class=\"av-masonry-outerimage-container\"><div class='av-masonry-image-container'  ><img decoding=\"async\" width=\"300\" height=\"200\" fetchpriority=\"high\" class=\"wp-image-167240 avia-img-lazy-loading-not-167240\"  src=\"https:\/\/boulder.earth\/wp-content\/uploads\/2019\/11\/garden-to-table.png\" title=\"jard\u00edn a la mesa\" alt=\"\" \/><\/div><\/div><figcaption class='av-inner-masonry-content site-background'><div class='av-inner-masonry-content-pos'><div class='av-inner-masonry-content-pos-content'><div class='avia-arrow'><\/div><div class='av-masonry-entry-content entry-content'  itemprop=\"text\" >Proporcionar a los ni\u00f1os experiencias educativas atractivas que los conecten con los alimentos, c\u00f3mo se cultivan y por qu\u00e9 las frutas y verduras son esenciales para su dieta.<\/div><\/div><\/div><\/figcaption><\/figure><\/a><!--end av-masonry entry--><a href=\"https:\/\/boulder.earth\/es\/organizations\/growing-gardens\/\"  id='av-masonry-1-item-11299' data-av-masonry-item='11299' class='av-masonry-entry isotope-item post-11299 portfolio type-portfolio status-publish has-post-thumbnail hentry portfolio_entries-agriculture portfolio_entries-business portfolio_entries-community portfolio_entries-education portfolio_entries-food portfolio_entries-justice portfolio_entries-pollinators portfolio_entries-resilience all_sort agriculture_sort  business_sort  community_sort  education_sort  food_sort  justice_sort  pollinators_sort  resilience_sort  av-masonry-item-with-image' title=\"jardines de cultivo\"   itemscope=\"itemscope\" itemtype=\"https:\/\/schema.org\/CreativeWork\" ><div class='av-inner-masonry-sizer'><\/div><figure class='av-inner-masonry main_color'><div class=\"av-masonry-outerimage-container\"><div class='av-masonry-image-container'  ><img decoding=\"async\" width=\"500\" height=\"333\" fetchpriority=\"high\" class=\"wp-image-13598 avia-img-lazy-loading-not-13598\"  src=\"https:\/\/boulder.earth\/wp-content\/uploads\/2017\/06\/growing-gardens-1.jpg\" title=\"jardines de cultivo\" alt=\"Growing Gardens\" srcset=\"https:\/\/boulder.earth\/wp-content\/uploads\/2017\/06\/growing-gardens-1.jpg 500w, https:\/\/boulder.earth\/wp-content\/uploads\/2017\/06\/growing-gardens-1-300x200.jpg 300w, https:\/\/boulder.earth\/wp-content\/uploads\/2017\/06\/growing-gardens-1-450x300.jpg 450w\" sizes=\"(max-width: 500px) 100vw, 500px\" \/><\/div><\/div><figcaption class='av-inner-masonry-content site-background'><div class='av-inner-masonry-content-pos'><div class='av-inner-masonry-content-pos-content'><div class='avia-arrow'><\/div><div class='av-masonry-entry-content entry-content'  itemprop=\"text\" >sin fines de lucro con la Misi\u00f3n de cultivar la comunidad a trav\u00e9s de la agricultura urbana sostenible y la Visi\u00f3n de personas que experimentan una conexi\u00f3n directa y profunda con los alimentos, la tierra y entre s\u00ed.<\/div><\/div><\/div><\/figcaption><\/figure><\/a><!--end av-masonry entry--><a href=\"https:\/\/boulder.earth\/es\/organizations\/harvest-of-hope-pantry\/\"  id='av-masonry-1-item-84962' data-av-masonry-item='84962' class='av-masonry-entry isotope-item post-84962 portfolio type-portfolio status-publish has-post-thumbnail hentry portfolio_entries-agriculture portfolio_entries-community portfolio_entries-food portfolio_entries-justice all_sort agriculture_sort  community_sort  food_sort  justice_sort  av-masonry-item-with-image' title=\"cosecha de esperanza\"   itemscope=\"itemscope\" itemtype=\"https:\/\/schema.org\/CreativeWork\" ><div class='av-inner-masonry-sizer'><\/div><figure class='av-inner-masonry main_color'><div class=\"av-masonry-outerimage-container\"><div class='av-masonry-image-container'  ><img decoding=\"async\" width=\"500\" height=\"333\" fetchpriority=\"high\" class=\"wp-image-84965 avia-img-lazy-loading-not-84965\"  src=\"https:\/\/boulder.earth\/wp-content\/uploads\/2018\/06\/harvest-of-hope.png\" title=\"cosecha de esperanza\" alt=\"\" srcset=\"https:\/\/boulder.earth\/wp-content\/uploads\/2018\/06\/harvest-of-hope.png 500w, https:\/\/boulder.earth\/wp-content\/uploads\/2018\/06\/harvest-of-hope-300x200.png 300w, https:\/\/boulder.earth\/wp-content\/uploads\/2018\/06\/harvest-of-hope-450x300.png 450w\" sizes=\"(max-width: 500px) 100vw, 500px\" \/><\/div><\/div><figcaption class='av-inner-masonry-content site-background'><div class='av-inner-masonry-content-pos'><div class='av-inner-masonry-content-pos-content'><div class='avia-arrow'><\/div><div class='av-masonry-entry-content entry-content'  itemprop=\"text\" >Brindar alimentos complementarios saludables a las familias de Boulder y a las personas que necesitan asistencia alimentaria en un entorno seguro, acogedor y sin prejuicios.<\/div><\/div><\/div><\/figcaption><\/figure><\/a><!--end av-masonry entry--><a href=\"https:\/\/boulder.earth\/es\/organizations\/kilt-farm\/\"  id='av-masonry-1-item-20239' data-av-masonry-item='20239' class='av-masonry-entry isotope-item post-20239 portfolio type-portfolio status-publish has-post-thumbnail hentry portfolio_entries-agriculture portfolio_entries-business portfolio_entries-community portfolio_entries-environment portfolio_entries-food all_sort agriculture_sort  business_sort  community_sort  environment_sort  food_sort  av-masonry-item-with-image' title=\"falda escocesa\"   itemscope=\"itemscope\" itemtype=\"https:\/\/schema.org\/CreativeWork\" ><div class='av-inner-masonry-sizer'><\/div><figure class='av-inner-masonry main_color'><div class=\"av-masonry-outerimage-container\"><div class='av-masonry-image-container'  ><img decoding=\"async\" width=\"500\" height=\"333\" fetchpriority=\"high\" class=\"wp-image-20240 avia-img-lazy-loading-not-20240\"  src=\"https:\/\/boulder.earth\/wp-content\/uploads\/2017\/09\/kilt-farm.jpg\" title=\"falda escocesa\" alt=\"\" srcset=\"https:\/\/boulder.earth\/wp-content\/uploads\/2017\/09\/kilt-farm.jpg 500w, https:\/\/boulder.earth\/wp-content\/uploads\/2017\/09\/kilt-farm-300x200.jpg 300w, https:\/\/boulder.earth\/wp-content\/uploads\/2017\/09\/kilt-farm-450x300.jpg 450w\" sizes=\"(max-width: 500px) 100vw, 500px\" \/><\/div><\/div><figcaption class='av-inner-masonry-content site-background'><div class='av-inner-masonry-content-pos'><div class='av-inner-masonry-content-pos-content'><div class='avia-arrow'><\/div><div class='av-masonry-entry-content entry-content'  itemprop=\"text\" >granja local que usa t\u00e9 de compost para construir la biolog\u00eda del suelo que vende productos a Lucky&#039;s Markets, restaurantes de Boulder y a trav\u00e9s de programas CSA<\/div><\/div><\/div><\/figcaption><\/figure><\/a><!--end av-masonry entry--><a href=\"https:\/\/boulder.earth\/es\/organizations\/lineage-seeds\/\"  id='av-masonry-1-item-13670' data-av-masonry-item='13670' class='av-masonry-entry isotope-item post-13670 portfolio type-portfolio status-publish has-post-thumbnail hentry portfolio_entries-activism portfolio_entries-agriculture portfolio_entries-business portfolio_entries-education portfolio_entries-food portfolio_entries-justice all_sort activism_sort  agriculture_sort  business_sort  education_sort  food_sort  justice_sort  av-masonry-item-with-image' title=\"semillas de linaje\"   itemscope=\"itemscope\" itemtype=\"https:\/\/schema.org\/CreativeWork\" ><div class='av-inner-masonry-sizer'><\/div><figure class='av-inner-masonry main_color'><div class=\"av-masonry-outerimage-container\"><div class='av-masonry-image-container'  ><img decoding=\"async\" width=\"500\" height=\"333\" fetchpriority=\"high\" class=\"wp-image-13671 avia-img-lazy-loading-not-13671\"  src=\"https:\/\/boulder.earth\/wp-content\/uploads\/2017\/07\/lineage-seeds.jpg\" title=\"semillas de linaje\" alt=\"\" srcset=\"https:\/\/boulder.earth\/wp-content\/uploads\/2017\/07\/lineage-seeds.jpg 500w, https:\/\/boulder.earth\/wp-content\/uploads\/2017\/07\/lineage-seeds-300x200.jpg 300w, https:\/\/boulder.earth\/wp-content\/uploads\/2017\/07\/lineage-seeds-450x300.jpg 450w\" sizes=\"(max-width: 500px) 100vw, 500px\" \/><\/div><\/div><figcaption class='av-inner-masonry-content site-background'><div class='av-inner-masonry-content-pos'><div class='av-inner-masonry-content-pos-content'><div class='avia-arrow'><\/div><div class='av-masonry-entry-content entry-content'  itemprop=\"text\" >Compa\u00f1\u00eda de semillas que tiene como objetivo devolver las semillas a la gente: cultivadas org\u00e1nicamente, a menudo reliquias, cultivadas localmente cuando est\u00e9n disponibles y solo polinizadas al aire libre.<\/div><\/div><\/div><\/figcaption><\/figure><\/a><!--end av-masonry entry--><a href=\"https:\/\/boulder.earth\/es\/organizations\/longmont-food-rescue\/\"  id='av-masonry-1-item-127832' data-av-masonry-item='127832' class='av-masonry-entry isotope-item post-127832 portfolio type-portfolio status-publish has-post-thumbnail hentry portfolio_entries-agriculture portfolio_entries-food portfolio_entries-resources portfolio_entries-zero-waste all_sort agriculture_sort  food_sort  resources_sort  zero-waste_sort  av-masonry-item-with-image' title=\"longmont-food-rescate\"   itemscope=\"itemscope\" itemtype=\"https:\/\/schema.org\/CreativeWork\" ><div class='av-inner-masonry-sizer'><\/div><figure class='av-inner-masonry main_color'><div class=\"av-masonry-outerimage-container\"><div class='av-masonry-image-container'  ><img decoding=\"async\" width=\"300\" height=\"200\" fetchpriority=\"high\" class=\"wp-image-127835 avia-img-lazy-loading-not-127835\"  src=\"https:\/\/boulder.earth\/wp-content\/uploads\/2019\/04\/longmont-food-rescue.png\" title=\"longmont-food-rescate\" alt=\"\" \/><\/div><\/div><figcaption class='av-inner-masonry-content site-background'><div class='av-inner-masonry-content-pos'><div class='av-inner-masonry-content-pos-content'><div class='avia-arrow'><\/div><div class='av-masonry-entry-content entry-content'  itemprop=\"text\" >Redirecci\u00f3n de alimentos perecederos: \u00a1justo a tiempo!<\/div><\/div><\/div><\/figcaption><\/figure><\/a><!--end av-masonry entry--><a href=\"https:\/\/boulder.earth\/es\/organizations\/mad-agriculture\/\"  id='av-masonry-1-item-60157' data-av-masonry-item='60157' class='av-masonry-entry isotope-item post-60157 portfolio type-portfolio status-publish has-post-thumbnail hentry portfolio_entries-agriculture portfolio_entries-community portfolio_entries-education portfolio_entries-food portfolio_entries-resources all_sort agriculture_sort  community_sort  education_sort  food_sort  resources_sort  av-masonry-item-with-image' title=\"agricultura loca\"   itemscope=\"itemscope\" itemtype=\"https:\/\/schema.org\/CreativeWork\" ><div class='av-inner-masonry-sizer'><\/div><figure class='av-inner-masonry main_color'><div class=\"av-masonry-outerimage-container\"><div class='av-masonry-image-container'  ><img decoding=\"async\" width=\"500\" height=\"333\" fetchpriority=\"high\" class=\"wp-image-60160 avia-img-lazy-loading-not-60160\"  src=\"https:\/\/boulder.earth\/wp-content\/uploads\/2018\/03\/mad-ag.png\" title=\"agricultura loca\" alt=\"\" srcset=\"https:\/\/boulder.earth\/wp-content\/uploads\/2018\/03\/mad-ag.png 500w, https:\/\/boulder.earth\/wp-content\/uploads\/2018\/03\/mad-ag-300x200.png 300w, https:\/\/boulder.earth\/wp-content\/uploads\/2018\/03\/mad-ag-450x300.png 450w\" sizes=\"(max-width: 500px) 100vw, 500px\" \/><\/div><\/div><figcaption class='av-inner-masonry-content site-background'><div class='av-inner-masonry-content-pos'><div class='av-inner-masonry-content-pos-content'><div class='avia-arrow'><\/div><div class='av-masonry-entry-content entry-content'  itemprop=\"text\" >Impulsar una revoluci\u00f3n agr\u00edcola que restablezca nuestra relaci\u00f3n con la Tierra para que toda la vida pueda florecer para las generaciones venideras.<\/div><\/div><\/div><\/figcaption><\/figure><\/a><!--end av-masonry entry--><a href=\"https:\/\/boulder.earth\/es\/organizations\/nude-foods\/\"  id='av-masonry-1-item-6464083' data-av-masonry-item='6464083' class='av-masonry-entry isotope-item post-6464083 portfolio type-portfolio status-publish has-post-thumbnail hentry portfolio_entries-agriculture portfolio_entries-business portfolio_entries-food portfolio_entries-food-waste portfolio_entries-zero-waste all_sort agriculture_sort  business_sort  food_sort  food-waste_sort  zero-waste_sort  av-masonry-item-with-image' title=\"Logotipo de Nude Foods\"   itemscope=\"itemscope\" itemtype=\"https:\/\/schema.org\/CreativeWork\" ><div class='av-inner-masonry-sizer'><\/div><figure class='av-inner-masonry main_color'><div class=\"av-masonry-outerimage-container\"><div class='av-masonry-image-container'  ><img decoding=\"async\" width=\"300\" height=\"200\" fetchpriority=\"high\" class=\"wp-image-6464084 avia-img-lazy-loading-not-6464084\"  src=\"https:\/\/boulder.earth\/wp-content\/uploads\/2025\/04\/Nude-Foods-Logo.png\" title=\"Logotipo de Nude Foods\" alt=\"\" srcset=\"https:\/\/boulder.earth\/wp-content\/uploads\/2025\/04\/Nude-Foods-Logo.png 300w, https:\/\/boulder.earth\/wp-content\/uploads\/2025\/04\/Nude-Foods-Logo-18x12.png 18w\" sizes=\"(max-width: 300px) 100vw, 300px\" \/><\/div><\/div><figcaption class='av-inner-masonry-content site-background'><div class='av-inner-masonry-content-pos'><div class='av-inner-masonry-content-pos-content'><div class='avia-arrow'><\/div><div class='av-masonry-entry-content entry-content'  itemprop=\"text\" >Una tienda de comestibles con servicio completo y la forma m\u00e1s f\u00e1cil de comprar alimentos org\u00e1nicos, locales y sin desperdicios.<\/div><\/div><\/div><\/figcaption><\/figure><\/a><!--end av-masonry entry--><a href=\"https:\/\/boulder.earth\/es\/organizations\/ollin-farms\/\"  id='av-masonry-1-item-69598' data-av-masonry-item='69598' class='av-masonry-entry isotope-item post-69598 portfolio type-portfolio status-publish has-post-thumbnail hentry portfolio_entries-agriculture portfolio_entries-environment portfolio_entries-food portfolio_entries-fracking portfolio_entries-resilience portfolio_entries-resources all_sort agriculture_sort  environment_sort  food_sort  fracking_sort  resilience_sort  resources_sort  av-masonry-item-with-image' title=\"OllinGranjasLogotipo\"   itemscope=\"itemscope\" itemtype=\"https:\/\/schema.org\/CreativeWork\" ><div class='av-inner-masonry-sizer'><\/div><figure class='av-inner-masonry main_color'><div class=\"av-masonry-outerimage-container\"><div class='av-masonry-image-container'  ><img decoding=\"async\" width=\"500\" height=\"333\" fetchpriority=\"high\" class=\"wp-image-69599 avia-img-lazy-loading-not-69599\"  src=\"https:\/\/boulder.earth\/wp-content\/uploads\/2018\/04\/OllinFarmsLogo.png\" title=\"OllinGranjasLogotipo\" alt=\"\" srcset=\"https:\/\/boulder.earth\/wp-content\/uploads\/2018\/04\/OllinFarmsLogo.png 500w, https:\/\/boulder.earth\/wp-content\/uploads\/2018\/04\/OllinFarmsLogo-300x200.png 300w, https:\/\/boulder.earth\/wp-content\/uploads\/2018\/04\/OllinFarmsLogo-450x300.png 450w\" sizes=\"(max-width: 500px) 100vw, 500px\" \/><\/div><\/div><figcaption class='av-inner-masonry-content site-background'><div class='av-inner-masonry-content-pos'><div class='av-inner-masonry-content-pos-content'><div class='avia-arrow'><\/div><div class='av-masonry-entry-content entry-content'  itemprop=\"text\" >Producir productos agr\u00edcolas de la m\u00e1s alta calidad sin dejar de regenerar los ecosistemas circundantes<\/div><\/div><\/div><\/figcaption><\/figure><\/a><!--end av-masonry entry--><a href=\"https:\/\/boulder.earth\/es\/organizations\/restore-colorado\/\"  id='av-masonry-1-item-657045' data-av-masonry-item='657045' class='av-masonry-entry isotope-item post-657045 portfolio type-portfolio status-publish has-post-thumbnail hentry portfolio_entries-agriculture portfolio_entries-food portfolio_entries-zero-waste all_sort agriculture_sort  food_sort  zero-waste_sort  av-masonry-item-with-image' title=\"restaurar colorado\"   itemscope=\"itemscope\" itemtype=\"https:\/\/schema.org\/CreativeWork\" ><div class='av-inner-masonry-sizer'><\/div><figure class='av-inner-masonry main_color'><div class=\"av-masonry-outerimage-container\"><div class='av-masonry-image-container'  ><img decoding=\"async\" width=\"300\" height=\"200\" fetchpriority=\"high\" class=\"wp-image-657712 avia-img-lazy-loading-not-657712\"  src=\"https:\/\/boulder.earth\/wp-content\/uploads\/2021\/02\/RestoreColorado.png\" title=\"restaurar colorado\" alt=\"\" \/><\/div><\/div><figcaption class='av-inner-masonry-content site-background'><div class='av-inner-masonry-content-pos'><div class='av-inner-masonry-content-pos-content'><div class='avia-arrow'><\/div><div class='av-masonry-entry-content entry-content'  itemprop=\"text\" >mejorar la resiliencia y abordar el cambio clim\u00e1tico a trav\u00e9s de alimentos y suelos saludables en granjas y ranchos locales<\/div><\/div><\/div><\/figcaption><\/figure><\/a><!--end av-masonry entry--><a href=\"https:\/\/boulder.earth\/es\/organizations\/school-food-project\/\"  id='av-masonry-1-item-60508' data-av-masonry-item='60508' class='av-masonry-entry isotope-item post-60508 portfolio type-portfolio status-publish has-post-thumbnail hentry portfolio_entries-agriculture portfolio_entries-education portfolio_entries-food portfolio_entries-food-waste portfolio_entries-pollinators portfolio_entries-programproject all_sort agriculture_sort  education_sort  food_sort  food-waste_sort  pollinators_sort  programproject_sort  av-masonry-item-with-image' title=\"bvsd-school-food-project\"   itemscope=\"itemscope\" itemtype=\"https:\/\/schema.org\/CreativeWork\" ><div class='av-inner-masonry-sizer'><\/div><figure class='av-inner-masonry main_color'><div class=\"av-masonry-outerimage-container\"><div class='av-masonry-image-container'  ><img decoding=\"async\" width=\"500\" height=\"333\" fetchpriority=\"high\" class=\"wp-image-60509 avia-img-lazy-loading-not-60509\"  src=\"https:\/\/boulder.earth\/wp-content\/uploads\/2018\/03\/bvsd-school-food-project.png\" title=\"bvsd-school-food-project\" alt=\"\" srcset=\"https:\/\/boulder.earth\/wp-content\/uploads\/2018\/03\/bvsd-school-food-project.png 500w, https:\/\/boulder.earth\/wp-content\/uploads\/2018\/03\/bvsd-school-food-project-300x200.png 300w, https:\/\/boulder.earth\/wp-content\/uploads\/2018\/03\/bvsd-school-food-project-450x300.png 450w\" sizes=\"(max-width: 500px) 100vw, 500px\" \/><\/div><\/div><figcaption class='av-inner-masonry-content site-background'><div class='av-inner-masonry-content-pos'><div class='av-inner-masonry-content-pos-content'><div class='avia-arrow'><\/div><div class='av-masonry-entry-content entry-content'  itemprop=\"text\" >Dedicado a mejorar la salud de cada estudiante proporcionando alimentos saludables y ofreciendo programas de educaci\u00f3n nutricional para desarrollar cuerpos y mentes j\u00f3venes.<\/div><\/div><\/div><\/figcaption><\/figure><\/a><!--end av-masonry entry--><a href=\"https:\/\/boulder.earth\/es\/organizations\/school-gardens-school-food-project\/\"  id='av-masonry-1-item-62204' data-av-masonry-item='62204' class='av-masonry-entry isotope-item post-62204 portfolio type-portfolio status-publish has-post-thumbnail hentry portfolio_entries-agriculture portfolio_entries-education portfolio_entries-food portfolio_entries-pollinators portfolio_entries-programproject all_sort agriculture_sort  education_sort  food_sort  pollinators_sort  programproject_sort  av-masonry-item-with-image' title=\"jardines escolares bvsd\"   itemscope=\"itemscope\" itemtype=\"https:\/\/schema.org\/CreativeWork\" ><div class='av-inner-masonry-sizer'><\/div><figure class='av-inner-masonry main_color'><div class=\"av-masonry-outerimage-container\"><div class='av-masonry-image-container'  ><img decoding=\"async\" width=\"500\" height=\"333\" fetchpriority=\"high\" class=\"wp-image-75398 avia-img-lazy-loading-not-75398\"  src=\"https:\/\/boulder.earth\/wp-content\/uploads\/2018\/04\/bvsd-school-gardens.png\" title=\"jardines escolares bvsd\" alt=\"\" srcset=\"https:\/\/boulder.earth\/wp-content\/uploads\/2018\/04\/bvsd-school-gardens.png 500w, https:\/\/boulder.earth\/wp-content\/uploads\/2018\/04\/bvsd-school-gardens-300x200.png 300w, https:\/\/boulder.earth\/wp-content\/uploads\/2018\/04\/bvsd-school-gardens-450x300.png 450w\" sizes=\"(max-width: 500px) 100vw, 500px\" \/><\/div><\/div><figcaption class='av-inner-masonry-content site-background'><div class='av-inner-masonry-content-pos'><div class='av-inner-masonry-content-pos-content'><div class='avia-arrow'><\/div><div class='av-masonry-entry-content entry-content'  itemprop=\"text\" >Brindar muchas oportunidades de aprendizaje pr\u00e1ctico para los estudiantes, incluidos consejos, herramientas y recursos para comenzar, mantener o ampliar los jardines escolares en el Manual de BVSD Garden As A Classroom.<\/div><\/div><\/div><\/figcaption><\/figure><\/a><!--end av-masonry entry--><a href=\"https:\/\/boulder.earth\/es\/organizations\/seed-to-table-boulder-public-library\/\"  id='av-masonry-1-item-63586' data-av-masonry-item='63586' class='av-masonry-entry isotope-item post-63586 portfolio type-portfolio status-publish has-post-thumbnail hentry portfolio_entries-agriculture portfolio_entries-community portfolio_entries-environment portfolio_entries-food portfolio_entries-pollinators all_sort agriculture_sort  community_sort  environment_sort  food_sort  pollinators_sort  av-masonry-item-with-image' title=\"BPL-Semillas-Jardines\"   itemscope=\"itemscope\" itemtype=\"https:\/\/schema.org\/CreativeWork\" ><div class='av-inner-masonry-sizer'><\/div><figure class='av-inner-masonry main_color'><div class=\"av-masonry-outerimage-container\"><div class='av-masonry-image-container'  ><img decoding=\"async\" width=\"500\" height=\"333\" fetchpriority=\"high\" class=\"wp-image-63592 avia-img-lazy-loading-not-63592\"  src=\"https:\/\/boulder.earth\/wp-content\/uploads\/2018\/04\/BPL-Seeds-Gardens.png\" title=\"BPL-Semillas-Jardines\" alt=\"\" srcset=\"https:\/\/boulder.earth\/wp-content\/uploads\/2018\/04\/BPL-Seeds-Gardens.png 500w, https:\/\/boulder.earth\/wp-content\/uploads\/2018\/04\/BPL-Seeds-Gardens-300x200.png 300w, https:\/\/boulder.earth\/wp-content\/uploads\/2018\/04\/BPL-Seeds-Gardens-450x300.png 450w\" sizes=\"(max-width: 500px) 100vw, 500px\" \/><\/div><\/div><figcaption class='av-inner-masonry-content site-background'><div class='av-inner-masonry-content-pos'><div class='av-inner-masonry-content-pos-content'><div class='avia-arrow'><\/div><div class='av-masonry-entry-content entry-content'  itemprop=\"text\" >Proporcionar paquetes de semillas de la biblioteca de semillas para cultivar flores y plantas comestibles en el hogar y organizar The Edible Learning Garden<\/div><\/div><\/div><\/figcaption><\/figure><\/a><!--end av-masonry entry--><a href=\"https:\/\/boulder.earth\/es\/organizations\/the-golden-hoof\/\"  id='av-masonry-1-item-138904' data-av-masonry-item='138904' class='av-masonry-entry isotope-item post-138904 portfolio type-portfolio status-publish has-post-thumbnail hentry portfolio_entries-agriculture portfolio_entries-food portfolio_entries-food-waste all_sort agriculture_sort  food_sort  food-waste_sort  av-masonry-item-with-image' title=\"el-pezu\u00f1a-de-oro\"   itemscope=\"itemscope\" itemtype=\"https:\/\/schema.org\/CreativeWork\" ><div class='av-inner-masonry-sizer'><\/div><figure class='av-inner-masonry main_color'><div class=\"av-masonry-outerimage-container\"><div class='av-masonry-image-container'  ><img decoding=\"async\" width=\"300\" height=\"200\" fetchpriority=\"high\" class=\"wp-image-138907 avia-img-lazy-loading-not-138907\"  src=\"https:\/\/boulder.earth\/wp-content\/uploads\/2019\/08\/the-golden-hoof.png\" title=\"el-pezu\u00f1a-de-oro\" alt=\"\" \/><\/div><\/div><figcaption class='av-inner-masonry-content site-background'><div class='av-inner-masonry-content-pos'><div class='av-inner-masonry-content-pos-content'><div class='avia-arrow'><\/div><div class='av-masonry-entry-content entry-content'  itemprop=\"text\" >una &quot;granja regenerativa de Slow Food&quot; de 27 acres administrada con m\u00e9todos inspirados en los ecosistemas autosuficientes de la naturaleza<\/div><\/div><\/div><\/figcaption><\/figure><\/a><!--end av-masonry entry--><a href=\"https:\/\/boulder.earth\/es\/organizations\/uproot\/\"  id='av-masonry-1-item-82533' data-av-masonry-item='82533' class='av-masonry-entry isotope-item post-82533 portfolio type-portfolio status-publish has-post-thumbnail hentry portfolio_entries-agriculture portfolio_entries-education portfolio_entries-food portfolio_entries-food-waste portfolio_entries-policy portfolio_entries-zero-waste all_sort agriculture_sort  education_sort  food_sort  food-waste_sort  policy_sort  zero-waste_sort  av-masonry-item-with-image' title=\"desarraigar\"   itemscope=\"itemscope\" itemtype=\"https:\/\/schema.org\/CreativeWork\" ><div class='av-inner-masonry-sizer'><\/div><figure class='av-inner-masonry main_color'><div class=\"av-masonry-outerimage-container\"><div class='av-masonry-image-container'  ><img decoding=\"async\" width=\"500\" height=\"333\" fetchpriority=\"high\" class=\"wp-image-82535 avia-img-lazy-loading-not-82535\"  src=\"https:\/\/boulder.earth\/wp-content\/uploads\/2018\/06\/uproot-logo.png\" title=\"desarraigar\" alt=\"\" srcset=\"https:\/\/boulder.earth\/wp-content\/uploads\/2018\/06\/uproot-logo.png 500w, https:\/\/boulder.earth\/wp-content\/uploads\/2018\/06\/uproot-logo-300x200.png 300w, https:\/\/boulder.earth\/wp-content\/uploads\/2018\/06\/uproot-logo-450x300.png 450w\" sizes=\"(max-width: 500px) 100vw, 500px\" \/><\/div><\/div><figcaption class='av-inner-masonry-content site-background'><div class='av-inner-masonry-content-pos'><div class='av-inner-masonry-content-pos-content'><div class='avia-arrow'><\/div><div class='av-masonry-entry-content entry-content'  itemprop=\"text\" >Trabajando para administrar el excedente agr\u00edcola y reducir la p\u00e9rdida de alimentos en las granjas en todo el estado a trav\u00e9s de la recolecci\u00f3n, la educaci\u00f3n experiencial, la investigaci\u00f3n y la defensa legislativa.<\/div><\/div><\/div><\/figcaption><\/figure><\/a><!--end av-masonry entry--><a href=\"https:\/\/boulder.earth\/es\/organizations\/yellow-barn-farm\/\"  id='av-masonry-1-item-534374' data-av-masonry-item='534374' class='av-masonry-entry isotope-item post-534374 portfolio type-portfolio status-publish has-post-thumbnail hentry portfolio_entries-agriculture portfolio_entries-community portfolio_entries-food all_sort agriculture_sort  community_sort  food_sort  av-masonry-item-with-image' title=\"granja de granero amarillo\"   itemscope=\"itemscope\" itemtype=\"https:\/\/schema.org\/CreativeWork\" ><div class='av-inner-masonry-sizer'><\/div><figure class='av-inner-masonry main_color'><div class=\"av-masonry-outerimage-container\"><div class='av-masonry-image-container'  ><img decoding=\"async\" width=\"300\" height=\"200\" fetchpriority=\"high\" class=\"wp-image-534412 avia-img-lazy-loading-not-534412\"  src=\"https:\/\/boulder.earth\/wp-content\/uploads\/2021\/02\/yellowbarnfarm.png\" title=\"granja de granero amarillo\" alt=\"\" \/><\/div><\/div><figcaption class='av-inner-masonry-content site-background'><div class='av-inner-masonry-content-pos'><div class='av-inner-masonry-content-pos-content'><div class='avia-arrow'><\/div><div class='av-masonry-entry-content entry-content'  itemprop=\"text\" >Construyendo una comunidad en torno a pr\u00e1cticas regenerativas y sostenibles en agricultura, educaci\u00f3n y juego colaborativo<\/div><\/div><\/div><\/figcaption><\/figure><\/a><!--end av-masonry entry--><\/div><\/div><br \/>\n<section  class='av_textblock_section av-27ofgxv-b72b3a23dbd84f439d3c2569f9a634ab'   itemscope=\"itemscope\" itemtype=\"https:\/\/schema.org\/CreativeWork\" ><div class='avia_textblock'  itemprop=\"text\" ><h3 style=\"text-align: center;\">\u00bfDebe su organizaci\u00f3n estar en la lista?<\/h3>\n<\/div><\/section><br \/>\n<div  class='avia-button-wrap av-1md65nn-abc3d4f60fa0db77cdb2d43963d76cca-wrap avia-button-center  avia-builder-el-8  el_after_av_textblock  el_before_av_hr'><a href='\/es\/feedback\/'  class='avia-button av-1md65nn-abc3d4f60fa0db77cdb2d43963d76cca av-link-btn avia-icon_select-yes-left-icon avia-size-x-large avia-position-center avia-color-theme-color'  target=\"_blank\"  rel=\"noopener noreferrer\"  aria-label=\"Comparte tu informaci\u00f3n aqu\u00ed\"><span class='avia_button_icon avia_button_icon_left avia-iconfont avia-font-entypo-fontello' data-av_icon='\ue8d2' data-av_iconfont='entypo-fontello' ><\/span><span class='avia_iconbox_title' >Comparte tu informaci\u00f3n aqu\u00ed<\/span><\/a><\/div><br \/>\n\n<style type=\"text\/css\" data-created_by=\"avia_inline_auto\" id=\"style-css-av-152pgoz-2d74290ece77aa4fef76456e10cd0714\">\n#top .hr.hr-invisible.av-152pgoz-2d74290ece77aa4fef76456e10cd0714{\nheight:30px;\n}\n<\/style>\n<div  class='hr av-152pgoz-2d74290ece77aa4fef76456e10cd0714 hr-invisible  avia-builder-el-9  el_after_av_button  avia-builder-el-last'><span class='hr-inner'><span class=\"hr-inner-style\"><\/span><\/span><\/div><\/p><\/div><\/div><\/div><\/div><!-- close content main div --><\/div><\/div>\n<style type=\"text\/css\" data-created_by=\"avia_inline_auto\" id=\"style-css-av-jt97lpot-a823644786c3fc7313a4b71e6aefa67e\">\n.avia-section.av-jt97lpot-a823644786c3fc7313a4b71e6aefa67e{\nbackground-color:#cbd8ad;\nbackground-image:unset;\nmargin-top:0;\nmargin-bottom:0;\n}\n<\/style>\n<div id='navigating'  class='avia-section av-jt97lpot-a823644786c3fc7313a4b71e6aefa67e alternate_color avia-section-default avia-no-border-styling  avia-builder-el-10  el_after_av_one_full  el_before_av_hr  avia-bg-style-scroll container_wrap sidebar_right'  ><div class='container av-section-cont-open' ><div class='template-page content  av-content-small alpha units'><div class='post-entry post-entry-type-page post-entry-126115'><div class='entry-content-wrapper clearfix'>\n<section  class='av_textblock_section av-jt97l3rm-213dee68ab0d948e6d8518001f2ea685'   itemscope=\"itemscope\" itemtype=\"https:\/\/schema.org\/CreativeWork\" ><div class='avia_textblock'  itemprop=\"text\" ><h1 style=\"text-align: center;\">\u00bfHambre de conocimiento?<\/h1>\n<h3 style=\"text-align: center;\">Comience por devorar estos recursos sabrosos y abundantes<\/h3>\n<\/div><\/section>\n\n<style type=\"text\/css\" data-created_by=\"avia_inline_auto\" id=\"style-css-av-11bdq2nr-bcc91758d1e0ad4b067ecf22c4edb9e4\">\n.flex_column.av-11bdq2nr-bcc91758d1e0ad4b067ecf22c4edb9e4{\nborder-radius:0px 0px 0px 0px;\npadding:0px 0px 0px 0px;\n}\n<\/style>\n<div  class='flex_column av-11bdq2nr-bcc91758d1e0ad4b067ecf22c4edb9e4 av_one_third  avia-builder-el-12  el_after_av_textblock  el_before_av_one_third  first flex_column_div av-zero-column-padding  column-top-margin'     ><p>\n<style type=\"text\/css\" data-created_by=\"avia_inline_auto\" id=\"style-css-av-jt96wve8-a33f488ca2dd0836862fea32fbf9b632\">\n.avia-image-container.av-jt96wve8-a33f488ca2dd0836862fea32fbf9b632 img.avia_image{\nbox-shadow:none;\n}\n.avia-image-container.av-jt96wve8-a33f488ca2dd0836862fea32fbf9b632 .av-image-caption-overlay-center{\ncolor:#ffffff;\n}\n<\/style>\n<div  class='avia-image-container av-jt96wve8-a33f488ca2dd0836862fea32fbf9b632 av-styling- av-img-linked avia-align-center  avia-builder-el-13  el_before_av_textblock  avia-builder-el-first'   itemprop=\"image\" itemscope=\"itemscope\" itemtype=\"https:\/\/schema.org\/ImageObject\" ><div class=\"avia-image-container-inner\"><div class=\"avia-image-overlay-wrap\"><a href=\"https:\/\/www.boulderfoodrescue.org\/food-waste-audit\/\" class='avia_image'  target=\"_blank\"  rel=\"noopener noreferrer\" aria-label='boulder-food-auditor\u00eda'><img decoding=\"async\" fetchpriority=\"high\" class='wp-image-126118 avia-img-lazy-loading-not-126118 avia_image' src=\"https:\/\/boulder.earth\/wp-content\/uploads\/2019\/03\/boulder-food-audit.jpg\" alt='' title='boulder-food-auditor\u00eda'  height=\"300\" width=\"300\"  itemprop=\"thumbnailUrl\" srcset=\"https:\/\/boulder.earth\/wp-content\/uploads\/2019\/03\/boulder-food-audit.jpg 300w, https:\/\/boulder.earth\/wp-content\/uploads\/2019\/03\/boulder-food-audit-80x80.jpg 80w, https:\/\/boulder.earth\/wp-content\/uploads\/2019\/03\/boulder-food-audit-36x36.jpg 36w, https:\/\/boulder.earth\/wp-content\/uploads\/2019\/03\/boulder-food-audit-180x180.jpg 180w, https:\/\/boulder.earth\/wp-content\/uploads\/2019\/03\/boulder-food-audit-120x120.jpg 120w\" sizes=\"(max-width: 300px) 100vw, 300px\" \/><\/a><\/div><\/div><\/div><br \/>\n<section  class='av_textblock_section av-jt96zoip-6084df68c3b56cf5944a24a757fdc739'   itemscope=\"itemscope\" itemtype=\"https:\/\/schema.org\/CreativeWork\" ><div class='avia_textblock'  itemprop=\"text\" ><p style=\"text-align: center;\">Este primer informe de este tipo describe el estado actual del desperdicio de alimentos en la ciudad de Boulder.<\/p>\n<\/div><\/section><\/p><\/div>\n<style type=\"text\/css\" data-created_by=\"avia_inline_auto\" id=\"style-css-av-zzzz6if-d824d7622055f02ee5014ab2554b3038\">\n.flex_column.av-zzzz6if-d824d7622055f02ee5014ab2554b3038{\nborder-radius:0px 0px 0px 0px;\npadding:0px 0px 0px 0px;\n}\n<\/style>\n<div  class='flex_column av-zzzz6if-d824d7622055f02ee5014ab2554b3038 av_one_third  avia-builder-el-15  el_after_av_one_third  el_before_av_one_third  flex_column_div av-zero-column-padding  column-top-margin'     ><p>\n<style type=\"text\/css\" data-created_by=\"avia_inline_auto\" id=\"style-css-av-jt96wve8-19cc305e703d26d2b9c00d459f39d47e\">\n.avia-image-container.av-jt96wve8-19cc305e703d26d2b9c00d459f39d47e img.avia_image{\nbox-shadow:none;\n}\n.avia-image-container.av-jt96wve8-19cc305e703d26d2b9c00d459f39d47e .av-image-caption-overlay-center{\ncolor:#ffffff;\n}\n<\/style>\n<div  class='avia-image-container av-jt96wve8-19cc305e703d26d2b9c00d459f39d47e av-styling- av-img-linked avia-align-center  avia-builder-el-16  el_before_av_textblock  avia-builder-el-first'   itemprop=\"image\" itemscope=\"itemscope\" itemtype=\"https:\/\/schema.org\/ImageObject\" ><div class=\"avia-image-container-inner\"><div class=\"avia-image-overlay-wrap\"><a href=\"https:\/\/eatforum.org\/eat-lancet-commission\/\" class='avia_image'  target=\"_blank\"  rel=\"noopener noreferrer\" aria-label='alimentos-planeta-salud'><img decoding=\"async\" fetchpriority=\"high\" class='wp-image-126119 avia-img-lazy-loading-not-126119 avia_image' src=\"https:\/\/boulder.earth\/wp-content\/uploads\/2019\/03\/food-planet-health.jpg\" alt='' title='alimentos-planeta-salud'  height=\"300\" width=\"300\"  itemprop=\"thumbnailUrl\" srcset=\"https:\/\/boulder.earth\/wp-content\/uploads\/2019\/03\/food-planet-health.jpg 300w, https:\/\/boulder.earth\/wp-content\/uploads\/2019\/03\/food-planet-health-80x80.jpg 80w, https:\/\/boulder.earth\/wp-content\/uploads\/2019\/03\/food-planet-health-36x36.jpg 36w, https:\/\/boulder.earth\/wp-content\/uploads\/2019\/03\/food-planet-health-180x180.jpg 180w, https:\/\/boulder.earth\/wp-content\/uploads\/2019\/03\/food-planet-health-120x120.jpg 120w\" sizes=\"(max-width: 300px) 100vw, 300px\" \/><\/a><\/div><\/div><\/div><br \/>\n<section  class='av_textblock_section av-jt96zoip-6084df68c3b56cf5944a24a757fdc739'   itemscope=\"itemscope\" itemtype=\"https:\/\/schema.org\/CreativeWork\" ><div class='avia_textblock'  itemprop=\"text\" ><p style=\"text-align: center;\">Informe de la Comisi\u00f3n Cient\u00edfica de EAT-Lancet sobre dietas saludables a partir de sistemas alimentarios sostenibles.<\/p>\n<\/div><\/section><\/p><\/div>\n<style type=\"text\/css\" data-created_by=\"avia_inline_auto\" id=\"style-css-av-vmitoaf-54846ba38ac1b975e45f0e206a9c4634\">\n.flex_column.av-vmitoaf-54846ba38ac1b975e45f0e206a9c4634{\nborder-radius:0px 0px 0px 0px;\npadding:0px 0px 0px 0px;\n}\n<\/style>\n<div  class='flex_column av-vmitoaf-54846ba38ac1b975e45f0e206a9c4634 av_one_third  avia-builder-el-18  el_after_av_one_third  el_before_av_one_third  flex_column_div av-zero-column-padding  column-top-margin'     ><p>\n<style type=\"text\/css\" data-created_by=\"avia_inline_auto\" id=\"style-css-av-jt96wve8-7ac368af7d168c61d49693558b331d65\">\n.avia-image-container.av-jt96wve8-7ac368af7d168c61d49693558b331d65 img.avia_image{\nbox-shadow:none;\n}\n.avia-image-container.av-jt96wve8-7ac368af7d168c61d49693558b331d65 .av-image-caption-overlay-center{\ncolor:#ffffff;\n}\n<\/style>\n<div  class='avia-image-container av-jt96wve8-7ac368af7d168c61d49693558b331d65 av-styling- av-img-linked avia-align-center  avia-builder-el-19  el_before_av_textblock  avia-builder-el-first'   itemprop=\"image\" itemscope=\"itemscope\" itemtype=\"https:\/\/schema.org\/ImageObject\" ><div class=\"avia-image-container-inner\"><div class=\"avia-image-overlay-wrap\"><a href=\"https:\/\/www.bbc.com\/news\/science-environment-46459714\" class='avia_image'  target=\"_blank\"  rel=\"noopener noreferrer\" aria-label='calculadora-clim\u00e1tica-alimentaria'><img decoding=\"async\" fetchpriority=\"high\" class='wp-image-126120 avia-img-lazy-loading-not-126120 avia_image' src=\"https:\/\/boulder.earth\/wp-content\/uploads\/2019\/03\/climate-food-calculator.jpg\" alt='' title='calculadora-clim\u00e1tica-alimentaria'  height=\"300\" width=\"300\"  itemprop=\"thumbnailUrl\" srcset=\"https:\/\/boulder.earth\/wp-content\/uploads\/2019\/03\/climate-food-calculator.jpg 300w, https:\/\/boulder.earth\/wp-content\/uploads\/2019\/03\/climate-food-calculator-80x80.jpg 80w, https:\/\/boulder.earth\/wp-content\/uploads\/2019\/03\/climate-food-calculator-36x36.jpg 36w, https:\/\/boulder.earth\/wp-content\/uploads\/2019\/03\/climate-food-calculator-180x180.jpg 180w, https:\/\/boulder.earth\/wp-content\/uploads\/2019\/03\/climate-food-calculator-120x120.jpg 120w\" sizes=\"(max-width: 300px) 100vw, 300px\" \/><\/a><\/div><\/div><\/div><br \/>\n<section  class='av_textblock_section av-jt96zoip-6084df68c3b56cf5944a24a757fdc739'   itemscope=\"itemscope\" itemtype=\"https:\/\/schema.org\/CreativeWork\" ><div class='avia_textblock'  itemprop=\"text\" ><p style=\"text-align: center;\">Descubre cu\u00e1l es la huella de carbono de tu dieta con esta calculadora de alimentos contra el cambio clim\u00e1tico.<\/p>\n<\/div><\/section><\/p><\/div>\n<style type=\"text\/css\" data-created_by=\"avia_inline_auto\" id=\"style-css-av-qnmnto7-0fc32e0d417a268c121f41450174d9be\">\n.flex_column.av-qnmnto7-0fc32e0d417a268c121f41450174d9be{\nborder-radius:0px 0px 0px 0px;\npadding:0px 0px 0px 0px;\n}\n<\/style>\n<div  class='flex_column av-qnmnto7-0fc32e0d417a268c121f41450174d9be av_one_third  avia-builder-el-21  el_after_av_one_third  el_before_av_one_third  first flex_column_div av-zero-column-padding  column-top-margin'     ><p>\n<style type=\"text\/css\" data-created_by=\"avia_inline_auto\" id=\"style-css-av-jt96wve8-48078d72531db99c560c874be14b6c9d\">\n.avia-image-container.av-jt96wve8-48078d72531db99c560c874be14b6c9d img.avia_image{\nbox-shadow:none;\n}\n.avia-image-container.av-jt96wve8-48078d72531db99c560c874be14b6c9d .av-image-caption-overlay-center{\ncolor:#ffffff;\n}\n<\/style>\n<div  class='avia-image-container av-jt96wve8-48078d72531db99c560c874be14b6c9d av-styling- av-img-linked avia-align-center  avia-builder-el-22  el_before_av_textblock  avia-builder-el-first'   itemprop=\"image\" itemscope=\"itemscope\" itemtype=\"https:\/\/schema.org\/ImageObject\" ><div class=\"avia-image-container-inner\"><div class=\"avia-image-overlay-wrap\"><a href=\"http:\/\/www.humanmedia.org\/site\/wp-content\/uploads\/2015\/08\/foodguide-1.pdf\" class='avia_image'  target=\"_blank\"  rel=\"noopener noreferrer\" aria-label='alimentos amigables con el clima'><img decoding=\"async\" fetchpriority=\"high\" class='wp-image-126121 avia-img-lazy-loading-not-126121 avia_image' src=\"https:\/\/boulder.earth\/wp-content\/uploads\/2019\/03\/climate-friendly-food.jpg\" alt='' title='alimentos amigables con el clima'  height=\"300\" width=\"300\"  itemprop=\"thumbnailUrl\" srcset=\"https:\/\/boulder.earth\/wp-content\/uploads\/2019\/03\/climate-friendly-food.jpg 300w, https:\/\/boulder.earth\/wp-content\/uploads\/2019\/03\/climate-friendly-food-80x80.jpg 80w, https:\/\/boulder.earth\/wp-content\/uploads\/2019\/03\/climate-friendly-food-36x36.jpg 36w, https:\/\/boulder.earth\/wp-content\/uploads\/2019\/03\/climate-friendly-food-180x180.jpg 180w, https:\/\/boulder.earth\/wp-content\/uploads\/2019\/03\/climate-friendly-food-120x120.jpg 120w\" sizes=\"(max-width: 300px) 100vw, 300px\" \/><\/a><\/div><\/div><\/div><br \/>\n<section  class='av_textblock_section av-jt96zoip-6084df68c3b56cf5944a24a757fdc739'   itemscope=\"itemscope\" itemtype=\"https:\/\/schema.org\/CreativeWork\" ><div class='avia_textblock'  itemprop=\"text\" ><p style=\"text-align: center;\">Esta gu\u00eda de alimentos amigables con el clima lo ayudar\u00e1 con las opciones para reducir su impacto ambiental.<\/p>\n<\/div><\/section><\/p><\/div>\n<style type=\"text\/css\" data-created_by=\"avia_inline_auto\" id=\"style-css-av-ktpks6v-16ebcf9e8da7ebde88ecac332d46d6d7\">\n.flex_column.av-ktpks6v-16ebcf9e8da7ebde88ecac332d46d6d7{\nborder-radius:0px 0px 0px 0px;\npadding:0px 0px 0px 0px;\n}\n<\/style>\n<div  class='flex_column av-ktpks6v-16ebcf9e8da7ebde88ecac332d46d6d7 av_one_third  avia-builder-el-24  el_after_av_one_third  el_before_av_one_third  flex_column_div av-zero-column-padding  column-top-margin'     ><p>\n<style type=\"text\/css\" data-created_by=\"avia_inline_auto\" id=\"style-css-av-jt96wve8-efc789c9b5584870a716adba6d59a482\">\n.avia-image-container.av-jt96wve8-efc789c9b5584870a716adba6d59a482 img.avia_image{\nbox-shadow:none;\n}\n.avia-image-container.av-jt96wve8-efc789c9b5584870a716adba6d59a482 .av-image-caption-overlay-center{\ncolor:#ffffff;\n}\n<\/style>\n<div  class='avia-image-container av-jt96wve8-efc789c9b5584870a716adba6d59a482 av-styling- av-img-linked avia-align-center  avia-builder-el-25  el_before_av_textblock  avia-builder-el-first'   itemprop=\"image\" itemscope=\"itemscope\" itemtype=\"https:\/\/schema.org\/ImageObject\" ><div class=\"avia-image-container-inner\"><div class=\"avia-image-overlay-wrap\"><a href=\"\/es\/Save the food: https:\/\/savethefood.com\/\" class='avia_image'  target=\"_blank\"  rel=\"noopener noreferrer\" aria-label='guardar-la-comida'><img decoding=\"async\" fetchpriority=\"high\" class='wp-image-126122 avia-img-lazy-loading-not-126122 avia_image' src=\"https:\/\/boulder.earth\/wp-content\/uploads\/2019\/03\/save-the-food.jpg\" alt='' title='guardar-la-comida'  height=\"300\" width=\"300\"  itemprop=\"thumbnailUrl\" srcset=\"https:\/\/boulder.earth\/wp-content\/uploads\/2019\/03\/save-the-food.jpg 300w, https:\/\/boulder.earth\/wp-content\/uploads\/2019\/03\/save-the-food-80x80.jpg 80w, https:\/\/boulder.earth\/wp-content\/uploads\/2019\/03\/save-the-food-36x36.jpg 36w, https:\/\/boulder.earth\/wp-content\/uploads\/2019\/03\/save-the-food-180x180.jpg 180w, https:\/\/boulder.earth\/wp-content\/uploads\/2019\/03\/save-the-food-120x120.jpg 120w\" sizes=\"(max-width: 300px) 100vw, 300px\" \/><\/a><\/div><\/div><\/div><br \/>\n<section  class='av_textblock_section av-jt96zoip-6084df68c3b56cf5944a24a757fdc739'   itemscope=\"itemscope\" itemtype=\"https:\/\/schema.org\/CreativeWork\" ><div class='avia_textblock'  itemprop=\"text\" ><p style=\"text-align: center;\">La comida se desperdicia a un ritmo alarmante, pero podemos hacer algo al respecto. Aprender c\u00f3mo.<\/p>\n<\/div><\/section><\/p><\/div>\n<style type=\"text\/css\" data-created_by=\"avia_inline_auto\" id=\"style-css-av-fosp5dj-e2199acfe6ed5ada0f4391c3277636a1\">\n.flex_column.av-fosp5dj-e2199acfe6ed5ada0f4391c3277636a1{\nborder-radius:0px 0px 0px 0px;\npadding:0px 0px 0px 0px;\n}\n<\/style>\n<div  class='flex_column av-fosp5dj-e2199acfe6ed5ada0f4391c3277636a1 av_one_third  avia-builder-el-27  el_after_av_one_third  avia-builder-el-last  flex_column_div av-zero-column-padding  column-top-margin'     ><p>\n<style type=\"text\/css\" data-created_by=\"avia_inline_auto\" id=\"style-css-av-jt96wve8-d61d003c463c825eb084111b958ab141\">\n.avia-image-container.av-jt96wve8-d61d003c463c825eb084111b958ab141 img.avia_image{\nbox-shadow:none;\n}\n.avia-image-container.av-jt96wve8-d61d003c463c825eb084111b958ab141 .av-image-caption-overlay-center{\ncolor:#ffffff;\n}\n<\/style>\n<div  class='avia-image-container av-jt96wve8-d61d003c463c825eb084111b958ab141 av-styling- av-img-linked avia-align-center  avia-builder-el-28  el_before_av_textblock  avia-builder-el-first'   itemprop=\"image\" itemscope=\"itemscope\" itemtype=\"https:\/\/schema.org\/ImageObject\" ><div class=\"avia-image-container-inner\"><div class=\"avia-image-overlay-wrap\"><a href=\"https:\/\/www.facebook.com\/groups\/BoCoFoodWaste\/\" class='avia_image'  target=\"_blank\"  rel=\"noopener noreferrer\" aria-label='grupo-de-concientizacion-alimentaria'><img decoding=\"async\" fetchpriority=\"high\" class='wp-image-126123 avia-img-lazy-loading-not-126123 avia_image' src=\"https:\/\/boulder.earth\/wp-content\/uploads\/2019\/03\/food-awareness-group.jpg\" alt='' title='grupo-de-concientizacion-alimentaria'  height=\"300\" width=\"300\"  itemprop=\"thumbnailUrl\" srcset=\"https:\/\/boulder.earth\/wp-content\/uploads\/2019\/03\/food-awareness-group.jpg 300w, https:\/\/boulder.earth\/wp-content\/uploads\/2019\/03\/food-awareness-group-80x80.jpg 80w, https:\/\/boulder.earth\/wp-content\/uploads\/2019\/03\/food-awareness-group-36x36.jpg 36w, https:\/\/boulder.earth\/wp-content\/uploads\/2019\/03\/food-awareness-group-180x180.jpg 180w, https:\/\/boulder.earth\/wp-content\/uploads\/2019\/03\/food-awareness-group-120x120.jpg 120w\" sizes=\"(max-width: 300px) 100vw, 300px\" \/><\/a><\/div><\/div><\/div><br \/>\n<section  class='av_textblock_section av-jt96zoip-6084df68c3b56cf5944a24a757fdc739'   itemscope=\"itemscope\" itemtype=\"https:\/\/schema.org\/CreativeWork\" ><div class='avia_textblock'  itemprop=\"text\" ><p style=\"text-align: center;\">\u00danase a este grupo comunitario para discutir formas de reducir el desperdicio de alimentos en nuestra vida cotidiana.<\/p>\n<\/div><\/section><\/p><\/div>\n<\/div><\/div><\/div><!-- close content main div --><\/div><\/div><div id='after_section_1'  class='main_color av_default_container_wrap container_wrap sidebar_right'  ><div class='container av-section-cont-open' ><div class='template-page content  av-content-small alpha units'><div class='post-entry post-entry-type-page post-entry-126115'><div class='entry-content-wrapper clearfix'><\/p>\n\n<style type=\"text\/css\" data-created_by=\"avia_inline_auto\" id=\"style-css-av-8usia3n-4d1da0a79c83757139c7512630af1c4f\">\n#top .hr.hr-invisible.av-8usia3n-4d1da0a79c83757139c7512630af1c4f{\nheight:20px;\n}\n<\/style>\n<div  class='hr av-8usia3n-4d1da0a79c83757139c7512630af1c4f hr-invisible  avia-builder-el-30  el_after_av_section  el_before_av_one_half  avia-builder-el-first'><span class='hr-inner'><span class=\"hr-inner-style\"><\/span><\/span><\/div>\n\n<style type=\"text\/css\" data-created_by=\"avia_inline_auto\" id=\"style-css-av-j2r8vj7-344356748a179ea42746a00713fedd31\">\n.flex_column.av-j2r8vj7-344356748a179ea42746a00713fedd31{\nborder-radius:0px 0px 0px 0px;\npadding:0px 0px 0px 0px;\n}\n<\/style>\n<div  class='flex_column av-j2r8vj7-344356748a179ea42746a00713fedd31 av_one_half  avia-builder-el-31  el_after_av_hr  el_before_av_one_half  first flex_column_div av-zero-column-padding'     ><section  class='av_textblock_section av-jt8xqffi-491ff3475f202ad234b8b2b3f38c6c67'   itemscope=\"itemscope\" itemtype=\"https:\/\/schema.org\/CreativeWork\" ><div class='avia_textblock'  itemprop=\"text\" ><h3 style=\"text-align: center;\">Michael Pollan responde &quot;\u00bfPor qu\u00e9 comer local?&quot;<\/h3>\n<p style=\"text-align: center;\">El alimento promedio en Estados Unidos ha viajado 1,500 millas desde la granja hasta su plato y ha quemado una cantidad incre\u00edble de combustibles f\u00f3siles solo para llegar all\u00ed.<\/p>\n<\/div><\/section><br \/>\n<div  class='avia-video av-ilkj7oj-6de4a5ca4f227d2f136c17d878215892 avia-video-16-9 av-no-preview-image avia-video-load-always av-lazyload-immediate av-lazyload-video-embed'  itemprop=\"video\" itemtype=\"https:\/\/schema.org\/VideoObject\"  data-original_url='https:\/\/www.youtube.com\/watch?v=DhaG_Zi6izU'><script type='text\/html' class='av-video-tmpl'><div class='avia-iframe-wrap'><iframe loading=\"lazy\" title=\"Michael Pollan: Why Eat Local?\" width=\"1500\" height=\"844\" src=\"https:\/\/www.youtube.com\/embed\/DhaG_Zi6izU?feature=oembed&autoplay=0&loop=0&controls=1&mute=0\" frameborder=\"0\" allow=\"accelerometer; autoplay; clipboard-write; encrypted-media; gyroscope; picture-in-picture\" allowfullscreen><\/iframe><\/div><\/script><div class='av-click-to-play-overlay'><div class=\"avia_playpause_icon\"><\/div><\/div><\/div><\/p><\/div>\n\n<style type=\"text\/css\" data-created_by=\"avia_inline_auto\" id=\"style-css-av-i3fxzib-ffe7d3564d3e82bd8a26bf6287c0d7c1\">\n.flex_column.av-i3fxzib-ffe7d3564d3e82bd8a26bf6287c0d7c1{\nborder-radius:0px 0px 0px 0px;\npadding:0px 0px 0px 0px;\n}\n<\/style>\n<div  class='flex_column av-i3fxzib-ffe7d3564d3e82bd8a26bf6287c0d7c1 av_one_half  avia-builder-el-34  el_after_av_one_half  el_before_av_hr  flex_column_div av-zero-column-padding'     ><section  class='av_textblock_section av-jt8xqffi-491ff3475f202ad234b8b2b3f38c6c67'   itemscope=\"itemscope\" itemtype=\"https:\/\/schema.org\/CreativeWork\" ><div class='avia_textblock'  itemprop=\"text\" ><h3 style=\"text-align: center;\">Agricultura Animal y Cambio Clim\u00e1tico<\/h3>\n<p style=\"text-align: center;\">Alimentar al ganado genera m\u00e1s gases de efecto invernadero que todo el sector del transporte y utiliza \u00be de la tierra agr\u00edcola de nuestro planeta.<\/p>\n<\/div><\/section><br \/>\n<div  class='avia-video av-hnzg4df-bc7e63474476ccc64f4e46501a02b11b avia-video-16-9 av-no-preview-image avia-video-load-always av-lazyload-immediate av-lazyload-video-embed'  itemprop=\"video\" itemtype=\"https:\/\/schema.org\/VideoObject\"  data-original_url='https:\/\/www.youtube.com\/watch?v=S7854HbH9Ro'><script type='text\/html' class='av-video-tmpl'><div class='avia-iframe-wrap'><iframe loading=\"lazy\" title=\"Animal Agriculture and Climate Change | This video may change your life, for good!\" width=\"1500\" height=\"844\" src=\"https:\/\/www.youtube.com\/embed\/S7854HbH9Ro?feature=oembed&autoplay=0&loop=0&controls=1&mute=0\" frameborder=\"0\" allow=\"accelerometer; autoplay; clipboard-write; encrypted-media; gyroscope; picture-in-picture\" allowfullscreen><\/iframe><\/div><\/script><div class='av-click-to-play-overlay'><div class=\"avia_playpause_icon\"><\/div><\/div><\/div><\/p><\/div>\n\n<style type=\"text\/css\" data-created_by=\"avia_inline_auto\" id=\"style-css-av-56ut7wj-621a9baa8cd3e6fe3c19895e20786c20\">\n#top .hr.hr-invisible.av-56ut7wj-621a9baa8cd3e6fe3c19895e20786c20{\nheight:30px;\n}\n<\/style>\n<div  class='hr av-56ut7wj-621a9baa8cd3e6fe3c19895e20786c20 hr-invisible  avia-builder-el-37  el_after_av_one_half  el_before_av_one_full'><span class='hr-inner'><span class=\"hr-inner-style\"><\/span><\/span><\/div>\n\n<style type=\"text\/css\" data-created_by=\"avia_inline_auto\" id=\"style-css-av-50wcvsz-ab68550a0500d026ec0a288392a273f9\">\n.flex_column.av-50wcvsz-ab68550a0500d026ec0a288392a273f9{\nborder-radius:0px 0px 0px 0px;\npadding:0px 0px 0px 0px;\n}\n<\/style>\n<div  class='flex_column av-50wcvsz-ab68550a0500d026ec0a288392a273f9 av_one_full  avia-builder-el-38  el_after_av_hr  el_before_av_hr  first flex_column_div av-zero-column-padding'     ><section  class='av_textblock_section av-gaw9nn-307b62cd5cf74fd96ff76d08aa54a82f'   itemscope=\"itemscope\" itemtype=\"https:\/\/schema.org\/CreativeWork\" ><div class='avia_textblock'  itemprop=\"text\" ><h1 style=\"text-align: center;\">Aumenta el volumen de estas noticias recientes<\/h1>\n<h3 style=\"text-align: left;\"><a href=\"https:\/\/www.theguardian.com\/environment\/2018\/nov\/28\/global-food-system-is-broken-say-worlds-science-academies\" target=\"_blank\" rel=\"noopener noreferrer\">El sistema alimentario mundial est\u00e1 roto, dicen las academias de ciencias del mundo<\/a><\/h3>\n<p>Si se considera toda la cadena alimentaria, tambi\u00e9n es necesario incluir las emisiones de la industria alimentaria, el transporte, el envasado y la distribuci\u00f3n. Las emisiones var\u00edan ampliamente de un continente y pa\u00eds a otro, dependiendo de su nivel de desarrollo y actitudes sociales. En los pa\u00edses desarrollados, las emisiones del campo al plato representan al menos 30% de las emisiones antropog\u00e9nicas totales, lo que significa que el sistema alimentario contribuye a los GEI tanto como el transporte y la vivienda\u2026\u00a0 <a href=\"https:\/\/www.theguardian.com\/environment\/2018\/nov\/28\/global-food-system-is-broken-say-worlds-science-academies\" target=\"_blank\" rel=\"noopener noreferrer\">Lea la historia en The Guardian<\/a><\/p>\n<hr \/>\n<h3><a href=\"https:\/\/news.nationalgeographic.com\/news\/2015\/01\/150122-food-waste-climate-change-hunger\/\" target=\"_blank\" rel=\"noopener noreferrer\">C\u00f3mo reducir el desperdicio de alimentos podr\u00eda aliviar el cambio clim\u00e1tico<\/a><\/h3>\n<p>Producir los alimentos que tiramos genera m\u00e1s gases de efecto invernadero que la mayor\u00eda de los pa\u00edses. <a href=\"https:\/\/news.nationalgeographic.com\/news\/2015\/01\/150122-food-waste-climate-change-hunger\/\" target=\"_blank\" rel=\"noopener noreferrer\">Lea la historia de National Geographic.<\/a><\/p>\n<hr \/>\n<h3 class=\"entry-title\"><a href=\"https:\/\/www.boulderfoodrescue.org\/food-waste-audit-why-retailers-dont-donate\/\" rel=\"bookmark\">Auditor\u00eda de desperdicio de alimentos: por qu\u00e9 los minoristas no donan<\/a><\/h3>\n<p>Si no has comprobado <a href=\"https:\/\/www.boulderfoodrescue.org\/index.php\/food-waste-audit\/\">la auditor\u00eda de desperdicio de alimentos de Boulder<\/a>sin embargo, \u00a1ahora es tu momento! Es un estudio publicado por Boulder Food Rescue (BFR) en colaboraci\u00f3n con investigadores de CU Boulder. <a href=\"https:\/\/www.boulderfoodrescue.org\/food-waste-audit-why-retailers-dont-donate\/\" target=\"_blank\" rel=\"noopener noreferrer\">Lea el art\u00edculo de Boulder Food Rescue<\/a><\/p>\n<hr \/>\n<h3 id=\"articleTitle\" class=\"articleTitle\"><a href=\"http:\/\/www.dailycamera.com\/news\/ci_31064067\/boulder-entrepreneur-launches-national-ranking-system-sustainable-eateries\" target=\"_blank\" rel=\"noopener noreferrer\">Emprendedor de Boulder lanza sistema de clasificaci\u00f3n nacional para restaurantes &#039;sostenibles&#039;<\/a><\/h3>\n<p>The Good Food 100, la creaci\u00f3n de una empresaria de Boulder y su socio, se lanza hoy con una lista de los mejores restaurantes e instituciones de todo el pa\u00eds que trabajan para hacer que el suministro de alimentos sea m\u00e1s sostenible. <a href=\"http:\/\/www.dailycamera.com\/news\/ci_31064067\/boulder-entrepreneur-launches-national-ranking-system-sustainable-eateries\" target=\"_blank\" rel=\"noopener noreferrer\">Leer en la c\u00e1mara diaria<\/a><\/p>\n<hr \/>\n<h3><a href=\"https:\/\/www.meetup.com\/Boulder-FoodTech\" target=\"_blank\" rel=\"noopener noreferrer\">Pr\u00f3ximas reuniones de Boulder FoodTech<\/a><\/h3>\n<p>Boulder FoodTech es una comunidad de empresarios, innovadores, profesionales, inversionistas y otros apasionados por la intersecci\u00f3n de los alimentos y la tecnolog\u00eda. <a href=\"https:\/\/www.meetup.com\/Boulder-FoodTech\" target=\"_blank\" rel=\"noopener noreferrer\">Buscar eventos en su sitio de Meetup<\/a><\/p>\n<\/div><\/section><\/div>\n\n<style type=\"text\/css\" data-created_by=\"avia_inline_auto\" id=\"style-css-av-3sio5yb-c90b36ee753499bec86d1730f0583534\">\n#top .hr.hr-invisible.av-3sio5yb-c90b36ee753499bec86d1730f0583534{\nheight:30px;\n}\n<\/style>\n<div  class='hr av-3sio5yb-c90b36ee753499bec86d1730f0583534 hr-invisible  avia-builder-el-40  el_after_av_one_full  el_before_av_section  avia-builder-el-last'><span class='hr-inner'><span class=\"hr-inner-style\"><\/span><\/span><\/div>\n<\/div><\/div><\/div><!-- close content main div --><\/div><\/div>\n<style type=\"text\/css\" data-created_by=\"avia_inline_auto\" id=\"style-css-av-eig325f-21f409fdc41e2a4fc9908ad238607bdc\">\n.avia-section.av-eig325f-21f409fdc41e2a4fc9908ad238607bdc{\nbackground-color:#f5f5f5;\nbackground-image:unset;\n}\n<\/style>\n<div id='av_section_2'  class='avia-section av-eig325f-21f409fdc41e2a4fc9908ad238607bdc main_color avia-section-default avia-no-shadow  avia-builder-el-41  el_after_av_hr  el_before_av_layout_row  avia-bg-style-scroll container_wrap sidebar_right'  ><div class='container av-section-cont-open' ><div class='template-page content  av-content-small alpha units'><div class='post-entry post-entry-type-page post-entry-126115'><div class='entry-content-wrapper clearfix'>\n\n\n<style type=\"text\/css\" data-created_by=\"avia_inline_auto\" id=\"style-css-av-dlz0aoz-87068c8b27f42a9516fa99ce6c53b667\">\n.avia-image-container.av-dlz0aoz-87068c8b27f42a9516fa99ce6c53b667 img.avia_image{\nbox-shadow:none;\n}\n.avia-image-container.av-dlz0aoz-87068c8b27f42a9516fa99ce6c53b667 .av-image-caption-overlay-center{\ncolor:#ffffff;\n}\n<\/style>\n<div  class='avia-image-container av-dlz0aoz-87068c8b27f42a9516fa99ce6c53b667 av-styling- avia-align-center  avia-builder-el-43  el_after_av_codeblock  avia-builder-el-last'   itemprop=\"image\" itemscope=\"itemscope\" itemtype=\"https:\/\/schema.org\/ImageObject\" ><div class=\"avia-image-container-inner\"><div class=\"avia-image-overlay-wrap\"><img decoding=\"async\" fetchpriority=\"high\" class='wp-image-19005 avia-img-lazy-loading-not-19005 avia_image' src=\"https:\/\/boulder.earth\/wp-content\/uploads\/2014\/03\/actions-for-impact-bg.png\" alt='' title='acciones-para-impacto-bg'  height=\"206\" width=\"1000\"  itemprop=\"thumbnailUrl\" srcset=\"https:\/\/boulder.earth\/wp-content\/uploads\/2014\/03\/actions-for-impact-bg.png 1000w, https:\/\/boulder.earth\/wp-content\/uploads\/2014\/03\/actions-for-impact-bg-300x62.png 300w, https:\/\/boulder.earth\/wp-content\/uploads\/2014\/03\/actions-for-impact-bg-768x158.png 768w, https:\/\/boulder.earth\/wp-content\/uploads\/2014\/03\/actions-for-impact-bg-705x145.png 705w, https:\/\/boulder.earth\/wp-content\/uploads\/2014\/03\/actions-for-impact-bg-450x93.png 450w\" sizes=\"(max-width: 1000px) 100vw, 1000px\" \/><\/div><\/div><\/div>\n\n<\/div><\/div><\/div><!-- close content main div --><\/div><\/div><div id='av-layout-grid-1'  class='av-layout-grid-container av-d1scqv7-257d218f263bf7215100e8f76aeb1b2b entry-content-wrapper alternate_color av-border-cells av-flex-cells  avia-builder-el-44  el_after_av_section  el_before_av_promobox  grid-row-not-first  container_wrap sidebar_right'  >\n\n<style type=\"text\/css\" data-created_by=\"avia_inline_auto\" id=\"style-css-av-cko9e2r-3fe47fa262e0203481f070325156a63d\">\n.flex_cell.av-cko9e2r-3fe47fa262e0203481f070325156a63d{\nvertical-align:top;\n}\n.responsive #top #wrap_all .flex_cell.av-cko9e2r-3fe47fa262e0203481f070325156a63d{\npadding:30px 30px 30px 30px !important;\n}\n<\/style>\n<div class='flex_cell av-cko9e2r-3fe47fa262e0203481f070325156a63d av-gridrow-cell av_one_fourth no_margin  avia-builder-el-45  el_before_av_cell_one_fourth  avia-builder-el-first  content-align-top'  ><div class='flex_cell_inner'><p>\n<style type=\"text\/css\" data-created_by=\"avia_inline_auto\" id=\"style-css-av-cb90lkz-102321db5b0aad6186e36e9bad581ff7\">\n.avia-image-container.av-cb90lkz-102321db5b0aad6186e36e9bad581ff7 img.avia_image{\nbox-shadow:none;\n}\n.avia-image-container.av-cb90lkz-102321db5b0aad6186e36e9bad581ff7 .av-image-caption-overlay-center{\ncolor:#ffffff;\n}\n<\/style>\n<div  class='avia-image-container av-cb90lkz-102321db5b0aad6186e36e9bad581ff7 av-styling- av-img-linked avia-align-center  avia-builder-el-46  el_before_av_textblock  avia-builder-el-first'   itemprop=\"image\" itemscope=\"itemscope\" itemtype=\"https:\/\/schema.org\/ImageObject\" ><div class=\"avia-image-container-inner\"><div class=\"avia-image-overlay-wrap\"><a href=\"http:\/\/www.bcfm.org\/\" class='avia_image'  target=\"_blank\"  rel=\"noopener noreferrer\" aria-label='Mercado de agricultores'><img decoding=\"async\" fetchpriority=\"high\" class='wp-image-27497 avia-img-lazy-loading-not-27497 avia_image' src=\"https:\/\/boulder.earth\/wp-content\/uploads\/2014\/03\/farmers-market.jpg\" alt='' title='Mercado de agricultores'  height=\"164\" width=\"300\"  itemprop=\"thumbnailUrl\"  \/><\/a><\/div><\/div><\/div><br \/>\n<section  class='av_textblock_section av-166yd6r-d706757d10e633c5f632950fc18f4a62'   itemscope=\"itemscope\" itemtype=\"https:\/\/schema.org\/CreativeWork\" ><div class='avia_textblock'  itemprop=\"text\" ><h4 style=\"text-align: center;\"><b><a href=\"http:\/\/www.bcfm.org\/\" target=\"_blank\" rel=\"noopener noreferrer\">\u00a1Apoye a nuestras granjas y agricultores locales!<\/a><br \/>\n<\/b><\/h4>\n<p>Aproveche los alimentos locales sabrosos y nutritivos mientras contribuye a una econom\u00eda local saludable. Boulder tiene uno de los mejores mercados de agricultores del pa\u00eds. \u00a1Y probablemente puedas andar en bicicleta all\u00ed! Obtenga m\u00e1s informaci\u00f3n sobre los mercados de agricultores de Boulder y Longmont <a href=\"http:\/\/www.bcfm.org\/\" target=\"_blank\" rel=\"noopener noreferrer\"><b>Aqu\u00ed<\/b><\/a>.<\/p>\n<\/div><\/section><\/p>\n<\/div><\/div>\n<style type=\"text\/css\" data-created_by=\"avia_inline_auto\" id=\"style-css-av-cko9e2r-3fe47fa262e0203481f070325156a63d\">\n.flex_cell.av-cko9e2r-3fe47fa262e0203481f070325156a63d{\nvertical-align:top;\n}\n.responsive #top #wrap_all .flex_cell.av-cko9e2r-3fe47fa262e0203481f070325156a63d{\npadding:30px 30px 30px 30px !important;\n}\n<\/style>\n<div class='flex_cell av-cko9e2r-3fe47fa262e0203481f070325156a63d av-gridrow-cell av_one_fourth no_margin  avia-builder-el-48  el_after_av_cell_one_fourth  el_before_av_cell_one_fourth  content-align-top'  ><div class='flex_cell_inner'><p>\n<style type=\"text\/css\" data-created_by=\"avia_inline_auto\" id=\"style-css-av-cb90lkz-b35dee621ead0e94456332c006d7d3e1\">\n.avia-image-container.av-cb90lkz-b35dee621ead0e94456332c006d7d3e1 img.avia_image{\nbox-shadow:none;\n}\n.avia-image-container.av-cb90lkz-b35dee621ead0e94456332c006d7d3e1 .av-image-caption-overlay-center{\ncolor:#ffffff;\n}\n<\/style>\n<div  class='avia-image-container av-cb90lkz-b35dee621ead0e94456332c006d7d3e1 av-styling- av-img-linked avia-align-center  avia-builder-el-49  el_before_av_textblock  avia-builder-el-first'   itemprop=\"image\" itemscope=\"itemscope\" itemtype=\"https:\/\/schema.org\/ImageObject\" ><div class=\"avia-image-container-inner\"><div class=\"avia-image-overlay-wrap\"><a href=\"https:\/\/www-static.bouldercolorado.gov\/docs\/Guide_BAP_Tips_Boulder_Cottage_Foods_and_Fresh_Produce_Ordinance-1-201505271420.pdf?_ga=2.92571549.1880376200.1552871731-1151534802.1437922394\" class='avia_image'  target=\"_blank\"  rel=\"noopener noreferrer\" aria-label='puesto de comida'><img decoding=\"async\" fetchpriority=\"high\" class='wp-image-126239 avia-img-lazy-loading-not-126239 avia_image' src=\"https:\/\/boulder.earth\/wp-content\/uploads\/2019\/03\/food-stand.jpg\" alt='' title='puesto de comida'  height=\"164\" width=\"300\"  itemprop=\"thumbnailUrl\"  \/><\/a><\/div><\/div><\/div><br \/>\n<section  class='av_textblock_section av-166yd6r-d706757d10e633c5f632950fc18f4a62'   itemscope=\"itemscope\" itemtype=\"https:\/\/schema.org\/CreativeWork\" ><div class='avia_textblock'  itemprop=\"text\" ><h4 style=\"text-align: center;\"><a href=\"https:\/\/www-static.bouldercolorado.gov\/docs\/Guide_BAP_Tips_Boulder_Cottage_Foods_and_Fresh_Produce_Ordinance-1-201505271420.pdf?_ga=2.92571549.1880376200.1552871731-1151534802.1437922394\" target=\"_blank\" rel=\"noopener noreferrer\"><b>Inicie su propio puesto de comida<\/b><\/a><\/h4>\n<div class=\"page\" title=\"P\u00e1gina 1\">\n<div class=\"layoutArea\">\n<div class=\"column\">\n<p>\u00bfQuiere vender productos frescos y alimentos caseros desde su hogar dentro de la ciudad de Boulder? La Ley de Alimentos Caseros de Colorado permite la preparaci\u00f3n y venta residencial de productos alimenticios a peque\u00f1a escala sin licencia de alimentos estatal o del condado. Mira esto <a href=\"https:\/\/www-static.bouldercolorado.gov\/docs\/Guide_BAP_Tips_Boulder_Cottage_Foods_and_Fresh_Produce_Ordinance-1-201505271420.pdf?_ga=2.92571549.1880376200.1552871731-1151534802.1437922394\" target=\"_blank\" rel=\"noopener noreferrer\">Gu\u00eda para empezar<\/a><\/p>\n<\/div>\n<\/div>\n<\/div>\n<\/div><\/section><\/p>\n<\/div><\/div>\n<style type=\"text\/css\" data-created_by=\"avia_inline_auto\" id=\"style-css-av-b4g4mub-ac68e0a6853bbebbb51b06dd210b747c\">\n.flex_cell.av-b4g4mub-ac68e0a6853bbebbb51b06dd210b747c{\nvertical-align:top;\n}\n.responsive #top #wrap_all .flex_cell.av-b4g4mub-ac68e0a6853bbebbb51b06dd210b747c{\npadding:30px 30px 30px 30px !important;\n}\n<\/style>\n<div class='flex_cell av-b4g4mub-ac68e0a6853bbebbb51b06dd210b747c av-gridrow-cell av_one_fourth no_margin  avia-builder-el-51  el_after_av_cell_one_fourth  el_before_av_cell_one_fourth  content-align-top'  ><div class='flex_cell_inner'><p>\n<style type=\"text\/css\" data-created_by=\"avia_inline_auto\" id=\"style-css-av-ar80adf-2117d3af8108d8af5063032ac24300b1\">\n.avia-image-container.av-ar80adf-2117d3af8108d8af5063032ac24300b1 img.avia_image{\nbox-shadow:none;\n}\n.avia-image-container.av-ar80adf-2117d3af8108d8af5063032ac24300b1 .av-image-caption-overlay-center{\ncolor:#ffffff;\n}\n<\/style>\n<div  class='avia-image-container av-ar80adf-2117d3af8108d8af5063032ac24300b1 av-styling- av-img-linked avia-align-center  avia-builder-el-52  el_before_av_textblock  avia-builder-el-first'   itemprop=\"image\" itemscope=\"itemscope\" itemtype=\"https:\/\/schema.org\/ImageObject\" ><div class=\"avia-image-container-inner\"><div class=\"avia-image-overlay-wrap\"><a href=\"http:\/\/ecocycle.org\/take-action\/community-carbon-farming?eType=BdotE\" class='avia_image'  target=\"_blank\"  rel=\"noopener noreferrer\" aria-label='cultivo de carbono con ecociclo'><img decoding=\"async\" fetchpriority=\"high\" class='wp-image-127096 avia-img-lazy-loading-not-127096 avia_image' src=\"https:\/\/boulder.earth\/wp-content\/uploads\/2019\/03\/carbonfarmingwithecocycle.jpg\" alt='' title='cultivo de carbono con ecociclo'  height=\"164\" width=\"300\"  itemprop=\"thumbnailUrl\"  \/><\/a><\/div><\/div><\/div><br \/>\n<section  class='av_textblock_section av-10pl65f-fb4ea228944cbfb62a2c3790cc3bc14a'   itemscope=\"itemscope\" itemtype=\"https:\/\/schema.org\/CreativeWork\" ><div class='avia_textblock'  itemprop=\"text\" ><h4 style=\"text-align: center;\"><a href=\"http:\/\/ecocycle.org\/take-action\/community-carbon-farming?eType=BdotE\" target=\"_blank\" rel=\"noopener noreferrer\"><b>Convi\u00e9rtase en un agricultor de carb\u00f3n de jard\u00edn<\/b><\/a><\/h4>\n<p>La construcci\u00f3n de suelos saludables puede ser nuestra mejor esperanza para extraer y almacenar de manera segura el di\u00f3xido de carbono atmosf\u00e9rico. Eco-Cycle y la ciudad de Boulder est\u00e1n trabajando juntos en un estudio de 3 a\u00f1os para explorar una variedad de enfoques de cultivo de carbono en paisajes urbanos para secuestrar carbono en el suelo y ayudar a revertir el cambio clim\u00e1tico. <a href=\"http:\/\/ecocycle.org\/take-action\/community-carbon-farming?eType=BdotE\" target=\"_blank\" rel=\"noopener noreferrer\">Aprende c\u00f3mo participar<\/a>.<\/p>\n<\/div><\/section><\/p>\n<\/div><\/div>\n<style type=\"text\/css\" data-created_by=\"avia_inline_auto\" id=\"style-css-av-9sykkf7-b11c7aea3e595f2f1864eb0f39dc1619\">\n.flex_cell.av-9sykkf7-b11c7aea3e595f2f1864eb0f39dc1619{\nvertical-align:top;\n}\n.responsive #top #wrap_all .flex_cell.av-9sykkf7-b11c7aea3e595f2f1864eb0f39dc1619{\npadding:30px 30px 30px 30px !important;\n}\n<\/style>\n<div class='flex_cell av-9sykkf7-b11c7aea3e595f2f1864eb0f39dc1619 av-gridrow-cell av_one_fourth no_margin  avia-builder-el-54  el_after_av_cell_one_fourth  avia-builder-el-last  content-align-top'  ><div class='flex_cell_inner'><p>\n<style type=\"text\/css\" data-created_by=\"avia_inline_auto\" id=\"style-css-av-x99v1f-8d33babc6146fa189134766f789032e2\">\n.avia-image-container.av-x99v1f-8d33babc6146fa189134766f789032e2 img.avia_image{\nbox-shadow:none;\n}\n.avia-image-container.av-x99v1f-8d33babc6146fa189134766f789032e2 .av-image-caption-overlay-center{\ncolor:#ffffff;\n}\n<\/style>\n<div  class='avia-image-container av-x99v1f-8d33babc6146fa189134766f789032e2 av-styling- av-img-linked avia-align-center  avia-builder-el-55  el_before_av_textblock  avia-builder-el-first'   itemprop=\"image\" itemscope=\"itemscope\" itemtype=\"https:\/\/schema.org\/ImageObject\" ><div class=\"avia-image-container-inner\"><div class=\"avia-image-overlay-wrap\"><a href=\"https:\/\/issuu.com\/vegsoc\/docs\/new_veggie_guide_v2_web\" class='avia_image'  target=\"_blank\"  rel=\"noopener noreferrer\" aria-label='carne sayonara'><img decoding=\"async\" fetchpriority=\"high\" class='wp-image-39807 avia-img-lazy-loading-not-39807 avia_image' src=\"https:\/\/boulder.earth\/wp-content\/uploads\/2018\/01\/sayonara-meat.jpg\" alt='' title='carne sayonara'  height=\"164\" width=\"300\"  itemprop=\"thumbnailUrl\"  \/><\/a><\/div><\/div><\/div><br \/>\n<section  class='av_textblock_section av-8v5zew3-98d35e7090d6dbc060826bd778911839'   itemscope=\"itemscope\" itemtype=\"https:\/\/schema.org\/CreativeWork\" ><div class='avia_textblock'  itemprop=\"text\" ><h4 style=\"text-align: center;\"><a href=\"https:\/\/issuu.com\/vegsoc\/docs\/new_veggie_guide_v2_web\" target=\"_blank\" rel=\"noopener noreferrer\"><b>Di &quot;\u00a1Sayonara!&quot; \u00a1a la carne!<\/b><\/a><\/h4>\n<p>S\u00ed, s\u00ed, s\u00ed, lo hemos escuchado antes: comer menos carne puede reducir significativamente nuestra huella de carbono. Bueno, lo decimos de nuevo porque <i>es cierto<\/i>! Haz del 2018 tu a\u00f1o de lunes sin carne (o... \u00a1todos los d\u00edas sin carne!). Aqu\u00ed esta la <a href=\"https:\/\/www.theguardian.com\/environment\/2016\/mar\/21\/eat-less-meat-vegetarianism-dangerous-global-warming\" target=\"_blank\" rel=\"noopener noreferrer\"><b>por qu\u00e9<\/b><\/a>, y aqu\u00ed est\u00e1 el <a href=\"https:\/\/issuu.com\/vegsoc\/docs\/new_veggie_guide_v2_web\" target=\"_blank\" rel=\"noopener noreferrer\"><b>c\u00f3mo<\/b><\/a>.<\/p>\n<\/div><\/section><\/p>\n<\/div><\/div>\n<\/div><div id='after_grid_row_1'  class='main_color av_default_container_wrap container_wrap sidebar_right'  ><div class='container av-section-cont-open' ><div class='template-page content  av-content-small alpha units'><div class='post-entry post-entry-type-page post-entry-126115'><div class='entry-content-wrapper clearfix'>\n<div  class='av_promobox av-av_promobox-4dfa235a957105b3f241c047b090e0ba avia-button-yes  avia-builder-el-57  el_after_av_layout_row  avia-builder-el-no-sibling'><div class='avia-promocontent'><\/p>\n<h3 style=\"text-align: center;\"><span style=\"color: #0065d9;\">\u00a1Hola extra\u00f1o! \u00bfTienes algo que a\u00f1adir a esta secci\u00f3n? \u00bfHay alguna organizaci\u00f3n incre\u00edble que olvidamos mencionar? \u00bfUn estudio cient\u00edfico o un art\u00edculo de peri\u00f3dico que todos deben conocer? \u00bfHay una mejor manera de organizar toda esta informaci\u00f3n y hacerla m\u00e1s \u00fatil? Cualquier cosa, no seas t\u00edmido, \u00a1h\u00e1znoslo saber!<\/span><\/h3>\n<p>\n<\/div><div  class='avia-button-wrap av-av_button-efe3cdde156767d3e76330b404768029-wrap avia-button-right'><a href='\/es\/feedback\/'  class='avia-button av-av_button-efe3cdde156767d3e76330b404768029 av-link-btn avia-icon_select-no avia-size-large avia-position-right avia-color-theme-color'   aria-label=\"Dar opinion\"><span class='avia_iconbox_title' >Dar opinion<\/span><\/a><\/div><\/div>","protected":false},"excerpt":{"rendered":"","protected":false},"author":1,"featured_media":0,"parent":0,"menu_order":0,"comment_status":"closed","ping_status":"closed","template":"","meta":{"footnotes":""},"class_list":["post-126115","page","type-page","status-publish","hentry"],"_links":{"self":[{"href":"https:\/\/boulder.earth\/es\/wp-json\/wp\/v2\/pages\/126115","targetHints":{"allow":["GET"]}}],"collection":[{"href":"https:\/\/boulder.earth\/es\/wp-json\/wp\/v2\/pages"}],"about":[{"href":"https:\/\/boulder.earth\/es\/wp-json\/wp\/v2\/types\/page"}],"author":[{"embeddable":true,"href":"https:\/\/boulder.earth\/es\/wp-json\/wp\/v2\/users\/1"}],"replies":[{"embeddable":true,"href":"https:\/\/boulder.earth\/es\/wp-json\/wp\/v2\/comments?post=126115"}],"version-history":[{"count":6,"href":"https:\/\/boulder.earth\/es\/wp-json\/wp\/v2\/pages\/126115\/revisions"}],"predecessor-version":[{"id":5477268,"href":"https:\/\/boulder.earth\/es\/wp-json\/wp\/v2\/pages\/126115\/revisions\/5477268"}],"wp:attachment":[{"href":"https:\/\/boulder.earth\/es\/wp-json\/wp\/v2\/media?parent=126115"}],"curies":[{"name":"wp","href":"https:\/\/api.w.org\/{rel}","templated":true}]}}