{"id":127397,"date":"2019-03-31T16:13:46","date_gmt":"2019-03-31T22:13:46","guid":{"rendered":"https:\/\/boulder.earth\/?page_id=127397"},"modified":"2022-01-13T18:11:15","modified_gmt":"2022-01-14T00:11:15","slug":"water","status":"publish","type":"page","link":"https:\/\/boulder.earth\/es\/water\/","title":{"rendered":"Agua"},"content":{"rendered":"<section  class='av_textblock_section av-kn91m03-b48a2451dd9e8d50abe31c6d03b1b154'   itemscope=\"itemscope\" itemtype=\"https:\/\/schema.org\/CreativeWork\" ><div class='avia_textblock'  itemprop=\"text\" ><h1 style=\"text-align: center;\">Agua<\/h1>\n<\/div><\/section>\n\n<style type=\"text\/css\" data-created_by=\"avia_inline_auto\" id=\"style-css-av-jtkxyqr-b722c611064527305585fea7334dd590\">\n.flex_column.av-jtkxyqr-b722c611064527305585fea7334dd590{\nborder-radius:0px 0px 0px 0px;\npadding:0px 0px 0px 0px;\n}\n<\/style>\n<div  class='flex_column av-jtkxyqr-b722c611064527305585fea7334dd590 av_one_full  avia-builder-el-1  el_after_av_textblock  el_before_av_submenu  avia-builder-el-last  first flex_column_div av-zero-column-padding  column-top-margin'     ><section  class='av_textblock_section av-jdeb65f-6c30a3b98d9f723ba5b4001680f75007'   itemscope=\"itemscope\" itemtype=\"https:\/\/schema.org\/CreativeWork\" ><div class='avia_textblock'  itemprop=\"text\" ><h2>\u00bfAgua de la que estamos hablando aqu\u00ed?<\/h2>\n<div id=\"attachment_127534\" style=\"width: 405px\" class=\"wp-caption alignright\"><img loading=\"lazy\" decoding=\"async\" aria-describedby=\"caption-attachment-127534\" class=\"size-full wp-image-127534\" src=\"https:\/\/boulder.earth\/wp-content\/uploads\/2019\/03\/water-cycle.jpg\" alt=\"\" width=\"395\" height=\"390\" srcset=\"https:\/\/boulder.earth\/wp-content\/uploads\/2019\/03\/water-cycle.jpg 395w, https:\/\/boulder.earth\/wp-content\/uploads\/2019\/03\/water-cycle-80x80.jpg 80w, https:\/\/boulder.earth\/wp-content\/uploads\/2019\/03\/water-cycle-300x296.jpg 300w, https:\/\/boulder.earth\/wp-content\/uploads\/2019\/03\/water-cycle-36x36.jpg 36w\" sizes=\"auto, (max-width: 395px) 100vw, 395px\" \/><p id=\"caption-attachment-127534\" class=\"wp-caption-text\">de behance.net<\/p><\/div>\n<h3>El agua es vida<\/h3>\n<p>El agua es el n\u00facleo del desarrollo sostenible y es fundamental para el desarrollo socioecon\u00f3mico, la salud de los ecosistemas y la propia supervivencia humana. Es vital para reducir la carga mundial de morbilidad y mejorar la salud, el bienestar y la productividad de las poblaciones. Es fundamental para la producci\u00f3n y preservaci\u00f3n de una serie de beneficios y servicios para las personas. El agua tambi\u00e9n est\u00e1 en el centro de la adaptaci\u00f3n al cambio clim\u00e1tico, sirviendo como el v\u00ednculo crucial entre el sistema clim\u00e1tico, la sociedad humana y el medio ambiente.<\/p>\n<h3>Un recurso renovable<\/h3>\n<p>El agua es un recurso finito e irremplazable compartido a nivel mundial que es fundamental para el bienestar humano. Solo es renovable si se protege y gestiona bien. El agua puede plantear un serio desaf\u00edo para el desarrollo sostenible. Pero gestionada de manera eficiente y equitativa, el agua juega un papel crucial en el fortalecimiento de la resiliencia de los sistemas sociales, econ\u00f3micos y ambientales frente al cambio clim\u00e1tico.<\/p>\n<h3>Retos actuales<\/h3>\n<p>Boulder tiene la suerte de ser la primera parada importante en el viaje del agua desde la nieve y los glaciares en las monta\u00f1as hasta el mar. Pero el cambio clim\u00e1tico ya ha cambiado severamente las cantidades y la confiabilidad de nuestro acceso. Otras presiones se derivan del crecimiento demogr\u00e1fico y econ\u00f3mico, la contaminaci\u00f3n y la extracci\u00f3n de combustibles f\u00f3siles, todos los cuales tienen un gran impacto en nuestro bienestar social, econ\u00f3mico y ambiental. El r\u00edo Colorado ya no llega al mar. Boulder Creek no es inmune a la contaminaci\u00f3n que enfrentan la mayor\u00eda de los r\u00edos del pa\u00eds y contiene niveles aterradores de productos qu\u00edmicos (productos farmac\u00e9uticos, pl\u00e1sticos, detergentes, pesticidas y hormonas similares al estr\u00f3geno) que son muy dif\u00edciles de filtrar a trav\u00e9s de las plantas de tratamiento de agua. Esto significa que la calidad del agua del mundo se ha degradado, lo que amenaza la salud de las personas y los ecosistemas y aumenta el costo del tratamiento.<\/p>\n<h4 style=\"text-align: center;\">Podemos y debemos hacerlo mejor centr\u00e1ndonos en estos principios del agua:<\/h4>\n<h3 style=\"text-align: center;\">Protecci\u00f3n | Conservaci\u00f3n | Uso responsable | Acceso equitativo | Administraci\u00f3n<\/h3>\n<\/div><\/section><\/div>\n<\/div><\/div><\/div><!-- close content main div --><\/div><\/div><div class='clear'><\/div><div id='sub_menu1'  class='av-submenu-container av-henw7tv-5d76e09751cc73723b72cab54c0b86c4 main_color  avia-builder-el-3  el_after_av_one_full  el_before_av_section  av-sticky-submenu submenu-not-first container_wrap sidebar_right' style='z-index:301' ><div class='container av-menu-mobile-disabled av-submenu-pos-center'><ul id='av-custom-submenu-1' class='av-subnav-menu' role='menu'>\n<li class='menu-item av-82qr3xz-92bc34bfb7fe0c7fff1d10c5f16e466e menu-item-top-level menu-item-top-level-1' role='menuitem'><a href=''  ><span class='avia-bullet'><\/span><span class='avia-menu-text'>Secciones de la p\u00e1gina Zero Waste: <\/span><\/a><\/li>\n<li class='menu-item av-f47li8z-82db3c0094553a04804ee52a0c4137b4 menu-item-top-level av-menu-button av-menu-button-colored menu-item-top-level-2' role='menuitem'><a href='#navigating'  ><span class='avia-bullet'><\/span><span class='avia-menu-text'>Navegando por el problema<\/span><\/a><\/li>\n<li class='menu-item av-gi2rpgj-e1d68bd3ec7463a38d16da03bd797fef menu-item-top-level av-menu-button av-menu-button-colored menu-item-top-level-3' role='menuitem'><a href='#orgs'  ><span class='avia-bullet'><\/span><span class='avia-menu-text'>Organizaciones<\/span><\/a><\/li>\n<li class='menu-item av-fpiz3ur-a912f76ddd20e18495744101709517e5 menu-item-top-level av-menu-button av-menu-button-colored menu-item-top-level-4' role='menuitem'><a href='#actions'  ><span class='avia-bullet'><\/span><span class='avia-menu-text'>Comportamiento<\/span><\/a><\/li>\n<\/ul><\/div><\/div><div class='sticky_placeholder'><\/div>\n\n<style type=\"text\/css\" data-created_by=\"avia_inline_auto\" id=\"style-css-av-jt97lpot-1e8ae49ce4014f4675ac69893a2e4084\">\n.avia-section.av-jt97lpot-1e8ae49ce4014f4675ac69893a2e4084{\nbackground-color:#c0e2e2;\nbackground-image:unset;\n}\n<\/style>\n<div id='navigating'  class='avia-section av-jt97lpot-1e8ae49ce4014f4675ac69893a2e4084 alternate_color avia-section-default avia-no-border-styling  avia-builder-el-4  el_after_av_submenu  el_before_av_one_half  avia-bg-style-scroll container_wrap sidebar_right'  ><div class='container av-section-cont-open' ><div class='template-page content  av-content-small alpha units'><div class='post-entry post-entry-type-page post-entry-127397'><div class='entry-content-wrapper clearfix'>\n<section  class='av_textblock_section av-jt97l3rm-213dee68ab0d948e6d8518001f2ea685'   itemscope=\"itemscope\" itemtype=\"https:\/\/schema.org\/CreativeWork\" ><div class='avia_textblock'  itemprop=\"text\" ><h1 style=\"text-align: center;\">Recursos profundos de organizaciones locales<\/h1>\n<\/div><\/section>\n\n<style type=\"text\/css\" data-created_by=\"avia_inline_auto\" id=\"style-css-av-11bdq2nr-bcc91758d1e0ad4b067ecf22c4edb9e4\">\n.flex_column.av-11bdq2nr-bcc91758d1e0ad4b067ecf22c4edb9e4{\nborder-radius:0px 0px 0px 0px;\npadding:0px 0px 0px 0px;\n}\n<\/style>\n<div  class='flex_column av-11bdq2nr-bcc91758d1e0ad4b067ecf22c4edb9e4 av_one_third  avia-builder-el-6  el_after_av_textblock  el_before_av_one_third  first flex_column_div av-zero-column-padding  column-top-margin'     ><p>\n<style type=\"text\/css\" data-created_by=\"avia_inline_auto\" id=\"style-css-av-jt96wve8-2662115c9a7f774b8a361fd1f2e425bf\">\n.avia-image-container.av-jt96wve8-2662115c9a7f774b8a361fd1f2e425bf img.avia_image{\nbox-shadow:none;\n}\n.avia-image-container.av-jt96wve8-2662115c9a7f774b8a361fd1f2e425bf .av-image-caption-overlay-center{\ncolor:#ffffff;\n}\n<\/style>\n<div  class='avia-image-container av-jt96wve8-2662115c9a7f774b8a361fd1f2e425bf av-styling- av-img-linked avia-align-center  avia-builder-el-7  el_before_av_textblock  avia-builder-el-first'   itemprop=\"image\" itemscope=\"itemscope\" itemtype=\"https:\/\/schema.org\/ImageObject\" ><div class=\"avia-image-container-inner\"><div class=\"avia-image-overlay-wrap\"><a href=\"https:\/\/www-static.bouldercolorado.gov\/docs\/Get_To_Know_Your_Water-1-201803050909.pdf\" class='avia_image'  target=\"_blank\"  rel=\"noopener noreferrer\" aria-label='\u00bfDe d\u00f3nde viene el agua de los cantos rodados?'><img decoding=\"async\" fetchpriority=\"high\" class='wp-image-127523 avia-img-lazy-loading-not-127523 avia_image' src=\"https:\/\/boulder.earth\/wp-content\/uploads\/2019\/03\/where-does-water-come-from.jpg\" alt='' title='\u00bfDe d\u00f3nde viene el agua de los cantos rodados?'  height=\"208\" width=\"312\"  itemprop=\"thumbnailUrl\" srcset=\"https:\/\/boulder.earth\/wp-content\/uploads\/2019\/03\/where-does-water-come-from.jpg 312w, https:\/\/boulder.earth\/wp-content\/uploads\/2019\/03\/where-does-water-come-from-300x200.jpg 300w\" sizes=\"(max-width: 312px) 100vw, 312px\" \/><\/a><\/div><\/div><\/div><br \/>\n<section  class='av_textblock_section av-jt96zoip-6084df68c3b56cf5944a24a757fdc739'   itemscope=\"itemscope\" itemtype=\"https:\/\/schema.org\/CreativeWork\" ><div class='avia_textblock'  itemprop=\"text\" ><p style=\"text-align: center;\"><strong>\u00bfDe d\u00f3nde viene el agua potable de Boulder?<\/strong><br \/>\nLa ciudad de Boulder tiene la suerte de contar con varias fuentes de agua de alta calidad, incluidas las cabeceras de Boulder Creek y las desviaciones de la parte superior del r\u00edo Colorado en la ladera oeste. La ciudad tiene dos plantas de tratamiento de agua (WTP) y, seg\u00fan el lugar donde viva y la \u00e9poca del a\u00f1o, el agua puede provenir de la WTP de Betasso, la WTP del embalse de Boulder o de ambas.<\/p>\n<\/div><\/section><\/p><\/div>\n<style type=\"text\/css\" data-created_by=\"avia_inline_auto\" id=\"style-css-av-zzzz6if-d824d7622055f02ee5014ab2554b3038\">\n.flex_column.av-zzzz6if-d824d7622055f02ee5014ab2554b3038{\nborder-radius:0px 0px 0px 0px;\npadding:0px 0px 0px 0px;\n}\n<\/style>\n<div  class='flex_column av-zzzz6if-d824d7622055f02ee5014ab2554b3038 av_one_third  avia-builder-el-9  el_after_av_one_third  el_before_av_one_third  flex_column_div av-zero-column-padding  column-top-margin'     ><p>\n<style type=\"text\/css\" data-created_by=\"avia_inline_auto\" id=\"style-css-av-jt96wve8-e569c48d8b091ee68668dd96f3130450\">\n.avia-image-container.av-jt96wve8-e569c48d8b091ee68668dd96f3130450 img.avia_image{\nbox-shadow:none;\n}\n.avia-image-container.av-jt96wve8-e569c48d8b091ee68668dd96f3130450 .av-image-caption-overlay-center{\ncolor:#ffffff;\n}\n<\/style>\n<div  class='avia-image-container av-jt96wve8-e569c48d8b091ee68668dd96f3130450 av-styling- av-img-linked avia-align-center  avia-builder-el-10  el_before_av_textblock  avia-builder-el-first'   itemprop=\"image\" itemscope=\"itemscope\" itemtype=\"https:\/\/schema.org\/ImageObject\" ><div class=\"avia-image-container-inner\"><div class=\"avia-image-overlay-wrap\"><a href=\"https:\/\/bouldercolorado.gov\/water\/water-supply-and-planning\" class='avia_image'  target=\"_blank\"  rel=\"noopener noreferrer\" aria-label='abastecimiento de agua y planificaci\u00f3n'><img decoding=\"async\" fetchpriority=\"high\" class='wp-image-127525 avia-img-lazy-loading-not-127525 avia_image' src=\"https:\/\/boulder.earth\/wp-content\/uploads\/2019\/03\/water-supply-and-planning.jpg\" alt='' title='abastecimiento de agua y planificaci\u00f3n'  height=\"208\" width=\"312\"  itemprop=\"thumbnailUrl\" srcset=\"https:\/\/boulder.earth\/wp-content\/uploads\/2019\/03\/water-supply-and-planning.jpg 312w, https:\/\/boulder.earth\/wp-content\/uploads\/2019\/03\/water-supply-and-planning-300x200.jpg 300w\" sizes=\"(max-width: 312px) 100vw, 312px\" \/><\/a><\/div><\/div><\/div><br \/>\n<section  class='av_textblock_section av-jt96zoip-6084df68c3b56cf5944a24a757fdc739'   itemscope=\"itemscope\" itemtype=\"https:\/\/schema.org\/CreativeWork\" ><div class='avia_textblock'  itemprop=\"text\" ><div id=\"core_content\">\n<div class=\"bgimg-1\" style=\"text-align: center;\"><strong>Abastecimiento de agua y planificaci\u00f3n<br \/>\n<\/strong>La capacidad de la ciudad para obtener agua de las fuentes de las laderas este y oeste proporciona una medida de la confiabilidad del servicio de agua en respuesta a sequ\u00edas moderadas y localizadas u otros eventos. Los programas incluyen el Programa de Protecci\u00f3n de Fuentes de Agua, Conservaci\u00f3n de Agua y Planificaci\u00f3n de Sequ\u00edas, Arrendamiento de Agua, Zanjas de Riego.<\/div>\n<\/div>\n<\/div><\/section><\/p><\/div>\n<style type=\"text\/css\" data-created_by=\"avia_inline_auto\" id=\"style-css-av-vmitoaf-54846ba38ac1b975e45f0e206a9c4634\">\n.flex_column.av-vmitoaf-54846ba38ac1b975e45f0e206a9c4634{\nborder-radius:0px 0px 0px 0px;\npadding:0px 0px 0px 0px;\n}\n<\/style>\n<div  class='flex_column av-vmitoaf-54846ba38ac1b975e45f0e206a9c4634 av_one_third  avia-builder-el-12  el_after_av_one_third  el_before_av_one_third  flex_column_div av-zero-column-padding  column-top-margin'     ><p>\n<style type=\"text\/css\" data-created_by=\"avia_inline_auto\" id=\"style-css-av-jt96wve8-e8cbb51d3e128c5838be45e084eec9fd\">\n.avia-image-container.av-jt96wve8-e8cbb51d3e128c5838be45e084eec9fd img.avia_image{\nbox-shadow:none;\n}\n.avia-image-container.av-jt96wve8-e8cbb51d3e128c5838be45e084eec9fd .av-image-caption-overlay-center{\ncolor:#ffffff;\n}\n<\/style>\n<div  class='avia-image-container av-jt96wve8-e8cbb51d3e128c5838be45e084eec9fd av-styling- av-img-linked avia-align-center  avia-builder-el-13  el_before_av_textblock  avia-builder-el-first'   itemprop=\"image\" itemscope=\"itemscope\" itemtype=\"https:\/\/schema.org\/ImageObject\" ><div class=\"avia-image-container-inner\"><div class=\"avia-image-overlay-wrap\"><a href=\"https:\/\/westernresourceadvocates.org\/healthy-rivers-lakes\/water-conservation-efficiency\/\" class='avia_image'  target=\"_blank\"  rel=\"noopener noreferrer\" aria-label='agua-programas-wra'><img decoding=\"async\" fetchpriority=\"high\" class='wp-image-127527 avia-img-lazy-loading-not-127527 avia_image' src=\"https:\/\/boulder.earth\/wp-content\/uploads\/2019\/03\/water-programs-wra.jpg\" alt='' title='agua-programas-wra'  height=\"208\" width=\"312\"  itemprop=\"thumbnailUrl\" srcset=\"https:\/\/boulder.earth\/wp-content\/uploads\/2019\/03\/water-programs-wra.jpg 312w, https:\/\/boulder.earth\/wp-content\/uploads\/2019\/03\/water-programs-wra-300x200.jpg 300w\" sizes=\"(max-width: 312px) 100vw, 312px\" \/><\/a><\/div><\/div><\/div><br \/>\n<section  class='av_textblock_section av-jt96zoip-6084df68c3b56cf5944a24a757fdc739'   itemscope=\"itemscope\" itemtype=\"https:\/\/schema.org\/CreativeWork\" ><div class='avia_textblock'  itemprop=\"text\" ><p style=\"text-align: center;\"><strong>La conservaci\u00f3n del agua es esencial para garantizar un suministro estable de agua y proteger nuestra calidad de vida en Occidente.<\/strong><br \/>\nLas soluciones que ayudan a Occidente a conservar agua y reducir el desperdicio de agua son la forma m\u00e1s econ\u00f3mica, r\u00e1pida y confiable de asegurar nuestros suministros de agua y proteger la salud de los r\u00edos y lagos. Western Resource Advocates tiene 8 proyectos importantes.<\/p>\n<\/div><\/section><\/p><\/div>\n<style type=\"text\/css\" data-created_by=\"avia_inline_auto\" id=\"style-css-av-ktpks6v-a270321e35f92530755177ce1e7fc3d0\">\n.flex_column.av-ktpks6v-a270321e35f92530755177ce1e7fc3d0{\nborder-radius:0px 0px 0px 0px;\npadding:0px 0px 0px 0px;\n}\n<\/style>\n<div  class='flex_column av-ktpks6v-a270321e35f92530755177ce1e7fc3d0 av_one_third  avia-builder-el-15  el_after_av_one_third  el_before_av_one_third  first flex_column_div av-zero-column-padding  column-top-margin'     ><p>\n<style type=\"text\/css\" data-created_by=\"avia_inline_auto\" id=\"style-css-av-jt96wve8-20a29acc97b274c8a20a9ced92a99b07\">\n.avia-image-container.av-jt96wve8-20a29acc97b274c8a20a9ced92a99b07 img.avia_image{\nbox-shadow:none;\n}\n.avia-image-container.av-jt96wve8-20a29acc97b274c8a20a9ced92a99b07 .av-image-caption-overlay-center{\ncolor:#ffffff;\n}\n<\/style>\n<div  class='avia-image-container av-jt96wve8-20a29acc97b274c8a20a9ced92a99b07 av-styling- av-img-linked avia-align-center  avia-builder-el-16  el_before_av_textblock  avia-builder-el-first'   itemprop=\"image\" itemscope=\"itemscope\" itemtype=\"https:\/\/schema.org\/ImageObject\" ><div class=\"avia-image-container-inner\"><div class=\"avia-image-overlay-wrap\"><a href=\"https:\/\/www.bouldercounty.org\/environment\/water\/\" class='avia_image'  target=\"_blank\"  rel=\"noopener noreferrer\" aria-label='boco-calidad-del-agua'><img decoding=\"async\" fetchpriority=\"high\" class='wp-image-127528 avia-img-lazy-loading-not-127528 avia_image' src=\"https:\/\/boulder.earth\/wp-content\/uploads\/2019\/03\/boco-water-quality.jpg\" alt='' title='boco-calidad-del-agua'  height=\"208\" width=\"312\"  itemprop=\"thumbnailUrl\" srcset=\"https:\/\/boulder.earth\/wp-content\/uploads\/2019\/03\/boco-water-quality.jpg 312w, https:\/\/boulder.earth\/wp-content\/uploads\/2019\/03\/boco-water-quality-300x200.jpg 300w\" sizes=\"(max-width: 312px) 100vw, 312px\" \/><\/a><\/div><\/div><\/div><br \/>\n<section  class='av_textblock_section av-jt96zoip-6084df68c3b56cf5944a24a757fdc739'   itemscope=\"itemscope\" itemtype=\"https:\/\/schema.org\/CreativeWork\" ><div class='avia_textblock'  itemprop=\"text\" ><p style=\"text-align: center;\"><strong>Calidad del agua del condado de Boulder<\/strong><br \/>\nEl condado de Boulder trabaja para mejorar la calidad del agua, prevenir enfermedades transmitidas por el agua y reducir los impactos ambientales y de salud p\u00fablica negativos en nuestras fuentes de agua locales. Obtenga m\u00e1s informaci\u00f3n sobre el estudio del agua del este del condado de Boulder, eliminaci\u00f3n de productos farmac\u00e9uticos, SepticSmart, agua de pozo.<\/p>\n<\/div><\/section><\/p><\/div>\n<style type=\"text\/css\" data-created_by=\"avia_inline_auto\" id=\"style-css-av-fosp5dj-e2199acfe6ed5ada0f4391c3277636a1\">\n.flex_column.av-fosp5dj-e2199acfe6ed5ada0f4391c3277636a1{\nborder-radius:0px 0px 0px 0px;\npadding:0px 0px 0px 0px;\n}\n<\/style>\n<div  class='flex_column av-fosp5dj-e2199acfe6ed5ada0f4391c3277636a1 av_one_third  avia-builder-el-18  el_after_av_one_third  el_before_av_one_third  flex_column_div av-zero-column-padding  column-top-margin'     ><p>\n<style type=\"text\/css\" data-created_by=\"avia_inline_auto\" id=\"style-css-av-jt96wve8-c1ae019b62c5f7c92cfcc0b67535a0d8\">\n.avia-image-container.av-jt96wve8-c1ae019b62c5f7c92cfcc0b67535a0d8 img.avia_image{\nbox-shadow:none;\n}\n.avia-image-container.av-jt96wve8-c1ae019b62c5f7c92cfcc0b67535a0d8 .av-image-caption-overlay-center{\ncolor:#ffffff;\n}\n<\/style>\n<div  class='avia-image-container av-jt96wve8-c1ae019b62c5f7c92cfcc0b67535a0d8 av-styling- av-img-linked avia-align-center  avia-builder-el-19  el_before_av_textblock  avia-builder-el-first'   itemprop=\"image\" itemscope=\"itemscope\" itemtype=\"https:\/\/schema.org\/ImageObject\" ><div class=\"avia-image-container-inner\"><div class=\"avia-image-overlay-wrap\"><a href=\"https:\/\/bouldercolorado.gov\/parks-rec\/boulder-reservoir\" class='avia_image'  target=\"_blank\"  rel=\"noopener noreferrer\" aria-label='dep\u00f3sito de roca'><img decoding=\"async\" fetchpriority=\"high\" class='wp-image-127530 avia-img-lazy-loading-not-127530 avia_image' src=\"https:\/\/boulder.earth\/wp-content\/uploads\/2019\/03\/boulder-reservoir.jpg\" alt='' title='dep\u00f3sito de roca'  height=\"208\" width=\"312\"  itemprop=\"thumbnailUrl\" srcset=\"https:\/\/boulder.earth\/wp-content\/uploads\/2019\/03\/boulder-reservoir.jpg 312w, https:\/\/boulder.earth\/wp-content\/uploads\/2019\/03\/boulder-reservoir-300x200.jpg 300w\" sizes=\"(max-width: 312px) 100vw, 312px\" \/><\/a><\/div><\/div><\/div><br \/>\n<section  class='av_textblock_section av-jt96zoip-6084df68c3b56cf5944a24a757fdc739'   itemscope=\"itemscope\" itemtype=\"https:\/\/schema.org\/CreativeWork\" ><div class='avia_textblock'  itemprop=\"text\" ><p style=\"text-align: center;\"><strong>Embalse de roca<\/strong><br \/>\nes una instalaci\u00f3n recreativa y de almacenamiento de agua de usos m\u00faltiples de 700 acres, propiedad de la ciudad de Boulder y administrada por esta y operada como suministro de agua por el Distrito de Conservaci\u00f3n del Agua del Norte de Colorado. Obtenga m\u00e1s informaci\u00f3n sobre visitas, horarios, permisos de embarcaciones, campamentos, eventos y preguntas frecuentes.<\/p>\n<\/div><\/section><\/p><\/div>\n<style type=\"text\/css\" data-created_by=\"avia_inline_auto\" id=\"style-css-av-cuwljcn-ac728611fcd27190f4a34101fd875c20\">\n.flex_column.av-cuwljcn-ac728611fcd27190f4a34101fd875c20{\nborder-radius:0px 0px 0px 0px;\npadding:0px 0px 0px 0px;\n}\n<\/style>\n<div  class='flex_column av-cuwljcn-ac728611fcd27190f4a34101fd875c20 av_one_third  avia-builder-el-21  el_after_av_one_third  avia-builder-el-last  flex_column_div av-zero-column-padding  column-top-margin'     ><p>\n<style type=\"text\/css\" data-created_by=\"avia_inline_auto\" id=\"style-css-av-jt96wve8-16be7c0f256865c1822122b25d895806\">\n.avia-image-container.av-jt96wve8-16be7c0f256865c1822122b25d895806 img.avia_image{\nbox-shadow:none;\n}\n.avia-image-container.av-jt96wve8-16be7c0f256865c1822122b25d895806 .av-image-caption-overlay-center{\ncolor:#ffffff;\n}\n<\/style>\n<div  class='avia-image-container av-jt96wve8-16be7c0f256865c1822122b25d895806 av-styling- av-img-linked avia-align-center  avia-builder-el-22  el_before_av_textblock  avia-builder-el-first'   itemprop=\"image\" itemscope=\"itemscope\" itemtype=\"https:\/\/schema.org\/ImageObject\" ><div class=\"avia-image-container-inner\"><div class=\"avia-image-overlay-wrap\"><a href=\"https:\/\/bouldercolorado.gov\/water\/hydroelectricity\" class='avia_image'  target=\"_blank\"  rel=\"noopener noreferrer\" aria-label='hidro-en-boulder'><img decoding=\"async\" fetchpriority=\"high\" class='wp-image-127532 avia-img-lazy-loading-not-127532 avia_image' src=\"https:\/\/boulder.earth\/wp-content\/uploads\/2019\/03\/hydro-in-boulder.jpg\" alt='' title='hidro-en-boulder'  height=\"208\" width=\"312\"  itemprop=\"thumbnailUrl\" srcset=\"https:\/\/boulder.earth\/wp-content\/uploads\/2019\/03\/hydro-in-boulder.jpg 312w, https:\/\/boulder.earth\/wp-content\/uploads\/2019\/03\/hydro-in-boulder-300x200.jpg 300w\" sizes=\"(max-width: 312px) 100vw, 312px\" \/><\/a><\/div><\/div><\/div><br \/>\n<section  class='av_textblock_section av-jt96zoip-6084df68c3b56cf5944a24a757fdc739'   itemscope=\"itemscope\" itemtype=\"https:\/\/schema.org\/CreativeWork\" ><div class='avia_textblock'  itemprop=\"text\" ><p style=\"text-align: center;\"><strong>Hidroelectricidad en Boulder<\/strong><br \/>\nDesde 1985, el programa hidroel\u00e9ctrico de la ciudad de Boulder ha convertido la energ\u00eda del agua en electricidad, ha generado ingresos y ha proporcionado electricidad sostenible y no contaminante. La ciudad posee y opera ocho centrales hidroel\u00e9ctricas, una comprada y siete construidas en los \u00faltimos 20 a\u00f1os.<\/p>\n<\/div><\/section><\/p><\/div>\n<\/div><\/div><\/div><!-- close content main div --><\/div><\/div><div id='after_section_1'  class='main_color av_default_container_wrap container_wrap sidebar_right'  ><div class='container av-section-cont-open' ><div class='template-page content  av-content-small alpha units'><div class='post-entry post-entry-type-page post-entry-127397'><div class='entry-content-wrapper clearfix'>\n\n<style type=\"text\/css\" data-created_by=\"avia_inline_auto\" id=\"style-css-av-j2r8vj7-344356748a179ea42746a00713fedd31\">\n.flex_column.av-j2r8vj7-344356748a179ea42746a00713fedd31{\nborder-radius:0px 0px 0px 0px;\npadding:0px 0px 0px 0px;\n}\n<\/style>\n<div  class='flex_column av-j2r8vj7-344356748a179ea42746a00713fedd31 av_one_half  avia-builder-el-24  el_after_av_section  el_before_av_one_half  avia-builder-el-first  first flex_column_div av-zero-column-padding'     ><section  class='av_textblock_section av-jt8xqffi-491ff3475f202ad234b8b2b3f38c6c67'   itemscope=\"itemscope\" itemtype=\"https:\/\/schema.org\/CreativeWork\" ><div class='avia_textblock'  itemprop=\"text\" ><h4 style=\"text-align: center;\">La historia del agua de Boulder<\/h4>\n<p style=\"text-align: center;\">Mire este video completo para obtener una explicaci\u00f3n completa del suministro de agua de Boulder, el proceso de tratamiento y los desaf\u00edos de la administraci\u00f3n.<\/p>\n<\/div><\/section><br \/>\n<div  class='avia-video av-ilkj7oj-74c04617874179b176ea28ccde8e0ee0 avia-video-16-9 av-no-preview-image avia-video-load-always av-lazyload-immediate av-lazyload-video-embed'  itemprop=\"video\" itemtype=\"https:\/\/schema.org\/VideoObject\"  data-original_url='https:\/\/youtu.be\/pmyJ1ciejdk'><script type='text\/html' class='av-video-tmpl'><div class='avia-iframe-wrap'><iframe loading=\"lazy\" title=\"The Boulder Water Story\" width=\"1333\" height=\"1000\" src=\"https:\/\/www.youtube.com\/embed\/pmyJ1ciejdk?feature=oembed&autoplay=0&loop=0&controls=1&mute=0\" frameborder=\"0\" allow=\"accelerometer; autoplay; clipboard-write; encrypted-media; gyroscope; picture-in-picture\" allowfullscreen><\/iframe><\/div><\/script><div class='av-click-to-play-overlay'><div class=\"avia_playpause_icon\"><\/div><\/div><\/div><\/p><\/div>\n\n<style type=\"text\/css\" data-created_by=\"avia_inline_auto\" id=\"style-css-av-i3fxzib-ffe7d3564d3e82bd8a26bf6287c0d7c1\">\n.flex_column.av-i3fxzib-ffe7d3564d3e82bd8a26bf6287c0d7c1{\nborder-radius:0px 0px 0px 0px;\npadding:0px 0px 0px 0px;\n}\n<\/style>\n<div  class='flex_column av-i3fxzib-ffe7d3564d3e82bd8a26bf6287c0d7c1 av_one_half  avia-builder-el-27  el_after_av_one_half  el_before_av_one_full  flex_column_div av-zero-column-padding'     ><section  class='av_textblock_section av-jt8xqffi-491ff3475f202ad234b8b2b3f38c6c67'   itemscope=\"itemscope\" itemtype=\"https:\/\/schema.org\/CreativeWork\" ><div class='avia_textblock'  itemprop=\"text\" ><h4 style=\"text-align: center;\">El nexo agua\/energ\u00eda<\/h4>\n<p style=\"text-align: center;\">\u00bfTe preguntas sobre la conexi\u00f3n entre la energ\u00eda y el agua? Piense en c\u00f3mo la sequ\u00eda podr\u00eda afectar la electricidad. Stacy Tellinghuisen de Western Resource Advocates, explica.<\/p>\n<\/div><\/section><br \/>\n<div  class='avia-video av-hnzg4df-6f0d5a42b6a336aeace6eccb68273b92 avia-video-16-9 av-no-preview-image avia-video-load-always av-lazyload-immediate av-lazyload-video-embed'  itemprop=\"video\" itemtype=\"https:\/\/schema.org\/VideoObject\"  data-original_url='https:\/\/vimeo.com\/63936593'><script type='text\/html' class='av-video-tmpl'><div class='avia-iframe-wrap'><iframe loading=\"lazy\" title=\"The Water\/Energy Nexus\" src=\"https:\/\/player.vimeo.com\/video\/63936593?h=9982f4d936&amp;dnt=1&amp;app_id=122963&autoplay=0&loop=0&controls=1&muted=0\" width=\"1280\" height=\"720\" frameborder=\"0\" allow=\"autoplay; fullscreen; picture-in-picture\" allowfullscreen><\/iframe><\/div><\/script><div class='av-click-to-play-overlay'><div class=\"avia_playpause_icon\"><\/div><\/div><\/div><\/p><\/div>\n\n<style type=\"text\/css\" data-created_by=\"avia_inline_auto\" id=\"style-css-av-50wcvsz-ab68550a0500d026ec0a288392a273f9\">\n.flex_column.av-50wcvsz-ab68550a0500d026ec0a288392a273f9{\nborder-radius:0px 0px 0px 0px;\npadding:0px 0px 0px 0px;\n}\n<\/style>\n<div  class='flex_column av-50wcvsz-ab68550a0500d026ec0a288392a273f9 av_one_full  avia-builder-el-30  el_after_av_one_half  el_before_av_hr  first flex_column_div av-zero-column-padding  column-top-margin'     ><section  class='av_textblock_section av-gaw9nn-307b62cd5cf74fd96ff76d08aa54a82f'   itemscope=\"itemscope\" itemtype=\"https:\/\/schema.org\/CreativeWork\" ><div class='avia_textblock'  itemprop=\"text\" ><h1 style=\"text-align: center;\">\u00bfSediento de m\u00e1s conocimiento?<\/h1>\n<h3 style=\"text-align: center;\">Historias recientes sobre el agua de Boulder las noticias.<\/h3>\n<h3 id=\"page-title\" class=\"page-title title\"><a href=\"https:\/\/www.colorado.edu\/today\/2010\/06\/21\/gender-bending-fish-problem-colorado-creek-mitigated-treatment-plant-upgrade\" target=\"_blank\" rel=\"noopener noreferrer\">El problema de los peces que modifican el g\u00e9nero en Colorado Creek mitigado por la mejora de la planta de tratamiento<\/a><\/h3>\n<p>Los peces macho est\u00e1n tardando m\u00e1s en ser &quot;feminizados&quot; por contaminantes qu\u00edmicos que act\u00faan como disruptores hormonales en Boulder Creek, Colorado, luego de la mejora de una planta de tratamiento de aguas residuales en Boulder en 2008, seg\u00fan un nuevo estudio dirigido por la Universidad de Colorado en Boulder. <a href=\"https:\/\/kdvr.com\/2018\/11\/14\/you-can-now-borrow-reusable-coffee-mugs-just-like-you-check-out-library-books\/\" target=\"_blank\" rel=\"noopener noreferrer\">Lea la historia en CU Boulder hoy<\/a><\/p>\n<hr \/>\n<h3 class=\"entry-title\"><a href=\"https:\/\/yonearth.org\/podcast-archive\/episode-11-angela-ortiz-y-on-earth-community-podcast\/\" target=\"_blank\" rel=\"noopener noreferrer\">Angela Maria Roa Ortiz explica Foundation for Leaders Organizing for Water &amp; Sustainability (FLOWS)<\/a><\/h3>\n<p>\u00c1ngela Mar\u00eda Roa Ortiz, l\u00edder comunitaria de la Fundaci\u00f3n para L\u00edderes Organizados por el Agua y la Sostenibilidad (FLOWS), es entrevistada por el autor Aaron William Perry en este episodio. Angela analiza la ciudadan\u00eda global en el contexto de la acci\u00f3n local. Habla sobre la importancia de la amabilidad y la intenci\u00f3n mientras celebramos la diversidad y movilizamos la sociedad multidimensional...\u00a0 <a href=\"https:\/\/yonearth.org\/podcast-archive\/episode-11-angela-ortiz-y-on-earth-community-podcast\/\" target=\"_blank\" rel=\"noopener noreferrer\">Escuche el Podcast en Y on Earth<\/a><\/p>\n<hr \/>\n<h3 id=\"articleTitle\" class=\"articleTitle\"><a href=\"http:\/\/www.dailycamera.com\/boulder-county-news\/ci_32514362\/boulder-county-commissioners-affirm-right-review-gross-reservoir\" target=\"_blank\" rel=\"noopener noreferrer\">Los comisionados del condado de Boulder afirman el derecho a revisar los planes de expansi\u00f3n de Gross Reservoir<\/a><\/h3>\n<p>Despu\u00e9s de m\u00e1s de cuatro horas de s\u00faplicas apasionadas de miembros del p\u00fablico el jueves por la noche, los comisionados del condado de Boulder votaron un\u00e1nimemente que la expansi\u00f3n planificada de Gross Reservoir de Denver Water debe pasar por el proceso de revisi\u00f3n del condado. <a href=\"http:\/\/www.dailycamera.com\/boulder-county-news\/ci_32514362\/boulder-county-commissioners-affirm-right-review-gross-reservoir\" target=\"_blank\" rel=\"noopener noreferrer\">Lea la historia en Daily Camera<\/a><\/p>\n<hr \/>\n<h3 id=\"articleTitle\" class=\"articleTitle\"><a href=\"http:\/\/www.dailycamera.com\/news\/boulder-flood\/ci_24148258\/boulder-county-colorado-flood-2013-survival-100-rain-100-year-flood\" target=\"_blank\" rel=\"noopener noreferrer\">Ocho d\u00edas, lluvia de 1000 a\u00f1os, inundaci\u00f3n de 100 a\u00f1os: la historia de la inundaci\u00f3n del condado de Boulder de 2013<\/a><\/h3>\n<p>La ciudad de Boulder, a las 10:01 p. m., activ\u00f3 las sirenas de inundaci\u00f3n cerca de Boulder Creek, instando a cualquier persona cerca de la v\u00eda fluvial a buscar un terreno m\u00e1s alto de inmediato. No intentes cruzar el arroyo de ninguna manera, se le dijo a la gente. <a href=\"http:\/\/www.dailycamera.com\/news\/boulder-flood\/ci_24148258\/boulder-county-colorado-flood-2013-survival-100-rain-100-year-flood\" target=\"_blank\" rel=\"noopener noreferrer\">Lea la historia completa en Daily Camera<\/a><\/p>\n<\/div><\/section><\/div>\n<div  class='hr av-vflr0j-00febd929c68b1ac2b629573fdbb58fd hr-default  avia-builder-el-32  el_after_av_one_full  el_before_av_one_full'><span class='hr-inner'><span class=\"hr-inner-style\"><\/span><\/span><\/div>\n\n<style type=\"text\/css\" data-created_by=\"avia_inline_auto\" id=\"style-css-av-3gc8k2r-f92d66325e2ff5b49709d5ad1ea4fe64\">\n.flex_column.av-3gc8k2r-f92d66325e2ff5b49709d5ad1ea4fe64{\nborder-radius:0px 0px 0px 0px;\npadding:0px 0px 0px 0px;\n}\n<\/style>\n<div  class='flex_column av-3gc8k2r-f92d66325e2ff5b49709d5ad1ea4fe64 av_one_full  avia-builder-el-33  el_after_av_hr  el_before_av_section  avia-builder-el-last  first flex_column_div av-zero-column-padding'     ><section  class='av_textblock_section av-az6ov7-66465aef507e0fc2449608806148bebd'   itemscope=\"itemscope\" itemtype=\"https:\/\/schema.org\/CreativeWork\" ><div class='avia_textblock'  itemprop=\"text\" ><h1 id=\"orgs\" style=\"text-align: center;\">Organizaciones locales que abordan el agua<\/h1>\n<\/div><\/section><br \/>\n<div id='av-masonry-1' class='av-masonry av-2cg70yr-8f526a00b08bbe73d161221cd245796b noHover av-flex-size av-large-gap av-hover-overlay-active av-masonry-animation-active av-masonry-col-5 av-caption-on-hover av-caption-style-overlay av-masonry-entries av-mini-columns-overwrite av-mini-columns-3' data-post_id=\"127397\"><div class=\"av-masonry-container isotope av-js-disabled\"><div class='av-masonry-entry isotope-item av-masonry-item-no-image all_sort education_sort  environment_sort  water_sort  agriculture_sort  zero-waste_sort  activism_sort  science_sort  conservation_sort  arts-culture_sort  community_sort  fracking_sort  justice_sort  policy_sort  resources_sort  communications_sort  economics_sort  pollinators_sort'><\/div><a href=\"https:\/\/boulder.earth\/es\/organizations\/boulder-watershed-collective\/\"  id='av-masonry-1-item-5478752' data-av-masonry-item='5478752' class='av-masonry-entry isotope-item post-5478752 portfolio type-portfolio status-publish has-post-thumbnail hentry portfolio_entries-education portfolio_entries-environment portfolio_entries-water all_sort education_sort  environment_sort  water_sort  av-masonry-item-with-image' title=\"boulder-watershed-colective\"   itemscope=\"itemscope\" itemtype=\"https:\/\/schema.org\/CreativeWork\" ><div class='av-inner-masonry-sizer'><\/div><figure class='av-inner-masonry main_color'><div class=\"av-masonry-outerimage-container\"><div class='av-masonry-image-container'  ><img decoding=\"async\" width=\"300\" height=\"200\" fetchpriority=\"high\" class=\"wp-image-5478753 avia-img-lazy-loading-not-5478753\"  src=\"https:\/\/boulder.earth\/wp-content\/uploads\/2022\/09\/boulder-watershed-collective.png\" title=\"boulder-watershed-colective\" alt=\"\" srcset=\"https:\/\/boulder.earth\/wp-content\/uploads\/2022\/09\/boulder-watershed-collective.png 300w, https:\/\/boulder.earth\/wp-content\/uploads\/2022\/09\/boulder-watershed-collective-18x12.png 18w\" sizes=\"(max-width: 300px) 100vw, 300px\" \/><\/div><\/div><figcaption class='av-inner-masonry-content site-background'><div class='av-inner-masonry-content-pos'><div class='av-inner-masonry-content-pos-content'><div class='avia-arrow'><\/div><div class='av-masonry-entry-content entry-content'  itemprop=\"text\" >cultivar asociaciones, promover la administraci\u00f3n comunitaria y revitalizar los sistemas sociales y ecol\u00f3gicos dentro de la cuenca de Boulder Creek y m\u00e1s all\u00e1<\/div><\/div><\/div><\/figcaption><\/figure><\/a><!--end av-masonry entry--><a href=\"https:\/\/boulder.earth\/es\/organizations\/colorado-greywater\/\"  id='av-masonry-1-item-29301' data-av-masonry-item='29301' class='av-masonry-entry isotope-item post-29301 portfolio type-portfolio status-publish has-post-thumbnail hentry portfolio_entries-agriculture portfolio_entries-water portfolio_entries-zero-waste all_sort agriculture_sort  water_sort  zero-waste_sort  av-masonry-item-with-image' title=\"colorado-aguasgrises\"   itemscope=\"itemscope\" itemtype=\"https:\/\/schema.org\/CreativeWork\" ><div class='av-inner-masonry-sizer'><\/div><figure class='av-inner-masonry main_color'><div class=\"av-masonry-outerimage-container\"><div class='av-masonry-image-container'  ><img decoding=\"async\" width=\"500\" height=\"333\" fetchpriority=\"high\" class=\"wp-image-29303 avia-img-lazy-loading-not-29303\"  src=\"https:\/\/boulder.earth\/wp-content\/uploads\/2017\/11\/colorado-greywater.png\" title=\"colorado-aguasgrises\" alt=\"\" srcset=\"https:\/\/boulder.earth\/wp-content\/uploads\/2017\/11\/colorado-greywater.png 500w, https:\/\/boulder.earth\/wp-content\/uploads\/2017\/11\/colorado-greywater-300x200.png 300w, https:\/\/boulder.earth\/wp-content\/uploads\/2017\/11\/colorado-greywater-450x300.png 450w\" sizes=\"(max-width: 500px) 100vw, 500px\" \/><\/div><\/div><figcaption class='av-inner-masonry-content site-background'><div class='av-inner-masonry-content-pos'><div class='av-inner-masonry-content-pos-content'><div class='avia-arrow'><\/div><div class='av-masonry-entry-content entry-content'  itemprop=\"text\" >trabajando para transformar las leyes y el paisaje del agua en Colorado, creando enfoques innovadores para trabajar dentro de nuestro presupuesto local de agua<\/div><\/div><\/div><\/figcaption><\/figure><\/a><!--end av-masonry entry--><a href=\"https:\/\/boulder.earth\/es\/organizations\/colorado-ocean-coalition\/\"  id='av-masonry-1-item-20223' data-av-masonry-item='20223' class='av-masonry-entry isotope-item post-20223 portfolio type-portfolio status-publish has-post-thumbnail hentry portfolio_entries-activism portfolio_entries-education portfolio_entries-science portfolio_entries-water all_sort activism_sort  education_sort  science_sort  water_sort  av-masonry-item-with-image' title=\"coalici\u00f3n-oc\u00e9ano-de-colorado\"   itemscope=\"itemscope\" itemtype=\"https:\/\/schema.org\/CreativeWork\" ><div class='av-inner-masonry-sizer'><\/div><figure class='av-inner-masonry main_color'><div class=\"av-masonry-outerimage-container\"><div class='av-masonry-image-container'  ><img decoding=\"async\" width=\"500\" height=\"333\" fetchpriority=\"high\" class=\"wp-image-20225 avia-img-lazy-loading-not-20225\"  src=\"https:\/\/boulder.earth\/wp-content\/uploads\/2017\/09\/colorado-ocean-coalition.png\" title=\"coalici\u00f3n-oc\u00e9ano-de-colorado\" alt=\"\" srcset=\"https:\/\/boulder.earth\/wp-content\/uploads\/2017\/09\/colorado-ocean-coalition.png 500w, https:\/\/boulder.earth\/wp-content\/uploads\/2017\/09\/colorado-ocean-coalition-300x200.png 300w, https:\/\/boulder.earth\/wp-content\/uploads\/2017\/09\/colorado-ocean-coalition-450x300.png 450w\" sizes=\"(max-width: 500px) 100vw, 500px\" \/><\/div><\/div><figcaption class='av-inner-masonry-content site-background'><div class='av-inner-masonry-content-pos'><div class='av-inner-masonry-content-pos-content'><div class='avia-arrow'><\/div><div class='av-masonry-entry-content entry-content'  itemprop=\"text\" >el cap\u00edtulo fundador de Inland Ocean Coalition, que ahora tiene 7 cap\u00edtulos en Am\u00e9rica del Norte, ayudando a los ciudadanos y las comunidades a desempe\u00f1ar un papel activo en la mejora de los impactos y las relaciones entre el interior, la costa y el oc\u00e9ano<\/div><\/div><\/div><\/figcaption><\/figure><\/a><!--end av-masonry entry--><a href=\"https:\/\/boulder.earth\/es\/organizations\/colorado-water-trust\/\"  id='av-masonry-1-item-6463980' data-av-masonry-item='6463980' class='av-masonry-entry isotope-item post-6463980 portfolio type-portfolio status-publish has-post-thumbnail hentry portfolio_entries-conservation portfolio_entries-environment portfolio_entries-water all_sort conservation_sort  environment_sort  water_sort  av-masonry-item-with-image' title=\"fideicomiso de agua de colorado\"   itemscope=\"itemscope\" itemtype=\"https:\/\/schema.org\/CreativeWork\" ><div class='av-inner-masonry-sizer'><\/div><figure class='av-inner-masonry main_color'><div class=\"av-masonry-outerimage-container\"><div class='av-masonry-image-container'  ><img decoding=\"async\" width=\"300\" height=\"200\" fetchpriority=\"high\" class=\"wp-image-6463981 avia-img-lazy-loading-not-6463981\"  src=\"https:\/\/boulder.earth\/wp-content\/uploads\/2025\/04\/colorado-water-trust.png\" title=\"fideicomiso de agua de colorado\" alt=\"\" srcset=\"https:\/\/boulder.earth\/wp-content\/uploads\/2025\/04\/colorado-water-trust.png 300w, https:\/\/boulder.earth\/wp-content\/uploads\/2025\/04\/colorado-water-trust-18x12.png 18w\" sizes=\"(max-width: 300px) 100vw, 300px\" \/><\/div><\/div><figcaption class='av-inner-masonry-content site-background'><div class='av-inner-masonry-content-pos'><div class='av-inner-masonry-content-pos-content'><div class='avia-arrow'><\/div><div class='av-masonry-entry-content entry-content'  itemprop=\"text\" >Restaurar el agua de los r\u00edos de Colorado trabajando con propietarios de tierras para proteger el h\u00e1bitat ecol\u00f3gico natural como facilitador para los propietarios de derechos de agua que desean utilizar parte o la totalidad de su agua para beneficiar a los r\u00edos y arroyos.<\/div><\/div><\/div><\/figcaption><\/figure><\/a><!--end av-masonry entry--><a href=\"https:\/\/boulder.earth\/es\/organizations\/earth-guardians\/\"  id='av-masonry-1-item-13603' data-av-masonry-item='13603' class='av-masonry-entry isotope-item post-13603 portfolio type-portfolio status-publish has-post-thumbnail hentry portfolio_entries-activism portfolio_entries-arts-culture portfolio_entries-community portfolio_entries-fracking portfolio_entries-justice portfolio_entries-policy portfolio_entries-water all_sort activism_sort  arts-culture_sort  community_sort  fracking_sort  justice_sort  policy_sort  water_sort  av-masonry-item-with-image' title=\"guardianes de la tierra\"   itemscope=\"itemscope\" itemtype=\"https:\/\/schema.org\/CreativeWork\" ><div class='av-inner-masonry-sizer'><\/div><figure class='av-inner-masonry main_color'><div class=\"av-masonry-outerimage-container\"><div class='av-masonry-image-container'  ><img decoding=\"async\" width=\"500\" height=\"333\" fetchpriority=\"high\" class=\"wp-image-13604 avia-img-lazy-loading-not-13604\"  src=\"https:\/\/boulder.earth\/wp-content\/uploads\/2017\/07\/earth-guardians.jpg\" title=\"guardianes de la tierra\" alt=\"\" srcset=\"https:\/\/boulder.earth\/wp-content\/uploads\/2017\/07\/earth-guardians.jpg 500w, https:\/\/boulder.earth\/wp-content\/uploads\/2017\/07\/earth-guardians-300x200.jpg 300w, https:\/\/boulder.earth\/wp-content\/uploads\/2017\/07\/earth-guardians-450x300.jpg 450w\" sizes=\"(max-width: 500px) 100vw, 500px\" \/><\/div><\/div><figcaption class='av-inner-masonry-content site-background'><div class='av-inner-masonry-content-pos'><div class='av-inner-masonry-content-pos-content'><div class='avia-arrow'><\/div><div class='av-masonry-entry-content entry-content'  itemprop=\"text\" >Hacer crecer un movimiento resiliente con j\u00f3venes a la vanguardia empoder\u00e1ndolos como l\u00edderes y amplificando su impacto.<\/div><\/div><\/div><\/figcaption><\/figure><\/a><!--end av-masonry entry--><a href=\"https:\/\/boulder.earth\/es\/organizations\/flows-foundations-for-leaders-organizing-for-water-and-sustainability\/\"  id='av-masonry-1-item-21142' data-av-masonry-item='21142' class='av-masonry-entry isotope-item post-21142 portfolio type-portfolio status-publish has-post-thumbnail hentry portfolio_entries-justice portfolio_entries-resources portfolio_entries-water all_sort justice_sort  resources_sort  water_sort  av-masonry-item-with-image' title=\"FLUJOS-r\u00e1faga\"   itemscope=\"itemscope\" itemtype=\"https:\/\/schema.org\/CreativeWork\" ><div class='av-inner-masonry-sizer'><\/div><figure class='av-inner-masonry main_color'><div class=\"av-masonry-outerimage-container\"><div class='av-masonry-image-container'  ><img decoding=\"async\" width=\"500\" height=\"333\" fetchpriority=\"high\" class=\"wp-image-21145 avia-img-lazy-loading-not-21145\"  src=\"https:\/\/boulder.earth\/wp-content\/uploads\/2017\/09\/FLOWS-burst.jpg\" title=\"FLUJOS-r\u00e1faga\" alt=\"\" srcset=\"https:\/\/boulder.earth\/wp-content\/uploads\/2017\/09\/FLOWS-burst.jpg 500w, https:\/\/boulder.earth\/wp-content\/uploads\/2017\/09\/FLOWS-burst-300x200.jpg 300w, https:\/\/boulder.earth\/wp-content\/uploads\/2017\/09\/FLOWS-burst-450x300.jpg 450w\" sizes=\"(max-width: 500px) 100vw, 500px\" \/><\/div><\/div><figcaption class='av-inner-masonry-content site-background'><div class='av-inner-masonry-content-pos'><div class='av-inner-masonry-content-pos-content'><div class='avia-arrow'><\/div><div class='av-masonry-entry-content entry-content'  itemprop=\"text\" >buscando unir la justicia social y los problemas ambientales al proporcionar capacitaci\u00f3n en liderazgo, habilidades de empleo ecol\u00f3gico y actualizaciones de agua y energ\u00eda a las comunidades desatendidas, al tiempo que crea asociaciones entre estudiantes, personal y miembros de la comunidad<\/div><\/div><\/div><\/figcaption><\/figure><\/a><!--end av-masonry entry--><a href=\"https:\/\/boulder.earth\/es\/organizations\/food-water-watch\/\"  id='av-masonry-1-item-42893' data-av-masonry-item='42893' class='av-masonry-entry isotope-item post-42893 portfolio type-portfolio status-publish has-post-thumbnail hentry portfolio_entries-activism portfolio_entries-environment portfolio_entries-fracking portfolio_entries-justice portfolio_entries-policy portfolio_entries-water all_sort activism_sort  environment_sort  fracking_sort  justice_sort  policy_sort  water_sort  av-masonry-item-with-image' title=\"reloj-de-comida-y-agua\"   itemscope=\"itemscope\" itemtype=\"https:\/\/schema.org\/CreativeWork\" ><div class='av-inner-masonry-sizer'><\/div><figure class='av-inner-masonry main_color'><div class=\"av-masonry-outerimage-container\"><div class='av-masonry-image-container'  ><img decoding=\"async\" width=\"500\" height=\"333\" fetchpriority=\"high\" class=\"wp-image-42896 avia-img-lazy-loading-not-42896\"  src=\"https:\/\/boulder.earth\/wp-content\/uploads\/2018\/01\/food-and-water-watch.png\" title=\"reloj-de-comida-y-agua\" alt=\"\" srcset=\"https:\/\/boulder.earth\/wp-content\/uploads\/2018\/01\/food-and-water-watch.png 500w, https:\/\/boulder.earth\/wp-content\/uploads\/2018\/01\/food-and-water-watch-300x200.png 300w, https:\/\/boulder.earth\/wp-content\/uploads\/2018\/01\/food-and-water-watch-450x300.png 450w\" sizes=\"(max-width: 500px) 100vw, 500px\" \/><\/div><\/div><figcaption class='av-inner-masonry-content site-background'><div class='av-inner-masonry-content-pos'><div class='av-inner-masonry-content-pos-content'><div class='avia-arrow'><\/div><div class='av-masonry-entry-content entry-content'  itemprop=\"text\" >Defender alimentos saludables y agua limpia para todos, hacer frente a las corporaciones que anteponen las ganancias a las personas y abogar por una democracia que mejore la vida de las personas y proteja nuestro medio ambiente.<\/div><\/div><\/div><\/figcaption><\/figure><\/a><!--end av-masonry entry--><a href=\"https:\/\/boulder.earth\/es\/organizations\/keep-it-clean-partnership\/\"  id='av-masonry-1-item-127821' data-av-masonry-item='127821' class='av-masonry-entry isotope-item post-127821 portfolio type-portfolio status-publish has-post-thumbnail hentry portfolio_entries-communications portfolio_entries-water all_sort communications_sort  water_sort  av-masonry-item-with-image' title=\"mantenlo limpio\"   itemscope=\"itemscope\" itemtype=\"https:\/\/schema.org\/CreativeWork\" ><div class='av-inner-masonry-sizer'><\/div><figure class='av-inner-masonry main_color'><div class=\"av-masonry-outerimage-container\"><div class='av-masonry-image-container'  ><img decoding=\"async\" width=\"300\" height=\"200\" fetchpriority=\"high\" class=\"wp-image-127825 avia-img-lazy-loading-not-127825\"  src=\"https:\/\/boulder.earth\/wp-content\/uploads\/2019\/04\/keep-it-clean.jpg\" title=\"mantenlo limpio\" alt=\"\" \/><\/div><\/div><figcaption class='av-inner-masonry-content site-background'><div class='av-inner-masonry-content-pos'><div class='av-inner-masonry-content-pos-content'><div class='avia-arrow'><\/div><div class='av-masonry-entry-content entry-content'  itemprop=\"text\" >colaborando en la gesti\u00f3n de aguas pluviales y protegiendo la cuenca<\/div><\/div><\/div><\/figcaption><\/figure><\/a><!--end av-masonry entry--><a href=\"https:\/\/boulder.earth\/es\/organizations\/river-network\/\"  id='av-masonry-1-item-127059' data-av-masonry-item='127059' class='av-masonry-entry isotope-item post-127059 portfolio type-portfolio status-publish has-post-thumbnail hentry portfolio_entries-activism portfolio_entries-environment portfolio_entries-water all_sort activism_sort  environment_sort  water_sort  av-masonry-item-with-image' title=\"red fluvial\"   itemscope=\"itemscope\" itemtype=\"https:\/\/schema.org\/CreativeWork\" ><div class='av-inner-masonry-sizer'><\/div><figure class='av-inner-masonry main_color'><div class=\"av-masonry-outerimage-container\"><div class='av-masonry-image-container'  ><img decoding=\"async\" width=\"300\" height=\"200\" fetchpriority=\"high\" class=\"wp-image-127064 avia-img-lazy-loading-not-127064\"  src=\"https:\/\/boulder.earth\/wp-content\/uploads\/2019\/03\/river-network.jpg\" title=\"red fluvial\" alt=\"\" \/><\/div><\/div><figcaption class='av-inner-masonry-content site-background'><div class='av-inner-masonry-content-pos'><div class='av-inner-masonry-content-pos-content'><div class='avia-arrow'><\/div><div class='av-masonry-entry-content entry-content'  itemprop=\"text\" >empoderar y unir a personas y comunidades para proteger y restaurar r\u00edos y otras aguas que sustentan toda la vida<\/div><\/div><\/div><\/figcaption><\/figure><\/a><!--end av-masonry entry--><a href=\"https:\/\/boulder.earth\/es\/organizations\/save-the-colorado\/\"  id='av-masonry-1-item-32333' data-av-masonry-item='32333' class='av-masonry-entry isotope-item post-32333 portfolio type-portfolio status-publish has-post-thumbnail hentry portfolio_entries-environment portfolio_entries-justice portfolio_entries-water all_sort environment_sort  justice_sort  water_sort  av-masonry-item-with-image' title=\"salvar-el-colorado\"   itemscope=\"itemscope\" itemtype=\"https:\/\/schema.org\/CreativeWork\" ><div class='av-inner-masonry-sizer'><\/div><figure class='av-inner-masonry main_color'><div class=\"av-masonry-outerimage-container\"><div class='av-masonry-image-container'  ><img decoding=\"async\" width=\"500\" height=\"333\" fetchpriority=\"high\" class=\"wp-image-32335 avia-img-lazy-loading-not-32335\"  src=\"https:\/\/boulder.earth\/wp-content\/uploads\/2017\/12\/save-the-colorado.jpg\" title=\"salvar-el-colorado\" alt=\"\" srcset=\"https:\/\/boulder.earth\/wp-content\/uploads\/2017\/12\/save-the-colorado.jpg 500w, https:\/\/boulder.earth\/wp-content\/uploads\/2017\/12\/save-the-colorado-300x200.jpg 300w, https:\/\/boulder.earth\/wp-content\/uploads\/2017\/12\/save-the-colorado-450x300.jpg 450w\" sizes=\"(max-width: 500px) 100vw, 500px\" \/><\/div><\/div><figcaption class='av-inner-masonry-content site-background'><div class='av-inner-masonry-content-pos'><div class='av-inner-masonry-content-pos-content'><div class='avia-arrow'><\/div><div class='av-masonry-entry-content entry-content'  itemprop=\"text\" >proteger y restaurar el r\u00edo Colorado y sus afluentes desde el nacimiento hasta el mar<\/div><\/div><\/div><\/figcaption><\/figure><\/a><!--end av-masonry entry--><a href=\"https:\/\/boulder.earth\/es\/organizations\/western-resource-advocates\/\"  id='av-masonry-1-item-30979' data-av-masonry-item='30979' class='av-masonry-entry isotope-item post-30979 portfolio type-portfolio status-publish has-post-thumbnail hentry portfolio_entries-conservation portfolio_entries-economics portfolio_entries-environment portfolio_entries-policy portfolio_entries-water all_sort conservation_sort  economics_sort  environment_sort  policy_sort  water_sort  av-masonry-item-with-image' title=\"wra-logo\"   itemscope=\"itemscope\" itemtype=\"https:\/\/schema.org\/CreativeWork\" ><div class='av-inner-masonry-sizer'><\/div><figure class='av-inner-masonry main_color'><div class=\"av-masonry-outerimage-container\"><div class='av-masonry-image-container'  ><img decoding=\"async\" width=\"500\" height=\"333\" fetchpriority=\"high\" class=\"wp-image-30981 avia-img-lazy-loading-not-30981\"  src=\"https:\/\/boulder.earth\/wp-content\/uploads\/2017\/11\/wra-logo.png\" title=\"wra-logo\" alt=\"\" srcset=\"https:\/\/boulder.earth\/wp-content\/uploads\/2017\/11\/wra-logo.png 500w, https:\/\/boulder.earth\/wp-content\/uploads\/2017\/11\/wra-logo-300x200.png 300w, https:\/\/boulder.earth\/wp-content\/uploads\/2017\/11\/wra-logo-450x300.png 450w\" sizes=\"(max-width: 500px) 100vw, 500px\" \/><\/div><\/div><figcaption class='av-inner-masonry-content site-background'><div class='av-inner-masonry-content-pos'><div class='av-inner-masonry-content-pos-content'><div class='avia-arrow'><\/div><div class='av-masonry-entry-content entry-content'  itemprop=\"text\" >dedicado a proteger la tierra, el aire y el agua del oeste para garantizar que existan comunidades vibrantes en equilibrio con la naturaleza, utilizando la ley, la ciencia y la econom\u00eda para crear soluciones innovadoras a los problemas de conservaci\u00f3n m\u00e1s apremiantes en la regi\u00f3n<\/div><\/div><\/div><\/figcaption><\/figure><\/a><!--end av-masonry entry--><a href=\"https:\/\/boulder.earth\/es\/organizations\/wild-boulder-citizen-science-in-action\/\"  id='av-masonry-1-item-62236' data-av-masonry-item='62236' class='av-masonry-entry isotope-item post-62236 portfolio type-portfolio status-publish has-post-thumbnail hentry portfolio_entries-agriculture portfolio_entries-community portfolio_entries-education portfolio_entries-pollinators portfolio_entries-science portfolio_entries-water all_sort agriculture_sort  community_sort  education_sort  pollinators_sort  science_sort  water_sort  av-masonry-item-with-image' title=\"WildBoulder\"   itemscope=\"itemscope\" itemtype=\"https:\/\/schema.org\/CreativeWork\" ><div class='av-inner-masonry-sizer'><\/div><figure class='av-inner-masonry main_color'><div class=\"av-masonry-outerimage-container\"><div class='av-masonry-image-container'  ><img decoding=\"async\" width=\"500\" height=\"333\" fetchpriority=\"high\" class=\"wp-image-62241 avia-img-lazy-loading-not-62241\"  src=\"https:\/\/boulder.earth\/wp-content\/uploads\/2018\/04\/WildBoulder-1.png\" title=\"WildBoulder\" alt=\"\" srcset=\"https:\/\/boulder.earth\/wp-content\/uploads\/2018\/04\/WildBoulder-1.png 500w, https:\/\/boulder.earth\/wp-content\/uploads\/2018\/04\/WildBoulder-1-300x200.png 300w, https:\/\/boulder.earth\/wp-content\/uploads\/2018\/04\/WildBoulder-1-450x300.png 450w\" sizes=\"(max-width: 500px) 100vw, 500px\" \/><\/div><\/div><figcaption class='av-inner-masonry-content site-background'><div class='av-inner-masonry-content-pos'><div class='av-inner-masonry-content-pos-content'><div class='avia-arrow'><\/div><div class='av-masonry-entry-content entry-content'  itemprop=\"text\" >Enviar el llamado a los miembros de la comunidad para que asuman un papel activo en la protecci\u00f3n de nuestros espacios abiertos y la vida silvestre.<\/div><\/div><\/div><\/figcaption><\/figure><\/a><!--end av-masonry entry--><a href=\"https:\/\/boulder.earth\/es\/organizations\/xeric-gardens-resource-central\/\"  id='av-masonry-1-item-62225' data-av-masonry-item='62225' class='av-masonry-entry isotope-item post-62225 portfolio type-portfolio status-publish has-post-thumbnail hentry portfolio_entries-agriculture portfolio_entries-pollinators portfolio_entries-resources portfolio_entries-water portfolio_entries-zero-waste all_sort agriculture_sort  pollinators_sort  resources_sort  water_sort  zero-waste_sort  av-masonry-item-with-image' title=\"central de recursos\"   itemscope=\"itemscope\" itemtype=\"https:\/\/schema.org\/CreativeWork\" ><div class='av-inner-masonry-sizer'><\/div><figure class='av-inner-masonry main_color'><div class=\"av-masonry-outerimage-container\"><div class='av-masonry-image-container'  ><img decoding=\"async\" width=\"300\" height=\"200\" fetchpriority=\"high\" class=\"wp-image-125887 avia-img-lazy-loading-not-125887\"  src=\"https:\/\/boulder.earth\/wp-content\/uploads\/2018\/04\/resource-central.png\" title=\"central de recursos\" alt=\"\" \/><\/div><\/div><figcaption class='av-inner-masonry-content site-background'><div class='av-inner-masonry-content-pos'><div class='av-inner-masonry-content-pos-content'><div class='avia-arrow'><\/div><div class='av-masonry-entry-content entry-content'  itemprop=\"text\" >dedicado a ayudar a las personas a ahorrar agua, reducir los desechos y conservar la energ\u00eda<\/div><\/div><\/div><\/figcaption><\/figure><\/a><!--end av-masonry entry--><\/div><\/div><br \/>\n<section  class='av_textblock_section av-27ofgxv-b72b3a23dbd84f439d3c2569f9a634ab'   itemscope=\"itemscope\" itemtype=\"https:\/\/schema.org\/CreativeWork\" ><div class='avia_textblock'  itemprop=\"text\" ><h3 style=\"text-align: center;\">\u00bfTe dejamos alto y seco? \u00bfDebe su organizaci\u00f3n estar en la lista?<\/h3>\n<\/div><\/section><br \/>\n<div  class='avia-button-wrap av-1md65nn-c2add0f42e80cbf5f60cbec45a9f0ff7-wrap avia-button-center  avia-builder-el-37  el_after_av_textblock  el_before_av_hr'><a href='\/es\/feedback\/'  class='avia-button av-1md65nn-c2add0f42e80cbf5f60cbec45a9f0ff7 av-link-btn avia-icon_select-yes-left-icon avia-size-x-large avia-position-center avia-color-theme-color'   aria-label=\"Comparte tu informaci\u00f3n aqu\u00ed\"><span class='avia_button_icon avia_button_icon_left avia-iconfont avia-font-entypo-fontello' data-av_icon='\ue8d2' data-av_iconfont='entypo-fontello' ><\/span><span class='avia_iconbox_title' >Comparte tu informaci\u00f3n aqu\u00ed<\/span><\/a><\/div><br \/>\n\n<style type=\"text\/css\" data-created_by=\"avia_inline_auto\" id=\"style-css-av-152pgoz-2d74290ece77aa4fef76456e10cd0714\">\n#top .hr.hr-invisible.av-152pgoz-2d74290ece77aa4fef76456e10cd0714{\nheight:30px;\n}\n<\/style>\n<div  class='hr av-152pgoz-2d74290ece77aa4fef76456e10cd0714 hr-invisible  avia-builder-el-38  el_after_av_button  avia-builder-el-last'><span class='hr-inner'><span class=\"hr-inner-style\"><\/span><\/span><\/div><\/p><\/div><\/div><\/div><\/div><!-- close content main div --><\/div><\/div>\n<style type=\"text\/css\" data-created_by=\"avia_inline_auto\" id=\"style-css-av-eig325f-21f409fdc41e2a4fc9908ad238607bdc\">\n.avia-section.av-eig325f-21f409fdc41e2a4fc9908ad238607bdc{\nbackground-color:#f5f5f5;\nbackground-image:unset;\n}\n<\/style>\n<div id='av_section_2'  class='avia-section av-eig325f-21f409fdc41e2a4fc9908ad238607bdc main_color avia-section-default avia-no-shadow  avia-builder-el-39  el_after_av_one_full  el_before_av_layout_row  avia-bg-style-scroll container_wrap sidebar_right'  ><div class='container av-section-cont-open' ><div class='template-page content  av-content-small alpha units'><div class='post-entry post-entry-type-page post-entry-127397'><div class='entry-content-wrapper clearfix'>\n\n\n<style type=\"text\/css\" data-created_by=\"avia_inline_auto\" id=\"style-css-av-dlz0aoz-87068c8b27f42a9516fa99ce6c53b667\">\n.avia-image-container.av-dlz0aoz-87068c8b27f42a9516fa99ce6c53b667 img.avia_image{\nbox-shadow:none;\n}\n.avia-image-container.av-dlz0aoz-87068c8b27f42a9516fa99ce6c53b667 .av-image-caption-overlay-center{\ncolor:#ffffff;\n}\n<\/style>\n<div  class='avia-image-container av-dlz0aoz-87068c8b27f42a9516fa99ce6c53b667 av-styling- avia-align-center  avia-builder-el-41  el_after_av_codeblock  avia-builder-el-last'   itemprop=\"image\" itemscope=\"itemscope\" itemtype=\"https:\/\/schema.org\/ImageObject\" ><div class=\"avia-image-container-inner\"><div class=\"avia-image-overlay-wrap\"><img decoding=\"async\" fetchpriority=\"high\" class='wp-image-19005 avia-img-lazy-loading-not-19005 avia_image' src=\"https:\/\/boulder.earth\/wp-content\/uploads\/2014\/03\/actions-for-impact-bg.png\" alt='' title='acciones-para-impacto-bg'  height=\"206\" width=\"1000\"  itemprop=\"thumbnailUrl\" srcset=\"https:\/\/boulder.earth\/wp-content\/uploads\/2014\/03\/actions-for-impact-bg.png 1000w, https:\/\/boulder.earth\/wp-content\/uploads\/2014\/03\/actions-for-impact-bg-300x62.png 300w, https:\/\/boulder.earth\/wp-content\/uploads\/2014\/03\/actions-for-impact-bg-768x158.png 768w, https:\/\/boulder.earth\/wp-content\/uploads\/2014\/03\/actions-for-impact-bg-705x145.png 705w, https:\/\/boulder.earth\/wp-content\/uploads\/2014\/03\/actions-for-impact-bg-450x93.png 450w\" sizes=\"(max-width: 1000px) 100vw, 1000px\" \/><\/div><\/div><\/div>\n<\/p>\n<\/div><\/div><\/div><!-- close content main div --><\/div><\/div><div id='av-layout-grid-1'  class='av-layout-grid-container av-d1scqv7-257d218f263bf7215100e8f76aeb1b2b entry-content-wrapper alternate_color av-border-cells av-flex-cells  avia-builder-el-42  el_after_av_section  el_before_av_promobox  grid-row-not-first  container_wrap sidebar_right'  >\n\n<style type=\"text\/css\" data-created_by=\"avia_inline_auto\" id=\"style-css-av-cko9e2r-3fe47fa262e0203481f070325156a63d\">\n.flex_cell.av-cko9e2r-3fe47fa262e0203481f070325156a63d{\nvertical-align:top;\n}\n.responsive #top #wrap_all .flex_cell.av-cko9e2r-3fe47fa262e0203481f070325156a63d{\npadding:30px 30px 30px 30px !important;\n}\n<\/style>\n<div class='flex_cell av-cko9e2r-3fe47fa262e0203481f070325156a63d av-gridrow-cell av_one_fourth no_margin  avia-builder-el-43  el_before_av_cell_one_fourth  avia-builder-el-first  content-align-top'  ><div class='flex_cell_inner'><p>\n<style type=\"text\/css\" data-created_by=\"avia_inline_auto\" id=\"style-css-av-cb90lkz-c8593b332f2bd70b3ec6f5d6a75648b1\">\n.avia-image-container.av-cb90lkz-c8593b332f2bd70b3ec6f5d6a75648b1 img.avia_image{\nbox-shadow:none;\n}\n.avia-image-container.av-cb90lkz-c8593b332f2bd70b3ec6f5d6a75648b1 .av-image-caption-overlay-center{\ncolor:#ffffff;\n}\n<\/style>\n<div  class='avia-image-container av-cb90lkz-c8593b332f2bd70b3ec6f5d6a75648b1 av-styling- av-img-linked avia-align-center  avia-builder-el-44  el_before_av_textblock  avia-builder-el-first'   itemprop=\"image\" itemscope=\"itemscope\" itemtype=\"https:\/\/schema.org\/ImageObject\" ><div class=\"avia-image-container-inner\"><div class=\"avia-image-overlay-wrap\"><a href=\"https:\/\/www.rivernetwork.org\/connect-learn\/lovelocalwater\/\" class='avia_image'  target=\"_blank\"  rel=\"noopener noreferrer\" aria-label='r\u00edo-red-encuentros'><img decoding=\"async\" fetchpriority=\"high\" class='wp-image-127522 avia-img-lazy-loading-not-127522 avia_image' src=\"https:\/\/boulder.earth\/wp-content\/uploads\/2019\/03\/river-network-meetups.jpg\" alt='' title='r\u00edo-red-encuentros'  height=\"164\" width=\"300\"  itemprop=\"thumbnailUrl\"  \/><\/a><\/div><\/div><\/div><br \/>\n<section  class='av_textblock_section av-166yd6r-d706757d10e633c5f632950fc18f4a62'   itemscope=\"itemscope\" itemtype=\"https:\/\/schema.org\/CreativeWork\" ><div class='avia_textblock'  itemprop=\"text\" ><h4 style=\"text-align: center;\"><a href=\"https:\/\/www.rivernetwork.org\/connect-learn\/lovelocalwater\/\" target=\"_blank\" rel=\"noopener noreferrer\"><b>Reuniones de limpieza de Boulder con River Network <\/b><\/a><\/h4>\n<p>\u00a1Nuestros arroyos, arroyos, manantiales, lagos, embalses y r\u00edos de Colorado lo est\u00e1n llamando para que brinde la atenci\u00f3n y el cuidado que tanto necesita! \u00danase al personal de River Network para uno de los muchos eventos de limpieza de arroyos que se llevan a cabo en el \u00e1rea de Boulder. Muestre un poco de amor por nuestros arroyos locales favoritos, luego \u00fanase a nosotros para una discusi\u00f3n y una bebida en un negocio local. <a href=\"https:\/\/www.rivernetwork.org\/connect-learn\/lovelocalwater\/\" target=\"_blank\" rel=\"noopener noreferrer\">Descubre c\u00f3mo y cu\u00e1ndo<\/a>.<\/p>\n<\/div><\/section><\/p>\n<\/div><\/div>\n<style type=\"text\/css\" data-created_by=\"avia_inline_auto\" id=\"style-css-av-cko9e2r-3fe47fa262e0203481f070325156a63d\">\n.flex_cell.av-cko9e2r-3fe47fa262e0203481f070325156a63d{\nvertical-align:top;\n}\n.responsive #top #wrap_all .flex_cell.av-cko9e2r-3fe47fa262e0203481f070325156a63d{\npadding:30px 30px 30px 30px !important;\n}\n<\/style>\n<div class='flex_cell av-cko9e2r-3fe47fa262e0203481f070325156a63d av-gridrow-cell av_one_fourth no_margin  avia-builder-el-46  el_after_av_cell_one_fourth  el_before_av_cell_one_fourth  content-align-top'  ><div class='flex_cell_inner'><p>\n<style type=\"text\/css\" data-created_by=\"avia_inline_auto\" id=\"style-css-av-cb90lkz-8c202c35905c858796ed83afaa8e3df4\">\n.avia-image-container.av-cb90lkz-8c202c35905c858796ed83afaa8e3df4 img.avia_image{\nbox-shadow:none;\n}\n.avia-image-container.av-cb90lkz-8c202c35905c858796ed83afaa8e3df4 .av-image-caption-overlay-center{\ncolor:#ffffff;\n}\n<\/style>\n<div  class='avia-image-container av-cb90lkz-8c202c35905c858796ed83afaa8e3df4 av-styling- av-img-linked avia-align-center  avia-builder-el-47  el_before_av_textblock  avia-builder-el-first'   itemprop=\"image\" itemscope=\"itemscope\" itemtype=\"https:\/\/schema.org\/ImageObject\" ><div class=\"avia-image-container-inner\"><div class=\"avia-image-overlay-wrap\"><a href=\"https:\/\/inlandoceancoalition.org\/whatwedo\/howwedoit\/ocean-rangers\/\" class='avia_image'  target=\"_blank\"  rel=\"noopener noreferrer\" aria-label='entrenamiento de guardabosques oce\u00e1nicos'><img decoding=\"async\" fetchpriority=\"high\" class='wp-image-127520 avia-img-lazy-loading-not-127520 avia_image' src=\"https:\/\/boulder.earth\/wp-content\/uploads\/2019\/03\/ocean-rangers-training.jpg\" alt='' title='entrenamiento de guardabosques oce\u00e1nicos'  height=\"164\" width=\"300\"  itemprop=\"thumbnailUrl\"  \/><\/a><\/div><\/div><\/div><br \/>\n<section  class='av_textblock_section av-166yd6r-d706757d10e633c5f632950fc18f4a62'   itemscope=\"itemscope\" itemtype=\"https:\/\/schema.org\/CreativeWork\" ><div class='avia_textblock'  itemprop=\"text\" ><h4 style=\"text-align: center;\"><a href=\"https:\/\/inlandoceancoalition.org\/whatwedo\/howwedoit\/ocean-rangers\/\" target=\"_blank\" rel=\"noopener noreferrer\"><b>Capacitaci\u00f3n de liderazgo voluntario de Ocean Rangers<\/b><\/a><\/h4>\n<p>\u00a1Esta capacitaci\u00f3n divertida y din\u00e1mica cubre temas como la salud de las cuencas hidrogr\u00e1ficas, los productos del mar sostenibles, la contaminaci\u00f3n pl\u00e1stica, la acidificaci\u00f3n de los oc\u00e9anos, el desarrollo de petr\u00f3leo en alta mar, las estrategias para una defensa efectiva y m\u00e1s! Despu\u00e9s de la capacitaci\u00f3n, los voluntarios estar\u00e1n equipados para tomar medidas positivas y educar a otros sobre la administraci\u00f3n de tierra a mar. <a href=\"https:\/\/inlandoceancoalition.org\/whatwedo\/howwedoit\/ocean-rangers\/\" target=\"_blank\" rel=\"noopener noreferrer\">Obtenga m\u00e1s informaci\u00f3n y reg\u00edstrese aqu\u00ed<\/a>.<\/p>\n<\/div><\/section><\/p>\n<\/div><\/div>\n<style type=\"text\/css\" data-created_by=\"avia_inline_auto\" id=\"style-css-av-b4g4mub-ac68e0a6853bbebbb51b06dd210b747c\">\n.flex_cell.av-b4g4mub-ac68e0a6853bbebbb51b06dd210b747c{\nvertical-align:top;\n}\n.responsive #top #wrap_all .flex_cell.av-b4g4mub-ac68e0a6853bbebbb51b06dd210b747c{\npadding:30px 30px 30px 30px !important;\n}\n<\/style>\n<div class='flex_cell av-b4g4mub-ac68e0a6853bbebbb51b06dd210b747c av-gridrow-cell av_one_fourth no_margin  avia-builder-el-49  el_after_av_cell_one_fourth  el_before_av_cell_one_fourth  content-align-top'  ><div class='flex_cell_inner'><p>\n<style type=\"text\/css\" data-created_by=\"avia_inline_auto\" id=\"style-css-av-ar80adf-08a08835fa5b8df4610f6c5e5e696dc9\">\n.avia-image-container.av-ar80adf-08a08835fa5b8df4610f6c5e5e696dc9 img.avia_image{\nbox-shadow:none;\n}\n.avia-image-container.av-ar80adf-08a08835fa5b8df4610f6c5e5e696dc9 .av-image-caption-overlay-center{\ncolor:#ffffff;\n}\n<\/style>\n<div  class='avia-image-container av-ar80adf-08a08835fa5b8df4610f6c5e5e696dc9 av-styling- av-img-linked avia-align-center  avia-builder-el-50  el_before_av_textblock  avia-builder-el-first'   itemprop=\"image\" itemscope=\"itemscope\" itemtype=\"https:\/\/schema.org\/ImageObject\" ><div class=\"avia-image-container-inner\"><div class=\"avia-image-overlay-wrap\"><a href=\"https:\/\/www.colorado.edu\/ecenter\/FLOWS\" class='avia_image'  target=\"_blank\"  rel=\"noopener noreferrer\" aria-label='fluye'><img decoding=\"async\" fetchpriority=\"high\" class='wp-image-127516 avia-img-lazy-loading-not-127516 avia_image' src=\"https:\/\/boulder.earth\/wp-content\/uploads\/2019\/03\/flows.jpg\" alt='' title='fluye'  height=\"164\" width=\"300\"  itemprop=\"thumbnailUrl\"  \/><\/a><\/div><\/div><\/div><br \/>\n<section  class='av_textblock_section av-10pl65f-fb4ea228944cbfb62a2c3790cc3bc14a'   itemscope=\"itemscope\" itemtype=\"https:\/\/schema.org\/CreativeWork\" ><div class='avia_textblock'  itemprop=\"text\" ><h4 style=\"text-align: center;\"><a href=\"https:\/\/www.colorado.edu\/ecenter\/FLOWS\" target=\"_blank\" rel=\"noopener noreferrer\"><b>Participa en el Programa L\u00edderes del Agua <\/b><\/a><\/h4>\n<p>Foundations for Leaders Organizing for Water and Sustainability (FLOWS) une la justicia social y los problemas ambientales. FLOWS brinda oportunidades de capacitaci\u00f3n en liderazgo, habilidades de empleo ecol\u00f3gico y actualizaciones gratuitas de energ\u00eda y agua mientras crea asociaciones entre los estudiantes y el personal de CU y los miembros de la comunidad.\u00a0 <a href=\"https:\/\/www.colorado.edu\/ecenter\/FLOWS\" target=\"_blank\" rel=\"noopener noreferrer\">Conozca c\u00f3mo solicitar el programa<\/a>.<\/p>\n<\/div><\/section><\/p>\n<\/div><\/div>\n<style type=\"text\/css\" data-created_by=\"avia_inline_auto\" id=\"style-css-av-9sykkf7-b11c7aea3e595f2f1864eb0f39dc1619\">\n.flex_cell.av-9sykkf7-b11c7aea3e595f2f1864eb0f39dc1619{\nvertical-align:top;\n}\n.responsive #top #wrap_all .flex_cell.av-9sykkf7-b11c7aea3e595f2f1864eb0f39dc1619{\npadding:30px 30px 30px 30px !important;\n}\n<\/style>\n<div class='flex_cell av-9sykkf7-b11c7aea3e595f2f1864eb0f39dc1619 av-gridrow-cell av_one_fourth no_margin  avia-builder-el-52  el_after_av_cell_one_fourth  avia-builder-el-last  content-align-top'  ><div class='flex_cell_inner'><p>\n<style type=\"text\/css\" data-created_by=\"avia_inline_auto\" id=\"style-css-av-x99v1f-54af3d9df38a4e925357c144cb7b4408\">\n.avia-image-container.av-x99v1f-54af3d9df38a4e925357c144cb7b4408 img.avia_image{\nbox-shadow:none;\n}\n.avia-image-container.av-x99v1f-54af3d9df38a4e925357c144cb7b4408 .av-image-caption-overlay-center{\ncolor:#ffffff;\n}\n<\/style>\n<div  class='avia-image-container av-x99v1f-54af3d9df38a4e925357c144cb7b4408 av-styling- av-img-linked avia-align-center  avia-builder-el-53  el_before_av_textblock  avia-builder-el-first'   itemprop=\"image\" itemscope=\"itemscope\" itemtype=\"https:\/\/schema.org\/ImageObject\" ><div class=\"avia-image-container-inner\"><div class=\"avia-image-overlay-wrap\"><a href=\"https:\/\/conservationcenter.org\/gardens\/\" class='avia_image'  target=\"_blank\"  rel=\"noopener noreferrer\" aria-label='jard\u00edn en una caja'><img decoding=\"async\" fetchpriority=\"high\" class='wp-image-18213 avia-img-lazy-loading-not-18213 avia_image' src=\"https:\/\/boulder.earth\/wp-content\/uploads\/2014\/03\/garden-in-a-box.jpg\" alt='' title='jard\u00edn en una caja'  height=\"164\" width=\"300\"  itemprop=\"thumbnailUrl\"  \/><\/a><\/div><\/div><\/div><br \/>\n<section  class='av_textblock_section av-8v5zew3-98d35e7090d6dbc060826bd778911839'   itemscope=\"itemscope\" itemtype=\"https:\/\/schema.org\/CreativeWork\" ><div class='avia_textblock'  itemprop=\"text\" ><h4 style=\"text-align: center;\"><a href=\"https:\/\/conservationcenter.org\/gardens\/\" target=\"_blank\" rel=\"noopener noreferrer\"><b>Plante un \u201cjard\u00edn en una caja\u201d que aproveche el agua<\/b><\/a><b><i><\/i><\/b><\/h4>\n<p>Garden in a Box ofrece un enfoque simple para la jardiner\u00eda que ahorra agua. Estos kits de jard\u00edn dise\u00f1ados profesionalmente contienen de 14 a 28 plantas perennes iniciales, una gu\u00eda completa de plantas y cuidado, al menos 1 planta por mapa num\u00e9rico, recursos educativos sobre pr\u00e1cticas de conservaci\u00f3n del agua y los principios de Xeriscape, y otra informaci\u00f3n valiosa que lo ayuda a apoyar la conservaci\u00f3n del agua. con pr\u00e1cticas sostenibles. <a href=\"https:\/\/conservationcenter.org\/gardens\/\"><b>\u00a1Consigue el tuyo aqu\u00ed!<\/b><\/a><\/p>\n<\/div><\/section><\/p>\n<\/div><\/div>\n<\/div><div id='after_grid_row_1'  class='main_color av_default_container_wrap container_wrap sidebar_right'  ><div class='container av-section-cont-open' ><div class='template-page content  av-content-small alpha units'><div class='post-entry post-entry-type-page post-entry-127397'><div class='entry-content-wrapper clearfix'>\n<div  class='av_promobox av-av_promobox-4dfa235a957105b3f241c047b090e0ba avia-button-yes  avia-builder-el-55  el_after_av_layout_row  avia-builder-el-no-sibling'><div class='avia-promocontent'><\/p>\n<h3 style=\"text-align: center;\"><span style=\"color: #0065d9;\">\u00a1Hola extra\u00f1o! \u00bfTienes algo que a\u00f1adir a esta secci\u00f3n? \u00bfHay alguna organizaci\u00f3n incre\u00edble que olvidamos mencionar? \u00bfUn estudio cient\u00edfico o un art\u00edculo de peri\u00f3dico que todos deben conocer? \u00bfHay una mejor manera de organizar toda esta informaci\u00f3n y hacerla m\u00e1s \u00fatil? Cualquier cosa, no seas t\u00edmido, \u00a1h\u00e1znoslo saber!<\/span><\/h3>\n<p>\n<\/div><div  class='avia-button-wrap av-av_button-efe3cdde156767d3e76330b404768029-wrap avia-button-right'><a href='\/es\/feedback\/'  class='avia-button av-av_button-efe3cdde156767d3e76330b404768029 av-link-btn avia-icon_select-no avia-size-large avia-position-right avia-color-theme-color'   aria-label=\"Dar opinion\"><span class='avia_iconbox_title' >Dar opinion<\/span><\/a><\/div><\/div>","protected":false},"excerpt":{"rendered":"","protected":false},"author":1,"featured_media":0,"parent":0,"menu_order":0,"comment_status":"closed","ping_status":"closed","template":"","meta":{"footnotes":""},"class_list":["post-127397","page","type-page","status-publish","hentry"],"_links":{"self":[{"href":"https:\/\/boulder.earth\/es\/wp-json\/wp\/v2\/pages\/127397","targetHints":{"allow":["GET"]}}],"collection":[{"href":"https:\/\/boulder.earth\/es\/wp-json\/wp\/v2\/pages"}],"about":[{"href":"https:\/\/boulder.earth\/es\/wp-json\/wp\/v2\/types\/page"}],"author":[{"embeddable":true,"href":"https:\/\/boulder.earth\/es\/wp-json\/wp\/v2\/users\/1"}],"replies":[{"embeddable":true,"href":"https:\/\/boulder.earth\/es\/wp-json\/wp\/v2\/comments?post=127397"}],"version-history":[{"count":8,"href":"https:\/\/boulder.earth\/es\/wp-json\/wp\/v2\/pages\/127397\/revisions"}],"predecessor-version":[{"id":5476855,"href":"https:\/\/boulder.earth\/es\/wp-json\/wp\/v2\/pages\/127397\/revisions\/5476855"}],"wp:attachment":[{"href":"https:\/\/boulder.earth\/es\/wp-json\/wp\/v2\/media?parent=127397"}],"curies":[{"name":"wp","href":"https:\/\/api.w.org\/{rel}","templated":true}]}}