{"id":160395,"date":"2019-11-04T20:29:52","date_gmt":"2019-11-05T02:29:52","guid":{"rendered":"https:\/\/boulder.earth\/?page_id=160395"},"modified":"2019-11-18T15:48:43","modified_gmt":"2019-11-18T21:48:43","slug":"equity","status":"publish","type":"page","link":"https:\/\/boulder.earth\/es\/cmap\/equity\/","title":{"rendered":"Equidad"},"content":{"rendered":"<style type=\"text\/css\" data-created_by=\"avia_inline_auto\" id=\"style-css-av-k1uv85rv-7fc82941f9d4bef3549e69bed6b4aa80\">\n.avia-section.av-k1uv85rv-7fc82941f9d4bef3549e69bed6b4aa80{\nbackground-color:#ffbf00;\nbackground-image:unset;\n}\n<\/style>\n<div id='av_section_1'  class='avia-section av-k1uv85rv-7fc82941f9d4bef3549e69bed6b4aa80 main_color avia-section-small avia-no-border-styling  avia-builder-el-0  el_before_av_textblock  avia-builder-el-first  avia-bg-style-scroll container_wrap sidebar_right'  ><div class='container av-section-cont-open' ><main  role=\"main\" itemprop=\"mainContentOfPage\"  class='template-page content  av-content-small alpha units'><div class='post-entry post-entry-type-page post-entry-160395'><div class='entry-content-wrapper clearfix'>\n\n<style type=\"text\/css\" data-created_by=\"avia_inline_auto\" id=\"style-css-av-k1uv78ne-32f2f9eaf7cd15af772982a3ccb50a76\">\n.avia-image-container.av-k1uv78ne-32f2f9eaf7cd15af772982a3ccb50a76 img.avia_image{\nbox-shadow:none;\n}\n.avia-image-container.av-k1uv78ne-32f2f9eaf7cd15af772982a3ccb50a76 .av-image-caption-overlay-center{\ncolor:#ffffff;\n}\n<\/style>\n<div  class='avia-image-container av-k1uv78ne-32f2f9eaf7cd15af772982a3ccb50a76 av-styling- av-img-linked avia-align-center  avia-builder-el-1  avia-builder-el-no-sibling'   itemprop=\"image\" itemscope=\"itemscope\" itemtype=\"https:\/\/schema.org\/ImageObject\" ><div class=\"avia-image-container-inner\"><div class=\"avia-image-overlay-wrap\"><a href=\"https:\/\/boulder.earth\/es\/cmap\/\" class='avia_image'  aria-label='plan de acci\u00f3n de movilizaci\u00f3n clim\u00e1tica'><img decoding=\"async\" fetchpriority=\"high\" class='wp-image-155583 avia-img-lazy-loading-not-155583 avia_image' src=\"https:\/\/boulder.earth\/wp-content\/uploads\/2019\/10\/climate-mobilization-action-plan-header.png\" alt='' title='plan de acci\u00f3n de movilizaci\u00f3n clim\u00e1tica'  height=\"68\" width=\"1000\"  itemprop=\"thumbnailUrl\" srcset=\"https:\/\/boulder.earth\/wp-content\/uploads\/2019\/10\/climate-mobilization-action-plan-header.png 1000w, https:\/\/boulder.earth\/wp-content\/uploads\/2019\/10\/climate-mobilization-action-plan-header-300x20.png 300w, https:\/\/boulder.earth\/wp-content\/uploads\/2019\/10\/climate-mobilization-action-plan-header-768x52.png 768w, https:\/\/boulder.earth\/wp-content\/uploads\/2019\/10\/climate-mobilization-action-plan-header-705x48.png 705w, https:\/\/boulder.earth\/wp-content\/uploads\/2019\/10\/climate-mobilization-action-plan-header-450x31.png 450w\" sizes=\"(max-width: 1000px) 100vw, 1000px\" \/><\/a><\/div><\/div><\/div>\n<\/div><\/div><\/main><!-- close content main element --><\/div><\/div><div id='after_section_1'  class='main_color av_default_container_wrap container_wrap sidebar_right'  ><div class='container av-section-cont-open' ><div class='template-page content  av-content-small alpha units'><div class='post-entry post-entry-type-page post-entry-160395'><div class='entry-content-wrapper clearfix'>\n<section  class='av_textblock_section av-kn91m03-b48a2451dd9e8d50abe31c6d03b1b154'   itemscope=\"itemscope\" itemtype=\"https:\/\/schema.org\/CreativeWork\" ><div class='avia_textblock'  itemprop=\"text\" ><h1 style=\"text-align: center;\">Principio: Equidad<\/h1>\n<\/div><\/section>\n\n<style type=\"text\/css\" data-created_by=\"avia_inline_auto\" id=\"style-css-av-av_one_fourth-25347b0a799d5b9f7058434b2a9c3182\">\n.flex_column.av-av_one_fourth-25347b0a799d5b9f7058434b2a9c3182{\nborder-radius:0px 0px 0px 0px;\npadding:0px 0px 0px 0px;\n}\n<\/style>\n<div  class='flex_column av-av_one_fourth-25347b0a799d5b9f7058434b2a9c3182 av_one_fourth  avia-builder-el-3  el_after_av_textblock  el_before_av_three_fourth  first flex_column_div av-zero-column-padding  column-top-margin'     ><style type=\"text\/css\" data-created_by=\"avia_inline_auto\" id=\"style-css-av-k2l8e1fv-442a7dd70eb237e31dd704c282892fb6\">\n.avia-image-container.av-k2l8e1fv-442a7dd70eb237e31dd704c282892fb6 img.avia_image{\nbox-shadow:none;\n}\n.avia-image-container.av-k2l8e1fv-442a7dd70eb237e31dd704c282892fb6 .av-image-caption-overlay-center{\ncolor:#ffffff;\n}\n<\/style>\n<div  class='avia-image-container av-k2l8e1fv-442a7dd70eb237e31dd704c282892fb6 av-styling- avia-align-center  avia-builder-el-4  avia-builder-el-no-sibling'   itemprop=\"image\" itemscope=\"itemscope\" itemtype=\"https:\/\/schema.org\/ImageObject\" ><div class=\"avia-image-container-inner\"><div class=\"avia-image-overlay-wrap\"><img decoding=\"async\" fetchpriority=\"high\" class='wp-image-158514 avia-img-lazy-loading-not-158514 avia_image' src=\"https:\/\/boulder.earth\/wp-content\/uploads\/2019\/10\/equity-button.png\" alt='' title='equidad - justicia social'  height=\"185\" width=\"355\"  itemprop=\"thumbnailUrl\" srcset=\"https:\/\/boulder.earth\/wp-content\/uploads\/2019\/10\/equity-button.png 355w, https:\/\/boulder.earth\/wp-content\/uploads\/2019\/10\/equity-button-300x156.png 300w\" sizes=\"(max-width: 355px) 100vw, 355px\" \/><\/div><\/div><\/div><\/div>\n<style type=\"text\/css\" data-created_by=\"avia_inline_auto\" id=\"style-css-av-jtkxyqr-00abbae596aee4fc85a491ead502c998\">\n.flex_column.av-jtkxyqr-00abbae596aee4fc85a491ead502c998{\nborder-radius:0px 0px 0px 0px;\npadding:0px 0px 0px 0px;\n}\n<\/style>\n<div  class='flex_column av-jtkxyqr-00abbae596aee4fc85a491ead502c998 av_three_fourth  avia-builder-el-5  el_after_av_one_fourth  el_before_av_layout_row  avia-builder-el-last  flex_column_div av-zero-column-padding  column-top-margin'     ><section  class='av_textblock_section av-jdeb65f-6c30a3b98d9f723ba5b4001680f75007'   itemscope=\"itemscope\" itemtype=\"https:\/\/schema.org\/CreativeWork\" ><div class='avia_textblock'  itemprop=\"text\" ><h3 style=\"text-align: left;\"><b>Esta es el \u00e1rea de enfoque para usted si desea explorar estas preguntas:<\/b><\/h3>\n<ul style=\"text-align: left;\">\n<li>\u00bfC\u00f3mo podemos dise\u00f1ar todas las estrategias clim\u00e1ticas y acciones asociadas para mejorar la distribuci\u00f3n equitativa de los beneficios y costos de los cambios que se est\u00e1n realizando?<\/li>\n<li>\u00bfC\u00f3mo puede nuestro plan generar beneficios que minimicen los impactos negativos para todos los miembros de la comunidad, incluidos aquellos que hist\u00f3ricamente han estado en desventaja?<\/li>\n<\/ul>\n<p style=\"text-align: left;\">Se anticipa que esta \u00e1rea desarrollar\u00e1 m\u00e9todos de divulgaci\u00f3n y compromiso para apoyar la participaci\u00f3n plena en la creaci\u00f3n del Plan de Acci\u00f3n de Movilizaci\u00f3n Clim\u00e1tica.<\/p>\n<h3>Los temas pueden incluir:<\/h3>\n<p>Nuevas formas de relacionarse con la comunidad | C\u00f3mo la acci\u00f3n clim\u00e1tica tambi\u00e9n puede generar equidad y resiliencia<br \/>\nOtras formas en que la equidad ser\u00e1 esencial para la planificaci\u00f3n y acci\u00f3n de Boulder<\/p>\n<section class=\"av_textblock_section\">\n<div class=\"avia_textblock\"><\/div>\n<\/section>\n<\/div><\/section><\/div><\/div><\/div><\/div><!-- close content main div --><\/div><\/div><div id='av-layout-grid-1'  class='av-layout-grid-container av-d1scqv7-2f4ab0cea7fb24095bac4db5ff35ecfb entry-content-wrapper main_color av-flex-cells  avia-builder-el-7  el_after_av_three_fourth  el_before_av_layerslider  grid-row-not-first  container_wrap sidebar_right'  >\n\n<style type=\"text\/css\" data-created_by=\"avia_inline_auto\" id=\"style-css-av-cko9e2r-3fe47fa262e0203481f070325156a63d\">\n.flex_cell.av-cko9e2r-3fe47fa262e0203481f070325156a63d{\nvertical-align:top;\nheight:40px;\nmin-height:40px;\n}\n.responsive #top #wrap_all .flex_cell.av-cko9e2r-3fe47fa262e0203481f070325156a63d{\npadding:30px 30px 30px 30px !important;\n}\n<\/style>\n<div class='flex_cell av-cko9e2r-3fe47fa262e0203481f070325156a63d av-gridrow-cell av_one_fifth no_margin content-align-top'  ><div class='flex_cell_inner'><div  class='avia-button-wrap avia-button-center'>\n<style type=\"text\/css\" data-created_by=\"avia_inline_auto\" id=\"style-css-av-k257gf1p-5f3edcb1bf263be71483c603f0c210ce\">\n#top #wrap_all .avia-button.av-k257gf1p-5f3edcb1bf263be71483c603f0c210ce{\ncolor:#ffffff;\ntransition:all 0.4s ease-in-out;\n}\n#top #wrap_all .avia-button.av-k257gf1p-5f3edcb1bf263be71483c603f0c210ce:hover{\ncolor:#ffffff;\ntransition:all 0.4s ease-in-out;\n}\n#top #wrap_all .avia-button.av-k257gf1p-5f3edcb1bf263be71483c603f0c210ce .avia-svg-icon svg:first-child{\nfill:#ffffff;\nstroke:#ffffff;\n}\n#top #wrap_all .avia-button.av-k257gf1p-5f3edcb1bf263be71483c603f0c210ce:hover .avia-svg-icon svg:first-child{\nfill:#ffffff;\nstroke:#ffffff;\n}\n<\/style>\n<a href='#layerslider_15' class='avia-color-theme-color avia-button avia-button-fullwidth av-k257gf1p-5f3edcb1bf263be71483c603f0c210ce avia-icon_select-no avia-color-theme-color'   aria-label=\"Aprende m\u00e1s\"><span class='avia_iconbox_title' >Aprende m\u00e1s<\/span><span class='avia_button_background avia-button avia-button-fullwidth avia-color-theme-color'><\/span><\/a><\/div>\n<\/div><\/div>\n<style type=\"text\/css\" data-created_by=\"avia_inline_auto\" id=\"style-css-av-cko9e2r-3fe47fa262e0203481f070325156a63d\">\n.flex_cell.av-cko9e2r-3fe47fa262e0203481f070325156a63d{\nvertical-align:top;\nheight:40px;\nmin-height:40px;\n}\n.responsive #top #wrap_all .flex_cell.av-cko9e2r-3fe47fa262e0203481f070325156a63d{\npadding:30px 30px 30px 30px !important;\n}\n<\/style>\n<div class='flex_cell av-cko9e2r-3fe47fa262e0203481f070325156a63d av-gridrow-cell av_one_fifth no_margin content-align-top'  ><div class='flex_cell_inner'><div  class='avia-button-wrap avia-button-center'>\n<style type=\"text\/css\" data-created_by=\"avia_inline_auto\" id=\"style-css-av-k257gf1p-82840c71d66665f00041686142420e05\">\n#top #wrap_all .avia-button.av-k257gf1p-82840c71d66665f00041686142420e05{\ncolor:#ffffff;\ntransition:all 0.4s ease-in-out;\n}\n#top #wrap_all .avia-button.av-k257gf1p-82840c71d66665f00041686142420e05:hover{\ncolor:#ffffff;\ntransition:all 0.4s ease-in-out;\n}\n#top #wrap_all .avia-button.av-k257gf1p-82840c71d66665f00041686142420e05 .avia-svg-icon svg:first-child{\nfill:#ffffff;\nstroke:#ffffff;\n}\n#top #wrap_all .avia-button.av-k257gf1p-82840c71d66665f00041686142420e05:hover .avia-svg-icon svg:first-child{\nfill:#ffffff;\nstroke:#ffffff;\n}\n<\/style>\n<a href='https:\/\/www.beheardboulder.org\/cmap-equity\/brainstormers\/systems-changes-the-community-should-explore' class='avia-color-theme-color avia-button avia-button-fullwidth av-k257gf1p-82840c71d66665f00041686142420e05 avia-icon_select-no avia-color-theme-color'  target=\"_blank\"  rel=\"noopener noreferrer\"  aria-label=\"Enviar comentarios\"><span class='avia_iconbox_title' >Enviar comentarios<\/span><span class='avia_button_background avia-button avia-button-fullwidth avia-color-theme-color'><\/span><\/a><\/div>\n<\/div><\/div>\n<style type=\"text\/css\" data-created_by=\"avia_inline_auto\" id=\"style-css-av-cko9e2r-3fe47fa262e0203481f070325156a63d\">\n.flex_cell.av-cko9e2r-3fe47fa262e0203481f070325156a63d{\nvertical-align:top;\nheight:40px;\nmin-height:40px;\n}\n.responsive #top #wrap_all .flex_cell.av-cko9e2r-3fe47fa262e0203481f070325156a63d{\npadding:30px 30px 30px 30px !important;\n}\n<\/style>\n<div class='flex_cell av-cko9e2r-3fe47fa262e0203481f070325156a63d av-gridrow-cell av_one_fifth no_margin content-align-top'  ><div class='flex_cell_inner'><div  class='avia-button-wrap avia-button-center'>\n<style type=\"text\/css\" data-created_by=\"avia_inline_auto\" id=\"style-css-av-k257gf1p-cf7c952852e92103cf1da26efa3e5baa\">\n#top #wrap_all .avia-button.av-k257gf1p-cf7c952852e92103cf1da26efa3e5baa{\ncolor:#ffffff;\ntransition:all 0.4s ease-in-out;\n}\n#top #wrap_all .avia-button.av-k257gf1p-cf7c952852e92103cf1da26efa3e5baa:hover{\ncolor:#ffffff;\ntransition:all 0.4s ease-in-out;\n}\n#top #wrap_all .avia-button.av-k257gf1p-cf7c952852e92103cf1da26efa3e5baa .avia-svg-icon svg:first-child{\nfill:#ffffff;\nstroke:#ffffff;\n}\n#top #wrap_all .avia-button.av-k257gf1p-cf7c952852e92103cf1da26efa3e5baa:hover .avia-svg-icon svg:first-child{\nfill:#ffffff;\nstroke:#ffffff;\n}\n<\/style>\n<a href='#suggestions' class='avia-color-theme-color avia-button avia-button-fullwidth av-k257gf1p-cf7c952852e92103cf1da26efa3e5baa avia-icon_select-no avia-color-theme-color'   aria-label=\"Ver las ideas de otros\"><span class='avia_iconbox_title' >Ver las ideas de otros<\/span><span class='avia_button_background avia-button avia-button-fullwidth avia-color-theme-color'><\/span><\/a><\/div>\n<\/div><\/div>\n<style type=\"text\/css\" data-created_by=\"avia_inline_auto\" id=\"style-css-av-cko9e2r-3fe47fa262e0203481f070325156a63d\">\n.flex_cell.av-cko9e2r-3fe47fa262e0203481f070325156a63d{\nvertical-align:top;\nheight:40px;\nmin-height:40px;\n}\n.responsive #top #wrap_all .flex_cell.av-cko9e2r-3fe47fa262e0203481f070325156a63d{\npadding:30px 30px 30px 30px !important;\n}\n<\/style>\n<div class='flex_cell av-cko9e2r-3fe47fa262e0203481f070325156a63d av-gridrow-cell av_one_fifth no_margin content-align-top'  ><div class='flex_cell_inner'><div  class='avia-button-wrap avia-button-center'>\n<style type=\"text\/css\" data-created_by=\"avia_inline_auto\" id=\"style-css-av-k257gf1p-b89b9f73d54f4ba0f42f05fee8d5432f\">\n#top #wrap_all .avia-button.av-k257gf1p-b89b9f73d54f4ba0f42f05fee8d5432f{\ncolor:#ffffff;\ntransition:all 0.4s ease-in-out;\n}\n#top #wrap_all .avia-button.av-k257gf1p-b89b9f73d54f4ba0f42f05fee8d5432f:hover{\ncolor:#ffffff;\ntransition:all 0.4s ease-in-out;\n}\n#top #wrap_all .avia-button.av-k257gf1p-b89b9f73d54f4ba0f42f05fee8d5432f .avia-svg-icon svg:first-child{\nfill:#ffffff;\nstroke:#ffffff;\n}\n#top #wrap_all .avia-button.av-k257gf1p-b89b9f73d54f4ba0f42f05fee8d5432f:hover .avia-svg-icon svg:first-child{\nfill:#ffffff;\nstroke:#ffffff;\n}\n<\/style>\n<a href='https:\/\/bouldercolorado.formstack.com\/forms\/cmap_engagement' class='avia-color-theme-color avia-button avia-button-fullwidth av-k257gf1p-b89b9f73d54f4ba0f42f05fee8d5432f avia-icon_select-no avia-color-theme-color'  target=\"_blank\"  rel=\"noopener noreferrer\"  aria-label=\"\u00danase al grupo de enfoque\"><span class='avia_iconbox_title' >\u00danase al grupo de enfoque<\/span><span class='avia_button_background avia-button avia-button-fullwidth avia-color-theme-color'><\/span><\/a><\/div>\n<\/div><\/div>\n<style type=\"text\/css\" data-created_by=\"avia_inline_auto\" id=\"style-css-av-cko9e2r-3fe47fa262e0203481f070325156a63d\">\n.flex_cell.av-cko9e2r-3fe47fa262e0203481f070325156a63d{\nvertical-align:top;\nheight:40px;\nmin-height:40px;\n}\n.responsive #top #wrap_all .flex_cell.av-cko9e2r-3fe47fa262e0203481f070325156a63d{\npadding:30px 30px 30px 30px !important;\n}\n<\/style>\n<div class='flex_cell av-cko9e2r-3fe47fa262e0203481f070325156a63d av-gridrow-cell av_one_fifth no_margin content-align-top'  ><div class='flex_cell_inner'><div  class='avia-button-wrap avia-button-center'>\n<style type=\"text\/css\" data-created_by=\"avia_inline_auto\" id=\"style-css-av-k257gf1p-cb8c7daf74897aca526fa8ac7c008257\">\n#top #wrap_all .avia-button.av-k257gf1p-cb8c7daf74897aca526fa8ac7c008257{\ncolor:#ffffff;\ntransition:all 0.4s ease-in-out;\n}\n#top #wrap_all .avia-button.av-k257gf1p-cb8c7daf74897aca526fa8ac7c008257:hover{\ncolor:#ffffff;\ntransition:all 0.4s ease-in-out;\n}\n#top #wrap_all .avia-button.av-k257gf1p-cb8c7daf74897aca526fa8ac7c008257 .avia-svg-icon svg:first-child{\nfill:#ffffff;\nstroke:#ffffff;\n}\n#top #wrap_all .avia-button.av-k257gf1p-cb8c7daf74897aca526fa8ac7c008257:hover .avia-svg-icon svg:first-child{\nfill:#ffffff;\nstroke:#ffffff;\n}\n<\/style>\n<a href='#events' class='avia-color-theme-color avia-button avia-button-fullwidth av-k257gf1p-cb8c7daf74897aca526fa8ac7c008257 avia-icon_select-no avia-color-theme-color'   aria-label=\"Busque eventos\"><span class='avia_iconbox_title' >Busque eventos<\/span><span class='avia_button_background avia-button avia-button-fullwidth avia-color-theme-color'><\/span><\/a><\/div>\n<\/div><\/div><\/div><\/div><\/div><\/div><!-- close content main div --><\/div><\/div><div id='layer_slider_1'  class='avia-layerslider main_color avia-shadow  container_wrap sidebar_right'  style='height: 751px; max-width: 1200px; margin: 0 auto;'  ><\/div><\/p>\n<section  class='av_textblock_section av-az6ov7-66465aef507e0fc2449608806148bebd'   itemscope=\"itemscope\" itemtype=\"https:\/\/schema.org\/CreativeWork\" ><div class='avia_textblock'  itemprop=\"text\" ><h1 id=\"orgs\" style=\"text-align: center;\">Obtenga m\u00e1s informaci\u00f3n sobre la equidad<\/h1>\n<p style=\"text-align: center;\">de estos \u00fatiles recursos, sitios web e historias<\/p>\n<\/div><\/section>\n<\/div><\/div><\/div><!-- close content main div --><\/div><\/div><div id='av-layout-grid-2'  class='av-layout-grid-container av-d1scqv7-c656fa898282912a56d4d266c54b71b3 entry-content-wrapper alternate_color av-border-cells av-flex-cells  container_wrap sidebar_right'  >\n\n<style type=\"text\/css\" data-created_by=\"avia_inline_auto\" id=\"style-css-av-cko9e2r-3fe47fa262e0203481f070325156a63d\">\n.flex_cell.av-cko9e2r-3fe47fa262e0203481f070325156a63d{\nvertical-align:top;\n}\n.responsive #top #wrap_all .flex_cell.av-cko9e2r-3fe47fa262e0203481f070325156a63d{\npadding:30px 30px 30px 30px !important;\n}\n<\/style>\n<div class='flex_cell av-cko9e2r-3fe47fa262e0203481f070325156a63d av-gridrow-cell av_one_third no_margin content-align-top'  ><div class='flex_cell_inner'><p>\n<style type=\"text\/css\" data-created_by=\"avia_inline_auto\" id=\"style-css-av-cb90lkz-4cfa99cdfad10a6162ce37bf845d6084\">\n.avia-image-container.av-cb90lkz-4cfa99cdfad10a6162ce37bf845d6084 img.avia_image{\nbox-shadow:none;\n}\n.avia-image-container.av-cb90lkz-4cfa99cdfad10a6162ce37bf845d6084 .av-image-caption-overlay-center{\ncolor:#ffffff;\n}\n<\/style>\n<div  class='avia-image-container av-cb90lkz-4cfa99cdfad10a6162ce37bf845d6084 av-styling- av-img-linked avia-align-center'   itemprop=\"image\" itemscope=\"itemscope\" itemtype=\"https:\/\/schema.org\/ImageObject\" ><div class=\"avia-image-container-inner\"><div class=\"avia-image-overlay-wrap\"><a href=\"https:\/\/soilrev.org\" class='avia_image'  target=\"_blank\"  rel=\"noopener noreferrer\" aria-label='fecha de guardado de suelos'><img decoding=\"async\" fetchpriority=\"high\" class='wp-image-157499 avia-img-lazy-loading-not-157499 avia_image' src=\"https:\/\/boulder.earth\/wp-content\/uploads\/2019\/10\/soils-save-date-300x157.png\" alt='' title='fecha de guardado de suelos'  height=\"157\" width=\"300\"  itemprop=\"thumbnailUrl\" srcset=\"https:\/\/boulder.earth\/wp-content\/uploads\/2019\/10\/soils-save-date-300x157.png 300w, https:\/\/boulder.earth\/wp-content\/uploads\/2019\/10\/soils-save-date-450x235.png 450w, https:\/\/boulder.earth\/wp-content\/uploads\/2019\/10\/soils-save-date.png 560w\" sizes=\"(max-width: 300px) 100vw, 300px\" \/><\/a><\/div><\/div><\/div><br \/>\n<section  class='av_textblock_section av-166yd6r-d706757d10e633c5f632950fc18f4a62'   itemscope=\"itemscope\" itemtype=\"https:\/\/schema.org\/CreativeWork\" ><div class='avia_textblock'  itemprop=\"text\" ><p style=\"text-align: center;\">Invitando a agricultores y ganaderos de todas las escalas y sistemas de producci\u00f3n.<\/p>\n<p style=\"text-align: center;\">\u00danase a nosotros para la cuarta edici\u00f3n <a href=\"https:\/\/soilrev.org\" target=\"_blank\" rel=\"noopener noreferrer\">Conferencia Revoluci\u00f3n del Suelo<\/a>.<\/p>\n<\/div><\/section><\/p>\n<\/div><\/div>\n<style type=\"text\/css\" data-created_by=\"avia_inline_auto\" id=\"style-css-av-b4g4mub-ac68e0a6853bbebbb51b06dd210b747c\">\n.flex_cell.av-b4g4mub-ac68e0a6853bbebbb51b06dd210b747c{\nvertical-align:top;\n}\n.responsive #top #wrap_all .flex_cell.av-b4g4mub-ac68e0a6853bbebbb51b06dd210b747c{\npadding:30px 30px 30px 30px !important;\n}\n<\/style>\n<div class='flex_cell av-b4g4mub-ac68e0a6853bbebbb51b06dd210b747c av-gridrow-cell av_one_third no_margin content-align-top'  ><div class='flex_cell_inner'><p>\n<style type=\"text\/css\" data-created_by=\"avia_inline_auto\" id=\"style-css-av-ar80adf-95c9a2b4d3f885a5080a776ef453a5c8\">\n.avia-image-container.av-ar80adf-95c9a2b4d3f885a5080a776ef453a5c8 img.avia_image{\nbox-shadow:none;\n}\n.avia-image-container.av-ar80adf-95c9a2b4d3f885a5080a776ef453a5c8 .av-image-caption-overlay-center{\ncolor:#ffffff;\n}\n<\/style>\n<div  class='avia-image-container av-ar80adf-95c9a2b4d3f885a5080a776ef453a5c8 av-styling- av-img-linked avia-align-center'   itemprop=\"image\" itemscope=\"itemscope\" itemtype=\"https:\/\/schema.org\/ImageObject\" ><div class=\"avia-image-container-inner\"><div class=\"avia-image-overlay-wrap\"><a href=\"http:\/\/ecocycle.org\/take-action\/community-carbon-farming\" class='avia_image'  target=\"_blank\"  rel=\"noopener noreferrer\" aria-label='nosotros-somos-carbon-agricultura-gr\u00e1fico'><img decoding=\"async\" fetchpriority=\"high\" class='wp-image-157502 avia-img-lazy-loading-not-157502 avia_image' src=\"https:\/\/boulder.earth\/wp-content\/uploads\/2019\/10\/we-are-carbon-farming-graphic-300x224.png\" alt='' title='nosotros-somos-carbon-agricultura-gr\u00e1fico'  height=\"224\" width=\"300\"  itemprop=\"thumbnailUrl\" srcset=\"https:\/\/boulder.earth\/wp-content\/uploads\/2019\/10\/we-are-carbon-farming-graphic-300x224.png 300w, https:\/\/boulder.earth\/wp-content\/uploads\/2019\/10\/we-are-carbon-farming-graphic-450x337.png 450w, https:\/\/boulder.earth\/wp-content\/uploads\/2019\/10\/we-are-carbon-farming-graphic.png 500w\" sizes=\"(max-width: 300px) 100vw, 300px\" \/><\/a><\/div><\/div><\/div><br \/>\n<section  class='av_textblock_section av-10pl65f-fb4ea228944cbfb62a2c3790cc3bc14a'   itemscope=\"itemscope\" itemtype=\"https:\/\/schema.org\/CreativeWork\" ><div class='avia_textblock'  itemprop=\"text\" ><p style=\"text-align: center;\">La agricultura de carbono no es solo para los agricultores. \u00a1Puede convertirse en un agricultor de carbono y revertir el cambio clim\u00e1tico en su propio patio trasero! Eco-Cycle y la ciudad de Boulder est\u00e1n trabajando juntos en un <a href=\"http:\/\/ecocycle.org\/take-action\/community-carbon-farming\" target=\"_blank\" rel=\"noopener noreferrer\">programa de estudios de tres a\u00f1os<\/a>.<\/p>\n<\/div><\/section><\/p>\n<\/div><\/div>\n<style type=\"text\/css\" data-created_by=\"avia_inline_auto\" id=\"style-css-av-9sykkf7-b11c7aea3e595f2f1864eb0f39dc1619\">\n.flex_cell.av-9sykkf7-b11c7aea3e595f2f1864eb0f39dc1619{\nvertical-align:top;\n}\n.responsive #top #wrap_all .flex_cell.av-9sykkf7-b11c7aea3e595f2f1864eb0f39dc1619{\npadding:30px 30px 30px 30px !important;\n}\n<\/style>\n<div class='flex_cell av-9sykkf7-b11c7aea3e595f2f1864eb0f39dc1619 av-gridrow-cell av_one_third no_margin content-align-top'  ><div class='flex_cell_inner'><p>\n<style type=\"text\/css\" data-created_by=\"avia_inline_auto\" id=\"style-css-av-x99v1f-1f6c611da2182a6df54992270a489197\">\n.avia-image-container.av-x99v1f-1f6c611da2182a6df54992270a489197 img.avia_image{\nbox-shadow:none;\n}\n.avia-image-container.av-x99v1f-1f6c611da2182a6df54992270a489197 .av-image-caption-overlay-center{\ncolor:#ffffff;\n}\n<\/style>\n<div  class='avia-image-container av-x99v1f-1f6c611da2182a6df54992270a489197 av-styling- av-img-linked avia-align-center'   itemprop=\"image\" itemscope=\"itemscope\" itemtype=\"https:\/\/schema.org\/ImageObject\" ><div class=\"avia-image-container-inner\"><div class=\"avia-image-overlay-wrap\"><a href=\"https:\/\/www.drawdown.org\" class='avia_image'  target=\"_blank\"  rel=\"noopener noreferrer\" aria-label='proyecto-drawdown'><img decoding=\"async\" fetchpriority=\"high\" class='wp-image-157522 avia-img-lazy-loading-not-157522 avia_image' src=\"https:\/\/boulder.earth\/wp-content\/uploads\/2019\/10\/project-drawdown.jpg\" alt='' title='proyecto-drawdown'  height=\"89\" width=\"196\"  itemprop=\"thumbnailUrl\"  \/><\/a><\/div><\/div><\/div><br \/>\n<section  class='av_textblock_section av-8v5zew3-98d35e7090d6dbc060826bd778911839'   itemscope=\"itemscope\" itemtype=\"https:\/\/schema.org\/CreativeWork\" ><div class='avia_textblock'  itemprop=\"text\" ><p class=\"headline\" style=\"text-align: center;\">Project Drawdown es una organizaci\u00f3n de investigaci\u00f3n global que identifica, revisa y analiza las soluciones m\u00e1s viables para el cambio clim\u00e1tico y comparte estos hallazgos con el mundo. Ver los l\u00edderes mundiales <a href=\"https:\/\/www.drawdown.org\" target=\"_blank\" rel=\"noopener noreferrer\">recurso para soluciones clim\u00e1ticas<\/a>.<\/p>\n<\/div><\/section><\/p>\n<\/div><\/div>\n<\/div>\n<\/div><\/div><\/div><!-- close content main div --><\/div><\/div>\n<style type=\"text\/css\" data-created_by=\"avia_inline_auto\" id=\"style-css-av-y5uhz3c-239304e8b9480b25320a3f1dfe076f3d\">\n.avia-section.av-y5uhz3c-239304e8b9480b25320a3f1dfe076f3d{\nbackground-color:#cce07b;\nbackground-image:unset;\n}\n<\/style>\n<div id='suggestions'  class='avia-section av-y5uhz3c-239304e8b9480b25320a3f1dfe076f3d main_color avia-section-default avia-no-border-styling avia-bg-style-scroll av-minimum-height av-minimum-height-custom av-height-custom  container_wrap sidebar_right'   data-av_minimum_height_px='300'><div class='container av-section-cont-open' style='height:300px'><div class='template-page content  av-content-small alpha units'><div class='post-entry post-entry-type-page post-entry-160395'><div class='entry-content-wrapper clearfix'>\n<section  class='av_textblock_section av-k2avrxah-95362a87a669f68be6e5a645ba549c6c'   itemscope=\"itemscope\" itemtype=\"https:\/\/schema.org\/CreativeWork\" ><div class='avia_textblock'  itemprop=\"text\" ><h2 style=\"text-align: center;\">Comentarios y sugerencias enviados recientemente<\/h2>\n<\/div><\/section>\n\n<style type=\"text\/css\" data-created_by=\"avia_inline_auto\" id=\"style-css-av-k2avdpmu-0c0aa65003430234f579894d7b3369b1\">\n#top .av-rotator-container.av-k2avdpmu-0c0aa65003430234f579894d7b3369b1{\ntext-align:center;\nmargin:20px 0 0 0;\n}\n#top #wrap_all .av-rotator-container.av-k2avdpmu-0c0aa65003430234f579894d7b3369b1 .av-rotator-container-inner{\nfont-size:24px;\n}\n<\/style>\n<div  class='av-rotator-container av-rotation-container-center av-k2avdpmu-0c0aa65003430234f579894d7b3369b1 av-fixed-rotator-width' data-interval='10' data-animation='1' data-fixwidth='1'><h3 class='av-rotator-container-inner'>Miremos a:  <span class='av-rotator-text av-rotator-multiline-off'>\n<span class='av-rotator-text-single av-av_rotator_item-f9df36a9ef7ab881bfebc3304b40e733 av-rotator-text-single-1' >Est\u00e1s (de todas las razas, clases, etc.) involucrado en la planificaci\u00f3n, no solo al final <\/span>\n<span class='av-rotator-text-single av-av_rotator_item-a24c254489434e3258aa9b5f98267427 av-rotator-text-single-2' >La equidad no est\u00e1 sola: la equidad debe integrarse en todos los dem\u00e1s aspectos de CMAP <\/span>\n<span class='av-rotator-text-single av-av_rotator_item-fb0b9c1a67ed1d625fa5449a8a67898f av-rotator-text-single-3' >Liderazgo juvenil <\/span>\n<span class='av-rotator-text-single av-av_rotator_item-586ccc972323c56e3d2ff07a7f2beab8 av-rotator-text-single-4' >Los \u00e1rboles tambi\u00e9n son personas: lee seriamente La vida oculta de los \u00e1rboles <\/span>\n<span class='av-rotator-text-single av-av_rotator_item-f6763caa1cc703faa8515aafad16d4dd av-rotator-text-single-5' >Lleve la presentaci\u00f3n de la recopilaci\u00f3n de informaci\u00f3n a otros vecindarios de bajos ingresos en Boulder <\/span>\n<\/span><\/h3><\/div>\n<\/div><\/div><\/div><!-- close content main div --><\/div><\/div><div id='after_section_2'  class='main_color av_default_container_wrap container_wrap sidebar_right'  ><div class='container av-section-cont-open' ><div class='template-page content  av-content-small alpha units'><div class='post-entry post-entry-type-page post-entry-160395'><div class='entry-content-wrapper clearfix'>\n<style type=\"text\/css\" data-created_by=\"avia_inline_auto\" id=\"style-css-av-k2avm8gi-a735cf852a19217db84f9e4ca2dacec7\">\n#top .togglecontainer.av-k2avm8gi-a735cf852a19217db84f9e4ca2dacec7 p.toggler{\nbackground-color:#cce07b;\n}\n#top .togglecontainer.av-k2avm8gi-a735cf852a19217db84f9e4ca2dacec7 p.toggler.activeTitle{\nbackground-color:#eaffce;\n}\n#top .togglecontainer.av-k2avm8gi-a735cf852a19217db84f9e4ca2dacec7 p.toggler:not(.activeTitle):hover{\nbackground-color:#f9d357;\n}\n#top .togglecontainer.av-k2avm8gi-a735cf852a19217db84f9e4ca2dacec7 .toggle_wrap .toggle_content{\nbackground-color:#cce07b;\n}\n<\/style>\n<div  class='togglecontainer av-k2avm8gi-a735cf852a19217db84f9e4ca2dacec7 toggle_close_all' >\n<section class='av_toggle_section av-av_toggle-79c454f3b7c6440db9746f516fc27020'  itemscope=\"itemscope\" itemtype=\"https:\/\/schema.org\/CreativeWork\" ><div role=\"tablist\" class=\"single_toggle\" data-tags=\"{All} \"  ><p id='toggle-toggle-id-1' data-fake-id='#toggle-id-1' class='toggler  av-title-above'  itemprop=\"headline\"  role='tab' tabindex='0' aria-controls='toggle-id-1' data-slide-speed=\"200\" data-title=\"Show Recently Submitted Comments &amp; Suggestions\" data-title-open=\"\" data-aria_collapsed=\"Click to expand: Show Recently Submitted Comments &amp; Suggestions\" data-aria_expanded=\"Click to collapse: Show Recently Submitted Comments &amp; Suggestions\">Mostrar comentarios y sugerencias enviados recientemente<span class=\"toggle_icon\"><span class=\"vert_icon\"><\/span><span class=\"hor_icon\"><\/span><\/span><\/p><div id='toggle-id-1' aria-labelledby='toggle-toggle-id-1' role='region' class='toggle_wrap  av-title-above'  ><div class='toggle_content invers-color'  itemprop=\"text\" ><h4>\u00bfC\u00f3mo ser\u00eda para usted un plan de acci\u00f3n clim\u00e1tico equitativo?<\/h4>\n<ul>\n<li>Reconexi\u00f3n con el mundo natural: mira el incre\u00edble modelo comestible<\/li>\n<li>Est\u00e1s (de todas las razas, clases, etc.) involucrado en la planificaci\u00f3n, no solo al final<\/li>\n<li>Plantando \u00e1rboles<\/li>\n<li>M\u00e1s espacios verdes frescos al aire libre<\/li>\n<li>La equidad no est\u00e1 sola: la equidad debe integrarse en todos los dem\u00e1s aspectos de CMAP<\/li>\n<li>Jardines forestales\/h\u00e1bitat en nuestros espacios abiertos y derechos de paso con comida gratis para todos<\/li>\n<li>Letras<\/li>\n<li>Incluyendo voces de una variedad de culturas, econom\u00edas, edades, etc. en el desarrollo, gente indocumentada tambi\u00e9n (estoy de acuerdo)<\/li>\n<li>Liderazgo juvenil<\/li>\n<li>Los \u00e1rboles tambi\u00e9n son personas: lee seriamente La vida oculta de los \u00e1rboles<\/li>\n<li>Asociarse con gente ind\u00edgena de esta tierra (X2, X2000)<\/li>\n<li>Encuentre dinero para quienes viven y trabajan en Boulder<\/li>\n<li>Fomentar el uso del transporte p\u00fablico \u2013 a este evento<\/li>\n<li>gente de color<\/li>\n<li>\u00bfPr\u00e9stamos de bicicletas el\u00e9ctricas?<\/li>\n<li>Para que la gente venga a ayudar en esta crisis, que se sientan incluidos y no les hables, como personas de una etnia diferente, h\u00e1blales como humanos.<\/li>\n<li>Control de la poblaci\u00f3n<\/li>\n<li>Acci\u00f3n directa masiva para detener todo eminente fracking en el condado de Boulder<\/li>\n<li>Piense en un cambio radical m\u00e1s grande en la conciencia<\/li>\n<li>Lleve la presentaci\u00f3n de la recopilaci\u00f3n de informaci\u00f3n a otros vecindarios de bajos ingresos en Boulder<\/li>\n<li>La sabidur\u00eda y la perspicacia de los ni\u00f1os.<\/li>\n<li>Escala de barrio, planificaci\u00f3n, extensi\u00f3n y educaci\u00f3n<\/li>\n<li>Educar a mujeres y ni\u00f1as: garantizar el acceso a la planificaci\u00f3n familiar<\/li>\n<li>Anti-especismo-ismo<\/li>\n<li>Considere la contribuci\u00f3n al carbono en la atm\u00f3sfera causada por la excavaci\u00f3n para la construcci\u00f3n.<\/li>\n<li>principio de Gaia<\/li>\n<li>justicia alimentaria<\/li>\n<li>Nueva historia<\/li>\n<li>Energ\u00eda con cero emisiones de carbono para inquilinos y personas de bajos ingresos<\/li>\n<li>M\u00ednimos de construcci\u00f3n de viviendas asequibles: bajo COV y materiales de alta calidad<\/li>\n<li>M\u00e1s servicios para nuestros vecinos sin hogar: pol\u00edticas de la ciudad que defiendan su dignidad, un cambio de actitud hacia las personas sin hogar por medio de refugios y servicios p\u00fablicos y policiales: m\u00e1s viviendas verdaderamente asequibles.<\/li>\n<li>Hable de manera que capte la atenci\u00f3n de la gente: a veces es dif\u00edcil pensar en los problemas clim\u00e1ticos que pueden estar a d\u00e9cadas de distancia cuando todo lo que puede pensar es en la cena de esta noche. Necesitamos a todos en esto, \u00bfc\u00f3mo llegamos a todos?<\/li>\n<\/ul>\n<\/div><\/div><\/div><\/section>\n<\/div><\/p>\n\n<style type=\"text\/css\" data-created_by=\"avia_inline_auto\" id=\"style-css-av-8jm1zoj-5d0274f362cac2395527e4c34c33c8c8\">\n#top .hr.hr-invisible.av-8jm1zoj-5d0274f362cac2395527e4c34c33c8c8{\nheight:30px;\n}\n<\/style>\n<div  class='hr av-8jm1zoj-5d0274f362cac2395527e4c34c33c8c8 hr-invisible'><span class='hr-inner'><span class=\"hr-inner-style\"><\/span><\/span><\/div>\n\n<style type=\"text\/css\" data-created_by=\"avia_inline_auto\" id=\"style-css-av-7vlc0o3-561b564489a215975fa6b33348411661\">\n#top .av_textblock_section.av-7vlc0o3-561b564489a215975fa6b33348411661 .avia_textblock{\nfont-size:16px;\n}\n<\/style>\n<section  class='av_textblock_section av-7vlc0o3-561b564489a215975fa6b33348411661'   itemscope=\"itemscope\" itemtype=\"https:\/\/schema.org\/CreativeWork\" ><div class='avia_textblock'  itemprop=\"text\" ><h1 id=\"events\" style=\"text-align: center;\">Eventos enfocados a la Renta Variable<\/h1>\n<p style=\"text-align: center;\"><a href=\"\/es\/events\/\">Vea nuestro calendario comunitario robusto y de b\u00fasqueda<\/a> para saber qui\u00e9n est\u00e1 tomando medidas, d\u00f3nde y cu\u00e1ndo. Proyecciones de pel\u00edculas, di\u00e1logos comunitarios, paneles, marchas, talleres, meditaciones y m\u00e1s: con miles de eventos en toda la comunidad de Boulder, no hay escasez de formas de participar.<\/p>\n<\/div><\/section>\n\n<style type=\"text\/css\" data-created_by=\"avia_inline_auto\" id=\"style-css-av-7nw0b37-9acd4255fa475c05ef329a3509602a8e\">\n#top .hr.hr-invisible.av-7nw0b37-9acd4255fa475c05ef329a3509602a8e{\nheight:30px;\n}\n<\/style>\n<div  class='hr av-7nw0b37-9acd4255fa475c05ef329a3509602a8e hr-invisible'><span class='hr-inner'><span class=\"hr-inner-style\"><\/span><\/span><\/div>\n\n<style type=\"text\/css\" data-created_by=\"avia_inline_auto\" id=\"style-css-av-75lxw5f-d1f5206496420fab08a9c928940e2abe\">\n.flex_column.av-75lxw5f-d1f5206496420fab08a9c928940e2abe{\nborder-radius:0px 0px 0px 0px;\npadding:0px 0px 0px 0px;\n}\n<\/style>\n<div  class='flex_column av-75lxw5f-d1f5206496420fab08a9c928940e2abe av_one_half first flex_column_div av-zero-column-padding'     ><section  class='av_textblock_section av-o4e0gz-bd82a86ca2ec0e4cdfd5b982470c61a0'   itemscope=\"itemscope\" itemtype=\"https:\/\/schema.org\/CreativeWork\" ><div class='avia_textblock'  itemprop=\"text\" ><p style=\"text-align: center;\"><a href=\"\/es\/events\/\"><img loading=\"lazy\" decoding=\"async\" class=\"aligncenter wp-image-19008 size-full\" src=\"http:\/\/cloud137.temp.domains\/~ozg0xmq9\/wp-content\/uploads\/2014\/03\/view-all-events.png\" alt=\"\" width=\"600\" height=\"467\" srcset=\"https:\/\/boulder.earth\/wp-content\/uploads\/2014\/03\/view-all-events.png 600w, https:\/\/boulder.earth\/wp-content\/uploads\/2014\/03\/view-all-events-300x234.png 300w, https:\/\/boulder.earth\/wp-content\/uploads\/2014\/03\/view-all-events-450x350.png 450w\" sizes=\"auto, (max-width: 600px) 100vw, 600px\" \/><\/a><\/p>\n<p><span style=\"border-radius: 2px; text-indent: 20px; width: auto; padding: 0px 4px 0px 0px; text-align: center; font: bold 11px\/20px 'Helvetica Neue',Helvetica,sans-serif; color: #ffffff; background: #bd081c no-repeat scroll 3px 50% \/ 14px 14px; position: absolute; opacity: 1; z-index: 8675309; display: none; cursor: pointer;\">Guardar<\/span><\/p>\n<p><span style=\"border-radius: 2px; text-indent: 20px; width: auto; padding: 0px 4px 0px 0px; text-align: center; font: bold 11px\/20px 'Helvetica Neue',Helvetica,sans-serif; color: #ffffff; background: #bd081c no-repeat scroll 3px 50% \/ 14px 14px; position: absolute; opacity: 1; z-index: 8675309; display: none; cursor: pointer; top: 60px; left: 234px;\">Guardar<\/span><\/p>\n<\/div><\/section><\/div>\n\n<style type=\"text\/css\" data-created_by=\"avia_inline_auto\" id=\"style-css-av-64r9ov7-52a82c55845fac9c83b8d43714eda769\">\n.flex_column.av-64r9ov7-52a82c55845fac9c83b8d43714eda769{\nborder-radius:0px 0px 0px 0px;\npadding:0px 0px 0px 0px;\n}\n<\/style>\n<div  class='flex_column av-64r9ov7-52a82c55845fac9c83b8d43714eda769 av_one_half flex_column_div av-zero-column-padding'     ><\/div>\n\n<style type=\"text\/css\" data-created_by=\"avia_inline_auto\" id=\"style-css-av-3gc8k2r-f92d66325e2ff5b49709d5ad1ea4fe64\">\n.flex_column.av-3gc8k2r-f92d66325e2ff5b49709d5ad1ea4fe64{\nborder-radius:0px 0px 0px 0px;\npadding:0px 0px 0px 0px;\n}\n<\/style>\n<div  class='flex_column av-3gc8k2r-f92d66325e2ff5b49709d5ad1ea4fe64 av_one_full first flex_column_div av-zero-column-padding'     ><section  class='av_textblock_section av-az6ov7-66465aef507e0fc2449608806148bebd'   itemscope=\"itemscope\" itemtype=\"https:\/\/schema.org\/CreativeWork\" ><div class='avia_textblock'  itemprop=\"text\" ><h1 id=\"orgs\" style=\"text-align: center;\">Organizaciones locales que abordan la equidad<\/h1>\n<\/div><\/section><br \/>\n<div id='av-masonry-1' class='av-masonry av-2cg70yr-5e0b8b4849e902f231d0fcb890bb75ba noHover av-flex-size av-large-gap av-hover-overlay-active av-masonry-animation-active av-masonry-col-4 av-caption-on-hover av-caption-style-overlay av-masonry-entries' data-post_id=\"160395\"><div class=\"av-masonry-container isotope av-js-disabled\"><div class='av-masonry-entry isotope-item av-masonry-item-no-image'><\/div><a href=\"https:\/\/boulder.earth\/es\/organizations\/350-colorado\/\"  id='av-masonry-1-item-11278' data-av-masonry-item='11278' class='av-masonry-entry isotope-item post-11278 portfolio type-portfolio status-publish has-post-thumbnail hentry portfolio_entries-activism portfolio_entries-community portfolio_entries-energy portfolio_entries-environment portfolio_entries-fracking portfolio_entries-justice portfolio_entries-policy portfolio_entries-resources  av-masonry-item-with-image' title=\"350 colorado\"   itemscope=\"itemscope\" itemtype=\"https:\/\/schema.org\/CreativeWork\" ><div class='av-inner-masonry-sizer'><\/div><figure class='av-inner-masonry main_color'><div class=\"av-masonry-outerimage-container\"><div class='av-masonry-image-container'  ><img decoding=\"async\" width=\"500\" height=\"333\" fetchpriority=\"high\" class=\"wp-image-15177 avia-img-lazy-loading-not-15177\"  src=\"https:\/\/boulder.earth\/wp-content\/uploads\/2017\/06\/350colorado-org.png\" title=\"350 colorado\" alt=\"\" srcset=\"https:\/\/boulder.earth\/wp-content\/uploads\/2017\/06\/350colorado-org.png 500w, https:\/\/boulder.earth\/wp-content\/uploads\/2017\/06\/350colorado-org-300x200.png 300w, https:\/\/boulder.earth\/wp-content\/uploads\/2017\/06\/350colorado-org-450x300.png 450w\" sizes=\"(max-width: 500px) 100vw, 500px\" \/><\/div><\/div><figcaption class='av-inner-masonry-content site-background'><div class='av-inner-masonry-content-pos'><div class='av-inner-masonry-content-pos-content'><div class='avia-arrow'><\/div><div class='av-masonry-entry-content entry-content'  itemprop=\"text\" >Trabajando localmente para ayudar a construir el movimiento de base global para resolver la crisis clim\u00e1tica y la transici\u00f3n hacia un futuro sostenible.<\/div><\/div><\/div><\/figcaption><\/figure><\/a><!--end av-masonry entry--><a href=\"https:\/\/boulder.earth\/es\/organizations\/americas-for-conservation-the-arts\/\"  id='av-masonry-1-item-20243' data-av-masonry-item='20243' class='av-masonry-entry isotope-item post-20243 portfolio type-portfolio status-publish has-post-thumbnail hentry portfolio_entries-arts-culture portfolio_entries-community portfolio_entries-conservation portfolio_entries-education portfolio_entries-justice  av-masonry-item-with-image' title=\"afca\"   itemscope=\"itemscope\" itemtype=\"https:\/\/schema.org\/CreativeWork\" ><div class='av-inner-masonry-sizer'><\/div><figure class='av-inner-masonry main_color'><div class=\"av-masonry-outerimage-container\"><div class='av-masonry-image-container'  ><img decoding=\"async\" width=\"500\" height=\"333\" fetchpriority=\"high\" class=\"wp-image-20245 avia-img-lazy-loading-not-20245\"  src=\"https:\/\/boulder.earth\/wp-content\/uploads\/2017\/09\/afca.png\" title=\"afca\" alt=\"\" srcset=\"https:\/\/boulder.earth\/wp-content\/uploads\/2017\/09\/afca.png 500w, https:\/\/boulder.earth\/wp-content\/uploads\/2017\/09\/afca-300x200.png 300w, https:\/\/boulder.earth\/wp-content\/uploads\/2017\/09\/afca-450x300.png 450w\" sizes=\"(max-width: 500px) 100vw, 500px\" \/><\/div><\/div><figcaption class='av-inner-masonry-content site-background'><div class='av-inner-masonry-content-pos'><div class='av-inner-masonry-content-pos-content'><div class='avia-arrow'><\/div><div class='av-masonry-entry-content entry-content'  itemprop=\"text\" >promover un medio ambiente saludable a trav\u00e9s de las artes, la defensa, la educaci\u00f3n y la participaci\u00f3n de comunidades culturalmente diversas<\/div><\/div><\/div><\/figcaption><\/figure><\/a><!--end av-masonry entry--><a href=\"https:\/\/boulder.earth\/es\/organizations\/boco-climate-justice-hive\/\"  id='av-masonry-1-item-5481643' data-av-masonry-item='5481643' class='av-masonry-entry isotope-item post-5481643 portfolio type-portfolio status-publish has-post-thumbnail hentry portfolio_entries-activism portfolio_entries-communications portfolio_entries-community portfolio_entries-justice portfolio_entries-philanthropy portfolio_entries-programproject  av-masonry-item-with-image' title=\"logotipo de la colmena de la justicia clim\u00e1tica de boco\"   itemscope=\"itemscope\" itemtype=\"https:\/\/schema.org\/CreativeWork\" ><div class='av-inner-masonry-sizer'><\/div><figure class='av-inner-masonry main_color'><div class=\"av-masonry-outerimage-container\"><div class='av-masonry-image-container'  ><img decoding=\"async\" width=\"300\" height=\"200\" fetchpriority=\"high\" class=\"wp-image-5481644 avia-img-lazy-loading-not-5481644\"  src=\"https:\/\/boulder.earth\/wp-content\/uploads\/2023\/06\/boco-hive-logo.jpg\" title=\"logotipo de la colmena de la justicia clim\u00e1tica de boco\" alt=\"\" srcset=\"https:\/\/boulder.earth\/wp-content\/uploads\/2023\/06\/boco-hive-logo.jpg 300w, https:\/\/boulder.earth\/wp-content\/uploads\/2023\/06\/boco-hive-logo-18x12.jpg 18w\" sizes=\"(max-width: 300px) 100vw, 300px\" \/><\/div><\/div><figcaption class='av-inner-masonry-content site-background'><div class='av-inner-masonry-content-pos'><div class='av-inner-masonry-content-pos-content'><div class='avia-arrow'><\/div><div class='av-masonry-entry-content entry-content'  itemprop=\"text\" >Al fomentar la colaboraci\u00f3n y la conectividad para la acci\u00f3n clim\u00e1tica basada en la justicia y el impacto en el condado de Boulder, Colorado, Hive informa, coordina e incentiva la colaboraci\u00f3n en todo el movimiento de justicia clim\u00e1tica, cambiando el paradigma.<\/div><\/div><\/div><\/figcaption><\/figure><\/a><!--end av-masonry entry--><a href=\"https:\/\/boulder.earth\/es\/organizations\/boulder-food-rescue\/\"  id='av-masonry-1-item-17801' data-av-masonry-item='17801' class='av-masonry-entry isotope-item post-17801 portfolio type-portfolio status-publish has-post-thumbnail hentry portfolio_entries-activism portfolio_entries-agriculture portfolio_entries-community portfolio_entries-food portfolio_entries-food-waste portfolio_entries-justice portfolio_entries-transportation portfolio_entries-zero-waste  av-masonry-item-with-image' title=\"Rescate de alimentos en Boulder\"   itemscope=\"itemscope\" itemtype=\"https:\/\/schema.org\/CreativeWork\" ><div class='av-inner-masonry-sizer'><\/div><figure class='av-inner-masonry main_color'><div class=\"av-masonry-outerimage-container\"><div class='av-masonry-image-container'  ><img decoding=\"async\" width=\"500\" height=\"333\" fetchpriority=\"high\" class=\"wp-image-17802 avia-img-lazy-loading-not-17802\"  src=\"https:\/\/boulder.earth\/wp-content\/uploads\/2017\/09\/Boulder-Food-Rescue.png\" title=\"Rescate de alimentos en Boulder\" alt=\"\" srcset=\"https:\/\/boulder.earth\/wp-content\/uploads\/2017\/09\/Boulder-Food-Rescue.png 500w, https:\/\/boulder.earth\/wp-content\/uploads\/2017\/09\/Boulder-Food-Rescue-300x200.png 300w, https:\/\/boulder.earth\/wp-content\/uploads\/2017\/09\/Boulder-Food-Rescue-450x300.png 450w\" sizes=\"(max-width: 500px) 100vw, 500px\" \/><\/div><\/div><figcaption class='av-inner-masonry-content site-background'><div class='av-inner-masonry-content-pos'><div class='av-inner-masonry-content-pos-content'><div class='avia-arrow'><\/div><div class='av-masonry-entry-content entry-content'  itemprop=\"text\" >\u00a1Rescate de alimentos sostenible y justo a tiempo en Boulder, Colorado!<\/div><\/div><\/div><\/figcaption><\/figure><\/a><!--end av-masonry entry--><a href=\"https:\/\/boulder.earth\/es\/organizations\/boulder-housing-coalition\/\"  id='av-masonry-1-item-20439' data-av-masonry-item='20439' class='av-masonry-entry isotope-item post-20439 portfolio type-portfolio status-publish has-post-thumbnail hentry portfolio_entries-community portfolio_entries-economics portfolio_entries-justice  av-masonry-item-with-image' title=\"coalici\u00f3n-de-vivienda-de-boulder\"   itemscope=\"itemscope\" itemtype=\"https:\/\/schema.org\/CreativeWork\" ><div class='av-inner-masonry-sizer'><\/div><figure class='av-inner-masonry main_color'><div class=\"av-masonry-outerimage-container\"><div class='av-masonry-image-container'  ><img decoding=\"async\" width=\"500\" height=\"333\" fetchpriority=\"high\" class=\"wp-image-20442 avia-img-lazy-loading-not-20442\"  src=\"https:\/\/boulder.earth\/wp-content\/uploads\/2017\/09\/boulder-housing-coalition.png\" title=\"coalici\u00f3n-de-vivienda-de-boulder\" alt=\"\" srcset=\"https:\/\/boulder.earth\/wp-content\/uploads\/2017\/09\/boulder-housing-coalition.png 500w, https:\/\/boulder.earth\/wp-content\/uploads\/2017\/09\/boulder-housing-coalition-300x200.png 300w, https:\/\/boulder.earth\/wp-content\/uploads\/2017\/09\/boulder-housing-coalition-450x300.png 450w\" sizes=\"(max-width: 500px) 100vw, 500px\" \/><\/div><\/div><figcaption class='av-inner-masonry-content site-background'><div class='av-inner-masonry-content-pos'><div class='av-inner-masonry-content-pos-content'><div class='avia-arrow'><\/div><div class='av-masonry-entry-content entry-content'  itemprop=\"text\" >dedicado a crear viviendas cooperativas asequibles que mejoren la comunidad para la gente del condado de Boulder<\/div><\/div><\/div><\/figcaption><\/figure><\/a><!--end av-masonry entry--><a href=\"https:\/\/boulder.earth\/es\/organizations\/boulder-rights-of-nature\/\"  id='av-masonry-1-item-122255' data-av-masonry-item='122255' class='av-masonry-entry isotope-item post-122255 portfolio type-portfolio status-publish has-post-thumbnail hentry portfolio_entries-activism portfolio_entries-conservation portfolio_entries-environment portfolio_entries-justice portfolio_entries-policy portfolio_entries-programproject  av-masonry-item-with-image' title=\"BoulderDerechosDeLaNaturaleza\"   itemscope=\"itemscope\" itemtype=\"https:\/\/schema.org\/CreativeWork\" ><div class='av-inner-masonry-sizer'><\/div><figure class='av-inner-masonry main_color'><div class=\"av-masonry-outerimage-container\"><div class='av-masonry-image-container'  ><img decoding=\"async\" width=\"500\" height=\"333\" fetchpriority=\"high\" class=\"wp-image-122256 avia-img-lazy-loading-not-122256\"  src=\"https:\/\/boulder.earth\/wp-content\/uploads\/2019\/01\/BoulderRightsofNature.png\" title=\"BoulderDerechosDeLaNaturaleza\" alt=\"\" srcset=\"https:\/\/boulder.earth\/wp-content\/uploads\/2019\/01\/BoulderRightsofNature.png 500w, https:\/\/boulder.earth\/wp-content\/uploads\/2019\/01\/BoulderRightsofNature-300x200.png 300w, https:\/\/boulder.earth\/wp-content\/uploads\/2019\/01\/BoulderRightsofNature-450x300.png 450w\" sizes=\"(max-width: 500px) 100vw, 500px\" \/><\/div><\/div><figcaption class='av-inner-masonry-content site-background'><div class='av-inner-masonry-content-pos'><div class='av-inner-masonry-content-pos-content'><div class='avia-arrow'><\/div><div class='av-masonry-entry-content entry-content'  itemprop=\"text\" >Dedicado a la protecci\u00f3n, conservaci\u00f3n y restauraci\u00f3n sostenibles de los ecosistemas que funcionan naturalmente y las comunidades naturales que dependen de ellos.<\/div><\/div><\/div><\/figcaption><\/figure><\/a><!--end av-masonry entry--><a href=\"https:\/\/boulder.earth\/es\/organizations\/boundless-in-motion\/\"  id='av-masonry-1-item-29769' data-av-masonry-item='29769' class='av-masonry-entry isotope-item post-29769 portfolio type-portfolio status-publish has-post-thumbnail hentry portfolio_entries-activism portfolio_entries-community portfolio_entries-justice portfolio_entries-spiritual  av-masonry-item-with-image' title=\"Boundless In Motion boulder eco dharma\"   itemscope=\"itemscope\" itemtype=\"https:\/\/schema.org\/CreativeWork\" ><div class='av-inner-masonry-sizer'><\/div><figure class='av-inner-masonry main_color'><div class=\"av-masonry-outerimage-container\"><div class='av-masonry-image-container'  ><img decoding=\"async\" width=\"500\" height=\"333\" fetchpriority=\"high\" class=\"wp-image-29772 avia-img-lazy-loading-not-29772\"  src=\"https:\/\/boulder.earth\/wp-content\/uploads\/2017\/11\/Boundless-In-Motion-boulder-eco-dharma.jpg\" title=\"Boundless In Motion boulder eco dharma\" alt=\"\" srcset=\"https:\/\/boulder.earth\/wp-content\/uploads\/2017\/11\/Boundless-In-Motion-boulder-eco-dharma.jpg 500w, https:\/\/boulder.earth\/wp-content\/uploads\/2017\/11\/Boundless-In-Motion-boulder-eco-dharma-300x200.jpg 300w, https:\/\/boulder.earth\/wp-content\/uploads\/2017\/11\/Boundless-In-Motion-boulder-eco-dharma-450x300.jpg 450w\" sizes=\"(max-width: 500px) 100vw, 500px\" \/><\/div><\/div><figcaption class='av-inner-masonry-content site-background'><div class='av-inner-masonry-content-pos'><div class='av-inner-masonry-content-pos-content'><div class='avia-arrow'><\/div><div class='av-masonry-entry-content entry-content'  itemprop=\"text\" >una organizaci\u00f3n &quot;budista comprometida&quot; que re\u00fane nuestra espiritualidad, la construcci\u00f3n de comunidades y la acci\u00f3n colectiva estrat\u00e9gica<\/div><\/div><\/div><\/figcaption><\/figure><\/a><!--end av-masonry entry--><a href=\"https:\/\/boulder.earth\/es\/organizations\/bridge-house\/\"  id='av-masonry-1-item-84974' data-av-masonry-item='84974' class='av-masonry-entry isotope-item post-84974 portfolio type-portfolio status-publish has-post-thumbnail hentry portfolio_entries-community portfolio_entries-housing portfolio_entries-justice  av-masonry-item-with-image' title=\"casa puente\"   itemscope=\"itemscope\" itemtype=\"https:\/\/schema.org\/CreativeWork\" ><div class='av-inner-masonry-sizer'><\/div><figure class='av-inner-masonry main_color'><div class=\"av-masonry-outerimage-container\"><div class='av-masonry-image-container'  ><img decoding=\"async\" width=\"400\" height=\"266\" fetchpriority=\"high\" class=\"wp-image-84975 avia-img-lazy-loading-not-84975\"  src=\"https:\/\/boulder.earth\/wp-content\/uploads\/2018\/06\/bridgehouse.png\" title=\"casa puente\" alt=\"\" srcset=\"https:\/\/boulder.earth\/wp-content\/uploads\/2018\/06\/bridgehouse.png 400w, https:\/\/boulder.earth\/wp-content\/uploads\/2018\/06\/bridgehouse-300x200.png 300w\" sizes=\"(max-width: 400px) 100vw, 400px\" \/><\/div><\/div><figcaption class='av-inner-masonry-content site-background'><div class='av-inner-masonry-content-pos'><div class='av-inner-masonry-content-pos-content'><div class='avia-arrow'><\/div><div class='av-masonry-entry-content entry-content'  itemprop=\"text\" >Crear una cultura de oportunidades para adultos sin hogar y de bajos ingresos<\/div><\/div><\/div><\/figcaption><\/figure><\/a><!--end av-masonry entry--><a href=\"https:\/\/boulder.earth\/es\/organizations\/brujula-comunitaria\/\"  id='av-masonry-1-item-5483025' data-av-masonry-item='5483025' class='av-masonry-entry isotope-item post-5483025 portfolio type-portfolio status-publish has-post-thumbnail hentry portfolio_entries-community portfolio_entries-justice portfolio_entries-policy  av-masonry-item-with-image' title=\"brujula-comunitaria\"   itemscope=\"itemscope\" itemtype=\"https:\/\/schema.org\/CreativeWork\" ><div class='av-inner-masonry-sizer'><\/div><figure class='av-inner-masonry main_color'><div class=\"av-masonry-outerimage-container\"><div class='av-masonry-image-container'  ><img decoding=\"async\" width=\"300\" height=\"200\" fetchpriority=\"high\" class=\"wp-image-5483027 avia-img-lazy-loading-not-5483027\"  src=\"https:\/\/boulder.earth\/wp-content\/uploads\/2023\/11\/brujula-comunitaria.png\" title=\"brujula-comunitaria\" alt=\"\" srcset=\"https:\/\/boulder.earth\/wp-content\/uploads\/2023\/11\/brujula-comunitaria.png 300w, https:\/\/boulder.earth\/wp-content\/uploads\/2023\/11\/brujula-comunitaria-18x12.png 18w\" sizes=\"(max-width: 300px) 100vw, 300px\" \/><\/div><\/div><figcaption class='av-inner-masonry-content site-background'><div class='av-inner-masonry-content-pos'><div class='av-inner-masonry-content-pos-content'><div class='avia-arrow'><\/div><div class='av-masonry-entry-content entry-content'  itemprop=\"text\" >Fomentar la participaci\u00f3n comunitaria directa con el objetivo de brindar soluciones a los desaf\u00edos de la justicia clim\u00e1tica, social y econ\u00f3mica.<\/div><\/div><\/div><\/figcaption><\/figure><\/a><!--end av-masonry entry--><a href=\"https:\/\/boulder.earth\/es\/organizations\/climate-justicecollaborative\/\"  id='av-masonry-1-item-5478115' data-av-masonry-item='5478115' class='av-masonry-entry isotope-item post-5478115 portfolio type-portfolio status-publish has-post-thumbnail hentry portfolio_entries-community portfolio_entries-justice  av-masonry-item-with-image' title=\"cjc-canto rodado\"   itemscope=\"itemscope\" itemtype=\"https:\/\/schema.org\/CreativeWork\" ><div class='av-inner-masonry-sizer'><\/div><figure class='av-inner-masonry main_color'><div class=\"av-masonry-outerimage-container\"><div class='av-masonry-image-container'  ><img decoding=\"async\" width=\"300\" height=\"200\" fetchpriority=\"high\" class=\"wp-image-5478116 avia-img-lazy-loading-not-5478116\"  src=\"https:\/\/boulder.earth\/wp-content\/uploads\/2022\/08\/cjc-boulder.png\" title=\"cjc-canto rodado\" alt=\"\" srcset=\"https:\/\/boulder.earth\/wp-content\/uploads\/2022\/08\/cjc-boulder.png 300w, https:\/\/boulder.earth\/wp-content\/uploads\/2022\/08\/cjc-boulder-18x12.png 18w\" sizes=\"(max-width: 300px) 100vw, 300px\" \/><\/div><\/div><figcaption class='av-inner-masonry-content site-background'><div class='av-inner-masonry-content-pos'><div class='av-inner-masonry-content-pos-content'><div class='avia-arrow'><\/div><div class='av-masonry-entry-content entry-content'  itemprop=\"text\" >Colaboraci\u00f3n dirigida por miembros de la comunidad de primera l\u00ednea que crea y aplica un marco de equidad racial, cambiando las estructuras de poder y promulgando soluciones justas al cambio clim\u00e1tico.<\/div><\/div><\/div><\/figcaption><\/figure><\/a><!--end av-masonry entry--><a href=\"https:\/\/boulder.earth\/es\/organizations\/colorado-jewish-climate-action\/\"  id='av-masonry-1-item-5483775' data-av-masonry-item='5483775' class='av-masonry-entry isotope-item post-5483775 portfolio type-portfolio status-publish has-post-thumbnail hentry portfolio_entries-activism portfolio_entries-justice portfolio_entries-spiritual  av-masonry-item-with-image' title=\"Colorado Jewish Climate Action\"   itemscope=\"itemscope\" itemtype=\"https:\/\/schema.org\/CreativeWork\" ><div class='av-inner-masonry-sizer'><\/div><figure class='av-inner-masonry main_color'><div class=\"av-masonry-outerimage-container\"><div class='av-masonry-image-container'  ><img decoding=\"async\" width=\"300\" height=\"200\" fetchpriority=\"high\" class=\"wp-image-5483776 avia-img-lazy-loading-not-5483776\"  src=\"https:\/\/boulder.earth\/wp-content\/uploads\/2024\/02\/cjca-logo.png\" title=\"Colorado Jewish Climate Action\" alt=\"\" srcset=\"https:\/\/boulder.earth\/wp-content\/uploads\/2024\/02\/cjca-logo.png 300w, https:\/\/boulder.earth\/wp-content\/uploads\/2024\/02\/cjca-logo-18x12.png 18w\" sizes=\"(max-width: 300px) 100vw, 300px\" \/><\/div><\/div><figcaption class='av-inner-masonry-content site-background'><div class='av-inner-masonry-content-pos'><div class='av-inner-masonry-content-pos-content'><div class='avia-arrow'><\/div><div class='av-masonry-entry-content entry-content'  itemprop=\"text\" >Unidos para tomar medidas para mitigar los efectos del cambio clim\u00e1tico y abogar en las legislaturas nacionales y de Colorado por leyes ecol\u00f3gicas y una mejor calidad del aire.<\/div><\/div><\/div><\/figcaption><\/figure><\/a><!--end av-masonry entry--><a href=\"https:\/\/boulder.earth\/es\/organizations\/colorado-rising\/\"  id='av-masonry-1-item-29068' data-av-masonry-item='29068' class='av-masonry-entry isotope-item post-29068 portfolio type-portfolio status-publish has-post-thumbnail hentry portfolio_entries-activism portfolio_entries-fracking portfolio_entries-justice portfolio_entries-policy  av-masonry-item-with-image' title=\"ColoradoRising\"   itemscope=\"itemscope\" itemtype=\"https:\/\/schema.org\/CreativeWork\" ><div class='av-inner-masonry-sizer'><\/div><figure class='av-inner-masonry main_color'><div class=\"av-masonry-outerimage-container\"><div class='av-masonry-image-container'  ><img decoding=\"async\" width=\"500\" height=\"333\" fetchpriority=\"high\" class=\"wp-image-29070 avia-img-lazy-loading-not-29070\"  src=\"https:\/\/boulder.earth\/wp-content\/uploads\/2017\/11\/ColoradoRising.png\" title=\"ColoradoRising\" alt=\"\" srcset=\"https:\/\/boulder.earth\/wp-content\/uploads\/2017\/11\/ColoradoRising.png 500w, https:\/\/boulder.earth\/wp-content\/uploads\/2017\/11\/ColoradoRising-300x200.png 300w, https:\/\/boulder.earth\/wp-content\/uploads\/2017\/11\/ColoradoRising-450x300.png 450w\" sizes=\"(max-width: 500px) 100vw, 500px\" \/><\/div><\/div><figcaption class='av-inner-masonry-content site-background'><div class='av-inner-masonry-content-pos'><div class='av-inner-masonry-content-pos-content'><div class='avia-arrow'><\/div><div class='av-masonry-entry-content entry-content'  itemprop=\"text\" >impulsando el esfuerzo de base para aprobar una iniciativa de votaci\u00f3n en todo el estado que establezca protecciones de sentido com\u00fan para nuestras comunidades contra los peligros del desarrollo de petr\u00f3leo y gas y el fracking<\/div><\/div><\/div><\/figcaption><\/figure><\/a><!--end av-masonry entry--><a href=\"https:\/\/boulder.earth\/es\/organizations\/community-cycles\/\"  id='av-masonry-1-item-11303' data-av-masonry-item='11303' class='av-masonry-entry isotope-item post-11303 portfolio type-portfolio status-publish has-post-thumbnail hentry portfolio_entries-activism portfolio_entries-community portfolio_entries-education portfolio_entries-justice portfolio_entries-resources portfolio_entries-transportation  av-masonry-item-with-image' title=\"ciclos comunitarios\"   itemscope=\"itemscope\" itemtype=\"https:\/\/schema.org\/CreativeWork\" ><div class='av-inner-masonry-sizer'><\/div><figure class='av-inner-masonry main_color'><div class=\"av-masonry-outerimage-container\"><div class='av-masonry-image-container'  ><img decoding=\"async\" width=\"500\" height=\"333\" fetchpriority=\"high\" class=\"wp-image-13607 avia-img-lazy-loading-not-13607\"  src=\"https:\/\/boulder.earth\/wp-content\/uploads\/2017\/06\/community-cycles-1.jpg\" title=\"ciclos comunitarios\" alt=\"\" srcset=\"https:\/\/boulder.earth\/wp-content\/uploads\/2017\/06\/community-cycles-1.jpg 500w, https:\/\/boulder.earth\/wp-content\/uploads\/2017\/06\/community-cycles-1-300x200.jpg 300w, https:\/\/boulder.earth\/wp-content\/uploads\/2017\/06\/community-cycles-1-450x300.jpg 450w\" sizes=\"(max-width: 500px) 100vw, 500px\" \/><\/div><\/div><figcaption class='av-inner-masonry-content site-background'><div class='av-inner-masonry-content-pos'><div class='av-inner-masonry-content-pos-content'><div class='avia-arrow'><\/div><div class='av-masonry-entry-content entry-content'  itemprop=\"text\" >Organizaci\u00f3n sin fines de lucro de ciclistas y simpatizantes del transporte en bicicleta que brinda reparaci\u00f3n, reciclaje, donaci\u00f3n y educaci\u00f3n de bicicletas a la comunidad<\/div><\/div><\/div><\/figcaption><\/figure><\/a><!--end av-masonry entry--><a href=\"https:\/\/boulder.earth\/es\/organizations\/community-food-share\/\"  id='av-masonry-1-item-84967' data-av-masonry-item='84967' class='av-masonry-entry isotope-item post-84967 portfolio type-portfolio status-publish has-post-thumbnail hentry portfolio_entries-agriculture portfolio_entries-community portfolio_entries-food portfolio_entries-food-waste portfolio_entries-justice  av-masonry-item-with-image' title=\"compartir comida comunitaria\"   itemscope=\"itemscope\" itemtype=\"https:\/\/schema.org\/CreativeWork\" ><div class='av-inner-masonry-sizer'><\/div><figure class='av-inner-masonry main_color'><div class=\"av-masonry-outerimage-container\"><div class='av-masonry-image-container'  ><img decoding=\"async\" width=\"300\" height=\"200\" fetchpriority=\"high\" class=\"wp-image-141837 avia-img-lazy-loading-not-141837\"  src=\"https:\/\/boulder.earth\/wp-content\/uploads\/2018\/06\/communityfoodshare.jpg\" title=\"compartir comida comunitaria\" alt=\"\" \/><\/div><\/div><figcaption class='av-inner-masonry-content site-background'><div class='av-inner-masonry-content-pos'><div class='av-inner-masonry-content-pos-content'><div class='avia-arrow'><\/div><div class='av-masonry-entry-content entry-content'  itemprop=\"text\" >Eliminar el hambre en los condados de Boulder y Broomfield a trav\u00e9s del compromiso, la colaboraci\u00f3n y el liderazgo.<\/div><\/div><\/div><\/figcaption><\/figure><\/a><!--end av-masonry entry--><a href=\"https:\/\/boulder.earth\/es\/organizations\/community-led-preparedness-training-for-climate-emergencies-project\/\"  id='av-masonry-1-item-5483013' data-av-masonry-item='5483013' class='av-masonry-entry isotope-item post-5483013 portfolio type-portfolio status-publish has-post-thumbnail hentry portfolio_entries-education portfolio_entries-justice portfolio_entries-resilience  av-masonry-item-with-image' title=\"Proyecto de capacitaci\u00f3n en preparaci\u00f3n liderado por la comunidad\"   itemscope=\"itemscope\" itemtype=\"https:\/\/schema.org\/CreativeWork\" ><div class='av-inner-masonry-sizer'><\/div><figure class='av-inner-masonry main_color'><div class=\"av-masonry-outerimage-container\"><div class='av-masonry-image-container'  ><img decoding=\"async\" width=\"300\" height=\"200\" fetchpriority=\"high\" class=\"wp-image-5483862 avia-img-lazy-loading-not-5483862\"  src=\"https:\/\/boulder.earth\/wp-content\/uploads\/2023\/11\/CPTlogo.png\" title=\"Proyecto de capacitaci\u00f3n en preparaci\u00f3n liderado por la comunidad\" alt=\"\" srcset=\"https:\/\/boulder.earth\/wp-content\/uploads\/2023\/11\/CPTlogo.png 300w, https:\/\/boulder.earth\/wp-content\/uploads\/2023\/11\/CPTlogo-18x12.png 18w\" sizes=\"(max-width: 300px) 100vw, 300px\" \/><\/div><\/div><figcaption class='av-inner-masonry-content site-background'><div class='av-inner-masonry-content-pos'><div class='av-inner-masonry-content-pos-content'><div class='avia-arrow'><\/div><div class='av-masonry-entry-content entry-content'  itemprop=\"text\" >creado por y para las comunidades de primera l\u00ednea para aumentar la preparaci\u00f3n para emergencias<\/div><\/div><\/div><\/figcaption><\/figure><\/a><!--end av-masonry entry--><a href=\"https:\/\/boulder.earth\/es\/organizations\/dance-to-be-free\/\"  id='av-masonry-1-item-6465073' data-av-masonry-item='6465073' class='av-masonry-entry isotope-item post-6465073 portfolio type-portfolio status-publish has-post-thumbnail hentry portfolio_entries-community portfolio_entries-health portfolio_entries-justice  av-masonry-item-with-image' title=\"dance-to-be-free\"   itemscope=\"itemscope\" itemtype=\"https:\/\/schema.org\/CreativeWork\" ><div class='av-inner-masonry-sizer'><\/div><figure class='av-inner-masonry main_color'><div class=\"av-masonry-outerimage-container\"><div class='av-masonry-image-container'  ><img decoding=\"async\" width=\"300\" height=\"200\" fetchpriority=\"high\" class=\"wp-image-6465074 avia-img-lazy-loading-not-6465074\"  src=\"https:\/\/boulder.earth\/wp-content\/uploads\/2025\/08\/dance-to-be-free.png\" title=\"dance-to-be-free\" alt=\"\" srcset=\"https:\/\/boulder.earth\/wp-content\/uploads\/2025\/08\/dance-to-be-free.png 300w, https:\/\/boulder.earth\/wp-content\/uploads\/2025\/08\/dance-to-be-free-18x12.png 18w\" sizes=\"(max-width: 300px) 100vw, 300px\" \/><\/div><\/div><figcaption class='av-inner-masonry-content site-background'><div class='av-inner-masonry-content-pos'><div class='av-inner-masonry-content-pos-content'><div class='avia-arrow'><\/div><\/div><\/div><\/figcaption><\/figure><\/a><!--end av-masonry entry--><a href=\"https:\/\/boulder.earth\/es\/organizations\/earth-guardians\/\"  id='av-masonry-1-item-13603' data-av-masonry-item='13603' class='av-masonry-entry isotope-item post-13603 portfolio type-portfolio status-publish has-post-thumbnail hentry portfolio_entries-activism portfolio_entries-arts-culture portfolio_entries-community portfolio_entries-fracking portfolio_entries-justice portfolio_entries-policy portfolio_entries-water  av-masonry-item-with-image' title=\"guardianes de la tierra\"   itemscope=\"itemscope\" itemtype=\"https:\/\/schema.org\/CreativeWork\" ><div class='av-inner-masonry-sizer'><\/div><figure class='av-inner-masonry main_color'><div class=\"av-masonry-outerimage-container\"><div class='av-masonry-image-container'  ><img decoding=\"async\" width=\"500\" height=\"333\" fetchpriority=\"high\" class=\"wp-image-13604 avia-img-lazy-loading-not-13604\"  src=\"https:\/\/boulder.earth\/wp-content\/uploads\/2017\/07\/earth-guardians.jpg\" title=\"guardianes de la tierra\" alt=\"\" srcset=\"https:\/\/boulder.earth\/wp-content\/uploads\/2017\/07\/earth-guardians.jpg 500w, https:\/\/boulder.earth\/wp-content\/uploads\/2017\/07\/earth-guardians-300x200.jpg 300w, https:\/\/boulder.earth\/wp-content\/uploads\/2017\/07\/earth-guardians-450x300.jpg 450w\" sizes=\"(max-width: 500px) 100vw, 500px\" \/><\/div><\/div><figcaption class='av-inner-masonry-content site-background'><div class='av-inner-masonry-content-pos'><div class='av-inner-masonry-content-pos-content'><div class='avia-arrow'><\/div><div class='av-masonry-entry-content entry-content'  itemprop=\"text\" >Hacer crecer un movimiento resiliente con j\u00f3venes a la vanguardia empoder\u00e1ndolos como l\u00edderes y amplificando su impacto.<\/div><\/div><\/div><\/figcaption><\/figure><\/a><!--end av-masonry entry--><a href=\"https:\/\/boulder.earth\/es\/organizations\/explorado-senderos\/\"  id='av-masonry-1-item-5483018' data-av-masonry-item='5483018' class='av-masonry-entry isotope-item post-5483018 portfolio type-portfolio status-publish has-post-thumbnail hentry portfolio_entries-community portfolio_entries-environment portfolio_entries-justice  av-masonry-item-with-image' title=\"explorando-senderos\"   itemscope=\"itemscope\" itemtype=\"https:\/\/schema.org\/CreativeWork\" ><div class='av-inner-masonry-sizer'><\/div><figure class='av-inner-masonry main_color'><div class=\"av-masonry-outerimage-container\"><div class='av-masonry-image-container'  ><img decoding=\"async\" width=\"300\" height=\"200\" fetchpriority=\"high\" class=\"wp-image-5483019 avia-img-lazy-loading-not-5483019\"  src=\"https:\/\/boulder.earth\/wp-content\/uploads\/2023\/11\/explorandos-senderos.png\" title=\"explorando-senderos\" alt=\"\" srcset=\"https:\/\/boulder.earth\/wp-content\/uploads\/2023\/11\/explorandos-senderos.png 300w, https:\/\/boulder.earth\/wp-content\/uploads\/2023\/11\/explorandos-senderos-18x12.png 18w\" sizes=\"(max-width: 300px) 100vw, 300px\" \/><\/div><\/div><figcaption class='av-inner-masonry-content site-background'><div class='av-inner-masonry-content-pos'><div class='av-inner-masonry-content-pos-content'><div class='avia-arrow'><\/div><div class='av-masonry-entry-content entry-content'  itemprop=\"text\" >empoderar a las familias latinas para que vivan, amen y abracen la naturaleza cada d\u00eda.<\/div><\/div><\/div><\/figcaption><\/figure><\/a><!--end av-masonry entry--><a href=\"https:\/\/boulder.earth\/es\/organizations\/extinction-rebellion-boulder\/\"  id='av-masonry-1-item-153548' data-av-masonry-item='153548' class='av-masonry-entry isotope-item post-153548 portfolio type-portfolio status-publish has-post-thumbnail hentry portfolio_entries-activism portfolio_entries-justice  av-masonry-item-with-image' title=\"XR Condado de Boulder\"   itemscope=\"itemscope\" itemtype=\"https:\/\/schema.org\/CreativeWork\" ><div class='av-inner-masonry-sizer'><\/div><figure class='av-inner-masonry main_color'><div class=\"av-masonry-outerimage-container\"><div class='av-masonry-image-container'  ><img decoding=\"async\" width=\"300\" height=\"200\" fetchpriority=\"high\" class=\"wp-image-154504 avia-img-lazy-loading-not-154504\"  src=\"https:\/\/boulder.earth\/wp-content\/uploads\/2019\/10\/XR-Boulder-County.jpg\" title=\"XR Condado de Boulder\" alt=\"\" \/><\/div><\/div><figcaption class='av-inner-masonry-content site-background'><div class='av-inner-masonry-content-pos'><div class='av-inner-masonry-content-pos-content'><div class='avia-arrow'><\/div><div class='av-masonry-entry-content entry-content'  itemprop=\"text\" >Usar la desobediencia civil no violenta para lograr un cambio radical con el fin de minimizar el riesgo de extinci\u00f3n humana y colapso ecol\u00f3gico<\/div><\/div><\/div><\/figcaption><\/figure><\/a><!--end av-masonry entry--><a href=\"https:\/\/boulder.earth\/es\/organizations\/flows-foundations-for-leaders-organizing-for-water-and-sustainability\/\"  id='av-masonry-1-item-21142' data-av-masonry-item='21142' class='av-masonry-entry isotope-item post-21142 portfolio type-portfolio status-publish has-post-thumbnail hentry portfolio_entries-justice portfolio_entries-resources portfolio_entries-water  av-masonry-item-with-image' title=\"FLUJOS-r\u00e1faga\"   itemscope=\"itemscope\" itemtype=\"https:\/\/schema.org\/CreativeWork\" ><div class='av-inner-masonry-sizer'><\/div><figure class='av-inner-masonry main_color'><div class=\"av-masonry-outerimage-container\"><div class='av-masonry-image-container'  ><img decoding=\"async\" width=\"500\" height=\"333\" fetchpriority=\"high\" class=\"wp-image-21145 avia-img-lazy-loading-not-21145\"  src=\"https:\/\/boulder.earth\/wp-content\/uploads\/2017\/09\/FLOWS-burst.jpg\" title=\"FLUJOS-r\u00e1faga\" alt=\"\" srcset=\"https:\/\/boulder.earth\/wp-content\/uploads\/2017\/09\/FLOWS-burst.jpg 500w, https:\/\/boulder.earth\/wp-content\/uploads\/2017\/09\/FLOWS-burst-300x200.jpg 300w, https:\/\/boulder.earth\/wp-content\/uploads\/2017\/09\/FLOWS-burst-450x300.jpg 450w\" sizes=\"(max-width: 500px) 100vw, 500px\" \/><\/div><\/div><figcaption class='av-inner-masonry-content site-background'><div class='av-inner-masonry-content-pos'><div class='av-inner-masonry-content-pos-content'><div class='avia-arrow'><\/div><div class='av-masonry-entry-content entry-content'  itemprop=\"text\" >buscando unir la justicia social y los problemas ambientales al proporcionar capacitaci\u00f3n en liderazgo, habilidades de empleo ecol\u00f3gico y actualizaciones de agua y energ\u00eda a las comunidades desatendidas, al tiempo que crea asociaciones entre estudiantes, personal y miembros de la comunidad<\/div><\/div><\/div><\/figcaption><\/figure><\/a><!--end av-masonry entry--><a href=\"https:\/\/boulder.earth\/es\/organizations\/food-water-watch\/\"  id='av-masonry-1-item-42893' data-av-masonry-item='42893' class='av-masonry-entry isotope-item post-42893 portfolio type-portfolio status-publish has-post-thumbnail hentry portfolio_entries-activism portfolio_entries-environment portfolio_entries-fracking portfolio_entries-justice portfolio_entries-policy portfolio_entries-water  av-masonry-item-with-image' title=\"reloj-de-comida-y-agua\"   itemscope=\"itemscope\" itemtype=\"https:\/\/schema.org\/CreativeWork\" ><div class='av-inner-masonry-sizer'><\/div><figure class='av-inner-masonry main_color'><div class=\"av-masonry-outerimage-container\"><div class='av-masonry-image-container'  ><img decoding=\"async\" width=\"500\" height=\"333\" fetchpriority=\"high\" class=\"wp-image-42896 avia-img-lazy-loading-not-42896\"  src=\"https:\/\/boulder.earth\/wp-content\/uploads\/2018\/01\/food-and-water-watch.png\" title=\"reloj-de-comida-y-agua\" alt=\"\" srcset=\"https:\/\/boulder.earth\/wp-content\/uploads\/2018\/01\/food-and-water-watch.png 500w, https:\/\/boulder.earth\/wp-content\/uploads\/2018\/01\/food-and-water-watch-300x200.png 300w, https:\/\/boulder.earth\/wp-content\/uploads\/2018\/01\/food-and-water-watch-450x300.png 450w\" sizes=\"(max-width: 500px) 100vw, 500px\" \/><\/div><\/div><figcaption class='av-inner-masonry-content site-background'><div class='av-inner-masonry-content-pos'><div class='av-inner-masonry-content-pos-content'><div class='avia-arrow'><\/div><div class='av-masonry-entry-content entry-content'  itemprop=\"text\" >Defender alimentos saludables y agua limpia para todos, hacer frente a las corporaciones que anteponen las ganancias a las personas y abogar por una democracia que mejore la vida de las personas y proteja nuestro medio ambiente.<\/div><\/div><\/div><\/figcaption><\/figure><\/a><!--end av-masonry entry--><a href=\"https:\/\/boulder.earth\/es\/organizations\/global-greengrants-fund\/\"  id='av-masonry-1-item-29049' data-av-masonry-item='29049' class='av-masonry-entry isotope-item post-29049 portfolio type-portfolio status-publish has-post-thumbnail hentry portfolio_entries-economics portfolio_entries-environment portfolio_entries-justice  av-masonry-item-with-image' title=\"Fondo GlobalGreengrants\"   itemscope=\"itemscope\" itemtype=\"https:\/\/schema.org\/CreativeWork\" ><div class='av-inner-masonry-sizer'><\/div><figure class='av-inner-masonry main_color'><div class=\"av-masonry-outerimage-container\"><div class='av-masonry-image-container'  ><img decoding=\"async\" width=\"500\" height=\"333\" fetchpriority=\"high\" class=\"wp-image-29051 avia-img-lazy-loading-not-29051\"  src=\"https:\/\/boulder.earth\/wp-content\/uploads\/2017\/11\/GlobalGreengrantsFund.png\" title=\"Fondo GlobalGreengrants\" alt=\"\" srcset=\"https:\/\/boulder.earth\/wp-content\/uploads\/2017\/11\/GlobalGreengrantsFund.png 500w, https:\/\/boulder.earth\/wp-content\/uploads\/2017\/11\/GlobalGreengrantsFund-300x200.png 300w, https:\/\/boulder.earth\/wp-content\/uploads\/2017\/11\/GlobalGreengrantsFund-450x300.png 450w\" sizes=\"(max-width: 500px) 100vw, 500px\" \/><\/div><\/div><figcaption class='av-inner-masonry-content site-background'><div class='av-inner-masonry-content-pos'><div class='av-inner-masonry-content-pos-content'><div class='avia-arrow'><\/div><div class='av-masonry-entry-content entry-content'  itemprop=\"text\" >La red global de personas en primera l\u00ednea y donantes se une para ayudar a las comunidades a proteger sus formas de vida y nuestro planeta.<\/div><\/div><\/div><\/figcaption><\/figure><\/a><!--end av-masonry entry--><a href=\"https:\/\/boulder.earth\/es\/organizations\/greenfaith-boulder-county\/\"  id='av-masonry-1-item-5482428' data-av-masonry-item='5482428' class='av-masonry-entry isotope-item post-5482428 portfolio type-portfolio status-publish has-post-thumbnail hentry portfolio_entries-community portfolio_entries-justice portfolio_entries-spiritual  av-masonry-item-with-image' title=\"condado_greenfaith_boulder\"   itemscope=\"itemscope\" itemtype=\"https:\/\/schema.org\/CreativeWork\" ><div class='av-inner-masonry-sizer'><\/div><figure class='av-inner-masonry main_color'><div class=\"av-masonry-outerimage-container\"><div class='av-masonry-image-container'  ><img decoding=\"async\" width=\"300\" height=\"200\" fetchpriority=\"high\" class=\"wp-image-5482429 avia-img-lazy-loading-not-5482429\"  src=\"https:\/\/boulder.earth\/wp-content\/uploads\/2023\/09\/greenfaith_bouldercounty.png\" title=\"condado_greenfaith_boulder\" alt=\"\" srcset=\"https:\/\/boulder.earth\/wp-content\/uploads\/2023\/09\/greenfaith_bouldercounty.png 300w, https:\/\/boulder.earth\/wp-content\/uploads\/2023\/09\/greenfaith_bouldercounty-18x12.png 18w\" sizes=\"(max-width: 300px) 100vw, 300px\" \/><\/div><\/div><figcaption class='av-inner-masonry-content site-background'><div class='av-inner-masonry-content-pos'><div class='av-inner-masonry-content-pos-content'><div class='avia-arrow'><\/div><div class='av-masonry-entry-content entry-content'  itemprop=\"text\" >Construir un movimiento local multirreligioso sobre el clima y el medio ambiente en colaboraci\u00f3n con otros C\u00edrculos GreenFaith en todo el mundo.<\/div><\/div><\/div><\/figcaption><\/figure><\/a><!--end av-masonry entry--><a href=\"https:\/\/boulder.earth\/es\/organizations\/growing-gardens\/\"  id='av-masonry-1-item-11299' data-av-masonry-item='11299' class='av-masonry-entry isotope-item post-11299 portfolio type-portfolio status-publish has-post-thumbnail hentry portfolio_entries-agriculture portfolio_entries-business portfolio_entries-community portfolio_entries-education portfolio_entries-food portfolio_entries-justice portfolio_entries-pollinators portfolio_entries-resilience  av-masonry-item-with-image' title=\"jardines de cultivo\"   itemscope=\"itemscope\" itemtype=\"https:\/\/schema.org\/CreativeWork\" ><div class='av-inner-masonry-sizer'><\/div><figure class='av-inner-masonry main_color'><div class=\"av-masonry-outerimage-container\"><div class='av-masonry-image-container'  ><img decoding=\"async\" width=\"500\" height=\"333\" fetchpriority=\"high\" class=\"wp-image-13598 avia-img-lazy-loading-not-13598\"  src=\"https:\/\/boulder.earth\/wp-content\/uploads\/2017\/06\/growing-gardens-1.jpg\" title=\"jardines de cultivo\" alt=\"Growing Gardens\" srcset=\"https:\/\/boulder.earth\/wp-content\/uploads\/2017\/06\/growing-gardens-1.jpg 500w, https:\/\/boulder.earth\/wp-content\/uploads\/2017\/06\/growing-gardens-1-300x200.jpg 300w, https:\/\/boulder.earth\/wp-content\/uploads\/2017\/06\/growing-gardens-1-450x300.jpg 450w\" sizes=\"(max-width: 500px) 100vw, 500px\" \/><\/div><\/div><figcaption class='av-inner-masonry-content site-background'><div class='av-inner-masonry-content-pos'><div class='av-inner-masonry-content-pos-content'><div class='avia-arrow'><\/div><div class='av-masonry-entry-content entry-content'  itemprop=\"text\" >sin fines de lucro con la Misi\u00f3n de cultivar la comunidad a trav\u00e9s de la agricultura urbana sostenible y la Visi\u00f3n de personas que experimentan una conexi\u00f3n directa y profunda con los alimentos, la tierra y entre s\u00ed.<\/div><\/div><\/div><\/figcaption><\/figure><\/a><!--end av-masonry entry--><a href=\"https:\/\/boulder.earth\/es\/organizations\/harvest-of-all-first-nations\/\"  id='av-masonry-1-item-5483008' data-av-masonry-item='5483008' class='av-masonry-entry isotope-item post-5483008 portfolio type-portfolio status-publish has-post-thumbnail hentry portfolio_entries-arts-culture portfolio_entries-community portfolio_entries-education portfolio_entries-justice  av-masonry-item-with-image' title=\"cosecha-de-primeras-naciones\"   itemscope=\"itemscope\" itemtype=\"https:\/\/schema.org\/CreativeWork\" ><div class='av-inner-masonry-sizer'><\/div><figure class='av-inner-masonry main_color'><div class=\"av-masonry-outerimage-container\"><div class='av-masonry-image-container'  ><img decoding=\"async\" width=\"300\" height=\"200\" fetchpriority=\"high\" class=\"wp-image-5483009 avia-img-lazy-loading-not-5483009\"  src=\"https:\/\/boulder.earth\/wp-content\/uploads\/2023\/11\/harvest-of-first-nations.png\" title=\"cosecha-de-primeras-naciones\" alt=\"\" srcset=\"https:\/\/boulder.earth\/wp-content\/uploads\/2023\/11\/harvest-of-first-nations.png 300w, https:\/\/boulder.earth\/wp-content\/uploads\/2023\/11\/harvest-of-first-nations-18x12.png 18w\" sizes=\"(max-width: 300px) 100vw, 300px\" \/><\/div><\/div><figcaption class='av-inner-masonry-content site-background'><div class='av-inner-masonry-content-pos'><div class='av-inner-masonry-content-pos-content'><div class='avia-arrow'><\/div><div class='av-masonry-entry-content entry-content'  itemprop=\"text\" >Crear espacios para que BIPOC y, en particular, los pueblos ind\u00edgenas aprendan a cultivar sus propios alimentos a trav\u00e9s de pr\u00e1cticas regenerativas y conocimientos ecol\u00f3gicos tradicionales ind\u00edgenas.<\/div><\/div><\/div><\/figcaption><\/figure><\/a><!--end av-masonry entry--><a href=\"https:\/\/boulder.earth\/es\/organizations\/harvest-of-hope-pantry\/\"  id='av-masonry-1-item-84962' data-av-masonry-item='84962' class='av-masonry-entry isotope-item post-84962 portfolio type-portfolio status-publish has-post-thumbnail hentry portfolio_entries-agriculture portfolio_entries-community portfolio_entries-food portfolio_entries-justice  av-masonry-item-with-image' title=\"cosecha de esperanza\"   itemscope=\"itemscope\" itemtype=\"https:\/\/schema.org\/CreativeWork\" ><div class='av-inner-masonry-sizer'><\/div><figure class='av-inner-masonry main_color'><div class=\"av-masonry-outerimage-container\"><div class='av-masonry-image-container'  ><img decoding=\"async\" width=\"500\" height=\"333\" fetchpriority=\"high\" class=\"wp-image-84965 avia-img-lazy-loading-not-84965\"  src=\"https:\/\/boulder.earth\/wp-content\/uploads\/2018\/06\/harvest-of-hope.png\" title=\"cosecha de esperanza\" alt=\"\" srcset=\"https:\/\/boulder.earth\/wp-content\/uploads\/2018\/06\/harvest-of-hope.png 500w, https:\/\/boulder.earth\/wp-content\/uploads\/2018\/06\/harvest-of-hope-300x200.png 300w, https:\/\/boulder.earth\/wp-content\/uploads\/2018\/06\/harvest-of-hope-450x300.png 450w\" sizes=\"(max-width: 500px) 100vw, 500px\" \/><\/div><\/div><figcaption class='av-inner-masonry-content site-background'><div class='av-inner-masonry-content-pos'><div class='av-inner-masonry-content-pos-content'><div class='avia-arrow'><\/div><div class='av-masonry-entry-content entry-content'  itemprop=\"text\" >Brindar alimentos complementarios saludables a las familias de Boulder y a las personas que necesitan asistencia alimentaria en un entorno seguro, acogedor y sin prejuicios.<\/div><\/div><\/div><\/figcaption><\/figure><\/a><!--end av-masonry entry--><a href=\"https:\/\/boulder.earth\/es\/organizations\/invst-community-studies\/\"  id='av-masonry-1-item-20383' data-av-masonry-item='20383' class='av-masonry-entry isotope-item post-20383 portfolio type-portfolio status-publish has-post-thumbnail hentry portfolio_entries-community portfolio_entries-education portfolio_entries-justice portfolio_entries-university  av-masonry-item-with-image' title=\"INVST-cu\"   itemscope=\"itemscope\" itemtype=\"https:\/\/schema.org\/CreativeWork\" ><div class='av-inner-masonry-sizer'><\/div><figure class='av-inner-masonry main_color'><div class=\"av-masonry-outerimage-container\"><div class='av-masonry-image-container'  ><img decoding=\"async\" width=\"500\" height=\"333\" fetchpriority=\"high\" class=\"wp-image-20434 avia-img-lazy-loading-not-20434\"  src=\"https:\/\/boulder.earth\/wp-content\/uploads\/2017\/09\/INVST-cu.png\" title=\"INVST-cu\" alt=\"\" srcset=\"https:\/\/boulder.earth\/wp-content\/uploads\/2017\/09\/INVST-cu.png 500w, https:\/\/boulder.earth\/wp-content\/uploads\/2017\/09\/INVST-cu-300x200.png 300w, https:\/\/boulder.earth\/wp-content\/uploads\/2017\/09\/INVST-cu-450x300.png 450w\" sizes=\"(max-width: 500px) 100vw, 500px\" \/><\/div><\/div><figcaption class='av-inner-masonry-content site-background'><div class='av-inner-masonry-content-pos'><div class='av-inner-masonry-content-pos-content'><div class='avia-arrow'><\/div><div class='av-masonry-entry-content entry-content'  itemprop=\"text\" >Capacitaci\u00f3n en liderazgo para j\u00f3venes apasionados por la justicia social y ambiental<\/div><\/div><\/div><\/figcaption><\/figure><\/a><!--end av-masonry entry--><a href=\"https:\/\/boulder.earth\/es\/organizations\/joanna-macy-center\/\"  id='av-masonry-1-item-17924' data-av-masonry-item='17924' class='av-masonry-entry isotope-item post-17924 portfolio type-portfolio status-publish has-post-thumbnail hentry portfolio_entries-education portfolio_entries-justice portfolio_entries-spiritual portfolio_entries-university  av-masonry-item-with-image' title=\"Logotipo de Joanna Macy en todo el mundo\"   itemscope=\"itemscope\" itemtype=\"https:\/\/schema.org\/CreativeWork\" ><div class='av-inner-masonry-sizer'><\/div><figure class='av-inner-masonry main_color'><div class=\"av-masonry-outerimage-container\"><div class='av-masonry-image-container'  ><img decoding=\"async\" width=\"300\" height=\"200\" fetchpriority=\"high\" class=\"wp-image-5486674 avia-img-lazy-loading-not-5486674\"  src=\"https:\/\/boulder.earth\/wp-content\/uploads\/2017\/09\/Joanna-Macy-Logo-wide.jpg\" title=\"Logotipo de Joanna Macy en todo el mundo\" alt=\"\" srcset=\"https:\/\/boulder.earth\/wp-content\/uploads\/2017\/09\/Joanna-Macy-Logo-wide.jpg 300w, https:\/\/boulder.earth\/wp-content\/uploads\/2017\/09\/Joanna-Macy-Logo-wide-18x12.jpg 18w\" sizes=\"(max-width: 300px) 100vw, 300px\" \/><\/div><\/div><figcaption class='av-inner-masonry-content site-background'><div class='av-inner-masonry-content-pos'><div class='av-inner-masonry-content-pos-content'><div class='avia-arrow'><\/div><div class='av-masonry-entry-content entry-content'  itemprop=\"text\" >buscando promover la visi\u00f3n y el legado del trabajo de la Dra. Joanna Macy para empoderar a las generaciones presentes y futuras en la construcci\u00f3n de un mundo m\u00e1s resistente que funcione para todos.<\/div><\/div><\/div><\/figcaption><\/figure><\/a><!--end av-masonry entry--><a href=\"https:\/\/boulder.earth\/es\/organizations\/just-transition-collaborative\/\"  id='av-masonry-1-item-20515' data-av-masonry-item='20515' class='av-masonry-entry isotope-item post-20515 portfolio type-portfolio status-publish has-post-thumbnail hentry portfolio_entries-fracking portfolio_entries-justice portfolio_entries-university  av-masonry-item-with-image' title=\"transici\u00f3n-justa-colaborativa\"   itemscope=\"itemscope\" itemtype=\"https:\/\/schema.org\/CreativeWork\" ><div class='av-inner-masonry-sizer'><\/div><figure class='av-inner-masonry main_color'><div class=\"av-masonry-outerimage-container\"><div class='av-masonry-image-container'  ><img decoding=\"async\" width=\"500\" height=\"333\" fetchpriority=\"high\" class=\"wp-image-20542 avia-img-lazy-loading-not-20542\"  src=\"https:\/\/boulder.earth\/wp-content\/uploads\/2017\/09\/just-transition-collaborative.png\" title=\"transici\u00f3n-justa-colaborativa\" alt=\"\" srcset=\"https:\/\/boulder.earth\/wp-content\/uploads\/2017\/09\/just-transition-collaborative.png 500w, https:\/\/boulder.earth\/wp-content\/uploads\/2017\/09\/just-transition-collaborative-300x200.png 300w, https:\/\/boulder.earth\/wp-content\/uploads\/2017\/09\/just-transition-collaborative-450x300.png 450w\" sizes=\"(max-width: 500px) 100vw, 500px\" \/><\/div><\/div><figcaption class='av-inner-masonry-content site-background'><div class='av-inner-masonry-content-pos'><div class='av-inner-masonry-content-pos-content'><div class='avia-arrow'><\/div><div class='av-masonry-entry-content entry-content'  itemprop=\"text\" >participar en asociaciones comunitarias, proyectos e investigaciones para promover la justicia ambiental en la transici\u00f3n hacia una econom\u00eda sostenible<\/div><\/div><\/div><\/figcaption><\/figure><\/a><!--end av-masonry entry--><a href=\"https:\/\/boulder.earth\/es\/organizations\/league-of-women-voters-of-boulder-county\/\"  id='av-masonry-1-item-20213' data-av-masonry-item='20213' class='av-masonry-entry isotope-item post-20213 portfolio type-portfolio status-publish has-post-thumbnail hentry portfolio_entries-community portfolio_entries-justice portfolio_entries-policy  av-masonry-item-with-image' title=\"Roca LWV\"   itemscope=\"itemscope\" itemtype=\"https:\/\/schema.org\/CreativeWork\" ><div class='av-inner-masonry-sizer'><\/div><figure class='av-inner-masonry main_color'><div class=\"av-masonry-outerimage-container\"><div class='av-masonry-image-container'  ><img decoding=\"async\" width=\"500\" height=\"333\" fetchpriority=\"high\" class=\"wp-image-20215 avia-img-lazy-loading-not-20215\"  src=\"https:\/\/boulder.earth\/wp-content\/uploads\/2017\/09\/LWV-boulder.png\" title=\"Roca LWV\" alt=\"\" srcset=\"https:\/\/boulder.earth\/wp-content\/uploads\/2017\/09\/LWV-boulder.png 500w, https:\/\/boulder.earth\/wp-content\/uploads\/2017\/09\/LWV-boulder-300x200.png 300w, https:\/\/boulder.earth\/wp-content\/uploads\/2017\/09\/LWV-boulder-450x300.png 450w\" sizes=\"(max-width: 500px) 100vw, 500px\" \/><\/div><\/div><figcaption class='av-inner-masonry-content site-background'><div class='av-inner-masonry-content-pos'><div class='av-inner-masonry-content-pos-content'><div class='avia-arrow'><\/div><div class='av-masonry-entry-content entry-content'  itemprop=\"text\" >una organizaci\u00f3n pol\u00edtica no partidista que fomenta la participaci\u00f3n informada y activa en el gobierno y que influye en la pol\u00edtica p\u00fablica a trav\u00e9s de la educaci\u00f3n y la defensa<\/div><\/div><\/div><\/figcaption><\/figure><\/a><!--end av-masonry entry--><a href=\"https:\/\/boulder.earth\/es\/organizations\/lineage-seeds\/\"  id='av-masonry-1-item-13670' data-av-masonry-item='13670' class='av-masonry-entry isotope-item post-13670 portfolio type-portfolio status-publish has-post-thumbnail hentry portfolio_entries-activism portfolio_entries-agriculture portfolio_entries-business portfolio_entries-education portfolio_entries-food portfolio_entries-justice  av-masonry-item-with-image' title=\"semillas de linaje\"   itemscope=\"itemscope\" itemtype=\"https:\/\/schema.org\/CreativeWork\" ><div class='av-inner-masonry-sizer'><\/div><figure class='av-inner-masonry main_color'><div class=\"av-masonry-outerimage-container\"><div class='av-masonry-image-container'  ><img decoding=\"async\" width=\"500\" height=\"333\" fetchpriority=\"high\" class=\"wp-image-13671 avia-img-lazy-loading-not-13671\"  src=\"https:\/\/boulder.earth\/wp-content\/uploads\/2017\/07\/lineage-seeds.jpg\" title=\"semillas de linaje\" alt=\"\" srcset=\"https:\/\/boulder.earth\/wp-content\/uploads\/2017\/07\/lineage-seeds.jpg 500w, https:\/\/boulder.earth\/wp-content\/uploads\/2017\/07\/lineage-seeds-300x200.jpg 300w, https:\/\/boulder.earth\/wp-content\/uploads\/2017\/07\/lineage-seeds-450x300.jpg 450w\" sizes=\"(max-width: 500px) 100vw, 500px\" \/><\/div><\/div><figcaption class='av-inner-masonry-content site-background'><div class='av-inner-masonry-content-pos'><div class='av-inner-masonry-content-pos-content'><div class='avia-arrow'><\/div><div class='av-masonry-entry-content entry-content'  itemprop=\"text\" >Compa\u00f1\u00eda de semillas que tiene como objetivo devolver las semillas a la gente: cultivadas org\u00e1nicamente, a menudo reliquias, cultivadas localmente cuando est\u00e9n disponibles y solo polinizadas al aire libre.<\/div><\/div><\/div><\/figcaption><\/figure><\/a><!--end av-masonry entry--><a href=\"https:\/\/boulder.earth\/es\/organizations\/logic\/\"  id='av-masonry-1-item-42296' data-av-masonry-item='42296' class='av-masonry-entry isotope-item post-42296 portfolio type-portfolio status-publish has-post-thumbnail hentry tag-fracking portfolio_entries-community portfolio_entries-environment portfolio_entries-fracking portfolio_entries-justice portfolio_entries-policy  av-masonry-item-with-image' title=\"l\u00f3gica\"   itemscope=\"itemscope\" itemtype=\"https:\/\/schema.org\/CreativeWork\" ><div class='av-inner-masonry-sizer'><\/div><figure class='av-inner-masonry main_color'><div class=\"av-masonry-outerimage-container\"><div class='av-masonry-image-container'  ><img decoding=\"async\" width=\"500\" height=\"333\" fetchpriority=\"high\" class=\"wp-image-42307 avia-img-lazy-loading-not-42307\"  src=\"https:\/\/boulder.earth\/wp-content\/uploads\/2018\/01\/logic.png\" title=\"l\u00f3gica\" alt=\"\" srcset=\"https:\/\/boulder.earth\/wp-content\/uploads\/2018\/01\/logic.png 500w, https:\/\/boulder.earth\/wp-content\/uploads\/2018\/01\/logic-300x200.png 300w, https:\/\/boulder.earth\/wp-content\/uploads\/2018\/01\/logic-450x300.png 450w\" sizes=\"(max-width: 500px) 100vw, 500px\" \/><\/div><\/div><figcaption class='av-inner-masonry-content site-background'><div class='av-inner-masonry-content-pos'><div class='av-inner-masonry-content-pos-content'><div class='avia-arrow'><\/div><div class='av-masonry-entry-content entry-content'  itemprop=\"text\" >Elevando las voces de los habitantes de Colorado en todo el estado que viven cerca de las operaciones de petr\u00f3leo y gas actuales y propuestas y para todos los ciudadanos preocupados que trabajan para aprobar pol\u00edticas de desarrollo de energ\u00eda equilibrada que protegen los vecindarios, los hogares y nuestra calidad de vida en Colorado<\/div><\/div><\/div><\/figcaption><\/figure><\/a><!--end av-masonry entry--><a href=\"https:\/\/boulder.earth\/es\/organizations\/moms-clean-air-force\/\"  id='av-masonry-1-item-5480194' data-av-masonry-item='5480194' class='av-masonry-entry isotope-item post-5480194 portfolio type-portfolio status-publish has-post-thumbnail hentry portfolio_entries-activism portfolio_entries-fracking portfolio_entries-justice  av-masonry-item-with-image' title=\"moms-clean-air-force-co\"   itemscope=\"itemscope\" itemtype=\"https:\/\/schema.org\/CreativeWork\" ><div class='av-inner-masonry-sizer'><\/div><figure class='av-inner-masonry main_color'><div class=\"av-masonry-outerimage-container\"><div class='av-masonry-image-container'  ><img decoding=\"async\" width=\"300\" height=\"200\" fetchpriority=\"high\" class=\"wp-image-5480195 avia-img-lazy-loading-not-5480195\"  src=\"https:\/\/boulder.earth\/wp-content\/uploads\/2023\/02\/moms-clean-air-force-co.png\" title=\"moms-clean-air-force-co\" alt=\"\" srcset=\"https:\/\/boulder.earth\/wp-content\/uploads\/2023\/02\/moms-clean-air-force-co.png 300w, https:\/\/boulder.earth\/wp-content\/uploads\/2023\/02\/moms-clean-air-force-co-18x12.png 18w\" sizes=\"(max-width: 300px) 100vw, 300px\" \/><\/div><\/div><figcaption class='av-inner-masonry-content site-background'><div class='av-inner-masonry-content-pos'><div class='av-inner-masonry-content-pos-content'><div class='avia-arrow'><\/div><div class='av-masonry-entry-content entry-content'  itemprop=\"text\" >trabajando activamente para abordar los problemas del cambio clim\u00e1tico que da\u00f1an desproporcionadamente a las comunidades de color<\/div><\/div><\/div><\/figcaption><\/figure><\/a><!--end av-masonry entry--><a href=\"https:\/\/boulder.earth\/es\/organizations\/new-era-colorado\/\"  id='av-masonry-1-item-18202' data-av-masonry-item='18202' class='av-masonry-entry isotope-item post-18202 portfolio type-portfolio status-publish has-post-thumbnail hentry portfolio_entries-activism portfolio_entries-education portfolio_entries-energy portfolio_entries-fracking portfolio_entries-justice portfolio_entries-policy  av-masonry-item-with-image' title=\"nueva-era-colorado\"   itemscope=\"itemscope\" itemtype=\"https:\/\/schema.org\/CreativeWork\" ><div class='av-inner-masonry-sizer'><\/div><figure class='av-inner-masonry main_color'><div class=\"av-masonry-outerimage-container\"><div class='av-masonry-image-container'  ><img decoding=\"async\" width=\"500\" height=\"333\" fetchpriority=\"high\" class=\"wp-image-18204 avia-img-lazy-loading-not-18204\"  src=\"https:\/\/boulder.earth\/wp-content\/uploads\/2017\/09\/new-era-colorado.png\" title=\"nueva-era-colorado\" alt=\"\" srcset=\"https:\/\/boulder.earth\/wp-content\/uploads\/2017\/09\/new-era-colorado.png 500w, https:\/\/boulder.earth\/wp-content\/uploads\/2017\/09\/new-era-colorado-300x200.png 300w, https:\/\/boulder.earth\/wp-content\/uploads\/2017\/09\/new-era-colorado-450x300.png 450w\" sizes=\"(max-width: 500px) 100vw, 500px\" \/><\/div><\/div><figcaption class='av-inner-masonry-content site-background'><div class='av-inner-masonry-content-pos'><div class='av-inner-masonry-content-pos-content'><div class='avia-arrow'><\/div><div class='av-masonry-entry-content entry-content'  itemprop=\"text\" >voz principal de los j\u00f3venes en la pol\u00edtica de todo el estado<\/div><\/div><\/div><\/figcaption><\/figure><\/a><!--end av-masonry entry--><a href=\"https:\/\/boulder.earth\/es\/organizations\/our-revolution-boulder\/\"  id='av-masonry-1-item-118284' data-av-masonry-item='118284' class='av-masonry-entry isotope-item post-118284 portfolio type-portfolio status-publish has-post-thumbnail hentry portfolio_entries-activism portfolio_entries-community portfolio_entries-environment portfolio_entries-justice portfolio_entries-transportation  av-masonry-item-with-image' title=\"NuestraRevoluci\u00f3n\"   itemscope=\"itemscope\" itemtype=\"https:\/\/schema.org\/CreativeWork\" ><div class='av-inner-masonry-sizer'><\/div><figure class='av-inner-masonry main_color'><div class=\"av-masonry-outerimage-container\"><div class='av-masonry-image-container'  ><img decoding=\"async\" width=\"500\" height=\"333\" fetchpriority=\"high\" class=\"wp-image-118292 avia-img-lazy-loading-not-118292\"  src=\"https:\/\/boulder.earth\/wp-content\/uploads\/2018\/11\/OurRevolution.jpg\" title=\"NuestraRevoluci\u00f3n\" alt=\"\" srcset=\"https:\/\/boulder.earth\/wp-content\/uploads\/2018\/11\/OurRevolution.jpg 500w, https:\/\/boulder.earth\/wp-content\/uploads\/2018\/11\/OurRevolution-300x200.jpg 300w, https:\/\/boulder.earth\/wp-content\/uploads\/2018\/11\/OurRevolution-450x300.jpg 450w\" sizes=\"(max-width: 500px) 100vw, 500px\" \/><\/div><\/div><figcaption class='av-inner-masonry-content site-background'><div class='av-inner-masonry-content-pos'><div class='av-inner-masonry-content-pos-content'><div class='avia-arrow'><\/div><div class='av-masonry-entry-content entry-content'  itemprop=\"text\" >Organizarse para una igualdad sostenible con justicia para todos<\/div><\/div><\/div><\/figcaption><\/figure><\/a><!--end av-masonry entry--><a href=\"https:\/\/boulder.earth\/es\/organizations\/passive-house-rocky-mountains\/\"  id='av-masonry-1-item-5479160' data-av-masonry-item='5479160' class='av-masonry-entry isotope-item post-5479160 portfolio type-portfolio status-publish has-post-thumbnail hentry portfolio_entries-energy portfolio_entries-housing  av-masonry-item-with-image' title=\"logo-phrm\"   itemscope=\"itemscope\" itemtype=\"https:\/\/schema.org\/CreativeWork\" ><div class='av-inner-masonry-sizer'><\/div><figure class='av-inner-masonry main_color'><div class=\"av-masonry-outerimage-container\"><div class='av-masonry-image-container'  ><img decoding=\"async\" width=\"300\" height=\"200\" fetchpriority=\"high\" class=\"wp-image-5479161 avia-img-lazy-loading-not-5479161\"  src=\"https:\/\/boulder.earth\/wp-content\/uploads\/2022\/10\/phrm-logo.jpg\" title=\"logo-phrm\" alt=\"\" srcset=\"https:\/\/boulder.earth\/wp-content\/uploads\/2022\/10\/phrm-logo.jpg 300w, https:\/\/boulder.earth\/wp-content\/uploads\/2022\/10\/phrm-logo-18x12.jpg 18w\" sizes=\"(max-width: 300px) 100vw, 300px\" \/><\/div><\/div><figcaption class='av-inner-masonry-content site-background'><div class='av-inner-masonry-content-pos'><div class='av-inner-masonry-content-pos-content'><div class='avia-arrow'><\/div><div class='av-masonry-entry-content entry-content'  itemprop=\"text\" >apoyando el est\u00e1ndar de construcci\u00f3n con mayor eficiencia energ\u00e9tica en el mundo a trav\u00e9s de la promoci\u00f3n, capacitaciones y una comunidad de apoyo<\/div><\/div><\/div><\/figcaption><\/figure><\/a><!--end av-masonry entry--><a href=\"https:\/\/boulder.earth\/es\/organizations\/permaculture-action-network\/\"  id='av-masonry-1-item-20369' data-av-masonry-item='20369' class='av-masonry-entry isotope-item post-20369 portfolio type-portfolio status-publish has-post-thumbnail hentry portfolio_entries-activism portfolio_entries-agriculture portfolio_entries-arts-culture portfolio_entries-community portfolio_entries-justice  av-masonry-item-with-image' title=\"permacultura-accion-red\"   itemscope=\"itemscope\" itemtype=\"https:\/\/schema.org\/CreativeWork\" ><div class='av-inner-masonry-sizer'><\/div><figure class='av-inner-masonry main_color'><div class=\"av-masonry-outerimage-container\"><div class='av-masonry-image-container'  ><img decoding=\"async\" width=\"500\" height=\"333\" fetchpriority=\"high\" class=\"wp-image-20375 avia-img-lazy-loading-not-20375\"  src=\"https:\/\/boulder.earth\/wp-content\/uploads\/2017\/09\/permaculture-action-network.png\" title=\"permacultura-accion-red\" alt=\"\" srcset=\"https:\/\/boulder.earth\/wp-content\/uploads\/2017\/09\/permaculture-action-network.png 500w, https:\/\/boulder.earth\/wp-content\/uploads\/2017\/09\/permaculture-action-network-300x200.png 300w, https:\/\/boulder.earth\/wp-content\/uploads\/2017\/09\/permaculture-action-network-450x300.png 450w\" sizes=\"(max-width: 500px) 100vw, 500px\" \/><\/div><\/div><figcaption class='av-inner-masonry-content site-background'><div class='av-inner-masonry-content-pos'><div class='av-inner-masonry-content-pos-content'><div class='avia-arrow'><\/div><div class='av-masonry-entry-content entry-content'  itemprop=\"text\" >trabajando en la intersecci\u00f3n del arte, la m\u00fasica y la cultura regenerativa para ofrecer a las personas un camino para tomar acci\u00f3n localmente donde viven para crear comunidades empoderadas<\/div><\/div><\/div><\/figcaption><\/figure><\/a><!--end av-masonry entry--><a href=\"https:\/\/boulder.earth\/es\/organizations\/rocky-mountain-peace-and-justice-center\/\"  id='av-masonry-1-item-18997' data-av-masonry-item='18997' class='av-masonry-entry isotope-item post-18997 portfolio type-portfolio status-publish has-post-thumbnail hentry portfolio_entries-activism portfolio_entries-community portfolio_entries-education portfolio_entries-fracking portfolio_entries-justice  av-masonry-item-with-image' title=\"logo-rmpjc\"   itemscope=\"itemscope\" itemtype=\"https:\/\/schema.org\/CreativeWork\" ><div class='av-inner-masonry-sizer'><\/div><figure class='av-inner-masonry main_color'><div class=\"av-masonry-outerimage-container\"><div class='av-masonry-image-container'  ><img decoding=\"async\" width=\"500\" height=\"333\" fetchpriority=\"high\" class=\"wp-image-18998 avia-img-lazy-loading-not-18998\"  src=\"https:\/\/boulder.earth\/wp-content\/uploads\/2017\/09\/rmpjc-logo.png\" title=\"logo-rmpjc\" alt=\"\" srcset=\"https:\/\/boulder.earth\/wp-content\/uploads\/2017\/09\/rmpjc-logo.png 500w, https:\/\/boulder.earth\/wp-content\/uploads\/2017\/09\/rmpjc-logo-300x200.png 300w, https:\/\/boulder.earth\/wp-content\/uploads\/2017\/09\/rmpjc-logo-450x300.png 450w\" sizes=\"(max-width: 500px) 100vw, 500px\" \/><\/div><\/div><figcaption class='av-inner-masonry-content site-background'><div class='av-inner-masonry-content-pos'><div class='av-inner-masonry-content-pos-content'><div class='avia-arrow'><\/div><div class='av-masonry-entry-content entry-content'  itemprop=\"text\" >Los grupos de educaci\u00f3n y acci\u00f3n nuclear, tutela, paz global, justicia social, educaci\u00f3n no violenta, justicia econ\u00f3mica y alfabetizaci\u00f3n medi\u00e1tica cr\u00edtica se centran en temas espec\u00edficos e interconectados y promueven la participaci\u00f3n democr\u00e1tica de los miembros de la comunidad.<\/div><\/div><\/div><\/figcaption><\/figure><\/a><!--end av-masonry entry--><a href=\"https:\/\/boulder.earth\/es\/organizations\/save-the-colorado\/\"  id='av-masonry-1-item-32333' data-av-masonry-item='32333' class='av-masonry-entry isotope-item post-32333 portfolio type-portfolio status-publish has-post-thumbnail hentry portfolio_entries-environment portfolio_entries-justice portfolio_entries-water  av-masonry-item-with-image' title=\"salvar-el-colorado\"   itemscope=\"itemscope\" itemtype=\"https:\/\/schema.org\/CreativeWork\" ><div class='av-inner-masonry-sizer'><\/div><figure class='av-inner-masonry main_color'><div class=\"av-masonry-outerimage-container\"><div class='av-masonry-image-container'  ><img decoding=\"async\" width=\"500\" height=\"333\" fetchpriority=\"high\" class=\"wp-image-32335 avia-img-lazy-loading-not-32335\"  src=\"https:\/\/boulder.earth\/wp-content\/uploads\/2017\/12\/save-the-colorado.jpg\" title=\"salvar-el-colorado\" alt=\"\" srcset=\"https:\/\/boulder.earth\/wp-content\/uploads\/2017\/12\/save-the-colorado.jpg 500w, https:\/\/boulder.earth\/wp-content\/uploads\/2017\/12\/save-the-colorado-300x200.jpg 300w, https:\/\/boulder.earth\/wp-content\/uploads\/2017\/12\/save-the-colorado-450x300.jpg 450w\" sizes=\"(max-width: 500px) 100vw, 500px\" \/><\/div><\/div><figcaption class='av-inner-masonry-content site-background'><div class='av-inner-masonry-content-pos'><div class='av-inner-masonry-content-pos-content'><div class='avia-arrow'><\/div><div class='av-masonry-entry-content entry-content'  itemprop=\"text\" >proteger y restaurar el r\u00edo Colorado y sus afluentes desde el nacimiento hasta el mar<\/div><\/div><\/div><\/figcaption><\/figure><\/a><!--end av-masonry entry--><a href=\"https:\/\/boulder.earth\/es\/organizations\/sunrise-movement\/\"  id='av-masonry-1-item-152975' data-av-masonry-item='152975' class='av-masonry-entry isotope-item post-152975 portfolio type-portfolio status-publish has-post-thumbnail hentry portfolio_entries-activism portfolio_entries-economics portfolio_entries-justice portfolio_entries-policy  av-masonry-item-with-image' title=\"amanecer-movimiento\"   itemscope=\"itemscope\" itemtype=\"https:\/\/schema.org\/CreativeWork\" ><div class='av-inner-masonry-sizer'><\/div><figure class='av-inner-masonry main_color'><div class=\"av-masonry-outerimage-container\"><div class='av-masonry-image-container'  ><img decoding=\"async\" width=\"300\" height=\"200\" fetchpriority=\"high\" class=\"wp-image-153312 avia-img-lazy-loading-not-153312\"  src=\"https:\/\/boulder.earth\/wp-content\/uploads\/2019\/10\/sunrise-movement.png\" title=\"amanecer-movimiento\" alt=\"\" \/><\/div><\/div><figcaption class='av-inner-masonry-content site-background'><div class='av-inner-masonry-content-pos'><div class='av-inner-masonry-content-pos-content'><div class='avia-arrow'><\/div><div class='av-masonry-entry-content entry-content'  itemprop=\"text\" >mitin pol\u00edtico nacional que lucha contra el cambio clim\u00e1tico y aboga por una legislaci\u00f3n r\u00e1pida y eficaz para hacerlo<\/div><\/div><\/div><\/figcaption><\/figure><\/a><!--end av-masonry entry--><a href=\"https:\/\/boulder.earth\/es\/organizations\/xo-earth\/\"  id='av-masonry-1-item-18986' data-av-masonry-item='18986' class='av-masonry-entry isotope-item post-18986 portfolio type-portfolio status-publish has-post-thumbnail hentry portfolio_entries-activism portfolio_entries-arts-culture portfolio_entries-community portfolio_entries-education portfolio_entries-environment portfolio_entries-justice portfolio_entries-resources portfolio_entries-science  av-masonry-item-with-image' title=\"XOearth-logo\"   itemscope=\"itemscope\" itemtype=\"https:\/\/schema.org\/CreativeWork\" ><div class='av-inner-masonry-sizer'><\/div><figure class='av-inner-masonry main_color'><div class=\"av-masonry-outerimage-container\"><div class='av-masonry-image-container'  ><img decoding=\"async\" width=\"500\" height=\"333\" fetchpriority=\"high\" class=\"wp-image-18989 avia-img-lazy-loading-not-18989\"  src=\"https:\/\/boulder.earth\/wp-content\/uploads\/2017\/09\/XOearth-logo.jpg\" title=\"XOearth-logo\" alt=\"\" srcset=\"https:\/\/boulder.earth\/wp-content\/uploads\/2017\/09\/XOearth-logo.jpg 500w, https:\/\/boulder.earth\/wp-content\/uploads\/2017\/09\/XOearth-logo-300x200.jpg 300w, https:\/\/boulder.earth\/wp-content\/uploads\/2017\/09\/XOearth-logo-450x300.jpg 450w\" sizes=\"(max-width: 500px) 100vw, 500px\" \/><\/div><\/div><figcaption class='av-inner-masonry-content site-background'><div class='av-inner-masonry-content-pos'><div class='av-inner-masonry-content-pos-content'><div class='avia-arrow'><\/div><div class='av-masonry-entry-content entry-content'  itemprop=\"text\" >Trabajando para extender la vida de nuestra exquisita biosfera a trav\u00e9s de nuestros proyectos de educaci\u00f3n ambiental, m\u00fasica, artes, medios y negocios<\/div><\/div><\/div><\/figcaption><\/figure><\/a><!--end av-masonry entry--><\/div><\/div><br \/>\n<section  class='av_textblock_section av-27ofgxv-b72b3a23dbd84f439d3c2569f9a634ab'   itemscope=\"itemscope\" itemtype=\"https:\/\/schema.org\/CreativeWork\" ><div class='avia_textblock'  itemprop=\"text\" ><h3 style=\"text-align: center;\">\u00bfDebe su organizaci\u00f3n estar en la lista?<\/h3>\n<\/div><\/section><br \/>\n<div  class='avia-button-wrap av-1md65nn-9e811f021c6df5b3ddb6044597c7e42e-wrap avia-button-center'><a href='https:\/\/docs.google.com\/forms\/d\/e\/1FAIpQLSfEcgm6rI2zMqaK8obilC1S_hrCgJFcjkty5Vq9bPpisQmfag\/viewform'  class='avia-button av-1md65nn-9e811f021c6df5b3ddb6044597c7e42e av-link-btn avia-icon_select-yes-left-icon avia-size-x-large avia-position-center avia-color-theme-color'  target=\"_blank\"  rel=\"noopener noreferrer\"  aria-label=\"Comparte tu informaci\u00f3n aqu\u00ed\"><span class='avia_button_icon avia_button_icon_left avia-iconfont avia-font-entypo-fontello' data-av_icon='\ue8d2' data-av_iconfont='entypo-fontello' ><\/span><span class='avia_iconbox_title' >Comparte tu informaci\u00f3n aqu\u00ed<\/span><\/a><\/div><br \/>\n\n<style type=\"text\/css\" data-created_by=\"avia_inline_auto\" id=\"style-css-av-152pgoz-2d74290ece77aa4fef76456e10cd0714\">\n#top .hr.hr-invisible.av-152pgoz-2d74290ece77aa4fef76456e10cd0714{\nheight:30px;\n}\n<\/style>\n<div  class='hr av-152pgoz-2d74290ece77aa4fef76456e10cd0714 hr-invisible'><span class='hr-inner'><span class=\"hr-inner-style\"><\/span><\/span><\/div><\/p><\/div><div  class='av_promobox av-tdha77-b285672b5d77ff1525be11bbbb7133dc avia-button-yes'><div class='avia-promocontent'><\/p>\n<h3 style=\"text-align: center;\"><span style=\"color: #0065d9;\">\u00a1Hola extra\u00f1o! \u00bfTienes algo que a\u00f1adir a esta secci\u00f3n? \u00bfHay alguna organizaci\u00f3n incre\u00edble que olvidamos mencionar? \u00bfUn estudio cient\u00edfico o un art\u00edculo de peri\u00f3dico que todos deben conocer? \u00bfHay una mejor manera de organizar toda esta informaci\u00f3n y hacerla m\u00e1s \u00fatil? Cualquier cosa, no seas t\u00edmido, h\u00e1znoslo saber!!<\/span><\/h3>\n<p>\n<\/div><div  class='avia-button-wrap av-tdha77-7f4471c4817825480635cc59f3f50230-wrap avia-button-right'><a href='https:\/\/docs.google.com\/forms\/d\/e\/1FAIpQLSfEcgm6rI2zMqaK8obilC1S_hrCgJFcjkty5Vq9bPpisQmfag\/viewform'  class='avia-button av-tdha77-7f4471c4817825480635cc59f3f50230 av-link-btn avia-icon_select-no avia-size-large avia-position-right avia-color-theme-color'  target=\"_blank\"  rel=\"noopener noreferrer\"  aria-label=\"Dar opinion\"><span class='avia_iconbox_title' >Dar opinion<\/span><\/a><\/div><\/div><\/p>","protected":false},"excerpt":{"rendered":"","protected":false},"author":1,"featured_media":0,"parent":154855,"menu_order":0,"comment_status":"closed","ping_status":"closed","template":"","meta":{"footnotes":""},"class_list":["post-160395","page","type-page","status-publish","hentry"],"_links":{"self":[{"href":"https:\/\/boulder.earth\/es\/wp-json\/wp\/v2\/pages\/160395","targetHints":{"allow":["GET"]}}],"collection":[{"href":"https:\/\/boulder.earth\/es\/wp-json\/wp\/v2\/pages"}],"about":[{"href":"https:\/\/boulder.earth\/es\/wp-json\/wp\/v2\/types\/page"}],"author":[{"embeddable":true,"href":"https:\/\/boulder.earth\/es\/wp-json\/wp\/v2\/users\/1"}],"replies":[{"embeddable":true,"href":"https:\/\/boulder.earth\/es\/wp-json\/wp\/v2\/comments?post=160395"}],"version-history":[{"count":2,"href":"https:\/\/boulder.earth\/es\/wp-json\/wp\/v2\/pages\/160395\/revisions"}],"predecessor-version":[{"id":164302,"href":"https:\/\/boulder.earth\/es\/wp-json\/wp\/v2\/pages\/160395\/revisions\/164302"}],"up":[{"embeddable":true,"href":"https:\/\/boulder.earth\/es\/wp-json\/wp\/v2\/pages\/154855"}],"wp:attachment":[{"href":"https:\/\/boulder.earth\/es\/wp-json\/wp\/v2\/media?parent=160395"}],"curies":[{"name":"wp","href":"https:\/\/api.w.org\/{rel}","templated":true}]}}