{"id":167268,"date":"2019-11-30T13:32:03","date_gmt":"2019-11-30T19:32:03","guid":{"rendered":"https:\/\/boulder.earth\/?page_id=167268"},"modified":"2023-03-05T11:52:57","modified_gmt":"2023-03-05T18:52:57","slug":"blog-and-news","status":"publish","type":"page","link":"https:\/\/boulder.earth\/es\/blog-and-news\/","title":{"rendered":"Blog y Noticias"},"content":{"rendered":"<section  class='av_textblock_section av-k3lz5wn4-f2287056e9ded68e459f724dc59474ac'   itemscope=\"itemscope\" itemtype=\"https:\/\/schema.org\/CreativeWork\" ><div class='avia_textblock'  itemprop=\"text\" ><h1 style=\"text-align: center;\">Nuestro Blog, Noticias e Insights<\/h1>\n<\/div><\/section>\n\n<style type=\"text\/css\" data-created_by=\"avia_inline_auto\" id=\"style-css-av-7vvp3tw-79a3da769cb418c63e2418fef3683e17\">\n.flex_column.av-7vvp3tw-79a3da769cb418c63e2418fef3683e17{\nwidth:100%;\nborder-radius:0px 0px 0px 0px;\npadding:10px 10px 10px 10px;\n}\n<\/style>\n<div  class='flex_column av-7vvp3tw-79a3da769cb418c63e2418fef3683e17 av_one_full  avia-builder-el-1  el_after_av_textblock  avia-builder-el-last  first flex_column_div  column-top-margin'     ><div id='av-masonry-1' class='av-masonry av-k3lz5216-7fe1a6dcef00b711cd506fee44d70ce8 noHover av-flex-size av-large-gap av-hover-overlay- av-masonry-animation-active av-masonry-col-2 av-caption-always av-caption-style- av-masonry-entries' data-post_id=\"167268\"><div class=\"av-masonry-container isotope av-js-disabled\"><div class='av-masonry-entry isotope-item av-masonry-item-no-image'><\/div><a href=\"https:\/\/boulder.earth\/es\/building-connections-driving-change\/\"  id='av-masonry-1-item-6463818' data-av-masonry-item='6463818' class='av-masonry-entry isotope-item post-6463818 post type-post status-publish format-standard has-post-thumbnail hentry category-blog  av-masonry-item-with-image' title=\"violetas de primavera de colmena\"   itemscope=\"itemscope\" itemtype=\"https:\/\/schema.org\/CreativeWork\" ><div class='av-inner-masonry-sizer'><\/div><figure class='av-inner-masonry main_color'><div class=\"av-masonry-outerimage-container\"><div class='av-masonry-image-container'  ><img decoding=\"async\" width=\"705\" height=\"169\" fetchpriority=\"high\" class=\"wp-image-6463829 avia-img-lazy-loading-not-6463829\"  src=\"https:\/\/boulder.earth\/wp-content\/uploads\/2025\/04\/hive-spring-violets-topper-705x169.jpg\" title=\"violetas de primavera de colmena\" alt=\"\" srcset=\"https:\/\/boulder.earth\/wp-content\/uploads\/2025\/04\/hive-spring-violets-topper-705x169.jpg 705w, https:\/\/boulder.earth\/wp-content\/uploads\/2025\/04\/hive-spring-violets-topper-300x72.jpg 300w, https:\/\/boulder.earth\/wp-content\/uploads\/2025\/04\/hive-spring-violets-topper-768x184.jpg 768w, https:\/\/boulder.earth\/wp-content\/uploads\/2025\/04\/hive-spring-violets-topper-18x4.jpg 18w, https:\/\/boulder.earth\/wp-content\/uploads\/2025\/04\/hive-spring-violets-topper.jpg 1000w\" sizes=\"(max-width: 705px) 100vw, 705px\" \/><\/div><\/div><figcaption class='av-inner-masonry-content site-background'><div class='av-inner-masonry-content-pos'><div class='av-inner-masonry-content-pos-content'><div class='avia-arrow'><\/div><h3 class='av-masonry-entry-title entry-title'  itemprop=\"headline\" >Construyendo conexiones, impulsando el cambio<\/h3><div class='av-masonry-entry-content entry-content'  itemprop=\"text\" >A medida que nos deshacemos de las \u00faltimas heladas del invierno y nos adentramos en d\u00edas m\u00e1s largos, sentimos el cambio, no solo en las estaciones, sino tambi\u00e9n en nuestro panorama organizativo. La primavera trae m\u00e1s que sol. Trae movimiento. Y llega en un momento en que nuestra claridad y colaboraci\u00f3n colectivas son profundamente necesarias.<\/div><span class='av-masonry-date meta-color updated'>7 de abril de 2025<\/span><span class=\"av-masonry-text-sep text-sep-author\">\/<\/span><span class='av-masonry-author meta-color author'><span class='fn'>por budjerpress<\/span><\/span><\/div><\/div><\/figcaption><\/figure><\/a><!--end av-masonry entry--><a href=\"https:\/\/boulder.earth\/es\/please-support-our-new-fiscal-sponsorship-program\/\"  id='av-masonry-1-item-6463834' data-av-masonry-item='6463834' class='av-masonry-entry isotope-item post-6463834 post type-post status-publish format-standard has-post-thumbnail hentry category-blog  av-masonry-item-with-image' title=\"alojamiento fiscal de nidos de abejas\"   itemscope=\"itemscope\" itemtype=\"https:\/\/schema.org\/CreativeWork\" ><div class='av-inner-masonry-sizer'><\/div><figure class='av-inner-masonry main_color'><div class=\"av-masonry-outerimage-container\"><div class='av-masonry-image-container'  ><img decoding=\"async\" width=\"512\" height=\"512\" fetchpriority=\"high\" class=\"wp-image-6463835 avia-img-lazy-loading-not-6463835\"  src=\"https:\/\/boulder.earth\/wp-content\/uploads\/2025\/04\/bees-nest.jpg\" title=\"alojamiento fiscal de nidos de abejas\" alt=\"\" srcset=\"https:\/\/boulder.earth\/wp-content\/uploads\/2025\/04\/bees-nest.jpg 512w, https:\/\/boulder.earth\/wp-content\/uploads\/2025\/04\/bees-nest-300x300.jpg 300w, https:\/\/boulder.earth\/wp-content\/uploads\/2025\/04\/bees-nest-80x80.jpg 80w, https:\/\/boulder.earth\/wp-content\/uploads\/2025\/04\/bees-nest-12x12.jpg 12w, https:\/\/boulder.earth\/wp-content\/uploads\/2025\/04\/bees-nest-36x36.jpg 36w, https:\/\/boulder.earth\/wp-content\/uploads\/2025\/04\/bees-nest-180x180.jpg 180w\" sizes=\"(max-width: 512px) 100vw, 512px\" \/><\/div><\/div><figcaption class='av-inner-masonry-content site-background'><div class='av-inner-masonry-content-pos'><div class='av-inner-masonry-content-pos-content'><div class='avia-arrow'><\/div><h3 class='av-masonry-entry-title entry-title'  itemprop=\"headline\" >Por favor apoye nuestro nuevo Programa de Patrocinio Fiscal<\/h3><div class='av-masonry-entry-content entry-content'  itemprop=\"text\" >Les escribimos con una actualizaci\u00f3n llena de buenas noticias sobre las actividades de Hive y una solicitud especial de apoyo continuo. Primero, como ya habr\u00e1n o\u00eddo, hemos formalizado una organizaci\u00f3n matriz para todos nuestros programas y proyectos. Ahora somos oficialmente Hive para la Justicia Clim\u00e1tica y obtuvimos la categor\u00eda 501(c)(3) en julio. Con ello, lanzamos un nuevo programa que ofrece alojamiento fiscal a un par de excelentes organizaciones locales de justicia clim\u00e1tica.<\/div><span class='av-masonry-date meta-color updated'>18 de diciembre de 2024<\/span><span class=\"av-masonry-text-sep text-sep-author\">\/<\/span><span class='av-masonry-author meta-color author'><span class='fn'>por budjerpress<\/span><\/span><\/div><\/div><\/figcaption><\/figure><\/a><!--end av-masonry entry--><a href=\"https:\/\/boulder.earth\/es\/hive-colorado-gives-day\/\"  id='av-masonry-1-item-5486926' data-av-masonry-item='5486926' class='av-masonry-entry isotope-item post-5486926 post type-post status-publish format-standard has-post-thumbnail hentry category-blog  av-masonry-item-with-image' title=\"Hive-Colorado-da-un-dia\"   itemscope=\"itemscope\" itemtype=\"https:\/\/schema.org\/CreativeWork\" ><div class='av-inner-masonry-sizer'><\/div><figure class='av-inner-masonry main_color'><div class=\"av-masonry-outerimage-container\"><div class='av-masonry-image-container'  ><img decoding=\"async\" width=\"705\" height=\"412\" fetchpriority=\"high\" class=\"wp-image-5486930 avia-img-lazy-loading-not-5486930\"  src=\"https:\/\/boulder.earth\/wp-content\/uploads\/2024\/11\/hive-colorado-gives-day-705x412.jpg\" title=\"Hive-Colorado-da-un-dia\" alt=\"\" srcset=\"https:\/\/boulder.earth\/wp-content\/uploads\/2024\/11\/hive-colorado-gives-day-705x412.jpg 705w, https:\/\/boulder.earth\/wp-content\/uploads\/2024\/11\/hive-colorado-gives-day-300x175.jpg 300w, https:\/\/boulder.earth\/wp-content\/uploads\/2024\/11\/hive-colorado-gives-day-18x12.jpg 18w, https:\/\/boulder.earth\/wp-content\/uploads\/2024\/11\/hive-colorado-gives-day.jpg 719w\" sizes=\"(max-width: 705px) 100vw, 705px\" \/><\/div><\/div><figcaption class='av-inner-masonry-content site-background'><div class='av-inner-masonry-content-pos'><div class='av-inner-masonry-content-pos-content'><div class='avia-arrow'><\/div><h3 class='av-masonry-entry-title entry-title'  itemprop=\"headline\" >\u00a1El Hive de Justicia Clim\u00e1tica va a participar en Colorado Gives Day!<\/h3><div class='av-masonry-entry-content entry-content'  itemprop=\"text\" >Faltan dos semanas para Colorado Gives Day, y tenemos el placer de anunciar que todas las donaciones que el Hive de Justicia Clim\u00e1tica reciba, desde ahora, ser\u00e1n igualadas d\u00f3lar por d\u00f3lar por un generoso donante.<\/div><span class='av-masonry-date meta-color updated'>25 de noviembre de 2024<\/span><span class=\"av-masonry-text-sep text-sep-author\">\/<\/span><span class='av-masonry-author meta-color author'><span class='fn'>por budjerpress<\/span><\/span><\/div><\/div><\/figcaption><\/figure><\/a><!--end av-masonry entry--><a href=\"https:\/\/boulder.earth\/es\/earth-justice-week-edition\/\"  id='av-masonry-1-item-5484485' data-av-masonry-item='5484485' class='av-masonry-entry isotope-item post-5484485 post type-post status-publish format-standard has-post-thumbnail hentry category-blog  av-masonry-item-with-image' title=\"Earthday24-gr\u00e1ficos\"   itemscope=\"itemscope\" itemtype=\"https:\/\/schema.org\/CreativeWork\" ><div class='av-inner-masonry-sizer'><\/div><figure class='av-inner-masonry main_color'><div class=\"av-masonry-outerimage-container\"><div class='av-masonry-image-container'  ><img decoding=\"async\" width=\"705\" height=\"348\" fetchpriority=\"high\" class=\"wp-image-5484494 avia-img-lazy-loading-not-5484494\"  src=\"https:\/\/boulder.earth\/wp-content\/uploads\/2024\/04\/earthday24-graphics-705x348.jpg\" title=\"Earthday24-gr\u00e1ficos\" alt=\"\" srcset=\"https:\/\/boulder.earth\/wp-content\/uploads\/2024\/04\/earthday24-graphics-705x348.jpg 705w, https:\/\/boulder.earth\/wp-content\/uploads\/2024\/04\/earthday24-graphics-300x148.jpg 300w, https:\/\/boulder.earth\/wp-content\/uploads\/2024\/04\/earthday24-graphics-768x379.jpg 768w, https:\/\/boulder.earth\/wp-content\/uploads\/2024\/04\/earthday24-graphics-18x9.jpg 18w, https:\/\/boulder.earth\/wp-content\/uploads\/2024\/04\/earthday24-graphics.jpg 800w\" sizes=\"(max-width: 705px) 100vw, 705px\" \/><\/div><\/div><figcaption class='av-inner-masonry-content site-background'><div class='av-inner-masonry-content-pos'><div class='av-inner-masonry-content-pos-content'><div class='avia-arrow'><\/div><h3 class='av-masonry-entry-title entry-title'  itemprop=\"headline\" >Edici\u00f3n semanal de justicia de la Tierra<\/h3><div class='av-masonry-entry-content entry-content'  itemprop=\"text\" >Por favor escuche las respuestas de su cuerpo a estas ofertas. Sigue los hilos que te llevan hacia tu lugar en el movimiento colectivo.<\/div><span class='av-masonry-date meta-color updated'>15 de abril de 2024<\/span><span class=\"av-masonry-text-sep text-sep-author\">\/<\/span><span class='av-masonry-author meta-color author'><span class='fn'>por budjerpress<\/span><\/span><\/div><\/div><\/figcaption><\/figure><\/a><!--end av-masonry entry--><a href=\"https:\/\/boulder.earth\/es\/winter-solstice23\/\"  id='av-masonry-1-item-5483305' data-av-masonry-item='5483305' class='av-masonry-entry isotope-item post-5483305 post type-post status-publish format-standard has-post-thumbnail hentry category-blog  av-masonry-item-with-image' title=\"bvr-paisaje-nieve-presentado\"   itemscope=\"itemscope\" itemtype=\"https:\/\/schema.org\/CreativeWork\" ><div class='av-inner-masonry-sizer'><\/div><figure class='av-inner-masonry main_color'><div class=\"av-masonry-outerimage-container\"><div class='av-masonry-image-container'  ><img decoding=\"async\" width=\"705\" height=\"421\" fetchpriority=\"high\" class=\"wp-image-5483308 avia-img-lazy-loading-not-5483308\"  src=\"https:\/\/boulder.earth\/wp-content\/uploads\/2023\/12\/bvr-snowscape-featured-705x421.jpg\" title=\"bvr-paisaje-nieve-presentado\" alt=\"\" srcset=\"https:\/\/boulder.earth\/wp-content\/uploads\/2023\/12\/bvr-snowscape-featured-705x421.jpg 705w, https:\/\/boulder.earth\/wp-content\/uploads\/2023\/12\/bvr-snowscape-featured-300x179.jpg 300w, https:\/\/boulder.earth\/wp-content\/uploads\/2023\/12\/bvr-snowscape-featured-18x12.jpg 18w, https:\/\/boulder.earth\/wp-content\/uploads\/2023\/12\/bvr-snowscape-featured.jpg 737w\" sizes=\"(max-width: 705px) 100vw, 705px\" \/><\/div><\/div><figcaption class='av-inner-masonry-content site-background'><div class='av-inner-masonry-content-pos'><div class='av-inner-masonry-content-pos-content'><div class='avia-arrow'><\/div><h3 class='av-masonry-entry-title entry-title'  itemprop=\"headline\" >Uni\u00e9ndonos en la oscuridad<\/h3><div class='av-masonry-entry-content entry-content'  itemprop=\"text\" >\u00a1En este tiempo de oscuridad, te vemos! No siempre es posible aprender o encontrar conclusiones positivas.<br \/>\r\nPero conectarse con nuestra comunidad siempre es \u00fatil. Colectivamente, brillamos m\u00e1s...<\/div><span class='av-masonry-date meta-color updated'>diciembre 19, 2023<\/span><span class=\"av-masonry-text-sep text-sep-author\">\/<\/span><span class='av-masonry-author meta-color author'><span class='fn'>por budjerpress<\/span><\/span><\/div><\/div><\/figcaption><\/figure><\/a><!--end av-masonry entry--><a href=\"https:\/\/boulder.earth\/es\/engage-in-october-for-climate-justice\/\"  id='av-masonry-1-item-5482656' data-av-masonry-item='5482656' class='av-masonry-entry isotope-item post-5482656 post type-post status-publish format-standard has-post-thumbnail hentry category-blog  av-masonry-item-with-image' title=\"caracter\u00edstica de compromiso de ca\u00edda\"   itemscope=\"itemscope\" itemtype=\"https:\/\/schema.org\/CreativeWork\" ><div class='av-inner-masonry-sizer'><\/div><figure class='av-inner-masonry main_color'><div class=\"av-masonry-outerimage-container\"><div class='av-masonry-image-container'  ><img decoding=\"async\" width=\"705\" height=\"472\" fetchpriority=\"high\" class=\"wp-image-5482706 avia-img-lazy-loading-not-5482706\"  src=\"https:\/\/boulder.earth\/wp-content\/uploads\/2023\/10\/fall-engagement-feature-705x472.jpg\" title=\"caracter\u00edstica de compromiso de ca\u00edda\" alt=\"\" srcset=\"https:\/\/boulder.earth\/wp-content\/uploads\/2023\/10\/fall-engagement-feature-705x472.jpg 705w, https:\/\/boulder.earth\/wp-content\/uploads\/2023\/10\/fall-engagement-feature-300x201.jpg 300w, https:\/\/boulder.earth\/wp-content\/uploads\/2023\/10\/fall-engagement-feature-768x515.jpg 768w, https:\/\/boulder.earth\/wp-content\/uploads\/2023\/10\/fall-engagement-feature-18x12.jpg 18w, https:\/\/boulder.earth\/wp-content\/uploads\/2023\/10\/fall-engagement-feature.jpg 800w\" sizes=\"(max-width: 705px) 100vw, 705px\" \/><\/div><\/div><figcaption class='av-inner-masonry-content site-background'><div class='av-inner-masonry-content-pos'><div class='av-inner-masonry-content-pos-content'><div class='avia-arrow'><\/div><h3 class='av-masonry-entry-title entry-title'  itemprop=\"headline\" >Participe en la justicia clim\u00e1tica en octubre<\/h3><div class='av-masonry-entry-content entry-content'  itemprop=\"text\" >En esta comunidad est\u00e1n ocurriendo muchos esfuerzos y eventos maravillosos. \u00a1Gracias por ser parte de ello! Aqu\u00ed hay algunos aspectos destacados...<\/div><span class='av-masonry-date meta-color updated'>octubre 12, 2023<\/span><span class=\"av-masonry-text-sep text-sep-author\">\/<\/span><span class='av-masonry-author meta-color author'><span class='fn'>por budjerpress<\/span><\/span><\/div><\/div><\/figcaption><\/figure><\/a><!--end av-masonry entry--><a href=\"https:\/\/boulder.earth\/es\/happy-september\/\"  id='av-masonry-1-item-5482223' data-av-masonry-item='5482223' class='av-masonry-entry isotope-item post-5482223 post type-post status-publish format-standard has-post-thumbnail hentry category-blog  av-masonry-item-with-image' title=\"eliminaci\u00f3n gradual del fracking\"   itemscope=\"itemscope\" itemtype=\"https:\/\/schema.org\/CreativeWork\" ><div class='av-inner-masonry-sizer'><\/div><figure class='av-inner-masonry main_color'><div class=\"av-masonry-outerimage-container\"><div class='av-masonry-image-container'  ><img decoding=\"async\" width=\"600\" height=\"400\" fetchpriority=\"high\" class=\"wp-image-5482225 avia-img-lazy-loading-not-5482225\"  src=\"https:\/\/boulder.earth\/wp-content\/uploads\/2023\/09\/phaseoutfracking.jpg\" title=\"eliminaci\u00f3n gradual del fracking\" alt=\"\" srcset=\"https:\/\/boulder.earth\/wp-content\/uploads\/2023\/09\/phaseoutfracking.jpg 600w, https:\/\/boulder.earth\/wp-content\/uploads\/2023\/09\/phaseoutfracking-300x200.jpg 300w, https:\/\/boulder.earth\/wp-content\/uploads\/2023\/09\/phaseoutfracking-18x12.jpg 18w\" sizes=\"(max-width: 600px) 100vw, 600px\" \/><\/div><\/div><figcaption class='av-inner-masonry-content site-background'><div class='av-inner-masonry-content-pos'><div class='av-inner-masonry-content-pos-content'><div class='avia-arrow'><\/div><h3 class='av-masonry-entry-title entry-title'  itemprop=\"headline\" >Feliz Septiembre<\/h3><span class='av-masonry-date meta-color updated'>septiembre 7, 2023<\/span><span class=\"av-masonry-text-sep text-sep-author\">\/<\/span><span class='av-masonry-author meta-color author'><span class='fn'>por budjerpress<\/span><\/span><\/div><\/div><\/figcaption><\/figure><\/a><!--end av-masonry entry--><a href=\"https:\/\/boulder.earth\/es\/summer-blessings\/\"  id='av-masonry-1-item-5481651' data-av-masonry-item='5481651' class='av-masonry-entry isotope-item post-5481651 post type-post status-publish format-standard has-post-thumbnail hentry category-blog  av-masonry-item-with-image' title=\"solsticio-2\"   itemscope=\"itemscope\" itemtype=\"https:\/\/schema.org\/CreativeWork\" ><div class='av-inner-masonry-sizer'><\/div><figure class='av-inner-masonry main_color'><div class=\"av-masonry-outerimage-container\"><div class='av-masonry-image-container'  ><img decoding=\"async\" width=\"705\" height=\"529\" fetchpriority=\"high\" class=\"wp-image-5481653 avia-img-lazy-loading-not-5481653\"  src=\"https:\/\/boulder.earth\/wp-content\/uploads\/2023\/06\/solstice-2-705x529.jpg\" title=\"solsticio-2\" alt=\"\" srcset=\"https:\/\/boulder.earth\/wp-content\/uploads\/2023\/06\/solstice-2-705x529.jpg 705w, https:\/\/boulder.earth\/wp-content\/uploads\/2023\/06\/solstice-2-300x225.jpg 300w, https:\/\/boulder.earth\/wp-content\/uploads\/2023\/06\/solstice-2-1030x773.jpg 1030w, https:\/\/boulder.earth\/wp-content\/uploads\/2023\/06\/solstice-2-768x576.jpg 768w, https:\/\/boulder.earth\/wp-content\/uploads\/2023\/06\/solstice-2-16x12.jpg 16w, https:\/\/boulder.earth\/wp-content\/uploads\/2023\/06\/solstice-2.jpg 1400w\" sizes=\"(max-width: 705px) 100vw, 705px\" \/><\/div><\/div><figcaption class='av-inner-masonry-content site-background'><div class='av-inner-masonry-content-pos'><div class='av-inner-masonry-content-pos-content'><div class='avia-arrow'><\/div><h3 class='av-masonry-entry-title entry-title'  itemprop=\"headline\" >Bendiciones de verano de la Colmena de Justicia Clim\u00e1tica de BoCo<\/h3><div class='av-masonry-entry-content entry-content'  itemprop=\"text\" >El condado de Boulder est\u00e1 lleno de verdor y floreciendo. Esperamos que se sumerja en esta belleza, y se maraville ante la vitalidad, resiliencia e inteligencia de nuestras hermanas, las plantas.<br \/>\r\n<br \/>\r\n\u00a1Hay tantas maneras de conectarse con otras personas que se preocupan por el planeta y las personas en el calendario de eventos de justicia clim\u00e1tica del condado de Boulder! Gracias por ser parte de esta comunidad.<\/div><span class='av-masonry-date meta-color updated'>junio 29, 2023<\/span><span class=\"av-masonry-text-sep text-sep-author\">\/<\/span><span class='av-masonry-author meta-color author'><span class='fn'>por budjerpress<\/span><\/span><\/div><\/div><\/figcaption><\/figure><\/a><!--end av-masonry entry--><\/div><div class='av-masonry-pagination av-masonry-pagination-pagination'><nav class='pagination'><span class='pagination-meta'>P\u00e1gina 1 de 3<\/span><span class='current'>1<\/span><a href='https:\/\/boulder.earth\/es\/wp-json\/wp\/v2\/pages\/167268\/?avia-element-paging=2' class='inactive next_page' >2<\/a><a href='https:\/\/boulder.earth\/es\/wp-json\/wp\/v2\/pages\/167268\/?avia-element-paging=3' class='inactive' >3<\/a><\/nav>\n<\/div><\/div><\/div>","protected":false},"excerpt":{"rendered":"","protected":false},"author":1,"featured_media":0,"parent":0,"menu_order":0,"comment_status":"closed","ping_status":"closed","template":"","meta":{"footnotes":""},"class_list":["post-167268","page","type-page","status-publish","hentry"],"_links":{"self":[{"href":"https:\/\/boulder.earth\/es\/wp-json\/wp\/v2\/pages\/167268","targetHints":{"allow":["GET"]}}],"collection":[{"href":"https:\/\/boulder.earth\/es\/wp-json\/wp\/v2\/pages"}],"about":[{"href":"https:\/\/boulder.earth\/es\/wp-json\/wp\/v2\/types\/page"}],"author":[{"embeddable":true,"href":"https:\/\/boulder.earth\/es\/wp-json\/wp\/v2\/users\/1"}],"replies":[{"embeddable":true,"href":"https:\/\/boulder.earth\/es\/wp-json\/wp\/v2\/comments?post=167268"}],"version-history":[{"count":7,"href":"https:\/\/boulder.earth\/es\/wp-json\/wp\/v2\/pages\/167268\/revisions"}],"predecessor-version":[{"id":5480449,"href":"https:\/\/boulder.earth\/es\/wp-json\/wp\/v2\/pages\/167268\/revisions\/5480449"}],"wp:attachment":[{"href":"https:\/\/boulder.earth\/es\/wp-json\/wp\/v2\/media?parent=167268"}],"curies":[{"name":"wp","href":"https:\/\/api.w.org\/{rel}","templated":true}]}}