{"id":44426,"date":"2018-01-29T16:43:00","date_gmt":"2018-01-29T22:43:00","guid":{"rendered":"http:\/\/boulder.earth\/?page_id=44426"},"modified":"2025-06-12T21:09:00","modified_gmt":"2025-06-13T03:09:00","slug":"actions-for-impact","status":"publish","type":"page","link":"https:\/\/boulder.earth\/es\/actions-for-impact\/","title":{"rendered":"Acciones de Impacto"},"content":{"rendered":"<style type=\"text\/css\" data-created_by=\"avia_inline_auto\" id=\"style-css-av-1airfclm-f4e257beafe5d78854797b6eb63fe1f4\">\n.avia-section.av-1airfclm-f4e257beafe5d78854797b6eb63fe1f4{\nbackground-color:#f5f5f5;\nbackground-image:unset;\n}\n<\/style>\n<div id='av_section_1'  class='avia-section av-1airfclm-f4e257beafe5d78854797b6eb63fe1f4 main_color avia-section-default avia-no-shadow  avia-builder-el-0  el_before_av_layout_row  avia-builder-el-first  avia-bg-style-scroll container_wrap sidebar_right'  ><div class='container av-section-cont-open' ><main  role=\"main\" itemprop=\"mainContentOfPage\"  class='template-page content  av-content-small alpha units'><div class='post-entry post-entry-type-page post-entry-44426'><div class='entry-content-wrapper clearfix'>\n\n<style type=\"text\/css\" data-created_by=\"avia_inline_auto\" id=\"style-css-av-1adkcybu-49aa00435db23bba47583cd010378982\">\n#top .av_textblock_section.av-1adkcybu-49aa00435db23bba47583cd010378982 .avia_textblock{\nfont-size:18px;\n}\n<\/style>\n<section  class='av_textblock_section av-1adkcybu-49aa00435db23bba47583cd010378982'   itemscope=\"itemscope\" itemtype=\"https:\/\/schema.org\/CreativeWork\" ><div class='avia_textblock'  itemprop=\"text\" ><p style=\"text-align: center;\"><div class=\"eds-animate edsanimate-sis-hidden\" data-eds-entry-animation=\"bounceInUp\" data-eds-entry-delay=\"0\" data-eds-entry-duration=\"0.5\" data-eds-entry-timing=\"linear\" data-eds-exit-animation=\"\" data-eds-exit-delay=\"\" data-eds-exit-duration=\"\" data-eds-exit-timing=\"\" data-eds-repeat-count=\"1\" data-eds-keep=\"yes\" data-eds-animate-on=\"load\" data-eds-scroll-offset=\"\"><img loading=\"lazy\" decoding=\"async\" class=\"wp-image-19005 size-full aligncenter\" src=\"https:\/\/boulder.earth\/wp-content\/uploads\/2014\/03\/actions-for-impact-bg.png\" alt=\"\" width=\"1000\" height=\"206\" srcset=\"https:\/\/boulder.earth\/wp-content\/uploads\/2014\/03\/actions-for-impact-bg.png 1000w, https:\/\/boulder.earth\/wp-content\/uploads\/2014\/03\/actions-for-impact-bg-300x62.png 300w, https:\/\/boulder.earth\/wp-content\/uploads\/2014\/03\/actions-for-impact-bg-768x158.png 768w, https:\/\/boulder.earth\/wp-content\/uploads\/2014\/03\/actions-for-impact-bg-705x145.png 705w, https:\/\/boulder.earth\/wp-content\/uploads\/2014\/03\/actions-for-impact-bg-450x93.png 450w\" sizes=\"auto, (max-width: 1000px) 100vw, 1000px\" \/><\/p>\n<p style=\"text-align: center;\"><\/div><\/p>\n<p style=\"text-align: center;\">Crear un impacto tangible nunca ha sido tan f\u00e1cil. Aqu\u00ed destacamos diferentes programas\/acciones que se enfocan en<br \/>\n<strong>1) Transformar nuestros sistemas energ\u00e9ticos, 2) Restaurar nuestros ecosistemas, 3) Regenerar nuestros recursos, y 4) Co-crear una transici\u00f3n justa<\/strong>.<\/p>\n<\/div><\/section>\n\n<\/div><\/div><\/main><!-- close content main element --><\/div><\/div><div id='av-layout-grid-1'  class='av-layout-grid-container av-wnxnz-d4ecdbeb302abc7a975df7a92563dce7 entry-content-wrapper alternate_color av-border-cells av-flex-cells  avia-builder-el-2  el_after_av_section  el_before_av_layout_row  grid-row-not-first  container_wrap sidebar_right'  >\n\n<style type=\"text\/css\" data-created_by=\"avia_inline_auto\" id=\"style-css-av-ql0nb-9af5d281728d2c2a708dbd99bf6e2fb3\">\n.flex_cell.av-ql0nb-9af5d281728d2c2a708dbd99bf6e2fb3{\nvertical-align:top;\n}\n.responsive #top #wrap_all .flex_cell.av-ql0nb-9af5d281728d2c2a708dbd99bf6e2fb3{\npadding:30px 30px 30px 30px !important;\n}\n<\/style>\n<div class='flex_cell av-ql0nb-9af5d281728d2c2a708dbd99bf6e2fb3 av-gridrow-cell av_one_fourth no_margin  avia-builder-el-3  el_before_av_cell_one_fourth  avia-builder-el-first  content-align-top'  ><div class='flex_cell_inner'><p>\n<style type=\"text\/css\" data-created_by=\"avia_inline_auto\" id=\"style-css-av-tjci3-80-63533bdf07903f8165991a2a1ece5fa9\">\n.avia-image-container.av-tjci3-80-63533bdf07903f8165991a2a1ece5fa9 img.avia_image{\nbox-shadow:none;\n}\n.avia-image-container.av-tjci3-80-63533bdf07903f8165991a2a1ece5fa9 .av-image-caption-overlay-center{\ncolor:#ffffff;\n}\n<\/style>\n<div  class='avia-image-container av-tjci3-80-63533bdf07903f8165991a2a1ece5fa9 av-styling- av-img-linked avia-align-center  avia-builder-el-4  el_before_av_textblock  avia-builder-el-first'   itemprop=\"image\" itemscope=\"itemscope\" itemtype=\"https:\/\/schema.org\/ImageObject\" ><div class=\"avia-image-container-inner\"><div class=\"avia-image-overlay-wrap\"><a href=\"https:\/\/simplybeeconservation.org\/\" class='avia_image'  target=\"_blank\"  rel=\"noopener noreferrer\" aria-label='simply-bee-action'><img decoding=\"async\" fetchpriority=\"high\" class='wp-image-6464632 avia-img-lazy-loading-not-6464632 avia_image' src=\"https:\/\/boulder.earth\/wp-content\/uploads\/2025\/06\/simply-bee-action.jpg\" alt='' title='simply-bee-action'  height=\"164\" width=\"300\"  itemprop=\"thumbnailUrl\" srcset=\"https:\/\/boulder.earth\/wp-content\/uploads\/2025\/06\/simply-bee-action.jpg 300w, https:\/\/boulder.earth\/wp-content\/uploads\/2025\/06\/simply-bee-action-18x10.jpg 18w\" sizes=\"(max-width: 300px) 100vw, 300px\" \/><\/a><\/div><\/div><\/div><br \/>\n<section  class='av_textblock_section av-sn80r-79-2eacfcbc599b3afeb8f5b6153e48dc24'   itemscope=\"itemscope\" itemtype=\"https:\/\/schema.org\/CreativeWork\" ><div class='avia_textblock'  itemprop=\"text\" ><div class=\"e2ma-p-div\">\n<h4 class=\"banner__heading inline-richtext h2\" style=\"text-align: center;\"><a href=\"https:\/\/simplybeeconservation.org\/\" target=\"_blank\" rel=\"noopener\">Create a beneficial and beautiful garden<\/a><\/h4>\n<div class=\"banner__text rte body\">\n<p>Simply Bee Conservation&#8217;s garden kits are for anyone in the Front Range of Colorado who wants to #savethebees! They include ready-to-go organic native plants, a professional design, a bee house, and more. Check out the kits and the pollinator pledge <a href=\"https:\/\/simplybeeconservation.org\/\" target=\"_blank\" rel=\"noopener\">on their website<\/a>.<\/p>\n<\/div>\n<\/div>\n<\/div><\/section><\/p>\n<\/div><\/div>\n<style type=\"text\/css\" data-created_by=\"avia_inline_auto\" id=\"style-css-av-ql0nb-97-f4837d2ade121c11491d0ce09d43f13a\">\n.flex_cell.av-ql0nb-97-f4837d2ade121c11491d0ce09d43f13a{\nvertical-align:top;\n}\n.responsive #top #wrap_all .flex_cell.av-ql0nb-97-f4837d2ade121c11491d0ce09d43f13a{\npadding:30px 30px 30px 30px !important;\n}\n<\/style>\n<div class='flex_cell av-ql0nb-97-f4837d2ade121c11491d0ce09d43f13a av-gridrow-cell av_one_fourth no_margin  avia-builder-el-6  el_after_av_cell_one_fourth  el_before_av_cell_one_fourth  content-align-top'  ><div class='flex_cell_inner'><p>\n<style type=\"text\/css\" data-created_by=\"avia_inline_auto\" id=\"style-css-av-tjci3-90-893f7937e280e273eb103fc86a317aef\">\n.avia-image-container.av-tjci3-90-893f7937e280e273eb103fc86a317aef img.avia_image{\nbox-shadow:none;\n}\n.avia-image-container.av-tjci3-90-893f7937e280e273eb103fc86a317aef .av-image-caption-overlay-center{\ncolor:#ffffff;\n}\n<\/style>\n<div  class='avia-image-container av-tjci3-90-893f7937e280e273eb103fc86a317aef av-styling- av-img-linked avia-align-center  avia-builder-el-7  el_before_av_textblock  avia-builder-el-first'   itemprop=\"image\" itemscope=\"itemscope\" itemtype=\"https:\/\/schema.org\/ImageObject\" ><div class=\"avia-image-container-inner\"><div class=\"avia-image-overlay-wrap\"><a href=\"https:\/\/www.yellowbarn.farm\/involved\" class='avia_image'  target=\"_blank\"  rel=\"noopener noreferrer\" aria-label='d\u00edas de acci\u00f3n de granero amarillo'><img decoding=\"async\" fetchpriority=\"high\" class='wp-image-535558 avia-img-lazy-loading-not-535558 avia_image' src=\"https:\/\/boulder.earth\/wp-content\/uploads\/2021\/02\/yellowbarn-actiondays.jpg\" alt='' title='d\u00edas de acci\u00f3n de granero amarillo'  height=\"164\" width=\"300\"  itemprop=\"thumbnailUrl\"  \/><\/a><\/div><\/div><\/div><br \/>\n<section  class='av_textblock_section av-sn80r-89-302bd8aee72a7812819e2cc513dd17e5'   itemscope=\"itemscope\" itemtype=\"https:\/\/schema.org\/CreativeWork\" ><div class='avia_textblock'  itemprop=\"text\" ><h4 style=\"text-align: center;\"><a href=\"https:\/\/www.yellowbarn.farm\/involved\" target=\"_blank\" rel=\"noopener\"><b>D\u00edas de acci\u00f3n agr\u00edcola de granero amarillo<\/b><\/a><\/h4>\n<p>Dirigir una granja no es f\u00e1cil. Entonces, \u00bfpor qu\u00e9 no compartir la tarea? Si todos hacen un poquito, podemos hacer grandes olas. A lo largo del a\u00f1o, Yellow Barn Farm llevar\u00e1 a cabo D\u00edas de acci\u00f3n para voluntarios, enfocados en lograr grandes tareas juntos r\u00e1pidamente, como instalar un nuevo gallinero, construir los jardines y construir el invernadero. El objetivo de la granja es <span class=\"color_19\">desarrollar la resiliencia local al vincular las fincas y la comunidad para crear\u00a0<\/span><span class=\"color_19\">alimentaci\u00f3n, educaci\u00f3n y sistemas econ\u00f3micos sostenibles. <\/span><a href=\"https:\/\/www.yellowbarn.farm\/involved\" target=\"_blank\" rel=\"noopener\">Aprenda c\u00f3mo participar<\/a><\/p>\n<\/div><\/section><\/p>\n<\/div><\/div>\n<style type=\"text\/css\" data-created_by=\"avia_inline_auto\" id=\"style-css-av-ql0nb-94-02b1df2aa1b503cd1171d1f954006409\">\n.flex_cell.av-ql0nb-94-02b1df2aa1b503cd1171d1f954006409{\nvertical-align:top;\n}\n.responsive #top #wrap_all .flex_cell.av-ql0nb-94-02b1df2aa1b503cd1171d1f954006409{\npadding:30px 30px 30px 30px !important;\n}\n<\/style>\n<div class='flex_cell av-ql0nb-94-02b1df2aa1b503cd1171d1f954006409 av-gridrow-cell av_one_fourth no_margin  avia-builder-el-9  el_after_av_cell_one_fourth  el_before_av_cell_one_fourth  content-align-top'  ><div class='flex_cell_inner'><p>\n<style type=\"text\/css\" data-created_by=\"avia_inline_auto\" id=\"style-css-av-tjci3-4c417c3fcc8fdae19278f19f8186c826\">\n.avia-image-container.av-tjci3-4c417c3fcc8fdae19278f19f8186c826 img.avia_image{\nbox-shadow:none;\n}\n.avia-image-container.av-tjci3-4c417c3fcc8fdae19278f19f8186c826 .av-image-caption-overlay-center{\ncolor:#ffffff;\n}\n<\/style>\n<div  class='avia-image-container av-tjci3-4c417c3fcc8fdae19278f19f8186c826 av-styling- av-img-linked avia-align-center  avia-builder-el-10  el_before_av_textblock  avia-builder-el-first'   itemprop=\"image\" itemscope=\"itemscope\" itemtype=\"https:\/\/schema.org\/ImageObject\" ><div class=\"avia-image-container-inner\"><div class=\"avia-image-overlay-wrap\"><a href=\"https:\/\/inlandoceancoalition.salsalabs.org\/InlandOceanAmbassadorsApplicationFormWinter2022\/index.html\" class='avia_image'  target=\"_blank\"  rel=\"noopener noreferrer\" aria-label='embajador del oc\u00e9ano'><img decoding=\"async\" fetchpriority=\"high\" class='wp-image-242705 avia-img-lazy-loading-not-242705 avia_image' src=\"https:\/\/boulder.earth\/wp-content\/uploads\/2020\/09\/ocean-ambassador.jpg\" alt='' title='embajador del oc\u00e9ano'  height=\"164\" width=\"300\"  itemprop=\"thumbnailUrl\"  \/><\/a><\/div><\/div><\/div><br \/>\n<section  class='av_textblock_section av-sn80r-baed6d85ffbff44b5411408dbff86468'   itemscope=\"itemscope\" itemtype=\"https:\/\/schema.org\/CreativeWork\" ><div class='avia_textblock'  itemprop=\"text\" ><h4 style=\"text-align: center;\"><a href=\"https:\/\/inlandoceancoalition.org\/inland-ocean-ambassadors\/\" target=\"_blank\" rel=\"noopener noreferrer\"><b>Aplicar para ser Embajador de Oc\u00e9anos Interiores<\/b><\/a><\/h4>\n<p dir=\"ltr\">Inland Ocean Coalition, una organizaci\u00f3n sin fines de lucro que desarrolla la administraci\u00f3n de tierra a mar en todo el pa\u00eds, ofrece una capacitaci\u00f3n virtual de 5 semanas que cubre los temas de protecci\u00f3n de los oc\u00e9anos m\u00e1s pertinentes y presenta a las mentes m\u00e1s destacadas en la conservaci\u00f3n de los oc\u00e9anos. Las sesiones, que se llevan a cabo todos los jueves a trav\u00e9s de Zoom de 5 a 7 p. m. MT, est\u00e1n dise\u00f1adas como oportunidades de aprendizaje intensivo para interactuar con el personal y la red del COI. \u00a1Esta es una gran oportunidad para unirse a una red de m\u00e1s de 200 embajadores del oc\u00e9ano en 35 estados de EE. UU. y 26 pa\u00edses! <a href=\"https:\/\/inlandoceancoalition.org\/inland-ocean-ambassadors\/\" target=\"_blank\" rel=\"noopener\">M\u00e1s informaci\u00f3n\u00a0<\/a> | \u00a0<a href=\"https:\/\/inlandoceancoalition.salsalabs.org\/InlandOceanAmbassadorsApplicationFormWinter2023\" target=\"_blank\" rel=\"noopener noreferrer\">Aplica online<\/a><\/p>\n<\/div><\/section><\/p>\n<\/div><\/div>\n<style type=\"text\/css\" data-created_by=\"avia_inline_auto\" id=\"style-css-av-av_cell_one_fourth-7b2dfb209afb870a55451575d23bd5b9\">\n.flex_cell.av-av_cell_one_fourth-7b2dfb209afb870a55451575d23bd5b9{\nvertical-align:top;\n}\n<\/style>\n<div class='flex_cell av-av_cell_one_fourth-7b2dfb209afb870a55451575d23bd5b9 av-gridrow-cell av_one_fourth no_margin  avia-builder-el-12  el_after_av_cell_one_fourth  avia-builder-el-last  content-align-top'  ><div class='flex_cell_inner'><p>\n<style type=\"text\/css\" data-created_by=\"avia_inline_auto\" id=\"style-css-av-tjci3-96-5685c22365b8be03ba8d8b26783a2824\">\n.avia-image-container.av-tjci3-96-5685c22365b8be03ba8d8b26783a2824 img.avia_image{\nbox-shadow:none;\n}\n.avia-image-container.av-tjci3-96-5685c22365b8be03ba8d8b26783a2824 .av-image-caption-overlay-center{\ncolor:#ffffff;\n}\n<\/style>\n<div  class='avia-image-container av-tjci3-96-5685c22365b8be03ba8d8b26783a2824 av-styling- av-img-linked avia-align-center  avia-builder-el-13  el_before_av_textblock  avia-builder-el-first'   itemprop=\"image\" itemscope=\"itemscope\" itemtype=\"https:\/\/schema.org\/ImageObject\" ><div class=\"avia-image-container-inner\"><div class=\"avia-image-overlay-wrap\"><a href=\"https:\/\/boulderpdc.com\/highschoolpdc\/\" class='avia_image'  target=\"_blank\"  rel=\"noopener noreferrer\" aria-label='escuela secundaria-permacultura'><img decoding=\"async\" fetchpriority=\"high\" class='wp-image-278071 avia-img-lazy-loading-not-278071 avia_image' src=\"https:\/\/boulder.earth\/wp-content\/uploads\/2021\/01\/high-school-permaculture.jpg\" alt='' title='escuela secundaria-permacultura'  height=\"164\" width=\"300\"  itemprop=\"thumbnailUrl\"  \/><\/a><\/div><\/div><\/div><br \/>\n<section  class='av_textblock_section av-sn80r-95-363484f2658e3907cd55497770ee67d5'   itemscope=\"itemscope\" itemtype=\"https:\/\/schema.org\/CreativeWork\" ><div class='avia_textblock'  itemprop=\"text\" ><h4 style=\"text-align: center;\"><a href=\"https:\/\/boulderpdc.com\/highschoolpdc\/\" target=\"_blank\" rel=\"noopener\"><b><strong>Curso de dise\u00f1o de permacultura de nivel secundario<\/strong><\/b><\/a><\/h4>\n<p>\u00bfEst\u00e1 buscando desarrollar sus habilidades y obtener una certificaci\u00f3n de dise\u00f1o que lance su carrera? Si est\u00e1 interesado en trabajar con los ritmos de la naturaleza, cultivar sistemas inteligentes y abundantes que sean escalables y beneficien a su entorno y comunidad, \u00a1entonces este curso de dise\u00f1o de permacultura de la escuela secundaria es para usted! Las sesiones informativas son el 21 y 24 de enero. El curso se llevar\u00e1 a cabo de marzo a octubre. <a href=\"https:\/\/boulderpdc.com\/highschoolpdc\/\" target=\"_blank\" rel=\"noopener\">Obtenga m\u00e1s informaci\u00f3n y reg\u00edstrese<\/a><\/p>\n<\/div><\/section><\/p>\n<\/div><\/div><\/div><div id='av-layout-grid-2'  class='av-layout-grid-container av-wnxnz-101-885fbce7c2be2f07bcf4a26e26b4c023 entry-content-wrapper alternate_color av-border-cells av-flex-cells  avia-builder-el-15  el_after_av_layout_row  el_before_av_layout_row  grid-row-not-first  container_wrap sidebar_right'  >\n\n<style type=\"text\/css\" data-created_by=\"avia_inline_auto\" id=\"style-css-av-ql0nb-91-c72fe3eb8bc6e4ca6d2e4220e90ae71b\">\n.flex_cell.av-ql0nb-91-c72fe3eb8bc6e4ca6d2e4220e90ae71b{\nvertical-align:top;\n}\n.responsive #top #wrap_all .flex_cell.av-ql0nb-91-c72fe3eb8bc6e4ca6d2e4220e90ae71b{\npadding:30px 30px 30px 30px !important;\n}\n<\/style>\n<div class='flex_cell av-ql0nb-91-c72fe3eb8bc6e4ca6d2e4220e90ae71b av-gridrow-cell av_one_fourth no_margin  avia-builder-el-16  el_before_av_cell_one_fourth  avia-builder-el-first  content-align-top'  ><div class='flex_cell_inner'><p>\n<style type=\"text\/css\" data-created_by=\"avia_inline_auto\" id=\"style-css-av-tjci3-93-87725f02a169bf820cd5d0d9e7d41ba2\">\n.avia-image-container.av-tjci3-93-87725f02a169bf820cd5d0d9e7d41ba2 img.avia_image{\nbox-shadow:none;\n}\n.avia-image-container.av-tjci3-93-87725f02a169bf820cd5d0d9e7d41ba2 .av-image-caption-overlay-center{\ncolor:#ffffff;\n}\n<\/style>\n<div  class='avia-image-container av-tjci3-93-87725f02a169bf820cd5d0d9e7d41ba2 av-styling- av-img-linked avia-align-center  avia-builder-el-17  el_before_av_textblock  avia-builder-el-first'   itemprop=\"image\" itemscope=\"itemscope\" itemtype=\"https:\/\/schema.org\/ImageObject\" ><div class=\"avia-image-container-inner\"><div class=\"avia-image-overlay-wrap\"><a href=\"https:\/\/secure.ngpvan.com\/F9cyb-U2oUC6F7hjlFUXeg2\" class='avia_image'  target=\"_blank\"  rel=\"noopener noreferrer\" aria-label='apoyo-banca-publica'><img decoding=\"async\" fetchpriority=\"high\" class='wp-image-278062 avia-img-lazy-loading-not-278062 avia_image' src=\"https:\/\/boulder.earth\/wp-content\/uploads\/2021\/01\/support-public-banking.jpg\" alt='' title='apoyo-banca-publica'  height=\"164\" width=\"300\"  itemprop=\"thumbnailUrl\"  \/><\/a><\/div><\/div><\/div><br \/>\n<section  class='av_textblock_section av-sn80r-92-b54de205c779d522d4a536084e3064dd'   itemscope=\"itemscope\" itemtype=\"https:\/\/schema.org\/CreativeWork\" ><div class='avia_textblock'  itemprop=\"text\" ><h4 style=\"text-align: center;\"><a href=\"https:\/\/secure.ngpvan.com\/F9cyb-U2oUC6F7hjlFUXeg2\" target=\"_blank\" rel=\"noopener\"><b>Reg\u00edstrate en Apoyo a la Banca P\u00fablica<\/b><\/a><\/h4>\n<p>Se necesita legislaci\u00f3n para permitir que las ciudades y los condados de Colorado creen bancos p\u00fablicos y bancos con cooperativas de cr\u00e9dito. Actualmente, las leyes significan que nuestros municipios est\u00e1n atrapados en bancos corporativos que financian proyectos ambiental y socialmente destructivos, incluidas prisiones privadas, centros de detenci\u00f3n de inmigrantes, extracci\u00f3n de petr\u00f3leo y gas, oleoductos de combustibles f\u00f3siles y otras inversiones que priorizan las ganancias corporativas sobre las personas y el planeta.<br \/>\n<a href=\"https:\/\/secure.ngpvan.com\/F9cyb-U2oUC6F7hjlFUXeg2\" target=\"_blank\" rel=\"noopener\">Firma aqui<\/a><\/p>\n<\/div><\/section><\/p>\n<\/div><\/div>\n<style type=\"text\/css\" data-created_by=\"avia_inline_auto\" id=\"style-css-av-ql0nb-87-c7a2893e98037dace5656a1dcbc659c8\">\n.flex_cell.av-ql0nb-87-c7a2893e98037dace5656a1dcbc659c8{\nvertical-align:top;\n}\n.responsive #top #wrap_all .flex_cell.av-ql0nb-87-c7a2893e98037dace5656a1dcbc659c8{\npadding:30px 30px 30px 30px !important;\n}\n<\/style>\n<div class='flex_cell av-ql0nb-87-c7a2893e98037dace5656a1dcbc659c8 av-gridrow-cell av_one_fourth no_margin  avia-builder-el-19  el_after_av_cell_one_fourth  el_before_av_cell_one_fourth  content-align-top'  ><div class='flex_cell_inner'><p>\n<style type=\"text\/css\" data-created_by=\"avia_inline_auto\" id=\"style-css-av-tjci3-86-68d7d67f18f8018cbfc20b0c1de96888\">\n.avia-image-container.av-tjci3-86-68d7d67f18f8018cbfc20b0c1de96888 img.avia_image{\nbox-shadow:none;\n}\n.avia-image-container.av-tjci3-86-68d7d67f18f8018cbfc20b0c1de96888 .av-image-caption-overlay-center{\ncolor:#ffffff;\n}\n<\/style>\n<div  class='avia-image-container av-tjci3-86-68d7d67f18f8018cbfc20b0c1de96888 av-styling- av-img-linked avia-align-center  avia-builder-el-20  el_before_av_textblock  avia-builder-el-first'   itemprop=\"image\" itemscope=\"itemscope\" itemtype=\"https:\/\/schema.org\/ImageObject\" ><div class=\"avia-image-container-inner\"><div class=\"avia-image-overlay-wrap\"><a href=\"https:\/\/www.localcompostclimateaction.org\" class='avia_image'  target=\"_blank\"  rel=\"noopener noreferrer\" aria-label='coalici\u00f3nparacompost'><img decoding=\"async\" fetchpriority=\"high\" class='wp-image-268664 avia-img-lazy-loading-not-268664 avia_image' src=\"https:\/\/boulder.earth\/wp-content\/uploads\/2020\/12\/coalitionforcompost.jpg\" alt='' title='coalici\u00f3nparacompost'  height=\"164\" width=\"300\"  itemprop=\"thumbnailUrl\"  \/><\/a><\/div><\/div><\/div><br \/>\n<section  class='av_textblock_section av-sn80r-85-6a6917cdf401df49d15fc44af10e23d5'   itemscope=\"itemscope\" itemtype=\"https:\/\/schema.org\/CreativeWork\" ><div class='avia_textblock'  itemprop=\"text\" ><h4 style=\"text-align: center;\"><a href=\"https:\/\/www.localcompostclimateaction.org\" target=\"_blank\" rel=\"noopener\"><b><strong>Convocatoria para una nueva instalaci\u00f3n de compostaje<\/strong><\/b><\/a><\/h4>\n<p>El condado de Boulder est\u00e1 construyendo una nueva instalaci\u00f3n de compostaje de \u00faltima generaci\u00f3n en un antiguo sitio agr\u00edcola y se necesita su voz. Hay acciones significativas que las comunidades pueden y deben tomar AHORA para reducir las emisiones de gases de efecto invernadero. Convertir los desechos org\u00e1nicos en abono reduce inmediatamente el metano y ayuda <em>contrarrestar<\/em> cambio clim\u00e1tico. El condado de Boulder est\u00e1 comprometido con el compostaje, pero los camiones que arrojan emisiones ahora viajan 100 millas de ida y vuelta hasta la instalaci\u00f3n de compostaje m\u00e1s cercana. La nueva instalaci\u00f3n reducir\u00e1 esas emisiones de viajes a una fracci\u00f3n. <a href=\"https:\/\/www.localcompostclimateaction.org\" target=\"_blank\" rel=\"noopener\">Aprende m\u00e1s y apoya ahora<\/a><\/p>\n<\/div><\/section><\/p>\n<\/div><\/div>\n<style type=\"text\/css\" data-created_by=\"avia_inline_auto\" id=\"style-css-av-ql0nb-84-9f5f95c5a370f1e6af5696782e703096\">\n.flex_cell.av-ql0nb-84-9f5f95c5a370f1e6af5696782e703096{\nvertical-align:top;\n}\n.responsive #top #wrap_all .flex_cell.av-ql0nb-84-9f5f95c5a370f1e6af5696782e703096{\npadding:30px 30px 30px 30px !important;\n}\n<\/style>\n<div class='flex_cell av-ql0nb-84-9f5f95c5a370f1e6af5696782e703096 av-gridrow-cell av_one_fourth no_margin  avia-builder-el-22  el_after_av_cell_one_fourth  el_before_av_cell_one_fourth  content-align-top'  ><div class='flex_cell_inner'><p>\n<style type=\"text\/css\" data-created_by=\"avia_inline_auto\" id=\"style-css-av-tjci3-83-6e7e0e4e894e2014a09e1dc9f08f52bd\">\n.avia-image-container.av-tjci3-83-6e7e0e4e894e2014a09e1dc9f08f52bd img.avia_image{\nbox-shadow:none;\n}\n.avia-image-container.av-tjci3-83-6e7e0e4e894e2014a09e1dc9f08f52bd .av-image-caption-overlay-center{\ncolor:#ffffff;\n}\n<\/style>\n<div  class='avia-image-container av-tjci3-83-6e7e0e4e894e2014a09e1dc9f08f52bd av-styling- av-img-linked avia-align-center  avia-builder-el-23  el_before_av_textblock  avia-builder-el-first'   itemprop=\"image\" itemscope=\"itemscope\" itemtype=\"https:\/\/schema.org\/ImageObject\" ><div class=\"avia-image-container-inner\"><div class=\"avia-image-overlay-wrap\"><a href=\"https:\/\/www.youtube.com\/watch?v=F7Ri6ouM_ek&amp;eType=EmailBlastContent&amp;eId=e3550d55-a8a8-4b39-9293-d7154c4b94b4\" class='avia_image'  target=\"_blank\"  rel=\"noopener noreferrer\" aria-label='formaci\u00f3n en residuos alimentarios'><img decoding=\"async\" fetchpriority=\"high\" class='wp-image-254370 avia-img-lazy-loading-not-254370 avia_image' src=\"https:\/\/boulder.earth\/wp-content\/uploads\/2020\/10\/foodwaste-training.jpg\" alt='' title='formaci\u00f3n en residuos alimentarios'  height=\"164\" width=\"300\"  itemprop=\"thumbnailUrl\"  \/><\/a><\/div><\/div><\/div><br \/>\n<section  class='av_textblock_section av-sn80r-82-2a3ed93f5b534b015f3ab896993df51d'   itemscope=\"itemscope\" itemtype=\"https:\/\/schema.org\/CreativeWork\" ><div class='avia_textblock'  itemprop=\"text\" ><h4 style=\"text-align: center;\"><a href=\"https:\/\/www.youtube.com\/watch?v=F7Ri6ouM_ek&amp;eType=EmailBlastContent&amp;eId=e3550d55-a8a8-4b39-9293-d7154c4b94b4\" target=\"_blank\" rel=\"noopener\"><b>Capacitaci\u00f3n de Eco-L\u00edderes de Desperdicio de Alimentos<\/b><\/a><\/h4>\n<p class=\"\"><span class=\"e2ma-style\">Para la temporada de cosecha, Ecocycle habl\u00f3 sobre el desperdicio de alimentos. \u00bfPor qu\u00e9 es esto un gran problema para el clima? \u00bfPor qu\u00e9 es un gran problema para las personas necesitadas? \u00bfCu\u00e1nto de un problema es realmente en los Estados Unidos? Adem\u00e1s, hablar\u00e1n de c\u00f3mo podemos <em>todos<\/em> s\u00e9 parte de la soluci\u00f3n y ayuda al planeta y a nuestras comunidades. Si te perdiste este webinar, puedes <a href=\"https:\/\/www.youtube.com\/watch?v=F7Ri6ouM_ek&amp;eType=EmailBlastContent&amp;eId=e3550d55-a8a8-4b39-9293-d7154c4b94b4\" target=\"_blank\" rel=\"noopener\">M\u00edralo ahora<\/a>. T\u00fa tambi\u00e9n puedes <a href=\"https:\/\/ecocycle.salsalabs.org\/ecoleaders?\" target=\"_blank\" rel=\"noopener\">Reg\u00edstrese para ser un Eco-L\u00edder<\/a>!<\/span><\/p>\n<\/div><\/section><\/p>\n<\/div><\/div>\n<style type=\"text\/css\" data-created_by=\"avia_inline_auto\" id=\"style-css-av-ql0nb-81-3d31d514af6d504ed93d87ac0f1fdaa8\">\n.flex_cell.av-ql0nb-81-3d31d514af6d504ed93d87ac0f1fdaa8{\nvertical-align:top;\n}\n.responsive #top #wrap_all .flex_cell.av-ql0nb-81-3d31d514af6d504ed93d87ac0f1fdaa8{\npadding:30px 30px 30px 30px !important;\n}\n<\/style>\n<div class='flex_cell av-ql0nb-81-3d31d514af6d504ed93d87ac0f1fdaa8 av-gridrow-cell av_one_fourth no_margin  avia-builder-el-25  el_after_av_cell_one_fourth  avia-builder-el-last  content-align-top'  ><div class='flex_cell_inner'><p>\n<style type=\"text\/css\" data-created_by=\"avia_inline_auto\" id=\"style-css-av-tjci3-73-111f71136ff505a57b44169fce6c48fc\">\n.avia-image-container.av-tjci3-73-111f71136ff505a57b44169fce6c48fc img.avia_image{\nbox-shadow:none;\n}\n.avia-image-container.av-tjci3-73-111f71136ff505a57b44169fce6c48fc .av-image-caption-overlay-center{\ncolor:#ffffff;\n}\n<\/style>\n<div  class='avia-image-container av-tjci3-73-111f71136ff505a57b44169fce6c48fc av-styling- av-img-linked avia-align-center  avia-builder-el-26  el_before_av_textblock  avia-builder-el-first'   itemprop=\"image\" itemscope=\"itemscope\" itemtype=\"https:\/\/schema.org\/ImageObject\" ><div class=\"avia-image-container-inner\"><div class=\"avia-image-overlay-wrap\"><a href=\"https:\/\/www.cres-energy.org\/boulder-county-bcres.html\" class='avia_image'  target=\"_blank\"  rel=\"noopener noreferrer\" aria-label='serie-de-altavoces-bcres'><img decoding=\"async\" fetchpriority=\"high\" class='wp-image-242695 avia-img-lazy-loading-not-242695 avia_image' src=\"https:\/\/boulder.earth\/wp-content\/uploads\/2020\/09\/bcres-speaker-series.jpg\" alt='' title='serie-de-altavoces-bcres'  height=\"164\" width=\"300\"  itemprop=\"thumbnailUrl\"  \/><\/a><\/div><\/div><\/div><br \/>\n<section  class='av_textblock_section av-sn80r-72-e1c812e5dcb0460633e7837b621397e4'   itemscope=\"itemscope\" itemtype=\"https:\/\/schema.org\/CreativeWork\" ><div class='avia_textblock'  itemprop=\"text\" ><h4 style=\"text-align: center;\"><a href=\"https:\/\/www.cres-energy.org\/boulder-county-bcres.html\" target=\"_blank\" rel=\"noopener\"><b>Vea uno de los pr\u00f3ximos seminarios web de BCRES<\/b><\/a><\/h4>\n<p>Boulder Colorado Renewable Energy Society (BCRES) se dedica al avance de todas las formas de energ\u00eda renovable (RE), eficiencia energ\u00e9tica (EE) y su sinergia con la sostenibilidad y el desarrollo econ\u00f3mico en todas las ciudades y pueblos del condado de Boulder, incluidos Boulder, Longmont. , Louisville y Lafayette. Su objetivo es crear conciencia y proporcionar actividades educativas para aumentar la adopci\u00f3n de tecnolog\u00edas, t\u00e9cnicas y pol\u00edticas de EE\/ER existentes y emergentes. Cada semana o dos tienen excelentes seminarios web. <a href=\"https:\/\/www.cres-energy.org\/boulder-county-bcres.html\" target=\"_blank\" rel=\"noopener\">Aprende m\u00e1s<\/a><\/p>\n<\/div><\/section><\/p>\n<\/div><\/div><\/div><div id='av-layout-grid-3'  class='av-layout-grid-container av-wnxnz-88-ce262149568e5c29c4c9fdc4c2e26369 entry-content-wrapper alternate_color av-border-cells av-flex-cells  avia-builder-el-28  el_after_av_layout_row  el_before_av_layout_row  grid-row-not-first  container_wrap sidebar_right'  >\n\n<style type=\"text\/css\" data-created_by=\"avia_inline_auto\" id=\"style-css-av-ql0nb-78-173ac8ac257b7987d6c0a38766de4428\">\n.flex_cell.av-ql0nb-78-173ac8ac257b7987d6c0a38766de4428{\nvertical-align:top;\n}\n.responsive #top #wrap_all .flex_cell.av-ql0nb-78-173ac8ac257b7987d6c0a38766de4428{\npadding:30px 30px 30px 30px !important;\n}\n<\/style>\n<div class='flex_cell av-ql0nb-78-173ac8ac257b7987d6c0a38766de4428 av-gridrow-cell av_one_fourth no_margin  avia-builder-el-29  el_before_av_cell_one_fourth  avia-builder-el-first  content-align-top'  ><div class='flex_cell_inner'><p>\n<style type=\"text\/css\" data-created_by=\"avia_inline_auto\" id=\"style-css-av-tjci3-77-3414348e2fea38f39339344488d77102\">\n.avia-image-container.av-tjci3-77-3414348e2fea38f39339344488d77102 img.avia_image{\nbox-shadow:none;\n}\n.avia-image-container.av-tjci3-77-3414348e2fea38f39339344488d77102 .av-image-caption-overlay-center{\ncolor:#ffffff;\n}\n<\/style>\n<div  class='avia-image-container av-tjci3-77-3414348e2fea38f39339344488d77102 av-styling- av-img-linked avia-align-center  avia-builder-el-30  el_before_av_textblock  avia-builder-el-first'   itemprop=\"image\" itemscope=\"itemscope\" itemtype=\"https:\/\/schema.org\/ImageObject\" ><div class=\"avia-image-container-inner\"><div class=\"avia-image-overlay-wrap\"><a href=\"https:\/\/www.youtube.com\/watch?v=zB9K9AAl6-s&amp;eType=EmailBlastContent&amp;eId=8101f1ff-98d6-4f44-938f-fc928e2b01c1\" class='avia_image'  target=\"_blank\"  rel=\"noopener noreferrer\" aria-label='formaci\u00f3n-econom\u00eda-circular'><img decoding=\"async\" fetchpriority=\"high\" class='wp-image-242688 avia-img-lazy-loading-not-242688 avia_image' src=\"https:\/\/boulder.earth\/wp-content\/uploads\/2020\/09\/circular-economy-training.png\" alt='' title='formaci\u00f3n-econom\u00eda-circular'  height=\"164\" width=\"300\"  itemprop=\"thumbnailUrl\"  \/><\/a><\/div><\/div><\/div><br \/>\n<section  class='av_textblock_section av-sn80r-76-8395f08eb029cb6164e5e83139fcccc7'   itemscope=\"itemscope\" itemtype=\"https:\/\/schema.org\/CreativeWork\" ><div class='avia_textblock'  itemprop=\"text\" ><h4 style=\"text-align: center;\"><a href=\"https:\/\/www.youtube.com\/watch?v=zB9K9AAl6-s&amp;eType=EmailBlastContent&amp;eId=8101f1ff-98d6-4f44-938f-fc928e2b01c1\" target=\"_blank\" rel=\"noopener\"><b>Formaci\u00f3n Eco-L\u00edderes 2.0 - Econom\u00eda Circular<\/b><\/a><\/h4>\n<p>En septiembre de 2020, Eco-Cycle realiz\u00f3 un seminario web titulado Going Beyond the Bin. \u00a1Cientos de ustedes sintonizaron y repasaron MUCHA informaci\u00f3n juntos! Esta excelente presentaci\u00f3n va m\u00e1s all\u00e1 de los principios comunes de desperdicio cero. Si te lo perdiste y quieres ponerte al d\u00eda, <a href=\"https:\/\/default.salsalabs.org\/Ta3af7f85-453f-44d8-8a2b-88cac414e5db\/5a80811e-8732-474d-bc09-6456ffcb0f72\" target=\"_top\">Puedes ver la grabaci\u00f3n aqu\u00ed.<\/a><\/p>\n<\/div><\/section><\/p>\n<\/div><\/div>\n<style type=\"text\/css\" data-created_by=\"avia_inline_auto\" id=\"style-css-av-ql0nb-74-67f7f9faa484c028f07fe4f04868125e\">\n.flex_cell.av-ql0nb-74-67f7f9faa484c028f07fe4f04868125e{\nvertical-align:top;\n}\n.responsive #top #wrap_all .flex_cell.av-ql0nb-74-67f7f9faa484c028f07fe4f04868125e{\npadding:30px 30px 30px 30px !important;\n}\n<\/style>\n<div class='flex_cell av-ql0nb-74-67f7f9faa484c028f07fe4f04868125e av-gridrow-cell av_one_fourth no_margin  avia-builder-el-32  el_after_av_cell_one_fourth  el_before_av_cell_one_fourth  content-align-top'  ><div class='flex_cell_inner'><p>\n<style type=\"text\/css\" data-created_by=\"avia_inline_auto\" id=\"style-css-av-mbu84ys9-78e46c228e161ed032ec871ab414e185\">\n.avia-image-container.av-mbu84ys9-78e46c228e161ed032ec871ab414e185 img.avia_image{\nbox-shadow:none;\n}\n.avia-image-container.av-mbu84ys9-78e46c228e161ed032ec871ab414e185 .av-image-caption-overlay-center{\ncolor:#ffffff;\n}\n<\/style>\n<div  class='avia-image-container av-mbu84ys9-78e46c228e161ed032ec871ab414e185 av-styling- av-img-linked avia-align-center  avia-builder-el-33  el_before_av_textblock  avia-builder-el-first'   itemprop=\"image\" itemscope=\"itemscope\" itemtype=\"https:\/\/schema.org\/ImageObject\" ><div class=\"avia-image-container-inner\"><div class=\"avia-image-overlay-wrap\"><a href=\"https:\/\/www.boulderwatershedcollective.com\/valmontpowerstation\" class='avia_image'  target=\"_blank\"  rel=\"noopener noreferrer\" aria-label='valmontcleanup'><img decoding=\"async\" fetchpriority=\"high\" class='wp-image-6464633 avia-img-lazy-loading-not-6464633 avia_image' src=\"https:\/\/boulder.earth\/wp-content\/uploads\/2025\/06\/valmontcleanup.jpg\" alt='' title='valmontcleanup'  height=\"164\" width=\"300\"  itemprop=\"thumbnailUrl\" srcset=\"https:\/\/boulder.earth\/wp-content\/uploads\/2025\/06\/valmontcleanup.jpg 300w, https:\/\/boulder.earth\/wp-content\/uploads\/2025\/06\/valmontcleanup-18x10.jpg 18w\" sizes=\"(max-width: 300px) 100vw, 300px\" \/><\/a><\/div><\/div><\/div><br \/>\n<section  class='av_textblock_section av-mbu89n5r-76659e5a25500c311d894f424e5d1265'   itemscope=\"itemscope\" itemtype=\"https:\/\/schema.org\/CreativeWork\" ><div class='avia_textblock'  itemprop=\"text\" ><h4 style=\"text-align: center;\"><a href=\"https:\/\/www.boulderwatershedcollective.com\/valmontpowerstation\" target=\"_blank\" rel=\"noopener\">Learn About the Valmont Power Station Clean Up<\/a><\/h4>\n<p>The power station at 1800 North 63rd St. burned coal to make electricity between the mid-1920s and 2017. During this time, all the leftover coal ash (over one million tons) -created by coal burning at the plant- was processed and buried onsite in an unlined landfill with no barrier between the earth and the coal ash contaminants. <a href=\"https:\/\/www.boulderwatershedcollective.com\/valmontpowerstation\" target=\"_top\">Learn about the implications.<\/a><\/p>\n<\/div><\/section><\/p>\n<\/div><\/div>\n<style type=\"text\/css\" data-created_by=\"avia_inline_auto\" id=\"style-css-av-ql0nb-71-7de4caad8300c650405b488a797796fc\">\n.flex_cell.av-ql0nb-71-7de4caad8300c650405b488a797796fc{\nvertical-align:top;\n}\n.responsive #top #wrap_all .flex_cell.av-ql0nb-71-7de4caad8300c650405b488a797796fc{\npadding:30px 30px 30px 30px !important;\n}\n<\/style>\n<div class='flex_cell av-ql0nb-71-7de4caad8300c650405b488a797796fc av-gridrow-cell av_one_fourth no_margin  avia-builder-el-35  el_after_av_cell_one_fourth  el_before_av_cell_one_fourth  content-align-top'  ><div class='flex_cell_inner'><p>\n<style type=\"text\/css\" data-created_by=\"avia_inline_auto\" id=\"style-css-av-tjci3-70-e77ffa19a98766dd5fd76cd85289194e\">\n.avia-image-container.av-tjci3-70-e77ffa19a98766dd5fd76cd85289194e img.avia_image{\nbox-shadow:none;\n}\n.avia-image-container.av-tjci3-70-e77ffa19a98766dd5fd76cd85289194e .av-image-caption-overlay-center{\ncolor:#ffffff;\n}\n<\/style>\n<div  class='avia-image-container av-tjci3-70-e77ffa19a98766dd5fd76cd85289194e av-styling- av-img-linked avia-align-center  avia-builder-el-36  el_before_av_textblock  avia-builder-el-first'   itemprop=\"image\" itemscope=\"itemscope\" itemtype=\"https:\/\/schema.org\/ImageObject\" ><div class=\"avia-image-container-inner\"><div class=\"avia-image-overlay-wrap\"><a href=\"https:\/\/t.e2ma.net\/click\/id32mh\/i97vpy\/yloljcb\" class='avia_image'  target=\"_blank\"  rel=\"noopener noreferrer\" aria-label='calidad del aire-desigualdades'><img decoding=\"async\" fetchpriority=\"high\" class='wp-image-242708 avia-img-lazy-loading-not-242708 avia_image' src=\"https:\/\/boulder.earth\/wp-content\/uploads\/2020\/09\/airquality-inequities.jpg\" alt='' title='calidad del aire-desigualdades'  height=\"164\" width=\"300\"  itemprop=\"thumbnailUrl\"  \/><\/a><\/div><\/div><\/div><br \/>\n<section  class='av_textblock_section av-sn80r-69-a295755d96e413272bcaf804afc663f6'   itemscope=\"itemscope\" itemtype=\"https:\/\/schema.org\/CreativeWork\" ><div class='avia_textblock'  itemprop=\"text\" ><h4 style=\"text-align: center;\"><a href=\"https:\/\/t.e2ma.net\/click\/id32mh\/i97vpy\/yloljcb\" target=\"_blank\" rel=\"noopener\"><b>Lea c\u00f3mo los incendios forestales y el covid-19 profundizan las desigualdades<\/b><\/a><\/h4>\n<p>Los incendios forestales, el ozono y las olas de calor en agosto produjeron la peor calidad del aire en Front Range en al menos una d\u00e9cada. Como resultado, nuestra comunidad enfrenta un claro ejemplo de c\u00f3mo se cruzan la salud p\u00fablica, la equidad y el cambio clim\u00e1tico. El humo de los incendios forestales y el coronavirus profundizan las desigualdades en la calidad del aire Si bien la mala calidad del aire afecta a todos, sus efectos no se sienten por igual.<br \/>\n<a href=\"https:\/\/t.e2ma.net\/click\/id32mh\/i97vpy\/yloljcb\" target=\"_blank\" rel=\"noopener\">Obtenga m\u00e1s informaci\u00f3n en la sala de prensa de la ciudad de Boulder<\/a><\/p>\n<\/div><\/section><\/p>\n<\/div><\/div>\n<style type=\"text\/css\" data-created_by=\"avia_inline_auto\" id=\"style-css-av-ql0nb-68-aff9473a3730bfd9f1659a1abc096f94\">\n.flex_cell.av-ql0nb-68-aff9473a3730bfd9f1659a1abc096f94{\nvertical-align:top;\n}\n.responsive #top #wrap_all .flex_cell.av-ql0nb-68-aff9473a3730bfd9f1659a1abc096f94{\npadding:30px 30px 30px 30px !important;\n}\n<\/style>\n<div class='flex_cell av-ql0nb-68-aff9473a3730bfd9f1659a1abc096f94 av-gridrow-cell av_one_fourth no_margin  avia-builder-el-38  el_after_av_cell_one_fourth  avia-builder-el-last  content-align-top'  ><div class='flex_cell_inner'><p>\n<style type=\"text\/css\" data-created_by=\"avia_inline_auto\" id=\"style-css-av-tjci3-67-32f6e2d0f8f3ae6653d676b2e5e76aa2\">\n.avia-image-container.av-tjci3-67-32f6e2d0f8f3ae6653d676b2e5e76aa2 img.avia_image{\nbox-shadow:none;\n}\n.avia-image-container.av-tjci3-67-32f6e2d0f8f3ae6653d676b2e5e76aa2 .av-image-caption-overlay-center{\ncolor:#ffffff;\n}\n<\/style>\n<div  class='avia-image-container av-tjci3-67-32f6e2d0f8f3ae6653d676b2e5e76aa2 av-styling- av-img-linked avia-align-center  avia-builder-el-39  el_before_av_textblock  avia-builder-el-first'   itemprop=\"image\" itemscope=\"itemscope\" itemtype=\"https:\/\/schema.org\/ImageObject\" ><div class=\"avia-image-container-inner\"><div class=\"avia-image-overlay-wrap\"><a href=\"https:\/\/regenerativerising.org\/podcast\/\" class='avia_image'  target=\"_blank\"  rel=\"noopener noreferrer\" aria-label='voces-regenerativas'><img decoding=\"async\" fetchpriority=\"high\" class='wp-image-242699 avia-img-lazy-loading-not-242699 avia_image' src=\"https:\/\/boulder.earth\/wp-content\/uploads\/2020\/09\/regenerative-voices.jpg\" alt='' title='voces-regenerativas'  height=\"164\" width=\"300\"  itemprop=\"thumbnailUrl\"  \/><\/a><\/div><\/div><\/div><br \/>\n<section  class='av_textblock_section av-sn80r-66-c07e038abb60d321de3afb5e1ec6eb25'   itemscope=\"itemscope\" itemtype=\"https:\/\/schema.org\/CreativeWork\" ><div class='avia_textblock'  itemprop=\"text\" ><h4 style=\"text-align: center;\"><b><a href=\"https:\/\/regenerativerising.org\/podcast\/\" target=\"_blank\" rel=\"noopener\">Escuche un podcast de Regenerative Rising<\/a><\/b><\/h4>\n<p>Regenerative Rising (anteriormente conocido como At The Epicenter) est\u00e1 hablando con l\u00edderes de vanguardia y compartiendo conversaciones de la serie Regenerative Earth Summit\u2122 para elevar historias de negocios regenerativos para activar el cambio para comunidades saludables y nuestra Tierra. tienen un gran <a href=\"https:\/\/regenerativerising.org\/podcast\/\" target=\"_blank\" rel=\"noopener\">colecci\u00f3n de discusiones pasadas en l\u00ednea como podcasts<\/a>. Los pr\u00f3ximos eventos incluyen: <em>Mujeres que lideran la regeneraci\u00f3n en la tierra<\/em> <strong>10\/1, <\/strong><em>Cumbre de la Tierra Regenerativa: Sesi\u00f3n 1<\/em> <strong>10\/29-30, <\/strong><em>Mujeres al frente de Regeneraci\u00f3n en el Vestuario<\/em> <strong>11\/18, <\/strong><em>Cumbre de la Tierra Regenerativa: Sesi\u00f3n 2<\/em> <strong>12\/1 -2<\/strong><\/p>\n<\/div><\/section><\/p>\n<\/div><\/div><\/div><div id='av-layout-grid-4'  class='av-layout-grid-container av-wnxnz-75-003330e4329df727bd4a696eaa699cfe entry-content-wrapper alternate_color av-border-cells av-flex-cells  avia-builder-el-41  el_after_av_layout_row  el_before_av_layout_row  grid-row-not-first  container_wrap sidebar_right'  >\n\n<style type=\"text\/css\" data-created_by=\"avia_inline_auto\" id=\"style-css-av-ql0nb-65-0bf10d8719ad6ea5c2e4f00e787b3b9f\">\n.flex_cell.av-ql0nb-65-0bf10d8719ad6ea5c2e4f00e787b3b9f{\nvertical-align:top;\n}\n.responsive #top #wrap_all .flex_cell.av-ql0nb-65-0bf10d8719ad6ea5c2e4f00e787b3b9f{\npadding:30px 30px 30px 30px !important;\n}\n<\/style>\n<div class='flex_cell av-ql0nb-65-0bf10d8719ad6ea5c2e4f00e787b3b9f av-gridrow-cell av_one_fourth no_margin  avia-builder-el-42  el_before_av_cell_one_fourth  avia-builder-el-first  content-align-top'  ><div class='flex_cell_inner'><p>\n<style type=\"text\/css\" data-created_by=\"avia_inline_auto\" id=\"style-css-av-tjci3-64-9d9360b19b16ee2a7faa4a7382757b73\">\n.avia-image-container.av-tjci3-64-9d9360b19b16ee2a7faa4a7382757b73 img.avia_image{\nbox-shadow:none;\n}\n.avia-image-container.av-tjci3-64-9d9360b19b16ee2a7faa4a7382757b73 .av-image-caption-overlay-center{\ncolor:#ffffff;\n}\n<\/style>\n<div  class='avia-image-container av-tjci3-64-9d9360b19b16ee2a7faa4a7382757b73 av-styling- av-img-linked avia-align-center  avia-builder-el-43  el_before_av_textblock  avia-builder-el-first'   itemprop=\"image\" itemscope=\"itemscope\" itemtype=\"https:\/\/schema.org\/ImageObject\" ><div class=\"avia-image-container-inner\"><div class=\"avia-image-overlay-wrap\"><a href=\"https:\/\/www.climateactionchallenge.net\" class='avia_image'  target=\"_blank\"  rel=\"noopener noreferrer\" aria-label='academia-equipo-verde'><img decoding=\"async\" fetchpriority=\"high\" class='wp-image-231128 avia-img-lazy-loading-not-231128 avia_image' src=\"https:\/\/boulder.earth\/wp-content\/uploads\/2020\/07\/green-team-academy.jpg\" alt='' title='academia-equipo-verde'  height=\"164\" width=\"300\"  itemprop=\"thumbnailUrl\"  \/><\/a><\/div><\/div><\/div><br \/>\n<section  class='av_textblock_section av-sn80r-63-1dad8e3b27795352d1305aedb6e0585b'   itemscope=\"itemscope\" itemtype=\"https:\/\/schema.org\/CreativeWork\" ><div class='avia_textblock'  itemprop=\"text\" ><h4 style=\"text-align: center;\"><a href=\"https:\/\/www.climateactionchallenge.net\" target=\"_blank\" rel=\"noopener\"><b>\u00a1Lanza tu iniciativa ecol\u00f3gica en 90 d\u00edas!<\/b><\/a><\/h4>\n<p>\u00bfTienes una idea para un equipo o proyecto que deseas iniciar o expandir? \u00a1Es el momento de hacerlo realidad! Los cursos de Green Team Academy para iniciativas individuales y desaf\u00edos de toda la comunidad est\u00e1n abiertos a todas las edades en todo el mundo y brindan capacitaci\u00f3n de Green Team Academy y todo lo que necesita para lanzar una iniciativa completa con impulso: comenzar un jard\u00edn comunitario, una iniciativa de justicia racial, energ\u00eda cero. club de casa, grupo de rutas seguras a la escuela, eco-club en tu escuela, comunidad de fe, barrio o trabajo, y mucho m\u00e1s. <a href=\"https:\/\/www.climateactionchallenge.net\" target=\"_blank\" rel=\"noopener\"><strong>\u00a1Aprende m\u00e1s!<\/strong><\/a><\/p>\n<\/div><\/section><\/p>\n<\/div><\/div>\n<style type=\"text\/css\" data-created_by=\"avia_inline_auto\" id=\"style-css-av-ql0nb-61-96dd90aec7792dc2c87a0bd89a1a1e8f\">\n.flex_cell.av-ql0nb-61-96dd90aec7792dc2c87a0bd89a1a1e8f{\nvertical-align:top;\n}\n.responsive #top #wrap_all .flex_cell.av-ql0nb-61-96dd90aec7792dc2c87a0bd89a1a1e8f{\npadding:30px 30px 30px 30px !important;\n}\n<\/style>\n<div class='flex_cell av-ql0nb-61-96dd90aec7792dc2c87a0bd89a1a1e8f av-gridrow-cell av_one_fourth no_margin  avia-builder-el-45  el_after_av_cell_one_fourth  el_before_av_cell_one_fourth  content-align-top'  ><div class='flex_cell_inner'><p>\n<style type=\"text\/css\" data-created_by=\"avia_inline_auto\" id=\"style-css-av-tjci3-60-35a03c1059f6b9cedcc5fbda1669fce7\">\n.avia-image-container.av-tjci3-60-35a03c1059f6b9cedcc5fbda1669fce7 img.avia_image{\nbox-shadow:none;\n}\n.avia-image-container.av-tjci3-60-35a03c1059f6b9cedcc5fbda1669fce7 .av-image-caption-overlay-center{\ncolor:#ffffff;\n}\n<\/style>\n<div  class='avia-image-container av-tjci3-60-35a03c1059f6b9cedcc5fbda1669fce7 av-styling- av-img-linked avia-align-center  avia-builder-el-46  el_before_av_textblock  avia-builder-el-first'   itemprop=\"image\" itemscope=\"itemscope\" itemtype=\"https:\/\/schema.org\/ImageObject\" ><div class=\"avia-image-container-inner\"><div class=\"avia-image-overlay-wrap\"><a href=\"https:\/\/www.thealliancecenter.org\/coalition\/\" class='avia_image'  target=\"_blank\"  rel=\"noopener noreferrer\" aria-label='coalici\u00f3n de recuperaci\u00f3n regenerativa'><img decoding=\"async\" fetchpriority=\"high\" class='wp-image-220844 avia-img-lazy-loading-not-220844 avia_image' src=\"https:\/\/boulder.earth\/wp-content\/uploads\/2020\/06\/regerative-coalition.jpg\" alt='' title='coalici\u00f3n de recuperaci\u00f3n regenerativa'  height=\"164\" width=\"300\"  itemprop=\"thumbnailUrl\"  \/><\/a><\/div><\/div><\/div><br \/>\n<section  class='av_textblock_section av-sn80r-59-695e9977940b39d07cf629b949f2994f'   itemscope=\"itemscope\" itemtype=\"https:\/\/schema.org\/CreativeWork\" ><div class='avia_textblock'  itemprop=\"text\" ><h4 style=\"text-align: center;\"><a href=\"https:\/\/www.thealliancecenter.org\/coalition\/\" target=\"_blank\" rel=\"noopener\"><b>\u00danase a la Coalici\u00f3n de Recuperaci\u00f3n Regenerativa<\/b><\/a><\/h4>\n<p>Volver a la \u201cnormalidad\u201d despu\u00e9s de la pandemia simplemente no es una opci\u00f3n. Necesitamos una comunidad de soluciones para permitir que Colorado se reconstruya mejor. Todav\u00eda no tenemos todas las respuestas, pero lo invitamos a trabajar con nosotros para encontrarlas en este viaje hacia el establecimiento de un futuro que imaginamos colectivamente. La Coalici\u00f3n de Recuperaci\u00f3n Regenerativa implementar\u00e1 las ideas y estrategias generadas por la serie, trabajando entre s\u00ed y con todos en Colorado que desean una recuperaci\u00f3n regenerativa para nuestro amado estado. <a href=\"https:\/\/www.thealliancecenter.org\/coalition\/\" target=\"_blank\" rel=\"noopener\">M\u00e1s informaci\u00f3n<\/a><\/p>\n<\/div><\/section><\/p>\n<\/div><\/div>\n<style type=\"text\/css\" data-created_by=\"avia_inline_auto\" id=\"style-css-av-ql0nb-58-3d1eda5d5f0b631e15ee420f66d6cace\">\n.flex_cell.av-ql0nb-58-3d1eda5d5f0b631e15ee420f66d6cace{\nvertical-align:top;\n}\n.responsive #top #wrap_all .flex_cell.av-ql0nb-58-3d1eda5d5f0b631e15ee420f66d6cace{\npadding:30px 30px 30px 30px !important;\n}\n<\/style>\n<div class='flex_cell av-ql0nb-58-3d1eda5d5f0b631e15ee420f66d6cace av-gridrow-cell av_one_fourth no_margin  avia-builder-el-48  el_after_av_cell_one_fourth  el_before_av_cell_one_fourth  content-align-top'  ><div class='flex_cell_inner'><p>\n<style type=\"text\/css\" data-created_by=\"avia_inline_auto\" id=\"style-css-av-tjci3-57-58f5c08069f927048f01914f08675295\">\n.avia-image-container.av-tjci3-57-58f5c08069f927048f01914f08675295 img.avia_image{\nbox-shadow:none;\n}\n.avia-image-container.av-tjci3-57-58f5c08069f927048f01914f08675295 .av-image-caption-overlay-center{\ncolor:#ffffff;\n}\n<\/style>\n<div  class='avia-image-container av-tjci3-57-58f5c08069f927048f01914f08675295 av-styling- av-img-linked avia-align-center  avia-builder-el-49  el_before_av_textblock  avia-builder-el-first'   itemprop=\"image\" itemscope=\"itemscope\" itemtype=\"https:\/\/schema.org\/ImageObject\" ><div class=\"avia-image-container-inner\"><div class=\"avia-image-overlay-wrap\"><a href=\"https:\/\/rmi.org\/indoor-air-pollution-the-link-between-climate-and-health\/\" class='avia_image'  target=\"_blank\"  rel=\"noopener noreferrer\" aria-label='Calidad del aire interior'><img decoding=\"async\" fetchpriority=\"high\" class='wp-image-220851 avia-img-lazy-loading-not-220851 avia_image' src=\"https:\/\/boulder.earth\/wp-content\/uploads\/2020\/06\/indoor-air-stove.jpg\" alt='' title='Calidad del aire interior'  height=\"164\" width=\"300\"  itemprop=\"thumbnailUrl\"  \/><\/a><\/div><\/div><\/div><br \/>\n<section  class='av_textblock_section av-sn80r-56-56e070dc9cddf1aa47eef00f3f8822a2'   itemscope=\"itemscope\" itemtype=\"https:\/\/schema.org\/CreativeWork\" ><div class='avia_textblock'  itemprop=\"text\" ><h4 style=\"text-align: center;\"><a href=\"https:\/\/rmi.org\/indoor-air-pollution-the-link-between-climate-and-health\/\" target=\"_blank\" rel=\"noopener\"><b>Comprender la contaminaci\u00f3n del aire interior<\/b><\/a><\/h4>\n<p>A medida que una pandemia global arroja una nueva luz sobre la salud, la contaminaci\u00f3n del aire y los impactos desproporcionados en las poblaciones vulnerables, expone la necesidad de proteger al p\u00fablico de los riesgos tanto fuera como dentro del hogar. En el interior, la contaminaci\u00f3n del aire no est\u00e1 regulada en gran medida, a pesar de los riesgos asociados con los electrodom\u00e9sticos comunes. Por ejemplo, d\u00e9cadas de investigaci\u00f3n cient\u00edfica han demostrado que las estufas de gas liberan contaminantes t\u00f3xicos que pueden da\u00f1ar la salud humana, pero los gobiernos han hecho poco para educar al p\u00fablico o acelerar la transici\u00f3n a la cocina totalmente el\u00e9ctrica. <a href=\"https:\/\/rmi.org\/indoor-air-pollution-the-link-between-climate-and-health\/\" target=\"_blank\" rel=\"noopener\">Obtenga m\u00e1s informaci\u00f3n en RMI<\/a><\/p>\n<\/div><\/section><\/p>\n<\/div><\/div>\n<style type=\"text\/css\" data-created_by=\"avia_inline_auto\" id=\"style-css-av-ql0nb-55-d8cf106ec45b1784700d6787cf5339f1\">\n.flex_cell.av-ql0nb-55-d8cf106ec45b1784700d6787cf5339f1{\nvertical-align:top;\n}\n.responsive #top #wrap_all .flex_cell.av-ql0nb-55-d8cf106ec45b1784700d6787cf5339f1{\npadding:30px 30px 30px 30px !important;\n}\n<\/style>\n<div class='flex_cell av-ql0nb-55-d8cf106ec45b1784700d6787cf5339f1 av-gridrow-cell av_one_fourth no_margin  avia-builder-el-51  el_after_av_cell_one_fourth  avia-builder-el-last  content-align-top'  ><div class='flex_cell_inner'><p>\n<style type=\"text\/css\" data-created_by=\"avia_inline_auto\" id=\"style-css-av-tjci3-54-2add7ecd2c620165f06a2fe9418f420c\">\n.avia-image-container.av-tjci3-54-2add7ecd2c620165f06a2fe9418f420c img.avia_image{\nbox-shadow:none;\n}\n.avia-image-container.av-tjci3-54-2add7ecd2c620165f06a2fe9418f420c .av-image-caption-overlay-center{\ncolor:#ffffff;\n}\n<\/style>\n<div  class='avia-image-container av-tjci3-54-2add7ecd2c620165f06a2fe9418f420c av-styling- av-img-linked avia-align-center  avia-builder-el-52  el_before_av_textblock  avia-builder-el-first'   itemprop=\"image\" itemscope=\"itemscope\" itemtype=\"https:\/\/schema.org\/ImageObject\" ><div class=\"avia-image-container-inner\"><div class=\"avia-image-overlay-wrap\"><a href=\"https:\/\/www.globalcitizen.org\/en\/content\/how-to-support-racial-justice-black-americans\/\" class='avia_image'  target=\"_blank\"  rel=\"noopener noreferrer\" aria-label='justicia-racial'><img decoding=\"async\" fetchpriority=\"high\" class='wp-image-220854 avia-img-lazy-loading-not-220854 avia_image' src=\"https:\/\/boulder.earth\/wp-content\/uploads\/2020\/06\/racial-justice.jpg\" alt='' title='justicia-racial'  height=\"164\" width=\"300\"  itemprop=\"thumbnailUrl\"  \/><\/a><\/div><\/div><\/div><br \/>\n<section  class='av_textblock_section av-sn80r-53-f1310b420aaab60ac3fd91361808ef19'   itemscope=\"itemscope\" itemtype=\"https:\/\/schema.org\/CreativeWork\" ><div class='avia_textblock'  itemprop=\"text\" ><h4 style=\"text-align: center;\"><b><a href=\"https:\/\/www.globalcitizen.org\/en\/content\/how-to-support-racial-justice-black-americans\/\" target=\"_blank\" rel=\"noopener\">Act\u00faa por la justicia racial ahora<\/a><\/b><\/h4>\n<p>La discriminaci\u00f3n racial pone en riesgo la vida y el bienestar de las personas en todo el mundo. No podemos acabar con la pobreza y construir una comunidad pr\u00f3spera sin abordar las desigualdades raciales<i>. <\/i>Global Citizen ha reunido un conjunto de 7 acciones recomendadas por activistas para ayudar a detener la brutalidad policial y promulgar un cambio real: 1- Elija apoyar la justicia racial todos los d\u00edas, 2- Inf\u00f3rmese, 3- Done dinero, 4- Tenga conversaciones dif\u00edciles, 5 - Tomar medidas pol\u00edticas, 6- \u00danase a una protesta de forma segura, 7- Con\u00e9ctese. <a href=\"https:\/\/www.globalcitizen.org\/en\/content\/how-to-support-racial-justice-black-americans\/\" target=\"_blank\" rel=\"noopener\">Aprende m\u00e1s<\/a><\/p>\n<\/div><\/section><\/p>\n<\/div><\/div>\n<\/div><\/p>\n<div id='av-layout-grid-5'  class='av-layout-grid-container av-wnxnz-62-3225e2a26d83efe6d898760e22f76354 entry-content-wrapper alternate_color av-border-cells av-flex-cells  avia-builder-el-54  el_after_av_layout_row  el_before_av_layout_row  grid-row-not-first  container_wrap sidebar_right'  >\n\n<style type=\"text\/css\" data-created_by=\"avia_inline_auto\" id=\"style-css-av-ql0nb-52-5f1b928ec95dcd5701e5f700db1f99c7\">\n.flex_cell.av-ql0nb-52-5f1b928ec95dcd5701e5f700db1f99c7{\nvertical-align:top;\n}\n.responsive #top #wrap_all .flex_cell.av-ql0nb-52-5f1b928ec95dcd5701e5f700db1f99c7{\npadding:30px 30px 30px 30px !important;\n}\n<\/style>\n<div class='flex_cell av-ql0nb-52-5f1b928ec95dcd5701e5f700db1f99c7 av-gridrow-cell av_one_fourth no_margin  avia-builder-el-55  el_before_av_cell_one_fourth  avia-builder-el-first  content-align-top'  ><div class='flex_cell_inner'><p>\n<style type=\"text\/css\" data-created_by=\"avia_inline_auto\" id=\"style-css-av-tjci3-51-e6e7b41a59ce2200a0aa059e8b3ef2f9\">\n.avia-image-container.av-tjci3-51-e6e7b41a59ce2200a0aa059e8b3ef2f9 img.avia_image{\nbox-shadow:none;\n}\n.avia-image-container.av-tjci3-51-e6e7b41a59ce2200a0aa059e8b3ef2f9 .av-image-caption-overlay-center{\ncolor:#ffffff;\n}\n<\/style>\n<div  class='avia-image-container av-tjci3-51-e6e7b41a59ce2200a0aa059e8b3ef2f9 av-styling- av-img-linked avia-align-center  avia-builder-el-56  el_before_av_textblock  avia-builder-el-first'   itemprop=\"image\" itemscope=\"itemscope\" itemtype=\"https:\/\/schema.org\/ImageObject\" ><div class=\"avia-image-container-inner\"><div class=\"avia-image-overlay-wrap\"><a href=\"https:\/\/www.earthday.org\/eat-plant-based-one-meal-a-day-for-a-week\/\" class='avia_image'  target=\"_blank\"  rel=\"noopener noreferrer\" aria-label='muffins de ar\u00e1ndanos'><img decoding=\"async\" fetchpriority=\"high\" class='wp-image-204147 avia-img-lazy-loading-not-204147 avia_image' src=\"https:\/\/boulder.earth\/wp-content\/uploads\/2020\/04\/blueberrymuffins.jpg\" alt='' title='muffins de ar\u00e1ndanos'  height=\"164\" width=\"300\"  itemprop=\"thumbnailUrl\"  \/><\/a><\/div><\/div><\/div><br \/>\n<section  class='av_textblock_section av-sn80r-50-b28f6d8ce46da813ab12f92924ca7b57'   itemscope=\"itemscope\" itemtype=\"https:\/\/schema.org\/CreativeWork\" ><div class='avia_textblock'  itemprop=\"text\" ><h4 style=\"text-align: center;\"><a href=\"https:\/\/www.earthday.org\/eat-plant-based-one-meal-a-day-for-a-week\/\" target=\"_blank\" rel=\"noopener\"><b>Prueba estas recetas a base de plantas mientras te refugias en casa<\/b><\/a><\/h4>\n<p>Este es un buen momento para probar nuevos platos y disfrutar de comidas saludables y respetuosas con el clima, muchas de las cuales se pueden preparar con elementos que ya posee. Los alimentos que comemos est\u00e1n empujando al planeta al punto de ruptura. La agricultura animal es uno de los mayores contribuyentes al cambio clim\u00e1tico. Comer una dieta basada en plantas es una de las mejores cosas que las personas pueden hacer para combatir el cambio clim\u00e1tico. Y se ha relacionado con el bienestar general y un menor riesgo de enfermedades cr\u00f3nicas. <a href=\"https:\/\/www.earthday.org\/eat-plant-based-one-meal-a-day-for-a-week\/\" target=\"_blank\" rel=\"noopener\">Prueba las recetas f\u00e1ciles<\/a> presentado por el equipo Foodprints for the Future de Earth Day Network.<\/p>\n<\/div><\/section><\/p>\n<\/div><\/div>\n<style type=\"text\/css\" data-created_by=\"avia_inline_auto\" id=\"style-css-av-ql0nb-48-4f75e997ce2dc098c64a5107a4283e6e\">\n.flex_cell.av-ql0nb-48-4f75e997ce2dc098c64a5107a4283e6e{\nvertical-align:top;\n}\n.responsive #top #wrap_all .flex_cell.av-ql0nb-48-4f75e997ce2dc098c64a5107a4283e6e{\npadding:30px 30px 30px 30px !important;\n}\n<\/style>\n<div class='flex_cell av-ql0nb-48-4f75e997ce2dc098c64a5107a4283e6e av-gridrow-cell av_one_fourth no_margin  avia-builder-el-58  el_after_av_cell_one_fourth  el_before_av_cell_one_fourth  content-align-top'  ><div class='flex_cell_inner'><p>\n<style type=\"text\/css\" data-created_by=\"avia_inline_auto\" id=\"style-css-av-tjci3-47-fc6731b9901a34bdb44a7167b06c27e2\">\n.avia-image-container.av-tjci3-47-fc6731b9901a34bdb44a7167b06c27e2 img.avia_image{\nbox-shadow:none;\n}\n.avia-image-container.av-tjci3-47-fc6731b9901a34bdb44a7167b06c27e2 .av-image-caption-overlay-center{\ncolor:#ffffff;\n}\n<\/style>\n<div  class='avia-image-container av-tjci3-47-fc6731b9901a34bdb44a7167b06c27e2 av-styling- av-img-linked avia-align-center  avia-builder-el-59  el_before_av_textblock  avia-builder-el-first'   itemprop=\"image\" itemscope=\"itemscope\" itemtype=\"https:\/\/schema.org\/ImageObject\" ><div class=\"avia-image-container-inner\"><div class=\"avia-image-overlay-wrap\"><a href=\"https:\/\/ecocycle.org\/recycle-compost-reuse\/overview\/a-z-recycling-guide-app\" class='avia_image'  target=\"_blank\"  rel=\"noopener noreferrer\" aria-label='gu\u00eda-de-reciclaje-aplicaci\u00f3n'><img decoding=\"async\" fetchpriority=\"high\" class='wp-image-200709 avia-img-lazy-loading-not-200709 avia_image' src=\"https:\/\/boulder.earth\/wp-content\/uploads\/2020\/04\/recycling-guide-app.jpg\" alt='' title='gu\u00eda-de-reciclaje-aplicaci\u00f3n'  height=\"164\" width=\"300\"  itemprop=\"thumbnailUrl\"  \/><\/a><\/div><\/div><\/div><br \/>\n<section  class='av_textblock_section av-sn80r-46-7bcdd3bfc605f45304bd33635b4b1e9a'   itemscope=\"itemscope\" itemtype=\"https:\/\/schema.org\/CreativeWork\" ><div class='avia_textblock'  itemprop=\"text\" ><h4 style=\"text-align: center;\"><a href=\"https:\/\/ecocycle.org\/recycle-compost-reuse\/overview\/a-z-recycling-guide-app\" target=\"_blank\" rel=\"noopener\"><b>Obtenga la nueva aplicaci\u00f3n de gu\u00eda de reciclaje Eco-Cycle AZ<\/b><\/a><\/h4>\n<p>\u00bfCu\u00e1ntas veces te has parado frente a un contenedor de reciclaje, con un art\u00edculo en la mano, y te has preguntado: &quot;\u00bfPuedo reciclar esto?&quot; Bueno, \u00a1ahora hay una aplicaci\u00f3n para eso! \u00a1La aplicaci\u00f3n de la gu\u00eda de reciclaje Eco-Cycle AZ ya est\u00e1 disponible! Consigue el tuyo en:<br \/>\nTienda de aplicaciones de Apple\u2013<a href=\"https:\/\/apple.co\/2GjOvyC?fbclid=IwAR3QjZ682G9Dy6qYyLbNH-HnrxCuAeiMpAt8JIQp7SwxgtMDtXF0YyzU-Gc\" target=\"_blank\" rel=\"nofollow noopener\" data-lynx-mode=\"origin\" data-lynx-uri=\"https:\/\/l.facebook.com\/l.php?u=https%3A%2F%2Fapple.co%2F2GjOvyC%3Ffbclid%3DIwAR3QjZ682G9Dy6qYyLbNH-HnrxCuAeiMpAt8JIQp7SwxgtMDtXF0YyzU-Gc&amp;h=AT0hzciyxztfhnjXUg_F3odRnN-yPCcb4vbXAaBqUCzke0kNMu8kR46rA6DMS8F8eVAsEIXfRo2ZTAPHX91bNo5iWHml2JbIgXgnG1fqTgTqyJR0Ei3P08wrAHbEFN3sar9XbrBrTr75\">https:\/\/apple.co\/2GjOvyC<\/a><br \/>\nGoogle Play-<a href=\"https:\/\/bit.ly\/2IrGQ4N?fbclid=IwAR00okdOCbr3qC6Jfbq-wcGTmOlVSWs0hgNYIKDnQduAKAP6wuiQHBjel0I\" target=\"_blank\" rel=\"nofollow noopener\" data-lynx-mode=\"origin\" data-lynx-uri=\"https:\/\/l.facebook.com\/l.php?u=https%3A%2F%2Fbit.ly%2F2IrGQ4N%3Ffbclid%3DIwAR00okdOCbr3qC6Jfbq-wcGTmOlVSWs0hgNYIKDnQduAKAP6wuiQHBjel0I&amp;h=AT0B8J0SyNzeV5Ti-eVctnNiNvGLTi6HgwlJnT2jDJsAR7LnBqdPSIO1QRRc-khDSkQEEr0cbGTYFX2qKGJcE9BsLtGrDZNanqGZUSHaAnVKBB3Y29vNzv84EGya5S3dkmIIXq1Pex5L\">http:\/\/bit.ly\/2IrGQ4N<\/a><br \/>\nVisita el <a href=\"https:\/\/ecocycle.org\/recycle-compost-reuse\/overview\/a-z-recycling-guide-app\" target=\"_blank\" rel=\"noopener\">Sitio de ciclo ecol\u00f3gico<\/a> m\u00e1s m\u00e1s detalles.<\/p>\n<\/div><\/section><\/p>\n<\/div><\/div>\n<style type=\"text\/css\" data-created_by=\"avia_inline_auto\" id=\"style-css-av-ql0nb-45-f3ad8bb54806500620439d79fb962205\">\n.flex_cell.av-ql0nb-45-f3ad8bb54806500620439d79fb962205{\nvertical-align:top;\n}\n.responsive #top #wrap_all .flex_cell.av-ql0nb-45-f3ad8bb54806500620439d79fb962205{\npadding:30px 30px 30px 30px !important;\n}\n<\/style>\n<div class='flex_cell av-ql0nb-45-f3ad8bb54806500620439d79fb962205 av-gridrow-cell av_one_fourth no_margin  avia-builder-el-61  el_after_av_cell_one_fourth  el_before_av_cell_one_fourth  content-align-top'  ><div class='flex_cell_inner'><p>\n<style type=\"text\/css\" data-created_by=\"avia_inline_auto\" id=\"style-css-av-tjci3-44-47a0df5b3c079474ec7dcdde362fa45b\">\n.avia-image-container.av-tjci3-44-47a0df5b3c079474ec7dcdde362fa45b img.avia_image{\nbox-shadow:none;\n}\n.avia-image-container.av-tjci3-44-47a0df5b3c079474ec7dcdde362fa45b .av-image-caption-overlay-center{\ncolor:#ffffff;\n}\n<\/style>\n<div  class='avia-image-container av-tjci3-44-47a0df5b3c079474ec7dcdde362fa45b av-styling- av-img-linked avia-align-center  avia-builder-el-62  el_before_av_textblock  avia-builder-el-first'   itemprop=\"image\" itemscope=\"itemscope\" itemtype=\"https:\/\/schema.org\/ImageObject\" ><div class=\"avia-image-container-inner\"><div class=\"avia-image-overlay-wrap\"><a href=\"https:\/\/docs.google.com\/document\/d\/1Yobx1KchESmit6hEOJcQnl84yl9JvOspFHRs-XNOR_o\/\" class='avia_image'  target=\"_blank\"  rel=\"noopener noreferrer\" aria-label='empoderar-a-tu-comunidad-herramientas'><img decoding=\"async\" fetchpriority=\"high\" class='wp-image-129901 avia-img-lazy-loading-not-129901 avia_image' src=\"https:\/\/boulder.earth\/wp-content\/uploads\/2019\/05\/empower-your-community-toolkit.jpg\" alt='' title='empoderar-a-tu-comunidad-herramientas'  height=\"164\" width=\"300\"  itemprop=\"thumbnailUrl\"  \/><\/a><\/div><\/div><\/div><br \/>\n<section  class='av_textblock_section av-sn80r-43-c5897071f0ef19774881d8e3e374ec46'   itemscope=\"itemscope\" itemtype=\"https:\/\/schema.org\/CreativeWork\" ><div class='avia_textblock'  itemprop=\"text\" ><h4 style=\"text-align: center;\"><a href=\"https:\/\/docs.google.com\/document\/d\/1Yobx1KchESmit6hEOJcQnl84yl9JvOspFHRs-XNOR_o\/\" rel=\"noopener\"><b>\u00bfEl fracking est\u00e1 llamando a tu puerta? <\/b><\/a><\/h4>\n<p><a href=\"https:\/\/leg.colorado.gov\/bills\/sb19-181\">SB19-181<\/a> ahora es ley! Este proyecto de ley cambiar\u00e1 muchos aspectos fundamentales de la pol\u00edtica de petr\u00f3leo y gas en Colorado y otorga a los organismos gubernamentales estatales y locales m\u00e1s poder para regular la perforaci\u00f3n. Las comunidades deben estar preparadas para crear nuevas pol\u00edticas de protecci\u00f3n y abordar los numerosos cambios legales que se establecer\u00e1n durante el proceso de elaboraci\u00f3n de normas. <a href=\"https:\/\/docs.google.com\/document\/d\/1Yobx1KchESmit6hEOJcQnl84yl9JvOspFHRs-XNOR_o\/\" target=\"_blank\" rel=\"noopener\">Echa un vistazo al nuevo kit de herramientas de la comunidad de 350 Colorado<\/a>.<\/p>\n<\/div><\/section><\/p>\n<\/div><\/div>\n<style type=\"text\/css\" data-created_by=\"avia_inline_auto\" id=\"style-css-av-ql0nb-42-3a3808a43b20d37464c58f3230b64c4f\">\n.flex_cell.av-ql0nb-42-3a3808a43b20d37464c58f3230b64c4f{\nvertical-align:top;\n}\n.responsive #top #wrap_all .flex_cell.av-ql0nb-42-3a3808a43b20d37464c58f3230b64c4f{\npadding:30px 30px 30px 30px !important;\n}\n<\/style>\n<div class='flex_cell av-ql0nb-42-3a3808a43b20d37464c58f3230b64c4f av-gridrow-cell av_one_fourth no_margin  avia-builder-el-64  el_after_av_cell_one_fourth  avia-builder-el-last  content-align-top'  ><div class='flex_cell_inner'><p>\n<style type=\"text\/css\" data-created_by=\"avia_inline_auto\" id=\"style-css-av-tjci3-41-5fd9a236a778aa5a6c96da978f9496c5\">\n.avia-image-container.av-tjci3-41-5fd9a236a778aa5a6c96da978f9496c5 img.avia_image{\nbox-shadow:none;\n}\n.avia-image-container.av-tjci3-41-5fd9a236a778aa5a6c96da978f9496c5 .av-image-caption-overlay-center{\ncolor:#ffffff;\n}\n<\/style>\n<div  class='avia-image-container av-tjci3-41-5fd9a236a778aa5a6c96da978f9496c5 av-styling- av-img-linked avia-align-center  avia-builder-el-65  el_before_av_textblock  avia-builder-el-first'   itemprop=\"image\" itemscope=\"itemscope\" itemtype=\"https:\/\/schema.org\/ImageObject\" ><div class=\"avia-image-container-inner\"><div class=\"avia-image-overlay-wrap\"><a href=\"https:\/\/boulder.earth\/es\/climate-and-energy-bills\/\" class='avia_image'  aria-label='actualizaci\u00f3n de la legislaci\u00f3n'><img decoding=\"async\" fetchpriority=\"high\" class='wp-image-129593 avia-img-lazy-loading-not-129593 avia_image' src=\"https:\/\/boulder.earth\/wp-content\/uploads\/2019\/04\/legislation-update.jpg\" alt='' title='actualizaci\u00f3n de la legislaci\u00f3n'  height=\"164\" width=\"300\"  itemprop=\"thumbnailUrl\"  \/><\/a><\/div><\/div><\/div><br \/>\n<section  class='av_textblock_section av-sn80r-40-c2ff63728310d9e686188a80a1de59be'   itemscope=\"itemscope\" itemtype=\"https:\/\/schema.org\/CreativeWork\" ><div class='avia_textblock'  itemprop=\"text\" ><h4 style=\"text-align: center;\"><a href=\"https:\/\/boulder.earth\/es\/climate-and-energy-bills\/\" rel=\"noopener\"><b>P\u00f3ngase al d\u00eda con las facturas de Colorado <\/b><\/a><\/h4>\n<p>Nuestros representantes y legisladores de Colorado est\u00e1n elaborando muchas leyes nuevas que impactan el clima en el estado. Kevin Cross de la Coalici\u00f3n de Colorado por un Clima Habitable ha elaborado un gran recuento que explica los proyectos de ley actuales, lo que significan y su estado. <a href=\"https:\/\/boulder.earth\/es\/climate-and-energy-bills\/\">Aprende m\u00e1s<\/a>.<\/p>\n<\/div><\/section><\/p>\n<\/div><\/div>\n<\/div>\n<div id='av-layout-grid-6'  class='av-layout-grid-container av-wnxnz-49-1bdd468f6b55847dac9e1f18f351ff2f entry-content-wrapper alternate_color av-border-cells av-flex-cells  avia-builder-el-67  el_after_av_layout_row  el_before_av_layout_row  grid-row-not-first  container_wrap sidebar_right'  >\n\n<style type=\"text\/css\" data-created_by=\"avia_inline_auto\" id=\"style-css-av-ql0nb-39-580ac98d8ed68c6424dc654d1373115e\">\n.flex_cell.av-ql0nb-39-580ac98d8ed68c6424dc654d1373115e{\nvertical-align:top;\n}\n.responsive #top #wrap_all .flex_cell.av-ql0nb-39-580ac98d8ed68c6424dc654d1373115e{\npadding:30px 30px 30px 30px !important;\n}\n<\/style>\n<div class='flex_cell av-ql0nb-39-580ac98d8ed68c6424dc654d1373115e av-gridrow-cell av_one_fourth no_margin  avia-builder-el-68  el_before_av_cell_one_fourth  avia-builder-el-first  content-align-top'  ><div class='flex_cell_inner'><p>\n<style type=\"text\/css\" data-created_by=\"avia_inline_auto\" id=\"style-css-av-tjci3-38-1a58608fc740723e6ee1408a03dc66f5\">\n.avia-image-container.av-tjci3-38-1a58608fc740723e6ee1408a03dc66f5 img.avia_image{\nbox-shadow:none;\n}\n.avia-image-container.av-tjci3-38-1a58608fc740723e6ee1408a03dc66f5 .av-image-caption-overlay-center{\ncolor:#ffffff;\n}\n<\/style>\n<div  class='avia-image-container av-tjci3-38-1a58608fc740723e6ee1408a03dc66f5 av-styling- av-img-linked avia-align-center  avia-builder-el-69  el_before_av_textblock  avia-builder-el-first'   itemprop=\"image\" itemscope=\"itemscope\" itemtype=\"https:\/\/schema.org\/ImageObject\" ><div class=\"avia-image-container-inner\"><div class=\"avia-image-overlay-wrap\"><a href=\"https:\/\/bouldercolorado.gov\/nhttps:\/\/350colorado.org\/boulder-renewable-energy-summit-recapewsroom\/city-council-declares-climate-emergency\" class='avia_image'  target=\"_blank\"  rel=\"noopener noreferrer\" aria-label='cumbre de energ\u00edas renovables'><img decoding=\"async\" fetchpriority=\"high\" class='wp-image-153327 avia-img-lazy-loading-not-153327 avia_image' src=\"https:\/\/boulder.earth\/wp-content\/uploads\/2019\/10\/renewable-energy-summit.jpg\" alt='' title='cumbre de energ\u00edas renovables'  height=\"164\" width=\"300\"  itemprop=\"thumbnailUrl\"  \/><\/a><\/div><\/div><\/div><br \/>\n<section  class='av_textblock_section av-sn80r-37-d8427be778317eb79d1eb3b574dd0a6b'   itemscope=\"itemscope\" itemtype=\"https:\/\/schema.org\/CreativeWork\" ><div class='avia_textblock'  itemprop=\"text\" ><h4 style=\"text-align: center;\"><a href=\"https:\/\/350colorado.org\/boulder-renewable-energy-summit-recap\" target=\"_blank\" rel=\"noopener\"><b>Cumbre de energ\u00eda renovable: resumen y aprendizaje clave<\/b><\/a><\/h4>\n<p>350 Colorado, el Ministerio de Acci\u00f3n Clim\u00e1tica de la Iglesia Unitaria Universalista de Boulder y Physicians for Social Responsibility Colorado organizaron una cumbre de energ\u00eda renovable p\u00fablica y gratuita. Los asistentes tuvieron la oportunidad de aprender c\u00f3mo ir m\u00e1s all\u00e1 del gas fracturado en sus hogares y c\u00f3mo apoyar la transici\u00f3n a la energ\u00eda renovable 100%. <a href=\"https:\/\/350colorado.org\/boulder-renewable-energy-summit-recap\" target=\"_blank\" rel=\"noopener\">Lea el resumen, mire el video, vea las diapositivas del presentador<\/a><\/p>\n<\/div><\/section><\/p>\n<\/div><\/div>\n<style type=\"text\/css\" data-created_by=\"avia_inline_auto\" id=\"style-css-av-ql0nb-35-0c75fd0759fddb80102c71e2b30586cb\">\n.flex_cell.av-ql0nb-35-0c75fd0759fddb80102c71e2b30586cb{\nvertical-align:top;\n}\n.responsive #top #wrap_all .flex_cell.av-ql0nb-35-0c75fd0759fddb80102c71e2b30586cb{\npadding:30px 30px 30px 30px !important;\n}\n<\/style>\n<div class='flex_cell av-ql0nb-35-0c75fd0759fddb80102c71e2b30586cb av-gridrow-cell av_one_fourth no_margin  avia-builder-el-71  el_after_av_cell_one_fourth  el_before_av_cell_one_fourth  content-align-top'  ><div class='flex_cell_inner'><p>\n<style type=\"text\/css\" data-created_by=\"avia_inline_auto\" id=\"style-css-av-tjci3-34-97434048eb8509dde8e32ebe816d85e0\">\n.avia-image-container.av-tjci3-34-97434048eb8509dde8e32ebe816d85e0 img.avia_image{\nbox-shadow:none;\n}\n.avia-image-container.av-tjci3-34-97434048eb8509dde8e32ebe816d85e0 .av-image-caption-overlay-center{\ncolor:#ffffff;\n}\n<\/style>\n<div  class='avia-image-container av-tjci3-34-97434048eb8509dde8e32ebe816d85e0 av-styling- av-img-linked avia-align-center  avia-builder-el-72  el_before_av_textblock  avia-builder-el-first'   itemprop=\"image\" itemscope=\"itemscope\" itemtype=\"https:\/\/schema.org\/ImageObject\" ><div class=\"avia-image-container-inner\"><div class=\"avia-image-overlay-wrap\"><a href=\"https:\/\/bouldercolorado.gov\/forestry\/pledge\" class='avia_image'  target=\"_blank\"  rel=\"noopener noreferrer\" aria-label='\u00e1rbol-imagina'><img decoding=\"async\" fetchpriority=\"high\" class='wp-image-220846 avia-img-lazy-loading-not-220846 avia_image' src=\"https:\/\/boulder.earth\/wp-content\/uploads\/2020\/06\/treemagine.jpg\" alt='' title='\u00e1rbol-imagina'  height=\"164\" width=\"300\"  itemprop=\"thumbnailUrl\"  \/><\/a><\/div><\/div><\/div><br \/>\n<section  class='av_textblock_section av-sn80r-33-04e56a9ba97a18f7a52d75d408090742'   itemscope=\"itemscope\" itemtype=\"https:\/\/schema.org\/CreativeWork\" ><div class='avia_textblock'  itemprop=\"text\" ><h4 style=\"text-align: center;\"><a href=\"https:\/\/bouldercolorado.gov\/forestry\/pledge\" target=\"_blank\" rel=\"noopener\"><b>Compromiso con Tree-Imagine Boulder<\/b><\/a><\/h4>\n<p><em>\u201cEl mejor momento para plantar un \u00e1rbol fue hace 20 a\u00f1os. El segundo mejor momento es ahora\u201d.<\/em> - Proverbio chino<\/p>\n<p>\u00a1Juntos, podemos Tree-Imagine Boulder! Puede comenzar haciendo el compromiso de ayudar a los \u00e1rboles de Boulder plantando un \u00e1rbol (o \u00e1rboles) en su propiedad, mapeando los \u00e1rboles en su propiedad, contribuyendo al PLAY Boulder Tree Trust, ofreci\u00e9ndose como voluntario, viendo el video, respondiendo la encuesta, recibiendo correo electr\u00f3nico actualizaciones y consejos para el cuidado de sus \u00e1rboles. <a href=\"https:\/\/bouldercolorado.gov\/forestry\/pledge\" target=\"_blank\" rel=\"noopener\">toma la promesa<\/a><\/p>\n<\/div><\/section><\/p>\n<\/div><\/div>\n<style type=\"text\/css\" data-created_by=\"avia_inline_auto\" id=\"style-css-av-ql0nb-32-ba97e6b9416678ddbeaafa9734f9606d\">\n.flex_cell.av-ql0nb-32-ba97e6b9416678ddbeaafa9734f9606d{\nvertical-align:top;\n}\n.responsive #top #wrap_all .flex_cell.av-ql0nb-32-ba97e6b9416678ddbeaafa9734f9606d{\npadding:30px 30px 30px 30px !important;\n}\n<\/style>\n<div class='flex_cell av-ql0nb-32-ba97e6b9416678ddbeaafa9734f9606d av-gridrow-cell av_one_fourth no_margin  avia-builder-el-74  el_after_av_cell_one_fourth  el_before_av_cell_one_fourth  content-align-top'  ><div class='flex_cell_inner'><p>\n<style type=\"text\/css\" data-created_by=\"avia_inline_auto\" id=\"style-css-av-tjci3-31-26f04cb634159ffe52772971ab533c75\">\n.avia-image-container.av-tjci3-31-26f04cb634159ffe52772971ab533c75 img.avia_image{\nbox-shadow:none;\n}\n.avia-image-container.av-tjci3-31-26f04cb634159ffe52772971ab533c75 .av-image-caption-overlay-center{\ncolor:#ffffff;\n}\n<\/style>\n<div  class='avia-image-container av-tjci3-31-26f04cb634159ffe52772971ab533c75 av-styling- av-img-linked avia-align-center  avia-builder-el-75  el_before_av_textblock  avia-builder-el-first'   itemprop=\"image\" itemscope=\"itemscope\" itemtype=\"https:\/\/schema.org\/ImageObject\" ><div class=\"avia-image-container-inner\"><div class=\"avia-image-overlay-wrap\"><a href=\"https:\/\/www.boundlesslandscapes.com\/hostamicrofarm\" class='avia_image'  target=\"_blank\"  rel=\"noopener noreferrer\" aria-label='alojar una microgranja'><img decoding=\"async\" fetchpriority=\"high\" class='wp-image-181012 avia-img-lazy-loading-not-181012 avia_image' src=\"https:\/\/boulder.earth\/wp-content\/uploads\/2020\/01\/host-a-microfarm.jpg\" alt='' title='alojar una microgranja'  height=\"164\" width=\"300\"  itemprop=\"thumbnailUrl\"  \/><\/a><\/div><\/div><\/div><br \/>\n<section  class='av_textblock_section av-sn80r-30-9b2625f3077e67cbe7a1f97e871fe27a'   itemscope=\"itemscope\" itemtype=\"https:\/\/schema.org\/CreativeWork\" ><div class='avia_textblock'  itemprop=\"text\" ><h4 style=\"text-align: center;\"><a href=\"https:\/\/www.boundlesslandscapes.com\/hostamicrofarm\" target=\"_blank\" rel=\"noopener\"><b>Obtenga m\u00e1s informaci\u00f3n sobre c\u00f3mo organizar una microgranja<\/b><\/a><\/h4>\n<p>Consulte Boundless Landscapes para conocer un nuevo programa para cualquier persona interesada en albergar una microgranja en 2020. Este programa convierte el mundo en un jard\u00edn al convertir c\u00e9spedes y espacios comerciales y comunitarios infrautilizados en pr\u00f3speros jardines de alimentos. Con Boundless, puede convertir su jard\u00edn en una microgranja, proporcionando alimentos org\u00e1nicos saludables para su familia y comunidad, mientras ayuda a combatir el cambio clim\u00e1tico. <a href=\"https:\/\/www.boundlesslandscapes.com\/hostamicrofarm\" target=\"_blank\" rel=\"noopener\">Visitar sitio<\/a><\/p>\n<\/div><\/section><\/p>\n<\/div><\/div>\n<style type=\"text\/css\" data-created_by=\"avia_inline_auto\" id=\"style-css-av-ql0nb-29-3c251433062db99f482e5504e4939e19\">\n.flex_cell.av-ql0nb-29-3c251433062db99f482e5504e4939e19{\nvertical-align:top;\n}\n.responsive #top #wrap_all .flex_cell.av-ql0nb-29-3c251433062db99f482e5504e4939e19{\npadding:30px 30px 30px 30px !important;\n}\n<\/style>\n<div class='flex_cell av-ql0nb-29-3c251433062db99f482e5504e4939e19 av-gridrow-cell av_one_fourth no_margin  avia-builder-el-77  el_after_av_cell_one_fourth  avia-builder-el-last  content-align-top'  ><div class='flex_cell_inner'><p>\n<style type=\"text\/css\" data-created_by=\"avia_inline_auto\" id=\"style-css-av-tjci3-28-ab8da570c395d162e772a0ddaecaf081\">\n.avia-image-container.av-tjci3-28-ab8da570c395d162e772a0ddaecaf081 img.avia_image{\nbox-shadow:none;\n}\n.avia-image-container.av-tjci3-28-ab8da570c395d162e772a0ddaecaf081 .av-image-caption-overlay-center{\ncolor:#ffffff;\n}\n<\/style>\n<div  class='avia-image-container av-tjci3-28-ab8da570c395d162e772a0ddaecaf081 av-styling- av-img-linked avia-align-center  avia-builder-el-78  el_before_av_textblock  avia-builder-el-first'   itemprop=\"image\" itemscope=\"itemscope\" itemtype=\"https:\/\/schema.org\/ImageObject\" ><div class=\"avia-image-container-inner\"><div class=\"avia-image-overlay-wrap\"><a href=\"https:\/\/bouldercolorado.gov\/newsroom\/city-council-declares-climate-emergency\" class='avia_image'  target=\"_blank\"  rel=\"noopener noreferrer\" aria-label='Emergencia clim\u00e1tica de Boulder'><img decoding=\"async\" fetchpriority=\"high\" class='wp-image-135740 avia-img-lazy-loading-not-135740 avia_image' src=\"https:\/\/boulder.earth\/wp-content\/uploads\/2019\/08\/climate-emergency.jpg\" alt='' title='Emergencia clim\u00e1tica de Boulder'  height=\"164\" width=\"300\"  itemprop=\"thumbnailUrl\"  \/><\/a><\/div><\/div><\/div><br \/>\n<section  class='av_textblock_section av-sn80r-27-20bfb2e622b59fecdc5df99eb623e36c'   itemscope=\"itemscope\" itemtype=\"https:\/\/schema.org\/CreativeWork\" ><div class='avia_textblock'  itemprop=\"text\" ><h4 style=\"text-align: center;\"><a href=\"https:\/\/bouldercolorado.gov\/newsroom\/city-council-declares-climate-emergency\" target=\"_blank\" rel=\"noopener\"><b>Ciudad de Boulder declara emergencia clim\u00e1tica<\/b><\/a><\/h4>\n<p>La resoluci\u00f3n compromete a la ciudad a la acci\u00f3n de movilizaci\u00f3n clim\u00e1tica que prioriza de inmediato los esfuerzos para extraer carbono de la atm\u00f3sfera de manera segura y acelerar las estrategias de adaptaci\u00f3n y resiliencia en preparaci\u00f3n para la intensificaci\u00f3n de los impactos clim\u00e1ticos. <a href=\"https:\/\/bouldercolorado.gov\/newsroom\/city-council-declares-climate-emergency\" target=\"_blank\" rel=\"noopener\">Aprende m\u00e1s aqu\u00ed<\/a>.<\/p>\n<\/div><\/section><\/p>\n<\/div><\/div>\n<\/div>\n<div id='av-layout-grid-7'  class='av-layout-grid-container av-wnxnz-36-260bdac19157bb30d5e83f50236ec361 entry-content-wrapper alternate_color av-border-cells av-flex-cells  avia-builder-el-80  el_after_av_layout_row  el_before_av_layout_row  grid-row-not-first  container_wrap sidebar_right'  >\n\n<style type=\"text\/css\" data-created_by=\"avia_inline_auto\" id=\"style-css-av-ql0nb-26-c0ed0c007dbe6641ec5464fa0fe80284\">\n.flex_cell.av-ql0nb-26-c0ed0c007dbe6641ec5464fa0fe80284{\nvertical-align:top;\n}\n.responsive #top #wrap_all .flex_cell.av-ql0nb-26-c0ed0c007dbe6641ec5464fa0fe80284{\npadding:30px 30px 30px 30px !important;\n}\n<\/style>\n<div class='flex_cell av-ql0nb-26-c0ed0c007dbe6641ec5464fa0fe80284 av-gridrow-cell av_one_fourth no_margin  avia-builder-el-81  el_before_av_cell_one_fourth  avia-builder-el-first  content-align-top'  ><div class='flex_cell_inner'><p>\n<style type=\"text\/css\" data-created_by=\"avia_inline_auto\" id=\"style-css-av-tjci3-25-8918491a8b6f272ee7ef636c965b827a\">\n.avia-image-container.av-tjci3-25-8918491a8b6f272ee7ef636c965b827a img.avia_image{\nbox-shadow:none;\n}\n.avia-image-container.av-tjci3-25-8918491a8b6f272ee7ef636c965b827a .av-image-caption-overlay-center{\ncolor:#ffffff;\n}\n<\/style>\n<div  class='avia-image-container av-tjci3-25-8918491a8b6f272ee7ef636c965b827a av-styling- av-img-linked avia-align-center  avia-builder-el-82  el_before_av_textblock  avia-builder-el-first'   itemprop=\"image\" itemscope=\"itemscope\" itemtype=\"https:\/\/schema.org\/ImageObject\" ><div class=\"avia-image-container-inner\"><div class=\"avia-image-overlay-wrap\"><a href=\"http:\/\/ecocycle.org\/take-action\/community-carbon-farming?eType=BdotE\" class='avia_image'  target=\"_blank\"  rel=\"noopener noreferrer\" aria-label='cultivo de carbono con ecociclo'><img decoding=\"async\" fetchpriority=\"high\" class='wp-image-127096 avia-img-lazy-loading-not-127096 avia_image' src=\"https:\/\/boulder.earth\/wp-content\/uploads\/2019\/03\/carbonfarmingwithecocycle.jpg\" alt='' title='cultivo de carbono con ecociclo'  height=\"164\" width=\"300\"  itemprop=\"thumbnailUrl\"  \/><\/a><\/div><\/div><\/div><br \/>\n<section  class='av_textblock_section av-sn80r-24-8f871701dfe4e2d4da9b29430b35738f'   itemscope=\"itemscope\" itemtype=\"https:\/\/schema.org\/CreativeWork\" ><div class='avia_textblock'  itemprop=\"text\" ><h4 style=\"text-align: center;\"><a href=\"http:\/\/ecocycle.org\/take-action\/community-carbon-farming?eType=BdotE\" target=\"_blank\" rel=\"noopener\"><b>Convi\u00e9rtase en un agricultor de carb\u00f3n de jard\u00edn<\/b><\/a><\/h4>\n<p>La construcci\u00f3n de suelos saludables puede ser nuestra mejor esperanza para extraer y almacenar de manera segura el di\u00f3xido de carbono atmosf\u00e9rico. Eco-Cycle y la ciudad de Boulder est\u00e1n trabajando juntos en un estudio de 3 a\u00f1os para explorar una variedad de enfoques de cultivo de carbono en paisajes urbanos para secuestrar carbono en el suelo y ayudar a revertir el cambio clim\u00e1tico. <a href=\"http:\/\/ecocycle.org\/take-action\/community-carbon-farming?eType=BdotE\" target=\"_blank\" rel=\"noopener\">Aprende c\u00f3mo participar<\/a>.<\/p>\n<\/div><\/section><\/p>\n<\/div><\/div>\n<style type=\"text\/css\" data-created_by=\"avia_inline_auto\" id=\"style-css-av-ql0nb-22-1515304fd442c73ed997b9b9230cf917\">\n.flex_cell.av-ql0nb-22-1515304fd442c73ed997b9b9230cf917{\nvertical-align:top;\n}\n.responsive #top #wrap_all .flex_cell.av-ql0nb-22-1515304fd442c73ed997b9b9230cf917{\npadding:30px 30px 30px 30px !important;\n}\n<\/style>\n<div class='flex_cell av-ql0nb-22-1515304fd442c73ed997b9b9230cf917 av-gridrow-cell av_one_fourth no_margin  avia-builder-el-84  el_after_av_cell_one_fourth  el_before_av_cell_one_fourth  content-align-top'  ><div class='flex_cell_inner'><p>\n<style type=\"text\/css\" data-created_by=\"avia_inline_auto\" id=\"style-css-av-tjci3-21-e8384cbb517559509c47798ed2474beb\">\n.avia-image-container.av-tjci3-21-e8384cbb517559509c47798ed2474beb img.avia_image{\nbox-shadow:none;\n}\n.avia-image-container.av-tjci3-21-e8384cbb517559509c47798ed2474beb .av-image-caption-overlay-center{\ncolor:#ffffff;\n}\n<\/style>\n<div  class='avia-image-container av-tjci3-21-e8384cbb517559509c47798ed2474beb av-styling- av-img-linked avia-align-center  avia-builder-el-85  el_before_av_textblock  avia-builder-el-first'   itemprop=\"image\" itemscope=\"itemscope\" itemtype=\"https:\/\/schema.org\/ImageObject\" ><div class=\"avia-image-container-inner\"><div class=\"avia-image-overlay-wrap\"><a href=\"https:\/\/www.bouldercounty.org\/environment\/composting\/compost-workshops\/\" class='avia_image'  target=\"_blank\"  rel=\"noopener noreferrer\" aria-label='compostaje'><img decoding=\"async\" fetchpriority=\"high\" class='wp-image-126063 avia-img-lazy-loading-not-126063 avia_image' src=\"https:\/\/boulder.earth\/wp-content\/uploads\/2019\/03\/composting.jpg\" alt='' title='compostaje'  height=\"164\" width=\"300\"  itemprop=\"thumbnailUrl\"  \/><\/a><\/div><\/div><\/div><br \/>\n<section  class='av_textblock_section av-sn80r-20-f36771c8cb3cb04720f7f22cc591064c'   itemscope=\"itemscope\" itemtype=\"https:\/\/schema.org\/CreativeWork\" ><div class='avia_textblock'  itemprop=\"text\" ><h4 style=\"text-align: center;\"><a href=\"https:\/\/www.bouldercounty.org\/environment\/composting\/compost-workshops\/\" target=\"_blank\" rel=\"noopener\"><b>Asistir a un taller de compostaje <\/b><\/a><\/h4>\n<p>\u00a1Convierta sus alimentos y desechos de jard\u00edn en tierra valiosa! Aprenda c\u00f3mo iniciar y mantener un sistema de abono de jard\u00edn altamente eficiente, que incluye c\u00f3mo alimentar su pila de abono, recipientes y m\u00e9todos apropiados para nuestra regi\u00f3n geogr\u00e1fica, consejos, resoluci\u00f3n de problemas y mucho m\u00e1s. <a href=\"https:\/\/www.bouldercounty.org\/environment\/composting\/compost-workshops\/\" target=\"_blank\" rel=\"noopener\">Ver horario del taller<\/a><\/p>\n<\/div><\/section><\/p>\n<\/div><\/div>\n<style type=\"text\/css\" data-created_by=\"avia_inline_auto\" id=\"style-css-av-11es7-68096cf46b5ab64bb4a823836eca25da\">\n.flex_cell.av-11es7-68096cf46b5ab64bb4a823836eca25da{\nvertical-align:top;\n}\n.responsive #top #wrap_all .flex_cell.av-11es7-68096cf46b5ab64bb4a823836eca25da{\npadding:30px 30px 30px 30px !important;\n}\n<\/style>\n<div class='flex_cell av-11es7-68096cf46b5ab64bb4a823836eca25da av-gridrow-cell av_one_fourth no_margin  avia-builder-el-87  el_after_av_cell_one_fourth  el_before_av_cell_one_fourth  content-align-top'  ><div class='flex_cell_inner'><p>\n<style type=\"text\/css\" data-created_by=\"avia_inline_auto\" id=\"style-css-av-tjci3-18-e7559e302b160c07fc0f436ffb20a080\">\n.avia-image-container.av-tjci3-18-e7559e302b160c07fc0f436ffb20a080 img.avia_image{\nbox-shadow:none;\n}\n.avia-image-container.av-tjci3-18-e7559e302b160c07fc0f436ffb20a080 .av-image-caption-overlay-center{\ncolor:#ffffff;\n}\n<\/style>\n<div  class='avia-image-container av-tjci3-18-e7559e302b160c07fc0f436ffb20a080 av-styling- av-img-linked avia-align-center  avia-builder-el-88  el_before_av_textblock  avia-builder-el-first'   itemprop=\"image\" itemscope=\"itemscope\" itemtype=\"https:\/\/schema.org\/ImageObject\" ><div class=\"avia-image-container-inner\"><div class=\"avia-image-overlay-wrap\"><a href=\"https:\/\/bouldercolorado.gov\/pages\/emerald-ash-borer\" class='avia_image'  target=\"_blank\"  rel=\"noopener noreferrer\" aria-label='fresnos'><img decoding=\"async\" fetchpriority=\"high\" class='wp-image-125320 avia-img-lazy-loading-not-125320 avia_image' src=\"https:\/\/boulder.earth\/wp-content\/uploads\/2019\/03\/ash-trees.jpg\" alt='' title='fresnos'  height=\"164\" width=\"300\"  itemprop=\"thumbnailUrl\"  \/><\/a><\/div><\/div><\/div><br \/>\n<section  class='av_textblock_section av-sn80r-17-9ea9963d1dba56773a7a8b9bfcae8bb0'   itemscope=\"itemscope\" itemtype=\"https:\/\/schema.org\/CreativeWork\" ><div class='avia_textblock'  itemprop=\"text\" ><h4 style=\"text-align: center;\"><a href=\"https:\/\/bouldercolorado.gov\/pages\/emerald-ash-borer\" target=\"_blank\" rel=\"noopener\"><b>\u00bfQu\u00e9 \u00e1rboles hay en TU jard\u00edn?<\/b><\/a><\/h4>\n<p>Boulder perder\u00e1 70.000 fresnos a causa del barrenador esmeralda del fresno (EAB) en los pr\u00f3ximos 10 a\u00f1os. Eso es 25% de nuestro dosel urbano: una p\u00e9rdida devastadora. <a href=\"https:\/\/bouldercolorado.gov\/pages\/emerald-ash-borer\" target=\"_blank\" rel=\"noopener\">Averigua qu\u00e9 \u00e1rboles tienes en tu jard\u00edn este mes y toma acci\u00f3n<\/a>.<\/p>\n<\/div><\/section><\/p>\n<\/div><\/div>\n<style type=\"text\/css\" data-created_by=\"avia_inline_auto\" id=\"style-css-av-11es7-16-de2185339e962569876ae7ce215a247a\">\n.flex_cell.av-11es7-16-de2185339e962569876ae7ce215a247a{\nvertical-align:top;\n}\n.responsive #top #wrap_all .flex_cell.av-11es7-16-de2185339e962569876ae7ce215a247a{\npadding:30px 30px 30px 30px !important;\n}\n<\/style>\n<div class='flex_cell av-11es7-16-de2185339e962569876ae7ce215a247a av-gridrow-cell av_one_fourth no_margin  avia-builder-el-90  el_after_av_cell_one_fourth  avia-builder-el-last  content-align-top'  ><div class='flex_cell_inner'><p>\n<style type=\"text\/css\" data-created_by=\"avia_inline_auto\" id=\"style-css-av-v60oz-cb6214f61fc21e8bfe9c81b0be0a0661\">\n.avia-image-container.av-v60oz-cb6214f61fc21e8bfe9c81b0be0a0661 img.avia_image{\nbox-shadow:none;\n}\n.avia-image-container.av-v60oz-cb6214f61fc21e8bfe9c81b0be0a0661 .av-image-caption-overlay-center{\ncolor:#ffffff;\n}\n<\/style>\n<div  class='avia-image-container av-v60oz-cb6214f61fc21e8bfe9c81b0be0a0661 av-styling- av-img-linked avia-align-center  avia-builder-el-91  el_before_av_textblock  avia-builder-el-first'   itemprop=\"image\" itemscope=\"itemscope\" itemtype=\"https:\/\/schema.org\/ImageObject\" ><div class=\"avia-image-container-inner\"><div class=\"avia-image-overlay-wrap\"><a href=\"https:\/\/drive.google.com\/file\/d\/0B3G8KwNvYxyJWUs5RG5ySGZQUG9sZHB2M2tpYXNZVzRzbkpF\/view\" class='avia_image'  target=\"_blank\"  rel=\"noopener noreferrer\" aria-label='Revista de la red de posibilidades'><img decoding=\"async\" fetchpriority=\"high\" class='wp-image-122966 avia-img-lazy-loading-not-122966 avia_image' src=\"https:\/\/boulder.earth\/wp-content\/uploads\/2019\/01\/Possibility-Network-zine-300x164.jpg\" alt='' title='Revista de la red de posibilidades'  height=\"164\" width=\"300\"  itemprop=\"thumbnailUrl\"  \/><\/a><\/div><\/div><\/div><br \/>\n<section  class='av_textblock_section av-usb3j-2e7422b75a30e47893c66dcceaa5c4c4'   itemscope=\"itemscope\" itemtype=\"https:\/\/schema.org\/CreativeWork\" ><div class='avia_textblock'  itemprop=\"text\" ><h4 style=\"text-align: center;\"><a href=\"https:\/\/drive.google.com\/file\/d\/0B3G8KwNvYxyJWUs5RG5ySGZQUG9sZHB2M2tpYXNZVzRzbkpF\/view\" target=\"_blank\" rel=\"noopener\"><b>Echa un vistazo a este hermoso &#039;Zine Eco-Social&#039;<\/b><\/a><\/h4>\n<p>La acci\u00f3n clim\u00e1tica, las reparaciones, la vulnerabilidad feroz, la vocaci\u00f3n personal y la emergencia son todos los temas tratados en este <a href=\"https:\/\/drive.google.com\/file\/d\/0B3G8KwNvYxyJWUs5RG5ySGZQUG9sZHB2M2tpYXNZVzRzbkpF\/view\" target=\"_blank\" rel=\"noopener\">super informativo y hermoso &#039;zine<\/a> publicado por The Possibility Network. \u00a1Hazte un favor\u2026 lee y disfruta!<\/p>\n<\/div><\/section><\/p>\n<\/div><\/div>\n<\/div>\n<div id='av-layout-grid-8'  class='av-layout-grid-container av-wnxnz-23-a81fcdbd575ce30ecb64a4bf3ecda9b6 entry-content-wrapper alternate_color av-border-cells av-flex-cells  avia-builder-el-93  el_after_av_layout_row  el_before_av_layout_row  grid-row-not-first  container_wrap sidebar_right'  >\n\n<style type=\"text\/css\" data-created_by=\"avia_inline_auto\" id=\"style-css-av-vykgz-301eaa35fc6f0a162c74a4fbc03851f4\">\n.flex_cell.av-vykgz-301eaa35fc6f0a162c74a4fbc03851f4{\nvertical-align:top;\n}\n.responsive #top #wrap_all .flex_cell.av-vykgz-301eaa35fc6f0a162c74a4fbc03851f4{\npadding:30px 30px 30px 30px !important;\n}\n<\/style>\n<div class='flex_cell av-vykgz-301eaa35fc6f0a162c74a4fbc03851f4 av-gridrow-cell av_one_fourth no_margin  avia-builder-el-94  el_before_av_cell_one_fourth  avia-builder-el-first  content-align-top'  ><div class='flex_cell_inner'><p>\n<style type=\"text\/css\" data-created_by=\"avia_inline_auto\" id=\"style-css-av-v60oz-13-2717174088eb1ad85a6ccb9e6b5edab8\">\n.avia-image-container.av-v60oz-13-2717174088eb1ad85a6ccb9e6b5edab8 img.avia_image{\nbox-shadow:none;\n}\n.avia-image-container.av-v60oz-13-2717174088eb1ad85a6ccb9e6b5edab8 .av-image-caption-overlay-center{\ncolor:#ffffff;\n}\n<\/style>\n<div  class='avia-image-container av-v60oz-13-2717174088eb1ad85a6ccb9e6b5edab8 av-styling- av-img-linked avia-align-center  avia-builder-el-95  el_before_av_textblock  avia-builder-el-first'   itemprop=\"image\" itemscope=\"itemscope\" itemtype=\"https:\/\/schema.org\/ImageObject\" ><div class=\"avia-image-container-inner\"><div class=\"avia-image-overlay-wrap\"><a href=\"http:\/\/longnow.org\/seminars\/02017\/nov\/20\/seeds-good-anthropocene\/\" class='avia_image'  target=\"_blank\"  rel=\"noopener noreferrer\" aria-label='ElenaBennetS'><img decoding=\"async\" fetchpriority=\"high\" class='wp-image-118228 avia-img-lazy-loading-not-118228 avia_image' src=\"https:\/\/boulder.earth\/wp-content\/uploads\/2018\/11\/ElenaBennetS.jpg\" alt='' title='ElenaBennetS'  height=\"168\" width=\"300\"  itemprop=\"thumbnailUrl\"  \/><\/a><\/div><\/div><\/div><br \/>\n<section  class='av_textblock_section av-usb3j-12-a108a73cbae06f3a59590e62c405b71c'   itemscope=\"itemscope\" itemtype=\"https:\/\/schema.org\/CreativeWork\" ><div class='avia_textblock'  itemprop=\"text\" ><h4 style=\"text-align: center;\"><a href=\"http:\/\/longnow.org\/seminars\/02017\/nov\/20\/seeds-good-anthropocene\/\" target=\"_blank\" rel=\"noopener\"><b>Escuche a Elena Bennett hablar sobre pr\u00e1cticas ecol\u00f3gicas efectivas<\/b><\/a><\/h4>\n<p>A medida que los humanos dominen cada vez m\u00e1s los sistemas naturales de la Tierra durante los pr\u00f3ximos siglos (&quot;el Antropoceno&quot;), \u00bfc\u00f3mo podemos asegurarnos de que se convierta en un &quot;buen Antopoceno&quot;, un mundo en el que la naturaleza y la humanidad prosperen juntas? La ecologista de ecosistemas Elena Bennett cree que descubrir los caminos m\u00e1s efectivos hacia ese futuro es un proceso de abajo hacia arriba, ya que innumerables proyectos en todo el mundo est\u00e1n explorando c\u00f3mo la naturaleza y los humanos pueden colaborar mejor. Ha recopilado 500 ejemplos de este tipo y los ha ensamblado en una narraci\u00f3n esperanzadora que apunta hacia una \u00e9poca del Antropoceno en la que prospera toda la vida.<\/p>\n<\/div><\/section><\/p>\n<\/div><\/div>\n<style type=\"text\/css\" data-created_by=\"avia_inline_auto\" id=\"style-css-av-vykgz-10-641e7bf254d3c795acb94d1942923871\">\n.flex_cell.av-vykgz-10-641e7bf254d3c795acb94d1942923871{\nvertical-align:top;\n}\n.responsive #top #wrap_all .flex_cell.av-vykgz-10-641e7bf254d3c795acb94d1942923871{\npadding:30px 30px 30px 30px !important;\n}\n<\/style>\n<div class='flex_cell av-vykgz-10-641e7bf254d3c795acb94d1942923871 av-gridrow-cell av_one_fourth no_margin  avia-builder-el-97  el_after_av_cell_one_fourth  el_before_av_cell_one_fourth  content-align-top'  ><div class='flex_cell_inner'><p>\n<style type=\"text\/css\" data-created_by=\"avia_inline_auto\" id=\"style-css-av-v60oz-9-288059d67cc90d8696ef52d33efda14e\">\n.avia-image-container.av-v60oz-9-288059d67cc90d8696ef52d33efda14e img.avia_image{\nbox-shadow:none;\n}\n.avia-image-container.av-v60oz-9-288059d67cc90d8696ef52d33efda14e .av-image-caption-overlay-center{\ncolor:#ffffff;\n}\n<\/style>\n<div  class='avia-image-container av-v60oz-9-288059d67cc90d8696ef52d33efda14e av-styling- av-img-linked avia-align-center  avia-builder-el-98  el_before_av_textblock  avia-builder-el-first'   itemprop=\"image\" itemscope=\"itemscope\" itemtype=\"https:\/\/schema.org\/ImageObject\" ><div class=\"avia-image-container-inner\"><div class=\"avia-image-overlay-wrap\"><a href=\"https:\/\/www.businessinsider.com\/scientific-benefits-of-nature-outdoors-2016-4\/#1-improved-short-term-memory-1\" class='avia_image'  target=\"_blank\"  rel=\"noopener noreferrer\" aria-label='sal afuera'><img decoding=\"async\" fetchpriority=\"high\" class='wp-image-122967 avia-img-lazy-loading-not-122967 avia_image' src=\"https:\/\/boulder.earth\/wp-content\/uploads\/2019\/01\/get-outside-300x164.jpg\" alt='' title='sal afuera'  height=\"164\" width=\"300\"  itemprop=\"thumbnailUrl\"  \/><\/a><\/div><\/div><\/div><br \/>\n<section  class='av_textblock_section av-usb3j-8-9499d071c3b8221ce711594a2564d5c3'   itemscope=\"itemscope\" itemtype=\"https:\/\/schema.org\/CreativeWork\" ><div class='avia_textblock'  itemprop=\"text\" ><h4 style=\"text-align: center;\"><a href=\"https:\/\/www.businessinsider.com\/scientific-benefits-of-nature-outdoors-2016-4\/#1-improved-short-term-memory-1\" target=\"_blank\" rel=\"noopener\"><b>\u00a1Sal afuera!<\/b><\/a><\/h4>\n<p>El fr\u00edo no es excusa para perderse una de las \u00e9pocas m\u00e1s preciadas del a\u00f1o. El invierno es un momento para la reflexi\u00f3n, un momento para reunir energ\u00eda para impulsar proyectos, pr\u00e1cticas y campa\u00f1as durante el resto del a\u00f1o. Desde <a href=\"https:\/\/www.businessinsider.com\/scientific-benefits-of-nature-outdoors-2016-4\/#1-improved-short-term-memory-1\" target=\"_blank\" rel=\"noopener\">mejora de la memoria, la concentraci\u00f3n y la creatividad para reducir la inflamaci\u00f3n<\/a>\u2026no hay raz\u00f3n por la que no debamos salir a caminar todos los malditos d\u00edas.<\/p>\n<\/div><\/section><\/p>\n<\/div><\/div>\n<style type=\"text\/css\" data-created_by=\"avia_inline_auto\" id=\"style-css-av-uakin-362f76cf51297c32ff707eebd7de6e78\">\n.flex_cell.av-uakin-362f76cf51297c32ff707eebd7de6e78{\nvertical-align:top;\n}\n.responsive #top #wrap_all .flex_cell.av-uakin-362f76cf51297c32ff707eebd7de6e78{\npadding:30px 30px 30px 30px !important;\n}\n<\/style>\n<div class='flex_cell av-uakin-362f76cf51297c32ff707eebd7de6e78 av-gridrow-cell av_one_fourth no_margin  avia-builder-el-100  el_after_av_cell_one_fourth  el_before_av_cell_one_fourth  content-align-top'  ><div class='flex_cell_inner'><p>\n<style type=\"text\/css\" data-created_by=\"avia_inline_auto\" id=\"style-css-av-tjci3-15-3117cbec7337747245e8d93e3ed6c288\">\n.avia-image-container.av-tjci3-15-3117cbec7337747245e8d93e3ed6c288 img.avia_image{\nbox-shadow:none;\n}\n.avia-image-container.av-tjci3-15-3117cbec7337747245e8d93e3ed6c288 .av-image-caption-overlay-center{\ncolor:#ffffff;\n}\n<\/style>\n<div  class='avia-image-container av-tjci3-15-3117cbec7337747245e8d93e3ed6c288 av-styling- av-img-linked avia-align-center  avia-builder-el-101  el_before_av_textblock  avia-builder-el-first'   itemprop=\"image\" itemscope=\"itemscope\" itemtype=\"https:\/\/schema.org\/ImageObject\" ><div class=\"avia-image-container-inner\"><div class=\"avia-image-overlay-wrap\"><a href=\"https:\/\/www.lionsroar.com\/5-practices-to-help-you-skillfully-contemplate-climate-change\/\" class='avia_image'  target=\"_blank\"  rel=\"noopener noreferrer\" aria-label='Pr\u00e1cticas budistas para enfrentar el cambio clim\u00e1tico'><img decoding=\"async\" fetchpriority=\"high\" class='wp-image-122969 avia-img-lazy-loading-not-122969 avia_image' src=\"https:\/\/boulder.earth\/wp-content\/uploads\/2019\/01\/Buddhist-Practices-Tackle-Climate-Change-300x164.jpg\" alt='' title='Pr\u00e1cticas budistas para enfrentar el cambio clim\u00e1tico'  height=\"164\" width=\"300\"  itemprop=\"thumbnailUrl\"  \/><\/a><\/div><\/div><\/div><br \/>\n<section  class='av_textblock_section av-sn80r-14-b7d30c45899a0192f03d737adffb6d98'   itemscope=\"itemscope\" itemtype=\"https:\/\/schema.org\/CreativeWork\" ><div class='avia_textblock'  itemprop=\"text\" ><h4 style=\"text-align: center;\"><a href=\"https:\/\/www.lionsroar.com\/5-practices-to-help-you-skillfully-contemplate-climate-change\/\" target=\"_blank\" rel=\"noopener\"><b>Cinco pr\u00e1cticas budistas para abordar el cambio clim\u00e1tico:<\/b><\/a><\/h4>\n<p>El cambio clim\u00e1tico est\u00e1 aqu\u00ed y con los estragos que ha estado causando, es dif\u00edcil mantenerse en tierra. nos encontramos <a href=\"https:\/\/www.lionsroar.com\/5-practices-to-help-you-skillfully-contemplate-climate-change\/\" target=\"_blank\" rel=\"noopener\">Este art\u00edculo<\/a> y quer\u00eda compartir (\u00a1adem\u00e1s, estas pr\u00e1cticas tambi\u00e9n pueden ayudarnos a navegar la locura navide\u00f1a!). \u201cLas pr\u00e1cticas espirituales no son alternativas a la acci\u00f3n r\u00e1pida y sabia. Son disciplinas complementarias a la educaci\u00f3n y el activismo. Los recursos espirituales pueden ayudarnos a pasar de la desesperaci\u00f3n al activismo sostenible\u201d.<\/p>\n<\/div><\/section><\/p>\n<\/div><\/div>\n<style type=\"text\/css\" data-created_by=\"avia_inline_auto\" id=\"style-css-av-sdkvj-090f46e7973d90fe99bcc465b4a3289a\">\n.flex_cell.av-sdkvj-090f46e7973d90fe99bcc465b4a3289a{\nvertical-align:top;\n}\n.responsive #top #wrap_all .flex_cell.av-sdkvj-090f46e7973d90fe99bcc465b4a3289a{\npadding:30px 30px 30px 30px !important;\n}\n<\/style>\n<div class='flex_cell av-sdkvj-090f46e7973d90fe99bcc465b4a3289a av-gridrow-cell av_one_fourth no_margin  avia-builder-el-103  el_after_av_cell_one_fourth  avia-builder-el-last  content-align-top'  ><div class='flex_cell_inner'><p>\n<style type=\"text\/css\" data-created_by=\"avia_inline_auto\" id=\"style-css-av-v60oz-6-32dffc615f55c2aeff5ebefde96017a9\">\n.avia-image-container.av-v60oz-6-32dffc615f55c2aeff5ebefde96017a9 img.avia_image{\nbox-shadow:none;\n}\n.avia-image-container.av-v60oz-6-32dffc615f55c2aeff5ebefde96017a9 .av-image-caption-overlay-center{\ncolor:#ffffff;\n}\n<\/style>\n<div  class='avia-image-container av-v60oz-6-32dffc615f55c2aeff5ebefde96017a9 av-styling- av-img-linked avia-align-center  avia-builder-el-104  el_before_av_textblock  avia-builder-el-first'   itemprop=\"image\" itemscope=\"itemscope\" itemtype=\"https:\/\/schema.org\/ImageObject\" ><div class=\"avia-image-container-inner\"><div class=\"avia-image-overlay-wrap\"><a href=\"http:\/\/www.asmallgroup.net\/pages\/images\/pages\/CES_jan2007.pdf\" class='avia_image'  target=\"_blank\"  rel=\"noopener noreferrer\" aria-label='naturaleza c\u00edvica'><img decoding=\"async\" fetchpriority=\"high\" class='wp-image-122973 avia-img-lazy-loading-not-122973 avia_image' src=\"https:\/\/boulder.earth\/wp-content\/uploads\/2019\/01\/civic-nature-300x164.jpg\" alt='' title='naturaleza c\u00edvica'  height=\"164\" width=\"300\"  itemprop=\"thumbnailUrl\"  \/><\/a><\/div><\/div><\/div><br \/>\n<section  class='av_textblock_section av-usb3j-5-00d9929c49d59b196a8ba8e5758bb59e'   itemscope=\"itemscope\" itemtype=\"https:\/\/schema.org\/CreativeWork\" ><div class='avia_textblock'  itemprop=\"text\" ><h4 style=\"text-align: center;\"><a href=\"http:\/\/www.asmallgroup.net\/pages\/images\/pages\/CES_jan2007.pdf\"><b>Compromiso c\u00edvico y la restauraci\u00f3n de la comunidad: un manual<\/b><\/a><\/h4>\n<p>Despu\u00e9s de las elecciones a\u00fan queda mucho trabajo por hacer. \u00a1Asi que! Pensamos, qu\u00e9 diablos, compartamos un viejo pero bueno: un &quot;folleto escrito para ciudadanos que se preocupan por el bienestar de su comunidad&quot;.<\/p>\n<\/div><\/section><\/p>\n<\/div><\/div>\n<\/div>\n<div id='av-layout-grid-9'  class='av-layout-grid-container av-wnxnz-11-165e0e5578b26660b367e991db57784f entry-content-wrapper alternate_color av-border-cells av-flex-cells  avia-builder-el-106  el_after_av_layout_row  el_before_av_layout_row  grid-row-not-first  container_wrap sidebar_right'  >\n\n<style type=\"text\/css\" data-created_by=\"avia_inline_auto\" id=\"style-css-av-vykgz-7-3fb89220096122e0fd1d8f1809dc5e0d\">\n.flex_cell.av-vykgz-7-3fb89220096122e0fd1d8f1809dc5e0d{\nvertical-align:top;\n}\n.responsive #top #wrap_all .flex_cell.av-vykgz-7-3fb89220096122e0fd1d8f1809dc5e0d{\npadding:30px 30px 30px 30px !important;\n}\n<\/style>\n<div class='flex_cell av-vykgz-7-3fb89220096122e0fd1d8f1809dc5e0d av-gridrow-cell av_one_fourth no_margin  avia-builder-el-107  el_before_av_cell_one_fourth  avia-builder-el-first  content-align-top'  ><div class='flex_cell_inner'><p>\n<style type=\"text\/css\" data-created_by=\"avia_inline_auto\" id=\"style-css-av-ant8d1m-4a98c8f14b806ce034b0d3c40b9db6ba\">\n.avia-image-container.av-ant8d1m-4a98c8f14b806ce034b0d3c40b9db6ba img.avia_image{\nbox-shadow:none;\n}\n.avia-image-container.av-ant8d1m-4a98c8f14b806ce034b0d3c40b9db6ba .av-image-caption-overlay-center{\ncolor:#ffffff;\n}\n<\/style>\n<div  class='avia-image-container av-ant8d1m-4a98c8f14b806ce034b0d3c40b9db6ba av-styling- av-img-linked avia-align-center  avia-builder-el-108  el_before_av_textblock  avia-builder-el-first'   itemprop=\"image\" itemscope=\"itemscope\" itemtype=\"https:\/\/schema.org\/ImageObject\" ><div class=\"avia-image-container-inner\"><div class=\"avia-image-overlay-wrap\"><a href=\"https:\/\/www.theguardian.com\/environment\/2016\/mar\/21\/eat-less-meat-vegetarianism-dangerous-global-warming\" class='avia_image'  target=\"_blank\"  rel=\"noopener noreferrer\" aria-label='carne sayonara'><img decoding=\"async\" fetchpriority=\"high\" class='wp-image-39807 avia-img-lazy-loading-not-39807 avia_image' src=\"https:\/\/boulder.earth\/wp-content\/uploads\/2018\/01\/sayonara-meat.jpg\" alt='' title='carne sayonara'  height=\"164\" width=\"300\"  itemprop=\"thumbnailUrl\"  \/><\/a><\/div><\/div><\/div><br \/>\n<section  class='av_textblock_section av-ae85itm-fb4ff62ee7705f9dd132e0f285f065a3'   itemscope=\"itemscope\" itemtype=\"https:\/\/schema.org\/CreativeWork\" ><div class='avia_textblock'  itemprop=\"text\" ><h4 style=\"text-align: center;\"><a href=\"https:\/\/issuu.com\/vegsoc\/docs\/new_veggie_guide_v2_web\" target=\"_blank\" rel=\"noopener\"><b>Di &quot;\u00a1Sayonara!&quot; \u00a1a la carne!<\/b><\/a><\/h4>\n<p>S\u00ed, s\u00ed, s\u00ed, lo hemos escuchado antes: comer menos carne puede reducir significativamente nuestra huella de carbono. Bueno, lo decimos de nuevo porque <i>es cierto<\/i>! Haga de este su a\u00f1o de lunes sin carne (o... \u00a1todos los d\u00edas sin carne!). Aqu\u00ed esta la <a href=\"https:\/\/www.theguardian.com\/environment\/2016\/mar\/21\/eat-less-meat-vegetarianism-dangerous-global-warming\" target=\"_blank\" rel=\"noopener\"><b>por qu\u00e9<\/b><\/a>, y aqu\u00ed est\u00e1 el <a href=\"https:\/\/issuu.com\/vegsoc\/docs\/new_veggie_guide_v2_web\" target=\"_blank\" rel=\"noopener\"><b>c\u00f3mo<\/b><\/a>.<\/p>\n<\/div><\/section><\/p>\n<\/div><\/div>\n<style type=\"text\/css\" data-created_by=\"avia_inline_auto\" id=\"style-css-av-uakin-4-c3c4eaa3bedaef68c13de61f4aa18bd5\">\n.flex_cell.av-uakin-4-c3c4eaa3bedaef68c13de61f4aa18bd5{\nvertical-align:top;\n}\n.responsive #top #wrap_all .flex_cell.av-uakin-4-c3c4eaa3bedaef68c13de61f4aa18bd5{\npadding:30px 30px 30px 30px !important;\n}\n<\/style>\n<div class='flex_cell av-uakin-4-c3c4eaa3bedaef68c13de61f4aa18bd5 av-gridrow-cell av_one_fourth no_margin  avia-builder-el-110  el_after_av_cell_one_fourth  el_before_av_cell_one_fourth  content-align-top'  ><div class='flex_cell_inner'><p>\n<style type=\"text\/css\" data-created_by=\"avia_inline_auto\" id=\"style-css-av-tjci3-3-49ffc9ed3b785ede2a9d84e87b5882bc\">\n.avia-image-container.av-tjci3-3-49ffc9ed3b785ede2a9d84e87b5882bc img.avia_image{\nbox-shadow:none;\n}\n.avia-image-container.av-tjci3-3-49ffc9ed3b785ede2a9d84e87b5882bc .av-image-caption-overlay-center{\ncolor:#ffffff;\n}\n<\/style>\n<div  class='avia-image-container av-tjci3-3-49ffc9ed3b785ede2a9d84e87b5882bc av-styling- av-img-linked avia-align-center  avia-builder-el-111  el_before_av_textblock  avia-builder-el-first'   itemprop=\"image\" itemscope=\"itemscope\" itemtype=\"https:\/\/schema.org\/ImageObject\" ><div class=\"avia-image-container-inner\"><div class=\"avia-image-overlay-wrap\"><a href=\"https:\/\/www.evmatch.com\/\" class='avia_image'  target=\"_blank\"  rel=\"noopener noreferrer\" aria-label='partido ev'><img decoding=\"async\" fetchpriority=\"high\" class='wp-image-90322 avia-img-lazy-loading-not-90322 avia_image' src=\"https:\/\/boulder.earth\/wp-content\/uploads\/2018\/07\/ev-match.jpg\" alt='' title='partido ev'  height=\"164\" width=\"300\"  itemprop=\"thumbnailUrl\"  \/><\/a><\/div><\/div><\/div><br \/>\n<section  class='av_textblock_section av-sn80r-2-04f9ac75c64fd6631783547e0839cfab'   itemscope=\"itemscope\" itemtype=\"https:\/\/schema.org\/CreativeWork\" ><div class='avia_textblock'  itemprop=\"text\" ><h4 style=\"text-align: center;\"><a href=\"https:\/\/www.evmatch.com\/\" target=\"_blank\" rel=\"noopener\"><b>\u00a1Reg\u00edstrese en EVmatch, otro receptor del Boulder Energy Challenge!<\/b><\/a><\/h4>\n<p>A trav\u00e9s de EVmatch, las personas alquilan sus estaciones de carga privadas, ganan dinero y respaldan m\u00e1s veh\u00edculos el\u00e9ctricos en el camino. Los conductores de veh\u00edculos el\u00e9ctricos aprovechan la econom\u00eda compartida para encontrar, reservar y pagar f\u00e1cilmente la carga con unos pocos clics r\u00e1pidos en su aplicaci\u00f3n. <a href=\"https:\/\/www.evmatch.com\/\" target=\"_blank\" rel=\"noopener\">Reg\u00edstrate y aprende m\u00e1s aqu\u00ed!<\/a><\/p>\n<\/div><\/section><\/p>\n<\/div><\/div>\n<style type=\"text\/css\" data-created_by=\"avia_inline_auto\" id=\"style-css-av-sdkvj-1-73ecfa551cc7a4e816e0ecaa1e3de379\">\n.flex_cell.av-sdkvj-1-73ecfa551cc7a4e816e0ecaa1e3de379{\nvertical-align:top;\n}\n.responsive #top #wrap_all .flex_cell.av-sdkvj-1-73ecfa551cc7a4e816e0ecaa1e3de379{\npadding:30px 30px 30px 30px !important;\n}\n<\/style>\n<div class='flex_cell av-sdkvj-1-73ecfa551cc7a4e816e0ecaa1e3de379 av-gridrow-cell av_one_fourth no_margin  avia-builder-el-113  el_after_av_cell_one_fourth  el_before_av_cell_one_fourth  content-align-top'  ><div class='flex_cell_inner'><p>\n<style type=\"text\/css\" data-created_by=\"avia_inline_auto\" id=\"style-css-av-c1bd63u-7c18c31df96be8a1c9f1a55e0f9d94d7\">\n.avia-image-container.av-c1bd63u-7c18c31df96be8a1c9f1a55e0f9d94d7 img.avia_image{\nbox-shadow:none;\n}\n.avia-image-container.av-c1bd63u-7c18c31df96be8a1c9f1a55e0f9d94d7 .av-image-caption-overlay-center{\ncolor:#ffffff;\n}\n<\/style>\n<div  class='avia-image-container av-c1bd63u-7c18c31df96be8a1c9f1a55e0f9d94d7 av-styling- av-img-linked avia-align-center  avia-builder-el-114  el_before_av_textblock  avia-builder-el-first'   itemprop=\"image\" itemscope=\"itemscope\" itemtype=\"https:\/\/schema.org\/ImageObject\" ><div class=\"avia-image-container-inner\"><div class=\"avia-image-overlay-wrap\"><a href=\"http:\/\/RoadmaptoRenewableLiving.com\" class='avia_image'  target=\"_blank\"  rel=\"noopener noreferrer\" aria-label='energ\u00eda-iq-aislamiento'><img decoding=\"async\" fetchpriority=\"high\" class='wp-image-18694 avia-img-lazy-loading-not-18694 avia_image' src=\"https:\/\/boulder.earth\/wp-content\/uploads\/2014\/03\/energy-iq-insulation.jpg\" alt='' title='energ\u00eda-iq-aislamiento'  height=\"164\" width=\"300\"  itemprop=\"thumbnailUrl\"  \/><\/a><\/div><\/div><\/div><br \/>\n<section  class='av_textblock_section av-bxql3yi-9fbf8ad1ded2495dee95d4210f6465fd'   itemscope=\"itemscope\" itemtype=\"https:\/\/schema.org\/CreativeWork\" ><div class='avia_textblock'  itemprop=\"text\" ><h4 style=\"text-align: center;\"><b>Transforme su impacto energ\u00e9tico en el hogar<\/b><\/h4>\n<p>La transici\u00f3n de su hogar de los combustibles f\u00f3siles puede tener un impacto positivo en su salud Y ahorrarle dinero. Si desea tomar medidas clim\u00e1ticas a nivel dom\u00e9stico, <a href=\"https:\/\/bouldercolorado.gov\/sustainability\/four-big-moves?utm_source=godaddy&amp;utm_medium=redirect&amp;utm_campaign=roadmaptorenewableliving.com\" target=\"_blank\" rel=\"noopener\"><strong>estas cuatro acciones<\/strong><\/a>\u2014maximizando su eficiencia energ\u00e9tica, impulsando su vida con energ\u00eda renovable, electrificando su calefacci\u00f3n y refrigeraci\u00f3n, y transporte limpio\u2014realmente se suman y marcan la diferencia.<\/p>\n<\/div><\/section><\/p>\n<\/div><\/div>\n<style type=\"text\/css\" data-created_by=\"avia_inline_auto\" id=\"style-css-av-ql0nb-19-aecb87eb44a4d64fb134c1ce14b596e7\">\n.flex_cell.av-ql0nb-19-aecb87eb44a4d64fb134c1ce14b596e7{\nvertical-align:top;\n}\n.responsive #top #wrap_all .flex_cell.av-ql0nb-19-aecb87eb44a4d64fb134c1ce14b596e7{\npadding:30px 30px 30px 30px !important;\n}\n<\/style>\n<div class='flex_cell av-ql0nb-19-aecb87eb44a4d64fb134c1ce14b596e7 av-gridrow-cell av_one_fourth no_margin  avia-builder-el-116  el_after_av_cell_one_fourth  avia-builder-el-last  content-align-top'  ><div class='flex_cell_inner'><p>\n<style type=\"text\/css\" data-created_by=\"avia_inline_auto\" id=\"style-css-av-pzm1n-dce1615f1e4e6173367d5145bf24e40d\">\n.avia-image-container.av-pzm1n-dce1615f1e4e6173367d5145bf24e40d img.avia_image{\nbox-shadow:none;\n}\n.avia-image-container.av-pzm1n-dce1615f1e4e6173367d5145bf24e40d .av-image-caption-overlay-center{\ncolor:#ffffff;\n}\n<\/style>\n<div  class='avia-image-container av-pzm1n-dce1615f1e4e6173367d5145bf24e40d av-styling- av-img-linked avia-align-center  avia-builder-el-117  el_before_av_textblock  avia-builder-el-first'   itemprop=\"image\" itemscope=\"itemscope\" itemtype=\"https:\/\/schema.org\/ImageObject\" ><div class=\"avia-image-container-inner\"><div class=\"avia-image-overlay-wrap\"><a href=\"https:\/\/coloradocarbonfund.org\/colorado-carbon-license-plates\/\" class='avia_image'  target=\"_blank\"  rel=\"noopener noreferrer\" aria-label='placa de credito de carbono'><img decoding=\"async\" fetchpriority=\"high\" class='wp-image-108216 avia-img-lazy-loading-not-108216 avia_image' src=\"https:\/\/boulder.earth\/wp-content\/uploads\/2018\/09\/carbon-credit-plate.png\" alt='' title='placa de credito de carbono'  height=\"164\" width=\"300\"  itemprop=\"thumbnailUrl\"  \/><\/a><\/div><\/div><\/div><br \/>\n<section  class='av_textblock_section av-pe6qz-e527ed1d990e76a0e03a08933bdfbda4'   itemscope=\"itemscope\" itemtype=\"https:\/\/schema.org\/CreativeWork\" ><div class='avia_textblock'  itemprop=\"text\" ><h4 style=\"text-align: center;\"><a href=\"https:\/\/www.coloradocarbonfund.org\/\" target=\"_blank\" rel=\"noopener\"><b>Compensa las emisiones de tu autom\u00f3vil e invierte en Colorado Farmers <\/b><\/a><\/h4>\n<p>El programa de Placas de Licencia de Carbono Neutral de Colorado Carbon Fund apoya proyectos de reducci\u00f3n de carbono en el estado para mitigar los efectos del cambio clim\u00e1tico. Con casi 2,000 placas ahora en los veh\u00edculos de Colorado, est\u00e1n educando a las personas y las empresas locales sobre el cambio clim\u00e1tico mientras invierten nuevamente en nuestro estado. <a href=\"https:\/\/www.coloradocarbonfund.org\/\" target=\"_blank\" rel=\"noopener\">\u00a1Act\u00faa aqu\u00ed!<\/a><\/p>\n<\/div><\/section><\/p>\n<\/div><\/div>\n<\/div>\n<div id='av-layout-grid-10'  class='av-layout-grid-container av-19ujqlt6-77f74e10a83e42810e32533a3a82fc3c entry-content-wrapper alternate_color av-border-cells av-flex-cells  avia-builder-el-119  el_after_av_layout_row  el_before_av_layout_row  grid-row-not-first  container_wrap sidebar_right'  >\n\n<style type=\"text\/css\" data-created_by=\"avia_inline_auto\" id=\"style-css-av-19g1cvmy-e25565bca28e7c2b09cc1e7bb87e940a\">\n.flex_cell.av-19g1cvmy-e25565bca28e7c2b09cc1e7bb87e940a{\nvertical-align:top;\n}\n.responsive #top #wrap_all .flex_cell.av-19g1cvmy-e25565bca28e7c2b09cc1e7bb87e940a{\npadding:30px 30px 30px 30px !important;\n}\n<\/style>\n<div class='flex_cell av-19g1cvmy-e25565bca28e7c2b09cc1e7bb87e940a av-gridrow-cell av_one_fourth no_margin  avia-builder-el-120  el_before_av_cell_one_fourth  avia-builder-el-first  content-align-top'  ><div class='flex_cell_inner'><p>\n<style type=\"text\/css\" data-created_by=\"avia_inline_auto\" id=\"style-css-av-18rzom22-e087162b81a533ed6a7f54f28dd0f5cf\">\n.avia-image-container.av-18rzom22-e087162b81a533ed6a7f54f28dd0f5cf img.avia_image{\nbox-shadow:none;\n}\n.avia-image-container.av-18rzom22-e087162b81a533ed6a7f54f28dd0f5cf .av-caption-image-overlay-bg{\nopacity:0.4;\nbackground-color:#000000;\n}\n.avia-image-container.av-18rzom22-e087162b81a533ed6a7f54f28dd0f5cf .av-image-caption-overlay-center{\ncolor:#ffffff;\n}\n<\/style>\n<div  class='avia-image-container av-18rzom22-e087162b81a533ed6a7f54f28dd0f5cf av-styling- av-img-linked avia-align-center  avia-builder-el-121  el_before_av_textblock  avia-builder-el-first  noHover av-overlay-hover-deactivate'   itemprop=\"image\" itemscope=\"itemscope\" itemtype=\"https:\/\/schema.org\/ImageObject\" ><div class=\"avia-image-container-inner\"><div class=\"avia-image-overlay-wrap\"><a href=\"https:\/\/bouldercolorado.gov\/solar\/solar-rebate-and-solar-grant-programs\" class='avia_image'  target=\"_blank\"  rel=\"noopener noreferrer\" aria-label='casas_solares'><div class=\"av-image-caption-overlay\"><div class=\"av-caption-image-overlay-bg\"><\/div><div class=\"av-image-caption-overlay-position\"><div class=\"av-image-caption-overlay-center\"><p>OFERTA CADUCADA<\/p>\n<\/div><\/div><\/div><img decoding=\"async\" fetchpriority=\"high\" class='wp-image-62789 avia-img-lazy-loading-not-62789 avia_image' src=\"https:\/\/boulder.earth\/wp-content\/uploads\/2018\/04\/solar_houses-1.jpg\" alt='' title='casas_solares'  height=\"164\" width=\"310\"  itemprop=\"thumbnailUrl\" srcset=\"https:\/\/boulder.earth\/wp-content\/uploads\/2018\/04\/solar_houses-1.jpg 310w, https:\/\/boulder.earth\/wp-content\/uploads\/2018\/04\/solar_houses-1-300x159.jpg 300w\" sizes=\"(max-width: 310px) 100vw, 310px\" \/><\/a><\/div><\/div><\/div><br \/>\n<section  class='av_textblock_section av-187xsj2i-dd9e463dc1bf871d4f51f46eab262d87'   itemscope=\"itemscope\" itemtype=\"https:\/\/schema.org\/CreativeWork\" ><div class='avia_textblock'  itemprop=\"text\" ><h4 style=\"text-align: center;\"><a href=\"https:\/\/bouldercolorado.gov\/solar\/solar-rebate-and-solar-grant-programs\" target=\"_blank\" rel=\"noopener\"><b>\u00a1La energ\u00eda solar es m\u00e1s asequible con subvenciones o reembolsos solares de la ciudad! <\/b><\/a><\/h4>\n<p>Los residentes de Boulder y las empresas que hayan instalado sistemas solares el\u00e9ctricos o solares t\u00e9rmicos (agua caliente) en su propiedad pueden ser elegibles para un reembolso del impuesto sobre las ventas y el uso. La ciudad puede reembolsar aproximadamente el 15 por ciento del impuesto sobre las ventas y el uso de la ciudad pagado sobre materiales y permisos para la instalaci\u00f3n solar. <a href=\"https:\/\/bouldercolorado.gov\/solar\/solar-rebate-and-solar-grant-programs\" target=\"_blank\" rel=\"noopener\">Aprende m\u00e1s<\/a><\/p>\n<\/div><\/section><\/p>\n<\/div><\/div>\n<style type=\"text\/css\" data-created_by=\"avia_inline_auto\" id=\"style-css-av-4e6wdu2-1301c2d3ec4ae4a25c7ab45c804d7591\">\n.flex_cell.av-4e6wdu2-1301c2d3ec4ae4a25c7ab45c804d7591{\nvertical-align:top;\n}\n.responsive #top #wrap_all .flex_cell.av-4e6wdu2-1301c2d3ec4ae4a25c7ab45c804d7591{\npadding:30px 30px 30px 30px !important;\n}\n<\/style>\n<div class='flex_cell av-4e6wdu2-1301c2d3ec4ae4a25c7ab45c804d7591 av-gridrow-cell av_one_fourth no_margin  avia-builder-el-123  el_after_av_cell_one_fourth  el_before_av_cell_one_fourth  content-align-top'  ><div class='flex_cell_inner'><p>\n<style type=\"text\/css\" data-created_by=\"avia_inline_auto\" id=\"style-css-av-178wukyy-203a3b0327664f5e9253740adfc54624\">\n.avia-image-container.av-178wukyy-203a3b0327664f5e9253740adfc54624 img.avia_image{\nbox-shadow:none;\n}\n.avia-image-container.av-178wukyy-203a3b0327664f5e9253740adfc54624 .av-image-caption-overlay-center{\ncolor:#ffffff;\n}\n<\/style>\n<div  class='avia-image-container av-178wukyy-203a3b0327664f5e9253740adfc54624 av-styling- av-img-linked avia-align-center  avia-builder-el-124  el_before_av_textblock  avia-builder-el-first'   itemprop=\"image\" itemscope=\"itemscope\" itemtype=\"https:\/\/schema.org\/ImageObject\" ><div class=\"avia-image-container-inner\"><div class=\"avia-image-overlay-wrap\"><a href=\"http:\/\/www.energysmartyes.com\/rebates-financing\/\" class='avia_image'  target=\"_blank\"  rel=\"noopener noreferrer\" aria-label='descuentos geniales energysmart'><img decoding=\"async\" fetchpriority=\"high\" class='wp-image-74560 avia-img-lazy-loading-not-74560 avia_image' src=\"https:\/\/boulder.earth\/wp-content\/uploads\/2018\/05\/energysmart-chill.jpg\" alt='' title='descuentos geniales energysmart'  height=\"164\" width=\"300\"  itemprop=\"thumbnailUrl\"  \/><\/a><\/div><\/div><\/div><br \/>\n<section  class='av_textblock_section av-170lhu0a-ade9c64d6d8d1e051fc0d10112761355'   itemscope=\"itemscope\" itemtype=\"https:\/\/schema.org\/CreativeWork\" ><div class='avia_textblock'  itemprop=\"text\" ><h4 style=\"text-align: center;\"><a href=\"http:\/\/www.energysmartyes.com\/rebates-financing\/\" target=\"_blank\" rel=\"noopener\"><b>\u00a1Nuevos reembolsos EnergySmart!<\/b><\/a><\/h4>\n<p>\u00a1EnergySmart tiene nuevos reembolsos disponibles para mejoras de eficiencia energ\u00e9tica en su hogar! Cualquier residente del condado de Boulder es elegible para este servicio gratuito y debe llamar a su <a href=\"http:\/\/www.energysmartyes.com\/\" target=\"_blank\" rel=\"noopener\">EnergySmart<\/a> Asesor al 303.544.1000 antes de realizar cualquier actualizaci\u00f3n o comprar electrodom\u00e9sticos. Todos los reembolsos se pueden usar solos o combinados con financiamiento para financiar completamente su actualizaci\u00f3n, que incluye energ\u00eda solar, calefacci\u00f3n y refrigeraci\u00f3n renovables, aislamiento y m\u00e1s.<\/p>\n<\/div><\/section><\/p>\n<\/div><\/div>\n<style type=\"text\/css\" data-created_by=\"avia_inline_auto\" id=\"style-css-av-16f93soa-c2fc431eac9d50e9414e53fa39eaf72c\">\n.flex_cell.av-16f93soa-c2fc431eac9d50e9414e53fa39eaf72c{\nvertical-align:top;\n}\n.responsive #top #wrap_all .flex_cell.av-16f93soa-c2fc431eac9d50e9414e53fa39eaf72c{\npadding:30px 30px 30px 30px !important;\n}\n<\/style>\n<div class='flex_cell av-16f93soa-c2fc431eac9d50e9414e53fa39eaf72c av-gridrow-cell av_one_fourth no_margin  avia-builder-el-126  el_after_av_cell_one_fourth  el_before_av_cell_one_fourth  content-align-top'  ><div class='flex_cell_inner'><p>\n<style type=\"text\/css\" data-created_by=\"avia_inline_auto\" id=\"style-css-av-1641fwiy-ae2c354fa93b278e7fbb2552114bacd3\">\n.avia-image-container.av-1641fwiy-ae2c354fa93b278e7fbb2552114bacd3 img.avia_image{\nbox-shadow:none;\n}\n.avia-image-container.av-1641fwiy-ae2c354fa93b278e7fbb2552114bacd3 .av-image-caption-overlay-center{\ncolor:#ffffff;\n}\n<\/style>\n<div  class='avia-image-container av-1641fwiy-ae2c354fa93b278e7fbb2552114bacd3 av-styling- av-img-linked avia-align-center  avia-builder-el-127  el_before_av_textblock  avia-builder-el-first'   itemprop=\"image\" itemscope=\"itemscope\" itemtype=\"https:\/\/schema.org\/ImageObject\" ><div class=\"avia-image-container-inner\"><div class=\"avia-image-overlay-wrap\"><a href=\"https:\/\/energyinnovationact.org\/\" class='avia_image'  target=\"_blank\"  rel=\"noopener noreferrer\" aria-label='ccl-capitolio-peque\u00f1o'><img decoding=\"async\" fetchpriority=\"high\" class='wp-image-18211 avia-img-lazy-loading-not-18211 avia_image' src=\"https:\/\/boulder.earth\/wp-content\/uploads\/2014\/03\/ccl-capitol-small.jpg\" alt='' title='ccl-capitolio-peque\u00f1o'  height=\"164\" width=\"300\"  itemprop=\"thumbnailUrl\"  \/><\/a><\/div><\/div><\/div><br \/>\n<section  class='av_textblock_section av-15hzidca-efa10d3ed60a20f975671a56338d773f'   itemscope=\"itemscope\" itemtype=\"https:\/\/schema.org\/CreativeWork\" ><div class='avia_textblock'  itemprop=\"text\" ><h4 style=\"text-align: center;\"><a href=\"https:\/\/energyinnovationact.org\/\" target=\"_blank\" rel=\"noopener\"><b>Ley de Innovaci\u00f3n Energ\u00e9tica y Dividendos de Carbono<\/b><\/a><\/h4>\n<p id=\"yui_3_17_2_1_1517964016063_167\" class=\"text-align-center\">La Ley de Innovaci\u00f3n Energ\u00e9tica y Dividendos de Carbono (HR 763) reducir\u00e1 la contaminaci\u00f3n de carbono de Estados Unidos y controlar\u00e1 el cambio clim\u00e1tico, al mismo tiempo que dar\u00e1 rienda suelta a la innovaci\u00f3n tecnol\u00f3gica y el ingenio estadounidenses. Esta pol\u00edtica tambi\u00e9n se present\u00f3 en el Senado en 2018 como S. 3791. <strong><a href=\"https:\/\/energyinnovationact.org\/\">M\u00e1s informaci\u00f3n sobre la iniciativa<\/a><\/strong>.<\/p>\n<\/div><\/section><\/p>\n<\/div><\/div>\n<style type=\"text\/css\" data-created_by=\"avia_inline_auto\" id=\"style-css-av-1536pk2y-88a6efee98ea8baf7f56938084d09526\">\n.flex_cell.av-1536pk2y-88a6efee98ea8baf7f56938084d09526{\nvertical-align:top;\n}\n.responsive #top #wrap_all .flex_cell.av-1536pk2y-88a6efee98ea8baf7f56938084d09526{\npadding:30px 30px 30px 30px !important;\n}\n<\/style>\n<div class='flex_cell av-1536pk2y-88a6efee98ea8baf7f56938084d09526 av-gridrow-cell av_one_fourth no_margin  avia-builder-el-129  el_after_av_cell_one_fourth  avia-builder-el-last  content-align-top'  ><div class='flex_cell_inner'><p>\n<style type=\"text\/css\" data-created_by=\"avia_inline_auto\" id=\"style-css-av-14vmg156-72ae4f814a53c2fc4dddfa0c8d62da0f\">\n.avia-image-container.av-14vmg156-72ae4f814a53c2fc4dddfa0c8d62da0f img.avia_image{\nbox-shadow:none;\n}\n.avia-image-container.av-14vmg156-72ae4f814a53c2fc4dddfa0c8d62da0f .av-image-caption-overlay-center{\ncolor:#ffffff;\n}\n<\/style>\n<div  class='avia-image-container av-14vmg156-72ae4f814a53c2fc4dddfa0c8d62da0f av-styling- av-img-linked avia-align-center  avia-builder-el-130  el_before_av_textblock  avia-builder-el-first'   itemprop=\"image\" itemscope=\"itemscope\" itemtype=\"https:\/\/schema.org\/ImageObject\" ><div class=\"avia-image-container-inner\"><div class=\"avia-image-overlay-wrap\"><a href=\"https:\/\/conps.org\/wp-content\/uploads\/2015\/05\/Low-Water-Native-Plants-for-Pollinators-brochure-6-8-15.pdf\" class='avia_image'  target=\"_blank\"  rel=\"noopener noreferrer\" aria-label='BajoAguaPlantas'><img decoding=\"async\" fetchpriority=\"high\" class='wp-image-61805 avia-img-lazy-loading-not-61805 avia_image' src=\"https:\/\/boulder.earth\/wp-content\/uploads\/2018\/04\/LowWaterPlants.jpg\" alt='' title='BajoAguaPlantas'  height=\"167\" width=\"300\"  itemprop=\"thumbnailUrl\"  \/><\/a><\/div><\/div><\/div><br \/>\n<section  class='av_textblock_section av-413d2q2-30d4ead515530957694637d0ffe737a0'   itemscope=\"itemscope\" itemtype=\"https:\/\/schema.org\/CreativeWork\" ><div class='avia_textblock'  itemprop=\"text\" ><h4 style=\"text-align: center;\"><a href=\"https:\/\/conps.org\/wp-content\/uploads\/2015\/05\/Low-Water-Native-Plants-for-Pollinators-brochure-6-8-15.pdf\" target=\"_blank\" rel=\"noopener\"><b>\u00a1Plante flores que florezcan durante toda la temporada! \u00a0<i><br \/>\n<\/i><\/b><\/a><\/h4>\n<p>Los polinizadores necesitan comida desde la primavera hasta el oto\u00f1o, as\u00ed que planta tantas flores como puedas de diferentes colores, formas y tipos para crear una mezcla heterog\u00e9nea de n\u00e9ctar y polen. <a href=\"https:\/\/conps.org\/wp-content\/uploads\/2015\/05\/Low-Water-Native-Plants-for-Pollinators-brochure-6-8-15.pdf\">Estas plantas de poca agua<\/a> son perfectas para jardines de polinizadores en nuestro clima y esta gu\u00eda le muestra qu\u00e9 plantas florecen durante cada estaci\u00f3n.<\/p>\n<\/div><\/section><\/p>\n<\/div><\/div>\n<\/div>\n<div id='av-layout-grid-11'  class='av-layout-grid-container av-rojug0a-bfbc55297dc5db38e58abd09d3451ec1 entry-content-wrapper alternate_color av-border-cells av-flex-cells  avia-builder-el-132  el_after_av_layout_row  el_before_av_section  grid-row-not-first  container_wrap sidebar_right'  >\n\n<style type=\"text\/css\" data-created_by=\"avia_inline_auto\" id=\"style-css-av-rf8comi-ae76b7c84757b8766fdab27c768b31ab\">\n.flex_cell.av-rf8comi-ae76b7c84757b8766fdab27c768b31ab{\nvertical-align:top;\n}\n.responsive #top #wrap_all .flex_cell.av-rf8comi-ae76b7c84757b8766fdab27c768b31ab{\npadding:30px 30px 30px 30px !important;\n}\n<\/style>\n<div class='flex_cell av-rf8comi-ae76b7c84757b8766fdab27c768b31ab av-gridrow-cell av_one_fourth no_margin  avia-builder-el-133  el_before_av_cell_one_fourth  avia-builder-el-first  content-align-top'  ><div class='flex_cell_inner'><p>\n<style type=\"text\/css\" data-created_by=\"avia_inline_auto\" id=\"style-css-av-r3qg4ve-b79bf785c682ea4b5beeca816efce8a6\">\n.avia-image-container.av-r3qg4ve-b79bf785c682ea4b5beeca816efce8a6 img.avia_image{\nbox-shadow:none;\n}\n.avia-image-container.av-r3qg4ve-b79bf785c682ea4b5beeca816efce8a6 .av-image-caption-overlay-center{\ncolor:#ffffff;\n}\n<\/style>\n<div  class='avia-image-container av-r3qg4ve-b79bf785c682ea4b5beeca816efce8a6 av-styling- av-img-linked avia-align-center  avia-builder-el-134  el_before_av_textblock  avia-builder-el-first'   itemprop=\"image\" itemscope=\"itemscope\" itemtype=\"https:\/\/schema.org\/ImageObject\" ><div class=\"avia-image-container-inner\"><div class=\"avia-image-overlay-wrap\"><a href=\"https:\/\/www.mapdwell.com\/en\/solar\/boulder\" class='avia_image'  target=\"_blank\"  rel=\"noopener noreferrer\" aria-label='sistema solar'><img decoding=\"async\" fetchpriority=\"high\" class='wp-image-46473 avia-img-lazy-loading-not-46473 avia_image' src=\"https:\/\/boulder.earth\/wp-content\/uploads\/2018\/02\/solarsystem.jpg\" alt='' title='sistema solar'  height=\"164\" width=\"300\"  itemprop=\"thumbnailUrl\"  \/><\/a><\/div><\/div><\/div><br \/>\n<section  class='av_textblock_section av-qhlu5gq-b2c60f82506ca6aa3dedd68ca1d5211f'   itemscope=\"itemscope\" itemtype=\"https:\/\/schema.org\/CreativeWork\" ><div class='avia_textblock'  itemprop=\"text\" ><h4 style=\"text-align: center;\"><a href=\"https:\/\/www.mapdwell.com\/en\/solar\/boulder\" target=\"_blank\" rel=\"noopener\"><b>Descubre tu potencial solar<\/b><\/a><\/h4>\n<p>Las decisiones de vivienda de los individuos \u2013d\u00f3nde y c\u00f3mo vivir\u2013 tienen el potencial de impulsar la sostenibilidad. Sin embargo, los ciudadanos a menudo carecen de las herramientas necesarias para informar su toma de decisiones. Usa este incre\u00edblemente genial y f\u00e1cil <a href=\"https:\/\/www.mapdwell.com\/en\/solar\/boulder\" target=\"_blank\" rel=\"noopener\"><b>herramienta en l\u00ednea<\/b><\/a> para descubrir cu\u00e1l es el potencial solar de tu casa. \u00a1El futuro est\u00e1 aqu\u00ed!<\/p>\n<\/div><\/section><\/p>\n<\/div><\/div>\n<style type=\"text\/css\" data-created_by=\"avia_inline_auto\" id=\"style-css-av-puah8tm-b966affff3f8b63478cd7216c1a6a0ae\">\n.flex_cell.av-puah8tm-b966affff3f8b63478cd7216c1a6a0ae{\nvertical-align:top;\n}\n.responsive #top #wrap_all .flex_cell.av-puah8tm-b966affff3f8b63478cd7216c1a6a0ae{\npadding:30px 30px 30px 30px !important;\n}\n<\/style>\n<div class='flex_cell av-puah8tm-b966affff3f8b63478cd7216c1a6a0ae av-gridrow-cell av_one_fourth no_margin  avia-builder-el-136  el_after_av_cell_one_fourth  el_before_av_cell_one_fourth  content-align-top'  ><div class='flex_cell_inner'><p>\n<style type=\"text\/css\" data-created_by=\"avia_inline_auto\" id=\"style-css-av-pn2ptl6-b9de21c0b463663057ca9743cb9b9456\">\n.avia-image-container.av-pn2ptl6-b9de21c0b463663057ca9743cb9b9456 img.avia_image{\nbox-shadow:none;\n}\n.avia-image-container.av-pn2ptl6-b9de21c0b463663057ca9743cb9b9456 .av-image-caption-overlay-center{\ncolor:#ffffff;\n}\n<\/style>\n<div  class='avia-image-container av-pn2ptl6-b9de21c0b463663057ca9743cb9b9456 av-styling- av-img-linked avia-align-center  avia-builder-el-137  el_before_av_textblock  avia-builder-el-first'   itemprop=\"image\" itemscope=\"itemscope\" itemtype=\"https:\/\/schema.org\/ImageObject\" ><div class=\"avia-image-container-inner\"><div class=\"avia-image-overlay-wrap\"><a href=\"http:\/\/www.bezero.org\/bezeropledge\/\" class='avia_image'  target=\"_blank\"  rel=\"noopener noreferrer\" aria-label='hacer menos basura'><img decoding=\"async\" fetchpriority=\"high\" class='wp-image-39790 avia-img-lazy-loading-not-39790 avia_image' src=\"https:\/\/boulder.earth\/wp-content\/uploads\/2018\/01\/make-less-trash.jpg\" alt='' title='hacer menos basura'  height=\"164\" width=\"300\"  itemprop=\"thumbnailUrl\"  \/><\/a><\/div><\/div><\/div><br \/>\n<section  class='av_textblock_section av-p08mhhm-173e7b8a32626a0f35fe870dd45d1bbe'   itemscope=\"itemscope\" itemtype=\"https:\/\/schema.org\/CreativeWork\" ><div class='avia_textblock'  itemprop=\"text\" ><h4 style=\"text-align: center;\"><a href=\"http:\/\/www.bezero.org\/bezeropledge\/\" target=\"_blank\" rel=\"noopener\"><b>\u00a1Haz el compromiso de \u201cHacer menos basura\u201d!<\/b><\/a><\/h4>\n<p style=\"text-align: left;\">Cuando se trata de reducir nuestra huella de basura, no podemos hacer todo, pero todos podemos hacer algo. Cada uno de nosotros puede reducir dr\u00e1sticamente nuestra huella individual de basura y pl\u00e1stico con unos pocos pasos conscientes. <a href=\"http:\/\/www.bezero.org\/bezeropledge\/\" target=\"_blank\" rel=\"noopener\"><b>toma la promesa<\/b><\/a> con sus vecinos, familiares y amigos y haga de 2018 su a\u00f1o m\u00e1s limpio y verde hasta la fecha.<\/p>\n<\/div><\/section><\/p>\n<\/div><\/div>\n<style type=\"text\/css\" data-created_by=\"avia_inline_auto\" id=\"style-css-av-oooghmy-4c8010aa4c12af663f1ecd1e4da099d4\">\n.flex_cell.av-oooghmy-4c8010aa4c12af663f1ecd1e4da099d4{\nvertical-align:top;\n}\n.responsive #top #wrap_all .flex_cell.av-oooghmy-4c8010aa4c12af663f1ecd1e4da099d4{\npadding:30px 30px 30px 30px !important;\n}\n<\/style>\n<div class='flex_cell av-oooghmy-4c8010aa4c12af663f1ecd1e4da099d4 av-gridrow-cell av_one_fourth no_margin  avia-builder-el-139  el_after_av_cell_one_fourth  el_before_av_cell_one_fourth  content-align-top'  ><div class='flex_cell_inner'><p>\n<style type=\"text\/css\" data-created_by=\"avia_inline_auto\" id=\"style-css-av-i4oeq0a-f10f5f64ca7843183f0f7e49dc83ef47\">\n.avia-image-container.av-i4oeq0a-f10f5f64ca7843183f0f7e49dc83ef47 img.avia_image{\nbox-shadow:none;\n}\n.avia-image-container.av-i4oeq0a-f10f5f64ca7843183f0f7e49dc83ef47 .av-image-caption-overlay-center{\ncolor:#ffffff;\n}\n<\/style>\n<div  class='avia-image-container av-i4oeq0a-f10f5f64ca7843183f0f7e49dc83ef47 av-styling- av-img-linked avia-align-center  avia-builder-el-140  el_before_av_textblock  avia-builder-el-first'   itemprop=\"image\" itemscope=\"itemscope\" itemtype=\"https:\/\/schema.org\/ImageObject\" ><div class=\"avia-image-container-inner\"><div class=\"avia-image-overlay-wrap\"><a href=\"https:\/\/conservationcenter.org\/gardens\/\" class='avia_image'  target=\"_blank\"  rel=\"noopener noreferrer\" aria-label='jard\u00edn en una caja'><img decoding=\"async\" fetchpriority=\"high\" class='wp-image-18213 avia-img-lazy-loading-not-18213 avia_image' src=\"https:\/\/boulder.earth\/wp-content\/uploads\/2014\/03\/garden-in-a-box.jpg\" alt='' title='jard\u00edn en una caja'  height=\"164\" width=\"300\"  itemprop=\"thumbnailUrl\"  \/><\/a><\/div><\/div><\/div><br \/>\n<section  class='av_textblock_section av-hwy6v0q-f5500dacced894806aab0f20a1982212'   itemscope=\"itemscope\" itemtype=\"https:\/\/schema.org\/CreativeWork\" ><div class='avia_textblock'  itemprop=\"text\" ><h4 style=\"text-align: center;\"><b>Plante un \u201cjard\u00edn en una caja\u201d que aproveche el agua<\/b><\/h4>\n<p>Garden in a Box ofrece un enfoque simple para la jardiner\u00eda que ahorra agua. Estos kits de jard\u00edn dise\u00f1ados profesionalmente contienen de 14 a 28 plantas perennes iniciales, una gu\u00eda completa de plantas y cuidado, al menos 1 planta por mapa num\u00e9rico, recursos educativos sobre pr\u00e1cticas de conservaci\u00f3n del agua y los principios de Xeriscape, y otra informaci\u00f3n valiosa que lo ayuda a apoyar la conservaci\u00f3n del agua. con pr\u00e1cticas sostenibles. <a href=\"https:\/\/conservationcenter.org\/gardens\/\"><b>\u00a1Consigue el tuyo aqu\u00ed!<\/b><\/a><\/p>\n<\/div><\/section><\/p>\n<\/div><\/div>\n<style type=\"text\/css\" data-created_by=\"avia_inline_auto\" id=\"style-css-av-n5dxyui-25d8fa4b6d1431b06d71aa361e96d8a4\">\n.flex_cell.av-n5dxyui-25d8fa4b6d1431b06d71aa361e96d8a4{\nvertical-align:top;\n}\n.responsive #top #wrap_all .flex_cell.av-n5dxyui-25d8fa4b6d1431b06d71aa361e96d8a4{\npadding:30px 30px 30px 30px !important;\n}\n<\/style>\n<div class='flex_cell av-n5dxyui-25d8fa4b6d1431b06d71aa361e96d8a4 av-gridrow-cell av_one_fourth no_margin  avia-builder-el-142  el_after_av_cell_one_fourth  avia-builder-el-last  content-align-top'  ><div class='flex_cell_inner'><p>\n<style type=\"text\/css\" data-created_by=\"avia_inline_auto\" id=\"style-css-av-mkrkkne-520791ee8890f7015804e52dbbbcfbbd\">\n.avia-image-container.av-mkrkkne-520791ee8890f7015804e52dbbbcfbbd img.avia_image{\nbox-shadow:none;\n}\n.avia-image-container.av-mkrkkne-520791ee8890f7015804e52dbbbcfbbd .av-image-caption-overlay-center{\ncolor:#ffffff;\n}\n<\/style>\n<div  class='avia-image-container av-mkrkkne-520791ee8890f7015804e52dbbbcfbbd av-styling- av-img-linked avia-align-center  avia-builder-el-143  el_before_av_textblock  avia-builder-el-first'   itemprop=\"image\" itemscope=\"itemscope\" itemtype=\"https:\/\/schema.org\/ImageObject\" ><div class=\"avia-image-container-inner\"><div class=\"avia-image-overlay-wrap\"><a href=\"https:\/\/protectourwinters.org\/climate-activists-roadmap\/\" class='avia_image'  target=\"_blank\"  rel=\"noopener noreferrer\" aria-label='POWsActivistHoja de ruta'><img decoding=\"async\" fetchpriority=\"high\" class='wp-image-44448 avia-img-lazy-loading-not-44448 avia_image' src=\"https:\/\/boulder.earth\/wp-content\/uploads\/2018\/01\/POWsActivistRoadmap.jpg\" alt='' title='POWsActivistHoja de ruta'  height=\"164\" width=\"300\"  itemprop=\"thumbnailUrl\"  \/><\/a><\/div><\/div><\/div><br \/>\n<section  class='av_textblock_section av-280g2yy-69b524d401d7eb9ac6af512fff30c2e5'   itemscope=\"itemscope\" itemtype=\"https:\/\/schema.org\/CreativeWork\" ><div class='avia_textblock'  itemprop=\"text\" ><h4 style=\"text-align: center;\">Consulte la hoja de ruta para activistas de POW<\/h4>\n<p>Ahora m\u00e1s que nunca, es importante que todos seamos activistas clim\u00e1ticos, haciendo todo lo posible para forzar un cambio positivo. Protect Our Winters est\u00e1 movilizando a la comunidad de deportes al aire libre contra el cambio clim\u00e1tico y han reunido un conjunto muy claro de <a href=\"https:\/\/protectourwinters.org\/climate-activists-roadmap\/\" target=\"_blank\" rel=\"noopener\">Siete maneras poderosas de marcar la diferencia<\/a>.<\/p>\n<\/div><\/section><\/p>\n<\/div><\/div>\n<\/div>\n\n<style type=\"text\/css\" data-created_by=\"avia_inline_auto\" id=\"style-css-av-9vxwoei-d888294911b6a1cbf037eb67814aa7bd\">\n.avia-section.av-9vxwoei-d888294911b6a1cbf037eb67814aa7bd{\nbackground-color:#f5f5f5;\nbackground-image:unset;\n}\n<\/style>\n<div id='av_section_2'  class='avia-section av-9vxwoei-d888294911b6a1cbf037eb67814aa7bd main_color avia-section-default avia-no-shadow  avia-builder-el-145  el_after_av_layout_row  el_before_av_layout_row  avia-bg-style-scroll container_wrap sidebar_right'  ><div class='container av-section-cont-open' ><div class='template-page content  av-content-small alpha units'><div class='post-entry post-entry-type-page post-entry-44426'><div class='entry-content-wrapper clearfix'>\n\n<style type=\"text\/css\" data-created_by=\"avia_inline_auto\" id=\"style-css-av-9j7ah4a-35b07502dcd28c677c0979118a0d0564\">\n#top .av_textblock_section.av-9j7ah4a-35b07502dcd28c677c0979118a0d0564 .avia_textblock{\ncolor:#1a9af4;\n}\n<\/style>\n<section  class='av_textblock_section av-9j7ah4a-35b07502dcd28c677c0979118a0d0564'   itemscope=\"itemscope\" itemtype=\"https:\/\/schema.org\/CreativeWork\" ><div class='avia_textblock av_inherit_color'  itemprop=\"text\" ><h1 style=\"text-align: center;\">Vea c\u00f3mo se est\u00e1 involucrando la comunidad<\/h1>\n<\/div><\/section>\n\n<\/div><\/div><\/div><!-- close content main div --><\/div><\/div><div id='av-layout-grid-12'  class='av-layout-grid-container av-933xkcq-67eaea31cf1b5b03c8e422cd7e1d9290 entry-content-wrapper alternate_color av-border-cells av-flex-cells  avia-builder-el-147  el_after_av_section  el_before_av_layout_row  grid-row-not-first  container_wrap sidebar_right'  >\n\n<style type=\"text\/css\" data-created_by=\"avia_inline_auto\" id=\"style-css-av-8fhz556-b7a1e14beaee88751cc39e639a24a149\">\n.flex_cell.av-8fhz556-b7a1e14beaee88751cc39e639a24a149{\nvertical-align:top;\n}\n.responsive #top #wrap_all .flex_cell.av-8fhz556-b7a1e14beaee88751cc39e639a24a149{\npadding:30px 30px 30px 30px !important;\n}\n<\/style>\n<div class='flex_cell av-8fhz556-b7a1e14beaee88751cc39e639a24a149 av-gridrow-cell av_one_half no_margin  avia-builder-el-148  el_before_av_cell_one_half  avia-builder-el-first  content-align-top'  ><div class='flex_cell_inner'><section  class='av_textblock_section av-7utgl62-daf95ea6f3f043911ebc34ad9edd7d98'   itemscope=\"itemscope\" itemtype=\"https:\/\/schema.org\/CreativeWork\" ><div class='avia_textblock'  itemprop=\"text\" ><h4 style=\"text-align: center;\">Cuatro Acciones con Impacto<\/h4>\n<div class='avia-iframe-wrap'><iframe loading=\"lazy\" title=\"Cuatro Acciones con Impacto\" src=\"https:\/\/player.vimeo.com\/video\/239168263?dnt=1&amp;app_id=122963\" width=\"1500\" height=\"844\" frameborder=\"0\" allow=\"autoplay; fullscreen; picture-in-picture; clipboard-write; encrypted-media; web-share\"><\/iframe><\/div>\n<\/div><\/section>\n<\/div><\/div>\n<style type=\"text\/css\" data-created_by=\"avia_inline_auto\" id=\"style-css-av-7mz6z9m-aa9111fdfe05075021a98b621eb344f9\">\n.flex_cell.av-7mz6z9m-aa9111fdfe05075021a98b621eb344f9{\nvertical-align:top;\n}\n.responsive #top #wrap_all .flex_cell.av-7mz6z9m-aa9111fdfe05075021a98b621eb344f9{\npadding:30px 30px 30px 30px !important;\n}\n<\/style>\n<div class='flex_cell av-7mz6z9m-aa9111fdfe05075021a98b621eb344f9 av-gridrow-cell av_one_half no_margin  avia-builder-el-150  el_after_av_cell_one_half  avia-builder-el-last  content-align-top'  ><div class='flex_cell_inner'><section  class='av_textblock_section av-75be6cq-57cb4e3142bd3a16b0134f2f54c2e036'   itemscope=\"itemscope\" itemtype=\"https:\/\/schema.org\/CreativeWork\" ><div class='avia_textblock'  itemprop=\"text\" ><h4 style=\"text-align: center;\">\u00bfY si rechazamos la basura?<\/h4>\n<div class='avia-iframe-wrap'><iframe loading=\"lazy\" title=\"\u00bfY si rechazamos la basura? | Andrea Sanders | TEDxAruba\" width=\"1500\" height=\"844\" src=\"https:\/\/www.youtube.com\/embed\/G22DOQ0-Vn0?feature=oembed\" frameborder=\"0\" allow=\"accelerometer; autoplay; clipboard-write; encrypted-media; gyroscope; picture-in-picture; web-share\" referrerpolicy=\"strict-origin-when-cross-origin\" allowfullscreen><\/iframe><\/div>\n<\/div><\/section>\n<\/div><\/div>\n<\/div>\n<div id='av-layout-grid-13'  class='av-layout-grid-container av-6mqo3oq-b658ff1d6600828885fb55207fc16ced entry-content-wrapper alternate_color av-border-cells av-flex-cells  avia-builder-el-152  el_after_av_layout_row  el_before_av_layout_row  grid-row-not-first  container_wrap sidebar_right'  >\n\n<style type=\"text\/css\" data-created_by=\"avia_inline_auto\" id=\"style-css-av-63vn896-5dd74edd41ed34147e71709de669eb4c\">\n.flex_cell.av-63vn896-5dd74edd41ed34147e71709de669eb4c{\nvertical-align:top;\n}\n.responsive #top #wrap_all .flex_cell.av-63vn896-5dd74edd41ed34147e71709de669eb4c{\npadding:30px 30px 30px 30px !important;\n}\n<\/style>\n<div class='flex_cell av-63vn896-5dd74edd41ed34147e71709de669eb4c av-gridrow-cell av_one_third no_margin  avia-builder-el-153  el_before_av_cell_one_third  avia-builder-el-first  content-align-top'  ><div class='flex_cell_inner'><section  class='av_textblock_section av-5kflr62-4c03ecea3abacbdbdf671b03f13a1796'   itemscope=\"itemscope\" itemtype=\"https:\/\/schema.org\/CreativeWork\" ><div class='avia_textblock'  itemprop=\"text\" ><h4 style=\"text-align: center;\">Aqu\u00ed est\u00e1 c\u00f3mo solucionarlo<\/h4>\n<div class='avia-iframe-wrap'><iframe loading=\"lazy\" title=\"Somos Zero Waste Boulder: Clasificaci\u00f3n 101\" src=\"https:\/\/player.vimeo.com\/video\/221900545?h=b393f866ef&amp;dnt=1&amp;app_id=122963\" width=\"1500\" height=\"844\" frameborder=\"0\" allow=\"autoplay; fullscreen; picture-in-picture\" allowfullscreen><\/iframe><\/div>\n<\/div><\/section>\n<\/div><\/div>\n<style type=\"text\/css\" data-created_by=\"avia_inline_auto\" id=\"style-css-av-58o44kq-a6f5fb5094116099e3a4485db5a5e953\">\n.flex_cell.av-58o44kq-a6f5fb5094116099e3a4485db5a5e953{\nvertical-align:top;\n}\n.responsive #top #wrap_all .flex_cell.av-58o44kq-a6f5fb5094116099e3a4485db5a5e953{\npadding:30px 30px 30px 30px !important;\n}\n<\/style>\n<div class='flex_cell av-58o44kq-a6f5fb5094116099e3a4485db5a5e953 av-gridrow-cell av_one_third no_margin  avia-builder-el-155  el_after_av_cell_one_third  el_before_av_cell_one_third  content-align-top'  ><div class='flex_cell_inner'><section  class='av_textblock_section av-4ve7hai-23ead8e78cf3d1fc223efa3340f75412'   itemscope=\"itemscope\" itemtype=\"https:\/\/schema.org\/CreativeWork\" ><div class='avia_textblock'  itemprop=\"text\" ><h4 style=\"text-align: center;\">Cantando nuestro camino hacia un futuro renovable<\/h4>\n<div class='avia-iframe-wrap'><iframe loading=\"lazy\" title=\"Tr\u00e1iler de brillo\" src=\"https:\/\/player.vimeo.com\/video\/217043976?dnt=1&amp;app_id=122963\" width=\"1500\" height=\"844\" frameborder=\"0\" allow=\"autoplay; fullscreen; picture-in-picture; clipboard-write; encrypted-media; web-share\"><\/iframe><\/div>\n<\/div><\/section>\n<\/div><\/div>\n<style type=\"text\/css\" data-created_by=\"avia_inline_auto\" id=\"style-css-av-46xesy2-e8d6c73a84431ebbe9a8ece58a6ef809\">\n.flex_cell.av-46xesy2-e8d6c73a84431ebbe9a8ece58a6ef809{\nvertical-align:top;\n}\n.responsive #top #wrap_all .flex_cell.av-46xesy2-e8d6c73a84431ebbe9a8ece58a6ef809{\npadding:30px 30px 30px 30px !important;\n}\n<\/style>\n<div class='flex_cell av-46xesy2-e8d6c73a84431ebbe9a8ece58a6ef809 av-gridrow-cell av_one_third no_margin  avia-builder-el-157  el_after_av_cell_one_third  avia-builder-el-last  content-align-top'  ><div class='flex_cell_inner'><section  class='av_textblock_section av-3vyz4oa-1dc6d03533846f49c25f8c1554d5a171'   itemscope=\"itemscope\" itemtype=\"https:\/\/schema.org\/CreativeWork\" ><div class='avia_textblock'  itemprop=\"text\" ><h4 style=\"text-align: center;\">Viaja con Boulder Food Rescue<\/h4>\n<div class='avia-iframe-wrap'><iframe loading=\"lazy\" title=\"Rescate de alimentos de Boulder - \u00bfC\u00f3mo funciona?\" width=\"1500\" height=\"844\" src=\"https:\/\/www.youtube.com\/embed\/LXKfDr6aQnc?feature=oembed\" frameborder=\"0\" allow=\"accelerometer; autoplay; clipboard-write; encrypted-media; gyroscope; picture-in-picture; web-share\" referrerpolicy=\"strict-origin-when-cross-origin\" allowfullscreen><\/iframe><\/div>\n<\/div><\/section>\n<\/div><\/div>\n<\/div>\n<div id='av-layout-grid-14'  class='av-layout-grid-container av-ct0vze-ed2562dc8db0e216a456183daff613d0 entry-content-wrapper alternate_color av-border-cells av-flex-cells  avia-builder-el-159  el_after_av_layout_row  avia-builder-el-last  grid-row-not-first  container_wrap sidebar_right'  >\n\n<style type=\"text\/css\" data-created_by=\"avia_inline_auto\" id=\"style-css-av-31gziui-7534766c96fa04609f9b59d9b78bb8cb\">\n.flex_cell.av-31gziui-7534766c96fa04609f9b59d9b78bb8cb{\nvertical-align:top;\n}\n.responsive #top #wrap_all .flex_cell.av-31gziui-7534766c96fa04609f9b59d9b78bb8cb{\npadding:30px 30px 30px 30px !important;\n}\n<\/style>\n<div class='flex_cell av-31gziui-7534766c96fa04609f9b59d9b78bb8cb av-gridrow-cell av_one_third no_margin  avia-builder-el-160  el_before_av_cell_one_third  avia-builder-el-first  content-align-top'  ><div class='flex_cell_inner'><section  class='av_textblock_section av-2fbyjbe-5f6fb85676c018e793557e4c513c71e7'   itemscope=\"itemscope\" itemtype=\"https:\/\/schema.org\/CreativeWork\" ><div class='avia_textblock'  itemprop=\"text\" ><h4 style=\"text-align: center;\">Nosotros Somos Cero Residuos Boulder<\/h4>\n<div class='avia-iframe-wrap'><iframe loading=\"lazy\" title=\"Nosotros Somos Cero Residuos Boulder\" src=\"https:\/\/player.vimeo.com\/video\/152760443?dnt=1&amp;app_id=122963\" width=\"1500\" height=\"844\" frameborder=\"0\" allow=\"autoplay; fullscreen; picture-in-picture; clipboard-write; encrypted-media; web-share\"><\/iframe><\/div>\n<\/div><\/section>\n<\/div><\/div>\n<style type=\"text\/css\" data-created_by=\"avia_inline_auto\" id=\"style-css-av-1w7tqbu-b27077d8adbda5ac66ffc643d7f956b4\">\n.flex_cell.av-1w7tqbu-b27077d8adbda5ac66ffc643d7f956b4{\nvertical-align:top;\n}\n.responsive #top #wrap_all .flex_cell.av-1w7tqbu-b27077d8adbda5ac66ffc643d7f956b4{\npadding:30px 30px 30px 30px !important;\n}\n<\/style>\n<div class='flex_cell av-1w7tqbu-b27077d8adbda5ac66ffc643d7f956b4 av-gridrow-cell av_one_third no_margin  avia-builder-el-162  el_after_av_cell_one_third  el_before_av_cell_one_third  content-align-top'  ><div class='flex_cell_inner'><section  class='av_textblock_section av-1r99u0a-c609784a95682ddcf1ffa70e983bc8ea'   itemscope=\"itemscope\" itemtype=\"https:\/\/schema.org\/CreativeWork\" ><div class='avia_textblock'  itemprop=\"text\" ><h4 style=\"text-align: center;\">Acci\u00f3n clim\u00e1tica en nuestra comunidad<\/h4>\n<div class='avia-iframe-wrap'><iframe loading=\"lazy\" title=\"Acciones clim\u00e1ticas en nuestra comunidad\" src=\"https:\/\/player.vimeo.com\/video\/215269932?dnt=1&amp;app_id=122963\" width=\"1500\" height=\"844\" frameborder=\"0\" allow=\"autoplay; fullscreen; picture-in-picture; clipboard-write; encrypted-media; web-share\"><\/iframe><\/div>\n<\/div><\/section>\n<\/div><\/div>\n<style type=\"text\/css\" data-created_by=\"avia_inline_auto\" id=\"style-css-av-15ictii-a7c882634063d332cbee0e1f3455de52\">\n.flex_cell.av-15ictii-a7c882634063d332cbee0e1f3455de52{\nvertical-align:top;\n}\n.responsive #top #wrap_all .flex_cell.av-15ictii-a7c882634063d332cbee0e1f3455de52{\npadding:30px 30px 30px 30px !important;\n}\n<\/style>\n<div class='flex_cell av-15ictii-a7c882634063d332cbee0e1f3455de52 av-gridrow-cell av_one_third no_margin  avia-builder-el-164  el_after_av_cell_one_third  avia-builder-el-last  content-align-top'  ><div class='flex_cell_inner'><section  class='av_textblock_section av-mm2xpm-214be8ec0b85d6394b3dc718aba01b67'   itemscope=\"itemscope\" itemtype=\"https:\/\/schema.org\/CreativeWork\" ><div class='avia_textblock'  itemprop=\"text\" ><h4 style=\"text-align: center;\">Insp\u00edrate con Xiuhtezcatl Mart\u00ednez<\/h4>\n<div class='avia-iframe-wrap'><iframe loading=\"lazy\" title=\"El adolescente que demanda al gobierno de EE. UU. por el cambio clim\u00e1tico\" width=\"1500\" height=\"844\" src=\"https:\/\/www.youtube.com\/embed\/gXBR5ZrKdws?feature=oembed\" frameborder=\"0\" allow=\"accelerometer; autoplay; clipboard-write; encrypted-media; gyroscope; picture-in-picture; web-share\" referrerpolicy=\"strict-origin-when-cross-origin\" allowfullscreen><\/iframe><\/div>\n<\/div><\/section>\n<\/div><\/div>\n<\/div>","protected":false},"excerpt":{"rendered":"","protected":false},"author":1,"featured_media":0,"parent":0,"menu_order":0,"comment_status":"closed","ping_status":"closed","template":"","meta":{"footnotes":""},"class_list":["post-44426","page","type-page","status-publish","hentry"],"_links":{"self":[{"href":"https:\/\/boulder.earth\/es\/wp-json\/wp\/v2\/pages\/44426","targetHints":{"allow":["GET"]}}],"collection":[{"href":"https:\/\/boulder.earth\/es\/wp-json\/wp\/v2\/pages"}],"about":[{"href":"https:\/\/boulder.earth\/es\/wp-json\/wp\/v2\/types\/page"}],"author":[{"embeddable":true,"href":"https:\/\/boulder.earth\/es\/wp-json\/wp\/v2\/users\/1"}],"replies":[{"embeddable":true,"href":"https:\/\/boulder.earth\/es\/wp-json\/wp\/v2\/comments?post=44426"}],"version-history":[{"count":48,"href":"https:\/\/boulder.earth\/es\/wp-json\/wp\/v2\/pages\/44426\/revisions"}],"predecessor-version":[{"id":6464631,"href":"https:\/\/boulder.earth\/es\/wp-json\/wp\/v2\/pages\/44426\/revisions\/6464631"}],"wp:attachment":[{"href":"https:\/\/boulder.earth\/es\/wp-json\/wp\/v2\/media?parent=44426"}],"curies":[{"name":"wp","href":"https:\/\/api.w.org\/{rel}","templated":true}]}}