{"id":46265,"date":"2018-02-06T17:19:04","date_gmt":"2018-02-06T23:19:04","guid":{"rendered":"http:\/\/boulder.earth\/?page_id=46265"},"modified":"2022-01-13T18:12:12","modified_gmt":"2022-01-14T00:12:12","slug":"fracking","status":"publish","type":"page","link":"https:\/\/boulder.earth\/es\/fracking\/","title":{"rendered":"fracking"},"content":{"rendered":"<section  class='av_textblock_section av-qwt3u55-70f7bbc7a111c837e4750b18daf4a572'   itemscope=\"itemscope\" itemtype=\"https:\/\/schema.org\/CreativeWork\" ><div class='avia_textblock'  itemprop=\"text\" ><h1 style=\"text-align: center;\">El problema del fracking en nuestra comunidad<\/h1>\n<\/div><\/section>\n\n<style type=\"text\/css\" data-created_by=\"avia_inline_auto\" id=\"style-css-av-qbmyunt-a84f6538f2c533da85c6412463d84f14\">\n.flex_column.av-qbmyunt-a84f6538f2c533da85c6412463d84f14{\nborder-radius:0px 0px 0px 0px;\npadding:0px 0px 0px 0px;\n}\n<\/style>\n<div  class='flex_column av-qbmyunt-a84f6538f2c533da85c6412463d84f14 av_one_half  avia-builder-el-1  el_after_av_textblock  el_before_av_one_half  first flex_column_div av-zero-column-padding  column-top-margin'     ><section  class='av_textblock_section av-pylkpbt-ec7f673bd7369d2978b11b88138fdb9d'   itemscope=\"itemscope\" itemtype=\"https:\/\/schema.org\/CreativeWork\" ><div class='avia_textblock'  itemprop=\"text\" ><h2>El r\u00e1pido y sucio:<\/h2>\n<p><span class=\"st\">Fractura hidr\u00e1ulica, o <em>fracking<\/em>, <\/span>es un proceso industrial pesado para extraer petr\u00f3leo y gas natural (metano) de la roca. Millones de barriles de agua mezclados con cientos de productos qu\u00edmicos no revelados (a menudo t\u00f3xicos) y arena se inyectan en la tierra bajo una presi\u00f3n extremadamente alta para romper la roca, mantener esas grietas abiertas con arena y forzar el petr\u00f3leo y el gas natural a la superficie.<\/p>\n<h3><strong>Actualmente en el condado de Boulder...<\/strong><\/h3>\n<p><strong>11,680 acres de espacio abierto<\/strong> y la propiedad privada cerca de casas, escuelas y vecindarios son objeto de <strong>m\u00e1s de 200 pozos de fracking <\/strong>dentro de tres CDP (Planes Integrales de Perforaci\u00f3n) propuestos por Crestone Peak y 8 North LLC.<\/p>\n<h3><strong>\u00bfQuieres profundizar m\u00e1s?<\/strong><\/h3>\n<p>\u2022 Mire los videos Fracking 101 a la derecha (o abajo).<br \/>\n\u2022 Visita 350 Colorados <a href=\"https:\/\/350colorado.org\/fracking-resource-hub\/\" target=\"_blank\" rel=\"noopener noreferrer\">Centro de recursos de fracking<\/a><br \/>\n\u2022 Visita el <a href=\"https:\/\/earthworks.org\/issues\/hydraulic_fracturing_101\/\" target=\"_blank\" rel=\"noopener noreferrer\">P\u00e1gina de fracturamiento hidr\u00e1ulico en EarthWorks<\/a>.<br \/>\n\u2022 Ver mapas de perforaci\u00f3n propuestos: \u00a0 <a href=\"https:\/\/www.hold-our-ground.org\/s\/Boulder_County_Drilling_Map_8_North_Extraction__Crestone.pdf\" target=\"_blank\" rel=\"noopener noreferrer\">Los 3 CDP<\/a> |\u00a0<a href=\"https:\/\/assets.bouldercounty.org\/wp-content\/uploads\/2018\/01\/oil-gas-crestone-cdp-third-draft-proposed-well-sites-map-open-space-layer-20171215.pdf\" target=\"_blank\" rel=\"noopener noreferrer\">pico crest\u00f3n<\/a><br \/>\n\u2022 Echa un vistazo a <a href=\"https:\/\/www.bouldercounty.org\/news\/boulder-county-commissioners-pledge-to-continue-to-protect-public-health-safety-and-the-environment-from-local-oil-gas-development\/\" target=\"_blank\" rel=\"noopener noreferrer\">Enfoque m\u00faltiple del condado de Boulder para el desarrollo de petr\u00f3leo y gas<\/a><br \/>\n\u2022 Buscar lo \u00faltimo <a href=\"https:\/\/www.bouldercounty.org\/property-and-land\/land-use\/planning\/oil-gas-development\/#news\" target=\"_blank\" rel=\"noopener noreferrer\">actualizaciones, eventos, demandas judiciales del condado de Boulder<\/a><\/p>\n<\/div><\/section><\/div>\n\n<style type=\"text\/css\" data-created_by=\"avia_inline_auto\" id=\"style-css-av-omv34u1-a3839f5942ce5a21fe5fd5a5b8128e6a\">\n.flex_column.av-omv34u1-a3839f5942ce5a21fe5fd5a5b8128e6a{\nborder-radius:0px 0px 0px 0px;\npadding:0px 0px 0px 0px;\n}\n<\/style>\n<div  class='flex_column av-omv34u1-a3839f5942ce5a21fe5fd5a5b8128e6a av_one_half  avia-builder-el-3  el_after_av_one_half  el_before_av_submenu  avia-builder-el-last  flex_column_div av-zero-column-padding  column-top-margin'     ><p><div  class='avia-video av-nzbzlbt-665d4dab69589f5c798658da2b4932ff avia-video-16-9 av-no-preview-image avia-video-load-always av-lazyload-immediate av-lazyload-video-embed'  itemprop=\"video\" itemtype=\"https:\/\/schema.org\/VideoObject\"  data-original_url='https:\/\/vimeo.com\/100733818'><script type='text\/html' class='av-video-tmpl'><div class='avia-iframe-wrap'><iframe loading=\"lazy\" title=\"Fracking 101\" src=\"https:\/\/player.vimeo.com\/video\/100733818?h=370b633c1e&amp;dnt=1&amp;app_id=122963&autoplay=0&loop=0&controls=1&muted=0\" width=\"1280\" height=\"720\" frameborder=\"0\" allow=\"autoplay; fullscreen; picture-in-picture\" allowfullscreen><\/iframe><\/div><\/script><div class='av-click-to-play-overlay'><div class=\"avia_playpause_icon\"><\/div><\/div><\/div><br \/>\n<div  class='avia-video av-ni2nmex-766ab01c692a67a0656b744f1fab45cf avia-video-16-9 av-no-preview-image avia-video-load-always av-lazyload-immediate av-lazyload-video-embed'  itemprop=\"video\" itemtype=\"https:\/\/schema.org\/VideoObject\"  data-original_url='https:\/\/www.youtube.com\/watch?v=FuQNqm6dk2g&feature=youtu.be'><script type='text\/html' class='av-video-tmpl'><div class='avia-iframe-wrap'><iframe loading=\"lazy\" title=\"Fracking 101: why fracked gas is dirty and dangerous\" width=\"1500\" height=\"844\" src=\"https:\/\/www.youtube.com\/embed\/FuQNqm6dk2g?feature=oembed&autoplay=0&loop=0&controls=1&mute=0\" frameborder=\"0\" allow=\"accelerometer; autoplay; clipboard-write; encrypted-media; gyroscope; picture-in-picture\" allowfullscreen><\/iframe><\/div><\/script><div class='av-click-to-play-overlay'><div class=\"avia_playpause_icon\"><\/div><\/div><\/div><\/p><\/div>\n<\/div><\/div><\/div><!-- close content main div --><\/div><\/div><div class='clear'><\/div><div id='sub_menu1'  class='av-submenu-container av-ne38as9-cdbc5b19bae69cc3b28f27ad495b5c9f header_color  avia-builder-el-6  el_after_av_one_half  el_before_av_one_full  av-sticky-submenu submenu-not-first container_wrap sidebar_right' style='z-index:301' ><div class='container av-menu-mobile-disabled av-submenu-pos-center'><ul id='av-custom-submenu-1' class='av-subnav-menu' role='menu'>\n<li class='menu-item av-89h5ix-2a40df5ee507bf507a2e3da3e3e2bad7 menu-item-top-level menu-item-top-level-1' role='menuitem'><a href=''  ><span class='avia-bullet'><\/span><span class='avia-menu-text'>Secciones de la p\u00e1gina de fracking: <\/span><\/a><\/li>\n<li class='menu-item av-kws7k49-4cc42be879a3eebbe4c27a12654cbc6a menu-item-top-level av-menu-button av-menu-button-colored menu-item-top-level-2' role='menuitem'><a href='#organizations'  ><span class='avia-bullet'><\/span><span class='avia-menu-text'>Organizaciones<\/span><\/a><\/li>\n<li class='menu-item av-mguag7t-69d1793fdb279d07f235fb27e52d803c menu-item-top-level av-menu-button av-menu-button-colored menu-item-top-level-3' role='menuitem'><a href='#actions'  ><span class='avia-bullet'><\/span><span class='avia-menu-text'>Comportamiento<\/span><\/a><\/li>\n<li class='menu-item av-li17fax-791e8c460ae0eb416377ccbe34642626 menu-item-top-level av-menu-button av-menu-button-colored menu-item-top-level-4' role='menuitem'><a href='#navigating'  ><span class='avia-bullet'><\/span><span class='avia-menu-text'>Navegando por el problema<\/span><\/a><\/li>\n<\/ul><\/div><\/div><div class='sticky_placeholder'><\/div><div id='after_submenu_1'  class='main_color av_default_container_wrap container_wrap sidebar_right'  ><div class='container av-section-cont-open' ><div class='template-page content  av-content-small alpha units'><div class='post-entry post-entry-type-page post-entry-46265'><div class='entry-content-wrapper clearfix'>\n\n<style type=\"text\/css\" data-created_by=\"avia_inline_auto\" id=\"style-css-av-3gbr3tl-3788fe7e9084830fb7f055d59fa5d580\">\n.flex_column.av-3gbr3tl-3788fe7e9084830fb7f055d59fa5d580{\nborder-radius:0px 0px 0px 0px;\npadding:0px 0px 0px 0px;\n}\n<\/style>\n<div  class='flex_column av-3gbr3tl-3788fe7e9084830fb7f055d59fa5d580 av_one_full  avia-builder-el-7  el_after_av_submenu  el_before_av_section  avia-builder-el-no-sibling  first flex_column_div av-zero-column-padding'     ><section  class='av_textblock_section av-2tzp7cp-b4a948ba371f052a23d6cc39e875241c'   itemscope=\"itemscope\" itemtype=\"https:\/\/schema.org\/CreativeWork\" ><div class='avia_textblock'  itemprop=\"text\" ><h1 id=\"organizations\" style=\"text-align: center;\">Organizaciones locales que abordan el fracking<\/h1>\n<\/div><\/section><br \/>\n<div id='av-masonry-1' class='av-masonry av-2hw6mc9-8bf033e491bcb44938a2c9d224e28684 noHover av-flex-size av-large-gap av-hover-overlay-active av-masonry-animation-active av-masonry-col-5 av-caption-on-hover av-caption-style-overlay av-masonry-entries av-mini-columns-overwrite av-mini-columns-3' data-post_id=\"46265\"><div class=\"av-masonry-container isotope av-js-disabled\"><div class='av-masonry-entry isotope-item av-masonry-item-no-image all_sort activism_sort  community_sort  energy_sort  environment_sort  fracking_sort  justice_sort  policy_sort  resources_sort  arts-culture_sort  water_sort  communications_sort  university_sort  education_sort  agriculture_sort  food_sort  resilience_sort  spiritual_sort  pollinators_sort  programproject_sort'><\/div><a href=\"https:\/\/boulder.earth\/es\/organizations\/350-colorado\/\"  id='av-masonry-1-item-11278' data-av-masonry-item='11278' class='av-masonry-entry isotope-item post-11278 portfolio type-portfolio status-publish has-post-thumbnail hentry portfolio_entries-activism portfolio_entries-community portfolio_entries-energy portfolio_entries-environment portfolio_entries-fracking portfolio_entries-justice portfolio_entries-policy portfolio_entries-resources all_sort activism_sort  community_sort  energy_sort  environment_sort  fracking_sort  justice_sort  policy_sort  resources_sort  av-masonry-item-with-image' title=\"350 colorado\"   itemscope=\"itemscope\" itemtype=\"https:\/\/schema.org\/CreativeWork\" ><div class='av-inner-masonry-sizer'><\/div><figure class='av-inner-masonry main_color'><div class=\"av-masonry-outerimage-container\"><div class='av-masonry-image-container'  ><img decoding=\"async\" width=\"500\" height=\"333\" fetchpriority=\"high\" class=\"wp-image-15177 avia-img-lazy-loading-not-15177\"  src=\"https:\/\/boulder.earth\/wp-content\/uploads\/2017\/06\/350colorado-org.png\" title=\"350 colorado\" alt=\"\" srcset=\"https:\/\/boulder.earth\/wp-content\/uploads\/2017\/06\/350colorado-org.png 500w, https:\/\/boulder.earth\/wp-content\/uploads\/2017\/06\/350colorado-org-300x200.png 300w, https:\/\/boulder.earth\/wp-content\/uploads\/2017\/06\/350colorado-org-450x300.png 450w\" sizes=\"(max-width: 500px) 100vw, 500px\" \/><\/div><\/div><figcaption class='av-inner-masonry-content site-background'><div class='av-inner-masonry-content-pos'><div class='av-inner-masonry-content-pos-content'><div class='avia-arrow'><\/div><div class='av-masonry-entry-content entry-content'  itemprop=\"text\" >Trabajando localmente para ayudar a construir el movimiento de base global para resolver la crisis clim\u00e1tica y la transici\u00f3n hacia un futuro sostenible.<\/div><\/div><\/div><\/figcaption><\/figure><\/a><!--end av-masonry entry--><a href=\"https:\/\/boulder.earth\/es\/organizations\/clean-energy-action\/\"  id='av-masonry-1-item-20462' data-av-masonry-item='20462' class='av-masonry-entry isotope-item post-20462 portfolio type-portfolio status-publish has-post-thumbnail hentry portfolio_entries-energy portfolio_entries-fracking portfolio_entries-policy all_sort energy_sort  fracking_sort  policy_sort  av-masonry-item-with-image' title=\"acci\u00f3n de energ\u00eda limpia\"   itemscope=\"itemscope\" itemtype=\"https:\/\/schema.org\/CreativeWork\" ><div class='av-inner-masonry-sizer'><\/div><figure class='av-inner-masonry main_color'><div class=\"av-masonry-outerimage-container\"><div class='av-masonry-image-container'  ><img decoding=\"async\" width=\"500\" height=\"333\" fetchpriority=\"high\" class=\"wp-image-20473 avia-img-lazy-loading-not-20473\"  src=\"https:\/\/boulder.earth\/wp-content\/uploads\/2017\/09\/clean-energy-action.png\" title=\"acci\u00f3n de energ\u00eda limpia\" alt=\"\" srcset=\"https:\/\/boulder.earth\/wp-content\/uploads\/2017\/09\/clean-energy-action.png 500w, https:\/\/boulder.earth\/wp-content\/uploads\/2017\/09\/clean-energy-action-300x200.png 300w, https:\/\/boulder.earth\/wp-content\/uploads\/2017\/09\/clean-energy-action-450x300.png 450w\" sizes=\"(max-width: 500px) 100vw, 500px\" \/><\/div><\/div><figcaption class='av-inner-masonry-content site-background'><div class='av-inner-masonry-content-pos'><div class='av-inner-masonry-content-pos-content'><div class='avia-arrow'><\/div><div class='av-masonry-entry-content entry-content'  itemprop=\"text\" >trabajar a nivel local, estatal y nacional en temas relacionados con la energ\u00eda limpia y la mitigaci\u00f3n del cambio clim\u00e1tico<\/div><\/div><\/div><\/figcaption><\/figure><\/a><!--end av-masonry entry--><a href=\"https:\/\/boulder.earth\/es\/organizations\/colorado-rising\/\"  id='av-masonry-1-item-29068' data-av-masonry-item='29068' class='av-masonry-entry isotope-item post-29068 portfolio type-portfolio status-publish has-post-thumbnail hentry portfolio_entries-activism portfolio_entries-fracking portfolio_entries-justice portfolio_entries-policy all_sort activism_sort  fracking_sort  justice_sort  policy_sort  av-masonry-item-with-image' title=\"ColoradoRising\"   itemscope=\"itemscope\" itemtype=\"https:\/\/schema.org\/CreativeWork\" ><div class='av-inner-masonry-sizer'><\/div><figure class='av-inner-masonry main_color'><div class=\"av-masonry-outerimage-container\"><div class='av-masonry-image-container'  ><img decoding=\"async\" width=\"500\" height=\"333\" fetchpriority=\"high\" class=\"wp-image-29070 avia-img-lazy-loading-not-29070\"  src=\"https:\/\/boulder.earth\/wp-content\/uploads\/2017\/11\/ColoradoRising.png\" title=\"ColoradoRising\" alt=\"\" srcset=\"https:\/\/boulder.earth\/wp-content\/uploads\/2017\/11\/ColoradoRising.png 500w, https:\/\/boulder.earth\/wp-content\/uploads\/2017\/11\/ColoradoRising-300x200.png 300w, https:\/\/boulder.earth\/wp-content\/uploads\/2017\/11\/ColoradoRising-450x300.png 450w\" sizes=\"(max-width: 500px) 100vw, 500px\" \/><\/div><\/div><figcaption class='av-inner-masonry-content site-background'><div class='av-inner-masonry-content-pos'><div class='av-inner-masonry-content-pos-content'><div class='avia-arrow'><\/div><div class='av-masonry-entry-content entry-content'  itemprop=\"text\" >impulsando el esfuerzo de base para aprobar una iniciativa de votaci\u00f3n en todo el estado que establezca protecciones de sentido com\u00fan para nuestras comunidades contra los peligros del desarrollo de petr\u00f3leo y gas y el fracking<\/div><\/div><\/div><\/figcaption><\/figure><\/a><!--end av-masonry entry--><a href=\"https:\/\/boulder.earth\/es\/organizations\/earth-guardians\/\"  id='av-masonry-1-item-13603' data-av-masonry-item='13603' class='av-masonry-entry isotope-item post-13603 portfolio type-portfolio status-publish has-post-thumbnail hentry portfolio_entries-activism portfolio_entries-arts-culture portfolio_entries-community portfolio_entries-fracking portfolio_entries-justice portfolio_entries-policy portfolio_entries-water all_sort activism_sort  arts-culture_sort  community_sort  fracking_sort  justice_sort  policy_sort  water_sort  av-masonry-item-with-image' title=\"guardianes de la tierra\"   itemscope=\"itemscope\" itemtype=\"https:\/\/schema.org\/CreativeWork\" ><div class='av-inner-masonry-sizer'><\/div><figure class='av-inner-masonry main_color'><div class=\"av-masonry-outerimage-container\"><div class='av-masonry-image-container'  ><img decoding=\"async\" width=\"500\" height=\"333\" fetchpriority=\"high\" class=\"wp-image-13604 avia-img-lazy-loading-not-13604\"  src=\"https:\/\/boulder.earth\/wp-content\/uploads\/2017\/07\/earth-guardians.jpg\" title=\"guardianes de la tierra\" alt=\"\" srcset=\"https:\/\/boulder.earth\/wp-content\/uploads\/2017\/07\/earth-guardians.jpg 500w, https:\/\/boulder.earth\/wp-content\/uploads\/2017\/07\/earth-guardians-300x200.jpg 300w, https:\/\/boulder.earth\/wp-content\/uploads\/2017\/07\/earth-guardians-450x300.jpg 450w\" sizes=\"(max-width: 500px) 100vw, 500px\" \/><\/div><\/div><figcaption class='av-inner-masonry-content site-background'><div class='av-inner-masonry-content-pos'><div class='av-inner-masonry-content-pos-content'><div class='avia-arrow'><\/div><div class='av-masonry-entry-content entry-content'  itemprop=\"text\" >Hacer crecer un movimiento resiliente con j\u00f3venes a la vanguardia empoder\u00e1ndolos como l\u00edderes y amplificando su impacto.<\/div><\/div><\/div><\/figcaption><\/figure><\/a><!--end av-masonry entry--><a href=\"https:\/\/boulder.earth\/es\/organizations\/earthworks-community-empowerment-project\/\"  id='av-masonry-1-item-69616' data-av-masonry-item='69616' class='av-masonry-entry isotope-item post-69616 portfolio type-portfolio status-publish has-post-thumbnail hentry portfolio_entries-activism portfolio_entries-communications portfolio_entries-community portfolio_entries-fracking all_sort activism_sort  communications_sort  community_sort  fracking_sort  av-masonry-item-with-image' title=\"movimiento-de-tierras-logo-wt\"   itemscope=\"itemscope\" itemtype=\"https:\/\/schema.org\/CreativeWork\" ><div class='av-inner-masonry-sizer'><\/div><figure class='av-inner-masonry main_color'><div class=\"av-masonry-outerimage-container\"><div class='av-masonry-image-container'  ><img decoding=\"async\" width=\"300\" height=\"200\" fetchpriority=\"high\" class=\"wp-image-5477377 avia-img-lazy-loading-not-5477377\"  src=\"https:\/\/boulder.earth\/wp-content\/uploads\/2018\/04\/earthworks-logo-wt.png\" title=\"movimiento-de-tierras-logo-wt\" alt=\"\" srcset=\"https:\/\/boulder.earth\/wp-content\/uploads\/2018\/04\/earthworks-logo-wt.png 300w, https:\/\/boulder.earth\/wp-content\/uploads\/2018\/04\/earthworks-logo-wt-18x12.png 18w\" sizes=\"(max-width: 300px) 100vw, 300px\" \/><\/div><\/div><figcaption class='av-inner-masonry-content site-background'><div class='av-inner-masonry-content-pos'><div class='av-inner-masonry-content-pos-content'><div class='avia-arrow'><\/div><div class='av-masonry-entry-content entry-content'  itemprop=\"text\" >Una poderosa herramienta que permite a las comunidades utilizar la mejor tecnolog\u00eda disponible para exponer la contaminaci\u00f3n t\u00f3xica del aire procedente del fracking.<\/div><\/div><\/div><\/figcaption><\/figure><\/a><!--end av-masonry entry--><a href=\"https:\/\/boulder.earth\/es\/organizations\/east-boulder-county-united\/\"  id='av-masonry-1-item-59850' data-av-masonry-item='59850' class='av-masonry-entry isotope-item post-59850 portfolio type-portfolio status-publish has-post-thumbnail hentry portfolio_entries-activism portfolio_entries-fracking all_sort activism_sort  fracking_sort  av-masonry-item-with-image' title=\"ebocounited\"   itemscope=\"itemscope\" itemtype=\"https:\/\/schema.org\/CreativeWork\" ><div class='av-inner-masonry-sizer'><\/div><figure class='av-inner-masonry main_color'><div class=\"av-masonry-outerimage-container\"><div class='av-masonry-image-container'  ><img decoding=\"async\" width=\"500\" height=\"333\" fetchpriority=\"high\" class=\"wp-image-59856 avia-img-lazy-loading-not-59856\"  src=\"https:\/\/boulder.earth\/wp-content\/uploads\/2018\/03\/ebocounited.png\" title=\"ebocounited\" alt=\"\" srcset=\"https:\/\/boulder.earth\/wp-content\/uploads\/2018\/03\/ebocounited.png 500w, https:\/\/boulder.earth\/wp-content\/uploads\/2018\/03\/ebocounited-300x200.png 300w, https:\/\/boulder.earth\/wp-content\/uploads\/2018\/03\/ebocounited-450x300.png 450w\" sizes=\"(max-width: 500px) 100vw, 500px\" \/><\/div><\/div><figcaption class='av-inner-masonry-content site-background'><div class='av-inner-masonry-content-pos'><div class='av-inner-masonry-content-pos-content'><div class='avia-arrow'><\/div><div class='av-masonry-entry-content entry-content'  itemprop=\"text\" >Decir no a todos los permisos de petr\u00f3leo y gas en el condado de Boulder, Colorado, a trav\u00e9s de capacitaciones de acci\u00f3n directa, alcance comunitario y educaci\u00f3n.<\/div><\/div><\/div><\/figcaption><\/figure><\/a><!--end av-masonry entry--><a href=\"https:\/\/boulder.earth\/es\/organizations\/empower-our-future\/\"  id='av-masonry-1-item-22420' data-av-masonry-item='22420' class='av-masonry-entry isotope-item post-22420 portfolio type-portfolio status-publish has-post-thumbnail hentry portfolio_entries-activism portfolio_entries-energy portfolio_entries-fracking portfolio_entries-policy all_sort activism_sort  energy_sort  fracking_sort  policy_sort  av-masonry-item-with-image' title=\"empoderar nuestro futuro\"   itemscope=\"itemscope\" itemtype=\"https:\/\/schema.org\/CreativeWork\" ><div class='av-inner-masonry-sizer'><\/div><figure class='av-inner-masonry main_color'><div class=\"av-masonry-outerimage-container\"><div class='av-masonry-image-container'  ><img decoding=\"async\" width=\"500\" height=\"333\" fetchpriority=\"high\" class=\"wp-image-22421 avia-img-lazy-loading-not-22421\"  src=\"https:\/\/boulder.earth\/wp-content\/uploads\/2017\/10\/empower-our-future.png\" title=\"empoderar nuestro futuro\" alt=\"\" srcset=\"https:\/\/boulder.earth\/wp-content\/uploads\/2017\/10\/empower-our-future.png 500w, https:\/\/boulder.earth\/wp-content\/uploads\/2017\/10\/empower-our-future-300x200.png 300w, https:\/\/boulder.earth\/wp-content\/uploads\/2017\/10\/empower-our-future-450x300.png 450w\" sizes=\"(max-width: 500px) 100vw, 500px\" \/><\/div><\/div><figcaption class='av-inner-masonry-content site-background'><div class='av-inner-masonry-content-pos'><div class='av-inner-masonry-content-pos-content'><div class='avia-arrow'><\/div><div class='av-masonry-entry-content entry-content'  itemprop=\"text\" >una coalici\u00f3n de organizaciones e individuos en apoyo de la energ\u00eda limpia para Boulder promoviendo el avance hacia la municipalizaci\u00f3n<\/div><\/div><\/div><\/figcaption><\/figure><\/a><!--end av-masonry entry--><a href=\"https:\/\/boulder.earth\/es\/organizations\/erie-protectors\/\"  id='av-masonry-1-item-69606' data-av-masonry-item='69606' class='av-masonry-entry isotope-item post-69606 portfolio type-portfolio status-publish has-post-thumbnail hentry portfolio_entries-community portfolio_entries-fracking all_sort community_sort  fracking_sort  av-masonry-item-with-image' title=\"ErieProtectoresLogotipo\"   itemscope=\"itemscope\" itemtype=\"https:\/\/schema.org\/CreativeWork\" ><div class='av-inner-masonry-sizer'><\/div><figure class='av-inner-masonry main_color'><div class=\"av-masonry-outerimage-container\"><div class='av-masonry-image-container'  ><img decoding=\"async\" width=\"500\" height=\"333\" fetchpriority=\"high\" class=\"wp-image-69608 avia-img-lazy-loading-not-69608\"  src=\"https:\/\/boulder.earth\/wp-content\/uploads\/2018\/04\/ErieProtectorsLogo.png\" title=\"ErieProtectoresLogotipo\" alt=\"\" srcset=\"https:\/\/boulder.earth\/wp-content\/uploads\/2018\/04\/ErieProtectorsLogo.png 500w, https:\/\/boulder.earth\/wp-content\/uploads\/2018\/04\/ErieProtectorsLogo-300x200.png 300w, https:\/\/boulder.earth\/wp-content\/uploads\/2018\/04\/ErieProtectorsLogo-450x300.png 450w\" sizes=\"(max-width: 500px) 100vw, 500px\" \/><\/div><\/div><figcaption class='av-inner-masonry-content site-background'><div class='av-inner-masonry-content-pos'><div class='av-inner-masonry-content-pos-content'><div class='avia-arrow'><\/div><div class='av-masonry-entry-content entry-content'  itemprop=\"text\" >Un grupo de residentes preocupados de Erie, Colorado, con la intenci\u00f3n de proteger a nuestras familias, nuestros vecindarios y nuestra ciudad de los impactos negativos del desarrollo de petr\u00f3leo y gas.<\/div><\/div><\/div><\/figcaption><\/figure><\/a><!--end av-masonry entry--><a href=\"https:\/\/boulder.earth\/es\/organizations\/food-water-watch\/\"  id='av-masonry-1-item-42893' data-av-masonry-item='42893' class='av-masonry-entry isotope-item post-42893 portfolio type-portfolio status-publish has-post-thumbnail hentry portfolio_entries-activism portfolio_entries-environment portfolio_entries-fracking portfolio_entries-justice portfolio_entries-policy portfolio_entries-water all_sort activism_sort  environment_sort  fracking_sort  justice_sort  policy_sort  water_sort  av-masonry-item-with-image' title=\"reloj-de-comida-y-agua\"   itemscope=\"itemscope\" itemtype=\"https:\/\/schema.org\/CreativeWork\" ><div class='av-inner-masonry-sizer'><\/div><figure class='av-inner-masonry main_color'><div class=\"av-masonry-outerimage-container\"><div class='av-masonry-image-container'  ><img decoding=\"async\" width=\"500\" height=\"333\" fetchpriority=\"high\" class=\"wp-image-42896 avia-img-lazy-loading-not-42896\"  src=\"https:\/\/boulder.earth\/wp-content\/uploads\/2018\/01\/food-and-water-watch.png\" title=\"reloj-de-comida-y-agua\" alt=\"\" srcset=\"https:\/\/boulder.earth\/wp-content\/uploads\/2018\/01\/food-and-water-watch.png 500w, https:\/\/boulder.earth\/wp-content\/uploads\/2018\/01\/food-and-water-watch-300x200.png 300w, https:\/\/boulder.earth\/wp-content\/uploads\/2018\/01\/food-and-water-watch-450x300.png 450w\" sizes=\"(max-width: 500px) 100vw, 500px\" \/><\/div><\/div><figcaption class='av-inner-masonry-content site-background'><div class='av-inner-masonry-content-pos'><div class='av-inner-masonry-content-pos-content'><div class='avia-arrow'><\/div><div class='av-masonry-entry-content entry-content'  itemprop=\"text\" >Defender alimentos saludables y agua limpia para todos, hacer frente a las corporaciones que anteponen las ganancias a las personas y abogar por una democracia que mejore la vida de las personas y proteja nuestro medio ambiente.<\/div><\/div><\/div><\/figcaption><\/figure><\/a><!--end av-masonry entry--><a href=\"https:\/\/boulder.earth\/es\/organizations\/herbal-gardens-wellness\/\"  id='av-masonry-1-item-69627' data-av-masonry-item='69627' class='av-masonry-entry isotope-item post-69627 portfolio type-portfolio status-publish has-post-thumbnail hentry portfolio_entries-community portfolio_entries-fracking all_sort community_sort  fracking_sort  av-masonry-item-with-image' title=\"HerbalJardinesLogotipo\"   itemscope=\"itemscope\" itemtype=\"https:\/\/schema.org\/CreativeWork\" ><div class='av-inner-masonry-sizer'><\/div><figure class='av-inner-masonry main_color'><div class=\"av-masonry-outerimage-container\"><div class='av-masonry-image-container'  ><img decoding=\"async\" width=\"500\" height=\"333\" fetchpriority=\"high\" class=\"wp-image-69634 avia-img-lazy-loading-not-69634\"  src=\"https:\/\/boulder.earth\/wp-content\/uploads\/2018\/04\/HerbalGardensLogo.png\" title=\"HerbalJardinesLogotipo\" alt=\"\" srcset=\"https:\/\/boulder.earth\/wp-content\/uploads\/2018\/04\/HerbalGardensLogo.png 500w, https:\/\/boulder.earth\/wp-content\/uploads\/2018\/04\/HerbalGardensLogo-300x200.png 300w, https:\/\/boulder.earth\/wp-content\/uploads\/2018\/04\/HerbalGardensLogo-450x300.png 450w\" sizes=\"(max-width: 500px) 100vw, 500px\" \/><\/div><\/div><figcaption class='av-inner-masonry-content site-background'><div class='av-inner-masonry-content-pos'><div class='av-inner-masonry-content-pos-content'><div class='avia-arrow'><\/div><div class='av-masonry-entry-content entry-content'  itemprop=\"text\" >Modelo de salud y bienestar centrado en la comunidad que brinda la oportunidad de contribuir como un miembro al bien com\u00fan de la comunidad<\/div><\/div><\/div><\/figcaption><\/figure><\/a><!--end av-masonry entry--><a href=\"https:\/\/boulder.earth\/es\/organizations\/just-transition-collaborative\/\"  id='av-masonry-1-item-20515' data-av-masonry-item='20515' class='av-masonry-entry isotope-item post-20515 portfolio type-portfolio status-publish has-post-thumbnail hentry portfolio_entries-fracking portfolio_entries-justice portfolio_entries-university all_sort fracking_sort  justice_sort  university_sort  av-masonry-item-with-image' title=\"transici\u00f3n-justa-colaborativa\"   itemscope=\"itemscope\" itemtype=\"https:\/\/schema.org\/CreativeWork\" ><div class='av-inner-masonry-sizer'><\/div><figure class='av-inner-masonry main_color'><div class=\"av-masonry-outerimage-container\"><div class='av-masonry-image-container'  ><img decoding=\"async\" width=\"500\" height=\"333\" fetchpriority=\"high\" class=\"wp-image-20542 avia-img-lazy-loading-not-20542\"  src=\"https:\/\/boulder.earth\/wp-content\/uploads\/2017\/09\/just-transition-collaborative.png\" title=\"transici\u00f3n-justa-colaborativa\" alt=\"\" srcset=\"https:\/\/boulder.earth\/wp-content\/uploads\/2017\/09\/just-transition-collaborative.png 500w, https:\/\/boulder.earth\/wp-content\/uploads\/2017\/09\/just-transition-collaborative-300x200.png 300w, https:\/\/boulder.earth\/wp-content\/uploads\/2017\/09\/just-transition-collaborative-450x300.png 450w\" sizes=\"(max-width: 500px) 100vw, 500px\" \/><\/div><\/div><figcaption class='av-inner-masonry-content site-background'><div class='av-inner-masonry-content-pos'><div class='av-inner-masonry-content-pos-content'><div class='avia-arrow'><\/div><div class='av-masonry-entry-content entry-content'  itemprop=\"text\" >participar en asociaciones comunitarias, proyectos e investigaciones para promover la justicia ambiental en la transici\u00f3n hacia una econom\u00eda sostenible<\/div><\/div><\/div><\/figcaption><\/figure><\/a><!--end av-masonry entry--><a href=\"https:\/\/boulder.earth\/es\/organizations\/logic\/\"  id='av-masonry-1-item-42296' data-av-masonry-item='42296' class='av-masonry-entry isotope-item post-42296 portfolio type-portfolio status-publish has-post-thumbnail hentry tag-fracking portfolio_entries-community portfolio_entries-environment portfolio_entries-fracking portfolio_entries-justice portfolio_entries-policy all_sort community_sort  environment_sort  fracking_sort  justice_sort  policy_sort  av-masonry-item-with-image' title=\"l\u00f3gica\"   itemscope=\"itemscope\" itemtype=\"https:\/\/schema.org\/CreativeWork\" ><div class='av-inner-masonry-sizer'><\/div><figure class='av-inner-masonry main_color'><div class=\"av-masonry-outerimage-container\"><div class='av-masonry-image-container'  ><img decoding=\"async\" width=\"500\" height=\"333\" fetchpriority=\"high\" class=\"wp-image-42307 avia-img-lazy-loading-not-42307\"  src=\"https:\/\/boulder.earth\/wp-content\/uploads\/2018\/01\/logic.png\" title=\"l\u00f3gica\" alt=\"\" srcset=\"https:\/\/boulder.earth\/wp-content\/uploads\/2018\/01\/logic.png 500w, https:\/\/boulder.earth\/wp-content\/uploads\/2018\/01\/logic-300x200.png 300w, https:\/\/boulder.earth\/wp-content\/uploads\/2018\/01\/logic-450x300.png 450w\" sizes=\"(max-width: 500px) 100vw, 500px\" \/><\/div><\/div><figcaption class='av-inner-masonry-content site-background'><div class='av-inner-masonry-content-pos'><div class='av-inner-masonry-content-pos-content'><div class='avia-arrow'><\/div><div class='av-masonry-entry-content entry-content'  itemprop=\"text\" >Elevando las voces de los habitantes de Colorado en todo el estado que viven cerca de las operaciones de petr\u00f3leo y gas actuales y propuestas y para todos los ciudadanos preocupados que trabajan para aprobar pol\u00edticas de desarrollo de energ\u00eda equilibrada que protegen los vecindarios, los hogares y nuestra calidad de vida en Colorado<\/div><\/div><\/div><\/figcaption><\/figure><\/a><!--end av-masonry entry--><a href=\"https:\/\/boulder.earth\/es\/organizations\/moms-clean-air-force\/\"  id='av-masonry-1-item-5480194' data-av-masonry-item='5480194' class='av-masonry-entry isotope-item post-5480194 portfolio type-portfolio status-publish has-post-thumbnail hentry portfolio_entries-activism portfolio_entries-fracking portfolio_entries-justice all_sort activism_sort  fracking_sort  justice_sort  av-masonry-item-with-image' title=\"moms-clean-air-force-co\"   itemscope=\"itemscope\" itemtype=\"https:\/\/schema.org\/CreativeWork\" ><div class='av-inner-masonry-sizer'><\/div><figure class='av-inner-masonry main_color'><div class=\"av-masonry-outerimage-container\"><div class='av-masonry-image-container'  ><img decoding=\"async\" width=\"300\" height=\"200\" fetchpriority=\"high\" class=\"wp-image-5480195 avia-img-lazy-loading-not-5480195\"  src=\"https:\/\/boulder.earth\/wp-content\/uploads\/2023\/02\/moms-clean-air-force-co.png\" title=\"moms-clean-air-force-co\" alt=\"\" srcset=\"https:\/\/boulder.earth\/wp-content\/uploads\/2023\/02\/moms-clean-air-force-co.png 300w, https:\/\/boulder.earth\/wp-content\/uploads\/2023\/02\/moms-clean-air-force-co-18x12.png 18w\" sizes=\"(max-width: 300px) 100vw, 300px\" \/><\/div><\/div><figcaption class='av-inner-masonry-content site-background'><div class='av-inner-masonry-content-pos'><div class='av-inner-masonry-content-pos-content'><div class='avia-arrow'><\/div><div class='av-masonry-entry-content entry-content'  itemprop=\"text\" >trabajando activamente para abordar los problemas del cambio clim\u00e1tico que da\u00f1an desproporcionadamente a las comunidades de color<\/div><\/div><\/div><\/figcaption><\/figure><\/a><!--end av-masonry entry--><a href=\"https:\/\/boulder.earth\/es\/organizations\/new-era-colorado\/\"  id='av-masonry-1-item-18202' data-av-masonry-item='18202' class='av-masonry-entry isotope-item post-18202 portfolio type-portfolio status-publish has-post-thumbnail hentry portfolio_entries-activism portfolio_entries-education portfolio_entries-energy portfolio_entries-fracking portfolio_entries-justice portfolio_entries-policy all_sort activism_sort  education_sort  energy_sort  fracking_sort  justice_sort  policy_sort  av-masonry-item-with-image' title=\"nueva-era-colorado\"   itemscope=\"itemscope\" itemtype=\"https:\/\/schema.org\/CreativeWork\" ><div class='av-inner-masonry-sizer'><\/div><figure class='av-inner-masonry main_color'><div class=\"av-masonry-outerimage-container\"><div class='av-masonry-image-container'  ><img decoding=\"async\" width=\"500\" height=\"333\" fetchpriority=\"high\" class=\"wp-image-18204 avia-img-lazy-loading-not-18204\"  src=\"https:\/\/boulder.earth\/wp-content\/uploads\/2017\/09\/new-era-colorado.png\" title=\"nueva-era-colorado\" alt=\"\" srcset=\"https:\/\/boulder.earth\/wp-content\/uploads\/2017\/09\/new-era-colorado.png 500w, https:\/\/boulder.earth\/wp-content\/uploads\/2017\/09\/new-era-colorado-300x200.png 300w, https:\/\/boulder.earth\/wp-content\/uploads\/2017\/09\/new-era-colorado-450x300.png 450w\" sizes=\"(max-width: 500px) 100vw, 500px\" \/><\/div><\/div><figcaption class='av-inner-masonry-content site-background'><div class='av-inner-masonry-content-pos'><div class='av-inner-masonry-content-pos-content'><div class='avia-arrow'><\/div><div class='av-masonry-entry-content entry-content'  itemprop=\"text\" >voz principal de los j\u00f3venes en la pol\u00edtica de todo el estado<\/div><\/div><\/div><\/figcaption><\/figure><\/a><!--end av-masonry entry--><a href=\"https:\/\/boulder.earth\/es\/organizations\/ollin-farms\/\"  id='av-masonry-1-item-69598' data-av-masonry-item='69598' class='av-masonry-entry isotope-item post-69598 portfolio type-portfolio status-publish has-post-thumbnail hentry portfolio_entries-agriculture portfolio_entries-environment portfolio_entries-food portfolio_entries-fracking portfolio_entries-resilience portfolio_entries-resources all_sort agriculture_sort  environment_sort  food_sort  fracking_sort  resilience_sort  resources_sort  av-masonry-item-with-image' title=\"OllinGranjasLogotipo\"   itemscope=\"itemscope\" itemtype=\"https:\/\/schema.org\/CreativeWork\" ><div class='av-inner-masonry-sizer'><\/div><figure class='av-inner-masonry main_color'><div class=\"av-masonry-outerimage-container\"><div class='av-masonry-image-container'  ><img decoding=\"async\" width=\"500\" height=\"333\" fetchpriority=\"high\" class=\"wp-image-69599 avia-img-lazy-loading-not-69599\"  src=\"https:\/\/boulder.earth\/wp-content\/uploads\/2018\/04\/OllinFarmsLogo.png\" title=\"OllinGranjasLogotipo\" alt=\"\" srcset=\"https:\/\/boulder.earth\/wp-content\/uploads\/2018\/04\/OllinFarmsLogo.png 500w, https:\/\/boulder.earth\/wp-content\/uploads\/2018\/04\/OllinFarmsLogo-300x200.png 300w, https:\/\/boulder.earth\/wp-content\/uploads\/2018\/04\/OllinFarmsLogo-450x300.png 450w\" sizes=\"(max-width: 500px) 100vw, 500px\" \/><\/div><\/div><figcaption class='av-inner-masonry-content site-background'><div class='av-inner-masonry-content-pos'><div class='av-inner-masonry-content-pos-content'><div class='avia-arrow'><\/div><div class='av-masonry-entry-content entry-content'  itemprop=\"text\" >Producir productos agr\u00edcolas de la m\u00e1s alta calidad sin dejar de regenerar los ecosistemas circundantes<\/div><\/div><\/div><\/figcaption><\/figure><\/a><!--end av-masonry entry--><a href=\"https:\/\/boulder.earth\/es\/organizations\/one-earth-sangha\/\"  id='av-masonry-1-item-67954' data-av-masonry-item='67954' class='av-masonry-entry isotope-item post-67954 portfolio type-portfolio status-publish has-post-thumbnail hentry portfolio_entries-community portfolio_entries-fracking portfolio_entries-spiritual all_sort community_sort  fracking_sort  spiritual_sort  av-masonry-item-with-image' title=\"OneEarthSangha\"   itemscope=\"itemscope\" itemtype=\"https:\/\/schema.org\/CreativeWork\" ><div class='av-inner-masonry-sizer'><\/div><figure class='av-inner-masonry main_color'><div class=\"av-masonry-outerimage-container\"><div class='av-masonry-image-container'  ><img decoding=\"async\" width=\"500\" height=\"333\" fetchpriority=\"high\" class=\"wp-image-67955 avia-img-lazy-loading-not-67955\"  src=\"https:\/\/boulder.earth\/wp-content\/uploads\/2018\/04\/OneEarthSangha.png\" title=\"OneEarthSangha\" alt=\"\" srcset=\"https:\/\/boulder.earth\/wp-content\/uploads\/2018\/04\/OneEarthSangha.png 500w, https:\/\/boulder.earth\/wp-content\/uploads\/2018\/04\/OneEarthSangha-300x200.png 300w, https:\/\/boulder.earth\/wp-content\/uploads\/2018\/04\/OneEarthSangha-450x300.png 450w\" sizes=\"(max-width: 500px) 100vw, 500px\" \/><\/div><\/div><figcaption class='av-inner-masonry-content site-background'><div class='av-inner-masonry-content-pos'><div class='av-inner-masonry-content-pos-content'><div class='avia-arrow'><\/div><div class='av-masonry-entry-content entry-content'  itemprop=\"text\" >Llevar la sabidur\u00eda y las pr\u00e1cticas esenciales de la tradici\u00f3n budista al compromiso colectivo en crisis ecol\u00f3gicas cr\u00edticas<\/div><\/div><\/div><\/figcaption><\/figure><\/a><!--end av-masonry entry--><a href=\"https:\/\/boulder.earth\/es\/organizations\/rocky-mountain-peace-and-justice-center\/\"  id='av-masonry-1-item-18997' data-av-masonry-item='18997' class='av-masonry-entry isotope-item post-18997 portfolio type-portfolio status-publish has-post-thumbnail hentry portfolio_entries-activism portfolio_entries-community portfolio_entries-education portfolio_entries-fracking portfolio_entries-justice all_sort activism_sort  community_sort  education_sort  fracking_sort  justice_sort  av-masonry-item-with-image' title=\"logo-rmpjc\"   itemscope=\"itemscope\" itemtype=\"https:\/\/schema.org\/CreativeWork\" ><div class='av-inner-masonry-sizer'><\/div><figure class='av-inner-masonry main_color'><div class=\"av-masonry-outerimage-container\"><div class='av-masonry-image-container'  ><img decoding=\"async\" width=\"500\" height=\"333\" fetchpriority=\"high\" class=\"wp-image-18998 avia-img-lazy-loading-not-18998\"  src=\"https:\/\/boulder.earth\/wp-content\/uploads\/2017\/09\/rmpjc-logo.png\" title=\"logo-rmpjc\" alt=\"\" srcset=\"https:\/\/boulder.earth\/wp-content\/uploads\/2017\/09\/rmpjc-logo.png 500w, https:\/\/boulder.earth\/wp-content\/uploads\/2017\/09\/rmpjc-logo-300x200.png 300w, https:\/\/boulder.earth\/wp-content\/uploads\/2017\/09\/rmpjc-logo-450x300.png 450w\" sizes=\"(max-width: 500px) 100vw, 500px\" \/><\/div><\/div><figcaption class='av-inner-masonry-content site-background'><div class='av-inner-masonry-content-pos'><div class='av-inner-masonry-content-pos-content'><div class='avia-arrow'><\/div><div class='av-masonry-entry-content entry-content'  itemprop=\"text\" >Los grupos de educaci\u00f3n y acci\u00f3n nuclear, tutela, paz global, justicia social, educaci\u00f3n no violenta, justicia econ\u00f3mica y alfabetizaci\u00f3n medi\u00e1tica cr\u00edtica se centran en temas espec\u00edficos e interconectados y promueven la participaci\u00f3n democr\u00e1tica de los miembros de la comunidad.<\/div><\/div><\/div><\/figcaption><\/figure><\/a><!--end av-masonry entry--><a href=\"https:\/\/boulder.earth\/es\/organizations\/sierra-club\/\"  id='av-masonry-1-item-70613' data-av-masonry-item='70613' class='av-masonry-entry isotope-item post-70613 portfolio type-portfolio status-publish has-post-thumbnail hentry portfolio_entries-fracking portfolio_entries-pollinators all_sort fracking_sort  pollinators_sort  av-masonry-item-with-image' title=\"SierraLogoNuevo\"   itemscope=\"itemscope\" itemtype=\"https:\/\/schema.org\/CreativeWork\" ><div class='av-inner-masonry-sizer'><\/div><figure class='av-inner-masonry main_color'><div class=\"av-masonry-outerimage-container\"><div class='av-masonry-image-container'  ><img decoding=\"async\" width=\"500\" height=\"333\" fetchpriority=\"high\" class=\"wp-image-70617 avia-img-lazy-loading-not-70617\"  src=\"https:\/\/boulder.earth\/wp-content\/uploads\/2018\/04\/SierraLogoNew.png\" title=\"SierraLogoNuevo\" alt=\"\" srcset=\"https:\/\/boulder.earth\/wp-content\/uploads\/2018\/04\/SierraLogoNew.png 500w, https:\/\/boulder.earth\/wp-content\/uploads\/2018\/04\/SierraLogoNew-300x200.png 300w, https:\/\/boulder.earth\/wp-content\/uploads\/2018\/04\/SierraLogoNew-450x300.png 450w\" sizes=\"(max-width: 500px) 100vw, 500px\" \/><\/div><\/div><figcaption class='av-inner-masonry-content site-background'><div class='av-inner-masonry-content-pos'><div class='av-inner-masonry-content-pos-content'><div class='avia-arrow'><\/div><div class='av-masonry-entry-content entry-content'  itemprop=\"text\" >Educar a los miembros y a la comunidad sobre los problemas ambientales locales, desde las tierras p\u00fablicas y la protecci\u00f3n de la vida silvestre hasta el cambio clim\u00e1tico, las alternativas de energ\u00eda renovable y la protecci\u00f3n de los polinizadores.<\/div><\/div><\/div><\/figcaption><\/figure><\/a><!--end av-masonry entry--><a href=\"https:\/\/boulder.earth\/es\/organizations\/suede-light-brigade\/\"  id='av-masonry-1-item-67979' data-av-masonry-item='67979' class='av-masonry-entry isotope-item post-67979 portfolio type-portfolio status-publish has-post-thumbnail hentry portfolio_entries-activism portfolio_entries-arts-culture portfolio_entries-community portfolio_entries-fracking all_sort activism_sort  arts-culture_sort  community_sort  fracking_sort  av-masonry-item-with-image' title=\"GamuzaLuzLogotipo\"   itemscope=\"itemscope\" itemtype=\"https:\/\/schema.org\/CreativeWork\" ><div class='av-inner-masonry-sizer'><\/div><figure class='av-inner-masonry main_color'><div class=\"av-masonry-outerimage-container\"><div class='av-masonry-image-container'  ><img decoding=\"async\" width=\"500\" height=\"333\" fetchpriority=\"high\" class=\"wp-image-67981 avia-img-lazy-loading-not-67981\"  src=\"https:\/\/boulder.earth\/wp-content\/uploads\/2018\/04\/SuedeLightLogo.png\" title=\"GamuzaLuzLogotipo\" alt=\"\" srcset=\"https:\/\/boulder.earth\/wp-content\/uploads\/2018\/04\/SuedeLightLogo.png 500w, https:\/\/boulder.earth\/wp-content\/uploads\/2018\/04\/SuedeLightLogo-300x200.png 300w, https:\/\/boulder.earth\/wp-content\/uploads\/2018\/04\/SuedeLightLogo-450x300.png 450w\" sizes=\"(max-width: 500px) 100vw, 500px\" \/><\/div><\/div><figcaption class='av-inner-masonry-content site-background'><div class='av-inner-masonry-content-pos'><div class='av-inner-masonry-content-pos-content'><div class='avia-arrow'><\/div><div class='av-masonry-entry-content entry-content'  itemprop=\"text\" >Involucrar al p\u00fablico, directamente y a trav\u00e9s de las redes sociales, con mensajes y gr\u00e1ficos ingeniosos y convincentes proyectados en edificios p\u00fablicos para brindar una educaci\u00f3n b\u00e1sica sobre el fracking.<\/div><\/div><\/div><\/figcaption><\/figure><\/a><!--end av-masonry entry--><a href=\"https:\/\/boulder.earth\/es\/organizations\/sustainable-resilient-longmont\/\"  id='av-masonry-1-item-69593' data-av-masonry-item='69593' class='av-masonry-entry isotope-item post-69593 portfolio type-portfolio status-publish has-post-thumbnail hentry portfolio_entries-community portfolio_entries-energy portfolio_entries-fracking portfolio_entries-programproject portfolio_entries-resilience all_sort community_sort  energy_sort  fracking_sort  programproject_sort  resilience_sort  av-masonry-item-with-image' title=\"SostenibleLogotipo\"   itemscope=\"itemscope\" itemtype=\"https:\/\/schema.org\/CreativeWork\" ><div class='av-inner-masonry-sizer'><\/div><figure class='av-inner-masonry main_color'><div class=\"av-masonry-outerimage-container\"><div class='av-masonry-image-container'  ><img decoding=\"async\" width=\"500\" height=\"333\" fetchpriority=\"high\" class=\"wp-image-69595 avia-img-lazy-loading-not-69595\"  src=\"https:\/\/boulder.earth\/wp-content\/uploads\/2018\/04\/SustainableLogo.png\" title=\"SostenibleLogotipo\" alt=\"\" srcset=\"https:\/\/boulder.earth\/wp-content\/uploads\/2018\/04\/SustainableLogo.png 500w, https:\/\/boulder.earth\/wp-content\/uploads\/2018\/04\/SustainableLogo-300x200.png 300w, https:\/\/boulder.earth\/wp-content\/uploads\/2018\/04\/SustainableLogo-450x300.png 450w\" sizes=\"(max-width: 500px) 100vw, 500px\" \/><\/div><\/div><figcaption class='av-inner-masonry-content site-background'><div class='av-inner-masonry-content-pos'><div class='av-inner-masonry-content-pos-content'><div class='avia-arrow'><\/div><div class='av-masonry-entry-content entry-content'  itemprop=\"text\" >Colaborando con la comunidad de Longmont para cultivar una ciudad sostenible y pr\u00f3spera<\/div><\/div><\/div><\/figcaption><\/figure><\/a><!--end av-masonry entry--><a href=\"https:\/\/boulder.earth\/es\/organizations\/together-against-neighborhood-drilling\/\"  id='av-masonry-1-item-69602' data-av-masonry-item='69602' class='av-masonry-entry isotope-item post-69602 portfolio type-portfolio status-publish has-post-thumbnail hentry portfolio_entries-environment portfolio_entries-fracking all_sort environment_sort  fracking_sort  av-masonry-item-with-image' title=\"JuntosContraPerforaci\u00f3nLogo\"   itemscope=\"itemscope\" itemtype=\"https:\/\/schema.org\/CreativeWork\" ><div class='av-inner-masonry-sizer'><\/div><figure class='av-inner-masonry main_color'><div class=\"av-masonry-outerimage-container\"><div class='av-masonry-image-container'  ><img decoding=\"async\" width=\"500\" height=\"333\" fetchpriority=\"high\" class=\"wp-image-69603 avia-img-lazy-loading-not-69603\"  src=\"https:\/\/boulder.earth\/wp-content\/uploads\/2018\/04\/TogetherAgainstDrillingLogo.png\" title=\"JuntosContraPerforaci\u00f3nLogo\" alt=\"\" srcset=\"https:\/\/boulder.earth\/wp-content\/uploads\/2018\/04\/TogetherAgainstDrillingLogo.png 500w, https:\/\/boulder.earth\/wp-content\/uploads\/2018\/04\/TogetherAgainstDrillingLogo-300x200.png 300w, https:\/\/boulder.earth\/wp-content\/uploads\/2018\/04\/TogetherAgainstDrillingLogo-450x300.png 450w\" sizes=\"(max-width: 500px) 100vw, 500px\" \/><\/div><\/div><figcaption class='av-inner-masonry-content site-background'><div class='av-inner-masonry-content-pos'><div class='av-inner-masonry-content-pos-content'><div class='avia-arrow'><\/div><div class='av-masonry-entry-content entry-content'  itemprop=\"text\" >Trabajando para hacer que las oportunidades estrat\u00e9gicas para luchar contra la perforaci\u00f3n de petr\u00f3leo y gas en nuestra comunidad sean accesibles para la mayor cantidad posible de partes interesadas<\/div><\/div><\/div><\/figcaption><\/figure><\/a><!--end av-masonry entry--><a href=\"https:\/\/boulder.earth\/es\/organizations\/unitarian-universalist-church-of-boulder-climate-action-ministry\/\"  id='av-masonry-1-item-67938' data-av-masonry-item='67938' class='av-masonry-entry isotope-item post-67938 portfolio type-portfolio status-publish has-post-thumbnail hentry portfolio_entries-community portfolio_entries-fracking portfolio_entries-spiritual all_sort community_sort  fracking_sort  spiritual_sort  av-masonry-item-with-image' title=\"UniversalistaIglesiaLogotipo\"   itemscope=\"itemscope\" itemtype=\"https:\/\/schema.org\/CreativeWork\" ><div class='av-inner-masonry-sizer'><\/div><figure class='av-inner-masonry main_color'><div class=\"av-masonry-outerimage-container\"><div class='av-masonry-image-container'  ><img decoding=\"async\" width=\"500\" height=\"333\" fetchpriority=\"high\" class=\"wp-image-67939 avia-img-lazy-loading-not-67939\"  src=\"https:\/\/boulder.earth\/wp-content\/uploads\/2018\/04\/UniversalistChurchLogo.png\" title=\"UniversalistaIglesiaLogotipo\" alt=\"\" srcset=\"https:\/\/boulder.earth\/wp-content\/uploads\/2018\/04\/UniversalistChurchLogo.png 500w, https:\/\/boulder.earth\/wp-content\/uploads\/2018\/04\/UniversalistChurchLogo-300x200.png 300w, https:\/\/boulder.earth\/wp-content\/uploads\/2018\/04\/UniversalistChurchLogo-450x300.png 450w\" sizes=\"(max-width: 500px) 100vw, 500px\" \/><\/div><\/div><figcaption class='av-inner-masonry-content site-background'><div class='av-inner-masonry-content-pos'><div class='av-inner-masonry-content-pos-content'><div class='avia-arrow'><\/div><div class='av-masonry-entry-content entry-content'  itemprop=\"text\" >Promoci\u00f3n de pr\u00e1cticas de sostenibilidad a nivel individual y social<\/div><\/div><\/div><\/figcaption><\/figure><\/a><!--end av-masonry entry--><\/div><\/div><br \/>\n<section  class='av_textblock_section av-1xcwohl-bd92df472618af898dab6716978818f1'   itemscope=\"itemscope\" itemtype=\"https:\/\/schema.org\/CreativeWork\" ><div class='avia_textblock'  itemprop=\"text\" ><h3 style=\"text-align: center;\">\u00bfDebe su organizaci\u00f3n estar en la lista?<\/h3>\n<\/div><\/section><br \/>\n<div  class='avia-button-wrap av-1g1hoyh-a42906d5aec11c99ad84c5fe3f717029-wrap avia-button-center  avia-builder-el-11  el_after_av_textblock  el_before_av_hr'><a href='\/es\/feedback\/'  class='avia-button av-1g1hoyh-a42906d5aec11c99ad84c5fe3f717029 av-link-btn avia-icon_select-yes-left-icon avia-size-x-large avia-position-center avia-color-theme-color'  target=\"_blank\"  rel=\"noopener noreferrer\"  aria-label=\"Comparte tu informaci\u00f3n aqu\u00ed\"><span class='avia_button_icon avia_button_icon_left avia-iconfont avia-font-entypo-fontello' data-av_icon='\ue8d2' data-av_iconfont='entypo-fontello' ><\/span><span class='avia_iconbox_title' >Comparte tu informaci\u00f3n aqu\u00ed<\/span><\/a><\/div><br \/>\n\n<style type=\"text\/css\" data-created_by=\"avia_inline_auto\" id=\"style-css-av-16x54u1-ebc734416c1abe0a3a48f2e36a9bedf9\">\n#top .hr.hr-invisible.av-16x54u1-ebc734416c1abe0a3a48f2e36a9bedf9{\nheight:30px;\n}\n<\/style>\n<div  class='hr av-16x54u1-ebc734416c1abe0a3a48f2e36a9bedf9 hr-invisible  avia-builder-el-12  el_after_av_button  avia-builder-el-last'><span class='hr-inner'><span class=\"hr-inner-style\"><\/span><\/span><\/div><\/p><\/div><\/div><\/div><\/div><!-- close content main div --><\/div><\/div>\n<style type=\"text\/css\" data-created_by=\"avia_inline_auto\" id=\"style-css-av-kh1alw9-76291ead4c8c40a38318144152ec094e\">\n.avia-section.av-kh1alw9-76291ead4c8c40a38318144152ec094e{\nbackground-color:#f5f5f5;\nbackground-image:unset;\n}\n<\/style>\n<div id='av_section_1'  class='avia-section av-kh1alw9-76291ead4c8c40a38318144152ec094e main_color avia-section-default avia-no-shadow  avia-builder-el-13  el_after_av_one_full  el_before_av_layout_row  avia-bg-style-scroll container_wrap sidebar_right'  ><div class='container av-section-cont-open' ><div class='template-page content  av-content-small alpha units'><div class='post-entry post-entry-type-page post-entry-46265'><div class='entry-content-wrapper clearfix'>\n\n\n<style type=\"text\/css\" data-created_by=\"avia_inline_auto\" id=\"style-css-av-jjam1i1-dc77cdfd00eb1a03201ace635abd0bba\">\n.avia-image-container.av-jjam1i1-dc77cdfd00eb1a03201ace635abd0bba img.avia_image{\nbox-shadow:none;\n}\n.avia-image-container.av-jjam1i1-dc77cdfd00eb1a03201ace635abd0bba .av-image-caption-overlay-center{\ncolor:#ffffff;\n}\n<\/style>\n<div  class='avia-image-container av-jjam1i1-dc77cdfd00eb1a03201ace635abd0bba av-styling- avia-align-center  avia-builder-el-15  el_after_av_codeblock  avia-builder-el-last'   itemprop=\"image\" itemscope=\"itemscope\" itemtype=\"https:\/\/schema.org\/ImageObject\" ><div class=\"avia-image-container-inner\"><div class=\"avia-image-overlay-wrap\"><img decoding=\"async\" fetchpriority=\"high\" class='wp-image-63230 avia-img-lazy-loading-not-63230 avia_image' src=\"https:\/\/boulder.earth\/wp-content\/uploads\/2018\/04\/FracktionsGreyBackground-1.png\" alt='' title='fraccionacionesgrisfondo'  height=\"206\" width=\"1000\"  itemprop=\"thumbnailUrl\" srcset=\"https:\/\/boulder.earth\/wp-content\/uploads\/2018\/04\/FracktionsGreyBackground-1.png 1000w, https:\/\/boulder.earth\/wp-content\/uploads\/2018\/04\/FracktionsGreyBackground-1-300x62.png 300w, https:\/\/boulder.earth\/wp-content\/uploads\/2018\/04\/FracktionsGreyBackground-1-768x158.png 768w, https:\/\/boulder.earth\/wp-content\/uploads\/2018\/04\/FracktionsGreyBackground-1-705x145.png 705w, https:\/\/boulder.earth\/wp-content\/uploads\/2018\/04\/FracktionsGreyBackground-1-450x93.png 450w\" sizes=\"(max-width: 1000px) 100vw, 1000px\" \/><\/div><\/div><\/div>\n<\/p>\n<\/div><\/div><\/div><!-- close content main div --><\/div><\/div><div id='av-layout-grid-1'  class='av-layout-grid-container av-1w5g1bt-f599d5bff27b0d75a22aa6f4cb72ec83 entry-content-wrapper alternate_color av-border-cells av-flex-cells  avia-builder-el-16  el_after_av_section  el_before_av_hr  grid-row-not-first  container_wrap sidebar_right'  >\n\n<style type=\"text\/css\" data-created_by=\"avia_inline_auto\" id=\"style-css-av-ik92nsp-73d08d281fdd22aa9a879ad0f4199b86\">\n.flex_cell.av-ik92nsp-73d08d281fdd22aa9a879ad0f4199b86{\nvertical-align:top;\n}\n.responsive #top #wrap_all .flex_cell.av-ik92nsp-73d08d281fdd22aa9a879ad0f4199b86{\npadding:30px 30px 30px 30px !important;\n}\n<\/style>\n<div class='flex_cell av-ik92nsp-73d08d281fdd22aa9a879ad0f4199b86 av-gridrow-cell av_one_fourth no_margin  avia-builder-el-17  el_before_av_cell_one_fourth  avia-builder-el-first  content-align-top'  ><div class='flex_cell_inner'><p>\n<style type=\"text\/css\" data-created_by=\"avia_inline_auto\" id=\"style-css-av-fa6zty1-ecd61185caec02df005e298ab56ad10e\">\n.avia-image-container.av-fa6zty1-ecd61185caec02df005e298ab56ad10e img.avia_image{\nbox-shadow:none;\n}\n.avia-image-container.av-fa6zty1-ecd61185caec02df005e298ab56ad10e .av-image-caption-overlay-center{\ncolor:#ffffff;\n}\n<\/style>\n<div  class='avia-image-container av-fa6zty1-ecd61185caec02df005e298ab56ad10e av-styling- av-img-linked avia-align-center  avia-builder-el-18  el_before_av_textblock  avia-builder-el-first'   itemprop=\"image\" itemscope=\"itemscope\" itemtype=\"https:\/\/schema.org\/ImageObject\" ><div class=\"avia-image-container-inner\"><div class=\"avia-image-overlay-wrap\"><a href=\"https:\/\/350colorado.org\/boldclimateleadership\/\" class='avia_image'  target=\"_blank\"  rel=\"noopener noreferrer\" aria-label='Liderazgo Clim\u00e1tico audaz'><img decoding=\"async\" fetchpriority=\"high\" class='wp-image-126434 avia-img-lazy-loading-not-126434 avia_image' src=\"https:\/\/boulder.earth\/wp-content\/uploads\/2019\/03\/boldclimateleadership.jpg\" alt='' title='Liderazgo Clim\u00e1tico audaz'  height=\"164\" width=\"300\"  itemprop=\"thumbnailUrl\"  \/><\/a><\/div><\/div><\/div><br \/>\n<section  class='av_textblock_section av-ette9kp-c40a30dca0ec1ffd019863073f5438f5'   itemscope=\"itemscope\" itemtype=\"https:\/\/schema.org\/CreativeWork\" ><div class='avia_textblock'  itemprop=\"text\" ><h4 style=\"text-align: center;\"><b><a href=\"https:\/\/350colorado.org\/boldclimateleadership\/\" target=\"_blank\" rel=\"noopener noreferrer\">Llamado a BoldClimateLeadership<\/a><\/b><\/h4>\n<p>En tiempos de crisis, nuestro Gobernador necesita #BoldClimateLeadership para garantizar que la legislaci\u00f3n para proteger a nuestras comunidades del fracking y abordar la crisis clim\u00e1tica tenga \u00e9xito en esta sesi\u00f3n legislativa. <a href=\"https:\/\/350colorado.org\/boldclimateleadership\/\" target=\"_blank\" rel=\"noopener noreferrer\"><strong>\u00a1Mira y comparte el video, luego firma y comparte la petici\u00f3n!<\/strong><\/a><\/p>\n<\/div><\/section><\/p>\n<\/div><\/div>\n<style type=\"text\/css\" data-created_by=\"avia_inline_auto\" id=\"style-css-av-ik92nsp-73d08d281fdd22aa9a879ad0f4199b86\">\n.flex_cell.av-ik92nsp-73d08d281fdd22aa9a879ad0f4199b86{\nvertical-align:top;\n}\n.responsive #top #wrap_all .flex_cell.av-ik92nsp-73d08d281fdd22aa9a879ad0f4199b86{\npadding:30px 30px 30px 30px !important;\n}\n<\/style>\n<div class='flex_cell av-ik92nsp-73d08d281fdd22aa9a879ad0f4199b86 av-gridrow-cell av_one_fourth no_margin  avia-builder-el-20  el_after_av_cell_one_fourth  el_before_av_cell_one_fourth  content-align-top'  ><div class='flex_cell_inner'><p>\n<style type=\"text\/css\" data-created_by=\"avia_inline_auto\" id=\"style-css-av-iaxn1kp-08a973863a69bbfaf61c5289da51ddf5\">\n.avia-image-container.av-iaxn1kp-08a973863a69bbfaf61c5289da51ddf5 img.avia_image{\nbox-shadow:none;\n}\n.avia-image-container.av-iaxn1kp-08a973863a69bbfaf61c5289da51ddf5 .av-image-caption-overlay-center{\ncolor:#ffffff;\n}\n<\/style>\n<div  class='avia-image-container av-iaxn1kp-08a973863a69bbfaf61c5289da51ddf5 av-styling- av-img-linked avia-align-center  avia-builder-el-21  el_before_av_textblock  avia-builder-el-first'   itemprop=\"image\" itemscope=\"itemscope\" itemtype=\"https:\/\/schema.org\/ImageObject\" ><div class=\"avia-image-container-inner\"><div class=\"avia-image-overlay-wrap\"><a href=\"https:\/\/www.bouldercounty.org\/property-and-land\/land-use\/planning\/oil-gas-development\/\" class='avia_image'  target=\"_blank\"  rel=\"noopener noreferrer\" aria-label='planes-de-perforaci\u00f3n-del-condado-de-boulder'><img decoding=\"async\" fetchpriority=\"high\" class='wp-image-46372 avia-img-lazy-loading-not-46372 avia_image' src=\"https:\/\/boulder.earth\/wp-content\/uploads\/2018\/02\/boulder-county-drilling-plans.png\" alt='' title='planes-de-perforaci\u00f3n-del-condado-de-boulder'  height=\"164\" width=\"300\"  itemprop=\"thumbnailUrl\"  \/><\/a><\/div><\/div><\/div><br \/>\n<section  class='av_textblock_section av-hwk9cvt-2743ec0e524a438eb0b81036ad95bb9a'   itemscope=\"itemscope\" itemtype=\"https:\/\/schema.org\/CreativeWork\" ><div class='avia_textblock'  itemprop=\"text\" ><h4 style=\"text-align: center;\"><b><a href=\"https:\/\/www.bouldercounty.org\/property-and-land\/land-use\/planning\/oil-gas-development\/\" target=\"_blank\" rel=\"noopener noreferrer\">Ver los planes de perforaci\u00f3n de petr\u00f3leo y gas propuestos<\/a><br \/>\n<\/b><\/h4>\n<p>En el condado de Boulder, <strong>11,680 acres de espacio abierto<\/strong> y la propiedad privada cerca de casas, escuelas y vecindarios es objeto de perforaci\u00f3n y fracking. Extraction 8 North y Crestone Peak Energy han presentado permisos para fracturar 192 pozos en el condado de Boulder. <a href=\"https:\/\/www.bouldercounty.org\/property-and-land\/land-use\/planning\/oil-gas-development\/\" target=\"_blank\" rel=\"noopener noreferrer\">Aprende m\u00e1s<\/a><\/p>\n<\/div><\/section><\/p>\n<\/div><\/div>\n<style type=\"text\/css\" data-created_by=\"avia_inline_auto\" id=\"style-css-av-h1xzfi1-a145e563c27edbcef2f4b7000fd18867\">\n.flex_cell.av-h1xzfi1-a145e563c27edbcef2f4b7000fd18867{\nvertical-align:top;\n}\n.responsive #top #wrap_all .flex_cell.av-h1xzfi1-a145e563c27edbcef2f4b7000fd18867{\npadding:30px 30px 30px 30px !important;\n}\n<\/style>\n<div class='flex_cell av-h1xzfi1-a145e563c27edbcef2f4b7000fd18867 av-gridrow-cell av_one_fourth no_margin  avia-builder-el-23  el_after_av_cell_one_fourth  el_before_av_cell_one_fourth  content-align-top'  ><div class='flex_cell_inner'><p>\n<style type=\"text\/css\" data-created_by=\"avia_inline_auto\" id=\"style-css-av-gq7syft-0b1fdb52ee1525da96531805fbf347fc\">\n.avia-image-container.av-gq7syft-0b1fdb52ee1525da96531805fbf347fc img.avia_image{\nbox-shadow:none;\n}\n.avia-image-container.av-gq7syft-0b1fdb52ee1525da96531805fbf347fc .av-image-caption-overlay-center{\ncolor:#ffffff;\n}\n<\/style>\n<div  class='avia-image-container av-gq7syft-0b1fdb52ee1525da96531805fbf347fc av-styling- av-img-linked avia-align-center  avia-builder-el-24  el_before_av_textblock  avia-builder-el-first'   itemprop=\"image\" itemscope=\"itemscope\" itemtype=\"https:\/\/schema.org\/ImageObject\" ><div class=\"avia-image-container-inner\"><div class=\"avia-image-overlay-wrap\"><a href=\"https:\/\/secure.ngpvan.com\/BFAe2hKJ0E-xj_q7p1bi5A2\" class='avia_image'  target=\"_blank\"  rel=\"noopener noreferrer\" aria-label='enviar-carta-al-legislador'><img decoding=\"async\" fetchpriority=\"high\" class='wp-image-126435 avia-img-lazy-loading-not-126435 avia_image' src=\"https:\/\/boulder.earth\/wp-content\/uploads\/2019\/03\/send-letter-to-legislator.jpg\" alt='' title='enviar-carta-al-legislador'  height=\"164\" width=\"300\"  itemprop=\"thumbnailUrl\"  \/><\/a><\/div><\/div><\/div><br \/>\n<section  class='av_textblock_section av-gh4vu61-acd824e33e32bf220f7ca979c3085345'   itemscope=\"itemscope\" itemtype=\"https:\/\/schema.org\/CreativeWork\" ><div class='avia_textblock'  itemprop=\"text\" ><h4 style=\"text-align: center;\"><a href=\"https:\/\/secure.ngpvan.com\/BFAe2hKJ0E-xj_q7p1bi5A2\" target=\"_blank\" rel=\"noopener noreferrer\">H\u00e1gale saber a su legislador que apoya el proyecto de ley<\/a><\/h4>\n<p style=\"text-align: left;\">El Proyecto de Ley del Senado 19-181 fue aprobado por el Senado de Colorado la semana pasada y pas\u00f3 a la C\u00e1mara. Esta semana, el proyecto de ley necesitar\u00e1 la aprobaci\u00f3n de tres Comisiones de la C\u00e1mara: Energ\u00eda, Finanzas y Asignaciones. Tenemos suficientes votos en estos comit\u00e9s, pero a\u00fan necesitamos demostrar un fuerte apoyo a nuestros legisladores, muchos de los cuales est\u00e1n siendo presionados por cabilderos de petr\u00f3leo y gas. <a href=\"https:\/\/secure.ngpvan.com\/BFAe2hKJ0E-xj_q7p1bi5A2\" target=\"_blank\" rel=\"noopener noreferrer\">P\u00f3ngase en contacto con su miembro de la C\u00e1mara<\/a><\/p>\n<\/div><\/section><\/p>\n<\/div><\/div>\n<style type=\"text\/css\" data-created_by=\"avia_inline_auto\" id=\"style-css-av-h1xzfi1-a145e563c27edbcef2f4b7000fd18867\">\n.flex_cell.av-h1xzfi1-a145e563c27edbcef2f4b7000fd18867{\nvertical-align:top;\n}\n.responsive #top #wrap_all .flex_cell.av-h1xzfi1-a145e563c27edbcef2f4b7000fd18867{\npadding:30px 30px 30px 30px !important;\n}\n<\/style>\n<div class='flex_cell av-h1xzfi1-a145e563c27edbcef2f4b7000fd18867 av-gridrow-cell av_one_fourth no_margin  avia-builder-el-26  el_after_av_cell_one_fourth  avia-builder-el-last  content-align-top'  ><div class='flex_cell_inner'><p>\n<style type=\"text\/css\" data-created_by=\"avia_inline_auto\" id=\"style-css-av-gq7syft-d484c5c7b76b11c7cbc552e0d27ab445\">\n.avia-image-container.av-gq7syft-d484c5c7b76b11c7cbc552e0d27ab445 img.avia_image{\nbox-shadow:none;\n}\n.avia-image-container.av-gq7syft-d484c5c7b76b11c7cbc552e0d27ab445 .av-image-caption-overlay-center{\ncolor:#ffffff;\n}\n<\/style>\n<div  class='avia-image-container av-gq7syft-d484c5c7b76b11c7cbc552e0d27ab445 av-styling- av-img-linked avia-align-center  avia-builder-el-27  el_before_av_textblock  avia-builder-el-first'   itemprop=\"image\" itemscope=\"itemscope\" itemtype=\"https:\/\/schema.org\/ImageObject\" ><div class=\"avia-image-container-inner\"><div class=\"avia-image-overlay-wrap\"><a href=\"https:\/\/www.bouldair.com\/boulder.htm\" class='avia_image'  target=\"_blank\"  rel=\"noopener noreferrer\" aria-label='monitoreo atmosf\u00e9rico'><img decoding=\"async\" fetchpriority=\"high\" class='wp-image-126466 avia-img-lazy-loading-not-126466 avia_image' src=\"https:\/\/boulder.earth\/wp-content\/uploads\/2019\/03\/atmoshperic-monitoring.jpg\" alt='' title='monitoreo atmosf\u00e9rico'  height=\"164\" width=\"300\"  itemprop=\"thumbnailUrl\"  \/><\/a><\/div><\/div><\/div><br \/>\n<section  class='av_textblock_section av-gh4vu61-47726fee0a7416758e4c9d58bf9f54e0'   itemscope=\"itemscope\" itemtype=\"https:\/\/schema.org\/CreativeWork\" ><div class='avia_textblock'  itemprop=\"text\" ><h4 style=\"text-align: center;\"><a href=\"https:\/\/www.bouldair.com\/boulder.htm\" target=\"_blank\" rel=\"noopener noreferrer\">Compruebe en tiempo real los niveles de metano y VOC en nuestro aire<\/a><\/h4>\n<p style=\"text-align: left;\">Los resultados del monitoreo atmosf\u00e9rico casi en tiempo real en el embalse de Boulder est\u00e1n disponibles en l\u00ednea. Este monitoreo fue patrocinado por Salud P\u00fablica del Condado de Boulder y lo realizan investigadores del Instituto de Investigaci\u00f3n \u00c1rtica y Alpina de la Universidad de Colorado en asociaci\u00f3n con el Departamento de Salud P\u00fablica y Medio Ambiente de Colorado. <a href=\"https:\/\/www.bouldair.com\/boulder.htm\" target=\"_blank\" rel=\"noopener noreferrer\">Mira lo que est\u00e1s respirando ahora<\/a><\/p>\n<\/div><\/section><\/p>\n<\/div><\/div>\n<\/div><div id='after_grid_row_1'  class='main_color av_default_container_wrap container_wrap sidebar_right'  ><div class='container av-section-cont-open' ><div class='template-page content  av-content-small alpha units'><div class='post-entry post-entry-type-page post-entry-46265'><div class='entry-content-wrapper clearfix'>\n\n<style type=\"text\/css\" data-created_by=\"avia_inline_auto\" id=\"style-css-av-busdf21-cfb15b77c788615f47e6196069eb3a13\">\n#top .hr.hr-invisible.av-busdf21-cfb15b77c788615f47e6196069eb3a13{\nheight:30px;\n}\n<\/style>\n<div  class='hr av-busdf21-cfb15b77c788615f47e6196069eb3a13 hr-invisible  avia-builder-el-29  el_after_av_layout_row  el_before_av_one_full  avia-builder-el-first'><span class='hr-inner'><span class=\"hr-inner-style\"><\/span><\/span><\/div>\n\n<style type=\"text\/css\" data-created_by=\"avia_inline_auto\" id=\"style-css-av-4uo4qex-e65a8ab2a0507662a5943ba37e327956\">\n.flex_column.av-4uo4qex-e65a8ab2a0507662a5943ba37e327956{\nborder-radius:0px 0px 0px 0px;\npadding:0px 0px 0px 0px;\n}\n<\/style>\n<div  class='flex_column av-4uo4qex-e65a8ab2a0507662a5943ba37e327956 av_one_full  avia-builder-el-30  el_after_av_hr  el_before_av_one_half  first flex_column_div av-zero-column-padding'     ><section  class='av_textblock_section av-48hm5vd-70bd9b4cfd3e1fc7b93b4a4263b577e4'   itemscope=\"itemscope\" itemtype=\"https:\/\/schema.org\/CreativeWork\" ><div class='avia_textblock'  itemprop=\"text\" ><h1 id=\"navigating\" style=\"text-align: center;\">Navegando por el problema<\/h1>\n<h3>Salud y seguridad<\/h3>\n<p><a href=\"https:\/\/static1.squarespace.com\/static\/5a565849e9bfdfa4b0ee3649\/t\/5a57bb4ac8302558ef0bb954\/1515699019534\/Health+Safety+Impacts+of+Fracking.pdf\" target=\"_blank\" rel=\"noopener noreferrer\">Impactos de la perforaci\u00f3n y el fracking en la salud p\u00fablica y la seguridad<\/a> | desde <a href=\"http:\/\/boulder.earth\/es\/organizations\/hold-our-ground\/\">Mantener nuestro terreno<\/a><\/p>\n<p><strong><a href=\"http:\/\/www.psr.org\/news-events\/press-releases\/a-new-fracking-landscape.html\" target=\"_blank\" rel=\"noopener noreferrer\">Un nuevo panorama del fracking: informe sobre ciencia reciente muestra abrumadora evidencia de da\u00f1o<\/a> | <\/strong>de M\u00e9dicos por la Responsabilidad Social<\/p>\n<h3>Ciencias econ\u00f3micas<\/h3>\n<p>En Colorado, solo 11 000 empleos est\u00e1n vinculados al fracking en comparaci\u00f3n con 66 000 empleos en energ\u00eda renovable.<\/p>\n<p><a href=\"https:\/\/static1.squarespace.com\/static\/5a565849e9bfdfa4b0ee3649\/t\/5a56beb8f9619a96fd71a7e1\/1515634364118\/Economic+Impacts+of+Fracking.pdf\" target=\"_blank\" rel=\"noopener noreferrer\">Impactos econ\u00f3micos de la perforaci\u00f3n y el fracking<\/a> | desde <a href=\"http:\/\/boulder.earth\/es\/organizations\/hold-our-ground\/\">Mantener nuestro terreno<\/a><\/p>\n<p><a href=\"https:\/\/corising.org\/fracking-safety-in-the-news\/\" target=\"_blank\" rel=\"noopener noreferrer\">Seguridad del fracking en la prensa<\/a> | desde <a href=\"http:\/\/boulder.earth\/es\/organizations\/colorado-rising\/\">aumento de colorado<\/a><\/p>\n<h3>\u00bfEs el gas natural un \u201ccombustible limpio\u201d?<\/h3>\n<p><strong>Los estudios realizados por NOAA y otros investigadores han demostrado una gran fuga de metano, un potente gas de efecto invernadero, de los pozos de fracking.<\/strong> Ellos tienen <a href=\"http:\/\/cires.colorado.edu\/news\/press\/airborne-measurements-confirm-leaks-oil-and-gas-operations\/\">document\u00f3 que aproximadamente 4% de producci\u00f3n de gas natural en la cuenca Denver-Julesberg se est\u00e1n filtrando directamente a la atm\u00f3sfera<\/a>, y encontr\u00f3 fugas de hasta 17% de metano total producido en otras regiones. Esto ha llevado a algunos investigadores a suponer que el fracking puede ser tan peligroso para nuestro clima como la quema de carb\u00f3n, si no m\u00e1s.<\/p>\n<h3><\/h3>\n<h3>Posici\u00f3n del condado de Boulder<\/h3>\n<p>Para maximizar el uso de su autoridad local limitada y proteger a los residentes del condado, <a href=\"https:\/\/www.bouldercounty.org\/property-and-land\/land-use\/planning\/oil-gas-development\/\" target=\"_blank\" rel=\"noopener noreferrer\">Condado de Boulder<\/a> se compromete a emprender una serie de enfoques legislativos, legales, ambientales y de salud p\u00fablica para ayudar a minimizar los impactos del desarrollo de petr\u00f3leo y gas en las personas y el medio ambiente. Vista <a href=\"https:\/\/www.bouldercounty.org\/news\/boulder-county-commissioners-pledge-to-continue-to-protect-public-health-safety-and-the-environment-from-local-oil-gas-development\/\">detalles del enfoque m\u00faltiple del condado<\/a>.<\/p>\n<p><a href=\"http:\/\/bouldercounty.maps.arcgis.com\/apps\/webappviewer\/index.html?id=503d6ee75bfd4f79bcba9f1823472d73\" target=\"_blank\" rel=\"noopener noreferrer\">Mapa de instalaciones de petr\u00f3leo y gas en el condado de Boulder<\/a><\/p>\n<h3>COGCC<\/h3>\n<p><a href=\"http:\/\/cogcc.state.co.us\/Complaints.html%23\/complaints\" target=\"_blank\" rel=\"noopener noreferrer\">Formulario de queja de la Comisi\u00f3n de Conservaci\u00f3n de Petr\u00f3leo y Gas de Colorado<\/a><\/p>\n<h1 style=\"text-align: center;\">En las noticias<\/h1>\n<h3 class=\"entry-title\"><span class=\"dfm-title\">Los funcionarios electos locales denuncian y dan la bienvenida al proyecto de ley que revisa la regulaci\u00f3n de la industria del petr\u00f3leo y el gas de Colorado <\/span><\/h3>\n<p>Quienes se oponen a un proyecto de ley que reformar\u00eda la forma en que se regulan el petr\u00f3leo y el gas en Colorado afirman que la legislaci\u00f3n se est\u00e1 acelerando en la legislatura. La reacci\u00f3n de Josh Joswick: Treinta a\u00f1os no es prisa. Joswick, ex comisionado del condado de La Plata durante tres mandatos, estuvo entre las casi 200 personas que hablaron durante una audiencia de 12 horas ante el Comit\u00e9 de Transporte y Energ\u00eda del Senado el 5 de marzo. Joswick le dijo al comit\u00e9 que <a href=\"https:\/\/leg.colorado.gov\/sites\/default\/files\/documents\/2019A\/bills\/2019a_181_ren.pdf\">Proyecto de Ley del Senado 19-181<\/a> tard\u00f3 mucho en llegar\u2026 <a href=\"https:\/\/www.denverpost.com\/2019\/03\/18\/colorado-local-oil-gas-bill\/\" target=\"_blank\" rel=\"noopener noreferrer\">Leer en Denver Post<\/a><\/p>\n<hr \/>\n<h3 class=\"article-story__headline grid__scroll-hook\" data-scroll-hook-name=\"article-story__headline\">La verdad prueba los anuncios de petr\u00f3leo y gas mientras la legislatura de Colorado considera nuevas reglas<\/h3>\n<p>La industria del petr\u00f3leo y el gas de Colorado est\u00e1 tan preocupada por las nuevas regulaciones propuestas que se est\u00e1n considerando en la legislatura que est\u00e1n hurgando en sus bolsillos para publicar anuncios estilo campa\u00f1a. <a href=\"https:\/\/www.9news.com\/article\/news\/local\/next\/truth-testing-oil-and-gas-ads-as-colorado-legislature-considers-new-rules\/73-9a4951ef-4b4d-4ec1-9323-387d548ca581\" target=\"_blank\" rel=\"noopener noreferrer\">Sigue leyendo 9Noticias<\/a><\/p>\n<hr \/>\n<h3 class=\"headline\">No es el negocio del petr\u00f3leo y el gas el que enfrenta el mayor riesgo; son los vecinos y los contribuyentes<\/h3>\n<p>El d\u00eda que el Comit\u00e9 de Finanzas del Senado escuch\u00f3 <a href=\"http:\/\/leg.colorado.gov\/bills\/sb19-181\" target=\"_blank\" rel=\"noopener noreferrer\">Proyecto de Ley del Senado 181<\/a>, el proyecto de ley Protect Public Safety Oil and Gas Operations, el \u00e1rea metropolitana de Denver tuvo una lectura del \u00edndice de calidad del aire de 152, o insalubre. Eso es tres veces peor que Beijing, China en el mismo d\u00eda. El mal aire proviene de los autom\u00f3viles en un 50 por ciento y de las perforaciones de petr\u00f3leo y gas en un 50 por ciento... <a href=\"https:\/\/www.coloradopolitics.com\/opinion\/noonan-it-s-not-the-oil-gas-biz-that-faces\/article_95fa7b90-45d8-11e9-8bb1-e380f048b9fe.html\" target=\"_blank\" rel=\"noopener noreferrer\">Lea sobre la pol\u00edtica de Colorado<\/a><\/p>\n<hr \/>\n<h3 class=\"entry-title\">Impactos en la salud del fracking<\/h3>\n<p>Uno de los principales argumentos a favor de regular y en algunos casos prohibir el fracking es la <a href=\"https:\/\/www.nrdc.org\/media\/2014\/141216\">impactos en la salud<\/a> en humanos Ha habido varios estudios que muestran un aumento en el asma, un impacto en el peso al nacer y otros problemas de salud relacionados con el fracking. <a href=\"https:\/\/news.kgnu.org\/2019\/01\/health-impacts-of-fracking\/\" target=\"_blank\" rel=\"noopener noreferrer\">Leer y escuchar en KGNU<\/a><\/p>\n<\/div><\/section><br \/>\n<div  class='hr av-3xqdu0p-a1c288df157872f22207b1e19dce8ce6 hr-default  avia-builder-el-32  el_after_av_textblock  avia-builder-el-last'><span class='hr-inner'><span class=\"hr-inner-style\"><\/span><\/span><\/div><\/p><\/div>\n\n<style type=\"text\/css\" data-created_by=\"avia_inline_auto\" id=\"style-css-av-b9t0rvd-7dd89be54458352543575a27af034217\">\n.flex_column.av-b9t0rvd-7dd89be54458352543575a27af034217{\nborder-radius:0px 0px 0px 0px;\npadding:0px 0px 0px 0px;\n}\n<\/style>\n<div  class='flex_column av-b9t0rvd-7dd89be54458352543575a27af034217 av_one_half  avia-builder-el-33  el_after_av_one_full  el_before_av_one_half  first flex_column_div av-zero-column-padding  column-top-margin'     ><section  class='av_textblock_section av-avbtwwp-8321d924a17b95ef9e3d3ea9707fce58'   itemscope=\"itemscope\" itemtype=\"https:\/\/schema.org\/CreativeWork\" ><div class='avia_textblock'  itemprop=\"text\" ><h4 style=\"text-align: center;\">Insp\u00edrate con Xiuhtezcatl Mart\u00ednez<\/h4>\n<div class='avia-iframe-wrap'><iframe loading=\"lazy\" title=\"El adolescente que demanda al gobierno de EE. UU. por el cambio clim\u00e1tico\" width=\"1500\" height=\"844\" src=\"https:\/\/www.youtube.com\/embed\/gXBR5ZrKdws?feature=oembed\" frameborder=\"0\" allow=\"accelerometer; autoplay; clipboard-write; encrypted-media; gyroscope; picture-in-picture\" allowfullscreen><\/iframe><\/div>\n<\/div><\/section><\/div>\n\n<style type=\"text\/css\" data-created_by=\"avia_inline_auto\" id=\"style-css-av-a8i1am1-a78ff29729fb70950acb79fd44a51c0a\">\n.flex_column.av-a8i1am1-a78ff29729fb70950acb79fd44a51c0a{\nborder-radius:0px 0px 0px 0px;\npadding:0px 0px 0px 0px;\n}\n<\/style>\n<div  class='flex_column av-a8i1am1-a78ff29729fb70950acb79fd44a51c0a av_one_half  avia-builder-el-35  el_after_av_one_half  el_before_av_promobox  flex_column_div av-zero-column-padding  column-top-margin'     ><section  class='av_textblock_section av-a1xyx95-9d5ccefe79fcacd6a03f015ffe4c2ff9'   itemscope=\"itemscope\" itemtype=\"https:\/\/schema.org\/CreativeWork\" ><div class='avia_textblock'  itemprop=\"text\" ><h4 style=\"text-align: center;\">350 colorado y<strong> Los miembros de la comunidad se dirigen a la COGCC<br \/>\n<\/strong><\/h4>\n<div class='avia-iframe-wrap'><iframe loading=\"lazy\" title=\"350CO en audiencia COGCC 10 30 17\" width=\"1500\" height=\"844\" src=\"https:\/\/www.youtube.com\/embed\/QjcvjfGs3N0?feature=oembed\" frameborder=\"0\" allow=\"accelerometer; autoplay; clipboard-write; encrypted-media; gyroscope; picture-in-picture\" allowfullscreen><\/iframe><\/div>\n<\/div><\/section><\/div>\n<div  class='av_promobox av-av_promobox-4dfa235a957105b3f241c047b090e0ba avia-button-yes  avia-builder-el-37  el_after_av_one_half  avia-builder-el-last'><div class='avia-promocontent'><\/p>\n<h3 style=\"text-align: center;\"><span style=\"color: #0065d9;\">\u00a1Hola extra\u00f1o! \u00bfTienes algo que a\u00f1adir a esta secci\u00f3n? \u00bfHay alguna organizaci\u00f3n incre\u00edble que olvidamos mencionar? \u00bfUn estudio cient\u00edfico o un art\u00edculo de peri\u00f3dico que todos deben conocer? \u00bfHay una mejor manera de organizar toda esta informaci\u00f3n y hacerla m\u00e1s \u00fatil? Cualquier cosa, no seas t\u00edmido, \u00a1h\u00e1znoslo saber!<\/span><\/h3>\n<p>\n<\/div><div  class='avia-button-wrap av-av_button-efe3cdde156767d3e76330b404768029-wrap avia-button-right'><a href='\/es\/feedback\/'  class='avia-button av-av_button-efe3cdde156767d3e76330b404768029 av-link-btn avia-icon_select-no avia-size-large avia-position-right avia-color-theme-color'   aria-label=\"Dar opinion\"><span class='avia_iconbox_title' >Dar opinion<\/span><\/a><\/div><\/div>","protected":false},"excerpt":{"rendered":"","protected":false},"author":1,"featured_media":0,"parent":0,"menu_order":0,"comment_status":"closed","ping_status":"closed","template":"","meta":{"footnotes":""},"class_list":["post-46265","page","type-page","status-publish","hentry"],"_links":{"self":[{"href":"https:\/\/boulder.earth\/es\/wp-json\/wp\/v2\/pages\/46265","targetHints":{"allow":["GET"]}}],"collection":[{"href":"https:\/\/boulder.earth\/es\/wp-json\/wp\/v2\/pages"}],"about":[{"href":"https:\/\/boulder.earth\/es\/wp-json\/wp\/v2\/types\/page"}],"author":[{"embeddable":true,"href":"https:\/\/boulder.earth\/es\/wp-json\/wp\/v2\/users\/1"}],"replies":[{"embeddable":true,"href":"https:\/\/boulder.earth\/es\/wp-json\/wp\/v2\/comments?post=46265"}],"version-history":[{"count":115,"href":"https:\/\/boulder.earth\/es\/wp-json\/wp\/v2\/pages\/46265\/revisions"}],"predecessor-version":[{"id":5476856,"href":"https:\/\/boulder.earth\/es\/wp-json\/wp\/v2\/pages\/46265\/revisions\/5476856"}],"wp:attachment":[{"href":"https:\/\/boulder.earth\/es\/wp-json\/wp\/v2\/media?parent=46265"}],"curies":[{"name":"wp","href":"https:\/\/api.w.org\/{rel}","templated":true}]}}