{"id":5476782,"date":"2022-01-13T09:51:07","date_gmt":"2022-01-13T15:51:07","guid":{"rendered":"https:\/\/boulder.earth\/?page_id=5476782"},"modified":"2022-05-11T21:22:49","modified_gmt":"2022-05-12T03:22:49","slug":"energy-systems","status":"publish","type":"page","link":"https:\/\/boulder.earth\/es\/energy-systems\/","title":{"rendered":"Sistemas de energ\u00eda"},"content":{"rendered":"<div id='layer_slider_1'  class='avia-layerslider main_color avia-shadow  avia-builder-el-0  el_before_av_one_full  avia-builder-el-first  container_wrap sidebar_right'  style='height: 751px; max-width: 1200px; margin: 0 auto;'  ><\/div><div id='after_layer_slider_1'  class='main_color av_default_container_wrap container_wrap sidebar_right'  ><div class='container av-section-cont-open' ><div class='template-page content  av-content-small alpha units'><div class='post-entry post-entry-type-page post-entry-5476782'><div class='entry-content-wrapper clearfix'>\n\n<style type=\"text\/css\" data-created_by=\"avia_inline_auto\" id=\"style-css-av-mod8y5gu-cbca17bd770a920bad41bbcba69f4f5a\">\n.flex_column.av-mod8y5gu-cbca17bd770a920bad41bbcba69f4f5a{\nborder-radius:0px 0px 0px 0px;\npadding:0px 0px 0px 0px;\n}\n<\/style>\n<div  class='flex_column av-mod8y5gu-cbca17bd770a920bad41bbcba69f4f5a av_one_full  avia-builder-el-1  el_after_av_layerslider  el_before_av_hr  avia-builder-el-first  first flex_column_div av-zero-column-padding'     ><section  class='av_textblock_section av-kyd5592o-5ae77b4afc0a09738f2ff90a2eafa148'   itemscope=\"itemscope\" itemtype=\"https:\/\/schema.org\/CreativeWork\" ><div class='avia_textblock'  itemprop=\"text\" ><h1 id=\"orgs\" style=\"text-align: center;\">Organizaciones locales que abordan la energ\u00eda<\/h1>\n<\/div><\/section><br \/>\n<div id='av-masonry-1' class='av-masonry av-kpgkxz8u-3b6e18a1ccc98830744cda76e174b4af noHover av-flex-size av-large-gap av-hover-overlay-active av-masonry-animation-active av-masonry-col-5 av-caption-on-hover av-caption-style-overlay av-masonry-entries av-mini-columns-overwrite av-mini-columns-3' data-post_id=\"5476782\"><div class=\"av-masonry-container isotope av-js-disabled\"><div class='av-masonry-entry isotope-item av-masonry-item-no-image all_sort activism_sort  community_sort  energy_sort  environment_sort  fracking_sort  justice_sort  policy_sort  resources_sort  conservation_sort  education_sort  science_sort  university_sort  economics_sort  resilience_sort  programproject_sort  business_sort  communications_sort  transportation_sort  zero-waste_sort  housing_sort  arts-culture_sort'><\/div><a href=\"https:\/\/boulder.earth\/es\/organizations\/350-colorado\/\"  id='av-masonry-1-item-11278' data-av-masonry-item='11278' class='av-masonry-entry isotope-item post-11278 portfolio type-portfolio status-publish has-post-thumbnail hentry portfolio_entries-activism portfolio_entries-community portfolio_entries-energy portfolio_entries-environment portfolio_entries-fracking portfolio_entries-justice portfolio_entries-policy portfolio_entries-resources all_sort activism_sort  community_sort  energy_sort  environment_sort  fracking_sort  justice_sort  policy_sort  resources_sort  av-masonry-item-with-image' title=\"350 colorado\"   itemscope=\"itemscope\" itemtype=\"https:\/\/schema.org\/CreativeWork\" ><div class='av-inner-masonry-sizer'><\/div><figure class='av-inner-masonry main_color'><div class=\"av-masonry-outerimage-container\"><div class='av-masonry-image-container'  ><img decoding=\"async\" width=\"500\" height=\"333\" fetchpriority=\"high\" class=\"wp-image-15177 avia-img-lazy-loading-not-15177\"  src=\"https:\/\/boulder.earth\/wp-content\/uploads\/2017\/06\/350colorado-org.png\" title=\"350 colorado\" alt=\"\" srcset=\"https:\/\/boulder.earth\/wp-content\/uploads\/2017\/06\/350colorado-org.png 500w, https:\/\/boulder.earth\/wp-content\/uploads\/2017\/06\/350colorado-org-300x200.png 300w, https:\/\/boulder.earth\/wp-content\/uploads\/2017\/06\/350colorado-org-450x300.png 450w\" sizes=\"(max-width: 500px) 100vw, 500px\" \/><\/div><\/div><figcaption class='av-inner-masonry-content site-background'><div class='av-inner-masonry-content-pos'><div class='av-inner-masonry-content-pos-content'><div class='avia-arrow'><\/div><div class='av-masonry-entry-content entry-content'  itemprop=\"text\" >Trabajando localmente para ayudar a construir el movimiento de base global para resolver la crisis clim\u00e1tica y la transici\u00f3n hacia un futuro sostenible.<\/div><\/div><\/div><\/figcaption><\/figure><\/a><!--end av-masonry entry--><a href=\"https:\/\/boulder.earth\/es\/organizations\/act-on-climate\/\"  id='av-masonry-1-item-122269' data-av-masonry-item='122269' class='av-masonry-entry isotope-item post-122269 portfolio type-portfolio status-publish has-post-thumbnail hentry portfolio_entries-conservation portfolio_entries-education portfolio_entries-energy portfolio_entries-environment portfolio_entries-policy portfolio_entries-science portfolio_entries-university all_sort conservation_sort  education_sort  energy_sort  environment_sort  policy_sort  science_sort  university_sort  av-masonry-item-with-image' title=\"Act-on-Climate\"   itemscope=\"itemscope\" itemtype=\"https:\/\/schema.org\/CreativeWork\" ><div class='av-inner-masonry-sizer'><\/div><figure class='av-inner-masonry main_color'><div class=\"av-masonry-outerimage-container\"><div class='av-masonry-image-container'  ><img decoding=\"async\" width=\"500\" height=\"333\" fetchpriority=\"high\" class=\"wp-image-122272 avia-img-lazy-loading-not-122272\"  src=\"https:\/\/boulder.earth\/wp-content\/uploads\/2019\/01\/Act-on-Climate-1.png\" title=\"Act-on-Climate\" alt=\"\" srcset=\"https:\/\/boulder.earth\/wp-content\/uploads\/2019\/01\/Act-on-Climate-1.png 500w, https:\/\/boulder.earth\/wp-content\/uploads\/2019\/01\/Act-on-Climate-1-300x200.png 300w, https:\/\/boulder.earth\/wp-content\/uploads\/2019\/01\/Act-on-Climate-1-450x300.png 450w\" sizes=\"(max-width: 500px) 100vw, 500px\" \/><\/div><\/div><figcaption class='av-inner-masonry-content site-background'><div class='av-inner-masonry-content-pos'><div class='av-inner-masonry-content-pos-content'><div class='avia-arrow'><\/div><div class='av-masonry-entry-content entry-content'  itemprop=\"text\" >Como la mayor\u00eda de los estadounidenses, estamos preocupados por el cambio clim\u00e1tico global...<\/div><\/div><\/div><\/figcaption><\/figure><\/a><!--end av-masonry entry--><a href=\"https:\/\/boulder.earth\/es\/organizations\/catalyst-cooperative\/\"  id='av-masonry-1-item-29774' data-av-masonry-item='29774' class='av-masonry-entry isotope-item post-29774 portfolio type-portfolio status-publish has-post-thumbnail hentry portfolio_entries-economics portfolio_entries-energy portfolio_entries-policy portfolio_entries-resilience portfolio_entries-science all_sort economics_sort  energy_sort  policy_sort  resilience_sort  science_sort  av-masonry-item-with-image' title=\"catalizador-cooperativa\"   itemscope=\"itemscope\" itemtype=\"https:\/\/schema.org\/CreativeWork\" ><div class='av-inner-masonry-sizer'><\/div><figure class='av-inner-masonry main_color'><div class=\"av-masonry-outerimage-container\"><div class='av-masonry-image-container'  ><img decoding=\"async\" width=\"500\" height=\"333\" fetchpriority=\"high\" class=\"wp-image-29776 avia-img-lazy-loading-not-29776\"  src=\"https:\/\/boulder.earth\/wp-content\/uploads\/2017\/11\/catalyst-cooperative.jpg\" title=\"catalizador-cooperativa\" alt=\"\" srcset=\"https:\/\/boulder.earth\/wp-content\/uploads\/2017\/11\/catalyst-cooperative.jpg 500w, https:\/\/boulder.earth\/wp-content\/uploads\/2017\/11\/catalyst-cooperative-300x200.jpg 300w, https:\/\/boulder.earth\/wp-content\/uploads\/2017\/11\/catalyst-cooperative-450x300.jpg 450w\" sizes=\"(max-width: 500px) 100vw, 500px\" \/><\/div><\/div><figcaption class='av-inner-masonry-content site-background'><div class='av-inner-masonry-content-pos'><div class='av-inner-masonry-content-pos-content'><div class='avia-arrow'><\/div><div class='av-masonry-entry-content entry-content'  itemprop=\"text\" >un peque\u00f1o grupo de analistas de datos y expertos en pol\u00edticas, organizados en una empresa de consultor\u00eda propiedad de los empleados que trabaja con datos para comprender e influir en las pol\u00edticas clim\u00e1ticas, energ\u00e9ticas y de servicios el\u00e9ctricos en inter\u00e9s del p\u00fablico<\/div><\/div><\/div><\/figcaption><\/figure><\/a><!--end av-masonry entry--><a href=\"https:\/\/boulder.earth\/es\/organizations\/citizens-climate-lobby\/\"  id='av-masonry-1-item-13619' data-av-masonry-item='13619' class='av-masonry-entry isotope-item post-13619 portfolio type-portfolio status-publish has-post-thumbnail hentry portfolio_entries-activism portfolio_entries-economics portfolio_entries-energy portfolio_entries-policy all_sort activism_sort  economics_sort  energy_sort  policy_sort  av-masonry-item-with-image' title=\"roca ccl\"   itemscope=\"itemscope\" itemtype=\"https:\/\/schema.org\/CreativeWork\" ><div class='av-inner-masonry-sizer'><\/div><figure class='av-inner-masonry main_color'><div class=\"av-masonry-outerimage-container\"><div class='av-masonry-image-container'  ><img decoding=\"async\" width=\"500\" height=\"333\" fetchpriority=\"high\" class=\"wp-image-17922 avia-img-lazy-loading-not-17922\"  src=\"https:\/\/boulder.earth\/wp-content\/uploads\/2017\/07\/ccl-boulder.png\" title=\"roca ccl\" alt=\"\" srcset=\"https:\/\/boulder.earth\/wp-content\/uploads\/2017\/07\/ccl-boulder.png 500w, https:\/\/boulder.earth\/wp-content\/uploads\/2017\/07\/ccl-boulder-300x200.png 300w, https:\/\/boulder.earth\/wp-content\/uploads\/2017\/07\/ccl-boulder-450x300.png 450w\" sizes=\"(max-width: 500px) 100vw, 500px\" \/><\/div><\/div><figcaption class='av-inner-masonry-content site-background'><div class='av-inner-masonry-content-pos'><div class='av-inner-masonry-content-pos-content'><div class='avia-arrow'><\/div><div class='av-masonry-entry-content entry-content'  itemprop=\"text\" >Un grupo amistoso, solidario y no partidista que se dedica activamente a abordar el grave problema del cambio clim\u00e1tico presionando para lograr una legislaci\u00f3n nacional.<\/div><\/div><\/div><\/figcaption><\/figure><\/a><!--end av-masonry entry--><a href=\"https:\/\/boulder.earth\/es\/organizations\/clean-energy-action\/\"  id='av-masonry-1-item-20462' data-av-masonry-item='20462' class='av-masonry-entry isotope-item post-20462 portfolio type-portfolio status-publish has-post-thumbnail hentry portfolio_entries-energy portfolio_entries-fracking portfolio_entries-policy all_sort energy_sort  fracking_sort  policy_sort  av-masonry-item-with-image' title=\"acci\u00f3n de energ\u00eda limpia\"   itemscope=\"itemscope\" itemtype=\"https:\/\/schema.org\/CreativeWork\" ><div class='av-inner-masonry-sizer'><\/div><figure class='av-inner-masonry main_color'><div class=\"av-masonry-outerimage-container\"><div class='av-masonry-image-container'  ><img decoding=\"async\" width=\"500\" height=\"333\" fetchpriority=\"high\" class=\"wp-image-20473 avia-img-lazy-loading-not-20473\"  src=\"https:\/\/boulder.earth\/wp-content\/uploads\/2017\/09\/clean-energy-action.png\" title=\"acci\u00f3n de energ\u00eda limpia\" alt=\"\" srcset=\"https:\/\/boulder.earth\/wp-content\/uploads\/2017\/09\/clean-energy-action.png 500w, https:\/\/boulder.earth\/wp-content\/uploads\/2017\/09\/clean-energy-action-300x200.png 300w, https:\/\/boulder.earth\/wp-content\/uploads\/2017\/09\/clean-energy-action-450x300.png 450w\" sizes=\"(max-width: 500px) 100vw, 500px\" \/><\/div><\/div><figcaption class='av-inner-masonry-content site-background'><div class='av-inner-masonry-content-pos'><div class='av-inner-masonry-content-pos-content'><div class='avia-arrow'><\/div><div class='av-masonry-entry-content entry-content'  itemprop=\"text\" >trabajar a nivel local, estatal y nacional en temas relacionados con la energ\u00eda limpia y la mitigaci\u00f3n del cambio clim\u00e1tico<\/div><\/div><\/div><\/figcaption><\/figure><\/a><!--end av-masonry entry--><a href=\"https:\/\/boulder.earth\/es\/organizations\/colorado-carbon-fund\/\"  id='av-masonry-1-item-58794' data-av-masonry-item='58794' class='av-masonry-entry isotope-item post-58794 portfolio type-portfolio status-publish has-post-thumbnail hentry portfolio_entries-economics portfolio_entries-education portfolio_entries-energy portfolio_entries-environment portfolio_entries-programproject all_sort economics_sort  education_sort  energy_sort  environment_sort  programproject_sort  av-masonry-item-with-image' title=\"Fondo de Carbono de Colorado\"   itemscope=\"itemscope\" itemtype=\"https:\/\/schema.org\/CreativeWork\" ><div class='av-inner-masonry-sizer'><\/div><figure class='av-inner-masonry main_color'><div class=\"av-masonry-outerimage-container\"><div class='av-masonry-image-container'  ><img decoding=\"async\" width=\"500\" height=\"333\" fetchpriority=\"high\" class=\"wp-image-58796 avia-img-lazy-loading-not-58796\"  src=\"https:\/\/boulder.earth\/wp-content\/uploads\/2018\/03\/CCFlogo.png\" title=\"Fondo de Carbono de Colorado\" alt=\"\" srcset=\"https:\/\/boulder.earth\/wp-content\/uploads\/2018\/03\/CCFlogo.png 500w, https:\/\/boulder.earth\/wp-content\/uploads\/2018\/03\/CCFlogo-300x200.png 300w, https:\/\/boulder.earth\/wp-content\/uploads\/2018\/03\/CCFlogo-450x300.png 450w\" sizes=\"(max-width: 500px) 100vw, 500px\" \/><\/div><\/div><figcaption class='av-inner-masonry-content site-background'><div class='av-inner-masonry-content-pos'><div class='av-inner-masonry-content-pos-content'><div class='avia-arrow'><\/div><div class='av-masonry-entry-content entry-content'  itemprop=\"text\" >Proporcionar las herramientas f\u00e1ciles de usar y los fondos necesarios para reducir las emisiones de gases de efecto invernadero dentro de nuestro estado.<\/div><\/div><\/div><\/figcaption><\/figure><\/a><!--end av-masonry entry--><a href=\"https:\/\/boulder.earth\/es\/organizations\/colorado-renewable-energy-society\/\"  id='av-masonry-1-item-58800' data-av-masonry-item='58800' class='av-masonry-entry isotope-item post-58800 portfolio type-portfolio status-publish has-post-thumbnail hentry portfolio_entries-economics portfolio_entries-education portfolio_entries-energy portfolio_entries-policy all_sort economics_sort  education_sort  energy_sort  policy_sort  av-masonry-item-with-image' title=\"Sociedad de Energ\u00eda Renovable de Colorado - Boulder\"   itemscope=\"itemscope\" itemtype=\"https:\/\/schema.org\/CreativeWork\" ><div class='av-inner-masonry-sizer'><\/div><figure class='av-inner-masonry main_color'><div class=\"av-masonry-outerimage-container\"><div class='av-masonry-image-container'  ><img decoding=\"async\" width=\"500\" height=\"333\" fetchpriority=\"high\" class=\"wp-image-58804 avia-img-lazy-loading-not-58804\"  src=\"https:\/\/boulder.earth\/wp-content\/uploads\/2018\/03\/cres-boulder.png\" title=\"Sociedad de Energ\u00eda Renovable de Colorado - Boulder\" alt=\"\" srcset=\"https:\/\/boulder.earth\/wp-content\/uploads\/2018\/03\/cres-boulder.png 500w, https:\/\/boulder.earth\/wp-content\/uploads\/2018\/03\/cres-boulder-300x200.png 300w, https:\/\/boulder.earth\/wp-content\/uploads\/2018\/03\/cres-boulder-450x300.png 450w\" sizes=\"(max-width: 500px) 100vw, 500px\" \/><\/div><\/div><figcaption class='av-inner-masonry-content site-background'><div class='av-inner-masonry-content-pos'><div class='av-inner-masonry-content-pos-content'><div class='avia-arrow'><\/div><div class='av-masonry-entry-content entry-content'  itemprop=\"text\" >Llevar a Colorado a una econom\u00eda de energ\u00eda eficiente y renovable a trav\u00e9s de la educaci\u00f3n, el avance de pol\u00edticas y el desarrollo econ\u00f3mico.<\/div><\/div><\/div><\/figcaption><\/figure><\/a><!--end av-masonry entry--><a href=\"https:\/\/boulder.earth\/es\/organizations\/empower-our-future\/\"  id='av-masonry-1-item-22420' data-av-masonry-item='22420' class='av-masonry-entry isotope-item post-22420 portfolio type-portfolio status-publish has-post-thumbnail hentry portfolio_entries-activism portfolio_entries-energy portfolio_entries-fracking portfolio_entries-policy all_sort activism_sort  energy_sort  fracking_sort  policy_sort  av-masonry-item-with-image' title=\"empoderar nuestro futuro\"   itemscope=\"itemscope\" itemtype=\"https:\/\/schema.org\/CreativeWork\" ><div class='av-inner-masonry-sizer'><\/div><figure class='av-inner-masonry main_color'><div class=\"av-masonry-outerimage-container\"><div class='av-masonry-image-container'  ><img decoding=\"async\" width=\"500\" height=\"333\" fetchpriority=\"high\" class=\"wp-image-22421 avia-img-lazy-loading-not-22421\"  src=\"https:\/\/boulder.earth\/wp-content\/uploads\/2017\/10\/empower-our-future.png\" title=\"empoderar nuestro futuro\" alt=\"\" srcset=\"https:\/\/boulder.earth\/wp-content\/uploads\/2017\/10\/empower-our-future.png 500w, https:\/\/boulder.earth\/wp-content\/uploads\/2017\/10\/empower-our-future-300x200.png 300w, https:\/\/boulder.earth\/wp-content\/uploads\/2017\/10\/empower-our-future-450x300.png 450w\" sizes=\"(max-width: 500px) 100vw, 500px\" \/><\/div><\/div><figcaption class='av-inner-masonry-content site-background'><div class='av-inner-masonry-content-pos'><div class='av-inner-masonry-content-pos-content'><div class='avia-arrow'><\/div><div class='av-masonry-entry-content entry-content'  itemprop=\"text\" >una coalici\u00f3n de organizaciones e individuos en apoyo de la energ\u00eda limpia para Boulder promoviendo el avance hacia la municipalizaci\u00f3n<\/div><\/div><\/div><\/figcaption><\/figure><\/a><!--end av-masonry entry--><a href=\"https:\/\/boulder.earth\/es\/organizations\/energysmart\/\"  id='av-masonry-1-item-17908' data-av-masonry-item='17908' class='av-masonry-entry isotope-item post-17908 portfolio type-portfolio status-publish has-post-thumbnail hentry portfolio_entries-business portfolio_entries-economics portfolio_entries-energy portfolio_entries-programproject portfolio_entries-resources all_sort business_sort  economics_sort  energy_sort  programproject_sort  resources_sort  av-masonry-item-with-image' title=\"energ\u00eda inteligente\"   itemscope=\"itemscope\" itemtype=\"https:\/\/schema.org\/CreativeWork\" ><div class='av-inner-masonry-sizer'><\/div><figure class='av-inner-masonry main_color'><div class=\"av-masonry-outerimage-container\"><div class='av-masonry-image-container'  ><img decoding=\"async\" width=\"500\" height=\"333\" fetchpriority=\"high\" class=\"wp-image-20353 avia-img-lazy-loading-not-20353\"  src=\"https:\/\/boulder.earth\/wp-content\/uploads\/2017\/09\/energy-smart.png\" title=\"energ\u00eda inteligente\" alt=\"\" srcset=\"https:\/\/boulder.earth\/wp-content\/uploads\/2017\/09\/energy-smart.png 500w, https:\/\/boulder.earth\/wp-content\/uploads\/2017\/09\/energy-smart-300x200.png 300w, https:\/\/boulder.earth\/wp-content\/uploads\/2017\/09\/energy-smart-450x300.png 450w\" sizes=\"(max-width: 500px) 100vw, 500px\" \/><\/div><\/div><figcaption class='av-inner-masonry-content site-background'><div class='av-inner-masonry-content-pos'><div class='av-inner-masonry-content-pos-content'><div class='avia-arrow'><\/div><div class='av-masonry-entry-content entry-content'  itemprop=\"text\" >Ayudar a los hogares y negocios en todas las comunidades del condado de Boulder a ser m\u00e1s c\u00f3modos y eficientes energ\u00e9ticamente.<\/div><\/div><\/div><\/figcaption><\/figure><\/a><!--end av-masonry entry--><a href=\"https:\/\/boulder.earth\/es\/organizations\/evmatch\/\"  id='av-masonry-1-item-90329' data-av-masonry-item='90329' class='av-masonry-entry isotope-item post-90329 portfolio type-portfolio status-publish has-post-thumbnail hentry portfolio_entries-communications portfolio_entries-energy portfolio_entries-transportation all_sort communications_sort  energy_sort  transportation_sort  av-masonry-item-with-image' title=\"evmatch\"   itemscope=\"itemscope\" itemtype=\"https:\/\/schema.org\/CreativeWork\" ><div class='av-inner-masonry-sizer'><\/div><figure class='av-inner-masonry main_color'><div class=\"av-masonry-outerimage-container\"><div class='av-masonry-image-container'  ><img decoding=\"async\" width=\"500\" height=\"333\" fetchpriority=\"high\" class=\"wp-image-90336 avia-img-lazy-loading-not-90336\"  src=\"https:\/\/boulder.earth\/wp-content\/uploads\/2018\/07\/evmatch.png\" title=\"evmatch\" alt=\"\" srcset=\"https:\/\/boulder.earth\/wp-content\/uploads\/2018\/07\/evmatch.png 500w, https:\/\/boulder.earth\/wp-content\/uploads\/2018\/07\/evmatch-300x200.png 300w, https:\/\/boulder.earth\/wp-content\/uploads\/2018\/07\/evmatch-450x300.png 450w\" sizes=\"(max-width: 500px) 100vw, 500px\" \/><\/div><\/div><figcaption class='av-inner-masonry-content site-background'><div class='av-inner-masonry-content-pos'><div class='av-inner-masonry-content-pos-content'><div class='avia-arrow'><\/div><div class='av-masonry-entry-content entry-content'  itemprop=\"text\" >una red peer-to-peer para la carga de veh\u00edculos el\u00e9ctricos (EV) que aprovecha el poder de compartir para crear inmediatamente opciones de carga m\u00e1s confiables<\/div><\/div><\/div><\/figcaption><\/figure><\/a><!--end av-masonry entry--><a href=\"https:\/\/boulder.earth\/es\/organizations\/fuel-switch\/\"  id='av-masonry-1-item-113360' data-av-masonry-item='113360' class='av-masonry-entry isotope-item post-113360 portfolio type-portfolio status-publish has-post-thumbnail hentry portfolio_entries-conservation portfolio_entries-energy portfolio_entries-resources all_sort conservation_sort  energy_sort  resources_sort  av-masonry-item-with-image' title=\"Luz de logotipo FS BG @ 1024w\"   itemscope=\"itemscope\" itemtype=\"https:\/\/schema.org\/CreativeWork\" ><div class='av-inner-masonry-sizer'><\/div><figure class='av-inner-masonry main_color'><div class=\"av-masonry-outerimage-container\"><div class='av-masonry-image-container'  ><img decoding=\"async\" width=\"500\" height=\"333\" fetchpriority=\"high\" class=\"wp-image-113362 avia-img-lazy-loading-not-113362\"  src=\"https:\/\/boulder.earth\/wp-content\/uploads\/2018\/10\/FS-Logo-Light-BG@1024w.png\" title=\"Luz de logotipo FS BG @ 1024w\" alt=\"\" srcset=\"https:\/\/boulder.earth\/wp-content\/uploads\/2018\/10\/FS-Logo-Light-BG@1024w.png 500w, https:\/\/boulder.earth\/wp-content\/uploads\/2018\/10\/FS-Logo-Light-BG@1024w-300x200.png 300w, https:\/\/boulder.earth\/wp-content\/uploads\/2018\/10\/FS-Logo-Light-BG@1024w-450x300.png 450w\" sizes=\"(max-width: 500px) 100vw, 500px\" \/><\/div><\/div><figcaption class='av-inner-masonry-content site-background'><div class='av-inner-masonry-content-pos'><div class='av-inner-masonry-content-pos-content'><div class='avia-arrow'><\/div><div class='av-masonry-entry-content entry-content'  itemprop=\"text\" >Fuel Switch es su fuente para un hogar de energ\u00eda renovable.<\/div><\/div><\/div><\/figcaption><\/figure><\/a><!--end av-masonry entry--><a href=\"https:\/\/boulder.earth\/es\/organizations\/independent-power\/\"  id='av-masonry-1-item-20231' data-av-masonry-item='20231' class='av-masonry-entry isotope-item post-20231 portfolio type-portfolio status-publish has-post-thumbnail hentry portfolio_entries-business portfolio_entries-energy portfolio_entries-resources all_sort business_sort  energy_sort  resources_sort  av-masonry-item-with-image' title=\"poder independiente\"   itemscope=\"itemscope\" itemtype=\"https:\/\/schema.org\/CreativeWork\" ><div class='av-inner-masonry-sizer'><\/div><figure class='av-inner-masonry main_color'><div class=\"av-masonry-outerimage-container\"><div class='av-masonry-image-container'  ><img decoding=\"async\" width=\"300\" height=\"200\" fetchpriority=\"high\" class=\"wp-image-5483372 avia-img-lazy-loading-not-5483372\"  src=\"https:\/\/boulder.earth\/wp-content\/uploads\/2017\/09\/independent-power.png\" title=\"poder independiente\" alt=\"\" srcset=\"https:\/\/boulder.earth\/wp-content\/uploads\/2017\/09\/independent-power.png 300w, https:\/\/boulder.earth\/wp-content\/uploads\/2017\/09\/independent-power-18x12.png 18w\" sizes=\"(max-width: 300px) 100vw, 300px\" \/><\/div><\/div><figcaption class='av-inner-masonry-content site-background'><div class='av-inner-masonry-content-pos'><div class='av-inner-masonry-content-pos-content'><div class='avia-arrow'><\/div><div class='av-masonry-entry-content entry-content'  itemprop=\"text\" >Como una empresa de propiedad local con una fuerza laboral profesional altamente capacitada que ha completado cientos de proyectos residenciales y comerciales de energ\u00eda solar el\u00e9ctrica, e\u00f3lica, h\u00edbrida solar-e\u00f3lica y de torres de energ\u00eda.<\/div><\/div><\/div><\/figcaption><\/figure><\/a><!--end av-masonry entry--><a href=\"https:\/\/boulder.earth\/es\/organizations\/natural-capital-solutions\/\"  id='av-masonry-1-item-17807' data-av-masonry-item='17807' class='av-masonry-entry isotope-item post-17807 portfolio type-portfolio status-publish has-post-thumbnail hentry portfolio_entries-economics portfolio_entries-energy portfolio_entries-environment portfolio_entries-policy all_sort economics_sort  energy_sort  environment_sort  policy_sort  av-masonry-item-with-image' title=\"Soluciones de capitalismo natural\"   itemscope=\"itemscope\" itemtype=\"https:\/\/schema.org\/CreativeWork\" ><div class='av-inner-masonry-sizer'><\/div><figure class='av-inner-masonry main_color'><div class=\"av-masonry-outerimage-container\"><div class='av-masonry-image-container'  ><img decoding=\"async\" width=\"500\" height=\"333\" fetchpriority=\"high\" class=\"wp-image-17808 avia-img-lazy-loading-not-17808\"  src=\"https:\/\/boulder.earth\/wp-content\/uploads\/2017\/09\/NaturalCapitalismInstitute.jpg\" title=\"Soluciones de capitalismo natural\" alt=\"\" srcset=\"https:\/\/boulder.earth\/wp-content\/uploads\/2017\/09\/NaturalCapitalismInstitute.jpg 500w, https:\/\/boulder.earth\/wp-content\/uploads\/2017\/09\/NaturalCapitalismInstitute-300x200.jpg 300w, https:\/\/boulder.earth\/wp-content\/uploads\/2017\/09\/NaturalCapitalismInstitute-450x300.jpg 450w\" sizes=\"(max-width: 500px) 100vw, 500px\" \/><\/div><\/div><figcaption class='av-inner-masonry-content site-background'><div class='av-inner-masonry-content-pos'><div class='av-inner-masonry-content-pos-content'><div class='avia-arrow'><\/div><div class='av-masonry-entry-content entry-content'  itemprop=\"text\" >Desarrollar formas innovadoras y pr\u00e1cticas para aumentar la eficiencia y las pr\u00e1cticas ambientales, as\u00ed como la sostenibilidad econ\u00f3mica, para una larga lista de clientes gubernamentales y corporativos.<\/div><\/div><\/div><\/figcaption><\/figure><\/a><!--end av-masonry entry--><a href=\"https:\/\/boulder.earth\/es\/organizations\/new-era-colorado\/\"  id='av-masonry-1-item-18202' data-av-masonry-item='18202' class='av-masonry-entry isotope-item post-18202 portfolio type-portfolio status-publish has-post-thumbnail hentry portfolio_entries-activism portfolio_entries-education portfolio_entries-energy portfolio_entries-fracking portfolio_entries-justice portfolio_entries-policy all_sort activism_sort  education_sort  energy_sort  fracking_sort  justice_sort  policy_sort  av-masonry-item-with-image' title=\"nueva-era-colorado\"   itemscope=\"itemscope\" itemtype=\"https:\/\/schema.org\/CreativeWork\" ><div class='av-inner-masonry-sizer'><\/div><figure class='av-inner-masonry main_color'><div class=\"av-masonry-outerimage-container\"><div class='av-masonry-image-container'  ><img decoding=\"async\" width=\"500\" height=\"333\" fetchpriority=\"high\" class=\"wp-image-18204 avia-img-lazy-loading-not-18204\"  src=\"https:\/\/boulder.earth\/wp-content\/uploads\/2017\/09\/new-era-colorado.png\" title=\"nueva-era-colorado\" alt=\"\" srcset=\"https:\/\/boulder.earth\/wp-content\/uploads\/2017\/09\/new-era-colorado.png 500w, https:\/\/boulder.earth\/wp-content\/uploads\/2017\/09\/new-era-colorado-300x200.png 300w, https:\/\/boulder.earth\/wp-content\/uploads\/2017\/09\/new-era-colorado-450x300.png 450w\" sizes=\"(max-width: 500px) 100vw, 500px\" \/><\/div><\/div><figcaption class='av-inner-masonry-content site-background'><div class='av-inner-masonry-content-pos'><div class='av-inner-masonry-content-pos-content'><div class='avia-arrow'><\/div><div class='av-masonry-entry-content entry-content'  itemprop=\"text\" >voz principal de los j\u00f3venes en la pol\u00edtica de todo el estado<\/div><\/div><\/div><\/figcaption><\/figure><\/a><!--end av-masonry entry--><a href=\"https:\/\/boulder.earth\/es\/organizations\/pace-partners-for-a-clean-environment\/\"  id='av-masonry-1-item-18980' data-av-masonry-item='18980' class='av-masonry-entry isotope-item post-18980 portfolio type-portfolio status-publish has-post-thumbnail hentry portfolio_entries-business portfolio_entries-economics portfolio_entries-energy portfolio_entries-environment portfolio_entries-resources portfolio_entries-zero-waste all_sort business_sort  economics_sort  energy_sort  environment_sort  resources_sort  zero-waste_sort  av-masonry-item-with-image' title=\"compa\u00f1eros de paso para un medio ambiente limpio\"   itemscope=\"itemscope\" itemtype=\"https:\/\/schema.org\/CreativeWork\" ><div class='av-inner-masonry-sizer'><\/div><figure class='av-inner-masonry main_color'><div class=\"av-masonry-outerimage-container\"><div class='av-masonry-image-container'  ><img decoding=\"async\" width=\"500\" height=\"333\" fetchpriority=\"high\" class=\"wp-image-18982 avia-img-lazy-loading-not-18982\"  src=\"https:\/\/boulder.earth\/wp-content\/uploads\/2017\/09\/pace-logo.png\" title=\"compa\u00f1eros de paso para un medio ambiente limpio\" alt=\"\" srcset=\"https:\/\/boulder.earth\/wp-content\/uploads\/2017\/09\/pace-logo.png 500w, https:\/\/boulder.earth\/wp-content\/uploads\/2017\/09\/pace-logo-300x200.png 300w, https:\/\/boulder.earth\/wp-content\/uploads\/2017\/09\/pace-logo-450x300.png 450w\" sizes=\"(max-width: 500px) 100vw, 500px\" \/><\/div><\/div><figcaption class='av-inner-masonry-content site-background'><div class='av-inner-masonry-content-pos'><div class='av-inner-masonry-content-pos-content'><div class='avia-arrow'><\/div><div class='av-masonry-entry-content entry-content'  itemprop=\"text\" >Ventanilla \u00fanica para la sostenibilidad empresarial en el condado de Boulder<\/div><\/div><\/div><\/figcaption><\/figure><\/a><!--end av-masonry entry--><a href=\"https:\/\/boulder.earth\/es\/organizations\/passive-house-rocky-mountains\/\"  id='av-masonry-1-item-5479160' data-av-masonry-item='5479160' class='av-masonry-entry isotope-item post-5479160 portfolio type-portfolio status-publish has-post-thumbnail hentry portfolio_entries-energy portfolio_entries-housing all_sort energy_sort  housing_sort  av-masonry-item-with-image' title=\"logo-phrm\"   itemscope=\"itemscope\" itemtype=\"https:\/\/schema.org\/CreativeWork\" ><div class='av-inner-masonry-sizer'><\/div><figure class='av-inner-masonry main_color'><div class=\"av-masonry-outerimage-container\"><div class='av-masonry-image-container'  ><img decoding=\"async\" width=\"300\" height=\"200\" fetchpriority=\"high\" class=\"wp-image-5479161 avia-img-lazy-loading-not-5479161\"  src=\"https:\/\/boulder.earth\/wp-content\/uploads\/2022\/10\/phrm-logo.jpg\" title=\"logo-phrm\" alt=\"\" srcset=\"https:\/\/boulder.earth\/wp-content\/uploads\/2022\/10\/phrm-logo.jpg 300w, https:\/\/boulder.earth\/wp-content\/uploads\/2022\/10\/phrm-logo-18x12.jpg 18w\" sizes=\"(max-width: 300px) 100vw, 300px\" \/><\/div><\/div><figcaption class='av-inner-masonry-content site-background'><div class='av-inner-masonry-content-pos'><div class='av-inner-masonry-content-pos-content'><div class='avia-arrow'><\/div><div class='av-masonry-entry-content entry-content'  itemprop=\"text\" >apoyando el est\u00e1ndar de construcci\u00f3n con mayor eficiencia energ\u00e9tica en el mundo a trav\u00e9s de la promoci\u00f3n, capacitaciones y una comunidad de apoyo<\/div><\/div><\/div><\/figcaption><\/figure><\/a><!--end av-masonry entry--><a href=\"https:\/\/boulder.earth\/es\/organizations\/renewable-choice-energy\/\"  id='av-masonry-1-item-13599' data-av-masonry-item='13599' class='av-masonry-entry isotope-item post-13599 portfolio type-portfolio status-publish has-post-thumbnail hentry portfolio_entries-business portfolio_entries-economics portfolio_entries-energy portfolio_entries-resources all_sort business_sort  economics_sort  energy_sort  resources_sort  av-masonry-item-with-image' title=\"elecci\u00f3n-de-energ\u00eda-renovable\"   itemscope=\"itemscope\" itemtype=\"https:\/\/schema.org\/CreativeWork\" ><div class='av-inner-masonry-sizer'><\/div><figure class='av-inner-masonry main_color'><div class=\"av-masonry-outerimage-container\"><div class='av-masonry-image-container'  ><img decoding=\"async\" width=\"500\" height=\"333\" fetchpriority=\"high\" class=\"wp-image-13600 avia-img-lazy-loading-not-13600\"  src=\"https:\/\/boulder.earth\/wp-content\/uploads\/2017\/07\/renewable-choice-energy.jpg\" title=\"elecci\u00f3n-de-energ\u00eda-renovable\" alt=\"\" srcset=\"https:\/\/boulder.earth\/wp-content\/uploads\/2017\/07\/renewable-choice-energy.jpg 500w, https:\/\/boulder.earth\/wp-content\/uploads\/2017\/07\/renewable-choice-energy-300x200.jpg 300w, https:\/\/boulder.earth\/wp-content\/uploads\/2017\/07\/renewable-choice-energy-450x300.jpg 450w\" sizes=\"(max-width: 500px) 100vw, 500px\" \/><\/div><\/div><figcaption class='av-inner-masonry-content site-background'><div class='av-inner-masonry-content-pos'><div class='av-inner-masonry-content-pos-content'><div class='avia-arrow'><\/div><div class='av-masonry-entry-content entry-content'  itemprop=\"text\" >Proveedor l\u00edder de productos y servicios de energ\u00eda limpia personalizados para el sector comercial, industrial e institucional (C&amp;I)<\/div><\/div><\/div><\/figcaption><\/figure><\/a><!--end av-masonry entry--><a href=\"https:\/\/boulder.earth\/es\/organizations\/shine\/\"  id='av-masonry-1-item-20446' data-av-masonry-item='20446' class='av-masonry-entry isotope-item post-20446 portfolio type-portfolio status-publish has-post-thumbnail hentry portfolio_entries-arts-culture portfolio_entries-communications portfolio_entries-education portfolio_entries-energy portfolio_entries-programproject all_sort arts-culture_sort  communications_sort  education_sort  energy_sort  programproject_sort  av-masonry-item-with-image' title=\"brillar\"   itemscope=\"itemscope\" itemtype=\"https:\/\/schema.org\/CreativeWork\" ><div class='av-inner-masonry-sizer'><\/div><figure class='av-inner-masonry main_color'><div class=\"av-masonry-outerimage-container\"><div class='av-masonry-image-container'  ><img decoding=\"async\" width=\"500\" height=\"333\" fetchpriority=\"high\" class=\"wp-image-20449 avia-img-lazy-loading-not-20449\"  src=\"https:\/\/boulder.earth\/wp-content\/uploads\/2017\/09\/shine.png\" title=\"brillar\" alt=\"\" srcset=\"https:\/\/boulder.earth\/wp-content\/uploads\/2017\/09\/shine.png 500w, https:\/\/boulder.earth\/wp-content\/uploads\/2017\/09\/shine-300x200.png 300w, https:\/\/boulder.earth\/wp-content\/uploads\/2017\/09\/shine-450x300.png 450w\" sizes=\"(max-width: 500px) 100vw, 500px\" \/><\/div><\/div><figcaption class='av-inner-masonry-content site-background'><div class='av-inner-masonry-content-pos'><div class='av-inner-masonry-content-pos-content'><div class='avia-arrow'><\/div><div class='av-masonry-entry-content entry-content'  itemprop=\"text\" >actuaci\u00f3n musical para la participaci\u00f3n de la comunidad juvenil en la planificaci\u00f3n de la resiliencia<\/div><\/div><\/div><\/figcaption><\/figure><\/a><!--end av-masonry entry--><a href=\"https:\/\/boulder.earth\/es\/organizations\/southwest-energy-efficiency-project\/\"  id='av-masonry-1-item-127815' data-av-masonry-item='127815' class='av-masonry-entry isotope-item post-127815 portfolio type-portfolio status-publish has-post-thumbnail hentry portfolio_entries-economics portfolio_entries-energy portfolio_entries-transportation all_sort economics_sort  energy_sort  transportation_sort  av-masonry-item-with-image' title=\"barrer\"   itemscope=\"itemscope\" itemtype=\"https:\/\/schema.org\/CreativeWork\" ><div class='av-inner-masonry-sizer'><\/div><figure class='av-inner-masonry main_color'><div class=\"av-masonry-outerimage-container\"><div class='av-masonry-image-container'  ><img decoding=\"async\" width=\"300\" height=\"200\" fetchpriority=\"high\" class=\"wp-image-127816 avia-img-lazy-loading-not-127816\"  src=\"https:\/\/boulder.earth\/wp-content\/uploads\/2019\/04\/sweep.png\" title=\"barrer\" alt=\"\" \/><\/div><\/div><figcaption class='av-inner-masonry-content site-background'><div class='av-inner-masonry-content-pos'><div class='av-inner-masonry-content-pos-content'><div class='avia-arrow'><\/div><div class='av-masonry-entry-content entry-content'  itemprop=\"text\" >Ahorro de dinero y protecci\u00f3n del medio ambiente mediante el avance de la eficiencia energ\u00e9tica y el transporte limpio en Arizona, Colorado, Nevada, Nuevo M\u00e9xico, Utah y Wyoming<\/div><\/div><\/div><\/figcaption><\/figure><\/a><!--end av-masonry entry--><a href=\"https:\/\/boulder.earth\/es\/organizations\/sustainable-resilient-longmont\/\"  id='av-masonry-1-item-69593' data-av-masonry-item='69593' class='av-masonry-entry isotope-item post-69593 portfolio type-portfolio status-publish has-post-thumbnail hentry portfolio_entries-community portfolio_entries-energy portfolio_entries-fracking portfolio_entries-programproject portfolio_entries-resilience all_sort community_sort  energy_sort  fracking_sort  programproject_sort  resilience_sort  av-masonry-item-with-image' title=\"SostenibleLogotipo\"   itemscope=\"itemscope\" itemtype=\"https:\/\/schema.org\/CreativeWork\" ><div class='av-inner-masonry-sizer'><\/div><figure class='av-inner-masonry main_color'><div class=\"av-masonry-outerimage-container\"><div class='av-masonry-image-container'  ><img decoding=\"async\" width=\"500\" height=\"333\" fetchpriority=\"high\" class=\"wp-image-69595 avia-img-lazy-loading-not-69595\"  src=\"https:\/\/boulder.earth\/wp-content\/uploads\/2018\/04\/SustainableLogo.png\" title=\"SostenibleLogotipo\" alt=\"\" srcset=\"https:\/\/boulder.earth\/wp-content\/uploads\/2018\/04\/SustainableLogo.png 500w, https:\/\/boulder.earth\/wp-content\/uploads\/2018\/04\/SustainableLogo-300x200.png 300w, https:\/\/boulder.earth\/wp-content\/uploads\/2018\/04\/SustainableLogo-450x300.png 450w\" sizes=\"(max-width: 500px) 100vw, 500px\" \/><\/div><\/div><figcaption class='av-inner-masonry-content site-background'><div class='av-inner-masonry-content-pos'><div class='av-inner-masonry-content-pos-content'><div class='avia-arrow'><\/div><div class='av-masonry-entry-content entry-content'  itemprop=\"text\" >Colaborando con la comunidad de Longmont para cultivar una ciudad sostenible y pr\u00f3spera<\/div><\/div><\/div><\/figcaption><\/figure><\/a><!--end av-masonry entry--><\/div><\/div><br \/>\n<section  class='av_textblock_section av-jov5fpv2-2fe662bf679ee1172a4ddc0ec8e94c83'   itemscope=\"itemscope\" itemtype=\"https:\/\/schema.org\/CreativeWork\" ><div class='avia_textblock'  itemprop=\"text\" ><h3 style=\"text-align: center;\">\u00bfDebe su organizaci\u00f3n estar en la lista?<\/h3>\n<\/div><\/section><br \/>\n<div  class='avia-button-wrap av-i8p2qt2m-ebbcd175d47917c58711011144e1c1a3-wrap avia-button-center  avia-builder-el-5  el_after_av_textblock  avia-builder-el-last'><a href='\/es\/feedback\/'  class='avia-button av-i8p2qt2m-ebbcd175d47917c58711011144e1c1a3 av-link-btn avia-icon_select-yes-left-icon avia-size-x-large avia-position-center avia-color-theme-color'  target=\"_blank\"  rel=\"noopener noreferrer\"  aria-label=\"Comparte tu informaci\u00f3n aqu\u00ed\"><span class='avia_button_icon avia_button_icon_left avia-iconfont avia-font-entypo-fontello' data-av_icon='\ue8d2' data-av_iconfont='entypo-fontello' ><\/span><span class='avia_iconbox_title' >Comparte tu informaci\u00f3n aqu\u00ed<\/span><\/a><\/div><\/p><\/div><div  class='hr av-kyd5iqp6-b2f4456bfe4ea8d853449b5ab9bbfa0c hr-default  avia-builder-el-6  el_after_av_one_full  el_before_av_textblock'><span class='hr-inner'><span class=\"hr-inner-style\"><\/span><\/span><\/div><\/p>\n<section  class='av_textblock_section av-kyd5506i-046cfd7bc2cc29cfa4884a0f157ebc38'   itemscope=\"itemscope\" itemtype=\"https:\/\/schema.org\/CreativeWork\" ><div class='avia_textblock'  itemprop=\"text\" ><h1 id=\"navigating\" style=\"text-align: center;\">Aprenda m\u00e1s sobre nuestra energ\u00eda<\/h1>\n<p style=\"text-align: center;\">de estos \u00fatiles recursos, sitios web e historias<\/p>\n<\/div><\/section>\n\n<style type=\"text\/css\" data-created_by=\"avia_inline_auto\" id=\"style-css-av-hm28npri-48367ea900d27249d112381afaecd43a\">\n.flex_column.av-hm28npri-48367ea900d27249d112381afaecd43a{\nborder-radius:0px 0px 0px 0px;\npadding:0px 0px 0px 0px;\n}\n<\/style>\n<div  class='flex_column av-hm28npri-48367ea900d27249d112381afaecd43a av_one_full  avia-builder-el-8  el_after_av_textblock  el_before_av_layout_row  avia-builder-el-last  first flex_column_div av-zero-column-padding  column-top-margin'     ><div  class='avia-video av-gek2q23y-f160b553001450ba9940eba0dae8e1c4 avia-video-16-9 av-no-preview-image avia-video-load-always av-lazyload-immediate av-lazyload-video-embed'  itemprop=\"video\" itemtype=\"https:\/\/schema.org\/VideoObject\"  data-original_url='https:\/\/youtu.be\/i_xwYTKX8pY'><script type='text\/html' class='av-video-tmpl'><div class='avia-iframe-wrap'><iframe loading=\"lazy\" title=\"This tiny model town shows how we could achieve 100% clean energy\" width=\"1500\" height=\"844\" src=\"https:\/\/www.youtube.com\/embed\/i_xwYTKX8pY?feature=oembed&autoplay=0&loop=0&controls=1&mute=0\" frameborder=\"0\" allow=\"accelerometer; autoplay; clipboard-write; encrypted-media; gyroscope; picture-in-picture\" allowfullscreen><\/iframe><\/div><\/script><div class='av-click-to-play-overlay'><div class=\"avia_playpause_icon\"><\/div><\/div><\/div><\/div>\n<\/div><\/div><\/div><!-- close content main div --><\/div><\/div><div id='av-layout-grid-1'  class='av-layout-grid-container av-f4nezcmm-b64c193b6863ab1732df61214e2f82f6 entry-content-wrapper alternate_color av-border-cells av-flex-cells  avia-builder-el-10  el_after_av_one_full  el_before_av_one_full  grid-row-not-first  container_wrap sidebar_right'  >\n\n<style type=\"text\/css\" data-created_by=\"avia_inline_auto\" id=\"style-css-av-d9y8lrn2-f5a52758ff284aef9e7ab103b0da6c75\">\n.flex_cell.av-d9y8lrn2-f5a52758ff284aef9e7ab103b0da6c75{\nvertical-align:top;\n}\n.responsive #top #wrap_all .flex_cell.av-d9y8lrn2-f5a52758ff284aef9e7ab103b0da6c75{\npadding:30px 30px 30px 30px !important;\n}\n<\/style>\n<div class='flex_cell av-d9y8lrn2-f5a52758ff284aef9e7ab103b0da6c75 av-gridrow-cell av_one_third no_margin  avia-builder-el-11  el_before_av_cell_one_third  avia-builder-el-first  content-align-top'  ><div class='flex_cell_inner'><p>\n<style type=\"text\/css\" data-created_by=\"avia_inline_auto\" id=\"style-css-av-c386t0dq-89b01dbbf8d4532156442bf2a73171b5\">\n.avia-image-container.av-c386t0dq-89b01dbbf8d4532156442bf2a73171b5 img.avia_image{\nbox-shadow:none;\n}\n.avia-image-container.av-c386t0dq-89b01dbbf8d4532156442bf2a73171b5 .av-image-caption-overlay-center{\ncolor:#ffffff;\n}\n<\/style>\n<div  class='avia-image-container av-c386t0dq-89b01dbbf8d4532156442bf2a73171b5 av-styling- av-img-linked avia-align-center  avia-builder-el-12  el_before_av_textblock  avia-builder-el-first'   itemprop=\"image\" itemscope=\"itemscope\" itemtype=\"https:\/\/schema.org\/ImageObject\" ><div class=\"avia-image-container-inner\"><div class=\"avia-image-overlay-wrap\"><a href=\"https:\/\/350colorado.org\/boulder-renewable-energy-summit-recap\" class='avia_image'  target=\"_blank\"  rel=\"noopener noreferrer\" aria-label='cumbre de energ\u00edas renovables'><img decoding=\"async\" fetchpriority=\"high\" class='wp-image-153327 avia-img-lazy-loading-not-153327 avia_image' src=\"https:\/\/boulder.earth\/wp-content\/uploads\/2019\/10\/renewable-energy-summit.jpg\" alt='' title='cumbre de energ\u00edas renovables'  height=\"164\" width=\"300\"  itemprop=\"thumbnailUrl\"  \/><\/a><\/div><\/div><\/div><br \/>\n<section  class='av_textblock_section av-b1iwg33i-7ed928f801042e123c73486ca3596bab'   itemscope=\"itemscope\" itemtype=\"https:\/\/schema.org\/CreativeWork\" ><div class='avia_textblock'  itemprop=\"text\" ><h3 style=\"text-align: center;\"><a href=\"https:\/\/350colorado.org\/boulder-renewable-energy-summit-recap\" target=\"_blank\" rel=\"noopener\">Cumbre de energ\u00eda renovable: resumen y aprendizaje clave<\/a><\/h3>\n<p style=\"text-align: center;\">350 Colorado, el Ministerio de Acci\u00f3n Clim\u00e1tica de la Iglesia Unitaria Universalista de Boulder y Physicians for Social Responsibility Colorado organizaron una cumbre de energ\u00eda renovable p\u00fablica y gratuita. Los asistentes tuvieron la oportunidad de aprender c\u00f3mo ir m\u00e1s all\u00e1 del gas fracturado en sus hogares y c\u00f3mo apoyar la transici\u00f3n a la energ\u00eda renovable 100% donde viven. <a href=\"https:\/\/350colorado.org\/boulder-renewable-energy-summit-recap\" target=\"_blank\" rel=\"noopener\">Lea el resumen, mire el video, vea las diapositivas del presentador<\/a><\/p>\n<\/div><\/section><\/p>\n<\/div><\/div>\n<style type=\"text\/css\" data-created_by=\"avia_inline_auto\" id=\"style-css-av-9w8a9f72-d15a2039955224e16cc8f44260511ddf\">\n.flex_cell.av-9w8a9f72-d15a2039955224e16cc8f44260511ddf{\nvertical-align:top;\n}\n.responsive #top #wrap_all .flex_cell.av-9w8a9f72-d15a2039955224e16cc8f44260511ddf{\npadding:30px 30px 30px 30px !important;\n}\n<\/style>\n<div class='flex_cell av-9w8a9f72-d15a2039955224e16cc8f44260511ddf av-gridrow-cell av_one_third no_margin  avia-builder-el-14  el_after_av_cell_one_third  el_before_av_cell_one_third  content-align-top'  ><div class='flex_cell_inner'><p>\n<style type=\"text\/css\" data-created_by=\"avia_inline_auto\" id=\"style-css-av-8kbon48e-4f9aa1fd9962bdc83efc49bef8c20da6\">\n.avia-image-container.av-8kbon48e-4f9aa1fd9962bdc83efc49bef8c20da6 img.avia_image{\nbox-shadow:none;\n}\n.avia-image-container.av-8kbon48e-4f9aa1fd9962bdc83efc49bef8c20da6 .av-image-caption-overlay-center{\ncolor:#ffffff;\n}\n<\/style>\n<div  class='avia-image-container av-8kbon48e-4f9aa1fd9962bdc83efc49bef8c20da6 av-styling- av-img-linked avia-align-center  avia-builder-el-15  el_before_av_textblock  avia-builder-el-first'   itemprop=\"image\" itemscope=\"itemscope\" itemtype=\"https:\/\/schema.org\/ImageObject\" ><div class=\"avia-image-container-inner\"><div class=\"avia-image-overlay-wrap\"><a href=\"https:\/\/www.nrel.gov\/research\/learning.html\" class='avia_image'  target=\"_blank\"  rel=\"noopener noreferrer\" aria-label='conceptos b\u00e1sicos de energ\u00eda nrel'><img decoding=\"async\" fetchpriority=\"high\" class='wp-image-161190 avia-img-lazy-loading-not-161190 avia_image' src=\"https:\/\/boulder.earth\/wp-content\/uploads\/2019\/11\/nrel-basics.jpg\" alt='' title='conceptos b\u00e1sicos de energ\u00eda nrel'  height=\"164\" width=\"300\"  itemprop=\"thumbnailUrl\"  \/><\/a><\/div><\/div><\/div><br \/>\n<section  class='av_textblock_section av-6qkqotgu-fc7c400878a3399feaef28ffa62706d6'   itemscope=\"itemscope\" itemtype=\"https:\/\/schema.org\/CreativeWork\" ><div class='avia_textblock'  itemprop=\"text\" ><h3 class=\"lead\" style=\"text-align: center;\"><a href=\"https:\/\/www.nrel.gov\/research\/learning.html\" target=\"_blank\" rel=\"noopener\">Conceptos b\u00e1sicos de energ\u00eda<\/a><\/h3>\n<p style=\"text-align: center;\">El Laboratorio Nacional de Energ\u00eda Renovable (NREL) est\u00e1 justo al sur de Boulder en Golden, CO. Puede aprender mucho de una visita. Pero mientras tanto, consulte la secci\u00f3n Conceptos b\u00e1sicos de energ\u00eda de su sitio web. Conozca los conceptos b\u00e1sicos de sus \u00e1reas de investigaci\u00f3n: bioenerg\u00eda, geotermia, hidr\u00f3geno, solar, transporte, viento y agua. <a href=\"http:\/\/ecocycle.org\/take-action\/community-carbon-farming\" target=\"_blank\" rel=\"noopener\">Visitar sitio<\/a><\/p>\n<\/div><\/section><\/p>\n<\/div><\/div>\n<style type=\"text\/css\" data-created_by=\"avia_inline_auto\" id=\"style-css-av-692mxlbi-32dd0a54923062be6296a42a04cd1741\">\n.flex_cell.av-692mxlbi-32dd0a54923062be6296a42a04cd1741{\nvertical-align:top;\n}\n.responsive #top #wrap_all .flex_cell.av-692mxlbi-32dd0a54923062be6296a42a04cd1741{\npadding:30px 30px 30px 30px !important;\n}\n<\/style>\n<div class='flex_cell av-692mxlbi-32dd0a54923062be6296a42a04cd1741 av-gridrow-cell av_one_third no_margin  avia-builder-el-17  el_after_av_cell_one_third  avia-builder-el-last  content-align-top'  ><div class='flex_cell_inner'><p>\n<style type=\"text\/css\" data-created_by=\"avia_inline_auto\" id=\"style-css-av-h2hetda-87f3ccbdc98745b1a3d5e85bf3ed6f67\">\n.avia-image-container.av-h2hetda-87f3ccbdc98745b1a3d5e85bf3ed6f67 img.avia_image{\nbox-shadow:none;\n}\n.avia-image-container.av-h2hetda-87f3ccbdc98745b1a3d5e85bf3ed6f67 .av-image-caption-overlay-center{\ncolor:#ffffff;\n}\n<\/style>\n<div  class='avia-image-container av-h2hetda-87f3ccbdc98745b1a3d5e85bf3ed6f67 av-styling- av-img-linked avia-align-center  avia-builder-el-18  el_before_av_textblock  avia-builder-el-first'   itemprop=\"image\" itemscope=\"itemscope\" itemtype=\"https:\/\/schema.org\/ImageObject\" ><div class=\"avia-image-container-inner\"><div class=\"avia-image-overlay-wrap\"><a href=\"https:\/\/www.drawdown.org\" class='avia_image'  target=\"_blank\"  rel=\"noopener noreferrer\" aria-label='proyecto de reducci\u00f3n de electricidad'><img decoding=\"async\" fetchpriority=\"high\" class='wp-image-161193 avia-img-lazy-loading-not-161193 avia_image' src=\"https:\/\/boulder.earth\/wp-content\/uploads\/2019\/11\/drawdown-electricity.jpg\" alt='' title='proyecto de reducci\u00f3n de electricidad'  height=\"164\" width=\"300\"  itemprop=\"thumbnailUrl\"  \/><\/a><\/div><\/div><\/div><br \/>\n<section  class='av_textblock_section av-3sjqbtpq-0e7b7965bb765c6d3e482281b9ffcf72'   itemscope=\"itemscope\" itemtype=\"https:\/\/schema.org\/CreativeWork\" ><div class='avia_textblock'  itemprop=\"text\" ><h3 class=\"headline\" style=\"text-align: center;\"><a href=\"https:\/\/www.drawdown.org\/solutions\/electricity-generation\" target=\"_blank\" rel=\"noopener\">Resumen del Sector de Generaci\u00f3n de Electricidad<\/a><\/h3>\n<p class=\"headline\" style=\"text-align: center;\">Project Drawdown es una organizaci\u00f3n de investigaci\u00f3n global que identifica, revisa y analiza las soluciones m\u00e1s viables para el cambio clim\u00e1tico y comparte estos hallazgos con el mundo. Ver los l\u00edderes mundiales <a href=\"https:\/\/www.drawdown.org\" target=\"_blank\" rel=\"noopener\">recurso para soluciones de generaci\u00f3n de electricidad<\/a>.<\/p>\n<\/div><\/section><\/p>\n<\/div><\/div>\n<\/div><div id='after_grid_row_1'  class='main_color av_default_container_wrap container_wrap sidebar_right'  ><div class='container av-section-cont-open' ><div class='template-page content  av-content-small alpha units'><div class='post-entry post-entry-type-page post-entry-5476782'><div class='entry-content-wrapper clearfix'>\n\n<style type=\"text\/css\" data-created_by=\"avia_inline_auto\" id=\"style-css-av-1s2u1upa-312bbc1e727064db89e2f535dace7f8a\">\n.flex_column.av-1s2u1upa-312bbc1e727064db89e2f535dace7f8a{\nborder-radius:0px 0px 0px 0px;\npadding:0px 0px 0px 0px;\n}\n<\/style>\n<div  class='flex_column av-1s2u1upa-312bbc1e727064db89e2f535dace7f8a av_one_full  avia-builder-el-20  el_after_av_layout_row  el_before_av_promobox  avia-builder-el-first  first flex_column_div av-zero-column-padding'     ><section  class='av_textblock_section av-kyd54foc-4b04345b6b8a44f38d81bdacde530cc3'   itemscope=\"itemscope\" itemtype=\"https:\/\/schema.org\/CreativeWork\" ><div class='avia_textblock'  itemprop=\"text\" ><h3><a href=\"https:\/\/www.colorado.gov\/pacific\/energyoffice\/atom\/162026\" target=\"_blank\" rel=\"noopener\">Plan de veh\u00edculos el\u00e9ctricos de Colorado<\/a><\/h3>\n<p>Enero de 2018 Plan de la administraci\u00f3n de Polis para acelerar la adopci\u00f3n de veh\u00edculos el\u00e9ctricos seg\u00fan el estudio de implementaci\u00f3n del mercado de veh\u00edculos el\u00e9ctricos de 2015. <a href=\"https:\/\/www.colorado.gov\/pacific\/energyoffice\/atom\/162026\" target=\"_blank\" rel=\"noopener\">Descargar PDF<\/a><\/p>\n<hr \/>\n<h3><a href=\"https:\/\/www.eenews.net\/stories\/1061491825\" target=\"_blank\" rel=\"noopener\">C\u00f3mo Whole Foods se convirti\u00f3 en la zona cero en las guerras de carga<\/a><\/h3>\n<p>Narrativa de la experiencia del cliente de carga p\u00fablica; identifica oportunidades y desaf\u00edos a trav\u00e9s de la lente de Whole Foods. <a href=\"https:\/\/www.eenews.net\/stories\/1061491825\" target=\"_blank\" rel=\"noopener\">Lea la noticia de E&amp;E<\/a><\/p>\n<hr \/>\n<h3 class=\"entry-title\"><a href=\"https:\/\/theicct.org\/sites\/default\/files\/publications\/ICCT_EV_surge_US_cities_20190610.pdf\" rel=\"bookmark\">El auge de los veh\u00edculos el\u00e9ctricos en las ciudades de EE.UU.<\/a><\/h3>\n<p>Estudio de junio de 2019 sobre la adopci\u00f3n de veh\u00edculos el\u00e9ctricos, comparando ciudades de EE. UU., incluido Boulder. <a href=\"https:\/\/theicct.org\/sites\/default\/files\/publications\/ICCT_EV_surge_US_cities_20190610.pdf\" target=\"_blank\" rel=\"noopener\">Descargar PDF<\/a><\/p>\n<hr \/>\n<h3 class=\"entry-title\"><a href=\"https:\/\/techxplore.com\/news\/2019-12-small-german-town-powerand-fully.html?fbclid=IwAR1v7osVRlbn_FkmEW8nU7bX-o_pbnnWyQWrc7arS7cBWBiDHJYIetJWGIo\">Esta peque\u00f1a ciudad alemana recuper\u00f3 la energ\u00eda y se volvi\u00f3 completamente renovable<\/a><\/h3>\n<p>Con 100% de su electricidad proveniente de fuentes renovables (y m\u00e1s de sobra), la ciudad alemana de Wolfhagen demuestra particularmente lo que se puede lograr cuando los municipios adoptan enfoques innovadores para la propiedad y la gobernanza de infraestructura clave. <a href=\"https:\/\/techxplore.com\/news\/2019-12-small-german-town-powerand-fully.html?fbclid=IwAR1v7osVRlbn_FkmEW8nU7bX-o_pbnnWyQWrc7arS7cBWBiDHJYIetJWGIo\" target=\"_blank\" rel=\"noopener\">Leer historia<\/a><\/p>\n<hr \/>\n<h3 id=\"articleTitle\" class=\"articleTitle\"><a href=\"https:\/\/www.nrel.gov\/docs\/fy17osti\/68447.pdf\" target=\"_blank\" rel=\"noopener\">Veh\u00edculos el\u00e9ctricos en Colorado: anticipaci\u00f3n de la demanda de los consumidores de carga r\u00e1pida de corriente continua<\/a><\/h3>\n<p>An\u00e1lisis NREL de la necesidad y utilizaci\u00f3n de carga r\u00e1pida de CC en Colorado (\u00fatil para considerar la infraestructura de carga para que los conductores de veh\u00edculos el\u00e9ctricos de Boulder viajen fuera de Boulder) <a href=\"https:\/\/www.nrel.gov\/docs\/fy17osti\/68447.pdf\" target=\"_blank\" rel=\"noopener\">Descargar PDF<\/a><\/p>\n<hr \/>\n<h3><a href=\"https:\/\/www.vibrantcleanenergy.com\/wp-content\/uploads\/2019\/08\/CES-CE_VCE.pdf\" target=\"_blank\" rel=\"noopener\">Electrificaci\u00f3n del transporte: un camino hacia la descarbonizaci\u00f3n en Colorado<\/a><\/h3>\n<p>Realizado por Vibrant Clean Energy, con sede en Boulder, este estudio proporciona un an\u00e1lisis t\u00e9cnico que respalda el camino hacia el transporte descarbonizado. <a href=\"https:\/\/www.vibrantcleanenergy.com\/wp-content\/uploads\/2019\/08\/CES-CE_VCE.pdf\" target=\"_blank\" rel=\"noopener\">Descargar PDF<\/a><\/p>\n<hr \/>\n<h3 id=\"articleTitle\" class=\"articleTitle\"><a href=\"https:\/\/rmi.org\/wp-content\/uploads\/2017\/10\/RMI-From-Gas-To-Grid.pdf\" target=\"_blank\" rel=\"noopener\">Del gas a la red: construcci\u00f3n de infraestructura de carga para impulsar la demanda de veh\u00edculos el\u00e9ctricos<\/a><\/h3>\n<p>An\u00e1lisis RMI de los requisitos de infraestructura de carga para una alta adopci\u00f3n de veh\u00edculos el\u00e9ctricos. <a href=\"https:\/\/rmi.org\/wp-content\/uploads\/2017\/10\/RMI-From-Gas-To-Grid.pdf\" target=\"_blank\" rel=\"noopener\">Descargar PDF<\/a><\/p>\n<hr \/>\n<h3><a href=\"https:\/\/www.c2es.org\/site\/assets\/uploads\/2017\/11\/electrified-transportation-for-all-11-17-1.pdf\" target=\"_blank\" rel=\"noopener\">Transporte Electrificado para Todos: C\u00f3mo la electrificaci\u00f3n puede beneficiar a las comunidades de bajos ingresos<\/a><\/h3>\n<p>Identifica los beneficios de la electrificaci\u00f3n del transporte para todos, centr\u00e1ndose en las comunidades de bajos ingresos. <a href=\"https:\/\/www.c2es.org\/site\/assets\/uploads\/2017\/11\/electrified-transportation-for-all-11-17-1.pdf\" target=\"_blank\" rel=\"noopener\">Descargar PDF<\/a><\/p>\n<hr \/>\n<h3><a href=\"https:\/\/www.greenbiz.com\/article\/vehicle-grid-technology-revving\" target=\"_blank\" rel=\"noopener\">El veh\u00edculo a la red se est\u00e1 acelerando<\/a><\/h3>\n<p>Descripci\u00f3n de la tecnolog\u00eda del veh\u00edculo a la red con estudios de casos. <a href=\"https:\/\/www.greenbiz.com\/article\/vehicle-grid-technology-revving\" target=\"_blank\" rel=\"noopener\">Descargar PDF<\/a><\/p>\n<\/div><\/section><\/div>\n<div  class='av_promobox av-231lmsku-4c8e8057354fd06a559b86aad7e3a20e avia-button-yes  avia-builder-el-22  el_after_av_one_full  avia-builder-el-last'><div class='avia-promocontent'><\/p>\n<h3 style=\"text-align: center;\"><span style=\"color: #0065d9;\">\u00a1Hola extra\u00f1o! \u00bfTienes algo que a\u00f1adir a esta secci\u00f3n? \u00bfHay alguna organizaci\u00f3n incre\u00edble que olvidamos mencionar? \u00bfUn estudio cient\u00edfico o un art\u00edculo de peri\u00f3dico que todos deben conocer? \u00bfHay una mejor manera de organizar toda esta informaci\u00f3n y hacerla m\u00e1s \u00fatil? Cualquier cosa, no seas t\u00edmido, \u00a1h\u00e1znoslo saber!<\/span><\/h3>\n<p>\n<\/div><div  class='avia-button-wrap av-231lmsku-78cda1d7e5132d8e091e2223ff996e78-wrap avia-button-right'><a href='\/es\/feedback\/'  class='avia-button av-231lmsku-78cda1d7e5132d8e091e2223ff996e78 av-link-btn avia-icon_select-no avia-size-large avia-position-right avia-color-theme-color'   aria-label=\"Dar opinion\"><span class='avia_iconbox_title' >Dar opinion<\/span><\/a><\/div><\/div>","protected":false},"excerpt":{"rendered":"<p>Nuestro objetivo es crear un sistema de energ\u00eda que genere, distribuya y utilice energ\u00eda renovable segura, confiable y asequible, al mismo tiempo que permite nuevas oportunidades econ\u00f3micas y de innovaci\u00f3n.<\/p>","protected":false},"author":1,"featured_media":0,"parent":0,"menu_order":0,"comment_status":"closed","ping_status":"closed","template":"","meta":{"footnotes":""},"class_list":["post-5476782","page","type-page","status-publish","hentry"],"_links":{"self":[{"href":"https:\/\/boulder.earth\/es\/wp-json\/wp\/v2\/pages\/5476782","targetHints":{"allow":["GET"]}}],"collection":[{"href":"https:\/\/boulder.earth\/es\/wp-json\/wp\/v2\/pages"}],"about":[{"href":"https:\/\/boulder.earth\/es\/wp-json\/wp\/v2\/types\/page"}],"author":[{"embeddable":true,"href":"https:\/\/boulder.earth\/es\/wp-json\/wp\/v2\/users\/1"}],"replies":[{"embeddable":true,"href":"https:\/\/boulder.earth\/es\/wp-json\/wp\/v2\/comments?post=5476782"}],"version-history":[{"count":5,"href":"https:\/\/boulder.earth\/es\/wp-json\/wp\/v2\/pages\/5476782\/revisions"}],"predecessor-version":[{"id":5477511,"href":"https:\/\/boulder.earth\/es\/wp-json\/wp\/v2\/pages\/5476782\/revisions\/5477511"}],"wp:attachment":[{"href":"https:\/\/boulder.earth\/es\/wp-json\/wp\/v2\/media?parent=5476782"}],"curies":[{"name":"wp","href":"https:\/\/api.w.org\/{rel}","templated":true}]}}