{"id":5476788,"date":"2022-01-13T10:18:03","date_gmt":"2022-01-13T16:18:03","guid":{"rendered":"https:\/\/boulder.earth\/?page_id=5476788"},"modified":"2022-01-13T18:10:13","modified_gmt":"2022-01-14T00:10:13","slug":"financial-systems","status":"publish","type":"page","link":"https:\/\/boulder.earth\/es\/financial-systems\/","title":{"rendered":"Sistemas Financieros"},"content":{"rendered":"<div id='layer_slider_1'  class='avia-layerslider main_color avia-shadow  avia-builder-el-0  el_before_av_one_full  avia-builder-el-first  container_wrap sidebar_right'  style='height: 751px; max-width: 1200px; margin: 0 auto;'  ><\/div><div id='after_layer_slider_1'  class='main_color av_default_container_wrap container_wrap sidebar_right'  ><div class='container av-section-cont-open' ><div class='template-page content  av-content-small alpha units'><div class='post-entry post-entry-type-page post-entry-5476788'><div class='entry-content-wrapper clearfix'>\n\n<style type=\"text\/css\" data-created_by=\"avia_inline_auto\" id=\"style-css-av-16ikta2wk-a9d25968fac973e04ed0f8668f6349d2\">\n.flex_column.av-16ikta2wk-a9d25968fac973e04ed0f8668f6349d2{\nborder-radius:0px 0px 0px 0px;\npadding:0px 0px 0px 0px;\n}\n<\/style>\n<div  class='flex_column av-16ikta2wk-a9d25968fac973e04ed0f8668f6349d2 av_one_full  avia-builder-el-1  el_after_av_layerslider  el_before_av_hr  avia-builder-el-first  first flex_column_div av-zero-column-padding'     ><section  class='av_textblock_section av-15ws2rwl0-e834fa1fc6c80b1b7195c2a5b63b2bd2'   itemscope=\"itemscope\" itemtype=\"https:\/\/schema.org\/CreativeWork\" ><div class='avia_textblock'  itemprop=\"text\" ><h1 id=\"orgs\" style=\"text-align: center;\">Organizaciones locales que abordan las finanzas<\/h1>\n<\/div><\/section><br \/>\n<div id='av-masonry-1' class='av-masonry av-13x544iic-b90edb173b94c3ea92172ef8468be0ef noHover av-flex-size av-large-gap av-hover-overlay-active av-masonry-animation-active av-masonry-col-5 av-caption-on-hover av-caption-style-overlay av-masonry-entries av-mini-columns-overwrite av-mini-columns-3' data-post_id=\"5476788\"><div class=\"av-masonry-container isotope av-js-disabled\"><div class='av-masonry-entry isotope-item av-masonry-item-no-image'><\/div><a href=\"https:\/\/boulder.earth\/es\/organizations\/63rd-st-farm\/\"  id='av-masonry-1-item-20343' data-av-masonry-item='20343' class='av-masonry-entry isotope-item post-20343 portfolio type-portfolio status-publish has-post-thumbnail hentry portfolio_entries-agriculture portfolio_entries-business portfolio_entries-community portfolio_entries-environment  av-masonry-item-with-image' title=\"Granja 63\"   itemscope=\"itemscope\" itemtype=\"https:\/\/schema.org\/CreativeWork\" ><div class='av-inner-masonry-sizer'><\/div><figure class='av-inner-masonry main_color'><div class=\"av-masonry-outerimage-container\"><div class='av-masonry-image-container'  ><img decoding=\"async\" width=\"500\" height=\"333\" fetchpriority=\"high\" class=\"wp-image-20345 avia-img-lazy-loading-not-20345\"  src=\"https:\/\/boulder.earth\/wp-content\/uploads\/2017\/09\/63st-Farm.png\" title=\"Granja 63\" alt=\"\" srcset=\"https:\/\/boulder.earth\/wp-content\/uploads\/2017\/09\/63st-Farm.png 500w, https:\/\/boulder.earth\/wp-content\/uploads\/2017\/09\/63st-Farm-300x200.png 300w, https:\/\/boulder.earth\/wp-content\/uploads\/2017\/09\/63st-Farm-450x300.png 450w\" sizes=\"(max-width: 500px) 100vw, 500px\" \/><\/div><\/div><figcaption class='av-inner-masonry-content site-background'><div class='av-inner-masonry-content-pos'><div class='av-inner-masonry-content-pos-content'><div class='avia-arrow'><\/div><div class='av-masonry-entry-content entry-content'  itemprop=\"text\" >una granja comunitaria pr\u00f3spera centrada en la agricultura sostenible con un compromiso con la salud, el bienestar y el aprendizaje permanente<\/div><\/div><\/div><\/figcaption><\/figure><\/a><!--end av-masonry entry--><a href=\"https:\/\/boulder.earth\/es\/organizations\/boulder-county-farmers-markets\/\"  id='av-masonry-1-item-22410' data-av-masonry-item='22410' class='av-masonry-entry isotope-item post-22410 portfolio type-portfolio status-publish has-post-thumbnail hentry portfolio_entries-agriculture portfolio_entries-business portfolio_entries-community portfolio_entries-food  av-masonry-item-with-image' title=\"mercado de agricultores de roca\"   itemscope=\"itemscope\" itemtype=\"https:\/\/schema.org\/CreativeWork\" ><div class='av-inner-masonry-sizer'><\/div><figure class='av-inner-masonry main_color'><div class=\"av-masonry-outerimage-container\"><div class='av-masonry-image-container'  ><img decoding=\"async\" width=\"500\" height=\"333\" fetchpriority=\"high\" class=\"wp-image-22412 avia-img-lazy-loading-not-22412\"  src=\"https:\/\/boulder.earth\/wp-content\/uploads\/2017\/10\/boulder-farmers-market.png\" title=\"mercado de agricultores de roca\" alt=\"\" srcset=\"https:\/\/boulder.earth\/wp-content\/uploads\/2017\/10\/boulder-farmers-market.png 500w, https:\/\/boulder.earth\/wp-content\/uploads\/2017\/10\/boulder-farmers-market-300x200.png 300w, https:\/\/boulder.earth\/wp-content\/uploads\/2017\/10\/boulder-farmers-market-450x300.png 450w\" sizes=\"(max-width: 500px) 100vw, 500px\" \/><\/div><\/div><figcaption class='av-inner-masonry-content site-background'><div class='av-inner-masonry-content-pos'><div class='av-inner-masonry-content-pos-content'><div class='avia-arrow'><\/div><div class='av-masonry-entry-content entry-content'  itemprop=\"text\" >organizaci\u00f3n sin fines de lucro que opera mercados de agricultores exclusivos para productores en Colorado desde 1987<\/div><\/div><\/div><\/figcaption><\/figure><\/a><!--end av-masonry entry--><a href=\"https:\/\/boulder.earth\/es\/organizations\/boulder-housing-coalition\/\"  id='av-masonry-1-item-20439' data-av-masonry-item='20439' class='av-masonry-entry isotope-item post-20439 portfolio type-portfolio status-publish has-post-thumbnail hentry portfolio_entries-community portfolio_entries-economics portfolio_entries-justice  av-masonry-item-with-image' title=\"coalici\u00f3n-de-vivienda-de-boulder\"   itemscope=\"itemscope\" itemtype=\"https:\/\/schema.org\/CreativeWork\" ><div class='av-inner-masonry-sizer'><\/div><figure class='av-inner-masonry main_color'><div class=\"av-masonry-outerimage-container\"><div class='av-masonry-image-container'  ><img decoding=\"async\" width=\"500\" height=\"333\" fetchpriority=\"high\" class=\"wp-image-20442 avia-img-lazy-loading-not-20442\"  src=\"https:\/\/boulder.earth\/wp-content\/uploads\/2017\/09\/boulder-housing-coalition.png\" title=\"coalici\u00f3n-de-vivienda-de-boulder\" alt=\"\" srcset=\"https:\/\/boulder.earth\/wp-content\/uploads\/2017\/09\/boulder-housing-coalition.png 500w, https:\/\/boulder.earth\/wp-content\/uploads\/2017\/09\/boulder-housing-coalition-300x200.png 300w, https:\/\/boulder.earth\/wp-content\/uploads\/2017\/09\/boulder-housing-coalition-450x300.png 450w\" sizes=\"(max-width: 500px) 100vw, 500px\" \/><\/div><\/div><figcaption class='av-inner-masonry-content site-background'><div class='av-inner-masonry-content-pos'><div class='av-inner-masonry-content-pos-content'><div class='avia-arrow'><\/div><div class='av-masonry-entry-content entry-content'  itemprop=\"text\" >dedicado a crear viviendas cooperativas asequibles que mejoren la comunidad para la gente del condado de Boulder<\/div><\/div><\/div><\/figcaption><\/figure><\/a><!--end av-masonry entry--><a href=\"https:\/\/boulder.earth\/es\/organizations\/catalyst-cooperative\/\"  id='av-masonry-1-item-29774' data-av-masonry-item='29774' class='av-masonry-entry isotope-item post-29774 portfolio type-portfolio status-publish has-post-thumbnail hentry portfolio_entries-economics portfolio_entries-energy portfolio_entries-policy portfolio_entries-resilience portfolio_entries-science  av-masonry-item-with-image' title=\"catalizador-cooperativa\"   itemscope=\"itemscope\" itemtype=\"https:\/\/schema.org\/CreativeWork\" ><div class='av-inner-masonry-sizer'><\/div><figure class='av-inner-masonry main_color'><div class=\"av-masonry-outerimage-container\"><div class='av-masonry-image-container'  ><img decoding=\"async\" width=\"500\" height=\"333\" fetchpriority=\"high\" class=\"wp-image-29776 avia-img-lazy-loading-not-29776\"  src=\"https:\/\/boulder.earth\/wp-content\/uploads\/2017\/11\/catalyst-cooperative.jpg\" title=\"catalizador-cooperativa\" alt=\"\" srcset=\"https:\/\/boulder.earth\/wp-content\/uploads\/2017\/11\/catalyst-cooperative.jpg 500w, https:\/\/boulder.earth\/wp-content\/uploads\/2017\/11\/catalyst-cooperative-300x200.jpg 300w, https:\/\/boulder.earth\/wp-content\/uploads\/2017\/11\/catalyst-cooperative-450x300.jpg 450w\" sizes=\"(max-width: 500px) 100vw, 500px\" \/><\/div><\/div><figcaption class='av-inner-masonry-content site-background'><div class='av-inner-masonry-content-pos'><div class='av-inner-masonry-content-pos-content'><div class='avia-arrow'><\/div><div class='av-masonry-entry-content entry-content'  itemprop=\"text\" >un peque\u00f1o grupo de analistas de datos y expertos en pol\u00edticas, organizados en una empresa de consultor\u00eda propiedad de los empleados que trabaja con datos para comprender e influir en las pol\u00edticas clim\u00e1ticas, energ\u00e9ticas y de servicios el\u00e9ctricos en inter\u00e9s del p\u00fablico<\/div><\/div><\/div><\/figcaption><\/figure><\/a><!--end av-masonry entry--><a href=\"https:\/\/boulder.earth\/es\/organizations\/citizens-climate-lobby\/\"  id='av-masonry-1-item-13619' data-av-masonry-item='13619' class='av-masonry-entry isotope-item post-13619 portfolio type-portfolio status-publish has-post-thumbnail hentry portfolio_entries-activism portfolio_entries-economics portfolio_entries-energy portfolio_entries-policy  av-masonry-item-with-image' title=\"roca ccl\"   itemscope=\"itemscope\" itemtype=\"https:\/\/schema.org\/CreativeWork\" ><div class='av-inner-masonry-sizer'><\/div><figure class='av-inner-masonry main_color'><div class=\"av-masonry-outerimage-container\"><div class='av-masonry-image-container'  ><img decoding=\"async\" width=\"500\" height=\"333\" fetchpriority=\"high\" class=\"wp-image-17922 avia-img-lazy-loading-not-17922\"  src=\"https:\/\/boulder.earth\/wp-content\/uploads\/2017\/07\/ccl-boulder.png\" title=\"roca ccl\" alt=\"\" srcset=\"https:\/\/boulder.earth\/wp-content\/uploads\/2017\/07\/ccl-boulder.png 500w, https:\/\/boulder.earth\/wp-content\/uploads\/2017\/07\/ccl-boulder-300x200.png 300w, https:\/\/boulder.earth\/wp-content\/uploads\/2017\/07\/ccl-boulder-450x300.png 450w\" sizes=\"(max-width: 500px) 100vw, 500px\" \/><\/div><\/div><figcaption class='av-inner-masonry-content site-background'><div class='av-inner-masonry-content-pos'><div class='av-inner-masonry-content-pos-content'><div class='avia-arrow'><\/div><div class='av-masonry-entry-content entry-content'  itemprop=\"text\" >Un grupo amistoso, solidario y no partidista que se dedica activamente a abordar el grave problema del cambio clim\u00e1tico presionando para lograr una legislaci\u00f3n nacional.<\/div><\/div><\/div><\/figcaption><\/figure><\/a><!--end av-masonry entry--><a href=\"https:\/\/boulder.earth\/es\/organizations\/colorado-carbon-fund\/\"  id='av-masonry-1-item-58794' data-av-masonry-item='58794' class='av-masonry-entry isotope-item post-58794 portfolio type-portfolio status-publish has-post-thumbnail hentry portfolio_entries-economics portfolio_entries-education portfolio_entries-energy portfolio_entries-environment portfolio_entries-programproject  av-masonry-item-with-image' title=\"Fondo de Carbono de Colorado\"   itemscope=\"itemscope\" itemtype=\"https:\/\/schema.org\/CreativeWork\" ><div class='av-inner-masonry-sizer'><\/div><figure class='av-inner-masonry main_color'><div class=\"av-masonry-outerimage-container\"><div class='av-masonry-image-container'  ><img decoding=\"async\" width=\"500\" height=\"333\" fetchpriority=\"high\" class=\"wp-image-58796 avia-img-lazy-loading-not-58796\"  src=\"https:\/\/boulder.earth\/wp-content\/uploads\/2018\/03\/CCFlogo.png\" title=\"Fondo de Carbono de Colorado\" alt=\"\" srcset=\"https:\/\/boulder.earth\/wp-content\/uploads\/2018\/03\/CCFlogo.png 500w, https:\/\/boulder.earth\/wp-content\/uploads\/2018\/03\/CCFlogo-300x200.png 300w, https:\/\/boulder.earth\/wp-content\/uploads\/2018\/03\/CCFlogo-450x300.png 450w\" sizes=\"(max-width: 500px) 100vw, 500px\" \/><\/div><\/div><figcaption class='av-inner-masonry-content site-background'><div class='av-inner-masonry-content-pos'><div class='av-inner-masonry-content-pos-content'><div class='avia-arrow'><\/div><div class='av-masonry-entry-content entry-content'  itemprop=\"text\" >Proporcionar las herramientas f\u00e1ciles de usar y los fondos necesarios para reducir las emisiones de gases de efecto invernadero dentro de nuestro estado.<\/div><\/div><\/div><\/figcaption><\/figure><\/a><!--end av-masonry entry--><a href=\"https:\/\/boulder.earth\/es\/organizations\/colorado-renewable-energy-society\/\"  id='av-masonry-1-item-58800' data-av-masonry-item='58800' class='av-masonry-entry isotope-item post-58800 portfolio type-portfolio status-publish has-post-thumbnail hentry portfolio_entries-economics portfolio_entries-education portfolio_entries-energy portfolio_entries-policy  av-masonry-item-with-image' title=\"Sociedad de Energ\u00eda Renovable de Colorado - Boulder\"   itemscope=\"itemscope\" itemtype=\"https:\/\/schema.org\/CreativeWork\" ><div class='av-inner-masonry-sizer'><\/div><figure class='av-inner-masonry main_color'><div class=\"av-masonry-outerimage-container\"><div class='av-masonry-image-container'  ><img decoding=\"async\" width=\"500\" height=\"333\" fetchpriority=\"high\" class=\"wp-image-58804 avia-img-lazy-loading-not-58804\"  src=\"https:\/\/boulder.earth\/wp-content\/uploads\/2018\/03\/cres-boulder.png\" title=\"Sociedad de Energ\u00eda Renovable de Colorado - Boulder\" alt=\"\" srcset=\"https:\/\/boulder.earth\/wp-content\/uploads\/2018\/03\/cres-boulder.png 500w, https:\/\/boulder.earth\/wp-content\/uploads\/2018\/03\/cres-boulder-300x200.png 300w, https:\/\/boulder.earth\/wp-content\/uploads\/2018\/03\/cres-boulder-450x300.png 450w\" sizes=\"(max-width: 500px) 100vw, 500px\" \/><\/div><\/div><figcaption class='av-inner-masonry-content site-background'><div class='av-inner-masonry-content-pos'><div class='av-inner-masonry-content-pos-content'><div class='avia-arrow'><\/div><div class='av-masonry-entry-content entry-content'  itemprop=\"text\" >Llevar a Colorado a una econom\u00eda de energ\u00eda eficiente y renovable a trav\u00e9s de la educaci\u00f3n, el avance de pol\u00edticas y el desarrollo econ\u00f3mico.<\/div><\/div><\/div><\/figcaption><\/figure><\/a><!--end av-masonry entry--><a href=\"https:\/\/boulder.earth\/es\/organizations\/energysmart\/\"  id='av-masonry-1-item-17908' data-av-masonry-item='17908' class='av-masonry-entry isotope-item post-17908 portfolio type-portfolio status-publish has-post-thumbnail hentry portfolio_entries-business portfolio_entries-economics portfolio_entries-energy portfolio_entries-programproject portfolio_entries-resources  av-masonry-item-with-image' title=\"energ\u00eda inteligente\"   itemscope=\"itemscope\" itemtype=\"https:\/\/schema.org\/CreativeWork\" ><div class='av-inner-masonry-sizer'><\/div><figure class='av-inner-masonry main_color'><div class=\"av-masonry-outerimage-container\"><div class='av-masonry-image-container'  ><img decoding=\"async\" width=\"500\" height=\"333\" fetchpriority=\"high\" class=\"wp-image-20353 avia-img-lazy-loading-not-20353\"  src=\"https:\/\/boulder.earth\/wp-content\/uploads\/2017\/09\/energy-smart.png\" title=\"energ\u00eda inteligente\" alt=\"\" srcset=\"https:\/\/boulder.earth\/wp-content\/uploads\/2017\/09\/energy-smart.png 500w, https:\/\/boulder.earth\/wp-content\/uploads\/2017\/09\/energy-smart-300x200.png 300w, https:\/\/boulder.earth\/wp-content\/uploads\/2017\/09\/energy-smart-450x300.png 450w\" sizes=\"(max-width: 500px) 100vw, 500px\" \/><\/div><\/div><figcaption class='av-inner-masonry-content site-background'><div class='av-inner-masonry-content-pos'><div class='av-inner-masonry-content-pos-content'><div class='avia-arrow'><\/div><div class='av-masonry-entry-content entry-content'  itemprop=\"text\" >Ayudar a los hogares y negocios en todas las comunidades del condado de Boulder a ser m\u00e1s c\u00f3modos y eficientes energ\u00e9ticamente.<\/div><\/div><\/div><\/figcaption><\/figure><\/a><!--end av-masonry entry--><a href=\"https:\/\/boulder.earth\/es\/organizations\/flatirons-farmers-coalition\/\"  id='av-masonry-1-item-6464090' data-av-masonry-item='6464090' class='av-masonry-entry isotope-item post-6464090 portfolio type-portfolio status-publish has-post-thumbnail hentry portfolio_entries-agriculture portfolio_entries-business portfolio_entries-food portfolio_entries-resources  av-masonry-item-with-image' title=\"Coalici\u00f3n de Agricultores de Flatirons\"   itemscope=\"itemscope\" itemtype=\"https:\/\/schema.org\/CreativeWork\" ><div class='av-inner-masonry-sizer'><\/div><figure class='av-inner-masonry main_color'><div class=\"av-masonry-outerimage-container\"><div class='av-masonry-image-container'  ><img decoding=\"async\" width=\"300\" height=\"200\" fetchpriority=\"high\" class=\"wp-image-6464092 avia-img-lazy-loading-not-6464092\"  src=\"https:\/\/boulder.earth\/wp-content\/uploads\/2025\/04\/FlatironsFarmersCoalition.png\" title=\"Coalici\u00f3n de Agricultores de Flatirons\" alt=\"\" srcset=\"https:\/\/boulder.earth\/wp-content\/uploads\/2025\/04\/FlatironsFarmersCoalition.png 300w, https:\/\/boulder.earth\/wp-content\/uploads\/2025\/04\/FlatironsFarmersCoalition-18x12.png 18w\" sizes=\"(max-width: 300px) 100vw, 300px\" \/><\/div><\/div><figcaption class='av-inner-masonry-content site-background'><div class='av-inner-masonry-content-pos'><div class='av-inner-masonry-content-pos-content'><div class='avia-arrow'><\/div><div class='av-masonry-entry-content entry-content'  itemprop=\"text\" >Agricultores, ganaderos y defensores de los alimentos locales del condado de Boulder trabajan para cocrear una comunidad agr\u00edcola m\u00e1s inclusiva y regenerativa.<\/div><\/div><\/div><\/figcaption><\/figure><\/a><!--end av-masonry entry--><a href=\"https:\/\/boulder.earth\/es\/organizations\/futurity-foundation\/\"  id='av-masonry-1-item-101386' data-av-masonry-item='101386' class='av-masonry-entry isotope-item post-101386 portfolio type-portfolio status-publish has-post-thumbnail hentry portfolio_entries-business portfolio_entries-education portfolio_entries-philanthropy portfolio_entries-policy  av-masonry-item-with-image' title=\"Fundaci\u00f3n COM\u00daN\"   itemscope=\"itemscope\" itemtype=\"https:\/\/schema.org\/CreativeWork\" ><div class='av-inner-masonry-sizer'><\/div><figure class='av-inner-masonry main_color'><div class=\"av-masonry-outerimage-container\"><div class='av-masonry-image-container'  ><img decoding=\"async\" width=\"500\" height=\"333\" fetchpriority=\"high\" class=\"wp-image-119440 avia-img-lazy-loading-not-119440\"  src=\"https:\/\/boulder.earth\/wp-content\/uploads\/2018\/08\/COMMONfoundation.jpg\" title=\"Fundaci\u00f3n COM\u00daN\" alt=\"\" srcset=\"https:\/\/boulder.earth\/wp-content\/uploads\/2018\/08\/COMMONfoundation.jpg 500w, https:\/\/boulder.earth\/wp-content\/uploads\/2018\/08\/COMMONfoundation-300x200.jpg 300w, https:\/\/boulder.earth\/wp-content\/uploads\/2018\/08\/COMMONfoundation-450x300.jpg 450w\" sizes=\"(max-width: 500px) 100vw, 500px\" \/><\/div><\/div><figcaption class='av-inner-masonry-content site-background'><div class='av-inner-masonry-content-pos'><div class='av-inner-masonry-content-pos-content'><div class='avia-arrow'><\/div><div class='av-masonry-entry-content entry-content'  itemprop=\"text\" >COMMON Foundation ayuda a los l\u00edderes a crear transformaciones individuales, sociales, culturales y ambientales al combinar el poder de una incubadora con la filantrop\u00eda y el emprendimiento social para apoyar, promover y desarrollar ideas sin fines de lucro: proyectos, programas, organizaciones y fundaciones comprometidas con las personas, el planeta , y paz.<\/div><\/div><\/div><\/figcaption><\/figure><\/a><!--end av-masonry entry--><a href=\"https:\/\/boulder.earth\/es\/organizations\/global-greengrants-fund\/\"  id='av-masonry-1-item-29049' data-av-masonry-item='29049' class='av-masonry-entry isotope-item post-29049 portfolio type-portfolio status-publish has-post-thumbnail hentry portfolio_entries-economics portfolio_entries-environment portfolio_entries-justice  av-masonry-item-with-image' title=\"Fondo GlobalGreengrants\"   itemscope=\"itemscope\" itemtype=\"https:\/\/schema.org\/CreativeWork\" ><div class='av-inner-masonry-sizer'><\/div><figure class='av-inner-masonry main_color'><div class=\"av-masonry-outerimage-container\"><div class='av-masonry-image-container'  ><img decoding=\"async\" width=\"500\" height=\"333\" fetchpriority=\"high\" class=\"wp-image-29051 avia-img-lazy-loading-not-29051\"  src=\"https:\/\/boulder.earth\/wp-content\/uploads\/2017\/11\/GlobalGreengrantsFund.png\" title=\"Fondo GlobalGreengrants\" alt=\"\" srcset=\"https:\/\/boulder.earth\/wp-content\/uploads\/2017\/11\/GlobalGreengrantsFund.png 500w, https:\/\/boulder.earth\/wp-content\/uploads\/2017\/11\/GlobalGreengrantsFund-300x200.png 300w, https:\/\/boulder.earth\/wp-content\/uploads\/2017\/11\/GlobalGreengrantsFund-450x300.png 450w\" sizes=\"(max-width: 500px) 100vw, 500px\" \/><\/div><\/div><figcaption class='av-inner-masonry-content site-background'><div class='av-inner-masonry-content-pos'><div class='av-inner-masonry-content-pos-content'><div class='avia-arrow'><\/div><div class='av-masonry-entry-content entry-content'  itemprop=\"text\" >La red global de personas en primera l\u00ednea y donantes se une para ayudar a las comunidades a proteger sus formas de vida y nuestro planeta.<\/div><\/div><\/div><\/figcaption><\/figure><\/a><!--end av-masonry entry--><a href=\"https:\/\/boulder.earth\/es\/organizations\/growing-gardens\/\"  id='av-masonry-1-item-11299' data-av-masonry-item='11299' class='av-masonry-entry isotope-item post-11299 portfolio type-portfolio status-publish has-post-thumbnail hentry portfolio_entries-agriculture portfolio_entries-business portfolio_entries-community portfolio_entries-education portfolio_entries-food portfolio_entries-justice portfolio_entries-pollinators portfolio_entries-resilience  av-masonry-item-with-image' title=\"jardines de cultivo\"   itemscope=\"itemscope\" itemtype=\"https:\/\/schema.org\/CreativeWork\" ><div class='av-inner-masonry-sizer'><\/div><figure class='av-inner-masonry main_color'><div class=\"av-masonry-outerimage-container\"><div class='av-masonry-image-container'  ><img decoding=\"async\" width=\"500\" height=\"333\" fetchpriority=\"high\" class=\"wp-image-13598 avia-img-lazy-loading-not-13598\"  src=\"https:\/\/boulder.earth\/wp-content\/uploads\/2017\/06\/growing-gardens-1.jpg\" title=\"jardines de cultivo\" alt=\"Growing Gardens\" srcset=\"https:\/\/boulder.earth\/wp-content\/uploads\/2017\/06\/growing-gardens-1.jpg 500w, https:\/\/boulder.earth\/wp-content\/uploads\/2017\/06\/growing-gardens-1-300x200.jpg 300w, https:\/\/boulder.earth\/wp-content\/uploads\/2017\/06\/growing-gardens-1-450x300.jpg 450w\" sizes=\"(max-width: 500px) 100vw, 500px\" \/><\/div><\/div><figcaption class='av-inner-masonry-content site-background'><div class='av-inner-masonry-content-pos'><div class='av-inner-masonry-content-pos-content'><div class='avia-arrow'><\/div><div class='av-masonry-entry-content entry-content'  itemprop=\"text\" >sin fines de lucro con la Misi\u00f3n de cultivar la comunidad a trav\u00e9s de la agricultura urbana sostenible y la Visi\u00f3n de personas que experimentan una conexi\u00f3n directa y profunda con los alimentos, la tierra y entre s\u00ed.<\/div><\/div><\/div><\/figcaption><\/figure><\/a><!--end av-masonry entry--><a href=\"https:\/\/boulder.earth\/es\/organizations\/independent-power\/\"  id='av-masonry-1-item-20231' data-av-masonry-item='20231' class='av-masonry-entry isotope-item post-20231 portfolio type-portfolio status-publish has-post-thumbnail hentry portfolio_entries-business portfolio_entries-energy portfolio_entries-resources  av-masonry-item-with-image' title=\"poder independiente\"   itemscope=\"itemscope\" itemtype=\"https:\/\/schema.org\/CreativeWork\" ><div class='av-inner-masonry-sizer'><\/div><figure class='av-inner-masonry main_color'><div class=\"av-masonry-outerimage-container\"><div class='av-masonry-image-container'  ><img decoding=\"async\" width=\"300\" height=\"200\" fetchpriority=\"high\" class=\"wp-image-5483372 avia-img-lazy-loading-not-5483372\"  src=\"https:\/\/boulder.earth\/wp-content\/uploads\/2017\/09\/independent-power.png\" title=\"poder independiente\" alt=\"\" srcset=\"https:\/\/boulder.earth\/wp-content\/uploads\/2017\/09\/independent-power.png 300w, https:\/\/boulder.earth\/wp-content\/uploads\/2017\/09\/independent-power-18x12.png 18w\" sizes=\"(max-width: 300px) 100vw, 300px\" \/><\/div><\/div><figcaption class='av-inner-masonry-content site-background'><div class='av-inner-masonry-content-pos'><div class='av-inner-masonry-content-pos-content'><div class='avia-arrow'><\/div><div class='av-masonry-entry-content entry-content'  itemprop=\"text\" >Como una empresa de propiedad local con una fuerza laboral profesional altamente capacitada que ha completado cientos de proyectos residenciales y comerciales de energ\u00eda solar el\u00e9ctrica, e\u00f3lica, h\u00edbrida solar-e\u00f3lica y de torres de energ\u00eda.<\/div><\/div><\/div><\/figcaption><\/figure><\/a><!--end av-masonry entry--><a href=\"https:\/\/boulder.earth\/es\/organizations\/kilt-farm\/\"  id='av-masonry-1-item-20239' data-av-masonry-item='20239' class='av-masonry-entry isotope-item post-20239 portfolio type-portfolio status-publish has-post-thumbnail hentry portfolio_entries-agriculture portfolio_entries-business portfolio_entries-community portfolio_entries-environment portfolio_entries-food  av-masonry-item-with-image' title=\"falda escocesa\"   itemscope=\"itemscope\" itemtype=\"https:\/\/schema.org\/CreativeWork\" ><div class='av-inner-masonry-sizer'><\/div><figure class='av-inner-masonry main_color'><div class=\"av-masonry-outerimage-container\"><div class='av-masonry-image-container'  ><img decoding=\"async\" width=\"500\" height=\"333\" fetchpriority=\"high\" class=\"wp-image-20240 avia-img-lazy-loading-not-20240\"  src=\"https:\/\/boulder.earth\/wp-content\/uploads\/2017\/09\/kilt-farm.jpg\" title=\"falda escocesa\" alt=\"\" srcset=\"https:\/\/boulder.earth\/wp-content\/uploads\/2017\/09\/kilt-farm.jpg 500w, https:\/\/boulder.earth\/wp-content\/uploads\/2017\/09\/kilt-farm-300x200.jpg 300w, https:\/\/boulder.earth\/wp-content\/uploads\/2017\/09\/kilt-farm-450x300.jpg 450w\" sizes=\"(max-width: 500px) 100vw, 500px\" \/><\/div><\/div><figcaption class='av-inner-masonry-content site-background'><div class='av-inner-masonry-content-pos'><div class='av-inner-masonry-content-pos-content'><div class='avia-arrow'><\/div><div class='av-masonry-entry-content entry-content'  itemprop=\"text\" >granja local que usa t\u00e9 de compost para construir la biolog\u00eda del suelo que vende productos a Lucky&#039;s Markets, restaurantes de Boulder y a trav\u00e9s de programas CSA<\/div><\/div><\/div><\/figcaption><\/figure><\/a><!--end av-masonry entry--><a href=\"https:\/\/boulder.earth\/es\/organizations\/lineage-seeds\/\"  id='av-masonry-1-item-13670' data-av-masonry-item='13670' class='av-masonry-entry isotope-item post-13670 portfolio type-portfolio status-publish has-post-thumbnail hentry portfolio_entries-activism portfolio_entries-agriculture portfolio_entries-business portfolio_entries-education portfolio_entries-food portfolio_entries-justice  av-masonry-item-with-image' title=\"semillas de linaje\"   itemscope=\"itemscope\" itemtype=\"https:\/\/schema.org\/CreativeWork\" ><div class='av-inner-masonry-sizer'><\/div><figure class='av-inner-masonry main_color'><div class=\"av-masonry-outerimage-container\"><div class='av-masonry-image-container'  ><img decoding=\"async\" width=\"500\" height=\"333\" fetchpriority=\"high\" class=\"wp-image-13671 avia-img-lazy-loading-not-13671\"  src=\"https:\/\/boulder.earth\/wp-content\/uploads\/2017\/07\/lineage-seeds.jpg\" title=\"semillas de linaje\" alt=\"\" srcset=\"https:\/\/boulder.earth\/wp-content\/uploads\/2017\/07\/lineage-seeds.jpg 500w, https:\/\/boulder.earth\/wp-content\/uploads\/2017\/07\/lineage-seeds-300x200.jpg 300w, https:\/\/boulder.earth\/wp-content\/uploads\/2017\/07\/lineage-seeds-450x300.jpg 450w\" sizes=\"(max-width: 500px) 100vw, 500px\" \/><\/div><\/div><figcaption class='av-inner-masonry-content site-background'><div class='av-inner-masonry-content-pos'><div class='av-inner-masonry-content-pos-content'><div class='avia-arrow'><\/div><div class='av-masonry-entry-content entry-content'  itemprop=\"text\" >Compa\u00f1\u00eda de semillas que tiene como objetivo devolver las semillas a la gente: cultivadas org\u00e1nicamente, a menudo reliquias, cultivadas localmente cuando est\u00e9n disponibles y solo polinizadas al aire libre.<\/div><\/div><\/div><\/figcaption><\/figure><\/a><!--end av-masonry entry--><a href=\"https:\/\/boulder.earth\/es\/organizations\/natural-capital-solutions\/\"  id='av-masonry-1-item-17807' data-av-masonry-item='17807' class='av-masonry-entry isotope-item post-17807 portfolio type-portfolio status-publish has-post-thumbnail hentry portfolio_entries-economics portfolio_entries-energy portfolio_entries-environment portfolio_entries-policy  av-masonry-item-with-image' title=\"Soluciones de capitalismo natural\"   itemscope=\"itemscope\" itemtype=\"https:\/\/schema.org\/CreativeWork\" ><div class='av-inner-masonry-sizer'><\/div><figure class='av-inner-masonry main_color'><div class=\"av-masonry-outerimage-container\"><div class='av-masonry-image-container'  ><img decoding=\"async\" width=\"500\" height=\"333\" fetchpriority=\"high\" class=\"wp-image-17808 avia-img-lazy-loading-not-17808\"  src=\"https:\/\/boulder.earth\/wp-content\/uploads\/2017\/09\/NaturalCapitalismInstitute.jpg\" title=\"Soluciones de capitalismo natural\" alt=\"\" srcset=\"https:\/\/boulder.earth\/wp-content\/uploads\/2017\/09\/NaturalCapitalismInstitute.jpg 500w, https:\/\/boulder.earth\/wp-content\/uploads\/2017\/09\/NaturalCapitalismInstitute-300x200.jpg 300w, https:\/\/boulder.earth\/wp-content\/uploads\/2017\/09\/NaturalCapitalismInstitute-450x300.jpg 450w\" sizes=\"(max-width: 500px) 100vw, 500px\" \/><\/div><\/div><figcaption class='av-inner-masonry-content site-background'><div class='av-inner-masonry-content-pos'><div class='av-inner-masonry-content-pos-content'><div class='avia-arrow'><\/div><div class='av-masonry-entry-content entry-content'  itemprop=\"text\" >Desarrollar formas innovadoras y pr\u00e1cticas para aumentar la eficiencia y las pr\u00e1cticas ambientales, as\u00ed como la sostenibilidad econ\u00f3mica, para una larga lista de clientes gubernamentales y corporativos.<\/div><\/div><\/div><\/figcaption><\/figure><\/a><!--end av-masonry entry--><a href=\"https:\/\/boulder.earth\/es\/organizations\/naturally-boulder\/\"  id='av-masonry-1-item-22414' data-av-masonry-item='22414' class='av-masonry-entry isotope-item post-22414 portfolio type-portfolio status-publish has-post-thumbnail hentry portfolio_entries-agriculture portfolio_entries-business portfolio_entries-economics  av-masonry-item-with-image' title=\"roca natural\"   itemscope=\"itemscope\" itemtype=\"https:\/\/schema.org\/CreativeWork\" ><div class='av-inner-masonry-sizer'><\/div><figure class='av-inner-masonry main_color'><div class=\"av-masonry-outerimage-container\"><div class='av-masonry-image-container'  ><img decoding=\"async\" width=\"500\" height=\"333\" fetchpriority=\"high\" class=\"wp-image-22415 avia-img-lazy-loading-not-22415\"  src=\"https:\/\/boulder.earth\/wp-content\/uploads\/2017\/10\/naturally-boulder.png\" title=\"roca natural\" alt=\"\" srcset=\"https:\/\/boulder.earth\/wp-content\/uploads\/2017\/10\/naturally-boulder.png 500w, https:\/\/boulder.earth\/wp-content\/uploads\/2017\/10\/naturally-boulder-300x200.png 300w, https:\/\/boulder.earth\/wp-content\/uploads\/2017\/10\/naturally-boulder-450x300.png 450w\" sizes=\"(max-width: 500px) 100vw, 500px\" \/><\/div><\/div><figcaption class='av-inner-masonry-content site-background'><div class='av-inner-masonry-content-pos'><div class='av-inner-masonry-content-pos-content'><div class='avia-arrow'><\/div><div class='av-masonry-entry-content entry-content'  itemprop=\"text\" >sirviendo como una voz para la industria y ofreciendo programaci\u00f3n educativa durante todo el a\u00f1o y eventos de networking, y celebraciones que re\u00fanen a la comunidad de productos naturales de Colorado<\/div><\/div><\/div><\/figcaption><\/figure><\/a><!--end av-masonry entry--><a href=\"https:\/\/boulder.earth\/es\/organizations\/naturerx\/\"  id='av-masonry-1-item-20266' data-av-masonry-item='20266' class='av-masonry-entry isotope-item post-20266 portfolio type-portfolio status-publish has-post-thumbnail hentry portfolio_entries-arts-culture portfolio_entries-business portfolio_entries-communications portfolio_entries-environment  av-masonry-item-with-image' title=\"NaturalezaRX\"   itemscope=\"itemscope\" itemtype=\"https:\/\/schema.org\/CreativeWork\" ><div class='av-inner-masonry-sizer'><\/div><figure class='av-inner-masonry main_color'><div class=\"av-masonry-outerimage-container\"><div class='av-masonry-image-container'  ><img decoding=\"async\" width=\"500\" height=\"333\" fetchpriority=\"high\" class=\"wp-image-20268 avia-img-lazy-loading-not-20268\"  src=\"https:\/\/boulder.earth\/wp-content\/uploads\/2017\/09\/NatureRX.png\" title=\"NaturalezaRX\" alt=\"\" srcset=\"https:\/\/boulder.earth\/wp-content\/uploads\/2017\/09\/NatureRX.png 500w, https:\/\/boulder.earth\/wp-content\/uploads\/2017\/09\/NatureRX-300x200.png 300w, https:\/\/boulder.earth\/wp-content\/uploads\/2017\/09\/NatureRX-450x300.png 450w\" sizes=\"(max-width: 500px) 100vw, 500px\" \/><\/div><\/div><figcaption class='av-inner-masonry-content site-background'><div class='av-inner-masonry-content-pos'><div class='av-inner-masonry-content-pos-content'><div class='avia-arrow'><\/div><div class='av-masonry-entry-content entry-content'  itemprop=\"text\" >El ambientalismo se reinicia, record\u00e1ndonos a los humanos que cuando pasamos tiempo en la naturaleza, las estad\u00edsticas muestran que somos m\u00e1s activos, m\u00e1s saludables, m\u00e1s felices y, lo que es m\u00e1s importante, mucho m\u00e1s propensos a tomar mejores decisiones ambientales.<\/div><\/div><\/div><\/figcaption><\/figure><\/a><!--end av-masonry entry--><a href=\"https:\/\/boulder.earth\/es\/organizations\/nude-foods\/\"  id='av-masonry-1-item-6464083' data-av-masonry-item='6464083' class='av-masonry-entry isotope-item post-6464083 portfolio type-portfolio status-publish has-post-thumbnail hentry portfolio_entries-agriculture portfolio_entries-business portfolio_entries-food portfolio_entries-food-waste portfolio_entries-zero-waste  av-masonry-item-with-image' title=\"Logotipo de Nude Foods\"   itemscope=\"itemscope\" itemtype=\"https:\/\/schema.org\/CreativeWork\" ><div class='av-inner-masonry-sizer'><\/div><figure class='av-inner-masonry main_color'><div class=\"av-masonry-outerimage-container\"><div class='av-masonry-image-container'  ><img decoding=\"async\" width=\"300\" height=\"200\" fetchpriority=\"high\" class=\"wp-image-6464084 avia-img-lazy-loading-not-6464084\"  src=\"https:\/\/boulder.earth\/wp-content\/uploads\/2025\/04\/Nude-Foods-Logo.png\" title=\"Logotipo de Nude Foods\" alt=\"\" srcset=\"https:\/\/boulder.earth\/wp-content\/uploads\/2025\/04\/Nude-Foods-Logo.png 300w, https:\/\/boulder.earth\/wp-content\/uploads\/2025\/04\/Nude-Foods-Logo-18x12.png 18w\" sizes=\"(max-width: 300px) 100vw, 300px\" \/><\/div><\/div><figcaption class='av-inner-masonry-content site-background'><div class='av-inner-masonry-content-pos'><div class='av-inner-masonry-content-pos-content'><div class='avia-arrow'><\/div><div class='av-masonry-entry-content entry-content'  itemprop=\"text\" >Una tienda de comestibles con servicio completo y la forma m\u00e1s f\u00e1cil de comprar alimentos org\u00e1nicos, locales y sin desperdicios.<\/div><\/div><\/div><\/figcaption><\/figure><\/a><!--end av-masonry entry--><a href=\"https:\/\/boulder.earth\/es\/organizations\/pace-partners-for-a-clean-environment\/\"  id='av-masonry-1-item-18980' data-av-masonry-item='18980' class='av-masonry-entry isotope-item post-18980 portfolio type-portfolio status-publish has-post-thumbnail hentry portfolio_entries-business portfolio_entries-economics portfolio_entries-energy portfolio_entries-environment portfolio_entries-resources portfolio_entries-zero-waste  av-masonry-item-with-image' title=\"compa\u00f1eros de paso para un medio ambiente limpio\"   itemscope=\"itemscope\" itemtype=\"https:\/\/schema.org\/CreativeWork\" ><div class='av-inner-masonry-sizer'><\/div><figure class='av-inner-masonry main_color'><div class=\"av-masonry-outerimage-container\"><div class='av-masonry-image-container'  ><img decoding=\"async\" width=\"500\" height=\"333\" fetchpriority=\"high\" class=\"wp-image-18982 avia-img-lazy-loading-not-18982\"  src=\"https:\/\/boulder.earth\/wp-content\/uploads\/2017\/09\/pace-logo.png\" title=\"compa\u00f1eros de paso para un medio ambiente limpio\" alt=\"\" srcset=\"https:\/\/boulder.earth\/wp-content\/uploads\/2017\/09\/pace-logo.png 500w, https:\/\/boulder.earth\/wp-content\/uploads\/2017\/09\/pace-logo-300x200.png 300w, https:\/\/boulder.earth\/wp-content\/uploads\/2017\/09\/pace-logo-450x300.png 450w\" sizes=\"(max-width: 500px) 100vw, 500px\" \/><\/div><\/div><figcaption class='av-inner-masonry-content site-background'><div class='av-inner-masonry-content-pos'><div class='av-inner-masonry-content-pos-content'><div class='avia-arrow'><\/div><div class='av-masonry-entry-content entry-content'  itemprop=\"text\" >Ventanilla \u00fanica para la sostenibilidad empresarial en el condado de Boulder<\/div><\/div><\/div><\/figcaption><\/figure><\/a><!--end av-masonry entry--><a href=\"https:\/\/boulder.earth\/es\/organizations\/renewable-choice-energy\/\"  id='av-masonry-1-item-13599' data-av-masonry-item='13599' class='av-masonry-entry isotope-item post-13599 portfolio type-portfolio status-publish has-post-thumbnail hentry portfolio_entries-business portfolio_entries-economics portfolio_entries-energy portfolio_entries-resources  av-masonry-item-with-image' title=\"elecci\u00f3n-de-energ\u00eda-renovable\"   itemscope=\"itemscope\" itemtype=\"https:\/\/schema.org\/CreativeWork\" ><div class='av-inner-masonry-sizer'><\/div><figure class='av-inner-masonry main_color'><div class=\"av-masonry-outerimage-container\"><div class='av-masonry-image-container'  ><img decoding=\"async\" width=\"500\" height=\"333\" fetchpriority=\"high\" class=\"wp-image-13600 avia-img-lazy-loading-not-13600\"  src=\"https:\/\/boulder.earth\/wp-content\/uploads\/2017\/07\/renewable-choice-energy.jpg\" title=\"elecci\u00f3n-de-energ\u00eda-renovable\" alt=\"\" srcset=\"https:\/\/boulder.earth\/wp-content\/uploads\/2017\/07\/renewable-choice-energy.jpg 500w, https:\/\/boulder.earth\/wp-content\/uploads\/2017\/07\/renewable-choice-energy-300x200.jpg 300w, https:\/\/boulder.earth\/wp-content\/uploads\/2017\/07\/renewable-choice-energy-450x300.jpg 450w\" sizes=\"(max-width: 500px) 100vw, 500px\" \/><\/div><\/div><figcaption class='av-inner-masonry-content site-background'><div class='av-inner-masonry-content-pos'><div class='av-inner-masonry-content-pos-content'><div class='avia-arrow'><\/div><div class='av-masonry-entry-content entry-content'  itemprop=\"text\" >Proveedor l\u00edder de productos y servicios de energ\u00eda limpia personalizados para el sector comercial, industrial e institucional (C&amp;I)<\/div><\/div><\/div><\/figcaption><\/figure><\/a><!--end av-masonry entry--><a href=\"https:\/\/boulder.earth\/es\/organizations\/southwest-energy-efficiency-project\/\"  id='av-masonry-1-item-127815' data-av-masonry-item='127815' class='av-masonry-entry isotope-item post-127815 portfolio type-portfolio status-publish has-post-thumbnail hentry portfolio_entries-economics portfolio_entries-energy portfolio_entries-transportation  av-masonry-item-with-image' title=\"barrer\"   itemscope=\"itemscope\" itemtype=\"https:\/\/schema.org\/CreativeWork\" ><div class='av-inner-masonry-sizer'><\/div><figure class='av-inner-masonry main_color'><div class=\"av-masonry-outerimage-container\"><div class='av-masonry-image-container'  ><img decoding=\"async\" width=\"300\" height=\"200\" fetchpriority=\"high\" class=\"wp-image-127816 avia-img-lazy-loading-not-127816\"  src=\"https:\/\/boulder.earth\/wp-content\/uploads\/2019\/04\/sweep.png\" title=\"barrer\" alt=\"\" \/><\/div><\/div><figcaption class='av-inner-masonry-content site-background'><div class='av-inner-masonry-content-pos'><div class='av-inner-masonry-content-pos-content'><div class='avia-arrow'><\/div><div class='av-masonry-entry-content entry-content'  itemprop=\"text\" >Ahorro de dinero y protecci\u00f3n del medio ambiente mediante el avance de la eficiencia energ\u00e9tica y el transporte limpio en Arizona, Colorado, Nevada, Nuevo M\u00e9xico, Utah y Wyoming<\/div><\/div><\/div><\/figcaption><\/figure><\/a><!--end av-masonry entry--><a href=\"https:\/\/boulder.earth\/es\/organizations\/sunrise-movement\/\"  id='av-masonry-1-item-152975' data-av-masonry-item='152975' class='av-masonry-entry isotope-item post-152975 portfolio type-portfolio status-publish has-post-thumbnail hentry portfolio_entries-activism portfolio_entries-economics portfolio_entries-justice portfolio_entries-policy  av-masonry-item-with-image' title=\"amanecer-movimiento\"   itemscope=\"itemscope\" itemtype=\"https:\/\/schema.org\/CreativeWork\" ><div class='av-inner-masonry-sizer'><\/div><figure class='av-inner-masonry main_color'><div class=\"av-masonry-outerimage-container\"><div class='av-masonry-image-container'  ><img decoding=\"async\" width=\"300\" height=\"200\" fetchpriority=\"high\" class=\"wp-image-153312 avia-img-lazy-loading-not-153312\"  src=\"https:\/\/boulder.earth\/wp-content\/uploads\/2019\/10\/sunrise-movement.png\" title=\"amanecer-movimiento\" alt=\"\" \/><\/div><\/div><figcaption class='av-inner-masonry-content site-background'><div class='av-inner-masonry-content-pos'><div class='av-inner-masonry-content-pos-content'><div class='avia-arrow'><\/div><div class='av-masonry-entry-content entry-content'  itemprop=\"text\" >mitin pol\u00edtico nacional que lucha contra el cambio clim\u00e1tico y aboga por una legislaci\u00f3n r\u00e1pida y eficaz para hacerlo<\/div><\/div><\/div><\/figcaption><\/figure><\/a><!--end av-masonry entry--><a href=\"https:\/\/boulder.earth\/es\/organizations\/the-story-group\/\"  id='av-masonry-1-item-52160' data-av-masonry-item='52160' class='av-masonry-entry isotope-item post-52160 portfolio type-portfolio status-publish has-post-thumbnail hentry portfolio_entries-arts-culture portfolio_entries-business portfolio_entries-communications  av-masonry-item-with-image' title=\"El grupo de la historia\"   itemscope=\"itemscope\" itemtype=\"https:\/\/schema.org\/CreativeWork\" ><div class='av-inner-masonry-sizer'><\/div><figure class='av-inner-masonry main_color'><div class=\"av-masonry-outerimage-container\"><div class='av-masonry-image-container'  ><img decoding=\"async\" width=\"400\" height=\"266\" fetchpriority=\"high\" class=\"wp-image-52163 avia-img-lazy-loading-not-52163\"  src=\"https:\/\/boulder.earth\/wp-content\/uploads\/2018\/03\/TheStoryGroup.png\" title=\"El grupo de la historia\" alt=\"\" srcset=\"https:\/\/boulder.earth\/wp-content\/uploads\/2018\/03\/TheStoryGroup.png 400w, https:\/\/boulder.earth\/wp-content\/uploads\/2018\/03\/TheStoryGroup-300x200.png 300w\" sizes=\"(max-width: 400px) 100vw, 400px\" \/><\/div><\/div><figcaption class='av-inner-masonry-content site-background'><div class='av-inner-masonry-content-pos'><div class='av-inner-masonry-content-pos-content'><div class='avia-arrow'><\/div><div class='av-masonry-entry-content entry-content'  itemprop=\"text\" >The Story Group es una empresa independiente de periodismo multimedia...<\/div><\/div><\/div><\/figcaption><\/figure><\/a><!--end av-masonry entry--><a href=\"https:\/\/boulder.earth\/es\/organizations\/uncharted\/\"  id='av-masonry-1-item-17813' data-av-masonry-item='17813' class='av-masonry-entry isotope-item post-17813 portfolio type-portfolio status-publish has-post-thumbnail hentry portfolio_entries-business portfolio_entries-economics portfolio_entries-education  av-masonry-item-with-image' title=\"inexplorado\"   itemscope=\"itemscope\" itemtype=\"https:\/\/schema.org\/CreativeWork\" ><div class='av-inner-masonry-sizer'><\/div><figure class='av-inner-masonry main_color'><div class=\"av-masonry-outerimage-container\"><div class='av-masonry-image-container'  ><img decoding=\"async\" width=\"500\" height=\"333\" fetchpriority=\"high\" class=\"wp-image-17814 avia-img-lazy-loading-not-17814\"  src=\"https:\/\/boulder.earth\/wp-content\/uploads\/2017\/09\/uncharted.png\" title=\"inexplorado\" alt=\"\" srcset=\"https:\/\/boulder.earth\/wp-content\/uploads\/2017\/09\/uncharted.png 500w, https:\/\/boulder.earth\/wp-content\/uploads\/2017\/09\/uncharted-300x200.png 300w, https:\/\/boulder.earth\/wp-content\/uploads\/2017\/09\/uncharted-450x300.png 450w\" sizes=\"(max-width: 500px) 100vw, 500px\" \/><\/div><\/div><figcaption class='av-inner-masonry-content site-background'><div class='av-inner-masonry-content-pos'><div class='av-inner-masonry-content-pos-content'><div class='avia-arrow'><\/div><div class='av-masonry-entry-content entry-content'  itemprop=\"text\" >Abordar problemas espec\u00edficos, crear un ej\u00e9rcito de personas mejor posicionadas para resolverlos y darles acceso a lo que necesitan (mentores, patrocinadores y socios) para atacar el problema desde todos los lados.<\/div><\/div><\/div><\/figcaption><\/figure><\/a><!--end av-masonry entry--><a href=\"https:\/\/boulder.earth\/es\/organizations\/vessel\/\"  id='av-masonry-1-item-96015' data-av-masonry-item='96015' class='av-masonry-entry isotope-item post-96015 portfolio type-portfolio status-publish has-post-thumbnail hentry portfolio_entries-business portfolio_entries-conservation portfolio_entries-zero-waste  av-masonry-item-with-image' title=\"Buque\"   itemscope=\"itemscope\" itemtype=\"https:\/\/schema.org\/CreativeWork\" ><div class='av-inner-masonry-sizer'><\/div><figure class='av-inner-masonry main_color'><div class=\"av-masonry-outerimage-container\"><div class='av-masonry-image-container'  ><img decoding=\"async\" width=\"500\" height=\"333\" fetchpriority=\"high\" class=\"wp-image-96018 avia-img-lazy-loading-not-96018\"  src=\"https:\/\/boulder.earth\/wp-content\/uploads\/2018\/07\/Vessel-logo.png\" title=\"Buque\" alt=\"\" srcset=\"https:\/\/boulder.earth\/wp-content\/uploads\/2018\/07\/Vessel-logo.png 500w, https:\/\/boulder.earth\/wp-content\/uploads\/2018\/07\/Vessel-logo-300x200.png 300w, https:\/\/boulder.earth\/wp-content\/uploads\/2018\/07\/Vessel-logo-450x300.png 450w\" sizes=\"(max-width: 500px) 100vw, 500px\" \/><\/div><\/div><figcaption class='av-inner-masonry-content site-background'><div class='av-inner-masonry-content-pos'><div class='av-inner-masonry-content-pos-content'><div class='avia-arrow'><\/div><div class='av-masonry-entry-content entry-content'  itemprop=\"text\" >Combinando un servicio estilo biblioteca con tecnolog\u00eda de seguimiento sofisticada para eliminar la necesidad de vasos de papel y pl\u00e1stico para llevar<\/div><\/div><\/div><\/figcaption><\/figure><\/a><!--end av-masonry entry--><a href=\"https:\/\/boulder.earth\/es\/organizations\/wa-event-management-llc\/\"  id='av-masonry-1-item-123449' data-av-masonry-item='123449' class='av-masonry-entry isotope-item post-123449 portfolio type-portfolio status-publish has-post-thumbnail hentry portfolio_entries-business  av-masonry-item-with-image' title=\"wa-colorado\"   itemscope=\"itemscope\" itemtype=\"https:\/\/schema.org\/CreativeWork\" ><div class='av-inner-masonry-sizer'><\/div><figure class='av-inner-masonry main_color'><div class=\"av-masonry-outerimage-container\"><div class='av-masonry-image-container'  ><img decoding=\"async\" width=\"500\" height=\"333\" fetchpriority=\"high\" class=\"wp-image-123457 avia-img-lazy-loading-not-123457\"  src=\"https:\/\/boulder.earth\/wp-content\/uploads\/2019\/02\/wa-colorado-2.jpg\" title=\"wa-colorado\" alt=\"\" srcset=\"https:\/\/boulder.earth\/wp-content\/uploads\/2019\/02\/wa-colorado-2.jpg 500w, https:\/\/boulder.earth\/wp-content\/uploads\/2019\/02\/wa-colorado-2-300x200.jpg 300w, https:\/\/boulder.earth\/wp-content\/uploads\/2019\/02\/wa-colorado-2-450x300.jpg 450w\" sizes=\"(max-width: 500px) 100vw, 500px\" \/><\/div><\/div><figcaption class='av-inner-masonry-content site-background'><div class='av-inner-masonry-content-pos'><div class='av-inner-masonry-content-pos-content'><div class='avia-arrow'><\/div><div class='av-masonry-entry-content entry-content'  itemprop=\"text\" >llevar eventos desde el dise\u00f1o conceptual hasta la realizaci\u00f3n a gran escala<\/div><\/div><\/div><\/figcaption><\/figure><\/a><!--end av-masonry entry--><a href=\"https:\/\/boulder.earth\/es\/organizations\/watson\/\"  id='av-masonry-1-item-20218' data-av-masonry-item='20218' class='av-masonry-entry isotope-item post-20218 portfolio type-portfolio status-publish has-post-thumbnail hentry portfolio_entries-business portfolio_entries-economics portfolio_entries-education  av-masonry-item-with-image' title=\"watson-logo\"   itemscope=\"itemscope\" itemtype=\"https:\/\/schema.org\/CreativeWork\" ><div class='av-inner-masonry-sizer'><\/div><figure class='av-inner-masonry main_color'><div class=\"av-masonry-outerimage-container\"><div class='av-masonry-image-container'  ><img decoding=\"async\" width=\"500\" height=\"333\" fetchpriority=\"high\" class=\"wp-image-20221 avia-img-lazy-loading-not-20221\"  src=\"https:\/\/boulder.earth\/wp-content\/uploads\/2017\/09\/watson-logo.png\" title=\"watson-logo\" alt=\"\" srcset=\"https:\/\/boulder.earth\/wp-content\/uploads\/2017\/09\/watson-logo.png 500w, https:\/\/boulder.earth\/wp-content\/uploads\/2017\/09\/watson-logo-300x200.png 300w, https:\/\/boulder.earth\/wp-content\/uploads\/2017\/09\/watson-logo-450x300.png 450w\" sizes=\"(max-width: 500px) 100vw, 500px\" \/><\/div><\/div><figcaption class='av-inner-masonry-content site-background'><div class='av-inner-masonry-content-pos'><div class='av-inner-masonry-content-pos-content'><div class='avia-arrow'><\/div><div class='av-masonry-entry-content entry-content'  itemprop=\"text\" >un nuevo modelo universitario dise\u00f1ado para la pr\u00f3xima generaci\u00f3n de innovadores, l\u00edderes y emprendedores sociales<\/div><\/div><\/div><\/figcaption><\/figure><\/a><!--end av-masonry entry--><a href=\"https:\/\/boulder.earth\/es\/organizations\/western-resource-advocates\/\"  id='av-masonry-1-item-30979' data-av-masonry-item='30979' class='av-masonry-entry isotope-item post-30979 portfolio type-portfolio status-publish has-post-thumbnail hentry portfolio_entries-conservation portfolio_entries-economics portfolio_entries-environment portfolio_entries-policy portfolio_entries-water  av-masonry-item-with-image' title=\"wra-logo\"   itemscope=\"itemscope\" itemtype=\"https:\/\/schema.org\/CreativeWork\" ><div class='av-inner-masonry-sizer'><\/div><figure class='av-inner-masonry main_color'><div class=\"av-masonry-outerimage-container\"><div class='av-masonry-image-container'  ><img decoding=\"async\" width=\"500\" height=\"333\" fetchpriority=\"high\" class=\"wp-image-30981 avia-img-lazy-loading-not-30981\"  src=\"https:\/\/boulder.earth\/wp-content\/uploads\/2017\/11\/wra-logo.png\" title=\"wra-logo\" alt=\"\" srcset=\"https:\/\/boulder.earth\/wp-content\/uploads\/2017\/11\/wra-logo.png 500w, https:\/\/boulder.earth\/wp-content\/uploads\/2017\/11\/wra-logo-300x200.png 300w, https:\/\/boulder.earth\/wp-content\/uploads\/2017\/11\/wra-logo-450x300.png 450w\" sizes=\"(max-width: 500px) 100vw, 500px\" \/><\/div><\/div><figcaption class='av-inner-masonry-content site-background'><div class='av-inner-masonry-content-pos'><div class='av-inner-masonry-content-pos-content'><div class='avia-arrow'><\/div><div class='av-masonry-entry-content entry-content'  itemprop=\"text\" >dedicado a proteger la tierra, el aire y el agua del oeste para garantizar que existan comunidades vibrantes en equilibrio con la naturaleza, utilizando la ley, la ciencia y la econom\u00eda para crear soluciones innovadoras a los problemas de conservaci\u00f3n m\u00e1s apremiantes en la regi\u00f3n<\/div><\/div><\/div><\/figcaption><\/figure><\/a><!--end av-masonry entry--><\/div><\/div><br \/>\n<section  class='av_textblock_section av-3xrrqdv8-749da6bf44b57bc6fdcde7dd2a71e01d'   itemscope=\"itemscope\" itemtype=\"https:\/\/schema.org\/CreativeWork\" ><div class='avia_textblock'  itemprop=\"text\" ><h3 style=\"text-align: center;\">\u00bfDebe su organizaci\u00f3n estar en la lista?<\/h3>\n<\/div><\/section><br \/>\n<div  class='avia-button-wrap av-dqqwhmc-be81c671a700f3ad86ff2190b2733b7c-wrap avia-button-center  avia-builder-el-5  el_after_av_textblock  avia-builder-el-last'><a href='\/es\/feedback\/'  class='avia-button av-dqqwhmc-be81c671a700f3ad86ff2190b2733b7c av-link-btn avia-icon_select-yes-left-icon avia-size-x-large avia-position-center avia-color-theme-color'  target=\"_blank\"  rel=\"noopener noreferrer\"  aria-label=\"Comparte tu informaci\u00f3n aqu\u00ed\"><span class='avia_button_icon avia_button_icon_left avia-iconfont avia-font-entypo-fontello' data-av_icon='\ue8d2' data-av_iconfont='entypo-fontello' ><\/span><span class='avia_iconbox_title' >Comparte tu informaci\u00f3n aqu\u00ed<\/span><\/a><\/div><\/p><\/div>\n<style type=\"text\/css\" data-created_by=\"avia_inline_auto\" id=\"style-css-av-10by8zxro-4ac6f2eca653dc5a1fcca496738d806d\">\n#top .hr.hr-invisible.av-10by8zxro-4ac6f2eca653dc5a1fcca496738d806d{\nheight:50px;\n}\n<\/style>\n<div  class='hr av-10by8zxro-4ac6f2eca653dc5a1fcca496738d806d hr-invisible  avia-builder-el-6  el_after_av_one_full  el_before_av_textblock'><span class='hr-inner'><span class=\"hr-inner-style\"><\/span><\/span><\/div><\/p>\n<section  class='av_textblock_section av-z9rxejec-ffe7046151d6124a693fab0b08812375'   itemscope=\"itemscope\" itemtype=\"https:\/\/schema.org\/CreativeWork\" ><div class='avia_textblock'  itemprop=\"text\" ><h1 id=\"orgs\" style=\"text-align: center;\">Obtenga m\u00e1s informaci\u00f3n sobre nuestros sistemas financieros<\/h1>\n<p style=\"text-align: center;\">de estos \u00fatiles recursos, sitios web e historias<\/p>\n<\/div><\/section>\n\n<style type=\"text\/css\" data-created_by=\"avia_inline_auto\" id=\"style-css-av-64m7sxf8-2cb20181538eb1a42a659382e9a2624c\">\n.flex_column.av-64m7sxf8-2cb20181538eb1a42a659382e9a2624c{\nborder-radius:0px 0px 0px 0px;\npadding:0px 0px 0px 0px;\n}\n<\/style>\n<div  class='flex_column av-64m7sxf8-2cb20181538eb1a42a659382e9a2624c av_one_half  avia-builder-el-8  el_after_av_textblock  el_before_av_one_half  first flex_column_div av-zero-column-padding  column-top-margin'     ><div  class='avia-video av-4w9yacs4-97610c5a9962b5afb9410c21943edd09 avia-video-16-9 av-no-preview-image avia-video-load-always av-lazyload-immediate av-lazyload-video-embed'  itemprop=\"video\" itemtype=\"https:\/\/schema.org\/VideoObject\"  data-original_url='https:\/\/www.youtube.com\/watch?v=Z9OCPqzbzBk'><script type='text\/html' class='av-video-tmpl'><div class='avia-iframe-wrap'><iframe loading=\"lazy\" title=\"The Big Picture: Make Polluters Pay\" width=\"1500\" height=\"844\" src=\"https:\/\/www.youtube.com\/embed\/Z9OCPqzbzBk?feature=oembed&autoplay=0&loop=0&controls=1&mute=0\" frameborder=\"0\" allow=\"accelerometer; autoplay; clipboard-write; encrypted-media; gyroscope; picture-in-picture\" allowfullscreen><\/iframe><\/div><\/script><div class='av-click-to-play-overlay'><div class=\"avia_playpause_icon\"><\/div><\/div><\/div><\/div>\n\n<style type=\"text\/css\" data-created_by=\"avia_inline_auto\" id=\"style-css-av-3sl7wu5w-19162d735e033421607006b211b63967\">\n.flex_column.av-3sl7wu5w-19162d735e033421607006b211b63967{\nborder-radius:0px 0px 0px 0px;\npadding:0px 0px 0px 0px;\n}\n<\/style>\n<div  class='flex_column av-3sl7wu5w-19162d735e033421607006b211b63967 av_one_half  avia-builder-el-10  el_after_av_one_half  el_before_av_layout_row  avia-builder-el-last  flex_column_div av-zero-column-padding  column-top-margin'     ><div  class='avia-video av-1q6p3yd0-a79fd945d099ff98d68271066188c07b avia-video-16-9 av-no-preview-image avia-video-load-always av-lazyload-immediate av-lazyload-video-embed'  itemprop=\"video\" itemtype=\"https:\/\/schema.org\/VideoObject\"  data-original_url='https:\/\/www.youtube.com\/watch?v=d9uTH0iprVQ'><script type='text\/html' class='av-video-tmpl'><div class='avia-iframe-wrap'><iframe loading=\"lazy\" title=\"A Message From the Future With Alexandria Ocasio-Cortez\" width=\"1500\" height=\"844\" src=\"https:\/\/www.youtube.com\/embed\/d9uTH0iprVQ?feature=oembed&autoplay=0&loop=0&controls=1&mute=0\" frameborder=\"0\" allow=\"accelerometer; autoplay; clipboard-write; encrypted-media; gyroscope; picture-in-picture\" allowfullscreen><\/iframe><\/div><\/script><div class='av-click-to-play-overlay'><div class=\"avia_playpause_icon\"><\/div><\/div><\/div><\/div>\n<\/div><\/div><\/div><!-- close content main div --><\/div><\/div><div id='av-layout-grid-1'  class='av-layout-grid-container av-3ejz8bas-0fbc251fa62d88a90c6c3df488301688 entry-content-wrapper alternate_color av-border-cells av-flex-cells  avia-builder-el-12  el_after_av_one_half  el_before_av_layout_row  grid-row-not-first  container_wrap sidebar_right'  >\n\n<style type=\"text\/css\" data-created_by=\"avia_inline_auto\" id=\"style-css-av-w6tyjet0-dc509a4496c5db2fb4e9b5fab3d07d05\">\n.flex_cell.av-w6tyjet0-dc509a4496c5db2fb4e9b5fab3d07d05{\nvertical-align:top;\n}\n.responsive #top #wrap_all .flex_cell.av-w6tyjet0-dc509a4496c5db2fb4e9b5fab3d07d05{\npadding:30px 30px 30px 30px !important;\n}\n<\/style>\n<div class='flex_cell av-w6tyjet0-dc509a4496c5db2fb4e9b5fab3d07d05 av-gridrow-cell av_one_half no_margin  avia-builder-el-13  el_before_av_cell_one_half  avia-builder-el-first  content-align-top'  ><div class='flex_cell_inner'><p>\n<style type=\"text\/css\" data-created_by=\"avia_inline_auto\" id=\"style-css-av-vhd8y52s-c1f325b4ac3b70a6f50162ebe7af8331\">\n.avia-image-container.av-vhd8y52s-c1f325b4ac3b70a6f50162ebe7af8331 img.avia_image{\nbox-shadow:none;\n}\n.avia-image-container.av-vhd8y52s-c1f325b4ac3b70a6f50162ebe7af8331 .av-image-caption-overlay-center{\ncolor:#ffffff;\n}\n<\/style>\n<div  class='avia-image-container av-vhd8y52s-c1f325b4ac3b70a6f50162ebe7af8331 av-styling- av-img-linked avia-align-center  avia-builder-el-14  el_before_av_textblock  avia-builder-el-first'   itemprop=\"image\" itemscope=\"itemscope\" itemtype=\"https:\/\/schema.org\/ImageObject\" ><div class=\"avia-image-container-inner\"><div class=\"avia-image-overlay-wrap\"><a href=\"https:\/\/www.newyorker.com\/news\/daily-comment\/money-is-the-oxygen-on-which-the-fire-of-global-warming-burns\" class='avia_image'  target=\"_blank\"  rel=\"noopener noreferrer\" aria-label='el dinero es oxigeno'><img decoding=\"async\" fetchpriority=\"high\" class='wp-image-164179 avia-img-lazy-loading-not-164179 avia_image' src=\"https:\/\/boulder.earth\/wp-content\/uploads\/2019\/11\/money-is-oxygen.jpg\" alt='' title='el dinero es oxigeno'  height=\"335\" width=\"649\"  itemprop=\"thumbnailUrl\" srcset=\"https:\/\/boulder.earth\/wp-content\/uploads\/2019\/11\/money-is-oxygen.jpg 649w, https:\/\/boulder.earth\/wp-content\/uploads\/2019\/11\/money-is-oxygen-300x155.jpg 300w, https:\/\/boulder.earth\/wp-content\/uploads\/2019\/11\/money-is-oxygen-450x232.jpg 450w\" sizes=\"(max-width: 649px) 100vw, 649px\" \/><\/a><\/div><\/div><\/div><br \/>\n<section  class='av_textblock_section av-tjft39dg-1b464062ce91db0185cd7dbae1afa548'   itemscope=\"itemscope\" itemtype=\"https:\/\/schema.org\/CreativeWork\" ><div class='avia_textblock'  itemprop=\"text\" ><h3 style=\"text-align: center;\"><a href=\"https:\/\/www.newyorker.com\/news\/daily-comment\/money-is-the-oxygen-on-which-the-fire-of-global-warming-burns\" target=\"_blank\" rel=\"noopener noreferrer\">El dinero es el ox\u00edgeno en el que arde el fuego del calentamiento global<\/a><\/h3>\n<p style=\"text-align: center;\">\u00bfQu\u00e9 pasar\u00eda si las industrias bancaria, de gesti\u00f3n de activos y de seguros se alejaran de los combustibles f\u00f3siles?<br \/>\nPor Bill McKibben | <a href=\"https:\/\/www.newyorker.com\/news\/daily-comment\/money-is-the-oxygen-on-which-the-fire-of-global-warming-burns\" target=\"_blank\" rel=\"noopener noreferrer\">Leer en The New Yorker<\/a><\/p>\n<div>\n<div>\n<div>\n<div><\/div>\n<\/div>\n<\/div>\n<\/div>\n<\/div><\/section><\/p>\n<\/div><\/div>\n<style type=\"text\/css\" data-created_by=\"avia_inline_auto\" id=\"style-css-av-sfyol510-0d4efab0a385bf6ee63d8f77e67a0159\">\n.flex_cell.av-sfyol510-0d4efab0a385bf6ee63d8f77e67a0159{\nvertical-align:top;\n}\n.responsive #top #wrap_all .flex_cell.av-sfyol510-0d4efab0a385bf6ee63d8f77e67a0159{\npadding:30px 30px 30px 30px !important;\n}\n<\/style>\n<div class='flex_cell av-sfyol510-0d4efab0a385bf6ee63d8f77e67a0159 av-gridrow-cell av_one_half no_margin  avia-builder-el-16  el_after_av_cell_one_half  avia-builder-el-last  content-align-top'  ><div class='flex_cell_inner'><p>\n<style type=\"text\/css\" data-created_by=\"avia_inline_auto\" id=\"style-css-av-rebvj8hg-2f96f27f43152dfaea6874030fe180c7\">\n.avia-image-container.av-rebvj8hg-2f96f27f43152dfaea6874030fe180c7 img.avia_image{\nbox-shadow:none;\n}\n.avia-image-container.av-rebvj8hg-2f96f27f43152dfaea6874030fe180c7 .av-image-caption-overlay-center{\ncolor:#ffffff;\n}\n<\/style>\n<div  class='avia-image-container av-rebvj8hg-2f96f27f43152dfaea6874030fe180c7 av-styling- av-img-linked avia-align-center  avia-builder-el-17  el_before_av_textblock  avia-builder-el-first'   itemprop=\"image\" itemscope=\"itemscope\" itemtype=\"https:\/\/schema.org\/ImageObject\" ><div class=\"avia-image-container-inner\"><div class=\"avia-image-overlay-wrap\"><a href=\"https:\/\/www.finance-watch.org\/uf\/9-financial-reforms-that-climate-strikers-should-demand\/\" class='avia_image'  target=\"_blank\"  rel=\"noopener noreferrer\" aria-label='9 reformas de las finanzas'><img decoding=\"async\" fetchpriority=\"high\" class='wp-image-164180 avia-img-lazy-loading-not-164180 avia_image' src=\"https:\/\/boulder.earth\/wp-content\/uploads\/2019\/11\/9-reforms-of-finance-lg.jpg\" alt='' title='9 reformas de las finanzas'  height=\"335\" width=\"649\"  itemprop=\"thumbnailUrl\" srcset=\"https:\/\/boulder.earth\/wp-content\/uploads\/2019\/11\/9-reforms-of-finance-lg.jpg 649w, https:\/\/boulder.earth\/wp-content\/uploads\/2019\/11\/9-reforms-of-finance-lg-300x155.jpg 300w, https:\/\/boulder.earth\/wp-content\/uploads\/2019\/11\/9-reforms-of-finance-lg-450x232.jpg 450w\" sizes=\"(max-width: 649px) 100vw, 649px\" \/><\/a><\/div><\/div><\/div><br \/>\n<section  class='av_textblock_section av-2l7iq7uc-d5c47ade87b78ed9c05eb135a7a9165b'   itemscope=\"itemscope\" itemtype=\"https:\/\/schema.org\/CreativeWork\" ><div class='avia_textblock'  itemprop=\"text\" ><h3 style=\"text-align: center;\"><a href=\"https:\/\/www.finance-watch.org\/uf\/9-financial-reforms-that-climate-strikers-should-demand\/\" target=\"_blank\" rel=\"noopener noreferrer\">9 reformas financieras que los huelguistas por el clima deber\u00edan exigir<\/a><\/h3>\n<p style=\"text-align: center;\">Hasta que lo reformemos, nuestro sistema financiero seguir\u00e1 financiando la econom\u00eda f\u00f3sil. Finance Watch lo gu\u00eda a trav\u00e9s de 9 reformas que marcar\u00edan una verdadera diferencia. <a href=\"https:\/\/www.finance-watch.org\/uf\/9-financial-reforms-that-climate-strikers-should-demand\/\" target=\"_blank\" rel=\"noopener noreferrer\">Leer en Vigilancia financiera<\/a><\/p>\n<\/div><\/section><\/p>\n<\/div><\/div>\n<\/div>\n<div id='av-layout-grid-2'  class='av-layout-grid-container av-2gx1xlpw-f3e211c34b28fcdff474443ee18133f4 entry-content-wrapper alternate_color av-border-cells av-flex-cells  avia-builder-el-19  el_after_av_layout_row  el_before_av_one_full  grid-row-not-first  container_wrap sidebar_right'  >\n\n<style type=\"text\/css\" data-created_by=\"avia_inline_auto\" id=\"style-css-av-o2kvch84-8bd81cc8237d8de9cf36b8bdb89d639b\">\n.flex_cell.av-o2kvch84-8bd81cc8237d8de9cf36b8bdb89d639b{\nvertical-align:top;\n}\n.responsive #top #wrap_all .flex_cell.av-o2kvch84-8bd81cc8237d8de9cf36b8bdb89d639b{\npadding:30px 30px 30px 30px !important;\n}\n<\/style>\n<div class='flex_cell av-o2kvch84-8bd81cc8237d8de9cf36b8bdb89d639b av-gridrow-cell av_one_fourth no_margin  avia-builder-el-20  el_before_av_cell_one_fourth  avia-builder-el-first  content-align-top'  ><div class='flex_cell_inner'><p>\n<style type=\"text\/css\" data-created_by=\"avia_inline_auto\" id=\"style-css-av-ma0xd7as-7e4c6990de1d42246df593cc0ff269a9\">\n.avia-image-container.av-ma0xd7as-7e4c6990de1d42246df593cc0ff269a9 img.avia_image{\nbox-shadow:none;\n}\n.avia-image-container.av-ma0xd7as-7e4c6990de1d42246df593cc0ff269a9 .av-image-caption-overlay-center{\ncolor:#ffffff;\n}\n<\/style>\n<div  class='avia-image-container av-ma0xd7as-7e4c6990de1d42246df593cc0ff269a9 av-styling- av-img-linked avia-align-center  avia-builder-el-21  el_before_av_textblock  avia-builder-el-first'   itemprop=\"image\" itemscope=\"itemscope\" itemtype=\"https:\/\/schema.org\/ImageObject\" ><div class=\"avia-image-container-inner\"><div class=\"avia-image-overlay-wrap\"><a href=\"https:\/\/energysmartyes.com\/rebates-and-financing\/\" class='avia_image'  target=\"_blank\"  rel=\"noopener noreferrer\" aria-label='financiamientoenerg\u00e9ticointeligente'><img decoding=\"async\" fetchpriority=\"high\" class='wp-image-205797 avia-img-lazy-loading-not-205797 avia_image' src=\"https:\/\/boulder.earth\/wp-content\/uploads\/2020\/04\/energysmartfinancing.jpg\" alt='' title='financiamientoenerg\u00e9ticointeligente'  height=\"164\" width=\"300\"  itemprop=\"thumbnailUrl\"  \/><\/a><\/div><\/div><\/div><br \/>\n<section  class='av_textblock_section av-ljoapc1g-278713d9523ac0aae9dd5f5721bdc9bc'   itemscope=\"itemscope\" itemtype=\"https:\/\/schema.org\/CreativeWork\" ><div class='avia_textblock'  itemprop=\"text\" ><h3 style=\"text-align: center;\"><a href=\"https:\/\/energysmartyes.com\/rebates-and-financing\/\" target=\"_blank\" rel=\"noopener noreferrer\">Financiamiento de energ\u00eda limpia a bajo inter\u00e9s<\/a><\/h3>\n<div class=\"styled__BlockSection-sc-17z0hfx-1 kUZtWp\">\n<div class=\"Grid__Container-sc-1x8e792-2 NxNYe\">\n<p>EnergySmart trabaja junto con <a class=\"styled__TextLink-sc-17z0hfx-0 cKgYQS\" href=\"https:\/\/www.cleanenergycu.org\/home\/our-products\/borrow-from-us#clean-energy-loans\">Uni\u00f3n de cr\u00e9dito federal de energ\u00eda limpia<\/a> (CECU) y <a class=\"styled__TextLink-sc-17z0hfx-0 cKgYQS\" href=\"https:\/\/www.elevationscu.com\/loans\">Cooperativa de cr\u00e9dito de elevaciones<\/a> (ECU) para ofrecerte Pr\u00e9stamos de Energ\u00eda para tu hogar. Los Pr\u00e9stamos de energ\u00eda para el hogar pueden ayudarlo a lograr un hogar m\u00e1s eficiente, c\u00f3modo y asequible. Los pr\u00e9stamos de energ\u00eda se pueden utilizar para una <a class=\"styled__TextLink-sc-17z0hfx-0 cKgYQS\" href=\"https:\/\/cdn.sanity.io\/files\/p5afbb4a\/production\/53427dda8dc5363b36623463ad86f1e9223f87ea.pdf\">amplia gama de actualizaciones de eficiencia energ\u00e9tica y energ\u00edas renovables<\/a> \u00a1incluyendo aislamiento, sellado de aire, calefacci\u00f3n, refrigeraci\u00f3n, calentamiento de agua, ventanas, energ\u00eda solar fotovoltaica y compras de bicicletas el\u00e9ctricas! <a href=\"https:\/\/energysmartyes.com\/rebates-and-financing\/\" target=\"_blank\" rel=\"noopener noreferrer\">Aprende m\u00e1s<\/a><\/p>\n<\/div>\n<\/div>\n<\/div><\/section><\/p>\n<\/div><\/div>\n<style type=\"text\/css\" data-created_by=\"avia_inline_auto\" id=\"style-css-av-k8msdyd0-414c727ae4ef0ff0b10fd1a642f3434d\">\n.flex_cell.av-k8msdyd0-414c727ae4ef0ff0b10fd1a642f3434d{\nvertical-align:top;\n}\n.responsive #top #wrap_all .flex_cell.av-k8msdyd0-414c727ae4ef0ff0b10fd1a642f3434d{\npadding:30px 30px 30px 30px !important;\n}\n<\/style>\n<div class='flex_cell av-k8msdyd0-414c727ae4ef0ff0b10fd1a642f3434d av-gridrow-cell av_one_fourth no_margin  avia-builder-el-23  el_after_av_cell_one_fourth  el_before_av_cell_one_fourth  content-align-top'  ><div class='flex_cell_inner'><p>\n<style type=\"text\/css\" data-created_by=\"avia_inline_auto\" id=\"style-css-av-if0n3d10-a270253c24b6f59ef2af01cc83dc8575\">\n.avia-image-container.av-if0n3d10-a270253c24b6f59ef2af01cc83dc8575 img.avia_image{\nbox-shadow:none;\n}\n.avia-image-container.av-if0n3d10-a270253c24b6f59ef2af01cc83dc8575 .av-image-caption-overlay-center{\ncolor:#ffffff;\n}\n<\/style>\n<div  class='avia-image-container av-if0n3d10-a270253c24b6f59ef2af01cc83dc8575 av-styling- av-img-linked avia-align-center  avia-builder-el-24  el_before_av_textblock  avia-builder-el-first'   itemprop=\"image\" itemscope=\"itemscope\" itemtype=\"https:\/\/schema.org\/ImageObject\" ><div class=\"avia-image-container-inner\"><div class=\"avia-image-overlay-wrap\"><a href=\"https:\/\/www.elevationclt.org\" class='avia_image'  target=\"_blank\"  rel=\"noopener noreferrer\" aria-label='elevaci\u00f3n- fideicomiso de tierras comunitarias'><img decoding=\"async\" fetchpriority=\"high\" class='wp-image-161271 avia-img-lazy-loading-not-161271 avia_image' src=\"https:\/\/boulder.earth\/wp-content\/uploads\/2019\/11\/elevation-community-land-trust.jpg\" alt='' title='elevaci\u00f3n- fideicomiso de tierras comunitarias'  height=\"164\" width=\"300\"  itemprop=\"thumbnailUrl\"  \/><\/a><\/div><\/div><\/div><br \/>\n<section  class='av_textblock_section av-grauej3o-1d91774526b95250ac30217313384689'   itemscope=\"itemscope\" itemtype=\"https:\/\/schema.org\/CreativeWork\" ><div class='avia_textblock'  itemprop=\"text\" ><h3 style=\"text-align: center;\"><a href=\"https:\/\/www.elevationclt.org\" target=\"_blank\" rel=\"noopener noreferrer\">Poner la propiedad de la vivienda a su alcance<\/a><\/h3>\n<p>La misi\u00f3n de Elevation Community Land Trust en Denver es brindar oportunidades para que las familias de Colorado permanezcan en sus comunidades durante generaciones utilizando el modelo de fideicomiso de tierras comunitarias. La vivienda es la columna vertebral de nuestras comunidades. Al hacer que la propiedad de vivienda sea m\u00e1s accesible para las familias de Colorado, podemos crear vecindarios saludables y estables para hoy y ma\u00f1ana. <a href=\"https:\/\/www.elevationclt.org\" target=\"_blank\" rel=\"noopener noreferrer\">Mira el modelo de Elevation CLT<\/a><\/p>\n<\/div><\/section><\/p>\n<\/div><\/div>\n<style type=\"text\/css\" data-created_by=\"avia_inline_auto\" id=\"style-css-av-1nhy65h0-c3035c89a7455153f855b3b121ed4c6b\">\n.flex_cell.av-1nhy65h0-c3035c89a7455153f855b3b121ed4c6b{\nvertical-align:top;\n}\n.responsive #top #wrap_all .flex_cell.av-1nhy65h0-c3035c89a7455153f855b3b121ed4c6b{\npadding:30px 30px 30px 30px !important;\n}\n<\/style>\n<div class='flex_cell av-1nhy65h0-c3035c89a7455153f855b3b121ed4c6b av-gridrow-cell av_one_fourth no_margin  avia-builder-el-26  el_after_av_cell_one_fourth  el_before_av_cell_one_fourth  content-align-top'  ><div class='flex_cell_inner'><p>\n<style type=\"text\/css\" data-created_by=\"avia_inline_auto\" id=\"style-css-av-f87982t0-3dcc08e7ed4fc3a1a5d984115e58d1a9\">\n.avia-image-container.av-f87982t0-3dcc08e7ed4fc3a1a5d984115e58d1a9 img.avia_image{\nbox-shadow:none;\n}\n.avia-image-container.av-f87982t0-3dcc08e7ed4fc3a1a5d984115e58d1a9 .av-image-caption-overlay-center{\ncolor:#ffffff;\n}\n<\/style>\n<div  class='avia-image-container av-f87982t0-3dcc08e7ed4fc3a1a5d984115e58d1a9 av-styling- av-img-linked avia-align-center  avia-builder-el-27  el_before_av_textblock  avia-builder-el-first'   itemprop=\"image\" itemscope=\"itemscope\" itemtype=\"https:\/\/schema.org\/ImageObject\" ><div class=\"avia-image-container-inner\"><div class=\"avia-image-overlay-wrap\"><a href=\"https:\/\/350colorado.org\/defund-climate-disaster\/\" class='avia_image'  target=\"_blank\"  rel=\"noopener noreferrer\" aria-label='Desastre clim\u00e1tico'><img decoding=\"async\" fetchpriority=\"high\" class='wp-image-161262 avia-img-lazy-loading-not-161262 avia_image' src=\"https:\/\/boulder.earth\/wp-content\/uploads\/2019\/11\/defunding-climate-disaster.jpg\" alt='' title='Desastre clim\u00e1tico'  height=\"164\" width=\"300\"  itemprop=\"thumbnailUrl\"  \/><\/a><\/div><\/div><\/div><br \/>\n<section  class='av_textblock_section av-ds6h1vlg-71862a8c743306c8b06c6bca01d8529d'   itemscope=\"itemscope\" itemtype=\"https:\/\/schema.org\/CreativeWork\" ><div class='avia_textblock'  itemprop=\"text\" ><h3 style=\"text-align: center;\"><a href=\"https:\/\/350colorado.org\/defund-climate-disaster\/\" target=\"_blank\" rel=\"noopener noreferrer\">Desfinanciamiento del desastre clim\u00e1tico<\/a><\/h3>\n<p>350 Colorado est\u00e1 realizando campa\u00f1as enfocadas en desfinanciar el desastre clim\u00e1tico, incluido el trabajo para promover la banca p\u00fablica estatal como un modelo bancario alternativo m\u00e1s sostenible y pidiendo a los grandes bancos que dejen de financiar proyectos de combustibles f\u00f3siles extremos. <a href=\"https:\/\/350colorado.org\/defund-climate-disaster\/\" target=\"_blank\" rel=\"noopener noreferrer\">Aprende m\u00e1s<\/a><\/p>\n<\/div><\/section><\/p>\n<\/div><\/div>\n<style type=\"text\/css\" data-created_by=\"avia_inline_auto\" id=\"style-css-av-18o3hq2c-6878aced53605e82ca727e591d333961\">\n.flex_cell.av-18o3hq2c-6878aced53605e82ca727e591d333961{\nvertical-align:top;\n}\n.responsive #top #wrap_all .flex_cell.av-18o3hq2c-6878aced53605e82ca727e591d333961{\npadding:30px 30px 30px 30px !important;\n}\n<\/style>\n<div class='flex_cell av-18o3hq2c-6878aced53605e82ca727e591d333961 av-gridrow-cell av_one_fourth no_margin  avia-builder-el-29  el_after_av_cell_one_fourth  avia-builder-el-last  content-align-top'  ><div class='flex_cell_inner'><p>\n<style type=\"text\/css\" data-created_by=\"avia_inline_auto\" id=\"style-css-av-b0ejqf1w-87bf9d08cea70235e8e9373baf14c7a3\">\n.avia-image-container.av-b0ejqf1w-87bf9d08cea70235e8e9373baf14c7a3 img.avia_image{\nbox-shadow:none;\n}\n.avia-image-container.av-b0ejqf1w-87bf9d08cea70235e8e9373baf14c7a3 .av-image-caption-overlay-center{\ncolor:#ffffff;\n}\n<\/style>\n<div  class='avia-image-container av-b0ejqf1w-87bf9d08cea70235e8e9373baf14c7a3 av-styling- av-img-linked avia-align-center  avia-builder-el-30  el_before_av_textblock  avia-builder-el-first'   itemprop=\"image\" itemscope=\"itemscope\" itemtype=\"https:\/\/schema.org\/ImageObject\" ><div class=\"avia-image-container-inner\"><div class=\"avia-image-overlay-wrap\"><a href=\"http:\/\/bankingoncolorado.org\" class='avia_image'  target=\"_blank\"  rel=\"noopener noreferrer\" aria-label='banca publica'><img decoding=\"async\" fetchpriority=\"high\" class='wp-image-161260 avia-img-lazy-loading-not-161260 avia_image' src=\"https:\/\/boulder.earth\/wp-content\/uploads\/2019\/11\/publicbanking.png\" alt='' title='banca publica'  height=\"164\" width=\"300\"  itemprop=\"thumbnailUrl\"  \/><\/a><\/div><\/div><\/div><br \/>\n<section  class='av_textblock_section av-a3o7bn78-b9a9a25ce63ee67cc4f0282ce5f90a61'   itemscope=\"itemscope\" itemtype=\"https:\/\/schema.org\/CreativeWork\" ><div class='avia_textblock'  itemprop=\"text\" ><div class=\"et_pb_slide_description\">\n<h3 class=\"et_pb_slide_title\" style=\"text-align: center;\"><a href=\"http:\/\/bankingoncolorado.org\" target=\"_blank\" rel=\"noopener noreferrer\">Llevar nuestro dinero a casa<\/a><\/h3>\n<div class=\"et_pb_slide_content\">En Colorado, como en la mayor\u00eda de los dem\u00e1s estados, la ca\u00edda de los ingresos fiscales ha obligado a nuestros gobiernos estatales y locales a reducir los servicios p\u00fablicos en el momento preciso en que los residentes y las empresas locales m\u00e1s los necesitaban. Los bancos p\u00fablicos apoyan a Main Street, no a Wall Street, al apoyar a los bancos comunitarios, hacer crecer las peque\u00f1as empresas, crear empleos y reducir la deuda del gobierno. <a href=\"http:\/\/bankingoncolorado.org\" target=\"_blank\" rel=\"noopener noreferrer\">Aprenda m\u00e1s del Instituto de Banca P\u00fablica de las Monta\u00f1as Rocosas<\/a><\/div>\n<\/div>\n<\/div><\/section><\/p>\n<\/div><\/div>\n<\/div><div id='after_grid_row_2'  class='main_color av_default_container_wrap container_wrap sidebar_right'  ><div class='container av-section-cont-open' ><div class='template-page content  av-content-small alpha units'><div class='post-entry post-entry-type-page post-entry-5476788'><div class='entry-content-wrapper clearfix'>\n\n<style type=\"text\/css\" data-created_by=\"avia_inline_auto\" id=\"style-css-av-8k1rf19w-e72a84804e09ebecbf4a4989bc996651\">\n.flex_column.av-8k1rf19w-e72a84804e09ebecbf4a4989bc996651{\nborder-radius:0px 0px 0px 0px;\npadding:0px 0px 0px 0px;\n}\n<\/style>\n<div  class='flex_column av-8k1rf19w-e72a84804e09ebecbf4a4989bc996651 av_one_full  avia-builder-el-32  el_after_av_layout_row  el_before_av_promobox  avia-builder-el-first  first flex_column_div av-zero-column-padding'     ><section  class='av_textblock_section av-7jz6mxis-052fa5acbeeb77b02e29936ee68bacf3'   itemscope=\"itemscope\" itemtype=\"https:\/\/schema.org\/CreativeWork\" ><div class='avia_textblock'  itemprop=\"text\" ><h3><a href=\"https:\/\/www.ran.org\/bankingonclimatechange2019\/\" target=\"_blank\" rel=\"noopener noreferrer\">Banca en Cambio Clim\u00e1tico<\/a><\/h3>\n<p>Rainforest Action Network cre\u00f3 un extenso informe de financiamiento de combustibles f\u00f3siles para 20919. <a href=\"https:\/\/www.ran.org\/bankingonclimatechange2019\/\" target=\"_blank\" rel=\"noopener noreferrer\">Visita el sitio web<\/a> |\u00a0 <a href=\"https:\/\/www.ran.org\/wp-content\/uploads\/2019\/03\/Banking_on_Climate_Change_2019_vFINAL1.pdf\" target=\"_blank\" rel=\"noopener noreferrer\">Descargar PDF<\/a><\/p>\n<hr \/>\n<h3><a href=\"https:\/\/iof.squarespace.com\/scorecard2018\" target=\"_blank\" rel=\"noopener noreferrer\">Seguros y combustibles f\u00f3siles<\/a><\/h3>\n<p>Este informe de Insure Our Future encuentra que las aseguradoras estadounidenses brindan un salvavidas al carb\u00f3n a medida que las aseguradoras europeas abandonan el sector. <a href=\"https:\/\/iof.squarespace.com\/scorecard2018\" target=\"_blank\" rel=\"noopener noreferrer\">Visitar sitio<\/a><\/p>\n<hr \/>\n<\/div><\/section><\/div>\n<div  class='av_promobox av-av_promobox-4dfa235a957105b3f241c047b090e0ba avia-button-yes  avia-builder-el-34  el_after_av_one_full  avia-builder-el-last'><div class='avia-promocontent'><\/p>\n<h3 style=\"text-align: center;\"><span style=\"color: #0065d9;\">\u00a1Hola extra\u00f1o! \u00bfTienes algo que a\u00f1adir a esta secci\u00f3n? \u00bfHay alguna organizaci\u00f3n incre\u00edble que olvidamos mencionar? \u00bfUn estudio cient\u00edfico o un art\u00edculo de peri\u00f3dico que todos deben conocer? \u00bfHay una mejor manera de organizar toda esta informaci\u00f3n y hacerla m\u00e1s \u00fatil? Cualquier cosa, no seas t\u00edmido, \u00a1h\u00e1znoslo saber!<\/span><\/h3>\n<p>\n<\/div><div  class='avia-button-wrap av-av_button-efe3cdde156767d3e76330b404768029-wrap avia-button-right'><a href='\/es\/feedback\/'  class='avia-button av-av_button-efe3cdde156767d3e76330b404768029 av-link-btn avia-icon_select-no avia-size-large avia-position-right avia-color-theme-color'   aria-label=\"Dar opinion\"><span class='avia_iconbox_title' >Dar opinion<\/span><\/a><\/div><\/div>","protected":false},"excerpt":{"rendered":"<p>C\u00f3mo nuestras elecciones financieras impulsan la innovaci\u00f3n y la r\u00e1pida transici\u00f3n hacia una sociedad renovable y sostenible.<\/p>","protected":false},"author":1,"featured_media":160367,"parent":0,"menu_order":0,"comment_status":"closed","ping_status":"closed","template":"","meta":{"footnotes":""},"class_list":["post-5476788","page","type-page","status-publish","has-post-thumbnail","hentry"],"_links":{"self":[{"href":"https:\/\/boulder.earth\/es\/wp-json\/wp\/v2\/pages\/5476788","targetHints":{"allow":["GET"]}}],"collection":[{"href":"https:\/\/boulder.earth\/es\/wp-json\/wp\/v2\/pages"}],"about":[{"href":"https:\/\/boulder.earth\/es\/wp-json\/wp\/v2\/types\/page"}],"author":[{"embeddable":true,"href":"https:\/\/boulder.earth\/es\/wp-json\/wp\/v2\/users\/1"}],"replies":[{"embeddable":true,"href":"https:\/\/boulder.earth\/es\/wp-json\/wp\/v2\/comments?post=5476788"}],"version-history":[{"count":4,"href":"https:\/\/boulder.earth\/es\/wp-json\/wp\/v2\/pages\/5476788\/revisions"}],"predecessor-version":[{"id":5476854,"href":"https:\/\/boulder.earth\/es\/wp-json\/wp\/v2\/pages\/5476788\/revisions\/5476854"}],"wp:featuredmedia":[{"embeddable":true,"href":"https:\/\/boulder.earth\/es\/wp-json\/wp\/v2\/media\/160367"}],"wp:attachment":[{"href":"https:\/\/boulder.earth\/es\/wp-json\/wp\/v2\/media?parent=5476788"}],"curies":[{"name":"wp","href":"https:\/\/api.w.org\/{rel}","templated":true}]}}