{"id":5476803,"date":"2022-01-13T11:30:23","date_gmt":"2022-01-13T17:30:23","guid":{"rendered":"https:\/\/boulder.earth\/?page_id=5476803"},"modified":"2022-01-13T18:01:11","modified_gmt":"2022-01-14T00:01:11","slug":"land-use","status":"publish","type":"page","link":"https:\/\/boulder.earth\/es\/land-use\/","title":{"rendered":"Uso del suelo"},"content":{"rendered":"<div id='layer_slider_1'  class='avia-layerslider main_color avia-shadow  avia-builder-el-0  el_before_av_textblock  avia-builder-el-first  container_wrap sidebar_right'  style='height: 751px; max-width: 1200px; margin: 0 auto;'  ><\/div><div id='after_layer_slider_1'  class='main_color av_default_container_wrap container_wrap sidebar_right'  ><div class='container av-section-cont-open' ><div class='template-page content  av-content-small alpha units'><div class='post-entry post-entry-type-page post-entry-5476803'><div class='entry-content-wrapper clearfix'>\n<section  class='av_textblock_section av-u6g7dsqr-df514f88245d832e331d3c0959648f9c'   itemscope=\"itemscope\" itemtype=\"https:\/\/schema.org\/CreativeWork\" ><div class='avia_textblock'  itemprop=\"text\" ><h1 id=\"orgs\" style=\"text-align: center;\">Aprenda m\u00e1s sobre el uso de la tierra<\/h1>\n<p style=\"text-align: center;\">de estos \u00fatiles recursos, sitios web e historias<\/p>\n<\/div><\/section>\n<\/div><\/div><\/div><!-- close content main div --><\/div><\/div><div id='av-layout-grid-1'  class='av-layout-grid-container av-tce41tmr-5a1a7c740673616ccb9d25bfe16fe16d entry-content-wrapper main_color av-border-cells av-flex-cells  avia-builder-el-2  el_after_av_textblock  el_before_av_one_full  grid-row-not-first  container_wrap sidebar_right'  >\n\n<style type=\"text\/css\" data-created_by=\"avia_inline_auto\" id=\"style-css-av-rt1x9yrn-918544ef8f2360ae25c3a293333a4c84\">\n.flex_cell.av-rt1x9yrn-918544ef8f2360ae25c3a293333a4c84{\nvertical-align:top;\n}\n.responsive #top #wrap_all .flex_cell.av-rt1x9yrn-918544ef8f2360ae25c3a293333a4c84{\npadding:30px 30px 30px 30px !important;\n}\n<\/style>\n<div class='flex_cell av-rt1x9yrn-918544ef8f2360ae25c3a293333a4c84 av-gridrow-cell av_one_third no_margin  avia-builder-el-3  el_before_av_cell_one_third  avia-builder-el-first  content-align-top'  ><div class='flex_cell_inner'><p>\n<style type=\"text\/css\" data-created_by=\"avia_inline_auto\" id=\"style-css-av-qj59j9ab-0c653285cf492b06577e2618d82505da\">\n.avia-image-container.av-qj59j9ab-0c653285cf492b06577e2618d82505da img.avia_image{\nbox-shadow:none;\n}\n.avia-image-container.av-qj59j9ab-0c653285cf492b06577e2618d82505da .av-image-caption-overlay-center{\ncolor:#ffffff;\n}\n<\/style>\n<div  class='avia-image-container av-qj59j9ab-0c653285cf492b06577e2618d82505da av-styling- av-img-linked avia-align-center  avia-builder-el-4  el_before_av_textblock  avia-builder-el-first'   itemprop=\"image\" itemscope=\"itemscope\" itemtype=\"https:\/\/schema.org\/ImageObject\" ><div class=\"avia-image-container-inner\"><div class=\"avia-image-overlay-wrap\"><a href=\"http:\/\/www.growingupboulder.org\" class='avia_image'  target=\"_blank\"  rel=\"noopener noreferrer\" aria-label='creciendo roca'><img decoding=\"async\" fetchpriority=\"high\" class='wp-image-161244 avia-img-lazy-loading-not-161244 avia_image' src=\"https:\/\/boulder.earth\/wp-content\/uploads\/2019\/11\/growingupboulder.jpg\" alt='' title='creciendo roca'  height=\"164\" width=\"300\"  itemprop=\"thumbnailUrl\"  \/><\/a><\/div><\/div><\/div><br \/>\n<section  class='av_textblock_section av-ouay6f9f-3dae96418907618d8a898a28313e9a05'   itemscope=\"itemscope\" itemtype=\"https:\/\/schema.org\/CreativeWork\" ><div class='avia_textblock'  itemprop=\"text\" ><h3 style=\"text-align: center;\"><a href=\"http:\/\/www.growingupboulder.org\" target=\"_blank\" rel=\"noopener noreferrer\">Ideas de j\u00f3venes para barrios de 15 minutos<\/a><\/h3>\n<p>En un vecindario de 15 minutos, las personas pueden acceder a sus necesidades b\u00e1sicas (parques, alimentos, etc.) dentro de los 15 minutos de caminata, bicicleta o transporte p\u00fablico. Growing Up Boulder, un programa del Centro de Compromiso y Dise\u00f1o Comunitario (CEDaR) de la Universidad de Colorado Boulder, explor\u00f3 las concepciones y los deseos de los j\u00f3venes sobre los vecindarios de 15 minutos. <a href=\"http:\/\/www.growingupboulder.org\" target=\"_blank\" rel=\"noopener noreferrer\">Visita el sitio web<\/a><\/p>\n<\/div><\/section><\/p>\n<\/div><\/div>\n<style type=\"text\/css\" data-created_by=\"avia_inline_auto\" id=\"style-css-av-nt6c1c5f-76a1699e7b0c48e77e9d2f1224d804b0\">\n.flex_cell.av-nt6c1c5f-76a1699e7b0c48e77e9d2f1224d804b0{\nvertical-align:top;\n}\n.responsive #top #wrap_all .flex_cell.av-nt6c1c5f-76a1699e7b0c48e77e9d2f1224d804b0{\npadding:30px 30px 30px 30px !important;\n}\n<\/style>\n<div class='flex_cell av-nt6c1c5f-76a1699e7b0c48e77e9d2f1224d804b0 av-gridrow-cell av_one_third no_margin  avia-builder-el-6  el_after_av_cell_one_third  el_before_av_cell_one_third  content-align-top'  ><div class='flex_cell_inner'><p>\n<style type=\"text\/css\" data-created_by=\"avia_inline_auto\" id=\"style-css-av-me9qmgxv-640b144f817cd2cb2fa98cc1ee28166b\">\n.avia-image-container.av-me9qmgxv-640b144f817cd2cb2fa98cc1ee28166b img.avia_image{\nbox-shadow:none;\n}\n.avia-image-container.av-me9qmgxv-640b144f817cd2cb2fa98cc1ee28166b .av-image-caption-overlay-center{\ncolor:#ffffff;\n}\n<\/style>\n<div  class='avia-image-container av-me9qmgxv-640b144f817cd2cb2fa98cc1ee28166b av-styling- av-img-linked avia-align-center  avia-builder-el-7  el_before_av_textblock  avia-builder-el-first'   itemprop=\"image\" itemscope=\"itemscope\" itemtype=\"https:\/\/schema.org\/ImageObject\" ><div class=\"avia-image-container-inner\"><div class=\"avia-image-overlay-wrap\"><a href=\"https:\/\/bouldercolorado.gov\/bvcp\" class='avia_image'  target=\"_blank\"  rel=\"noopener noreferrer\" aria-label='plan integral del valle de boulder'><img decoding=\"async\" fetchpriority=\"high\" class='wp-image-161248 avia-img-lazy-loading-not-161248 avia_image' src=\"https:\/\/boulder.earth\/wp-content\/uploads\/2019\/11\/bvcp.jpg\" alt='' title='plan integral del valle de boulder'  height=\"164\" width=\"300\"  itemprop=\"thumbnailUrl\"  \/><\/a><\/div><\/div><\/div><br \/>\n<section  class='av_textblock_section av-kxed0clf-f573bdfda2d28f0400ced9ca7bfa6ebb'   itemscope=\"itemscope\" itemtype=\"https:\/\/schema.org\/CreativeWork\" ><div class='avia_textblock'  itemprop=\"text\" ><h3 style=\"text-align: center;\"><a href=\"https:\/\/bouldercolorado.gov\/bvcp\" target=\"_blank\" rel=\"noopener noreferrer\">Plan Integral del Valle de Boulder<\/a><\/h3>\n<p style=\"text-align: center;\">Utilizado por la ciudad y el condado de Boulder para guiar la planificaci\u00f3n a largo plazo, la revisi\u00f3n de las propuestas de desarrollo y otras actividades que dan forma a los entornos construidos y naturales en el valle de Boulder, este plan ayuda a la comunidad a crear y preservar un futuro sostenible para el valle de Boulder y una alta calidad de vida. <a href=\"https:\/\/bouldercolorado.gov\/bvcp\" target=\"_blank\" rel=\"noopener noreferrer\">Aprende m\u00e1s<\/a><\/p>\n<\/div><\/section><\/p>\n<\/div><\/div>\n<style type=\"text\/css\" data-created_by=\"avia_inline_auto\" id=\"style-css-av-jc9cdadf-3779c0891bdcaa0f5fa6aa836ae5701d\">\n.flex_cell.av-jc9cdadf-3779c0891bdcaa0f5fa6aa836ae5701d{\nvertical-align:top;\n}\n.responsive #top #wrap_all .flex_cell.av-jc9cdadf-3779c0891bdcaa0f5fa6aa836ae5701d{\npadding:30px 30px 30px 30px !important;\n}\n<\/style>\n<div class='flex_cell av-jc9cdadf-3779c0891bdcaa0f5fa6aa836ae5701d av-gridrow-cell av_one_third no_margin  avia-builder-el-9  el_after_av_cell_one_third  avia-builder-el-last  content-align-top'  ><div class='flex_cell_inner'><p>\n<style type=\"text\/css\" data-created_by=\"avia_inline_auto\" id=\"style-css-av-j3vcu477-7a2c05eb948825b48ccf06b52109c776\">\n.avia-image-container.av-j3vcu477-7a2c05eb948825b48ccf06b52109c776 img.avia_image{\nbox-shadow:none;\n}\n.avia-image-container.av-j3vcu477-7a2c05eb948825b48ccf06b52109c776 .av-image-caption-overlay-center{\ncolor:#ffffff;\n}\n<\/style>\n<div  class='avia-image-container av-j3vcu477-7a2c05eb948825b48ccf06b52109c776 av-styling- av-img-linked avia-align-center  avia-builder-el-10  el_before_av_textblock  avia-builder-el-first'   itemprop=\"image\" itemscope=\"itemscope\" itemtype=\"https:\/\/schema.org\/ImageObject\" ><div class=\"avia-image-container-inner\"><div class=\"avia-image-overlay-wrap\"><a href=\"http:\/\/www.gdrc.org\/uem\/sustran\/sustran.html\" class='avia_image'  target=\"_blank\"  rel=\"noopener noreferrer\" aria-label='transporte sostenible'><img decoding=\"async\" fetchpriority=\"high\" class='wp-image-161257 avia-img-lazy-loading-not-161257 avia_image' src=\"https:\/\/boulder.earth\/wp-content\/uploads\/2019\/11\/sustainable-transportation.jpg\" alt='' title='transporte sostenible'  height=\"164\" width=\"300\"  itemprop=\"thumbnailUrl\"  \/><\/a><\/div><\/div><\/div><br \/>\n<section  class='av_textblock_section av-1pf2u24j-03378acb213606ac6969cab2cd7822dd'   itemscope=\"itemscope\" itemtype=\"https:\/\/schema.org\/CreativeWork\" ><div class='avia_textblock'  itemprop=\"text\" ><h3 style=\"text-align: center;\"><a href=\"http:\/\/www.gdrc.org\/uem\/sustran\/sustran.html\" target=\"_blank\" rel=\"noopener noreferrer\">C\u00f3mo mirar el transporte sostenible<\/a><\/h3>\n<p class=\"headline\" style=\"text-align: center;\">El Centro de Investigaci\u00f3n para el Desarrollo Global tiene una buena visi\u00f3n general del transporte sostenible. Destaca sistemas, pol\u00edticas y tecnolog\u00edas que incluyen el tr\u00e1nsito eficiente de bienes y servicios, sistemas sostenibles de carga y entrega, planificaci\u00f3n de ciudades sin veh\u00edculos, dise\u00f1o de vecindarios amigables para peatones y bicicletas, teletrabajo y teleconferencias.\u00a0 <a href=\"http:\/\/www.gdrc.org\/uem\/sustran\/sustran.html\" target=\"_blank\" rel=\"noopener noreferrer\">Leer descripci\u00f3n general<\/a><\/p>\n<\/div><\/section><\/p>\n<\/div><\/div>\n<\/div><div id='after_grid_row_1'  class='main_color av_default_container_wrap container_wrap sidebar_right'  ><div class='container av-section-cont-open' ><div class='template-page content  av-content-small alpha units'><div class='post-entry post-entry-type-page post-entry-5476803'><div class='entry-content-wrapper clearfix'>\n\n<style type=\"text\/css\" data-created_by=\"avia_inline_auto\" id=\"style-css-av-fvca7zk3-82625b3dd7c9fcad4ce58220c14c774f\">\n.flex_column.av-fvca7zk3-82625b3dd7c9fcad4ce58220c14c774f{\nborder-radius:0px 0px 0px 0px;\npadding:0px 0px 0px 0px;\n}\n<\/style>\n<div  class='flex_column av-fvca7zk3-82625b3dd7c9fcad4ce58220c14c774f av_one_full  avia-builder-el-12  el_after_av_layout_row  el_before_av_hr  avia-builder-el-first  first flex_column_div av-zero-column-padding'     ><section  class='av_textblock_section av-1hhmocw3-bba79427fcc8297926d60a3b4df7db9b'   itemscope=\"itemscope\" itemtype=\"https:\/\/schema.org\/CreativeWork\" ><div class='avia_textblock'  itemprop=\"text\" ><h3><a href=\"https:\/\/www.epa.gov\/ghgemissions\/sources-greenhouse-gas-emissions\" target=\"_blank\" rel=\"noopener noreferrer\">Fuentes de emisiones de gases de efecto invernadero: Fuente: Agencia de Protecci\u00f3n Ambiental de EE. UU.<\/a><\/h3>\n<p>El sector del transporte es la mayor fuente individual de GEI en los EE. UU. Dentro de este sector, la movilidad realizada por autom\u00f3viles de pasajeros y camiones ligeros constituye la mayor categor\u00eda de fuentes. La necesidad de moverse en veh\u00edculo y los medios por los cuales ocurre ese movimiento (autom\u00f3vil, autob\u00fas, otros) son en gran parte una funci\u00f3n de nuestras decisiones sobre el uso de la tierra. <a href=\"https:\/\/www.epa.gov\/ghgemissions\/sources-greenhouse-gas-emissions\" target=\"_blank\" rel=\"noopener noreferrer\">Visitar sitio<\/a><\/p>\n<hr \/>\n<h3><a href=\"https:\/\/nca2014.globalchange.gov\/report\/sectors\/land-use-and-land-cover-change\" target=\"_blank\" rel=\"noopener noreferrer\">Uso de la tierra y cambios en la cobertura de la tierra: Fuente: Evaluaci\u00f3n Nacional del Clima<\/a><\/h3>\n<p>Las opciones sobre el uso y la gesti\u00f3n de la tierra afectan la cantidad de gases de efecto invernadero que entran y salen de la atm\u00f3sfera y, por lo tanto, brindan oportunidades para reducir el cambio clim\u00e1tico. <a href=\"https:\/\/nca2014.globalchange.gov\/report\/sectors\/land-use-and-land-cover-change\" target=\"_blank\" rel=\"noopener noreferrer\">Visitar sitio<\/a><\/p>\n<hr \/>\n<h3 class=\"entry-title\"><a href=\"https:\/\/new.usgbc.org\/leed\/rating-systems\/neighborhood-development\" rel=\"bookmark\">LEED \u2013 Desarrollo de vecindarios: Fuente: US Green Building Council<\/a><\/h3>\n<p>LEED: desarrollo de vecindarios es un programa de certificaci\u00f3n dise\u00f1ado para evaluar la sostenibilidad del desarrollo a escala de vecindario, considerando factores como la ubicaci\u00f3n, el patr\u00f3n y el dise\u00f1o del vecindario, la infraestructura y los edificios ecol\u00f3gicos, la innovaci\u00f3n y las prioridades regionales. <a href=\"https:\/\/new.usgbc.org\/leed\/rating-systems\/neighborhood-development\" target=\"_blank\" rel=\"noopener noreferrer\">Visitar sitio<\/a><\/p>\n<hr \/>\n<h3 id=\"articleTitle\" class=\"articleTitle\"><a href=\"https:\/\/www.epa.gov\/smartgrowth\/location-efficiency-and-housing-type\" target=\"_blank\" rel=\"noopener noreferrer\">Eficiencia de ubicaci\u00f3n y tipo de vivienda: Fuente: Agencia de Protecci\u00f3n Ambiental de EE. UU.<\/a><\/h3>\n<p>La creaci\u00f3n de comunidades y edificios m\u00e1s eficientes desde el punto de vista energ\u00e9tico reducir\u00eda nuestro impacto en el cambio clim\u00e1tico. <a href=\"https:\/\/www.epa.gov\/smartgrowth\/location-efficiency-and-housing-type\" target=\"_blank\" rel=\"noopener noreferrer\">Visitar sitio<\/a><\/p>\n<hr \/>\n<h3><a href=\"https:\/\/ww2.arb.ca.gov\/research\/research-land-use-and-transportation-planning\" target=\"_blank\" rel=\"noopener noreferrer\">Investigaci\u00f3n sobre el uso de la tierra y la planificaci\u00f3n del transporte: Fuente: Junta de Recursos del Aire de California<\/a><\/h3>\n<p>El programa de investigaci\u00f3n de CARB busca comprender mejor los impactos del uso de la tierra y las estrategias de transporte en el comportamiento de viaje, las emisiones de gases de efecto invernadero, la exposici\u00f3n a la contaminaci\u00f3n del aire, la equidad y la salud. <a href=\"https:\/\/ww2.arb.ca.gov\/research\/research-land-use-and-transportation-planning\" target=\"_blank\" rel=\"noopener noreferrer\">Visitar sitio<\/a><\/p>\n<\/div><\/section><\/div>\n\n<style type=\"text\/css\" data-created_by=\"avia_inline_auto\" id=\"style-css-av-dddg54g3-62acdfec3a01499428fed3bf32229e13\">\n#top .hr.hr-invisible.av-dddg54g3-62acdfec3a01499428fed3bf32229e13{\nheight:30px;\n}\n<\/style>\n<div  class='hr av-dddg54g3-62acdfec3a01499428fed3bf32229e13 hr-invisible  avia-builder-el-14  el_after_av_one_full  el_before_av_one_full'><span class='hr-inner'><span class=\"hr-inner-style\"><\/span><\/span><\/div>\n\n<style type=\"text\/css\" data-created_by=\"avia_inline_auto\" id=\"style-css-av-cea3ib7n-7f8bcc4c3facdf40498a5aa44eb55b76\">\n.flex_column.av-cea3ib7n-7f8bcc4c3facdf40498a5aa44eb55b76{\nborder-radius:0px 0px 0px 0px;\npadding:0px 0px 0px 0px;\n}\n<\/style>\n<div  class='flex_column av-cea3ib7n-7f8bcc4c3facdf40498a5aa44eb55b76 av_one_full  avia-builder-el-15  el_after_av_hr  el_before_av_one_full  first flex_column_div av-zero-column-padding'     ><section  class='av_textblock_section av-b3rrtr9f-35a6f2a5573cb2a53769f323d52de620'   itemscope=\"itemscope\" itemtype=\"https:\/\/schema.org\/CreativeWork\" ><div class='avia_textblock'  itemprop=\"text\" ><h1 id=\"orgs\" style=\"text-align: center;\">Organizaciones locales que abordan el uso de la tierra<\/h1>\n<\/div><\/section><br \/>\n<div id='av-masonry-1' class='av-masonry av-kyd8yvfk-33a1af407bed240ad6ab1871ddd79785 noHover av-flex-size av-large-gap av-hover-overlay-active av-masonry-animation-active av-masonry-col-5 av-caption-on-hover av-caption-style-overlay av-masonry-entries av-mini-columns-overwrite av-mini-columns-3' data-post_id=\"5476803\"><div class=\"av-masonry-container isotope av-js-disabled\"><div class='av-masonry-entry isotope-item av-masonry-item-no-image'><\/div><a href=\"https:\/\/boulder.earth\/es\/organizations\/63rd-st-farm\/\"  id='av-masonry-1-item-20343' data-av-masonry-item='20343' class='av-masonry-entry isotope-item post-20343 portfolio type-portfolio status-publish has-post-thumbnail hentry portfolio_entries-agriculture portfolio_entries-business portfolio_entries-community portfolio_entries-environment  av-masonry-item-with-image' title=\"Granja 63\"   itemscope=\"itemscope\" itemtype=\"https:\/\/schema.org\/CreativeWork\" ><div class='av-inner-masonry-sizer'><\/div><figure class='av-inner-masonry main_color'><div class=\"av-masonry-outerimage-container\"><div class='av-masonry-image-container'  ><img decoding=\"async\" width=\"500\" height=\"333\" fetchpriority=\"high\" class=\"wp-image-20345 avia-img-lazy-loading-not-20345\"  src=\"https:\/\/boulder.earth\/wp-content\/uploads\/2017\/09\/63st-Farm.png\" title=\"Granja 63\" alt=\"\" srcset=\"https:\/\/boulder.earth\/wp-content\/uploads\/2017\/09\/63st-Farm.png 500w, https:\/\/boulder.earth\/wp-content\/uploads\/2017\/09\/63st-Farm-300x200.png 300w, https:\/\/boulder.earth\/wp-content\/uploads\/2017\/09\/63st-Farm-450x300.png 450w\" sizes=\"(max-width: 500px) 100vw, 500px\" \/><\/div><\/div><figcaption class='av-inner-masonry-content site-background'><div class='av-inner-masonry-content-pos'><div class='av-inner-masonry-content-pos-content'><div class='avia-arrow'><\/div><div class='av-masonry-entry-content entry-content'  itemprop=\"text\" >una granja comunitaria pr\u00f3spera centrada en la agricultura sostenible con un compromiso con la salud, el bienestar y el aprendizaje permanente<\/div><\/div><\/div><\/figcaption><\/figure><\/a><!--end av-masonry entry--><a href=\"https:\/\/boulder.earth\/es\/organizations\/across-the-divide\/\"  id='av-masonry-1-item-24775' data-av-masonry-item='24775' class='av-masonry-entry isotope-item post-24775 portfolio type-portfolio status-publish has-post-thumbnail hentry portfolio_entries-agriculture portfolio_entries-education  av-masonry-item-with-image' title=\"BoulderPermacultura\"   itemscope=\"itemscope\" itemtype=\"https:\/\/schema.org\/CreativeWork\" ><div class='av-inner-masonry-sizer'><\/div><figure class='av-inner-masonry main_color'><div class=\"av-masonry-outerimage-container\"><div class='av-masonry-image-container'  ><img decoding=\"async\" width=\"500\" height=\"333\" fetchpriority=\"high\" class=\"wp-image-27750 avia-img-lazy-loading-not-27750\"  src=\"https:\/\/boulder.earth\/wp-content\/uploads\/2017\/10\/BoulderPermaculture.png\" title=\"BoulderPermacultura\" alt=\"\" srcset=\"https:\/\/boulder.earth\/wp-content\/uploads\/2017\/10\/BoulderPermaculture.png 500w, https:\/\/boulder.earth\/wp-content\/uploads\/2017\/10\/BoulderPermaculture-300x200.png 300w, https:\/\/boulder.earth\/wp-content\/uploads\/2017\/10\/BoulderPermaculture-450x300.png 450w\" sizes=\"(max-width: 500px) 100vw, 500px\" \/><\/div><\/div><figcaption class='av-inner-masonry-content site-background'><div class='av-inner-masonry-content-pos'><div class='av-inner-masonry-content-pos-content'><div class='avia-arrow'><\/div><div class='av-masonry-entry-content entry-content'  itemprop=\"text\" >un curso de certificaci\u00f3n de dise\u00f1o de permacultura profesional con m\u00e1s de 100 horas de aprendizaje experiencial<\/div><\/div><\/div><\/figcaption><\/figure><\/a><!--end av-masonry entry--><a href=\"https:\/\/boulder.earth\/es\/organizations\/act-on-climate\/\"  id='av-masonry-1-item-122269' data-av-masonry-item='122269' class='av-masonry-entry isotope-item post-122269 portfolio type-portfolio status-publish has-post-thumbnail hentry portfolio_entries-conservation portfolio_entries-education portfolio_entries-energy portfolio_entries-environment portfolio_entries-policy portfolio_entries-science portfolio_entries-university  av-masonry-item-with-image' title=\"Act-on-Climate\"   itemscope=\"itemscope\" itemtype=\"https:\/\/schema.org\/CreativeWork\" ><div class='av-inner-masonry-sizer'><\/div><figure class='av-inner-masonry main_color'><div class=\"av-masonry-outerimage-container\"><div class='av-masonry-image-container'  ><img decoding=\"async\" width=\"500\" height=\"333\" fetchpriority=\"high\" class=\"wp-image-122272 avia-img-lazy-loading-not-122272\"  src=\"https:\/\/boulder.earth\/wp-content\/uploads\/2019\/01\/Act-on-Climate-1.png\" title=\"Act-on-Climate\" alt=\"\" srcset=\"https:\/\/boulder.earth\/wp-content\/uploads\/2019\/01\/Act-on-Climate-1.png 500w, https:\/\/boulder.earth\/wp-content\/uploads\/2019\/01\/Act-on-Climate-1-300x200.png 300w, https:\/\/boulder.earth\/wp-content\/uploads\/2019\/01\/Act-on-Climate-1-450x300.png 450w\" sizes=\"(max-width: 500px) 100vw, 500px\" \/><\/div><\/div><figcaption class='av-inner-masonry-content site-background'><div class='av-inner-masonry-content-pos'><div class='av-inner-masonry-content-pos-content'><div class='avia-arrow'><\/div><div class='av-masonry-entry-content entry-content'  itemprop=\"text\" >Como la mayor\u00eda de los estadounidenses, estamos preocupados por el cambio clim\u00e1tico global...<\/div><\/div><\/div><\/figcaption><\/figure><\/a><!--end av-masonry entry--><a href=\"https:\/\/boulder.earth\/es\/organizations\/americas-for-conservation-the-arts\/\"  id='av-masonry-1-item-20243' data-av-masonry-item='20243' class='av-masonry-entry isotope-item post-20243 portfolio type-portfolio status-publish has-post-thumbnail hentry portfolio_entries-arts-culture portfolio_entries-community portfolio_entries-conservation portfolio_entries-education portfolio_entries-justice  av-masonry-item-with-image' title=\"afca\"   itemscope=\"itemscope\" itemtype=\"https:\/\/schema.org\/CreativeWork\" ><div class='av-inner-masonry-sizer'><\/div><figure class='av-inner-masonry main_color'><div class=\"av-masonry-outerimage-container\"><div class='av-masonry-image-container'  ><img decoding=\"async\" width=\"500\" height=\"333\" fetchpriority=\"high\" class=\"wp-image-20245 avia-img-lazy-loading-not-20245\"  src=\"https:\/\/boulder.earth\/wp-content\/uploads\/2017\/09\/afca.png\" title=\"afca\" alt=\"\" srcset=\"https:\/\/boulder.earth\/wp-content\/uploads\/2017\/09\/afca.png 500w, https:\/\/boulder.earth\/wp-content\/uploads\/2017\/09\/afca-300x200.png 300w, https:\/\/boulder.earth\/wp-content\/uploads\/2017\/09\/afca-450x300.png 450w\" sizes=\"(max-width: 500px) 100vw, 500px\" \/><\/div><\/div><figcaption class='av-inner-masonry-content site-background'><div class='av-inner-masonry-content-pos'><div class='av-inner-masonry-content-pos-content'><div class='avia-arrow'><\/div><div class='av-masonry-entry-content entry-content'  itemprop=\"text\" >promover un medio ambiente saludable a trav\u00e9s de las artes, la defensa, la educaci\u00f3n y la participaci\u00f3n de comunidades culturalmente diversas<\/div><\/div><\/div><\/figcaption><\/figure><\/a><!--end av-masonry entry--><a href=\"https:\/\/boulder.earth\/es\/organizations\/bee-chicas\/\"  id='av-masonry-1-item-60513' data-av-masonry-item='60513' class='av-masonry-entry isotope-item post-60513 portfolio type-portfolio status-publish has-post-thumbnail hentry portfolio_entries-agriculture portfolio_entries-community portfolio_entries-education portfolio_entries-pollinators  av-masonry-item-with-image' title=\"abeja-chicas\"   itemscope=\"itemscope\" itemtype=\"https:\/\/schema.org\/CreativeWork\" ><div class='av-inner-masonry-sizer'><\/div><figure class='av-inner-masonry main_color'><div class=\"av-masonry-outerimage-container\"><div class='av-masonry-image-container'  ><img decoding=\"async\" width=\"500\" height=\"333\" fetchpriority=\"high\" class=\"wp-image-60516 avia-img-lazy-loading-not-60516\"  src=\"https:\/\/boulder.earth\/wp-content\/uploads\/2018\/03\/bee-chicas.png\" title=\"abeja-chicas\" alt=\"\" srcset=\"https:\/\/boulder.earth\/wp-content\/uploads\/2018\/03\/bee-chicas.png 500w, https:\/\/boulder.earth\/wp-content\/uploads\/2018\/03\/bee-chicas-300x200.png 300w, https:\/\/boulder.earth\/wp-content\/uploads\/2018\/03\/bee-chicas-450x300.png 450w\" sizes=\"(max-width: 500px) 100vw, 500px\" \/><\/div><\/div><figcaption class='av-inner-masonry-content site-background'><div class='av-inner-masonry-content-pos'><div class='av-inner-masonry-content-pos-content'><div class='avia-arrow'><\/div><div class='av-masonry-entry-content entry-content'  itemprop=\"text\" >Una voz para los polinizadores, organizadores de las Celebraciones del Mes de Apreciaci\u00f3n de los Polinizadores de Boulder, que ofrecen talleres en la ciudad.<\/div><\/div><\/div><\/figcaption><\/figure><\/a><!--end av-masonry entry--><a href=\"https:\/\/boulder.earth\/es\/organizations\/boulder-county-farmers-markets\/\"  id='av-masonry-1-item-22410' data-av-masonry-item='22410' class='av-masonry-entry isotope-item post-22410 portfolio type-portfolio status-publish has-post-thumbnail hentry portfolio_entries-agriculture portfolio_entries-business portfolio_entries-community portfolio_entries-food  av-masonry-item-with-image' title=\"mercado de agricultores de roca\"   itemscope=\"itemscope\" itemtype=\"https:\/\/schema.org\/CreativeWork\" ><div class='av-inner-masonry-sizer'><\/div><figure class='av-inner-masonry main_color'><div class=\"av-masonry-outerimage-container\"><div class='av-masonry-image-container'  ><img decoding=\"async\" width=\"500\" height=\"333\" fetchpriority=\"high\" class=\"wp-image-22412 avia-img-lazy-loading-not-22412\"  src=\"https:\/\/boulder.earth\/wp-content\/uploads\/2017\/10\/boulder-farmers-market.png\" title=\"mercado de agricultores de roca\" alt=\"\" srcset=\"https:\/\/boulder.earth\/wp-content\/uploads\/2017\/10\/boulder-farmers-market.png 500w, https:\/\/boulder.earth\/wp-content\/uploads\/2017\/10\/boulder-farmers-market-300x200.png 300w, https:\/\/boulder.earth\/wp-content\/uploads\/2017\/10\/boulder-farmers-market-450x300.png 450w\" sizes=\"(max-width: 500px) 100vw, 500px\" \/><\/div><\/div><figcaption class='av-inner-masonry-content site-background'><div class='av-inner-masonry-content-pos'><div class='av-inner-masonry-content-pos-content'><div class='avia-arrow'><\/div><div class='av-masonry-entry-content entry-content'  itemprop=\"text\" >organizaci\u00f3n sin fines de lucro que opera mercados de agricultores exclusivos para productores en Colorado desde 1987<\/div><\/div><\/div><\/figcaption><\/figure><\/a><!--end av-masonry entry--><a href=\"https:\/\/boulder.earth\/es\/organizations\/boulder-county-nature-association\/\"  id='av-masonry-1-item-5480045' data-av-masonry-item='5480045' class='av-masonry-entry isotope-item post-5480045 portfolio type-portfolio status-publish has-post-thumbnail hentry portfolio_entries-conservation portfolio_entries-education portfolio_entries-environment  av-masonry-item-with-image' title=\"asociaci\u00f3n de la naturaleza del condado de boulder\"   itemscope=\"itemscope\" itemtype=\"https:\/\/schema.org\/CreativeWork\" ><div class='av-inner-masonry-sizer'><\/div><figure class='av-inner-masonry main_color'><div class=\"av-masonry-outerimage-container\"><div class='av-masonry-image-container'  ><img decoding=\"async\" width=\"300\" height=\"200\" fetchpriority=\"high\" class=\"wp-image-5480047 avia-img-lazy-loading-not-5480047\"  src=\"https:\/\/boulder.earth\/wp-content\/uploads\/2023\/01\/boulder-county-nature-association.jpg\" title=\"asociaci\u00f3n de la naturaleza del condado de boulder\" alt=\"\" srcset=\"https:\/\/boulder.earth\/wp-content\/uploads\/2023\/01\/boulder-county-nature-association.jpg 300w, https:\/\/boulder.earth\/wp-content\/uploads\/2023\/01\/boulder-county-nature-association-18x12.jpg 18w\" sizes=\"(max-width: 300px) 100vw, 300px\" \/><\/div><\/div><figcaption class='av-inner-masonry-content site-background'><div class='av-inner-masonry-content-pos'><div class='av-inner-masonry-content-pos-content'><div class='avia-arrow'><\/div><div class='av-masonry-entry-content entry-content'  itemprop=\"text\" >Estudiar y conservar los ecosistemas naturales resilientes del condado de Boulder y las \u00e1reas adyacentes de Colorado Front Range a trav\u00e9s de la ciencia, la educaci\u00f3n y la defensa.<\/div><\/div><\/div><\/figcaption><\/figure><\/a><!--end av-masonry entry--><a href=\"https:\/\/boulder.earth\/es\/organizations\/boulder-county-sustainability\/\"  id='av-masonry-1-item-79193' data-av-masonry-item='79193' class='av-masonry-entry isotope-item post-79193 portfolio type-portfolio status-publish has-post-thumbnail hentry portfolio_entries-agriculture portfolio_entries-environment portfolio_entries-food portfolio_entries-policy portfolio_entries-programproject portfolio_entries-resilience portfolio_entries-resources  av-masonry-item-with-image' title=\"BoCoSostenibilidadLogotipo\"   itemscope=\"itemscope\" itemtype=\"https:\/\/schema.org\/CreativeWork\" ><div class='av-inner-masonry-sizer'><\/div><figure class='av-inner-masonry main_color'><div class=\"av-masonry-outerimage-container\"><div class='av-masonry-image-container'  ><img decoding=\"async\" width=\"500\" height=\"333\" fetchpriority=\"high\" class=\"wp-image-79198 avia-img-lazy-loading-not-79198\"  src=\"https:\/\/boulder.earth\/wp-content\/uploads\/2018\/05\/BoCoSustainabilityLogo-1.png\" title=\"BoCoSostenibilidadLogotipo\" alt=\"\" srcset=\"https:\/\/boulder.earth\/wp-content\/uploads\/2018\/05\/BoCoSustainabilityLogo-1.png 500w, https:\/\/boulder.earth\/wp-content\/uploads\/2018\/05\/BoCoSustainabilityLogo-1-300x200.png 300w, https:\/\/boulder.earth\/wp-content\/uploads\/2018\/05\/BoCoSustainabilityLogo-1-450x300.png 450w\" sizes=\"(max-width: 500px) 100vw, 500px\" \/><\/div><\/div><figcaption class='av-inner-masonry-content site-background'><div class='av-inner-masonry-content-pos'><div class='av-inner-masonry-content-pos-content'><div class='avia-arrow'><\/div><div class='av-masonry-entry-content entry-content'  itemprop=\"text\" >Para garantizar que las operaciones y la toma de decisiones del condado de Boulder reflejen...<\/div><\/div><\/div><\/figcaption><\/figure><\/a><!--end av-masonry entry--><a href=\"https:\/\/boulder.earth\/es\/organizations\/boulder-food-rescue\/\"  id='av-masonry-1-item-17801' data-av-masonry-item='17801' class='av-masonry-entry isotope-item post-17801 portfolio type-portfolio status-publish has-post-thumbnail hentry portfolio_entries-activism portfolio_entries-agriculture portfolio_entries-community portfolio_entries-food portfolio_entries-food-waste portfolio_entries-justice portfolio_entries-transportation portfolio_entries-zero-waste  av-masonry-item-with-image' title=\"Rescate de alimentos en Boulder\"   itemscope=\"itemscope\" itemtype=\"https:\/\/schema.org\/CreativeWork\" ><div class='av-inner-masonry-sizer'><\/div><figure class='av-inner-masonry main_color'><div class=\"av-masonry-outerimage-container\"><div class='av-masonry-image-container'  ><img decoding=\"async\" width=\"500\" height=\"333\" fetchpriority=\"high\" class=\"wp-image-17802 avia-img-lazy-loading-not-17802\"  src=\"https:\/\/boulder.earth\/wp-content\/uploads\/2017\/09\/Boulder-Food-Rescue.png\" title=\"Rescate de alimentos en Boulder\" alt=\"\" srcset=\"https:\/\/boulder.earth\/wp-content\/uploads\/2017\/09\/Boulder-Food-Rescue.png 500w, https:\/\/boulder.earth\/wp-content\/uploads\/2017\/09\/Boulder-Food-Rescue-300x200.png 300w, https:\/\/boulder.earth\/wp-content\/uploads\/2017\/09\/Boulder-Food-Rescue-450x300.png 450w\" sizes=\"(max-width: 500px) 100vw, 500px\" \/><\/div><\/div><figcaption class='av-inner-masonry-content site-background'><div class='av-inner-masonry-content-pos'><div class='av-inner-masonry-content-pos-content'><div class='avia-arrow'><\/div><div class='av-masonry-entry-content entry-content'  itemprop=\"text\" >\u00a1Rescate de alimentos sostenible y justo a tiempo en Boulder, Colorado!<\/div><\/div><\/div><\/figcaption><\/figure><\/a><!--end av-masonry entry--><a href=\"https:\/\/boulder.earth\/es\/organizations\/boulder-garden-club\/\"  id='av-masonry-1-item-62217' data-av-masonry-item='62217' class='av-masonry-entry isotope-item post-62217 portfolio type-portfolio status-publish has-post-thumbnail hentry portfolio_entries-agriculture portfolio_entries-community portfolio_entries-pollinators  av-masonry-item-with-image' title=\"BoulderJard\u00edn\"   itemscope=\"itemscope\" itemtype=\"https:\/\/schema.org\/CreativeWork\" ><div class='av-inner-masonry-sizer'><\/div><figure class='av-inner-masonry main_color'><div class=\"av-masonry-outerimage-container\"><div class='av-masonry-image-container'  ><img decoding=\"async\" width=\"500\" height=\"333\" fetchpriority=\"high\" class=\"wp-image-62216 avia-img-lazy-loading-not-62216\"  src=\"https:\/\/boulder.earth\/wp-content\/uploads\/2018\/04\/BoulderGarden.png\" title=\"BoulderJard\u00edn\" alt=\"\" srcset=\"https:\/\/boulder.earth\/wp-content\/uploads\/2018\/04\/BoulderGarden.png 500w, https:\/\/boulder.earth\/wp-content\/uploads\/2018\/04\/BoulderGarden-300x200.png 300w, https:\/\/boulder.earth\/wp-content\/uploads\/2018\/04\/BoulderGarden-450x300.png 450w\" sizes=\"(max-width: 500px) 100vw, 500px\" \/><\/div><\/div><figcaption class='av-inner-masonry-content site-background'><div class='av-inner-masonry-content-pos'><div class='av-inner-masonry-content-pos-content'><div class='avia-arrow'><\/div><div class='av-masonry-entry-content entry-content'  itemprop=\"text\" >Difundir el conocimiento de la jardiner\u00eda y estimular y promover el inter\u00e9s en los huertos familiares, los proyectos c\u00edvicos y el embellecimiento del \u00e1rea de Boulder.<\/div><\/div><\/div><\/figcaption><\/figure><\/a><!--end av-masonry entry--><a href=\"https:\/\/boulder.earth\/es\/organizations\/boulder-rights-of-nature\/\"  id='av-masonry-1-item-122255' data-av-masonry-item='122255' class='av-masonry-entry isotope-item post-122255 portfolio type-portfolio status-publish has-post-thumbnail hentry portfolio_entries-activism portfolio_entries-conservation portfolio_entries-environment portfolio_entries-justice portfolio_entries-policy portfolio_entries-programproject  av-masonry-item-with-image' title=\"BoulderDerechosDeLaNaturaleza\"   itemscope=\"itemscope\" itemtype=\"https:\/\/schema.org\/CreativeWork\" ><div class='av-inner-masonry-sizer'><\/div><figure class='av-inner-masonry main_color'><div class=\"av-masonry-outerimage-container\"><div class='av-masonry-image-container'  ><img decoding=\"async\" width=\"500\" height=\"333\" fetchpriority=\"high\" class=\"wp-image-122256 avia-img-lazy-loading-not-122256\"  src=\"https:\/\/boulder.earth\/wp-content\/uploads\/2019\/01\/BoulderRightsofNature.png\" title=\"BoulderDerechosDeLaNaturaleza\" alt=\"\" srcset=\"https:\/\/boulder.earth\/wp-content\/uploads\/2019\/01\/BoulderRightsofNature.png 500w, https:\/\/boulder.earth\/wp-content\/uploads\/2019\/01\/BoulderRightsofNature-300x200.png 300w, https:\/\/boulder.earth\/wp-content\/uploads\/2019\/01\/BoulderRightsofNature-450x300.png 450w\" sizes=\"(max-width: 500px) 100vw, 500px\" \/><\/div><\/div><figcaption class='av-inner-masonry-content site-background'><div class='av-inner-masonry-content-pos'><div class='av-inner-masonry-content-pos-content'><div class='avia-arrow'><\/div><div class='av-masonry-entry-content entry-content'  itemprop=\"text\" >Dedicado a la protecci\u00f3n, conservaci\u00f3n y restauraci\u00f3n sostenibles de los ecosistemas que funcionan naturalmente y las comunidades naturales que dependen de ellos.<\/div><\/div><\/div><\/figcaption><\/figure><\/a><!--end av-masonry entry--><a href=\"https:\/\/boulder.earth\/es\/organizations\/boundless-landscapes\/\"  id='av-masonry-1-item-180747' data-av-masonry-item='180747' class='av-masonry-entry isotope-item post-180747 portfolio type-portfolio status-publish has-post-thumbnail hentry portfolio_entries-agriculture portfolio_entries-food portfolio_entries-resilience portfolio_entries-resources  av-masonry-item-with-image' title=\"paisajes-sin-limites\"   itemscope=\"itemscope\" itemtype=\"https:\/\/schema.org\/CreativeWork\" ><div class='av-inner-masonry-sizer'><\/div><figure class='av-inner-masonry main_color'><div class=\"av-masonry-outerimage-container\"><div class='av-masonry-image-container'  ><img decoding=\"async\" width=\"300\" height=\"200\" fetchpriority=\"high\" class=\"wp-image-180750 avia-img-lazy-loading-not-180750\"  src=\"https:\/\/boulder.earth\/wp-content\/uploads\/2020\/01\/boundless-landscapes.png\" title=\"paisajes-sin-limites\" alt=\"\" \/><\/div><\/div><figcaption class='av-inner-masonry-content site-background'><div class='av-inner-masonry-content-pos'><div class='av-inner-masonry-content-pos-content'><div class='avia-arrow'><\/div><div class='av-masonry-entry-content entry-content'  itemprop=\"text\" >Convirtiendo el mundo en un jard\u00edn al convertir c\u00e9spedes y espacios infrautilizados en pr\u00f3speros jardines de alimentos para combatir el cambio clim\u00e1tico y construir comunidades m\u00e1s resilientes.<\/div><\/div><\/div><\/figcaption><\/figure><\/a><!--end av-masonry entry--><a href=\"https:\/\/boulder.earth\/es\/organizations\/bridge-house\/\"  id='av-masonry-1-item-84974' data-av-masonry-item='84974' class='av-masonry-entry isotope-item post-84974 portfolio type-portfolio status-publish has-post-thumbnail hentry portfolio_entries-community portfolio_entries-housing portfolio_entries-justice  av-masonry-item-with-image' title=\"casa puente\"   itemscope=\"itemscope\" itemtype=\"https:\/\/schema.org\/CreativeWork\" ><div class='av-inner-masonry-sizer'><\/div><figure class='av-inner-masonry main_color'><div class=\"av-masonry-outerimage-container\"><div class='av-masonry-image-container'  ><img decoding=\"async\" width=\"400\" height=\"266\" fetchpriority=\"high\" class=\"wp-image-84975 avia-img-lazy-loading-not-84975\"  src=\"https:\/\/boulder.earth\/wp-content\/uploads\/2018\/06\/bridgehouse.png\" title=\"casa puente\" alt=\"\" srcset=\"https:\/\/boulder.earth\/wp-content\/uploads\/2018\/06\/bridgehouse.png 400w, https:\/\/boulder.earth\/wp-content\/uploads\/2018\/06\/bridgehouse-300x200.png 300w\" sizes=\"(max-width: 400px) 100vw, 400px\" \/><\/div><\/div><figcaption class='av-inner-masonry-content site-background'><div class='av-inner-masonry-content-pos'><div class='av-inner-masonry-content-pos-content'><div class='avia-arrow'><\/div><div class='av-masonry-entry-content entry-content'  itemprop=\"text\" >Crear una cultura de oportunidades para adultos sin hogar y de bajos ingresos<\/div><\/div><\/div><\/figcaption><\/figure><\/a><!--end av-masonry entry--><a href=\"https:\/\/boulder.earth\/es\/organizations\/butterfly-pavilion\/\"  id='av-masonry-1-item-62087' data-av-masonry-item='62087' class='av-masonry-entry isotope-item post-62087 portfolio type-portfolio status-publish has-post-thumbnail hentry portfolio_entries-conservation portfolio_entries-education portfolio_entries-pollinators  av-masonry-item-with-image' title=\"MariposaPabell\u00f3n\"   itemscope=\"itemscope\" itemtype=\"https:\/\/schema.org\/CreativeWork\" ><div class='av-inner-masonry-sizer'><\/div><figure class='av-inner-masonry main_color'><div class=\"av-masonry-outerimage-container\"><div class='av-masonry-image-container'  ><img decoding=\"async\" width=\"500\" height=\"333\" fetchpriority=\"high\" class=\"wp-image-62101 avia-img-lazy-loading-not-62101\"  src=\"https:\/\/boulder.earth\/wp-content\/uploads\/2018\/04\/ButterflyPavillion.png\" title=\"MariposaPabell\u00f3n\" alt=\"\" srcset=\"https:\/\/boulder.earth\/wp-content\/uploads\/2018\/04\/ButterflyPavillion.png 500w, https:\/\/boulder.earth\/wp-content\/uploads\/2018\/04\/ButterflyPavillion-300x200.png 300w, https:\/\/boulder.earth\/wp-content\/uploads\/2018\/04\/ButterflyPavillion-450x300.png 450w\" sizes=\"(max-width: 500px) 100vw, 500px\" \/><\/div><\/div><figcaption class='av-inner-masonry-content site-background'><div class='av-inner-masonry-content-pos'><div class='av-inner-masonry-content-pos-content'><div class='avia-arrow'><\/div><div class='av-masonry-entry-content entry-content'  itemprop=\"text\" >Trabajando para fomentar una apreciaci\u00f3n de los invertebrados al educar al p\u00fablico sobre la necesidad de proteger y cuidar los h\u00e1bitats amenazados a nivel mundial, mientras se realizan investigaciones para encontrar soluciones en la conservaci\u00f3n de los invertebrados.<\/div><\/div><\/div><\/figcaption><\/figure><\/a><!--end av-masonry entry--><a href=\"https:\/\/boulder.earth\/es\/organizations\/colorado-greywater\/\"  id='av-masonry-1-item-29301' data-av-masonry-item='29301' class='av-masonry-entry isotope-item post-29301 portfolio type-portfolio status-publish has-post-thumbnail hentry portfolio_entries-agriculture portfolio_entries-water portfolio_entries-zero-waste  av-masonry-item-with-image' title=\"colorado-aguasgrises\"   itemscope=\"itemscope\" itemtype=\"https:\/\/schema.org\/CreativeWork\" ><div class='av-inner-masonry-sizer'><\/div><figure class='av-inner-masonry main_color'><div class=\"av-masonry-outerimage-container\"><div class='av-masonry-image-container'  ><img decoding=\"async\" width=\"500\" height=\"333\" fetchpriority=\"high\" class=\"wp-image-29303 avia-img-lazy-loading-not-29303\"  src=\"https:\/\/boulder.earth\/wp-content\/uploads\/2017\/11\/colorado-greywater.png\" title=\"colorado-aguasgrises\" alt=\"\" srcset=\"https:\/\/boulder.earth\/wp-content\/uploads\/2017\/11\/colorado-greywater.png 500w, https:\/\/boulder.earth\/wp-content\/uploads\/2017\/11\/colorado-greywater-300x200.png 300w, https:\/\/boulder.earth\/wp-content\/uploads\/2017\/11\/colorado-greywater-450x300.png 450w\" sizes=\"(max-width: 500px) 100vw, 500px\" \/><\/div><\/div><figcaption class='av-inner-masonry-content site-background'><div class='av-inner-masonry-content-pos'><div class='av-inner-masonry-content-pos-content'><div class='avia-arrow'><\/div><div class='av-masonry-entry-content entry-content'  itemprop=\"text\" >trabajando para transformar las leyes y el paisaje del agua en Colorado, creando enfoques innovadores para trabajar dentro de nuestro presupuesto local de agua<\/div><\/div><\/div><\/figcaption><\/figure><\/a><!--end av-masonry entry--><a href=\"https:\/\/boulder.earth\/es\/organizations\/colorado-water-trust\/\"  id='av-masonry-1-item-6463980' data-av-masonry-item='6463980' class='av-masonry-entry isotope-item post-6463980 portfolio type-portfolio status-publish has-post-thumbnail hentry portfolio_entries-conservation portfolio_entries-environment portfolio_entries-water  av-masonry-item-with-image' title=\"fideicomiso de agua de colorado\"   itemscope=\"itemscope\" itemtype=\"https:\/\/schema.org\/CreativeWork\" ><div class='av-inner-masonry-sizer'><\/div><figure class='av-inner-masonry main_color'><div class=\"av-masonry-outerimage-container\"><div class='av-masonry-image-container'  ><img decoding=\"async\" width=\"300\" height=\"200\" fetchpriority=\"high\" class=\"wp-image-6463981 avia-img-lazy-loading-not-6463981\"  src=\"https:\/\/boulder.earth\/wp-content\/uploads\/2025\/04\/colorado-water-trust.png\" title=\"fideicomiso de agua de colorado\" alt=\"\" srcset=\"https:\/\/boulder.earth\/wp-content\/uploads\/2025\/04\/colorado-water-trust.png 300w, https:\/\/boulder.earth\/wp-content\/uploads\/2025\/04\/colorado-water-trust-18x12.png 18w\" sizes=\"(max-width: 300px) 100vw, 300px\" \/><\/div><\/div><figcaption class='av-inner-masonry-content site-background'><div class='av-inner-masonry-content-pos'><div class='av-inner-masonry-content-pos-content'><div class='avia-arrow'><\/div><div class='av-masonry-entry-content entry-content'  itemprop=\"text\" >Restaurar el agua de los r\u00edos de Colorado trabajando con propietarios de tierras para proteger el h\u00e1bitat ecol\u00f3gico natural como facilitador para los propietarios de derechos de agua que desean utilizar parte o la totalidad de su agua para beneficiar a los r\u00edos y arroyos.<\/div><\/div><\/div><\/figcaption><\/figure><\/a><!--end av-masonry entry--><a href=\"https:\/\/boulder.earth\/es\/organizations\/community-cycles\/\"  id='av-masonry-1-item-11303' data-av-masonry-item='11303' class='av-masonry-entry isotope-item post-11303 portfolio type-portfolio status-publish has-post-thumbnail hentry portfolio_entries-activism portfolio_entries-community portfolio_entries-education portfolio_entries-justice portfolio_entries-resources portfolio_entries-transportation  av-masonry-item-with-image' title=\"ciclos comunitarios\"   itemscope=\"itemscope\" itemtype=\"https:\/\/schema.org\/CreativeWork\" ><div class='av-inner-masonry-sizer'><\/div><figure class='av-inner-masonry main_color'><div class=\"av-masonry-outerimage-container\"><div class='av-masonry-image-container'  ><img decoding=\"async\" width=\"500\" height=\"333\" fetchpriority=\"high\" class=\"wp-image-13607 avia-img-lazy-loading-not-13607\"  src=\"https:\/\/boulder.earth\/wp-content\/uploads\/2017\/06\/community-cycles-1.jpg\" title=\"ciclos comunitarios\" alt=\"\" srcset=\"https:\/\/boulder.earth\/wp-content\/uploads\/2017\/06\/community-cycles-1.jpg 500w, https:\/\/boulder.earth\/wp-content\/uploads\/2017\/06\/community-cycles-1-300x200.jpg 300w, https:\/\/boulder.earth\/wp-content\/uploads\/2017\/06\/community-cycles-1-450x300.jpg 450w\" sizes=\"(max-width: 500px) 100vw, 500px\" \/><\/div><\/div><figcaption class='av-inner-masonry-content site-background'><div class='av-inner-masonry-content-pos'><div class='av-inner-masonry-content-pos-content'><div class='avia-arrow'><\/div><div class='av-masonry-entry-content entry-content'  itemprop=\"text\" >Organizaci\u00f3n sin fines de lucro de ciclistas y simpatizantes del transporte en bicicleta que brinda reparaci\u00f3n, reciclaje, donaci\u00f3n y educaci\u00f3n de bicicletas a la comunidad<\/div><\/div><\/div><\/figcaption><\/figure><\/a><!--end av-masonry entry--><a href=\"https:\/\/boulder.earth\/es\/organizations\/community-food-share\/\"  id='av-masonry-1-item-84967' data-av-masonry-item='84967' class='av-masonry-entry isotope-item post-84967 portfolio type-portfolio status-publish has-post-thumbnail hentry portfolio_entries-agriculture portfolio_entries-community portfolio_entries-food portfolio_entries-food-waste portfolio_entries-justice  av-masonry-item-with-image' title=\"compartir comida comunitaria\"   itemscope=\"itemscope\" itemtype=\"https:\/\/schema.org\/CreativeWork\" ><div class='av-inner-masonry-sizer'><\/div><figure class='av-inner-masonry main_color'><div class=\"av-masonry-outerimage-container\"><div class='av-masonry-image-container'  ><img decoding=\"async\" width=\"300\" height=\"200\" fetchpriority=\"high\" class=\"wp-image-141837 avia-img-lazy-loading-not-141837\"  src=\"https:\/\/boulder.earth\/wp-content\/uploads\/2018\/06\/communityfoodshare.jpg\" title=\"compartir comida comunitaria\" alt=\"\" \/><\/div><\/div><figcaption class='av-inner-masonry-content site-background'><div class='av-inner-masonry-content-pos'><div class='av-inner-masonry-content-pos-content'><div class='avia-arrow'><\/div><div class='av-masonry-entry-content entry-content'  itemprop=\"text\" >Eliminar el hambre en los condados de Boulder y Broomfield a trav\u00e9s del compromiso, la colaboraci\u00f3n y el liderazgo.<\/div><\/div><\/div><\/figcaption><\/figure><\/a><!--end av-masonry entry--><a href=\"https:\/\/boulder.earth\/es\/organizations\/community-fruit-rescue\/\"  id='av-masonry-1-item-138927' data-av-masonry-item='138927' class='av-masonry-entry isotope-item post-138927 portfolio type-portfolio status-publish has-post-thumbnail hentry portfolio_entries-agriculture portfolio_entries-food portfolio_entries-food-waste  av-masonry-item-with-image' title=\"comunidad-fruta-rescate\"   itemscope=\"itemscope\" itemtype=\"https:\/\/schema.org\/CreativeWork\" ><div class='av-inner-masonry-sizer'><\/div><figure class='av-inner-masonry main_color'><div class=\"av-masonry-outerimage-container\"><div class='av-masonry-image-container'  ><img decoding=\"async\" width=\"300\" height=\"200\" fetchpriority=\"high\" class=\"wp-image-138928 avia-img-lazy-loading-not-138928\"  src=\"https:\/\/boulder.earth\/wp-content\/uploads\/2019\/08\/community-fruit-rescue.jpg\" title=\"comunidad-fruta-rescate\" alt=\"\" \/><\/div><\/div><figcaption class='av-inner-masonry-content site-background'><div class='av-inner-masonry-content-pos'><div class='av-inner-masonry-content-pos-content'><div class='avia-arrow'><\/div><div class='av-masonry-entry-content entry-content'  itemprop=\"text\" >Dedicado a cosechar y distribuir los excedentes de la fruticultura urbana en todo Boulder, Colorado<\/div><\/div><\/div><\/figcaption><\/figure><\/a><!--end av-masonry entry--><a href=\"https:\/\/boulder.earth\/es\/organizations\/drylands-agroecology-research\/\"  id='av-masonry-1-item-5477009' data-av-masonry-item='5477009' class='av-masonry-entry isotope-item post-5477009 portfolio type-portfolio status-publish has-post-thumbnail hentry portfolio_entries-agriculture portfolio_entries-resilience  av-masonry-item-with-image' title=\"tierras secasagroecolog\u00edainvestigaci\u00f3n\"   itemscope=\"itemscope\" itemtype=\"https:\/\/schema.org\/CreativeWork\" ><div class='av-inner-masonry-sizer'><\/div><figure class='av-inner-masonry main_color'><div class=\"av-masonry-outerimage-container\"><div class='av-masonry-image-container'  ><img decoding=\"async\" width=\"300\" height=\"200\" fetchpriority=\"high\" class=\"wp-image-5477010 avia-img-lazy-loading-not-5477010\"  src=\"https:\/\/boulder.earth\/wp-content\/uploads\/2022\/02\/drylandsagroecologyresearch.png\" title=\"tierras secasagroecolog\u00edainvestigaci\u00f3n\" alt=\"\" \/><\/div><\/div><figcaption class='av-inner-masonry-content site-background'><div class='av-inner-masonry-content-pos'><div class='av-inner-masonry-content-pos-content'><div class='avia-arrow'><\/div><div class='av-masonry-entry-content entry-content'  itemprop=\"text\" >Dise\u00f1ar sistemas agr\u00edcolas de tierras secas basados en los principios de la ecolog\u00eda, de modo que los paisajes resultantes secuestren carbono, retengan la humedad, mejoren la biodiversidad y produzcan alimentos nutritivos para los humanos.<\/div><\/div><\/div><\/figcaption><\/figure><\/a><!--end av-masonry entry--><a href=\"https:\/\/boulder.earth\/es\/organizations\/earth-love-gardens\/\"  id='av-masonry-1-item-5487062' data-av-masonry-item='5487062' class='av-masonry-entry isotope-item post-5487062 portfolio type-portfolio status-publish has-post-thumbnail hentry portfolio_entries-agriculture portfolio_entries-community portfolio_entries-education portfolio_entries-food portfolio_entries-pollinators  av-masonry-item-with-image' title=\"jardines-tierra-amor\"   itemscope=\"itemscope\" itemtype=\"https:\/\/schema.org\/CreativeWork\" ><div class='av-inner-masonry-sizer'><\/div><figure class='av-inner-masonry main_color'><div class=\"av-masonry-outerimage-container\"><div class='av-masonry-image-container'  ><img decoding=\"async\" width=\"300\" height=\"200\" fetchpriority=\"high\" class=\"wp-image-5487063 avia-img-lazy-loading-not-5487063\"  src=\"https:\/\/boulder.earth\/wp-content\/uploads\/2024\/12\/earth-love-gardens.png\" title=\"jardines-tierra-amor\" alt=\"\" srcset=\"https:\/\/boulder.earth\/wp-content\/uploads\/2024\/12\/earth-love-gardens.png 300w, https:\/\/boulder.earth\/wp-content\/uploads\/2024\/12\/earth-love-gardens-18x12.png 18w\" sizes=\"(max-width: 300px) 100vw, 300px\" \/><\/div><\/div><figcaption class='av-inner-masonry-content site-background'><div class='av-inner-masonry-content-pos'><div class='av-inner-masonry-content-pos-content'><div class='avia-arrow'><\/div><div class='av-masonry-entry-content entry-content'  itemprop=\"text\" >Dise\u00f1ar y crear jardines comestibles y amigables con los polinizadores y liderar comunidades de voluntarios para crear conexiones con la tierra.<\/div><\/div><\/div><\/figcaption><\/figure><\/a><!--end av-masonry entry--><a href=\"https:\/\/boulder.earth\/es\/organizations\/eco-cycle\/\"  id='av-masonry-1-item-13591' data-av-masonry-item='13591' class='av-masonry-entry isotope-item post-13591 portfolio type-portfolio status-publish has-post-thumbnail hentry portfolio_entries-conservation portfolio_entries-education portfolio_entries-environment portfolio_entries-food-waste portfolio_entries-resources portfolio_entries-zero-waste  av-masonry-item-with-image' title=\"ciclo ecol\u00f3gico\"   itemscope=\"itemscope\" itemtype=\"https:\/\/schema.org\/CreativeWork\" ><div class='av-inner-masonry-sizer'><\/div><figure class='av-inner-masonry main_color'><div class=\"av-masonry-outerimage-container\"><div class='av-masonry-image-container'  ><img decoding=\"async\" width=\"500\" height=\"333\" fetchpriority=\"high\" class=\"wp-image-13592 avia-img-lazy-loading-not-13592\"  src=\"https:\/\/boulder.earth\/wp-content\/uploads\/2017\/07\/ecocycle.jpg\" title=\"ciclo ecol\u00f3gico\" alt=\"\" srcset=\"https:\/\/boulder.earth\/wp-content\/uploads\/2017\/07\/ecocycle.jpg 500w, https:\/\/boulder.earth\/wp-content\/uploads\/2017\/07\/ecocycle-300x200.jpg 300w, https:\/\/boulder.earth\/wp-content\/uploads\/2017\/07\/ecocycle-450x300.jpg 450w\" sizes=\"(max-width: 500px) 100vw, 500px\" \/><\/div><\/div><figcaption class='av-inner-masonry-content site-background'><div class='av-inner-masonry-content-pos'><div class='av-inner-masonry-content-pos-content'><div class='avia-arrow'><\/div><div class='av-masonry-entry-content entry-content'  itemprop=\"text\" >Uno de los recicladores sin fines de lucro m\u00e1s grandes de los EE. UU. y con una reputaci\u00f3n internacional como pionero e innovador en la conservaci\u00f3n de recursos.<\/div><\/div><\/div><\/figcaption><\/figure><\/a><!--end av-masonry entry--><a href=\"https:\/\/boulder.earth\/es\/organizations\/edaphic-solutions\/\"  id='av-masonry-1-item-29305' data-av-masonry-item='29305' class='av-masonry-entry isotope-item post-29305 portfolio type-portfolio status-publish has-post-thumbnail hentry portfolio_entries-agriculture portfolio_entries-environment portfolio_entries-science  av-masonry-item-with-image' title=\"soluciones-ed\u00e1ficas\"   itemscope=\"itemscope\" itemtype=\"https:\/\/schema.org\/CreativeWork\" ><div class='av-inner-masonry-sizer'><\/div><figure class='av-inner-masonry main_color'><div class=\"av-masonry-outerimage-container\"><div class='av-masonry-image-container'  ><img decoding=\"async\" width=\"500\" height=\"333\" fetchpriority=\"high\" class=\"wp-image-29307 avia-img-lazy-loading-not-29307\"  src=\"https:\/\/boulder.earth\/wp-content\/uploads\/2017\/11\/edaphic-solutions.png\" title=\"soluciones-ed\u00e1ficas\" alt=\"\" srcset=\"https:\/\/boulder.earth\/wp-content\/uploads\/2017\/11\/edaphic-solutions.png 500w, https:\/\/boulder.earth\/wp-content\/uploads\/2017\/11\/edaphic-solutions-300x200.png 300w, https:\/\/boulder.earth\/wp-content\/uploads\/2017\/11\/edaphic-solutions-450x300.png 450w\" sizes=\"(max-width: 500px) 100vw, 500px\" \/><\/div><\/div><figcaption class='av-inner-masonry-content site-background'><div class='av-inner-masonry-content-pos'><div class='av-inner-masonry-content-pos-content'><div class='avia-arrow'><\/div><div class='av-masonry-entry-content entry-content'  itemprop=\"text\" >servicio local que produce y aplica t\u00e9 de compost, un rociador vivo para las plantas y el suelo, utilizando pruebas y biolog\u00eda para regenerar la salud del suelo y promover la administraci\u00f3n del suelo<\/div><\/div><\/div><\/figcaption><\/figure><\/a><!--end av-masonry entry--><a href=\"https:\/\/boulder.earth\/es\/organizations\/ego-carshare\/\"  id='av-masonry-1-item-29112' data-av-masonry-item='29112' class='av-masonry-entry isotope-item post-29112 portfolio type-portfolio status-publish has-post-thumbnail hentry portfolio_entries-transportation portfolio_entries-zero-waste  av-masonry-item-with-image' title=\"eGo-CarShare\"   itemscope=\"itemscope\" itemtype=\"https:\/\/schema.org\/CreativeWork\" ><div class='av-inner-masonry-sizer'><\/div><figure class='av-inner-masonry main_color'><div class=\"av-masonry-outerimage-container\"><div class='av-masonry-image-container'  ><img decoding=\"async\" width=\"500\" height=\"333\" fetchpriority=\"high\" class=\"wp-image-29114 avia-img-lazy-loading-not-29114\"  src=\"https:\/\/boulder.earth\/wp-content\/uploads\/2017\/11\/eGo-CarShare.png\" title=\"eGo-CarShare\" alt=\"\" srcset=\"https:\/\/boulder.earth\/wp-content\/uploads\/2017\/11\/eGo-CarShare.png 500w, https:\/\/boulder.earth\/wp-content\/uploads\/2017\/11\/eGo-CarShare-300x200.png 300w, https:\/\/boulder.earth\/wp-content\/uploads\/2017\/11\/eGo-CarShare-450x300.png 450w\" sizes=\"(max-width: 500px) 100vw, 500px\" \/><\/div><\/div><figcaption class='av-inner-masonry-content site-background'><div class='av-inner-masonry-content-pos'><div class='av-inner-masonry-content-pos-content'><div class='avia-arrow'><\/div><div class='av-masonry-entry-content entry-content'  itemprop=\"text\" >proporcionando y promoviendo alternativas a la propiedad individual de autom\u00f3viles, reduciendo as\u00ed los impactos ambientales y sociales asociados con el uso de veh\u00edculos motorizados<\/div><\/div><\/div><\/figcaption><\/figure><\/a><!--end av-masonry entry--><a href=\"https:\/\/boulder.earth\/es\/organizations\/evmatch\/\"  id='av-masonry-1-item-90329' data-av-masonry-item='90329' class='av-masonry-entry isotope-item post-90329 portfolio type-portfolio status-publish has-post-thumbnail hentry portfolio_entries-communications portfolio_entries-energy portfolio_entries-transportation  av-masonry-item-with-image' title=\"evmatch\"   itemscope=\"itemscope\" itemtype=\"https:\/\/schema.org\/CreativeWork\" ><div class='av-inner-masonry-sizer'><\/div><figure class='av-inner-masonry main_color'><div class=\"av-masonry-outerimage-container\"><div class='av-masonry-image-container'  ><img decoding=\"async\" width=\"500\" height=\"333\" fetchpriority=\"high\" class=\"wp-image-90336 avia-img-lazy-loading-not-90336\"  src=\"https:\/\/boulder.earth\/wp-content\/uploads\/2018\/07\/evmatch.png\" title=\"evmatch\" alt=\"\" srcset=\"https:\/\/boulder.earth\/wp-content\/uploads\/2018\/07\/evmatch.png 500w, https:\/\/boulder.earth\/wp-content\/uploads\/2018\/07\/evmatch-300x200.png 300w, https:\/\/boulder.earth\/wp-content\/uploads\/2018\/07\/evmatch-450x300.png 450w\" sizes=\"(max-width: 500px) 100vw, 500px\" \/><\/div><\/div><figcaption class='av-inner-masonry-content site-background'><div class='av-inner-masonry-content-pos'><div class='av-inner-masonry-content-pos-content'><div class='avia-arrow'><\/div><div class='av-masonry-entry-content entry-content'  itemprop=\"text\" >una red peer-to-peer para la carga de veh\u00edculos el\u00e9ctricos (EV) que aprovecha el poder de compartir para crear inmediatamente opciones de carga m\u00e1s confiables<\/div><\/div><\/div><\/figcaption><\/figure><\/a><!--end av-masonry entry--><a href=\"https:\/\/boulder.earth\/es\/organizations\/flatirons-farmers-coalition\/\"  id='av-masonry-1-item-6464090' data-av-masonry-item='6464090' class='av-masonry-entry isotope-item post-6464090 portfolio type-portfolio status-publish has-post-thumbnail hentry portfolio_entries-agriculture portfolio_entries-business portfolio_entries-food portfolio_entries-resources  av-masonry-item-with-image' title=\"Coalici\u00f3n de Agricultores de Flatirons\"   itemscope=\"itemscope\" itemtype=\"https:\/\/schema.org\/CreativeWork\" ><div class='av-inner-masonry-sizer'><\/div><figure class='av-inner-masonry main_color'><div class=\"av-masonry-outerimage-container\"><div class='av-masonry-image-container'  ><img decoding=\"async\" width=\"300\" height=\"200\" fetchpriority=\"high\" class=\"wp-image-6464092 avia-img-lazy-loading-not-6464092\"  src=\"https:\/\/boulder.earth\/wp-content\/uploads\/2025\/04\/FlatironsFarmersCoalition.png\" title=\"Coalici\u00f3n de Agricultores de Flatirons\" alt=\"\" srcset=\"https:\/\/boulder.earth\/wp-content\/uploads\/2025\/04\/FlatironsFarmersCoalition.png 300w, https:\/\/boulder.earth\/wp-content\/uploads\/2025\/04\/FlatironsFarmersCoalition-18x12.png 18w\" sizes=\"(max-width: 300px) 100vw, 300px\" \/><\/div><\/div><figcaption class='av-inner-masonry-content site-background'><div class='av-inner-masonry-content-pos'><div class='av-inner-masonry-content-pos-content'><div class='avia-arrow'><\/div><div class='av-masonry-entry-content entry-content'  itemprop=\"text\" >Agricultores, ganaderos y defensores de los alimentos locales del condado de Boulder trabajan para cocrear una comunidad agr\u00edcola m\u00e1s inclusiva y regenerativa.<\/div><\/div><\/div><\/figcaption><\/figure><\/a><!--end av-masonry entry--><a href=\"https:\/\/boulder.earth\/es\/organizations\/flatirons-young-farmers-coalition\/\"  id='av-masonry-1-item-5479783' data-av-masonry-item='5479783' class='av-masonry-entry isotope-item post-5479783 portfolio type-portfolio status-publish has-post-thumbnail hentry portfolio_entries-agriculture portfolio_entries-community portfolio_entries-education portfolio_entries-food  av-masonry-item-with-image' title=\"coalici\u00f3n de j\u00f3venes agricultores flatirons\"   itemscope=\"itemscope\" itemtype=\"https:\/\/schema.org\/CreativeWork\" ><div class='av-inner-masonry-sizer'><\/div><figure class='av-inner-masonry main_color'><div class=\"av-masonry-outerimage-container\"><div class='av-masonry-image-container'  ><img decoding=\"async\" width=\"300\" height=\"200\" fetchpriority=\"high\" class=\"wp-image-5479784 avia-img-lazy-loading-not-5479784\"  src=\"https:\/\/boulder.earth\/wp-content\/uploads\/2022\/12\/flatirons-young-farmers.png\" title=\"coalici\u00f3n de j\u00f3venes agricultores flatirons\" alt=\"\" srcset=\"https:\/\/boulder.earth\/wp-content\/uploads\/2022\/12\/flatirons-young-farmers.png 300w, https:\/\/boulder.earth\/wp-content\/uploads\/2022\/12\/flatirons-young-farmers-18x12.png 18w\" sizes=\"(max-width: 300px) 100vw, 300px\" \/><\/div><\/div><figcaption class='av-inner-masonry-content site-background'><div class='av-inner-masonry-content-pos'><div class='av-inner-masonry-content-pos-content'><div class='avia-arrow'><\/div><div class='av-masonry-entry-content entry-content'  itemprop=\"text\" >Apoyando a los agricultores j\u00f3venes y principiantes en el condado de Boulder<\/div><\/div><\/div><\/figcaption><\/figure><\/a><!--end av-masonry entry--><a href=\"https:\/\/boulder.earth\/es\/organizations\/fuel-switch\/\"  id='av-masonry-1-item-113360' data-av-masonry-item='113360' class='av-masonry-entry isotope-item post-113360 portfolio type-portfolio status-publish has-post-thumbnail hentry portfolio_entries-conservation portfolio_entries-energy portfolio_entries-resources  av-masonry-item-with-image' title=\"Luz de logotipo FS BG @ 1024w\"   itemscope=\"itemscope\" itemtype=\"https:\/\/schema.org\/CreativeWork\" ><div class='av-inner-masonry-sizer'><\/div><figure class='av-inner-masonry main_color'><div class=\"av-masonry-outerimage-container\"><div class='av-masonry-image-container'  ><img decoding=\"async\" width=\"500\" height=\"333\" fetchpriority=\"high\" class=\"wp-image-113362 avia-img-lazy-loading-not-113362\"  src=\"https:\/\/boulder.earth\/wp-content\/uploads\/2018\/10\/FS-Logo-Light-BG@1024w.png\" title=\"Luz de logotipo FS BG @ 1024w\" alt=\"\" srcset=\"https:\/\/boulder.earth\/wp-content\/uploads\/2018\/10\/FS-Logo-Light-BG@1024w.png 500w, https:\/\/boulder.earth\/wp-content\/uploads\/2018\/10\/FS-Logo-Light-BG@1024w-300x200.png 300w, https:\/\/boulder.earth\/wp-content\/uploads\/2018\/10\/FS-Logo-Light-BG@1024w-450x300.png 450w\" sizes=\"(max-width: 500px) 100vw, 500px\" \/><\/div><\/div><figcaption class='av-inner-masonry-content site-background'><div class='av-inner-masonry-content-pos'><div class='av-inner-masonry-content-pos-content'><div class='avia-arrow'><\/div><div class='av-masonry-entry-content entry-content'  itemprop=\"text\" >Fuel Switch es su fuente para un hogar de energ\u00eda renovable.<\/div><\/div><\/div><\/figcaption><\/figure><\/a><!--end av-masonry entry--><a href=\"https:\/\/boulder.earth\/es\/organizations\/garden-to-table\/\"  id='av-masonry-1-item-167237' data-av-masonry-item='167237' class='av-masonry-entry isotope-item post-167237 portfolio type-portfolio status-publish has-post-thumbnail hentry portfolio_entries-agriculture portfolio_entries-education portfolio_entries-food  av-masonry-item-with-image' title=\"jard\u00edn a la mesa\"   itemscope=\"itemscope\" itemtype=\"https:\/\/schema.org\/CreativeWork\" ><div class='av-inner-masonry-sizer'><\/div><figure class='av-inner-masonry main_color'><div class=\"av-masonry-outerimage-container\"><div class='av-masonry-image-container'  ><img decoding=\"async\" width=\"300\" height=\"200\" fetchpriority=\"high\" class=\"wp-image-167240 avia-img-lazy-loading-not-167240\"  src=\"https:\/\/boulder.earth\/wp-content\/uploads\/2019\/11\/garden-to-table.png\" title=\"jard\u00edn a la mesa\" alt=\"\" \/><\/div><\/div><figcaption class='av-inner-masonry-content site-background'><div class='av-inner-masonry-content-pos'><div class='av-inner-masonry-content-pos-content'><div class='avia-arrow'><\/div><div class='av-masonry-entry-content entry-content'  itemprop=\"text\" >Proporcionar a los ni\u00f1os experiencias educativas atractivas que los conecten con los alimentos, c\u00f3mo se cultivan y por qu\u00e9 las frutas y verduras son esenciales para su dieta.<\/div><\/div><\/div><\/figcaption><\/figure><\/a><!--end av-masonry entry--><a href=\"https:\/\/boulder.earth\/es\/organizations\/growing-gardens\/\"  id='av-masonry-1-item-11299' data-av-masonry-item='11299' class='av-masonry-entry isotope-item post-11299 portfolio type-portfolio status-publish has-post-thumbnail hentry portfolio_entries-agriculture portfolio_entries-business portfolio_entries-community portfolio_entries-education portfolio_entries-food portfolio_entries-justice portfolio_entries-pollinators portfolio_entries-resilience  av-masonry-item-with-image' title=\"jardines de cultivo\"   itemscope=\"itemscope\" itemtype=\"https:\/\/schema.org\/CreativeWork\" ><div class='av-inner-masonry-sizer'><\/div><figure class='av-inner-masonry main_color'><div class=\"av-masonry-outerimage-container\"><div class='av-masonry-image-container'  ><img decoding=\"async\" width=\"500\" height=\"333\" fetchpriority=\"high\" class=\"wp-image-13598 avia-img-lazy-loading-not-13598\"  src=\"https:\/\/boulder.earth\/wp-content\/uploads\/2017\/06\/growing-gardens-1.jpg\" title=\"jardines de cultivo\" alt=\"Growing Gardens\" srcset=\"https:\/\/boulder.earth\/wp-content\/uploads\/2017\/06\/growing-gardens-1.jpg 500w, https:\/\/boulder.earth\/wp-content\/uploads\/2017\/06\/growing-gardens-1-300x200.jpg 300w, https:\/\/boulder.earth\/wp-content\/uploads\/2017\/06\/growing-gardens-1-450x300.jpg 450w\" sizes=\"(max-width: 500px) 100vw, 500px\" \/><\/div><\/div><figcaption class='av-inner-masonry-content site-background'><div class='av-inner-masonry-content-pos'><div class='av-inner-masonry-content-pos-content'><div class='avia-arrow'><\/div><div class='av-masonry-entry-content entry-content'  itemprop=\"text\" >sin fines de lucro con la Misi\u00f3n de cultivar la comunidad a trav\u00e9s de la agricultura urbana sostenible y la Visi\u00f3n de personas que experimentan una conexi\u00f3n directa y profunda con los alimentos, la tierra y entre s\u00ed.<\/div><\/div><\/div><\/figcaption><\/figure><\/a><!--end av-masonry entry--><a href=\"https:\/\/boulder.earth\/es\/organizations\/harvest-of-hope-pantry\/\"  id='av-masonry-1-item-84962' data-av-masonry-item='84962' class='av-masonry-entry isotope-item post-84962 portfolio type-portfolio status-publish has-post-thumbnail hentry portfolio_entries-agriculture portfolio_entries-community portfolio_entries-food portfolio_entries-justice  av-masonry-item-with-image' title=\"cosecha de esperanza\"   itemscope=\"itemscope\" itemtype=\"https:\/\/schema.org\/CreativeWork\" ><div class='av-inner-masonry-sizer'><\/div><figure class='av-inner-masonry main_color'><div class=\"av-masonry-outerimage-container\"><div class='av-masonry-image-container'  ><img decoding=\"async\" width=\"500\" height=\"333\" fetchpriority=\"high\" class=\"wp-image-84965 avia-img-lazy-loading-not-84965\"  src=\"https:\/\/boulder.earth\/wp-content\/uploads\/2018\/06\/harvest-of-hope.png\" title=\"cosecha de esperanza\" alt=\"\" srcset=\"https:\/\/boulder.earth\/wp-content\/uploads\/2018\/06\/harvest-of-hope.png 500w, https:\/\/boulder.earth\/wp-content\/uploads\/2018\/06\/harvest-of-hope-300x200.png 300w, https:\/\/boulder.earth\/wp-content\/uploads\/2018\/06\/harvest-of-hope-450x300.png 450w\" sizes=\"(max-width: 500px) 100vw, 500px\" \/><\/div><\/div><figcaption class='av-inner-masonry-content site-background'><div class='av-inner-masonry-content-pos'><div class='av-inner-masonry-content-pos-content'><div class='avia-arrow'><\/div><div class='av-masonry-entry-content entry-content'  itemprop=\"text\" >Brindar alimentos complementarios saludables a las familias de Boulder y a las personas que necesitan asistencia alimentaria en un entorno seguro, acogedor y sin prejuicios.<\/div><\/div><\/div><\/figcaption><\/figure><\/a><!--end av-masonry entry--><a href=\"https:\/\/boulder.earth\/es\/organizations\/hazon\/\"  id='av-masonry-1-item-20499' data-av-masonry-item='20499' class='av-masonry-entry isotope-item post-20499 portfolio type-portfolio status-publish has-post-thumbnail hentry portfolio_entries-agriculture portfolio_entries-community portfolio_entries-spiritual  av-masonry-item-with-image' title=\"haz\u00f3n\"   itemscope=\"itemscope\" itemtype=\"https:\/\/schema.org\/CreativeWork\" ><div class='av-inner-masonry-sizer'><\/div><figure class='av-inner-masonry main_color'><div class=\"av-masonry-outerimage-container\"><div class='av-masonry-image-container'  ><img decoding=\"async\" width=\"500\" height=\"333\" fetchpriority=\"high\" class=\"wp-image-20509 avia-img-lazy-loading-not-20509\"  src=\"https:\/\/boulder.earth\/wp-content\/uploads\/2017\/09\/hazon.png\" title=\"haz\u00f3n\" alt=\"\" srcset=\"https:\/\/boulder.earth\/wp-content\/uploads\/2017\/09\/hazon.png 500w, https:\/\/boulder.earth\/wp-content\/uploads\/2017\/09\/hazon-300x200.png 300w, https:\/\/boulder.earth\/wp-content\/uploads\/2017\/09\/hazon-450x300.png 450w\" sizes=\"(max-width: 500px) 100vw, 500px\" \/><\/div><\/div><figcaption class='av-inner-masonry-content site-background'><div class='av-inner-masonry-content-pos'><div class='av-inner-masonry-content-pos-content'><div class='avia-arrow'><\/div><div class='av-masonry-entry-content entry-content'  itemprop=\"text\" >crear comunidades m\u00e1s saludables y sostenibles en el mundo jud\u00edo y m\u00e1s all\u00e1<\/div><\/div><\/div><\/figcaption><\/figure><\/a><!--end av-masonry entry--><a href=\"https:\/\/boulder.earth\/es\/organizations\/innovo-foundation\/\"  id='av-masonry-1-item-25525' data-av-masonry-item='25525' class='av-masonry-entry isotope-item post-25525 portfolio type-portfolio status-publish has-post-thumbnail hentry portfolio_entries-conservation portfolio_entries-education portfolio_entries-resources  av-masonry-item-with-image' title=\"fundaci\u00f3n innovo\"   itemscope=\"itemscope\" itemtype=\"https:\/\/schema.org\/CreativeWork\" ><div class='av-inner-masonry-sizer'><\/div><figure class='av-inner-masonry main_color'><div class=\"av-masonry-outerimage-container\"><div class='av-masonry-image-container'  ><img decoding=\"async\" width=\"500\" height=\"333\" fetchpriority=\"high\" class=\"wp-image-25528 avia-img-lazy-loading-not-25528\"  src=\"https:\/\/boulder.earth\/wp-content\/uploads\/2017\/10\/innovo-foundation.png\" title=\"fundaci\u00f3n innovo\" alt=\"\" srcset=\"https:\/\/boulder.earth\/wp-content\/uploads\/2017\/10\/innovo-foundation.png 500w, https:\/\/boulder.earth\/wp-content\/uploads\/2017\/10\/innovo-foundation-300x200.png 300w, https:\/\/boulder.earth\/wp-content\/uploads\/2017\/10\/innovo-foundation-450x300.png 450w\" sizes=\"(max-width: 500px) 100vw, 500px\" \/><\/div><\/div><figcaption class='av-inner-masonry-content site-background'><div class='av-inner-masonry-content-pos'><div class='av-inner-masonry-content-pos-content'><div class='avia-arrow'><\/div><div class='av-masonry-entry-content entry-content'  itemprop=\"text\" >ayudar a encender en nuestros ni\u00f1os una pasi\u00f3n de por vida por la conservaci\u00f3n del medio ambiente y ayudar a mantener el cambio clim\u00e1tico bajo control<\/div><\/div><\/div><\/figcaption><\/figure><\/a><!--end av-masonry entry--><a href=\"https:\/\/boulder.earth\/es\/organizations\/kilt-farm\/\"  id='av-masonry-1-item-20239' data-av-masonry-item='20239' class='av-masonry-entry isotope-item post-20239 portfolio type-portfolio status-publish has-post-thumbnail hentry portfolio_entries-agriculture portfolio_entries-business portfolio_entries-community portfolio_entries-environment portfolio_entries-food  av-masonry-item-with-image' title=\"falda escocesa\"   itemscope=\"itemscope\" itemtype=\"https:\/\/schema.org\/CreativeWork\" ><div class='av-inner-masonry-sizer'><\/div><figure class='av-inner-masonry main_color'><div class=\"av-masonry-outerimage-container\"><div class='av-masonry-image-container'  ><img decoding=\"async\" width=\"500\" height=\"333\" fetchpriority=\"high\" class=\"wp-image-20240 avia-img-lazy-loading-not-20240\"  src=\"https:\/\/boulder.earth\/wp-content\/uploads\/2017\/09\/kilt-farm.jpg\" title=\"falda escocesa\" alt=\"\" srcset=\"https:\/\/boulder.earth\/wp-content\/uploads\/2017\/09\/kilt-farm.jpg 500w, https:\/\/boulder.earth\/wp-content\/uploads\/2017\/09\/kilt-farm-300x200.jpg 300w, https:\/\/boulder.earth\/wp-content\/uploads\/2017\/09\/kilt-farm-450x300.jpg 450w\" sizes=\"(max-width: 500px) 100vw, 500px\" \/><\/div><\/div><figcaption class='av-inner-masonry-content site-background'><div class='av-inner-masonry-content-pos'><div class='av-inner-masonry-content-pos-content'><div class='avia-arrow'><\/div><div class='av-masonry-entry-content entry-content'  itemprop=\"text\" >granja local que usa t\u00e9 de compost para construir la biolog\u00eda del suelo que vende productos a Lucky&#039;s Markets, restaurantes de Boulder y a trav\u00e9s de programas CSA<\/div><\/div><\/div><\/figcaption><\/figure><\/a><!--end av-masonry entry--><a href=\"https:\/\/boulder.earth\/es\/organizations\/lineage-seeds\/\"  id='av-masonry-1-item-13670' data-av-masonry-item='13670' class='av-masonry-entry isotope-item post-13670 portfolio type-portfolio status-publish has-post-thumbnail hentry portfolio_entries-activism portfolio_entries-agriculture portfolio_entries-business portfolio_entries-education portfolio_entries-food portfolio_entries-justice  av-masonry-item-with-image' title=\"semillas de linaje\"   itemscope=\"itemscope\" itemtype=\"https:\/\/schema.org\/CreativeWork\" ><div class='av-inner-masonry-sizer'><\/div><figure class='av-inner-masonry main_color'><div class=\"av-masonry-outerimage-container\"><div class='av-masonry-image-container'  ><img decoding=\"async\" width=\"500\" height=\"333\" fetchpriority=\"high\" class=\"wp-image-13671 avia-img-lazy-loading-not-13671\"  src=\"https:\/\/boulder.earth\/wp-content\/uploads\/2017\/07\/lineage-seeds.jpg\" title=\"semillas de linaje\" alt=\"\" srcset=\"https:\/\/boulder.earth\/wp-content\/uploads\/2017\/07\/lineage-seeds.jpg 500w, https:\/\/boulder.earth\/wp-content\/uploads\/2017\/07\/lineage-seeds-300x200.jpg 300w, https:\/\/boulder.earth\/wp-content\/uploads\/2017\/07\/lineage-seeds-450x300.jpg 450w\" sizes=\"(max-width: 500px) 100vw, 500px\" \/><\/div><\/div><figcaption class='av-inner-masonry-content site-background'><div class='av-inner-masonry-content-pos'><div class='av-inner-masonry-content-pos-content'><div class='avia-arrow'><\/div><div class='av-masonry-entry-content entry-content'  itemprop=\"text\" >Compa\u00f1\u00eda de semillas que tiene como objetivo devolver las semillas a la gente: cultivadas org\u00e1nicamente, a menudo reliquias, cultivadas localmente cuando est\u00e9n disponibles y solo polinizadas al aire libre.<\/div><\/div><\/div><\/figcaption><\/figure><\/a><!--end av-masonry entry--><a href=\"https:\/\/boulder.earth\/es\/organizations\/loam-magazine\/\"  id='av-masonry-1-item-17914' data-av-masonry-item='17914' class='av-masonry-entry isotope-item post-17914 portfolio type-portfolio status-publish has-post-thumbnail hentry portfolio_entries-agriculture portfolio_entries-communications  av-masonry-item-with-image' title=\"revista loam\"   itemscope=\"itemscope\" itemtype=\"https:\/\/schema.org\/CreativeWork\" ><div class='av-inner-masonry-sizer'><\/div><figure class='av-inner-masonry main_color'><div class=\"av-masonry-outerimage-container\"><div class='av-masonry-image-container'  ><img decoding=\"async\" width=\"500\" height=\"333\" fetchpriority=\"high\" class=\"wp-image-17915 avia-img-lazy-loading-not-17915\"  src=\"https:\/\/boulder.earth\/wp-content\/uploads\/2017\/09\/loam-magazine.png\" title=\"revista loam\" alt=\"\" srcset=\"https:\/\/boulder.earth\/wp-content\/uploads\/2017\/09\/loam-magazine.png 500w, https:\/\/boulder.earth\/wp-content\/uploads\/2017\/09\/loam-magazine-300x200.png 300w, https:\/\/boulder.earth\/wp-content\/uploads\/2017\/09\/loam-magazine-450x300.png 450w\" sizes=\"(max-width: 500px) 100vw, 500px\" \/><\/div><\/div><figcaption class='av-inner-masonry-content site-background'><div class='av-inner-masonry-content-pos'><div class='av-inner-masonry-content-pos-content'><div class='avia-arrow'><\/div><div class='av-masonry-entry-content entry-content'  itemprop=\"text\" >una revista de artes ambientales que celebra proyectos creativos y personas apasionadas que hacen olas en los movimientos ambientales<\/div><\/div><\/div><\/figcaption><\/figure><\/a><!--end av-masonry entry--><a href=\"https:\/\/boulder.earth\/es\/organizations\/longmont-food-rescue\/\"  id='av-masonry-1-item-127832' data-av-masonry-item='127832' class='av-masonry-entry isotope-item post-127832 portfolio type-portfolio status-publish has-post-thumbnail hentry portfolio_entries-agriculture portfolio_entries-food portfolio_entries-resources portfolio_entries-zero-waste  av-masonry-item-with-image' title=\"longmont-food-rescate\"   itemscope=\"itemscope\" itemtype=\"https:\/\/schema.org\/CreativeWork\" ><div class='av-inner-masonry-sizer'><\/div><figure class='av-inner-masonry main_color'><div class=\"av-masonry-outerimage-container\"><div class='av-masonry-image-container'  ><img decoding=\"async\" width=\"300\" height=\"200\" fetchpriority=\"high\" class=\"wp-image-127835 avia-img-lazy-loading-not-127835\"  src=\"https:\/\/boulder.earth\/wp-content\/uploads\/2019\/04\/longmont-food-rescue.png\" title=\"longmont-food-rescate\" alt=\"\" \/><\/div><\/div><figcaption class='av-inner-masonry-content site-background'><div class='av-inner-masonry-content-pos'><div class='av-inner-masonry-content-pos-content'><div class='avia-arrow'><\/div><div class='av-masonry-entry-content entry-content'  itemprop=\"text\" >Redirecci\u00f3n de alimentos perecederos: \u00a1justo a tiempo!<\/div><\/div><\/div><\/figcaption><\/figure><\/a><!--end av-masonry entry--><a href=\"https:\/\/boulder.earth\/es\/organizations\/mad-agriculture\/\"  id='av-masonry-1-item-60157' data-av-masonry-item='60157' class='av-masonry-entry isotope-item post-60157 portfolio type-portfolio status-publish has-post-thumbnail hentry portfolio_entries-agriculture portfolio_entries-community portfolio_entries-education portfolio_entries-food portfolio_entries-resources  av-masonry-item-with-image' title=\"agricultura loca\"   itemscope=\"itemscope\" itemtype=\"https:\/\/schema.org\/CreativeWork\" ><div class='av-inner-masonry-sizer'><\/div><figure class='av-inner-masonry main_color'><div class=\"av-masonry-outerimage-container\"><div class='av-masonry-image-container'  ><img decoding=\"async\" width=\"500\" height=\"333\" fetchpriority=\"high\" class=\"wp-image-60160 avia-img-lazy-loading-not-60160\"  src=\"https:\/\/boulder.earth\/wp-content\/uploads\/2018\/03\/mad-ag.png\" title=\"agricultura loca\" alt=\"\" srcset=\"https:\/\/boulder.earth\/wp-content\/uploads\/2018\/03\/mad-ag.png 500w, https:\/\/boulder.earth\/wp-content\/uploads\/2018\/03\/mad-ag-300x200.png 300w, https:\/\/boulder.earth\/wp-content\/uploads\/2018\/03\/mad-ag-450x300.png 450w\" sizes=\"(max-width: 500px) 100vw, 500px\" \/><\/div><\/div><figcaption class='av-inner-masonry-content site-background'><div class='av-inner-masonry-content-pos'><div class='av-inner-masonry-content-pos-content'><div class='avia-arrow'><\/div><div class='av-masonry-entry-content entry-content'  itemprop=\"text\" >Impulsar una revoluci\u00f3n agr\u00edcola que restablezca nuestra relaci\u00f3n con la Tierra para que toda la vida pueda florecer para las generaciones venideras.<\/div><\/div><\/div><\/figcaption><\/figure><\/a><!--end av-masonry entry--><a href=\"https:\/\/boulder.earth\/es\/organizations\/naturally-boulder\/\"  id='av-masonry-1-item-22414' data-av-masonry-item='22414' class='av-masonry-entry isotope-item post-22414 portfolio type-portfolio status-publish has-post-thumbnail hentry portfolio_entries-agriculture portfolio_entries-business portfolio_entries-economics  av-masonry-item-with-image' title=\"roca natural\"   itemscope=\"itemscope\" itemtype=\"https:\/\/schema.org\/CreativeWork\" ><div class='av-inner-masonry-sizer'><\/div><figure class='av-inner-masonry main_color'><div class=\"av-masonry-outerimage-container\"><div class='av-masonry-image-container'  ><img decoding=\"async\" width=\"500\" height=\"333\" fetchpriority=\"high\" class=\"wp-image-22415 avia-img-lazy-loading-not-22415\"  src=\"https:\/\/boulder.earth\/wp-content\/uploads\/2017\/10\/naturally-boulder.png\" title=\"roca natural\" alt=\"\" srcset=\"https:\/\/boulder.earth\/wp-content\/uploads\/2017\/10\/naturally-boulder.png 500w, https:\/\/boulder.earth\/wp-content\/uploads\/2017\/10\/naturally-boulder-300x200.png 300w, https:\/\/boulder.earth\/wp-content\/uploads\/2017\/10\/naturally-boulder-450x300.png 450w\" sizes=\"(max-width: 500px) 100vw, 500px\" \/><\/div><\/div><figcaption class='av-inner-masonry-content site-background'><div class='av-inner-masonry-content-pos'><div class='av-inner-masonry-content-pos-content'><div class='avia-arrow'><\/div><div class='av-masonry-entry-content entry-content'  itemprop=\"text\" >sirviendo como una voz para la industria y ofreciendo programaci\u00f3n educativa durante todo el a\u00f1o y eventos de networking, y celebraciones que re\u00fanen a la comunidad de productos naturales de Colorado<\/div><\/div><\/div><\/figcaption><\/figure><\/a><!--end av-masonry entry--><a href=\"https:\/\/boulder.earth\/es\/organizations\/nude-foods\/\"  id='av-masonry-1-item-6464083' data-av-masonry-item='6464083' class='av-masonry-entry isotope-item post-6464083 portfolio type-portfolio status-publish has-post-thumbnail hentry portfolio_entries-agriculture portfolio_entries-business portfolio_entries-food portfolio_entries-food-waste portfolio_entries-zero-waste  av-masonry-item-with-image' title=\"Logotipo de Nude Foods\"   itemscope=\"itemscope\" itemtype=\"https:\/\/schema.org\/CreativeWork\" ><div class='av-inner-masonry-sizer'><\/div><figure class='av-inner-masonry main_color'><div class=\"av-masonry-outerimage-container\"><div class='av-masonry-image-container'  ><img decoding=\"async\" width=\"300\" height=\"200\" fetchpriority=\"high\" class=\"wp-image-6464084 avia-img-lazy-loading-not-6464084\"  src=\"https:\/\/boulder.earth\/wp-content\/uploads\/2025\/04\/Nude-Foods-Logo.png\" title=\"Logotipo de Nude Foods\" alt=\"\" srcset=\"https:\/\/boulder.earth\/wp-content\/uploads\/2025\/04\/Nude-Foods-Logo.png 300w, https:\/\/boulder.earth\/wp-content\/uploads\/2025\/04\/Nude-Foods-Logo-18x12.png 18w\" sizes=\"(max-width: 300px) 100vw, 300px\" \/><\/div><\/div><figcaption class='av-inner-masonry-content site-background'><div class='av-inner-masonry-content-pos'><div class='av-inner-masonry-content-pos-content'><div class='avia-arrow'><\/div><div class='av-masonry-entry-content entry-content'  itemprop=\"text\" >Una tienda de comestibles con servicio completo y la forma m\u00e1s f\u00e1cil de comprar alimentos org\u00e1nicos, locales y sin desperdicios.<\/div><\/div><\/div><\/figcaption><\/figure><\/a><!--end av-masonry entry--><a href=\"https:\/\/boulder.earth\/es\/organizations\/ollin-farms\/\"  id='av-masonry-1-item-69598' data-av-masonry-item='69598' class='av-masonry-entry isotope-item post-69598 portfolio type-portfolio status-publish has-post-thumbnail hentry portfolio_entries-agriculture portfolio_entries-environment portfolio_entries-food portfolio_entries-fracking portfolio_entries-resilience portfolio_entries-resources  av-masonry-item-with-image' title=\"OllinGranjasLogotipo\"   itemscope=\"itemscope\" itemtype=\"https:\/\/schema.org\/CreativeWork\" ><div class='av-inner-masonry-sizer'><\/div><figure class='av-inner-masonry main_color'><div class=\"av-masonry-outerimage-container\"><div class='av-masonry-image-container'  ><img decoding=\"async\" width=\"500\" height=\"333\" fetchpriority=\"high\" class=\"wp-image-69599 avia-img-lazy-loading-not-69599\"  src=\"https:\/\/boulder.earth\/wp-content\/uploads\/2018\/04\/OllinFarmsLogo.png\" title=\"OllinGranjasLogotipo\" alt=\"\" srcset=\"https:\/\/boulder.earth\/wp-content\/uploads\/2018\/04\/OllinFarmsLogo.png 500w, https:\/\/boulder.earth\/wp-content\/uploads\/2018\/04\/OllinFarmsLogo-300x200.png 300w, https:\/\/boulder.earth\/wp-content\/uploads\/2018\/04\/OllinFarmsLogo-450x300.png 450w\" sizes=\"(max-width: 500px) 100vw, 500px\" \/><\/div><\/div><figcaption class='av-inner-masonry-content site-background'><div class='av-inner-masonry-content-pos'><div class='av-inner-masonry-content-pos-content'><div class='avia-arrow'><\/div><div class='av-masonry-entry-content entry-content'  itemprop=\"text\" >Producir productos agr\u00edcolas de la m\u00e1s alta calidad sin dejar de regenerar los ecosistemas circundantes<\/div><\/div><\/div><\/figcaption><\/figure><\/a><!--end av-masonry entry--><a href=\"https:\/\/boulder.earth\/es\/organizations\/our-revolution-boulder\/\"  id='av-masonry-1-item-118284' data-av-masonry-item='118284' class='av-masonry-entry isotope-item post-118284 portfolio type-portfolio status-publish has-post-thumbnail hentry portfolio_entries-activism portfolio_entries-community portfolio_entries-environment portfolio_entries-justice portfolio_entries-transportation  av-masonry-item-with-image' title=\"NuestraRevoluci\u00f3n\"   itemscope=\"itemscope\" itemtype=\"https:\/\/schema.org\/CreativeWork\" ><div class='av-inner-masonry-sizer'><\/div><figure class='av-inner-masonry main_color'><div class=\"av-masonry-outerimage-container\"><div class='av-masonry-image-container'  ><img decoding=\"async\" width=\"500\" height=\"333\" fetchpriority=\"high\" class=\"wp-image-118292 avia-img-lazy-loading-not-118292\"  src=\"https:\/\/boulder.earth\/wp-content\/uploads\/2018\/11\/OurRevolution.jpg\" title=\"NuestraRevoluci\u00f3n\" alt=\"\" srcset=\"https:\/\/boulder.earth\/wp-content\/uploads\/2018\/11\/OurRevolution.jpg 500w, https:\/\/boulder.earth\/wp-content\/uploads\/2018\/11\/OurRevolution-300x200.jpg 300w, https:\/\/boulder.earth\/wp-content\/uploads\/2018\/11\/OurRevolution-450x300.jpg 450w\" sizes=\"(max-width: 500px) 100vw, 500px\" \/><\/div><\/div><figcaption class='av-inner-masonry-content site-background'><div class='av-inner-masonry-content-pos'><div class='av-inner-masonry-content-pos-content'><div class='avia-arrow'><\/div><div class='av-masonry-entry-content entry-content'  itemprop=\"text\" >Organizarse para una igualdad sostenible con justicia para todos<\/div><\/div><\/div><\/figcaption><\/figure><\/a><!--end av-masonry entry--><a href=\"https:\/\/boulder.earth\/es\/organizations\/passive-house-rocky-mountains\/\"  id='av-masonry-1-item-5479160' data-av-masonry-item='5479160' class='av-masonry-entry isotope-item post-5479160 portfolio type-portfolio status-publish has-post-thumbnail hentry portfolio_entries-energy portfolio_entries-housing  av-masonry-item-with-image' title=\"logo-phrm\"   itemscope=\"itemscope\" itemtype=\"https:\/\/schema.org\/CreativeWork\" ><div class='av-inner-masonry-sizer'><\/div><figure class='av-inner-masonry main_color'><div class=\"av-masonry-outerimage-container\"><div class='av-masonry-image-container'  ><img decoding=\"async\" width=\"300\" height=\"200\" fetchpriority=\"high\" class=\"wp-image-5479161 avia-img-lazy-loading-not-5479161\"  src=\"https:\/\/boulder.earth\/wp-content\/uploads\/2022\/10\/phrm-logo.jpg\" title=\"logo-phrm\" alt=\"\" srcset=\"https:\/\/boulder.earth\/wp-content\/uploads\/2022\/10\/phrm-logo.jpg 300w, https:\/\/boulder.earth\/wp-content\/uploads\/2022\/10\/phrm-logo-18x12.jpg 18w\" sizes=\"(max-width: 300px) 100vw, 300px\" \/><\/div><\/div><figcaption class='av-inner-masonry-content site-background'><div class='av-inner-masonry-content-pos'><div class='av-inner-masonry-content-pos-content'><div class='avia-arrow'><\/div><div class='av-masonry-entry-content entry-content'  itemprop=\"text\" >apoyando el est\u00e1ndar de construcci\u00f3n con mayor eficiencia energ\u00e9tica en el mundo a trav\u00e9s de la promoci\u00f3n, capacitaciones y una comunidad de apoyo<\/div><\/div><\/div><\/figcaption><\/figure><\/a><!--end av-masonry entry--><a href=\"https:\/\/boulder.earth\/es\/organizations\/people-and-pollinators-action-network\/\"  id='av-masonry-1-item-18993' data-av-masonry-item='18993' class='av-masonry-entry isotope-item post-18993 portfolio type-portfolio status-publish has-post-thumbnail hentry portfolio_entries-agriculture portfolio_entries-environment portfolio_entries-pollinators  av-masonry-item-with-image' title=\"Logotipo de PPAN\"   itemscope=\"itemscope\" itemtype=\"https:\/\/schema.org\/CreativeWork\" ><div class='av-inner-masonry-sizer'><\/div><figure class='av-inner-masonry main_color'><div class=\"av-masonry-outerimage-container\"><div class='av-masonry-image-container'  ><img decoding=\"async\" width=\"500\" height=\"333\" fetchpriority=\"high\" class=\"wp-image-18995 avia-img-lazy-loading-not-18995\"  src=\"https:\/\/boulder.earth\/wp-content\/uploads\/2017\/09\/PPANlogo.png\" title=\"Logotipo de PPAN\" alt=\"\" srcset=\"https:\/\/boulder.earth\/wp-content\/uploads\/2017\/09\/PPANlogo.png 500w, https:\/\/boulder.earth\/wp-content\/uploads\/2017\/09\/PPANlogo-300x200.png 300w, https:\/\/boulder.earth\/wp-content\/uploads\/2017\/09\/PPANlogo-450x300.png 450w\" sizes=\"(max-width: 500px) 100vw, 500px\" \/><\/div><\/div><figcaption class='av-inner-masonry-content site-background'><div class='av-inner-masonry-content-pos'><div class='av-inner-masonry-content-pos-content'><div class='avia-arrow'><\/div><div class='av-masonry-entry-content entry-content'  itemprop=\"text\" >proteger a las personas y a los polinizadores mediante el avance de pr\u00e1cticas agr\u00edcolas sostenibles, nuevas garant\u00edas para la salud p\u00fablica y mejoras para nuestro medio ambiente en todo Colorado<\/div><\/div><\/div><\/figcaption><\/figure><\/a><!--end av-masonry entry--><a href=\"https:\/\/boulder.earth\/es\/organizations\/people-for-bikes\/\"  id='av-masonry-1-item-20379' data-av-masonry-item='20379' class='av-masonry-entry isotope-item post-20379 portfolio type-portfolio status-publish has-post-thumbnail hentry portfolio_entries-community portfolio_entries-policy portfolio_entries-transportation  av-masonry-item-with-image' title=\"personas para bicicletas\"   itemscope=\"itemscope\" itemtype=\"https:\/\/schema.org\/CreativeWork\" ><div class='av-inner-masonry-sizer'><\/div><figure class='av-inner-masonry main_color'><div class=\"av-masonry-outerimage-container\"><div class='av-masonry-image-container'  ><img decoding=\"async\" width=\"500\" height=\"333\" fetchpriority=\"high\" class=\"wp-image-20381 avia-img-lazy-loading-not-20381\"  src=\"https:\/\/boulder.earth\/wp-content\/uploads\/2017\/09\/people-for-bikes.png\" title=\"personas para bicicletas\" alt=\"\" srcset=\"https:\/\/boulder.earth\/wp-content\/uploads\/2017\/09\/people-for-bikes.png 500w, https:\/\/boulder.earth\/wp-content\/uploads\/2017\/09\/people-for-bikes-300x200.png 300w, https:\/\/boulder.earth\/wp-content\/uploads\/2017\/09\/people-for-bikes-450x300.png 450w\" sizes=\"(max-width: 500px) 100vw, 500px\" \/><\/div><\/div><figcaption class='av-inner-masonry-content site-background'><div class='av-inner-masonry-content-pos'><div class='av-inner-masonry-content-pos-content'><div class='avia-arrow'><\/div><div class='av-masonry-entry-content entry-content'  itemprop=\"text\" >trabajar con funcionarios federales, estatales y locales para promover la financiaci\u00f3n de proyectos de bicicletas y leyes favorables a las bicicletas mientras se apoya a las comunidades ciclistas<\/div><\/div><\/div><\/figcaption><\/figure><\/a><!--end av-masonry entry--><a href=\"https:\/\/boulder.earth\/es\/organizations\/permaculture-action-network\/\"  id='av-masonry-1-item-20369' data-av-masonry-item='20369' class='av-masonry-entry isotope-item post-20369 portfolio type-portfolio status-publish has-post-thumbnail hentry portfolio_entries-activism portfolio_entries-agriculture portfolio_entries-arts-culture portfolio_entries-community portfolio_entries-justice  av-masonry-item-with-image' title=\"permacultura-accion-red\"   itemscope=\"itemscope\" itemtype=\"https:\/\/schema.org\/CreativeWork\" ><div class='av-inner-masonry-sizer'><\/div><figure class='av-inner-masonry main_color'><div class=\"av-masonry-outerimage-container\"><div class='av-masonry-image-container'  ><img decoding=\"async\" width=\"500\" height=\"333\" fetchpriority=\"high\" class=\"wp-image-20375 avia-img-lazy-loading-not-20375\"  src=\"https:\/\/boulder.earth\/wp-content\/uploads\/2017\/09\/permaculture-action-network.png\" title=\"permacultura-accion-red\" alt=\"\" srcset=\"https:\/\/boulder.earth\/wp-content\/uploads\/2017\/09\/permaculture-action-network.png 500w, https:\/\/boulder.earth\/wp-content\/uploads\/2017\/09\/permaculture-action-network-300x200.png 300w, https:\/\/boulder.earth\/wp-content\/uploads\/2017\/09\/permaculture-action-network-450x300.png 450w\" sizes=\"(max-width: 500px) 100vw, 500px\" \/><\/div><\/div><figcaption class='av-inner-masonry-content site-background'><div class='av-inner-masonry-content-pos'><div class='av-inner-masonry-content-pos-content'><div class='avia-arrow'><\/div><div class='av-masonry-entry-content entry-content'  itemprop=\"text\" >trabajando en la intersecci\u00f3n del arte, la m\u00fasica y la cultura regenerativa para ofrecer a las personas un camino para tomar acci\u00f3n localmente donde viven para crear comunidades empoderadas<\/div><\/div><\/div><\/figcaption><\/figure><\/a><!--end av-masonry entry--><a href=\"https:\/\/boulder.earth\/es\/organizations\/regenerative-adventures\/\"  id='av-masonry-1-item-29129' data-av-masonry-item='29129' class='av-masonry-entry isotope-item post-29129 portfolio type-portfolio status-publish has-post-thumbnail hentry portfolio_entries-agriculture portfolio_entries-community portfolio_entries-education  av-masonry-item-with-image' title=\"aventuras regenerativas\"   itemscope=\"itemscope\" itemtype=\"https:\/\/schema.org\/CreativeWork\" ><div class='av-inner-masonry-sizer'><\/div><figure class='av-inner-masonry main_color'><div class=\"av-masonry-outerimage-container\"><div class='av-masonry-image-container'  ><img decoding=\"async\" width=\"500\" height=\"333\" fetchpriority=\"high\" class=\"wp-image-46211 avia-img-lazy-loading-not-46211\"  src=\"https:\/\/boulder.earth\/wp-content\/uploads\/2017\/11\/regenerative-adventures.jpg\" title=\"aventuras regenerativas\" alt=\"\" srcset=\"https:\/\/boulder.earth\/wp-content\/uploads\/2017\/11\/regenerative-adventures.jpg 500w, https:\/\/boulder.earth\/wp-content\/uploads\/2017\/11\/regenerative-adventures-300x200.jpg 300w, https:\/\/boulder.earth\/wp-content\/uploads\/2017\/11\/regenerative-adventures-450x300.jpg 450w\" sizes=\"(max-width: 500px) 100vw, 500px\" \/><\/div><\/div><figcaption class='av-inner-masonry-content site-background'><div class='av-inner-masonry-content-pos'><div class='av-inner-masonry-content-pos-content'><div class='avia-arrow'><\/div><div class='av-masonry-entry-content entry-content'  itemprop=\"text\" >facilitar los esfuerzos de colaboraci\u00f3n para dise\u00f1ar e instalar espacios creativos y \u00fatiles a trav\u00e9s de soluciones de dise\u00f1o ecol\u00f3gico, creando oportunidades durante todo el a\u00f1o para la participaci\u00f3n y la educaci\u00f3n de la comunidad<\/div><\/div><\/div><\/figcaption><\/figure><\/a><!--end av-masonry entry--><a href=\"https:\/\/boulder.earth\/es\/organizations\/restore-colorado\/\"  id='av-masonry-1-item-657045' data-av-masonry-item='657045' class='av-masonry-entry isotope-item post-657045 portfolio type-portfolio status-publish has-post-thumbnail hentry portfolio_entries-agriculture portfolio_entries-food portfolio_entries-zero-waste  av-masonry-item-with-image' title=\"restaurar colorado\"   itemscope=\"itemscope\" itemtype=\"https:\/\/schema.org\/CreativeWork\" ><div class='av-inner-masonry-sizer'><\/div><figure class='av-inner-masonry main_color'><div class=\"av-masonry-outerimage-container\"><div class='av-masonry-image-container'  ><img decoding=\"async\" width=\"300\" height=\"200\" fetchpriority=\"high\" class=\"wp-image-657712 avia-img-lazy-loading-not-657712\"  src=\"https:\/\/boulder.earth\/wp-content\/uploads\/2021\/02\/RestoreColorado.png\" title=\"restaurar colorado\" alt=\"\" \/><\/div><\/div><figcaption class='av-inner-masonry-content site-background'><div class='av-inner-masonry-content-pos'><div class='av-inner-masonry-content-pos-content'><div class='avia-arrow'><\/div><div class='av-masonry-entry-content entry-content'  itemprop=\"text\" >mejorar la resiliencia y abordar el cambio clim\u00e1tico a trav\u00e9s de alimentos y suelos saludables en granjas y ranchos locales<\/div><\/div><\/div><\/figcaption><\/figure><\/a><!--end av-masonry entry--><a href=\"https:\/\/boulder.earth\/es\/organizations\/save-our-st-vrain-valley\/\"  id='av-masonry-1-item-127977' data-av-masonry-item='127977' class='av-masonry-entry isotope-item post-127977 portfolio type-portfolio status-publish has-post-thumbnail hentry portfolio_entries-activism portfolio_entries-conservation portfolio_entries-environment  av-masonry-item-with-image' title=\"salva nuestro valle de st vrain\"   itemscope=\"itemscope\" itemtype=\"https:\/\/schema.org\/CreativeWork\" ><div class='av-inner-masonry-sizer'><\/div><figure class='av-inner-masonry main_color'><div class=\"av-masonry-outerimage-container\"><div class='av-masonry-image-container'  ><img decoding=\"async\" width=\"300\" height=\"200\" fetchpriority=\"high\" class=\"wp-image-127991 avia-img-lazy-loading-not-127991\"  src=\"https:\/\/boulder.earth\/wp-content\/uploads\/2019\/04\/save-our-st-vrain-valley.png\" title=\"salva nuestro valle de st vrain\" alt=\"\" \/><\/div><\/div><figcaption class='av-inner-masonry-content site-background'><div class='av-inner-masonry-content-pos'><div class='av-inner-masonry-content-pos-content'><div class='avia-arrow'><\/div><div class='av-masonry-entry-content entry-content'  itemprop=\"text\" >abogar por la protecci\u00f3n y conservaci\u00f3n del medio ambiente del hist\u00f3rico y geol\u00f3gicamente \u00fanico St. Vrain Valley, y su desarrollo saludable para los residentes, la vida silvestre, los visitantes y las generaciones futuras<\/div><\/div><\/div><\/figcaption><\/figure><\/a><!--end av-masonry entry--><a href=\"https:\/\/boulder.earth\/es\/organizations\/school-food-project\/\"  id='av-masonry-1-item-60508' data-av-masonry-item='60508' class='av-masonry-entry isotope-item post-60508 portfolio type-portfolio status-publish has-post-thumbnail hentry portfolio_entries-agriculture portfolio_entries-education portfolio_entries-food portfolio_entries-food-waste portfolio_entries-pollinators portfolio_entries-programproject  av-masonry-item-with-image' title=\"bvsd-school-food-project\"   itemscope=\"itemscope\" itemtype=\"https:\/\/schema.org\/CreativeWork\" ><div class='av-inner-masonry-sizer'><\/div><figure class='av-inner-masonry main_color'><div class=\"av-masonry-outerimage-container\"><div class='av-masonry-image-container'  ><img decoding=\"async\" width=\"500\" height=\"333\" fetchpriority=\"high\" class=\"wp-image-60509 avia-img-lazy-loading-not-60509\"  src=\"https:\/\/boulder.earth\/wp-content\/uploads\/2018\/03\/bvsd-school-food-project.png\" title=\"bvsd-school-food-project\" alt=\"\" srcset=\"https:\/\/boulder.earth\/wp-content\/uploads\/2018\/03\/bvsd-school-food-project.png 500w, https:\/\/boulder.earth\/wp-content\/uploads\/2018\/03\/bvsd-school-food-project-300x200.png 300w, https:\/\/boulder.earth\/wp-content\/uploads\/2018\/03\/bvsd-school-food-project-450x300.png 450w\" sizes=\"(max-width: 500px) 100vw, 500px\" \/><\/div><\/div><figcaption class='av-inner-masonry-content site-background'><div class='av-inner-masonry-content-pos'><div class='av-inner-masonry-content-pos-content'><div class='avia-arrow'><\/div><div class='av-masonry-entry-content entry-content'  itemprop=\"text\" >Dedicado a mejorar la salud de cada estudiante proporcionando alimentos saludables y ofreciendo programas de educaci\u00f3n nutricional para desarrollar cuerpos y mentes j\u00f3venes.<\/div><\/div><\/div><\/figcaption><\/figure><\/a><!--end av-masonry entry--><a href=\"https:\/\/boulder.earth\/es\/organizations\/school-gardens-school-food-project\/\"  id='av-masonry-1-item-62204' data-av-masonry-item='62204' class='av-masonry-entry isotope-item post-62204 portfolio type-portfolio status-publish has-post-thumbnail hentry portfolio_entries-agriculture portfolio_entries-education portfolio_entries-food portfolio_entries-pollinators portfolio_entries-programproject  av-masonry-item-with-image' title=\"jardines escolares bvsd\"   itemscope=\"itemscope\" itemtype=\"https:\/\/schema.org\/CreativeWork\" ><div class='av-inner-masonry-sizer'><\/div><figure class='av-inner-masonry main_color'><div class=\"av-masonry-outerimage-container\"><div class='av-masonry-image-container'  ><img decoding=\"async\" width=\"500\" height=\"333\" fetchpriority=\"high\" class=\"wp-image-75398 avia-img-lazy-loading-not-75398\"  src=\"https:\/\/boulder.earth\/wp-content\/uploads\/2018\/04\/bvsd-school-gardens.png\" title=\"jardines escolares bvsd\" alt=\"\" srcset=\"https:\/\/boulder.earth\/wp-content\/uploads\/2018\/04\/bvsd-school-gardens.png 500w, https:\/\/boulder.earth\/wp-content\/uploads\/2018\/04\/bvsd-school-gardens-300x200.png 300w, https:\/\/boulder.earth\/wp-content\/uploads\/2018\/04\/bvsd-school-gardens-450x300.png 450w\" sizes=\"(max-width: 500px) 100vw, 500px\" \/><\/div><\/div><figcaption class='av-inner-masonry-content site-background'><div class='av-inner-masonry-content-pos'><div class='av-inner-masonry-content-pos-content'><div class='avia-arrow'><\/div><div class='av-masonry-entry-content entry-content'  itemprop=\"text\" >Brindar muchas oportunidades de aprendizaje pr\u00e1ctico para los estudiantes, incluidos consejos, herramientas y recursos para comenzar, mantener o ampliar los jardines escolares en el Manual de BVSD Garden As A Classroom.<\/div><\/div><\/div><\/figcaption><\/figure><\/a><!--end av-masonry entry--><a href=\"https:\/\/boulder.earth\/es\/organizations\/seed-to-table-boulder-public-library\/\"  id='av-masonry-1-item-63586' data-av-masonry-item='63586' class='av-masonry-entry isotope-item post-63586 portfolio type-portfolio status-publish has-post-thumbnail hentry portfolio_entries-agriculture portfolio_entries-community portfolio_entries-environment portfolio_entries-food portfolio_entries-pollinators  av-masonry-item-with-image' title=\"BPL-Semillas-Jardines\"   itemscope=\"itemscope\" itemtype=\"https:\/\/schema.org\/CreativeWork\" ><div class='av-inner-masonry-sizer'><\/div><figure class='av-inner-masonry main_color'><div class=\"av-masonry-outerimage-container\"><div class='av-masonry-image-container'  ><img decoding=\"async\" width=\"500\" height=\"333\" fetchpriority=\"high\" class=\"wp-image-63592 avia-img-lazy-loading-not-63592\"  src=\"https:\/\/boulder.earth\/wp-content\/uploads\/2018\/04\/BPL-Seeds-Gardens.png\" title=\"BPL-Semillas-Jardines\" alt=\"\" srcset=\"https:\/\/boulder.earth\/wp-content\/uploads\/2018\/04\/BPL-Seeds-Gardens.png 500w, https:\/\/boulder.earth\/wp-content\/uploads\/2018\/04\/BPL-Seeds-Gardens-300x200.png 300w, https:\/\/boulder.earth\/wp-content\/uploads\/2018\/04\/BPL-Seeds-Gardens-450x300.png 450w\" sizes=\"(max-width: 500px) 100vw, 500px\" \/><\/div><\/div><figcaption class='av-inner-masonry-content site-background'><div class='av-inner-masonry-content-pos'><div class='av-inner-masonry-content-pos-content'><div class='avia-arrow'><\/div><div class='av-masonry-entry-content entry-content'  itemprop=\"text\" >Proporcionar paquetes de semillas de la biblioteca de semillas para cultivar flores y plantas comestibles en el hogar y organizar The Edible Learning Garden<\/div><\/div><\/div><\/figcaption><\/figure><\/a><!--end av-masonry entry--><a href=\"https:\/\/boulder.earth\/es\/organizations\/southwest-energy-efficiency-project\/\"  id='av-masonry-1-item-127815' data-av-masonry-item='127815' class='av-masonry-entry isotope-item post-127815 portfolio type-portfolio status-publish has-post-thumbnail hentry portfolio_entries-economics portfolio_entries-energy portfolio_entries-transportation  av-masonry-item-with-image' title=\"barrer\"   itemscope=\"itemscope\" itemtype=\"https:\/\/schema.org\/CreativeWork\" ><div class='av-inner-masonry-sizer'><\/div><figure class='av-inner-masonry main_color'><div class=\"av-masonry-outerimage-container\"><div class='av-masonry-image-container'  ><img decoding=\"async\" width=\"300\" height=\"200\" fetchpriority=\"high\" class=\"wp-image-127816 avia-img-lazy-loading-not-127816\"  src=\"https:\/\/boulder.earth\/wp-content\/uploads\/2019\/04\/sweep.png\" title=\"barrer\" alt=\"\" \/><\/div><\/div><figcaption class='av-inner-masonry-content site-background'><div class='av-inner-masonry-content-pos'><div class='av-inner-masonry-content-pos-content'><div class='avia-arrow'><\/div><div class='av-masonry-entry-content entry-content'  itemprop=\"text\" >Ahorro de dinero y protecci\u00f3n del medio ambiente mediante el avance de la eficiencia energ\u00e9tica y el transporte limpio en Arizona, Colorado, Nevada, Nuevo M\u00e9xico, Utah y Wyoming<\/div><\/div><\/div><\/figcaption><\/figure><\/a><!--end av-masonry entry--><a href=\"https:\/\/boulder.earth\/es\/organizations\/the-golden-hoof\/\"  id='av-masonry-1-item-138904' data-av-masonry-item='138904' class='av-masonry-entry isotope-item post-138904 portfolio type-portfolio status-publish has-post-thumbnail hentry portfolio_entries-agriculture portfolio_entries-food portfolio_entries-food-waste  av-masonry-item-with-image' title=\"el-pezu\u00f1a-de-oro\"   itemscope=\"itemscope\" itemtype=\"https:\/\/schema.org\/CreativeWork\" ><div class='av-inner-masonry-sizer'><\/div><figure class='av-inner-masonry main_color'><div class=\"av-masonry-outerimage-container\"><div class='av-masonry-image-container'  ><img decoding=\"async\" width=\"300\" height=\"200\" fetchpriority=\"high\" class=\"wp-image-138907 avia-img-lazy-loading-not-138907\"  src=\"https:\/\/boulder.earth\/wp-content\/uploads\/2019\/08\/the-golden-hoof.png\" title=\"el-pezu\u00f1a-de-oro\" alt=\"\" \/><\/div><\/div><figcaption class='av-inner-masonry-content site-background'><div class='av-inner-masonry-content-pos'><div class='av-inner-masonry-content-pos-content'><div class='avia-arrow'><\/div><div class='av-masonry-entry-content entry-content'  itemprop=\"text\" >una &quot;granja regenerativa de Slow Food&quot; de 27 acres administrada con m\u00e9todos inspirados en los ecosistemas autosuficientes de la naturaleza<\/div><\/div><\/div><\/figcaption><\/figure><\/a><!--end av-masonry entry--><a href=\"https:\/\/boulder.earth\/es\/organizations\/uproot\/\"  id='av-masonry-1-item-82533' data-av-masonry-item='82533' class='av-masonry-entry isotope-item post-82533 portfolio type-portfolio status-publish has-post-thumbnail hentry portfolio_entries-agriculture portfolio_entries-education portfolio_entries-food portfolio_entries-food-waste portfolio_entries-policy portfolio_entries-zero-waste  av-masonry-item-with-image' title=\"desarraigar\"   itemscope=\"itemscope\" itemtype=\"https:\/\/schema.org\/CreativeWork\" ><div class='av-inner-masonry-sizer'><\/div><figure class='av-inner-masonry main_color'><div class=\"av-masonry-outerimage-container\"><div class='av-masonry-image-container'  ><img decoding=\"async\" width=\"500\" height=\"333\" fetchpriority=\"high\" class=\"wp-image-82535 avia-img-lazy-loading-not-82535\"  src=\"https:\/\/boulder.earth\/wp-content\/uploads\/2018\/06\/uproot-logo.png\" title=\"desarraigar\" alt=\"\" srcset=\"https:\/\/boulder.earth\/wp-content\/uploads\/2018\/06\/uproot-logo.png 500w, https:\/\/boulder.earth\/wp-content\/uploads\/2018\/06\/uproot-logo-300x200.png 300w, https:\/\/boulder.earth\/wp-content\/uploads\/2018\/06\/uproot-logo-450x300.png 450w\" sizes=\"(max-width: 500px) 100vw, 500px\" \/><\/div><\/div><figcaption class='av-inner-masonry-content site-background'><div class='av-inner-masonry-content-pos'><div class='av-inner-masonry-content-pos-content'><div class='avia-arrow'><\/div><div class='av-masonry-entry-content entry-content'  itemprop=\"text\" >Trabajando para administrar el excedente agr\u00edcola y reducir la p\u00e9rdida de alimentos en las granjas en todo el estado a trav\u00e9s de la recolecci\u00f3n, la educaci\u00f3n experiencial, la investigaci\u00f3n y la defensa legislativa.<\/div><\/div><\/div><\/figcaption><\/figure><\/a><!--end av-masonry entry--><a href=\"https:\/\/boulder.earth\/es\/organizations\/vessel\/\"  id='av-masonry-1-item-96015' data-av-masonry-item='96015' class='av-masonry-entry isotope-item post-96015 portfolio type-portfolio status-publish has-post-thumbnail hentry portfolio_entries-business portfolio_entries-conservation portfolio_entries-zero-waste  av-masonry-item-with-image' title=\"Buque\"   itemscope=\"itemscope\" itemtype=\"https:\/\/schema.org\/CreativeWork\" ><div class='av-inner-masonry-sizer'><\/div><figure class='av-inner-masonry main_color'><div class=\"av-masonry-outerimage-container\"><div class='av-masonry-image-container'  ><img decoding=\"async\" width=\"500\" height=\"333\" fetchpriority=\"high\" class=\"wp-image-96018 avia-img-lazy-loading-not-96018\"  src=\"https:\/\/boulder.earth\/wp-content\/uploads\/2018\/07\/Vessel-logo.png\" title=\"Buque\" alt=\"\" srcset=\"https:\/\/boulder.earth\/wp-content\/uploads\/2018\/07\/Vessel-logo.png 500w, https:\/\/boulder.earth\/wp-content\/uploads\/2018\/07\/Vessel-logo-300x200.png 300w, https:\/\/boulder.earth\/wp-content\/uploads\/2018\/07\/Vessel-logo-450x300.png 450w\" sizes=\"(max-width: 500px) 100vw, 500px\" \/><\/div><\/div><figcaption class='av-inner-masonry-content site-background'><div class='av-inner-masonry-content-pos'><div class='av-inner-masonry-content-pos-content'><div class='avia-arrow'><\/div><div class='av-masonry-entry-content entry-content'  itemprop=\"text\" >Combinando un servicio estilo biblioteca con tecnolog\u00eda de seguimiento sofisticada para eliminar la necesidad de vasos de papel y pl\u00e1stico para llevar<\/div><\/div><\/div><\/figcaption><\/figure><\/a><!--end av-masonry entry--><a href=\"https:\/\/boulder.earth\/es\/organizations\/western-resource-advocates\/\"  id='av-masonry-1-item-30979' data-av-masonry-item='30979' class='av-masonry-entry isotope-item post-30979 portfolio type-portfolio status-publish has-post-thumbnail hentry portfolio_entries-conservation portfolio_entries-economics portfolio_entries-environment portfolio_entries-policy portfolio_entries-water  av-masonry-item-with-image' title=\"wra-logo\"   itemscope=\"itemscope\" itemtype=\"https:\/\/schema.org\/CreativeWork\" ><div class='av-inner-masonry-sizer'><\/div><figure class='av-inner-masonry main_color'><div class=\"av-masonry-outerimage-container\"><div class='av-masonry-image-container'  ><img decoding=\"async\" width=\"500\" height=\"333\" fetchpriority=\"high\" class=\"wp-image-30981 avia-img-lazy-loading-not-30981\"  src=\"https:\/\/boulder.earth\/wp-content\/uploads\/2017\/11\/wra-logo.png\" title=\"wra-logo\" alt=\"\" srcset=\"https:\/\/boulder.earth\/wp-content\/uploads\/2017\/11\/wra-logo.png 500w, https:\/\/boulder.earth\/wp-content\/uploads\/2017\/11\/wra-logo-300x200.png 300w, https:\/\/boulder.earth\/wp-content\/uploads\/2017\/11\/wra-logo-450x300.png 450w\" sizes=\"(max-width: 500px) 100vw, 500px\" \/><\/div><\/div><figcaption class='av-inner-masonry-content site-background'><div class='av-inner-masonry-content-pos'><div class='av-inner-masonry-content-pos-content'><div class='avia-arrow'><\/div><div class='av-masonry-entry-content entry-content'  itemprop=\"text\" >dedicado a proteger la tierra, el aire y el agua del oeste para garantizar que existan comunidades vibrantes en equilibrio con la naturaleza, utilizando la ley, la ciencia y la econom\u00eda para crear soluciones innovadoras a los problemas de conservaci\u00f3n m\u00e1s apremiantes en la regi\u00f3n<\/div><\/div><\/div><\/figcaption><\/figure><\/a><!--end av-masonry entry--><a href=\"https:\/\/boulder.earth\/es\/organizations\/wild-boulder-citizen-science-in-action\/\"  id='av-masonry-1-item-62236' data-av-masonry-item='62236' class='av-masonry-entry isotope-item post-62236 portfolio type-portfolio status-publish has-post-thumbnail hentry portfolio_entries-agriculture portfolio_entries-community portfolio_entries-education portfolio_entries-pollinators portfolio_entries-science portfolio_entries-water  av-masonry-item-with-image' title=\"WildBoulder\"   itemscope=\"itemscope\" itemtype=\"https:\/\/schema.org\/CreativeWork\" ><div class='av-inner-masonry-sizer'><\/div><figure class='av-inner-masonry main_color'><div class=\"av-masonry-outerimage-container\"><div class='av-masonry-image-container'  ><img decoding=\"async\" width=\"500\" height=\"333\" fetchpriority=\"high\" class=\"wp-image-62241 avia-img-lazy-loading-not-62241\"  src=\"https:\/\/boulder.earth\/wp-content\/uploads\/2018\/04\/WildBoulder-1.png\" title=\"WildBoulder\" alt=\"\" srcset=\"https:\/\/boulder.earth\/wp-content\/uploads\/2018\/04\/WildBoulder-1.png 500w, https:\/\/boulder.earth\/wp-content\/uploads\/2018\/04\/WildBoulder-1-300x200.png 300w, https:\/\/boulder.earth\/wp-content\/uploads\/2018\/04\/WildBoulder-1-450x300.png 450w\" sizes=\"(max-width: 500px) 100vw, 500px\" \/><\/div><\/div><figcaption class='av-inner-masonry-content site-background'><div class='av-inner-masonry-content-pos'><div class='av-inner-masonry-content-pos-content'><div class='avia-arrow'><\/div><div class='av-masonry-entry-content entry-content'  itemprop=\"text\" >Enviar el llamado a los miembros de la comunidad para que asuman un papel activo en la protecci\u00f3n de nuestros espacios abiertos y la vida silvestre.<\/div><\/div><\/div><\/figcaption><\/figure><\/a><!--end av-masonry entry--><a href=\"https:\/\/boulder.earth\/es\/organizations\/xeric-gardens-resource-central\/\"  id='av-masonry-1-item-62225' data-av-masonry-item='62225' class='av-masonry-entry isotope-item post-62225 portfolio type-portfolio status-publish has-post-thumbnail hentry portfolio_entries-agriculture portfolio_entries-pollinators portfolio_entries-resources portfolio_entries-water portfolio_entries-zero-waste  av-masonry-item-with-image' title=\"central de recursos\"   itemscope=\"itemscope\" itemtype=\"https:\/\/schema.org\/CreativeWork\" ><div class='av-inner-masonry-sizer'><\/div><figure class='av-inner-masonry main_color'><div class=\"av-masonry-outerimage-container\"><div class='av-masonry-image-container'  ><img decoding=\"async\" width=\"300\" height=\"200\" fetchpriority=\"high\" class=\"wp-image-125887 avia-img-lazy-loading-not-125887\"  src=\"https:\/\/boulder.earth\/wp-content\/uploads\/2018\/04\/resource-central.png\" title=\"central de recursos\" alt=\"\" \/><\/div><\/div><figcaption class='av-inner-masonry-content site-background'><div class='av-inner-masonry-content-pos'><div class='av-inner-masonry-content-pos-content'><div class='avia-arrow'><\/div><div class='av-masonry-entry-content entry-content'  itemprop=\"text\" >dedicado a ayudar a las personas a ahorrar agua, reducir los desechos y conservar la energ\u00eda<\/div><\/div><\/div><\/figcaption><\/figure><\/a><!--end av-masonry entry--><a href=\"https:\/\/boulder.earth\/es\/organizations\/yellow-barn-farm\/\"  id='av-masonry-1-item-534374' data-av-masonry-item='534374' class='av-masonry-entry isotope-item post-534374 portfolio type-portfolio status-publish has-post-thumbnail hentry portfolio_entries-agriculture portfolio_entries-community portfolio_entries-food  av-masonry-item-with-image' title=\"granja de granero amarillo\"   itemscope=\"itemscope\" itemtype=\"https:\/\/schema.org\/CreativeWork\" ><div class='av-inner-masonry-sizer'><\/div><figure class='av-inner-masonry main_color'><div class=\"av-masonry-outerimage-container\"><div class='av-masonry-image-container'  ><img decoding=\"async\" width=\"300\" height=\"200\" fetchpriority=\"high\" class=\"wp-image-534412 avia-img-lazy-loading-not-534412\"  src=\"https:\/\/boulder.earth\/wp-content\/uploads\/2021\/02\/yellowbarnfarm.png\" title=\"granja de granero amarillo\" alt=\"\" \/><\/div><\/div><figcaption class='av-inner-masonry-content site-background'><div class='av-inner-masonry-content-pos'><div class='av-inner-masonry-content-pos-content'><div class='avia-arrow'><\/div><div class='av-masonry-entry-content entry-content'  itemprop=\"text\" >Construyendo una comunidad en torno a pr\u00e1cticas regenerativas y sostenibles en agricultura, educaci\u00f3n y juego colaborativo<\/div><\/div><\/div><\/figcaption><\/figure><\/a><!--end av-masonry entry--><\/div><\/div><br \/>\n<section  class='av_textblock_section av-9ydukedf-29c5afac5e5b487a5ffebaebe13b09e9'   itemscope=\"itemscope\" itemtype=\"https:\/\/schema.org\/CreativeWork\" ><div class='avia_textblock'  itemprop=\"text\" ><h3 style=\"text-align: center;\">\u00bfDebe su organizaci\u00f3n estar en la lista?<\/h3>\n<\/div><\/section><br \/>\n<div  class='avia-button-wrap av-8e23qkw3-0ab228f1408a06c82d017167e2c55935-wrap avia-button-center  avia-builder-el-19  el_after_av_textblock  el_before_av_hr'><a href='\/es\/feedback\/'  class='avia-button av-8e23qkw3-0ab228f1408a06c82d017167e2c55935 av-link-btn avia-icon_select-yes-left-icon avia-size-x-large avia-position-center avia-color-theme-color'  target=\"_blank\"  rel=\"noopener noreferrer\"  aria-label=\"Comparte tu informaci\u00f3n aqu\u00ed\"><span class='avia_button_icon avia_button_icon_left avia-iconfont avia-font-entypo-fontello' data-av_icon='\ue8d2' data-av_iconfont='entypo-fontello' ><\/span><span class='avia_iconbox_title' >Comparte tu informaci\u00f3n aqu\u00ed<\/span><\/a><\/div><br \/>\n\n<style type=\"text\/css\" data-created_by=\"avia_inline_auto\" id=\"style-css-av-6m10hglf-d374bc911916966a88e3a2fd9c06112c\">\n#top .hr.hr-invisible.av-6m10hglf-d374bc911916966a88e3a2fd9c06112c{\nheight:30px;\n}\n<\/style>\n<div  class='hr av-6m10hglf-d374bc911916966a88e3a2fd9c06112c hr-invisible  avia-builder-el-20  el_after_av_button  avia-builder-el-last'><span class='hr-inner'><span class=\"hr-inner-style\"><\/span><\/span><\/div><\/p><\/div>\n<style type=\"text\/css\" data-created_by=\"avia_inline_auto\" id=\"style-css-av-64si1nb7-43fb9e17338d9effcde78f293f729871\">\n.flex_column.av-64si1nb7-43fb9e17338d9effcde78f293f729871{\nborder-radius:0px 0px 0px 0px;\npadding:0px 0px 0px 0px;\n}\n<\/style>\n<div  class='flex_column av-64si1nb7-43fb9e17338d9effcde78f293f729871 av_one_full  avia-builder-el-21  el_after_av_one_full  avia-builder-el-last  first flex_column_div av-zero-column-padding  column-top-margin'     ><br \/>\n\n<style type=\"text\/css\" data-created_by=\"avia_inline_auto\" id=\"style-css-av-3r1bjphf-500fb83e09ac7561f7a6193f04e92904\">\n#top .hr.hr-invisible.av-3r1bjphf-500fb83e09ac7561f7a6193f04e92904{\nheight:30px;\n}\n<\/style>\n<div  class='hr av-3r1bjphf-500fb83e09ac7561f7a6193f04e92904 hr-invisible  avia-builder-el-23  el_after_av_codeblock  el_before_av_social_share'><span class='hr-inner'><span class=\"hr-inner-style\"><\/span><\/span><\/div><br \/>\n<div  class='av-social-sharing-box av-1lvweo5f-f9307fe9ff7f7787bf6845f9e8e1182a av-social-sharing-box-default  avia-builder-el-24  el_after_av_hr  avia-builder-el-last  av-social-sharing-box-fullwidth'><div class=\"av-share-box\"><h5 class='av-share-link-description av-no-toc'>Comparta esta informaci\u00f3n de CMAP<\/h5><ul class=\"av-share-box-list noLightbox\"><li class='av-share-link av-social-link-facebook avia_social_iconfont' ><a target=\"_blank\" aria-label=\"Compartir en Facebook\" href='https:\/\/www.facebook.com\/sharer.php?u=https:\/\/boulder.earth\/es\/land-use\/&#038;t=Land%20Use' data-av_icon='\ue8f3' data-av_iconfont='entypo-fontello'  title='' data-avia-related-tooltip='Share on Facebook'><span class='avia_hidden_link_text'>Compartir en Facebook<\/span><\/a><\/li><li class='av-share-link av-social-link-twitter avia_social_iconfont' ><a target=\"_blank\" aria-label=\"Compartir en X\" href='https:\/\/twitter.com\/share?text=Land%20Use&#038;url=https:\/\/boulder.earth\/es\/?p=5476803' data-av_icon='\ue932' data-av_iconfont='entypo-fontello'  title='' data-avia-related-tooltip='Share on X'><span class='avia_hidden_link_text'>Compartir en X<\/span><\/a><\/li><li class='av-share-link av-social-link-whatsapp avia_social_iconfont' ><a target=\"_blank\" aria-label=\"Compartir en WhatsApp\" href='https:\/\/api.whatsapp.com\/send?text=https:\/\/boulder.earth\/es\/land-use\/' data-av_icon='\uf232' data-av_iconfont='entypo-fontello'  title='' data-avia-related-tooltip='Share on WhatsApp'><span class='avia_hidden_link_text'>Compartir en WhatsApp<\/span><\/a><\/li><li class='av-share-link av-social-link-pinterest avia_social_iconfont' ><a target=\"_blank\" aria-label=\"Compartir en Pinterest\" href='https:\/\/pinterest.com\/pin\/create\/button\/?url=https%3A%2F%2Fboulder.earth%2Fes%2Fland-use%2F&#038;description=Land%20Use&#038;media=https%3A%2F%2Fboulder.earth%2Fwp-content%2Fuploads%2F2019%2F11%2Flanduse-featured.png' data-av_icon='\ue8f8' data-av_iconfont='entypo-fontello'  title='' data-avia-related-tooltip='Share on Pinterest'><span class='avia_hidden_link_text'>Compartir en Pinterest<\/span><\/a><\/li><li class='av-share-link av-social-link-linkedin avia_social_iconfont' ><a target=\"_blank\" aria-label=\"Compartir en LinkedIn\" href='https:\/\/linkedin.com\/shareArticle?mini=true&#038;title=Land%20Use&#038;url=https:\/\/boulder.earth\/es\/land-use\/' data-av_icon='\ue8fc' data-av_iconfont='entypo-fontello'  title='' data-avia-related-tooltip='Share on LinkedIn'><span class='avia_hidden_link_text'>Compartir en LinkedIn<\/span><\/a><\/li><li class='av-share-link av-social-link-tumblr avia_social_iconfont' ><a target=\"_blank\" aria-label=\"Compartir en Tumblr\" href='https:\/\/www.tumblr.com\/share\/link?url=https%3A%2F%2Fboulder.earth%2Fes%2Fland-use%2F&#038;name=Land%20Use&#038;description=Ensuring%20construction%2C%20conservation%2C%20travel%20and%20recreation%20in%20our%20local%20space%20sustains%20our%20health%2C%20happiness%20and%20resilience' data-av_icon='\ue8fa' data-av_iconfont='entypo-fontello'  title='' data-avia-related-tooltip='Share on Tumblr'><span class='avia_hidden_link_text'>Compartir en Tumblr<\/span><\/a><\/li><li class='av-share-link av-social-link-vk avia_social_iconfont' ><a target=\"_blank\" aria-label=\"Compartir en Vk\" href='https:\/\/vk.com\/share.php?url=https:\/\/boulder.earth\/es\/land-use\/' data-av_icon='\ue926' data-av_iconfont='entypo-fontello'  title='' data-avia-related-tooltip='Share on Vk'><span class='avia_hidden_link_text'>Compartir en Vk<\/span><\/a><\/li><li class='av-share-link av-social-link-reddit avia_social_iconfont' ><a target=\"_blank\" aria-label=\"Compartir en Reddit\" href='https:\/\/reddit.com\/submit?url=https:\/\/boulder.earth\/es\/land-use\/&#038;title=Land%20Use' data-av_icon='\ue927' data-av_iconfont='entypo-fontello'  title='' data-avia-related-tooltip='Share on Reddit'><span class='avia_hidden_link_text'>Compartir en Reddit<\/span><\/a><\/li><li class='av-share-link av-social-link-mail avia_social_iconfont' ><a  aria-label=\"Compartir por correo\" href='mailto:?subject=Land%20Use&#038;body=https:\/\/boulder.earth\/es\/land-use\/' data-av_icon='\ue805' data-av_iconfont='entypo-fontello'  title='' data-avia-related-tooltip='Share by Mail'><span class='avia_hidden_link_text'>Compartir por correo<\/span><\/a><\/li><\/ul><\/div><\/div><\/p><\/div><\/p>","protected":false},"excerpt":{"rendered":"<p>Garantizar la construcci\u00f3n, la conservaci\u00f3n, los viajes y la recreaci\u00f3n en nuestro espacio local sustenta nuestra salud, felicidad y resiliencia<\/p>","protected":false},"author":1,"featured_media":160373,"parent":0,"menu_order":0,"comment_status":"closed","ping_status":"closed","template":"","meta":{"footnotes":""},"class_list":["post-5476803","page","type-page","status-publish","has-post-thumbnail","hentry"],"_links":{"self":[{"href":"https:\/\/boulder.earth\/es\/wp-json\/wp\/v2\/pages\/5476803","targetHints":{"allow":["GET"]}}],"collection":[{"href":"https:\/\/boulder.earth\/es\/wp-json\/wp\/v2\/pages"}],"about":[{"href":"https:\/\/boulder.earth\/es\/wp-json\/wp\/v2\/types\/page"}],"author":[{"embeddable":true,"href":"https:\/\/boulder.earth\/es\/wp-json\/wp\/v2\/users\/1"}],"replies":[{"embeddable":true,"href":"https:\/\/boulder.earth\/es\/wp-json\/wp\/v2\/comments?post=5476803"}],"version-history":[{"count":3,"href":"https:\/\/boulder.earth\/es\/wp-json\/wp\/v2\/pages\/5476803\/revisions"}],"predecessor-version":[{"id":5476848,"href":"https:\/\/boulder.earth\/es\/wp-json\/wp\/v2\/pages\/5476803\/revisions\/5476848"}],"wp:featuredmedia":[{"embeddable":true,"href":"https:\/\/boulder.earth\/es\/wp-json\/wp\/v2\/media\/160373"}],"wp:attachment":[{"href":"https:\/\/boulder.earth\/es\/wp-json\/wp\/v2\/media?parent=5476803"}],"curies":[{"name":"wp","href":"https:\/\/api.w.org\/{rel}","templated":true}]}}