{"id":5476808,"date":"2022-01-13T11:40:27","date_gmt":"2022-01-13T17:40:27","guid":{"rendered":"https:\/\/boulder.earth\/?page_id=5476808"},"modified":"2022-01-13T17:51:43","modified_gmt":"2022-01-13T23:51:43","slug":"ecosystems","status":"publish","type":"page","link":"https:\/\/boulder.earth\/es\/ecosystems\/","title":{"rendered":"ecosistemas"},"content":{"rendered":"<style type=\"text\/css\" data-created_by=\"avia_inline_auto\" id=\"style-css-av-12mhdfs-fdb4f305ce644f68a37e5e81d2a68a65\">\n.flex_column.av-12mhdfs-fdb4f305ce644f68a37e5e81d2a68a65{\nborder-radius:0px 0px 0px 0px;\npadding:0px 0px 0px 0px;\n}\n<\/style>\n<div  class='flex_column av-12mhdfs-fdb4f305ce644f68a37e5e81d2a68a65 av_one_fourth  avia-builder-el-0  el_before_av_three_fourth  avia-builder-el-first  first flex_column_div av-zero-column-padding'     ><style type=\"text\/css\" data-created_by=\"avia_inline_auto\" id=\"style-css-av-kyd9esah-2110661cac022a354b99aa888d5bf4fe\">\n.avia-image-container.av-kyd9esah-2110661cac022a354b99aa888d5bf4fe img.avia_image{\nbox-shadow:none;\n}\n.avia-image-container.av-kyd9esah-2110661cac022a354b99aa888d5bf4fe .av-image-caption-overlay-center{\ncolor:#ffffff;\n}\n<\/style>\n<div  class='avia-image-container av-kyd9esah-2110661cac022a354b99aa888d5bf4fe av-styling- avia-align-center  avia-builder-el-1  avia-builder-el-no-sibling'   itemprop=\"image\" itemscope=\"itemscope\" itemtype=\"https:\/\/schema.org\/ImageObject\" ><div class=\"avia-image-container-inner\"><div class=\"avia-image-overlay-wrap\"><img decoding=\"async\" fetchpriority=\"high\" class='wp-image-157190 avia-img-lazy-loading-not-157190 avia_image' src=\"https:\/\/boulder.earth\/wp-content\/uploads\/2019\/10\/ecosystems-1.png\" alt='' title='ecosistemas'  height=\"186\" width=\"250\"  itemprop=\"thumbnailUrl\"  \/><\/div><\/div><\/div><\/div>\n\n<style type=\"text\/css\" data-created_by=\"avia_inline_auto\" id=\"style-css-av-2iyncjpk-54eb097f9372e2162ad20b8beb8ef0d3\">\n.flex_column.av-2iyncjpk-54eb097f9372e2162ad20b8beb8ef0d3{\nborder-radius:0px 0px 0px 0px;\npadding:0px 0px 0px 0px;\n}\n<\/style>\n<div  class='flex_column av-2iyncjpk-54eb097f9372e2162ad20b8beb8ef0d3 av_three_fourth  avia-builder-el-2  el_after_av_one_fourth  el_before_av_layerslider  avia-builder-el-last  flex_column_div av-zero-column-padding'     ><section  class='av_textblock_section av-kyd9efkh-2401a42dfb63c139b1137aaf3f3f13a1'   itemscope=\"itemscope\" itemtype=\"https:\/\/schema.org\/CreativeWork\" ><div class='avia_textblock'  itemprop=\"text\" ><h1>ecosistemas<\/h1>\n<h3>Secuestro de carbono, agricultura regenerativa, protecci\u00f3n de polinizadores, fortalecimiento de la copa de los \u00e1rboles<\/h3>\n<\/div><\/section><\/div>\n<\/div><\/div><\/div><!-- close content main div --><\/div><\/div><div id='layer_slider_1'  class='avia-layerslider main_color avia-shadow  avia-builder-el-4  el_after_av_three_fourth  el_before_av_one_full  slider-not-first container_wrap sidebar_right'  style='height: 751px; max-width: 1200px; margin: 0 auto;'  ><\/div><div id='after_layer_slider_1'  class='main_color av_default_container_wrap container_wrap sidebar_right'  ><div class='container av-section-cont-open' ><div class='template-page content  av-content-small alpha units'><div class='post-entry post-entry-type-page post-entry-5476808'><div class='entry-content-wrapper clearfix'>\n\n<style type=\"text\/css\" data-created_by=\"avia_inline_auto\" id=\"style-css-av-13gvnvnpk-c869277dcd9a8eb2dad548131242253c\">\n.flex_column.av-13gvnvnpk-c869277dcd9a8eb2dad548131242253c{\nborder-radius:0px 0px 0px 0px;\npadding:0px 0px 0px 0px;\n}\n<\/style>\n<div  class='flex_column av-13gvnvnpk-c869277dcd9a8eb2dad548131242253c av_one_full  avia-builder-el-5  el_after_av_layerslider  el_before_av_hr  avia-builder-el-first  first flex_column_div av-zero-column-padding'     ><section  class='av_textblock_section av-3th4zfpk-96e6fcda8b92c39a70349d7ca17ed961'   itemscope=\"itemscope\" itemtype=\"https:\/\/schema.org\/CreativeWork\" ><div class='avia_textblock'  itemprop=\"text\" ><h1 id=\"orgs\" style=\"text-align: center;\">Organizaciones locales que abordan el ecosistema<\/h1>\n<\/div><\/section><br \/>\n<div id='av-masonry-1' class='av-masonry av-zzj22w94-b337a8d0aeda98997d52d8dbbdf99b3e noHover av-flex-size av-large-gap av-hover-overlay-active av-masonry-animation-active av-masonry-col-5 av-caption-on-hover av-caption-style-overlay av-masonry-entries av-mini-columns-overwrite av-mini-columns-3' data-post_id=\"5476808\"><div class=\"av-masonry-container isotope av-js-disabled\"><div class='av-masonry-entry isotope-item av-masonry-item-no-image'><\/div><a href=\"https:\/\/boulder.earth\/es\/organizations\/350-colorado\/\"  id='av-masonry-1-item-11278' data-av-masonry-item='11278' class='av-masonry-entry isotope-item post-11278 portfolio type-portfolio status-publish has-post-thumbnail hentry portfolio_entries-activism portfolio_entries-community portfolio_entries-energy portfolio_entries-environment portfolio_entries-fracking portfolio_entries-justice portfolio_entries-policy portfolio_entries-resources  av-masonry-item-with-image' title=\"350 colorado\"   itemscope=\"itemscope\" itemtype=\"https:\/\/schema.org\/CreativeWork\" ><div class='av-inner-masonry-sizer'><\/div><figure class='av-inner-masonry main_color'><div class=\"av-masonry-outerimage-container\"><div class='av-masonry-image-container'  ><img decoding=\"async\" width=\"500\" height=\"333\" fetchpriority=\"high\" class=\"wp-image-15177 avia-img-lazy-loading-not-15177\"  src=\"https:\/\/boulder.earth\/wp-content\/uploads\/2017\/06\/350colorado-org.png\" title=\"350 colorado\" alt=\"\" srcset=\"https:\/\/boulder.earth\/wp-content\/uploads\/2017\/06\/350colorado-org.png 500w, https:\/\/boulder.earth\/wp-content\/uploads\/2017\/06\/350colorado-org-300x200.png 300w, https:\/\/boulder.earth\/wp-content\/uploads\/2017\/06\/350colorado-org-450x300.png 450w\" sizes=\"(max-width: 500px) 100vw, 500px\" \/><\/div><\/div><figcaption class='av-inner-masonry-content site-background'><div class='av-inner-masonry-content-pos'><div class='av-inner-masonry-content-pos-content'><div class='avia-arrow'><\/div><div class='av-masonry-entry-content entry-content'  itemprop=\"text\" >Trabajando localmente para ayudar a construir el movimiento de base global para resolver la crisis clim\u00e1tica y la transici\u00f3n hacia un futuro sostenible.<\/div><\/div><\/div><\/figcaption><\/figure><\/a><!--end av-masonry entry--><a href=\"https:\/\/boulder.earth\/es\/organizations\/63rd-st-farm\/\"  id='av-masonry-1-item-20343' data-av-masonry-item='20343' class='av-masonry-entry isotope-item post-20343 portfolio type-portfolio status-publish has-post-thumbnail hentry portfolio_entries-agriculture portfolio_entries-business portfolio_entries-community portfolio_entries-environment  av-masonry-item-with-image' title=\"Granja 63\"   itemscope=\"itemscope\" itemtype=\"https:\/\/schema.org\/CreativeWork\" ><div class='av-inner-masonry-sizer'><\/div><figure class='av-inner-masonry main_color'><div class=\"av-masonry-outerimage-container\"><div class='av-masonry-image-container'  ><img decoding=\"async\" width=\"500\" height=\"333\" fetchpriority=\"high\" class=\"wp-image-20345 avia-img-lazy-loading-not-20345\"  src=\"https:\/\/boulder.earth\/wp-content\/uploads\/2017\/09\/63st-Farm.png\" title=\"Granja 63\" alt=\"\" srcset=\"https:\/\/boulder.earth\/wp-content\/uploads\/2017\/09\/63st-Farm.png 500w, https:\/\/boulder.earth\/wp-content\/uploads\/2017\/09\/63st-Farm-300x200.png 300w, https:\/\/boulder.earth\/wp-content\/uploads\/2017\/09\/63st-Farm-450x300.png 450w\" sizes=\"(max-width: 500px) 100vw, 500px\" \/><\/div><\/div><figcaption class='av-inner-masonry-content site-background'><div class='av-inner-masonry-content-pos'><div class='av-inner-masonry-content-pos-content'><div class='avia-arrow'><\/div><div class='av-masonry-entry-content entry-content'  itemprop=\"text\" >una granja comunitaria pr\u00f3spera centrada en la agricultura sostenible con un compromiso con la salud, el bienestar y el aprendizaje permanente<\/div><\/div><\/div><\/figcaption><\/figure><\/a><!--end av-masonry entry--><a href=\"https:\/\/boulder.earth\/es\/organizations\/across-the-divide\/\"  id='av-masonry-1-item-24775' data-av-masonry-item='24775' class='av-masonry-entry isotope-item post-24775 portfolio type-portfolio status-publish has-post-thumbnail hentry portfolio_entries-agriculture portfolio_entries-education  av-masonry-item-with-image' title=\"BoulderPermacultura\"   itemscope=\"itemscope\" itemtype=\"https:\/\/schema.org\/CreativeWork\" ><div class='av-inner-masonry-sizer'><\/div><figure class='av-inner-masonry main_color'><div class=\"av-masonry-outerimage-container\"><div class='av-masonry-image-container'  ><img decoding=\"async\" width=\"500\" height=\"333\" fetchpriority=\"high\" class=\"wp-image-27750 avia-img-lazy-loading-not-27750\"  src=\"https:\/\/boulder.earth\/wp-content\/uploads\/2017\/10\/BoulderPermaculture.png\" title=\"BoulderPermacultura\" alt=\"\" srcset=\"https:\/\/boulder.earth\/wp-content\/uploads\/2017\/10\/BoulderPermaculture.png 500w, https:\/\/boulder.earth\/wp-content\/uploads\/2017\/10\/BoulderPermaculture-300x200.png 300w, https:\/\/boulder.earth\/wp-content\/uploads\/2017\/10\/BoulderPermaculture-450x300.png 450w\" sizes=\"(max-width: 500px) 100vw, 500px\" \/><\/div><\/div><figcaption class='av-inner-masonry-content site-background'><div class='av-inner-masonry-content-pos'><div class='av-inner-masonry-content-pos-content'><div class='avia-arrow'><\/div><div class='av-masonry-entry-content entry-content'  itemprop=\"text\" >un curso de certificaci\u00f3n de dise\u00f1o de permacultura profesional con m\u00e1s de 100 horas de aprendizaje experiencial<\/div><\/div><\/div><\/figcaption><\/figure><\/a><!--end av-masonry entry--><a href=\"https:\/\/boulder.earth\/es\/organizations\/act-on-climate\/\"  id='av-masonry-1-item-122269' data-av-masonry-item='122269' class='av-masonry-entry isotope-item post-122269 portfolio type-portfolio status-publish has-post-thumbnail hentry portfolio_entries-conservation portfolio_entries-education portfolio_entries-energy portfolio_entries-environment portfolio_entries-policy portfolio_entries-science portfolio_entries-university  av-masonry-item-with-image' title=\"Act-on-Climate\"   itemscope=\"itemscope\" itemtype=\"https:\/\/schema.org\/CreativeWork\" ><div class='av-inner-masonry-sizer'><\/div><figure class='av-inner-masonry main_color'><div class=\"av-masonry-outerimage-container\"><div class='av-masonry-image-container'  ><img decoding=\"async\" width=\"500\" height=\"333\" fetchpriority=\"high\" class=\"wp-image-122272 avia-img-lazy-loading-not-122272\"  src=\"https:\/\/boulder.earth\/wp-content\/uploads\/2019\/01\/Act-on-Climate-1.png\" title=\"Act-on-Climate\" alt=\"\" srcset=\"https:\/\/boulder.earth\/wp-content\/uploads\/2019\/01\/Act-on-Climate-1.png 500w, https:\/\/boulder.earth\/wp-content\/uploads\/2019\/01\/Act-on-Climate-1-300x200.png 300w, https:\/\/boulder.earth\/wp-content\/uploads\/2019\/01\/Act-on-Climate-1-450x300.png 450w\" sizes=\"(max-width: 500px) 100vw, 500px\" \/><\/div><\/div><figcaption class='av-inner-masonry-content site-background'><div class='av-inner-masonry-content-pos'><div class='av-inner-masonry-content-pos-content'><div class='avia-arrow'><\/div><div class='av-masonry-entry-content entry-content'  itemprop=\"text\" >Como la mayor\u00eda de los estadounidenses, estamos preocupados por el cambio clim\u00e1tico global...<\/div><\/div><\/div><\/figcaption><\/figure><\/a><!--end av-masonry entry--><a href=\"https:\/\/boulder.earth\/es\/organizations\/audubon-of-the-rockies-habitat-hero-program\/\"  id='av-masonry-1-item-61639' data-av-masonry-item='61639' class='av-masonry-entry isotope-item post-61639 portfolio type-portfolio status-publish has-post-thumbnail hentry portfolio_entries-activism portfolio_entries-environment portfolio_entries-pollinators  av-masonry-item-with-image' title=\"Monta\u00f1as Rocosas de Audubon\"   itemscope=\"itemscope\" itemtype=\"https:\/\/schema.org\/CreativeWork\" ><div class='av-inner-masonry-sizer'><\/div><figure class='av-inner-masonry main_color'><div class=\"av-masonry-outerimage-container\"><div class='av-masonry-image-container'  ><img decoding=\"async\" width=\"500\" height=\"333\" fetchpriority=\"high\" class=\"wp-image-61825 avia-img-lazy-loading-not-61825\"  src=\"https:\/\/boulder.earth\/wp-content\/uploads\/2018\/04\/AudubonRockies-2.png\" title=\"Monta\u00f1as Rocosas de Audubon\" alt=\"\" srcset=\"https:\/\/boulder.earth\/wp-content\/uploads\/2018\/04\/AudubonRockies-2.png 500w, https:\/\/boulder.earth\/wp-content\/uploads\/2018\/04\/AudubonRockies-2-300x200.png 300w, https:\/\/boulder.earth\/wp-content\/uploads\/2018\/04\/AudubonRockies-2-450x300.png 450w\" sizes=\"(max-width: 500px) 100vw, 500px\" \/><\/div><\/div><figcaption class='av-inner-masonry-content site-background'><div class='av-inner-masonry-content-pos'><div class='av-inner-masonry-content-pos-content'><div class='avia-arrow'><\/div><div class='av-masonry-entry-content entry-content'  itemprop=\"text\" >Protegiendo a las aves y los lugares que necesitan, hoy y ma\u00f1ana<\/div><\/div><\/div><\/figcaption><\/figure><\/a><!--end av-masonry entry--><a href=\"https:\/\/boulder.earth\/es\/organizations\/bee-chicas\/\"  id='av-masonry-1-item-60513' data-av-masonry-item='60513' class='av-masonry-entry isotope-item post-60513 portfolio type-portfolio status-publish has-post-thumbnail hentry portfolio_entries-agriculture portfolio_entries-community portfolio_entries-education portfolio_entries-pollinators  av-masonry-item-with-image' title=\"abeja-chicas\"   itemscope=\"itemscope\" itemtype=\"https:\/\/schema.org\/CreativeWork\" ><div class='av-inner-masonry-sizer'><\/div><figure class='av-inner-masonry main_color'><div class=\"av-masonry-outerimage-container\"><div class='av-masonry-image-container'  ><img decoding=\"async\" width=\"500\" height=\"333\" fetchpriority=\"high\" class=\"wp-image-60516 avia-img-lazy-loading-not-60516\"  src=\"https:\/\/boulder.earth\/wp-content\/uploads\/2018\/03\/bee-chicas.png\" title=\"abeja-chicas\" alt=\"\" srcset=\"https:\/\/boulder.earth\/wp-content\/uploads\/2018\/03\/bee-chicas.png 500w, https:\/\/boulder.earth\/wp-content\/uploads\/2018\/03\/bee-chicas-300x200.png 300w, https:\/\/boulder.earth\/wp-content\/uploads\/2018\/03\/bee-chicas-450x300.png 450w\" sizes=\"(max-width: 500px) 100vw, 500px\" \/><\/div><\/div><figcaption class='av-inner-masonry-content site-background'><div class='av-inner-masonry-content-pos'><div class='av-inner-masonry-content-pos-content'><div class='avia-arrow'><\/div><div class='av-masonry-entry-content entry-content'  itemprop=\"text\" >Una voz para los polinizadores, organizadores de las Celebraciones del Mes de Apreciaci\u00f3n de los Polinizadores de Boulder, que ofrecen talleres en la ciudad.<\/div><\/div><\/div><\/figcaption><\/figure><\/a><!--end av-masonry entry--><a href=\"https:\/\/boulder.earth\/es\/organizations\/boulder-county-farmers-markets\/\"  id='av-masonry-1-item-22410' data-av-masonry-item='22410' class='av-masonry-entry isotope-item post-22410 portfolio type-portfolio status-publish has-post-thumbnail hentry portfolio_entries-agriculture portfolio_entries-business portfolio_entries-community portfolio_entries-food  av-masonry-item-with-image' title=\"mercado de agricultores de roca\"   itemscope=\"itemscope\" itemtype=\"https:\/\/schema.org\/CreativeWork\" ><div class='av-inner-masonry-sizer'><\/div><figure class='av-inner-masonry main_color'><div class=\"av-masonry-outerimage-container\"><div class='av-masonry-image-container'  ><img decoding=\"async\" width=\"500\" height=\"333\" fetchpriority=\"high\" class=\"wp-image-22412 avia-img-lazy-loading-not-22412\"  src=\"https:\/\/boulder.earth\/wp-content\/uploads\/2017\/10\/boulder-farmers-market.png\" title=\"mercado de agricultores de roca\" alt=\"\" srcset=\"https:\/\/boulder.earth\/wp-content\/uploads\/2017\/10\/boulder-farmers-market.png 500w, https:\/\/boulder.earth\/wp-content\/uploads\/2017\/10\/boulder-farmers-market-300x200.png 300w, https:\/\/boulder.earth\/wp-content\/uploads\/2017\/10\/boulder-farmers-market-450x300.png 450w\" sizes=\"(max-width: 500px) 100vw, 500px\" \/><\/div><\/div><figcaption class='av-inner-masonry-content site-background'><div class='av-inner-masonry-content-pos'><div class='av-inner-masonry-content-pos-content'><div class='avia-arrow'><\/div><div class='av-masonry-entry-content entry-content'  itemprop=\"text\" >organizaci\u00f3n sin fines de lucro que opera mercados de agricultores exclusivos para productores en Colorado desde 1987<\/div><\/div><\/div><\/figcaption><\/figure><\/a><!--end av-masonry entry--><a href=\"https:\/\/boulder.earth\/es\/organizations\/boulder-county-nature-association\/\"  id='av-masonry-1-item-5480045' data-av-masonry-item='5480045' class='av-masonry-entry isotope-item post-5480045 portfolio type-portfolio status-publish has-post-thumbnail hentry portfolio_entries-conservation portfolio_entries-education portfolio_entries-environment  av-masonry-item-with-image' title=\"asociaci\u00f3n de la naturaleza del condado de boulder\"   itemscope=\"itemscope\" itemtype=\"https:\/\/schema.org\/CreativeWork\" ><div class='av-inner-masonry-sizer'><\/div><figure class='av-inner-masonry main_color'><div class=\"av-masonry-outerimage-container\"><div class='av-masonry-image-container'  ><img decoding=\"async\" width=\"300\" height=\"200\" fetchpriority=\"high\" class=\"wp-image-5480047 avia-img-lazy-loading-not-5480047\"  src=\"https:\/\/boulder.earth\/wp-content\/uploads\/2023\/01\/boulder-county-nature-association.jpg\" title=\"asociaci\u00f3n de la naturaleza del condado de boulder\" alt=\"\" srcset=\"https:\/\/boulder.earth\/wp-content\/uploads\/2023\/01\/boulder-county-nature-association.jpg 300w, https:\/\/boulder.earth\/wp-content\/uploads\/2023\/01\/boulder-county-nature-association-18x12.jpg 18w\" sizes=\"(max-width: 300px) 100vw, 300px\" \/><\/div><\/div><figcaption class='av-inner-masonry-content site-background'><div class='av-inner-masonry-content-pos'><div class='av-inner-masonry-content-pos-content'><div class='avia-arrow'><\/div><div class='av-masonry-entry-content entry-content'  itemprop=\"text\" >Estudiar y conservar los ecosistemas naturales resilientes del condado de Boulder y las \u00e1reas adyacentes de Colorado Front Range a trav\u00e9s de la ciencia, la educaci\u00f3n y la defensa.<\/div><\/div><\/div><\/figcaption><\/figure><\/a><!--end av-masonry entry--><a href=\"https:\/\/boulder.earth\/es\/organizations\/boulder-county-sustainability\/\"  id='av-masonry-1-item-79193' data-av-masonry-item='79193' class='av-masonry-entry isotope-item post-79193 portfolio type-portfolio status-publish has-post-thumbnail hentry portfolio_entries-agriculture portfolio_entries-environment portfolio_entries-food portfolio_entries-policy portfolio_entries-programproject portfolio_entries-resilience portfolio_entries-resources  av-masonry-item-with-image' title=\"BoCoSostenibilidadLogotipo\"   itemscope=\"itemscope\" itemtype=\"https:\/\/schema.org\/CreativeWork\" ><div class='av-inner-masonry-sizer'><\/div><figure class='av-inner-masonry main_color'><div class=\"av-masonry-outerimage-container\"><div class='av-masonry-image-container'  ><img decoding=\"async\" width=\"500\" height=\"333\" fetchpriority=\"high\" class=\"wp-image-79198 avia-img-lazy-loading-not-79198\"  src=\"https:\/\/boulder.earth\/wp-content\/uploads\/2018\/05\/BoCoSustainabilityLogo-1.png\" title=\"BoCoSostenibilidadLogotipo\" alt=\"\" srcset=\"https:\/\/boulder.earth\/wp-content\/uploads\/2018\/05\/BoCoSustainabilityLogo-1.png 500w, https:\/\/boulder.earth\/wp-content\/uploads\/2018\/05\/BoCoSustainabilityLogo-1-300x200.png 300w, https:\/\/boulder.earth\/wp-content\/uploads\/2018\/05\/BoCoSustainabilityLogo-1-450x300.png 450w\" sizes=\"(max-width: 500px) 100vw, 500px\" \/><\/div><\/div><figcaption class='av-inner-masonry-content site-background'><div class='av-inner-masonry-content-pos'><div class='av-inner-masonry-content-pos-content'><div class='avia-arrow'><\/div><div class='av-masonry-entry-content entry-content'  itemprop=\"text\" >Para garantizar que las operaciones y la toma de decisiones del condado de Boulder reflejen...<\/div><\/div><\/div><\/figcaption><\/figure><\/a><!--end av-masonry entry--><a href=\"https:\/\/boulder.earth\/es\/organizations\/boulder-food-rescue\/\"  id='av-masonry-1-item-17801' data-av-masonry-item='17801' class='av-masonry-entry isotope-item post-17801 portfolio type-portfolio status-publish has-post-thumbnail hentry portfolio_entries-activism portfolio_entries-agriculture portfolio_entries-community portfolio_entries-food portfolio_entries-food-waste portfolio_entries-justice portfolio_entries-transportation portfolio_entries-zero-waste  av-masonry-item-with-image' title=\"Rescate de alimentos en Boulder\"   itemscope=\"itemscope\" itemtype=\"https:\/\/schema.org\/CreativeWork\" ><div class='av-inner-masonry-sizer'><\/div><figure class='av-inner-masonry main_color'><div class=\"av-masonry-outerimage-container\"><div class='av-masonry-image-container'  ><img decoding=\"async\" width=\"500\" height=\"333\" fetchpriority=\"high\" class=\"wp-image-17802 avia-img-lazy-loading-not-17802\"  src=\"https:\/\/boulder.earth\/wp-content\/uploads\/2017\/09\/Boulder-Food-Rescue.png\" title=\"Rescate de alimentos en Boulder\" alt=\"\" srcset=\"https:\/\/boulder.earth\/wp-content\/uploads\/2017\/09\/Boulder-Food-Rescue.png 500w, https:\/\/boulder.earth\/wp-content\/uploads\/2017\/09\/Boulder-Food-Rescue-300x200.png 300w, https:\/\/boulder.earth\/wp-content\/uploads\/2017\/09\/Boulder-Food-Rescue-450x300.png 450w\" sizes=\"(max-width: 500px) 100vw, 500px\" \/><\/div><\/div><figcaption class='av-inner-masonry-content site-background'><div class='av-inner-masonry-content-pos'><div class='av-inner-masonry-content-pos-content'><div class='avia-arrow'><\/div><div class='av-masonry-entry-content entry-content'  itemprop=\"text\" >\u00a1Rescate de alimentos sostenible y justo a tiempo en Boulder, Colorado!<\/div><\/div><\/div><\/figcaption><\/figure><\/a><!--end av-masonry entry--><a href=\"https:\/\/boulder.earth\/es\/organizations\/boulder-garden-club\/\"  id='av-masonry-1-item-62217' data-av-masonry-item='62217' class='av-masonry-entry isotope-item post-62217 portfolio type-portfolio status-publish has-post-thumbnail hentry portfolio_entries-agriculture portfolio_entries-community portfolio_entries-pollinators  av-masonry-item-with-image' title=\"BoulderJard\u00edn\"   itemscope=\"itemscope\" itemtype=\"https:\/\/schema.org\/CreativeWork\" ><div class='av-inner-masonry-sizer'><\/div><figure class='av-inner-masonry main_color'><div class=\"av-masonry-outerimage-container\"><div class='av-masonry-image-container'  ><img decoding=\"async\" width=\"500\" height=\"333\" fetchpriority=\"high\" class=\"wp-image-62216 avia-img-lazy-loading-not-62216\"  src=\"https:\/\/boulder.earth\/wp-content\/uploads\/2018\/04\/BoulderGarden.png\" title=\"BoulderJard\u00edn\" alt=\"\" srcset=\"https:\/\/boulder.earth\/wp-content\/uploads\/2018\/04\/BoulderGarden.png 500w, https:\/\/boulder.earth\/wp-content\/uploads\/2018\/04\/BoulderGarden-300x200.png 300w, https:\/\/boulder.earth\/wp-content\/uploads\/2018\/04\/BoulderGarden-450x300.png 450w\" sizes=\"(max-width: 500px) 100vw, 500px\" \/><\/div><\/div><figcaption class='av-inner-masonry-content site-background'><div class='av-inner-masonry-content-pos'><div class='av-inner-masonry-content-pos-content'><div class='avia-arrow'><\/div><div class='av-masonry-entry-content entry-content'  itemprop=\"text\" >Difundir el conocimiento de la jardiner\u00eda y estimular y promover el inter\u00e9s en los huertos familiares, los proyectos c\u00edvicos y el embellecimiento del \u00e1rea de Boulder.<\/div><\/div><\/div><\/figcaption><\/figure><\/a><!--end av-masonry entry--><a href=\"https:\/\/boulder.earth\/es\/organizations\/boulder-rights-of-nature\/\"  id='av-masonry-1-item-122255' data-av-masonry-item='122255' class='av-masonry-entry isotope-item post-122255 portfolio type-portfolio status-publish has-post-thumbnail hentry portfolio_entries-activism portfolio_entries-conservation portfolio_entries-environment portfolio_entries-justice portfolio_entries-policy portfolio_entries-programproject  av-masonry-item-with-image' title=\"BoulderDerechosDeLaNaturaleza\"   itemscope=\"itemscope\" itemtype=\"https:\/\/schema.org\/CreativeWork\" ><div class='av-inner-masonry-sizer'><\/div><figure class='av-inner-masonry main_color'><div class=\"av-masonry-outerimage-container\"><div class='av-masonry-image-container'  ><img decoding=\"async\" width=\"500\" height=\"333\" fetchpriority=\"high\" class=\"wp-image-122256 avia-img-lazy-loading-not-122256\"  src=\"https:\/\/boulder.earth\/wp-content\/uploads\/2019\/01\/BoulderRightsofNature.png\" title=\"BoulderDerechosDeLaNaturaleza\" alt=\"\" srcset=\"https:\/\/boulder.earth\/wp-content\/uploads\/2019\/01\/BoulderRightsofNature.png 500w, https:\/\/boulder.earth\/wp-content\/uploads\/2019\/01\/BoulderRightsofNature-300x200.png 300w, https:\/\/boulder.earth\/wp-content\/uploads\/2019\/01\/BoulderRightsofNature-450x300.png 450w\" sizes=\"(max-width: 500px) 100vw, 500px\" \/><\/div><\/div><figcaption class='av-inner-masonry-content site-background'><div class='av-inner-masonry-content-pos'><div class='av-inner-masonry-content-pos-content'><div class='avia-arrow'><\/div><div class='av-masonry-entry-content entry-content'  itemprop=\"text\" >Dedicado a la protecci\u00f3n, conservaci\u00f3n y restauraci\u00f3n sostenibles de los ecosistemas que funcionan naturalmente y las comunidades naturales que dependen de ellos.<\/div><\/div><\/div><\/figcaption><\/figure><\/a><!--end av-masonry entry--><a href=\"https:\/\/boulder.earth\/es\/organizations\/boulder-watershed-collective\/\"  id='av-masonry-1-item-5478752' data-av-masonry-item='5478752' class='av-masonry-entry isotope-item post-5478752 portfolio type-portfolio status-publish has-post-thumbnail hentry portfolio_entries-education portfolio_entries-environment portfolio_entries-water  av-masonry-item-with-image' title=\"boulder-watershed-colective\"   itemscope=\"itemscope\" itemtype=\"https:\/\/schema.org\/CreativeWork\" ><div class='av-inner-masonry-sizer'><\/div><figure class='av-inner-masonry main_color'><div class=\"av-masonry-outerimage-container\"><div class='av-masonry-image-container'  ><img decoding=\"async\" width=\"300\" height=\"200\" fetchpriority=\"high\" class=\"wp-image-5478753 avia-img-lazy-loading-not-5478753\"  src=\"https:\/\/boulder.earth\/wp-content\/uploads\/2022\/09\/boulder-watershed-collective.png\" title=\"boulder-watershed-colective\" alt=\"\" srcset=\"https:\/\/boulder.earth\/wp-content\/uploads\/2022\/09\/boulder-watershed-collective.png 300w, https:\/\/boulder.earth\/wp-content\/uploads\/2022\/09\/boulder-watershed-collective-18x12.png 18w\" sizes=\"(max-width: 300px) 100vw, 300px\" \/><\/div><\/div><figcaption class='av-inner-masonry-content site-background'><div class='av-inner-masonry-content-pos'><div class='av-inner-masonry-content-pos-content'><div class='avia-arrow'><\/div><div class='av-masonry-entry-content entry-content'  itemprop=\"text\" >cultivar asociaciones, promover la administraci\u00f3n comunitaria y revitalizar los sistemas sociales y ecol\u00f3gicos dentro de la cuenca de Boulder Creek y m\u00e1s all\u00e1<\/div><\/div><\/div><\/figcaption><\/figure><\/a><!--end av-masonry entry--><a href=\"https:\/\/boulder.earth\/es\/organizations\/boundless-landscapes\/\"  id='av-masonry-1-item-180747' data-av-masonry-item='180747' class='av-masonry-entry isotope-item post-180747 portfolio type-portfolio status-publish has-post-thumbnail hentry portfolio_entries-agriculture portfolio_entries-food portfolio_entries-resilience portfolio_entries-resources  av-masonry-item-with-image' title=\"paisajes-sin-limites\"   itemscope=\"itemscope\" itemtype=\"https:\/\/schema.org\/CreativeWork\" ><div class='av-inner-masonry-sizer'><\/div><figure class='av-inner-masonry main_color'><div class=\"av-masonry-outerimage-container\"><div class='av-masonry-image-container'  ><img decoding=\"async\" width=\"300\" height=\"200\" fetchpriority=\"high\" class=\"wp-image-180750 avia-img-lazy-loading-not-180750\"  src=\"https:\/\/boulder.earth\/wp-content\/uploads\/2020\/01\/boundless-landscapes.png\" title=\"paisajes-sin-limites\" alt=\"\" \/><\/div><\/div><figcaption class='av-inner-masonry-content site-background'><div class='av-inner-masonry-content-pos'><div class='av-inner-masonry-content-pos-content'><div class='avia-arrow'><\/div><div class='av-masonry-entry-content entry-content'  itemprop=\"text\" >Convirtiendo el mundo en un jard\u00edn al convertir c\u00e9spedes y espacios infrautilizados en pr\u00f3speros jardines de alimentos para combatir el cambio clim\u00e1tico y construir comunidades m\u00e1s resilientes.<\/div><\/div><\/div><\/figcaption><\/figure><\/a><!--end av-masonry entry--><a href=\"https:\/\/boulder.earth\/es\/organizations\/butterfly-pavilion\/\"  id='av-masonry-1-item-62087' data-av-masonry-item='62087' class='av-masonry-entry isotope-item post-62087 portfolio type-portfolio status-publish has-post-thumbnail hentry portfolio_entries-conservation portfolio_entries-education portfolio_entries-pollinators  av-masonry-item-with-image' title=\"MariposaPabell\u00f3n\"   itemscope=\"itemscope\" itemtype=\"https:\/\/schema.org\/CreativeWork\" ><div class='av-inner-masonry-sizer'><\/div><figure class='av-inner-masonry main_color'><div class=\"av-masonry-outerimage-container\"><div class='av-masonry-image-container'  ><img decoding=\"async\" width=\"500\" height=\"333\" fetchpriority=\"high\" class=\"wp-image-62101 avia-img-lazy-loading-not-62101\"  src=\"https:\/\/boulder.earth\/wp-content\/uploads\/2018\/04\/ButterflyPavillion.png\" title=\"MariposaPabell\u00f3n\" alt=\"\" srcset=\"https:\/\/boulder.earth\/wp-content\/uploads\/2018\/04\/ButterflyPavillion.png 500w, https:\/\/boulder.earth\/wp-content\/uploads\/2018\/04\/ButterflyPavillion-300x200.png 300w, https:\/\/boulder.earth\/wp-content\/uploads\/2018\/04\/ButterflyPavillion-450x300.png 450w\" sizes=\"(max-width: 500px) 100vw, 500px\" \/><\/div><\/div><figcaption class='av-inner-masonry-content site-background'><div class='av-inner-masonry-content-pos'><div class='av-inner-masonry-content-pos-content'><div class='avia-arrow'><\/div><div class='av-masonry-entry-content entry-content'  itemprop=\"text\" >Trabajando para fomentar una apreciaci\u00f3n de los invertebrados al educar al p\u00fablico sobre la necesidad de proteger y cuidar los h\u00e1bitats amenazados a nivel mundial, mientras se realizan investigaciones para encontrar soluciones en la conservaci\u00f3n de los invertebrados.<\/div><\/div><\/div><\/figcaption><\/figure><\/a><!--end av-masonry entry--><a href=\"https:\/\/boulder.earth\/es\/organizations\/center-for-sustainable-landscapes-and-communities\/\"  id='av-masonry-1-item-256057' data-av-masonry-item='256057' class='av-masonry-entry isotope-item post-256057 portfolio type-portfolio status-publish has-post-thumbnail hentry portfolio_entries-environment portfolio_entries-resilience portfolio_entries-university  av-masonry-item-with-image' title=\"CSLC logo\"   itemscope=\"itemscope\" itemtype=\"https:\/\/schema.org\/CreativeWork\" ><div class='av-inner-masonry-sizer'><\/div><figure class='av-inner-masonry main_color'><div class=\"av-masonry-outerimage-container\"><div class='av-masonry-image-container'  ><img decoding=\"async\" width=\"300\" height=\"200\" fetchpriority=\"high\" class=\"wp-image-256058 avia-img-lazy-loading-not-256058\"  src=\"https:\/\/boulder.earth\/wp-content\/uploads\/2020\/10\/CSLClogo.png\" title=\"CSLC logo\" alt=\"\" \/><\/div><\/div><figcaption class='av-inner-masonry-content site-background'><div class='av-inner-masonry-content-pos'><div class='av-inner-masonry-content-pos-content'><div class='avia-arrow'><\/div><div class='av-masonry-entry-content entry-content'  itemprop=\"text\" >proporcionando conocimiento fundamental y un foro para el discurso productivo hacia la planificaci\u00f3n y gesti\u00f3n de tierras p\u00fablicas en y alrededor de \u00e1reas urbanas como componentes integrales de comunidades sostenibles y resilientes en Colorado<\/div><\/div><\/div><\/figcaption><\/figure><\/a><!--end av-masonry entry--><a href=\"https:\/\/boulder.earth\/es\/organizations\/climate-reality-project\/\"  id='av-masonry-1-item-29059' data-av-masonry-item='29059' class='av-masonry-entry isotope-item post-29059 portfolio type-portfolio status-publish has-post-thumbnail hentry portfolio_entries-activism portfolio_entries-communications portfolio_entries-education portfolio_entries-environment portfolio_entries-resources  av-masonry-item-with-image' title=\"ClimaRealidadProyecto\"   itemscope=\"itemscope\" itemtype=\"https:\/\/schema.org\/CreativeWork\" ><div class='av-inner-masonry-sizer'><\/div><figure class='av-inner-masonry main_color'><div class=\"av-masonry-outerimage-container\"><div class='av-masonry-image-container'  ><img decoding=\"async\" width=\"500\" height=\"333\" fetchpriority=\"high\" class=\"wp-image-29061 avia-img-lazy-loading-not-29061\"  src=\"https:\/\/boulder.earth\/wp-content\/uploads\/2017\/11\/ClimateRealityProject.jpg\" title=\"ClimaRealidadProyecto\" alt=\"\" srcset=\"https:\/\/boulder.earth\/wp-content\/uploads\/2017\/11\/ClimateRealityProject.jpg 500w, https:\/\/boulder.earth\/wp-content\/uploads\/2017\/11\/ClimateRealityProject-300x200.jpg 300w, https:\/\/boulder.earth\/wp-content\/uploads\/2017\/11\/ClimateRealityProject-450x300.jpg 450w\" sizes=\"(max-width: 500px) 100vw, 500px\" \/><\/div><\/div><figcaption class='av-inner-masonry-content site-background'><div class='av-inner-masonry-content-pos'><div class='av-inner-masonry-content-pos-content'><div class='avia-arrow'><\/div><div class='av-masonry-entry-content entry-content'  itemprop=\"text\" >catalizar una soluci\u00f3n global a la crisis clim\u00e1tica haciendo que la acci\u00f3n urgente sea una necesidad en todos los niveles de la sociedad<\/div><\/div><\/div><\/figcaption><\/figure><\/a><!--end av-masonry entry--><a href=\"https:\/\/boulder.earth\/es\/organizations\/colorado-carbon-fund\/\"  id='av-masonry-1-item-58794' data-av-masonry-item='58794' class='av-masonry-entry isotope-item post-58794 portfolio type-portfolio status-publish has-post-thumbnail hentry portfolio_entries-economics portfolio_entries-education portfolio_entries-energy portfolio_entries-environment portfolio_entries-programproject  av-masonry-item-with-image' title=\"Fondo de Carbono de Colorado\"   itemscope=\"itemscope\" itemtype=\"https:\/\/schema.org\/CreativeWork\" ><div class='av-inner-masonry-sizer'><\/div><figure class='av-inner-masonry main_color'><div class=\"av-masonry-outerimage-container\"><div class='av-masonry-image-container'  ><img decoding=\"async\" width=\"500\" height=\"333\" fetchpriority=\"high\" class=\"wp-image-58796 avia-img-lazy-loading-not-58796\"  src=\"https:\/\/boulder.earth\/wp-content\/uploads\/2018\/03\/CCFlogo.png\" title=\"Fondo de Carbono de Colorado\" alt=\"\" srcset=\"https:\/\/boulder.earth\/wp-content\/uploads\/2018\/03\/CCFlogo.png 500w, https:\/\/boulder.earth\/wp-content\/uploads\/2018\/03\/CCFlogo-300x200.png 300w, https:\/\/boulder.earth\/wp-content\/uploads\/2018\/03\/CCFlogo-450x300.png 450w\" sizes=\"(max-width: 500px) 100vw, 500px\" \/><\/div><\/div><figcaption class='av-inner-masonry-content site-background'><div class='av-inner-masonry-content-pos'><div class='av-inner-masonry-content-pos-content'><div class='avia-arrow'><\/div><div class='av-masonry-entry-content entry-content'  itemprop=\"text\" >Proporcionar las herramientas f\u00e1ciles de usar y los fondos necesarios para reducir las emisiones de gases de efecto invernadero dentro de nuestro estado.<\/div><\/div><\/div><\/figcaption><\/figure><\/a><!--end av-masonry entry--><a href=\"https:\/\/boulder.earth\/es\/organizations\/colorado-greywater\/\"  id='av-masonry-1-item-29301' data-av-masonry-item='29301' class='av-masonry-entry isotope-item post-29301 portfolio type-portfolio status-publish has-post-thumbnail hentry portfolio_entries-agriculture portfolio_entries-water portfolio_entries-zero-waste  av-masonry-item-with-image' title=\"colorado-aguasgrises\"   itemscope=\"itemscope\" itemtype=\"https:\/\/schema.org\/CreativeWork\" ><div class='av-inner-masonry-sizer'><\/div><figure class='av-inner-masonry main_color'><div class=\"av-masonry-outerimage-container\"><div class='av-masonry-image-container'  ><img decoding=\"async\" width=\"500\" height=\"333\" fetchpriority=\"high\" class=\"wp-image-29303 avia-img-lazy-loading-not-29303\"  src=\"https:\/\/boulder.earth\/wp-content\/uploads\/2017\/11\/colorado-greywater.png\" title=\"colorado-aguasgrises\" alt=\"\" srcset=\"https:\/\/boulder.earth\/wp-content\/uploads\/2017\/11\/colorado-greywater.png 500w, https:\/\/boulder.earth\/wp-content\/uploads\/2017\/11\/colorado-greywater-300x200.png 300w, https:\/\/boulder.earth\/wp-content\/uploads\/2017\/11\/colorado-greywater-450x300.png 450w\" sizes=\"(max-width: 500px) 100vw, 500px\" \/><\/div><\/div><figcaption class='av-inner-masonry-content site-background'><div class='av-inner-masonry-content-pos'><div class='av-inner-masonry-content-pos-content'><div class='avia-arrow'><\/div><div class='av-masonry-entry-content entry-content'  itemprop=\"text\" >trabajando para transformar las leyes y el paisaje del agua en Colorado, creando enfoques innovadores para trabajar dentro de nuestro presupuesto local de agua<\/div><\/div><\/div><\/figcaption><\/figure><\/a><!--end av-masonry entry--><a href=\"https:\/\/boulder.earth\/es\/organizations\/colorado-water-trust\/\"  id='av-masonry-1-item-6463980' data-av-masonry-item='6463980' class='av-masonry-entry isotope-item post-6463980 portfolio type-portfolio status-publish has-post-thumbnail hentry portfolio_entries-conservation portfolio_entries-environment portfolio_entries-water  av-masonry-item-with-image' title=\"fideicomiso de agua de colorado\"   itemscope=\"itemscope\" itemtype=\"https:\/\/schema.org\/CreativeWork\" ><div class='av-inner-masonry-sizer'><\/div><figure class='av-inner-masonry main_color'><div class=\"av-masonry-outerimage-container\"><div class='av-masonry-image-container'  ><img decoding=\"async\" width=\"300\" height=\"200\" fetchpriority=\"high\" class=\"wp-image-6463981 avia-img-lazy-loading-not-6463981\"  src=\"https:\/\/boulder.earth\/wp-content\/uploads\/2025\/04\/colorado-water-trust.png\" title=\"fideicomiso de agua de colorado\" alt=\"\" srcset=\"https:\/\/boulder.earth\/wp-content\/uploads\/2025\/04\/colorado-water-trust.png 300w, https:\/\/boulder.earth\/wp-content\/uploads\/2025\/04\/colorado-water-trust-18x12.png 18w\" sizes=\"(max-width: 300px) 100vw, 300px\" \/><\/div><\/div><figcaption class='av-inner-masonry-content site-background'><div class='av-inner-masonry-content-pos'><div class='av-inner-masonry-content-pos-content'><div class='avia-arrow'><\/div><div class='av-masonry-entry-content entry-content'  itemprop=\"text\" >Restaurar el agua de los r\u00edos de Colorado trabajando con propietarios de tierras para proteger el h\u00e1bitat ecol\u00f3gico natural como facilitador para los propietarios de derechos de agua que desean utilizar parte o la totalidad de su agua para beneficiar a los r\u00edos y arroyos.<\/div><\/div><\/div><\/figcaption><\/figure><\/a><!--end av-masonry entry--><a href=\"https:\/\/boulder.earth\/es\/organizations\/community-food-share\/\"  id='av-masonry-1-item-84967' data-av-masonry-item='84967' class='av-masonry-entry isotope-item post-84967 portfolio type-portfolio status-publish has-post-thumbnail hentry portfolio_entries-agriculture portfolio_entries-community portfolio_entries-food portfolio_entries-food-waste portfolio_entries-justice  av-masonry-item-with-image' title=\"compartir comida comunitaria\"   itemscope=\"itemscope\" itemtype=\"https:\/\/schema.org\/CreativeWork\" ><div class='av-inner-masonry-sizer'><\/div><figure class='av-inner-masonry main_color'><div class=\"av-masonry-outerimage-container\"><div class='av-masonry-image-container'  ><img decoding=\"async\" width=\"300\" height=\"200\" fetchpriority=\"high\" class=\"wp-image-141837 avia-img-lazy-loading-not-141837\"  src=\"https:\/\/boulder.earth\/wp-content\/uploads\/2018\/06\/communityfoodshare.jpg\" title=\"compartir comida comunitaria\" alt=\"\" \/><\/div><\/div><figcaption class='av-inner-masonry-content site-background'><div class='av-inner-masonry-content-pos'><div class='av-inner-masonry-content-pos-content'><div class='avia-arrow'><\/div><div class='av-masonry-entry-content entry-content'  itemprop=\"text\" >Eliminar el hambre en los condados de Boulder y Broomfield a trav\u00e9s del compromiso, la colaboraci\u00f3n y el liderazgo.<\/div><\/div><\/div><\/figcaption><\/figure><\/a><!--end av-masonry entry--><a href=\"https:\/\/boulder.earth\/es\/organizations\/community-fruit-rescue\/\"  id='av-masonry-1-item-138927' data-av-masonry-item='138927' class='av-masonry-entry isotope-item post-138927 portfolio type-portfolio status-publish has-post-thumbnail hentry portfolio_entries-agriculture portfolio_entries-food portfolio_entries-food-waste  av-masonry-item-with-image' title=\"comunidad-fruta-rescate\"   itemscope=\"itemscope\" itemtype=\"https:\/\/schema.org\/CreativeWork\" ><div class='av-inner-masonry-sizer'><\/div><figure class='av-inner-masonry main_color'><div class=\"av-masonry-outerimage-container\"><div class='av-masonry-image-container'  ><img decoding=\"async\" width=\"300\" height=\"200\" fetchpriority=\"high\" class=\"wp-image-138928 avia-img-lazy-loading-not-138928\"  src=\"https:\/\/boulder.earth\/wp-content\/uploads\/2019\/08\/community-fruit-rescue.jpg\" title=\"comunidad-fruta-rescate\" alt=\"\" \/><\/div><\/div><figcaption class='av-inner-masonry-content site-background'><div class='av-inner-masonry-content-pos'><div class='av-inner-masonry-content-pos-content'><div class='avia-arrow'><\/div><div class='av-masonry-entry-content entry-content'  itemprop=\"text\" >Dedicado a cosechar y distribuir los excedentes de la fruticultura urbana en todo Boulder, Colorado<\/div><\/div><\/div><\/figcaption><\/figure><\/a><!--end av-masonry entry--><a href=\"https:\/\/boulder.earth\/es\/organizations\/cool-boulder\/\"  id='av-masonry-1-item-5477371' data-av-masonry-item='5477371' class='av-masonry-entry isotope-item post-5477371 portfolio type-portfolio status-publish has-post-thumbnail hentry portfolio_entries-environment portfolio_entries-pollinators portfolio_entries-resilience  av-masonry-item-with-image' title=\"roca fr\u00eda\"   itemscope=\"itemscope\" itemtype=\"https:\/\/schema.org\/CreativeWork\" ><div class='av-inner-masonry-sizer'><\/div><figure class='av-inner-masonry main_color'><div class=\"av-masonry-outerimage-container\"><div class='av-masonry-image-container'  ><img decoding=\"async\" width=\"300\" height=\"200\" fetchpriority=\"high\" class=\"wp-image-5477372 avia-img-lazy-loading-not-5477372\"  src=\"https:\/\/boulder.earth\/wp-content\/uploads\/2022\/04\/cool-boulder.png\" title=\"roca fr\u00eda\" alt=\"\" srcset=\"https:\/\/boulder.earth\/wp-content\/uploads\/2022\/04\/cool-boulder.png 300w, https:\/\/boulder.earth\/wp-content\/uploads\/2022\/04\/cool-boulder-18x12.png 18w\" sizes=\"(max-width: 300px) 100vw, 300px\" \/><\/div><\/div><figcaption class='av-inner-masonry-content site-background'><div class='av-inner-masonry-content-pos'><div class='av-inner-masonry-content-pos-content'><div class='avia-arrow'><\/div><div class='av-masonry-entry-content entry-content'  itemprop=\"text\" >Liderado por la comunidad, basado en la naturaleza<br \/>\nAcci\u00f3n Clim\u00e1tica.<\/div><\/div><\/div><\/figcaption><\/figure><\/a><!--end av-masonry entry--><a href=\"https:\/\/boulder.earth\/es\/organizations\/deep-nature-journeys\/\"  id='av-masonry-1-item-52173' data-av-masonry-item='52173' class='av-masonry-entry isotope-item post-52173 portfolio type-portfolio status-publish has-post-thumbnail hentry portfolio_entries-education portfolio_entries-environment portfolio_entries-programproject portfolio_entries-spiritual  av-masonry-item-with-image' title=\"viajes de naturaleza profunda\"   itemscope=\"itemscope\" itemtype=\"https:\/\/schema.org\/CreativeWork\" ><div class='av-inner-masonry-sizer'><\/div><figure class='av-inner-masonry main_color'><div class=\"av-masonry-outerimage-container\"><div class='av-masonry-image-container'  ><img decoding=\"async\" width=\"500\" height=\"333\" fetchpriority=\"high\" class=\"wp-image-52394 avia-img-lazy-loading-not-52394\"  src=\"https:\/\/boulder.earth\/wp-content\/uploads\/2018\/03\/deep-nature-journeys.png\" title=\"viajes de naturaleza profunda\" alt=\"\" srcset=\"https:\/\/boulder.earth\/wp-content\/uploads\/2018\/03\/deep-nature-journeys.png 500w, https:\/\/boulder.earth\/wp-content\/uploads\/2018\/03\/deep-nature-journeys-300x200.png 300w, https:\/\/boulder.earth\/wp-content\/uploads\/2018\/03\/deep-nature-journeys-450x300.png 450w\" sizes=\"(max-width: 500px) 100vw, 500px\" \/><\/div><\/div><figcaption class='av-inner-masonry-content site-background'><div class='av-inner-masonry-content-pos'><div class='av-inner-masonry-content-pos-content'><div class='avia-arrow'><\/div><div class='av-masonry-entry-content entry-content'  itemprop=\"text\" >Fomentar la reverencia por la Tierra a trav\u00e9s de ense\u00f1anzas y pr\u00e1cticas que apoyen una experiencia directa de principios ecol\u00f3gicos profundos.<\/div><\/div><\/div><\/figcaption><\/figure><\/a><!--end av-masonry entry--><a href=\"https:\/\/boulder.earth\/es\/organizations\/drylands-agroecology-research\/\"  id='av-masonry-1-item-5477009' data-av-masonry-item='5477009' class='av-masonry-entry isotope-item post-5477009 portfolio type-portfolio status-publish has-post-thumbnail hentry portfolio_entries-agriculture portfolio_entries-resilience  av-masonry-item-with-image' title=\"tierras secasagroecolog\u00edainvestigaci\u00f3n\"   itemscope=\"itemscope\" itemtype=\"https:\/\/schema.org\/CreativeWork\" ><div class='av-inner-masonry-sizer'><\/div><figure class='av-inner-masonry main_color'><div class=\"av-masonry-outerimage-container\"><div class='av-masonry-image-container'  ><img decoding=\"async\" width=\"300\" height=\"200\" fetchpriority=\"high\" class=\"wp-image-5477010 avia-img-lazy-loading-not-5477010\"  src=\"https:\/\/boulder.earth\/wp-content\/uploads\/2022\/02\/drylandsagroecologyresearch.png\" title=\"tierras secasagroecolog\u00edainvestigaci\u00f3n\" alt=\"\" \/><\/div><\/div><figcaption class='av-inner-masonry-content site-background'><div class='av-inner-masonry-content-pos'><div class='av-inner-masonry-content-pos-content'><div class='avia-arrow'><\/div><div class='av-masonry-entry-content entry-content'  itemprop=\"text\" >Dise\u00f1ar sistemas agr\u00edcolas de tierras secas basados en los principios de la ecolog\u00eda, de modo que los paisajes resultantes secuestren carbono, retengan la humedad, mejoren la biodiversidad y produzcan alimentos nutritivos para los humanos.<\/div><\/div><\/div><\/figcaption><\/figure><\/a><!--end av-masonry entry--><a href=\"https:\/\/boulder.earth\/es\/organizations\/earth-love-gardens\/\"  id='av-masonry-1-item-5487062' data-av-masonry-item='5487062' class='av-masonry-entry isotope-item post-5487062 portfolio type-portfolio status-publish has-post-thumbnail hentry portfolio_entries-agriculture portfolio_entries-community portfolio_entries-education portfolio_entries-food portfolio_entries-pollinators  av-masonry-item-with-image' title=\"jardines-tierra-amor\"   itemscope=\"itemscope\" itemtype=\"https:\/\/schema.org\/CreativeWork\" ><div class='av-inner-masonry-sizer'><\/div><figure class='av-inner-masonry main_color'><div class=\"av-masonry-outerimage-container\"><div class='av-masonry-image-container'  ><img decoding=\"async\" width=\"300\" height=\"200\" fetchpriority=\"high\" class=\"wp-image-5487063 avia-img-lazy-loading-not-5487063\"  src=\"https:\/\/boulder.earth\/wp-content\/uploads\/2024\/12\/earth-love-gardens.png\" title=\"jardines-tierra-amor\" alt=\"\" srcset=\"https:\/\/boulder.earth\/wp-content\/uploads\/2024\/12\/earth-love-gardens.png 300w, https:\/\/boulder.earth\/wp-content\/uploads\/2024\/12\/earth-love-gardens-18x12.png 18w\" sizes=\"(max-width: 300px) 100vw, 300px\" \/><\/div><\/div><figcaption class='av-inner-masonry-content site-background'><div class='av-inner-masonry-content-pos'><div class='av-inner-masonry-content-pos-content'><div class='avia-arrow'><\/div><div class='av-masonry-entry-content entry-content'  itemprop=\"text\" >Dise\u00f1ar y crear jardines comestibles y amigables con los polinizadores y liderar comunidades de voluntarios para crear conexiones con la tierra.<\/div><\/div><\/div><\/figcaption><\/figure><\/a><!--end av-masonry entry--><a href=\"https:\/\/boulder.earth\/es\/organizations\/ecenter\/\"  id='av-masonry-1-item-20333' data-av-masonry-item='20333' class='av-masonry-entry isotope-item post-20333 portfolio type-portfolio status-publish has-post-thumbnail hentry portfolio_entries-community portfolio_entries-education portfolio_entries-environment portfolio_entries-university  av-masonry-item-with-image' title=\"centro ambiental CU\"   itemscope=\"itemscope\" itemtype=\"https:\/\/schema.org\/CreativeWork\" ><div class='av-inner-masonry-sizer'><\/div><figure class='av-inner-masonry main_color'><div class=\"av-masonry-outerimage-container\"><div class='av-masonry-image-container'  ><img decoding=\"async\" width=\"500\" height=\"333\" fetchpriority=\"high\" class=\"wp-image-22773 avia-img-lazy-loading-not-22773\"  src=\"https:\/\/boulder.earth\/wp-content\/uploads\/2017\/09\/environmental-center.png\" title=\"centro ambiental CU\" alt=\"\" srcset=\"https:\/\/boulder.earth\/wp-content\/uploads\/2017\/09\/environmental-center.png 500w, https:\/\/boulder.earth\/wp-content\/uploads\/2017\/09\/environmental-center-300x200.png 300w, https:\/\/boulder.earth\/wp-content\/uploads\/2017\/09\/environmental-center-450x300.png 450w\" sizes=\"(max-width: 500px) 100vw, 500px\" \/><\/div><\/div><figcaption class='av-inner-masonry-content site-background'><div class='av-inner-masonry-content-pos'><div class='av-inner-masonry-content-pos-content'><div class='avia-arrow'><\/div><div class='av-masonry-entry-content entry-content'  itemprop=\"text\" >el centro dirigido por estudiantes m\u00e1s grande y exitoso de la naci\u00f3n en su tipo<\/div><\/div><\/div><\/figcaption><\/figure><\/a><!--end av-masonry entry--><a href=\"https:\/\/boulder.earth\/es\/organizations\/eco-cycle\/\"  id='av-masonry-1-item-13591' data-av-masonry-item='13591' class='av-masonry-entry isotope-item post-13591 portfolio type-portfolio status-publish has-post-thumbnail hentry portfolio_entries-conservation portfolio_entries-education portfolio_entries-environment portfolio_entries-food-waste portfolio_entries-resources portfolio_entries-zero-waste  av-masonry-item-with-image' title=\"ciclo ecol\u00f3gico\"   itemscope=\"itemscope\" itemtype=\"https:\/\/schema.org\/CreativeWork\" ><div class='av-inner-masonry-sizer'><\/div><figure class='av-inner-masonry main_color'><div class=\"av-masonry-outerimage-container\"><div class='av-masonry-image-container'  ><img decoding=\"async\" width=\"500\" height=\"333\" fetchpriority=\"high\" class=\"wp-image-13592 avia-img-lazy-loading-not-13592\"  src=\"https:\/\/boulder.earth\/wp-content\/uploads\/2017\/07\/ecocycle.jpg\" title=\"ciclo ecol\u00f3gico\" alt=\"\" srcset=\"https:\/\/boulder.earth\/wp-content\/uploads\/2017\/07\/ecocycle.jpg 500w, https:\/\/boulder.earth\/wp-content\/uploads\/2017\/07\/ecocycle-300x200.jpg 300w, https:\/\/boulder.earth\/wp-content\/uploads\/2017\/07\/ecocycle-450x300.jpg 450w\" sizes=\"(max-width: 500px) 100vw, 500px\" \/><\/div><\/div><figcaption class='av-inner-masonry-content site-background'><div class='av-inner-masonry-content-pos'><div class='av-inner-masonry-content-pos-content'><div class='avia-arrow'><\/div><div class='av-masonry-entry-content entry-content'  itemprop=\"text\" >Uno de los recicladores sin fines de lucro m\u00e1s grandes de los EE. UU. y con una reputaci\u00f3n internacional como pionero e innovador en la conservaci\u00f3n de recursos.<\/div><\/div><\/div><\/figcaption><\/figure><\/a><!--end av-masonry entry--><a href=\"https:\/\/boulder.earth\/es\/organizations\/edaphic-solutions\/\"  id='av-masonry-1-item-29305' data-av-masonry-item='29305' class='av-masonry-entry isotope-item post-29305 portfolio type-portfolio status-publish has-post-thumbnail hentry portfolio_entries-agriculture portfolio_entries-environment portfolio_entries-science  av-masonry-item-with-image' title=\"soluciones-ed\u00e1ficas\"   itemscope=\"itemscope\" itemtype=\"https:\/\/schema.org\/CreativeWork\" ><div class='av-inner-masonry-sizer'><\/div><figure class='av-inner-masonry main_color'><div class=\"av-masonry-outerimage-container\"><div class='av-masonry-image-container'  ><img decoding=\"async\" width=\"500\" height=\"333\" fetchpriority=\"high\" class=\"wp-image-29307 avia-img-lazy-loading-not-29307\"  src=\"https:\/\/boulder.earth\/wp-content\/uploads\/2017\/11\/edaphic-solutions.png\" title=\"soluciones-ed\u00e1ficas\" alt=\"\" srcset=\"https:\/\/boulder.earth\/wp-content\/uploads\/2017\/11\/edaphic-solutions.png 500w, https:\/\/boulder.earth\/wp-content\/uploads\/2017\/11\/edaphic-solutions-300x200.png 300w, https:\/\/boulder.earth\/wp-content\/uploads\/2017\/11\/edaphic-solutions-450x300.png 450w\" sizes=\"(max-width: 500px) 100vw, 500px\" \/><\/div><\/div><figcaption class='av-inner-masonry-content site-background'><div class='av-inner-masonry-content-pos'><div class='av-inner-masonry-content-pos-content'><div class='avia-arrow'><\/div><div class='av-masonry-entry-content entry-content'  itemprop=\"text\" >servicio local que produce y aplica t\u00e9 de compost, un rociador vivo para las plantas y el suelo, utilizando pruebas y biolog\u00eda para regenerar la salud del suelo y promover la administraci\u00f3n del suelo<\/div><\/div><\/div><\/figcaption><\/figure><\/a><!--end av-masonry entry--><a href=\"https:\/\/boulder.earth\/es\/organizations\/endangered-species-coalition\/\"  id='av-masonry-1-item-70487' data-av-masonry-item='70487' class='av-masonry-entry isotope-item post-70487 portfolio type-portfolio status-publish has-post-thumbnail hentry portfolio_entries-activism portfolio_entries-environment  av-masonry-item-with-image' title=\"En PeligroLogotipo\"   itemscope=\"itemscope\" itemtype=\"https:\/\/schema.org\/CreativeWork\" ><div class='av-inner-masonry-sizer'><\/div><figure class='av-inner-masonry main_color'><div class=\"av-masonry-outerimage-container\"><div class='av-masonry-image-container'  ><img decoding=\"async\" width=\"500\" height=\"333\" fetchpriority=\"high\" class=\"wp-image-70488 avia-img-lazy-loading-not-70488\"  src=\"https:\/\/boulder.earth\/wp-content\/uploads\/2018\/04\/EndangeredLogo.png\" title=\"En PeligroLogotipo\" alt=\"\" srcset=\"https:\/\/boulder.earth\/wp-content\/uploads\/2018\/04\/EndangeredLogo.png 500w, https:\/\/boulder.earth\/wp-content\/uploads\/2018\/04\/EndangeredLogo-300x200.png 300w, https:\/\/boulder.earth\/wp-content\/uploads\/2018\/04\/EndangeredLogo-450x300.png 450w\" sizes=\"(max-width: 500px) 100vw, 500px\" \/><\/div><\/div><figcaption class='av-inner-masonry-content site-background'><div class='av-inner-masonry-content-pos'><div class='av-inner-masonry-content-pos-content'><div class='avia-arrow'><\/div><div class='av-masonry-entry-content entry-content'  itemprop=\"text\" >Trabajando para detener la extinci\u00f3n causada por el hombre de las especies en riesgo de nuestra naci\u00f3n, para proteger y restaurar sus h\u00e1bitats, y para guiar a estas fr\u00e1giles poblaciones a lo largo del camino hacia la recuperaci\u00f3n.<\/div><\/div><\/div><\/figcaption><\/figure><\/a><!--end av-masonry entry--><a href=\"https:\/\/boulder.earth\/es\/organizations\/environmental-voter-project\/\"  id='av-masonry-1-item-91389' data-av-masonry-item='91389' class='av-masonry-entry isotope-item post-91389 portfolio type-portfolio status-publish has-post-thumbnail hentry portfolio_entries-activism portfolio_entries-environment  av-masonry-item-with-image' title=\"proyecto de votante ambiental\"   itemscope=\"itemscope\" itemtype=\"https:\/\/schema.org\/CreativeWork\" ><div class='av-inner-masonry-sizer'><\/div><figure class='av-inner-masonry main_color'><div class=\"av-masonry-outerimage-container\"><div class='av-masonry-image-container'  ><img decoding=\"async\" width=\"500\" height=\"333\" fetchpriority=\"high\" class=\"wp-image-91391 avia-img-lazy-loading-not-91391\"  src=\"https:\/\/boulder.earth\/wp-content\/uploads\/2018\/07\/environmental-voter-project.png\" title=\"proyecto de votante ambiental\" alt=\"\" srcset=\"https:\/\/boulder.earth\/wp-content\/uploads\/2018\/07\/environmental-voter-project.png 500w, https:\/\/boulder.earth\/wp-content\/uploads\/2018\/07\/environmental-voter-project-300x200.png 300w, https:\/\/boulder.earth\/wp-content\/uploads\/2018\/07\/environmental-voter-project-450x300.png 450w\" sizes=\"(max-width: 500px) 100vw, 500px\" \/><\/div><\/div><figcaption class='av-inner-masonry-content site-background'><div class='av-inner-masonry-content-pos'><div class='av-inner-masonry-content-pos-content'><div class='avia-arrow'><\/div><div class='av-masonry-entry-content entry-content'  itemprop=\"text\" >Aumentar la demanda de los votantes por una pol\u00edtica ambiental progresista al identificar a los ambientalistas inactivos y luego convertirlos en activistas y votantes consistentes.<\/div><\/div><\/div><\/figcaption><\/figure><\/a><!--end av-masonry entry--><a href=\"https:\/\/boulder.earth\/es\/organizations\/etown\/\"  id='av-masonry-1-item-17918' data-av-masonry-item='17918' class='av-masonry-entry isotope-item post-17918 portfolio type-portfolio status-publish has-post-thumbnail hentry portfolio_entries-arts-culture portfolio_entries-communications portfolio_entries-community portfolio_entries-environment  av-masonry-item-with-image' title=\"eTown\"   itemscope=\"itemscope\" itemtype=\"https:\/\/schema.org\/CreativeWork\" ><div class='av-inner-masonry-sizer'><\/div><figure class='av-inner-masonry main_color'><div class=\"av-masonry-outerimage-container\"><div class='av-masonry-image-container'  ><img decoding=\"async\" width=\"500\" height=\"333\" fetchpriority=\"high\" class=\"wp-image-17919 avia-img-lazy-loading-not-17919\"  src=\"https:\/\/boulder.earth\/wp-content\/uploads\/2017\/09\/eTown.png\" title=\"eTown\" alt=\"\" srcset=\"https:\/\/boulder.earth\/wp-content\/uploads\/2017\/09\/eTown.png 500w, https:\/\/boulder.earth\/wp-content\/uploads\/2017\/09\/eTown-300x200.png 300w, https:\/\/boulder.earth\/wp-content\/uploads\/2017\/09\/eTown-450x300.png 450w\" sizes=\"(max-width: 500px) 100vw, 500px\" \/><\/div><\/div><figcaption class='av-inner-masonry-content site-background'><div class='av-inner-masonry-content-pos'><div class='av-inner-masonry-content-pos-content'><div class='avia-arrow'><\/div><div class='av-masonry-entry-content entry-content'  itemprop=\"text\" >una compa\u00f1\u00eda de producci\u00f3n de eventos, multimedia, transmisi\u00f3n de radio\/podcast, sin fines de lucro, sindicada a nivel nacional<\/div><\/div><\/div><\/figcaption><\/figure><\/a><!--end av-masonry entry--><a href=\"https:\/\/boulder.earth\/es\/organizations\/evergreen\/\"  id='av-masonry-1-item-5486752' data-av-masonry-item='5486752' class='av-masonry-entry isotope-item post-5486752 portfolio type-portfolio status-publish has-post-thumbnail hentry portfolio_entries-arts-culture portfolio_entries-communications portfolio_entries-environment  av-masonry-item-with-image' title=\"hojas perennes\"   itemscope=\"itemscope\" itemtype=\"https:\/\/schema.org\/CreativeWork\" ><div class='av-inner-masonry-sizer'><\/div><figure class='av-inner-masonry main_color'><div class=\"av-masonry-outerimage-container\"><div class='av-masonry-image-container'  ><img decoding=\"async\" width=\"300\" height=\"200\" fetchpriority=\"high\" class=\"wp-image-5486755 avia-img-lazy-loading-not-5486755\"  src=\"https:\/\/boulder.earth\/wp-content\/uploads\/2024\/11\/evergreen.jpg\" title=\"hojas perennes\" alt=\"\" srcset=\"https:\/\/boulder.earth\/wp-content\/uploads\/2024\/11\/evergreen.jpg 300w, https:\/\/boulder.earth\/wp-content\/uploads\/2024\/11\/evergreen-18x12.jpg 18w\" sizes=\"(max-width: 300px) 100vw, 300px\" \/><\/div><\/div><figcaption class='av-inner-masonry-content site-background'><div class='av-inner-masonry-content-pos'><div class='av-inner-masonry-content-pos-content'><div class='avia-arrow'><\/div><\/div><\/div><\/figcaption><\/figure><\/a><!--end av-masonry entry--><a href=\"https:\/\/boulder.earth\/es\/organizations\/explorado-senderos\/\"  id='av-masonry-1-item-5483018' data-av-masonry-item='5483018' class='av-masonry-entry isotope-item post-5483018 portfolio type-portfolio status-publish has-post-thumbnail hentry portfolio_entries-community portfolio_entries-environment portfolio_entries-justice  av-masonry-item-with-image' title=\"explorando-senderos\"   itemscope=\"itemscope\" itemtype=\"https:\/\/schema.org\/CreativeWork\" ><div class='av-inner-masonry-sizer'><\/div><figure class='av-inner-masonry main_color'><div class=\"av-masonry-outerimage-container\"><div class='av-masonry-image-container'  ><img decoding=\"async\" width=\"300\" height=\"200\" fetchpriority=\"high\" class=\"wp-image-5483019 avia-img-lazy-loading-not-5483019\"  src=\"https:\/\/boulder.earth\/wp-content\/uploads\/2023\/11\/explorandos-senderos.png\" title=\"explorando-senderos\" alt=\"\" srcset=\"https:\/\/boulder.earth\/wp-content\/uploads\/2023\/11\/explorandos-senderos.png 300w, https:\/\/boulder.earth\/wp-content\/uploads\/2023\/11\/explorandos-senderos-18x12.png 18w\" sizes=\"(max-width: 300px) 100vw, 300px\" \/><\/div><\/div><figcaption class='av-inner-masonry-content site-background'><div class='av-inner-masonry-content-pos'><div class='av-inner-masonry-content-pos-content'><div class='avia-arrow'><\/div><div class='av-masonry-entry-content entry-content'  itemprop=\"text\" >empoderar a las familias latinas para que vivan, amen y abracen la naturaleza cada d\u00eda.<\/div><\/div><\/div><\/figcaption><\/figure><\/a><!--end av-masonry entry--><a href=\"https:\/\/boulder.earth\/es\/organizations\/flatirons-farmers-coalition\/\"  id='av-masonry-1-item-6464090' data-av-masonry-item='6464090' class='av-masonry-entry isotope-item post-6464090 portfolio type-portfolio status-publish has-post-thumbnail hentry portfolio_entries-agriculture portfolio_entries-business portfolio_entries-food portfolio_entries-resources  av-masonry-item-with-image' title=\"Coalici\u00f3n de Agricultores de Flatirons\"   itemscope=\"itemscope\" itemtype=\"https:\/\/schema.org\/CreativeWork\" ><div class='av-inner-masonry-sizer'><\/div><figure class='av-inner-masonry main_color'><div class=\"av-masonry-outerimage-container\"><div class='av-masonry-image-container'  ><img decoding=\"async\" width=\"300\" height=\"200\" fetchpriority=\"high\" class=\"wp-image-6464092 avia-img-lazy-loading-not-6464092\"  src=\"https:\/\/boulder.earth\/wp-content\/uploads\/2025\/04\/FlatironsFarmersCoalition.png\" title=\"Coalici\u00f3n de Agricultores de Flatirons\" alt=\"\" srcset=\"https:\/\/boulder.earth\/wp-content\/uploads\/2025\/04\/FlatironsFarmersCoalition.png 300w, https:\/\/boulder.earth\/wp-content\/uploads\/2025\/04\/FlatironsFarmersCoalition-18x12.png 18w\" sizes=\"(max-width: 300px) 100vw, 300px\" \/><\/div><\/div><figcaption class='av-inner-masonry-content site-background'><div class='av-inner-masonry-content-pos'><div class='av-inner-masonry-content-pos-content'><div class='avia-arrow'><\/div><div class='av-masonry-entry-content entry-content'  itemprop=\"text\" >Agricultores, ganaderos y defensores de los alimentos locales del condado de Boulder trabajan para cocrear una comunidad agr\u00edcola m\u00e1s inclusiva y regenerativa.<\/div><\/div><\/div><\/figcaption><\/figure><\/a><!--end av-masonry entry--><a href=\"https:\/\/boulder.earth\/es\/organizations\/flatirons-young-farmers-coalition\/\"  id='av-masonry-1-item-5479783' data-av-masonry-item='5479783' class='av-masonry-entry isotope-item post-5479783 portfolio type-portfolio status-publish has-post-thumbnail hentry portfolio_entries-agriculture portfolio_entries-community portfolio_entries-education portfolio_entries-food  av-masonry-item-with-image' title=\"coalici\u00f3n de j\u00f3venes agricultores flatirons\"   itemscope=\"itemscope\" itemtype=\"https:\/\/schema.org\/CreativeWork\" ><div class='av-inner-masonry-sizer'><\/div><figure class='av-inner-masonry main_color'><div class=\"av-masonry-outerimage-container\"><div class='av-masonry-image-container'  ><img decoding=\"async\" width=\"300\" height=\"200\" fetchpriority=\"high\" class=\"wp-image-5479784 avia-img-lazy-loading-not-5479784\"  src=\"https:\/\/boulder.earth\/wp-content\/uploads\/2022\/12\/flatirons-young-farmers.png\" title=\"coalici\u00f3n de j\u00f3venes agricultores flatirons\" alt=\"\" srcset=\"https:\/\/boulder.earth\/wp-content\/uploads\/2022\/12\/flatirons-young-farmers.png 300w, https:\/\/boulder.earth\/wp-content\/uploads\/2022\/12\/flatirons-young-farmers-18x12.png 18w\" sizes=\"(max-width: 300px) 100vw, 300px\" \/><\/div><\/div><figcaption class='av-inner-masonry-content site-background'><div class='av-inner-masonry-content-pos'><div class='av-inner-masonry-content-pos-content'><div class='avia-arrow'><\/div><div class='av-masonry-entry-content entry-content'  itemprop=\"text\" >Apoyando a los agricultores j\u00f3venes y principiantes en el condado de Boulder<\/div><\/div><\/div><\/figcaption><\/figure><\/a><!--end av-masonry entry--><a href=\"https:\/\/boulder.earth\/es\/organizations\/food-water-watch\/\"  id='av-masonry-1-item-42893' data-av-masonry-item='42893' class='av-masonry-entry isotope-item post-42893 portfolio type-portfolio status-publish has-post-thumbnail hentry portfolio_entries-activism portfolio_entries-environment portfolio_entries-fracking portfolio_entries-justice portfolio_entries-policy portfolio_entries-water  av-masonry-item-with-image' title=\"reloj-de-comida-y-agua\"   itemscope=\"itemscope\" itemtype=\"https:\/\/schema.org\/CreativeWork\" ><div class='av-inner-masonry-sizer'><\/div><figure class='av-inner-masonry main_color'><div class=\"av-masonry-outerimage-container\"><div class='av-masonry-image-container'  ><img decoding=\"async\" width=\"500\" height=\"333\" fetchpriority=\"high\" class=\"wp-image-42896 avia-img-lazy-loading-not-42896\"  src=\"https:\/\/boulder.earth\/wp-content\/uploads\/2018\/01\/food-and-water-watch.png\" title=\"reloj-de-comida-y-agua\" alt=\"\" srcset=\"https:\/\/boulder.earth\/wp-content\/uploads\/2018\/01\/food-and-water-watch.png 500w, https:\/\/boulder.earth\/wp-content\/uploads\/2018\/01\/food-and-water-watch-300x200.png 300w, https:\/\/boulder.earth\/wp-content\/uploads\/2018\/01\/food-and-water-watch-450x300.png 450w\" sizes=\"(max-width: 500px) 100vw, 500px\" \/><\/div><\/div><figcaption class='av-inner-masonry-content site-background'><div class='av-inner-masonry-content-pos'><div class='av-inner-masonry-content-pos-content'><div class='avia-arrow'><\/div><div class='av-masonry-entry-content entry-content'  itemprop=\"text\" >Defender alimentos saludables y agua limpia para todos, hacer frente a las corporaciones que anteponen las ganancias a las personas y abogar por una democracia que mejore la vida de las personas y proteja nuestro medio ambiente.<\/div><\/div><\/div><\/figcaption><\/figure><\/a><!--end av-masonry entry--><a href=\"https:\/\/boulder.earth\/es\/organizations\/garden-to-table\/\"  id='av-masonry-1-item-167237' data-av-masonry-item='167237' class='av-masonry-entry isotope-item post-167237 portfolio type-portfolio status-publish has-post-thumbnail hentry portfolio_entries-agriculture portfolio_entries-education portfolio_entries-food  av-masonry-item-with-image' title=\"jard\u00edn a la mesa\"   itemscope=\"itemscope\" itemtype=\"https:\/\/schema.org\/CreativeWork\" ><div class='av-inner-masonry-sizer'><\/div><figure class='av-inner-masonry main_color'><div class=\"av-masonry-outerimage-container\"><div class='av-masonry-image-container'  ><img decoding=\"async\" width=\"300\" height=\"200\" fetchpriority=\"high\" class=\"wp-image-167240 avia-img-lazy-loading-not-167240\"  src=\"https:\/\/boulder.earth\/wp-content\/uploads\/2019\/11\/garden-to-table.png\" title=\"jard\u00edn a la mesa\" alt=\"\" \/><\/div><\/div><figcaption class='av-inner-masonry-content site-background'><div class='av-inner-masonry-content-pos'><div class='av-inner-masonry-content-pos-content'><div class='avia-arrow'><\/div><div class='av-masonry-entry-content entry-content'  itemprop=\"text\" >Proporcionar a los ni\u00f1os experiencias educativas atractivas que los conecten con los alimentos, c\u00f3mo se cultivan y por qu\u00e9 las frutas y verduras son esenciales para su dieta.<\/div><\/div><\/div><\/figcaption><\/figure><\/a><!--end av-masonry entry--><a href=\"https:\/\/boulder.earth\/es\/organizations\/global-greengrants-fund\/\"  id='av-masonry-1-item-29049' data-av-masonry-item='29049' class='av-masonry-entry isotope-item post-29049 portfolio type-portfolio status-publish has-post-thumbnail hentry portfolio_entries-economics portfolio_entries-environment portfolio_entries-justice  av-masonry-item-with-image' title=\"Fondo GlobalGreengrants\"   itemscope=\"itemscope\" itemtype=\"https:\/\/schema.org\/CreativeWork\" ><div class='av-inner-masonry-sizer'><\/div><figure class='av-inner-masonry main_color'><div class=\"av-masonry-outerimage-container\"><div class='av-masonry-image-container'  ><img decoding=\"async\" width=\"500\" height=\"333\" fetchpriority=\"high\" class=\"wp-image-29051 avia-img-lazy-loading-not-29051\"  src=\"https:\/\/boulder.earth\/wp-content\/uploads\/2017\/11\/GlobalGreengrantsFund.png\" title=\"Fondo GlobalGreengrants\" alt=\"\" srcset=\"https:\/\/boulder.earth\/wp-content\/uploads\/2017\/11\/GlobalGreengrantsFund.png 500w, https:\/\/boulder.earth\/wp-content\/uploads\/2017\/11\/GlobalGreengrantsFund-300x200.png 300w, https:\/\/boulder.earth\/wp-content\/uploads\/2017\/11\/GlobalGreengrantsFund-450x300.png 450w\" sizes=\"(max-width: 500px) 100vw, 500px\" \/><\/div><\/div><figcaption class='av-inner-masonry-content site-background'><div class='av-inner-masonry-content-pos'><div class='av-inner-masonry-content-pos-content'><div class='avia-arrow'><\/div><div class='av-masonry-entry-content entry-content'  itemprop=\"text\" >La red global de personas en primera l\u00ednea y donantes se une para ayudar a las comunidades a proteger sus formas de vida y nuestro planeta.<\/div><\/div><\/div><\/figcaption><\/figure><\/a><!--end av-masonry entry--><a href=\"https:\/\/boulder.earth\/es\/organizations\/growing-gardens\/\"  id='av-masonry-1-item-11299' data-av-masonry-item='11299' class='av-masonry-entry isotope-item post-11299 portfolio type-portfolio status-publish has-post-thumbnail hentry portfolio_entries-agriculture portfolio_entries-business portfolio_entries-community portfolio_entries-education portfolio_entries-food portfolio_entries-justice portfolio_entries-pollinators portfolio_entries-resilience  av-masonry-item-with-image' title=\"jardines de cultivo\"   itemscope=\"itemscope\" itemtype=\"https:\/\/schema.org\/CreativeWork\" ><div class='av-inner-masonry-sizer'><\/div><figure class='av-inner-masonry main_color'><div class=\"av-masonry-outerimage-container\"><div class='av-masonry-image-container'  ><img decoding=\"async\" width=\"500\" height=\"333\" fetchpriority=\"high\" class=\"wp-image-13598 avia-img-lazy-loading-not-13598\"  src=\"https:\/\/boulder.earth\/wp-content\/uploads\/2017\/06\/growing-gardens-1.jpg\" title=\"jardines de cultivo\" alt=\"Growing Gardens\" srcset=\"https:\/\/boulder.earth\/wp-content\/uploads\/2017\/06\/growing-gardens-1.jpg 500w, https:\/\/boulder.earth\/wp-content\/uploads\/2017\/06\/growing-gardens-1-300x200.jpg 300w, https:\/\/boulder.earth\/wp-content\/uploads\/2017\/06\/growing-gardens-1-450x300.jpg 450w\" sizes=\"(max-width: 500px) 100vw, 500px\" \/><\/div><\/div><figcaption class='av-inner-masonry-content site-background'><div class='av-inner-masonry-content-pos'><div class='av-inner-masonry-content-pos-content'><div class='avia-arrow'><\/div><div class='av-masonry-entry-content entry-content'  itemprop=\"text\" >sin fines de lucro con la Misi\u00f3n de cultivar la comunidad a trav\u00e9s de la agricultura urbana sostenible y la Visi\u00f3n de personas que experimentan una conexi\u00f3n directa y profunda con los alimentos, la tierra y entre s\u00ed.<\/div><\/div><\/div><\/figcaption><\/figure><\/a><!--end av-masonry entry--><a href=\"https:\/\/boulder.earth\/es\/organizations\/harvest-of-hope-pantry\/\"  id='av-masonry-1-item-84962' data-av-masonry-item='84962' class='av-masonry-entry isotope-item post-84962 portfolio type-portfolio status-publish has-post-thumbnail hentry portfolio_entries-agriculture portfolio_entries-community portfolio_entries-food portfolio_entries-justice  av-masonry-item-with-image' title=\"cosecha de esperanza\"   itemscope=\"itemscope\" itemtype=\"https:\/\/schema.org\/CreativeWork\" ><div class='av-inner-masonry-sizer'><\/div><figure class='av-inner-masonry main_color'><div class=\"av-masonry-outerimage-container\"><div class='av-masonry-image-container'  ><img decoding=\"async\" width=\"500\" height=\"333\" fetchpriority=\"high\" class=\"wp-image-84965 avia-img-lazy-loading-not-84965\"  src=\"https:\/\/boulder.earth\/wp-content\/uploads\/2018\/06\/harvest-of-hope.png\" title=\"cosecha de esperanza\" alt=\"\" srcset=\"https:\/\/boulder.earth\/wp-content\/uploads\/2018\/06\/harvest-of-hope.png 500w, https:\/\/boulder.earth\/wp-content\/uploads\/2018\/06\/harvest-of-hope-300x200.png 300w, https:\/\/boulder.earth\/wp-content\/uploads\/2018\/06\/harvest-of-hope-450x300.png 450w\" sizes=\"(max-width: 500px) 100vw, 500px\" \/><\/div><\/div><figcaption class='av-inner-masonry-content site-background'><div class='av-inner-masonry-content-pos'><div class='av-inner-masonry-content-pos-content'><div class='avia-arrow'><\/div><div class='av-masonry-entry-content entry-content'  itemprop=\"text\" >Brindar alimentos complementarios saludables a las familias de Boulder y a las personas que necesitan asistencia alimentaria en un entorno seguro, acogedor y sin prejuicios.<\/div><\/div><\/div><\/figcaption><\/figure><\/a><!--end av-masonry entry--><a href=\"https:\/\/boulder.earth\/es\/organizations\/hazon\/\"  id='av-masonry-1-item-20499' data-av-masonry-item='20499' class='av-masonry-entry isotope-item post-20499 portfolio type-portfolio status-publish has-post-thumbnail hentry portfolio_entries-agriculture portfolio_entries-community portfolio_entries-spiritual  av-masonry-item-with-image' title=\"haz\u00f3n\"   itemscope=\"itemscope\" itemtype=\"https:\/\/schema.org\/CreativeWork\" ><div class='av-inner-masonry-sizer'><\/div><figure class='av-inner-masonry main_color'><div class=\"av-masonry-outerimage-container\"><div class='av-masonry-image-container'  ><img decoding=\"async\" width=\"500\" height=\"333\" fetchpriority=\"high\" class=\"wp-image-20509 avia-img-lazy-loading-not-20509\"  src=\"https:\/\/boulder.earth\/wp-content\/uploads\/2017\/09\/hazon.png\" title=\"haz\u00f3n\" alt=\"\" srcset=\"https:\/\/boulder.earth\/wp-content\/uploads\/2017\/09\/hazon.png 500w, https:\/\/boulder.earth\/wp-content\/uploads\/2017\/09\/hazon-300x200.png 300w, https:\/\/boulder.earth\/wp-content\/uploads\/2017\/09\/hazon-450x300.png 450w\" sizes=\"(max-width: 500px) 100vw, 500px\" \/><\/div><\/div><figcaption class='av-inner-masonry-content site-background'><div class='av-inner-masonry-content-pos'><div class='av-inner-masonry-content-pos-content'><div class='avia-arrow'><\/div><div class='av-masonry-entry-content entry-content'  itemprop=\"text\" >crear comunidades m\u00e1s saludables y sostenibles en el mundo jud\u00edo y m\u00e1s all\u00e1<\/div><\/div><\/div><\/figcaption><\/figure><\/a><!--end av-masonry entry--><a href=\"https:\/\/boulder.earth\/es\/organizations\/instaar\/\"  id='av-masonry-1-item-20227' data-av-masonry-item='20227' class='av-masonry-entry isotope-item post-20227 portfolio type-portfolio status-publish has-post-thumbnail hentry portfolio_entries-education portfolio_entries-environment portfolio_entries-science portfolio_entries-university  av-masonry-item-with-image' title=\"instaurar\"   itemscope=\"itemscope\" itemtype=\"https:\/\/schema.org\/CreativeWork\" ><div class='av-inner-masonry-sizer'><\/div><figure class='av-inner-masonry main_color'><div class=\"av-masonry-outerimage-container\"><div class='av-masonry-image-container'  ><img decoding=\"async\" width=\"500\" height=\"333\" fetchpriority=\"high\" class=\"wp-image-20229 avia-img-lazy-loading-not-20229\"  src=\"https:\/\/boulder.earth\/wp-content\/uploads\/2017\/09\/instaar.png\" title=\"instaurar\" alt=\"\" srcset=\"https:\/\/boulder.earth\/wp-content\/uploads\/2017\/09\/instaar.png 500w, https:\/\/boulder.earth\/wp-content\/uploads\/2017\/09\/instaar-300x200.png 300w, https:\/\/boulder.earth\/wp-content\/uploads\/2017\/09\/instaar-450x300.png 450w\" sizes=\"(max-width: 500px) 100vw, 500px\" \/><\/div><\/div><figcaption class='av-inner-masonry-content site-background'><div class='av-inner-masonry-content-pos'><div class='av-inner-masonry-content-pos-content'><div class='avia-arrow'><\/div><div class='av-masonry-entry-content entry-content'  itemprop=\"text\" >un instituto de investigaci\u00f3n de la Universidad de Colorado Boulder que investiga los mecanismos que impulsan el cambio ambiental, una misi\u00f3n que se vuelve cada vez m\u00e1s urgente a medida que los cambios en el clima y el uso de la tierra se sienten en todo el mundo<\/div><\/div><\/div><\/figcaption><\/figure><\/a><!--end av-masonry entry--><a href=\"https:\/\/boulder.earth\/es\/organizations\/iset-international\/\"  id='av-masonry-1-item-17933' data-av-masonry-item='17933' class='av-masonry-entry isotope-item post-17933 portfolio type-portfolio status-publish has-post-thumbnail hentry portfolio_entries-communications portfolio_entries-education portfolio_entries-environment portfolio_entries-science  av-masonry-item-with-image' title=\"LO PUSE\"   itemscope=\"itemscope\" itemtype=\"https:\/\/schema.org\/CreativeWork\" ><div class='av-inner-masonry-sizer'><\/div><figure class='av-inner-masonry main_color'><div class=\"av-masonry-outerimage-container\"><div class='av-masonry-image-container'  ><img decoding=\"async\" width=\"500\" height=\"333\" fetchpriority=\"high\" class=\"wp-image-17934 avia-img-lazy-loading-not-17934\"  src=\"https:\/\/boulder.earth\/wp-content\/uploads\/2017\/09\/ISET.jpg\" title=\"LO PUSE\" alt=\"\" srcset=\"https:\/\/boulder.earth\/wp-content\/uploads\/2017\/09\/ISET.jpg 500w, https:\/\/boulder.earth\/wp-content\/uploads\/2017\/09\/ISET-300x200.jpg 300w, https:\/\/boulder.earth\/wp-content\/uploads\/2017\/09\/ISET-450x300.jpg 450w\" sizes=\"(max-width: 500px) 100vw, 500px\" \/><\/div><\/div><figcaption class='av-inner-masonry-content site-background'><div class='av-inner-masonry-content-pos'><div class='av-inner-masonry-content-pos-content'><div class='avia-arrow'><\/div><div class='av-masonry-entry-content entry-content'  itemprop=\"text\" >Organizaci\u00f3n no gubernamental con sede en EE. UU. enfocada en traducir conocimientos cient\u00edficos naturales y sociales globales a contextos locales de una manera que mejore la comprensi\u00f3n y permita la acci\u00f3n<\/div><\/div><\/div><\/figcaption><\/figure><\/a><!--end av-masonry entry--><a href=\"https:\/\/boulder.earth\/es\/organizations\/kilt-farm\/\"  id='av-masonry-1-item-20239' data-av-masonry-item='20239' class='av-masonry-entry isotope-item post-20239 portfolio type-portfolio status-publish has-post-thumbnail hentry portfolio_entries-agriculture portfolio_entries-business portfolio_entries-community portfolio_entries-environment portfolio_entries-food  av-masonry-item-with-image' title=\"falda escocesa\"   itemscope=\"itemscope\" itemtype=\"https:\/\/schema.org\/CreativeWork\" ><div class='av-inner-masonry-sizer'><\/div><figure class='av-inner-masonry main_color'><div class=\"av-masonry-outerimage-container\"><div class='av-masonry-image-container'  ><img decoding=\"async\" width=\"500\" height=\"333\" fetchpriority=\"high\" class=\"wp-image-20240 avia-img-lazy-loading-not-20240\"  src=\"https:\/\/boulder.earth\/wp-content\/uploads\/2017\/09\/kilt-farm.jpg\" title=\"falda escocesa\" alt=\"\" srcset=\"https:\/\/boulder.earth\/wp-content\/uploads\/2017\/09\/kilt-farm.jpg 500w, https:\/\/boulder.earth\/wp-content\/uploads\/2017\/09\/kilt-farm-300x200.jpg 300w, https:\/\/boulder.earth\/wp-content\/uploads\/2017\/09\/kilt-farm-450x300.jpg 450w\" sizes=\"(max-width: 500px) 100vw, 500px\" \/><\/div><\/div><figcaption class='av-inner-masonry-content site-background'><div class='av-inner-masonry-content-pos'><div class='av-inner-masonry-content-pos-content'><div class='avia-arrow'><\/div><div class='av-masonry-entry-content entry-content'  itemprop=\"text\" >granja local que usa t\u00e9 de compost para construir la biolog\u00eda del suelo que vende productos a Lucky&#039;s Markets, restaurantes de Boulder y a trav\u00e9s de programas CSA<\/div><\/div><\/div><\/figcaption><\/figure><\/a><!--end av-masonry entry--><a href=\"https:\/\/boulder.earth\/es\/organizations\/lineage-seeds\/\"  id='av-masonry-1-item-13670' data-av-masonry-item='13670' class='av-masonry-entry isotope-item post-13670 portfolio type-portfolio status-publish has-post-thumbnail hentry portfolio_entries-activism portfolio_entries-agriculture portfolio_entries-business portfolio_entries-education portfolio_entries-food portfolio_entries-justice  av-masonry-item-with-image' title=\"semillas de linaje\"   itemscope=\"itemscope\" itemtype=\"https:\/\/schema.org\/CreativeWork\" ><div class='av-inner-masonry-sizer'><\/div><figure class='av-inner-masonry main_color'><div class=\"av-masonry-outerimage-container\"><div class='av-masonry-image-container'  ><img decoding=\"async\" width=\"500\" height=\"333\" fetchpriority=\"high\" class=\"wp-image-13671 avia-img-lazy-loading-not-13671\"  src=\"https:\/\/boulder.earth\/wp-content\/uploads\/2017\/07\/lineage-seeds.jpg\" title=\"semillas de linaje\" alt=\"\" srcset=\"https:\/\/boulder.earth\/wp-content\/uploads\/2017\/07\/lineage-seeds.jpg 500w, https:\/\/boulder.earth\/wp-content\/uploads\/2017\/07\/lineage-seeds-300x200.jpg 300w, https:\/\/boulder.earth\/wp-content\/uploads\/2017\/07\/lineage-seeds-450x300.jpg 450w\" sizes=\"(max-width: 500px) 100vw, 500px\" \/><\/div><\/div><figcaption class='av-inner-masonry-content site-background'><div class='av-inner-masonry-content-pos'><div class='av-inner-masonry-content-pos-content'><div class='avia-arrow'><\/div><div class='av-masonry-entry-content entry-content'  itemprop=\"text\" >Compa\u00f1\u00eda de semillas que tiene como objetivo devolver las semillas a la gente: cultivadas org\u00e1nicamente, a menudo reliquias, cultivadas localmente cuando est\u00e9n disponibles y solo polinizadas al aire libre.<\/div><\/div><\/div><\/figcaption><\/figure><\/a><!--end av-masonry entry--><a href=\"https:\/\/boulder.earth\/es\/organizations\/loam-magazine\/\"  id='av-masonry-1-item-17914' data-av-masonry-item='17914' class='av-masonry-entry isotope-item post-17914 portfolio type-portfolio status-publish has-post-thumbnail hentry portfolio_entries-agriculture portfolio_entries-communications  av-masonry-item-with-image' title=\"revista loam\"   itemscope=\"itemscope\" itemtype=\"https:\/\/schema.org\/CreativeWork\" ><div class='av-inner-masonry-sizer'><\/div><figure class='av-inner-masonry main_color'><div class=\"av-masonry-outerimage-container\"><div class='av-masonry-image-container'  ><img decoding=\"async\" width=\"500\" height=\"333\" fetchpriority=\"high\" class=\"wp-image-17915 avia-img-lazy-loading-not-17915\"  src=\"https:\/\/boulder.earth\/wp-content\/uploads\/2017\/09\/loam-magazine.png\" title=\"revista loam\" alt=\"\" srcset=\"https:\/\/boulder.earth\/wp-content\/uploads\/2017\/09\/loam-magazine.png 500w, https:\/\/boulder.earth\/wp-content\/uploads\/2017\/09\/loam-magazine-300x200.png 300w, https:\/\/boulder.earth\/wp-content\/uploads\/2017\/09\/loam-magazine-450x300.png 450w\" sizes=\"(max-width: 500px) 100vw, 500px\" \/><\/div><\/div><figcaption class='av-inner-masonry-content site-background'><div class='av-inner-masonry-content-pos'><div class='av-inner-masonry-content-pos-content'><div class='avia-arrow'><\/div><div class='av-masonry-entry-content entry-content'  itemprop=\"text\" >una revista de artes ambientales que celebra proyectos creativos y personas apasionadas que hacen olas en los movimientos ambientales<\/div><\/div><\/div><\/figcaption><\/figure><\/a><!--end av-masonry entry--><a href=\"https:\/\/boulder.earth\/es\/organizations\/logic\/\"  id='av-masonry-1-item-42296' data-av-masonry-item='42296' class='av-masonry-entry isotope-item post-42296 portfolio type-portfolio status-publish has-post-thumbnail hentry tag-fracking portfolio_entries-community portfolio_entries-environment portfolio_entries-fracking portfolio_entries-justice portfolio_entries-policy  av-masonry-item-with-image' title=\"l\u00f3gica\"   itemscope=\"itemscope\" itemtype=\"https:\/\/schema.org\/CreativeWork\" ><div class='av-inner-masonry-sizer'><\/div><figure class='av-inner-masonry main_color'><div class=\"av-masonry-outerimage-container\"><div class='av-masonry-image-container'  ><img decoding=\"async\" width=\"500\" height=\"333\" fetchpriority=\"high\" class=\"wp-image-42307 avia-img-lazy-loading-not-42307\"  src=\"https:\/\/boulder.earth\/wp-content\/uploads\/2018\/01\/logic.png\" title=\"l\u00f3gica\" alt=\"\" srcset=\"https:\/\/boulder.earth\/wp-content\/uploads\/2018\/01\/logic.png 500w, https:\/\/boulder.earth\/wp-content\/uploads\/2018\/01\/logic-300x200.png 300w, https:\/\/boulder.earth\/wp-content\/uploads\/2018\/01\/logic-450x300.png 450w\" sizes=\"(max-width: 500px) 100vw, 500px\" \/><\/div><\/div><figcaption class='av-inner-masonry-content site-background'><div class='av-inner-masonry-content-pos'><div class='av-inner-masonry-content-pos-content'><div class='avia-arrow'><\/div><div class='av-masonry-entry-content entry-content'  itemprop=\"text\" >Elevando las voces de los habitantes de Colorado en todo el estado que viven cerca de las operaciones de petr\u00f3leo y gas actuales y propuestas y para todos los ciudadanos preocupados que trabajan para aprobar pol\u00edticas de desarrollo de energ\u00eda equilibrada que protegen los vecindarios, los hogares y nuestra calidad de vida en Colorado<\/div><\/div><\/div><\/figcaption><\/figure><\/a><!--end av-masonry entry--><a href=\"https:\/\/boulder.earth\/es\/organizations\/longmont-food-rescue\/\"  id='av-masonry-1-item-127832' data-av-masonry-item='127832' class='av-masonry-entry isotope-item post-127832 portfolio type-portfolio status-publish has-post-thumbnail hentry portfolio_entries-agriculture portfolio_entries-food portfolio_entries-resources portfolio_entries-zero-waste  av-masonry-item-with-image' title=\"longmont-food-rescate\"   itemscope=\"itemscope\" itemtype=\"https:\/\/schema.org\/CreativeWork\" ><div class='av-inner-masonry-sizer'><\/div><figure class='av-inner-masonry main_color'><div class=\"av-masonry-outerimage-container\"><div class='av-masonry-image-container'  ><img decoding=\"async\" width=\"300\" height=\"200\" fetchpriority=\"high\" class=\"wp-image-127835 avia-img-lazy-loading-not-127835\"  src=\"https:\/\/boulder.earth\/wp-content\/uploads\/2019\/04\/longmont-food-rescue.png\" title=\"longmont-food-rescate\" alt=\"\" \/><\/div><\/div><figcaption class='av-inner-masonry-content site-background'><div class='av-inner-masonry-content-pos'><div class='av-inner-masonry-content-pos-content'><div class='avia-arrow'><\/div><div class='av-masonry-entry-content entry-content'  itemprop=\"text\" >Redirecci\u00f3n de alimentos perecederos: \u00a1justo a tiempo!<\/div><\/div><\/div><\/figcaption><\/figure><\/a><!--end av-masonry entry--><a href=\"https:\/\/boulder.earth\/es\/organizations\/mad-agriculture\/\"  id='av-masonry-1-item-60157' data-av-masonry-item='60157' class='av-masonry-entry isotope-item post-60157 portfolio type-portfolio status-publish has-post-thumbnail hentry portfolio_entries-agriculture portfolio_entries-community portfolio_entries-education portfolio_entries-food portfolio_entries-resources  av-masonry-item-with-image' title=\"agricultura loca\"   itemscope=\"itemscope\" itemtype=\"https:\/\/schema.org\/CreativeWork\" ><div class='av-inner-masonry-sizer'><\/div><figure class='av-inner-masonry main_color'><div class=\"av-masonry-outerimage-container\"><div class='av-masonry-image-container'  ><img decoding=\"async\" width=\"500\" height=\"333\" fetchpriority=\"high\" class=\"wp-image-60160 avia-img-lazy-loading-not-60160\"  src=\"https:\/\/boulder.earth\/wp-content\/uploads\/2018\/03\/mad-ag.png\" title=\"agricultura loca\" alt=\"\" srcset=\"https:\/\/boulder.earth\/wp-content\/uploads\/2018\/03\/mad-ag.png 500w, https:\/\/boulder.earth\/wp-content\/uploads\/2018\/03\/mad-ag-300x200.png 300w, https:\/\/boulder.earth\/wp-content\/uploads\/2018\/03\/mad-ag-450x300.png 450w\" sizes=\"(max-width: 500px) 100vw, 500px\" \/><\/div><\/div><figcaption class='av-inner-masonry-content site-background'><div class='av-inner-masonry-content-pos'><div class='av-inner-masonry-content-pos-content'><div class='avia-arrow'><\/div><div class='av-masonry-entry-content entry-content'  itemprop=\"text\" >Impulsar una revoluci\u00f3n agr\u00edcola que restablezca nuestra relaci\u00f3n con la Tierra para que toda la vida pueda florecer para las generaciones venideras.<\/div><\/div><\/div><\/figcaption><\/figure><\/a><!--end av-masonry entry--><a href=\"https:\/\/boulder.earth\/es\/organizations\/museum-of-natural-history\/\"  id='av-masonry-1-item-62187' data-av-masonry-item='62187' class='av-masonry-entry isotope-item post-62187 portfolio type-portfolio status-publish has-post-thumbnail hentry portfolio_entries-environment portfolio_entries-pollinators portfolio_entries-programproject portfolio_entries-university  av-masonry-item-with-image' title=\"MuseumOfNaturalHistCU\"   itemscope=\"itemscope\" itemtype=\"https:\/\/schema.org\/CreativeWork\" ><div class='av-inner-masonry-sizer'><\/div><figure class='av-inner-masonry main_color'><div class=\"av-masonry-outerimage-container\"><div class='av-masonry-image-container'  ><img decoding=\"async\" width=\"500\" height=\"333\" fetchpriority=\"high\" class=\"wp-image-62189 avia-img-lazy-loading-not-62189\"  src=\"https:\/\/boulder.earth\/wp-content\/uploads\/2018\/04\/MuseumOfNaturalHistCU.png\" title=\"MuseumOfNaturalHistCU\" alt=\"\" srcset=\"https:\/\/boulder.earth\/wp-content\/uploads\/2018\/04\/MuseumOfNaturalHistCU.png 500w, https:\/\/boulder.earth\/wp-content\/uploads\/2018\/04\/MuseumOfNaturalHistCU-300x200.png 300w, https:\/\/boulder.earth\/wp-content\/uploads\/2018\/04\/MuseumOfNaturalHistCU-450x300.png 450w\" sizes=\"(max-width: 500px) 100vw, 500px\" \/><\/div><\/div><figcaption class='av-inner-masonry-content site-background'><div class='av-inner-masonry-content-pos'><div class='av-inner-masonry-content-pos-content'><div class='avia-arrow'><\/div><div class='av-masonry-entry-content entry-content'  itemprop=\"text\" >Contribuir al conocimiento del mundo natural y la historia humana a trav\u00e9s de la investigaci\u00f3n, la ense\u00f1anza y la educaci\u00f3n p\u00fablica.<\/div><\/div><\/div><\/figcaption><\/figure><\/a><!--end av-masonry entry--><a href=\"https:\/\/boulder.earth\/es\/organizations\/natural-capital-solutions\/\"  id='av-masonry-1-item-17807' data-av-masonry-item='17807' class='av-masonry-entry isotope-item post-17807 portfolio type-portfolio status-publish has-post-thumbnail hentry portfolio_entries-economics portfolio_entries-energy portfolio_entries-environment portfolio_entries-policy  av-masonry-item-with-image' title=\"Soluciones de capitalismo natural\"   itemscope=\"itemscope\" itemtype=\"https:\/\/schema.org\/CreativeWork\" ><div class='av-inner-masonry-sizer'><\/div><figure class='av-inner-masonry main_color'><div class=\"av-masonry-outerimage-container\"><div class='av-masonry-image-container'  ><img decoding=\"async\" width=\"500\" height=\"333\" fetchpriority=\"high\" class=\"wp-image-17808 avia-img-lazy-loading-not-17808\"  src=\"https:\/\/boulder.earth\/wp-content\/uploads\/2017\/09\/NaturalCapitalismInstitute.jpg\" title=\"Soluciones de capitalismo natural\" alt=\"\" srcset=\"https:\/\/boulder.earth\/wp-content\/uploads\/2017\/09\/NaturalCapitalismInstitute.jpg 500w, https:\/\/boulder.earth\/wp-content\/uploads\/2017\/09\/NaturalCapitalismInstitute-300x200.jpg 300w, https:\/\/boulder.earth\/wp-content\/uploads\/2017\/09\/NaturalCapitalismInstitute-450x300.jpg 450w\" sizes=\"(max-width: 500px) 100vw, 500px\" \/><\/div><\/div><figcaption class='av-inner-masonry-content site-background'><div class='av-inner-masonry-content-pos'><div class='av-inner-masonry-content-pos-content'><div class='avia-arrow'><\/div><div class='av-masonry-entry-content entry-content'  itemprop=\"text\" >Desarrollar formas innovadoras y pr\u00e1cticas para aumentar la eficiencia y las pr\u00e1cticas ambientales, as\u00ed como la sostenibilidad econ\u00f3mica, para una larga lista de clientes gubernamentales y corporativos.<\/div><\/div><\/div><\/figcaption><\/figure><\/a><!--end av-masonry entry--><a href=\"https:\/\/boulder.earth\/es\/organizations\/naturally-boulder\/\"  id='av-masonry-1-item-22414' data-av-masonry-item='22414' class='av-masonry-entry isotope-item post-22414 portfolio type-portfolio status-publish has-post-thumbnail hentry portfolio_entries-agriculture portfolio_entries-business portfolio_entries-economics  av-masonry-item-with-image' title=\"roca natural\"   itemscope=\"itemscope\" itemtype=\"https:\/\/schema.org\/CreativeWork\" ><div class='av-inner-masonry-sizer'><\/div><figure class='av-inner-masonry main_color'><div class=\"av-masonry-outerimage-container\"><div class='av-masonry-image-container'  ><img decoding=\"async\" width=\"500\" height=\"333\" fetchpriority=\"high\" class=\"wp-image-22415 avia-img-lazy-loading-not-22415\"  src=\"https:\/\/boulder.earth\/wp-content\/uploads\/2017\/10\/naturally-boulder.png\" title=\"roca natural\" alt=\"\" srcset=\"https:\/\/boulder.earth\/wp-content\/uploads\/2017\/10\/naturally-boulder.png 500w, https:\/\/boulder.earth\/wp-content\/uploads\/2017\/10\/naturally-boulder-300x200.png 300w, https:\/\/boulder.earth\/wp-content\/uploads\/2017\/10\/naturally-boulder-450x300.png 450w\" sizes=\"(max-width: 500px) 100vw, 500px\" \/><\/div><\/div><figcaption class='av-inner-masonry-content site-background'><div class='av-inner-masonry-content-pos'><div class='av-inner-masonry-content-pos-content'><div class='avia-arrow'><\/div><div class='av-masonry-entry-content entry-content'  itemprop=\"text\" >sirviendo como una voz para la industria y ofreciendo programaci\u00f3n educativa durante todo el a\u00f1o y eventos de networking, y celebraciones que re\u00fanen a la comunidad de productos naturales de Colorado<\/div><\/div><\/div><\/figcaption><\/figure><\/a><!--end av-masonry entry--><a href=\"https:\/\/boulder.earth\/es\/organizations\/naturerx\/\"  id='av-masonry-1-item-20266' data-av-masonry-item='20266' class='av-masonry-entry isotope-item post-20266 portfolio type-portfolio status-publish has-post-thumbnail hentry portfolio_entries-arts-culture portfolio_entries-business portfolio_entries-communications portfolio_entries-environment  av-masonry-item-with-image' title=\"NaturalezaRX\"   itemscope=\"itemscope\" itemtype=\"https:\/\/schema.org\/CreativeWork\" ><div class='av-inner-masonry-sizer'><\/div><figure class='av-inner-masonry main_color'><div class=\"av-masonry-outerimage-container\"><div class='av-masonry-image-container'  ><img decoding=\"async\" width=\"500\" height=\"333\" fetchpriority=\"high\" class=\"wp-image-20268 avia-img-lazy-loading-not-20268\"  src=\"https:\/\/boulder.earth\/wp-content\/uploads\/2017\/09\/NatureRX.png\" title=\"NaturalezaRX\" alt=\"\" srcset=\"https:\/\/boulder.earth\/wp-content\/uploads\/2017\/09\/NatureRX.png 500w, https:\/\/boulder.earth\/wp-content\/uploads\/2017\/09\/NatureRX-300x200.png 300w, https:\/\/boulder.earth\/wp-content\/uploads\/2017\/09\/NatureRX-450x300.png 450w\" sizes=\"(max-width: 500px) 100vw, 500px\" \/><\/div><\/div><figcaption class='av-inner-masonry-content site-background'><div class='av-inner-masonry-content-pos'><div class='av-inner-masonry-content-pos-content'><div class='avia-arrow'><\/div><div class='av-masonry-entry-content entry-content'  itemprop=\"text\" >El ambientalismo se reinicia, record\u00e1ndonos a los humanos que cuando pasamos tiempo en la naturaleza, las estad\u00edsticas muestran que somos m\u00e1s activos, m\u00e1s saludables, m\u00e1s felices y, lo que es m\u00e1s importante, mucho m\u00e1s propensos a tomar mejores decisiones ambientales.<\/div><\/div><\/div><\/figcaption><\/figure><\/a><!--end av-masonry entry--><a href=\"https:\/\/boulder.earth\/es\/organizations\/ncar-ucar\/\"  id='av-masonry-1-item-15170' data-av-masonry-item='15170' class='av-masonry-entry isotope-item post-15170 portfolio type-portfolio status-publish has-post-thumbnail hentry portfolio_entries-education portfolio_entries-environment portfolio_entries-science  av-masonry-item-with-image' title=\"NCAR\"   itemscope=\"itemscope\" itemtype=\"https:\/\/schema.org\/CreativeWork\" ><div class='av-inner-masonry-sizer'><\/div><figure class='av-inner-masonry main_color'><div class=\"av-masonry-outerimage-container\"><div class='av-masonry-image-container'  ><img decoding=\"async\" width=\"500\" height=\"333\" fetchpriority=\"high\" class=\"wp-image-15171 avia-img-lazy-loading-not-15171\"  src=\"https:\/\/boulder.earth\/wp-content\/uploads\/2017\/08\/NCAR.png\" title=\"NCAR\" alt=\"\" srcset=\"https:\/\/boulder.earth\/wp-content\/uploads\/2017\/08\/NCAR.png 500w, https:\/\/boulder.earth\/wp-content\/uploads\/2017\/08\/NCAR-300x200.png 300w, https:\/\/boulder.earth\/wp-content\/uploads\/2017\/08\/NCAR-450x300.png 450w\" sizes=\"(max-width: 500px) 100vw, 500px\" \/><\/div><\/div><figcaption class='av-inner-masonry-content site-background'><div class='av-inner-masonry-content-pos'><div class='av-inner-masonry-content-pos-content'><div class='avia-arrow'><\/div><div class='av-masonry-entry-content entry-content'  itemprop=\"text\" >Aire - Planeta - Personas. Fomentar una comprensi\u00f3n m\u00e1s profunda de la atm\u00f3sfera y el sistema terrestre.<\/div><\/div><\/div><\/figcaption><\/figure><\/a><!--end av-masonry entry--><a href=\"https:\/\/boulder.earth\/es\/organizations\/nude-foods\/\"  id='av-masonry-1-item-6464083' data-av-masonry-item='6464083' class='av-masonry-entry isotope-item post-6464083 portfolio type-portfolio status-publish has-post-thumbnail hentry portfolio_entries-agriculture portfolio_entries-business portfolio_entries-food portfolio_entries-food-waste portfolio_entries-zero-waste  av-masonry-item-with-image' title=\"Logotipo de Nude Foods\"   itemscope=\"itemscope\" itemtype=\"https:\/\/schema.org\/CreativeWork\" ><div class='av-inner-masonry-sizer'><\/div><figure class='av-inner-masonry main_color'><div class=\"av-masonry-outerimage-container\"><div class='av-masonry-image-container'  ><img decoding=\"async\" width=\"300\" height=\"200\" fetchpriority=\"high\" class=\"wp-image-6464084 avia-img-lazy-loading-not-6464084\"  src=\"https:\/\/boulder.earth\/wp-content\/uploads\/2025\/04\/Nude-Foods-Logo.png\" title=\"Logotipo de Nude Foods\" alt=\"\" srcset=\"https:\/\/boulder.earth\/wp-content\/uploads\/2025\/04\/Nude-Foods-Logo.png 300w, https:\/\/boulder.earth\/wp-content\/uploads\/2025\/04\/Nude-Foods-Logo-18x12.png 18w\" sizes=\"(max-width: 300px) 100vw, 300px\" \/><\/div><\/div><figcaption class='av-inner-masonry-content site-background'><div class='av-inner-masonry-content-pos'><div class='av-inner-masonry-content-pos-content'><div class='avia-arrow'><\/div><div class='av-masonry-entry-content entry-content'  itemprop=\"text\" >Una tienda de comestibles con servicio completo y la forma m\u00e1s f\u00e1cil de comprar alimentos org\u00e1nicos, locales y sin desperdicios.<\/div><\/div><\/div><\/figcaption><\/figure><\/a><!--end av-masonry entry--><a href=\"https:\/\/boulder.earth\/es\/organizations\/ollin-farms\/\"  id='av-masonry-1-item-69598' data-av-masonry-item='69598' class='av-masonry-entry isotope-item post-69598 portfolio type-portfolio status-publish has-post-thumbnail hentry portfolio_entries-agriculture portfolio_entries-environment portfolio_entries-food portfolio_entries-fracking portfolio_entries-resilience portfolio_entries-resources  av-masonry-item-with-image' title=\"OllinGranjasLogotipo\"   itemscope=\"itemscope\" itemtype=\"https:\/\/schema.org\/CreativeWork\" ><div class='av-inner-masonry-sizer'><\/div><figure class='av-inner-masonry main_color'><div class=\"av-masonry-outerimage-container\"><div class='av-masonry-image-container'  ><img decoding=\"async\" width=\"500\" height=\"333\" fetchpriority=\"high\" class=\"wp-image-69599 avia-img-lazy-loading-not-69599\"  src=\"https:\/\/boulder.earth\/wp-content\/uploads\/2018\/04\/OllinFarmsLogo.png\" title=\"OllinGranjasLogotipo\" alt=\"\" srcset=\"https:\/\/boulder.earth\/wp-content\/uploads\/2018\/04\/OllinFarmsLogo.png 500w, https:\/\/boulder.earth\/wp-content\/uploads\/2018\/04\/OllinFarmsLogo-300x200.png 300w, https:\/\/boulder.earth\/wp-content\/uploads\/2018\/04\/OllinFarmsLogo-450x300.png 450w\" sizes=\"(max-width: 500px) 100vw, 500px\" \/><\/div><\/div><figcaption class='av-inner-masonry-content site-background'><div class='av-inner-masonry-content-pos'><div class='av-inner-masonry-content-pos-content'><div class='avia-arrow'><\/div><div class='av-masonry-entry-content entry-content'  itemprop=\"text\" >Producir productos agr\u00edcolas de la m\u00e1s alta calidad sin dejar de regenerar los ecosistemas circundantes<\/div><\/div><\/div><\/figcaption><\/figure><\/a><!--end av-masonry entry--><a href=\"https:\/\/boulder.earth\/es\/organizations\/our-revolution-boulder\/\"  id='av-masonry-1-item-118284' data-av-masonry-item='118284' class='av-masonry-entry isotope-item post-118284 portfolio type-portfolio status-publish has-post-thumbnail hentry portfolio_entries-activism portfolio_entries-community portfolio_entries-environment portfolio_entries-justice portfolio_entries-transportation  av-masonry-item-with-image' title=\"NuestraRevoluci\u00f3n\"   itemscope=\"itemscope\" itemtype=\"https:\/\/schema.org\/CreativeWork\" ><div class='av-inner-masonry-sizer'><\/div><figure class='av-inner-masonry main_color'><div class=\"av-masonry-outerimage-container\"><div class='av-masonry-image-container'  ><img decoding=\"async\" width=\"500\" height=\"333\" fetchpriority=\"high\" class=\"wp-image-118292 avia-img-lazy-loading-not-118292\"  src=\"https:\/\/boulder.earth\/wp-content\/uploads\/2018\/11\/OurRevolution.jpg\" title=\"NuestraRevoluci\u00f3n\" alt=\"\" srcset=\"https:\/\/boulder.earth\/wp-content\/uploads\/2018\/11\/OurRevolution.jpg 500w, https:\/\/boulder.earth\/wp-content\/uploads\/2018\/11\/OurRevolution-300x200.jpg 300w, https:\/\/boulder.earth\/wp-content\/uploads\/2018\/11\/OurRevolution-450x300.jpg 450w\" sizes=\"(max-width: 500px) 100vw, 500px\" \/><\/div><\/div><figcaption class='av-inner-masonry-content site-background'><div class='av-inner-masonry-content-pos'><div class='av-inner-masonry-content-pos-content'><div class='avia-arrow'><\/div><div class='av-masonry-entry-content entry-content'  itemprop=\"text\" >Organizarse para una igualdad sostenible con justicia para todos<\/div><\/div><\/div><\/figcaption><\/figure><\/a><!--end av-masonry entry--><a href=\"https:\/\/boulder.earth\/es\/organizations\/our-sacred-earth\/\"  id='av-masonry-1-item-5476960' data-av-masonry-item='5476960' class='av-masonry-entry isotope-item post-5476960 portfolio type-portfolio status-publish has-post-thumbnail hentry portfolio_entries-community portfolio_entries-environment portfolio_entries-spiritual  av-masonry-item-with-image' title=\"nuestra tierra sagrada\"   itemscope=\"itemscope\" itemtype=\"https:\/\/schema.org\/CreativeWork\" ><div class='av-inner-masonry-sizer'><\/div><figure class='av-inner-masonry main_color'><div class=\"av-masonry-outerimage-container\"><div class='av-masonry-image-container'  ><img decoding=\"async\" width=\"300\" height=\"200\" fetchpriority=\"high\" class=\"wp-image-5476961 avia-img-lazy-loading-not-5476961\"  src=\"https:\/\/boulder.earth\/wp-content\/uploads\/2022\/02\/oursacredearth.jpg\" title=\"nuestra tierra sagrada\" alt=\"\" \/><\/div><\/div><figcaption class='av-inner-masonry-content site-background'><div class='av-inner-masonry-content-pos'><div class='av-inner-masonry-content-pos-content'><div class='avia-arrow'><\/div><div class='av-masonry-entry-content entry-content'  itemprop=\"text\" >ayudar a personas de todas las edades a conectarse profundamente con la Tierra y el Esp\u00edritu como Presencia Sagrada<\/div><\/div><\/div><\/figcaption><\/figure><\/a><!--end av-masonry entry--><a href=\"https:\/\/boulder.earth\/es\/organizations\/pace-partners-for-a-clean-environment\/\"  id='av-masonry-1-item-18980' data-av-masonry-item='18980' class='av-masonry-entry isotope-item post-18980 portfolio type-portfolio status-publish has-post-thumbnail hentry portfolio_entries-business portfolio_entries-economics portfolio_entries-energy portfolio_entries-environment portfolio_entries-resources portfolio_entries-zero-waste  av-masonry-item-with-image' title=\"compa\u00f1eros de paso para un medio ambiente limpio\"   itemscope=\"itemscope\" itemtype=\"https:\/\/schema.org\/CreativeWork\" ><div class='av-inner-masonry-sizer'><\/div><figure class='av-inner-masonry main_color'><div class=\"av-masonry-outerimage-container\"><div class='av-masonry-image-container'  ><img decoding=\"async\" width=\"500\" height=\"333\" fetchpriority=\"high\" class=\"wp-image-18982 avia-img-lazy-loading-not-18982\"  src=\"https:\/\/boulder.earth\/wp-content\/uploads\/2017\/09\/pace-logo.png\" title=\"compa\u00f1eros de paso para un medio ambiente limpio\" alt=\"\" srcset=\"https:\/\/boulder.earth\/wp-content\/uploads\/2017\/09\/pace-logo.png 500w, https:\/\/boulder.earth\/wp-content\/uploads\/2017\/09\/pace-logo-300x200.png 300w, https:\/\/boulder.earth\/wp-content\/uploads\/2017\/09\/pace-logo-450x300.png 450w\" sizes=\"(max-width: 500px) 100vw, 500px\" \/><\/div><\/div><figcaption class='av-inner-masonry-content site-background'><div class='av-inner-masonry-content-pos'><div class='av-inner-masonry-content-pos-content'><div class='avia-arrow'><\/div><div class='av-masonry-entry-content entry-content'  itemprop=\"text\" >Ventanilla \u00fanica para la sostenibilidad empresarial en el condado de Boulder<\/div><\/div><\/div><\/figcaption><\/figure><\/a><!--end av-masonry entry--><a href=\"https:\/\/boulder.earth\/es\/organizations\/people-and-pollinators-action-network\/\"  id='av-masonry-1-item-18993' data-av-masonry-item='18993' class='av-masonry-entry isotope-item post-18993 portfolio type-portfolio status-publish has-post-thumbnail hentry portfolio_entries-agriculture portfolio_entries-environment portfolio_entries-pollinators  av-masonry-item-with-image' title=\"Logotipo de PPAN\"   itemscope=\"itemscope\" itemtype=\"https:\/\/schema.org\/CreativeWork\" ><div class='av-inner-masonry-sizer'><\/div><figure class='av-inner-masonry main_color'><div class=\"av-masonry-outerimage-container\"><div class='av-masonry-image-container'  ><img decoding=\"async\" width=\"500\" height=\"333\" fetchpriority=\"high\" class=\"wp-image-18995 avia-img-lazy-loading-not-18995\"  src=\"https:\/\/boulder.earth\/wp-content\/uploads\/2017\/09\/PPANlogo.png\" title=\"Logotipo de PPAN\" alt=\"\" srcset=\"https:\/\/boulder.earth\/wp-content\/uploads\/2017\/09\/PPANlogo.png 500w, https:\/\/boulder.earth\/wp-content\/uploads\/2017\/09\/PPANlogo-300x200.png 300w, https:\/\/boulder.earth\/wp-content\/uploads\/2017\/09\/PPANlogo-450x300.png 450w\" sizes=\"(max-width: 500px) 100vw, 500px\" \/><\/div><\/div><figcaption class='av-inner-masonry-content site-background'><div class='av-inner-masonry-content-pos'><div class='av-inner-masonry-content-pos-content'><div class='avia-arrow'><\/div><div class='av-masonry-entry-content entry-content'  itemprop=\"text\" >proteger a las personas y a los polinizadores mediante el avance de pr\u00e1cticas agr\u00edcolas sostenibles, nuevas garant\u00edas para la salud p\u00fablica y mejoras para nuestro medio ambiente en todo Colorado<\/div><\/div><\/div><\/figcaption><\/figure><\/a><!--end av-masonry entry--><a href=\"https:\/\/boulder.earth\/es\/organizations\/permaculture-action-network\/\"  id='av-masonry-1-item-20369' data-av-masonry-item='20369' class='av-masonry-entry isotope-item post-20369 portfolio type-portfolio status-publish has-post-thumbnail hentry portfolio_entries-activism portfolio_entries-agriculture portfolio_entries-arts-culture portfolio_entries-community portfolio_entries-justice  av-masonry-item-with-image' title=\"permacultura-accion-red\"   itemscope=\"itemscope\" itemtype=\"https:\/\/schema.org\/CreativeWork\" ><div class='av-inner-masonry-sizer'><\/div><figure class='av-inner-masonry main_color'><div class=\"av-masonry-outerimage-container\"><div class='av-masonry-image-container'  ><img decoding=\"async\" width=\"500\" height=\"333\" fetchpriority=\"high\" class=\"wp-image-20375 avia-img-lazy-loading-not-20375\"  src=\"https:\/\/boulder.earth\/wp-content\/uploads\/2017\/09\/permaculture-action-network.png\" title=\"permacultura-accion-red\" alt=\"\" srcset=\"https:\/\/boulder.earth\/wp-content\/uploads\/2017\/09\/permaculture-action-network.png 500w, https:\/\/boulder.earth\/wp-content\/uploads\/2017\/09\/permaculture-action-network-300x200.png 300w, https:\/\/boulder.earth\/wp-content\/uploads\/2017\/09\/permaculture-action-network-450x300.png 450w\" sizes=\"(max-width: 500px) 100vw, 500px\" \/><\/div><\/div><figcaption class='av-inner-masonry-content site-background'><div class='av-inner-masonry-content-pos'><div class='av-inner-masonry-content-pos-content'><div class='avia-arrow'><\/div><div class='av-masonry-entry-content entry-content'  itemprop=\"text\" >trabajando en la intersecci\u00f3n del arte, la m\u00fasica y la cultura regenerativa para ofrecer a las personas un camino para tomar acci\u00f3n localmente donde viven para crear comunidades empoderadas<\/div><\/div><\/div><\/figcaption><\/figure><\/a><!--end av-masonry entry--><a href=\"https:\/\/boulder.earth\/es\/organizations\/program-in-environmental-design-university-of-colorado\/\"  id='av-masonry-1-item-62172' data-av-masonry-item='62172' class='av-masonry-entry isotope-item post-62172 portfolio type-portfolio status-publish has-post-thumbnail hentry portfolio_entries-education portfolio_entries-environment portfolio_entries-pollinators portfolio_entries-university  av-masonry-item-with-image' title=\"ProgInEnvDesCU\"   itemscope=\"itemscope\" itemtype=\"https:\/\/schema.org\/CreativeWork\" ><div class='av-inner-masonry-sizer'><\/div><figure class='av-inner-masonry main_color'><div class=\"av-masonry-outerimage-container\"><div class='av-masonry-image-container'  ><img decoding=\"async\" width=\"500\" height=\"333\" fetchpriority=\"high\" class=\"wp-image-62180 avia-img-lazy-loading-not-62180\"  src=\"https:\/\/boulder.earth\/wp-content\/uploads\/2018\/04\/ProgInEnvDesCU.png\" title=\"ProgInEnvDesCU\" alt=\"\" srcset=\"https:\/\/boulder.earth\/wp-content\/uploads\/2018\/04\/ProgInEnvDesCU.png 500w, https:\/\/boulder.earth\/wp-content\/uploads\/2018\/04\/ProgInEnvDesCU-300x200.png 300w, https:\/\/boulder.earth\/wp-content\/uploads\/2018\/04\/ProgInEnvDesCU-450x300.png 450w\" sizes=\"(max-width: 500px) 100vw, 500px\" \/><\/div><\/div><figcaption class='av-inner-masonry-content site-background'><div class='av-inner-masonry-content-pos'><div class='av-inner-masonry-content-pos-content'><div class='avia-arrow'><\/div><div class='av-masonry-entry-content entry-content'  itemprop=\"text\" >Programa que brinda experiencia en el abordaje de soluciones dentro del contexto de entornos construidos y naturales, brindando a los estudiantes ventajas \u00fanicas<\/div><\/div><\/div><\/figcaption><\/figure><\/a><!--end av-masonry entry--><a href=\"https:\/\/boulder.earth\/es\/organizations\/regenerative-adventures\/\"  id='av-masonry-1-item-29129' data-av-masonry-item='29129' class='av-masonry-entry isotope-item post-29129 portfolio type-portfolio status-publish has-post-thumbnail hentry portfolio_entries-agriculture portfolio_entries-community portfolio_entries-education  av-masonry-item-with-image' title=\"aventuras regenerativas\"   itemscope=\"itemscope\" itemtype=\"https:\/\/schema.org\/CreativeWork\" ><div class='av-inner-masonry-sizer'><\/div><figure class='av-inner-masonry main_color'><div class=\"av-masonry-outerimage-container\"><div class='av-masonry-image-container'  ><img decoding=\"async\" width=\"500\" height=\"333\" fetchpriority=\"high\" class=\"wp-image-46211 avia-img-lazy-loading-not-46211\"  src=\"https:\/\/boulder.earth\/wp-content\/uploads\/2017\/11\/regenerative-adventures.jpg\" title=\"aventuras regenerativas\" alt=\"\" srcset=\"https:\/\/boulder.earth\/wp-content\/uploads\/2017\/11\/regenerative-adventures.jpg 500w, https:\/\/boulder.earth\/wp-content\/uploads\/2017\/11\/regenerative-adventures-300x200.jpg 300w, https:\/\/boulder.earth\/wp-content\/uploads\/2017\/11\/regenerative-adventures-450x300.jpg 450w\" sizes=\"(max-width: 500px) 100vw, 500px\" \/><\/div><\/div><figcaption class='av-inner-masonry-content site-background'><div class='av-inner-masonry-content-pos'><div class='av-inner-masonry-content-pos-content'><div class='avia-arrow'><\/div><div class='av-masonry-entry-content entry-content'  itemprop=\"text\" >facilitar los esfuerzos de colaboraci\u00f3n para dise\u00f1ar e instalar espacios creativos y \u00fatiles a trav\u00e9s de soluciones de dise\u00f1o ecol\u00f3gico, creando oportunidades durante todo el a\u00f1o para la participaci\u00f3n y la educaci\u00f3n de la comunidad<\/div><\/div><\/div><\/figcaption><\/figure><\/a><!--end av-masonry entry--><a href=\"https:\/\/boulder.earth\/es\/organizations\/restore-colorado\/\"  id='av-masonry-1-item-657045' data-av-masonry-item='657045' class='av-masonry-entry isotope-item post-657045 portfolio type-portfolio status-publish has-post-thumbnail hentry portfolio_entries-agriculture portfolio_entries-food portfolio_entries-zero-waste  av-masonry-item-with-image' title=\"restaurar colorado\"   itemscope=\"itemscope\" itemtype=\"https:\/\/schema.org\/CreativeWork\" ><div class='av-inner-masonry-sizer'><\/div><figure class='av-inner-masonry main_color'><div class=\"av-masonry-outerimage-container\"><div class='av-masonry-image-container'  ><img decoding=\"async\" width=\"300\" height=\"200\" fetchpriority=\"high\" class=\"wp-image-657712 avia-img-lazy-loading-not-657712\"  src=\"https:\/\/boulder.earth\/wp-content\/uploads\/2021\/02\/RestoreColorado.png\" title=\"restaurar colorado\" alt=\"\" \/><\/div><\/div><figcaption class='av-inner-masonry-content site-background'><div class='av-inner-masonry-content-pos'><div class='av-inner-masonry-content-pos-content'><div class='avia-arrow'><\/div><div class='av-masonry-entry-content entry-content'  itemprop=\"text\" >mejorar la resiliencia y abordar el cambio clim\u00e1tico a trav\u00e9s de alimentos y suelos saludables en granjas y ranchos locales<\/div><\/div><\/div><\/figcaption><\/figure><\/a><!--end av-masonry entry--><a href=\"https:\/\/boulder.earth\/es\/organizations\/river-network\/\"  id='av-masonry-1-item-127059' data-av-masonry-item='127059' class='av-masonry-entry isotope-item post-127059 portfolio type-portfolio status-publish has-post-thumbnail hentry portfolio_entries-activism portfolio_entries-environment portfolio_entries-water  av-masonry-item-with-image' title=\"red fluvial\"   itemscope=\"itemscope\" itemtype=\"https:\/\/schema.org\/CreativeWork\" ><div class='av-inner-masonry-sizer'><\/div><figure class='av-inner-masonry main_color'><div class=\"av-masonry-outerimage-container\"><div class='av-masonry-image-container'  ><img decoding=\"async\" width=\"300\" height=\"200\" fetchpriority=\"high\" class=\"wp-image-127064 avia-img-lazy-loading-not-127064\"  src=\"https:\/\/boulder.earth\/wp-content\/uploads\/2019\/03\/river-network.jpg\" title=\"red fluvial\" alt=\"\" \/><\/div><\/div><figcaption class='av-inner-masonry-content site-background'><div class='av-inner-masonry-content-pos'><div class='av-inner-masonry-content-pos-content'><div class='avia-arrow'><\/div><div class='av-masonry-entry-content entry-content'  itemprop=\"text\" >empoderar y unir a personas y comunidades para proteger y restaurar r\u00edos y otras aguas que sustentan toda la vida<\/div><\/div><\/div><\/figcaption><\/figure><\/a><!--end av-masonry entry--><a href=\"https:\/\/boulder.earth\/es\/organizations\/save-our-st-vrain-valley\/\"  id='av-masonry-1-item-127977' data-av-masonry-item='127977' class='av-masonry-entry isotope-item post-127977 portfolio type-portfolio status-publish has-post-thumbnail hentry portfolio_entries-activism portfolio_entries-conservation portfolio_entries-environment  av-masonry-item-with-image' title=\"salva nuestro valle de st vrain\"   itemscope=\"itemscope\" itemtype=\"https:\/\/schema.org\/CreativeWork\" ><div class='av-inner-masonry-sizer'><\/div><figure class='av-inner-masonry main_color'><div class=\"av-masonry-outerimage-container\"><div class='av-masonry-image-container'  ><img decoding=\"async\" width=\"300\" height=\"200\" fetchpriority=\"high\" class=\"wp-image-127991 avia-img-lazy-loading-not-127991\"  src=\"https:\/\/boulder.earth\/wp-content\/uploads\/2019\/04\/save-our-st-vrain-valley.png\" title=\"salva nuestro valle de st vrain\" alt=\"\" \/><\/div><\/div><figcaption class='av-inner-masonry-content site-background'><div class='av-inner-masonry-content-pos'><div class='av-inner-masonry-content-pos-content'><div class='avia-arrow'><\/div><div class='av-masonry-entry-content entry-content'  itemprop=\"text\" >abogar por la protecci\u00f3n y conservaci\u00f3n del medio ambiente del hist\u00f3rico y geol\u00f3gicamente \u00fanico St. Vrain Valley, y su desarrollo saludable para los residentes, la vida silvestre, los visitantes y las generaciones futuras<\/div><\/div><\/div><\/figcaption><\/figure><\/a><!--end av-masonry entry--><a href=\"https:\/\/boulder.earth\/es\/organizations\/save-the-colorado\/\"  id='av-masonry-1-item-32333' data-av-masonry-item='32333' class='av-masonry-entry isotope-item post-32333 portfolio type-portfolio status-publish has-post-thumbnail hentry portfolio_entries-environment portfolio_entries-justice portfolio_entries-water  av-masonry-item-with-image' title=\"salvar-el-colorado\"   itemscope=\"itemscope\" itemtype=\"https:\/\/schema.org\/CreativeWork\" ><div class='av-inner-masonry-sizer'><\/div><figure class='av-inner-masonry main_color'><div class=\"av-masonry-outerimage-container\"><div class='av-masonry-image-container'  ><img decoding=\"async\" width=\"500\" height=\"333\" fetchpriority=\"high\" class=\"wp-image-32335 avia-img-lazy-loading-not-32335\"  src=\"https:\/\/boulder.earth\/wp-content\/uploads\/2017\/12\/save-the-colorado.jpg\" title=\"salvar-el-colorado\" alt=\"\" srcset=\"https:\/\/boulder.earth\/wp-content\/uploads\/2017\/12\/save-the-colorado.jpg 500w, https:\/\/boulder.earth\/wp-content\/uploads\/2017\/12\/save-the-colorado-300x200.jpg 300w, https:\/\/boulder.earth\/wp-content\/uploads\/2017\/12\/save-the-colorado-450x300.jpg 450w\" sizes=\"(max-width: 500px) 100vw, 500px\" \/><\/div><\/div><figcaption class='av-inner-masonry-content site-background'><div class='av-inner-masonry-content-pos'><div class='av-inner-masonry-content-pos-content'><div class='avia-arrow'><\/div><div class='av-masonry-entry-content entry-content'  itemprop=\"text\" >proteger y restaurar el r\u00edo Colorado y sus afluentes desde el nacimiento hasta el mar<\/div><\/div><\/div><\/figcaption><\/figure><\/a><!--end av-masonry entry--><a href=\"https:\/\/boulder.earth\/es\/organizations\/school-food-project\/\"  id='av-masonry-1-item-60508' data-av-masonry-item='60508' class='av-masonry-entry isotope-item post-60508 portfolio type-portfolio status-publish has-post-thumbnail hentry portfolio_entries-agriculture portfolio_entries-education portfolio_entries-food portfolio_entries-food-waste portfolio_entries-pollinators portfolio_entries-programproject  av-masonry-item-with-image' title=\"bvsd-school-food-project\"   itemscope=\"itemscope\" itemtype=\"https:\/\/schema.org\/CreativeWork\" ><div class='av-inner-masonry-sizer'><\/div><figure class='av-inner-masonry main_color'><div class=\"av-masonry-outerimage-container\"><div class='av-masonry-image-container'  ><img decoding=\"async\" width=\"500\" height=\"333\" fetchpriority=\"high\" class=\"wp-image-60509 avia-img-lazy-loading-not-60509\"  src=\"https:\/\/boulder.earth\/wp-content\/uploads\/2018\/03\/bvsd-school-food-project.png\" title=\"bvsd-school-food-project\" alt=\"\" srcset=\"https:\/\/boulder.earth\/wp-content\/uploads\/2018\/03\/bvsd-school-food-project.png 500w, https:\/\/boulder.earth\/wp-content\/uploads\/2018\/03\/bvsd-school-food-project-300x200.png 300w, https:\/\/boulder.earth\/wp-content\/uploads\/2018\/03\/bvsd-school-food-project-450x300.png 450w\" sizes=\"(max-width: 500px) 100vw, 500px\" \/><\/div><\/div><figcaption class='av-inner-masonry-content site-background'><div class='av-inner-masonry-content-pos'><div class='av-inner-masonry-content-pos-content'><div class='avia-arrow'><\/div><div class='av-masonry-entry-content entry-content'  itemprop=\"text\" >Dedicado a mejorar la salud de cada estudiante proporcionando alimentos saludables y ofreciendo programas de educaci\u00f3n nutricional para desarrollar cuerpos y mentes j\u00f3venes.<\/div><\/div><\/div><\/figcaption><\/figure><\/a><!--end av-masonry entry--><a href=\"https:\/\/boulder.earth\/es\/organizations\/school-gardens-school-food-project\/\"  id='av-masonry-1-item-62204' data-av-masonry-item='62204' class='av-masonry-entry isotope-item post-62204 portfolio type-portfolio status-publish has-post-thumbnail hentry portfolio_entries-agriculture portfolio_entries-education portfolio_entries-food portfolio_entries-pollinators portfolio_entries-programproject  av-masonry-item-with-image' title=\"jardines escolares bvsd\"   itemscope=\"itemscope\" itemtype=\"https:\/\/schema.org\/CreativeWork\" ><div class='av-inner-masonry-sizer'><\/div><figure class='av-inner-masonry main_color'><div class=\"av-masonry-outerimage-container\"><div class='av-masonry-image-container'  ><img decoding=\"async\" width=\"500\" height=\"333\" fetchpriority=\"high\" class=\"wp-image-75398 avia-img-lazy-loading-not-75398\"  src=\"https:\/\/boulder.earth\/wp-content\/uploads\/2018\/04\/bvsd-school-gardens.png\" title=\"jardines escolares bvsd\" alt=\"\" srcset=\"https:\/\/boulder.earth\/wp-content\/uploads\/2018\/04\/bvsd-school-gardens.png 500w, https:\/\/boulder.earth\/wp-content\/uploads\/2018\/04\/bvsd-school-gardens-300x200.png 300w, https:\/\/boulder.earth\/wp-content\/uploads\/2018\/04\/bvsd-school-gardens-450x300.png 450w\" sizes=\"(max-width: 500px) 100vw, 500px\" \/><\/div><\/div><figcaption class='av-inner-masonry-content site-background'><div class='av-inner-masonry-content-pos'><div class='av-inner-masonry-content-pos-content'><div class='avia-arrow'><\/div><div class='av-masonry-entry-content entry-content'  itemprop=\"text\" >Brindar muchas oportunidades de aprendizaje pr\u00e1ctico para los estudiantes, incluidos consejos, herramientas y recursos para comenzar, mantener o ampliar los jardines escolares en el Manual de BVSD Garden As A Classroom.<\/div><\/div><\/div><\/figcaption><\/figure><\/a><!--end av-masonry entry--><a href=\"https:\/\/boulder.earth\/es\/organizations\/seed-to-table-boulder-public-library\/\"  id='av-masonry-1-item-63586' data-av-masonry-item='63586' class='av-masonry-entry isotope-item post-63586 portfolio type-portfolio status-publish has-post-thumbnail hentry portfolio_entries-agriculture portfolio_entries-community portfolio_entries-environment portfolio_entries-food portfolio_entries-pollinators  av-masonry-item-with-image' title=\"BPL-Semillas-Jardines\"   itemscope=\"itemscope\" itemtype=\"https:\/\/schema.org\/CreativeWork\" ><div class='av-inner-masonry-sizer'><\/div><figure class='av-inner-masonry main_color'><div class=\"av-masonry-outerimage-container\"><div class='av-masonry-image-container'  ><img decoding=\"async\" width=\"500\" height=\"333\" fetchpriority=\"high\" class=\"wp-image-63592 avia-img-lazy-loading-not-63592\"  src=\"https:\/\/boulder.earth\/wp-content\/uploads\/2018\/04\/BPL-Seeds-Gardens.png\" title=\"BPL-Semillas-Jardines\" alt=\"\" srcset=\"https:\/\/boulder.earth\/wp-content\/uploads\/2018\/04\/BPL-Seeds-Gardens.png 500w, https:\/\/boulder.earth\/wp-content\/uploads\/2018\/04\/BPL-Seeds-Gardens-300x200.png 300w, https:\/\/boulder.earth\/wp-content\/uploads\/2018\/04\/BPL-Seeds-Gardens-450x300.png 450w\" sizes=\"(max-width: 500px) 100vw, 500px\" \/><\/div><\/div><figcaption class='av-inner-masonry-content site-background'><div class='av-inner-masonry-content-pos'><div class='av-inner-masonry-content-pos-content'><div class='avia-arrow'><\/div><div class='av-masonry-entry-content entry-content'  itemprop=\"text\" >Proporcionar paquetes de semillas de la biblioteca de semillas para cultivar flores y plantas comestibles en el hogar y organizar The Edible Learning Garden<\/div><\/div><\/div><\/figcaption><\/figure><\/a><!--end av-masonry entry--><a href=\"https:\/\/boulder.earth\/es\/organizations\/sierra-club\/\"  id='av-masonry-1-item-70613' data-av-masonry-item='70613' class='av-masonry-entry isotope-item post-70613 portfolio type-portfolio status-publish has-post-thumbnail hentry portfolio_entries-fracking portfolio_entries-pollinators  av-masonry-item-with-image' title=\"SierraLogoNuevo\"   itemscope=\"itemscope\" itemtype=\"https:\/\/schema.org\/CreativeWork\" ><div class='av-inner-masonry-sizer'><\/div><figure class='av-inner-masonry main_color'><div class=\"av-masonry-outerimage-container\"><div class='av-masonry-image-container'  ><img decoding=\"async\" width=\"500\" height=\"333\" fetchpriority=\"high\" class=\"wp-image-70617 avia-img-lazy-loading-not-70617\"  src=\"https:\/\/boulder.earth\/wp-content\/uploads\/2018\/04\/SierraLogoNew.png\" title=\"SierraLogoNuevo\" alt=\"\" srcset=\"https:\/\/boulder.earth\/wp-content\/uploads\/2018\/04\/SierraLogoNew.png 500w, https:\/\/boulder.earth\/wp-content\/uploads\/2018\/04\/SierraLogoNew-300x200.png 300w, https:\/\/boulder.earth\/wp-content\/uploads\/2018\/04\/SierraLogoNew-450x300.png 450w\" sizes=\"(max-width: 500px) 100vw, 500px\" \/><\/div><\/div><figcaption class='av-inner-masonry-content site-background'><div class='av-inner-masonry-content-pos'><div class='av-inner-masonry-content-pos-content'><div class='avia-arrow'><\/div><div class='av-masonry-entry-content entry-content'  itemprop=\"text\" >Educar a los miembros y a la comunidad sobre los problemas ambientales locales, desde las tierras p\u00fablicas y la protecci\u00f3n de la vida silvestre hasta el cambio clim\u00e1tico, las alternativas de energ\u00eda renovable y la protecci\u00f3n de los polinizadores.<\/div><\/div><\/div><\/figcaption><\/figure><\/a><!--end av-masonry entry--><a href=\"https:\/\/boulder.earth\/es\/organizations\/simply-bee-conservation\/\"  id='av-masonry-1-item-6464621' data-av-masonry-item='6464621' class='av-masonry-entry isotope-item post-6464621 portfolio type-portfolio status-publish has-post-thumbnail hentry portfolio_entries-activism portfolio_entries-environment portfolio_entries-pollinators  av-masonry-item-with-image' title=\"simply-bee-conservation-logo\"   itemscope=\"itemscope\" itemtype=\"https:\/\/schema.org\/CreativeWork\" ><div class='av-inner-masonry-sizer'><\/div><figure class='av-inner-masonry main_color'><div class=\"av-masonry-outerimage-container\"><div class='av-masonry-image-container'  ><img decoding=\"async\" width=\"300\" height=\"200\" fetchpriority=\"high\" class=\"wp-image-6464622 avia-img-lazy-loading-not-6464622\"  src=\"https:\/\/boulder.earth\/wp-content\/uploads\/2025\/06\/simply-bee-conservation-logo.png\" title=\"simply-bee-conservation-logo\" alt=\"\" srcset=\"https:\/\/boulder.earth\/wp-content\/uploads\/2025\/06\/simply-bee-conservation-logo.png 300w, https:\/\/boulder.earth\/wp-content\/uploads\/2025\/06\/simply-bee-conservation-logo-18x12.png 18w\" sizes=\"(max-width: 300px) 100vw, 300px\" \/><\/div><\/div><figcaption class='av-inner-masonry-content site-background'><div class='av-inner-masonry-content-pos'><div class='av-inner-masonry-content-pos-content'><div class='avia-arrow'><\/div><div class='av-masonry-entry-content entry-content'  itemprop=\"text\" >pollinator nonprofit that focuses on investing in our communities through water-wise, native pollinator gardens, education on ecological habitats and our native bee species in Colorado<\/div><\/div><\/div><\/figcaption><\/figure><\/a><!--end av-masonry entry--><a href=\"https:\/\/boulder.earth\/es\/organizations\/spaceship-earth\/\"  id='av-masonry-1-item-100840' data-av-masonry-item='100840' class='av-masonry-entry isotope-item post-100840 portfolio type-portfolio status-publish has-post-thumbnail hentry portfolio_entries-arts-culture portfolio_entries-education portfolio_entries-environment  av-masonry-item-with-image' title=\"Tierra nave espacial\"   itemscope=\"itemscope\" itemtype=\"https:\/\/schema.org\/CreativeWork\" ><div class='av-inner-masonry-sizer'><\/div><figure class='av-inner-masonry main_color'><div class=\"av-masonry-outerimage-container\"><div class='av-masonry-image-container'  ><img decoding=\"async\" width=\"500\" height=\"333\" fetchpriority=\"high\" class=\"wp-image-100842 avia-img-lazy-loading-not-100842\"  src=\"https:\/\/boulder.earth\/wp-content\/uploads\/2018\/08\/SpaceshipEarth.jpg\" title=\"Tierra nave espacial\" alt=\"\" srcset=\"https:\/\/boulder.earth\/wp-content\/uploads\/2018\/08\/SpaceshipEarth.jpg 500w, https:\/\/boulder.earth\/wp-content\/uploads\/2018\/08\/SpaceshipEarth-300x200.jpg 300w, https:\/\/boulder.earth\/wp-content\/uploads\/2018\/08\/SpaceshipEarth-450x300.jpg 450w\" sizes=\"(max-width: 500px) 100vw, 500px\" \/><\/div><\/div><figcaption class='av-inner-masonry-content site-background'><div class='av-inner-masonry-content-pos'><div class='av-inner-masonry-content-pos-content'><div class='avia-arrow'><\/div><div class='av-masonry-entry-content entry-content'  itemprop=\"text\" >\u00a1Una presentaci\u00f3n multimedia divertida e interactiva sobre el medio ambiente con m\u00fasica en vivo, im\u00e1genes poderosas y una excelente narraci\u00f3n!<\/div><\/div><\/div><\/figcaption><\/figure><\/a><!--end av-masonry entry--><a href=\"https:\/\/boulder.earth\/es\/organizations\/the-golden-hoof\/\"  id='av-masonry-1-item-138904' data-av-masonry-item='138904' class='av-masonry-entry isotope-item post-138904 portfolio type-portfolio status-publish has-post-thumbnail hentry portfolio_entries-agriculture portfolio_entries-food portfolio_entries-food-waste  av-masonry-item-with-image' title=\"el-pezu\u00f1a-de-oro\"   itemscope=\"itemscope\" itemtype=\"https:\/\/schema.org\/CreativeWork\" ><div class='av-inner-masonry-sizer'><\/div><figure class='av-inner-masonry main_color'><div class=\"av-masonry-outerimage-container\"><div class='av-masonry-image-container'  ><img decoding=\"async\" width=\"300\" height=\"200\" fetchpriority=\"high\" class=\"wp-image-138907 avia-img-lazy-loading-not-138907\"  src=\"https:\/\/boulder.earth\/wp-content\/uploads\/2019\/08\/the-golden-hoof.png\" title=\"el-pezu\u00f1a-de-oro\" alt=\"\" \/><\/div><\/div><figcaption class='av-inner-masonry-content site-background'><div class='av-inner-masonry-content-pos'><div class='av-inner-masonry-content-pos-content'><div class='avia-arrow'><\/div><div class='av-masonry-entry-content entry-content'  itemprop=\"text\" >una &quot;granja regenerativa de Slow Food&quot; de 27 acres administrada con m\u00e9todos inspirados en los ecosistemas autosuficientes de la naturaleza<\/div><\/div><\/div><\/figcaption><\/figure><\/a><!--end av-masonry entry--><a href=\"https:\/\/boulder.earth\/es\/organizations\/thorne-nature-experience\/\"  id='av-masonry-1-item-5480050' data-av-masonry-item='5480050' class='av-masonry-entry isotope-item post-5480050 portfolio type-portfolio status-publish has-post-thumbnail hentry portfolio_entries-arts-culture portfolio_entries-education portfolio_entries-environment portfolio_entries-science  av-masonry-item-with-image' title=\"experiencia de la naturaleza thorne\"   itemscope=\"itemscope\" itemtype=\"https:\/\/schema.org\/CreativeWork\" ><div class='av-inner-masonry-sizer'><\/div><figure class='av-inner-masonry main_color'><div class=\"av-masonry-outerimage-container\"><div class='av-masonry-image-container'  ><img decoding=\"async\" width=\"300\" height=\"200\" fetchpriority=\"high\" class=\"wp-image-272103 avia-img-lazy-loading-not-272103\"  src=\"https:\/\/boulder.earth\/wp-content\/uploads\/2020\/12\/thornenatureexperience.png\" title=\"experiencia de la naturaleza thorne\" alt=\"\" \/><\/div><\/div><figcaption class='av-inner-masonry-content site-background'><div class='av-inner-masonry-content-pos'><div class='av-inner-masonry-content-pos-content'><div class='avia-arrow'><\/div><div class='av-masonry-entry-content entry-content'  itemprop=\"text\" >Desarrollar la administraci\u00f3n de la Tierra conectando a los j\u00f3venes con la naturaleza a trav\u00e9s de experiencias de educaci\u00f3n ambiental alegres, pr\u00e1cticas y basadas en el lugar<\/div><\/div><\/div><\/figcaption><\/figure><\/a><!--end av-masonry entry--><a href=\"https:\/\/boulder.earth\/es\/organizations\/together-against-neighborhood-drilling\/\"  id='av-masonry-1-item-69602' data-av-masonry-item='69602' class='av-masonry-entry isotope-item post-69602 portfolio type-portfolio status-publish has-post-thumbnail hentry portfolio_entries-environment portfolio_entries-fracking  av-masonry-item-with-image' title=\"JuntosContraPerforaci\u00f3nLogo\"   itemscope=\"itemscope\" itemtype=\"https:\/\/schema.org\/CreativeWork\" ><div class='av-inner-masonry-sizer'><\/div><figure class='av-inner-masonry main_color'><div class=\"av-masonry-outerimage-container\"><div class='av-masonry-image-container'  ><img decoding=\"async\" width=\"500\" height=\"333\" fetchpriority=\"high\" class=\"wp-image-69603 avia-img-lazy-loading-not-69603\"  src=\"https:\/\/boulder.earth\/wp-content\/uploads\/2018\/04\/TogetherAgainstDrillingLogo.png\" title=\"JuntosContraPerforaci\u00f3nLogo\" alt=\"\" srcset=\"https:\/\/boulder.earth\/wp-content\/uploads\/2018\/04\/TogetherAgainstDrillingLogo.png 500w, https:\/\/boulder.earth\/wp-content\/uploads\/2018\/04\/TogetherAgainstDrillingLogo-300x200.png 300w, https:\/\/boulder.earth\/wp-content\/uploads\/2018\/04\/TogetherAgainstDrillingLogo-450x300.png 450w\" sizes=\"(max-width: 500px) 100vw, 500px\" \/><\/div><\/div><figcaption class='av-inner-masonry-content site-background'><div class='av-inner-masonry-content-pos'><div class='av-inner-masonry-content-pos-content'><div class='avia-arrow'><\/div><div class='av-masonry-entry-content entry-content'  itemprop=\"text\" >Trabajando para hacer que las oportunidades estrat\u00e9gicas para luchar contra la perforaci\u00f3n de petr\u00f3leo y gas en nuestra comunidad sean accesibles para la mayor cantidad posible de partes interesadas<\/div><\/div><\/div><\/figcaption><\/figure><\/a><!--end av-masonry entry--><a href=\"https:\/\/boulder.earth\/es\/organizations\/tree-plenish\/\"  id='av-masonry-1-item-5477363' data-av-masonry-item='5477363' class='av-masonry-entry isotope-item post-5477363 portfolio type-portfolio status-publish has-post-thumbnail hentry portfolio_entries-environment portfolio_entries-resilience  av-masonry-item-with-image' title=\"\u00e1rbol-plenish\"   itemscope=\"itemscope\" itemtype=\"https:\/\/schema.org\/CreativeWork\" ><div class='av-inner-masonry-sizer'><\/div><figure class='av-inner-masonry main_color'><div class=\"av-masonry-outerimage-container\"><div class='av-masonry-image-container'  ><img decoding=\"async\" width=\"300\" height=\"200\" fetchpriority=\"high\" class=\"wp-image-5477364 avia-img-lazy-loading-not-5477364\"  src=\"https:\/\/boulder.earth\/wp-content\/uploads\/2022\/04\/tree-plenish-logo.png\" title=\"\u00e1rbol-plenish\" alt=\"\" srcset=\"https:\/\/boulder.earth\/wp-content\/uploads\/2022\/04\/tree-plenish-logo.png 300w, https:\/\/boulder.earth\/wp-content\/uploads\/2022\/04\/tree-plenish-logo-18x12.png 18w\" sizes=\"(max-width: 300px) 100vw, 300px\" \/><\/div><\/div><figcaption class='av-inner-masonry-content site-background'><div class='av-inner-masonry-content-pos'><div class='av-inner-masonry-content-pos-content'><div class='avia-arrow'><\/div><div class='av-masonry-entry-content entry-content'  itemprop=\"text\" >Los clubes ambientales de Centaurus, Peak to Peak, Monarch, Boulder y Fairview High School tienen como objetivo hacer su parte en la plantaci\u00f3n de \u00e1rboles al asociarse con Tree-Plenish.<\/div><\/div><\/div><\/figcaption><\/figure><\/a><!--end av-masonry entry--><a href=\"https:\/\/boulder.earth\/es\/organizations\/uproot\/\"  id='av-masonry-1-item-82533' data-av-masonry-item='82533' class='av-masonry-entry isotope-item post-82533 portfolio type-portfolio status-publish has-post-thumbnail hentry portfolio_entries-agriculture portfolio_entries-education portfolio_entries-food portfolio_entries-food-waste portfolio_entries-policy portfolio_entries-zero-waste  av-masonry-item-with-image' title=\"desarraigar\"   itemscope=\"itemscope\" itemtype=\"https:\/\/schema.org\/CreativeWork\" ><div class='av-inner-masonry-sizer'><\/div><figure class='av-inner-masonry main_color'><div class=\"av-masonry-outerimage-container\"><div class='av-masonry-image-container'  ><img decoding=\"async\" width=\"500\" height=\"333\" fetchpriority=\"high\" class=\"wp-image-82535 avia-img-lazy-loading-not-82535\"  src=\"https:\/\/boulder.earth\/wp-content\/uploads\/2018\/06\/uproot-logo.png\" title=\"desarraigar\" alt=\"\" srcset=\"https:\/\/boulder.earth\/wp-content\/uploads\/2018\/06\/uproot-logo.png 500w, https:\/\/boulder.earth\/wp-content\/uploads\/2018\/06\/uproot-logo-300x200.png 300w, https:\/\/boulder.earth\/wp-content\/uploads\/2018\/06\/uproot-logo-450x300.png 450w\" sizes=\"(max-width: 500px) 100vw, 500px\" \/><\/div><\/div><figcaption class='av-inner-masonry-content site-background'><div class='av-inner-masonry-content-pos'><div class='av-inner-masonry-content-pos-content'><div class='avia-arrow'><\/div><div class='av-masonry-entry-content entry-content'  itemprop=\"text\" >Trabajando para administrar el excedente agr\u00edcola y reducir la p\u00e9rdida de alimentos en las granjas en todo el estado a trav\u00e9s de la recolecci\u00f3n, la educaci\u00f3n experiencial, la investigaci\u00f3n y la defensa legislativa.<\/div><\/div><\/div><\/figcaption><\/figure><\/a><!--end av-masonry entry--><a href=\"https:\/\/boulder.earth\/es\/organizations\/western-resource-advocates\/\"  id='av-masonry-1-item-30979' data-av-masonry-item='30979' class='av-masonry-entry isotope-item post-30979 portfolio type-portfolio status-publish has-post-thumbnail hentry portfolio_entries-conservation portfolio_entries-economics portfolio_entries-environment portfolio_entries-policy portfolio_entries-water  av-masonry-item-with-image' title=\"wra-logo\"   itemscope=\"itemscope\" itemtype=\"https:\/\/schema.org\/CreativeWork\" ><div class='av-inner-masonry-sizer'><\/div><figure class='av-inner-masonry main_color'><div class=\"av-masonry-outerimage-container\"><div class='av-masonry-image-container'  ><img decoding=\"async\" width=\"500\" height=\"333\" fetchpriority=\"high\" class=\"wp-image-30981 avia-img-lazy-loading-not-30981\"  src=\"https:\/\/boulder.earth\/wp-content\/uploads\/2017\/11\/wra-logo.png\" title=\"wra-logo\" alt=\"\" srcset=\"https:\/\/boulder.earth\/wp-content\/uploads\/2017\/11\/wra-logo.png 500w, https:\/\/boulder.earth\/wp-content\/uploads\/2017\/11\/wra-logo-300x200.png 300w, https:\/\/boulder.earth\/wp-content\/uploads\/2017\/11\/wra-logo-450x300.png 450w\" sizes=\"(max-width: 500px) 100vw, 500px\" \/><\/div><\/div><figcaption class='av-inner-masonry-content site-background'><div class='av-inner-masonry-content-pos'><div class='av-inner-masonry-content-pos-content'><div class='avia-arrow'><\/div><div class='av-masonry-entry-content entry-content'  itemprop=\"text\" >dedicado a proteger la tierra, el aire y el agua del oeste para garantizar que existan comunidades vibrantes en equilibrio con la naturaleza, utilizando la ley, la ciencia y la econom\u00eda para crear soluciones innovadoras a los problemas de conservaci\u00f3n m\u00e1s apremiantes en la regi\u00f3n<\/div><\/div><\/div><\/figcaption><\/figure><\/a><!--end av-masonry entry--><a href=\"https:\/\/boulder.earth\/es\/organizations\/wild-boulder-citizen-science-in-action\/\"  id='av-masonry-1-item-62236' data-av-masonry-item='62236' class='av-masonry-entry isotope-item post-62236 portfolio type-portfolio status-publish has-post-thumbnail hentry portfolio_entries-agriculture portfolio_entries-community portfolio_entries-education portfolio_entries-pollinators portfolio_entries-science portfolio_entries-water  av-masonry-item-with-image' title=\"WildBoulder\"   itemscope=\"itemscope\" itemtype=\"https:\/\/schema.org\/CreativeWork\" ><div class='av-inner-masonry-sizer'><\/div><figure class='av-inner-masonry main_color'><div class=\"av-masonry-outerimage-container\"><div class='av-masonry-image-container'  ><img decoding=\"async\" width=\"500\" height=\"333\" fetchpriority=\"high\" class=\"wp-image-62241 avia-img-lazy-loading-not-62241\"  src=\"https:\/\/boulder.earth\/wp-content\/uploads\/2018\/04\/WildBoulder-1.png\" title=\"WildBoulder\" alt=\"\" srcset=\"https:\/\/boulder.earth\/wp-content\/uploads\/2018\/04\/WildBoulder-1.png 500w, https:\/\/boulder.earth\/wp-content\/uploads\/2018\/04\/WildBoulder-1-300x200.png 300w, https:\/\/boulder.earth\/wp-content\/uploads\/2018\/04\/WildBoulder-1-450x300.png 450w\" sizes=\"(max-width: 500px) 100vw, 500px\" \/><\/div><\/div><figcaption class='av-inner-masonry-content site-background'><div class='av-inner-masonry-content-pos'><div class='av-inner-masonry-content-pos-content'><div class='avia-arrow'><\/div><div class='av-masonry-entry-content entry-content'  itemprop=\"text\" >Enviar el llamado a los miembros de la comunidad para que asuman un papel activo en la protecci\u00f3n de nuestros espacios abiertos y la vida silvestre.<\/div><\/div><\/div><\/figcaption><\/figure><\/a><!--end av-masonry entry--><a href=\"https:\/\/boulder.earth\/es\/organizations\/wild-foundation\/\"  id='av-masonry-1-item-29064' data-av-masonry-item='29064' class='av-masonry-entry isotope-item post-29064 portfolio type-portfolio status-publish has-post-thumbnail hentry portfolio_entries-communications portfolio_entries-environment portfolio_entries-pollinators  av-masonry-item-with-image' title=\"base salvaje\"   itemscope=\"itemscope\" itemtype=\"https:\/\/schema.org\/CreativeWork\" ><div class='av-inner-masonry-sizer'><\/div><figure class='av-inner-masonry main_color'><div class=\"av-masonry-outerimage-container\"><div class='av-masonry-image-container'  ><img decoding=\"async\" width=\"500\" height=\"333\" fetchpriority=\"high\" class=\"wp-image-29065 avia-img-lazy-loading-not-29065\"  src=\"https:\/\/boulder.earth\/wp-content\/uploads\/2017\/11\/wild-foundation.png\" title=\"base salvaje\" alt=\"\" srcset=\"https:\/\/boulder.earth\/wp-content\/uploads\/2017\/11\/wild-foundation.png 500w, https:\/\/boulder.earth\/wp-content\/uploads\/2017\/11\/wild-foundation-300x200.png 300w, https:\/\/boulder.earth\/wp-content\/uploads\/2017\/11\/wild-foundation-450x300.png 450w\" sizes=\"(max-width: 500px) 100vw, 500px\" \/><\/div><\/div><figcaption class='av-inner-masonry-content site-background'><div class='av-inner-masonry-content-pos'><div class='av-inner-masonry-content-pos-content'><div class='avia-arrow'><\/div><div class='av-masonry-entry-content entry-content'  itemprop=\"text\" >el coraz\u00f3n de la comunidad global de \u00e1reas silvestres durante m\u00e1s de 40 a\u00f1os protegiendo las \u00e1reas silvestres al mismo tiempo que satisface las necesidades de las comunidades humanas, trabajando a trav\u00e9s de culturas y fronteras mediante la colaboraci\u00f3n con los pueblos locales, las organizaciones, el sector privado y los gobiernos para crear proyectos pr\u00e1cticos din\u00e1micos, soluciones inspiradoras y comunicaciones iniciativas<\/div><\/div><\/div><\/figcaption><\/figure><\/a><!--end av-masonry entry--><a href=\"https:\/\/boulder.earth\/es\/organizations\/womens-wilderness\/\"  id='av-masonry-1-item-20256' data-av-masonry-item='20256' class='av-masonry-entry isotope-item post-20256 portfolio type-portfolio status-publish has-post-thumbnail hentry portfolio_entries-community portfolio_entries-education portfolio_entries-environment  av-masonry-item-with-image' title=\"mujer-desierto\"   itemscope=\"itemscope\" itemtype=\"https:\/\/schema.org\/CreativeWork\" ><div class='av-inner-masonry-sizer'><\/div><figure class='av-inner-masonry main_color'><div class=\"av-masonry-outerimage-container\"><div class='av-masonry-image-container'  ><img decoding=\"async\" width=\"500\" height=\"333\" fetchpriority=\"high\" class=\"wp-image-20259 avia-img-lazy-loading-not-20259\"  src=\"https:\/\/boulder.earth\/wp-content\/uploads\/2017\/09\/womens-wilderness.png\" title=\"mujer-desierto\" alt=\"\" srcset=\"https:\/\/boulder.earth\/wp-content\/uploads\/2017\/09\/womens-wilderness.png 500w, https:\/\/boulder.earth\/wp-content\/uploads\/2017\/09\/womens-wilderness-300x200.png 300w, https:\/\/boulder.earth\/wp-content\/uploads\/2017\/09\/womens-wilderness-450x300.png 450w\" sizes=\"(max-width: 500px) 100vw, 500px\" \/><\/div><\/div><figcaption class='av-inner-masonry-content site-background'><div class='av-inner-masonry-content-pos'><div class='av-inner-masonry-content-pos-content'><div class='avia-arrow'><\/div><div class='av-masonry-entry-content entry-content'  itemprop=\"text\" >fortalecer el coraje, la confianza y las cualidades de liderazgo de las ni\u00f1as y las mujeres a trav\u00e9s del desaf\u00edo y el apoyo de experiencias grupales en la naturaleza y basadas en la comunidad<\/div><\/div><\/div><\/figcaption><\/figure><\/a><!--end av-masonry entry--><a href=\"https:\/\/boulder.earth\/es\/organizations\/xeric-gardens-resource-central\/\"  id='av-masonry-1-item-62225' data-av-masonry-item='62225' class='av-masonry-entry isotope-item post-62225 portfolio type-portfolio status-publish has-post-thumbnail hentry portfolio_entries-agriculture portfolio_entries-pollinators portfolio_entries-resources portfolio_entries-water portfolio_entries-zero-waste  av-masonry-item-with-image' title=\"central de recursos\"   itemscope=\"itemscope\" itemtype=\"https:\/\/schema.org\/CreativeWork\" ><div class='av-inner-masonry-sizer'><\/div><figure class='av-inner-masonry main_color'><div class=\"av-masonry-outerimage-container\"><div class='av-masonry-image-container'  ><img decoding=\"async\" width=\"300\" height=\"200\" fetchpriority=\"high\" class=\"wp-image-125887 avia-img-lazy-loading-not-125887\"  src=\"https:\/\/boulder.earth\/wp-content\/uploads\/2018\/04\/resource-central.png\" title=\"central de recursos\" alt=\"\" \/><\/div><\/div><figcaption class='av-inner-masonry-content site-background'><div class='av-inner-masonry-content-pos'><div class='av-inner-masonry-content-pos-content'><div class='avia-arrow'><\/div><div class='av-masonry-entry-content entry-content'  itemprop=\"text\" >dedicado a ayudar a las personas a ahorrar agua, reducir los desechos y conservar la energ\u00eda<\/div><\/div><\/div><\/figcaption><\/figure><\/a><!--end av-masonry entry--><a href=\"https:\/\/boulder.earth\/es\/organizations\/xo-earth\/\"  id='av-masonry-1-item-18986' data-av-masonry-item='18986' class='av-masonry-entry isotope-item post-18986 portfolio type-portfolio status-publish has-post-thumbnail hentry portfolio_entries-activism portfolio_entries-arts-culture portfolio_entries-community portfolio_entries-education portfolio_entries-environment portfolio_entries-justice portfolio_entries-resources portfolio_entries-science  av-masonry-item-with-image' title=\"XOearth-logo\"   itemscope=\"itemscope\" itemtype=\"https:\/\/schema.org\/CreativeWork\" ><div class='av-inner-masonry-sizer'><\/div><figure class='av-inner-masonry main_color'><div class=\"av-masonry-outerimage-container\"><div class='av-masonry-image-container'  ><img decoding=\"async\" width=\"500\" height=\"333\" fetchpriority=\"high\" class=\"wp-image-18989 avia-img-lazy-loading-not-18989\"  src=\"https:\/\/boulder.earth\/wp-content\/uploads\/2017\/09\/XOearth-logo.jpg\" title=\"XOearth-logo\" alt=\"\" srcset=\"https:\/\/boulder.earth\/wp-content\/uploads\/2017\/09\/XOearth-logo.jpg 500w, https:\/\/boulder.earth\/wp-content\/uploads\/2017\/09\/XOearth-logo-300x200.jpg 300w, https:\/\/boulder.earth\/wp-content\/uploads\/2017\/09\/XOearth-logo-450x300.jpg 450w\" sizes=\"(max-width: 500px) 100vw, 500px\" \/><\/div><\/div><figcaption class='av-inner-masonry-content site-background'><div class='av-inner-masonry-content-pos'><div class='av-inner-masonry-content-pos-content'><div class='avia-arrow'><\/div><div class='av-masonry-entry-content entry-content'  itemprop=\"text\" >Trabajando para extender la vida de nuestra exquisita biosfera a trav\u00e9s de nuestros proyectos de educaci\u00f3n ambiental, m\u00fasica, artes, medios y negocios<\/div><\/div><\/div><\/figcaption><\/figure><\/a><!--end av-masonry entry--><a href=\"https:\/\/boulder.earth\/es\/organizations\/yellow-barn-farm\/\"  id='av-masonry-1-item-534374' data-av-masonry-item='534374' class='av-masonry-entry isotope-item post-534374 portfolio type-portfolio status-publish has-post-thumbnail hentry portfolio_entries-agriculture portfolio_entries-community portfolio_entries-food  av-masonry-item-with-image' title=\"granja de granero amarillo\"   itemscope=\"itemscope\" itemtype=\"https:\/\/schema.org\/CreativeWork\" ><div class='av-inner-masonry-sizer'><\/div><figure class='av-inner-masonry main_color'><div class=\"av-masonry-outerimage-container\"><div class='av-masonry-image-container'  ><img decoding=\"async\" width=\"300\" height=\"200\" fetchpriority=\"high\" class=\"wp-image-534412 avia-img-lazy-loading-not-534412\"  src=\"https:\/\/boulder.earth\/wp-content\/uploads\/2021\/02\/yellowbarnfarm.png\" title=\"granja de granero amarillo\" alt=\"\" \/><\/div><\/div><figcaption class='av-inner-masonry-content site-background'><div class='av-inner-masonry-content-pos'><div class='av-inner-masonry-content-pos-content'><div class='avia-arrow'><\/div><div class='av-masonry-entry-content entry-content'  itemprop=\"text\" >Construyendo una comunidad en torno a pr\u00e1cticas regenerativas y sostenibles en agricultura, educaci\u00f3n y juego colaborativo<\/div><\/div><\/div><\/figcaption><\/figure><\/a><!--end av-masonry entry--><a href=\"https:\/\/boulder.earth\/es\/organizations\/zero-waste-boulder\/\"  id='av-masonry-1-item-15159' data-av-masonry-item='15159' class='av-masonry-entry isotope-item post-15159 portfolio type-portfolio status-publish has-post-thumbnail hentry portfolio_entries-environment portfolio_entries-food-waste portfolio_entries-policy portfolio_entries-programproject portfolio_entries-resources portfolio_entries-zero-waste  av-masonry-item-with-image' title=\"cero-residuo-roca\"   itemscope=\"itemscope\" itemtype=\"https:\/\/schema.org\/CreativeWork\" ><div class='av-inner-masonry-sizer'><\/div><figure class='av-inner-masonry main_color'><div class=\"av-masonry-outerimage-container\"><div class='av-masonry-image-container'  ><img decoding=\"async\" width=\"500\" height=\"333\" fetchpriority=\"high\" class=\"wp-image-15161 avia-img-lazy-loading-not-15161\"  src=\"https:\/\/boulder.earth\/wp-content\/uploads\/2017\/08\/zero-waste-boulder.png\" title=\"cero-residuo-roca\" alt=\"\" srcset=\"https:\/\/boulder.earth\/wp-content\/uploads\/2017\/08\/zero-waste-boulder.png 500w, https:\/\/boulder.earth\/wp-content\/uploads\/2017\/08\/zero-waste-boulder-300x200.png 300w, https:\/\/boulder.earth\/wp-content\/uploads\/2017\/08\/zero-waste-boulder-450x300.png 450w\" sizes=\"(max-width: 500px) 100vw, 500px\" \/><\/div><\/div><figcaption class='av-inner-masonry-content site-background'><div class='av-inner-masonry-content-pos'><div class='av-inner-masonry-content-pos-content'><div class='avia-arrow'><\/div><div class='av-masonry-entry-content entry-content'  itemprop=\"text\" >Boulder est\u00e1 trabajando para convertirse en una comunidad sin desperdicios, reduciendo los desperdicios que generamos y luego reutilizando, reciclando y compostando la mayor parte de lo que tiramos. Nuestro objetivo es generar nuevos materiales a partir del 85 por ciento de nuestros residuos para 2025.<\/div><\/div><\/div><\/figcaption><\/figure><\/a><!--end av-masonry entry--><\/div><\/div><br \/>\n<section  class='av_textblock_section av-z2dttzyg-ab532005ee82d67dc5e3248075448bf1'   itemscope=\"itemscope\" itemtype=\"https:\/\/schema.org\/CreativeWork\" ><div class='avia_textblock'  itemprop=\"text\" ><h3 style=\"text-align: center;\">\u00bfDebe su organizaci\u00f3n estar en la lista?<\/h3>\n<\/div><\/section><br \/>\n<div  class='avia-button-wrap av-y2c2tkg8-75fc9f83bfb78de43337a2a9e0314724-wrap avia-button-center  avia-builder-el-9  el_after_av_textblock  avia-builder-el-last'><a href='\/es\/feedback\/'  class='avia-button av-y2c2tkg8-75fc9f83bfb78de43337a2a9e0314724 av-link-btn avia-icon_select-yes-left-icon avia-size-x-large avia-position-center avia-color-theme-color'   aria-label=\"Comparte tu informaci\u00f3n aqu\u00ed\"><span class='avia_button_icon avia_button_icon_left avia-iconfont avia-font-entypo-fontello' data-av_icon='\ue8d2' data-av_iconfont='entypo-fontello' ><\/span><span class='avia_iconbox_title' >Comparte tu informaci\u00f3n aqu\u00ed<\/span><\/a><\/div><\/p><\/div><div  class='hr av-wo5m3l1k-33198d5d10069ffddf4f5a31d1f841cd hr-default  avia-builder-el-10  el_after_av_one_full  el_before_av_textblock'><span class='hr-inner'><span class=\"hr-inner-style\"><\/span><\/span><\/div><\/p>\n<section  class='av_textblock_section av-vur65gzs-0ac55c04bfa0ae7cee4480d55b059ef6'   itemscope=\"itemscope\" itemtype=\"https:\/\/schema.org\/CreativeWork\" ><div class='avia_textblock'  itemprop=\"text\" ><h1 id=\"orgs\" style=\"text-align: center;\">Aprenda m\u00e1s sobre nuestro ecosistema<\/h1>\n<p style=\"text-align: center;\">de estos \u00fatiles recursos, sitios web e historias<\/p>\n<\/div><\/section>\n<\/div><\/div><\/div><!-- close content main div --><\/div><\/div><div id='av-layout-grid-1'  class='av-layout-grid-container av-u07g8xmw-8dcfa62de8ae91b4a8060330ae7c594a entry-content-wrapper alternate_color av-border-cells av-flex-cells  avia-builder-el-12  el_after_av_textblock  el_before_av_one_half  grid-row-not-first  container_wrap sidebar_right'  >\n\n<style type=\"text\/css\" data-created_by=\"avia_inline_auto\" id=\"style-css-av-skds34js-ed60dfb4ec08dd669111a23044789183\">\n.flex_cell.av-skds34js-ed60dfb4ec08dd669111a23044789183{\nvertical-align:top;\n}\n.responsive #top #wrap_all .flex_cell.av-skds34js-ed60dfb4ec08dd669111a23044789183{\npadding:30px 30px 30px 30px !important;\n}\n<\/style>\n<div class='flex_cell av-skds34js-ed60dfb4ec08dd669111a23044789183 av-gridrow-cell av_one_third no_margin  avia-builder-el-13  el_before_av_cell_one_third  avia-builder-el-first  content-align-top'  ><div class='flex_cell_inner'><p>\n<style type=\"text\/css\" data-created_by=\"avia_inline_auto\" id=\"style-css-av-rmabey14-aa4aabc38b54dc001bcaf5b484a2de0d\">\n.avia-image-container.av-rmabey14-aa4aabc38b54dc001bcaf5b484a2de0d img.avia_image{\nbox-shadow:none;\n}\n.avia-image-container.av-rmabey14-aa4aabc38b54dc001bcaf5b484a2de0d .av-image-caption-overlay-center{\ncolor:#ffffff;\n}\n<\/style>\n<div  class='avia-image-container av-rmabey14-aa4aabc38b54dc001bcaf5b484a2de0d av-styling- av-img-linked avia-align-center  avia-builder-el-14  el_before_av_textblock  avia-builder-el-first'   itemprop=\"image\" itemscope=\"itemscope\" itemtype=\"https:\/\/schema.org\/ImageObject\" ><div class=\"avia-image-container-inner\"><div class=\"avia-image-overlay-wrap\"><a href=\"https:\/\/www-static.bouldercolorado.gov\/docs\/Community_Ecosystems_Report_FINAL-1-201905090938.pdf?_ga=2.132963022.1196872072.1573574806-1645956313.1521578343\" class='avia_image'  target=\"_blank\"  rel=\"noopener noreferrer\" aria-label='Clima ecosistemas y comunidad'><img decoding=\"async\" fetchpriority=\"high\" class='wp-image-164165 avia-img-lazy-loading-not-164165 avia_image' src=\"https:\/\/boulder.earth\/wp-content\/uploads\/2019\/11\/Climate-ecosystems-and-community.jpg\" alt='' title='Clima ecosistemas y comunidad'  height=\"292\" width=\"400\"  itemprop=\"thumbnailUrl\" srcset=\"https:\/\/boulder.earth\/wp-content\/uploads\/2019\/11\/Climate-ecosystems-and-community.jpg 400w, https:\/\/boulder.earth\/wp-content\/uploads\/2019\/11\/Climate-ecosystems-and-community-300x219.jpg 300w\" sizes=\"(max-width: 400px) 100vw, 400px\" \/><\/a><\/div><\/div><\/div><br \/>\n<section  class='av_textblock_section av-q5xgmb7s-5f8690ddaa6a5fb0427ff8540b1e146e'   itemscope=\"itemscope\" itemtype=\"https:\/\/schema.org\/CreativeWork\" ><div class='avia_textblock'  itemprop=\"text\" ><div class=\"page\" title=\"P\u00e1gina 2\">\n<div class=\"section\">\n<div class=\"layoutArea\">\n<div class=\"column\">\n<p class=\"headline\" style=\"text-align: center;\">Este informe comunitario describe el trabajo tanto de la organizaci\u00f3n de la ciudad como de la comunidad en general en 2018 para abordar las conexiones entre el cambio clim\u00e1tico, la acci\u00f3n clim\u00e1tica, la comunidad y los ecosistemas.\u00a0 <a href=\"https:\/\/www-static.bouldercolorado.gov\/docs\/Community_Ecosystems_Report_FINAL-1-201905090938.pdf?_ga=2.132963022.1196872072.1573574806-1645956313.1521578343\" target=\"_blank\" rel=\"noopener noreferrer\">Vista del informe<\/a><\/p>\n<\/div>\n<\/div>\n<\/div>\n<\/div>\n<\/div><\/section><\/p>\n<\/div><\/div>\n<style type=\"text\/css\" data-created_by=\"avia_inline_auto\" id=\"style-css-av-owz1avyg-0fbf824bc532d84146dfdde7656dbcd8\">\n.flex_cell.av-owz1avyg-0fbf824bc532d84146dfdde7656dbcd8{\nvertical-align:top;\n}\n.responsive #top #wrap_all .flex_cell.av-owz1avyg-0fbf824bc532d84146dfdde7656dbcd8{\npadding:30px 30px 30px 30px !important;\n}\n<\/style>\n<div class='flex_cell av-owz1avyg-0fbf824bc532d84146dfdde7656dbcd8 av-gridrow-cell av_one_third no_margin  avia-builder-el-16  el_after_av_cell_one_third  el_before_av_cell_one_third  content-align-top'  ><div class='flex_cell_inner'><p>\n<style type=\"text\/css\" data-created_by=\"avia_inline_auto\" id=\"style-css-av-2f32e214-d9a26f40378cb67d98db1a0b3e782c2e\">\n.avia-image-container.av-2f32e214-d9a26f40378cb67d98db1a0b3e782c2e img.avia_image{\nbox-shadow:none;\n}\n.avia-image-container.av-2f32e214-d9a26f40378cb67d98db1a0b3e782c2e .av-image-caption-overlay-center{\ncolor:#ffffff;\n}\n<\/style>\n<div  class='avia-image-container av-2f32e214-d9a26f40378cb67d98db1a0b3e782c2e av-styling- av-img-linked avia-align-center  avia-builder-el-17  el_before_av_textblock  avia-builder-el-first'   itemprop=\"image\" itemscope=\"itemscope\" itemtype=\"https:\/\/schema.org\/ImageObject\" ><div class=\"avia-image-container-inner\"><div class=\"avia-image-overlay-wrap\"><a href=\"http:\/\/ecocycle.org\/take-action\/community-carbon-farming\" class='avia_image'  target=\"_blank\"  rel=\"noopener noreferrer\" aria-label='nosotros-somos-carbon-agricultura-gr\u00e1fico'><img decoding=\"async\" fetchpriority=\"high\" class='wp-image-157502 avia-img-lazy-loading-not-157502 avia_image' src=\"https:\/\/boulder.earth\/wp-content\/uploads\/2019\/10\/we-are-carbon-farming-graphic-300x224.png\" alt='' title='nosotros-somos-carbon-agricultura-gr\u00e1fico'  height=\"224\" width=\"300\"  itemprop=\"thumbnailUrl\" srcset=\"https:\/\/boulder.earth\/wp-content\/uploads\/2019\/10\/we-are-carbon-farming-graphic-300x224.png 300w, https:\/\/boulder.earth\/wp-content\/uploads\/2019\/10\/we-are-carbon-farming-graphic-450x337.png 450w, https:\/\/boulder.earth\/wp-content\/uploads\/2019\/10\/we-are-carbon-farming-graphic.png 500w\" sizes=\"(max-width: 300px) 100vw, 300px\" \/><\/a><\/div><\/div><\/div><br \/>\n<section  class='av_textblock_section av-mti58cp4-e1348cc5c2aec321e9bd2fe89f976f88'   itemscope=\"itemscope\" itemtype=\"https:\/\/schema.org\/CreativeWork\" ><div class='avia_textblock'  itemprop=\"text\" ><p style=\"text-align: center;\">La agricultura de carbono no es solo para los agricultores. \u00a1Puede convertirse en un agricultor de carbono y revertir el cambio clim\u00e1tico en su propio patio trasero! Eco-Cycle y la ciudad de Boulder est\u00e1n trabajando juntos en un <a href=\"http:\/\/ecocycle.org\/take-action\/community-carbon-farming\" target=\"_blank\" rel=\"noopener noreferrer\">programa de estudios de tres a\u00f1os<\/a>.<\/p>\n<\/div><\/section><\/p>\n<\/div><\/div>\n<style type=\"text\/css\" data-created_by=\"avia_inline_auto\" id=\"style-css-av-ld3supfs-cee75cb0c02023b37a3a37fb5c67b369\">\n.flex_cell.av-ld3supfs-cee75cb0c02023b37a3a37fb5c67b369{\nvertical-align:top;\n}\n.responsive #top #wrap_all .flex_cell.av-ld3supfs-cee75cb0c02023b37a3a37fb5c67b369{\npadding:30px 30px 30px 30px !important;\n}\n<\/style>\n<div class='flex_cell av-ld3supfs-cee75cb0c02023b37a3a37fb5c67b369 av-gridrow-cell av_one_third no_margin  avia-builder-el-19  el_after_av_cell_one_third  avia-builder-el-last  content-align-top'  ><div class='flex_cell_inner'><p>\n<style type=\"text\/css\" data-created_by=\"avia_inline_auto\" id=\"style-css-av-jqk6d83s-80ad9b03fe5ad66f68e89fd16981587a\">\n.avia-image-container.av-jqk6d83s-80ad9b03fe5ad66f68e89fd16981587a img.avia_image{\nbox-shadow:none;\n}\n.avia-image-container.av-jqk6d83s-80ad9b03fe5ad66f68e89fd16981587a .av-image-caption-overlay-center{\ncolor:#ffffff;\n}\n<\/style>\n<div  class='avia-image-container av-jqk6d83s-80ad9b03fe5ad66f68e89fd16981587a av-styling- av-img-linked avia-align-center  avia-builder-el-20  el_before_av_textblock  avia-builder-el-first'   itemprop=\"image\" itemscope=\"itemscope\" itemtype=\"https:\/\/schema.org\/ImageObject\" ><div class=\"avia-image-container-inner\"><div class=\"avia-image-overlay-wrap\"><a href=\"https:\/\/soilrev.org\" class='avia_image'  target=\"_blank\"  rel=\"noopener noreferrer\" aria-label='fecha de guardado de suelos'><img decoding=\"async\" fetchpriority=\"high\" class='wp-image-157499 avia-img-lazy-loading-not-157499 avia_image' src=\"https:\/\/boulder.earth\/wp-content\/uploads\/2019\/10\/soils-save-date-300x157.png\" alt='' title='fecha de guardado de suelos'  height=\"157\" width=\"300\"  itemprop=\"thumbnailUrl\" srcset=\"https:\/\/boulder.earth\/wp-content\/uploads\/2019\/10\/soils-save-date-300x157.png 300w, https:\/\/boulder.earth\/wp-content\/uploads\/2019\/10\/soils-save-date-450x235.png 450w, https:\/\/boulder.earth\/wp-content\/uploads\/2019\/10\/soils-save-date.png 560w\" sizes=\"(max-width: 300px) 100vw, 300px\" \/><\/a><\/div><\/div><\/div><br \/>\n<section  class='av_textblock_section av-iazfphoo-5c102a007bb41d3563852a635b7f2bdf'   itemscope=\"itemscope\" itemtype=\"https:\/\/schema.org\/CreativeWork\" ><div class='avia_textblock'  itemprop=\"text\" ><p style=\"text-align: center;\">\u00c9l <a href=\"https:\/\/soilrev.org\" target=\"_blank\" rel=\"noopener noreferrer\">Conferencia Revoluci\u00f3n del Suelo<\/a> invita a los agricultores y ganaderos de todas las escalas y sistemas de producci\u00f3n a explorar temas sobre agricultura regenerativa. Las sesiones incluyen: lo bueno, lo malo y lo feo; ensucie su demo de ropa interior; construir resiliencia y el resultado final triple en su granja con materia org\u00e1nica; sin agua, no hay problema: poner en marcha su actividad biol\u00f3gica en los pastizales; demostraci\u00f3n de infiltraci\u00f3n; m\u00e9todos pr\u00e1cticos para suelos sanos en granjas de hortalizas diversificadas. <a href=\"https:\/\/soilrev.org\" target=\"_blank\" rel=\"noopener noreferrer\">Aprende m\u00e1s<\/a><\/p>\n<\/div><\/section><\/p>\n<\/div><\/div>\n<\/div><div id='after_grid_row_1'  class='main_color av_default_container_wrap container_wrap sidebar_right'  ><div class='container av-section-cont-open' ><div class='template-page content  av-content-small alpha units'><div class='post-entry post-entry-type-page post-entry-5476808'><div class='entry-content-wrapper clearfix'>\n\n<style type=\"text\/css\" data-created_by=\"avia_inline_auto\" id=\"style-css-av-1qxtiuh4-f0f33a6e322ea9b5c2652f6b970c3c99\">\n.flex_column.av-1qxtiuh4-f0f33a6e322ea9b5c2652f6b970c3c99{\nborder-radius:0px 0px 0px 0px;\npadding:0px 0px 0px 0px;\n}\n<\/style>\n<div  class='flex_column av-1qxtiuh4-f0f33a6e322ea9b5c2652f6b970c3c99 av_one_half  avia-builder-el-22  el_after_av_layout_row  el_before_av_one_half  avia-builder-el-first  first flex_column_div av-zero-column-padding'     ><section  class='av_textblock_section av-g3rldu4o-006e85423f4fd81f21c5c3220e145202'   itemscope=\"itemscope\" itemtype=\"https:\/\/schema.org\/CreativeWork\" ><div class='avia_textblock'  itemprop=\"text\" ><h3 style=\"text-align: center;\">Construyendo la salud del suelo para combatir el cambio clim\u00e1tico<\/h3>\n<p style=\"text-align: center;\">El problema y la soluci\u00f3n son simplemente una cuesti\u00f3n de equilibrio. He aqu\u00ed por qu\u00e9 la agricultura de carbono es importante y c\u00f3mo funciona.<\/p>\n<\/div><\/section><br \/>\n<div  class='avia-video av-1fnn4t6w-68825044ad94e2b626dadbd795346023 avia-video-16-9 av-no-preview-image avia-video-load-always av-lazyload-immediate av-lazyload-video-embed'  itemprop=\"video\" itemtype=\"https:\/\/schema.org\/VideoObject\"  data-original_url='https:\/\/youtu.be\/08TI1RKj54g'><script type='text\/html' class='av-video-tmpl'><div class='avia-iframe-wrap'><iframe loading=\"lazy\" title=\"The Soil Story narrated by Larry Kopald\" width=\"1500\" height=\"844\" src=\"https:\/\/www.youtube.com\/embed\/08TI1RKj54g?feature=oembed&autoplay=0&loop=0&controls=1&mute=0\" frameborder=\"0\" allow=\"accelerometer; autoplay; clipboard-write; encrypted-media; gyroscope; picture-in-picture\" allowfullscreen><\/iframe><\/div><\/script><div class='av-click-to-play-overlay'><div class=\"avia_playpause_icon\"><\/div><\/div><\/div><\/p><\/div>\n\n<style type=\"text\/css\" data-created_by=\"avia_inline_auto\" id=\"style-css-av-djf39lfs-6948df8482e84360b82bf734a3bd2cbc\">\n.flex_column.av-djf39lfs-6948df8482e84360b82bf734a3bd2cbc{\nborder-radius:0px 0px 0px 0px;\npadding:0px 0px 0px 0px;\n}\n<\/style>\n<div  class='flex_column av-djf39lfs-6948df8482e84360b82bf734a3bd2cbc av_one_half  avia-builder-el-25  el_after_av_one_half  el_before_av_one_full  flex_column_div av-zero-column-padding'     ><section  class='av_textblock_section av-bmv3ksi0-5ee9d618db0de87494737af40e1bae54'   itemscope=\"itemscope\" itemtype=\"https:\/\/schema.org\/CreativeWork\" ><div class='avia_textblock'  itemprop=\"text\" ><h3 class=\"title style-scope ytd-video-primary-info-renderer\" style=\"text-align: center;\">Los peque\u00f1os agricultores refrescan el planeta<\/h3>\n<p style=\"text-align: center;\">C\u00f3mo la agricultura industrial ha contribuido al cambio clim\u00e1tico y los peque\u00f1os agricultores est\u00e1n resolviendo la crisis con la agricultura regenerativa.<\/p>\n<\/div><\/section><br \/>\n<div  class='avia-video av-aqgbxg3s-8187159f6d912df52e5a380aff76895e avia-video-16-9 av-no-preview-image avia-video-load-always av-lazyload-immediate av-lazyload-video-embed'  itemprop=\"video\" itemtype=\"https:\/\/schema.org\/VideoObject\"  data-original_url='https:\/\/youtu.be\/GjD8URaGe88'><script type='text\/html' class='av-video-tmpl'><div class='avia-iframe-wrap'><iframe loading=\"lazy\" title=\"Small Scale Farmers Cool the Planet (full video)\" width=\"1500\" height=\"844\" src=\"https:\/\/www.youtube.com\/embed\/GjD8URaGe88?feature=oembed&autoplay=0&loop=0&controls=1&mute=0\" frameborder=\"0\" allow=\"accelerometer; autoplay; clipboard-write; encrypted-media; gyroscope; picture-in-picture\" allowfullscreen><\/iframe><\/div><\/script><div class='av-click-to-play-overlay'><div class=\"avia_playpause_icon\"><\/div><\/div><\/div><\/p><\/div>\n\n<style type=\"text\/css\" data-created_by=\"avia_inline_auto\" id=\"style-css-av-a5ry4xu0-76f7b5389c1af546fc9777e533b8a600\">\n.flex_column.av-a5ry4xu0-76f7b5389c1af546fc9777e533b8a600{\nborder-radius:0px 0px 0px 0px;\npadding:0px 0px 0px 0px;\n}\n<\/style>\n<div  class='flex_column av-a5ry4xu0-76f7b5389c1af546fc9777e533b8a600 av_one_full  avia-builder-el-28  el_after_av_one_half  el_before_av_hr  first flex_column_div av-zero-column-padding  column-top-margin'     ><section  class='av_textblock_section av-7ulvlft4-4e492414e2e8183027dbec34428e9f84'   itemscope=\"itemscope\" itemtype=\"https:\/\/schema.org\/CreativeWork\" ><div class='avia_textblock'  itemprop=\"text\" ><h3 class=\"post-title entry-title\"><a title=\"Enlace permanente: Restauraci\u00f3n del carbono del suelo: \u00bfPuede la biolog\u00eda hacer el trabajo?\" href=\"https:\/\/regenerationinternational.org\/2015\/10\/05\/soil-carbon-restoration-can-biology-do-the-job\/\" target=\"_blank\" rel=\"bookmark noopener noreferrer\">Restauraci\u00f3n del carbono del suelo: \u00bfPuede la biolog\u00eda hacer el trabajo? <\/a><\/h3>\n<p>Una gran cantidad de discusi\u00f3n en los c\u00edrculos cient\u00edficos y gubernamentales se ha centrado recientemente en c\u00f3mo lidiar con las emisiones de gases de efecto invernadero y los extremos clim\u00e1ticos resultantes que han creado. <a href=\"https:\/\/regenerationinternational.org\/2015\/10\/05\/soil-carbon-restoration-can-biology-do-the-job\/\" target=\"_blank\" rel=\"noopener noreferrer\">Leer ensayo<\/a><\/p>\n<hr \/>\n<h3 class=\"entry-title\"><a href=\"http:\/\/boulderhg.com\/soil-solution-regenerative-farming\/\" target=\"_blank\" rel=\"noopener noreferrer\">La soluci\u00f3n del suelo: agricultura regenerativa<\/a><\/h3>\n<p>\u201cLa gente sigue hablando de reducir las emisiones de carbono y llegar a la neutralidad de carbono, pero eso ya no es suficiente\u201d, dice Hoffman. \u201cYa estamos calentando, as\u00ed que necesitamos quitar el exceso de la atm\u00f3sfera. Mucha gente quiere crear nueva tecnolog\u00eda que pueda ayudar a resolver nuestros problemas tecnol\u00f3gicos anteriores\u201d. <a href=\"http:\/\/boulderhg.com\/soil-solution-regenerative-farming\/\" target=\"_blank\" rel=\"noopener noreferrer\">Leer Casa y jard\u00edn del condado de Boulder<\/a><\/p>\n<hr \/>\n<h3><a href=\"http:\/\/www.boulderlifestylepubs.com\/2018\/10\/28\/carbon-farming-the-future-of-food\/\" target=\"_blank\" rel=\"noopener noreferrer\">Agricultura de carbono: el futuro de los alimentos<\/a><\/h3>\n<p>Hay dos maneras de abordar la soluci\u00f3n del cambio clim\u00e1tico. Podemos reducir las emisiones de gases de efecto invernadero o sacarlos de la atm\u00f3sfera. Los cient\u00edficos ahora nos dicen que debemos hacer ambas cosas tan r\u00e1pido como sea humanamente posible.\u00a0 <a href=\"http:\/\/www.boulderlifestylepubs.com\/2018\/10\/28\/carbon-farming-the-future-of-food\/\" target=\"_blank\" rel=\"noopener noreferrer\">Lea sobre el estilo de vida de Boulder <\/a><\/p>\n<hr \/>\n<h3><a href=\"http:\/\/63rdstfarm.com\/projects\/mingle-feast\/\" target=\"_blank\" rel=\"noopener noreferrer\">Socializar y festejar en 63rd St. Farm<\/a><\/h3>\n<p>Ya sea que sea miembro de CSA o no, los d\u00edas de recogida son un gran evento comunitario. \u00danase a nosotros los jueves por la noche durante la temporada, para mezclarse con otros amantes de la comida de la granja, pruebe nuestra pizza hecha en horno de ladrillo, escuche a m\u00fasicos locales en vivo y disfrute de la gran vida de la granja por una noche. <a href=\"http:\/\/63rdstfarm.com\/projects\/mingle-feast\/\" target=\"_blank\" rel=\"noopener noreferrer\">Saber m\u00e1s<\/a><\/p>\n<\/div><\/section><\/div>\n\n<style type=\"text\/css\" data-created_by=\"avia_inline_auto\" id=\"style-css-av-73isc0nc-8fd74de12b4f7b347c435300e79435c1\">\n#top .hr.hr-invisible.av-73isc0nc-8fd74de12b4f7b347c435300e79435c1{\nheight:30px;\n}\n<\/style>\n<div  class='hr av-73isc0nc-8fd74de12b4f7b347c435300e79435c1 hr-invisible  avia-builder-el-30  el_after_av_one_full  el_before_av_one_full'><span class='hr-inner'><span class=\"hr-inner-style\"><\/span><\/span><\/div>\n\n<style type=\"text\/css\" data-created_by=\"avia_inline_auto\" id=\"style-css-av-kxwez0o-ba420c2f4a056a06cd73c7ea6f807d04\">\n.flex_column.av-kxwez0o-ba420c2f4a056a06cd73c7ea6f807d04{\nborder-radius:0px 0px 0px 0px;\npadding:0px 0px 0px 0px;\n}\n<\/style>\n<div  class='flex_column av-kxwez0o-ba420c2f4a056a06cd73c7ea6f807d04 av_one_full  avia-builder-el-31  el_after_av_hr  avia-builder-el-last  first flex_column_div av-zero-column-padding'     ><br \/>\n\n<style type=\"text\/css\" data-created_by=\"avia_inline_auto\" id=\"style-css-av-300plb2g-e40a5ddd665dfaa293e9948413c971e7\">\n#top .hr.hr-invisible.av-300plb2g-e40a5ddd665dfaa293e9948413c971e7{\nheight:30px;\n}\n<\/style>\n<div  class='hr av-300plb2g-e40a5ddd665dfaa293e9948413c971e7 hr-invisible  avia-builder-el-33  el_after_av_codeblock  el_before_av_social_share'><span class='hr-inner'><span class=\"hr-inner-style\"><\/span><\/span><\/div><br \/>\n<div  class='av-social-sharing-box av-1yrgquko-5732e3221b3937a1acb91d77a9492118 av-social-sharing-box-default  avia-builder-el-34  el_after_av_hr  avia-builder-el-last  av-social-sharing-box-fullwidth'><div class=\"av-share-box\"><h5 class='av-share-link-description av-no-toc'>Comparta esta informaci\u00f3n de CMAP<\/h5><ul class=\"av-share-box-list noLightbox\"><li class='av-share-link av-social-link-facebook avia_social_iconfont' ><a target=\"_blank\" aria-label=\"Compartir en Facebook\" href='https:\/\/www.facebook.com\/sharer.php?u=https:\/\/boulder.earth\/es\/ecosystems\/&#038;t=Ecosystems' data-av_icon='\ue8f3' data-av_iconfont='entypo-fontello'  title='' data-avia-related-tooltip='Share on Facebook'><span class='avia_hidden_link_text'>Compartir en Facebook<\/span><\/a><\/li><li class='av-share-link av-social-link-twitter avia_social_iconfont' ><a target=\"_blank\" aria-label=\"Compartir en X\" href='https:\/\/twitter.com\/share?text=Ecosystems&#038;url=https:\/\/boulder.earth\/es\/?p=5476808' data-av_icon='\ue932' data-av_iconfont='entypo-fontello'  title='' data-avia-related-tooltip='Share on X'><span class='avia_hidden_link_text'>Compartir en X<\/span><\/a><\/li><li class='av-share-link av-social-link-whatsapp avia_social_iconfont' ><a target=\"_blank\" aria-label=\"Compartir en WhatsApp\" href='https:\/\/api.whatsapp.com\/send?text=https:\/\/boulder.earth\/es\/ecosystems\/' data-av_icon='\uf232' data-av_iconfont='entypo-fontello'  title='' data-avia-related-tooltip='Share on WhatsApp'><span class='avia_hidden_link_text'>Compartir en WhatsApp<\/span><\/a><\/li><li class='av-share-link av-social-link-pinterest avia_social_iconfont' ><a target=\"_blank\" aria-label=\"Compartir en Pinterest\" href='https:\/\/pinterest.com\/pin\/create\/button\/?url=https%3A%2F%2Fboulder.earth%2Fes%2Fecosystems%2F&#038;description=Ecosystems&#038;media=https%3A%2F%2Fboulder.earth%2Fwp-content%2Fuploads%2F2019%2F11%2Fecosystemsicon.png' data-av_icon='\ue8f8' data-av_iconfont='entypo-fontello'  title='' data-avia-related-tooltip='Share on Pinterest'><span class='avia_hidden_link_text'>Compartir en Pinterest<\/span><\/a><\/li><li class='av-share-link av-social-link-linkedin avia_social_iconfont' ><a target=\"_blank\" aria-label=\"Compartir en LinkedIn\" href='https:\/\/linkedin.com\/shareArticle?mini=true&#038;title=Ecosystems&#038;url=https:\/\/boulder.earth\/es\/ecosystems\/' data-av_icon='\ue8fc' data-av_iconfont='entypo-fontello'  title='' data-avia-related-tooltip='Share on LinkedIn'><span class='avia_hidden_link_text'>Compartir en LinkedIn<\/span><\/a><\/li><li class='av-share-link av-social-link-tumblr avia_social_iconfont' ><a target=\"_blank\" aria-label=\"Compartir en Tumblr\" href='https:\/\/www.tumblr.com\/share\/link?url=https%3A%2F%2Fboulder.earth%2Fes%2Fecosystems%2F&#038;name=Ecosystems&#038;description=Carbon%20sequestration%2C%20regenerative%20agriculture%2C%20pollinator%20protection%2C%20strengthening%20the%20tree%20canopy' data-av_icon='\ue8fa' data-av_iconfont='entypo-fontello'  title='' data-avia-related-tooltip='Share on Tumblr'><span class='avia_hidden_link_text'>Compartir en Tumblr<\/span><\/a><\/li><li class='av-share-link av-social-link-vk avia_social_iconfont' ><a target=\"_blank\" aria-label=\"Compartir en Vk\" href='https:\/\/vk.com\/share.php?url=https:\/\/boulder.earth\/es\/ecosystems\/' data-av_icon='\ue926' data-av_iconfont='entypo-fontello'  title='' data-avia-related-tooltip='Share on Vk'><span class='avia_hidden_link_text'>Compartir en Vk<\/span><\/a><\/li><li class='av-share-link av-social-link-reddit avia_social_iconfont' ><a target=\"_blank\" aria-label=\"Compartir en Reddit\" href='https:\/\/reddit.com\/submit?url=https:\/\/boulder.earth\/es\/ecosystems\/&#038;title=Ecosystems' data-av_icon='\ue927' data-av_iconfont='entypo-fontello'  title='' data-avia-related-tooltip='Share on Reddit'><span class='avia_hidden_link_text'>Compartir en Reddit<\/span><\/a><\/li><li class='av-share-link av-social-link-mail avia_social_iconfont' ><a  aria-label=\"Compartir por correo\" href='mailto:?subject=Ecosystems&#038;body=https:\/\/boulder.earth\/es\/ecosystems\/' data-av_icon='\ue805' data-av_iconfont='entypo-fontello'  title='' data-avia-related-tooltip='Share by Mail'><span class='avia_hidden_link_text'>Compartir por correo<\/span><\/a><\/li><\/ul><\/div><\/div><\/p><\/div>","protected":false},"excerpt":{"rendered":"<p>Secuestro de carbono, agricultura regenerativa, protecci\u00f3n de polinizadores, fortalecimiento de la copa de los \u00e1rboles<\/p>","protected":false},"author":1,"featured_media":160370,"parent":0,"menu_order":0,"comment_status":"closed","ping_status":"closed","template":"","meta":{"footnotes":""},"class_list":["post-5476808","page","type-page","status-publish","has-post-thumbnail","hentry"],"_links":{"self":[{"href":"https:\/\/boulder.earth\/es\/wp-json\/wp\/v2\/pages\/5476808","targetHints":{"allow":["GET"]}}],"collection":[{"href":"https:\/\/boulder.earth\/es\/wp-json\/wp\/v2\/pages"}],"about":[{"href":"https:\/\/boulder.earth\/es\/wp-json\/wp\/v2\/types\/page"}],"author":[{"embeddable":true,"href":"https:\/\/boulder.earth\/es\/wp-json\/wp\/v2\/users\/1"}],"replies":[{"embeddable":true,"href":"https:\/\/boulder.earth\/es\/wp-json\/wp\/v2\/comments?post=5476808"}],"version-history":[{"count":4,"href":"https:\/\/boulder.earth\/es\/wp-json\/wp\/v2\/pages\/5476808\/revisions"}],"predecessor-version":[{"id":5476842,"href":"https:\/\/boulder.earth\/es\/wp-json\/wp\/v2\/pages\/5476808\/revisions\/5476842"}],"wp:featuredmedia":[{"embeddable":true,"href":"https:\/\/boulder.earth\/es\/wp-json\/wp\/v2\/media\/160370"}],"wp:attachment":[{"href":"https:\/\/boulder.earth\/es\/wp-json\/wp\/v2\/media?parent=5476808"}],"curies":[{"name":"wp","href":"https:\/\/api.w.org\/{rel}","templated":true}]}}