{"id":5476813,"date":"2022-01-13T11:50:46","date_gmt":"2022-01-13T17:50:46","guid":{"rendered":"https:\/\/boulder.earth\/?page_id=5476813"},"modified":"2022-01-13T17:50:06","modified_gmt":"2022-01-13T23:50:06","slug":"equity-social-justice","status":"publish","type":"page","link":"https:\/\/boulder.earth\/es\/equity-social-justice\/","title":{"rendered":"Equidad y Justicia Social"},"content":{"rendered":"<style type=\"text\/css\" data-created_by=\"avia_inline_auto\" id=\"style-css-av-1dh3kojwt-6699880673cbe8fd49677798ddff9ff7\">\n.flex_column.av-1dh3kojwt-6699880673cbe8fd49677798ddff9ff7{\nborder-radius:0px 0px 0px 0px;\npadding:0px 0px 0px 0px;\n}\n<\/style>\n<div  class='flex_column av-1dh3kojwt-6699880673cbe8fd49677798ddff9ff7 av_one_third  avia-builder-el-0  el_before_av_two_third  avia-builder-el-first  first flex_column_div av-zero-column-padding'     ><style type=\"text\/css\" data-created_by=\"avia_inline_auto\" id=\"style-css-av-1bu236x8t-373faf7e24dcf892aa4e6eb31e23523d\">\n.avia-image-container.av-1bu236x8t-373faf7e24dcf892aa4e6eb31e23523d img.avia_image{\nbox-shadow:none;\n}\n.avia-image-container.av-1bu236x8t-373faf7e24dcf892aa4e6eb31e23523d .av-image-caption-overlay-center{\ncolor:#ffffff;\n}\n<\/style>\n<div  class='avia-image-container av-1bu236x8t-373faf7e24dcf892aa4e6eb31e23523d av-styling- avia-align-center  avia-builder-el-1  avia-builder-el-no-sibling'   itemprop=\"image\" itemscope=\"itemscope\" itemtype=\"https:\/\/schema.org\/ImageObject\" ><div class=\"avia-image-container-inner\"><div class=\"avia-image-overlay-wrap\"><img decoding=\"async\" fetchpriority=\"high\" class='wp-image-158514 avia-img-lazy-loading-not-158514 avia_image' src=\"https:\/\/boulder.earth\/wp-content\/uploads\/2019\/10\/equity-button.png\" alt='' title='equidad - justicia social'  height=\"185\" width=\"355\"  itemprop=\"thumbnailUrl\" srcset=\"https:\/\/boulder.earth\/wp-content\/uploads\/2019\/10\/equity-button.png 355w, https:\/\/boulder.earth\/wp-content\/uploads\/2019\/10\/equity-button-300x156.png 300w\" sizes=\"(max-width: 355px) 100vw, 355px\" \/><\/div><\/div><\/div><\/div>\n\n<style type=\"text\/css\" data-created_by=\"avia_inline_auto\" id=\"style-css-av-1aw3l4s7h-2fb3c7b575bd8ca12b0727ff9eb0e91f\">\n.flex_column.av-1aw3l4s7h-2fb3c7b575bd8ca12b0727ff9eb0e91f{\nborder-radius:0px 0px 0px 0px;\npadding:0px 0px 0px 0px;\n}\n<\/style>\n<div  class='flex_column av-1aw3l4s7h-2fb3c7b575bd8ca12b0727ff9eb0e91f av_two_third  avia-builder-el-2  el_after_av_one_third  el_before_av_layerslider  avia-builder-el-last  flex_column_div av-zero-column-padding'     ><section  class='av_textblock_section av-kyd9mfl6-134ea91ca6ff3c98c428382a72c677ff'   itemscope=\"itemscope\" itemtype=\"https:\/\/schema.org\/CreativeWork\" ><div class='avia_textblock'  itemprop=\"text\" ><h1 style=\"text-align: left;\">Equidad y Justicia Social<\/h1>\n<h3>Garantizar que los beneficios y los costos se distribuyan de manera justa en toda nuestra comunidad e involucrar a todos en la planificaci\u00f3n.<\/h3>\n<ul style=\"text-align: left;\">\n<li>\u00bfC\u00f3mo podemos dise\u00f1ar todas las estrategias clim\u00e1ticas y acciones asociadas para mejorar la distribuci\u00f3n equitativa de los beneficios y costos de los cambios que se est\u00e1n realizando?<\/li>\n<li>\u00bfC\u00f3mo podemos minimizar los impactos negativos para todos los miembros de la comunidad, incluidos aquellos que hist\u00f3ricamente han estado en desventaja?<\/li>\n<\/ul>\n<\/div><\/section><\/div>\n<\/div><\/div><\/div><!-- close content main div --><\/div><\/div><div id='layer_slider_1'  class='avia-layerslider main_color avia-shadow  avia-builder-el-4  el_after_av_two_third  el_before_av_one_full  slider-not-first container_wrap sidebar_right'  style='height: 751px; max-width: 1200px; margin: 0 auto;'  ><\/div><div id='after_layer_slider_1'  class='main_color av_default_container_wrap container_wrap sidebar_right'  ><div class='container av-section-cont-open' ><div class='template-page content  av-content-small alpha units'><div class='post-entry post-entry-type-page post-entry-5476813'><div class='entry-content-wrapper clearfix'>\n\n<style type=\"text\/css\" data-created_by=\"avia_inline_auto\" id=\"style-css-av-18dvboua5-837475d571b98afa319fa6f8f3c10204\">\n.flex_column.av-18dvboua5-837475d571b98afa319fa6f8f3c10204{\nborder-radius:0px 0px 0px 0px;\npadding:0px 0px 0px 0px;\n}\n<\/style>\n<div  class='flex_column av-18dvboua5-837475d571b98afa319fa6f8f3c10204 av_one_full  avia-builder-el-5  el_after_av_layerslider  el_before_av_textblock  avia-builder-el-first  first flex_column_div av-zero-column-padding'     ><section  class='av_textblock_section av-178ay8fgt-65a66bd325359b716f9e54165ae2e23f'   itemscope=\"itemscope\" itemtype=\"https:\/\/schema.org\/CreativeWork\" ><div class='avia_textblock'  itemprop=\"text\" ><h1 id=\"orgs\" style=\"text-align: center;\">Organizaciones locales que abordan la equidad<\/h1>\n<\/div><\/section><br \/>\n<div id='av-masonry-1' class='av-masonry av-kyd9pcn0-c819f175b7e3348e65cdf969d09d0dfc noHover av-flex-size av-large-gap av-hover-overlay-active av-masonry-animation-active av-masonry-col-5 av-caption-on-hover av-caption-style-overlay av-masonry-entries av-mini-columns-overwrite av-mini-columns-3' data-post_id=\"5476813\"><div class=\"av-masonry-container isotope av-js-disabled\"><div class='av-masonry-entry isotope-item av-masonry-item-no-image'><\/div><a href=\"https:\/\/boulder.earth\/es\/organizations\/350-colorado\/\"  id='av-masonry-1-item-11278' data-av-masonry-item='11278' class='av-masonry-entry isotope-item post-11278 portfolio type-portfolio status-publish has-post-thumbnail hentry portfolio_entries-activism portfolio_entries-community portfolio_entries-energy portfolio_entries-environment portfolio_entries-fracking portfolio_entries-justice portfolio_entries-policy portfolio_entries-resources  av-masonry-item-with-image' title=\"350 colorado\"   itemscope=\"itemscope\" itemtype=\"https:\/\/schema.org\/CreativeWork\" ><div class='av-inner-masonry-sizer'><\/div><figure class='av-inner-masonry main_color'><div class=\"av-masonry-outerimage-container\"><div class='av-masonry-image-container'  ><img decoding=\"async\" width=\"500\" height=\"333\" fetchpriority=\"high\" class=\"wp-image-15177 avia-img-lazy-loading-not-15177\"  src=\"https:\/\/boulder.earth\/wp-content\/uploads\/2017\/06\/350colorado-org.png\" title=\"350 colorado\" alt=\"\" srcset=\"https:\/\/boulder.earth\/wp-content\/uploads\/2017\/06\/350colorado-org.png 500w, https:\/\/boulder.earth\/wp-content\/uploads\/2017\/06\/350colorado-org-300x200.png 300w, https:\/\/boulder.earth\/wp-content\/uploads\/2017\/06\/350colorado-org-450x300.png 450w\" sizes=\"(max-width: 500px) 100vw, 500px\" \/><\/div><\/div><figcaption class='av-inner-masonry-content site-background'><div class='av-inner-masonry-content-pos'><div class='av-inner-masonry-content-pos-content'><div class='avia-arrow'><\/div><div class='av-masonry-entry-content entry-content'  itemprop=\"text\" >Trabajando localmente para ayudar a construir el movimiento de base global para resolver la crisis clim\u00e1tica y la transici\u00f3n hacia un futuro sostenible.<\/div><\/div><\/div><\/figcaption><\/figure><\/a><!--end av-masonry entry--><a href=\"https:\/\/boulder.earth\/es\/organizations\/americas-for-conservation-the-arts\/\"  id='av-masonry-1-item-20243' data-av-masonry-item='20243' class='av-masonry-entry isotope-item post-20243 portfolio type-portfolio status-publish has-post-thumbnail hentry portfolio_entries-arts-culture portfolio_entries-community portfolio_entries-conservation portfolio_entries-education portfolio_entries-justice  av-masonry-item-with-image' title=\"afca\"   itemscope=\"itemscope\" itemtype=\"https:\/\/schema.org\/CreativeWork\" ><div class='av-inner-masonry-sizer'><\/div><figure class='av-inner-masonry main_color'><div class=\"av-masonry-outerimage-container\"><div class='av-masonry-image-container'  ><img decoding=\"async\" width=\"500\" height=\"333\" fetchpriority=\"high\" class=\"wp-image-20245 avia-img-lazy-loading-not-20245\"  src=\"https:\/\/boulder.earth\/wp-content\/uploads\/2017\/09\/afca.png\" title=\"afca\" alt=\"\" srcset=\"https:\/\/boulder.earth\/wp-content\/uploads\/2017\/09\/afca.png 500w, https:\/\/boulder.earth\/wp-content\/uploads\/2017\/09\/afca-300x200.png 300w, https:\/\/boulder.earth\/wp-content\/uploads\/2017\/09\/afca-450x300.png 450w\" sizes=\"(max-width: 500px) 100vw, 500px\" \/><\/div><\/div><figcaption class='av-inner-masonry-content site-background'><div class='av-inner-masonry-content-pos'><div class='av-inner-masonry-content-pos-content'><div class='avia-arrow'><\/div><div class='av-masonry-entry-content entry-content'  itemprop=\"text\" >promover un medio ambiente saludable a trav\u00e9s de las artes, la defensa, la educaci\u00f3n y la participaci\u00f3n de comunidades culturalmente diversas<\/div><\/div><\/div><\/figcaption><\/figure><\/a><!--end av-masonry entry--><a href=\"https:\/\/boulder.earth\/es\/organizations\/boco-climate-justice-hive\/\"  id='av-masonry-1-item-5481643' data-av-masonry-item='5481643' class='av-masonry-entry isotope-item post-5481643 portfolio type-portfolio status-publish has-post-thumbnail hentry portfolio_entries-activism portfolio_entries-communications portfolio_entries-community portfolio_entries-justice portfolio_entries-philanthropy portfolio_entries-programproject  av-masonry-item-with-image' title=\"logotipo de la colmena de la justicia clim\u00e1tica de boco\"   itemscope=\"itemscope\" itemtype=\"https:\/\/schema.org\/CreativeWork\" ><div class='av-inner-masonry-sizer'><\/div><figure class='av-inner-masonry main_color'><div class=\"av-masonry-outerimage-container\"><div class='av-masonry-image-container'  ><img decoding=\"async\" width=\"300\" height=\"200\" fetchpriority=\"high\" class=\"wp-image-5481644 avia-img-lazy-loading-not-5481644\"  src=\"https:\/\/boulder.earth\/wp-content\/uploads\/2023\/06\/boco-hive-logo.jpg\" title=\"logotipo de la colmena de la justicia clim\u00e1tica de boco\" alt=\"\" srcset=\"https:\/\/boulder.earth\/wp-content\/uploads\/2023\/06\/boco-hive-logo.jpg 300w, https:\/\/boulder.earth\/wp-content\/uploads\/2023\/06\/boco-hive-logo-18x12.jpg 18w\" sizes=\"(max-width: 300px) 100vw, 300px\" \/><\/div><\/div><figcaption class='av-inner-masonry-content site-background'><div class='av-inner-masonry-content-pos'><div class='av-inner-masonry-content-pos-content'><div class='avia-arrow'><\/div><div class='av-masonry-entry-content entry-content'  itemprop=\"text\" >Al fomentar la colaboraci\u00f3n y la conectividad para la acci\u00f3n clim\u00e1tica basada en la justicia y el impacto en el condado de Boulder, Colorado, Hive informa, coordina e incentiva la colaboraci\u00f3n en todo el movimiento de justicia clim\u00e1tica, cambiando el paradigma.<\/div><\/div><\/div><\/figcaption><\/figure><\/a><!--end av-masonry entry--><a href=\"https:\/\/boulder.earth\/es\/organizations\/boulder-food-rescue\/\"  id='av-masonry-1-item-17801' data-av-masonry-item='17801' class='av-masonry-entry isotope-item post-17801 portfolio type-portfolio status-publish has-post-thumbnail hentry portfolio_entries-activism portfolio_entries-agriculture portfolio_entries-community portfolio_entries-food portfolio_entries-food-waste portfolio_entries-justice portfolio_entries-transportation portfolio_entries-zero-waste  av-masonry-item-with-image' title=\"Rescate de alimentos en Boulder\"   itemscope=\"itemscope\" itemtype=\"https:\/\/schema.org\/CreativeWork\" ><div class='av-inner-masonry-sizer'><\/div><figure class='av-inner-masonry main_color'><div class=\"av-masonry-outerimage-container\"><div class='av-masonry-image-container'  ><img decoding=\"async\" width=\"500\" height=\"333\" fetchpriority=\"high\" class=\"wp-image-17802 avia-img-lazy-loading-not-17802\"  src=\"https:\/\/boulder.earth\/wp-content\/uploads\/2017\/09\/Boulder-Food-Rescue.png\" title=\"Rescate de alimentos en Boulder\" alt=\"\" srcset=\"https:\/\/boulder.earth\/wp-content\/uploads\/2017\/09\/Boulder-Food-Rescue.png 500w, https:\/\/boulder.earth\/wp-content\/uploads\/2017\/09\/Boulder-Food-Rescue-300x200.png 300w, https:\/\/boulder.earth\/wp-content\/uploads\/2017\/09\/Boulder-Food-Rescue-450x300.png 450w\" sizes=\"(max-width: 500px) 100vw, 500px\" \/><\/div><\/div><figcaption class='av-inner-masonry-content site-background'><div class='av-inner-masonry-content-pos'><div class='av-inner-masonry-content-pos-content'><div class='avia-arrow'><\/div><div class='av-masonry-entry-content entry-content'  itemprop=\"text\" >\u00a1Rescate de alimentos sostenible y justo a tiempo en Boulder, Colorado!<\/div><\/div><\/div><\/figcaption><\/figure><\/a><!--end av-masonry entry--><a href=\"https:\/\/boulder.earth\/es\/organizations\/boulder-housing-coalition\/\"  id='av-masonry-1-item-20439' data-av-masonry-item='20439' class='av-masonry-entry isotope-item post-20439 portfolio type-portfolio status-publish has-post-thumbnail hentry portfolio_entries-community portfolio_entries-economics portfolio_entries-justice  av-masonry-item-with-image' title=\"coalici\u00f3n-de-vivienda-de-boulder\"   itemscope=\"itemscope\" itemtype=\"https:\/\/schema.org\/CreativeWork\" ><div class='av-inner-masonry-sizer'><\/div><figure class='av-inner-masonry main_color'><div class=\"av-masonry-outerimage-container\"><div class='av-masonry-image-container'  ><img decoding=\"async\" width=\"500\" height=\"333\" fetchpriority=\"high\" class=\"wp-image-20442 avia-img-lazy-loading-not-20442\"  src=\"https:\/\/boulder.earth\/wp-content\/uploads\/2017\/09\/boulder-housing-coalition.png\" title=\"coalici\u00f3n-de-vivienda-de-boulder\" alt=\"\" srcset=\"https:\/\/boulder.earth\/wp-content\/uploads\/2017\/09\/boulder-housing-coalition.png 500w, https:\/\/boulder.earth\/wp-content\/uploads\/2017\/09\/boulder-housing-coalition-300x200.png 300w, https:\/\/boulder.earth\/wp-content\/uploads\/2017\/09\/boulder-housing-coalition-450x300.png 450w\" sizes=\"(max-width: 500px) 100vw, 500px\" \/><\/div><\/div><figcaption class='av-inner-masonry-content site-background'><div class='av-inner-masonry-content-pos'><div class='av-inner-masonry-content-pos-content'><div class='avia-arrow'><\/div><div class='av-masonry-entry-content entry-content'  itemprop=\"text\" >dedicado a crear viviendas cooperativas asequibles que mejoren la comunidad para la gente del condado de Boulder<\/div><\/div><\/div><\/figcaption><\/figure><\/a><!--end av-masonry entry--><a href=\"https:\/\/boulder.earth\/es\/organizations\/boulder-rights-of-nature\/\"  id='av-masonry-1-item-122255' data-av-masonry-item='122255' class='av-masonry-entry isotope-item post-122255 portfolio type-portfolio status-publish has-post-thumbnail hentry portfolio_entries-activism portfolio_entries-conservation portfolio_entries-environment portfolio_entries-justice portfolio_entries-policy portfolio_entries-programproject  av-masonry-item-with-image' title=\"BoulderDerechosDeLaNaturaleza\"   itemscope=\"itemscope\" itemtype=\"https:\/\/schema.org\/CreativeWork\" ><div class='av-inner-masonry-sizer'><\/div><figure class='av-inner-masonry main_color'><div class=\"av-masonry-outerimage-container\"><div class='av-masonry-image-container'  ><img decoding=\"async\" width=\"500\" height=\"333\" fetchpriority=\"high\" class=\"wp-image-122256 avia-img-lazy-loading-not-122256\"  src=\"https:\/\/boulder.earth\/wp-content\/uploads\/2019\/01\/BoulderRightsofNature.png\" title=\"BoulderDerechosDeLaNaturaleza\" alt=\"\" srcset=\"https:\/\/boulder.earth\/wp-content\/uploads\/2019\/01\/BoulderRightsofNature.png 500w, https:\/\/boulder.earth\/wp-content\/uploads\/2019\/01\/BoulderRightsofNature-300x200.png 300w, https:\/\/boulder.earth\/wp-content\/uploads\/2019\/01\/BoulderRightsofNature-450x300.png 450w\" sizes=\"(max-width: 500px) 100vw, 500px\" \/><\/div><\/div><figcaption class='av-inner-masonry-content site-background'><div class='av-inner-masonry-content-pos'><div class='av-inner-masonry-content-pos-content'><div class='avia-arrow'><\/div><div class='av-masonry-entry-content entry-content'  itemprop=\"text\" >Dedicado a la protecci\u00f3n, conservaci\u00f3n y restauraci\u00f3n sostenibles de los ecosistemas que funcionan naturalmente y las comunidades naturales que dependen de ellos.<\/div><\/div><\/div><\/figcaption><\/figure><\/a><!--end av-masonry entry--><a href=\"https:\/\/boulder.earth\/es\/organizations\/boundless-in-motion\/\"  id='av-masonry-1-item-29769' data-av-masonry-item='29769' class='av-masonry-entry isotope-item post-29769 portfolio type-portfolio status-publish has-post-thumbnail hentry portfolio_entries-activism portfolio_entries-community portfolio_entries-justice portfolio_entries-spiritual  av-masonry-item-with-image' title=\"Boundless In Motion boulder eco dharma\"   itemscope=\"itemscope\" itemtype=\"https:\/\/schema.org\/CreativeWork\" ><div class='av-inner-masonry-sizer'><\/div><figure class='av-inner-masonry main_color'><div class=\"av-masonry-outerimage-container\"><div class='av-masonry-image-container'  ><img decoding=\"async\" width=\"500\" height=\"333\" fetchpriority=\"high\" class=\"wp-image-29772 avia-img-lazy-loading-not-29772\"  src=\"https:\/\/boulder.earth\/wp-content\/uploads\/2017\/11\/Boundless-In-Motion-boulder-eco-dharma.jpg\" title=\"Boundless In Motion boulder eco dharma\" alt=\"\" srcset=\"https:\/\/boulder.earth\/wp-content\/uploads\/2017\/11\/Boundless-In-Motion-boulder-eco-dharma.jpg 500w, https:\/\/boulder.earth\/wp-content\/uploads\/2017\/11\/Boundless-In-Motion-boulder-eco-dharma-300x200.jpg 300w, https:\/\/boulder.earth\/wp-content\/uploads\/2017\/11\/Boundless-In-Motion-boulder-eco-dharma-450x300.jpg 450w\" sizes=\"(max-width: 500px) 100vw, 500px\" \/><\/div><\/div><figcaption class='av-inner-masonry-content site-background'><div class='av-inner-masonry-content-pos'><div class='av-inner-masonry-content-pos-content'><div class='avia-arrow'><\/div><div class='av-masonry-entry-content entry-content'  itemprop=\"text\" >una organizaci\u00f3n &quot;budista comprometida&quot; que re\u00fane nuestra espiritualidad, la construcci\u00f3n de comunidades y la acci\u00f3n colectiva estrat\u00e9gica<\/div><\/div><\/div><\/figcaption><\/figure><\/a><!--end av-masonry entry--><a href=\"https:\/\/boulder.earth\/es\/organizations\/bridge-house\/\"  id='av-masonry-1-item-84974' data-av-masonry-item='84974' class='av-masonry-entry isotope-item post-84974 portfolio type-portfolio status-publish has-post-thumbnail hentry portfolio_entries-community portfolio_entries-housing portfolio_entries-justice  av-masonry-item-with-image' title=\"casa puente\"   itemscope=\"itemscope\" itemtype=\"https:\/\/schema.org\/CreativeWork\" ><div class='av-inner-masonry-sizer'><\/div><figure class='av-inner-masonry main_color'><div class=\"av-masonry-outerimage-container\"><div class='av-masonry-image-container'  ><img decoding=\"async\" width=\"400\" height=\"266\" fetchpriority=\"high\" class=\"wp-image-84975 avia-img-lazy-loading-not-84975\"  src=\"https:\/\/boulder.earth\/wp-content\/uploads\/2018\/06\/bridgehouse.png\" title=\"casa puente\" alt=\"\" srcset=\"https:\/\/boulder.earth\/wp-content\/uploads\/2018\/06\/bridgehouse.png 400w, https:\/\/boulder.earth\/wp-content\/uploads\/2018\/06\/bridgehouse-300x200.png 300w\" sizes=\"(max-width: 400px) 100vw, 400px\" \/><\/div><\/div><figcaption class='av-inner-masonry-content site-background'><div class='av-inner-masonry-content-pos'><div class='av-inner-masonry-content-pos-content'><div class='avia-arrow'><\/div><div class='av-masonry-entry-content entry-content'  itemprop=\"text\" >Crear una cultura de oportunidades para adultos sin hogar y de bajos ingresos<\/div><\/div><\/div><\/figcaption><\/figure><\/a><!--end av-masonry entry--><a href=\"https:\/\/boulder.earth\/es\/organizations\/brujula-comunitaria\/\"  id='av-masonry-1-item-5483025' data-av-masonry-item='5483025' class='av-masonry-entry isotope-item post-5483025 portfolio type-portfolio status-publish has-post-thumbnail hentry portfolio_entries-community portfolio_entries-justice portfolio_entries-policy  av-masonry-item-with-image' title=\"brujula-comunitaria\"   itemscope=\"itemscope\" itemtype=\"https:\/\/schema.org\/CreativeWork\" ><div class='av-inner-masonry-sizer'><\/div><figure class='av-inner-masonry main_color'><div class=\"av-masonry-outerimage-container\"><div class='av-masonry-image-container'  ><img decoding=\"async\" width=\"300\" height=\"200\" fetchpriority=\"high\" class=\"wp-image-5483027 avia-img-lazy-loading-not-5483027\"  src=\"https:\/\/boulder.earth\/wp-content\/uploads\/2023\/11\/brujula-comunitaria.png\" title=\"brujula-comunitaria\" alt=\"\" srcset=\"https:\/\/boulder.earth\/wp-content\/uploads\/2023\/11\/brujula-comunitaria.png 300w, https:\/\/boulder.earth\/wp-content\/uploads\/2023\/11\/brujula-comunitaria-18x12.png 18w\" sizes=\"(max-width: 300px) 100vw, 300px\" \/><\/div><\/div><figcaption class='av-inner-masonry-content site-background'><div class='av-inner-masonry-content-pos'><div class='av-inner-masonry-content-pos-content'><div class='avia-arrow'><\/div><div class='av-masonry-entry-content entry-content'  itemprop=\"text\" >Fomentar la participaci\u00f3n comunitaria directa con el objetivo de brindar soluciones a los desaf\u00edos de la justicia clim\u00e1tica, social y econ\u00f3mica.<\/div><\/div><\/div><\/figcaption><\/figure><\/a><!--end av-masonry entry--><a href=\"https:\/\/boulder.earth\/es\/organizations\/climate-justicecollaborative\/\"  id='av-masonry-1-item-5478115' data-av-masonry-item='5478115' class='av-masonry-entry isotope-item post-5478115 portfolio type-portfolio status-publish has-post-thumbnail hentry portfolio_entries-community portfolio_entries-justice  av-masonry-item-with-image' title=\"cjc-canto rodado\"   itemscope=\"itemscope\" itemtype=\"https:\/\/schema.org\/CreativeWork\" ><div class='av-inner-masonry-sizer'><\/div><figure class='av-inner-masonry main_color'><div class=\"av-masonry-outerimage-container\"><div class='av-masonry-image-container'  ><img decoding=\"async\" width=\"300\" height=\"200\" fetchpriority=\"high\" class=\"wp-image-5478116 avia-img-lazy-loading-not-5478116\"  src=\"https:\/\/boulder.earth\/wp-content\/uploads\/2022\/08\/cjc-boulder.png\" title=\"cjc-canto rodado\" alt=\"\" srcset=\"https:\/\/boulder.earth\/wp-content\/uploads\/2022\/08\/cjc-boulder.png 300w, https:\/\/boulder.earth\/wp-content\/uploads\/2022\/08\/cjc-boulder-18x12.png 18w\" sizes=\"(max-width: 300px) 100vw, 300px\" \/><\/div><\/div><figcaption class='av-inner-masonry-content site-background'><div class='av-inner-masonry-content-pos'><div class='av-inner-masonry-content-pos-content'><div class='avia-arrow'><\/div><div class='av-masonry-entry-content entry-content'  itemprop=\"text\" >Colaboraci\u00f3n dirigida por miembros de la comunidad de primera l\u00ednea que crea y aplica un marco de equidad racial, cambiando las estructuras de poder y promulgando soluciones justas al cambio clim\u00e1tico.<\/div><\/div><\/div><\/figcaption><\/figure><\/a><!--end av-masonry entry--><a href=\"https:\/\/boulder.earth\/es\/organizations\/colorado-jewish-climate-action\/\"  id='av-masonry-1-item-5483775' data-av-masonry-item='5483775' class='av-masonry-entry isotope-item post-5483775 portfolio type-portfolio status-publish has-post-thumbnail hentry portfolio_entries-activism portfolio_entries-justice portfolio_entries-spiritual  av-masonry-item-with-image' title=\"Colorado Jewish Climate Action\"   itemscope=\"itemscope\" itemtype=\"https:\/\/schema.org\/CreativeWork\" ><div class='av-inner-masonry-sizer'><\/div><figure class='av-inner-masonry main_color'><div class=\"av-masonry-outerimage-container\"><div class='av-masonry-image-container'  ><img decoding=\"async\" width=\"300\" height=\"200\" fetchpriority=\"high\" class=\"wp-image-5483776 avia-img-lazy-loading-not-5483776\"  src=\"https:\/\/boulder.earth\/wp-content\/uploads\/2024\/02\/cjca-logo.png\" title=\"Colorado Jewish Climate Action\" alt=\"\" srcset=\"https:\/\/boulder.earth\/wp-content\/uploads\/2024\/02\/cjca-logo.png 300w, https:\/\/boulder.earth\/wp-content\/uploads\/2024\/02\/cjca-logo-18x12.png 18w\" sizes=\"(max-width: 300px) 100vw, 300px\" \/><\/div><\/div><figcaption class='av-inner-masonry-content site-background'><div class='av-inner-masonry-content-pos'><div class='av-inner-masonry-content-pos-content'><div class='avia-arrow'><\/div><div class='av-masonry-entry-content entry-content'  itemprop=\"text\" >Unidos para tomar medidas para mitigar los efectos del cambio clim\u00e1tico y abogar en las legislaturas nacionales y de Colorado por leyes ecol\u00f3gicas y una mejor calidad del aire.<\/div><\/div><\/div><\/figcaption><\/figure><\/a><!--end av-masonry entry--><a href=\"https:\/\/boulder.earth\/es\/organizations\/colorado-rising\/\"  id='av-masonry-1-item-29068' data-av-masonry-item='29068' class='av-masonry-entry isotope-item post-29068 portfolio type-portfolio status-publish has-post-thumbnail hentry portfolio_entries-activism portfolio_entries-fracking portfolio_entries-justice portfolio_entries-policy  av-masonry-item-with-image' title=\"ColoradoRising\"   itemscope=\"itemscope\" itemtype=\"https:\/\/schema.org\/CreativeWork\" ><div class='av-inner-masonry-sizer'><\/div><figure class='av-inner-masonry main_color'><div class=\"av-masonry-outerimage-container\"><div class='av-masonry-image-container'  ><img decoding=\"async\" width=\"500\" height=\"333\" fetchpriority=\"high\" class=\"wp-image-29070 avia-img-lazy-loading-not-29070\"  src=\"https:\/\/boulder.earth\/wp-content\/uploads\/2017\/11\/ColoradoRising.png\" title=\"ColoradoRising\" alt=\"\" srcset=\"https:\/\/boulder.earth\/wp-content\/uploads\/2017\/11\/ColoradoRising.png 500w, https:\/\/boulder.earth\/wp-content\/uploads\/2017\/11\/ColoradoRising-300x200.png 300w, https:\/\/boulder.earth\/wp-content\/uploads\/2017\/11\/ColoradoRising-450x300.png 450w\" sizes=\"(max-width: 500px) 100vw, 500px\" \/><\/div><\/div><figcaption class='av-inner-masonry-content site-background'><div class='av-inner-masonry-content-pos'><div class='av-inner-masonry-content-pos-content'><div class='avia-arrow'><\/div><div class='av-masonry-entry-content entry-content'  itemprop=\"text\" >impulsando el esfuerzo de base para aprobar una iniciativa de votaci\u00f3n en todo el estado que establezca protecciones de sentido com\u00fan para nuestras comunidades contra los peligros del desarrollo de petr\u00f3leo y gas y el fracking<\/div><\/div><\/div><\/figcaption><\/figure><\/a><!--end av-masonry entry--><a href=\"https:\/\/boulder.earth\/es\/organizations\/community-cycles\/\"  id='av-masonry-1-item-11303' data-av-masonry-item='11303' class='av-masonry-entry isotope-item post-11303 portfolio type-portfolio status-publish has-post-thumbnail hentry portfolio_entries-activism portfolio_entries-community portfolio_entries-education portfolio_entries-justice portfolio_entries-resources portfolio_entries-transportation  av-masonry-item-with-image' title=\"ciclos comunitarios\"   itemscope=\"itemscope\" itemtype=\"https:\/\/schema.org\/CreativeWork\" ><div class='av-inner-masonry-sizer'><\/div><figure class='av-inner-masonry main_color'><div class=\"av-masonry-outerimage-container\"><div class='av-masonry-image-container'  ><img decoding=\"async\" width=\"500\" height=\"333\" fetchpriority=\"high\" class=\"wp-image-13607 avia-img-lazy-loading-not-13607\"  src=\"https:\/\/boulder.earth\/wp-content\/uploads\/2017\/06\/community-cycles-1.jpg\" title=\"ciclos comunitarios\" alt=\"\" srcset=\"https:\/\/boulder.earth\/wp-content\/uploads\/2017\/06\/community-cycles-1.jpg 500w, https:\/\/boulder.earth\/wp-content\/uploads\/2017\/06\/community-cycles-1-300x200.jpg 300w, https:\/\/boulder.earth\/wp-content\/uploads\/2017\/06\/community-cycles-1-450x300.jpg 450w\" sizes=\"(max-width: 500px) 100vw, 500px\" \/><\/div><\/div><figcaption class='av-inner-masonry-content site-background'><div class='av-inner-masonry-content-pos'><div class='av-inner-masonry-content-pos-content'><div class='avia-arrow'><\/div><div class='av-masonry-entry-content entry-content'  itemprop=\"text\" >Organizaci\u00f3n sin fines de lucro de ciclistas y simpatizantes del transporte en bicicleta que brinda reparaci\u00f3n, reciclaje, donaci\u00f3n y educaci\u00f3n de bicicletas a la comunidad<\/div><\/div><\/div><\/figcaption><\/figure><\/a><!--end av-masonry entry--><a href=\"https:\/\/boulder.earth\/es\/organizations\/community-food-share\/\"  id='av-masonry-1-item-84967' data-av-masonry-item='84967' class='av-masonry-entry isotope-item post-84967 portfolio type-portfolio status-publish has-post-thumbnail hentry portfolio_entries-agriculture portfolio_entries-community portfolio_entries-food portfolio_entries-food-waste portfolio_entries-justice  av-masonry-item-with-image' title=\"compartir comida comunitaria\"   itemscope=\"itemscope\" itemtype=\"https:\/\/schema.org\/CreativeWork\" ><div class='av-inner-masonry-sizer'><\/div><figure class='av-inner-masonry main_color'><div class=\"av-masonry-outerimage-container\"><div class='av-masonry-image-container'  ><img decoding=\"async\" width=\"300\" height=\"200\" fetchpriority=\"high\" class=\"wp-image-141837 avia-img-lazy-loading-not-141837\"  src=\"https:\/\/boulder.earth\/wp-content\/uploads\/2018\/06\/communityfoodshare.jpg\" title=\"compartir comida comunitaria\" alt=\"\" \/><\/div><\/div><figcaption class='av-inner-masonry-content site-background'><div class='av-inner-masonry-content-pos'><div class='av-inner-masonry-content-pos-content'><div class='avia-arrow'><\/div><div class='av-masonry-entry-content entry-content'  itemprop=\"text\" >Eliminar el hambre en los condados de Boulder y Broomfield a trav\u00e9s del compromiso, la colaboraci\u00f3n y el liderazgo.<\/div><\/div><\/div><\/figcaption><\/figure><\/a><!--end av-masonry entry--><a href=\"https:\/\/boulder.earth\/es\/organizations\/community-led-preparedness-training-for-climate-emergencies-project\/\"  id='av-masonry-1-item-5483013' data-av-masonry-item='5483013' class='av-masonry-entry isotope-item post-5483013 portfolio type-portfolio status-publish has-post-thumbnail hentry portfolio_entries-education portfolio_entries-justice portfolio_entries-resilience  av-masonry-item-with-image' title=\"Proyecto de capacitaci\u00f3n en preparaci\u00f3n liderado por la comunidad\"   itemscope=\"itemscope\" itemtype=\"https:\/\/schema.org\/CreativeWork\" ><div class='av-inner-masonry-sizer'><\/div><figure class='av-inner-masonry main_color'><div class=\"av-masonry-outerimage-container\"><div class='av-masonry-image-container'  ><img decoding=\"async\" width=\"300\" height=\"200\" fetchpriority=\"high\" class=\"wp-image-5483862 avia-img-lazy-loading-not-5483862\"  src=\"https:\/\/boulder.earth\/wp-content\/uploads\/2023\/11\/CPTlogo.png\" title=\"Proyecto de capacitaci\u00f3n en preparaci\u00f3n liderado por la comunidad\" alt=\"\" srcset=\"https:\/\/boulder.earth\/wp-content\/uploads\/2023\/11\/CPTlogo.png 300w, https:\/\/boulder.earth\/wp-content\/uploads\/2023\/11\/CPTlogo-18x12.png 18w\" sizes=\"(max-width: 300px) 100vw, 300px\" \/><\/div><\/div><figcaption class='av-inner-masonry-content site-background'><div class='av-inner-masonry-content-pos'><div class='av-inner-masonry-content-pos-content'><div class='avia-arrow'><\/div><div class='av-masonry-entry-content entry-content'  itemprop=\"text\" >creado por y para las comunidades de primera l\u00ednea para aumentar la preparaci\u00f3n para emergencias<\/div><\/div><\/div><\/figcaption><\/figure><\/a><!--end av-masonry entry--><a href=\"https:\/\/boulder.earth\/es\/organizations\/dance-to-be-free\/\"  id='av-masonry-1-item-6465073' data-av-masonry-item='6465073' class='av-masonry-entry isotope-item post-6465073 portfolio type-portfolio status-publish has-post-thumbnail hentry portfolio_entries-community portfolio_entries-health portfolio_entries-justice  av-masonry-item-with-image' title=\"dance-to-be-free\"   itemscope=\"itemscope\" itemtype=\"https:\/\/schema.org\/CreativeWork\" ><div class='av-inner-masonry-sizer'><\/div><figure class='av-inner-masonry main_color'><div class=\"av-masonry-outerimage-container\"><div class='av-masonry-image-container'  ><img decoding=\"async\" width=\"300\" height=\"200\" fetchpriority=\"high\" class=\"wp-image-6465074 avia-img-lazy-loading-not-6465074\"  src=\"https:\/\/boulder.earth\/wp-content\/uploads\/2025\/08\/dance-to-be-free.png\" title=\"dance-to-be-free\" alt=\"\" srcset=\"https:\/\/boulder.earth\/wp-content\/uploads\/2025\/08\/dance-to-be-free.png 300w, https:\/\/boulder.earth\/wp-content\/uploads\/2025\/08\/dance-to-be-free-18x12.png 18w\" sizes=\"(max-width: 300px) 100vw, 300px\" \/><\/div><\/div><figcaption class='av-inner-masonry-content site-background'><div class='av-inner-masonry-content-pos'><div class='av-inner-masonry-content-pos-content'><div class='avia-arrow'><\/div><\/div><\/div><\/figcaption><\/figure><\/a><!--end av-masonry entry--><a href=\"https:\/\/boulder.earth\/es\/organizations\/earth-guardians\/\"  id='av-masonry-1-item-13603' data-av-masonry-item='13603' class='av-masonry-entry isotope-item post-13603 portfolio type-portfolio status-publish has-post-thumbnail hentry portfolio_entries-activism portfolio_entries-arts-culture portfolio_entries-community portfolio_entries-fracking portfolio_entries-justice portfolio_entries-policy portfolio_entries-water  av-masonry-item-with-image' title=\"guardianes de la tierra\"   itemscope=\"itemscope\" itemtype=\"https:\/\/schema.org\/CreativeWork\" ><div class='av-inner-masonry-sizer'><\/div><figure class='av-inner-masonry main_color'><div class=\"av-masonry-outerimage-container\"><div class='av-masonry-image-container'  ><img decoding=\"async\" width=\"500\" height=\"333\" fetchpriority=\"high\" class=\"wp-image-13604 avia-img-lazy-loading-not-13604\"  src=\"https:\/\/boulder.earth\/wp-content\/uploads\/2017\/07\/earth-guardians.jpg\" title=\"guardianes de la tierra\" alt=\"\" srcset=\"https:\/\/boulder.earth\/wp-content\/uploads\/2017\/07\/earth-guardians.jpg 500w, https:\/\/boulder.earth\/wp-content\/uploads\/2017\/07\/earth-guardians-300x200.jpg 300w, https:\/\/boulder.earth\/wp-content\/uploads\/2017\/07\/earth-guardians-450x300.jpg 450w\" sizes=\"(max-width: 500px) 100vw, 500px\" \/><\/div><\/div><figcaption class='av-inner-masonry-content site-background'><div class='av-inner-masonry-content-pos'><div class='av-inner-masonry-content-pos-content'><div class='avia-arrow'><\/div><div class='av-masonry-entry-content entry-content'  itemprop=\"text\" >Hacer crecer un movimiento resiliente con j\u00f3venes a la vanguardia empoder\u00e1ndolos como l\u00edderes y amplificando su impacto.<\/div><\/div><\/div><\/figcaption><\/figure><\/a><!--end av-masonry entry--><a href=\"https:\/\/boulder.earth\/es\/organizations\/explorado-senderos\/\"  id='av-masonry-1-item-5483018' data-av-masonry-item='5483018' class='av-masonry-entry isotope-item post-5483018 portfolio type-portfolio status-publish has-post-thumbnail hentry portfolio_entries-community portfolio_entries-environment portfolio_entries-justice  av-masonry-item-with-image' title=\"explorando-senderos\"   itemscope=\"itemscope\" itemtype=\"https:\/\/schema.org\/CreativeWork\" ><div class='av-inner-masonry-sizer'><\/div><figure class='av-inner-masonry main_color'><div class=\"av-masonry-outerimage-container\"><div class='av-masonry-image-container'  ><img decoding=\"async\" width=\"300\" height=\"200\" fetchpriority=\"high\" class=\"wp-image-5483019 avia-img-lazy-loading-not-5483019\"  src=\"https:\/\/boulder.earth\/wp-content\/uploads\/2023\/11\/explorandos-senderos.png\" title=\"explorando-senderos\" alt=\"\" srcset=\"https:\/\/boulder.earth\/wp-content\/uploads\/2023\/11\/explorandos-senderos.png 300w, https:\/\/boulder.earth\/wp-content\/uploads\/2023\/11\/explorandos-senderos-18x12.png 18w\" sizes=\"(max-width: 300px) 100vw, 300px\" \/><\/div><\/div><figcaption class='av-inner-masonry-content site-background'><div class='av-inner-masonry-content-pos'><div class='av-inner-masonry-content-pos-content'><div class='avia-arrow'><\/div><div class='av-masonry-entry-content entry-content'  itemprop=\"text\" >empoderar a las familias latinas para que vivan, amen y abracen la naturaleza cada d\u00eda.<\/div><\/div><\/div><\/figcaption><\/figure><\/a><!--end av-masonry entry--><a href=\"https:\/\/boulder.earth\/es\/organizations\/extinction-rebellion-boulder\/\"  id='av-masonry-1-item-153548' data-av-masonry-item='153548' class='av-masonry-entry isotope-item post-153548 portfolio type-portfolio status-publish has-post-thumbnail hentry portfolio_entries-activism portfolio_entries-justice  av-masonry-item-with-image' title=\"XR Condado de Boulder\"   itemscope=\"itemscope\" itemtype=\"https:\/\/schema.org\/CreativeWork\" ><div class='av-inner-masonry-sizer'><\/div><figure class='av-inner-masonry main_color'><div class=\"av-masonry-outerimage-container\"><div class='av-masonry-image-container'  ><img decoding=\"async\" width=\"300\" height=\"200\" fetchpriority=\"high\" class=\"wp-image-154504 avia-img-lazy-loading-not-154504\"  src=\"https:\/\/boulder.earth\/wp-content\/uploads\/2019\/10\/XR-Boulder-County.jpg\" title=\"XR Condado de Boulder\" alt=\"\" \/><\/div><\/div><figcaption class='av-inner-masonry-content site-background'><div class='av-inner-masonry-content-pos'><div class='av-inner-masonry-content-pos-content'><div class='avia-arrow'><\/div><div class='av-masonry-entry-content entry-content'  itemprop=\"text\" >Usar la desobediencia civil no violenta para lograr un cambio radical con el fin de minimizar el riesgo de extinci\u00f3n humana y colapso ecol\u00f3gico<\/div><\/div><\/div><\/figcaption><\/figure><\/a><!--end av-masonry entry--><a href=\"https:\/\/boulder.earth\/es\/organizations\/flows-foundations-for-leaders-organizing-for-water-and-sustainability\/\"  id='av-masonry-1-item-21142' data-av-masonry-item='21142' class='av-masonry-entry isotope-item post-21142 portfolio type-portfolio status-publish has-post-thumbnail hentry portfolio_entries-justice portfolio_entries-resources portfolio_entries-water  av-masonry-item-with-image' title=\"FLUJOS-r\u00e1faga\"   itemscope=\"itemscope\" itemtype=\"https:\/\/schema.org\/CreativeWork\" ><div class='av-inner-masonry-sizer'><\/div><figure class='av-inner-masonry main_color'><div class=\"av-masonry-outerimage-container\"><div class='av-masonry-image-container'  ><img decoding=\"async\" width=\"500\" height=\"333\" fetchpriority=\"high\" class=\"wp-image-21145 avia-img-lazy-loading-not-21145\"  src=\"https:\/\/boulder.earth\/wp-content\/uploads\/2017\/09\/FLOWS-burst.jpg\" title=\"FLUJOS-r\u00e1faga\" alt=\"\" srcset=\"https:\/\/boulder.earth\/wp-content\/uploads\/2017\/09\/FLOWS-burst.jpg 500w, https:\/\/boulder.earth\/wp-content\/uploads\/2017\/09\/FLOWS-burst-300x200.jpg 300w, https:\/\/boulder.earth\/wp-content\/uploads\/2017\/09\/FLOWS-burst-450x300.jpg 450w\" sizes=\"(max-width: 500px) 100vw, 500px\" \/><\/div><\/div><figcaption class='av-inner-masonry-content site-background'><div class='av-inner-masonry-content-pos'><div class='av-inner-masonry-content-pos-content'><div class='avia-arrow'><\/div><div class='av-masonry-entry-content entry-content'  itemprop=\"text\" >buscando unir la justicia social y los problemas ambientales al proporcionar capacitaci\u00f3n en liderazgo, habilidades de empleo ecol\u00f3gico y actualizaciones de agua y energ\u00eda a las comunidades desatendidas, al tiempo que crea asociaciones entre estudiantes, personal y miembros de la comunidad<\/div><\/div><\/div><\/figcaption><\/figure><\/a><!--end av-masonry entry--><a href=\"https:\/\/boulder.earth\/es\/organizations\/food-water-watch\/\"  id='av-masonry-1-item-42893' data-av-masonry-item='42893' class='av-masonry-entry isotope-item post-42893 portfolio type-portfolio status-publish has-post-thumbnail hentry portfolio_entries-activism portfolio_entries-environment portfolio_entries-fracking portfolio_entries-justice portfolio_entries-policy portfolio_entries-water  av-masonry-item-with-image' title=\"reloj-de-comida-y-agua\"   itemscope=\"itemscope\" itemtype=\"https:\/\/schema.org\/CreativeWork\" ><div class='av-inner-masonry-sizer'><\/div><figure class='av-inner-masonry main_color'><div class=\"av-masonry-outerimage-container\"><div class='av-masonry-image-container'  ><img decoding=\"async\" width=\"500\" height=\"333\" fetchpriority=\"high\" class=\"wp-image-42896 avia-img-lazy-loading-not-42896\"  src=\"https:\/\/boulder.earth\/wp-content\/uploads\/2018\/01\/food-and-water-watch.png\" title=\"reloj-de-comida-y-agua\" alt=\"\" srcset=\"https:\/\/boulder.earth\/wp-content\/uploads\/2018\/01\/food-and-water-watch.png 500w, https:\/\/boulder.earth\/wp-content\/uploads\/2018\/01\/food-and-water-watch-300x200.png 300w, https:\/\/boulder.earth\/wp-content\/uploads\/2018\/01\/food-and-water-watch-450x300.png 450w\" sizes=\"(max-width: 500px) 100vw, 500px\" \/><\/div><\/div><figcaption class='av-inner-masonry-content site-background'><div class='av-inner-masonry-content-pos'><div class='av-inner-masonry-content-pos-content'><div class='avia-arrow'><\/div><div class='av-masonry-entry-content entry-content'  itemprop=\"text\" >Defender alimentos saludables y agua limpia para todos, hacer frente a las corporaciones que anteponen las ganancias a las personas y abogar por una democracia que mejore la vida de las personas y proteja nuestro medio ambiente.<\/div><\/div><\/div><\/figcaption><\/figure><\/a><!--end av-masonry entry--><a href=\"https:\/\/boulder.earth\/es\/organizations\/global-greengrants-fund\/\"  id='av-masonry-1-item-29049' data-av-masonry-item='29049' class='av-masonry-entry isotope-item post-29049 portfolio type-portfolio status-publish has-post-thumbnail hentry portfolio_entries-economics portfolio_entries-environment portfolio_entries-justice  av-masonry-item-with-image' title=\"Fondo GlobalGreengrants\"   itemscope=\"itemscope\" itemtype=\"https:\/\/schema.org\/CreativeWork\" ><div class='av-inner-masonry-sizer'><\/div><figure class='av-inner-masonry main_color'><div class=\"av-masonry-outerimage-container\"><div class='av-masonry-image-container'  ><img decoding=\"async\" width=\"500\" height=\"333\" fetchpriority=\"high\" class=\"wp-image-29051 avia-img-lazy-loading-not-29051\"  src=\"https:\/\/boulder.earth\/wp-content\/uploads\/2017\/11\/GlobalGreengrantsFund.png\" title=\"Fondo GlobalGreengrants\" alt=\"\" srcset=\"https:\/\/boulder.earth\/wp-content\/uploads\/2017\/11\/GlobalGreengrantsFund.png 500w, https:\/\/boulder.earth\/wp-content\/uploads\/2017\/11\/GlobalGreengrantsFund-300x200.png 300w, https:\/\/boulder.earth\/wp-content\/uploads\/2017\/11\/GlobalGreengrantsFund-450x300.png 450w\" sizes=\"(max-width: 500px) 100vw, 500px\" \/><\/div><\/div><figcaption class='av-inner-masonry-content site-background'><div class='av-inner-masonry-content-pos'><div class='av-inner-masonry-content-pos-content'><div class='avia-arrow'><\/div><div class='av-masonry-entry-content entry-content'  itemprop=\"text\" >La red global de personas en primera l\u00ednea y donantes se une para ayudar a las comunidades a proteger sus formas de vida y nuestro planeta.<\/div><\/div><\/div><\/figcaption><\/figure><\/a><!--end av-masonry entry--><a href=\"https:\/\/boulder.earth\/es\/organizations\/greenfaith-boulder-county\/\"  id='av-masonry-1-item-5482428' data-av-masonry-item='5482428' class='av-masonry-entry isotope-item post-5482428 portfolio type-portfolio status-publish has-post-thumbnail hentry portfolio_entries-community portfolio_entries-justice portfolio_entries-spiritual  av-masonry-item-with-image' title=\"condado_greenfaith_boulder\"   itemscope=\"itemscope\" itemtype=\"https:\/\/schema.org\/CreativeWork\" ><div class='av-inner-masonry-sizer'><\/div><figure class='av-inner-masonry main_color'><div class=\"av-masonry-outerimage-container\"><div class='av-masonry-image-container'  ><img decoding=\"async\" width=\"300\" height=\"200\" fetchpriority=\"high\" class=\"wp-image-5482429 avia-img-lazy-loading-not-5482429\"  src=\"https:\/\/boulder.earth\/wp-content\/uploads\/2023\/09\/greenfaith_bouldercounty.png\" title=\"condado_greenfaith_boulder\" alt=\"\" srcset=\"https:\/\/boulder.earth\/wp-content\/uploads\/2023\/09\/greenfaith_bouldercounty.png 300w, https:\/\/boulder.earth\/wp-content\/uploads\/2023\/09\/greenfaith_bouldercounty-18x12.png 18w\" sizes=\"(max-width: 300px) 100vw, 300px\" \/><\/div><\/div><figcaption class='av-inner-masonry-content site-background'><div class='av-inner-masonry-content-pos'><div class='av-inner-masonry-content-pos-content'><div class='avia-arrow'><\/div><div class='av-masonry-entry-content entry-content'  itemprop=\"text\" >Construir un movimiento local multirreligioso sobre el clima y el medio ambiente en colaboraci\u00f3n con otros C\u00edrculos GreenFaith en todo el mundo.<\/div><\/div><\/div><\/figcaption><\/figure><\/a><!--end av-masonry entry--><a href=\"https:\/\/boulder.earth\/es\/organizations\/growing-gardens\/\"  id='av-masonry-1-item-11299' data-av-masonry-item='11299' class='av-masonry-entry isotope-item post-11299 portfolio type-portfolio status-publish has-post-thumbnail hentry portfolio_entries-agriculture portfolio_entries-business portfolio_entries-community portfolio_entries-education portfolio_entries-food portfolio_entries-justice portfolio_entries-pollinators portfolio_entries-resilience  av-masonry-item-with-image' title=\"jardines de cultivo\"   itemscope=\"itemscope\" itemtype=\"https:\/\/schema.org\/CreativeWork\" ><div class='av-inner-masonry-sizer'><\/div><figure class='av-inner-masonry main_color'><div class=\"av-masonry-outerimage-container\"><div class='av-masonry-image-container'  ><img decoding=\"async\" width=\"500\" height=\"333\" fetchpriority=\"high\" class=\"wp-image-13598 avia-img-lazy-loading-not-13598\"  src=\"https:\/\/boulder.earth\/wp-content\/uploads\/2017\/06\/growing-gardens-1.jpg\" title=\"jardines de cultivo\" alt=\"Growing Gardens\" srcset=\"https:\/\/boulder.earth\/wp-content\/uploads\/2017\/06\/growing-gardens-1.jpg 500w, https:\/\/boulder.earth\/wp-content\/uploads\/2017\/06\/growing-gardens-1-300x200.jpg 300w, https:\/\/boulder.earth\/wp-content\/uploads\/2017\/06\/growing-gardens-1-450x300.jpg 450w\" sizes=\"(max-width: 500px) 100vw, 500px\" \/><\/div><\/div><figcaption class='av-inner-masonry-content site-background'><div class='av-inner-masonry-content-pos'><div class='av-inner-masonry-content-pos-content'><div class='avia-arrow'><\/div><div class='av-masonry-entry-content entry-content'  itemprop=\"text\" >sin fines de lucro con la Misi\u00f3n de cultivar la comunidad a trav\u00e9s de la agricultura urbana sostenible y la Visi\u00f3n de personas que experimentan una conexi\u00f3n directa y profunda con los alimentos, la tierra y entre s\u00ed.<\/div><\/div><\/div><\/figcaption><\/figure><\/a><!--end av-masonry entry--><a href=\"https:\/\/boulder.earth\/es\/organizations\/harvest-of-all-first-nations\/\"  id='av-masonry-1-item-5483008' data-av-masonry-item='5483008' class='av-masonry-entry isotope-item post-5483008 portfolio type-portfolio status-publish has-post-thumbnail hentry portfolio_entries-arts-culture portfolio_entries-community portfolio_entries-education portfolio_entries-justice  av-masonry-item-with-image' title=\"cosecha-de-primeras-naciones\"   itemscope=\"itemscope\" itemtype=\"https:\/\/schema.org\/CreativeWork\" ><div class='av-inner-masonry-sizer'><\/div><figure class='av-inner-masonry main_color'><div class=\"av-masonry-outerimage-container\"><div class='av-masonry-image-container'  ><img decoding=\"async\" width=\"300\" height=\"200\" fetchpriority=\"high\" class=\"wp-image-5483009 avia-img-lazy-loading-not-5483009\"  src=\"https:\/\/boulder.earth\/wp-content\/uploads\/2023\/11\/harvest-of-first-nations.png\" title=\"cosecha-de-primeras-naciones\" alt=\"\" srcset=\"https:\/\/boulder.earth\/wp-content\/uploads\/2023\/11\/harvest-of-first-nations.png 300w, https:\/\/boulder.earth\/wp-content\/uploads\/2023\/11\/harvest-of-first-nations-18x12.png 18w\" sizes=\"(max-width: 300px) 100vw, 300px\" \/><\/div><\/div><figcaption class='av-inner-masonry-content site-background'><div class='av-inner-masonry-content-pos'><div class='av-inner-masonry-content-pos-content'><div class='avia-arrow'><\/div><div class='av-masonry-entry-content entry-content'  itemprop=\"text\" >Crear espacios para que BIPOC y, en particular, los pueblos ind\u00edgenas aprendan a cultivar sus propios alimentos a trav\u00e9s de pr\u00e1cticas regenerativas y conocimientos ecol\u00f3gicos tradicionales ind\u00edgenas.<\/div><\/div><\/div><\/figcaption><\/figure><\/a><!--end av-masonry entry--><a href=\"https:\/\/boulder.earth\/es\/organizations\/harvest-of-hope-pantry\/\"  id='av-masonry-1-item-84962' data-av-masonry-item='84962' class='av-masonry-entry isotope-item post-84962 portfolio type-portfolio status-publish has-post-thumbnail hentry portfolio_entries-agriculture portfolio_entries-community portfolio_entries-food portfolio_entries-justice  av-masonry-item-with-image' title=\"cosecha de esperanza\"   itemscope=\"itemscope\" itemtype=\"https:\/\/schema.org\/CreativeWork\" ><div class='av-inner-masonry-sizer'><\/div><figure class='av-inner-masonry main_color'><div class=\"av-masonry-outerimage-container\"><div class='av-masonry-image-container'  ><img decoding=\"async\" width=\"500\" height=\"333\" fetchpriority=\"high\" class=\"wp-image-84965 avia-img-lazy-loading-not-84965\"  src=\"https:\/\/boulder.earth\/wp-content\/uploads\/2018\/06\/harvest-of-hope.png\" title=\"cosecha de esperanza\" alt=\"\" srcset=\"https:\/\/boulder.earth\/wp-content\/uploads\/2018\/06\/harvest-of-hope.png 500w, https:\/\/boulder.earth\/wp-content\/uploads\/2018\/06\/harvest-of-hope-300x200.png 300w, https:\/\/boulder.earth\/wp-content\/uploads\/2018\/06\/harvest-of-hope-450x300.png 450w\" sizes=\"(max-width: 500px) 100vw, 500px\" \/><\/div><\/div><figcaption class='av-inner-masonry-content site-background'><div class='av-inner-masonry-content-pos'><div class='av-inner-masonry-content-pos-content'><div class='avia-arrow'><\/div><div class='av-masonry-entry-content entry-content'  itemprop=\"text\" >Brindar alimentos complementarios saludables a las familias de Boulder y a las personas que necesitan asistencia alimentaria en un entorno seguro, acogedor y sin prejuicios.<\/div><\/div><\/div><\/figcaption><\/figure><\/a><!--end av-masonry entry--><a href=\"https:\/\/boulder.earth\/es\/organizations\/invst-community-studies\/\"  id='av-masonry-1-item-20383' data-av-masonry-item='20383' class='av-masonry-entry isotope-item post-20383 portfolio type-portfolio status-publish has-post-thumbnail hentry portfolio_entries-community portfolio_entries-education portfolio_entries-justice portfolio_entries-university  av-masonry-item-with-image' title=\"INVST-cu\"   itemscope=\"itemscope\" itemtype=\"https:\/\/schema.org\/CreativeWork\" ><div class='av-inner-masonry-sizer'><\/div><figure class='av-inner-masonry main_color'><div class=\"av-masonry-outerimage-container\"><div class='av-masonry-image-container'  ><img decoding=\"async\" width=\"500\" height=\"333\" fetchpriority=\"high\" class=\"wp-image-20434 avia-img-lazy-loading-not-20434\"  src=\"https:\/\/boulder.earth\/wp-content\/uploads\/2017\/09\/INVST-cu.png\" title=\"INVST-cu\" alt=\"\" srcset=\"https:\/\/boulder.earth\/wp-content\/uploads\/2017\/09\/INVST-cu.png 500w, https:\/\/boulder.earth\/wp-content\/uploads\/2017\/09\/INVST-cu-300x200.png 300w, https:\/\/boulder.earth\/wp-content\/uploads\/2017\/09\/INVST-cu-450x300.png 450w\" sizes=\"(max-width: 500px) 100vw, 500px\" \/><\/div><\/div><figcaption class='av-inner-masonry-content site-background'><div class='av-inner-masonry-content-pos'><div class='av-inner-masonry-content-pos-content'><div class='avia-arrow'><\/div><div class='av-masonry-entry-content entry-content'  itemprop=\"text\" >Capacitaci\u00f3n en liderazgo para j\u00f3venes apasionados por la justicia social y ambiental<\/div><\/div><\/div><\/figcaption><\/figure><\/a><!--end av-masonry entry--><a href=\"https:\/\/boulder.earth\/es\/organizations\/joanna-macy-center\/\"  id='av-masonry-1-item-17924' data-av-masonry-item='17924' class='av-masonry-entry isotope-item post-17924 portfolio type-portfolio status-publish has-post-thumbnail hentry portfolio_entries-education portfolio_entries-justice portfolio_entries-spiritual portfolio_entries-university  av-masonry-item-with-image' title=\"Logotipo de Joanna Macy en todo el mundo\"   itemscope=\"itemscope\" itemtype=\"https:\/\/schema.org\/CreativeWork\" ><div class='av-inner-masonry-sizer'><\/div><figure class='av-inner-masonry main_color'><div class=\"av-masonry-outerimage-container\"><div class='av-masonry-image-container'  ><img decoding=\"async\" width=\"300\" height=\"200\" fetchpriority=\"high\" class=\"wp-image-5486674 avia-img-lazy-loading-not-5486674\"  src=\"https:\/\/boulder.earth\/wp-content\/uploads\/2017\/09\/Joanna-Macy-Logo-wide.jpg\" title=\"Logotipo de Joanna Macy en todo el mundo\" alt=\"\" srcset=\"https:\/\/boulder.earth\/wp-content\/uploads\/2017\/09\/Joanna-Macy-Logo-wide.jpg 300w, https:\/\/boulder.earth\/wp-content\/uploads\/2017\/09\/Joanna-Macy-Logo-wide-18x12.jpg 18w\" sizes=\"(max-width: 300px) 100vw, 300px\" \/><\/div><\/div><figcaption class='av-inner-masonry-content site-background'><div class='av-inner-masonry-content-pos'><div class='av-inner-masonry-content-pos-content'><div class='avia-arrow'><\/div><div class='av-masonry-entry-content entry-content'  itemprop=\"text\" >buscando promover la visi\u00f3n y el legado del trabajo de la Dra. Joanna Macy para empoderar a las generaciones presentes y futuras en la construcci\u00f3n de un mundo m\u00e1s resistente que funcione para todos.<\/div><\/div><\/div><\/figcaption><\/figure><\/a><!--end av-masonry entry--><a href=\"https:\/\/boulder.earth\/es\/organizations\/just-transition-collaborative\/\"  id='av-masonry-1-item-20515' data-av-masonry-item='20515' class='av-masonry-entry isotope-item post-20515 portfolio type-portfolio status-publish has-post-thumbnail hentry portfolio_entries-fracking portfolio_entries-justice portfolio_entries-university  av-masonry-item-with-image' title=\"transici\u00f3n-justa-colaborativa\"   itemscope=\"itemscope\" itemtype=\"https:\/\/schema.org\/CreativeWork\" ><div class='av-inner-masonry-sizer'><\/div><figure class='av-inner-masonry main_color'><div class=\"av-masonry-outerimage-container\"><div class='av-masonry-image-container'  ><img decoding=\"async\" width=\"500\" height=\"333\" fetchpriority=\"high\" class=\"wp-image-20542 avia-img-lazy-loading-not-20542\"  src=\"https:\/\/boulder.earth\/wp-content\/uploads\/2017\/09\/just-transition-collaborative.png\" title=\"transici\u00f3n-justa-colaborativa\" alt=\"\" srcset=\"https:\/\/boulder.earth\/wp-content\/uploads\/2017\/09\/just-transition-collaborative.png 500w, https:\/\/boulder.earth\/wp-content\/uploads\/2017\/09\/just-transition-collaborative-300x200.png 300w, https:\/\/boulder.earth\/wp-content\/uploads\/2017\/09\/just-transition-collaborative-450x300.png 450w\" sizes=\"(max-width: 500px) 100vw, 500px\" \/><\/div><\/div><figcaption class='av-inner-masonry-content site-background'><div class='av-inner-masonry-content-pos'><div class='av-inner-masonry-content-pos-content'><div class='avia-arrow'><\/div><div class='av-masonry-entry-content entry-content'  itemprop=\"text\" >participar en asociaciones comunitarias, proyectos e investigaciones para promover la justicia ambiental en la transici\u00f3n hacia una econom\u00eda sostenible<\/div><\/div><\/div><\/figcaption><\/figure><\/a><!--end av-masonry entry--><a href=\"https:\/\/boulder.earth\/es\/organizations\/league-of-women-voters-of-boulder-county\/\"  id='av-masonry-1-item-20213' data-av-masonry-item='20213' class='av-masonry-entry isotope-item post-20213 portfolio type-portfolio status-publish has-post-thumbnail hentry portfolio_entries-community portfolio_entries-justice portfolio_entries-policy  av-masonry-item-with-image' title=\"Roca LWV\"   itemscope=\"itemscope\" itemtype=\"https:\/\/schema.org\/CreativeWork\" ><div class='av-inner-masonry-sizer'><\/div><figure class='av-inner-masonry main_color'><div class=\"av-masonry-outerimage-container\"><div class='av-masonry-image-container'  ><img decoding=\"async\" width=\"500\" height=\"333\" fetchpriority=\"high\" class=\"wp-image-20215 avia-img-lazy-loading-not-20215\"  src=\"https:\/\/boulder.earth\/wp-content\/uploads\/2017\/09\/LWV-boulder.png\" title=\"Roca LWV\" alt=\"\" srcset=\"https:\/\/boulder.earth\/wp-content\/uploads\/2017\/09\/LWV-boulder.png 500w, https:\/\/boulder.earth\/wp-content\/uploads\/2017\/09\/LWV-boulder-300x200.png 300w, https:\/\/boulder.earth\/wp-content\/uploads\/2017\/09\/LWV-boulder-450x300.png 450w\" sizes=\"(max-width: 500px) 100vw, 500px\" \/><\/div><\/div><figcaption class='av-inner-masonry-content site-background'><div class='av-inner-masonry-content-pos'><div class='av-inner-masonry-content-pos-content'><div class='avia-arrow'><\/div><div class='av-masonry-entry-content entry-content'  itemprop=\"text\" >una organizaci\u00f3n pol\u00edtica no partidista que fomenta la participaci\u00f3n informada y activa en el gobierno y que influye en la pol\u00edtica p\u00fablica a trav\u00e9s de la educaci\u00f3n y la defensa<\/div><\/div><\/div><\/figcaption><\/figure><\/a><!--end av-masonry entry--><a href=\"https:\/\/boulder.earth\/es\/organizations\/lineage-seeds\/\"  id='av-masonry-1-item-13670' data-av-masonry-item='13670' class='av-masonry-entry isotope-item post-13670 portfolio type-portfolio status-publish has-post-thumbnail hentry portfolio_entries-activism portfolio_entries-agriculture portfolio_entries-business portfolio_entries-education portfolio_entries-food portfolio_entries-justice  av-masonry-item-with-image' title=\"semillas de linaje\"   itemscope=\"itemscope\" itemtype=\"https:\/\/schema.org\/CreativeWork\" ><div class='av-inner-masonry-sizer'><\/div><figure class='av-inner-masonry main_color'><div class=\"av-masonry-outerimage-container\"><div class='av-masonry-image-container'  ><img decoding=\"async\" width=\"500\" height=\"333\" fetchpriority=\"high\" class=\"wp-image-13671 avia-img-lazy-loading-not-13671\"  src=\"https:\/\/boulder.earth\/wp-content\/uploads\/2017\/07\/lineage-seeds.jpg\" title=\"semillas de linaje\" alt=\"\" srcset=\"https:\/\/boulder.earth\/wp-content\/uploads\/2017\/07\/lineage-seeds.jpg 500w, https:\/\/boulder.earth\/wp-content\/uploads\/2017\/07\/lineage-seeds-300x200.jpg 300w, https:\/\/boulder.earth\/wp-content\/uploads\/2017\/07\/lineage-seeds-450x300.jpg 450w\" sizes=\"(max-width: 500px) 100vw, 500px\" \/><\/div><\/div><figcaption class='av-inner-masonry-content site-background'><div class='av-inner-masonry-content-pos'><div class='av-inner-masonry-content-pos-content'><div class='avia-arrow'><\/div><div class='av-masonry-entry-content entry-content'  itemprop=\"text\" >Compa\u00f1\u00eda de semillas que tiene como objetivo devolver las semillas a la gente: cultivadas org\u00e1nicamente, a menudo reliquias, cultivadas localmente cuando est\u00e9n disponibles y solo polinizadas al aire libre.<\/div><\/div><\/div><\/figcaption><\/figure><\/a><!--end av-masonry entry--><a href=\"https:\/\/boulder.earth\/es\/organizations\/logic\/\"  id='av-masonry-1-item-42296' data-av-masonry-item='42296' class='av-masonry-entry isotope-item post-42296 portfolio type-portfolio status-publish has-post-thumbnail hentry tag-fracking portfolio_entries-community portfolio_entries-environment portfolio_entries-fracking portfolio_entries-justice portfolio_entries-policy  av-masonry-item-with-image' title=\"l\u00f3gica\"   itemscope=\"itemscope\" itemtype=\"https:\/\/schema.org\/CreativeWork\" ><div class='av-inner-masonry-sizer'><\/div><figure class='av-inner-masonry main_color'><div class=\"av-masonry-outerimage-container\"><div class='av-masonry-image-container'  ><img decoding=\"async\" width=\"500\" height=\"333\" fetchpriority=\"high\" class=\"wp-image-42307 avia-img-lazy-loading-not-42307\"  src=\"https:\/\/boulder.earth\/wp-content\/uploads\/2018\/01\/logic.png\" title=\"l\u00f3gica\" alt=\"\" srcset=\"https:\/\/boulder.earth\/wp-content\/uploads\/2018\/01\/logic.png 500w, https:\/\/boulder.earth\/wp-content\/uploads\/2018\/01\/logic-300x200.png 300w, https:\/\/boulder.earth\/wp-content\/uploads\/2018\/01\/logic-450x300.png 450w\" sizes=\"(max-width: 500px) 100vw, 500px\" \/><\/div><\/div><figcaption class='av-inner-masonry-content site-background'><div class='av-inner-masonry-content-pos'><div class='av-inner-masonry-content-pos-content'><div class='avia-arrow'><\/div><div class='av-masonry-entry-content entry-content'  itemprop=\"text\" >Elevando las voces de los habitantes de Colorado en todo el estado que viven cerca de las operaciones de petr\u00f3leo y gas actuales y propuestas y para todos los ciudadanos preocupados que trabajan para aprobar pol\u00edticas de desarrollo de energ\u00eda equilibrada que protegen los vecindarios, los hogares y nuestra calidad de vida en Colorado<\/div><\/div><\/div><\/figcaption><\/figure><\/a><!--end av-masonry entry--><a href=\"https:\/\/boulder.earth\/es\/organizations\/moms-clean-air-force\/\"  id='av-masonry-1-item-5480194' data-av-masonry-item='5480194' class='av-masonry-entry isotope-item post-5480194 portfolio type-portfolio status-publish has-post-thumbnail hentry portfolio_entries-activism portfolio_entries-fracking portfolio_entries-justice  av-masonry-item-with-image' title=\"moms-clean-air-force-co\"   itemscope=\"itemscope\" itemtype=\"https:\/\/schema.org\/CreativeWork\" ><div class='av-inner-masonry-sizer'><\/div><figure class='av-inner-masonry main_color'><div class=\"av-masonry-outerimage-container\"><div class='av-masonry-image-container'  ><img decoding=\"async\" width=\"300\" height=\"200\" fetchpriority=\"high\" class=\"wp-image-5480195 avia-img-lazy-loading-not-5480195\"  src=\"https:\/\/boulder.earth\/wp-content\/uploads\/2023\/02\/moms-clean-air-force-co.png\" title=\"moms-clean-air-force-co\" alt=\"\" srcset=\"https:\/\/boulder.earth\/wp-content\/uploads\/2023\/02\/moms-clean-air-force-co.png 300w, https:\/\/boulder.earth\/wp-content\/uploads\/2023\/02\/moms-clean-air-force-co-18x12.png 18w\" sizes=\"(max-width: 300px) 100vw, 300px\" \/><\/div><\/div><figcaption class='av-inner-masonry-content site-background'><div class='av-inner-masonry-content-pos'><div class='av-inner-masonry-content-pos-content'><div class='avia-arrow'><\/div><div class='av-masonry-entry-content entry-content'  itemprop=\"text\" >trabajando activamente para abordar los problemas del cambio clim\u00e1tico que da\u00f1an desproporcionadamente a las comunidades de color<\/div><\/div><\/div><\/figcaption><\/figure><\/a><!--end av-masonry entry--><a href=\"https:\/\/boulder.earth\/es\/organizations\/new-era-colorado\/\"  id='av-masonry-1-item-18202' data-av-masonry-item='18202' class='av-masonry-entry isotope-item post-18202 portfolio type-portfolio status-publish has-post-thumbnail hentry portfolio_entries-activism portfolio_entries-education portfolio_entries-energy portfolio_entries-fracking portfolio_entries-justice portfolio_entries-policy  av-masonry-item-with-image' title=\"nueva-era-colorado\"   itemscope=\"itemscope\" itemtype=\"https:\/\/schema.org\/CreativeWork\" ><div class='av-inner-masonry-sizer'><\/div><figure class='av-inner-masonry main_color'><div class=\"av-masonry-outerimage-container\"><div class='av-masonry-image-container'  ><img decoding=\"async\" width=\"500\" height=\"333\" fetchpriority=\"high\" class=\"wp-image-18204 avia-img-lazy-loading-not-18204\"  src=\"https:\/\/boulder.earth\/wp-content\/uploads\/2017\/09\/new-era-colorado.png\" title=\"nueva-era-colorado\" alt=\"\" srcset=\"https:\/\/boulder.earth\/wp-content\/uploads\/2017\/09\/new-era-colorado.png 500w, https:\/\/boulder.earth\/wp-content\/uploads\/2017\/09\/new-era-colorado-300x200.png 300w, https:\/\/boulder.earth\/wp-content\/uploads\/2017\/09\/new-era-colorado-450x300.png 450w\" sizes=\"(max-width: 500px) 100vw, 500px\" \/><\/div><\/div><figcaption class='av-inner-masonry-content site-background'><div class='av-inner-masonry-content-pos'><div class='av-inner-masonry-content-pos-content'><div class='avia-arrow'><\/div><div class='av-masonry-entry-content entry-content'  itemprop=\"text\" >voz principal de los j\u00f3venes en la pol\u00edtica de todo el estado<\/div><\/div><\/div><\/figcaption><\/figure><\/a><!--end av-masonry entry--><a href=\"https:\/\/boulder.earth\/es\/organizations\/our-revolution-boulder\/\"  id='av-masonry-1-item-118284' data-av-masonry-item='118284' class='av-masonry-entry isotope-item post-118284 portfolio type-portfolio status-publish has-post-thumbnail hentry portfolio_entries-activism portfolio_entries-community portfolio_entries-environment portfolio_entries-justice portfolio_entries-transportation  av-masonry-item-with-image' title=\"NuestraRevoluci\u00f3n\"   itemscope=\"itemscope\" itemtype=\"https:\/\/schema.org\/CreativeWork\" ><div class='av-inner-masonry-sizer'><\/div><figure class='av-inner-masonry main_color'><div class=\"av-masonry-outerimage-container\"><div class='av-masonry-image-container'  ><img decoding=\"async\" width=\"500\" height=\"333\" fetchpriority=\"high\" class=\"wp-image-118292 avia-img-lazy-loading-not-118292\"  src=\"https:\/\/boulder.earth\/wp-content\/uploads\/2018\/11\/OurRevolution.jpg\" title=\"NuestraRevoluci\u00f3n\" alt=\"\" srcset=\"https:\/\/boulder.earth\/wp-content\/uploads\/2018\/11\/OurRevolution.jpg 500w, https:\/\/boulder.earth\/wp-content\/uploads\/2018\/11\/OurRevolution-300x200.jpg 300w, https:\/\/boulder.earth\/wp-content\/uploads\/2018\/11\/OurRevolution-450x300.jpg 450w\" sizes=\"(max-width: 500px) 100vw, 500px\" \/><\/div><\/div><figcaption class='av-inner-masonry-content site-background'><div class='av-inner-masonry-content-pos'><div class='av-inner-masonry-content-pos-content'><div class='avia-arrow'><\/div><div class='av-masonry-entry-content entry-content'  itemprop=\"text\" >Organizarse para una igualdad sostenible con justicia para todos<\/div><\/div><\/div><\/figcaption><\/figure><\/a><!--end av-masonry entry--><a href=\"https:\/\/boulder.earth\/es\/organizations\/passive-house-rocky-mountains\/\"  id='av-masonry-1-item-5479160' data-av-masonry-item='5479160' class='av-masonry-entry isotope-item post-5479160 portfolio type-portfolio status-publish has-post-thumbnail hentry portfolio_entries-energy portfolio_entries-housing  av-masonry-item-with-image' title=\"logo-phrm\"   itemscope=\"itemscope\" itemtype=\"https:\/\/schema.org\/CreativeWork\" ><div class='av-inner-masonry-sizer'><\/div><figure class='av-inner-masonry main_color'><div class=\"av-masonry-outerimage-container\"><div class='av-masonry-image-container'  ><img decoding=\"async\" width=\"300\" height=\"200\" fetchpriority=\"high\" class=\"wp-image-5479161 avia-img-lazy-loading-not-5479161\"  src=\"https:\/\/boulder.earth\/wp-content\/uploads\/2022\/10\/phrm-logo.jpg\" title=\"logo-phrm\" alt=\"\" srcset=\"https:\/\/boulder.earth\/wp-content\/uploads\/2022\/10\/phrm-logo.jpg 300w, https:\/\/boulder.earth\/wp-content\/uploads\/2022\/10\/phrm-logo-18x12.jpg 18w\" sizes=\"(max-width: 300px) 100vw, 300px\" \/><\/div><\/div><figcaption class='av-inner-masonry-content site-background'><div class='av-inner-masonry-content-pos'><div class='av-inner-masonry-content-pos-content'><div class='avia-arrow'><\/div><div class='av-masonry-entry-content entry-content'  itemprop=\"text\" >apoyando el est\u00e1ndar de construcci\u00f3n con mayor eficiencia energ\u00e9tica en el mundo a trav\u00e9s de la promoci\u00f3n, capacitaciones y una comunidad de apoyo<\/div><\/div><\/div><\/figcaption><\/figure><\/a><!--end av-masonry entry--><a href=\"https:\/\/boulder.earth\/es\/organizations\/permaculture-action-network\/\"  id='av-masonry-1-item-20369' data-av-masonry-item='20369' class='av-masonry-entry isotope-item post-20369 portfolio type-portfolio status-publish has-post-thumbnail hentry portfolio_entries-activism portfolio_entries-agriculture portfolio_entries-arts-culture portfolio_entries-community portfolio_entries-justice  av-masonry-item-with-image' title=\"permacultura-accion-red\"   itemscope=\"itemscope\" itemtype=\"https:\/\/schema.org\/CreativeWork\" ><div class='av-inner-masonry-sizer'><\/div><figure class='av-inner-masonry main_color'><div class=\"av-masonry-outerimage-container\"><div class='av-masonry-image-container'  ><img decoding=\"async\" width=\"500\" height=\"333\" fetchpriority=\"high\" class=\"wp-image-20375 avia-img-lazy-loading-not-20375\"  src=\"https:\/\/boulder.earth\/wp-content\/uploads\/2017\/09\/permaculture-action-network.png\" title=\"permacultura-accion-red\" alt=\"\" srcset=\"https:\/\/boulder.earth\/wp-content\/uploads\/2017\/09\/permaculture-action-network.png 500w, https:\/\/boulder.earth\/wp-content\/uploads\/2017\/09\/permaculture-action-network-300x200.png 300w, https:\/\/boulder.earth\/wp-content\/uploads\/2017\/09\/permaculture-action-network-450x300.png 450w\" sizes=\"(max-width: 500px) 100vw, 500px\" \/><\/div><\/div><figcaption class='av-inner-masonry-content site-background'><div class='av-inner-masonry-content-pos'><div class='av-inner-masonry-content-pos-content'><div class='avia-arrow'><\/div><div class='av-masonry-entry-content entry-content'  itemprop=\"text\" >trabajando en la intersecci\u00f3n del arte, la m\u00fasica y la cultura regenerativa para ofrecer a las personas un camino para tomar acci\u00f3n localmente donde viven para crear comunidades empoderadas<\/div><\/div><\/div><\/figcaption><\/figure><\/a><!--end av-masonry entry--><a href=\"https:\/\/boulder.earth\/es\/organizations\/rocky-mountain-peace-and-justice-center\/\"  id='av-masonry-1-item-18997' data-av-masonry-item='18997' class='av-masonry-entry isotope-item post-18997 portfolio type-portfolio status-publish has-post-thumbnail hentry portfolio_entries-activism portfolio_entries-community portfolio_entries-education portfolio_entries-fracking portfolio_entries-justice  av-masonry-item-with-image' title=\"logo-rmpjc\"   itemscope=\"itemscope\" itemtype=\"https:\/\/schema.org\/CreativeWork\" ><div class='av-inner-masonry-sizer'><\/div><figure class='av-inner-masonry main_color'><div class=\"av-masonry-outerimage-container\"><div class='av-masonry-image-container'  ><img decoding=\"async\" width=\"500\" height=\"333\" fetchpriority=\"high\" class=\"wp-image-18998 avia-img-lazy-loading-not-18998\"  src=\"https:\/\/boulder.earth\/wp-content\/uploads\/2017\/09\/rmpjc-logo.png\" title=\"logo-rmpjc\" alt=\"\" srcset=\"https:\/\/boulder.earth\/wp-content\/uploads\/2017\/09\/rmpjc-logo.png 500w, https:\/\/boulder.earth\/wp-content\/uploads\/2017\/09\/rmpjc-logo-300x200.png 300w, https:\/\/boulder.earth\/wp-content\/uploads\/2017\/09\/rmpjc-logo-450x300.png 450w\" sizes=\"(max-width: 500px) 100vw, 500px\" \/><\/div><\/div><figcaption class='av-inner-masonry-content site-background'><div class='av-inner-masonry-content-pos'><div class='av-inner-masonry-content-pos-content'><div class='avia-arrow'><\/div><div class='av-masonry-entry-content entry-content'  itemprop=\"text\" >Los grupos de educaci\u00f3n y acci\u00f3n nuclear, tutela, paz global, justicia social, educaci\u00f3n no violenta, justicia econ\u00f3mica y alfabetizaci\u00f3n medi\u00e1tica cr\u00edtica se centran en temas espec\u00edficos e interconectados y promueven la participaci\u00f3n democr\u00e1tica de los miembros de la comunidad.<\/div><\/div><\/div><\/figcaption><\/figure><\/a><!--end av-masonry entry--><a href=\"https:\/\/boulder.earth\/es\/organizations\/save-the-colorado\/\"  id='av-masonry-1-item-32333' data-av-masonry-item='32333' class='av-masonry-entry isotope-item post-32333 portfolio type-portfolio status-publish has-post-thumbnail hentry portfolio_entries-environment portfolio_entries-justice portfolio_entries-water  av-masonry-item-with-image' title=\"salvar-el-colorado\"   itemscope=\"itemscope\" itemtype=\"https:\/\/schema.org\/CreativeWork\" ><div class='av-inner-masonry-sizer'><\/div><figure class='av-inner-masonry main_color'><div class=\"av-masonry-outerimage-container\"><div class='av-masonry-image-container'  ><img decoding=\"async\" width=\"500\" height=\"333\" fetchpriority=\"high\" class=\"wp-image-32335 avia-img-lazy-loading-not-32335\"  src=\"https:\/\/boulder.earth\/wp-content\/uploads\/2017\/12\/save-the-colorado.jpg\" title=\"salvar-el-colorado\" alt=\"\" srcset=\"https:\/\/boulder.earth\/wp-content\/uploads\/2017\/12\/save-the-colorado.jpg 500w, https:\/\/boulder.earth\/wp-content\/uploads\/2017\/12\/save-the-colorado-300x200.jpg 300w, https:\/\/boulder.earth\/wp-content\/uploads\/2017\/12\/save-the-colorado-450x300.jpg 450w\" sizes=\"(max-width: 500px) 100vw, 500px\" \/><\/div><\/div><figcaption class='av-inner-masonry-content site-background'><div class='av-inner-masonry-content-pos'><div class='av-inner-masonry-content-pos-content'><div class='avia-arrow'><\/div><div class='av-masonry-entry-content entry-content'  itemprop=\"text\" >proteger y restaurar el r\u00edo Colorado y sus afluentes desde el nacimiento hasta el mar<\/div><\/div><\/div><\/figcaption><\/figure><\/a><!--end av-masonry entry--><a href=\"https:\/\/boulder.earth\/es\/organizations\/sunrise-movement\/\"  id='av-masonry-1-item-152975' data-av-masonry-item='152975' class='av-masonry-entry isotope-item post-152975 portfolio type-portfolio status-publish has-post-thumbnail hentry portfolio_entries-activism portfolio_entries-economics portfolio_entries-justice portfolio_entries-policy  av-masonry-item-with-image' title=\"amanecer-movimiento\"   itemscope=\"itemscope\" itemtype=\"https:\/\/schema.org\/CreativeWork\" ><div class='av-inner-masonry-sizer'><\/div><figure class='av-inner-masonry main_color'><div class=\"av-masonry-outerimage-container\"><div class='av-masonry-image-container'  ><img decoding=\"async\" width=\"300\" height=\"200\" fetchpriority=\"high\" class=\"wp-image-153312 avia-img-lazy-loading-not-153312\"  src=\"https:\/\/boulder.earth\/wp-content\/uploads\/2019\/10\/sunrise-movement.png\" title=\"amanecer-movimiento\" alt=\"\" \/><\/div><\/div><figcaption class='av-inner-masonry-content site-background'><div class='av-inner-masonry-content-pos'><div class='av-inner-masonry-content-pos-content'><div class='avia-arrow'><\/div><div class='av-masonry-entry-content entry-content'  itemprop=\"text\" >mitin pol\u00edtico nacional que lucha contra el cambio clim\u00e1tico y aboga por una legislaci\u00f3n r\u00e1pida y eficaz para hacerlo<\/div><\/div><\/div><\/figcaption><\/figure><\/a><!--end av-masonry entry--><a href=\"https:\/\/boulder.earth\/es\/organizations\/xo-earth\/\"  id='av-masonry-1-item-18986' data-av-masonry-item='18986' class='av-masonry-entry isotope-item post-18986 portfolio type-portfolio status-publish has-post-thumbnail hentry portfolio_entries-activism portfolio_entries-arts-culture portfolio_entries-community portfolio_entries-education portfolio_entries-environment portfolio_entries-justice portfolio_entries-resources portfolio_entries-science  av-masonry-item-with-image' title=\"XOearth-logo\"   itemscope=\"itemscope\" itemtype=\"https:\/\/schema.org\/CreativeWork\" ><div class='av-inner-masonry-sizer'><\/div><figure class='av-inner-masonry main_color'><div class=\"av-masonry-outerimage-container\"><div class='av-masonry-image-container'  ><img decoding=\"async\" width=\"500\" height=\"333\" fetchpriority=\"high\" class=\"wp-image-18989 avia-img-lazy-loading-not-18989\"  src=\"https:\/\/boulder.earth\/wp-content\/uploads\/2017\/09\/XOearth-logo.jpg\" title=\"XOearth-logo\" alt=\"\" srcset=\"https:\/\/boulder.earth\/wp-content\/uploads\/2017\/09\/XOearth-logo.jpg 500w, https:\/\/boulder.earth\/wp-content\/uploads\/2017\/09\/XOearth-logo-300x200.jpg 300w, https:\/\/boulder.earth\/wp-content\/uploads\/2017\/09\/XOearth-logo-450x300.jpg 450w\" sizes=\"(max-width: 500px) 100vw, 500px\" \/><\/div><\/div><figcaption class='av-inner-masonry-content site-background'><div class='av-inner-masonry-content-pos'><div class='av-inner-masonry-content-pos-content'><div class='avia-arrow'><\/div><div class='av-masonry-entry-content entry-content'  itemprop=\"text\" >Trabajando para extender la vida de nuestra exquisita biosfera a trav\u00e9s de nuestros proyectos de educaci\u00f3n ambiental, m\u00fasica, artes, medios y negocios<\/div><\/div><\/div><\/figcaption><\/figure><\/a><!--end av-masonry entry--><\/div><\/div><br \/>\n<section  class='av_textblock_section av-15agzekst-0d676d5b1a266e1611c43314b2748c78'   itemscope=\"itemscope\" itemtype=\"https:\/\/schema.org\/CreativeWork\" ><div class='avia_textblock'  itemprop=\"text\" ><h3 style=\"text-align: center;\">\u00bfDebe su organizaci\u00f3n estar en la lista?<\/h3>\n<\/div><\/section><br \/>\n<div  class='avia-button-wrap av-13rqyfkjx-574eba014a27954d419557024e643582-wrap avia-button-center  avia-builder-el-9  el_after_av_textblock  el_before_av_hr'><a href='\/es\/feedback\/'  class='avia-button av-13rqyfkjx-574eba014a27954d419557024e643582 av-link-btn avia-icon_select-yes-left-icon avia-size-x-large avia-position-center avia-color-theme-color'   aria-label=\"Comparte tu informaci\u00f3n aqu\u00ed\"><span class='avia_button_icon avia_button_icon_left avia-iconfont avia-font-entypo-fontello' data-av_icon='\ue8d2' data-av_iconfont='entypo-fontello' ><\/span><span class='avia_iconbox_title' >Comparte tu informaci\u00f3n aqu\u00ed<\/span><\/a><\/div><br \/>\n\n<style type=\"text\/css\" data-created_by=\"avia_inline_auto\" id=\"style-css-av-1330dj6ml-1057584e514a32569d3471068d9d6345\">\n#top .hr.hr-invisible.av-1330dj6ml-1057584e514a32569d3471068d9d6345{\nheight:50px;\n}\n<\/style>\n<div  class='hr av-1330dj6ml-1057584e514a32569d3471068d9d6345 hr-invisible  avia-builder-el-10  el_after_av_button  avia-builder-el-last'><span class='hr-inner'><span class=\"hr-inner-style\"><\/span><\/span><\/div><\/p><\/div><section  class='av_textblock_section av-kyd9njjx-7b8292e3b0d758dc208214d1eb4be5aa'   itemscope=\"itemscope\" itemtype=\"https:\/\/schema.org\/CreativeWork\" ><div class='avia_textblock'  itemprop=\"text\" ><h1 id=\"orgs\" style=\"text-align: center;\">Obtenga m\u00e1s informaci\u00f3n sobre la equidad y la justicia social<\/h1>\n<p style=\"text-align: center;\">de estos \u00fatiles recursos, sitios web e historias<\/p>\n<\/div><\/section><\/p>\n<\/div><\/div><\/div><!-- close content main div --><\/div><\/div><div id='av-layout-grid-1'  class='av-layout-grid-container av-11mi29i6l-4499e8ebc8a1c39d32ff137f69b80b86 entry-content-wrapper alternate_color av-border-cells av-flex-cells  avia-builder-el-12  el_after_av_textblock  el_before_av_layout_row  grid-row-not-first  container_wrap sidebar_right'  >\n\n<style type=\"text\/css\" data-created_by=\"avia_inline_auto\" id=\"style-css-av-10loj0udp-e2abe716feffa7a503c416298b433e32\">\n.flex_cell.av-10loj0udp-e2abe716feffa7a503c416298b433e32{\nvertical-align:top;\n}\n.responsive #top #wrap_all .flex_cell.av-10loj0udp-e2abe716feffa7a503c416298b433e32{\npadding:30px 30px 30px 30px !important;\n}\n<\/style>\n<div class='flex_cell av-10loj0udp-e2abe716feffa7a503c416298b433e32 av-gridrow-cell av_one_third no_margin  avia-builder-el-13  el_before_av_cell_one_third  avia-builder-el-first  content-align-top'  ><div class='flex_cell_inner'><p>\n<style type=\"text\/css\" data-created_by=\"avia_inline_auto\" id=\"style-css-av-zg2zw37x-316a344ea549f9fc5e6c379e60b495ce\">\n.avia-image-container.av-zg2zw37x-316a344ea549f9fc5e6c379e60b495ce img.avia_image{\nbox-shadow:none;\n}\n.avia-image-container.av-zg2zw37x-316a344ea549f9fc5e6c379e60b495ce .av-image-caption-overlay-center{\ncolor:#ffffff;\n}\n<\/style>\n<div  class='avia-image-container av-zg2zw37x-316a344ea549f9fc5e6c379e60b495ce av-styling- av-img-linked avia-align-center  avia-builder-el-14  el_before_av_textblock  avia-builder-el-first'   itemprop=\"image\" itemscope=\"itemscope\" itemtype=\"https:\/\/schema.org\/ImageObject\" ><div class=\"avia-image-container-inner\"><div class=\"avia-image-overlay-wrap\"><a href=\"https:\/\/www.colorado.edu\/jtc\/2016\/12\/07\/boulders-climate-plan-address-issues-equity-and-social-justice\" class='avia_image'  target=\"_blank\"  rel=\"noopener noreferrer\" aria-label='colaboraci\u00f3n de transici\u00f3n justa'><img decoding=\"async\" fetchpriority=\"high\" class='wp-image-161276 avia-img-lazy-loading-not-161276 avia_image' src=\"https:\/\/boulder.earth\/wp-content\/uploads\/2019\/11\/justtransitioncollaborative.jpg\" alt='' title='colaboraci\u00f3n de transici\u00f3n justa'  height=\"164\" width=\"300\"  itemprop=\"thumbnailUrl\"  \/><\/a><\/div><\/div><\/div><br \/>\n<section  class='av_textblock_section av-xlqpwm31-784df3b3d213779e5e969b451dbec69c'   itemscope=\"itemscope\" itemtype=\"https:\/\/schema.org\/CreativeWork\" ><div class='avia_textblock'  itemprop=\"text\" ><h3 style=\"text-align: center;\"><a href=\"https:\/\/www.colorado.edu\/jtc\/2016\/12\/07\/boulders-climate-plan-address-issues-equity-and-social-justice\" target=\"_blank\" rel=\"noopener noreferrer\">Aporte de la Colaborativa de Transici\u00f3n Justa<\/a><\/h3>\n<p>Un informe de CU Boulder JTC inform\u00f3 a la ciudad sobre las formas en que el Plan Clim\u00e1tico podr\u00eda beneficiar espec\u00edficamente a los residentes de bajos ingresos de Boulder y otros grupos social y econ\u00f3micamente marginados. El informe fue desarrollado en asociaci\u00f3n con la facultad de CU Boulder, el personal del programa y las organizaciones comunitarias, y con aportes generados a partir de varios talleres comunitarios. <a href=\"https:\/\/www.colorado.edu\/jtc\/2016\/12\/07\/boulders-climate-plan-address-issues-equity-and-social-justice\" target=\"_blank\" rel=\"noopener noreferrer\">Lea la historia y el informe<\/a><\/p>\n<\/div><\/section><\/p>\n<\/div><\/div>\n<style type=\"text\/css\" data-created_by=\"avia_inline_auto\" id=\"style-css-av-wfzw95cd-18009ab9e4635a982438a67c257ecfa4\">\n.flex_cell.av-wfzw95cd-18009ab9e4635a982438a67c257ecfa4{\nvertical-align:top;\n}\n.responsive #top #wrap_all .flex_cell.av-wfzw95cd-18009ab9e4635a982438a67c257ecfa4{\npadding:30px 30px 30px 30px !important;\n}\n<\/style>\n<div class='flex_cell av-wfzw95cd-18009ab9e4635a982438a67c257ecfa4 av-gridrow-cell av_one_third no_margin  avia-builder-el-16  el_after_av_cell_one_third  el_before_av_cell_one_third  content-align-top'  ><div class='flex_cell_inner'><p>\n<style type=\"text\/css\" data-created_by=\"avia_inline_auto\" id=\"style-css-av-vabvtdfx-cd5cb30277701beb673b806e3a5d1ca3\">\n.avia-image-container.av-vabvtdfx-cd5cb30277701beb673b806e3a5d1ca3 img.avia_image{\nbox-shadow:none;\n}\n.avia-image-container.av-vabvtdfx-cd5cb30277701beb673b806e3a5d1ca3 .av-image-caption-overlay-center{\ncolor:#ffffff;\n}\n<\/style>\n<div  class='avia-image-container av-vabvtdfx-cd5cb30277701beb673b806e3a5d1ca3 av-styling- av-img-linked avia-align-center  avia-builder-el-17  el_before_av_textblock  avia-builder-el-first'   itemprop=\"image\" itemscope=\"itemscope\" itemtype=\"https:\/\/schema.org\/ImageObject\" ><div class=\"avia-image-container-inner\"><div class=\"avia-image-overlay-wrap\"><a href=\"https:\/\/www.coloradotrust.org\/content\/story\/six-ways-climate-change-hurting-coloradans\" class='avia_image'  target=\"_blank\"  rel=\"noopener noreferrer\" aria-label='el cambio clim\u00e1tico da\u00f1a a los habitantes de colorado'><img decoding=\"async\" fetchpriority=\"high\" class='wp-image-161355 avia-img-lazy-loading-not-161355 avia_image' src=\"https:\/\/boulder.earth\/wp-content\/uploads\/2019\/11\/ridgwayres.jpg\" alt='' title='el cambio clim\u00e1tico da\u00f1a a los habitantes de colorado'  height=\"164\" width=\"300\"  itemprop=\"thumbnailUrl\"  \/><\/a><\/div><\/div><\/div><br \/>\n<section  class='av_textblock_section av-uechv5n1-a5fa8a3b1ed9d8ee49acf8ddcc0d8d53'   itemscope=\"itemscope\" itemtype=\"https:\/\/schema.org\/CreativeWork\" ><div class='avia_textblock'  itemprop=\"text\" ><h3 style=\"text-align: center;\"><a href=\"https:\/\/www.coloradotrust.org\/content\/story\/six-ways-climate-change-hurting-coloradans\">Seis maneras en que el cambio clim\u00e1tico est\u00e1 perjudicando a los habitantes de Colorado<\/a><\/h3>\n<p style=\"text-align: left;\">Una herramienta reciente publicada por el Instituto de Salud de Colorado (CHI), un <a href=\"https:\/\/www.coloradotrust.org\/strategy\/colorado-health-institute\" target=\"_blank\" rel=\"noopener noreferrer\">beneficiario de The Colorado Trust<\/a>, profundiza en las disparidades geogr\u00e1ficas del cambio clim\u00e1tico. CHI <a href=\"https:\/\/www.coloradohealthinstitute.org\/research\/global-issue-local-risk\" target=\"_blank\" rel=\"noopener noreferrer\">\u00cdndice de Salud y Clima<\/a> clasifica el riesgo por exposici\u00f3n, datos demogr\u00e1ficos y preparaci\u00f3n: riesgo de altas temperaturas e incendios forestales; grupos demogr\u00e1ficos vulnerables como ni\u00f1os, ancianos, personas en situaci\u00f3n de pobreza o con enfermedades cr\u00f3nicas; y creencias sobre el calentamiento global y los planes del departamento de salud p\u00fablica para combatirlo o adaptarse a \u00e9l.<\/p>\n<\/div><\/section><\/p>\n<\/div><\/div>\n<style type=\"text\/css\" data-created_by=\"avia_inline_auto\" id=\"style-css-av-taxoppzh-3a71dce56da26eb36321875c0cb19e8d\">\n.flex_cell.av-taxoppzh-3a71dce56da26eb36321875c0cb19e8d{\nvertical-align:top;\n}\n.responsive #top #wrap_all .flex_cell.av-taxoppzh-3a71dce56da26eb36321875c0cb19e8d{\npadding:30px 30px 30px 30px !important;\n}\n<\/style>\n<div class='flex_cell av-taxoppzh-3a71dce56da26eb36321875c0cb19e8d av-gridrow-cell av_one_third no_margin  avia-builder-el-19  el_after_av_cell_one_third  avia-builder-el-last  content-align-top'  ><div class='flex_cell_inner'><p>\n<style type=\"text\/css\" data-created_by=\"avia_inline_auto\" id=\"style-css-av-rmvteggd-c6e2648c66a8854eca7bc359b23ff4a0\">\n.avia-image-container.av-rmvteggd-c6e2648c66a8854eca7bc359b23ff4a0 img.avia_image{\nbox-shadow:none;\n}\n.avia-image-container.av-rmvteggd-c6e2648c66a8854eca7bc359b23ff4a0 .av-image-caption-overlay-center{\ncolor:#ffffff;\n}\n<\/style>\n<div  class='avia-image-container av-rmvteggd-c6e2648c66a8854eca7bc359b23ff4a0 av-styling- av-img-linked avia-align-center  avia-builder-el-20  el_before_av_textblock  avia-builder-el-first'   itemprop=\"image\" itemscope=\"itemscope\" itemtype=\"https:\/\/schema.org\/ImageObject\" ><div class=\"avia-image-container-inner\"><div class=\"avia-image-overlay-wrap\"><a href=\"https:\/\/conservationco.org\/racial-environmental-justice\/\" class='avia_image'  target=\"_blank\"  rel=\"noopener noreferrer\" aria-label='conservaci\u00f3ncolorado-comunidades de primera l\u00ednea'><img decoding=\"async\" fetchpriority=\"high\" class='wp-image-161363 avia-img-lazy-loading-not-161363 avia_image' src=\"https:\/\/boulder.earth\/wp-content\/uploads\/2019\/11\/conservationcolorado-frontline-communities.jpg\" alt='' title='conservaci\u00f3ncolorado-comunidades de primera l\u00ednea'  height=\"164\" width=\"300\"  itemprop=\"thumbnailUrl\"  \/><\/a><\/div><\/div><\/div><br \/>\n<section  class='av_textblock_section av-q8ocygr1-b7f0ec3d43a7b3aeb86a4112dbf41800'   itemscope=\"itemscope\" itemtype=\"https:\/\/schema.org\/CreativeWork\" ><div class='avia_textblock'  itemprop=\"text\" ><h3 class=\"headline\" style=\"text-align: center;\"><a href=\"https:\/\/conservationco.org\/racial-environmental-justice\/\" target=\"_blank\" rel=\"noopener noreferrer\">Recursos de equidad e informaci\u00f3n de Conservation Colorado<\/a><\/h3>\n<p class=\"headline\" style=\"text-align: left;\">Conservation Colorado se compromete a construir una organizaci\u00f3n m\u00e1s equitativa, diversa e inclusiva como parte de un movimiento de conservaci\u00f3n m\u00e1s amplio que empodera a las personas de color, las comunidades de primera l\u00ednea y aquellos que hist\u00f3ricamente han llevado la carga de la injusticia ambiental. <a href=\"https:\/\/conservationco.org\/racial-environmental-justice\/\" target=\"_blank\" rel=\"noopener noreferrer\">Visite esta p\u00e1gina para obtener enlaces a m\u00e1s videos y recursos.<\/a><\/p>\n<\/div><\/section><\/p>\n<\/div><\/div>\n<\/div>\n<div id='av-layout-grid-2'  class='av-layout-grid-container av-pdl216j1-c3e362a8dfd2b7f01dc6c81a432717f5 entry-content-wrapper alternate_color av-border-cells av-flex-cells  avia-builder-el-22  el_after_av_layout_row  el_before_av_one_full  grid-row-not-first  container_wrap sidebar_right'  >\n\n<style type=\"text\/css\" data-created_by=\"avia_inline_auto\" id=\"style-css-av-ni0aho3x-e09f2fd884ac305abceee8cb5daf15fe\">\n.flex_cell.av-ni0aho3x-e09f2fd884ac305abceee8cb5daf15fe{\nvertical-align:top;\n}\n.responsive #top #wrap_all .flex_cell.av-ni0aho3x-e09f2fd884ac305abceee8cb5daf15fe{\npadding:30px 30px 30px 30px !important;\n}\n<\/style>\n<div class='flex_cell av-ni0aho3x-e09f2fd884ac305abceee8cb5daf15fe av-gridrow-cell av_one_fourth no_margin  avia-builder-el-23  el_before_av_cell_one_fourth  avia-builder-el-first  content-align-top'  ><div class='flex_cell_inner'><div  class='avia-video av-m2e28x8t-971690a4aeb7223384ad1c30471a7516 avia-video-16-9 av-no-preview-image avia-video-load-always av-lazyload-immediate av-lazyload-video-embed'  itemprop=\"video\" itemtype=\"https:\/\/schema.org\/VideoObject\"  data-original_url='https:\/\/www.youtube.com\/watch?v=4K5fbQ1-zps'><script type='text\/html' class='av-video-tmpl'><div class='avia-iframe-wrap'><iframe loading=\"lazy\" title=\"Social Inequalities Explained in a $100 Race - Please Watch to the End. Thanks.\" width=\"1500\" height=\"844\" src=\"https:\/\/www.youtube.com\/embed\/4K5fbQ1-zps?feature=oembed&autoplay=0&loop=0&controls=1&mute=0\" frameborder=\"0\" allow=\"accelerometer; autoplay; clipboard-write; encrypted-media; gyroscope; picture-in-picture\" allowfullscreen><\/iframe><\/div><\/script><div class='av-click-to-play-overlay'><div class=\"avia_playpause_icon\"><\/div><\/div><\/div>\n<\/div><\/div>\n<style type=\"text\/css\" data-created_by=\"avia_inline_auto\" id=\"style-css-av-kve96f2l-13adf62f87e8494a21a85381d55409a1\">\n.flex_cell.av-kve96f2l-13adf62f87e8494a21a85381d55409a1{\nvertical-align:top;\n}\n.responsive #top #wrap_all .flex_cell.av-kve96f2l-13adf62f87e8494a21a85381d55409a1{\npadding:30px 30px 30px 30px !important;\n}\n<\/style>\n<div class='flex_cell av-kve96f2l-13adf62f87e8494a21a85381d55409a1 av-gridrow-cell av_one_fourth no_margin  avia-builder-el-25  el_after_av_cell_one_fourth  el_before_av_cell_one_fourth  content-align-top'  ><div class='flex_cell_inner'><div  class='avia-video av-jtkzxglp-cad480062e344d93d9db09da18c22811 avia-video-16-9 av-no-preview-image avia-video-load-always av-lazyload-immediate av-lazyload-video-embed'  itemprop=\"video\" itemtype=\"https:\/\/schema.org\/VideoObject\"  data-original_url='https:\/\/www.youtube.com\/watch?v=TQ707s2Xi7Q'><script type='text\/html' class='av-video-tmpl'><a href=\"https:\/\/www.youtube.com\/watch?v=TQ707s2Xi7Q\">https:\/\/www.youtube.com\/watch?v=TQ707s2Xi7Q<\/a><\/script><div class='av-click-to-play-overlay'><div class=\"avia_playpause_icon\"><\/div><\/div><\/div>\n<\/div><\/div>\n<style type=\"text\/css\" data-created_by=\"avia_inline_auto\" id=\"style-css-av-irjswfrh-32aa4fa8cd8e24a574a562b03286bf68\">\n.flex_cell.av-irjswfrh-32aa4fa8cd8e24a574a562b03286bf68{\nvertical-align:top;\n}\n.responsive #top #wrap_all .flex_cell.av-irjswfrh-32aa4fa8cd8e24a574a562b03286bf68{\npadding:30px 30px 30px 30px !important;\n}\n<\/style>\n<div class='flex_cell av-irjswfrh-32aa4fa8cd8e24a574a562b03286bf68 av-gridrow-cell av_one_fourth no_margin  avia-builder-el-27  el_after_av_cell_one_fourth  el_before_av_cell_one_fourth  content-align-top'  ><div class='flex_cell_inner'><div  class='avia-video av-gsic8k3x-8ef4bb710286428fa9a3db5cff8dc28f avia-video-16-9 av-no-preview-image avia-video-load-always av-lazyload-immediate av-lazyload-video-embed'  itemprop=\"video\" itemtype=\"https:\/\/schema.org\/VideoObject\"  data-original_url='https:\/\/www.youtube.com\/watch?v=CVxAlmAPHec'><script type='text\/html' class='av-video-tmpl'><div class='avia-iframe-wrap'><iframe loading=\"lazy\" title=\"The Origin of Race in the USA\" width=\"1500\" height=\"844\" src=\"https:\/\/www.youtube.com\/embed\/CVxAlmAPHec?feature=oembed&autoplay=0&loop=0&controls=1&mute=0\" frameborder=\"0\" allow=\"accelerometer; autoplay; clipboard-write; encrypted-media; gyroscope; picture-in-picture\" allowfullscreen><\/iframe><\/div><\/script><div class='av-click-to-play-overlay'><div class=\"avia_playpause_icon\"><\/div><\/div><\/div>\n<\/div><\/div>\n<style type=\"text\/css\" data-created_by=\"avia_inline_auto\" id=\"style-css-av-gc9prdjh-0dda2a79b8d2153417f9c013d5e1cd2b\">\n.flex_cell.av-gc9prdjh-0dda2a79b8d2153417f9c013d5e1cd2b{\nvertical-align:top;\n}\n.responsive #top #wrap_all .flex_cell.av-gc9prdjh-0dda2a79b8d2153417f9c013d5e1cd2b{\npadding:30px 30px 30px 30px !important;\n}\n<\/style>\n<div class='flex_cell av-gc9prdjh-0dda2a79b8d2153417f9c013d5e1cd2b av-gridrow-cell av_one_fourth no_margin  avia-builder-el-29  el_after_av_cell_one_fourth  avia-builder-el-last  content-align-top'  ><div class='flex_cell_inner'><div  class='avia-video av-e87nlzyl-ce1967164317cfeade6f37cec45a319a avia-video-16-9 av-no-preview-image avia-video-load-always av-lazyload-immediate av-lazyload-video-embed'  itemprop=\"video\" itemtype=\"https:\/\/schema.org\/VideoObject\"  data-original_url='https:\/\/www.youtube.com\/watch?v=CJLeldHpK0o'><script type='text\/html' class='av-video-tmpl'><div class='avia-iframe-wrap'><iframe loading=\"lazy\" title=\"AAPF Luke Harris on Nightline\" width=\"1333\" height=\"1000\" src=\"https:\/\/www.youtube.com\/embed\/CJLeldHpK0o?feature=oembed&autoplay=0&loop=0&controls=1&mute=0\" frameborder=\"0\" allow=\"accelerometer; autoplay; clipboard-write; encrypted-media; gyroscope; picture-in-picture\" allowfullscreen><\/iframe><\/div><\/script><div class='av-click-to-play-overlay'><div class=\"avia_playpause_icon\"><\/div><\/div><\/div>\n<\/div><\/div>\n<\/div><div id='after_grid_row_2'  class='main_color av_default_container_wrap container_wrap sidebar_right'  ><div class='container av-section-cont-open' ><div class='template-page content  av-content-small alpha units'><div class='post-entry post-entry-type-page post-entry-5476813'><div class='entry-content-wrapper clearfix'>\n\n<style type=\"text\/css\" data-created_by=\"avia_inline_auto\" id=\"style-css-av-d4kkrtu5-347e7f1dd138ba9fffa78d75633af1f9\">\n.flex_column.av-d4kkrtu5-347e7f1dd138ba9fffa78d75633af1f9{\nborder-radius:0px 0px 0px 0px;\npadding:0px 0px 0px 0px;\n}\n<\/style>\n<div  class='flex_column av-d4kkrtu5-347e7f1dd138ba9fffa78d75633af1f9 av_one_full  avia-builder-el-31  el_after_av_layout_row  el_before_av_hr  avia-builder-el-first  first flex_column_div av-zero-column-padding'     ><p><div  class='avia-video av-c1ityu31-cb27f60f39cb1c2786307931952ead65 avia-video-16-9 av-no-preview-image avia-video-load-always av-lazyload-immediate av-lazyload-video-embed'  itemprop=\"video\" itemtype=\"https:\/\/schema.org\/VideoObject\"  data-original_url='https:\/\/youtu.be\/EzUmGPeluRA'><script type='text\/html' class='av-video-tmpl'><div class='avia-iframe-wrap'><iframe loading=\"lazy\" title=\"Oil and Gas Drilling: Health Equity Stories from The Colorado Trust (English subtitles)\" width=\"1500\" height=\"844\" src=\"https:\/\/www.youtube.com\/embed\/EzUmGPeluRA?feature=oembed&autoplay=0&loop=0&controls=1&mute=0\" frameborder=\"0\" allow=\"accelerometer; autoplay; clipboard-write; encrypted-media; gyroscope; picture-in-picture\" allowfullscreen><\/iframe><\/div><\/script><div class='av-click-to-play-overlay'><div class=\"avia_playpause_icon\"><\/div><\/div><\/div><br \/>\n<section  class='av_textblock_section av-ba1omyq5-f9d78f80604ee0cd1fcc910789110ce3'   itemscope=\"itemscope\" itemtype=\"https:\/\/schema.org\/CreativeWork\" ><div class='avia_textblock'  itemprop=\"text\" ><h3 class=\"title style-scope ytd-video-primary-info-renderer\" style=\"text-align: center;\">Perforaci\u00f3n de petr\u00f3leo y gas: Historias de equidad en salud de The Colorado Trust<\/h3>\n<p class=\"title style-scope ytd-video-primary-info-renderer\" style=\"text-align: center;\"><strong><a href=\"https:\/\/www.coloradotrust.org\/content\/story\/whose-backyard\">Haga clic aqu\u00ed para obtener m\u00e1s estudios de casos e historias de The Colorado Trust<\/a><\/strong><\/p>\n<\/div><\/section><br \/>\n<div  class='hr av-a2oz6cp9-64f5be0afbffc76afd0285a36d42f149 hr-default  avia-builder-el-34  el_after_av_textblock  el_before_av_textblock'><span class='hr-inner'><span class=\"hr-inner-style\"><\/span><\/span><\/div><br \/>\n<section  class='av_textblock_section av-8rq44bt9-e647538599967f03774563525ff89e3d'   itemscope=\"itemscope\" itemtype=\"https:\/\/schema.org\/CreativeWork\" ><div class='avia_textblock'  itemprop=\"text\" ><h3><a href=\"https:\/\/grist.org\/article\/providence-shows-other-cities-how-environmental-justice-is-done\/?utm_campaign=citylab-daily-newsletter&#038;utm_medium=email&#038;silverid=%25%25RECIPIENT_ID%25%25&#038;utm_source=newsletter\">Providence muestra a otras ciudades c\u00f3mo se hace justicia ambiental<\/a><\/h3>\n<p>Entonces, \u00bfc\u00f3mo es que Providence, Rhode Island, que anunci\u00f3 un compromiso est\u00e1ndar de cero neto para 2050 en 2016, termin\u00f3 con un Plan de Justicia Clim\u00e1tica recientemente lanzado que se ve tan diferente del desfile de &quot;Nuevos Acuerdos Verdes&quot; municipales? \u00bfY otras ciudades podr\u00edan llegar all\u00ed tambi\u00e9n?<\/p>\n<p><a href=\"https:\/\/grist.org\/article\/providence-shows-other-cities-how-environmental-justice-is-done\/?utm_campaign=citylab-daily-newsletter&#038;utm_medium=email&#038;silverid=%25%25RECIPIENT_ID%25%25&#038;utm_source=newsletter\" target=\"_blank\" rel=\"noopener noreferrer\">Leer art\u00edculo en Grist<\/a> |\u00a0 <a href=\"http:\/\/www.providenceri.gov\/wp-content\/uploads\/2019\/10\/Climate-Justice-Plan-Report-FINAL-English.pdf\" target=\"_blank\" rel=\"noopener noreferrer\">Descargue el Plan de Justicia Clim\u00e1tica de la Ciudad de Providence<\/a><\/p>\n<hr \/>\n<h3><a href=\"http:\/\/www.resilientbayarea.org\/peoples-plan\" target=\"_blank\" rel=\"noopener noreferrer\">Plan Popular del Condado de Marin<\/a><\/h3>\n<div id=\"block-6d37bbf92541a29805fa\" data-block-type=\"2\">\n<div>\n<p>\u201cDise\u00f1ando Nuestras Propias Soluciones\u201d para la Planificaci\u00f3n de la Resiliencia fue reconocido por el <a href=\"http:\/\/www.resilientbayarea.org\/jury\" target=\"_blank\" rel=\"noopener noreferrer\">Resiliente por Design Jury<\/a> por su impacto en el desarrollo de capacidades comunitarias, la realineaci\u00f3n de las distribuciones de energ\u00eda y el aumento de la propiedad por parte de las personas directamente afectadas por las decisiones de dise\u00f1o. <a href=\"http:\/\/www.resilientbayarea.org\/peoples-plan\" target=\"_blank\" rel=\"noopener noreferrer\">Consulta el plan y los v\u00eddeos.<\/a><\/p>\n<\/div>\n<\/div>\n<\/div><\/section><\/p><\/div>\n\n<style type=\"text\/css\" data-created_by=\"avia_inline_auto\" id=\"style-css-av-7cwnttjh-94f48d473e06b784fa592da81865d500\">\n#top .hr.hr-invisible.av-7cwnttjh-94f48d473e06b784fa592da81865d500{\nheight:30px;\n}\n<\/style>\n<div  class='hr av-7cwnttjh-94f48d473e06b784fa592da81865d500 hr-invisible  avia-builder-el-36  el_after_av_one_full  el_before_av_one_full'><span class='hr-inner'><span class=\"hr-inner-style\"><\/span><\/span><\/div>\n\n<style type=\"text\/css\" data-created_by=\"avia_inline_auto\" id=\"style-css-av-5wv1vy31-1bd0030d3e3245564ca19364940834e6\">\n.flex_column.av-5wv1vy31-1bd0030d3e3245564ca19364940834e6{\nborder-radius:0px 0px 0px 0px;\npadding:0px 0px 0px 0px;\n}\n<\/style>\n<div  class='flex_column av-5wv1vy31-1bd0030d3e3245564ca19364940834e6 av_one_full  avia-builder-el-37  el_after_av_hr  avia-builder-el-last  first flex_column_div av-zero-column-padding'     ><br \/>\n\n<style type=\"text\/css\" data-created_by=\"avia_inline_auto\" id=\"style-css-av-dib9f4d-905795748fd6c3a60b8d5b70fbc2bbaf\">\n#top .hr.hr-invisible.av-dib9f4d-905795748fd6c3a60b8d5b70fbc2bbaf{\nheight:30px;\n}\n<\/style>\n<div  class='hr av-dib9f4d-905795748fd6c3a60b8d5b70fbc2bbaf hr-invisible  avia-builder-el-39  el_after_av_codeblock  el_before_av_social_share'><span class='hr-inner'><span class=\"hr-inner-style\"><\/span><\/span><\/div><br \/>\n<div  class='av-social-sharing-box av-1pqbothp-5d3cd3b4e6ac8d65839790bd023b00fe av-social-sharing-box-default  avia-builder-el-40  el_after_av_hr  avia-builder-el-last  av-social-sharing-box-fullwidth'><div class=\"av-share-box\"><h5 class='av-share-link-description av-no-toc'>Comparta esta informaci\u00f3n de CMAP<\/h5><ul class=\"av-share-box-list noLightbox\"><li class='av-share-link av-social-link-facebook avia_social_iconfont' ><a target=\"_blank\" aria-label=\"Compartir en Facebook\" href='https:\/\/www.facebook.com\/sharer.php?u=https:\/\/boulder.earth\/es\/equity-social-justice\/&#038;t=Equity%20%26%20Social%20Justice' data-av_icon='\ue8f3' data-av_iconfont='entypo-fontello'  title='' data-avia-related-tooltip='Share on Facebook'><span class='avia_hidden_link_text'>Compartir en Facebook<\/span><\/a><\/li><li class='av-share-link av-social-link-twitter avia_social_iconfont' ><a target=\"_blank\" aria-label=\"Compartir en X\" href='https:\/\/twitter.com\/share?text=Equity%20%26%20Social%20Justice&#038;url=https:\/\/boulder.earth\/es\/?p=5476813' data-av_icon='\ue932' data-av_iconfont='entypo-fontello'  title='' data-avia-related-tooltip='Share on X'><span class='avia_hidden_link_text'>Compartir en X<\/span><\/a><\/li><li class='av-share-link av-social-link-whatsapp avia_social_iconfont' ><a target=\"_blank\" aria-label=\"Compartir en WhatsApp\" href='https:\/\/api.whatsapp.com\/send?text=https:\/\/boulder.earth\/es\/equity-social-justice\/' data-av_icon='\uf232' data-av_iconfont='entypo-fontello'  title='' data-avia-related-tooltip='Share on WhatsApp'><span class='avia_hidden_link_text'>Compartir en WhatsApp<\/span><\/a><\/li><li class='av-share-link av-social-link-pinterest avia_social_iconfont' ><a target=\"_blank\" aria-label=\"Compartir en Pinterest\" href='https:\/\/pinterest.com\/pin\/create\/button\/?url=https%3A%2F%2Fboulder.earth%2Fes%2Fequity-social-justice%2F&#038;description=Equity%20%26%20Social%20Justice&#038;media=https%3A%2F%2Fboulder.earth%2Fwp-content%2Fuploads%2F2019%2F10%2Fequity-button.png' data-av_icon='\ue8f8' data-av_iconfont='entypo-fontello'  title='' data-avia-related-tooltip='Share on Pinterest'><span class='avia_hidden_link_text'>Compartir en Pinterest<\/span><\/a><\/li><li class='av-share-link av-social-link-linkedin avia_social_iconfont' ><a target=\"_blank\" aria-label=\"Compartir en LinkedIn\" href='https:\/\/linkedin.com\/shareArticle?mini=true&#038;title=Equity%20%26%20Social%20Justice&#038;url=https:\/\/boulder.earth\/es\/equity-social-justice\/' data-av_icon='\ue8fc' data-av_iconfont='entypo-fontello'  title='' data-avia-related-tooltip='Share on LinkedIn'><span class='avia_hidden_link_text'>Compartir en LinkedIn<\/span><\/a><\/li><li class='av-share-link av-social-link-tumblr avia_social_iconfont' ><a target=\"_blank\" aria-label=\"Compartir en Tumblr\" href='https:\/\/www.tumblr.com\/share\/link?url=https%3A%2F%2Fboulder.earth%2Fes%2Fequity-social-justice%2F&#038;name=Equity%20%26%20Social%20Justice&#038;description=Ensuring%20the%20benefits%20and%20costs%20are%20distributed%20fairly%20across%20our%20entire%20community%20and%20engaging%20everyone%20in%20the%20planning' data-av_icon='\ue8fa' data-av_iconfont='entypo-fontello'  title='' data-avia-related-tooltip='Share on Tumblr'><span class='avia_hidden_link_text'>Compartir en Tumblr<\/span><\/a><\/li><li class='av-share-link av-social-link-vk avia_social_iconfont' ><a target=\"_blank\" aria-label=\"Compartir en Vk\" href='https:\/\/vk.com\/share.php?url=https:\/\/boulder.earth\/es\/equity-social-justice\/' data-av_icon='\ue926' data-av_iconfont='entypo-fontello'  title='' data-avia-related-tooltip='Share on Vk'><span class='avia_hidden_link_text'>Compartir en Vk<\/span><\/a><\/li><li class='av-share-link av-social-link-reddit avia_social_iconfont' ><a target=\"_blank\" aria-label=\"Compartir en Reddit\" href='https:\/\/reddit.com\/submit?url=https:\/\/boulder.earth\/es\/equity-social-justice\/&#038;title=Equity%20%26%20Social%20Justice' data-av_icon='\ue927' data-av_iconfont='entypo-fontello'  title='' data-avia-related-tooltip='Share on Reddit'><span class='avia_hidden_link_text'>Compartir en Reddit<\/span><\/a><\/li><li class='av-share-link av-social-link-mail avia_social_iconfont' ><a  aria-label=\"Compartir por correo\" href='mailto:?subject=Equity%20%26%20Social%20Justice&#038;body=https:\/\/boulder.earth\/es\/equity-social-justice\/' data-av_icon='\ue805' data-av_iconfont='entypo-fontello'  title='' data-avia-related-tooltip='Share by Mail'><span class='avia_hidden_link_text'>Compartir por correo<\/span><\/a><\/li><\/ul><\/div><\/div><\/p><\/div>","protected":false},"excerpt":{"rendered":"<p>Garantizar que los beneficios y los costos se distribuyan de manera justa en toda nuestra comunidad e involucrar a todos en la planificaci\u00f3n.<\/p>","protected":false},"author":1,"featured_media":158514,"parent":0,"menu_order":0,"comment_status":"closed","ping_status":"closed","template":"","meta":{"footnotes":""},"class_list":["post-5476813","page","type-page","status-publish","has-post-thumbnail","hentry"],"_links":{"self":[{"href":"https:\/\/boulder.earth\/es\/wp-json\/wp\/v2\/pages\/5476813","targetHints":{"allow":["GET"]}}],"collection":[{"href":"https:\/\/boulder.earth\/es\/wp-json\/wp\/v2\/pages"}],"about":[{"href":"https:\/\/boulder.earth\/es\/wp-json\/wp\/v2\/types\/page"}],"author":[{"embeddable":true,"href":"https:\/\/boulder.earth\/es\/wp-json\/wp\/v2\/users\/1"}],"replies":[{"embeddable":true,"href":"https:\/\/boulder.earth\/es\/wp-json\/wp\/v2\/comments?post=5476813"}],"version-history":[{"count":3,"href":"https:\/\/boulder.earth\/es\/wp-json\/wp\/v2\/pages\/5476813\/revisions"}],"predecessor-version":[{"id":5476840,"href":"https:\/\/boulder.earth\/es\/wp-json\/wp\/v2\/pages\/5476813\/revisions\/5476840"}],"wp:featuredmedia":[{"embeddable":true,"href":"https:\/\/boulder.earth\/es\/wp-json\/wp\/v2\/media\/158514"}],"wp:attachment":[{"href":"https:\/\/boulder.earth\/es\/wp-json\/wp\/v2\/media?parent=5476813"}],"curies":[{"name":"wp","href":"https:\/\/api.w.org\/{rel}","templated":true}]}}