{"id":5476816,"date":"2022-01-13T11:59:08","date_gmt":"2022-01-13T17:59:08","guid":{"rendered":"https:\/\/boulder.earth\/?page_id=5476816"},"modified":"2022-01-13T17:50:59","modified_gmt":"2022-01-13T23:50:59","slug":"resilience","status":"publish","type":"page","link":"https:\/\/boulder.earth\/es\/resilience\/","title":{"rendered":"Resiliencia"},"content":{"rendered":"<style type=\"text\/css\" data-created_by=\"avia_inline_auto\" id=\"style-css-av-11idvplxs-d3e212f7f8766223fc59dda646be03d5\">\n.flex_column.av-11idvplxs-d3e212f7f8766223fc59dda646be03d5{\nborder-radius:0px 0px 0px 0px;\npadding:0px 0px 0px 0px;\n}\n<\/style>\n<div  class='flex_column av-11idvplxs-d3e212f7f8766223fc59dda646be03d5 av_one_third  avia-builder-el-0  el_before_av_two_third  avia-builder-el-first  first flex_column_div av-zero-column-padding'     ><style type=\"text\/css\" data-created_by=\"avia_inline_auto\" id=\"style-css-av-d1lxm4w-0bd89fb8cdd9b00d6e00b66b40a60025\">\n.avia-image-container.av-d1lxm4w-0bd89fb8cdd9b00d6e00b66b40a60025 img.avia_image{\nbox-shadow:none;\n}\n.avia-image-container.av-d1lxm4w-0bd89fb8cdd9b00d6e00b66b40a60025 .av-image-caption-overlay-center{\ncolor:#ffffff;\n}\n<\/style>\n<div  class='avia-image-container av-d1lxm4w-0bd89fb8cdd9b00d6e00b66b40a60025 av-styling- avia-align-center  avia-builder-el-1  avia-builder-el-no-sibling'   itemprop=\"image\" itemscope=\"itemscope\" itemtype=\"https:\/\/schema.org\/ImageObject\" ><div class=\"avia-image-container-inner\"><div class=\"avia-image-overlay-wrap\"><img decoding=\"async\" fetchpriority=\"high\" class='wp-image-157227 avia-img-lazy-loading-not-157227 avia_image' src=\"https:\/\/boulder.earth\/wp-content\/uploads\/2019\/10\/resilience-1.png\" alt='' title='Resiliencia'  height=\"183\" width=\"355\"  itemprop=\"thumbnailUrl\" srcset=\"https:\/\/boulder.earth\/wp-content\/uploads\/2019\/10\/resilience-1.png 355w, https:\/\/boulder.earth\/wp-content\/uploads\/2019\/10\/resilience-1-300x155.png 300w\" sizes=\"(max-width: 355px) 100vw, 355px\" \/><\/div><\/div><\/div><\/div>\n\n<style type=\"text\/css\" data-created_by=\"avia_inline_auto\" id=\"style-css-av-z3991lcg-3b2ba7bd2b86d374798da0f8c4018ec7\">\n.flex_column.av-z3991lcg-3b2ba7bd2b86d374798da0f8c4018ec7{\nborder-radius:0px 0px 0px 0px;\npadding:0px 0px 0px 0px;\n}\n<\/style>\n<div  class='flex_column av-z3991lcg-3b2ba7bd2b86d374798da0f8c4018ec7 av_two_third  avia-builder-el-2  el_after_av_one_third  el_before_av_layerslider  avia-builder-el-last  flex_column_div av-zero-column-padding'     ><section  class='av_textblock_section av-kyd9wsoc-45983e986fd3fb7eaa254ca445d2f9be'   itemscope=\"itemscope\" itemtype=\"https:\/\/schema.org\/CreativeWork\" ><div class='avia_textblock'  itemprop=\"text\" ><h1 style=\"text-align: left;\">Resiliencia<\/h1>\n<p style=\"text-align: left;\">Garantizar que nuestra comunidad pueda resistir emergencias repentinas y graduales con sistemas para regenerar el bienestar ambiental y comunitario.<\/p>\n<p style=\"text-align: left;\"><strong>Microrrejillas | Reforestaci\u00f3n | Organizaciones vecinales | Alimentos y energ\u00eda locales<\/strong><\/p>\n<\/div><\/section><\/div>\n<\/div><\/div><\/div><!-- close content main div --><\/div><\/div><div id='layer_slider_1'  class='avia-layerslider main_color avia-shadow  avia-builder-el-4  el_after_av_two_third  el_before_av_one_full  slider-not-first container_wrap sidebar_right'  style='height: 751px; max-width: 1200px; margin: 0 auto;'  ><\/div><div id='after_layer_slider_1'  class='main_color av_default_container_wrap container_wrap sidebar_right'  ><div class='container av-section-cont-open' ><div class='template-page content  av-content-small alpha units'><div class='post-entry post-entry-type-page post-entry-5476816'><div class='entry-content-wrapper clearfix'>\n\n<style type=\"text\/css\" data-created_by=\"avia_inline_auto\" id=\"style-css-av-3ajrkg9c-5cfde39bbb9dc310f3c7f9abf3f3638e\">\n.flex_column.av-3ajrkg9c-5cfde39bbb9dc310f3c7f9abf3f3638e{\nborder-radius:0px 0px 0px 0px;\npadding:0px 0px 0px 0px;\n}\n<\/style>\n<div  class='flex_column av-3ajrkg9c-5cfde39bbb9dc310f3c7f9abf3f3638e av_one_full  avia-builder-el-5  el_after_av_layerslider  el_before_av_hr  avia-builder-el-first  first flex_column_div av-zero-column-padding'     ><section  class='av_textblock_section av-34y0040g-cc5a9607bd47c709f0afd276f60851a2'   itemscope=\"itemscope\" itemtype=\"https:\/\/schema.org\/CreativeWork\" ><div class='avia_textblock'  itemprop=\"text\" ><h1 id=\"orgs\" style=\"text-align: center;\">Organizaciones locales que abordan la resiliencia<\/h1>\n<\/div><\/section><br \/>\n<div id='av-masonry-1' class='av-masonry av-kyd9zudc-3aca8606b06b289245a5247b4d79e785 noHover av-flex-size av-large-gap av-hover-overlay-active av-masonry-animation-active av-masonry-col-5 av-caption-on-hover av-caption-style-overlay av-masonry-entries av-mini-columns-overwrite av-mini-columns-3' data-post_id=\"5476816\"><div class=\"av-masonry-container isotope av-js-disabled\"><div class='av-masonry-entry isotope-item av-masonry-item-no-image'><\/div><a href=\"https:\/\/boulder.earth\/es\/organizations\/boulder-county-sustainability\/\"  id='av-masonry-1-item-79193' data-av-masonry-item='79193' class='av-masonry-entry isotope-item post-79193 portfolio type-portfolio status-publish has-post-thumbnail hentry portfolio_entries-agriculture portfolio_entries-environment portfolio_entries-food portfolio_entries-policy portfolio_entries-programproject portfolio_entries-resilience portfolio_entries-resources  av-masonry-item-with-image' title=\"BoCoSostenibilidadLogotipo\"   itemscope=\"itemscope\" itemtype=\"https:\/\/schema.org\/CreativeWork\" ><div class='av-inner-masonry-sizer'><\/div><figure class='av-inner-masonry main_color'><div class=\"av-masonry-outerimage-container\"><div class='av-masonry-image-container'  ><img decoding=\"async\" width=\"500\" height=\"333\" fetchpriority=\"high\" class=\"wp-image-79198 avia-img-lazy-loading-not-79198\"  src=\"https:\/\/boulder.earth\/wp-content\/uploads\/2018\/05\/BoCoSustainabilityLogo-1.png\" title=\"BoCoSostenibilidadLogotipo\" alt=\"\" srcset=\"https:\/\/boulder.earth\/wp-content\/uploads\/2018\/05\/BoCoSustainabilityLogo-1.png 500w, https:\/\/boulder.earth\/wp-content\/uploads\/2018\/05\/BoCoSustainabilityLogo-1-300x200.png 300w, https:\/\/boulder.earth\/wp-content\/uploads\/2018\/05\/BoCoSustainabilityLogo-1-450x300.png 450w\" sizes=\"(max-width: 500px) 100vw, 500px\" \/><\/div><\/div><figcaption class='av-inner-masonry-content site-background'><div class='av-inner-masonry-content-pos'><div class='av-inner-masonry-content-pos-content'><div class='avia-arrow'><\/div><div class='av-masonry-entry-content entry-content'  itemprop=\"text\" >Para garantizar que las operaciones y la toma de decisiones del condado de Boulder reflejen...<\/div><\/div><\/div><\/figcaption><\/figure><\/a><!--end av-masonry entry--><a href=\"https:\/\/boulder.earth\/es\/organizations\/boundless-landscapes\/\"  id='av-masonry-1-item-180747' data-av-masonry-item='180747' class='av-masonry-entry isotope-item post-180747 portfolio type-portfolio status-publish has-post-thumbnail hentry portfolio_entries-agriculture portfolio_entries-food portfolio_entries-resilience portfolio_entries-resources  av-masonry-item-with-image' title=\"paisajes-sin-limites\"   itemscope=\"itemscope\" itemtype=\"https:\/\/schema.org\/CreativeWork\" ><div class='av-inner-masonry-sizer'><\/div><figure class='av-inner-masonry main_color'><div class=\"av-masonry-outerimage-container\"><div class='av-masonry-image-container'  ><img decoding=\"async\" width=\"300\" height=\"200\" fetchpriority=\"high\" class=\"wp-image-180750 avia-img-lazy-loading-not-180750\"  src=\"https:\/\/boulder.earth\/wp-content\/uploads\/2020\/01\/boundless-landscapes.png\" title=\"paisajes-sin-limites\" alt=\"\" \/><\/div><\/div><figcaption class='av-inner-masonry-content site-background'><div class='av-inner-masonry-content-pos'><div class='av-inner-masonry-content-pos-content'><div class='avia-arrow'><\/div><div class='av-masonry-entry-content entry-content'  itemprop=\"text\" >Convirtiendo el mundo en un jard\u00edn al convertir c\u00e9spedes y espacios infrautilizados en pr\u00f3speros jardines de alimentos para combatir el cambio clim\u00e1tico y construir comunidades m\u00e1s resilientes.<\/div><\/div><\/div><\/figcaption><\/figure><\/a><!--end av-masonry entry--><a href=\"https:\/\/boulder.earth\/es\/organizations\/catalyst-cooperative\/\"  id='av-masonry-1-item-29774' data-av-masonry-item='29774' class='av-masonry-entry isotope-item post-29774 portfolio type-portfolio status-publish has-post-thumbnail hentry portfolio_entries-economics portfolio_entries-energy portfolio_entries-policy portfolio_entries-resilience portfolio_entries-science  av-masonry-item-with-image' title=\"catalizador-cooperativa\"   itemscope=\"itemscope\" itemtype=\"https:\/\/schema.org\/CreativeWork\" ><div class='av-inner-masonry-sizer'><\/div><figure class='av-inner-masonry main_color'><div class=\"av-masonry-outerimage-container\"><div class='av-masonry-image-container'  ><img decoding=\"async\" width=\"500\" height=\"333\" fetchpriority=\"high\" class=\"wp-image-29776 avia-img-lazy-loading-not-29776\"  src=\"https:\/\/boulder.earth\/wp-content\/uploads\/2017\/11\/catalyst-cooperative.jpg\" title=\"catalizador-cooperativa\" alt=\"\" srcset=\"https:\/\/boulder.earth\/wp-content\/uploads\/2017\/11\/catalyst-cooperative.jpg 500w, https:\/\/boulder.earth\/wp-content\/uploads\/2017\/11\/catalyst-cooperative-300x200.jpg 300w, https:\/\/boulder.earth\/wp-content\/uploads\/2017\/11\/catalyst-cooperative-450x300.jpg 450w\" sizes=\"(max-width: 500px) 100vw, 500px\" \/><\/div><\/div><figcaption class='av-inner-masonry-content site-background'><div class='av-inner-masonry-content-pos'><div class='av-inner-masonry-content-pos-content'><div class='avia-arrow'><\/div><div class='av-masonry-entry-content entry-content'  itemprop=\"text\" >un peque\u00f1o grupo de analistas de datos y expertos en pol\u00edticas, organizados en una empresa de consultor\u00eda propiedad de los empleados que trabaja con datos para comprender e influir en las pol\u00edticas clim\u00e1ticas, energ\u00e9ticas y de servicios el\u00e9ctricos en inter\u00e9s del p\u00fablico<\/div><\/div><\/div><\/figcaption><\/figure><\/a><!--end av-masonry entry--><a href=\"https:\/\/boulder.earth\/es\/organizations\/center-for-sustainable-landscapes-and-communities\/\"  id='av-masonry-1-item-256057' data-av-masonry-item='256057' class='av-masonry-entry isotope-item post-256057 portfolio type-portfolio status-publish has-post-thumbnail hentry portfolio_entries-environment portfolio_entries-resilience portfolio_entries-university  av-masonry-item-with-image' title=\"CSLC logo\"   itemscope=\"itemscope\" itemtype=\"https:\/\/schema.org\/CreativeWork\" ><div class='av-inner-masonry-sizer'><\/div><figure class='av-inner-masonry main_color'><div class=\"av-masonry-outerimage-container\"><div class='av-masonry-image-container'  ><img decoding=\"async\" width=\"300\" height=\"200\" fetchpriority=\"high\" class=\"wp-image-256058 avia-img-lazy-loading-not-256058\"  src=\"https:\/\/boulder.earth\/wp-content\/uploads\/2020\/10\/CSLClogo.png\" title=\"CSLC logo\" alt=\"\" \/><\/div><\/div><figcaption class='av-inner-masonry-content site-background'><div class='av-inner-masonry-content-pos'><div class='av-inner-masonry-content-pos-content'><div class='avia-arrow'><\/div><div class='av-masonry-entry-content entry-content'  itemprop=\"text\" >proporcionando conocimiento fundamental y un foro para el discurso productivo hacia la planificaci\u00f3n y gesti\u00f3n de tierras p\u00fablicas en y alrededor de \u00e1reas urbanas como componentes integrales de comunidades sostenibles y resilientes en Colorado<\/div><\/div><\/div><\/figcaption><\/figure><\/a><!--end av-masonry entry--><a href=\"https:\/\/boulder.earth\/es\/organizations\/community-led-preparedness-training-for-climate-emergencies-project\/\"  id='av-masonry-1-item-5483013' data-av-masonry-item='5483013' class='av-masonry-entry isotope-item post-5483013 portfolio type-portfolio status-publish has-post-thumbnail hentry portfolio_entries-education portfolio_entries-justice portfolio_entries-resilience  av-masonry-item-with-image' title=\"Proyecto de capacitaci\u00f3n en preparaci\u00f3n liderado por la comunidad\"   itemscope=\"itemscope\" itemtype=\"https:\/\/schema.org\/CreativeWork\" ><div class='av-inner-masonry-sizer'><\/div><figure class='av-inner-masonry main_color'><div class=\"av-masonry-outerimage-container\"><div class='av-masonry-image-container'  ><img decoding=\"async\" width=\"300\" height=\"200\" fetchpriority=\"high\" class=\"wp-image-5483862 avia-img-lazy-loading-not-5483862\"  src=\"https:\/\/boulder.earth\/wp-content\/uploads\/2023\/11\/CPTlogo.png\" title=\"Proyecto de capacitaci\u00f3n en preparaci\u00f3n liderado por la comunidad\" alt=\"\" srcset=\"https:\/\/boulder.earth\/wp-content\/uploads\/2023\/11\/CPTlogo.png 300w, https:\/\/boulder.earth\/wp-content\/uploads\/2023\/11\/CPTlogo-18x12.png 18w\" sizes=\"(max-width: 300px) 100vw, 300px\" \/><\/div><\/div><figcaption class='av-inner-masonry-content site-background'><div class='av-inner-masonry-content-pos'><div class='av-inner-masonry-content-pos-content'><div class='avia-arrow'><\/div><div class='av-masonry-entry-content entry-content'  itemprop=\"text\" >creado por y para las comunidades de primera l\u00ednea para aumentar la preparaci\u00f3n para emergencias<\/div><\/div><\/div><\/figcaption><\/figure><\/a><!--end av-masonry entry--><a href=\"https:\/\/boulder.earth\/es\/organizations\/cool-boulder\/\"  id='av-masonry-1-item-5477371' data-av-masonry-item='5477371' class='av-masonry-entry isotope-item post-5477371 portfolio type-portfolio status-publish has-post-thumbnail hentry portfolio_entries-environment portfolio_entries-pollinators portfolio_entries-resilience  av-masonry-item-with-image' title=\"roca fr\u00eda\"   itemscope=\"itemscope\" itemtype=\"https:\/\/schema.org\/CreativeWork\" ><div class='av-inner-masonry-sizer'><\/div><figure class='av-inner-masonry main_color'><div class=\"av-masonry-outerimage-container\"><div class='av-masonry-image-container'  ><img decoding=\"async\" width=\"300\" height=\"200\" fetchpriority=\"high\" class=\"wp-image-5477372 avia-img-lazy-loading-not-5477372\"  src=\"https:\/\/boulder.earth\/wp-content\/uploads\/2022\/04\/cool-boulder.png\" title=\"roca fr\u00eda\" alt=\"\" srcset=\"https:\/\/boulder.earth\/wp-content\/uploads\/2022\/04\/cool-boulder.png 300w, https:\/\/boulder.earth\/wp-content\/uploads\/2022\/04\/cool-boulder-18x12.png 18w\" sizes=\"(max-width: 300px) 100vw, 300px\" \/><\/div><\/div><figcaption class='av-inner-masonry-content site-background'><div class='av-inner-masonry-content-pos'><div class='av-inner-masonry-content-pos-content'><div class='avia-arrow'><\/div><div class='av-masonry-entry-content entry-content'  itemprop=\"text\" >Liderado por la comunidad, basado en la naturaleza<br \/>\nAcci\u00f3n Clim\u00e1tica.<\/div><\/div><\/div><\/figcaption><\/figure><\/a><!--end av-masonry entry--><a href=\"https:\/\/boulder.earth\/es\/organizations\/drylands-agroecology-research\/\"  id='av-masonry-1-item-5477009' data-av-masonry-item='5477009' class='av-masonry-entry isotope-item post-5477009 portfolio type-portfolio status-publish has-post-thumbnail hentry portfolio_entries-agriculture portfolio_entries-resilience  av-masonry-item-with-image' title=\"tierras secasagroecolog\u00edainvestigaci\u00f3n\"   itemscope=\"itemscope\" itemtype=\"https:\/\/schema.org\/CreativeWork\" ><div class='av-inner-masonry-sizer'><\/div><figure class='av-inner-masonry main_color'><div class=\"av-masonry-outerimage-container\"><div class='av-masonry-image-container'  ><img decoding=\"async\" width=\"300\" height=\"200\" fetchpriority=\"high\" class=\"wp-image-5477010 avia-img-lazy-loading-not-5477010\"  src=\"https:\/\/boulder.earth\/wp-content\/uploads\/2022\/02\/drylandsagroecologyresearch.png\" title=\"tierras secasagroecolog\u00edainvestigaci\u00f3n\" alt=\"\" \/><\/div><\/div><figcaption class='av-inner-masonry-content site-background'><div class='av-inner-masonry-content-pos'><div class='av-inner-masonry-content-pos-content'><div class='avia-arrow'><\/div><div class='av-masonry-entry-content entry-content'  itemprop=\"text\" >Dise\u00f1ar sistemas agr\u00edcolas de tierras secas basados en los principios de la ecolog\u00eda, de modo que los paisajes resultantes secuestren carbono, retengan la humedad, mejoren la biodiversidad y produzcan alimentos nutritivos para los humanos.<\/div><\/div><\/div><\/figcaption><\/figure><\/a><!--end av-masonry entry--><a href=\"https:\/\/boulder.earth\/es\/organizations\/growing-gardens\/\"  id='av-masonry-1-item-11299' data-av-masonry-item='11299' class='av-masonry-entry isotope-item post-11299 portfolio type-portfolio status-publish has-post-thumbnail hentry portfolio_entries-agriculture portfolio_entries-business portfolio_entries-community portfolio_entries-education portfolio_entries-food portfolio_entries-justice portfolio_entries-pollinators portfolio_entries-resilience  av-masonry-item-with-image' title=\"jardines de cultivo\"   itemscope=\"itemscope\" itemtype=\"https:\/\/schema.org\/CreativeWork\" ><div class='av-inner-masonry-sizer'><\/div><figure class='av-inner-masonry main_color'><div class=\"av-masonry-outerimage-container\"><div class='av-masonry-image-container'  ><img decoding=\"async\" width=\"500\" height=\"333\" fetchpriority=\"high\" class=\"wp-image-13598 avia-img-lazy-loading-not-13598\"  src=\"https:\/\/boulder.earth\/wp-content\/uploads\/2017\/06\/growing-gardens-1.jpg\" title=\"jardines de cultivo\" alt=\"Growing Gardens\" srcset=\"https:\/\/boulder.earth\/wp-content\/uploads\/2017\/06\/growing-gardens-1.jpg 500w, https:\/\/boulder.earth\/wp-content\/uploads\/2017\/06\/growing-gardens-1-300x200.jpg 300w, https:\/\/boulder.earth\/wp-content\/uploads\/2017\/06\/growing-gardens-1-450x300.jpg 450w\" sizes=\"(max-width: 500px) 100vw, 500px\" \/><\/div><\/div><figcaption class='av-inner-masonry-content site-background'><div class='av-inner-masonry-content-pos'><div class='av-inner-masonry-content-pos-content'><div class='avia-arrow'><\/div><div class='av-masonry-entry-content entry-content'  itemprop=\"text\" >sin fines de lucro con la Misi\u00f3n de cultivar la comunidad a trav\u00e9s de la agricultura urbana sostenible y la Visi\u00f3n de personas que experimentan una conexi\u00f3n directa y profunda con los alimentos, la tierra y entre s\u00ed.<\/div><\/div><\/div><\/figcaption><\/figure><\/a><!--end av-masonry entry--><a href=\"https:\/\/boulder.earth\/es\/organizations\/neighborhood-accelerator-program\/\"  id='av-masonry-1-item-6464501' data-av-masonry-item='6464501' class='av-masonry-entry isotope-item post-6464501 portfolio type-portfolio status-publish has-post-thumbnail hentry portfolio_entries-community portfolio_entries-resilience  av-masonry-item-with-image' title=\"neighborhood-accelerator-program\"   itemscope=\"itemscope\" itemtype=\"https:\/\/schema.org\/CreativeWork\" ><div class='av-inner-masonry-sizer'><\/div><figure class='av-inner-masonry main_color'><div class=\"av-masonry-outerimage-container\"><div class='av-masonry-image-container'  ><img decoding=\"async\" width=\"300\" height=\"200\" fetchpriority=\"high\" class=\"wp-image-6464502 avia-img-lazy-loading-not-6464502\"  src=\"https:\/\/boulder.earth\/wp-content\/uploads\/2025\/05\/neighborhood-accelerator-program.png\" title=\"neighborhood-accelerator-program\" alt=\"\" srcset=\"https:\/\/boulder.earth\/wp-content\/uploads\/2025\/05\/neighborhood-accelerator-program.png 300w, https:\/\/boulder.earth\/wp-content\/uploads\/2025\/05\/neighborhood-accelerator-program-18x12.png 18w\" sizes=\"(max-width: 300px) 100vw, 300px\" \/><\/div><\/div><figcaption class='av-inner-masonry-content site-background'><div class='av-inner-masonry-content-pos'><div class='av-inner-masonry-content-pos-content'><div class='avia-arrow'><\/div><div class='av-masonry-entry-content entry-content'  itemprop=\"text\" >10-week cohort that helps people turn their neighborhoods into thriving communities<\/div><\/div><\/div><\/figcaption><\/figure><\/a><!--end av-masonry entry--><a href=\"https:\/\/boulder.earth\/es\/organizations\/ollin-farms\/\"  id='av-masonry-1-item-69598' data-av-masonry-item='69598' class='av-masonry-entry isotope-item post-69598 portfolio type-portfolio status-publish has-post-thumbnail hentry portfolio_entries-agriculture portfolio_entries-environment portfolio_entries-food portfolio_entries-fracking portfolio_entries-resilience portfolio_entries-resources  av-masonry-item-with-image' title=\"OllinGranjasLogotipo\"   itemscope=\"itemscope\" itemtype=\"https:\/\/schema.org\/CreativeWork\" ><div class='av-inner-masonry-sizer'><\/div><figure class='av-inner-masonry main_color'><div class=\"av-masonry-outerimage-container\"><div class='av-masonry-image-container'  ><img decoding=\"async\" width=\"500\" height=\"333\" fetchpriority=\"high\" class=\"wp-image-69599 avia-img-lazy-loading-not-69599\"  src=\"https:\/\/boulder.earth\/wp-content\/uploads\/2018\/04\/OllinFarmsLogo.png\" title=\"OllinGranjasLogotipo\" alt=\"\" srcset=\"https:\/\/boulder.earth\/wp-content\/uploads\/2018\/04\/OllinFarmsLogo.png 500w, https:\/\/boulder.earth\/wp-content\/uploads\/2018\/04\/OllinFarmsLogo-300x200.png 300w, https:\/\/boulder.earth\/wp-content\/uploads\/2018\/04\/OllinFarmsLogo-450x300.png 450w\" sizes=\"(max-width: 500px) 100vw, 500px\" \/><\/div><\/div><figcaption class='av-inner-masonry-content site-background'><div class='av-inner-masonry-content-pos'><div class='av-inner-masonry-content-pos-content'><div class='avia-arrow'><\/div><div class='av-masonry-entry-content entry-content'  itemprop=\"text\" >Producir productos agr\u00edcolas de la m\u00e1s alta calidad sin dejar de regenerar los ecosistemas circundantes<\/div><\/div><\/div><\/figcaption><\/figure><\/a><!--end av-masonry entry--><a href=\"https:\/\/boulder.earth\/es\/organizations\/solutions-voyage\/\"  id='av-masonry-1-item-20456' data-av-masonry-item='20456' class='av-masonry-entry isotope-item post-20456 portfolio type-portfolio status-publish has-post-thumbnail hentry portfolio_entries-arts-culture portfolio_entries-community portfolio_entries-education portfolio_entries-resilience  av-masonry-item-with-image' title=\"soluciones-viaje\"   itemscope=\"itemscope\" itemtype=\"https:\/\/schema.org\/CreativeWork\" ><div class='av-inner-masonry-sizer'><\/div><figure class='av-inner-masonry main_color'><div class=\"av-masonry-outerimage-container\"><div class='av-masonry-image-container'  ><img decoding=\"async\" width=\"500\" height=\"333\" fetchpriority=\"high\" class=\"wp-image-20459 avia-img-lazy-loading-not-20459\"  src=\"https:\/\/boulder.earth\/wp-content\/uploads\/2017\/09\/solutions-voyage.png\" title=\"soluciones-viaje\" alt=\"\" srcset=\"https:\/\/boulder.earth\/wp-content\/uploads\/2017\/09\/solutions-voyage.png 500w, https:\/\/boulder.earth\/wp-content\/uploads\/2017\/09\/solutions-voyage-300x200.png 300w, https:\/\/boulder.earth\/wp-content\/uploads\/2017\/09\/solutions-voyage-450x300.png 450w\" sizes=\"(max-width: 500px) 100vw, 500px\" \/><\/div><\/div><figcaption class='av-inner-masonry-content site-background'><div class='av-inner-masonry-content-pos'><div class='av-inner-masonry-content-pos-content'><div class='avia-arrow'><\/div><div class='av-masonry-entry-content entry-content'  itemprop=\"text\" >una organizaci\u00f3n educativa sin fines de lucro enfocada en desarrollar comunidades m\u00e1s resilientes a trav\u00e9s de eventos basados en la conexi\u00f3n humana y el compromiso c\u00edvico<\/div><\/div><\/div><\/figcaption><\/figure><\/a><!--end av-masonry entry--><a href=\"https:\/\/boulder.earth\/es\/organizations\/sustainable-resilient-longmont\/\"  id='av-masonry-1-item-69593' data-av-masonry-item='69593' class='av-masonry-entry isotope-item post-69593 portfolio type-portfolio status-publish has-post-thumbnail hentry portfolio_entries-community portfolio_entries-energy portfolio_entries-fracking portfolio_entries-programproject portfolio_entries-resilience  av-masonry-item-with-image' title=\"SostenibleLogotipo\"   itemscope=\"itemscope\" itemtype=\"https:\/\/schema.org\/CreativeWork\" ><div class='av-inner-masonry-sizer'><\/div><figure class='av-inner-masonry main_color'><div class=\"av-masonry-outerimage-container\"><div class='av-masonry-image-container'  ><img decoding=\"async\" width=\"500\" height=\"333\" fetchpriority=\"high\" class=\"wp-image-69595 avia-img-lazy-loading-not-69595\"  src=\"https:\/\/boulder.earth\/wp-content\/uploads\/2018\/04\/SustainableLogo.png\" title=\"SostenibleLogotipo\" alt=\"\" srcset=\"https:\/\/boulder.earth\/wp-content\/uploads\/2018\/04\/SustainableLogo.png 500w, https:\/\/boulder.earth\/wp-content\/uploads\/2018\/04\/SustainableLogo-300x200.png 300w, https:\/\/boulder.earth\/wp-content\/uploads\/2018\/04\/SustainableLogo-450x300.png 450w\" sizes=\"(max-width: 500px) 100vw, 500px\" \/><\/div><\/div><figcaption class='av-inner-masonry-content site-background'><div class='av-inner-masonry-content-pos'><div class='av-inner-masonry-content-pos-content'><div class='avia-arrow'><\/div><div class='av-masonry-entry-content entry-content'  itemprop=\"text\" >Colaborando con la comunidad de Longmont para cultivar una ciudad sostenible y pr\u00f3spera<\/div><\/div><\/div><\/figcaption><\/figure><\/a><!--end av-masonry entry--><a href=\"https:\/\/boulder.earth\/es\/organizations\/tree-plenish\/\"  id='av-masonry-1-item-5477363' data-av-masonry-item='5477363' class='av-masonry-entry isotope-item post-5477363 portfolio type-portfolio status-publish has-post-thumbnail hentry portfolio_entries-environment portfolio_entries-resilience  av-masonry-item-with-image' title=\"\u00e1rbol-plenish\"   itemscope=\"itemscope\" itemtype=\"https:\/\/schema.org\/CreativeWork\" ><div class='av-inner-masonry-sizer'><\/div><figure class='av-inner-masonry main_color'><div class=\"av-masonry-outerimage-container\"><div class='av-masonry-image-container'  ><img decoding=\"async\" width=\"300\" height=\"200\" fetchpriority=\"high\" class=\"wp-image-5477364 avia-img-lazy-loading-not-5477364\"  src=\"https:\/\/boulder.earth\/wp-content\/uploads\/2022\/04\/tree-plenish-logo.png\" title=\"\u00e1rbol-plenish\" alt=\"\" srcset=\"https:\/\/boulder.earth\/wp-content\/uploads\/2022\/04\/tree-plenish-logo.png 300w, https:\/\/boulder.earth\/wp-content\/uploads\/2022\/04\/tree-plenish-logo-18x12.png 18w\" sizes=\"(max-width: 300px) 100vw, 300px\" \/><\/div><\/div><figcaption class='av-inner-masonry-content site-background'><div class='av-inner-masonry-content-pos'><div class='av-inner-masonry-content-pos-content'><div class='avia-arrow'><\/div><div class='av-masonry-entry-content entry-content'  itemprop=\"text\" >Los clubes ambientales de Centaurus, Peak to Peak, Monarch, Boulder y Fairview High School tienen como objetivo hacer su parte en la plantaci\u00f3n de \u00e1rboles al asociarse con Tree-Plenish.<\/div><\/div><\/div><\/figcaption><\/figure><\/a><!--end av-masonry entry--><\/div><\/div><br \/>\n<section  class='av_textblock_section av-ug0p0zm8-d71da0c4a6157f3aef33d05d43a31155'   itemscope=\"itemscope\" itemtype=\"https:\/\/schema.org\/CreativeWork\" ><div class='avia_textblock'  itemprop=\"text\" ><h3 style=\"text-align: center;\">\u00bfDebe su organizaci\u00f3n estar en la lista?<\/h3>\n<\/div><\/section><br \/>\n<div  class='avia-button-wrap av-tbf7t780-3d321a1d209f7f78dbcb53dbc056f3b2-wrap avia-button-center  avia-builder-el-9  el_after_av_textblock  avia-builder-el-last'><a href='\/es\/feedback\/'  class='avia-button av-tbf7t780-3d321a1d209f7f78dbcb53dbc056f3b2 av-link-btn avia-icon_select-yes-left-icon avia-size-x-large avia-position-center avia-color-theme-color'  target=\"_blank\"  rel=\"noopener noreferrer\"  aria-label=\"Comparte tu informaci\u00f3n aqu\u00ed\"><span class='avia_button_icon avia_button_icon_left avia-iconfont avia-font-entypo-fontello' data-av_icon='\ue8d2' data-av_iconfont='entypo-fontello' ><\/span><span class='avia_iconbox_title' >Comparte tu informaci\u00f3n aqu\u00ed<\/span><\/a><\/div><\/p><\/div>\n<style type=\"text\/css\" data-created_by=\"avia_inline_auto\" id=\"style-css-av-rrcwcgk0-9ff6e782e063c3b6ec86475bfe0ddea2\">\n#top .hr.hr-invisible.av-rrcwcgk0-9ff6e782e063c3b6ec86475bfe0ddea2{\nheight:30px;\n}\n<\/style>\n<div  class='hr av-rrcwcgk0-9ff6e782e063c3b6ec86475bfe0ddea2 hr-invisible  avia-builder-el-10  el_after_av_one_full  el_before_av_textblock'><span class='hr-inner'><span class=\"hr-inner-style\"><\/span><\/span><\/div><\/p>\n<section  class='av_textblock_section av-q6ad0f2o-54757751a75c4da1b3f12949f7bd8e9d'   itemscope=\"itemscope\" itemtype=\"https:\/\/schema.org\/CreativeWork\" ><div class='avia_textblock'  itemprop=\"text\" ><h1 id=\"orgs\" style=\"text-align: center;\">Obtenga m\u00e1s informaci\u00f3n sobre la resiliencia<\/h1>\n<p style=\"text-align: center;\">de estos \u00fatiles recursos, sitios web e historias<\/p>\n<\/div><\/section>\n<\/div><\/div><\/div><!-- close content main div --><\/div><\/div><div id='av-layout-grid-1'  class='av-layout-grid-container av-pgbajzv4-6ae960cc4f9ed62d950d46de33ee637f entry-content-wrapper alternate_color av-border-cells av-flex-cells  avia-builder-el-12  el_after_av_textblock  el_before_av_one_full  grid-row-not-first  container_wrap sidebar_right'  >\n\n<style type=\"text\/css\" data-created_by=\"avia_inline_auto\" id=\"style-css-av-nebtjkk0-8d4c83034250f44720ec13b8967d84b6\">\n.flex_cell.av-nebtjkk0-8d4c83034250f44720ec13b8967d84b6{\nvertical-align:top;\n}\n.responsive #top #wrap_all .flex_cell.av-nebtjkk0-8d4c83034250f44720ec13b8967d84b6{\npadding:30px 30px 30px 30px !important;\n}\n<\/style>\n<div class='flex_cell av-nebtjkk0-8d4c83034250f44720ec13b8967d84b6 av-gridrow-cell av_one_fourth no_margin  avia-builder-el-13  el_before_av_cell_one_fourth  avia-builder-el-first  content-align-top'  ><div class='flex_cell_inner'><p>\n<style type=\"text\/css\" data-created_by=\"avia_inline_auto\" id=\"style-css-av-28bsfpe8-50f3e3df46c8ad6084b43e506b29bfec\">\n.avia-image-container.av-28bsfpe8-50f3e3df46c8ad6084b43e506b29bfec img.avia_image{\nbox-shadow:none;\n}\n.avia-image-container.av-28bsfpe8-50f3e3df46c8ad6084b43e506b29bfec .av-image-caption-overlay-center{\ncolor:#ffffff;\n}\n<\/style>\n<div  class='avia-image-container av-28bsfpe8-50f3e3df46c8ad6084b43e506b29bfec av-styling- av-img-linked avia-align-center  avia-builder-el-14  el_before_av_textblock  avia-builder-el-first'   itemprop=\"image\" itemscope=\"itemscope\" itemtype=\"https:\/\/schema.org\/ImageObject\" ><div class=\"avia-image-container-inner\"><div class=\"avia-image-overlay-wrap\"><a href=\"https:\/\/chrisperleyblog.com\/2015\/03\/04\/resilience-principles-managing-for-an-uncertain-future\/\" class='avia_image'  target=\"_blank\"  rel=\"noopener noreferrer\" aria-label='definici\u00f3n-resiliencia-wordcloud'><img decoding=\"async\" fetchpriority=\"high\" class='wp-image-155630 avia-img-lazy-loading-not-155630 avia_image' src=\"https:\/\/boulder.earth\/wp-content\/uploads\/2019\/10\/defining-resilience-wordcloud-300x135.jpg\" alt='' title='definici\u00f3n-resiliencia-wordcloud'  height=\"135\" width=\"300\"  itemprop=\"thumbnailUrl\" srcset=\"https:\/\/boulder.earth\/wp-content\/uploads\/2019\/10\/defining-resilience-wordcloud-300x135.jpg 300w, https:\/\/boulder.earth\/wp-content\/uploads\/2019\/10\/defining-resilience-wordcloud-450x202.jpg 450w, https:\/\/boulder.earth\/wp-content\/uploads\/2019\/10\/defining-resilience-wordcloud.jpg 640w\" sizes=\"(max-width: 300px) 100vw, 300px\" \/><\/a><\/div><\/div><\/div><br \/>\n<section  class='av_textblock_section av-lkhqgwuo-4c2f566e8db3d286a9787e3124a2ad5c'   itemscope=\"itemscope\" itemtype=\"https:\/\/schema.org\/CreativeWork\" ><div class='avia_textblock'  itemprop=\"text\" ><h4 class=\"entry-title\" style=\"text-align: center;\"><a href=\"https:\/\/chrisperleyblog.com\/2015\/03\/04\/resilience-principles-managing-for-an-uncertain-future\/\" target=\"_blank\" rel=\"bookmark noopener noreferrer\">Principios de resiliencia: gesti\u00f3n para un futuro incierto<\/a><\/h4>\n<div class=\"entry-content\">\n<p style=\"text-align: center;\">A continuaci\u00f3n se presentan tres conjuntos de principios para hacer frente a un mundo incierto.<br \/>\nPrimero, \u00a1tiene que haber un reconocimiento de que el mundo es complejo e incierto!<\/p>\n<\/div>\n<\/div><\/section><\/p>\n<\/div><\/div>\n<style type=\"text\/css\" data-created_by=\"avia_inline_auto\" id=\"style-css-av-75fa6s0-9d148baa93fcf011bfd97f7f58b9add6\">\n.flex_cell.av-75fa6s0-9d148baa93fcf011bfd97f7f58b9add6{\nvertical-align:top;\n}\n.responsive #top #wrap_all .flex_cell.av-75fa6s0-9d148baa93fcf011bfd97f7f58b9add6{\npadding:30px 30px 30px 30px !important;\n}\n<\/style>\n<div class='flex_cell av-75fa6s0-9d148baa93fcf011bfd97f7f58b9add6 av-gridrow-cell av_one_fourth no_margin  avia-builder-el-16  el_after_av_cell_one_fourth  el_before_av_cell_one_fourth  content-align-top'  ><div class='flex_cell_inner'><p>\n<style type=\"text\/css\" data-created_by=\"avia_inline_auto\" id=\"style-css-av-ic8r1780-0ff08d0b543242af3f09ae2868185030\">\n.avia-image-container.av-ic8r1780-0ff08d0b543242af3f09ae2868185030 img.avia_image{\nbox-shadow:none;\n}\n.avia-image-container.av-ic8r1780-0ff08d0b543242af3f09ae2868185030 .av-image-caption-overlay-center{\ncolor:#ffffff;\n}\n<\/style>\n<div  class='avia-image-container av-ic8r1780-0ff08d0b543242af3f09ae2868185030 av-styling- av-img-linked avia-align-center  avia-builder-el-17  el_before_av_textblock  avia-builder-el-first'   itemprop=\"image\" itemscope=\"itemscope\" itemtype=\"https:\/\/schema.org\/ImageObject\" ><div class=\"avia-image-container-inner\"><div class=\"avia-image-overlay-wrap\"><a href=\"https:\/\/www.resalliance.org\/key-concepts\" class='avia_image'  target=\"_blank\"  rel=\"noopener noreferrer\" aria-label='resiliencia-alianza'><img decoding=\"async\" fetchpriority=\"high\" class='wp-image-155636 avia-img-lazy-loading-not-155636 avia_image' src=\"https:\/\/boulder.earth\/wp-content\/uploads\/2019\/10\/resilience-alliance.jpg\" alt='' title='resiliencia-alianza'  height=\"135\" width=\"300\"  itemprop=\"thumbnailUrl\"  \/><\/a><\/div><\/div><\/div><br \/>\n<section  class='av_textblock_section av-hg1l993k-e122f9b5581f46b87e91620bcafac2b8'   itemscope=\"itemscope\" itemtype=\"https:\/\/schema.org\/CreativeWork\" ><div class='avia_textblock'  itemprop=\"text\" ><h4 style=\"text-align: center;\"><a href=\"https:\/\/www.resalliance.org\/key-concepts\" target=\"_blank\" rel=\"noopener noreferrer\">Conceptos clave de resiliencia<\/a><\/h4>\n<p style=\"text-align: center;\">La Alianza para la Resiliencia tiene buenas explicaciones sobre: Sistemas socioecol\u00f3gicos | Transformaci\u00f3n | Resiliencia | Panarqu\u00eda | Manejo adaptativo | Ciclo adaptativo | Capacidad de adaptarse<\/p>\n<\/div><\/section><\/p>\n<\/div><\/div>\n<style type=\"text\/css\" data-created_by=\"avia_inline_auto\" id=\"style-css-av-gk8blf4g-9b0c9772b0e71af8bbd46fb7134aa0ae\">\n.flex_cell.av-gk8blf4g-9b0c9772b0e71af8bbd46fb7134aa0ae{\nvertical-align:top;\n}\n.responsive #top #wrap_all .flex_cell.av-gk8blf4g-9b0c9772b0e71af8bbd46fb7134aa0ae{\npadding:30px 30px 30px 30px !important;\n}\n<\/style>\n<div class='flex_cell av-gk8blf4g-9b0c9772b0e71af8bbd46fb7134aa0ae av-gridrow-cell av_one_fourth no_margin  avia-builder-el-19  el_after_av_cell_one_fourth  el_before_av_cell_one_fourth  content-align-top'  ><div class='flex_cell_inner'><p>\n<style type=\"text\/css\" data-created_by=\"avia_inline_auto\" id=\"style-css-av-1fnb853k-bf85208d14ee3191b4d7319fefa8230e\">\n.avia-image-container.av-1fnb853k-bf85208d14ee3191b4d7319fefa8230e img.avia_image{\nbox-shadow:none;\n}\n.avia-image-container.av-1fnb853k-bf85208d14ee3191b4d7319fefa8230e .av-image-caption-overlay-center{\ncolor:#ffffff;\n}\n<\/style>\n<div  class='avia-image-container av-1fnb853k-bf85208d14ee3191b4d7319fefa8230e av-styling- av-img-linked avia-align-center  avia-builder-el-20  el_before_av_textblock  avia-builder-el-first'   itemprop=\"image\" itemscope=\"itemscope\" itemtype=\"https:\/\/schema.org\/ImageObject\" ><div class=\"avia-image-container-inner\"><div class=\"avia-image-overlay-wrap\"><a href=\"https:\/\/climatereadycommunities.org\/learn-more\/about-guidebook\/\" class='avia_image'  target=\"_blank\"  rel=\"noopener noreferrer\" aria-label='guia-practica'><img decoding=\"async\" fetchpriority=\"high\" class='wp-image-155640 avia-img-lazy-loading-not-155640 avia_image' src=\"https:\/\/boulder.earth\/wp-content\/uploads\/2019\/10\/practical-guide.jpg\" alt='' title='guia-practica'  height=\"135\" width=\"300\"  itemprop=\"thumbnailUrl\"  \/><\/a><\/div><\/div><\/div><br \/>\n<section  class='av_textblock_section av-d9m0100g-7580277c8da2d1018efa4c73e3849836'   itemscope=\"itemscope\" itemtype=\"https:\/\/schema.org\/CreativeWork\" ><div class='avia_textblock'  itemprop=\"text\" ><h4 class=\"uk-article-title\" style=\"text-align: center;\"><a href=\"https:\/\/climatereadycommunities.org\/learn-more\/about-guidebook\/\" target=\"_blank\" rel=\"noopener noreferrer\">Una gu\u00eda pr\u00e1ctica para desarrollar la resiliencia clim\u00e1tica<\/a><b><i><\/i><\/b><\/h4>\n<p style=\"text-align: center;\">Este recurso gratuito de <em>Comunidades preparadas para el clima<\/em> se basa en el marco de Resiliencia de toda la comunidad del Instituto Geos y recorre la creaci\u00f3n de un plan comunitario de resiliencia clim\u00e1tica.<\/p>\n<\/div><\/section><\/p>\n<\/div><\/div>\n<style type=\"text\/css\" data-created_by=\"avia_inline_auto\" id=\"style-css-av-c4t8uhg0-e5280989fb84928e996df69d379b1113\">\n.flex_cell.av-c4t8uhg0-e5280989fb84928e996df69d379b1113{\nvertical-align:top;\n}\n.responsive #top #wrap_all .flex_cell.av-c4t8uhg0-e5280989fb84928e996df69d379b1113{\npadding:30px 30px 30px 30px !important;\n}\n<\/style>\n<div class='flex_cell av-c4t8uhg0-e5280989fb84928e996df69d379b1113 av-gridrow-cell av_one_fourth no_margin  avia-builder-el-22  el_after_av_cell_one_fourth  avia-builder-el-last  content-align-top'  ><div class='flex_cell_inner'><p>\n<style type=\"text\/css\" data-created_by=\"avia_inline_auto\" id=\"style-css-av-acn6zbo0-0fd294bc7519261e70ded271f06c319e\">\n.avia-image-container.av-acn6zbo0-0fd294bc7519261e70ded271f06c319e img.avia_image{\nbox-shadow:none;\n}\n.avia-image-container.av-acn6zbo0-0fd294bc7519261e70ded271f06c319e .av-image-caption-overlay-center{\ncolor:#ffffff;\n}\n<\/style>\n<div  class='avia-image-container av-acn6zbo0-0fd294bc7519261e70ded271f06c319e av-styling- av-img-linked avia-align-center  avia-builder-el-23  el_before_av_textblock  avia-builder-el-first'   itemprop=\"image\" itemscope=\"itemscope\" itemtype=\"https:\/\/schema.org\/ImageObject\" ><div class=\"avia-image-container-inner\"><div class=\"avia-image-overlay-wrap\"><a href=\"http:\/\/icleiusa.org\/programs\/climate-preparedness\/\" class='avia_image'  target=\"_blank\"  rel=\"noopener noreferrer\" aria-label='Ciudades resilientes ICLEI'><img decoding=\"async\" fetchpriority=\"high\" class='wp-image-161288 avia-img-lazy-loading-not-161288 avia_image' src=\"https:\/\/boulder.earth\/wp-content\/uploads\/2019\/11\/ICLEI-resilient-cities.jpg\" alt='' title='Ciudades resilientes ICLEI'  height=\"135\" width=\"300\"  itemprop=\"thumbnailUrl\"  \/><\/a><\/div><\/div><\/div><br \/>\n<section  class='av_textblock_section av-9vkmvk5s-48b931b0543157012d49fc8037463c5a'   itemscope=\"itemscope\" itemtype=\"https:\/\/schema.org\/CreativeWork\" ><div class='avia_textblock'  itemprop=\"text\" ><h4 class=\"uk-article-title\" style=\"text-align: center;\"><a href=\"https:\/\/climatereadycommunities.org\/learn-more\/about-guidebook\/\" target=\"_blank\" rel=\"noopener noreferrer\">Programas de preparaci\u00f3n clim\u00e1tica de ICLEI<\/a><b><i><\/i><\/b><\/h4>\n<p style=\"text-align: center;\">ICLEI ha entendido los riesgos que enfrentan las comunidades, pero tambi\u00e9n los pasos hacia la resiliencia, brindando asistencia t\u00e9cnica a ciudades, pueblos y condados en sus esfuerzos por adaptarse al cambio clim\u00e1tico.<\/p>\n<\/div><\/section><\/p>\n<\/div><\/div>\n<\/div><div id='after_grid_row_1'  class='main_color av_default_container_wrap container_wrap sidebar_right'  ><div class='container av-section-cont-open' ><div class='template-page content  av-content-small alpha units'><div class='post-entry post-entry-type-page post-entry-5476816'><div class='entry-content-wrapper clearfix'>\n\n<style type=\"text\/css\" data-created_by=\"avia_inline_auto\" id=\"style-css-av-877cr780-d38dc5bac96ed3de2922f7018d263f14\">\n.flex_column.av-877cr780-d38dc5bac96ed3de2922f7018d263f14{\nborder-radius:0px 0px 0px 0px;\npadding:0px 0px 0px 0px;\n}\n<\/style>\n<div  class='flex_column av-877cr780-d38dc5bac96ed3de2922f7018d263f14 av_one_full  avia-builder-el-25  el_after_av_layout_row  el_before_av_one_full  avia-builder-el-first  first flex_column_div av-zero-column-padding'     ><section  class='av_textblock_section av-735vxwsw-16b65716ebe808c737be06e05b143656'   itemscope=\"itemscope\" itemtype=\"https:\/\/schema.org\/CreativeWork\" ><div class='avia_textblock'  itemprop=\"text\" ><h1 id=\"navigating\">M\u00e1s noticias y recursos sobre resiliencia<\/h1>\n<h3><a href=\"\/reports\/gar19distilled.pdf\" target=\"_blank\" rel=\"noopener noreferrer\">Informe de evaluaci\u00f3n global de 2019 sobre la reducci\u00f3n del riesgo de desastres<\/a><\/h3>\n<p>La Oficina de las Naciones Unidas para la Reducci\u00f3n del Riesgo de Desastres (UNDRR) trabaja con pensadores, profesionales, expertos e innovadores para investigar el estado del riesgo en todo el mundo, destacando las novedades, detectando tendencias emergentes, revelando patrones perturbadores, examinando el comportamiento y presentando el progreso en la reducci\u00f3n del riesgo. . Los hallazgos conforman el Informe de Evaluaci\u00f3n Global sobre la Reducci\u00f3n del Riesgo de Desastres (GAR), que se publica cada dos a\u00f1os. <a href=\"\/reports\/gar19distilled.pdf\" target=\"_blank\" rel=\"noopener noreferrer\">Descargar PDF<\/a><\/p>\n<hr \/>\n<h3><a href=\"https:\/\/ww2.energy.ca.gov\/2018publications\/CEC-500-2018-022\/CEC-500-2018-022.pdf\" target=\"_blank\" rel=\"noopener noreferrer\">Informe de an\u00e1lisis de microrred y estudios de casos<\/a><\/h3>\n<p>Revisi\u00f3n de la Comisi\u00f3n de Energ\u00eda de California de las microrredes de California, EE. UU. y el mundo. <a href=\"https:\/\/ww2.energy.ca.gov\/2018publications\/CEC-500-2018-022\/CEC-500-2018-022.pdf\" target=\"_blank\" rel=\"noopener noreferrer\">Descargar PDF<\/a><\/p>\n<hr \/>\n<h3><a href=\"https:\/\/microgridknowledge.com\/airport-microgrid-california\/\" target=\"_blank\" rel=\"noopener noreferrer\">La microrred del aeropuerto en el norte de California busca crear un modelo replicable<\/a><\/h3>\n<p>Revisi\u00f3n de la microrred del aeropuerto de Redwood Coast. <a href=\"https:\/\/microgridknowledge.com\/airport-microgrid-california\/\" target=\"_blank\" rel=\"noopener noreferrer\">Lea la historia de conocimientos sobre microrredes<\/a><\/p>\n<hr \/>\n<h3 class=\"entry-title\"><a href=\"https:\/\/www.greentechmedia.com\/articles\/read\/will-pges-power-blackouts-catalyze-californias-microgrids-market\" target=\"_blank\" rel=\"noopener noreferrer\">\u00bfLos apagones de PG&amp;E catalizar\u00e1n el mercado de microrredes de California?<\/a><\/h3>\n<p>Discusi\u00f3n sobre el potencial de las microrredes para proteger contra la amenaza de incendios forestales en California. <a href=\"https:\/\/www.greentechmedia.com\/articles\/read\/will-pges-power-blackouts-catalyze-californias-microgrids-market\" target=\"_blank\" rel=\"noopener noreferrer\">Lea la historia de Green Tech Media<\/a><\/p>\n<hr \/>\n<h3 id=\"articleTitle\" class=\"articleTitle\"><a href=\"https:\/\/www.govtech.com\/fs\/infrastructure\/Wildfire-Risks-Spark-a-Move-to-Microgrids-in-California.html\" target=\"_blank\" rel=\"noopener noreferrer\">Los riesgos de incendios forestales provocan un movimiento hacia las microrredes en California<\/a><\/h3>\n<p>Discusi\u00f3n sobre el potencial de las microrredes para proteger contra la amenaza de incendios forestales en California. <a href=\"https:\/\/www.govtech.com\/fs\/infrastructure\/Wildfire-Risks-Spark-a-Move-to-Microgrids-in-California.html\" target=\"_blank\" rel=\"noopener noreferrer\">Lea la historia de GovTech<\/a><\/p>\n<hr \/>\n<h3><a href=\"https:\/\/www.greentechmedia.com\/articles\/read\/lessons-learned-from-californias-pioneering-microgrids\" target=\"_blank\" rel=\"noopener noreferrer\">Lecciones aprendidas de la microrred pionera de California<\/a><\/h3>\n<p>Revisi\u00f3n del desempe\u00f1o de siete microrredes en California. <a href=\"https:\/\/www.greentechmedia.com\/articles\/read\/lessons-learned-from-californias-pioneering-microgrids\" target=\"_blank\" rel=\"noopener noreferrer\">Descargar PDF<\/a><\/p>\n<\/div><\/section><\/div>\n\n<style type=\"text\/css\" data-created_by=\"avia_inline_auto\" id=\"style-css-av-58j0x0i8-272f0dbac00ea96b17d16968b14c5ee8\">\n.flex_column.av-58j0x0i8-272f0dbac00ea96b17d16968b14c5ee8{\nborder-radius:0px 0px 0px 0px;\npadding:0px 0px 0px 0px;\n}\n<\/style>\n<div  class='flex_column av-58j0x0i8-272f0dbac00ea96b17d16968b14c5ee8 av_one_full  avia-builder-el-27  el_after_av_one_full  avia-builder-el-last  first flex_column_div av-zero-column-padding  column-top-margin'     ><br \/>\n\n<style type=\"text\/css\" data-created_by=\"avia_inline_auto\" id=\"style-css-av-3bq3q4wg-3da14f2c5a8644f454a7166b5c8894e9\">\n#top .hr.hr-invisible.av-3bq3q4wg-3da14f2c5a8644f454a7166b5c8894e9{\nheight:30px;\n}\n<\/style>\n<div  class='hr av-3bq3q4wg-3da14f2c5a8644f454a7166b5c8894e9 hr-invisible  avia-builder-el-29  el_after_av_codeblock  el_before_av_social_share'><span class='hr-inner'><span class=\"hr-inner-style\"><\/span><\/span><\/div><br \/>\n<div  class='av-social-sharing-box av-1ol57h74-3b1c14bf6df06b8321a000d5b7a8757c av-social-sharing-box-default  avia-builder-el-30  el_after_av_hr  avia-builder-el-last  av-social-sharing-box-fullwidth'><div class=\"av-share-box\"><h5 class='av-share-link-description av-no-toc'>Comparta esta informaci\u00f3n de CMAP<\/h5><ul class=\"av-share-box-list noLightbox\"><li class='av-share-link av-social-link-facebook avia_social_iconfont' ><a target=\"_blank\" aria-label=\"Compartir en Facebook\" href='https:\/\/www.facebook.com\/sharer.php?u=https:\/\/boulder.earth\/es\/resilience\/&#038;t=Resilience' data-av_icon='\ue8f3' data-av_iconfont='entypo-fontello'  title='' data-avia-related-tooltip='Share on Facebook'><span class='avia_hidden_link_text'>Compartir en Facebook<\/span><\/a><\/li><li class='av-share-link av-social-link-twitter avia_social_iconfont' ><a target=\"_blank\" aria-label=\"Compartir en X\" href='https:\/\/twitter.com\/share?text=Resilience&#038;url=https:\/\/boulder.earth\/es\/?p=5476816' data-av_icon='\ue932' data-av_iconfont='entypo-fontello'  title='' data-avia-related-tooltip='Share on X'><span class='avia_hidden_link_text'>Compartir en X<\/span><\/a><\/li><li class='av-share-link av-social-link-whatsapp avia_social_iconfont' ><a target=\"_blank\" aria-label=\"Compartir en WhatsApp\" href='https:\/\/api.whatsapp.com\/send?text=https:\/\/boulder.earth\/es\/resilience\/' data-av_icon='\uf232' data-av_iconfont='entypo-fontello'  title='' data-avia-related-tooltip='Share on WhatsApp'><span class='avia_hidden_link_text'>Compartir en WhatsApp<\/span><\/a><\/li><li class='av-share-link av-social-link-pinterest avia_social_iconfont' ><a target=\"_blank\" aria-label=\"Compartir en Pinterest\" href='https:\/\/pinterest.com\/pin\/create\/button\/?url=https%3A%2F%2Fboulder.earth%2Fes%2Fresilience%2F&#038;description=Resilience&#038;media=https%3A%2F%2Fboulder.earth%2Fwp-content%2Fuploads%2F2019%2F10%2Fresilience-1.png' data-av_icon='\ue8f8' data-av_iconfont='entypo-fontello'  title='' data-avia-related-tooltip='Share on Pinterest'><span class='avia_hidden_link_text'>Compartir en Pinterest<\/span><\/a><\/li><li class='av-share-link av-social-link-linkedin avia_social_iconfont' ><a target=\"_blank\" aria-label=\"Compartir en LinkedIn\" href='https:\/\/linkedin.com\/shareArticle?mini=true&#038;title=Resilience&#038;url=https:\/\/boulder.earth\/es\/resilience\/' data-av_icon='\ue8fc' data-av_iconfont='entypo-fontello'  title='' data-avia-related-tooltip='Share on LinkedIn'><span class='avia_hidden_link_text'>Compartir en LinkedIn<\/span><\/a><\/li><li class='av-share-link av-social-link-tumblr avia_social_iconfont' ><a target=\"_blank\" aria-label=\"Compartir en Tumblr\" href='https:\/\/www.tumblr.com\/share\/link?url=https%3A%2F%2Fboulder.earth%2Fes%2Fresilience%2F&#038;name=Resilience&#038;description=Ensuring%20our%20community%20can%20withstand%20sudden%20and%20gradual%20emergencies%20with%20systems%20to%20regenerate%20environmental%20and%20community%20well%20being' data-av_icon='\ue8fa' data-av_iconfont='entypo-fontello'  title='' data-avia-related-tooltip='Share on Tumblr'><span class='avia_hidden_link_text'>Compartir en Tumblr<\/span><\/a><\/li><li class='av-share-link av-social-link-vk avia_social_iconfont' ><a target=\"_blank\" aria-label=\"Compartir en Vk\" href='https:\/\/vk.com\/share.php?url=https:\/\/boulder.earth\/es\/resilience\/' data-av_icon='\ue926' data-av_iconfont='entypo-fontello'  title='' data-avia-related-tooltip='Share on Vk'><span class='avia_hidden_link_text'>Compartir en Vk<\/span><\/a><\/li><li class='av-share-link av-social-link-reddit avia_social_iconfont' ><a target=\"_blank\" aria-label=\"Compartir en Reddit\" href='https:\/\/reddit.com\/submit?url=https:\/\/boulder.earth\/es\/resilience\/&#038;title=Resilience' data-av_icon='\ue927' data-av_iconfont='entypo-fontello'  title='' data-avia-related-tooltip='Share on Reddit'><span class='avia_hidden_link_text'>Compartir en Reddit<\/span><\/a><\/li><li class='av-share-link av-social-link-mail avia_social_iconfont' ><a  aria-label=\"Compartir por correo\" href='mailto:?subject=Resilience&#038;body=https:\/\/boulder.earth\/es\/resilience\/' data-av_icon='\ue805' data-av_iconfont='entypo-fontello'  title='' data-avia-related-tooltip='Share by Mail'><span class='avia_hidden_link_text'>Compartir por correo<\/span><\/a><\/li><\/ul><\/div><\/div><\/p><\/div>","protected":false},"excerpt":{"rendered":"<p>Garantizar que nuestra comunidad pueda resistir emergencias repentinas y graduales con sistemas para regenerar el bienestar ambiental y comunitario.<\/p>","protected":false},"author":1,"featured_media":157227,"parent":0,"menu_order":0,"comment_status":"closed","ping_status":"closed","template":"","meta":{"footnotes":""},"class_list":["post-5476816","page","type-page","status-publish","has-post-thumbnail","hentry"],"_links":{"self":[{"href":"https:\/\/boulder.earth\/es\/wp-json\/wp\/v2\/pages\/5476816","targetHints":{"allow":["GET"]}}],"collection":[{"href":"https:\/\/boulder.earth\/es\/wp-json\/wp\/v2\/pages"}],"about":[{"href":"https:\/\/boulder.earth\/es\/wp-json\/wp\/v2\/types\/page"}],"author":[{"embeddable":true,"href":"https:\/\/boulder.earth\/es\/wp-json\/wp\/v2\/users\/1"}],"replies":[{"embeddable":true,"href":"https:\/\/boulder.earth\/es\/wp-json\/wp\/v2\/comments?post=5476816"}],"version-history":[{"count":2,"href":"https:\/\/boulder.earth\/es\/wp-json\/wp\/v2\/pages\/5476816\/revisions"}],"predecessor-version":[{"id":5476841,"href":"https:\/\/boulder.earth\/es\/wp-json\/wp\/v2\/pages\/5476816\/revisions\/5476841"}],"wp:featuredmedia":[{"embeddable":true,"href":"https:\/\/boulder.earth\/es\/wp-json\/wp\/v2\/media\/157227"}],"wp:attachment":[{"href":"https:\/\/boulder.earth\/es\/wp-json\/wp\/v2\/media?parent=5476816"}],"curies":[{"name":"wp","href":"https:\/\/api.w.org\/{rel}","templated":true}]}}