{"id":74568,"date":"2018-05-09T15:37:14","date_gmt":"2018-05-09T21:37:14","guid":{"rendered":"https:\/\/boulder.earth\/?page_id=74568"},"modified":"2022-01-13T18:07:55","modified_gmt":"2022-01-14T00:07:55","slug":"agriculture","status":"publish","type":"page","link":"https:\/\/boulder.earth\/es\/agriculture\/","title":{"rendered":"Agricultura"},"content":{"rendered":"<section  class='av_textblock_section av-fuk7r9k-b83183acc13f10dde74d09c9aadc8290'   itemscope=\"itemscope\" itemtype=\"https:\/\/schema.org\/CreativeWork\" ><div class='avia_textblock'  itemprop=\"text\" ><h1 style=\"text-align: center;\">Agricultura sostenible y regenerativa<\/h1>\n<\/div><\/section>\n\n<style type=\"text\/css\" data-created_by=\"avia_inline_auto\" id=\"style-css-av-fd9vcmg-1776fd10f4da6ca891ac9d51a1f14b0d\">\n.flex_column.av-fd9vcmg-1776fd10f4da6ca891ac9d51a1f14b0d{\nborder-radius:0px 0px 0px 0px;\npadding:0px 0px 0px 0px;\n}\n<\/style>\n<div  class='flex_column av-fd9vcmg-1776fd10f4da6ca891ac9d51a1f14b0d av_one_half  avia-builder-el-1  el_after_av_textblock  el_before_av_one_half  first flex_column_div av-zero-column-padding  column-top-margin'     ><section  class='av_textblock_section av-1htbyug-f9b614c4d771fa386e49d7b5bf5c3837'   itemscope=\"itemscope\" itemtype=\"https:\/\/schema.org\/CreativeWork\" ><div class='avia_textblock'  itemprop=\"text\" ><h2>Cava esto:<\/h2>\n<p><strong>Agricultura sostenible<\/strong> es absolutamente esencial para nuestra comunidad local y global satisfacer las necesidades alimentarias y textiles en el presente sin comprometer la capacidad de las generaciones futuras para satisfacer sus propias necesidades. De hecho, a medida que aumenta el ritmo del cambio clim\u00e1tico, debemos dar un paso m\u00e1s en la curaci\u00f3n del planeta y sus recursos con <strong>agricultura regenerativa<\/strong>.<\/p>\n<p>practicantes de <strong>Agricultura sostenible<\/strong> buscan integrar tres objetivos principales a su trabajo: un medio ambiente sano, la rentabilidad econ\u00f3mica y la equidad social y econ\u00f3mica. Cada persona involucrada en el sistema alimentario (productores, procesadores de alimentos, distribuidores, minoristas, consumidores y administradores de desechos) puede desempe\u00f1ar un papel para garantizar un sistema agr\u00edcola sostenible.<\/p>\n<p><strong>Agricultura Regenerativa <\/strong>describe pr\u00e1cticas agr\u00edcolas y de pastoreo que, entre otros beneficios, invierten el cambio clim\u00e1tico al reconstruir la materia org\u00e1nica del suelo y restaurar la biodiversidad degradada del suelo, lo que da como resultado tanto la reducci\u00f3n de carbono como la mejora del ciclo del agua.<\/p>\n<p><a href=\"http:\/\/asi.ucdavis.edu\/programs\/sarep\/about\/what-is-sustainable-agriculture\" target=\"_blank\" rel=\"noopener noreferrer\"><em>Mucho prestado de UC Davis<\/em><\/a> &#038; <a href=\"https:\/\/regenerationinternational.org\/why-regenerative-agriculture\/\" target=\"_blank\" rel=\"noopener noreferrer\"><em>Regeneraci\u00f3n Internacional<\/em><\/a><\/p>\n<\/div><\/section><\/div>\n\n<style type=\"text\/css\" data-created_by=\"avia_inline_auto\" id=\"style-css-av-eo6xcko-00dc9d8c7c1b85c02bf7579509d20a1c\">\n.flex_column.av-eo6xcko-00dc9d8c7c1b85c02bf7579509d20a1c{\nborder-radius:0px 0px 0px 0px;\npadding:0px 0px 0px 0px;\n}\n<\/style>\n<div  class='flex_column av-eo6xcko-00dc9d8c7c1b85c02bf7579509d20a1c av_one_half  avia-builder-el-3  el_after_av_one_half  el_before_av_one_full  flex_column_div av-zero-column-padding  column-top-margin'     ><div  class='avia-video av-1f255go-e89482bf1b9456a92130fcbdc7cf2301 avia-video-16-9 av-no-preview-image avia-video-load-always av-lazyload-immediate av-lazyload-video-embed'  itemprop=\"video\" itemtype=\"https:\/\/schema.org\/VideoObject\"  data-original_url='https:\/\/youtu.be\/hWkYtZxpQUo'><script type='text\/html' class='av-video-tmpl'><div class='avia-iframe-wrap'><iframe loading=\"lazy\" title=\"Organic Regenerative Farming is the Future of Agriculture | The Future of Food\" width=\"1500\" height=\"844\" src=\"https:\/\/www.youtube.com\/embed\/hWkYtZxpQUo?feature=oembed&autoplay=0&loop=0&controls=1&mute=0\" frameborder=\"0\" allow=\"accelerometer; autoplay; clipboard-write; encrypted-media; gyroscope; picture-in-picture\" allowfullscreen><\/iframe><\/div><\/script><div class='av-click-to-play-overlay'><div class=\"avia_playpause_icon\"><\/div><\/div><\/div><\/div>\n\n<style type=\"text\/css\" data-created_by=\"avia_inline_auto\" id=\"style-css-av-k1a3rc-b8069d4f541fee149a6c1368c15455e8\">\n.flex_column.av-k1a3rc-b8069d4f541fee149a6c1368c15455e8{\nborder-radius:0px 0px 0px 0px;\npadding:0px 0px 0px 0px;\n}\n<\/style>\n<div  class='flex_column av-k1a3rc-b8069d4f541fee149a6c1368c15455e8 av_one_full  avia-builder-el-5  el_after_av_one_half  el_before_av_submenu  avia-builder-el-last  first flex_column_div av-zero-column-padding  column-top-margin'     ><section  class='av_textblock_section av-jtev5lyt-2e9612a71ebadc7be2d5d7aa6c0c9835'   itemscope=\"itemscope\" itemtype=\"https:\/\/schema.org\/CreativeWork\" ><div class='avia_textblock'  itemprop=\"text\" ><h4 style=\"text-align: center;\">Las siguientes pr\u00e1cticas agr\u00edcolas, ganaderas y de uso de la tierra se utilizan para crear sistemas alimentarios regenerativos y ecosistemas naturales saludables.<\/h4>\n<p style=\"text-align: center;\"><strong><a href=\"http:\/\/regenerationinternational.org\/tag\/aquaculture\/\">Acuicultura<\/a><\/strong> |\u00a0 <a href=\"http:\/\/regenerationinternational.org\/tag\/agroecology\"><strong>Agroecolog\u00eda<\/strong><\/a> |\u00a0\u00a0<strong><a href=\"http:\/\/regenerationinternational.org\/tag\/agroforestry\/\">Agroforester\u00eda<\/a> |\u00a0\u00a0<\/strong><strong><a href=\"http:\/\/regenerationinternational.org\/tag\/biochar\">Biocarb\u00f3n<\/a><\/strong> |\u00a0 <strong><a href=\"http:\/\/regenerationinternational.org\/tag\/compost\">Compost<\/a> |\u00a0\u00a0<\/strong><strong><a href=\"http:\/\/regenerationinternational.org\/tag\/holistic-planned-grazing\/\">Pastoreo hol\u00edstico planificado<\/a> |\u00a0\u00a0<\/strong><strong><a href=\"http:\/\/regenerationinternational.org\/tag\/no-till\">sin labranza<\/a> |\u00a0\u00a0<\/strong><strong><a href=\"http:\/\/regenerationinternational.org\/tag\/pasture-cropping\/\">cultivo de pastos<\/a> |\u00a0\u00a0<\/strong><strong><a href=\"https:\/\/regenerationinternational.org\/tag\/perennials\/\">Cultivos perennes<\/a> |\u00a0\u00a0<\/strong><strong><a href=\"http:\/\/regenerationinternational.org\/tag\/silvopasture\/\">Silvopastura<\/a><\/strong><\/p>\n<\/div><\/section><\/div>\n<\/div><\/div><\/div><!-- close content main div --><\/div><\/div><div class='clear'><\/div><div id='sub_menu1'  class='av-submenu-container av-diz0kfc-02caad089108c9b7837c44be1d85a908 header_color  avia-builder-el-7  el_after_av_one_full  el_before_av_one_full  av-sticky-submenu submenu-not-first container_wrap sidebar_right' style='z-index:301' ><div class='container av-menu-mobile-disabled av-submenu-pos-center'><ul id='av-custom-submenu-1' class='av-subnav-menu' role='menu'>\n<li class='menu-item av-cy3eyco-8c5961d9c2da94cfa33bafbf842e0860 menu-item-top-level menu-item-top-level-1' role='menuitem'><a href=''  ><span class='avia-bullet'><\/span><span class='avia-menu-text'>Secciones de Agricultura Sostenible: <\/span><\/a><\/li>\n<li class='menu-item av-cjbiai0-824d1d4dcffb37b9c2704f38ac83127e menu-item-top-level av-menu-button av-menu-button-colored menu-item-top-level-2' role='menuitem'><a href='#orgs'  ><span class='avia-bullet'><\/span><span class='avia-menu-text'>Organizaciones<\/span><\/a><\/li>\n<li class='menu-item av-l9zrag-debde983dc5429f9fe726bed76aeb258 menu-item-top-level av-menu-button av-menu-button-colored menu-item-top-level-3' role='menuitem'><a href='#news'  ><span class='avia-bullet'><\/span><span class='avia-menu-text'>Noticias y recursos<\/span><\/a><\/li>\n<li class='menu-item av-17x6grs-95f3b8ba6062b6addc9cde3a3d0f0ed5 menu-item-top-level av-menu-button av-menu-button-colored menu-item-top-level-4' role='menuitem'><a href='#actions'  ><span class='avia-bullet'><\/span><span class='avia-menu-text'>Comportamiento<\/span><\/a><\/li>\n<\/ul><\/div><\/div><div class='sticky_placeholder'><\/div><div id='after_submenu_1'  class='main_color av_default_container_wrap container_wrap sidebar_right'  ><div class='container av-section-cont-open' ><div class='template-page content  av-content-small alpha units'><div class='post-entry post-entry-type-page post-entry-74568'><div class='entry-content-wrapper clearfix'>\n\n<style type=\"text\/css\" data-created_by=\"avia_inline_auto\" id=\"style-css-av-2p13rpk-232f024fe7858f224f2aa83a52ef6417\">\n.flex_column.av-2p13rpk-232f024fe7858f224f2aa83a52ef6417{\nborder-radius:0px 0px 0px 0px;\npadding:0px 0px 0px 0px;\n}\n<\/style>\n<div  class='flex_column av-2p13rpk-232f024fe7858f224f2aa83a52ef6417 av_one_full  avia-builder-el-8  el_after_av_submenu  el_before_av_hr  avia-builder-el-first  first flex_column_div av-zero-column-padding'     ><section  class='av_textblock_section av-26t4de0-b8f092d2d7ae290ec54bba6b3188159b'   itemscope=\"itemscope\" itemtype=\"https:\/\/schema.org\/CreativeWork\" ><div class='avia_textblock'  itemprop=\"text\" ><h1 id=\"orgs\" style=\"text-align: center;\">Organizaciones locales que abordan la agricultura<\/h1>\n<\/div><\/section><br \/>\n<div id='av-masonry-1' class='av-masonry av-1ngrs94-7b8d70a955e181b464e27397284c280e noHover av-flex-size av-large-gap av-hover-overlay-active av-masonry-animation-active av-masonry-col-5 av-caption-on-hover av-caption-style-overlay av-masonry-entries av-mini-columns-overwrite av-mini-columns-3' data-post_id=\"74568\"><div class=\"av-masonry-container isotope av-js-disabled\"><div class='av-masonry-entry isotope-item av-masonry-item-no-image'><\/div><a href=\"https:\/\/boulder.earth\/es\/organizations\/flatirons-farmers-coalition\/\"  id='av-masonry-1-item-6464090' data-av-masonry-item='6464090' class='av-masonry-entry isotope-item post-6464090 portfolio type-portfolio status-publish has-post-thumbnail hentry portfolio_entries-agriculture portfolio_entries-business portfolio_entries-food portfolio_entries-resources  av-masonry-item-with-image' title=\"Coalici\u00f3n de Agricultores de Flatirons\"   itemscope=\"itemscope\" itemtype=\"https:\/\/schema.org\/CreativeWork\" ><div class='av-inner-masonry-sizer'><\/div><figure class='av-inner-masonry main_color'><div class=\"av-masonry-outerimage-container\"><div class='av-masonry-image-container'  ><img decoding=\"async\" width=\"300\" height=\"200\" fetchpriority=\"high\" class=\"wp-image-6464092 avia-img-lazy-loading-not-6464092\"  src=\"https:\/\/boulder.earth\/wp-content\/uploads\/2025\/04\/FlatironsFarmersCoalition.png\" title=\"Coalici\u00f3n de Agricultores de Flatirons\" alt=\"\" srcset=\"https:\/\/boulder.earth\/wp-content\/uploads\/2025\/04\/FlatironsFarmersCoalition.png 300w, https:\/\/boulder.earth\/wp-content\/uploads\/2025\/04\/FlatironsFarmersCoalition-18x12.png 18w\" sizes=\"(max-width: 300px) 100vw, 300px\" \/><\/div><\/div><figcaption class='av-inner-masonry-content site-background'><div class='av-inner-masonry-content-pos'><div class='av-inner-masonry-content-pos-content'><div class='avia-arrow'><\/div><div class='av-masonry-entry-content entry-content'  itemprop=\"text\" >Agricultores, ganaderos y defensores de los alimentos locales del condado de Boulder trabajan para cocrear una comunidad agr\u00edcola m\u00e1s inclusiva y regenerativa.<\/div><\/div><\/div><\/figcaption><\/figure><\/a><!--end av-masonry entry--><a href=\"https:\/\/boulder.earth\/es\/organizations\/nude-foods\/\"  id='av-masonry-1-item-6464083' data-av-masonry-item='6464083' class='av-masonry-entry isotope-item post-6464083 portfolio type-portfolio status-publish has-post-thumbnail hentry portfolio_entries-agriculture portfolio_entries-business portfolio_entries-food portfolio_entries-food-waste portfolio_entries-zero-waste  av-masonry-item-with-image' title=\"Logotipo de Nude Foods\"   itemscope=\"itemscope\" itemtype=\"https:\/\/schema.org\/CreativeWork\" ><div class='av-inner-masonry-sizer'><\/div><figure class='av-inner-masonry main_color'><div class=\"av-masonry-outerimage-container\"><div class='av-masonry-image-container'  ><img decoding=\"async\" width=\"300\" height=\"200\" fetchpriority=\"high\" class=\"wp-image-6464084 avia-img-lazy-loading-not-6464084\"  src=\"https:\/\/boulder.earth\/wp-content\/uploads\/2025\/04\/Nude-Foods-Logo.png\" title=\"Logotipo de Nude Foods\" alt=\"\" srcset=\"https:\/\/boulder.earth\/wp-content\/uploads\/2025\/04\/Nude-Foods-Logo.png 300w, https:\/\/boulder.earth\/wp-content\/uploads\/2025\/04\/Nude-Foods-Logo-18x12.png 18w\" sizes=\"(max-width: 300px) 100vw, 300px\" \/><\/div><\/div><figcaption class='av-inner-masonry-content site-background'><div class='av-inner-masonry-content-pos'><div class='av-inner-masonry-content-pos-content'><div class='avia-arrow'><\/div><div class='av-masonry-entry-content entry-content'  itemprop=\"text\" >Una tienda de comestibles con servicio completo y la forma m\u00e1s f\u00e1cil de comprar alimentos org\u00e1nicos, locales y sin desperdicios.<\/div><\/div><\/div><\/figcaption><\/figure><\/a><!--end av-masonry entry--><a href=\"https:\/\/boulder.earth\/es\/organizations\/earth-love-gardens\/\"  id='av-masonry-1-item-5487062' data-av-masonry-item='5487062' class='av-masonry-entry isotope-item post-5487062 portfolio type-portfolio status-publish has-post-thumbnail hentry portfolio_entries-agriculture portfolio_entries-community portfolio_entries-education portfolio_entries-food portfolio_entries-pollinators  av-masonry-item-with-image' title=\"jardines-tierra-amor\"   itemscope=\"itemscope\" itemtype=\"https:\/\/schema.org\/CreativeWork\" ><div class='av-inner-masonry-sizer'><\/div><figure class='av-inner-masonry main_color'><div class=\"av-masonry-outerimage-container\"><div class='av-masonry-image-container'  ><img decoding=\"async\" width=\"300\" height=\"200\" fetchpriority=\"high\" class=\"wp-image-5487063 avia-img-lazy-loading-not-5487063\"  src=\"https:\/\/boulder.earth\/wp-content\/uploads\/2024\/12\/earth-love-gardens.png\" title=\"jardines-tierra-amor\" alt=\"\" srcset=\"https:\/\/boulder.earth\/wp-content\/uploads\/2024\/12\/earth-love-gardens.png 300w, https:\/\/boulder.earth\/wp-content\/uploads\/2024\/12\/earth-love-gardens-18x12.png 18w\" sizes=\"(max-width: 300px) 100vw, 300px\" \/><\/div><\/div><figcaption class='av-inner-masonry-content site-background'><div class='av-inner-masonry-content-pos'><div class='av-inner-masonry-content-pos-content'><div class='avia-arrow'><\/div><div class='av-masonry-entry-content entry-content'  itemprop=\"text\" >Dise\u00f1ar y crear jardines comestibles y amigables con los polinizadores y liderar comunidades de voluntarios para crear conexiones con la tierra.<\/div><\/div><\/div><\/figcaption><\/figure><\/a><!--end av-masonry entry--><a href=\"https:\/\/boulder.earth\/es\/organizations\/flatirons-young-farmers-coalition\/\"  id='av-masonry-1-item-5479783' data-av-masonry-item='5479783' class='av-masonry-entry isotope-item post-5479783 portfolio type-portfolio status-publish has-post-thumbnail hentry portfolio_entries-agriculture portfolio_entries-community portfolio_entries-education portfolio_entries-food  av-masonry-item-with-image' title=\"coalici\u00f3n de j\u00f3venes agricultores flatirons\"   itemscope=\"itemscope\" itemtype=\"https:\/\/schema.org\/CreativeWork\" ><div class='av-inner-masonry-sizer'><\/div><figure class='av-inner-masonry main_color'><div class=\"av-masonry-outerimage-container\"><div class='av-masonry-image-container'  ><img decoding=\"async\" width=\"300\" height=\"200\" fetchpriority=\"high\" class=\"wp-image-5479784 avia-img-lazy-loading-not-5479784\"  src=\"https:\/\/boulder.earth\/wp-content\/uploads\/2022\/12\/flatirons-young-farmers.png\" title=\"coalici\u00f3n de j\u00f3venes agricultores flatirons\" alt=\"\" srcset=\"https:\/\/boulder.earth\/wp-content\/uploads\/2022\/12\/flatirons-young-farmers.png 300w, https:\/\/boulder.earth\/wp-content\/uploads\/2022\/12\/flatirons-young-farmers-18x12.png 18w\" sizes=\"(max-width: 300px) 100vw, 300px\" \/><\/div><\/div><figcaption class='av-inner-masonry-content site-background'><div class='av-inner-masonry-content-pos'><div class='av-inner-masonry-content-pos-content'><div class='avia-arrow'><\/div><div class='av-masonry-entry-content entry-content'  itemprop=\"text\" >Apoyando a los agricultores j\u00f3venes y principiantes en el condado de Boulder<\/div><\/div><\/div><\/figcaption><\/figure><\/a><!--end av-masonry entry--><a href=\"https:\/\/boulder.earth\/es\/organizations\/drylands-agroecology-research\/\"  id='av-masonry-1-item-5477009' data-av-masonry-item='5477009' class='av-masonry-entry isotope-item post-5477009 portfolio type-portfolio status-publish has-post-thumbnail hentry portfolio_entries-agriculture portfolio_entries-resilience  av-masonry-item-with-image' title=\"tierras secasagroecolog\u00edainvestigaci\u00f3n\"   itemscope=\"itemscope\" itemtype=\"https:\/\/schema.org\/CreativeWork\" ><div class='av-inner-masonry-sizer'><\/div><figure class='av-inner-masonry main_color'><div class=\"av-masonry-outerimage-container\"><div class='av-masonry-image-container'  ><img decoding=\"async\" width=\"300\" height=\"200\" fetchpriority=\"high\" class=\"wp-image-5477010 avia-img-lazy-loading-not-5477010\"  src=\"https:\/\/boulder.earth\/wp-content\/uploads\/2022\/02\/drylandsagroecologyresearch.png\" title=\"tierras secasagroecolog\u00edainvestigaci\u00f3n\" alt=\"\" \/><\/div><\/div><figcaption class='av-inner-masonry-content site-background'><div class='av-inner-masonry-content-pos'><div class='av-inner-masonry-content-pos-content'><div class='avia-arrow'><\/div><div class='av-masonry-entry-content entry-content'  itemprop=\"text\" >Dise\u00f1ar sistemas agr\u00edcolas de tierras secas basados en los principios de la ecolog\u00eda, de modo que los paisajes resultantes secuestren carbono, retengan la humedad, mejoren la biodiversidad y produzcan alimentos nutritivos para los humanos.<\/div><\/div><\/div><\/figcaption><\/figure><\/a><!--end av-masonry entry--><a href=\"https:\/\/boulder.earth\/es\/organizations\/restore-colorado\/\"  id='av-masonry-1-item-657045' data-av-masonry-item='657045' class='av-masonry-entry isotope-item post-657045 portfolio type-portfolio status-publish has-post-thumbnail hentry portfolio_entries-agriculture portfolio_entries-food portfolio_entries-zero-waste  av-masonry-item-with-image' title=\"restaurar colorado\"   itemscope=\"itemscope\" itemtype=\"https:\/\/schema.org\/CreativeWork\" ><div class='av-inner-masonry-sizer'><\/div><figure class='av-inner-masonry main_color'><div class=\"av-masonry-outerimage-container\"><div class='av-masonry-image-container'  ><img decoding=\"async\" width=\"300\" height=\"200\" fetchpriority=\"high\" class=\"wp-image-657712 avia-img-lazy-loading-not-657712\"  src=\"https:\/\/boulder.earth\/wp-content\/uploads\/2021\/02\/RestoreColorado.png\" title=\"restaurar colorado\" alt=\"\" \/><\/div><\/div><figcaption class='av-inner-masonry-content site-background'><div class='av-inner-masonry-content-pos'><div class='av-inner-masonry-content-pos-content'><div class='avia-arrow'><\/div><div class='av-masonry-entry-content entry-content'  itemprop=\"text\" >mejorar la resiliencia y abordar el cambio clim\u00e1tico a trav\u00e9s de alimentos y suelos saludables en granjas y ranchos locales<\/div><\/div><\/div><\/figcaption><\/figure><\/a><!--end av-masonry entry--><a href=\"https:\/\/boulder.earth\/es\/organizations\/yellow-barn-farm\/\"  id='av-masonry-1-item-534374' data-av-masonry-item='534374' class='av-masonry-entry isotope-item post-534374 portfolio type-portfolio status-publish has-post-thumbnail hentry portfolio_entries-agriculture portfolio_entries-community portfolio_entries-food  av-masonry-item-with-image' title=\"granja de granero amarillo\"   itemscope=\"itemscope\" itemtype=\"https:\/\/schema.org\/CreativeWork\" ><div class='av-inner-masonry-sizer'><\/div><figure class='av-inner-masonry main_color'><div class=\"av-masonry-outerimage-container\"><div class='av-masonry-image-container'  ><img decoding=\"async\" width=\"300\" height=\"200\" fetchpriority=\"high\" class=\"wp-image-534412 avia-img-lazy-loading-not-534412\"  src=\"https:\/\/boulder.earth\/wp-content\/uploads\/2021\/02\/yellowbarnfarm.png\" title=\"granja de granero amarillo\" alt=\"\" \/><\/div><\/div><figcaption class='av-inner-masonry-content site-background'><div class='av-inner-masonry-content-pos'><div class='av-inner-masonry-content-pos-content'><div class='avia-arrow'><\/div><div class='av-masonry-entry-content entry-content'  itemprop=\"text\" >Construyendo una comunidad en torno a pr\u00e1cticas regenerativas y sostenibles en agricultura, educaci\u00f3n y juego colaborativo<\/div><\/div><\/div><\/figcaption><\/figure><\/a><!--end av-masonry entry--><a href=\"https:\/\/boulder.earth\/es\/organizations\/boundless-landscapes\/\"  id='av-masonry-1-item-180747' data-av-masonry-item='180747' class='av-masonry-entry isotope-item post-180747 portfolio type-portfolio status-publish has-post-thumbnail hentry portfolio_entries-agriculture portfolio_entries-food portfolio_entries-resilience portfolio_entries-resources  av-masonry-item-with-image' title=\"paisajes-sin-limites\"   itemscope=\"itemscope\" itemtype=\"https:\/\/schema.org\/CreativeWork\" ><div class='av-inner-masonry-sizer'><\/div><figure class='av-inner-masonry main_color'><div class=\"av-masonry-outerimage-container\"><div class='av-masonry-image-container'  ><img decoding=\"async\" width=\"300\" height=\"200\" fetchpriority=\"high\" class=\"wp-image-180750 avia-img-lazy-loading-not-180750\"  src=\"https:\/\/boulder.earth\/wp-content\/uploads\/2020\/01\/boundless-landscapes.png\" title=\"paisajes-sin-limites\" alt=\"\" \/><\/div><\/div><figcaption class='av-inner-masonry-content site-background'><div class='av-inner-masonry-content-pos'><div class='av-inner-masonry-content-pos-content'><div class='avia-arrow'><\/div><div class='av-masonry-entry-content entry-content'  itemprop=\"text\" >Convirtiendo el mundo en un jard\u00edn al convertir c\u00e9spedes y espacios infrautilizados en pr\u00f3speros jardines de alimentos para combatir el cambio clim\u00e1tico y construir comunidades m\u00e1s resilientes.<\/div><\/div><\/div><\/figcaption><\/figure><\/a><!--end av-masonry entry--><a href=\"https:\/\/boulder.earth\/es\/organizations\/garden-to-table\/\"  id='av-masonry-1-item-167237' data-av-masonry-item='167237' class='av-masonry-entry isotope-item post-167237 portfolio type-portfolio status-publish has-post-thumbnail hentry portfolio_entries-agriculture portfolio_entries-education portfolio_entries-food  av-masonry-item-with-image' title=\"jard\u00edn a la mesa\"   itemscope=\"itemscope\" itemtype=\"https:\/\/schema.org\/CreativeWork\" ><div class='av-inner-masonry-sizer'><\/div><figure class='av-inner-masonry main_color'><div class=\"av-masonry-outerimage-container\"><div class='av-masonry-image-container'  ><img decoding=\"async\" width=\"300\" height=\"200\" fetchpriority=\"high\" class=\"wp-image-167240 avia-img-lazy-loading-not-167240\"  src=\"https:\/\/boulder.earth\/wp-content\/uploads\/2019\/11\/garden-to-table.png\" title=\"jard\u00edn a la mesa\" alt=\"\" \/><\/div><\/div><figcaption class='av-inner-masonry-content site-background'><div class='av-inner-masonry-content-pos'><div class='av-inner-masonry-content-pos-content'><div class='avia-arrow'><\/div><div class='av-masonry-entry-content entry-content'  itemprop=\"text\" >Proporcionar a los ni\u00f1os experiencias educativas atractivas que los conecten con los alimentos, c\u00f3mo se cultivan y por qu\u00e9 las frutas y verduras son esenciales para su dieta.<\/div><\/div><\/div><\/figcaption><\/figure><\/a><!--end av-masonry entry--><a href=\"https:\/\/boulder.earth\/es\/organizations\/community-fruit-rescue\/\"  id='av-masonry-1-item-138927' data-av-masonry-item='138927' class='av-masonry-entry isotope-item post-138927 portfolio type-portfolio status-publish has-post-thumbnail hentry portfolio_entries-agriculture portfolio_entries-food portfolio_entries-food-waste  av-masonry-item-with-image' title=\"comunidad-fruta-rescate\"   itemscope=\"itemscope\" itemtype=\"https:\/\/schema.org\/CreativeWork\" ><div class='av-inner-masonry-sizer'><\/div><figure class='av-inner-masonry main_color'><div class=\"av-masonry-outerimage-container\"><div class='av-masonry-image-container'  ><img decoding=\"async\" width=\"300\" height=\"200\" fetchpriority=\"high\" class=\"wp-image-138928 avia-img-lazy-loading-not-138928\"  src=\"https:\/\/boulder.earth\/wp-content\/uploads\/2019\/08\/community-fruit-rescue.jpg\" title=\"comunidad-fruta-rescate\" alt=\"\" \/><\/div><\/div><figcaption class='av-inner-masonry-content site-background'><div class='av-inner-masonry-content-pos'><div class='av-inner-masonry-content-pos-content'><div class='avia-arrow'><\/div><div class='av-masonry-entry-content entry-content'  itemprop=\"text\" >Dedicado a cosechar y distribuir los excedentes de la fruticultura urbana en todo Boulder, Colorado<\/div><\/div><\/div><\/figcaption><\/figure><\/a><!--end av-masonry entry--><a href=\"https:\/\/boulder.earth\/es\/organizations\/the-golden-hoof\/\"  id='av-masonry-1-item-138904' data-av-masonry-item='138904' class='av-masonry-entry isotope-item post-138904 portfolio type-portfolio status-publish has-post-thumbnail hentry portfolio_entries-agriculture portfolio_entries-food portfolio_entries-food-waste  av-masonry-item-with-image' title=\"el-pezu\u00f1a-de-oro\"   itemscope=\"itemscope\" itemtype=\"https:\/\/schema.org\/CreativeWork\" ><div class='av-inner-masonry-sizer'><\/div><figure class='av-inner-masonry main_color'><div class=\"av-masonry-outerimage-container\"><div class='av-masonry-image-container'  ><img decoding=\"async\" width=\"300\" height=\"200\" fetchpriority=\"high\" class=\"wp-image-138907 avia-img-lazy-loading-not-138907\"  src=\"https:\/\/boulder.earth\/wp-content\/uploads\/2019\/08\/the-golden-hoof.png\" title=\"el-pezu\u00f1a-de-oro\" alt=\"\" \/><\/div><\/div><figcaption class='av-inner-masonry-content site-background'><div class='av-inner-masonry-content-pos'><div class='av-inner-masonry-content-pos-content'><div class='avia-arrow'><\/div><div class='av-masonry-entry-content entry-content'  itemprop=\"text\" >una &quot;granja regenerativa de Slow Food&quot; de 27 acres administrada con m\u00e9todos inspirados en los ecosistemas autosuficientes de la naturaleza<\/div><\/div><\/div><\/figcaption><\/figure><\/a><!--end av-masonry entry--><a href=\"https:\/\/boulder.earth\/es\/organizations\/longmont-food-rescue\/\"  id='av-masonry-1-item-127832' data-av-masonry-item='127832' class='av-masonry-entry isotope-item post-127832 portfolio type-portfolio status-publish has-post-thumbnail hentry portfolio_entries-agriculture portfolio_entries-food portfolio_entries-resources portfolio_entries-zero-waste  av-masonry-item-with-image' title=\"longmont-food-rescate\"   itemscope=\"itemscope\" itemtype=\"https:\/\/schema.org\/CreativeWork\" ><div class='av-inner-masonry-sizer'><\/div><figure class='av-inner-masonry main_color'><div class=\"av-masonry-outerimage-container\"><div class='av-masonry-image-container'  ><img decoding=\"async\" width=\"300\" height=\"200\" fetchpriority=\"high\" class=\"wp-image-127835 avia-img-lazy-loading-not-127835\"  src=\"https:\/\/boulder.earth\/wp-content\/uploads\/2019\/04\/longmont-food-rescue.png\" title=\"longmont-food-rescate\" alt=\"\" \/><\/div><\/div><figcaption class='av-inner-masonry-content site-background'><div class='av-inner-masonry-content-pos'><div class='av-inner-masonry-content-pos-content'><div class='avia-arrow'><\/div><div class='av-masonry-entry-content entry-content'  itemprop=\"text\" >Redirecci\u00f3n de alimentos perecederos: \u00a1justo a tiempo!<\/div><\/div><\/div><\/figcaption><\/figure><\/a><!--end av-masonry entry--><a href=\"https:\/\/boulder.earth\/es\/organizations\/community-food-share\/\"  id='av-masonry-1-item-84967' data-av-masonry-item='84967' class='av-masonry-entry isotope-item post-84967 portfolio type-portfolio status-publish has-post-thumbnail hentry portfolio_entries-agriculture portfolio_entries-community portfolio_entries-food portfolio_entries-food-waste portfolio_entries-justice  av-masonry-item-with-image' title=\"compartir comida comunitaria\"   itemscope=\"itemscope\" itemtype=\"https:\/\/schema.org\/CreativeWork\" ><div class='av-inner-masonry-sizer'><\/div><figure class='av-inner-masonry main_color'><div class=\"av-masonry-outerimage-container\"><div class='av-masonry-image-container'  ><img decoding=\"async\" width=\"300\" height=\"200\" fetchpriority=\"high\" class=\"wp-image-141837 avia-img-lazy-loading-not-141837\"  src=\"https:\/\/boulder.earth\/wp-content\/uploads\/2018\/06\/communityfoodshare.jpg\" title=\"compartir comida comunitaria\" alt=\"\" \/><\/div><\/div><figcaption class='av-inner-masonry-content site-background'><div class='av-inner-masonry-content-pos'><div class='av-inner-masonry-content-pos-content'><div class='avia-arrow'><\/div><div class='av-masonry-entry-content entry-content'  itemprop=\"text\" >Eliminar el hambre en los condados de Boulder y Broomfield a trav\u00e9s del compromiso, la colaboraci\u00f3n y el liderazgo.<\/div><\/div><\/div><\/figcaption><\/figure><\/a><!--end av-masonry entry--><a href=\"https:\/\/boulder.earth\/es\/organizations\/harvest-of-hope-pantry\/\"  id='av-masonry-1-item-84962' data-av-masonry-item='84962' class='av-masonry-entry isotope-item post-84962 portfolio type-portfolio status-publish has-post-thumbnail hentry portfolio_entries-agriculture portfolio_entries-community portfolio_entries-food portfolio_entries-justice  av-masonry-item-with-image' title=\"cosecha de esperanza\"   itemscope=\"itemscope\" itemtype=\"https:\/\/schema.org\/CreativeWork\" ><div class='av-inner-masonry-sizer'><\/div><figure class='av-inner-masonry main_color'><div class=\"av-masonry-outerimage-container\"><div class='av-masonry-image-container'  ><img decoding=\"async\" width=\"500\" height=\"333\" fetchpriority=\"high\" class=\"wp-image-84965 avia-img-lazy-loading-not-84965\"  src=\"https:\/\/boulder.earth\/wp-content\/uploads\/2018\/06\/harvest-of-hope.png\" title=\"cosecha de esperanza\" alt=\"\" srcset=\"https:\/\/boulder.earth\/wp-content\/uploads\/2018\/06\/harvest-of-hope.png 500w, https:\/\/boulder.earth\/wp-content\/uploads\/2018\/06\/harvest-of-hope-300x200.png 300w, https:\/\/boulder.earth\/wp-content\/uploads\/2018\/06\/harvest-of-hope-450x300.png 450w\" sizes=\"(max-width: 500px) 100vw, 500px\" \/><\/div><\/div><figcaption class='av-inner-masonry-content site-background'><div class='av-inner-masonry-content-pos'><div class='av-inner-masonry-content-pos-content'><div class='avia-arrow'><\/div><div class='av-masonry-entry-content entry-content'  itemprop=\"text\" >Brindar alimentos complementarios saludables a las familias de Boulder y a las personas que necesitan asistencia alimentaria en un entorno seguro, acogedor y sin prejuicios.<\/div><\/div><\/div><\/figcaption><\/figure><\/a><!--end av-masonry entry--><a href=\"https:\/\/boulder.earth\/es\/organizations\/uproot\/\"  id='av-masonry-1-item-82533' data-av-masonry-item='82533' class='av-masonry-entry isotope-item post-82533 portfolio type-portfolio status-publish has-post-thumbnail hentry portfolio_entries-agriculture portfolio_entries-education portfolio_entries-food portfolio_entries-food-waste portfolio_entries-policy portfolio_entries-zero-waste  av-masonry-item-with-image' title=\"desarraigar\"   itemscope=\"itemscope\" itemtype=\"https:\/\/schema.org\/CreativeWork\" ><div class='av-inner-masonry-sizer'><\/div><figure class='av-inner-masonry main_color'><div class=\"av-masonry-outerimage-container\"><div class='av-masonry-image-container'  ><img decoding=\"async\" width=\"500\" height=\"333\" fetchpriority=\"high\" class=\"wp-image-82535 avia-img-lazy-loading-not-82535\"  src=\"https:\/\/boulder.earth\/wp-content\/uploads\/2018\/06\/uproot-logo.png\" title=\"desarraigar\" alt=\"\" srcset=\"https:\/\/boulder.earth\/wp-content\/uploads\/2018\/06\/uproot-logo.png 500w, https:\/\/boulder.earth\/wp-content\/uploads\/2018\/06\/uproot-logo-300x200.png 300w, https:\/\/boulder.earth\/wp-content\/uploads\/2018\/06\/uproot-logo-450x300.png 450w\" sizes=\"(max-width: 500px) 100vw, 500px\" \/><\/div><\/div><figcaption class='av-inner-masonry-content site-background'><div class='av-inner-masonry-content-pos'><div class='av-inner-masonry-content-pos-content'><div class='avia-arrow'><\/div><div class='av-masonry-entry-content entry-content'  itemprop=\"text\" >Trabajando para administrar el excedente agr\u00edcola y reducir la p\u00e9rdida de alimentos en las granjas en todo el estado a trav\u00e9s de la recolecci\u00f3n, la educaci\u00f3n experiencial, la investigaci\u00f3n y la defensa legislativa.<\/div><\/div><\/div><\/figcaption><\/figure><\/a><!--end av-masonry entry--><a href=\"https:\/\/boulder.earth\/es\/organizations\/boulder-county-sustainability\/\"  id='av-masonry-1-item-79193' data-av-masonry-item='79193' class='av-masonry-entry isotope-item post-79193 portfolio type-portfolio status-publish has-post-thumbnail hentry portfolio_entries-agriculture portfolio_entries-environment portfolio_entries-food portfolio_entries-policy portfolio_entries-programproject portfolio_entries-resilience portfolio_entries-resources  av-masonry-item-with-image' title=\"BoCoSostenibilidadLogotipo\"   itemscope=\"itemscope\" itemtype=\"https:\/\/schema.org\/CreativeWork\" ><div class='av-inner-masonry-sizer'><\/div><figure class='av-inner-masonry main_color'><div class=\"av-masonry-outerimage-container\"><div class='av-masonry-image-container'  ><img decoding=\"async\" width=\"500\" height=\"333\" fetchpriority=\"high\" class=\"wp-image-79198 avia-img-lazy-loading-not-79198\"  src=\"https:\/\/boulder.earth\/wp-content\/uploads\/2018\/05\/BoCoSustainabilityLogo-1.png\" title=\"BoCoSostenibilidadLogotipo\" alt=\"\" srcset=\"https:\/\/boulder.earth\/wp-content\/uploads\/2018\/05\/BoCoSustainabilityLogo-1.png 500w, https:\/\/boulder.earth\/wp-content\/uploads\/2018\/05\/BoCoSustainabilityLogo-1-300x200.png 300w, https:\/\/boulder.earth\/wp-content\/uploads\/2018\/05\/BoCoSustainabilityLogo-1-450x300.png 450w\" sizes=\"(max-width: 500px) 100vw, 500px\" \/><\/div><\/div><figcaption class='av-inner-masonry-content site-background'><div class='av-inner-masonry-content-pos'><div class='av-inner-masonry-content-pos-content'><div class='avia-arrow'><\/div><div class='av-masonry-entry-content entry-content'  itemprop=\"text\" >Para garantizar que las operaciones y la toma de decisiones del condado de Boulder reflejen...<\/div><\/div><\/div><\/figcaption><\/figure><\/a><!--end av-masonry entry--><a href=\"https:\/\/boulder.earth\/es\/organizations\/ollin-farms\/\"  id='av-masonry-1-item-69598' data-av-masonry-item='69598' class='av-masonry-entry isotope-item post-69598 portfolio type-portfolio status-publish has-post-thumbnail hentry portfolio_entries-agriculture portfolio_entries-environment portfolio_entries-food portfolio_entries-fracking portfolio_entries-resilience portfolio_entries-resources  av-masonry-item-with-image' title=\"OllinGranjasLogotipo\"   itemscope=\"itemscope\" itemtype=\"https:\/\/schema.org\/CreativeWork\" ><div class='av-inner-masonry-sizer'><\/div><figure class='av-inner-masonry main_color'><div class=\"av-masonry-outerimage-container\"><div class='av-masonry-image-container'  ><img decoding=\"async\" width=\"500\" height=\"333\" fetchpriority=\"high\" class=\"wp-image-69599 avia-img-lazy-loading-not-69599\"  src=\"https:\/\/boulder.earth\/wp-content\/uploads\/2018\/04\/OllinFarmsLogo.png\" title=\"OllinGranjasLogotipo\" alt=\"\" srcset=\"https:\/\/boulder.earth\/wp-content\/uploads\/2018\/04\/OllinFarmsLogo.png 500w, https:\/\/boulder.earth\/wp-content\/uploads\/2018\/04\/OllinFarmsLogo-300x200.png 300w, https:\/\/boulder.earth\/wp-content\/uploads\/2018\/04\/OllinFarmsLogo-450x300.png 450w\" sizes=\"(max-width: 500px) 100vw, 500px\" \/><\/div><\/div><figcaption class='av-inner-masonry-content site-background'><div class='av-inner-masonry-content-pos'><div class='av-inner-masonry-content-pos-content'><div class='avia-arrow'><\/div><div class='av-masonry-entry-content entry-content'  itemprop=\"text\" >Producir productos agr\u00edcolas de la m\u00e1s alta calidad sin dejar de regenerar los ecosistemas circundantes<\/div><\/div><\/div><\/figcaption><\/figure><\/a><!--end av-masonry entry--><a href=\"https:\/\/boulder.earth\/es\/organizations\/seed-to-table-boulder-public-library\/\"  id='av-masonry-1-item-63586' data-av-masonry-item='63586' class='av-masonry-entry isotope-item post-63586 portfolio type-portfolio status-publish has-post-thumbnail hentry portfolio_entries-agriculture portfolio_entries-community portfolio_entries-environment portfolio_entries-food portfolio_entries-pollinators  av-masonry-item-with-image' title=\"BPL-Semillas-Jardines\"   itemscope=\"itemscope\" itemtype=\"https:\/\/schema.org\/CreativeWork\" ><div class='av-inner-masonry-sizer'><\/div><figure class='av-inner-masonry main_color'><div class=\"av-masonry-outerimage-container\"><div class='av-masonry-image-container'  ><img decoding=\"async\" width=\"500\" height=\"333\" fetchpriority=\"high\" class=\"wp-image-63592 avia-img-lazy-loading-not-63592\"  src=\"https:\/\/boulder.earth\/wp-content\/uploads\/2018\/04\/BPL-Seeds-Gardens.png\" title=\"BPL-Semillas-Jardines\" alt=\"\" srcset=\"https:\/\/boulder.earth\/wp-content\/uploads\/2018\/04\/BPL-Seeds-Gardens.png 500w, https:\/\/boulder.earth\/wp-content\/uploads\/2018\/04\/BPL-Seeds-Gardens-300x200.png 300w, https:\/\/boulder.earth\/wp-content\/uploads\/2018\/04\/BPL-Seeds-Gardens-450x300.png 450w\" sizes=\"(max-width: 500px) 100vw, 500px\" \/><\/div><\/div><figcaption class='av-inner-masonry-content site-background'><div class='av-inner-masonry-content-pos'><div class='av-inner-masonry-content-pos-content'><div class='avia-arrow'><\/div><div class='av-masonry-entry-content entry-content'  itemprop=\"text\" >Proporcionar paquetes de semillas de la biblioteca de semillas para cultivar flores y plantas comestibles en el hogar y organizar The Edible Learning Garden<\/div><\/div><\/div><\/figcaption><\/figure><\/a><!--end av-masonry entry--><a href=\"https:\/\/boulder.earth\/es\/organizations\/wild-boulder-citizen-science-in-action\/\"  id='av-masonry-1-item-62236' data-av-masonry-item='62236' class='av-masonry-entry isotope-item post-62236 portfolio type-portfolio status-publish has-post-thumbnail hentry portfolio_entries-agriculture portfolio_entries-community portfolio_entries-education portfolio_entries-pollinators portfolio_entries-science portfolio_entries-water  av-masonry-item-with-image' title=\"WildBoulder\"   itemscope=\"itemscope\" itemtype=\"https:\/\/schema.org\/CreativeWork\" ><div class='av-inner-masonry-sizer'><\/div><figure class='av-inner-masonry main_color'><div class=\"av-masonry-outerimage-container\"><div class='av-masonry-image-container'  ><img decoding=\"async\" width=\"500\" height=\"333\" fetchpriority=\"high\" class=\"wp-image-62241 avia-img-lazy-loading-not-62241\"  src=\"https:\/\/boulder.earth\/wp-content\/uploads\/2018\/04\/WildBoulder-1.png\" title=\"WildBoulder\" alt=\"\" srcset=\"https:\/\/boulder.earth\/wp-content\/uploads\/2018\/04\/WildBoulder-1.png 500w, https:\/\/boulder.earth\/wp-content\/uploads\/2018\/04\/WildBoulder-1-300x200.png 300w, https:\/\/boulder.earth\/wp-content\/uploads\/2018\/04\/WildBoulder-1-450x300.png 450w\" sizes=\"(max-width: 500px) 100vw, 500px\" \/><\/div><\/div><figcaption class='av-inner-masonry-content site-background'><div class='av-inner-masonry-content-pos'><div class='av-inner-masonry-content-pos-content'><div class='avia-arrow'><\/div><div class='av-masonry-entry-content entry-content'  itemprop=\"text\" >Enviar el llamado a los miembros de la comunidad para que asuman un papel activo en la protecci\u00f3n de nuestros espacios abiertos y la vida silvestre.<\/div><\/div><\/div><\/figcaption><\/figure><\/a><!--end av-masonry entry--><a href=\"https:\/\/boulder.earth\/es\/organizations\/xeric-gardens-resource-central\/\"  id='av-masonry-1-item-62225' data-av-masonry-item='62225' class='av-masonry-entry isotope-item post-62225 portfolio type-portfolio status-publish has-post-thumbnail hentry portfolio_entries-agriculture portfolio_entries-pollinators portfolio_entries-resources portfolio_entries-water portfolio_entries-zero-waste  av-masonry-item-with-image' title=\"central de recursos\"   itemscope=\"itemscope\" itemtype=\"https:\/\/schema.org\/CreativeWork\" ><div class='av-inner-masonry-sizer'><\/div><figure class='av-inner-masonry main_color'><div class=\"av-masonry-outerimage-container\"><div class='av-masonry-image-container'  ><img decoding=\"async\" width=\"300\" height=\"200\" fetchpriority=\"high\" class=\"wp-image-125887 avia-img-lazy-loading-not-125887\"  src=\"https:\/\/boulder.earth\/wp-content\/uploads\/2018\/04\/resource-central.png\" title=\"central de recursos\" alt=\"\" \/><\/div><\/div><figcaption class='av-inner-masonry-content site-background'><div class='av-inner-masonry-content-pos'><div class='av-inner-masonry-content-pos-content'><div class='avia-arrow'><\/div><div class='av-masonry-entry-content entry-content'  itemprop=\"text\" >dedicado a ayudar a las personas a ahorrar agua, reducir los desechos y conservar la energ\u00eda<\/div><\/div><\/div><\/figcaption><\/figure><\/a><!--end av-masonry entry--><a href=\"https:\/\/boulder.earth\/es\/organizations\/boulder-garden-club\/\"  id='av-masonry-1-item-62217' data-av-masonry-item='62217' class='av-masonry-entry isotope-item post-62217 portfolio type-portfolio status-publish has-post-thumbnail hentry portfolio_entries-agriculture portfolio_entries-community portfolio_entries-pollinators  av-masonry-item-with-image' title=\"BoulderJard\u00edn\"   itemscope=\"itemscope\" itemtype=\"https:\/\/schema.org\/CreativeWork\" ><div class='av-inner-masonry-sizer'><\/div><figure class='av-inner-masonry main_color'><div class=\"av-masonry-outerimage-container\"><div class='av-masonry-image-container'  ><img decoding=\"async\" width=\"500\" height=\"333\" fetchpriority=\"high\" class=\"wp-image-62216 avia-img-lazy-loading-not-62216\"  src=\"https:\/\/boulder.earth\/wp-content\/uploads\/2018\/04\/BoulderGarden.png\" title=\"BoulderJard\u00edn\" alt=\"\" srcset=\"https:\/\/boulder.earth\/wp-content\/uploads\/2018\/04\/BoulderGarden.png 500w, https:\/\/boulder.earth\/wp-content\/uploads\/2018\/04\/BoulderGarden-300x200.png 300w, https:\/\/boulder.earth\/wp-content\/uploads\/2018\/04\/BoulderGarden-450x300.png 450w\" sizes=\"(max-width: 500px) 100vw, 500px\" \/><\/div><\/div><figcaption class='av-inner-masonry-content site-background'><div class='av-inner-masonry-content-pos'><div class='av-inner-masonry-content-pos-content'><div class='avia-arrow'><\/div><div class='av-masonry-entry-content entry-content'  itemprop=\"text\" >Difundir el conocimiento de la jardiner\u00eda y estimular y promover el inter\u00e9s en los huertos familiares, los proyectos c\u00edvicos y el embellecimiento del \u00e1rea de Boulder.<\/div><\/div><\/div><\/figcaption><\/figure><\/a><!--end av-masonry entry--><a href=\"https:\/\/boulder.earth\/es\/organizations\/school-gardens-school-food-project\/\"  id='av-masonry-1-item-62204' data-av-masonry-item='62204' class='av-masonry-entry isotope-item post-62204 portfolio type-portfolio status-publish has-post-thumbnail hentry portfolio_entries-agriculture portfolio_entries-education portfolio_entries-food portfolio_entries-pollinators portfolio_entries-programproject  av-masonry-item-with-image' title=\"jardines escolares bvsd\"   itemscope=\"itemscope\" itemtype=\"https:\/\/schema.org\/CreativeWork\" ><div class='av-inner-masonry-sizer'><\/div><figure class='av-inner-masonry main_color'><div class=\"av-masonry-outerimage-container\"><div class='av-masonry-image-container'  ><img decoding=\"async\" width=\"500\" height=\"333\" fetchpriority=\"high\" class=\"wp-image-75398 avia-img-lazy-loading-not-75398\"  src=\"https:\/\/boulder.earth\/wp-content\/uploads\/2018\/04\/bvsd-school-gardens.png\" title=\"jardines escolares bvsd\" alt=\"\" srcset=\"https:\/\/boulder.earth\/wp-content\/uploads\/2018\/04\/bvsd-school-gardens.png 500w, https:\/\/boulder.earth\/wp-content\/uploads\/2018\/04\/bvsd-school-gardens-300x200.png 300w, https:\/\/boulder.earth\/wp-content\/uploads\/2018\/04\/bvsd-school-gardens-450x300.png 450w\" sizes=\"(max-width: 500px) 100vw, 500px\" \/><\/div><\/div><figcaption class='av-inner-masonry-content site-background'><div class='av-inner-masonry-content-pos'><div class='av-inner-masonry-content-pos-content'><div class='avia-arrow'><\/div><div class='av-masonry-entry-content entry-content'  itemprop=\"text\" >Brindar muchas oportunidades de aprendizaje pr\u00e1ctico para los estudiantes, incluidos consejos, herramientas y recursos para comenzar, mantener o ampliar los jardines escolares en el Manual de BVSD Garden As A Classroom.<\/div><\/div><\/div><\/figcaption><\/figure><\/a><!--end av-masonry entry--><a href=\"https:\/\/boulder.earth\/es\/organizations\/bee-chicas\/\"  id='av-masonry-1-item-60513' data-av-masonry-item='60513' class='av-masonry-entry isotope-item post-60513 portfolio type-portfolio status-publish has-post-thumbnail hentry portfolio_entries-agriculture portfolio_entries-community portfolio_entries-education portfolio_entries-pollinators  av-masonry-item-with-image' title=\"abeja-chicas\"   itemscope=\"itemscope\" itemtype=\"https:\/\/schema.org\/CreativeWork\" ><div class='av-inner-masonry-sizer'><\/div><figure class='av-inner-masonry main_color'><div class=\"av-masonry-outerimage-container\"><div class='av-masonry-image-container'  ><img decoding=\"async\" width=\"500\" height=\"333\" fetchpriority=\"high\" class=\"wp-image-60516 avia-img-lazy-loading-not-60516\"  src=\"https:\/\/boulder.earth\/wp-content\/uploads\/2018\/03\/bee-chicas.png\" title=\"abeja-chicas\" alt=\"\" srcset=\"https:\/\/boulder.earth\/wp-content\/uploads\/2018\/03\/bee-chicas.png 500w, https:\/\/boulder.earth\/wp-content\/uploads\/2018\/03\/bee-chicas-300x200.png 300w, https:\/\/boulder.earth\/wp-content\/uploads\/2018\/03\/bee-chicas-450x300.png 450w\" sizes=\"(max-width: 500px) 100vw, 500px\" \/><\/div><\/div><figcaption class='av-inner-masonry-content site-background'><div class='av-inner-masonry-content-pos'><div class='av-inner-masonry-content-pos-content'><div class='avia-arrow'><\/div><div class='av-masonry-entry-content entry-content'  itemprop=\"text\" >Una voz para los polinizadores, organizadores de las Celebraciones del Mes de Apreciaci\u00f3n de los Polinizadores de Boulder, que ofrecen talleres en la ciudad.<\/div><\/div><\/div><\/figcaption><\/figure><\/a><!--end av-masonry entry--><a href=\"https:\/\/boulder.earth\/es\/organizations\/school-food-project\/\"  id='av-masonry-1-item-60508' data-av-masonry-item='60508' class='av-masonry-entry isotope-item post-60508 portfolio type-portfolio status-publish has-post-thumbnail hentry portfolio_entries-agriculture portfolio_entries-education portfolio_entries-food portfolio_entries-food-waste portfolio_entries-pollinators portfolio_entries-programproject  av-masonry-item-with-image' title=\"bvsd-school-food-project\"   itemscope=\"itemscope\" itemtype=\"https:\/\/schema.org\/CreativeWork\" ><div class='av-inner-masonry-sizer'><\/div><figure class='av-inner-masonry main_color'><div class=\"av-masonry-outerimage-container\"><div class='av-masonry-image-container'  ><img decoding=\"async\" width=\"500\" height=\"333\" fetchpriority=\"high\" class=\"wp-image-60509 avia-img-lazy-loading-not-60509\"  src=\"https:\/\/boulder.earth\/wp-content\/uploads\/2018\/03\/bvsd-school-food-project.png\" title=\"bvsd-school-food-project\" alt=\"\" srcset=\"https:\/\/boulder.earth\/wp-content\/uploads\/2018\/03\/bvsd-school-food-project.png 500w, https:\/\/boulder.earth\/wp-content\/uploads\/2018\/03\/bvsd-school-food-project-300x200.png 300w, https:\/\/boulder.earth\/wp-content\/uploads\/2018\/03\/bvsd-school-food-project-450x300.png 450w\" sizes=\"(max-width: 500px) 100vw, 500px\" \/><\/div><\/div><figcaption class='av-inner-masonry-content site-background'><div class='av-inner-masonry-content-pos'><div class='av-inner-masonry-content-pos-content'><div class='avia-arrow'><\/div><div class='av-masonry-entry-content entry-content'  itemprop=\"text\" >Dedicado a mejorar la salud de cada estudiante proporcionando alimentos saludables y ofreciendo programas de educaci\u00f3n nutricional para desarrollar cuerpos y mentes j\u00f3venes.<\/div><\/div><\/div><\/figcaption><\/figure><\/a><!--end av-masonry entry--><a href=\"https:\/\/boulder.earth\/es\/organizations\/mad-agriculture\/\"  id='av-masonry-1-item-60157' data-av-masonry-item='60157' class='av-masonry-entry isotope-item post-60157 portfolio type-portfolio status-publish has-post-thumbnail hentry portfolio_entries-agriculture portfolio_entries-community portfolio_entries-education portfolio_entries-food portfolio_entries-resources  av-masonry-item-with-image' title=\"agricultura loca\"   itemscope=\"itemscope\" itemtype=\"https:\/\/schema.org\/CreativeWork\" ><div class='av-inner-masonry-sizer'><\/div><figure class='av-inner-masonry main_color'><div class=\"av-masonry-outerimage-container\"><div class='av-masonry-image-container'  ><img decoding=\"async\" width=\"500\" height=\"333\" fetchpriority=\"high\" class=\"wp-image-60160 avia-img-lazy-loading-not-60160\"  src=\"https:\/\/boulder.earth\/wp-content\/uploads\/2018\/03\/mad-ag.png\" title=\"agricultura loca\" alt=\"\" srcset=\"https:\/\/boulder.earth\/wp-content\/uploads\/2018\/03\/mad-ag.png 500w, https:\/\/boulder.earth\/wp-content\/uploads\/2018\/03\/mad-ag-300x200.png 300w, https:\/\/boulder.earth\/wp-content\/uploads\/2018\/03\/mad-ag-450x300.png 450w\" sizes=\"(max-width: 500px) 100vw, 500px\" \/><\/div><\/div><figcaption class='av-inner-masonry-content site-background'><div class='av-inner-masonry-content-pos'><div class='av-inner-masonry-content-pos-content'><div class='avia-arrow'><\/div><div class='av-masonry-entry-content entry-content'  itemprop=\"text\" >Impulsar una revoluci\u00f3n agr\u00edcola que restablezca nuestra relaci\u00f3n con la Tierra para que toda la vida pueda florecer para las generaciones venideras.<\/div><\/div><\/div><\/figcaption><\/figure><\/a><!--end av-masonry entry--><a href=\"https:\/\/boulder.earth\/es\/organizations\/regenerative-adventures\/\"  id='av-masonry-1-item-29129' data-av-masonry-item='29129' class='av-masonry-entry isotope-item post-29129 portfolio type-portfolio status-publish has-post-thumbnail hentry portfolio_entries-agriculture portfolio_entries-community portfolio_entries-education  av-masonry-item-with-image' title=\"aventuras regenerativas\"   itemscope=\"itemscope\" itemtype=\"https:\/\/schema.org\/CreativeWork\" ><div class='av-inner-masonry-sizer'><\/div><figure class='av-inner-masonry main_color'><div class=\"av-masonry-outerimage-container\"><div class='av-masonry-image-container'  ><img decoding=\"async\" width=\"500\" height=\"333\" fetchpriority=\"high\" class=\"wp-image-46211 avia-img-lazy-loading-not-46211\"  src=\"https:\/\/boulder.earth\/wp-content\/uploads\/2017\/11\/regenerative-adventures.jpg\" title=\"aventuras regenerativas\" alt=\"\" srcset=\"https:\/\/boulder.earth\/wp-content\/uploads\/2017\/11\/regenerative-adventures.jpg 500w, https:\/\/boulder.earth\/wp-content\/uploads\/2017\/11\/regenerative-adventures-300x200.jpg 300w, https:\/\/boulder.earth\/wp-content\/uploads\/2017\/11\/regenerative-adventures-450x300.jpg 450w\" sizes=\"(max-width: 500px) 100vw, 500px\" \/><\/div><\/div><figcaption class='av-inner-masonry-content site-background'><div class='av-inner-masonry-content-pos'><div class='av-inner-masonry-content-pos-content'><div class='avia-arrow'><\/div><div class='av-masonry-entry-content entry-content'  itemprop=\"text\" >facilitar los esfuerzos de colaboraci\u00f3n para dise\u00f1ar e instalar espacios creativos y \u00fatiles a trav\u00e9s de soluciones de dise\u00f1o ecol\u00f3gico, creando oportunidades durante todo el a\u00f1o para la participaci\u00f3n y la educaci\u00f3n de la comunidad<\/div><\/div><\/div><\/figcaption><\/figure><\/a><!--end av-masonry entry--><a href=\"https:\/\/boulder.earth\/es\/organizations\/edaphic-solutions\/\"  id='av-masonry-1-item-29305' data-av-masonry-item='29305' class='av-masonry-entry isotope-item post-29305 portfolio type-portfolio status-publish has-post-thumbnail hentry portfolio_entries-agriculture portfolio_entries-environment portfolio_entries-science  av-masonry-item-with-image' title=\"soluciones-ed\u00e1ficas\"   itemscope=\"itemscope\" itemtype=\"https:\/\/schema.org\/CreativeWork\" ><div class='av-inner-masonry-sizer'><\/div><figure class='av-inner-masonry main_color'><div class=\"av-masonry-outerimage-container\"><div class='av-masonry-image-container'  ><img decoding=\"async\" width=\"500\" height=\"333\" fetchpriority=\"high\" class=\"wp-image-29307 avia-img-lazy-loading-not-29307\"  src=\"https:\/\/boulder.earth\/wp-content\/uploads\/2017\/11\/edaphic-solutions.png\" title=\"soluciones-ed\u00e1ficas\" alt=\"\" srcset=\"https:\/\/boulder.earth\/wp-content\/uploads\/2017\/11\/edaphic-solutions.png 500w, https:\/\/boulder.earth\/wp-content\/uploads\/2017\/11\/edaphic-solutions-300x200.png 300w, https:\/\/boulder.earth\/wp-content\/uploads\/2017\/11\/edaphic-solutions-450x300.png 450w\" sizes=\"(max-width: 500px) 100vw, 500px\" \/><\/div><\/div><figcaption class='av-inner-masonry-content site-background'><div class='av-inner-masonry-content-pos'><div class='av-inner-masonry-content-pos-content'><div class='avia-arrow'><\/div><div class='av-masonry-entry-content entry-content'  itemprop=\"text\" >servicio local que produce y aplica t\u00e9 de compost, un rociador vivo para las plantas y el suelo, utilizando pruebas y biolog\u00eda para regenerar la salud del suelo y promover la administraci\u00f3n del suelo<\/div><\/div><\/div><\/figcaption><\/figure><\/a><!--end av-masonry entry--><a href=\"https:\/\/boulder.earth\/es\/organizations\/colorado-greywater\/\"  id='av-masonry-1-item-29301' data-av-masonry-item='29301' class='av-masonry-entry isotope-item post-29301 portfolio type-portfolio status-publish has-post-thumbnail hentry portfolio_entries-agriculture portfolio_entries-water portfolio_entries-zero-waste  av-masonry-item-with-image' title=\"colorado-aguasgrises\"   itemscope=\"itemscope\" itemtype=\"https:\/\/schema.org\/CreativeWork\" ><div class='av-inner-masonry-sizer'><\/div><figure class='av-inner-masonry main_color'><div class=\"av-masonry-outerimage-container\"><div class='av-masonry-image-container'  ><img decoding=\"async\" width=\"500\" height=\"333\" fetchpriority=\"high\" class=\"wp-image-29303 avia-img-lazy-loading-not-29303\"  src=\"https:\/\/boulder.earth\/wp-content\/uploads\/2017\/11\/colorado-greywater.png\" title=\"colorado-aguasgrises\" alt=\"\" srcset=\"https:\/\/boulder.earth\/wp-content\/uploads\/2017\/11\/colorado-greywater.png 500w, https:\/\/boulder.earth\/wp-content\/uploads\/2017\/11\/colorado-greywater-300x200.png 300w, https:\/\/boulder.earth\/wp-content\/uploads\/2017\/11\/colorado-greywater-450x300.png 450w\" sizes=\"(max-width: 500px) 100vw, 500px\" \/><\/div><\/div><figcaption class='av-inner-masonry-content site-background'><div class='av-inner-masonry-content-pos'><div class='av-inner-masonry-content-pos-content'><div class='avia-arrow'><\/div><div class='av-masonry-entry-content entry-content'  itemprop=\"text\" >trabajando para transformar las leyes y el paisaje del agua en Colorado, creando enfoques innovadores para trabajar dentro de nuestro presupuesto local de agua<\/div><\/div><\/div><\/figcaption><\/figure><\/a><!--end av-masonry entry--><a href=\"https:\/\/boulder.earth\/es\/organizations\/across-the-divide\/\"  id='av-masonry-1-item-24775' data-av-masonry-item='24775' class='av-masonry-entry isotope-item post-24775 portfolio type-portfolio status-publish has-post-thumbnail hentry portfolio_entries-agriculture portfolio_entries-education  av-masonry-item-with-image' title=\"BoulderPermacultura\"   itemscope=\"itemscope\" itemtype=\"https:\/\/schema.org\/CreativeWork\" ><div class='av-inner-masonry-sizer'><\/div><figure class='av-inner-masonry main_color'><div class=\"av-masonry-outerimage-container\"><div class='av-masonry-image-container'  ><img decoding=\"async\" width=\"500\" height=\"333\" fetchpriority=\"high\" class=\"wp-image-27750 avia-img-lazy-loading-not-27750\"  src=\"https:\/\/boulder.earth\/wp-content\/uploads\/2017\/10\/BoulderPermaculture.png\" title=\"BoulderPermacultura\" alt=\"\" srcset=\"https:\/\/boulder.earth\/wp-content\/uploads\/2017\/10\/BoulderPermaculture.png 500w, https:\/\/boulder.earth\/wp-content\/uploads\/2017\/10\/BoulderPermaculture-300x200.png 300w, https:\/\/boulder.earth\/wp-content\/uploads\/2017\/10\/BoulderPermaculture-450x300.png 450w\" sizes=\"(max-width: 500px) 100vw, 500px\" \/><\/div><\/div><figcaption class='av-inner-masonry-content site-background'><div class='av-inner-masonry-content-pos'><div class='av-inner-masonry-content-pos-content'><div class='avia-arrow'><\/div><div class='av-masonry-entry-content entry-content'  itemprop=\"text\" >un curso de certificaci\u00f3n de dise\u00f1o de permacultura profesional con m\u00e1s de 100 horas de aprendizaje experiencial<\/div><\/div><\/div><\/figcaption><\/figure><\/a><!--end av-masonry entry--><a href=\"https:\/\/boulder.earth\/es\/organizations\/naturally-boulder\/\"  id='av-masonry-1-item-22414' data-av-masonry-item='22414' class='av-masonry-entry isotope-item post-22414 portfolio type-portfolio status-publish has-post-thumbnail hentry portfolio_entries-agriculture portfolio_entries-business portfolio_entries-economics  av-masonry-item-with-image' title=\"roca natural\"   itemscope=\"itemscope\" itemtype=\"https:\/\/schema.org\/CreativeWork\" ><div class='av-inner-masonry-sizer'><\/div><figure class='av-inner-masonry main_color'><div class=\"av-masonry-outerimage-container\"><div class='av-masonry-image-container'  ><img decoding=\"async\" width=\"500\" height=\"333\" fetchpriority=\"high\" class=\"wp-image-22415 avia-img-lazy-loading-not-22415\"  src=\"https:\/\/boulder.earth\/wp-content\/uploads\/2017\/10\/naturally-boulder.png\" title=\"roca natural\" alt=\"\" srcset=\"https:\/\/boulder.earth\/wp-content\/uploads\/2017\/10\/naturally-boulder.png 500w, https:\/\/boulder.earth\/wp-content\/uploads\/2017\/10\/naturally-boulder-300x200.png 300w, https:\/\/boulder.earth\/wp-content\/uploads\/2017\/10\/naturally-boulder-450x300.png 450w\" sizes=\"(max-width: 500px) 100vw, 500px\" \/><\/div><\/div><figcaption class='av-inner-masonry-content site-background'><div class='av-inner-masonry-content-pos'><div class='av-inner-masonry-content-pos-content'><div class='avia-arrow'><\/div><div class='av-masonry-entry-content entry-content'  itemprop=\"text\" >sirviendo como una voz para la industria y ofreciendo programaci\u00f3n educativa durante todo el a\u00f1o y eventos de networking, y celebraciones que re\u00fanen a la comunidad de productos naturales de Colorado<\/div><\/div><\/div><\/figcaption><\/figure><\/a><!--end av-masonry entry--><a href=\"https:\/\/boulder.earth\/es\/organizations\/boulder-county-farmers-markets\/\"  id='av-masonry-1-item-22410' data-av-masonry-item='22410' class='av-masonry-entry isotope-item post-22410 portfolio type-portfolio status-publish has-post-thumbnail hentry portfolio_entries-agriculture portfolio_entries-business portfolio_entries-community portfolio_entries-food  av-masonry-item-with-image' title=\"mercado de agricultores de roca\"   itemscope=\"itemscope\" itemtype=\"https:\/\/schema.org\/CreativeWork\" ><div class='av-inner-masonry-sizer'><\/div><figure class='av-inner-masonry main_color'><div class=\"av-masonry-outerimage-container\"><div class='av-masonry-image-container'  ><img decoding=\"async\" width=\"500\" height=\"333\" fetchpriority=\"high\" class=\"wp-image-22412 avia-img-lazy-loading-not-22412\"  src=\"https:\/\/boulder.earth\/wp-content\/uploads\/2017\/10\/boulder-farmers-market.png\" title=\"mercado de agricultores de roca\" alt=\"\" srcset=\"https:\/\/boulder.earth\/wp-content\/uploads\/2017\/10\/boulder-farmers-market.png 500w, https:\/\/boulder.earth\/wp-content\/uploads\/2017\/10\/boulder-farmers-market-300x200.png 300w, https:\/\/boulder.earth\/wp-content\/uploads\/2017\/10\/boulder-farmers-market-450x300.png 450w\" sizes=\"(max-width: 500px) 100vw, 500px\" \/><\/div><\/div><figcaption class='av-inner-masonry-content site-background'><div class='av-inner-masonry-content-pos'><div class='av-inner-masonry-content-pos-content'><div class='avia-arrow'><\/div><div class='av-masonry-entry-content entry-content'  itemprop=\"text\" >organizaci\u00f3n sin fines de lucro que opera mercados de agricultores exclusivos para productores en Colorado desde 1987<\/div><\/div><\/div><\/figcaption><\/figure><\/a><!--end av-masonry entry--><a href=\"https:\/\/boulder.earth\/es\/organizations\/hazon\/\"  id='av-masonry-1-item-20499' data-av-masonry-item='20499' class='av-masonry-entry isotope-item post-20499 portfolio type-portfolio status-publish has-post-thumbnail hentry portfolio_entries-agriculture portfolio_entries-community portfolio_entries-spiritual  av-masonry-item-with-image' title=\"haz\u00f3n\"   itemscope=\"itemscope\" itemtype=\"https:\/\/schema.org\/CreativeWork\" ><div class='av-inner-masonry-sizer'><\/div><figure class='av-inner-masonry main_color'><div class=\"av-masonry-outerimage-container\"><div class='av-masonry-image-container'  ><img decoding=\"async\" width=\"500\" height=\"333\" fetchpriority=\"high\" class=\"wp-image-20509 avia-img-lazy-loading-not-20509\"  src=\"https:\/\/boulder.earth\/wp-content\/uploads\/2017\/09\/hazon.png\" title=\"haz\u00f3n\" alt=\"\" srcset=\"https:\/\/boulder.earth\/wp-content\/uploads\/2017\/09\/hazon.png 500w, https:\/\/boulder.earth\/wp-content\/uploads\/2017\/09\/hazon-300x200.png 300w, https:\/\/boulder.earth\/wp-content\/uploads\/2017\/09\/hazon-450x300.png 450w\" sizes=\"(max-width: 500px) 100vw, 500px\" \/><\/div><\/div><figcaption class='av-inner-masonry-content site-background'><div class='av-inner-masonry-content-pos'><div class='av-inner-masonry-content-pos-content'><div class='avia-arrow'><\/div><div class='av-masonry-entry-content entry-content'  itemprop=\"text\" >crear comunidades m\u00e1s saludables y sostenibles en el mundo jud\u00edo y m\u00e1s all\u00e1<\/div><\/div><\/div><\/figcaption><\/figure><\/a><!--end av-masonry entry--><a href=\"https:\/\/boulder.earth\/es\/organizations\/permaculture-action-network\/\"  id='av-masonry-1-item-20369' data-av-masonry-item='20369' class='av-masonry-entry isotope-item post-20369 portfolio type-portfolio status-publish has-post-thumbnail hentry portfolio_entries-activism portfolio_entries-agriculture portfolio_entries-arts-culture portfolio_entries-community portfolio_entries-justice  av-masonry-item-with-image' title=\"permacultura-accion-red\"   itemscope=\"itemscope\" itemtype=\"https:\/\/schema.org\/CreativeWork\" ><div class='av-inner-masonry-sizer'><\/div><figure class='av-inner-masonry main_color'><div class=\"av-masonry-outerimage-container\"><div class='av-masonry-image-container'  ><img decoding=\"async\" width=\"500\" height=\"333\" fetchpriority=\"high\" class=\"wp-image-20375 avia-img-lazy-loading-not-20375\"  src=\"https:\/\/boulder.earth\/wp-content\/uploads\/2017\/09\/permaculture-action-network.png\" title=\"permacultura-accion-red\" alt=\"\" srcset=\"https:\/\/boulder.earth\/wp-content\/uploads\/2017\/09\/permaculture-action-network.png 500w, https:\/\/boulder.earth\/wp-content\/uploads\/2017\/09\/permaculture-action-network-300x200.png 300w, https:\/\/boulder.earth\/wp-content\/uploads\/2017\/09\/permaculture-action-network-450x300.png 450w\" sizes=\"(max-width: 500px) 100vw, 500px\" \/><\/div><\/div><figcaption class='av-inner-masonry-content site-background'><div class='av-inner-masonry-content-pos'><div class='av-inner-masonry-content-pos-content'><div class='avia-arrow'><\/div><div class='av-masonry-entry-content entry-content'  itemprop=\"text\" >trabajando en la intersecci\u00f3n del arte, la m\u00fasica y la cultura regenerativa para ofrecer a las personas un camino para tomar acci\u00f3n localmente donde viven para crear comunidades empoderadas<\/div><\/div><\/div><\/figcaption><\/figure><\/a><!--end av-masonry entry--><a href=\"https:\/\/boulder.earth\/es\/organizations\/63rd-st-farm\/\"  id='av-masonry-1-item-20343' data-av-masonry-item='20343' class='av-masonry-entry isotope-item post-20343 portfolio type-portfolio status-publish has-post-thumbnail hentry portfolio_entries-agriculture portfolio_entries-business portfolio_entries-community portfolio_entries-environment  av-masonry-item-with-image' title=\"Granja 63\"   itemscope=\"itemscope\" itemtype=\"https:\/\/schema.org\/CreativeWork\" ><div class='av-inner-masonry-sizer'><\/div><figure class='av-inner-masonry main_color'><div class=\"av-masonry-outerimage-container\"><div class='av-masonry-image-container'  ><img decoding=\"async\" width=\"500\" height=\"333\" fetchpriority=\"high\" class=\"wp-image-20345 avia-img-lazy-loading-not-20345\"  src=\"https:\/\/boulder.earth\/wp-content\/uploads\/2017\/09\/63st-Farm.png\" title=\"Granja 63\" alt=\"\" srcset=\"https:\/\/boulder.earth\/wp-content\/uploads\/2017\/09\/63st-Farm.png 500w, https:\/\/boulder.earth\/wp-content\/uploads\/2017\/09\/63st-Farm-300x200.png 300w, https:\/\/boulder.earth\/wp-content\/uploads\/2017\/09\/63st-Farm-450x300.png 450w\" sizes=\"(max-width: 500px) 100vw, 500px\" \/><\/div><\/div><figcaption class='av-inner-masonry-content site-background'><div class='av-inner-masonry-content-pos'><div class='av-inner-masonry-content-pos-content'><div class='avia-arrow'><\/div><div class='av-masonry-entry-content entry-content'  itemprop=\"text\" >una granja comunitaria pr\u00f3spera centrada en la agricultura sostenible con un compromiso con la salud, el bienestar y el aprendizaje permanente<\/div><\/div><\/div><\/figcaption><\/figure><\/a><!--end av-masonry entry--><a href=\"https:\/\/boulder.earth\/es\/organizations\/kilt-farm\/\"  id='av-masonry-1-item-20239' data-av-masonry-item='20239' class='av-masonry-entry isotope-item post-20239 portfolio type-portfolio status-publish has-post-thumbnail hentry portfolio_entries-agriculture portfolio_entries-business portfolio_entries-community portfolio_entries-environment portfolio_entries-food  av-masonry-item-with-image' title=\"falda escocesa\"   itemscope=\"itemscope\" itemtype=\"https:\/\/schema.org\/CreativeWork\" ><div class='av-inner-masonry-sizer'><\/div><figure class='av-inner-masonry main_color'><div class=\"av-masonry-outerimage-container\"><div class='av-masonry-image-container'  ><img decoding=\"async\" width=\"500\" height=\"333\" fetchpriority=\"high\" class=\"wp-image-20240 avia-img-lazy-loading-not-20240\"  src=\"https:\/\/boulder.earth\/wp-content\/uploads\/2017\/09\/kilt-farm.jpg\" title=\"falda escocesa\" alt=\"\" srcset=\"https:\/\/boulder.earth\/wp-content\/uploads\/2017\/09\/kilt-farm.jpg 500w, https:\/\/boulder.earth\/wp-content\/uploads\/2017\/09\/kilt-farm-300x200.jpg 300w, https:\/\/boulder.earth\/wp-content\/uploads\/2017\/09\/kilt-farm-450x300.jpg 450w\" sizes=\"(max-width: 500px) 100vw, 500px\" \/><\/div><\/div><figcaption class='av-inner-masonry-content site-background'><div class='av-inner-masonry-content-pos'><div class='av-inner-masonry-content-pos-content'><div class='avia-arrow'><\/div><div class='av-masonry-entry-content entry-content'  itemprop=\"text\" >granja local que usa t\u00e9 de compost para construir la biolog\u00eda del suelo que vende productos a Lucky&#039;s Markets, restaurantes de Boulder y a trav\u00e9s de programas CSA<\/div><\/div><\/div><\/figcaption><\/figure><\/a><!--end av-masonry entry--><a href=\"https:\/\/boulder.earth\/es\/organizations\/people-and-pollinators-action-network\/\"  id='av-masonry-1-item-18993' data-av-masonry-item='18993' class='av-masonry-entry isotope-item post-18993 portfolio type-portfolio status-publish has-post-thumbnail hentry portfolio_entries-agriculture portfolio_entries-environment portfolio_entries-pollinators  av-masonry-item-with-image' title=\"Logotipo de PPAN\"   itemscope=\"itemscope\" itemtype=\"https:\/\/schema.org\/CreativeWork\" ><div class='av-inner-masonry-sizer'><\/div><figure class='av-inner-masonry main_color'><div class=\"av-masonry-outerimage-container\"><div class='av-masonry-image-container'  ><img decoding=\"async\" width=\"500\" height=\"333\" fetchpriority=\"high\" class=\"wp-image-18995 avia-img-lazy-loading-not-18995\"  src=\"https:\/\/boulder.earth\/wp-content\/uploads\/2017\/09\/PPANlogo.png\" title=\"Logotipo de PPAN\" alt=\"\" srcset=\"https:\/\/boulder.earth\/wp-content\/uploads\/2017\/09\/PPANlogo.png 500w, https:\/\/boulder.earth\/wp-content\/uploads\/2017\/09\/PPANlogo-300x200.png 300w, https:\/\/boulder.earth\/wp-content\/uploads\/2017\/09\/PPANlogo-450x300.png 450w\" sizes=\"(max-width: 500px) 100vw, 500px\" \/><\/div><\/div><figcaption class='av-inner-masonry-content site-background'><div class='av-inner-masonry-content-pos'><div class='av-inner-masonry-content-pos-content'><div class='avia-arrow'><\/div><div class='av-masonry-entry-content entry-content'  itemprop=\"text\" >proteger a las personas y a los polinizadores mediante el avance de pr\u00e1cticas agr\u00edcolas sostenibles, nuevas garant\u00edas para la salud p\u00fablica y mejoras para nuestro medio ambiente en todo Colorado<\/div><\/div><\/div><\/figcaption><\/figure><\/a><!--end av-masonry entry--><a href=\"https:\/\/boulder.earth\/es\/organizations\/loam-magazine\/\"  id='av-masonry-1-item-17914' data-av-masonry-item='17914' class='av-masonry-entry isotope-item post-17914 portfolio type-portfolio status-publish has-post-thumbnail hentry portfolio_entries-agriculture portfolio_entries-communications  av-masonry-item-with-image' title=\"revista loam\"   itemscope=\"itemscope\" itemtype=\"https:\/\/schema.org\/CreativeWork\" ><div class='av-inner-masonry-sizer'><\/div><figure class='av-inner-masonry main_color'><div class=\"av-masonry-outerimage-container\"><div class='av-masonry-image-container'  ><img decoding=\"async\" width=\"500\" height=\"333\" fetchpriority=\"high\" class=\"wp-image-17915 avia-img-lazy-loading-not-17915\"  src=\"https:\/\/boulder.earth\/wp-content\/uploads\/2017\/09\/loam-magazine.png\" title=\"revista loam\" alt=\"\" srcset=\"https:\/\/boulder.earth\/wp-content\/uploads\/2017\/09\/loam-magazine.png 500w, https:\/\/boulder.earth\/wp-content\/uploads\/2017\/09\/loam-magazine-300x200.png 300w, https:\/\/boulder.earth\/wp-content\/uploads\/2017\/09\/loam-magazine-450x300.png 450w\" sizes=\"(max-width: 500px) 100vw, 500px\" \/><\/div><\/div><figcaption class='av-inner-masonry-content site-background'><div class='av-inner-masonry-content-pos'><div class='av-inner-masonry-content-pos-content'><div class='avia-arrow'><\/div><div class='av-masonry-entry-content entry-content'  itemprop=\"text\" >una revista de artes ambientales que celebra proyectos creativos y personas apasionadas que hacen olas en los movimientos ambientales<\/div><\/div><\/div><\/figcaption><\/figure><\/a><!--end av-masonry entry--><a href=\"https:\/\/boulder.earth\/es\/organizations\/boulder-food-rescue\/\"  id='av-masonry-1-item-17801' data-av-masonry-item='17801' class='av-masonry-entry isotope-item post-17801 portfolio type-portfolio status-publish has-post-thumbnail hentry portfolio_entries-activism portfolio_entries-agriculture portfolio_entries-community portfolio_entries-food portfolio_entries-food-waste portfolio_entries-justice portfolio_entries-transportation portfolio_entries-zero-waste  av-masonry-item-with-image' title=\"Rescate de alimentos en Boulder\"   itemscope=\"itemscope\" itemtype=\"https:\/\/schema.org\/CreativeWork\" ><div class='av-inner-masonry-sizer'><\/div><figure class='av-inner-masonry main_color'><div class=\"av-masonry-outerimage-container\"><div class='av-masonry-image-container'  ><img decoding=\"async\" width=\"500\" height=\"333\" fetchpriority=\"high\" class=\"wp-image-17802 avia-img-lazy-loading-not-17802\"  src=\"https:\/\/boulder.earth\/wp-content\/uploads\/2017\/09\/Boulder-Food-Rescue.png\" title=\"Rescate de alimentos en Boulder\" alt=\"\" srcset=\"https:\/\/boulder.earth\/wp-content\/uploads\/2017\/09\/Boulder-Food-Rescue.png 500w, https:\/\/boulder.earth\/wp-content\/uploads\/2017\/09\/Boulder-Food-Rescue-300x200.png 300w, https:\/\/boulder.earth\/wp-content\/uploads\/2017\/09\/Boulder-Food-Rescue-450x300.png 450w\" sizes=\"(max-width: 500px) 100vw, 500px\" \/><\/div><\/div><figcaption class='av-inner-masonry-content site-background'><div class='av-inner-masonry-content-pos'><div class='av-inner-masonry-content-pos-content'><div class='avia-arrow'><\/div><div class='av-masonry-entry-content entry-content'  itemprop=\"text\" >\u00a1Rescate de alimentos sostenible y justo a tiempo en Boulder, Colorado!<\/div><\/div><\/div><\/figcaption><\/figure><\/a><!--end av-masonry entry--><a href=\"https:\/\/boulder.earth\/es\/organizations\/lineage-seeds\/\"  id='av-masonry-1-item-13670' data-av-masonry-item='13670' class='av-masonry-entry isotope-item post-13670 portfolio type-portfolio status-publish has-post-thumbnail hentry portfolio_entries-activism portfolio_entries-agriculture portfolio_entries-business portfolio_entries-education portfolio_entries-food portfolio_entries-justice  av-masonry-item-with-image' title=\"semillas de linaje\"   itemscope=\"itemscope\" itemtype=\"https:\/\/schema.org\/CreativeWork\" ><div class='av-inner-masonry-sizer'><\/div><figure class='av-inner-masonry main_color'><div class=\"av-masonry-outerimage-container\"><div class='av-masonry-image-container'  ><img decoding=\"async\" width=\"500\" height=\"333\" fetchpriority=\"high\" class=\"wp-image-13671 avia-img-lazy-loading-not-13671\"  src=\"https:\/\/boulder.earth\/wp-content\/uploads\/2017\/07\/lineage-seeds.jpg\" title=\"semillas de linaje\" alt=\"\" srcset=\"https:\/\/boulder.earth\/wp-content\/uploads\/2017\/07\/lineage-seeds.jpg 500w, https:\/\/boulder.earth\/wp-content\/uploads\/2017\/07\/lineage-seeds-300x200.jpg 300w, https:\/\/boulder.earth\/wp-content\/uploads\/2017\/07\/lineage-seeds-450x300.jpg 450w\" sizes=\"(max-width: 500px) 100vw, 500px\" \/><\/div><\/div><figcaption class='av-inner-masonry-content site-background'><div class='av-inner-masonry-content-pos'><div class='av-inner-masonry-content-pos-content'><div class='avia-arrow'><\/div><div class='av-masonry-entry-content entry-content'  itemprop=\"text\" >Compa\u00f1\u00eda de semillas que tiene como objetivo devolver las semillas a la gente: cultivadas org\u00e1nicamente, a menudo reliquias, cultivadas localmente cuando est\u00e9n disponibles y solo polinizadas al aire libre.<\/div><\/div><\/div><\/figcaption><\/figure><\/a><!--end av-masonry entry--><a href=\"https:\/\/boulder.earth\/es\/organizations\/growing-gardens\/\"  id='av-masonry-1-item-11299' data-av-masonry-item='11299' class='av-masonry-entry isotope-item post-11299 portfolio type-portfolio status-publish has-post-thumbnail hentry portfolio_entries-agriculture portfolio_entries-business portfolio_entries-community portfolio_entries-education portfolio_entries-food portfolio_entries-justice portfolio_entries-pollinators portfolio_entries-resilience  av-masonry-item-with-image' title=\"jardines de cultivo\"   itemscope=\"itemscope\" itemtype=\"https:\/\/schema.org\/CreativeWork\" ><div class='av-inner-masonry-sizer'><\/div><figure class='av-inner-masonry main_color'><div class=\"av-masonry-outerimage-container\"><div class='av-masonry-image-container'  ><img decoding=\"async\" width=\"500\" height=\"333\" fetchpriority=\"high\" class=\"wp-image-13598 avia-img-lazy-loading-not-13598\"  src=\"https:\/\/boulder.earth\/wp-content\/uploads\/2017\/06\/growing-gardens-1.jpg\" title=\"jardines de cultivo\" alt=\"Growing Gardens\" srcset=\"https:\/\/boulder.earth\/wp-content\/uploads\/2017\/06\/growing-gardens-1.jpg 500w, https:\/\/boulder.earth\/wp-content\/uploads\/2017\/06\/growing-gardens-1-300x200.jpg 300w, https:\/\/boulder.earth\/wp-content\/uploads\/2017\/06\/growing-gardens-1-450x300.jpg 450w\" sizes=\"(max-width: 500px) 100vw, 500px\" \/><\/div><\/div><figcaption class='av-inner-masonry-content site-background'><div class='av-inner-masonry-content-pos'><div class='av-inner-masonry-content-pos-content'><div class='avia-arrow'><\/div><div class='av-masonry-entry-content entry-content'  itemprop=\"text\" >sin fines de lucro con la Misi\u00f3n de cultivar la comunidad a trav\u00e9s de la agricultura urbana sostenible y la Visi\u00f3n de personas que experimentan una conexi\u00f3n directa y profunda con los alimentos, la tierra y entre s\u00ed.<\/div><\/div><\/div><\/figcaption><\/figure><\/a><!--end av-masonry entry--><\/div><\/div><br \/>\n<section  class='av_textblock_section av-1b1l3s8-f326b491e0e4b6f9745e49dfb72ab3f0'   itemscope=\"itemscope\" itemtype=\"https:\/\/schema.org\/CreativeWork\" ><div class='avia_textblock'  itemprop=\"text\" ><h3 style=\"text-align: center;\">\u00bfDebe su organizaci\u00f3n estar en la lista?<\/h3>\n<\/div><\/section><br \/>\n<div  class='avia-button-wrap av-moygo8-a66700c69c9d4ac29372d8255526637a-wrap avia-button-center  avia-builder-el-12  el_after_av_textblock  avia-builder-el-last'><a href='\/es\/feedback\/'  class='avia-button av-moygo8-a66700c69c9d4ac29372d8255526637a av-link-btn avia-icon_select-yes-left-icon avia-size-x-large avia-position-center avia-color-theme-color'  target=\"_blank\"  rel=\"noopener noreferrer\"  aria-label=\"Comparte tu informaci\u00f3n aqu\u00ed\"><span class='avia_button_icon avia_button_icon_left avia-iconfont avia-font-entypo-fontello' data-av_icon='\ue8d2' data-av_iconfont='entypo-fontello' ><\/span><span class='avia_iconbox_title' >Comparte tu informaci\u00f3n aqu\u00ed<\/span><\/a><\/div><\/p><\/div>\n\n<style type=\"text\/css\" data-created_by=\"avia_inline_auto\" id=\"style-css-av-jteudx2u-6fda21fa7cbd65bc1451e27a625b7842\">\n#top .hr.hr-invisible.av-jteudx2u-6fda21fa7cbd65bc1451e27a625b7842{\nheight:50px;\n}\n<\/style>\n<div  class='hr av-jteudx2u-6fda21fa7cbd65bc1451e27a625b7842 hr-invisible  avia-builder-el-13  el_after_av_one_full  el_before_av_one_full'><span class='hr-inner'><span class=\"hr-inner-style\"><\/span><\/span><\/div>\n\n<style type=\"text\/css\" data-created_by=\"avia_inline_auto\" id=\"style-css-av-50wcvsz-ab68550a0500d026ec0a288392a273f9\">\n.flex_column.av-50wcvsz-ab68550a0500d026ec0a288392a273f9{\nborder-radius:0px 0px 0px 0px;\npadding:0px 0px 0px 0px;\n}\n<\/style>\n<div  class='flex_column av-50wcvsz-ab68550a0500d026ec0a288392a273f9 av_one_full  avia-builder-el-14  el_after_av_hr  el_before_av_layout_row  avia-builder-el-last  first flex_column_div av-zero-column-padding'     ><section  class='av_textblock_section av-gaw9nn-8057359dfa7beb0ce8753cd5701b7905'   itemscope=\"itemscope\" itemtype=\"https:\/\/schema.org\/CreativeWork\" ><div class='avia_textblock'  itemprop=\"text\" ><h1 id=\"news\" style=\"text-align: center;\">Plantando la semilla para algunas buenas lecturas.<\/h1>\n<h3 class=\"post-title entry-title\"><a title=\"Enlace permanente: Restauraci\u00f3n del carbono del suelo: \u00bfPuede la biolog\u00eda hacer el trabajo?\" href=\"https:\/\/regenerationinternational.org\/2015\/10\/05\/soil-carbon-restoration-can-biology-do-the-job\/\" target=\"_blank\" rel=\"bookmark noopener noreferrer\">Restauraci\u00f3n del carbono del suelo: \u00bfPuede la biolog\u00eda hacer el trabajo? <\/a><\/h3>\n<p>Una gran cantidad de discusi\u00f3n en los c\u00edrculos cient\u00edficos y gubernamentales se ha centrado recientemente en c\u00f3mo lidiar con las emisiones de gases de efecto invernadero y los extremos clim\u00e1ticos resultantes que han creado. <a href=\"https:\/\/regenerationinternational.org\/2015\/10\/05\/soil-carbon-restoration-can-biology-do-the-job\/\" target=\"_blank\" rel=\"noopener noreferrer\">Leer ensayo<\/a><\/p>\n<hr \/>\n<h3 class=\"entry-title\"><a href=\"http:\/\/boulderhg.com\/soil-solution-regenerative-farming\/\" target=\"_blank\" rel=\"noopener noreferrer\">La soluci\u00f3n del suelo: agricultura regenerativa<\/a><\/h3>\n<p>\u201cLa gente sigue hablando de reducir las emisiones de carbono y llegar a la neutralidad de carbono, pero eso ya no es suficiente\u201d, dice Hoffman. \u201cYa estamos calentando, as\u00ed que necesitamos quitar el exceso de la atm\u00f3sfera. Mucha gente quiere crear nueva tecnolog\u00eda que pueda ayudar a resolver nuestros problemas tecnol\u00f3gicos anteriores\u201d. <a href=\"http:\/\/boulderhg.com\/soil-solution-regenerative-farming\/\" target=\"_blank\" rel=\"noopener noreferrer\">Leer Casa y jard\u00edn del condado de Boulder<\/a><\/p>\n<hr \/>\n<h3><a href=\"http:\/\/www.boulderlifestylepubs.com\/2018\/10\/28\/carbon-farming-the-future-of-food\/\" target=\"_blank\" rel=\"noopener noreferrer\">Agricultura de carbono: el futuro de los alimentos<\/a><\/h3>\n<p>Hay dos maneras de abordar la soluci\u00f3n del cambio clim\u00e1tico. Podemos reducir las emisiones de gases de efecto invernadero o sacarlos de la atm\u00f3sfera. Los cient\u00edficos ahora nos dicen que debemos hacer ambas cosas tan r\u00e1pido como sea humanamente posible.\u00a0 <a href=\"http:\/\/www.boulderlifestylepubs.com\/2018\/10\/28\/carbon-farming-the-future-of-food\/\" target=\"_blank\" rel=\"noopener noreferrer\">Lea sobre el estilo de vida de Boulder <\/a><\/p>\n<hr \/>\n<h3><a href=\"http:\/\/63rdstfarm.com\/projects\/mingle-feast\/\" target=\"_blank\" rel=\"noopener noreferrer\">Socializar y festejar en 63rd St. Farm<\/a><\/h3>\n<p>Ya sea que sea miembro de CSA o no, los d\u00edas de recogida son un gran evento comunitario. \u00danase a nosotros los jueves por la noche durante la temporada, para mezclarse con otros amantes de la comida de la granja, pruebe nuestra pizza hecha en horno de ladrillo, escuche a m\u00fasicos locales en vivo y disfrute de la gran vida de la granja por una noche. <a href=\"http:\/\/63rdstfarm.com\/projects\/mingle-feast\/\" target=\"_blank\" rel=\"noopener noreferrer\">Saber m\u00e1s<\/a><\/p>\n<\/div><\/section><\/div>\n<\/div><\/div><\/div><!-- close content main div --><\/div><\/div><div id='av-layout-grid-1'  class='av-layout-grid-container av-1wsdtyg-c11bcaf56f9903c6527c14260889573e entry-content-wrapper main_color av-flex-cells  avia-builder-el-16  el_after_av_one_full  el_before_av_hr  grid-row-not-first  container_wrap sidebar_right'  >\n<div class='flex_cell av-1tu63mw-5cacb0a159bcf3bb0c9836d60452cfeb av-gridrow-cell av_one_third no_margin  avia-builder-el-17  el_before_av_cell_one_third  avia-builder-el-first'  ><div class='flex_cell_inner'><p><div  class='avia-video av-ilkj7oj-ee2864d227a65132405f628db16fe364 avia-video-16-9 av-no-preview-image avia-video-load-always av-lazyload-immediate av-lazyload-video-embed'  itemprop=\"video\" itemtype=\"https:\/\/schema.org\/VideoObject\"  data-original_url='https:\/\/youtu.be\/qtip8z0eXfo'><script type='text\/html' class='av-video-tmpl'><div class='avia-iframe-wrap'><iframe loading=\"lazy\" title=\"What is Regenerative Farming? (At the Epicenter)  | Thrive Market\" width=\"1500\" height=\"844\" src=\"https:\/\/www.youtube.com\/embed\/qtip8z0eXfo?feature=oembed&autoplay=0&loop=0&controls=1&mute=0\" frameborder=\"0\" allow=\"accelerometer; autoplay; clipboard-write; encrypted-media; gyroscope; picture-in-picture\" allowfullscreen><\/iframe><\/div><\/script><div class='av-click-to-play-overlay'><div class=\"avia_playpause_icon\"><\/div><\/div><\/div><br \/>\n<section  class='av_textblock_section av-jt8xqffi-491ff3475f202ad234b8b2b3f38c6c67'   itemscope=\"itemscope\" itemtype=\"https:\/\/schema.org\/CreativeWork\" ><div class='avia_textblock'  itemprop=\"text\" ><h3 style=\"text-align: center;\">\u00bfQu\u00e9 es la agricultura regenerativa?<\/h3>\n<p style=\"text-align: center;\">El objetivo de la agricultura regenerativa es que pensemos que nuestras granjas son organismos vivos y no f\u00e1bricas.<\/p>\n<\/div><\/section><\/p>\n<\/div><\/div><div class='flex_cell av-1b8bax4-2f25292a4c384b2a6a13f0e9f62c58a3 av-gridrow-cell av_one_third no_margin  avia-builder-el-20  el_after_av_cell_one_third  el_before_av_cell_one_third'  ><div class='flex_cell_inner'><p><div  class='avia-video av-ilkj7oj-e79e69da62e06740656a21e5e3c805e9 avia-video-16-9 av-no-preview-image avia-video-load-always av-lazyload-immediate av-lazyload-video-embed'  itemprop=\"video\" itemtype=\"https:\/\/schema.org\/VideoObject\"  data-original_url='https:\/\/youtu.be\/08TI1RKj54g'><script type='text\/html' class='av-video-tmpl'><div class='avia-iframe-wrap'><iframe loading=\"lazy\" title=\"The Soil Story narrated by Larry Kopald\" width=\"1500\" height=\"844\" src=\"https:\/\/www.youtube.com\/embed\/08TI1RKj54g?feature=oembed&autoplay=0&loop=0&controls=1&mute=0\" frameborder=\"0\" allow=\"accelerometer; autoplay; clipboard-write; encrypted-media; gyroscope; picture-in-picture\" allowfullscreen><\/iframe><\/div><\/script><div class='av-click-to-play-overlay'><div class=\"avia_playpause_icon\"><\/div><\/div><\/div><br \/>\n<section  class='av_textblock_section av-jt8xqffi-491ff3475f202ad234b8b2b3f38c6c67'   itemscope=\"itemscope\" itemtype=\"https:\/\/schema.org\/CreativeWork\" ><div class='avia_textblock'  itemprop=\"text\" ><h3 style=\"text-align: center;\">Construyendo la salud del suelo para combatir el cambio clim\u00e1tico<\/h3>\n<p style=\"text-align: center;\">El problema y la soluci\u00f3n son simplemente una cuesti\u00f3n de equilibrio. He aqu\u00ed por qu\u00e9 la agricultura de carbono es importante y c\u00f3mo funciona.<\/p>\n<\/div><\/section><\/p>\n<\/div><\/div><div class='flex_cell av-j8iv8o-09ecf18e56b740f2dd0b1dbf706d9695 av-gridrow-cell av_one_third no_margin  avia-builder-el-23  el_after_av_cell_one_third  avia-builder-el-last'  ><div class='flex_cell_inner'><p><div  class='avia-video av-hnzg4df-333e8501568b31bde52e9df50db0ca05 avia-video-16-9 av-no-preview-image avia-video-load-always av-lazyload-immediate av-lazyload-video-embed'  itemprop=\"video\" itemtype=\"https:\/\/schema.org\/VideoObject\"  data-original_url='https:\/\/youtu.be\/GjD8URaGe88'><script type='text\/html' class='av-video-tmpl'><div class='avia-iframe-wrap'><iframe loading=\"lazy\" title=\"Small Scale Farmers Cool the Planet (full video)\" width=\"1500\" height=\"844\" src=\"https:\/\/www.youtube.com\/embed\/GjD8URaGe88?feature=oembed&autoplay=0&loop=0&controls=1&mute=0\" frameborder=\"0\" allow=\"accelerometer; autoplay; clipboard-write; encrypted-media; gyroscope; picture-in-picture\" allowfullscreen><\/iframe><\/div><\/script><div class='av-click-to-play-overlay'><div class=\"avia_playpause_icon\"><\/div><\/div><\/div><br \/>\n<section  class='av_textblock_section av-jt8xqffi-491ff3475f202ad234b8b2b3f38c6c67'   itemscope=\"itemscope\" itemtype=\"https:\/\/schema.org\/CreativeWork\" ><div class='avia_textblock'  itemprop=\"text\" ><h3 class=\"title style-scope ytd-video-primary-info-renderer\" style=\"text-align: center;\">Los peque\u00f1os agricultores refrescan el planeta<\/h3>\n<p style=\"text-align: center;\">C\u00f3mo la agricultura industrial ha contribuido al cambio clim\u00e1tico y los peque\u00f1os agricultores est\u00e1n resolviendo la crisis con la agricultura regenerativa.<\/p>\n<\/div><\/section><\/p>\n<\/div><\/div>\n<\/div><div id='after_grid_row_1'  class='main_color av_default_container_wrap container_wrap sidebar_right'  ><div class='container av-section-cont-open' ><div class='template-page content  av-content-small alpha units'><div class='post-entry post-entry-type-page post-entry-74568'><div class='entry-content-wrapper clearfix'>\n\n<style type=\"text\/css\" data-created_by=\"avia_inline_auto\" id=\"style-css-av-ar0c3jc-f7f9aa7c6fddf3d86965b26d5b81ed87\">\n#top .hr.hr-invisible.av-ar0c3jc-f7f9aa7c6fddf3d86965b26d5b81ed87{\nheight:30px;\n}\n<\/style>\n<div  class='hr av-ar0c3jc-f7f9aa7c6fddf3d86965b26d5b81ed87 hr-invisible  avia-builder-el-26  el_after_av_layout_row  el_before_av_image  avia-builder-el-first'><span class='hr-inner'><span class=\"hr-inner-style\"><\/span><\/span><\/div>\n\n<style type=\"text\/css\" data-created_by=\"avia_inline_auto\" id=\"style-css-av-82tkw20-a07d756a298b5b725fbe1b3987672118\">\n.avia-image-container.av-82tkw20-a07d756a298b5b725fbe1b3987672118 img.avia_image{\nbox-shadow:none;\n}\n.avia-image-container.av-82tkw20-a07d756a298b5b725fbe1b3987672118 .av-image-caption-overlay-center{\ncolor:#ffffff;\n}\n<\/style>\n<div  id=\"actions\"  class='avia-image-container av-82tkw20-a07d756a298b5b725fbe1b3987672118 av-styling- avia-align-center  avia-builder-el-27  el_after_av_hr  el_before_av_layout_row  avia-builder-el-last'   itemprop=\"image\" itemscope=\"itemscope\" itemtype=\"https:\/\/schema.org\/ImageObject\" ><div class=\"avia-image-container-inner\"><div class=\"avia-image-overlay-wrap\"><img decoding=\"async\" fetchpriority=\"high\" class='wp-image-19002 avia-img-lazy-loading-not-19002 avia_image' src=\"https:\/\/boulder.earth\/wp-content\/uploads\/2014\/03\/actions-for-impact.png\" alt='' title='acciones de impacto'  height=\"206\" width=\"1000\"  itemprop=\"thumbnailUrl\" srcset=\"https:\/\/boulder.earth\/wp-content\/uploads\/2014\/03\/actions-for-impact.png 1000w, https:\/\/boulder.earth\/wp-content\/uploads\/2014\/03\/actions-for-impact-300x62.png 300w, https:\/\/boulder.earth\/wp-content\/uploads\/2014\/03\/actions-for-impact-768x158.png 768w, https:\/\/boulder.earth\/wp-content\/uploads\/2014\/03\/actions-for-impact-705x145.png 705w, https:\/\/boulder.earth\/wp-content\/uploads\/2014\/03\/actions-for-impact-450x93.png 450w\" sizes=\"(max-width: 1000px) 100vw, 1000px\" \/><\/div><\/div><\/div>\n<\/div><\/div><\/div><!-- close content main div --><\/div><\/div><div id='av-layout-grid-2'  class='av-layout-grid-container av-7gp36yw-c972461b731e2392b3e5015c9780b8cd entry-content-wrapper alternate_color av-border-cells av-flex-cells  avia-builder-el-28  el_after_av_image  el_before_av_promobox  grid-row-not-first  container_wrap sidebar_right'  >\n\n<style type=\"text\/css\" data-created_by=\"avia_inline_auto\" id=\"style-css-av-6yl7oq0-30c38fcbfed3543fb758795435c2685d\">\n.flex_cell.av-6yl7oq0-30c38fcbfed3543fb758795435c2685d{\nvertical-align:top;\n}\n.responsive #top #wrap_all .flex_cell.av-6yl7oq0-30c38fcbfed3543fb758795435c2685d{\npadding:30px 30px 30px 30px !important;\n}\n<\/style>\n<div class='flex_cell av-6yl7oq0-30c38fcbfed3543fb758795435c2685d av-gridrow-cell av_one_fourth no_margin  avia-builder-el-29  el_before_av_cell_one_fourth  avia-builder-el-first  content-align-top'  ><div class='flex_cell_inner'><p>\n<style type=\"text\/css\" data-created_by=\"avia_inline_auto\" id=\"style-css-av-6k1zyaw-b4746c1c0f46a02a4f4854ddd0f45c3b\">\n.avia-image-container.av-6k1zyaw-b4746c1c0f46a02a4f4854ddd0f45c3b img.avia_image{\nbox-shadow:none;\n}\n.avia-image-container.av-6k1zyaw-b4746c1c0f46a02a4f4854ddd0f45c3b .av-image-caption-overlay-center{\ncolor:#ffffff;\n}\n<\/style>\n<div  class='avia-image-container av-6k1zyaw-b4746c1c0f46a02a4f4854ddd0f45c3b av-styling- av-img-linked avia-align-center  avia-builder-el-30  el_before_av_textblock  avia-builder-el-first'   itemprop=\"image\" itemscope=\"itemscope\" itemtype=\"https:\/\/schema.org\/ImageObject\" ><div class=\"avia-image-container-inner\"><div class=\"avia-image-overlay-wrap\"><a href=\"https:\/\/conps.org\/wp-content\/uploads\/2015\/05\/Low-Water-Native-Plants-for-Pollinators-brochure-6-8-15.pdf\" class='avia_image'  target=\"_blank\"  rel=\"noopener noreferrer\" aria-label='BajoAguaPlantas'><img decoding=\"async\" fetchpriority=\"high\" class='wp-image-61805 avia-img-lazy-loading-not-61805 avia_image' src=\"https:\/\/boulder.earth\/wp-content\/uploads\/2018\/04\/LowWaterPlants.jpg\" alt='' title='BajoAguaPlantas'  height=\"167\" width=\"300\"  itemprop=\"thumbnailUrl\"  \/><\/a><\/div><\/div><\/div><br \/>\n<section  class='av_textblock_section av-68crrt4-24f1f1d080ec85713a69b19a5f72c804'   itemscope=\"itemscope\" itemtype=\"https:\/\/schema.org\/CreativeWork\" ><div class='avia_textblock'  itemprop=\"text\" ><h4 style=\"text-align: center;\"><a href=\"https:\/\/conps.org\/wp-content\/uploads\/2015\/05\/Low-Water-Native-Plants-for-Pollinators-brochure-6-8-15.pdf\" target=\"_blank\" rel=\"noopener noreferrer\"><b>\u00a1Plante flores que florezcan durante toda la temporada!<\/b><\/a><\/h4>\n<p>Los polinizadores necesitan comida desde la primavera hasta el oto\u00f1o, as\u00ed que planta tantas flores como puedas de diferentes colores, formas y tipos para crear una mezcla heterog\u00e9nea de n\u00e9ctar y polen. <a href=\"https:\/\/conps.org\/wp-content\/uploads\/2015\/05\/Low-Water-Native-Plants-for-Pollinators-brochure-6-8-15.pdf\">Estas plantas de poca agua<\/a> son perfectas para jardines de polinizadores en nuestro clima y esta gu\u00eda le muestra qu\u00e9 plantas florecen durante cada estaci\u00f3n.<\/p>\n<\/div><\/section><\/p>\n<\/div><\/div>\n<style type=\"text\/css\" data-created_by=\"avia_inline_auto\" id=\"style-css-av-l2fjwo-9294ec13a868b4df6073348a2e7b034f\">\n.flex_cell.av-l2fjwo-9294ec13a868b4df6073348a2e7b034f{\nvertical-align:top;\n}\n.responsive #top #wrap_all .flex_cell.av-l2fjwo-9294ec13a868b4df6073348a2e7b034f{\npadding:30px 30px 30px 30px !important;\n}\n<\/style>\n<div class='flex_cell av-l2fjwo-9294ec13a868b4df6073348a2e7b034f av-gridrow-cell av_one_fourth no_margin  avia-builder-el-32  el_after_av_cell_one_fourth  el_before_av_cell_one_fourth  content-align-top'  ><div class='flex_cell_inner'><p>\n<style type=\"text\/css\" data-created_by=\"avia_inline_auto\" id=\"style-css-av-5f0gibs-4638866fd4324ef9db48e3cd70bc22e0\">\n.avia-image-container.av-5f0gibs-4638866fd4324ef9db48e3cd70bc22e0 img.avia_image{\nbox-shadow:none;\n}\n.avia-image-container.av-5f0gibs-4638866fd4324ef9db48e3cd70bc22e0 .av-image-caption-overlay-center{\ncolor:#ffffff;\n}\n<\/style>\n<div  class='avia-image-container av-5f0gibs-4638866fd4324ef9db48e3cd70bc22e0 av-styling- av-img-linked avia-align-center  avia-builder-el-33  el_before_av_textblock  avia-builder-el-first'   itemprop=\"image\" itemscope=\"itemscope\" itemtype=\"https:\/\/schema.org\/ImageObject\" ><div class=\"avia-image-container-inner\"><div class=\"avia-image-overlay-wrap\"><a href=\"http:\/\/www.bcfm.org\/\" class='avia_image'  target=\"_blank\"  rel=\"noopener noreferrer\" aria-label='Mercado de agricultores'><img decoding=\"async\" fetchpriority=\"high\" class='wp-image-27497 avia-img-lazy-loading-not-27497 avia_image' src=\"https:\/\/boulder.earth\/wp-content\/uploads\/2014\/03\/farmers-market.jpg\" alt='' title='Mercado de agricultores'  height=\"164\" width=\"300\"  itemprop=\"thumbnailUrl\"  \/><\/a><\/div><\/div><\/div><br \/>\n<section  class='av_textblock_section av-4qw1nd4-1463bbf08084b5d90b16afe2122f6842'   itemscope=\"itemscope\" itemtype=\"https:\/\/schema.org\/CreativeWork\" ><div class='avia_textblock'  itemprop=\"text\" ><h4 style=\"text-align: center;\"><b><a href=\"http:\/\/www.bcfm.org\/\" target=\"_blank\" rel=\"noopener noreferrer\">\u00a1Apoye a nuestras granjas y agricultores locales!<\/a><br \/>\n<\/b><\/h4>\n<p>Venga a los dos \u00faltimos mercados de los s\u00e1bados el 11 y 18 de noviembre para recoger los \u00faltimos sabrosos pickin&#039;s de la temporada. \u00a1Para celebrar la incre\u00edble cosecha de este a\u00f1o, el 18 habr\u00e1 un concurso de \u201cPesa tu bot\u00edn\u201d! Traiga su bot\u00edn y la persona que tenga el bot\u00edn m\u00e1s grande ganar\u00e1 un premio fabuloso... adem\u00e1s de sidra caliente y b\u00fasquedas del tesoro. Obtenga m\u00e1s informaci\u00f3n sobre los mercados de agricultores de Boulder y Longmont <a href=\"http:\/\/www.bcfm.org\/\" target=\"_blank\" rel=\"noopener noreferrer\"><b>Aqu\u00ed<\/b><\/a>.<\/p>\n<\/div><\/section><\/p>\n<\/div><\/div>\n<style type=\"text\/css\" data-created_by=\"avia_inline_auto\" id=\"style-css-av-4gq6s4o-155edc6c130e6ec26e04d093a7114edb\">\n.flex_cell.av-4gq6s4o-155edc6c130e6ec26e04d093a7114edb{\nvertical-align:top;\n}\n.responsive #top #wrap_all .flex_cell.av-4gq6s4o-155edc6c130e6ec26e04d093a7114edb{\npadding:30px 30px 30px 30px !important;\n}\n<\/style>\n<div class='flex_cell av-4gq6s4o-155edc6c130e6ec26e04d093a7114edb av-gridrow-cell av_one_fourth no_margin  avia-builder-el-35  el_after_av_cell_one_fourth  el_before_av_cell_one_fourth  content-align-top'  ><div class='flex_cell_inner'><p>\n<style type=\"text\/css\" data-created_by=\"avia_inline_auto\" id=\"style-css-av-42xtp3c-60675776b9bfb0d38f48ec4d0bf35181\">\n.avia-image-container.av-42xtp3c-60675776b9bfb0d38f48ec4d0bf35181 img.avia_image{\nbox-shadow:none;\n}\n.avia-image-container.av-42xtp3c-60675776b9bfb0d38f48ec4d0bf35181 .av-image-caption-overlay-center{\ncolor:#ffffff;\n}\n<\/style>\n<div  class='avia-image-container av-42xtp3c-60675776b9bfb0d38f48ec4d0bf35181 av-styling- av-img-linked avia-align-center  avia-builder-el-36  el_before_av_textblock  avia-builder-el-first'   itemprop=\"image\" itemscope=\"itemscope\" itemtype=\"https:\/\/schema.org\/ImageObject\" ><div class=\"avia-image-container-inner\"><div class=\"avia-image-overlay-wrap\"><a href=\"https:\/\/boulderpdc.com\" class='avia_image'  target=\"_blank\"  rel=\"noopener noreferrer\" aria-label='curso de dise\u00f1o de permacultura'><img decoding=\"async\" fetchpriority=\"high\" class='wp-image-39791 avia-img-lazy-loading-not-39791 avia_image' src=\"https:\/\/boulder.earth\/wp-content\/uploads\/2018\/01\/permaculture-design-course.jpg\" alt='' title='curso de dise\u00f1o de permacultura'  height=\"164\" width=\"300\"  itemprop=\"thumbnailUrl\"  \/><\/a><\/div><\/div><\/div><br \/>\n<section  class='av_textblock_section av-3j74ka0-d3b8b168a76ce314d56976cfb615083c'   itemscope=\"itemscope\" itemtype=\"https:\/\/schema.org\/CreativeWork\" ><div class='avia_textblock'  itemprop=\"text\" ><h4 style=\"text-align: center;\"><a href=\"https:\/\/boulderpdc.com\" target=\"_blank\" rel=\"noopener noreferrer\"><b>\u00a1Ponte en contacto con tu permacultor interior!<\/b><\/a><\/h4>\n<p>\u201cPermacultura\u201d es un sistema de dise\u00f1o para una vida ecol\u00f3gica y sostenible, que integra plantas, animales, edificios, personas y comunidad. El objetivo es crear una &quot;cultura permanente&quot; hol\u00edstica combinando la sabidur\u00eda de nuestros antepasados con la tecnolog\u00eda moderna, en beneficio de las generaciones venideras. <a href=\"https:\/\/boulderpdc.com\/\" target=\"_blank\" rel=\"noopener noreferrer\"><b>Obt\u00e9n m\u00e1s informaci\u00f3n e inscr\u00edbete en una clase aqu\u00ed<\/b><\/a>.<\/p>\n<\/div><\/section><\/p>\n<\/div><\/div>\n<style type=\"text\/css\" data-created_by=\"avia_inline_auto\" id=\"style-css-av-4gq6s4o-155edc6c130e6ec26e04d093a7114edb\">\n.flex_cell.av-4gq6s4o-155edc6c130e6ec26e04d093a7114edb{\nvertical-align:top;\n}\n.responsive #top #wrap_all .flex_cell.av-4gq6s4o-155edc6c130e6ec26e04d093a7114edb{\npadding:30px 30px 30px 30px !important;\n}\n<\/style>\n<div class='flex_cell av-4gq6s4o-155edc6c130e6ec26e04d093a7114edb av-gridrow-cell av_one_fourth no_margin  avia-builder-el-38  el_after_av_cell_one_fourth  avia-builder-el-last  content-align-top'  ><div class='flex_cell_inner'><p>\n<style type=\"text\/css\" data-created_by=\"avia_inline_auto\" id=\"style-css-av-42xtp3c-830d78401e9ad87eebeed11ddc1db010\">\n.avia-image-container.av-42xtp3c-830d78401e9ad87eebeed11ddc1db010 img.avia_image{\nbox-shadow:none;\n}\n.avia-image-container.av-42xtp3c-830d78401e9ad87eebeed11ddc1db010 .av-image-caption-overlay-center{\ncolor:#ffffff;\n}\n<\/style>\n<div  class='avia-image-container av-42xtp3c-830d78401e9ad87eebeed11ddc1db010 av-styling- av-img-linked avia-align-center  avia-builder-el-39  el_before_av_textblock  avia-builder-el-first'   itemprop=\"image\" itemscope=\"itemscope\" itemtype=\"https:\/\/schema.org\/ImageObject\" ><div class=\"avia-image-container-inner\"><div class=\"avia-image-overlay-wrap\"><a href=\"https:\/\/www.madagriculture.org\/forum\" class='avia_image'  target=\"_blank\"  rel=\"noopener noreferrer\" aria-label='foro de la Comunidad'><img decoding=\"async\" fetchpriority=\"high\" class='wp-image-126391 avia-img-lazy-loading-not-126391 avia_image' src=\"https:\/\/boulder.earth\/wp-content\/uploads\/2019\/03\/community-forum.jpg\" alt='' title='foro de la Comunidad'  height=\"164\" width=\"300\"  itemprop=\"thumbnailUrl\"  \/><\/a><\/div><\/div><\/div><br \/>\n<section  class='av_textblock_section av-3j74ka0-1f0f8c213b001b3cc150122b44d4eb96'   itemscope=\"itemscope\" itemtype=\"https:\/\/schema.org\/CreativeWork\" ><div class='avia_textblock'  itemprop=\"text\" ><h4 style=\"text-align: center;\"><a href=\"https:\/\/www.madagriculture.org\/forum\" target=\"_blank\" rel=\"noopener noreferrer\">Asista a un foro de la comunidad de MadAg<\/a><\/h4>\n<p>\u00danase a la comida y discusi\u00f3n mensual de Mad Ag, un momento para reunirse, comer y discutir temas relacionados con la agricultura. El prop\u00f3sito del foro es construir una comunidad, descubrir la sabidur\u00eda intergeneracional y apoyarse mutuamente en la construcci\u00f3n de un sistema alimentario saludable y vibrante. \u00daltimo viernes de cada mes 6-9pm @ Altona Grange, Longmont, Colorado. <a href=\"https:\/\/www.madagriculture.org\/forum\" target=\"_blank\" rel=\"noopener noreferrer\">M\u00e1s detalles<\/a><\/p>\n<\/div><\/section><\/p>\n<\/div><\/div>\n<\/div><div id='after_grid_row_2'  class='main_color av_default_container_wrap container_wrap sidebar_right'  ><div class='container av-section-cont-open' ><div class='template-page content  av-content-small alpha units'><div class='post-entry post-entry-type-page post-entry-74568'><div class='entry-content-wrapper clearfix'>\n<div  class='av_promobox av-1u9008-e53e94948f05c8772f91615b9f45d09a avia-button-yes  avia-builder-el-41  el_after_av_layout_row  avia-builder-el-no-sibling'><div class='avia-promocontent'><\/p>\n<h3 style=\"text-align: center;\"><span style=\"color: #0065d9;\">\u00a1Hola extra\u00f1o! \u00bfTienes algo que a\u00f1adir a esta secci\u00f3n? \u00bfHay alguna organizaci\u00f3n incre\u00edble que olvidamos mencionar? \u00bfUn estudio cient\u00edfico o un art\u00edculo de peri\u00f3dico que todos deben conocer? \u00bfHay una mejor manera de organizar toda esta informaci\u00f3n y hacerla m\u00e1s \u00fatil? Cualquier cosa, no seas t\u00edmido, \u00a1h\u00e1znoslo saber!<\/span><\/h3>\n<p>\n<\/div><div  class='avia-button-wrap av-1u9008-cffaabe99deb36c80e598789892d2853-wrap avia-button-right'><a href='\/es\/feedback\/'  class='avia-button av-1u9008-cffaabe99deb36c80e598789892d2853 av-link-btn avia-icon_select-no avia-size-large avia-position-right avia-color-theme-color'   aria-label=\"Dar opinion\"><span class='avia_iconbox_title' >Dar opinion<\/span><\/a><\/div><\/div>","protected":false},"excerpt":{"rendered":"","protected":false},"author":1,"featured_media":0,"parent":0,"menu_order":0,"comment_status":"closed","ping_status":"closed","template":"","meta":{"footnotes":""},"class_list":["post-74568","page","type-page","status-publish","hentry"],"_links":{"self":[{"href":"https:\/\/boulder.earth\/es\/wp-json\/wp\/v2\/pages\/74568","targetHints":{"allow":["GET"]}}],"collection":[{"href":"https:\/\/boulder.earth\/es\/wp-json\/wp\/v2\/pages"}],"about":[{"href":"https:\/\/boulder.earth\/es\/wp-json\/wp\/v2\/types\/page"}],"author":[{"embeddable":true,"href":"https:\/\/boulder.earth\/es\/wp-json\/wp\/v2\/users\/1"}],"replies":[{"embeddable":true,"href":"https:\/\/boulder.earth\/es\/wp-json\/wp\/v2\/comments?post=74568"}],"version-history":[{"count":13,"href":"https:\/\/boulder.earth\/es\/wp-json\/wp\/v2\/pages\/74568\/revisions"}],"predecessor-version":[{"id":5477265,"href":"https:\/\/boulder.earth\/es\/wp-json\/wp\/v2\/pages\/74568\/revisions\/5477265"}],"wp:attachment":[{"href":"https:\/\/boulder.earth\/es\/wp-json\/wp\/v2\/media?parent=74568"}],"curies":[{"name":"wp","href":"https:\/\/api.w.org\/{rel}","templated":true}]}}