{"id":167237,"date":"2019-11-30T11:56:10","date_gmt":"2019-11-30T17:56:10","guid":{"rendered":"https:\/\/boulder.earth\/?post_type=portfolio&#038;p=167237"},"modified":"2019-11-30T11:57:52","modified_gmt":"2019-11-30T17:57:52","slug":"garden-to-table","status":"publish","type":"portfolio","link":"https:\/\/boulder.earth\/es\/organizations\/garden-to-table\/","title":{"rendered":"Jard\u00edn a la Mesa"},"content":{"rendered":"<style type=\"text\/css\" data-created_by=\"avia_inline_auto\" id=\"style-css-av-mj9l1ol-cc0f30a3e86e2b7962dcb49f53b8a7ae\">\n.flex_column.av-mj9l1ol-cc0f30a3e86e2b7962dcb49f53b8a7ae{\nborder-radius:0px 0px 0px 0px;\npadding:0px 0px 0px 0px;\n}\n<\/style>\n<div  class='flex_column av-mj9l1ol-cc0f30a3e86e2b7962dcb49f53b8a7ae av_one_full  avia-builder-el-0  avia-builder-el-no-sibling  first flex_column_div av-zero-column-padding'     ><section  class='av_textblock_section av-ju0ilmuj-6e260a06d43537290af56d15ff24b692'   itemscope=\"itemscope\" itemtype=\"https:\/\/schema.org\/CreativeWork\" ><div class='avia_textblock'  itemprop=\"text\" ><h1><img loading=\"lazy\" decoding=\"async\" class=\"wp-image-167240 size-full alignright\" src=\"https:\/\/boulder.earth\/wp-content\/uploads\/2019\/11\/garden-to-table.png\" alt=\"\" width=\"300\" height=\"200\" \/>Jard\u00edn a la Mesa<\/h1>\n<p>Garden to Table es una organizaci\u00f3n de apoyo a la jardiner\u00eda escolar que presta servicios en el condado de Boulder y Denver. La educaci\u00f3n se presenta de muchas formas diferentes a lo largo de la vida de un ni\u00f1o y Garden to Table cree que el aprendizaje experiencial es crucial para moldear la comprensi\u00f3n, los valores y el comportamiento de los ni\u00f1os. Al proporcionar a los ni\u00f1os experiencias educativas atractivas que los conectan con los alimentos, c\u00f3mo se cultivan y por qu\u00e9 las frutas y verduras son esenciales para su dieta, nuestro objetivo es abordar los problemas de salud infantil y los problemas ambientales que enfrenta la sociedad.<\/p>\n<ul>\n<li><strong>Educaci\u00f3n<\/strong>\u2013 Brindamos a las escuelas programas de aprendizaje experiencial que enriquecen la educaci\u00f3n y ense\u00f1an a los estudiantes sobre la alimentaci\u00f3n y el medio ambiente.<\/li>\n<li><strong>Comiendo<\/strong>\u2013 Apoyamos a los ni\u00f1os a comprender la importancia de las frutas y verduras y la conexi\u00f3n entre lo que comen y la salud de su cuerpo.<\/li>\n<li><strong>Medioambiente<\/strong>\u2013 Apoyamos a los ni\u00f1os para que entiendan c\u00f3mo la salud de su cuerpo est\u00e1 ligada a la salud del planeta.<\/li>\n<\/ul>\n<\/div><\/section><br \/>\n<br \/>\n\n<style type=\"text\/css\" data-created_by=\"avia_inline_auto\" id=\"style-css-av-ju0ikhpd-fe6556da74c7cd9a13479c99be29c4ce\">\n.avia-image-container.av-ju0ikhpd-fe6556da74c7cd9a13479c99be29c4ce img.avia_image{\nbox-shadow:none;\n}\n.avia-image-container.av-ju0ikhpd-fe6556da74c7cd9a13479c99be29c4ce .av-image-caption-overlay-center{\ncolor:#ffffff;\n}\n<\/style>\n<div  class='avia-image-container av-ju0ikhpd-fe6556da74c7cd9a13479c99be29c4ce av-styling- avia-align-center'   itemprop=\"image\" itemscope=\"itemscope\" itemtype=\"https:\/\/schema.org\/ImageObject\" ><div class=\"avia-image-container-inner\"><div class=\"avia-image-overlay-wrap\"><img decoding=\"async\" fetchpriority=\"high\" class='wp-image-167241 avia-img-lazy-loading-not-167241 avia_image' src=\"https:\/\/boulder.earth\/wp-content\/uploads\/2019\/11\/kids-in-garden.jpg\" alt='kids in garden' title='ni\u00f1os en el jard\u00edn'  height=\"427\" width=\"640\"  itemprop=\"thumbnailUrl\" srcset=\"https:\/\/boulder.earth\/wp-content\/uploads\/2019\/11\/kids-in-garden.jpg 640w, https:\/\/boulder.earth\/wp-content\/uploads\/2019\/11\/kids-in-garden-300x200.jpg 300w, https:\/\/boulder.earth\/wp-content\/uploads\/2019\/11\/kids-in-garden-450x300.jpg 450w\" sizes=\"(max-width: 640px) 100vw, 640px\" \/><\/div><\/div><\/div><\/p><\/div>","protected":false},"excerpt":{"rendered":"<p>Proporcionar a los ni\u00f1os experiencias educativas atractivas que los conecten con los alimentos, c\u00f3mo se cultivan y por qu\u00e9 las frutas y verduras son esenciales para su dieta.<\/p>","protected":false},"author":0,"featured_media":167240,"comment_status":"open","ping_status":"closed","template":"","meta":{"footnotes":""},"tags":[],"portfolio_entries":[102,99,353],"class_list":["post-167237","portfolio","type-portfolio","status-publish","has-post-thumbnail","hentry","portfolio_entries-agriculture","portfolio_entries-education","portfolio_entries-food"],"_links":{"self":[{"href":"https:\/\/boulder.earth\/es\/wp-json\/wp\/v2\/portfolio\/167237","targetHints":{"allow":["GET"]}}],"collection":[{"href":"https:\/\/boulder.earth\/es\/wp-json\/wp\/v2\/portfolio"}],"about":[{"href":"https:\/\/boulder.earth\/es\/wp-json\/wp\/v2\/types\/portfolio"}],"replies":[{"embeddable":true,"href":"https:\/\/boulder.earth\/es\/wp-json\/wp\/v2\/comments?post=167237"}],"version-history":[{"count":3,"href":"https:\/\/boulder.earth\/es\/wp-json\/wp\/v2\/portfolio\/167237\/revisions"}],"predecessor-version":[{"id":5477157,"href":"https:\/\/boulder.earth\/es\/wp-json\/wp\/v2\/portfolio\/167237\/revisions\/5477157"}],"wp:featuredmedia":[{"embeddable":true,"href":"https:\/\/boulder.earth\/es\/wp-json\/wp\/v2\/media\/167240"}],"wp:attachment":[{"href":"https:\/\/boulder.earth\/es\/wp-json\/wp\/v2\/media?parent=167237"}],"wp:term":[{"taxonomy":"post_tag","embeddable":true,"href":"https:\/\/boulder.earth\/es\/wp-json\/wp\/v2\/tags?post=167237"},{"taxonomy":"portfolio_entries","embeddable":true,"href":"https:\/\/boulder.earth\/es\/wp-json\/wp\/v2\/portfolio_entries?post=167237"}],"curies":[{"name":"wp","href":"https:\/\/api.w.org\/{rel}","templated":true}]}}