{"id":10002435,"date":"2025-04-07T17:33:31","date_gmt":"2025-04-07T23:33:31","guid":{"rendered":"https:\/\/boulder.earth\/?post_type=tribe_events&#038;p=6463845"},"modified":"2025-04-07T17:33:31","modified_gmt":"2025-04-07T23:33:31","slug":"boulder-county-farmers-market","status":"publish","type":"tribe_events","link":"https:\/\/boulder.earth\/es\/event\/boulder-county-farmers-market\/2025-11-15\/","title":{"rendered":"Mercado de agricultores del condado de Boulder"},"content":{"rendered":"<h1>Mercado de agricultores del condado de Boulder<\/h1>\n<p>Cu\u00e1ndo: s\u00e1bados, de 8 a 14 h.<\/p>\n<p>D\u00f3nde: Calle 13 entre Arapahoe Ave y Canyon Boulevard, Boulder, CO<\/p>\n<p><a href=\"https:\/\/bcfm.org\/\">\u00a1APRENDE M\u00c1S AQU\u00cd!<\/a><\/p>\n<p>Desde 1987, el Mercado Agr\u00edcola de Boulder ha sido una instituci\u00f3n comunitaria que sirve los alimentos m\u00e1s frescos, saludables y de origen local de la ciudad. Nos enorgullecemos de priorizar a los agricultores, lo que resulta en pasillos repletos de verduras de hoja verde, r\u00e1banos y, por supuesto, \u00a1melocotones de Colorado! Ubicado en el coraz\u00f3n del centro de Boulder, el Mercado Agr\u00edcola de Boulder es una parada obligada tanto para visitantes como para residentes de toda la vida. Ya sea que busque recargar energ\u00edas para un partido de los Buffs o una caminata por los Flatirons, lo esperamos en el mercado agr\u00edcola.<\/p>\n<div class=\"section--split__body col-12 col-lg-6 order-1 order-lg-0\">\n<div class=\"bg-white d-flex flex-column align-items-center justify-content-center h-100 p-5\">\n<div class=\"text-black\">\n<div class=\"mb-4\">\n<p>Seremos los primeros en decirles que lo que hace de nuestros mercados agr\u00edcolas uno de los mejores del pa\u00eds son nuestros incre\u00edbles vendedores. Desde huertos frutales multigeneracionales que han perfeccionado los duraznos Palisade, hasta ganaderos regenerativos que cr\u00edan carnes humanitarias y respetuosas con el medio ambiente, y chefs emergentes que sirven productos frescos en el patio de comidas, nuestros vendedores est\u00e1n liderando el futuro de la agricultura y la alimentaci\u00f3n local.<\/p>\n<\/div>\n<p><a class=\"btn btn-outline-orange mt-4\" href=\"https:\/\/drive.google.com\/file\/d\/110LYqhDC-9DrJKwMevYVVDDJ-17ggS3-\/view?usp=sharing\" target=\"_blank\" rel=\"noopener\">Lista de proveedores de 2025<\/a><\/div>\n<\/div>\n<\/div>\n<div class=\"section--split__img col-12 col-lg-6 order-0 order-lg-1 bg-white\">\n<div class=\"d-flex flex-column align-items-center justify-content-center h-100\"><\/div>\n<\/div>","protected":false},"excerpt":{"rendered":"<p>Ubicado en el coraz\u00f3n del centro de Boulder, el Mercado Agr\u00edcola de Boulder es una parada obligada tanto para visitantes como para residentes de toda la vida. Ya sea que busque recargar energ\u00edas para un partido de los Buffs o una caminata por los Flatirons, lo esperamos en el mercado agr\u00edcola.<\/p>","protected":false},"author":38,"featured_media":6463846,"template":"","meta":{"_tribe_events_status":"","_tribe_events_status_reason":"","_tribe_events_is_hybrid":"","_tribe_events_is_virtual":"","_tribe_events_virtual_video_source":"","_tribe_events_virtual_embed_video":"","_tribe_events_virtual_linked_button_text":"","_tribe_events_virtual_linked_button":"","_tribe_events_virtual_show_embed_at":"","_tribe_events_virtual_show_embed_to":[],"_tribe_events_virtual_show_on_event":"","_tribe_events_virtual_show_on_views":"","_tribe_events_virtual_url":"","footnotes":""},"tags":[],"tribe_events_cat":[238,364,387,372,355],"class_list":["post-10002435","tribe_events","type-tribe_events","status-publish","has-post-thumbnail","hentry","tribe_events_cat-agriculture","tribe_events_cat-climate","tribe_events_cat-community","tribe_events_cat-culture-building","tribe_events_cat-food","cat_agriculture","cat_climate","cat_community","cat_culture-building","cat_food","tribe-recurring-event","tribe-recurring-event-parent"],"_links":{"self":[{"href":"https:\/\/boulder.earth\/es\/wp-json\/wp\/v2\/tribe_events\/10002435","targetHints":{"allow":["GET"]}}],"collection":[{"href":"https:\/\/boulder.earth\/es\/wp-json\/wp\/v2\/tribe_events"}],"about":[{"href":"https:\/\/boulder.earth\/es\/wp-json\/wp\/v2\/types\/tribe_events"}],"author":[{"embeddable":true,"href":"https:\/\/boulder.earth\/es\/wp-json\/wp\/v2\/users\/38"}],"version-history":[{"count":0,"href":"https:\/\/boulder.earth\/es\/wp-json\/wp\/v2\/tribe_events\/10002435\/revisions"}],"wp:featuredmedia":[{"embeddable":true,"href":"https:\/\/boulder.earth\/es\/wp-json\/wp\/v2\/media\/6463846"}],"wp:attachment":[{"href":"https:\/\/boulder.earth\/es\/wp-json\/wp\/v2\/media?parent=10002435"}],"wp:term":[{"taxonomy":"post_tag","embeddable":true,"href":"https:\/\/boulder.earth\/es\/wp-json\/wp\/v2\/tags?post=10002435"},{"taxonomy":"tribe_events_cat","embeddable":true,"href":"https:\/\/boulder.earth\/es\/wp-json\/wp\/v2\/tribe_events_cat?post=10002435"}],"curies":[{"name":"wp","href":"https:\/\/api.w.org\/{rel}","templated":true}]}}